{"id":7,"date":"2013-06-25T11:05:32","date_gmt":"2013-06-25T09:05:32","guid":{"rendered":"https:\/\/pcs-miete.de\/?page_id=7"},"modified":"2026-03-01T21:31:05","modified_gmt":"2026-03-01T20:31:05","slug":"home","status":"publish","type":"page","link":"https:\/\/konferenztechnik.de\/fr\/","title":{"rendered":"Accueil"},"content":{"rendered":"<div data-elementor-type=\"wp-page\" data-elementor-id=\"7\" class=\"elementor elementor-7\" data-elementor-post-type=\"page\">\n\t\t\t\t<div data-particle_enable=\"false\" data-particle-mobile-disabled=\"false\" class=\"elementor-element elementor-element-2e744e7 e-flex e-con-boxed e-con e-parent\" data-id=\"2e744e7\" data-element_type=\"container\">\n\t\t\t\t\t<div class=\"e-con-inner\">\n\t\t<div data-particle_enable=\"false\" data-particle-mobile-disabled=\"false\" class=\"elementor-element elementor-element-345d568 e-con-full e-flex e-con e-child\" data-id=\"345d568\" data-element_type=\"container\" data-settings=\"{&quot;background_background&quot;:&quot;classic&quot;}\">\n\t\t\t\t<div class=\"elementor-element elementor-element-d17ef59 elementor-headline--style-highlight elementor-widget elementor-widget-animated-headline\" data-id=\"d17ef59\" data-element_type=\"widget\" data-settings=\"{&quot;marker&quot;:&quot;underline_zigzag&quot;,&quot;highlighted_text&quot;:&quot;Kompletter &quot;,&quot;headline_style&quot;:&quot;highlight&quot;,&quot;loop&quot;:&quot;yes&quot;,&quot;highlight_animation_duration&quot;:1200,&quot;highlight_iteration_delay&quot;:8000}\" data-widget_type=\"animated-headline.default\">\n\t\t\t\t<div class=\"elementor-widget-container\">\n\t\t\t\t\t\t\t<h2 class=\"elementor-headline\">\n\t\t\t\t<span class=\"elementor-headline-dynamic-wrapper elementor-headline-text-wrapper\">\n\t\t\t\t\t<span class=\"elementor-headline-dynamic-text elementor-headline-text-active\">complet <\/span>\n\t\t\t\t<\/span>\n\t\t\t\t\t<span class=\"elementor-headline-plain-text elementor-headline-text-wrapper\">Service pour la technique de conf\u00e9rence et d'\u00e9v\u00e9nement<\/span>\n\t\t\t\t\t<\/h2>\n\t\t\t\t\t\t<\/div>\n\t\t\t\t<\/div>\n\t\t\t\t<div class=\"elementor-element elementor-element-8626fac elementor-widget elementor-widget-heading\" data-id=\"8626fac\" data-element_type=\"widget\" data-settings=\"{&quot;_animation&quot;:&quot;none&quot;}\" data-widget_type=\"heading.default\">\n\t\t\t\t<div class=\"elementor-widget-container\">\n\t\t\t\t\t<h2 class=\"elementor-heading-title elementor-size-default\">Louer, acheter, planifier et installer \u2013 tout d'une seule main.<\/h2>\t\t\t\t<\/div>\n\t\t\t\t<\/div>\n\t\t\t\t<div class=\"elementor-element elementor-element-0323d93 elementor-align-left e-transform elementor-widget elementor-widget-button\" data-id=\"0323d93\" data-element_type=\"widget\" data-settings=\"{&quot;_transform_scale_effect_hover&quot;:{&quot;unit&quot;:&quot;px&quot;,&quot;size&quot;:1.100000000000000088817841970012523233890533447265625,&quot;sizes&quot;:[]},&quot;_transform_scale_effect_hover_widescreen&quot;:{&quot;unit&quot;:&quot;px&quot;,&quot;size&quot;:&quot;&quot;,&quot;sizes&quot;:[]},&quot;_transform_scale_effect_hover_laptop&quot;:{&quot;unit&quot;:&quot;px&quot;,&quot;size&quot;:&quot;&quot;,&quot;sizes&quot;:[]},&quot;_transform_scale_effect_hover_tablet_extra&quot;:{&quot;unit&quot;:&quot;px&quot;,&quot;size&quot;:&quot;&quot;,&quot;sizes&quot;:[]},&quot;_transform_scale_effect_hover_tablet&quot;:{&quot;unit&quot;:&quot;px&quot;,&quot;size&quot;:&quot;&quot;,&quot;sizes&quot;:[]},&quot;_transform_scale_effect_hover_mobile&quot;:{&quot;unit&quot;:&quot;px&quot;,&quot;size&quot;:&quot;&quot;,&quot;sizes&quot;:[]}}\" data-widget_type=\"button.default\">\n\t\t\t\t<div class=\"elementor-widget-container\">\n\t\t\t\t\t\t\t\t\t<div class=\"elementor-button-wrapper\">\n\t\t\t\t\t<a class=\"elementor-button elementor-button-link elementor-size-lg\" href=\"#serviceteam\">\n\t\t\t\t\t\t<span class=\"elementor-button-content-wrapper\">\n\t\t\t\t\t\t\t\t\t<span class=\"elementor-button-text\">Demander maintenant<\/span>\n\t\t\t\t\t<\/span>\n\t\t\t\t\t<\/a>\n\t\t\t\t<\/div>\n\t\t\t\t\t\t\t\t<\/div>\n\t\t\t\t<\/div>\n\t\t\t\t<div class=\"elementor-element elementor-element-5b1ef0d elementor-widget elementor-widget-spacer\" data-id=\"5b1ef0d\" data-element_type=\"widget\" data-widget_type=\"spacer.default\">\n\t\t\t\t<div class=\"elementor-widget-container\">\n\t\t\t\t\t\t\t<div class=\"elementor-spacer\">\n\t\t\t<div class=\"elementor-spacer-inner\"><\/div>\n\t\t<\/div>\n\t\t\t\t\t\t<\/div>\n\t\t\t\t<\/div>\n\t\t<div data-particle_enable=\"false\" data-particle-mobile-disabled=\"false\" class=\"elementor-element elementor-element-a560e69 e-grid e-con-full e-con e-child\" data-id=\"a560e69\" data-element_type=\"container\">\n\t\t<div data-particle_enable=\"false\" data-particle-mobile-disabled=\"false\" class=\"elementor-element elementor-element-c892e82 e-con-full e-flex e-con e-child\" data-id=\"c892e82\" data-element_type=\"container\">\n\t\t\t\t<div class=\"elementor-element elementor-element-6642a7e elementor-view-default elementor-widget elementor-widget-icon\" data-id=\"6642a7e\" data-element_type=\"widget\" data-widget_type=\"icon.default\">\n\t\t\t\t<div class=\"elementor-widget-container\">\n\t\t\t\t\t\t\t<div class=\"elementor-icon-wrapper\">\n\t\t\t<a class=\"elementor-icon\" href=\"https:\/\/konferenztechnik.de\/fr\/evenements-conferences-congres\/\">\n\t\t\t<svg aria-hidden=\"true\" class=\"e-font-icon-svg e-far-heart\" viewbox=\"0 0 512 512\" xmlns=\"http:\/\/www.w3.org\/2000\/svg\"><path d=\"M458.4 64.3C400.6 15.7 311.3 23 256 79.3 200.7 23 111.4 15.6 53.6 64.3-21.6 127.6-10.6 230.8 43 285.5l175.4 178.7c10 10.2 23.4 15.9 37.6 15.9 14.3 0 27.6-5.6 37.6-15.8L469 285.6c53.5-54.7 64.7-157.9-10.6-221.3zm-23.6 187.5L259.4 430.5c-2.4 2.4-4.4 2.4-6.8 0L77.2 251.8c-36.5-37.2-43.9-107.6 7.3-150.7 38.9-32.7 98.9-27.8 136.5 10.5l35 35.7 35-35.7c37.8-38.5 97.8-43.2 136.5-10.6 51.1 43.1 43.5 113.9 7.3 150.8z\"><\/path><\/svg>\t\t\t<\/a>\n\t\t<\/div>\n\t\t\t\t\t\t<\/div>\n\t\t\t\t<\/div>\n\t\t\t\t<div class=\"elementor-element elementor-element-1f83450 elementor-widget elementor-widget-counter\" data-id=\"1f83450\" data-element_type=\"widget\" data-widget_type=\"counter.default\">\n\t\t\t\t<div class=\"elementor-widget-container\">\n\t\t\t\t\t\t\t<div class=\"elementor-counter\">\n\t\t\t\t\t\t<div class=\"elementor-counter-number-wrapper\">\n\t\t\t\t<span class=\"elementor-counter-number-prefix\">+ <\/span>\n\t\t\t\t<span class=\"elementor-counter-number\" data-duration=\"2000\" data-to-value=\"1500\" data-from-value=\"0\" data-delimiter=\".\">0<\/span>\n\t\t\t\t<span class=\"elementor-counter-number-suffix\"><\/span>\n\t\t\t<\/div>\n\t\t<\/div>\n\t\t\t\t\t\t<\/div>\n\t\t\t\t<\/div>\n\t\t\t\t<div class=\"elementor-element elementor-element-d342676 elementor-widget__width-inherit elementor-widget elementor-widget-text-editor\" data-id=\"d342676\" data-element_type=\"widget\" data-widget_type=\"text-editor.default\">\n\t\t\t\t<div class=\"elementor-widget-container\">\n\t\t\t\t\t\t\t\t\t<p>\u00c9v\u00e9nements de l'ann\u00e9e<\/p>\t\t\t\t\t\t\t\t<\/div>\n\t\t\t\t<\/div>\n\t\t\t\t<\/div>\n\t\t<div data-particle_enable=\"false\" data-particle-mobile-disabled=\"false\" class=\"elementor-element elementor-element-df9ddd5 e-con-full e-flex e-con e-child\" data-id=\"df9ddd5\" data-element_type=\"container\">\n\t\t\t\t<div class=\"elementor-element elementor-element-b941d19 elementor-view-default elementor-widget elementor-widget-icon\" data-id=\"b941d19\" data-element_type=\"widget\" data-widget_type=\"icon.default\">\n\t\t\t\t<div class=\"elementor-widget-container\">\n\t\t\t\t\t\t\t<div class=\"elementor-icon-wrapper\">\n\t\t\t<a class=\"elementor-icon\" href=\"https:\/\/konferenztechnik.de\/fr\/evenements-conferences-congres\/\">\n\t\t\t<svg aria-hidden=\"true\" class=\"e-font-icon-svg e-fas-chalkboard-teacher\" viewbox=\"0 0 640 512\" xmlns=\"http:\/\/www.w3.org\/2000\/svg\"><path d=\"M208 352c-2.39 0-4.78.35-7.06 1.09C187.98 357.3 174.35 360 160 360c-14.35 0-27.98-2.7-40.95-6.91-2.28-.74-4.66-1.09-7.05-1.09C49.94 352-.33 402.48 0 464.62.14 490.88 21.73 512 48 512h224c26.27 0 47.86-21.12 48-47.38.33-62.14-49.94-112.62-112-112.62zm-48-32c53.02 0 96-42.98 96-96s-42.98-96-96-96-96 42.98-96 96 42.98 96 96 96zM592 0H208c-26.47 0-48 22.25-48 49.59V96c23.42 0 45.1 6.78 64 17.8V64h352v288h-64v-64H384v64h-76.24c19.1 16.69 33.12 38.73 39.69 64H592c26.47 0 48-22.25 48-49.59V49.59C640 22.25 618.47 0 592 0z\"><\/path><\/svg>\t\t\t<\/a>\n\t\t<\/div>\n\t\t\t\t\t\t<\/div>\n\t\t\t\t<\/div>\n\t\t\t\t<div class=\"elementor-element elementor-element-d839777 elementor-widget elementor-widget-counter\" data-id=\"d839777\" data-element_type=\"widget\" data-widget_type=\"counter.default\">\n\t\t\t\t<div class=\"elementor-widget-container\">\n\t\t\t\t\t\t\t<div class=\"elementor-counter\">\n\t\t\t\t\t\t<div class=\"elementor-counter-number-wrapper\">\n\t\t\t\t<span class=\"elementor-counter-number-prefix\">+ <\/span>\n\t\t\t\t<span class=\"elementor-counter-number\" data-duration=\"2000\" data-to-value=\"75\" data-from-value=\"0\" data-delimiter=\".\">0<\/span>\n\t\t\t\t<span class=\"elementor-counter-number-suffix\"><\/span>\n\t\t\t<\/div>\n\t\t<\/div>\n\t\t\t\t\t\t<\/div>\n\t\t\t\t<\/div>\n\t\t\t\t<div class=\"elementor-element elementor-element-09c928d elementor-widget__width-inherit elementor-widget elementor-widget-text-editor\" data-id=\"09c928d\" data-element_type=\"widget\" data-widget_type=\"text-editor.default\">\n\t\t\t\t<div class=\"elementor-widget-container\">\n\t\t\t\t\t\t\t\t\t<p>Installations par an<\/p>\t\t\t\t\t\t\t\t<\/div>\n\t\t\t\t<\/div>\n\t\t\t\t<\/div>\n\t\t<div data-particle_enable=\"false\" data-particle-mobile-disabled=\"false\" class=\"elementor-element elementor-element-804cd84 e-con-full e-flex e-con e-child\" data-id=\"804cd84\" data-element_type=\"container\">\n\t\t\t\t<div class=\"elementor-element elementor-element-a3824eb elementor-view-default elementor-widget elementor-widget-icon\" data-id=\"a3824eb\" data-element_type=\"widget\" data-widget_type=\"icon.default\">\n\t\t\t\t<div class=\"elementor-widget-container\">\n\t\t\t\t\t\t\t<div class=\"elementor-icon-wrapper\">\n\t\t\t<a class=\"elementor-icon\" href=\"https:\/\/konferenztechnik.de\/fr\/fabricant\/\">\n\t\t\t<svg aria-hidden=\"true\" class=\"e-font-icon-svg e-fas-dolly-flatbed\" viewbox=\"0 0 640 512\" xmlns=\"http:\/\/www.w3.org\/2000\/svg\"><path d=\"M208 320h384c8.8 0 16-7.2 16-16V48c0-8.8-7.2-16-16-16H448v128l-48-32-48 32V32H208c-8.8 0-16 7.2-16 16v256c0 8.8 7.2 16 16 16zm416 64H128V16c0-8.8-7.2-16-16-16H16C7.2 0 0 7.2 0 16v32c0 8.8 7.2 16 16 16h48v368c0 8.8 7.2 16 16 16h82.9c-1.8 5-2.9 10.4-2.9 16 0 26.5 21.5 48 48 48s48-21.5 48-48c0-5.6-1.2-11-2.9-16H451c-1.8 5-2.9 10.4-2.9 16 0 26.5 21.5 48 48 48s48-21.5 48-48c0-5.6-1.2-11-2.9-16H624c8.8 0 16-7.2 16-16v-32c0-8.8-7.2-16-16-16z\"><\/path><\/svg>\t\t\t<\/a>\n\t\t<\/div>\n\t\t\t\t\t\t<\/div>\n\t\t\t\t<\/div>\n\t\t\t\t<div class=\"elementor-element elementor-element-61804c8 elementor-widget elementor-widget-counter\" data-id=\"61804c8\" data-element_type=\"widget\" data-widget_type=\"counter.default\">\n\t\t\t\t<div class=\"elementor-widget-container\">\n\t\t\t\t\t\t\t<div class=\"elementor-counter\">\n\t\t\t\t\t\t<div class=\"elementor-counter-number-wrapper\">\n\t\t\t\t<span class=\"elementor-counter-number-prefix\">+ <\/span>\n\t\t\t\t<span class=\"elementor-counter-number\" data-duration=\"2000\" data-to-value=\"300\" data-from-value=\"0\" data-delimiter=\".\">0<\/span>\n\t\t\t\t<span class=\"elementor-counter-number-suffix\"><\/span>\n\t\t\t<\/div>\n\t\t<\/div>\n\t\t\t\t\t\t<\/div>\n\t\t\t\t<\/div>\n\t\t\t\t<div class=\"elementor-element elementor-element-b25306e elementor-widget__width-inherit elementor-widget elementor-widget-text-editor\" data-id=\"b25306e\" data-element_type=\"widget\" data-widget_type=\"text-editor.default\">\n\t\t\t\t<div class=\"elementor-widget-container\">\n\t\t\t\t\t\t\t\t\t<p>Fabricants en promotion<\/p>\t\t\t\t\t\t\t\t<\/div>\n\t\t\t\t<\/div>\n\t\t\t\t<\/div>\n\t\t<div data-particle_enable=\"false\" data-particle-mobile-disabled=\"false\" class=\"elementor-element elementor-element-dcef4f8 e-con-full e-flex e-con e-child\" data-id=\"dcef4f8\" data-element_type=\"container\">\n\t\t\t\t<div class=\"elementor-element elementor-element-7c8f6b6 elementor-view-default elementor-widget elementor-widget-icon\" data-id=\"7c8f6b6\" data-element_type=\"widget\" data-widget_type=\"icon.default\">\n\t\t\t\t<div class=\"elementor-widget-container\">\n\t\t\t\t\t\t\t<div class=\"elementor-icon-wrapper\">\n\t\t\t<a class=\"elementor-icon\" href=\"https:\/\/konferenztechnik.de\/fr\/prestations\/\">\n\t\t\t<svg aria-hidden=\"true\" class=\"e-font-icon-svg e-far-handshake\" viewbox=\"0 0 640 512\" xmlns=\"http:\/\/www.w3.org\/2000\/svg\"><path d=\"M519.2 127.9l-47.6-47.6A56.252 56.252 0 0 0 432 64H205.2c-14.8 0-29.1 5.9-39.6 16.3L118 127.9H0v255.7h64c17.6 0 31.8-14.2 31.9-31.7h9.1l84.6 76.4c30.9 25.1 73.8 25.7 105.6 3.8 12.5 10.8 26 15.9 41.1 15.9 18.2 0 35.3-7.4 48.8-24 22.1 8.7 48.2 2.6 64-16.8l26.2-32.3c5.6-6.9 9.1-14.8 10.9-23h57.9c.1 17.5 14.4 31.7 31.9 31.7h64V127.9H519.2zM48 351.6c-8.8 0-16-7.2-16-16s7.2-16 16-16 16 7.2 16 16c0 8.9-7.2 16-16 16zm390-6.9l-26.1 32.2c-2.8 3.4-7.8 4-11.3 1.2l-23.9-19.4-30 36.5c-6 7.3-15 4.8-18 2.4l-36.8-31.5-15.6 19.2c-13.9 17.1-39.2 19.7-55.3 6.6l-97.3-88H96V175.8h41.9l61.7-61.6c2-.8 3.7-1.5 5.7-2.3H262l-38.7 35.5c-29.4 26.9-31.1 72.3-4.4 101.3 14.8 16.2 61.2 41.2 101.5 4.4l8.2-7.5 108.2 87.8c3.4 2.8 3.9 7.9 1.2 11.3zm106-40.8h-69.2c-2.3-2.8-4.9-5.4-7.7-7.7l-102.7-83.4 12.5-11.4c6.5-6 7-16.1 1-22.6L367 167.1c-6-6.5-16.1-6.9-22.6-1l-55.2 50.6c-9.5 8.7-25.7 9.4-34.6 0-9.3-9.9-8.5-25.1 1.2-33.9l65.6-60.1c7.4-6.8 17-10.5 27-10.5l83.7-.2c2.1 0 4.1.8 5.5 2.3l61.7 61.6H544v128zm48 47.7c-8.8 0-16-7.2-16-16s7.2-16 16-16 16 7.2 16 16c0 8.9-7.2 16-16 16z\"><\/path><\/svg>\t\t\t<\/a>\n\t\t<\/div>\n\t\t\t\t\t\t<\/div>\n\t\t\t\t<\/div>\n\t\t\t\t<div class=\"elementor-element elementor-element-78423bb elementor-widget elementor-widget-counter\" data-id=\"78423bb\" data-element_type=\"widget\" data-widget_type=\"counter.default\">\n\t\t\t\t<div class=\"elementor-widget-container\">\n\t\t\t\t\t\t\t<div class=\"elementor-counter\">\n\t\t\t\t\t\t<div class=\"elementor-counter-number-wrapper\">\n\t\t\t\t<span class=\"elementor-counter-number-prefix\"><\/span>\n\t\t\t\t<span class=\"elementor-counter-number\" data-duration=\"2000\" data-to-value=\"1\" data-from-value=\"0\" data-delimiter=\".\">0<\/span>\n\t\t\t\t<span class=\"elementor-counter-number-suffix\"><\/span>\n\t\t\t<\/div>\n\t\t<\/div>\n\t\t\t\t\t\t<\/div>\n\t\t\t\t<\/div>\n\t\t\t\t<div class=\"elementor-element elementor-element-5b5f5eb elementor-widget__width-inherit elementor-widget elementor-widget-text-editor\" data-id=\"5b5f5eb\" data-element_type=\"widget\" data-widget_type=\"text-editor.default\">\n\t\t\t\t<div class=\"elementor-widget-container\">\n\t\t\t\t\t\t\t\t\t<p>Un seul fournisseur<\/p>\t\t\t\t\t\t\t\t<\/div>\n\t\t\t\t<\/div>\n\t\t\t\t<\/div>\n\t\t\t\t<\/div>\n\t\t\t\t<\/div>\n\t\t<div data-particle_enable=\"false\" data-particle-mobile-disabled=\"false\" class=\"elementor-element elementor-element-65fe9fa e-con-full e-flex e-con e-child\" data-id=\"65fe9fa\" data-element_type=\"container\">\n\t\t\t\t<div class=\"elementor-element elementor-element-81779e9 elementor-widget elementor-widget-image\" data-id=\"81779e9\" data-element_type=\"widget\" data-widget_type=\"image.default\">\n\t\t\t\t<div class=\"elementor-widget-container\">\n\t\t\t\t\t\t\t\t\t\t\t\t\t\t\t<img fetchpriority=\"high\" decoding=\"async\" width=\"934\" height=\"1400\" src=\"https:\/\/konferenztechnik.de\/wp-content\/uploads\/2025\/03\/konferenzetechnik-veranstaltungstechnik-mieten-installieren-mit-pcs.avif\" class=\"attachment-full size-full wp-image-47521\" alt=\"Vue d&#039;une soir\u00e9e avec sc\u00e8ne, \u00e9cran LED, \u00e9clairage, public. Service technique de PCS.\" srcset=\"https:\/\/konferenztechnik.de\/wp-content\/uploads\/2025\/03\/konferenzetechnik-veranstaltungstechnik-mieten-installieren-mit-pcs.avif 934w, https:\/\/konferenztechnik.de\/wp-content\/uploads\/2025\/03\/konferenzetechnik-veranstaltungstechnik-mieten-installieren-mit-pcs-200x300.avif 200w, https:\/\/konferenztechnik.de\/wp-content\/uploads\/2025\/03\/konferenzetechnik-veranstaltungstechnik-mieten-installieren-mit-pcs-683x1024.avif 683w, https:\/\/konferenztechnik.de\/wp-content\/uploads\/2025\/03\/konferenzetechnik-veranstaltungstechnik-mieten-installieren-mit-pcs-768x1151.avif 768w, https:\/\/konferenztechnik.de\/wp-content\/uploads\/2025\/03\/konferenzetechnik-veranstaltungstechnik-mieten-installieren-mit-pcs-8x12.avif 8w\" sizes=\"(max-width: 934px) 100vw, 934px\" title=\"\">\t\t\t\t\t\t\t\t\t\t\t\t\t\t\t<\/div>\n\t\t\t\t<\/div>\n\t\t\t\t<\/div>\n\t\t\t\t\t<\/div>\n\t\t\t\t<\/div>\n\t\t<div data-particle_enable=\"false\" data-particle-mobile-disabled=\"false\" class=\"elementor-element elementor-element-fe51dd2 e-flex e-con-boxed e-con e-parent\" data-id=\"fe51dd2\" data-element_type=\"container\" data-settings=\"{&quot;background_background&quot;:&quot;classic&quot;}\">\n\t\t\t\t\t<div class=\"e-con-inner\">\n\t\t\t\t<div class=\"elementor-element elementor-element-fc6cab1 elementor-widget elementor-widget-image\" data-id=\"fc6cab1\" data-element_type=\"widget\" data-widget_type=\"image.default\">\n\t\t\t\t<div class=\"elementor-widget-container\">\n\t\t\t\t\t\t\t\t\t\t\t\t\t\t\t\t<a href=\"https:\/\/konferenztechnik.de\/fr\/historique-de-lentreprise\/\">\n\t\t\t\t\t\t\t<img decoding=\"async\" width=\"150\" height=\"150\" src=\"https:\/\/konferenztechnik.de\/wp-content\/uploads\/2025\/09\/30-Jahre-PCS-Banner-150x150.avif\" class=\"elementor-animation-grow attachment-thumbnail size-thumbnail wp-image-48491\" alt=\"Banni\u00e8re du 30e anniversaire du PCS\" srcset=\"https:\/\/konferenztechnik.de\/wp-content\/uploads\/2025\/09\/30-Jahre-PCS-Banner-150x150.avif 150w, https:\/\/konferenztechnik.de\/wp-content\/uploads\/2025\/09\/30-Jahre-PCS-Banner-300x300.avif 300w, https:\/\/konferenztechnik.de\/wp-content\/uploads\/2025\/09\/30-Jahre-PCS-Banner-12x12.avif 12w, https:\/\/konferenztechnik.de\/wp-content\/uploads\/2025\/09\/30-Jahre-PCS-Banner.avif 629w\" sizes=\"(max-width: 150px) 100vw, 150px\" title=\"\">\t\t\t\t\t\t\t\t<\/a>\n\t\t\t\t\t\t\t\t\t\t\t\t\t\t\t<\/div>\n\t\t\t\t<\/div>\n\t\t\t\t\t<\/div>\n\t\t\t\t<\/div>\n\t\t<div data-particle_enable=\"false\" data-particle-mobile-disabled=\"false\" class=\"elementor-element elementor-element-9a40eff e-flex e-con-boxed e-con e-parent\" data-id=\"9a40eff\" data-element_type=\"container\">\n\t\t\t\t\t<div class=\"e-con-inner\">\n\t\t\t\t<div class=\"elementor-element elementor-element-153cad3 elementor-widget__width-inherit elementor-widget elementor-widget-eael-logo-carousel\" data-id=\"153cad3\" data-element_type=\"widget\" data-settings=\"{&quot;items&quot;:{&quot;unit&quot;:&quot;px&quot;,&quot;size&quot;:6,&quot;sizes&quot;:[]},&quot;items_widescreen&quot;:{&quot;unit&quot;:&quot;px&quot;,&quot;size&quot;:6,&quot;sizes&quot;:[]},&quot;items_laptop&quot;:{&quot;unit&quot;:&quot;px&quot;,&quot;size&quot;:6,&quot;sizes&quot;:[]},&quot;items_tablet_extra&quot;:{&quot;unit&quot;:&quot;px&quot;,&quot;size&quot;:5,&quot;sizes&quot;:[]},&quot;items_tablet&quot;:{&quot;unit&quot;:&quot;px&quot;,&quot;size&quot;:4,&quot;sizes&quot;:[]},&quot;items_mobile&quot;:{&quot;unit&quot;:&quot;px&quot;,&quot;size&quot;:3,&quot;sizes&quot;:[]}}\" data-widget_type=\"eael-logo-carousel.default\">\n\t\t\t\t<div class=\"elementor-widget-container\">\n\t\t\t\t\t        <div class=\"swiper-container-wrap eael-logo-carousel-wrap\">\n            <div class=\"swiper swiper-8 eael-logo-carousel swiper-container-153cad3 grayscale-normal\" data-pagination=\".swiper-pagination-153cad3\" data-arrow-next=\".swiper-button-next-153cad3\" data-arrow-prev=\".swiper-button-prev-153cad3\" data-items-mobile=\"3\" data-items-tablet=\"4\" data-items-tablet_extra=\"5\" data-items-laptop=\"6\" data-items-widescreen=\"6\" data-items=\"6\" data-margin=\"10\" data-effect=\"slide\" data-speed=\"400\" data-autoplay=\"2000\" data-loop=\"1\">\n                <div class=\"swiper-wrapper\">\n\t\t\t\t\t                            <div class=\"swiper-slide\">\n                                <div class=\"eael-lc-logo-wrap\">\n\t\t\t\t\t\t\t\t\t                                    <div id=\"eael-lc-logo-b31e71d\" class=\"eael-lc-logo\">\n\t\t\t\t\t\t\t\t\t\t<img decoding=\"async\" class=\"eael-lc-img-src\" src=\"https:\/\/konferenztechnik.de\/wp-content\/uploads\/2025\/03\/shure-slide.jpg\" alt=\"\" title=\"\">                                    <\/div>\n\t\t\t\t\t\t\t\t\t                                <\/div>\n                            <\/div>\n\t\t\t\t\t\t                            <div class=\"swiper-slide\">\n                                <div class=\"eael-lc-logo-wrap\">\n\t\t\t\t\t\t\t\t\t                                    <div id=\"eael-lc-logo-169a485\" class=\"eael-lc-logo\">\n\t\t\t\t\t\t\t\t\t\t<img decoding=\"async\" class=\"eael-lc-img-src\" src=\"https:\/\/konferenztechnik.de\/wp-content\/uploads\/2025\/03\/landtag-nrw-slide.jpg\" alt=\"\" title=\"\">                                    <\/div>\n\t\t\t\t\t\t\t\t\t                                <\/div>\n                            <\/div>\n\t\t\t\t\t\t                            <div class=\"swiper-slide\">\n                                <div class=\"eael-lc-logo-wrap\">\n\t\t\t\t\t\t\t\t\t                                    <div id=\"eael-lc-logo-9cd6834\" class=\"eael-lc-logo\">\n\t\t\t\t\t\t\t\t\t\t<img decoding=\"async\" class=\"eael-lc-img-src\" src=\"https:\/\/konferenztechnik.de\/wp-content\/uploads\/2025\/04\/avixa-logo-3.avif\" alt=\"\" title=\"\">                                    <\/div>\n\t\t\t\t\t\t\t\t\t                                <\/div>\n                            <\/div>\n\t\t\t\t\t\t                            <div class=\"swiper-slide\">\n                                <div class=\"eael-lc-logo-wrap\">\n\t\t\t\t\t\t\t\t\t                                    <div id=\"eael-lc-logo-a56b91e\" class=\"eael-lc-logo\">\n\t\t\t\t\t\t\t\t\t\t<img decoding=\"async\" class=\"eael-lc-img-src\" src=\"https:\/\/konferenztechnik.de\/wp-content\/uploads\/2025\/03\/sennheiser-slide.jpg\" alt=\"\" title=\"\">                                    <\/div>\n\t\t\t\t\t\t\t\t\t                                <\/div>\n                            <\/div>\n\t\t\t\t\t\t                            <div class=\"swiper-slide\">\n                                <div class=\"eael-lc-logo-wrap\">\n\t\t\t\t\t\t\t\t\t                                    <div id=\"eael-lc-logo-09f851a\" class=\"eael-lc-logo\">\n\t\t\t\t\t\t\t\t\t\t<img decoding=\"async\" class=\"eael-lc-img-src\" src=\"https:\/\/konferenztechnik.de\/wp-content\/uploads\/2025\/03\/sustainable-slide.jpg\" alt=\"\" title=\"\">                                    <\/div>\n\t\t\t\t\t\t\t\t\t                                <\/div>\n                            <\/div>\n\t\t\t\t\t\t                            <div class=\"swiper-slide\">\n                                <div class=\"eael-lc-logo-wrap\">\n\t\t\t\t\t\t\t\t\t                                    <div id=\"eael-lc-logo-3ac286c\" class=\"eael-lc-logo\">\n\t\t\t\t\t\t\t\t\t\t<img decoding=\"async\" class=\"eael-lc-img-src\" src=\"https:\/\/konferenztechnik.de\/wp-content\/uploads\/2025\/03\/televic-slide.jpg\" alt=\"\" title=\"\">                                    <\/div>\n\t\t\t\t\t\t\t\t\t                                <\/div>\n                            <\/div>\n\t\t\t\t\t\t                            <div class=\"swiper-slide\">\n                                <div class=\"eael-lc-logo-wrap\">\n\t\t\t\t\t\t\t\t\t                                    <div id=\"eael-lc-logo-9456262\" class=\"eael-lc-logo\">\n\t\t\t\t\t\t\t\t\t\t<img decoding=\"async\" class=\"eael-lc-img-src\" src=\"https:\/\/konferenztechnik.de\/wp-content\/uploads\/2025\/03\/deichmann-slide.jpg\" alt=\"\" title=\"\">                                    <\/div>\n\t\t\t\t\t\t\t\t\t                                <\/div>\n                            <\/div>\n\t\t\t\t\t\t                            <div class=\"swiper-slide\">\n                                <div class=\"eael-lc-logo-wrap\">\n\t\t\t\t\t\t\t\t\t                                    <div id=\"eael-lc-logo-0075fad\" class=\"eael-lc-logo\">\n\t\t\t\t\t\t\t\t\t\t<img decoding=\"async\" class=\"eael-lc-img-src\" src=\"https:\/\/konferenztechnik.de\/wp-content\/uploads\/2025\/03\/bosch-slide.jpg\" alt=\"\" title=\"\">                                    <\/div>\n\t\t\t\t\t\t\t\t\t                                <\/div>\n                            <\/div>\n\t\t\t\t\t\t                            <div class=\"swiper-slide\">\n                                <div class=\"eael-lc-logo-wrap\">\n\t\t\t\t\t\t\t\t\t                                    <div id=\"eael-lc-logo-76754a1\" class=\"eael-lc-logo\">\n\t\t\t\t\t\t\t\t\t\t<img decoding=\"async\" class=\"eael-lc-img-src\" src=\"https:\/\/konferenztechnik.de\/wp-content\/uploads\/2025\/03\/hnr-slide.jpg\" alt=\"\" title=\"\">                                    <\/div>\n\t\t\t\t\t\t\t\t\t                                <\/div>\n                            <\/div>\n\t\t\t\t\t\t                            <div class=\"swiper-slide\">\n                                <div class=\"eael-lc-logo-wrap\">\n\t\t\t\t\t\t\t\t\t                                    <div id=\"eael-lc-logo-1636428\" class=\"eael-lc-logo\">\n\t\t\t\t\t\t\t\t\t\t<img decoding=\"async\" class=\"eael-lc-img-src\" src=\"https:\/\/konferenztechnik.de\/wp-content\/uploads\/2025\/03\/myesgh.png\" alt=\"\" title=\"\">                                    <\/div>\n\t\t\t\t\t\t\t\t\t                                <\/div>\n                            <\/div>\n\t\t\t\t\t\t                            <div class=\"swiper-slide\">\n                                <div class=\"eael-lc-logo-wrap\">\n\t\t\t\t\t\t\t\t\t                                    <div id=\"eael-lc-logo-98effbf\" class=\"eael-lc-logo\">\n\t\t\t\t\t\t\t\t\t\t<img decoding=\"async\" class=\"eael-lc-img-src\" src=\"https:\/\/konferenztechnik.de\/wp-content\/uploads\/2025\/03\/ausbildung-slide.jpg\" alt=\"\" title=\"\">                                    <\/div>\n\t\t\t\t\t\t\t\t\t                                <\/div>\n                            <\/div>\n\t\t\t\t\t\t                            <div class=\"swiper-slide\">\n                                <div class=\"eael-lc-logo-wrap\">\n\t\t\t\t\t\t\t\t\t                                    <div id=\"eael-lc-logo-a833e2f\" class=\"eael-lc-logo\">\n\t\t\t\t\t\t\t\t\t\t<img decoding=\"async\" class=\"eael-lc-img-src\" src=\"https:\/\/konferenztechnik.de\/wp-content\/uploads\/2025\/03\/dpvt-slide.jpg\" alt=\"\" title=\"\">                                    <\/div>\n\t\t\t\t\t\t\t\t\t                                <\/div>\n                            <\/div>\n\t\t\t\t\t\t                            <div class=\"swiper-slide\">\n                                <div class=\"eael-lc-logo-wrap\">\n\t\t\t\t\t\t\t\t\t                                    <div id=\"eael-lc-logo-7577ffd\" class=\"eael-lc-logo\">\n\t\t\t\t\t\t\t\t\t\t<img decoding=\"async\" class=\"eael-lc-img-src\" src=\"https:\/\/konferenztechnik.de\/wp-content\/uploads\/2025\/03\/audipack-slide.jpg\" alt=\"\" title=\"\">                                    <\/div>\n\t\t\t\t\t\t\t\t\t                                <\/div>\n                            <\/div>\n\t\t\t\t\t\t                            <div class=\"swiper-slide\">\n                                <div class=\"eael-lc-logo-wrap\">\n\t\t\t\t\t\t\t\t\t                                    <div id=\"eael-lc-logo-f8f256d\" class=\"eael-lc-logo\">\n\t\t\t\t\t\t\t\t\t\t<img decoding=\"async\" class=\"eael-lc-img-src\" src=\"https:\/\/konferenztechnik.de\/wp-content\/uploads\/2025\/03\/aiic-slide.jpg\" alt=\"\" title=\"\">                                    <\/div>\n\t\t\t\t\t\t\t\t\t                                <\/div>\n                            <\/div>\n\t\t\t\t\t\t                            <div class=\"swiper-slide\">\n                                <div class=\"eael-lc-logo-wrap\">\n\t\t\t\t\t\t\t\t\t                                    <div id=\"eael-lc-logo-e8483bd\" class=\"eael-lc-logo\">\n\t\t\t\t\t\t\t\t\t\t<img decoding=\"async\" class=\"eael-lc-img-src\" src=\"https:\/\/konferenztechnik.de\/wp-content\/uploads\/2025\/03\/vplt-slide.jpg\" alt=\"\" title=\"\">                                    <\/div>\n\t\t\t\t\t\t\t\t\t                                <\/div>\n                            <\/div>\n\t\t\t\t\t\t                            <div class=\"swiper-slide\">\n                                <div class=\"eael-lc-logo-wrap\">\n\t\t\t\t\t\t\t\t\t                                    <div id=\"eael-lc-logo-41609fb\" class=\"eael-lc-logo\">\n\t\t\t\t\t\t\t\t\t\t<img decoding=\"async\" class=\"eael-lc-img-src\" src=\"https:\/\/konferenztechnik.de\/wp-content\/uploads\/2025\/03\/hhu-slide.jpg\" alt=\"\" title=\"\">                                    <\/div>\n\t\t\t\t\t\t\t\t\t                                <\/div>\n                            <\/div>\n\t\t\t\t\t\t                            <div class=\"swiper-slide\">\n                                <div class=\"eael-lc-logo-wrap\">\n\t\t\t\t\t\t\t\t\t                                    <div id=\"eael-lc-logo-b3b27ec\" class=\"eael-lc-logo\">\n\t\t\t\t\t\t\t\t\t\t<img decoding=\"async\" class=\"eael-lc-img-src\" src=\"https:\/\/konferenztechnik.de\/wp-content\/uploads\/2025\/03\/100-prozent-org-slide.jpg\" alt=\"\" title=\"\">                                    <\/div>\n\t\t\t\t\t\t\t\t\t                                <\/div>\n                            <\/div>\n\t\t\t\t\t\t                            <div class=\"swiper-slide\">\n                                <div class=\"eael-lc-logo-wrap\">\n\t\t\t\t\t\t\t\t\t                                    <div id=\"eael-lc-logo-db42616\" class=\"eael-lc-logo\">\n\t\t\t\t\t\t\t\t\t\t<img decoding=\"async\" class=\"eael-lc-img-src\" src=\"https:\/\/konferenztechnik.de\/wp-content\/uploads\/2025\/03\/qsys-slide.jpg\" alt=\"\" title=\"\">                                    <\/div>\n\t\t\t\t\t\t\t\t\t                                <\/div>\n                            <\/div>\n\t\t\t\t\t\t                <\/div>\n            <\/div>\n\t\t\t        <\/div>\n\t\t\t\t\t\t<\/div>\n\t\t\t\t<\/div>\n\t\t\t\t\t<\/div>\n\t\t\t\t<\/div>\n\t\t<div data-particle_enable=\"false\" data-particle-mobile-disabled=\"false\" class=\"elementor-element elementor-element-9fb0a82 e-flex e-con-boxed e-con e-parent\" data-id=\"9fb0a82\" data-element_type=\"container\" data-settings=\"{&quot;animation&quot;:&quot;none&quot;}\">\n\t\t\t\t\t<div class=\"e-con-inner\">\n\t\t\t\t<div class=\"elementor-element elementor-element-0ffa141 elementor-widget elementor-widget-heading\" data-id=\"0ffa141\" data-element_type=\"widget\" data-settings=\"{&quot;_animation&quot;:&quot;none&quot;}\" data-widget_type=\"heading.default\">\n\t\t\t\t<div class=\"elementor-widget-container\">\n\t\t\t\t\t<h2 class=\"elementor-heading-title elementor-size-default\">Nouveau et en point de mire<\/h2>\t\t\t\t<\/div>\n\t\t\t\t<\/div>\n\t\t<div data-particle_enable=\"false\" data-particle-mobile-disabled=\"false\" class=\"elementor-element elementor-element-b983615 e-grid e-con-boxed e-con e-child\" data-id=\"b983615\" data-element_type=\"container\" data-settings=\"{&quot;animation&quot;:&quot;none&quot;}\">\n\t\t\t\t\t<div class=\"e-con-inner\">\n\t\t<div data-particle_enable=\"false\" data-particle-mobile-disabled=\"false\" class=\"elementor-element elementor-element-b46e4bb e-transform e-con-full e-flex e-con e-child\" data-id=\"b46e4bb\" data-element_type=\"container\" data-settings=\"{&quot;background_background&quot;:&quot;classic&quot;,&quot;_transform_scale_effect_hover&quot;:{&quot;unit&quot;:&quot;px&quot;,&quot;size&quot;:1.020000000000000017763568394002504646778106689453125,&quot;sizes&quot;:[]},&quot;_transform_scale_effect_hover_widescreen&quot;:{&quot;unit&quot;:&quot;px&quot;,&quot;size&quot;:&quot;&quot;,&quot;sizes&quot;:[]},&quot;_transform_scale_effect_hover_laptop&quot;:{&quot;unit&quot;:&quot;px&quot;,&quot;size&quot;:&quot;&quot;,&quot;sizes&quot;:[]},&quot;_transform_scale_effect_hover_tablet_extra&quot;:{&quot;unit&quot;:&quot;px&quot;,&quot;size&quot;:&quot;&quot;,&quot;sizes&quot;:[]},&quot;_transform_scale_effect_hover_tablet&quot;:{&quot;unit&quot;:&quot;px&quot;,&quot;size&quot;:&quot;&quot;,&quot;sizes&quot;:[]},&quot;_transform_scale_effect_hover_mobile&quot;:{&quot;unit&quot;:&quot;px&quot;,&quot;size&quot;:&quot;&quot;,&quot;sizes&quot;:[]}}\">\n\t\t\t\t<div class=\"elementor-element elementor-element-f3f7521 elementor-widget elementor-widget-image\" data-id=\"f3f7521\" data-element_type=\"widget\" data-widget_type=\"image.default\">\n\t\t\t\t<div class=\"elementor-widget-container\">\n\t\t\t\t\t\t\t\t\t\t\t\t\t\t\t\t<a href=\"https:\/\/konferenztechnik.de\/fr\/mobile-artome-av-loesungen-flexible-medientechnik-ohne-installation\/\">\n\t\t\t\t\t\t\t<img decoding=\"async\" width=\"480\" height=\"318\" src=\"https:\/\/konferenztechnik.de\/wp-content\/uploads\/2026\/03\/artome-mobile-konferenztechnik.avif\" class=\"attachment-large size-large wp-image-49776\" alt=\"\" srcset=\"https:\/\/konferenztechnik.de\/wp-content\/uploads\/2026\/03\/artome-mobile-konferenztechnik.avif 480w, https:\/\/konferenztechnik.de\/wp-content\/uploads\/2026\/03\/artome-mobile-konferenztechnik-300x199.avif 300w, https:\/\/konferenztechnik.de\/wp-content\/uploads\/2026\/03\/artome-mobile-konferenztechnik-18x12.avif 18w\" sizes=\"(max-width: 480px) 100vw, 480px\" title=\"\">\t\t\t\t\t\t\t\t<\/a>\n\t\t\t\t\t\t\t\t\t\t\t\t\t\t\t<\/div>\n\t\t\t\t<\/div>\n\t\t\t\t<div class=\"elementor-element elementor-element-59c94e3 elementor-widget elementor-widget-heading\" data-id=\"59c94e3\" data-element_type=\"widget\" data-widget_type=\"heading.default\">\n\t\t\t\t<div class=\"elementor-widget-container\">\n\t\t\t\t\t<h2 class=\"elementor-heading-title elementor-size-default\"><a href=\"https:\/\/konferenztechnik.de\/fr\/mobile-artome-av-loesungen-flexible-medientechnik-ohne-installation\/\">Mobile Artome AV\u2011L\u00f6sungen ohne Installation<\/a><\/h2>\t\t\t\t<\/div>\n\t\t\t\t<\/div>\n\t\t\t\t<div class=\"elementor-element elementor-element-3ef0f92 elementor-widget__width-inherit elementor-widget elementor-widget-text-editor\" data-id=\"3ef0f92\" data-element_type=\"widget\" data-widget_type=\"text-editor.default\">\n\t\t\t\t<div class=\"elementor-widget-container\">\n\t\t\t\t\t\t\t\t\t<p>Mobile AV-Systeme, installationsfreie All\u2011in\u2011One\u2011L\u00f6sungen f\u00fcr Bild und Ton, die Projektor, Soundsystem und Anschl\u00fcsse in einem flexiblen M\u00f6bel vereinen.\u00a0<\/p>\t\t\t\t\t\t\t\t<\/div>\n\t\t\t\t<\/div>\n\t\t\t\t<div class=\"elementor-element elementor-element-4edfbe5 elementor-align-right elementor-widget elementor-widget-button\" data-id=\"4edfbe5\" data-element_type=\"widget\" data-widget_type=\"button.default\">\n\t\t\t\t<div class=\"elementor-widget-container\">\n\t\t\t\t\t\t\t\t\t<div class=\"elementor-button-wrapper\">\n\t\t\t\t\t<a class=\"elementor-button elementor-button-link elementor-size-lg\" href=\"https:\/\/konferenztechnik.de\/fr\/mobile-artome-av-loesungen-flexible-medientechnik-ohne-installation\/\">\n\t\t\t\t\t\t<span class=\"elementor-button-content-wrapper\">\n\t\t\t\t\t\t\t\t\t<span class=\"elementor-button-text\">En savoir plus<\/span>\n\t\t\t\t\t<\/span>\n\t\t\t\t\t<\/a>\n\t\t\t\t<\/div>\n\t\t\t\t\t\t\t\t<\/div>\n\t\t\t\t<\/div>\n\t\t\t\t<\/div>\n\t\t<div data-particle_enable=\"false\" data-particle-mobile-disabled=\"false\" class=\"elementor-element elementor-element-ce53b55 e-transform e-con-full e-flex e-con e-child\" data-id=\"ce53b55\" data-element_type=\"container\" data-settings=\"{&quot;background_background&quot;:&quot;classic&quot;,&quot;_transform_scale_effect_hover&quot;:{&quot;unit&quot;:&quot;px&quot;,&quot;size&quot;:1.020000000000000017763568394002504646778106689453125,&quot;sizes&quot;:[]},&quot;_transform_scale_effect_hover_widescreen&quot;:{&quot;unit&quot;:&quot;px&quot;,&quot;size&quot;:&quot;&quot;,&quot;sizes&quot;:[]},&quot;_transform_scale_effect_hover_laptop&quot;:{&quot;unit&quot;:&quot;px&quot;,&quot;size&quot;:&quot;&quot;,&quot;sizes&quot;:[]},&quot;_transform_scale_effect_hover_tablet_extra&quot;:{&quot;unit&quot;:&quot;px&quot;,&quot;size&quot;:&quot;&quot;,&quot;sizes&quot;:[]},&quot;_transform_scale_effect_hover_tablet&quot;:{&quot;unit&quot;:&quot;px&quot;,&quot;size&quot;:&quot;&quot;,&quot;sizes&quot;:[]},&quot;_transform_scale_effect_hover_mobile&quot;:{&quot;unit&quot;:&quot;px&quot;,&quot;size&quot;:&quot;&quot;,&quot;sizes&quot;:[]}}\">\n\t\t\t\t<div class=\"elementor-element elementor-element-da7e2f5 elementor-widget elementor-widget-image\" data-id=\"da7e2f5\" data-element_type=\"widget\" data-widget_type=\"image.default\">\n\t\t\t\t<div class=\"elementor-widget-container\">\n\t\t\t\t\t\t\t\t\t\t\t\t\t\t\t\t<a href=\"https:\/\/konferenztechnik.de\/fr\/bar-video-intellimix-bar-pro-kit-de-shure\/\">\n\t\t\t\t\t\t\t<img loading=\"lazy\" decoding=\"async\" width=\"480\" height=\"318\" src=\"https:\/\/konferenztechnik.de\/wp-content\/uploads\/2026\/01\/shure-videobar-neu-ise-2026.avif\" class=\"attachment-full size-full wp-image-49305\" alt=\"\" srcset=\"https:\/\/konferenztechnik.de\/wp-content\/uploads\/2026\/01\/shure-videobar-neu-ise-2026.avif 480w, https:\/\/konferenztechnik.de\/wp-content\/uploads\/2026\/01\/shure-videobar-neu-ise-2026-300x199.avif 300w, https:\/\/konferenztechnik.de\/wp-content\/uploads\/2026\/01\/shure-videobar-neu-ise-2026-18x12.avif 18w\" sizes=\"(max-width: 480px) 100vw, 480px\" title=\"\">\t\t\t\t\t\t\t\t<\/a>\n\t\t\t\t\t\t\t\t\t\t\t\t\t\t\t<\/div>\n\t\t\t\t<\/div>\n\t\t\t\t<div class=\"elementor-element elementor-element-ac7e9b7 elementor-widget elementor-widget-heading\" data-id=\"ac7e9b7\" data-element_type=\"widget\" data-widget_type=\"heading.default\">\n\t\t\t\t<div class=\"elementor-widget-container\">\n\t\t\t\t\t<h2 class=\"elementor-heading-title elementor-size-default\"><a href=\"https:\/\/konferenztechnik.de\/fr\/bar-video-intellimix-bar-pro-kit-de-shure\/\">NOUVEAU : Kit Videobar \u2013 IntelliMix Bar Pro de Shure<\/a><\/h2>\t\t\t\t<\/div>\n\t\t\t\t<\/div>\n\t\t\t\t<div class=\"elementor-element elementor-element-bb51d79 elementor-widget__width-inherit elementor-widget elementor-widget-text-editor\" data-id=\"bb51d79\" data-element_type=\"widget\" data-widget_type=\"text-editor.default\">\n\t\t\t\t<div class=\"elementor-widget-container\">\n\t\t\t\t\t\t\t\t\t<p>Un vid\u00e9obar tout-en-un qui combine audio, haut-parleurs et cam\u00e9ra en un seul syst\u00e8me, sp\u00e9cialement con\u00e7u pour les salles de conf\u00e9rence professionnelles.<\/p>\t\t\t\t\t\t\t\t<\/div>\n\t\t\t\t<\/div>\n\t\t\t\t<div class=\"elementor-element elementor-element-4fe3fab elementor-align-right elementor-widget elementor-widget-button\" data-id=\"4fe3fab\" data-element_type=\"widget\" data-widget_type=\"button.default\">\n\t\t\t\t<div class=\"elementor-widget-container\">\n\t\t\t\t\t\t\t\t\t<div class=\"elementor-button-wrapper\">\n\t\t\t\t\t<a class=\"elementor-button elementor-button-link elementor-size-lg\" href=\"https:\/\/konferenztechnik.de\/fr\/bar-video-intellimix-bar-pro-kit-de-shure\/\">\n\t\t\t\t\t\t<span class=\"elementor-button-content-wrapper\">\n\t\t\t\t\t\t\t\t\t<span class=\"elementor-button-text\">En savoir plus<\/span>\n\t\t\t\t\t<\/span>\n\t\t\t\t\t<\/a>\n\t\t\t\t<\/div>\n\t\t\t\t\t\t\t\t<\/div>\n\t\t\t\t<\/div>\n\t\t\t\t<\/div>\n\t\t<div data-particle_enable=\"false\" data-particle-mobile-disabled=\"false\" class=\"elementor-element elementor-element-6e3a953 e-transform e-con-full e-flex e-con e-child\" data-id=\"6e3a953\" data-element_type=\"container\" data-settings=\"{&quot;background_background&quot;:&quot;classic&quot;,&quot;_transform_scale_effect_hover&quot;:{&quot;unit&quot;:&quot;px&quot;,&quot;size&quot;:1.020000000000000017763568394002504646778106689453125,&quot;sizes&quot;:[]},&quot;_transform_scale_effect_hover_widescreen&quot;:{&quot;unit&quot;:&quot;px&quot;,&quot;size&quot;:&quot;&quot;,&quot;sizes&quot;:[]},&quot;_transform_scale_effect_hover_laptop&quot;:{&quot;unit&quot;:&quot;px&quot;,&quot;size&quot;:&quot;&quot;,&quot;sizes&quot;:[]},&quot;_transform_scale_effect_hover_tablet_extra&quot;:{&quot;unit&quot;:&quot;px&quot;,&quot;size&quot;:&quot;&quot;,&quot;sizes&quot;:[]},&quot;_transform_scale_effect_hover_tablet&quot;:{&quot;unit&quot;:&quot;px&quot;,&quot;size&quot;:&quot;&quot;,&quot;sizes&quot;:[]},&quot;_transform_scale_effect_hover_mobile&quot;:{&quot;unit&quot;:&quot;px&quot;,&quot;size&quot;:&quot;&quot;,&quot;sizes&quot;:[]}}\">\n\t\t\t\t<div class=\"elementor-element elementor-element-67614e8 elementor-widget elementor-widget-image\" data-id=\"67614e8\" data-element_type=\"widget\" data-widget_type=\"image.default\">\n\t\t\t\t<div class=\"elementor-widget-container\">\n\t\t\t\t\t\t\t\t\t\t\t\t\t\t\t\t<a href=\"https:\/\/konferenztechnik.de\/fr\/innex-omni-la-camera-de-conference-360-avec-resolution-4k\/\">\n\t\t\t\t\t\t\t<img loading=\"lazy\" decoding=\"async\" width=\"480\" height=\"318\" src=\"https:\/\/konferenztechnik.de\/wp-content\/uploads\/2026\/01\/Konferenz-Kamera-innex-omni-360-4k-AI.avif\" class=\"attachment-large size-large wp-image-49332\" alt=\"\" srcset=\"https:\/\/konferenztechnik.de\/wp-content\/uploads\/2026\/01\/Konferenz-Kamera-innex-omni-360-4k-AI.avif 480w, https:\/\/konferenztechnik.de\/wp-content\/uploads\/2026\/01\/Konferenz-Kamera-innex-omni-360-4k-AI-300x199.avif 300w, https:\/\/konferenztechnik.de\/wp-content\/uploads\/2026\/01\/Konferenz-Kamera-innex-omni-360-4k-AI-18x12.avif 18w\" sizes=\"(max-width: 480px) 100vw, 480px\" title=\"\">\t\t\t\t\t\t\t\t<\/a>\n\t\t\t\t\t\t\t\t\t\t\t\t\t\t\t<\/div>\n\t\t\t\t<\/div>\n\t\t\t\t<div class=\"elementor-element elementor-element-3879c66 elementor-widget elementor-widget-heading\" data-id=\"3879c66\" data-element_type=\"widget\" data-widget_type=\"heading.default\">\n\t\t\t\t<div class=\"elementor-widget-container\">\n\t\t\t\t\t<h2 class=\"elementor-heading-title elementor-size-default\"><a href=\"https:\/\/konferenztechnik.de\/fr\/innex-omni-la-camera-de-conference-360-avec-resolution-4k\/\">NOUVEAU : Cam\u00e9ra de conf\u00e9rence Innex Omni \u2013 360\u00b0 avec 4K<\/a><\/h2>\t\t\t\t<\/div>\n\t\t\t\t<\/div>\n\t\t\t\t<div class=\"elementor-element elementor-element-68df2c6 elementor-widget__width-inherit elementor-widget elementor-widget-text-editor\" data-id=\"68df2c6\" data-element_type=\"widget\" data-widget_type=\"text-editor.default\">\n\t\t\t\t<div class=\"elementor-widget-container\">\n\t\t\t\t\t\t\t\t\t<div class=\"relative p-1 rounded-sm flex items-center justify-center bg-token-main-surface-primary text-token-text-primary h-8 w-8\">L'Innex Omni est une cam\u00e9ra de conf\u00e9rence \u00e0 360\u00b0 avec quatre objectifs 4K, une IA int\u00e9gr\u00e9e et une technologie audio sophistiqu\u00e9e. Elle capture tous les participants ...<\/div>\t\t\t\t\t\t\t\t<\/div>\n\t\t\t\t<\/div>\n\t\t\t\t<div class=\"elementor-element elementor-element-11db248 elementor-align-right elementor-widget elementor-widget-button\" data-id=\"11db248\" data-element_type=\"widget\" data-widget_type=\"button.default\">\n\t\t\t\t<div class=\"elementor-widget-container\">\n\t\t\t\t\t\t\t\t\t<div class=\"elementor-button-wrapper\">\n\t\t\t\t\t<a class=\"elementor-button elementor-button-link elementor-size-lg\" href=\"https:\/\/konferenztechnik.de\/fr\/innex-omni-la-camera-de-conference-360-avec-resolution-4k\/\">\n\t\t\t\t\t\t<span class=\"elementor-button-content-wrapper\">\n\t\t\t\t\t\t\t\t\t<span class=\"elementor-button-text\">En savoir plus<\/span>\n\t\t\t\t\t<\/span>\n\t\t\t\t\t<\/a>\n\t\t\t\t<\/div>\n\t\t\t\t\t\t\t\t<\/div>\n\t\t\t\t<\/div>\n\t\t\t\t<\/div>\n\t\t<div data-particle_enable=\"false\" data-particle-mobile-disabled=\"false\" class=\"elementor-element elementor-element-85eb27f e-transform e-con-full e-flex e-con e-child\" data-id=\"85eb27f\" data-element_type=\"container\" data-settings=\"{&quot;background_background&quot;:&quot;classic&quot;,&quot;_transform_scale_effect_hover&quot;:{&quot;unit&quot;:&quot;px&quot;,&quot;size&quot;:1.020000000000000017763568394002504646778106689453125,&quot;sizes&quot;:[]},&quot;_transform_scale_effect_hover_widescreen&quot;:{&quot;unit&quot;:&quot;px&quot;,&quot;size&quot;:&quot;&quot;,&quot;sizes&quot;:[]},&quot;_transform_scale_effect_hover_laptop&quot;:{&quot;unit&quot;:&quot;px&quot;,&quot;size&quot;:&quot;&quot;,&quot;sizes&quot;:[]},&quot;_transform_scale_effect_hover_tablet_extra&quot;:{&quot;unit&quot;:&quot;px&quot;,&quot;size&quot;:&quot;&quot;,&quot;sizes&quot;:[]},&quot;_transform_scale_effect_hover_tablet&quot;:{&quot;unit&quot;:&quot;px&quot;,&quot;size&quot;:&quot;&quot;,&quot;sizes&quot;:[]},&quot;_transform_scale_effect_hover_mobile&quot;:{&quot;unit&quot;:&quot;px&quot;,&quot;size&quot;:&quot;&quot;,&quot;sizes&quot;:[]}}\">\n\t\t\t\t<div class=\"elementor-element elementor-element-f3a8efd elementor-widget elementor-widget-image\" data-id=\"f3a8efd\" data-element_type=\"widget\" data-widget_type=\"image.default\">\n\t\t\t\t<div class=\"elementor-widget-container\">\n\t\t\t\t\t\t\t\t\t\t\t\t\t\t\t\t<a href=\"https:\/\/konferenztechnik.de\/fr\/catchbox-une-technologie-moderne-et-coloree-pour-les-salles-de-conference\/\">\n\t\t\t\t\t\t\t<img loading=\"lazy\" decoding=\"async\" width=\"480\" height=\"318\" src=\"https:\/\/konferenztechnik.de\/wp-content\/uploads\/2026\/02\/catchbox-bunte-mikrofone-events-konferenzen.avif\" class=\"attachment-large size-large wp-image-49573\" alt=\"\" srcset=\"https:\/\/konferenztechnik.de\/wp-content\/uploads\/2026\/02\/catchbox-bunte-mikrofone-events-konferenzen.avif 480w, https:\/\/konferenztechnik.de\/wp-content\/uploads\/2026\/02\/catchbox-bunte-mikrofone-events-konferenzen-300x199.avif 300w, https:\/\/konferenztechnik.de\/wp-content\/uploads\/2026\/02\/catchbox-bunte-mikrofone-events-konferenzen-18x12.avif 18w\" sizes=\"(max-width: 480px) 100vw, 480px\" title=\"\">\t\t\t\t\t\t\t\t<\/a>\n\t\t\t\t\t\t\t\t\t\t\t\t\t\t\t<\/div>\n\t\t\t\t<\/div>\n\t\t\t\t<div class=\"elementor-element elementor-element-38a2390 elementor-widget elementor-widget-heading\" data-id=\"38a2390\" data-element_type=\"widget\" data-widget_type=\"heading.default\">\n\t\t\t\t<div class=\"elementor-widget-container\">\n\t\t\t\t\t<h2 class=\"elementor-heading-title elementor-size-default\"><a href=\"https:\/\/konferenztechnik.de\/fr\/catchbox-une-technologie-moderne-et-coloree-pour-les-salles-de-conference\/\">Nouveau : Catchbox Plus \u2013 color\u00e9, moderne<\/a><\/h2>\t\t\t\t<\/div>\n\t\t\t\t<\/div>\n\t\t\t\t<div class=\"elementor-element elementor-element-2138d3d elementor-widget__width-inherit elementor-widget elementor-widget-text-editor\" data-id=\"2138d3d\" data-element_type=\"widget\" data-widget_type=\"text-editor.default\">\n\t\t\t\t<div class=\"elementor-widget-container\">\n\t\t\t\t\t\t\t\t\t<p>Catchbox Plus est le syst\u00e8me de microphone sans fil pour tous ceux qui veulent plus que \u201ejuste du son\u201c. Il apporte de la couleur, de l'\u00e9nergie et de l'interaction dans vos salles \u2013 de l'amphith\u00e9\u00e2tre \u00e0 l'atelier ...<\/p>\t\t\t\t\t\t\t\t<\/div>\n\t\t\t\t<\/div>\n\t\t\t\t<div class=\"elementor-element elementor-element-4d2380a elementor-align-right elementor-widget elementor-widget-button\" data-id=\"4d2380a\" data-element_type=\"widget\" data-widget_type=\"button.default\">\n\t\t\t\t<div class=\"elementor-widget-container\">\n\t\t\t\t\t\t\t\t\t<div class=\"elementor-button-wrapper\">\n\t\t\t\t\t<a class=\"elementor-button elementor-button-link elementor-size-lg\" href=\"https:\/\/konferenztechnik.de\/fr\/catchbox-une-technologie-moderne-et-coloree-pour-les-salles-de-conference\/\">\n\t\t\t\t\t\t<span class=\"elementor-button-content-wrapper\">\n\t\t\t\t\t\t\t\t\t<span class=\"elementor-button-text\">En savoir plus<\/span>\n\t\t\t\t\t<\/span>\n\t\t\t\t\t<\/a>\n\t\t\t\t<\/div>\n\t\t\t\t\t\t\t\t<\/div>\n\t\t\t\t<\/div>\n\t\t\t\t<\/div>\n\t\t\t\t\t<\/div>\n\t\t\t\t<\/div>\n\t\t\t\t\t<\/div>\n\t\t\t\t<\/div>\n\t\t<div data-particle_enable=\"false\" data-particle-mobile-disabled=\"false\" class=\"elementor-element elementor-element-83a5edf e-flex e-con-boxed e-con e-parent\" data-id=\"83a5edf\" data-element_type=\"container\">\n\t\t\t\t\t<div class=\"e-con-inner\">\n\t\t<div data-particle_enable=\"false\" data-particle-mobile-disabled=\"false\" class=\"elementor-element elementor-element-654e568 e-flex e-con-boxed e-con e-child\" data-id=\"654e568\" data-element_type=\"container\" data-settings=\"{&quot;animation&quot;:&quot;none&quot;}\">\n\t\t\t\t\t<div class=\"e-con-inner\">\n\t\t\t\t<div class=\"elementor-element elementor-element-76e2f56 elementor-widget__width-inherit elementor-widget elementor-widget-heading\" data-id=\"76e2f56\" data-element_type=\"widget\" data-no-translation=\"\" data-widget_type=\"heading.default\">\n\t\t\t\t<div class=\"elementor-widget-container\">\n\t\t\t\t\t<style>.elementor-element-76e2f56{display:none !important}<\/style>\t\t\t\t<\/div>\n\t\t\t\t<\/div>\n\t\t\t\t<div class=\"elementor-element elementor-element-90e4570 action-button elementor-widget elementor-widget-button\" data-id=\"90e4570\" data-element_type=\"widget\" data-widget_type=\"button.default\">\n\t\t\t\t<div class=\"elementor-widget-container\">\n\t\t\t\t\t\t\t\t\t<div class=\"elementor-button-wrapper\">\n\t\t\t\t\t<a class=\"elementor-button elementor-button-link elementor-size-sm\" href=\"https:\/\/konferenztechnik.de\/fr\/location-de-materiel-evenementiel\/\">\n\t\t\t\t\t\t<span class=\"elementor-button-content-wrapper\">\n\t\t\t\t\t\t\t\t\t<span class=\"elementor-button-text\">Louer du mat\u00e9riel \u00e9v\u00e9nementiel<\/span>\n\t\t\t\t\t<\/span>\n\t\t\t\t\t<\/a>\n\t\t\t\t<\/div>\n\t\t\t\t\t\t\t\t<\/div>\n\t\t\t\t<\/div>\n\t\t\t\t<div class=\"elementor-element elementor-element-381f840 action-button elementor-widget elementor-widget-button\" data-id=\"381f840\" data-element_type=\"widget\" data-widget_type=\"button.default\">\n\t\t\t\t<div class=\"elementor-widget-container\">\n\t\t\t\t\t\t\t\t\t<div class=\"elementor-button-wrapper\">\n\t\t\t\t\t<a class=\"elementor-button elementor-button-link elementor-size-sm\" href=\"https:\/\/konferenztechnik.de\/fr\/ki-interpretation-pour-les-evenements-et-les-conferences\/\">\n\t\t\t\t\t\t<span class=\"elementor-button-content-wrapper\">\n\t\t\t\t\t\t\t\t\t<span class=\"elementor-button-text\">Solutions d'interpr\u00e9tation par IA<\/span>\n\t\t\t\t\t<\/span>\n\t\t\t\t\t<\/a>\n\t\t\t\t<\/div>\n\t\t\t\t\t\t\t\t<\/div>\n\t\t\t\t<\/div>\n\t\t\t\t<div class=\"elementor-element elementor-element-8a9f32a action-button elementor-widget elementor-widget-button\" data-id=\"8a9f32a\" data-element_type=\"widget\" data-widget_type=\"button.default\">\n\t\t\t\t<div class=\"elementor-widget-container\">\n\t\t\t\t\t\t\t\t\t<div class=\"elementor-button-wrapper\">\n\t\t\t\t\t<a class=\"elementor-button elementor-button-link elementor-size-sm\" href=\"https:\/\/konferenztechnik.de\/fr\/reserver-un-interprete\/\">\n\t\t\t\t\t\t<span class=\"elementor-button-content-wrapper\">\n\t\t\t\t\t\t\t\t\t<span class=\"elementor-button-text\">Placement d'interpr\u00e8tes<\/span>\n\t\t\t\t\t<\/span>\n\t\t\t\t\t<\/a>\n\t\t\t\t<\/div>\n\t\t\t\t\t\t\t\t<\/div>\n\t\t\t\t<\/div>\n\t\t\t\t<div class=\"elementor-element elementor-element-b79fc31 action-button elementor-widget elementor-widget-button\" data-id=\"b79fc31\" data-element_type=\"widget\" data-widget_type=\"button.default\">\n\t\t\t\t<div class=\"elementor-widget-container\">\n\t\t\t\t\t\t\t\t\t<div class=\"elementor-button-wrapper\">\n\t\t\t\t\t<a class=\"elementor-button elementor-button-link elementor-size-sm\" href=\"\/fr\/evenements-hybrides\/\">\n\t\t\t\t\t\t<span class=\"elementor-button-content-wrapper\">\n\t\t\t\t\t\t\t\t\t<span class=\"elementor-button-text\">\u00c9v\u00e9nements hybrides<\/span>\n\t\t\t\t\t<\/span>\n\t\t\t\t\t<\/a>\n\t\t\t\t<\/div>\n\t\t\t\t\t\t\t\t<\/div>\n\t\t\t\t<\/div>\n\t\t\t\t<div class=\"elementor-element elementor-element-3ecf15b action-button elementor-widget elementor-widget-button\" data-id=\"3ecf15b\" data-element_type=\"widget\" data-widget_type=\"button.default\">\n\t\t\t\t<div class=\"elementor-widget-container\">\n\t\t\t\t\t\t\t\t\t<div class=\"elementor-button-wrapper\">\n\t\t\t\t\t<a class=\"elementor-button elementor-button-link elementor-size-sm\" href=\"\/fr\/louer-acheter-installer-des-systemes-de-transport-de-personnes\/\">\n\t\t\t\t\t\t<span class=\"elementor-button-content-wrapper\">\n\t\t\t\t\t\t\t\t\t<span class=\"elementor-button-text\">Installations de guidage de personnes<\/span>\n\t\t\t\t\t<\/span>\n\t\t\t\t\t<\/a>\n\t\t\t\t<\/div>\n\t\t\t\t\t\t\t\t<\/div>\n\t\t\t\t<\/div>\n\t\t\t\t<div class=\"elementor-element elementor-element-fa395c3 action-button elementor-widget elementor-widget-button\" data-id=\"fa395c3\" data-element_type=\"widget\" data-widget_type=\"button.default\">\n\t\t\t\t<div class=\"elementor-widget-container\">\n\t\t\t\t\t\t\t\t\t<div class=\"elementor-button-wrapper\">\n\t\t\t\t\t<a class=\"elementor-button elementor-button-link elementor-size-sm\" href=\"https:\/\/konferenztechnik.de\/fr\/interpretation-de-conference-evenements\/\">\n\t\t\t\t\t\t<span class=\"elementor-button-content-wrapper\">\n\t\t\t\t\t\t\t\t\t<span class=\"elementor-button-text\">Interpr\u00e8tes en langue des signes<\/span>\n\t\t\t\t\t<\/span>\n\t\t\t\t\t<\/a>\n\t\t\t\t<\/div>\n\t\t\t\t\t\t\t\t<\/div>\n\t\t\t\t<\/div>\n\t\t\t\t<div class=\"elementor-element elementor-element-8847458 action-button elementor-widget elementor-widget-button\" data-id=\"8847458\" data-element_type=\"widget\" data-widget_type=\"button.default\">\n\t\t\t\t<div class=\"elementor-widget-container\">\n\t\t\t\t\t\t\t\t\t<div class=\"elementor-button-wrapper\">\n\t\t\t\t\t<a class=\"elementor-button elementor-button-link elementor-size-sm\" href=\"\/fr\/reunions-du-conseil-de-surveillance-en-ligne-hybride-numerique-classique\/\">\n\t\t\t\t\t\t<span class=\"elementor-button-content-wrapper\">\n\t\t\t\t\t\t\t\t\t<span class=\"elementor-button-text\">R\u00e9unions du conseil de surveillance<\/span>\n\t\t\t\t\t<\/span>\n\t\t\t\t\t<\/a>\n\t\t\t\t<\/div>\n\t\t\t\t\t\t\t\t<\/div>\n\t\t\t\t<\/div>\n\t\t\t\t<div class=\"elementor-element elementor-element-cee5414 action-button elementor-widget elementor-widget-button\" data-id=\"cee5414\" data-element_type=\"widget\" data-widget_type=\"button.default\">\n\t\t\t\t<div class=\"elementor-widget-container\">\n\t\t\t\t\t\t\t\t\t<div class=\"elementor-button-wrapper\">\n\t\t\t\t\t<a class=\"elementor-button elementor-button-link elementor-size-sm\" href=\"https:\/\/konferenztechnik.de\/fr\/interpretation-a-distance\/\">\n\t\t\t\t\t\t<span class=\"elementor-button-content-wrapper\">\n\t\t\t\t\t\t\t\t\t<span class=\"elementor-button-text\">Interpr\u00e9tation \u00e0 distance<\/span>\n\t\t\t\t\t<\/span>\n\t\t\t\t\t<\/a>\n\t\t\t\t<\/div>\n\t\t\t\t\t\t\t\t<\/div>\n\t\t\t\t<\/div>\n\t\t\t\t<div class=\"elementor-element elementor-element-1dc2f90 action-button elementor-widget elementor-widget-button\" data-id=\"1dc2f90\" data-element_type=\"widget\" data-widget_type=\"button.default\">\n\t\t\t\t<div class=\"elementor-widget-container\">\n\t\t\t\t\t\t\t\t\t<div class=\"elementor-button-wrapper\">\n\t\t\t\t\t<a class=\"elementor-button elementor-button-link elementor-size-sm\" href=\"https:\/\/konferenztechnik.de\/fr\/ki-speech-to-text-live-sous-titres-transcription\/\">\n\t\t\t\t\t\t<span class=\"elementor-button-content-wrapper\">\n\t\t\t\t\t\t\t\t\t<span class=\"elementor-button-text\">Speech-to-Text<\/span>\n\t\t\t\t\t<\/span>\n\t\t\t\t\t<\/a>\n\t\t\t\t<\/div>\n\t\t\t\t\t\t\t\t<\/div>\n\t\t\t\t<\/div>\n\t\t\t\t<div class=\"elementor-element elementor-element-90fd5db action-button elementor-widget elementor-widget-button\" data-id=\"90fd5db\" data-element_type=\"widget\" data-widget_type=\"button.default\">\n\t\t\t\t<div class=\"elementor-widget-container\">\n\t\t\t\t\t\t\t\t\t<div class=\"elementor-button-wrapper\">\n\t\t\t\t\t<a class=\"elementor-button elementor-button-link elementor-size-sm\" href=\"https:\/\/konferenztechnik.de\/fr\/accessibilite-evenements-solutions-techniques-conseil-mise-en-oeuvre\/\">\n\t\t\t\t\t\t<span class=\"elementor-button-content-wrapper\">\n\t\t\t\t\t\t\t\t\t<span class=\"elementor-button-text\">Accessibilit\u00e9<\/span>\n\t\t\t\t\t<\/span>\n\t\t\t\t\t<\/a>\n\t\t\t\t<\/div>\n\t\t\t\t\t\t\t\t<\/div>\n\t\t\t\t<\/div>\n\t\t\t\t\t<\/div>\n\t\t\t\t<\/div>\n\t\t\t\t<div class=\"elementor-element elementor-element-e2babd2 elementor-widget elementor-widget-spacer\" data-id=\"e2babd2\" data-element_type=\"widget\" data-settings=\"{&quot;_animation&quot;:&quot;none&quot;}\" data-widget_type=\"spacer.default\">\n\t\t\t\t<div class=\"elementor-widget-container\">\n\t\t\t\t\t\t\t<div class=\"elementor-spacer\">\n\t\t\t<div class=\"elementor-spacer-inner\"><\/div>\n\t\t<\/div>\n\t\t\t\t\t\t<\/div>\n\t\t\t\t<\/div>\n\t\t<div data-particle_enable=\"false\" data-particle-mobile-disabled=\"false\" class=\"elementor-element elementor-element-79f7a76 e-grid e-con-boxed e-con e-child\" data-id=\"79f7a76\" data-element_type=\"container\" data-settings=\"{&quot;animation&quot;:&quot;none&quot;}\">\n\t\t\t\t\t<div class=\"e-con-inner\">\n\t\t<div data-particle_enable=\"false\" data-particle-mobile-disabled=\"false\" class=\"elementor-element elementor-element-e2dd14b e-transform e-flex e-con-boxed e-con e-child\" data-id=\"e2dd14b\" data-element_type=\"container\" data-settings=\"{&quot;background_background&quot;:&quot;classic&quot;,&quot;_transform_scale_effect_hover&quot;:{&quot;unit&quot;:&quot;px&quot;,&quot;size&quot;:1.020000000000000017763568394002504646778106689453125,&quot;sizes&quot;:[]},&quot;_transform_scale_effect_hover_widescreen&quot;:{&quot;unit&quot;:&quot;px&quot;,&quot;size&quot;:&quot;&quot;,&quot;sizes&quot;:[]},&quot;_transform_scale_effect_hover_laptop&quot;:{&quot;unit&quot;:&quot;px&quot;,&quot;size&quot;:&quot;&quot;,&quot;sizes&quot;:[]},&quot;_transform_scale_effect_hover_tablet_extra&quot;:{&quot;unit&quot;:&quot;px&quot;,&quot;size&quot;:&quot;&quot;,&quot;sizes&quot;:[]},&quot;_transform_scale_effect_hover_tablet&quot;:{&quot;unit&quot;:&quot;px&quot;,&quot;size&quot;:&quot;&quot;,&quot;sizes&quot;:[]},&quot;_transform_scale_effect_hover_mobile&quot;:{&quot;unit&quot;:&quot;px&quot;,&quot;size&quot;:&quot;&quot;,&quot;sizes&quot;:[]}}\">\n\t\t\t\t\t<div class=\"e-con-inner\">\n\t\t\t\t<div class=\"elementor-element elementor-element-b249ec5 elementor-widget elementor-widget-image\" data-id=\"b249ec5\" data-element_type=\"widget\" data-widget_type=\"image.default\">\n\t\t\t\t<div class=\"elementor-widget-container\">\n\t\t\t\t\t\t\t\t\t\t\t\t\t\t\t\t<a href=\"https:\/\/konferenztechnik.de\/fr\/location-de-materiel-evenementiel\/\">\n\t\t\t\t\t\t\t<img loading=\"lazy\" decoding=\"async\" width=\"480\" height=\"318\" src=\"https:\/\/konferenztechnik.de\/wp-content\/uploads\/2024\/06\/VERANSTALTUNGSTECHNIK-MIETEN-KAUFEN.jpg\" class=\"attachment-large size-large wp-image-45749\" alt=\"Louer\/acheter de la technique \u00e9v\u00e9nementielle : Vue sur le montage de la technique \u00e9v\u00e9nementielle.\" srcset=\"https:\/\/konferenztechnik.de\/wp-content\/uploads\/2024\/06\/VERANSTALTUNGSTECHNIK-MIETEN-KAUFEN.jpg 480w, https:\/\/konferenztechnik.de\/wp-content\/uploads\/2024\/06\/VERANSTALTUNGSTECHNIK-MIETEN-KAUFEN-300x199.jpg 300w, https:\/\/konferenztechnik.de\/wp-content\/uploads\/2024\/06\/VERANSTALTUNGSTECHNIK-MIETEN-KAUFEN-18x12.jpg 18w\" sizes=\"(max-width: 480px) 100vw, 480px\" title=\"\">\t\t\t\t\t\t\t\t<\/a>\n\t\t\t\t\t\t\t\t\t\t\t\t\t\t\t<\/div>\n\t\t\t\t<\/div>\n\t\t\t\t<div class=\"elementor-element elementor-element-a580bfe elementor-widget elementor-widget-heading\" data-id=\"a580bfe\" data-element_type=\"widget\" data-widget_type=\"heading.default\">\n\t\t\t\t<div class=\"elementor-widget-container\">\n\t\t\t\t\t<h2 class=\"elementor-heading-title elementor-size-default\"><a href=\"https:\/\/konferenztechnik.de\/fr\/location-de-materiel-evenementiel\/\">Technique \u00e9v\u00e9nementielle<\/a><\/h2>\t\t\t\t<\/div>\n\t\t\t\t<\/div>\n\t\t\t\t<div class=\"elementor-element elementor-element-d1c4ef8 elementor-widget__width-inherit elementor-widget elementor-widget-text-editor\" data-id=\"d1c4ef8\" data-element_type=\"widget\" data-widget_type=\"text-editor.default\">\n\t\t\t\t<div class=\"elementor-widget-container\">\n\t\t\t\t\t\t\t\t\t<p>Vous pouvez louer ou acheter chez nous la technique audio, la technique vid\u00e9o, la technique de cam\u00e9ra, la technique d'\u00e9clairage, la technique m\u00e9diatique et bien d'autres choses encore. Nous nous chargeons \u00e9galement de la planification technique et de la r\u00e9alisation de votre \u00e9v\u00e9nement ou installation.<\/p>\t\t\t\t\t\t\t\t<\/div>\n\t\t\t\t<\/div>\n\t\t\t\t<div class=\"elementor-element elementor-element-f582330 elementor-align-right elementor-widget elementor-widget-button\" data-id=\"f582330\" data-element_type=\"widget\" data-widget_type=\"button.default\">\n\t\t\t\t<div class=\"elementor-widget-container\">\n\t\t\t\t\t\t\t\t\t<div class=\"elementor-button-wrapper\">\n\t\t\t\t\t<a class=\"elementor-button elementor-button-link elementor-size-lg\" href=\"https:\/\/konferenztechnik.de\/fr\/location-de-materiel-evenementiel\/\">\n\t\t\t\t\t\t<span class=\"elementor-button-content-wrapper\">\n\t\t\t\t\t\t\t\t\t<span class=\"elementor-button-text\">En savoir plus<\/span>\n\t\t\t\t\t<\/span>\n\t\t\t\t\t<\/a>\n\t\t\t\t<\/div>\n\t\t\t\t\t\t\t\t<\/div>\n\t\t\t\t<\/div>\n\t\t\t\t\t<\/div>\n\t\t\t\t<\/div>\n\t\t<div data-particle_enable=\"false\" data-particle-mobile-disabled=\"false\" class=\"elementor-element elementor-element-2bd4421 e-transform e-flex e-con-boxed e-con e-child\" data-id=\"2bd4421\" data-element_type=\"container\" data-settings=\"{&quot;background_background&quot;:&quot;classic&quot;,&quot;_transform_scale_effect_hover&quot;:{&quot;unit&quot;:&quot;px&quot;,&quot;size&quot;:1.020000000000000017763568394002504646778106689453125,&quot;sizes&quot;:[]},&quot;_transform_scale_effect_hover_widescreen&quot;:{&quot;unit&quot;:&quot;px&quot;,&quot;size&quot;:&quot;&quot;,&quot;sizes&quot;:[]},&quot;_transform_scale_effect_hover_laptop&quot;:{&quot;unit&quot;:&quot;px&quot;,&quot;size&quot;:&quot;&quot;,&quot;sizes&quot;:[]},&quot;_transform_scale_effect_hover_tablet_extra&quot;:{&quot;unit&quot;:&quot;px&quot;,&quot;size&quot;:&quot;&quot;,&quot;sizes&quot;:[]},&quot;_transform_scale_effect_hover_tablet&quot;:{&quot;unit&quot;:&quot;px&quot;,&quot;size&quot;:&quot;&quot;,&quot;sizes&quot;:[]},&quot;_transform_scale_effect_hover_mobile&quot;:{&quot;unit&quot;:&quot;px&quot;,&quot;size&quot;:&quot;&quot;,&quot;sizes&quot;:[]}}\">\n\t\t\t\t\t<div class=\"e-con-inner\">\n\t\t\t\t<div class=\"elementor-element elementor-element-b5de0cd elementor-widget elementor-widget-image\" data-id=\"b5de0cd\" data-element_type=\"widget\" data-widget_type=\"image.default\">\n\t\t\t\t<div class=\"elementor-widget-container\">\n\t\t\t\t\t\t\t\t\t\t\t\t\t\t\t\t<a href=\"https:\/\/konferenztechnik.de\/fr\/location-de-materiel-dinterpretation-et-installation-de-materiel-dinterpretation\/\">\n\t\t\t\t\t\t\t<img loading=\"lazy\" decoding=\"async\" width=\"424\" height=\"283\" src=\"https:\/\/konferenztechnik.de\/wp-content\/uploads\/2018\/07\/dolmetscherkabine-kaufen-1-1.jpg\" class=\"attachment-large size-large wp-image-13600\" alt=\"Technique d&#039;interpr\u00e9tation, louer ou acheter des cabines d&#039;interpr\u00e9tation : Voici la vue d&#039;une cabine d&#039;interpr\u00e9tation Audipack Silent\" srcset=\"https:\/\/konferenztechnik.de\/wp-content\/uploads\/2018\/07\/dolmetscherkabine-kaufen-1-1.jpg 424w, https:\/\/konferenztechnik.de\/wp-content\/uploads\/2018\/07\/dolmetscherkabine-kaufen-1-1-300x200.jpg 300w\" sizes=\"(max-width: 424px) 100vw, 424px\" title=\"\">\t\t\t\t\t\t\t\t<\/a>\n\t\t\t\t\t\t\t\t\t\t\t\t\t\t\t<\/div>\n\t\t\t\t<\/div>\n\t\t\t\t<div class=\"elementor-element elementor-element-9968a60 elementor-widget elementor-widget-heading\" data-id=\"9968a60\" data-element_type=\"widget\" data-widget_type=\"heading.default\">\n\t\t\t\t<div class=\"elementor-widget-container\">\n\t\t\t\t\t<h2 class=\"elementor-heading-title elementor-size-default\"><a href=\"https:\/\/konferenztechnik.de\/fr\/location-de-materiel-dinterpretation-et-installation-de-materiel-dinterpretation\/\">Technique d'interpr\u00e9tation<\/a><\/h2>\t\t\t\t<\/div>\n\t\t\t\t<\/div>\n\t\t\t\t<div class=\"elementor-element elementor-element-0672345 elementor-widget__width-inherit elementor-widget elementor-widget-text-editor\" data-id=\"0672345\" data-element_type=\"widget\" data-widget_type=\"text-editor.default\">\n\t\t\t\t<div class=\"elementor-widget-container\">\n\t\t\t\t\t\t\t\t\t<p>Cabines d'interpr\u00e9tation, r\u00e9cepteurs d'interpr\u00e9tation, installations de guidage de personnes, technique de traduction simultan\u00e9e, interpr\u00e9tation \u00e0 distance, hubs d'interpr\u00e9tation. Chez nous, vous pouvez louer ou acheter toute la technique n\u00e9cessaire pour des \u00e9v\u00e9nements multilingues.<\/p>\t\t\t\t\t\t\t\t<\/div>\n\t\t\t\t<\/div>\n\t\t\t\t<div class=\"elementor-element elementor-element-49b5c1a elementor-align-right elementor-widget elementor-widget-button\" data-id=\"49b5c1a\" data-element_type=\"widget\" data-widget_type=\"button.default\">\n\t\t\t\t<div class=\"elementor-widget-container\">\n\t\t\t\t\t\t\t\t\t<div class=\"elementor-button-wrapper\">\n\t\t\t\t\t<a class=\"elementor-button elementor-button-link elementor-size-lg\" href=\"https:\/\/konferenztechnik.de\/fr\/location-de-materiel-dinterpretation-et-installation-de-materiel-dinterpretation\/\">\n\t\t\t\t\t\t<span class=\"elementor-button-content-wrapper\">\n\t\t\t\t\t\t\t\t\t<span class=\"elementor-button-text\">En savoir plus<\/span>\n\t\t\t\t\t<\/span>\n\t\t\t\t\t<\/a>\n\t\t\t\t<\/div>\n\t\t\t\t\t\t\t\t<\/div>\n\t\t\t\t<\/div>\n\t\t\t\t\t<\/div>\n\t\t\t\t<\/div>\n\t\t<div data-particle_enable=\"false\" data-particle-mobile-disabled=\"false\" class=\"elementor-element elementor-element-3e0c3ce e-transform e-flex e-con-boxed e-con e-child\" data-id=\"3e0c3ce\" data-element_type=\"container\" data-settings=\"{&quot;background_background&quot;:&quot;classic&quot;,&quot;_transform_scale_effect_hover&quot;:{&quot;unit&quot;:&quot;px&quot;,&quot;size&quot;:1.020000000000000017763568394002504646778106689453125,&quot;sizes&quot;:[]},&quot;_transform_scale_effect_hover_widescreen&quot;:{&quot;unit&quot;:&quot;px&quot;,&quot;size&quot;:&quot;&quot;,&quot;sizes&quot;:[]},&quot;_transform_scale_effect_hover_laptop&quot;:{&quot;unit&quot;:&quot;px&quot;,&quot;size&quot;:&quot;&quot;,&quot;sizes&quot;:[]},&quot;_transform_scale_effect_hover_tablet_extra&quot;:{&quot;unit&quot;:&quot;px&quot;,&quot;size&quot;:&quot;&quot;,&quot;sizes&quot;:[]},&quot;_transform_scale_effect_hover_tablet&quot;:{&quot;unit&quot;:&quot;px&quot;,&quot;size&quot;:&quot;&quot;,&quot;sizes&quot;:[]},&quot;_transform_scale_effect_hover_mobile&quot;:{&quot;unit&quot;:&quot;px&quot;,&quot;size&quot;:&quot;&quot;,&quot;sizes&quot;:[]}}\">\n\t\t\t\t\t<div class=\"e-con-inner\">\n\t\t\t\t<div class=\"elementor-element elementor-element-0a7294f elementor-widget elementor-widget-image\" data-id=\"0a7294f\" data-element_type=\"widget\" data-widget_type=\"image.default\">\n\t\t\t\t<div class=\"elementor-widget-container\">\n\t\t\t\t\t\t\t\t\t\t\t\t\t\t\t\t<a href=\"https:\/\/konferenztechnik.de\/fr\/installation-integration-technique-de-conference\/\">\n\t\t\t\t\t\t\t<img loading=\"lazy\" decoding=\"async\" width=\"480\" height=\"318\" src=\"https:\/\/konferenztechnik.de\/wp-content\/uploads\/2024\/06\/Installation-und-Vertrieb-von-Konferenzraumtechnik-2.jpg\" class=\"attachment-large size-large wp-image-45752\" alt=\"\" srcset=\"https:\/\/konferenztechnik.de\/wp-content\/uploads\/2024\/06\/Installation-und-Vertrieb-von-Konferenzraumtechnik-2.jpg 480w, https:\/\/konferenztechnik.de\/wp-content\/uploads\/2024\/06\/Installation-und-Vertrieb-von-Konferenzraumtechnik-2-300x199.jpg 300w, https:\/\/konferenztechnik.de\/wp-content\/uploads\/2024\/06\/Installation-und-Vertrieb-von-Konferenzraumtechnik-2-18x12.jpg 18w\" sizes=\"(max-width: 480px) 100vw, 480px\" title=\"\">\t\t\t\t\t\t\t\t<\/a>\n\t\t\t\t\t\t\t\t\t\t\t\t\t\t\t<\/div>\n\t\t\t\t<\/div>\n\t\t\t\t<div class=\"elementor-element elementor-element-97c1954 elementor-widget elementor-widget-heading\" data-id=\"97c1954\" data-element_type=\"widget\" data-widget_type=\"heading.default\">\n\t\t\t\t<div class=\"elementor-widget-container\">\n\t\t\t\t\t<h2 class=\"elementor-heading-title elementor-size-default\"><a href=\"https:\/\/konferenztechnik.de\/fr\/installation-integration-technique-de-conference\/\">Installation et distribution<\/a><\/h2>\t\t\t\t<\/div>\n\t\t\t\t<\/div>\n\t\t\t\t<div class=\"elementor-element elementor-element-fc3c18c elementor-widget__width-inherit elementor-widget elementor-widget-text-editor\" data-id=\"fc3c18c\" data-element_type=\"widget\" data-widget_type=\"text-editor.default\">\n\t\t\t\t<div class=\"elementor-widget-container\">\n\t\t\t\t\t\t\t\t\t<p>Technique des m\u00e9dias, vid\u00e9oconf\u00e9rence, technique de conf\u00e9rence, \u00e9quipement de salles de r\u00e9union, technique de salle de conf\u00e9rence, \u00e9crans, projecteurs, affichage dynamique. Nous proposons un service complet, de la planification au service et \u00e0 la maintenance, en passant par l'\u00e9tude de projet et l'installation.<\/p>\t\t\t\t\t\t\t\t<\/div>\n\t\t\t\t<\/div>\n\t\t\t\t<div class=\"elementor-element elementor-element-03e09ad elementor-align-right elementor-widget elementor-widget-button\" data-id=\"03e09ad\" data-element_type=\"widget\" data-widget_type=\"button.default\">\n\t\t\t\t<div class=\"elementor-widget-container\">\n\t\t\t\t\t\t\t\t\t<div class=\"elementor-button-wrapper\">\n\t\t\t\t\t<a class=\"elementor-button elementor-button-link elementor-size-lg\" href=\"https:\/\/konferenztechnik.de\/fr\/installation-integration-technique-de-conference\/\">\n\t\t\t\t\t\t<span class=\"elementor-button-content-wrapper\">\n\t\t\t\t\t\t\t\t\t<span class=\"elementor-button-text\">En savoir plus<\/span>\n\t\t\t\t\t<\/span>\n\t\t\t\t\t<\/a>\n\t\t\t\t<\/div>\n\t\t\t\t\t\t\t\t<\/div>\n\t\t\t\t<\/div>\n\t\t\t\t\t<\/div>\n\t\t\t\t<\/div>\n\t\t<div data-particle_enable=\"false\" data-particle-mobile-disabled=\"false\" class=\"elementor-element elementor-element-935c24d e-transform e-flex e-con-boxed e-con e-child\" data-id=\"935c24d\" data-element_type=\"container\" data-settings=\"{&quot;background_background&quot;:&quot;classic&quot;,&quot;_transform_scale_effect_hover&quot;:{&quot;unit&quot;:&quot;px&quot;,&quot;size&quot;:1.020000000000000017763568394002504646778106689453125,&quot;sizes&quot;:[]},&quot;_transform_scale_effect_hover_widescreen&quot;:{&quot;unit&quot;:&quot;px&quot;,&quot;size&quot;:&quot;&quot;,&quot;sizes&quot;:[]},&quot;_transform_scale_effect_hover_laptop&quot;:{&quot;unit&quot;:&quot;px&quot;,&quot;size&quot;:&quot;&quot;,&quot;sizes&quot;:[]},&quot;_transform_scale_effect_hover_tablet_extra&quot;:{&quot;unit&quot;:&quot;px&quot;,&quot;size&quot;:&quot;&quot;,&quot;sizes&quot;:[]},&quot;_transform_scale_effect_hover_tablet&quot;:{&quot;unit&quot;:&quot;px&quot;,&quot;size&quot;:&quot;&quot;,&quot;sizes&quot;:[]},&quot;_transform_scale_effect_hover_mobile&quot;:{&quot;unit&quot;:&quot;px&quot;,&quot;size&quot;:&quot;&quot;,&quot;sizes&quot;:[]}}\">\n\t\t\t\t\t<div class=\"e-con-inner\">\n\t\t\t\t<div class=\"elementor-element elementor-element-4e8ad5b elementor-widget elementor-widget-image\" data-id=\"4e8ad5b\" data-element_type=\"widget\" data-widget_type=\"image.default\">\n\t\t\t\t<div class=\"elementor-widget-container\">\n\t\t\t\t\t\t\t\t\t\t\t\t\t\t\t\t<a href=\"https:\/\/konferenztechnik.de\/fr\/location-de-materiel-de-conference\/\">\n\t\t\t\t\t\t\t<img loading=\"lazy\" decoding=\"async\" width=\"480\" height=\"318\" src=\"https:\/\/konferenztechnik.de\/wp-content\/uploads\/2024\/06\/konferenztechnik-mieten-konferenztechnik-kaufen.png\" class=\"attachment-large size-large wp-image-45748\" alt=\"Louer du mat\u00e9riel de conf\u00e9rence, acheter du mat\u00e9riel de conf\u00e9rence : Syst\u00e8me de conf\u00e9rence de Bosch\" srcset=\"https:\/\/konferenztechnik.de\/wp-content\/uploads\/2024\/06\/konferenztechnik-mieten-konferenztechnik-kaufen.png 480w, https:\/\/konferenztechnik.de\/wp-content\/uploads\/2024\/06\/konferenztechnik-mieten-konferenztechnik-kaufen-300x199.png 300w, https:\/\/konferenztechnik.de\/wp-content\/uploads\/2024\/06\/konferenztechnik-mieten-konferenztechnik-kaufen-18x12.png 18w\" sizes=\"(max-width: 480px) 100vw, 480px\" title=\"\">\t\t\t\t\t\t\t\t<\/a>\n\t\t\t\t\t\t\t\t\t\t\t\t\t\t\t<\/div>\n\t\t\t\t<\/div>\n\t\t\t\t<div class=\"elementor-element elementor-element-8d6dd8a elementor-widget elementor-widget-heading\" data-id=\"8d6dd8a\" data-element_type=\"widget\" data-widget_type=\"heading.default\">\n\t\t\t\t<div class=\"elementor-widget-container\">\n\t\t\t\t\t<h2 class=\"elementor-heading-title elementor-size-default\"><a href=\"https:\/\/konferenztechnik.de\/fr\/location-de-materiel-de-conference\/\">Mat\u00e9riel de conf\u00e9rence<\/a><\/h2>\t\t\t\t<\/div>\n\t\t\t\t<\/div>\n\t\t\t\t<div class=\"elementor-element elementor-element-e876005 elementor-widget__width-inherit elementor-widget elementor-widget-text-editor\" data-id=\"e876005\" data-element_type=\"widget\" data-widget_type=\"text-editor.default\">\n\t\t\t\t<div class=\"elementor-widget-container\">\n\t\t\t\t\t\t\t\t\t<p>Postes d'interphonie, microphones, syst\u00e8mes de conf\u00e9rence, \u00e9crans de haute qualit\u00e9, r\u00e9gie son et image, technique de pr\u00e9sentation. \u00c9v\u00e9nements hybrides, logiciel de vid\u00e9oconf\u00e9rence. Nous proposons une technique sp\u00e9ciale pour des conf\u00e9rences, des r\u00e9unions et des congr\u00e8s professionnels et modernes.<\/p>\t\t\t\t\t\t\t\t<\/div>\n\t\t\t\t<\/div>\n\t\t\t\t<div class=\"elementor-element elementor-element-a438d18 elementor-align-right elementor-widget elementor-widget-button\" data-id=\"a438d18\" data-element_type=\"widget\" data-widget_type=\"button.default\">\n\t\t\t\t<div class=\"elementor-widget-container\">\n\t\t\t\t\t\t\t\t\t<div class=\"elementor-button-wrapper\">\n\t\t\t\t\t<a class=\"elementor-button elementor-button-link elementor-size-lg\" href=\"https:\/\/konferenztechnik.de\/fr\/location-de-materiel-de-conference\/\">\n\t\t\t\t\t\t<span class=\"elementor-button-content-wrapper\">\n\t\t\t\t\t\t\t\t\t<span class=\"elementor-button-text\">En savoir plus<\/span>\n\t\t\t\t\t<\/span>\n\t\t\t\t\t<\/a>\n\t\t\t\t<\/div>\n\t\t\t\t\t\t\t\t<\/div>\n\t\t\t\t<\/div>\n\t\t\t\t\t<\/div>\n\t\t\t\t<\/div>\n\t\t\t\t\t<\/div>\n\t\t\t\t<\/div>\n\t\t\t\t\t<\/div>\n\t\t\t\t<\/div>\n\t\t<div data-particle_enable=\"false\" data-particle-mobile-disabled=\"false\" class=\"elementor-element elementor-element-1179743 e-flex e-con-boxed elementor-invisible e-con e-parent\" data-id=\"1179743\" data-element_type=\"container\" data-settings=\"{&quot;animation&quot;:&quot;fadeIn&quot;}\">\n\t\t\t\t\t<div class=\"e-con-inner\">\n\t\t\t\t<div class=\"elementor-element elementor-element-a14b5a7 elementor-widget elementor-widget-testimonial\" data-id=\"a14b5a7\" data-element_type=\"widget\" data-widget_type=\"testimonial.default\">\n\t\t\t\t<div class=\"elementor-widget-container\">\n\t\t\t\t\t\t\t<div class=\"elementor-testimonial-wrapper\">\n\t\t\t\t\t\t\t<div class=\"elementor-testimonial-content\">Nous essayons toujours de satisfaire au mieux les besoins de nos clients. <br>Les relations \u00e9quitables et partenariales avec nos clients, nos fournisseurs et nos collaborateurs sont les garants de notre r\u00e9ussite.<br> pour la r\u00e9ussite de votre projet et la base strat\u00e9gique de notre succ\u00e8s \u00e0 long terme.<\/div>\n\t\t\t\n\t\t\t\t\t<\/div>\n\t\t\t\t\t\t<\/div>\n\t\t\t\t<\/div>\n\t\t\t\t\t<\/div>\n\t\t\t\t<\/div>\n\t\t<div data-particle_enable=\"false\" data-particle-mobile-disabled=\"false\" class=\"elementor-element elementor-element-13ff522 e-flex e-con-boxed elementor-invisible e-con e-parent\" data-id=\"13ff522\" data-element_type=\"container\" data-settings=\"{&quot;animation&quot;:&quot;fadeIn&quot;}\">\n\t\t\t\t\t<div class=\"e-con-inner\">\n\t\t\t\t<div class=\"elementor-element elementor-element-0c7bb91 elementor-widget__width-inherit smart-post-list-4-col elementor-widget elementor-widget-eael-post-list\" data-id=\"0c7bb91\" data-element_type=\"widget\" data-settings=\"{&quot;_animation&quot;:&quot;none&quot;}\" data-widget_type=\"eael-post-list.default\">\n\t\t\t\t<div class=\"elementor-widget-container\">\n\t\t\t\t\t<div class=\"eael-post-list-container advanced layout-advanced\"><div class=\"eael-post-list-wrap\"><div class=\"eael-post-list-posts-wrap eael-post-appender eael-post-appender-0c7bb91\"><div class=\"eael-post-list-post\"><div class=\"eael-post-list-post-inner\"><div class=\"eael-post-list-thumbnail\"><a href=\"https:\/\/konferenztechnik.de\/fr\/ise-2026-rapport-de-foire-technique-de-conference-et-devenement\/\">\n                <img decoding=\"async\" src=\"https:\/\/konferenztechnik.de\/wp-content\/uploads\/2026\/02\/ise-2026-messebericht.avif\" alt=\"\" title=\"\">\n            <\/a><\/div><div class=\"eael-post-list-content\"><h2 class=\"eael-post-list-title\"><a href=\"https:\/\/konferenztechnik.de\/fr\/ise-2026-rapport-de-foire-technique-de-conference-et-devenement\/\" >ISE 2026 Rapport de foire \u2013 technique de conf\u00e9rence et d'\u00e9v\u00e9nement<\/a><\/h2><p>Aujourd'hui, 3 f\u00e9vrier, la plus grande \u00e9dition de l'ISE \u2013 a mesur\u00e9...<\/p><a href=\"https:\/\/konferenztechnik.de\/fr\/ise-2026-rapport-de-foire-technique-de-conference-et-devenement\/\" class=\"eael-post-elements-readmore-btn\" >\u203a plus<\/a><div class=\"boxed-meta\"><\/div><\/div><\/div><\/div><div class=\"eael-post-list-post\"><div class=\"eael-post-list-post-inner\"><div class=\"eael-post-list-thumbnail\"><a href=\"https:\/\/konferenztechnik.de\/fr\/pcs-est-membre-de-la-conference-rental-alliance-quest-ce-que-cela-signifie-pour-vos-evenements\/\">\n                <img decoding=\"async\" src=\"https:\/\/konferenztechnik.de\/wp-content\/uploads\/2026\/01\/Conference-Rental-Alliance-CRA.avif\" alt=\"\" title=\"\">\n            <\/a><\/div><div class=\"eael-post-list-content\"><h2 class=\"eael-post-list-title\"><a href=\"https:\/\/konferenztechnik.de\/fr\/pcs-est-membre-de-la-conference-rental-alliance-quest-ce-que-cela-signifie-pour-vos-evenements\/\" >PCS est membre de la Conference Rental Alliance \u2013. Qu'est-ce que cela signifie pour vos \u00e9v\u00e9nements ?<\/a><\/h2><p>PCS est membre de la Conference Rental Alliance \u2013. Qu'est-ce que cela signifie pour...<\/p><a href=\"https:\/\/konferenztechnik.de\/fr\/pcs-est-membre-de-la-conference-rental-alliance-quest-ce-que-cela-signifie-pour-vos-evenements\/\" class=\"eael-post-elements-readmore-btn\" >\u203a plus<\/a><div class=\"boxed-meta\"><\/div><\/div><\/div><\/div><div class=\"eael-post-list-post\"><div class=\"eael-post-list-post-inner\"><div class=\"eael-post-list-thumbnail\"><a href=\"https:\/\/konferenztechnik.de\/fr\/des-points-forts-concrets-du-ces2026-en-rapport-avec-levenement-et-la-conference\/\">\n                <img decoding=\"async\" src=\"https:\/\/konferenztechnik.de\/wp-content\/uploads\/2026\/01\/CES-2026-Konferenztechnik-Highlights.avif\" alt=\"\" title=\"\">\n            <\/a><\/div><div class=\"eael-post-list-content\"><h2 class=\"eael-post-list-title\"><a href=\"https:\/\/konferenztechnik.de\/fr\/des-points-forts-concrets-du-ces2026-en-rapport-avec-levenement-et-la-conference\/\" >Points forts concrets du CES-2026 en rapport avec les \u00e9v\u00e9nements et les conf\u00e9rences<\/a><\/h2><p>Le CES (Consumer Electronics Show) est l'un des salons technologiques les plus importants au monde et...<\/p><a href=\"https:\/\/konferenztechnik.de\/fr\/des-points-forts-concrets-du-ces2026-en-rapport-avec-levenement-et-la-conference\/\" class=\"eael-post-elements-readmore-btn\" >\u203a plus<\/a><div class=\"boxed-meta\"><\/div><\/div><\/div><\/div><div class=\"eael-post-list-post\"><div class=\"eael-post-list-post-inner\"><div class=\"eael-post-list-thumbnail\"><a href=\"https:\/\/konferenztechnik.de\/fr\/confirmation-durable-de-la-qualite-pcs-a-nouveau-certifie-comme-high-performer\/\">\n                <img decoding=\"async\" src=\"https:\/\/konferenztechnik.de\/wp-content\/uploads\/2025\/11\/sustainable-partner-berlin-pcs-gmbh-2025.avif\" alt=\"Sustainable Berlin Partner - PCS GmbH\" title=\"\">\n            <\/a><\/div><div class=\"eael-post-list-content\"><h2 class=\"eael-post-list-title\"><a href=\"https:\/\/konferenztechnik.de\/fr\/confirmation-durable-de-la-qualite-pcs-a-nouveau-certifie-comme-high-performer\/\" >Confirmation durable de la qualit\u00e9 : PCS \u00e0 nouveau certifi\u00e9 comme High Performer<\/a><\/h2><p>Nous sommes heureux : PCS a obtenu la recertification dans le programme \u201eSustainable Meetings Berlin\u201d...<\/p><a href=\"https:\/\/konferenztechnik.de\/fr\/confirmation-durable-de-la-qualite-pcs-a-nouveau-certifie-comme-high-performer\/\" class=\"eael-post-elements-readmore-btn\" >\u203a plus<\/a><div class=\"boxed-meta\"><\/div><\/div><\/div><\/div><\/div><\/div>\n\t\t<\/div><div data-nonce=\"983a30402d\" class=\"post-list-pagination\" data-widget-id=\"0c7bb91\" data-widget=\"0c7bb91\" data-page-id=\"7\" data-class=\"Essential_Addons_Elementor\\Pro\\Elements\\Post_List\" data-args=\"orderby=date&amp;order=desc&amp;ignore_sticky_posts=1&amp;post_status=publish&amp;posts_per_page=4&amp;offset=0&amp;post_type=post&amp;tax_query%5B0%5D%5Btaxonomy%5D=category&amp;tax_query%5B0%5D%5Bfield%5D=term_id&amp;tax_query%5B0%5D%5Bterms%5D%5B0%5D=2&amp;tax_query%5Brelation%5D=AND\" data-settings=\"eael_post_list_post_feature_image=yes&amp;eael_post_list_post_meta=&amp;eael_post_list_post_title=yes&amp;eael_post_list_post_excerpt=yes&amp;eael_post_list_post_excerpt_length=12&amp;eael_post_list_pagination=navigation&amp;eael_post_list_layout_type=advanced&amp;eael_post_list_post_cat=&amp;eael_post_list_author_meta=&amp;eael_post_list_title_tag=h2&amp;eael_show_read_more_button=yes&amp;eael_post_list_read_more_text=%E2%80%BA+mehr&amp;eael_post_list_excerpt_expanison_indicator=...&amp;eael_post_featured_image_size=large\" data-page=\"1\" data-scroll-on-pagination=\"1\" data-scroll-offset=\"100\" data-template=\"{&quot;dir&quot;:&quot;pro&quot;,&quot;file_name&quot;:&quot;advanced.php&quot;,&quot;name&quot;:&quot;Post-List&quot;}\">\n            <button class=\"btn btn-prev-post\" id=\"post-nav-prev-0c7bb91\" disabled=\"true\" aria-label=\"previous\"><svg aria-hidden=\"true\" class=\"e-font-icon-svg e-fas-angle-left\" viewbox=\"0 0 256 512\" xmlns=\"http:\/\/www.w3.org\/2000\/svg\"><path d=\"M31.7 239l136-136c9.4-9.4 24.6-9.4 33.9 0l22.6 22.6c9.4 9.4 9.4 24.6 0 33.9L127.9 256l96.4 96.4c9.4 9.4 9.4 24.6 0 33.9L201.7 409c-9.4 9.4-24.6 9.4-33.9 0l-136-136c-9.5-9.4-9.5-24.6-.1-34z\"><\/path><\/svg><\/button><button class=\"btn btn-next-post\" id=\"post-nav-next-0c7bb91\" aria-label=\"suivant\"><svg aria-hidden=\"true\" class=\"e-font-icon-svg e-fas-angle-right\" viewbox=\"0 0 256 512\" xmlns=\"http:\/\/www.w3.org\/2000\/svg\"><path d=\"M224.3 273l-136 136c-9.4 9.4-24.6 9.4-33.9 0l-22.6-22.6c-9.4-9.4-9.4-24.6 0-33.9l96.4-96.4-96.4-96.4c-9.4-9.4-9.4-24.6 0-33.9L54.3 103c9.4-9.4 24.6-9.4 33.9 0l136 136c9.5 9.4 9.5 24.6.1 34z\"><\/path><\/svg><\/button>\n        <\/div>\t\t\t\t<\/div>\n\t\t\t\t<\/div>\n\t\t\t\t<div class=\"elementor-element elementor-element-95b4911 elementor-widget elementor-widget-heading\" data-id=\"95b4911\" data-element_type=\"widget\" data-widget_type=\"heading.default\">\n\t\t\t\t<div class=\"elementor-widget-container\">\n\t\t\t\t\t<h2 class=\"elementor-heading-title elementor-size-default\">Actualit\u00e9s<\/h2>\t\t\t\t<\/div>\n\t\t\t\t<\/div>\n\t\t\t\t\t<\/div>\n\t\t\t\t<\/div>\n\t\t<div data-particle_enable=\"false\" data-particle-mobile-disabled=\"false\" class=\"elementor-element elementor-element-ab59700 e-grid e-con-boxed e-con e-child\" data-id=\"ab59700\" data-element_type=\"container\">\n\t\t\t\t\t<div class=\"e-con-inner\">\n\t\t\t\t<div class=\"elementor-element elementor-element-2a0b074 elementor-widget__width-inherit e-transform elementor-view-default elementor-position-block-start elementor-mobile-position-block-start elementor-widget elementor-widget-icon-box\" data-id=\"2a0b074\" data-element_type=\"widget\" data-settings=\"{&quot;_transform_scale_effect_hover&quot;:{&quot;unit&quot;:&quot;px&quot;,&quot;size&quot;:1.0300000000000000266453525910037569701671600341796875,&quot;sizes&quot;:[]},&quot;_transform_scale_effect_hover_widescreen&quot;:{&quot;unit&quot;:&quot;px&quot;,&quot;size&quot;:&quot;&quot;,&quot;sizes&quot;:[]},&quot;_transform_scale_effect_hover_laptop&quot;:{&quot;unit&quot;:&quot;px&quot;,&quot;size&quot;:&quot;&quot;,&quot;sizes&quot;:[]},&quot;_transform_scale_effect_hover_tablet_extra&quot;:{&quot;unit&quot;:&quot;px&quot;,&quot;size&quot;:&quot;&quot;,&quot;sizes&quot;:[]},&quot;_transform_scale_effect_hover_tablet&quot;:{&quot;unit&quot;:&quot;px&quot;,&quot;size&quot;:&quot;&quot;,&quot;sizes&quot;:[]},&quot;_transform_scale_effect_hover_mobile&quot;:{&quot;unit&quot;:&quot;px&quot;,&quot;size&quot;:&quot;&quot;,&quot;sizes&quot;:[]}}\" data-widget_type=\"icon-box.default\">\n\t\t\t\t<div class=\"elementor-widget-container\">\n\t\t\t\t\t\t\t<div class=\"elementor-icon-box-wrapper\">\n\n\t\t\t\t\t\t<div class=\"elementor-icon-box-icon\">\n\t\t\t\t<a href=\"https:\/\/konferenztechnik.de\/fr\/gestion-devenements-multilingues\/\" class=\"elementor-icon\" tabindex=\"-1\" aria-label=\"1 700 \u00e9v\u00e9nements par an\">\n\t\t\t\t<svg aria-hidden=\"true\" class=\"e-font-icon-svg e-far-heart\" viewbox=\"0 0 512 512\" xmlns=\"http:\/\/www.w3.org\/2000\/svg\"><path d=\"M458.4 64.3C400.6 15.7 311.3 23 256 79.3 200.7 23 111.4 15.6 53.6 64.3-21.6 127.6-10.6 230.8 43 285.5l175.4 178.7c10 10.2 23.4 15.9 37.6 15.9 14.3 0 27.6-5.6 37.6-15.8L469 285.6c53.5-54.7 64.7-157.9-10.6-221.3zm-23.6 187.5L259.4 430.5c-2.4 2.4-4.4 2.4-6.8 0L77.2 251.8c-36.5-37.2-43.9-107.6 7.3-150.7 38.9-32.7 98.9-27.8 136.5 10.5l35 35.7 35-35.7c37.8-38.5 97.8-43.2 136.5-10.6 51.1 43.1 43.5 113.9 7.3 150.8z\"><\/path><\/svg>\t\t\t\t<\/a>\n\t\t\t<\/div>\n\t\t\t\n\t\t\t\t\t\t<div class=\"elementor-icon-box-content\">\n\n\t\t\t\t\t\t\t\t\t<h3 class=\"elementor-icon-box-title\">\n\t\t\t\t\t\t<a href=\"https:\/\/konferenztechnik.de\/fr\/gestion-devenements-multilingues\/\" >\n\t\t\t\t\t\t\t1 700 \u00e9v\u00e9nements par an\t\t\t\t\t\t<\/a>\n\t\t\t\t\t<\/h3>\n\t\t\t\t\n\t\t\t\t\t\t\t\t\t<p class=\"elementor-icon-box-description\">\n\t\t\t\t\t\tChaque ann\u00e9e, nous g\u00e9rons plus de 1 700 projets dans toute l'Allemagne. Notre portefeuille est vari\u00e9 et s'\u00e9tend de la petite installation de guidage de personnes \u00e0 la grande manifestation.\t\t\t\t\t<\/p>\n\t\t\t\t\n\t\t\t<\/div>\n\t\t\t\n\t\t<\/div>\n\t\t\t\t\t\t<\/div>\n\t\t\t\t<\/div>\n\t\t\t\t<div class=\"elementor-element elementor-element-9a7e623 elementor-widget__width-inherit e-transform elementor-view-default elementor-position-block-start elementor-mobile-position-block-start elementor-widget elementor-widget-icon-box\" data-id=\"9a7e623\" data-element_type=\"widget\" data-settings=\"{&quot;_transform_scale_effect_hover&quot;:{&quot;unit&quot;:&quot;px&quot;,&quot;size&quot;:1.0300000000000000266453525910037569701671600341796875,&quot;sizes&quot;:[]},&quot;_transform_scale_effect_hover_widescreen&quot;:{&quot;unit&quot;:&quot;px&quot;,&quot;size&quot;:&quot;&quot;,&quot;sizes&quot;:[]},&quot;_transform_scale_effect_hover_laptop&quot;:{&quot;unit&quot;:&quot;px&quot;,&quot;size&quot;:&quot;&quot;,&quot;sizes&quot;:[]},&quot;_transform_scale_effect_hover_tablet_extra&quot;:{&quot;unit&quot;:&quot;px&quot;,&quot;size&quot;:&quot;&quot;,&quot;sizes&quot;:[]},&quot;_transform_scale_effect_hover_tablet&quot;:{&quot;unit&quot;:&quot;px&quot;,&quot;size&quot;:&quot;&quot;,&quot;sizes&quot;:[]},&quot;_transform_scale_effect_hover_mobile&quot;:{&quot;unit&quot;:&quot;px&quot;,&quot;size&quot;:&quot;&quot;,&quot;sizes&quot;:[]}}\" data-widget_type=\"icon-box.default\">\n\t\t\t\t<div class=\"elementor-widget-container\">\n\t\t\t\t\t\t\t<div class=\"elementor-icon-box-wrapper\">\n\n\t\t\t\t\t\t<div class=\"elementor-icon-box-icon\">\n\t\t\t\t<a href=\"https:\/\/konferenztechnik.de\/fr\/prestations\/\" class=\"elementor-icon\" tabindex=\"-1\" aria-label=\"Service complet&lt;br&gt;\">\n\t\t\t\t<svg aria-hidden=\"true\" class=\"e-font-icon-svg e-fas-star\" viewbox=\"0 0 576 512\" xmlns=\"http:\/\/www.w3.org\/2000\/svg\"><path d=\"M259.3 17.8L194 150.2 47.9 171.5c-26.2 3.8-36.7 36.1-17.7 54.6l105.7 103-25 145.5c-4.5 26.3 23.2 46 46.4 33.7L288 439.6l130.7 68.7c23.2 12.2 50.9-7.4 46.4-33.7l-25-145.5 105.7-103c19-18.5 8.5-50.8-17.7-54.6L382 150.2 316.7 17.8c-11.7-23.6-45.6-23.9-57.4 0z\"><\/path><\/svg>\t\t\t\t<\/a>\n\t\t\t<\/div>\n\t\t\t\n\t\t\t\t\t\t<div class=\"elementor-icon-box-content\">\n\n\t\t\t\t\t\t\t\t\t<h3 class=\"elementor-icon-box-title\">\n\t\t\t\t\t\t<a href=\"https:\/\/konferenztechnik.de\/fr\/prestations\/\" >\n\t\t\t\t\t\t\tService complet<br>\t\t\t\t\t\t<\/a>\n\t\t\t\t\t<\/h3>\n\t\t\t\t\n\t\t\t\t\t\t\t\t\t<p class=\"elementor-icon-box-description\">\n\t\t\t\t\t\tNous nous chargeons de l'ensemble du service technique pour votre conf\u00e9rence, votre \u00e9v\u00e9nement. Du conseil, de la planification, de la r\u00e9alisation jusqu'\u00e0 la logistique.\t\t\t\t\t<\/p>\n\t\t\t\t\n\t\t\t<\/div>\n\t\t\t\n\t\t<\/div>\n\t\t\t\t\t\t<\/div>\n\t\t\t\t<\/div>\n\t\t\t\t<div class=\"elementor-element elementor-element-0a43797 elementor-widget__width-inherit e-transform elementor-view-default elementor-position-block-start elementor-mobile-position-block-start elementor-widget elementor-widget-icon-box\" data-id=\"0a43797\" data-element_type=\"widget\" data-settings=\"{&quot;_transform_scale_effect_hover&quot;:{&quot;unit&quot;:&quot;px&quot;,&quot;size&quot;:1.0300000000000000266453525910037569701671600341796875,&quot;sizes&quot;:[]},&quot;_transform_scale_effect_hover_widescreen&quot;:{&quot;unit&quot;:&quot;px&quot;,&quot;size&quot;:&quot;&quot;,&quot;sizes&quot;:[]},&quot;_transform_scale_effect_hover_laptop&quot;:{&quot;unit&quot;:&quot;px&quot;,&quot;size&quot;:&quot;&quot;,&quot;sizes&quot;:[]},&quot;_transform_scale_effect_hover_tablet_extra&quot;:{&quot;unit&quot;:&quot;px&quot;,&quot;size&quot;:&quot;&quot;,&quot;sizes&quot;:[]},&quot;_transform_scale_effect_hover_tablet&quot;:{&quot;unit&quot;:&quot;px&quot;,&quot;size&quot;:&quot;&quot;,&quot;sizes&quot;:[]},&quot;_transform_scale_effect_hover_mobile&quot;:{&quot;unit&quot;:&quot;px&quot;,&quot;size&quot;:&quot;&quot;,&quot;sizes&quot;:[]}}\" data-widget_type=\"icon-box.default\">\n\t\t\t\t<div class=\"elementor-widget-container\">\n\t\t\t\t\t\t\t<div class=\"elementor-icon-box-wrapper\">\n\n\t\t\t\t\t\t<div class=\"elementor-icon-box-icon\">\n\t\t\t\t<a href=\"https:\/\/konferenztechnik.de\/fr\/profil-de-lentreprise\/\" class=\"elementor-icon\" tabindex=\"-1\" aria-label=\"30+ ans d&#039;exp\u00e9rience\">\n\t\t\t\t<svg aria-hidden=\"true\" class=\"e-font-icon-svg e-far-lightbulb\" viewbox=\"0 0 352 512\" xmlns=\"http:\/\/www.w3.org\/2000\/svg\"><path d=\"M176 80c-52.94 0-96 43.06-96 96 0 8.84 7.16 16 16 16s16-7.16 16-16c0-35.3 28.72-64 64-64 8.84 0 16-7.16 16-16s-7.16-16-16-16zM96.06 459.17c0 3.15.93 6.22 2.68 8.84l24.51 36.84c2.97 4.46 7.97 7.14 13.32 7.14h78.85c5.36 0 10.36-2.68 13.32-7.14l24.51-36.84c1.74-2.62 2.67-5.7 2.68-8.84l.05-43.18H96.02l.04 43.18zM176 0C73.72 0 0 82.97 0 176c0 44.37 16.45 84.85 43.56 115.78 16.64 18.99 42.74 58.8 52.42 92.16v.06h48v-.12c-.01-4.77-.72-9.51-2.15-14.07-5.59-17.81-22.82-64.77-62.17-109.67-20.54-23.43-31.52-53.15-31.61-84.14-.2-73.64 59.67-128 127.95-128 70.58 0 128 57.42 128 128 0 30.97-11.24 60.85-31.65 84.14-39.11 44.61-56.42 91.47-62.1 109.46a47.507 47.507 0 0 0-2.22 14.3v.1h48v-.05c9.68-33.37 35.78-73.18 52.42-92.16C335.55 260.85 352 220.37 352 176 352 78.8 273.2 0 176 0z\"><\/path><\/svg>\t\t\t\t<\/a>\n\t\t\t<\/div>\n\t\t\t\n\t\t\t\t\t\t<div class=\"elementor-icon-box-content\">\n\n\t\t\t\t\t\t\t\t\t<h3 class=\"elementor-icon-box-title\">\n\t\t\t\t\t\t<a href=\"https:\/\/konferenztechnik.de\/fr\/profil-de-lentreprise\/\" >\n\t\t\t\t\t\t\t30+ ans d'exp\u00e9rience\t\t\t\t\t\t<\/a>\n\t\t\t\t\t<\/h3>\n\t\t\t\t\n\t\t\t\t\t\t\t\t\t<p class=\"elementor-icon-box-description\">\n\t\t\t\t\t\tNous connaissons le march\u00e9 depuis plus de 29 ans. Nous sommes le partenaire fiable pour votre conf\u00e9rence.\t\t\t\t\t<\/p>\n\t\t\t\t\n\t\t\t<\/div>\n\t\t\t\n\t\t<\/div>\n\t\t\t\t\t\t<\/div>\n\t\t\t\t<\/div>\n\t\t\t\t<div class=\"elementor-element elementor-element-8b15fa3 elementor-widget__width-inherit e-transform elementor-view-default elementor-position-block-start elementor-mobile-position-block-start elementor-widget elementor-widget-icon-box\" data-id=\"8b15fa3\" data-element_type=\"widget\" data-settings=\"{&quot;_transform_scale_effect_hover&quot;:{&quot;unit&quot;:&quot;px&quot;,&quot;size&quot;:1.0300000000000000266453525910037569701671600341796875,&quot;sizes&quot;:[]},&quot;_transform_scale_effect_hover_widescreen&quot;:{&quot;unit&quot;:&quot;px&quot;,&quot;size&quot;:&quot;&quot;,&quot;sizes&quot;:[]},&quot;_transform_scale_effect_hover_laptop&quot;:{&quot;unit&quot;:&quot;px&quot;,&quot;size&quot;:&quot;&quot;,&quot;sizes&quot;:[]},&quot;_transform_scale_effect_hover_tablet_extra&quot;:{&quot;unit&quot;:&quot;px&quot;,&quot;size&quot;:&quot;&quot;,&quot;sizes&quot;:[]},&quot;_transform_scale_effect_hover_tablet&quot;:{&quot;unit&quot;:&quot;px&quot;,&quot;size&quot;:&quot;&quot;,&quot;sizes&quot;:[]},&quot;_transform_scale_effect_hover_mobile&quot;:{&quot;unit&quot;:&quot;px&quot;,&quot;size&quot;:&quot;&quot;,&quot;sizes&quot;:[]}}\" data-widget_type=\"icon-box.default\">\n\t\t\t\t<div class=\"elementor-widget-container\">\n\t\t\t\t\t\t\t<div class=\"elementor-icon-box-wrapper\">\n\n\t\t\t\t\t\t<div class=\"elementor-icon-box-icon\">\n\t\t\t\t<a href=\"https:\/\/konferenztechnik.de\/fr\/installation-integration-technique-de-conference\/\" class=\"elementor-icon\" tabindex=\"-1\" aria-label=\"Installation et vente\">\n\t\t\t\t<svg aria-hidden=\"true\" class=\"e-font-icon-svg e-fas-truck-loading\" viewbox=\"0 0 640 512\" xmlns=\"http:\/\/www.w3.org\/2000\/svg\"><path d=\"M50.2 375.6c2.3 8.5 11.1 13.6 19.6 11.3l216.4-58c8.5-2.3 13.6-11.1 11.3-19.6l-49.7-185.5c-2.3-8.5-11.1-13.6-19.6-11.3L151 133.3l24.8 92.7-61.8 16.5-24.8-92.7-77.3 20.7C3.4 172.8-1.7 181.6.6 190.1l49.6 185.5zM384 0c-17.7 0-32 14.3-32 32v323.6L5.9 450c-4.3 1.2-6.8 5.6-5.6 9.8l12.6 46.3c1.2 4.3 5.6 6.8 9.8 5.6l393.7-107.4C418.8 464.1 467.6 512 528 512c61.9 0 112-50.1 112-112V0H384zm144 448c-26.5 0-48-21.5-48-48s21.5-48 48-48 48 21.5 48 48-21.5 48-48 48z\"><\/path><\/svg>\t\t\t\t<\/a>\n\t\t\t<\/div>\n\t\t\t\n\t\t\t\t\t\t<div class=\"elementor-icon-box-content\">\n\n\t\t\t\t\t\t\t\t\t<h3 class=\"elementor-icon-box-title\">\n\t\t\t\t\t\t<a href=\"https:\/\/konferenztechnik.de\/fr\/installation-integration-technique-de-conference\/\" >\n\t\t\t\t\t\t\tInstallation et vente\t\t\t\t\t\t<\/a>\n\t\t\t\t\t<\/h3>\n\t\t\t\t\n\t\t\t\t\t\t\t\t\t<p class=\"elementor-icon-box-description\">\n\t\t\t\t\t\tInstallation de techniques de m\u00e9dias audiovisuels, planification, conception et distribution de techniques de tous les fabricants renomm\u00e9s.\t\t\t\t\t<\/p>\n\t\t\t\t\n\t\t\t<\/div>\n\t\t\t\n\t\t<\/div>\n\t\t\t\t\t\t<\/div>\n\t\t\t\t<\/div>\n\t\t\t\t\t<\/div>\n\t\t\t\t<\/div>\n\t\t<div data-particle_enable=\"false\" data-particle-mobile-disabled=\"false\" class=\"elementor-element elementor-element-f347123 e-flex e-con-boxed e-con e-parent\" data-id=\"f347123\" data-element_type=\"container\">\n\t\t\t\t\t<div class=\"e-con-inner\">\n\t\t\t\t<div class=\"elementor-element elementor-element-0a2020e elementor-widget elementor-widget-shortcode\" data-id=\"0a2020e\" data-element_type=\"widget\" data-widget_type=\"shortcode.default\">\n\t\t\t\t<div class=\"elementor-widget-container\">\n\t\t\t\t\t\t\t<div class=\"elementor-shortcode\"><\/div>\n\t\t\t\t\t\t<\/div>\n\t\t\t\t<\/div>\n\t\t\t\t<div class=\"elementor-element elementor-element-15ceecd elementor-widget elementor-widget-spacer\" data-id=\"15ceecd\" data-element_type=\"widget\" data-widget_type=\"spacer.default\">\n\t\t\t\t<div class=\"elementor-widget-container\">\n\t\t\t\t\t\t\t<div class=\"elementor-spacer\">\n\t\t\t<div class=\"elementor-spacer-inner\"><\/div>\n\t\t<\/div>\n\t\t\t\t\t\t<\/div>\n\t\t\t\t<\/div>\n\t\t\t\t\t<\/div>\n\t\t\t\t<\/div>\n\t\t\t\t<\/div>","protected":false},"excerpt":{"rendered":"<p>Nous encadrons des conf\u00e9rences, des r\u00e9unions et des \u00e9v\u00e9nements \u2013 qu'ils soient classiques, num\u00e9riques ou hybrides. Nous mettons nos ann\u00e9es d'exp\u00e9rience au service de la r\u00e9ussite de votre \u00e9v\u00e9nement. Nous proposons la location, la distribution, l'installation et le suivi de mat\u00e9riel de conf\u00e9rence et de m\u00e9dias audiovisuels et faisons partie, entre autres, des leaders du march\u00e9 dans le domaine des techniques d'interpr\u00e9tation et de t\u00e9l\u00e9interpr\u00e9tation.<\/p>","protected":false},"author":1,"featured_media":45011,"parent":0,"menu_order":260,"comment_status":"closed","ping_status":"open","template":"","meta":{"_acf_changed":false,"footnotes":""},"class_list":["post-7","page","type-page","status-publish","has-post-thumbnail","hentry"],"acf":[],"_links":{"self":[{"href":"https:\/\/konferenztechnik.de\/fr\/wp-json\/wp\/v2\/pages\/7","targetHints":{"allow":["GET"]}}],"collection":[{"href":"https:\/\/konferenztechnik.de\/fr\/wp-json\/wp\/v2\/pages"}],"about":[{"href":"https:\/\/konferenztechnik.de\/fr\/wp-json\/wp\/v2\/types\/page"}],"author":[{"embeddable":true,"href":"https:\/\/konferenztechnik.de\/fr\/wp-json\/wp\/v2\/users\/1"}],"replies":[{"embeddable":true,"href":"https:\/\/konferenztechnik.de\/fr\/wp-json\/wp\/v2\/comments?post=7"}],"version-history":[{"count":27,"href":"https:\/\/konferenztechnik.de\/fr\/wp-json\/wp\/v2\/pages\/7\/revisions"}],"predecessor-version":[{"id":49828,"href":"https:\/\/konferenztechnik.de\/fr\/wp-json\/wp\/v2\/pages\/7\/revisions\/49828"}],"wp:featuredmedia":[{"embeddable":true,"href":"https:\/\/konferenztechnik.de\/fr\/wp-json\/wp\/v2\/media\/45011"}],"wp:attachment":[{"href":"https:\/\/konferenztechnik.de\/fr\/wp-json\/wp\/v2\/media?parent=7"}],"curies":[{"name":"wp","href":"https:\/\/api.w.org\/{rel}","templated":true}]}}