{"id":24570,"date":"2023-04-15T18:12:35","date_gmt":"2023-04-15T16:12:35","guid":{"rendered":"http:\/\/dev.konferenztechnik.de\/?page_id=24570"},"modified":"2025-10-15T14:19:55","modified_gmt":"2025-10-15T12:19:55","slug":"prodotti","status":"publish","type":"page","link":"https:\/\/konferenztechnik.de\/it\/prodotti\/","title":{"rendered":"Prodotti"},"content":{"rendered":"<div data-elementor-type=\"wp-page\" data-elementor-id=\"24570\" class=\"elementor elementor-24570\" data-elementor-post-type=\"page\">\n\t\t\t\t<div data-particle_enable=\"false\" data-particle-mobile-disabled=\"false\" class=\"elementor-element elementor-element-bc8b1e9 e-flex e-con-boxed e-con e-parent\" data-id=\"bc8b1e9\" data-element_type=\"container\">\n\t\t\t\t\t<div class=\"e-con-inner\">\n\t\t\t\t<div class=\"elementor-element elementor-element-83a6fd2 elementor-widget__width-inherit elementor-widget elementor-widget-heading\" data-id=\"83a6fd2\" data-element_type=\"widget\" data-widget_type=\"heading.default\">\n\t\t\t\t<div class=\"elementor-widget-container\">\n\t\t\t\t\t<h1 class=\"elementor-heading-title elementor-size-default\">Prodotti \u2013 Noleggio, acquisto, installazione, leasing<\/h1>\t\t\t\t<\/div>\n\t\t\t\t<\/div>\n\t\t\t\t<div class=\"elementor-element elementor-element-7f348d2 elementor-widget__width-inherit elementor-widget elementor-widget-text-editor\" data-id=\"7f348d2\" data-element_type=\"widget\" data-widget_type=\"text-editor.default\">\n\t\t\t\t<div class=\"elementor-widget-container\">\n\t\t\t\t\t\t\t\t\t<p>\u00c8 possibile noleggiare, acquistare o affittare tecnologia per conferenze, tecnologia per eventi e tecnologia multimediale AV. Offriamo servizi di consulenza, pianificazione, progettazione, assistenza, installazione e manutenzione.<\/p>\t\t\t\t\t\t\t\t<\/div>\n\t\t\t\t<\/div>\n\t\t\t\t<div class=\"elementor-element elementor-element-0422a95 elementor-align-left elementor-widget elementor-widget-button\" data-id=\"0422a95\" data-element_type=\"widget\" data-widget_type=\"button.default\">\n\t\t\t\t<div class=\"elementor-widget-container\">\n\t\t\t\t\t\t\t\t\t<div class=\"elementor-button-wrapper\">\n\t\t\t\t\t<a class=\"elementor-button elementor-button-link elementor-size-lg\" href=\"#serviceteam\">\n\t\t\t\t\t\t<span class=\"elementor-button-content-wrapper\">\n\t\t\t\t\t\t<span class=\"elementor-button-icon\">\n\t\t\t\t<svg aria-hidden=\"true\" class=\"e-font-icon-svg e-far-arrow-alt-circle-down\" viewbox=\"0 0 512 512\" xmlns=\"http:\/\/www.w3.org\/2000\/svg\"><path d=\"M256 8C119 8 8 119 8 256s111 248 248 248 248-111 248-248S393 8 256 8zm0 448c-110.5 0-200-89.5-200-200S145.5 56 256 56s200 89.5 200 200-89.5 200-200 200zm-32-316v116h-67c-10.7 0-16 12.9-8.5 20.5l99 99c4.7 4.7 12.3 4.7 17 0l99-99c7.6-7.6 2.2-20.5-8.5-20.5h-67V140c0-6.6-5.4-12-12-12h-40c-6.6 0-12 5.4-12 12z\"><\/path><\/svg>\t\t\t<\/span>\n\t\t\t\t\t\t\t\t\t<span class=\"elementor-button-text\">Richiedi ora<\/span>\n\t\t\t\t\t<\/span>\n\t\t\t\t\t<\/a>\n\t\t\t\t<\/div>\n\t\t\t\t\t\t\t\t<\/div>\n\t\t\t\t<\/div>\n\t\t\t\t\t<\/div>\n\t\t\t\t<\/div>\n\t\t<div data-particle_enable=\"false\" data-particle-mobile-disabled=\"false\" class=\"elementor-element elementor-element-182093b e-flex e-con-boxed e-con e-parent\" data-id=\"182093b\" data-element_type=\"container\">\n\t\t\t\t\t<div class=\"e-con-inner\">\n\t\t<div data-particle_enable=\"false\" data-particle-mobile-disabled=\"false\" class=\"elementor-element elementor-element-a8708be e-flex e-con-boxed e-con e-child\" data-id=\"a8708be\" data-element_type=\"container\" data-settings=\"{&quot;animation&quot;:&quot;none&quot;}\">\n\t\t\t\t\t<div class=\"e-con-inner\">\n\t\t\t\t<div class=\"elementor-element elementor-element-1bf9ff5 elementor-widget elementor-widget-heading\" data-id=\"1bf9ff5\" data-element_type=\"widget\" data-settings=\"{&quot;_animation&quot;:&quot;none&quot;}\" data-widget_type=\"heading.default\">\n\t\t\t\t<div class=\"elementor-widget-container\">\n\t\t\t\t\t<h2 class=\"elementor-heading-title elementor-size-default\">Ricerca frequente<\/h2>\t\t\t\t<\/div>\n\t\t\t\t<\/div>\n\t\t\t\t<div class=\"elementor-element elementor-element-4bfeeff elementor-widget__width-inherit elementor-widget elementor-widget-eael-post-list\" data-id=\"4bfeeff\" data-element_type=\"widget\" data-settings=\"{&quot;_animation&quot;:&quot;none&quot;}\" data-widget_type=\"eael-post-list.default\">\n\t\t\t\t<div class=\"elementor-widget-container\">\n\t\t\t\t\t<div class=\"eael-post-list-container advanced layout-advanced\"><div class=\"eael-post-list-header\"><\/div><div class=\"eael-post-list-wrap\"><div class=\"eael-post-list-posts-wrap eael-post-appender eael-post-appender-4bfeeff\"><div class=\"eael-post-list-post\"><div class=\"eael-post-list-post-inner\"><div class=\"eael-post-list-thumbnail\"><a href=\"https:\/\/konferenztechnik.de\/it\/pareti-a-led\/\">\n                <img decoding=\"async\" src=\"https:\/\/konferenztechnik.de\/wp-content\/uploads\/2025\/09\/LED-Waende-LED-Videowalls-kaufen-mieten-installieren.avif\" alt=\"Pareti-LED-Videowalls-Acquista-noleggio-installazione\" title=\"\">\n            <\/a><\/div><div class=\"eael-post-list-content\"><h2 class=\"eael-post-list-title\"><a href=\"https:\/\/konferenztechnik.de\/it\/pareti-a-led\/\" >Pareti a LED<\/a><\/h2><p>LED wall per eventi, conferenze e aziende - acquisto, noleggio o installazione -...<\/p><a href=\"https:\/\/konferenztechnik.de\/it\/pareti-a-led\/\" class=\"eael-post-elements-readmore-btn\" >informare ora<\/a><div class=\"boxed-meta\"><\/div><\/div><\/div><\/div><div class=\"eael-post-list-post\"><div class=\"eael-post-list-post-inner\"><div class=\"eael-post-list-thumbnail\"><a href=\"https:\/\/konferenztechnik.de\/it\/interpretariato-per-eventi-e-conferenze\/\">\n                <img decoding=\"async\" src=\"https:\/\/konferenztechnik.de\/wp-content\/uploads\/2025\/03\/ai-ki-dolmetscher-ki-dolmetschloesungen-png.avif\" alt=\"\" title=\"\">\n            <\/a><\/div><div class=\"eael-post-list-content\"><h2 class=\"eael-post-list-title\"><a href=\"https:\/\/konferenztechnik.de\/it\/interpretariato-per-eventi-e-conferenze\/\" >Soluzioni di interpretariato AI per eventi e conferenze<\/a><\/h2><p>Espandete il vostro raggio d'azione con la nostra innovativa soluzione di interpretariato in tempo reale basata sull'AI. Pi\u00f9 di 60 interpreti...<\/p><a href=\"https:\/\/konferenztechnik.de\/it\/interpretariato-per-eventi-e-conferenze\/\" class=\"eael-post-elements-readmore-btn\" >informare ora<\/a><div class=\"boxed-meta\"><\/div><\/div><\/div><\/div><div class=\"eael-post-list-post\"><div class=\"eael-post-list-post-inner\"><div class=\"eael-post-list-thumbnail\"><a href=\"https:\/\/konferenztechnik.de\/it\/noleggio-attrezzature-per-eventi\/\">\n                <img decoding=\"async\" src=\"https:\/\/konferenztechnik.de\/wp-content\/uploads\/2024\/02\/Veranstaltungstechnik-mieten-post-jpg.webp\" alt=\"Noleggio di tecnologia per eventi: Console di mixaggio per eventi\" title=\"\">\n            <\/a><\/div><div class=\"eael-post-list-content\"><h2 class=\"eael-post-list-title\"><a href=\"https:\/\/konferenztechnik.de\/it\/noleggio-attrezzature-per-eventi\/\" >Noleggio di tecnologia per eventi<\/a><\/h2><p>In qualit\u00e0 di fornitore di servizi completi, vi offriamo tutto, da un'unica fonte \u2013...<\/p><a href=\"https:\/\/konferenztechnik.de\/it\/noleggio-attrezzature-per-eventi\/\" class=\"eael-post-elements-readmore-btn\" >informare ora<\/a><div class=\"boxed-meta\"><\/div><\/div><\/div><\/div><div class=\"eael-post-list-post\"><div class=\"eael-post-list-post-inner\"><div class=\"eael-post-list-thumbnail\"><a href=\"https:\/\/konferenztechnik.de\/it\/pacchetti-per-eventi-a-tutto-tondo-e-spensierati\/\">\n                <img decoding=\"async\" src=\"https:\/\/konferenztechnik.de\/wp-content\/uploads\/2023\/11\/konferenztechnik-komplettpakete-jpg.webp\" alt=\"\" title=\"\">\n            <\/a><\/div><div class=\"eael-post-list-content\"><h2 class=\"eael-post-list-title\"><a href=\"https:\/\/konferenztechnik.de\/it\/pacchetti-per-eventi-a-tutto-tondo-e-spensierati\/\" >Pacchetti tuttofare Evento<\/a><\/h2><p>Pacchetto tuttofare: attrezzatura tecnica completa per eventi e conferenze Richiedi ora Prenota il tuo...<\/p><a href=\"https:\/\/konferenztechnik.de\/it\/pacchetti-per-eventi-a-tutto-tondo-e-spensierati\/\" class=\"eael-post-elements-readmore-btn\" >informare ora<\/a><div class=\"boxed-meta\"><\/div><\/div><\/div><\/div><div class=\"eael-post-list-post\"><div class=\"eael-post-list-post-inner\"><div class=\"eael-post-list-thumbnail\"><a href=\"https:\/\/konferenztechnik.de\/it\/noleggio-acquisto-installazione-leasing-di-sistemi-di-discussione-stazioni-intercomunicanti\/\">\n                <img decoding=\"async\" src=\"https:\/\/konferenztechnik.de\/wp-content\/uploads\/2023\/06\/diskussionsanlage-sprechstellen-tischmikrofone.jpg\" alt=\"Unit\u00e0 microfoniche da tavolo distribuite attorno a un tavolo da conferenza, con microfoni a collo d&#039;oca\" title=\"\">\n            <\/a><\/div><div class=\"eael-post-list-content\"><h2 class=\"eael-post-list-title\"><a href=\"https:\/\/konferenztechnik.de\/it\/noleggio-acquisto-installazione-leasing-di-sistemi-di-discussione-stazioni-intercomunicanti\/\" >Noleggio, acquisto, installazione, leasing di sistemi di discussione \u2013, stazioni intercomunicanti<\/a><\/h2><p>Noleggio, acquisto, installazione, leasing di sistemi di discussione \u2013, stazioni intercomunicanti<\/p><a href=\"https:\/\/konferenztechnik.de\/it\/noleggio-acquisto-installazione-leasing-di-sistemi-di-discussione-stazioni-intercomunicanti\/\" class=\"eael-post-elements-readmore-btn\" >informare ora<\/a><div class=\"boxed-meta\"><\/div><\/div><\/div><\/div><div class=\"eael-post-list-post\"><div class=\"eael-post-list-post-inner\"><div class=\"eael-post-list-thumbnail\"><a href=\"https:\/\/konferenztechnik.de\/it\/eventi-ibridi\/\">\n                <img decoding=\"async\" src=\"https:\/\/konferenztechnik.de\/wp-content\/uploads\/2023\/06\/hybride-events-jpg.webp\" alt=\"Due presentatori sono in piedi su un palcoscenico e possono essere visti contemporaneamente su una seconda sezione di immagini in digitale su un monitor di un PC, come simbolo di eventi ibridi.\" title=\"\">\n            <\/a><\/div><div class=\"eael-post-list-content\"><h2 class=\"eael-post-list-title\"><a href=\"https:\/\/konferenztechnik.de\/it\/eventi-ibridi\/\" >Eventi ibridi<\/a><\/h2><p>Mettiamo in contatto persone, spazi e luoghi. Partecipanti digitali, partecipanti faccia a faccia, relatori e spettatori...<\/p><a href=\"https:\/\/konferenztechnik.de\/it\/eventi-ibridi\/\" class=\"eael-post-elements-readmore-btn\" >informare ora<\/a><div class=\"boxed-meta\"><\/div><\/div><\/div><\/div><div class=\"eael-post-list-post\"><div class=\"eael-post-list-post-inner\"><div class=\"eael-post-list-thumbnail\"><a href=\"https:\/\/konferenztechnik.de\/it\/pacchetti-di-sale-conferenze-pcs-moderne-sale-conferenze-ibride-a-condizioni-vantaggiose\/\">\n                <img decoding=\"async\" src=\"https:\/\/konferenztechnik.de\/wp-content\/uploads\/2023\/03\/konferenzraum-bundles.jpg\" alt=\"\" title=\"\">\n            <\/a><\/div><div class=\"eael-post-list-content\"><h2 class=\"eael-post-list-title\"><a href=\"https:\/\/konferenztechnik.de\/it\/pacchetti-di-sale-conferenze-pcs-moderne-sale-conferenze-ibride-a-condizioni-vantaggiose\/\" >Pacchetti di sale conferenze<\/a><\/h2><p>Sale riunioni interattive, ibride, wireless e flessibili a partire da 5.000 EUR<\/p><a href=\"https:\/\/konferenztechnik.de\/it\/pacchetti-di-sale-conferenze-pcs-moderne-sale-conferenze-ibride-a-condizioni-vantaggiose\/\" class=\"eael-post-elements-readmore-btn\" >informare ora<\/a><div class=\"boxed-meta\"><\/div><\/div><\/div><\/div><div class=\"eael-post-list-post\"><div class=\"eael-post-list-post-inner\"><div class=\"eael-post-list-thumbnail\"><a href=\"https:\/\/konferenztechnik.de\/it\/eventi-conferenze-riunioni\/\">\n                <img decoding=\"async\" src=\"https:\/\/konferenztechnik.de\/wp-content\/uploads\/2024\/06\/pcsberlin_A_modern_conference_area_in_an_modern_building._66ce711a-4e85-487d-a87c-c5db87290504.webp\" alt=\"Sale conferenze Bundle D\u00fcsseldorf\" title=\"\">\n            <\/a><\/div><div class=\"eael-post-list-content\"><h2 class=\"eael-post-list-title\"><a href=\"https:\/\/konferenztechnik.de\/it\/eventi-conferenze-riunioni\/\" >Eventi, conferenze, riunioni<\/a><\/h2><p>Eventi, conferenze, riunioni \u2013 ibrido, classico, digitale Richiedi ora Conferenze ibride e virtuali...<\/p><a href=\"https:\/\/konferenztechnik.de\/it\/eventi-conferenze-riunioni\/\" class=\"eael-post-elements-readmore-btn\" >informare ora<\/a><div class=\"boxed-meta\"><\/div><\/div><\/div><\/div><\/div><\/div>\n\t\t<\/div><div data-nonce=\"44387d72e4\" class=\"post-list-pagination\" data-widget-id=\"4bfeeff\" data-widget=\"4bfeeff\" data-page-id=\"24570\" data-class=\"Essential_Addons_Elementor\\Pro\\Elements\\Post_List\" data-args=\"orderby=date&amp;order=desc&amp;ignore_sticky_posts=1&amp;post_status=publish&amp;posts_per_page=240&amp;offset=0&amp;post_type=any&amp;post__in%5B0%5D=31766&amp;post__in%5B1%5D=42244&amp;post__in%5B2%5D=32249&amp;post__in%5B3%5D=44415&amp;post__in%5B4%5D=47471&amp;post__in%5B5%5D=48555&amp;post__in%5B6%5D=1948&amp;post__in%5B7%5D=21618\" data-settings=\"eael_post_list_post_feature_image=yes&amp;eael_post_list_post_meta=&amp;eael_post_list_post_title=yes&amp;eael_post_list_post_excerpt=yes&amp;eael_post_list_post_excerpt_length=12&amp;eael_post_list_pagination=navigation&amp;eael_post_list_layout_type=advanced&amp;eael_post_list_post_cat=&amp;eael_post_list_author_meta=&amp;eael_post_list_title_tag=h2&amp;eael_show_read_more_button=yes&amp;eael_post_list_read_more_text=jetzt+informieren&amp;eael_post_list_excerpt_expanison_indicator=...&amp;eael_post_featured_image_size=large\" data-page=\"1\" data-scroll-on-pagination=\"0\" data-scroll-offset=\"100\" data-template=\"{&quot;dir&quot;:&quot;pro&quot;,&quot;file_name&quot;:&quot;advanced.php&quot;,&quot;name&quot;:&quot;Post-List&quot;}\">\n            <button class=\"btn btn-prev-post\" id=\"post-nav-prev-4bfeeff\" disabled=\"true\" aria-label=\"precedente\"><svg aria-hidden=\"true\" class=\"e-font-icon-svg e-fas-angle-left\" viewbox=\"0 0 256 512\" xmlns=\"http:\/\/www.w3.org\/2000\/svg\"><path d=\"M31.7 239l136-136c9.4-9.4 24.6-9.4 33.9 0l22.6 22.6c9.4 9.4 9.4 24.6 0 33.9L127.9 256l96.4 96.4c9.4 9.4 9.4 24.6 0 33.9L201.7 409c-9.4 9.4-24.6 9.4-33.9 0l-136-136c-9.5-9.4-9.5-24.6-.1-34z\"><\/path><\/svg><\/button><button class=\"btn btn-next-post\" id=\"post-nav-next-4bfeeff\" aria-label=\"prossimo\"><svg aria-hidden=\"true\" class=\"e-font-icon-svg e-fas-angle-right\" viewbox=\"0 0 256 512\" xmlns=\"http:\/\/www.w3.org\/2000\/svg\"><path d=\"M224.3 273l-136 136c-9.4 9.4-24.6 9.4-33.9 0l-22.6-22.6c-9.4-9.4-9.4-24.6 0-33.9l96.4-96.4-96.4-96.4c-9.4-9.4-9.4-24.6 0-33.9L54.3 103c9.4-9.4 24.6-9.4 33.9 0l136 136c9.5 9.4 9.5 24.6.1 34z\"><\/path><\/svg><\/button>\n        <\/div>\t\t\t\t<\/div>\n\t\t\t\t<\/div>\n\t\t\t\t\t<\/div>\n\t\t\t\t<\/div>\n\t\t<div data-particle_enable=\"false\" data-particle-mobile-disabled=\"false\" class=\"elementor-element elementor-element-fd8021b e-flex e-con-boxed e-con e-child\" data-id=\"fd8021b\" data-element_type=\"container\" data-settings=\"{&quot;animation&quot;:&quot;none&quot;}\">\n\t\t\t\t\t<div class=\"e-con-inner\">\n\t\t\t\t<div class=\"elementor-element elementor-element-719f9db elementor-widget elementor-widget-heading\" data-id=\"719f9db\" data-element_type=\"widget\" data-settings=\"{&quot;_animation&quot;:&quot;none&quot;}\" data-widget_type=\"heading.default\">\n\t\t\t\t<div class=\"elementor-widget-container\">\n\t\t\t\t\t<h2 class=\"elementor-heading-title elementor-size-default\">I prodotti in evidenza dalla A alla Z<\/h2>\t\t\t\t<\/div>\n\t\t\t\t<\/div>\n\t\t\t\t<div class=\"elementor-element elementor-element-c77c6a9 elementor-widget__width-inherit elementor-widget elementor-widget-eael-post-list\" data-id=\"c77c6a9\" data-element_type=\"widget\" data-settings=\"{&quot;_animation&quot;:&quot;none&quot;}\" data-widget_type=\"eael-post-list.default\">\n\t\t\t\t<div class=\"elementor-widget-container\">\n\t\t\t\t\t<div class=\"eael-post-list-container advanced layout-advanced\"><div class=\"eael-post-list-header\"><\/div><div class=\"eael-post-list-wrap\"><div class=\"eael-post-list-posts-wrap eael-post-appender eael-post-appender-c77c6a9\"><div class=\"eael-post-list-post\"><div class=\"eael-post-list-post-inner\"><div class=\"eael-post-list-thumbnail\"><a href=\"https:\/\/konferenztechnik.de\/it\/votare-eventi-di-voto\/\">\n                <img decoding=\"async\" src=\"https:\/\/konferenztechnik.de\/wp-content\/uploads\/2023\/04\/abstimmen-events.jpg\" alt=\"Simbolo di voto\" title=\"\">\n            <\/a><\/div><div class=\"eael-post-list-content\"><h2 class=\"eael-post-list-title\"><a href=\"https:\/\/konferenztechnik.de\/it\/votare-eventi-di-voto\/\" >Votare, votare<\/a><\/h2><p>Macchine per votare, votazioni online, elezioni digitali: votazioni per appello nominale, votazioni non per appello nominale, votazioni segrete...<\/p><a href=\"https:\/\/konferenztechnik.de\/it\/votare-eventi-di-voto\/\" class=\"eael-post-elements-readmore-btn\" >informare ora<\/a><div class=\"boxed-meta\"><\/div><\/div><\/div><\/div><div class=\"eael-post-list-post\"><div class=\"eael-post-list-post-inner\"><div class=\"eael-post-list-thumbnail\"><a href=\"https:\/\/konferenztechnik.de\/it\/audipack-silent-9600-acquistare-noleggiare-2\/\">\n                <img decoding=\"async\" src=\"https:\/\/konferenztechnik.de\/wp-content\/uploads\/2024\/08\/Audicom-4000-series-booth.jpg\" alt=\"\" title=\"\">\n            <\/a><\/div><div class=\"eael-post-list-content\"><h2 class=\"eael-post-list-title\"><a href=\"https:\/\/konferenztechnik.de\/it\/audipack-silent-9600-acquistare-noleggiare-2\/\" >Cabine di interpretazione Audicom serie 4000<\/a><\/h2><p>Le cabine di interpretazione Audicom serie 4000 sono ideali per le applicazioni professionali che richiedono<\/p><a href=\"https:\/\/konferenztechnik.de\/it\/audipack-silent-9600-acquistare-noleggiare-2\/\" class=\"eael-post-elements-readmore-btn\" >informare ora<\/a><div class=\"boxed-meta\"><\/div><\/div><\/div><\/div><div class=\"eael-post-list-post\"><div class=\"eael-post-list-post-inner\"><div class=\"eael-post-list-thumbnail\"><a href=\"https:\/\/konferenztechnik.de\/it\/un-linguaggio-semplice-per-conferenze-e-riunioni-2\/\">\n                <img decoding=\"async\" src=\"https:\/\/konferenztechnik.de\/wp-content\/uploads\/2024\/06\/Leichte-Sprache-Dolmetscher-fuer-Konferenzen-1024x638.jpg\" alt=\"Lingua facile\" title=\"\">\n            <\/a><\/div><div class=\"eael-post-list-content\"><h2 class=\"eael-post-list-title\"><a href=\"https:\/\/konferenztechnik.de\/it\/un-linguaggio-semplice-per-conferenze-e-riunioni-2\/\" >Audiodescrizione per conferenze, riunioni ed eventi<\/a><\/h2><p>Organizziamo interpreti per l'audiodescrizione e forniamo la tecnologia necessaria....<\/p><a href=\"https:\/\/konferenztechnik.de\/it\/un-linguaggio-semplice-per-conferenze-e-riunioni-2\/\" class=\"eael-post-elements-readmore-btn\" >informare ora<\/a><div class=\"boxed-meta\"><\/div><\/div><\/div><\/div><div class=\"eael-post-list-post\"><div class=\"eael-post-list-post-inner\"><div class=\"eael-post-list-thumbnail\"><a href=\"https:\/\/konferenztechnik.de\/it\/sistemi-di-guida-personale-audioropa-xepton\/\">\n                <img decoding=\"async\" src=\"https:\/\/konferenztechnik.de\/wp-content\/uploads\/2023\/06\/Audioropa-Xepton-Personenfuehrungsanlage.jpg\" alt=\"Sistema di guida Xepton del produttore Audioropa\" title=\"\">\n            <\/a><\/div><div class=\"eael-post-list-content\"><h2 class=\"eael-post-list-title\"><a href=\"https:\/\/konferenztechnik.de\/it\/sistemi-di-guida-personale-audioropa-xepton\/\" >Sistema di guida per passeggeri Audioropa Xepton \u2013<\/a><\/h2><p>Flessibilit\u00e0 e risparmio perfettamente combinati. Lo Xepton ha un design robusto e viene...<\/p><a href=\"https:\/\/konferenztechnik.de\/it\/sistemi-di-guida-personale-audioropa-xepton\/\" class=\"eael-post-elements-readmore-btn\" >informare ora<\/a><div class=\"boxed-meta\"><\/div><\/div><\/div><\/div><div class=\"eael-post-list-post\"><div class=\"eael-post-list-post-inner\"><div class=\"eael-post-list-thumbnail\"><a href=\"https:\/\/konferenztechnik.de\/it\/audipack-silent-9600-acquistare-noleggiare\/\">\n                <img decoding=\"async\" src=\"https:\/\/konferenztechnik.de\/wp-content\/uploads\/2018\/06\/audipack-silent-9600.jpg\" alt=\"Cabina di interpretazione Audipack Silent 9600\" title=\"\">\n            <\/a><\/div><div class=\"eael-post-list-content\"><h2 class=\"eael-post-list-title\"><a href=\"https:\/\/konferenztechnik.de\/it\/audipack-silent-9600-acquistare-noleggiare\/\" >Cabina di interpretazione Audipack Silent 9600<\/a><\/h2><p>L'Audipack Silent 9600 \u00e8 il successore dell'Audipack Silent 9300, che...<\/p><a href=\"https:\/\/konferenztechnik.de\/it\/audipack-silent-9600-acquistare-noleggiare\/\" class=\"eael-post-elements-readmore-btn\" >informare ora<\/a><div class=\"boxed-meta\"><\/div><\/div><\/div><\/div><div class=\"eael-post-list-post\"><div class=\"eael-post-list-post-inner\"><div class=\"eael-post-list-thumbnail\"><a href=\"https:\/\/konferenztechnik.de\/it\/acquistare-audipack-silent-9700\/\">\n                <img decoding=\"async\" src=\"https:\/\/konferenztechnik.de\/wp-content\/uploads\/2018\/07\/audipack-silent-9700-dolmetscherkabine.jpg\" alt=\"Cabina di interpretazione Aaudipack Silent 9700\" title=\"\">\n            <\/a><\/div><div class=\"eael-post-list-content\"><h2 class=\"eael-post-list-title\"><a href=\"https:\/\/konferenztechnik.de\/it\/acquistare-audipack-silent-9700\/\" >Cabina di interpretazione Audipack Silent 9700<\/a><\/h2><p>Audipack Silent 9700 \u00e8 conforme ai pi\u00f9 recenti standard ISO per le cabine di interpretazione mobili....<\/p><a href=\"https:\/\/konferenztechnik.de\/it\/acquistare-audipack-silent-9700\/\" class=\"eael-post-elements-readmore-btn\" >informare ora<\/a><div class=\"boxed-meta\"><\/div><\/div><\/div><\/div><div class=\"eael-post-list-post\"><div class=\"eael-post-list-post-inner\"><div class=\"eael-post-list-thumbnail\"><a href=\"https:\/\/konferenztechnik.de\/it\/riunioni-del-consiglio-di-sorveglianza-online-ibrido-digitale-classico\/\">\n                <img decoding=\"async\" src=\"https:\/\/konferenztechnik.de\/wp-content\/uploads\/2023\/05\/aufsichtsratsitzung-betreuung.jpg\" alt=\"Persone delineate sedute a un tavolo da conferenza\" title=\"\">\n            <\/a><\/div><div class=\"eael-post-list-content\"><h2 class=\"eael-post-list-title\"><a href=\"https:\/\/konferenztechnik.de\/it\/riunioni-del-consiglio-di-sorveglianza-online-ibrido-digitale-classico\/\" >Riunioni del Consiglio di sorveglianza online ibrido digitale classico<\/a><\/h2><p>Vi supportiamo nella pianificazione dell'evento e nella realizzazione tecnica<\/p><a href=\"https:\/\/konferenztechnik.de\/it\/riunioni-del-consiglio-di-sorveglianza-online-ibrido-digitale-classico\/\" class=\"eael-post-elements-readmore-btn\" >informare ora<\/a><div class=\"boxed-meta\"><\/div><\/div><\/div><\/div><div class=\"eael-post-list-post\"><div class=\"eael-post-list-post-inner\"><div class=\"eael-post-list-thumbnail\"><a href=\"https:\/\/konferenztechnik.de\/it\/sistemi-auracast-bluetooth-broadcast-audio-auracast-in-vendita-e-a-noleggio\/\">\n                <img decoding=\"async\" src=\"https:\/\/konferenztechnik.de\/wp-content\/uploads\/2025\/06\/auracast-mieten-kaufen.avif\" alt=\"auracast-affitto-acquisto\" title=\"\">\n            <\/a><\/div><div class=\"eael-post-list-content\"><h2 class=\"eael-post-list-title\"><a href=\"https:\/\/konferenztechnik.de\/it\/sistemi-auracast-bluetooth-broadcast-audio-auracast-in-vendita-e-a-noleggio\/\" >Sistemi Auracast Bluetooth Broadcast Audio \u2013 Auracast in vendita e a noleggio<\/a><\/h2><p>Auracast \u00e8 il nuovo standard per la trasmissione audio wireless basato su Bluetooth Low...<\/p><a href=\"https:\/\/konferenztechnik.de\/it\/sistemi-auracast-bluetooth-broadcast-audio-auracast-in-vendita-e-a-noleggio\/\" class=\"eael-post-elements-readmore-btn\" >informare ora<\/a><div class=\"boxed-meta\"><\/div><\/div><\/div><\/div><div class=\"eael-post-list-post\"><div class=\"eael-post-list-post-inner\"><div class=\"eael-post-list-thumbnail\"><a href=\"https:\/\/konferenztechnik.de\/it\/sistema-di-conferenza-wireless-av-access-eshare-w90-4k\/\">\n                <img decoding=\"async\" src=\"https:\/\/konferenztechnik.de\/wp-content\/uploads\/2026\/01\/eshare-w90-wireless-4k.avif\" alt=\"\" title=\"\">\n            <\/a><\/div><div class=\"eael-post-list-content\"><h2 class=\"eael-post-list-title\"><a href=\"https:\/\/konferenztechnik.de\/it\/sistema-di-conferenza-wireless-av-access-eshare-w90-4k\/\" >Sistema per conferenze wireless AV Access eShare W90 \u2013 4K<\/a><\/h2><p>Con Quad-View, USB-C all-in-one, doppia uscita HDMI e segmentazione di rete integrata, AV Access eShare...<\/p><a href=\"https:\/\/konferenztechnik.de\/it\/sistema-di-conferenza-wireless-av-access-eshare-w90-4k\/\" class=\"eael-post-elements-readmore-btn\" >informare ora<\/a><div class=\"boxed-meta\"><\/div><\/div><\/div><\/div><div class=\"eael-post-list-post\"><div class=\"eael-post-list-post-inner\"><div class=\"eael-post-list-thumbnail\"><a href=\"https:\/\/konferenztechnik.de\/it\/noleggio-di-apparecchiature-audio-e-video-av-acquisto-installazione-leasing\/\">\n                <img decoding=\"async\" src=\"https:\/\/konferenztechnik.de\/wp-content\/uploads\/2023\/03\/audio-und-videotechnik-mieten-kaufen-installieren-1024x614.avif\" alt=\"audio-e-video-tecnologia-noleggio-comprare-installare\" title=\"\">\n            <\/a><\/div><div class=\"eael-post-list-content\"><h2 class=\"eael-post-list-title\"><a href=\"https:\/\/konferenztechnik.de\/it\/noleggio-di-apparecchiature-audio-e-video-av-acquisto-installazione-leasing\/\" >AV: Tecnologia audio e video<\/a><\/h2><p>Microfoni, tecnologia per la comunicazione al pubblico, leggii, ibridi telefonici, distributori di stampa, software di registrazione per steno...<\/p><a href=\"https:\/\/konferenztechnik.de\/it\/noleggio-di-apparecchiature-audio-e-video-av-acquisto-installazione-leasing\/\" class=\"eael-post-elements-readmore-btn\" >informare ora<\/a><div class=\"boxed-meta\"><\/div><\/div><\/div><\/div><div class=\"eael-post-list-post\"><div class=\"eael-post-list-post-inner\"><div class=\"eael-post-list-thumbnail\"><a href=\"https:\/\/konferenztechnik.de\/it\/accessibilita-eventi-soluzioni-tecniche-consulenza-implementazione\/\">\n                <img decoding=\"async\" src=\"https:\/\/konferenztechnik.de\/wp-content\/uploads\/2023\/03\/barrierefreie-events.jpg\" alt=\"Simbolo di accessibilit\u00e0\" title=\"\">\n            <\/a><\/div><div class=\"eael-post-list-content\"><h2 class=\"eael-post-list-title\"><a href=\"https:\/\/konferenztechnik.de\/it\/accessibilita-eventi-soluzioni-tecniche-consulenza-implementazione\/\" >Accessibilit\u00e0<\/a><\/h2><p>Per gli eventi e la comunicazione digitale: Consulenza, realizzazione: vi aiutiamo a organizzare eventi, funzioni,...<\/p><a href=\"https:\/\/konferenztechnik.de\/it\/accessibilita-eventi-soluzioni-tecniche-consulenza-implementazione\/\" class=\"eael-post-elements-readmore-btn\" >informare ora<\/a><div class=\"boxed-meta\"><\/div><\/div><\/div><\/div><div class=\"eael-post-list-post\"><div class=\"eael-post-list-post-inner\"><div class=\"eael-post-list-thumbnail\"><a href=\"https:\/\/konferenztechnik.de\/it\/sistema-di-discussione-beyerdynamic-quinta\/\">\n                <img decoding=\"async\" src=\"https:\/\/konferenztechnik.de\/wp-content\/uploads\/2022\/06\/beyerdynamic-quinta.jpg\" alt=\"Unit\u00e0 microfonica per conferenze Beyerdynamic Quinta, senza fili, con microfono a collo d&#039;oca\" title=\"\">\n            <\/a><\/div><div class=\"eael-post-list-content\"><h2 class=\"eael-post-list-title\"><a href=\"https:\/\/konferenztechnik.de\/it\/sistema-di-discussione-beyerdynamic-quinta\/\" >Beyerdynamic Quinta \u2013 Sistema di discussione<\/a><\/h2><p>Il sistema Quinta di Beyerdynamic \u00e8 progettato per riunioni, conferenze, videoconferenze e conferenze stampa, aule di tribunale...<\/p><a href=\"https:\/\/konferenztechnik.de\/it\/sistema-di-discussione-beyerdynamic-quinta\/\" class=\"eael-post-elements-readmore-btn\" >informare ora<\/a><div class=\"boxed-meta\"><\/div><\/div><\/div><\/div><div class=\"eael-post-list-post\"><div class=\"eael-post-list-post-inner\"><div class=\"eael-post-list-thumbnail\"><a href=\"https:\/\/konferenztechnik.de\/it\/sistema-di-guida-personale-beyerdynamic-synexis\/\">\n                <img decoding=\"async\" src=\"https:\/\/konferenztechnik.de\/wp-content\/uploads\/2023\/06\/beyerdynamic-synexis.jpg\" alt=\"Sistema di guida e sussurro Beyerdynamic Synexis con microfono palmare, ricevitori e stazioni di ricarica\" title=\"\">\n            <\/a><\/div><div class=\"eael-post-list-content\"><h2 class=\"eael-post-list-title\"><a href=\"https:\/\/konferenztechnik.de\/it\/sistema-di-guida-personale-beyerdynamic-synexis\/\" >Sistema di guida per persone Beyerdynamic Synexis \u2013<\/a><\/h2><p>Uso versatile: visite guidate, applicazioni di interpretariato, assistenza all'udito.<\/p><a href=\"https:\/\/konferenztechnik.de\/it\/sistema-di-guida-personale-beyerdynamic-synexis\/\" class=\"eael-post-elements-readmore-btn\" >informare ora<\/a><div class=\"boxed-meta\"><\/div><\/div><\/div><\/div><div class=\"eael-post-list-post\"><div class=\"eael-post-list-post-inner\"><div class=\"eael-post-list-thumbnail\"><a href=\"https:\/\/konferenztechnik.de\/it\/sistema-di-guida-personale-beyerdynamic-tts-300\/\">\n                <img decoding=\"async\" src=\"https:\/\/konferenztechnik.de\/wp-content\/uploads\/2023\/06\/Beyerdynamic-TTS300-mieten.jpg\" alt=\"Sistema di sussurro e guida tipo TTS300 di Beyerdynamic con microfono palmare, ricevitori e stazioni di ricarica\" title=\"\">\n            <\/a><\/div><div class=\"eael-post-list-content\"><h2 class=\"eael-post-list-title\"><a href=\"https:\/\/konferenztechnik.de\/it\/sistema-di-guida-personale-beyerdynamic-tts-300\/\" >Sistema di guida per persone Beyerdynamic TTS 300 \u2013<\/a><\/h2><p>Funzionamento in parallelo fino a 10 canali, tempo di ricarica: 30 minuti<\/p><a href=\"https:\/\/konferenztechnik.de\/it\/sistema-di-guida-personale-beyerdynamic-tts-300\/\" class=\"eael-post-elements-readmore-btn\" >informare ora<\/a><div class=\"boxed-meta\"><\/div><\/div><\/div><\/div><div class=\"eael-post-list-post\"><div class=\"eael-post-list-post-inner\"><div class=\"eael-post-list-thumbnail\"><a href=\"https:\/\/konferenztechnik.de\/it\/unita-di-discussione-bosch-ccs-1000-d\/\">\n                <img decoding=\"async\" src=\"https:\/\/konferenztechnik.de\/wp-content\/uploads\/2023\/06\/sennheiser-ccs-1000-d.jpg\" alt=\"Stazione microfonica tipo Bosch CCS 1000 d\" title=\"\">\n            <\/a><\/div><div class=\"eael-post-list-content\"><h2 class=\"eael-post-list-title\"><a href=\"https:\/\/konferenztechnik.de\/it\/unita-di-discussione-bosch-ccs-1000-d\/\" >BOSCH CCS 1000 D \u2013 Unit\u00e0 di discussione<\/a><\/h2><p>La CCS 1000 D convince per la sua semplicit\u00e0 senza rinunciare alle innovazioni tecniche.<\/p><a href=\"https:\/\/konferenztechnik.de\/it\/unita-di-discussione-bosch-ccs-1000-d\/\" class=\"eael-post-elements-readmore-btn\" >informare ora<\/a><div class=\"boxed-meta\"><\/div><\/div><\/div><\/div><div class=\"eael-post-list-post\"><div class=\"eael-post-list-post-inner\"><div class=\"eael-post-list-thumbnail\"><a href=\"https:\/\/konferenztechnik.de\/it\/sistema-di-discussione-bosch-dicentis\/\">\n                <img decoding=\"async\" src=\"https:\/\/konferenztechnik.de\/wp-content\/uploads\/2022\/06\/bosch-dicentis-sprechstelle.jpg\" alt=\"Unit\u00e0 microfonica per conferenze Bosch Dicentis con microfono a collo d&#039;oca e piccolo display per informazioni aggiuntive e inserimento dati\" title=\"\">\n            <\/a><\/div><div class=\"eael-post-list-content\"><h2 class=\"eael-post-list-title\"><a href=\"https:\/\/konferenztechnik.de\/it\/sistema-di-discussione-bosch-dicentis\/\" >Bosch Dicentis \u2013 Unit\u00e0 di discussione<\/a><\/h2><p>Grazie all'elevata flessibilit\u00e0 e alla semplicit\u00e0 di installazione, il sistema di conferenza wireless DICENTIS \u00e8...<\/p><a href=\"https:\/\/konferenztechnik.de\/it\/sistema-di-discussione-bosch-dicentis\/\" class=\"eael-post-elements-readmore-btn\" >informare ora<\/a><div class=\"boxed-meta\"><\/div><\/div><\/div><\/div><div class=\"eael-post-list-post\"><div class=\"eael-post-list-post-inner\"><div class=\"eael-post-list-thumbnail\"><a href=\"https:\/\/konferenztechnik.de\/it\/sistema-di-discussione-bosch\/\">\n                <img decoding=\"async\" src=\"https:\/\/konferenztechnik.de\/wp-content\/uploads\/2023\/06\/bosch-discussion-NG.jpg\" alt=\"Unit\u00e0 microfonica Bosch Discussion Next Generation con selettore di lingua per richiamare le lingue interpretate sull&#039;unit\u00e0 microfonica\" title=\"\">\n            <\/a><\/div><div class=\"eael-post-list-content\"><h2 class=\"eael-post-list-title\"><a href=\"https:\/\/konferenztechnik.de\/it\/sistema-di-discussione-bosch\/\" >Unit\u00e0 di discussione Bosch \u2013<\/a><\/h2><p>Le soluzioni per conferenze DCN si distinguono per la loro versatilit\u00e0 e offrono un'elevata qualit\u00e0 audio e...<\/p><a href=\"https:\/\/konferenztechnik.de\/it\/sistema-di-discussione-bosch\/\" class=\"eael-post-elements-readmore-btn\" >informare ora<\/a><div class=\"boxed-meta\"><\/div><\/div><\/div><\/div><div class=\"eael-post-list-post\"><div class=\"eael-post-list-post-inner\"><div class=\"eael-post-list-thumbnail\"><a href=\"https:\/\/konferenztechnik.de\/it\/sistema-di-discussione-braehler-digimic\/\">\n                <img decoding=\"async\" src=\"https:\/\/konferenztechnik.de\/wp-content\/uploads\/2023\/06\/braehler-digimic-1.jpg\" alt=\"Microfono da tavolo tipo Br\u00e4hler Digimic\" title=\"\">\n            <\/a><\/div><div class=\"eael-post-list-content\"><h2 class=\"eael-post-list-title\"><a href=\"https:\/\/konferenztechnik.de\/it\/sistema-di-discussione-braehler-digimic\/\" >Sistema di discussione Br\u00e4hler DigiMic \u2013<\/a><\/h2><p>Discutere, interpretare, votare \u2013 con DIGIMIC di Br\u00e4hler Systems \u00e8 tutto...<\/p><a href=\"https:\/\/konferenztechnik.de\/it\/sistema-di-discussione-braehler-digimic\/\" class=\"eael-post-elements-readmore-btn\" >informare ora<\/a><div class=\"boxed-meta\"><\/div><\/div><\/div><\/div><div class=\"eael-post-list-post\"><div class=\"eael-post-list-post-inner\"><div class=\"eael-post-list-thumbnail\"><a href=\"https:\/\/konferenztechnik.de\/it\/catchbox-tecnologia-moderna-e-colorata-per-le-sale-conferenze-2\/\">\n                <img decoding=\"async\" src=\"https:\/\/konferenztechnik.de\/wp-content\/uploads\/2026\/02\/catchbox-bunte-mikrofone-events-konferenzen.avif\" alt=\"\" title=\"\">\n            <\/a><\/div><div class=\"eael-post-list-content\"><h2 class=\"eael-post-list-title\"><a href=\"https:\/\/konferenztechnik.de\/it\/catchbox-tecnologia-moderna-e-colorata-per-le-sale-conferenze-2\/\" >Catchbox Plus: tecnologia colorata e moderna per le sale conferenze<\/a><\/h2><p>Per tutti coloro che vogliono qualcosa di pi\u00f9 del \u201esemplice suono\u201c. Microfoni colorati e immediatamente riconoscibili...<\/p><a href=\"https:\/\/konferenztechnik.de\/it\/catchbox-tecnologia-moderna-e-colorata-per-le-sale-conferenze-2\/\" class=\"eael-post-elements-readmore-btn\" >informare ora<\/a><div class=\"boxed-meta\"><\/div><\/div><\/div><\/div><div class=\"eael-post-list-post\"><div class=\"eael-post-list-post-inner\"><div class=\"eael-post-list-thumbnail\"><a href=\"https:\/\/konferenztechnik.de\/it\/protezione-dei-dati-per-le-videoconferenze\/\">\n                <img decoding=\"async\" src=\"https:\/\/konferenztechnik.de\/wp-content\/uploads\/2023\/07\/videokonferenzen-dsgvo-jpg.webp\" alt=\"Pittogramma del regolamento sulla protezione dei dati GDPR\" title=\"\">\n            <\/a><\/div><div class=\"eael-post-list-content\"><h2 class=\"eael-post-list-title\"><a href=\"https:\/\/konferenztechnik.de\/it\/protezione-dei-dati-per-le-videoconferenze\/\" >Protezione dei dati per le videoconferenze<\/a><\/h2><p>Conduzione di conferenze digitali, eventi ibridi, streaming e interpretariato a distanza in conformit\u00e0 con il GDPR<\/p><a href=\"https:\/\/konferenztechnik.de\/it\/protezione-dei-dati-per-le-videoconferenze\/\" class=\"eael-post-elements-readmore-btn\" >informare ora<\/a><div class=\"boxed-meta\"><\/div><\/div><\/div><\/div><div class=\"eael-post-list-post\"><div class=\"eael-post-list-post-inner\"><div class=\"eael-post-list-thumbnail\"><a href=\"https:\/\/konferenztechnik.de\/it\/tecnologia-dei-media-per-lesame-dguv-v3\/\">\n                <img decoding=\"async\" src=\"https:\/\/konferenztechnik.de\/wp-content\/uploads\/2025\/03\/dguv-elektropruefung-fuer-medientechnik-und-konferenztechnik.avif\" alt=\"dguv-electropruefung-fuer-medientechnik-und-konferenztechnik\" title=\"\">\n            <\/a><\/div><div class=\"eael-post-list-content\"><h2 class=\"eael-post-list-title\"><a href=\"https:\/\/konferenztechnik.de\/it\/tecnologia-dei-media-per-lesame-dguv-v3\/\" >Ispezione DGUV V3 per la tecnologia dei media<\/a><\/h2><p>Ispezione DGUV-V3 per la tecnologia dei media Siamo specializzati nell'ispezione DGUV della tecnologia dei...<\/p><a href=\"https:\/\/konferenztechnik.de\/it\/tecnologia-dei-media-per-lesame-dguv-v3\/\" class=\"eael-post-elements-readmore-btn\" >informare ora<\/a><div class=\"boxed-meta\"><\/div><\/div><\/div><\/div><div class=\"eael-post-list-post\"><div class=\"eael-post-list-post-inner\"><div class=\"eael-post-list-thumbnail\"><a href=\"https:\/\/konferenztechnik.de\/it\/noleggio-acquisto-installazione-leasing-di-sistemi-di-discussione-stazioni-intercomunicanti\/\">\n                <img decoding=\"async\" src=\"https:\/\/konferenztechnik.de\/wp-content\/uploads\/2023\/06\/diskussionsanlage-sprechstellen-tischmikrofone.jpg\" alt=\"Unit\u00e0 microfoniche da tavolo distribuite attorno a un tavolo da conferenza, con microfoni a collo d&#039;oca\" title=\"\">\n            <\/a><\/div><div class=\"eael-post-list-content\"><h2 class=\"eael-post-list-title\"><a href=\"https:\/\/konferenztechnik.de\/it\/noleggio-acquisto-installazione-leasing-di-sistemi-di-discussione-stazioni-intercomunicanti\/\" >Noleggio, acquisto, installazione, leasing di sistemi di discussione \u2013, stazioni intercomunicanti<\/a><\/h2><p>Noleggio, acquisto, installazione, leasing di sistemi di discussione \u2013, stazioni intercomunicanti<\/p><a href=\"https:\/\/konferenztechnik.de\/it\/noleggio-acquisto-installazione-leasing-di-sistemi-di-discussione-stazioni-intercomunicanti\/\" class=\"eael-post-elements-readmore-btn\" >informare ora<\/a><div class=\"boxed-meta\"><\/div><\/div><\/div><\/div><div class=\"eael-post-list-post\"><div class=\"eael-post-list-post-inner\"><div class=\"eael-post-list-thumbnail\"><a href=\"https:\/\/konferenztechnik.de\/it\/centro-di-interpretariato-studio-di-interpretariato-berlino\/\">\n                <img decoding=\"async\" src=\"https:\/\/konferenztechnik.de\/wp-content\/uploads\/2022\/09\/dolmetsch-studio-berlin-jpg.webp\" alt=\"Uno degli studi di interpretariato di PCS a Berlino, qui all&#039;ultimo piano, con vista sulle cabine di interpretariato\" title=\"\">\n            <\/a><\/div><div class=\"eael-post-list-content\"><h2 class=\"eael-post-list-title\"><a href=\"https:\/\/konferenztechnik.de\/it\/centro-di-interpretariato-studio-di-interpretariato-berlino\/\" >Centro di interpretariato, studio di interpretariato Berlino<\/a><\/h2><p>Il nostro HUB per interpreti a Berlino \u00e8 situato in posizione centrale, professionale e confortevole. Con oltre 50...<\/p><a href=\"https:\/\/konferenztechnik.de\/it\/centro-di-interpretariato-studio-di-interpretariato-berlino\/\" class=\"eael-post-elements-readmore-btn\" >informare ora<\/a><div class=\"boxed-meta\"><\/div><\/div><\/div><\/div><div class=\"eael-post-list-post\"><div class=\"eael-post-list-post-inner\"><div class=\"eael-post-list-thumbnail\"><a href=\"https:\/\/konferenztechnik.de\/it\/centro-di-interpretariato-studio-di-interpretariato-duesseldorf\/\">\n                <img decoding=\"async\" src=\"https:\/\/konferenztechnik.de\/wp-content\/uploads\/2022\/04\/dolmetsch-hub-duesseldorf-rooftop-jpg.webp\" alt=\"Gli interpreti simultanei siedono in una cabina insonorizzata nel centro di interpretariato del PCS di D\u00fcsseldorf.\" title=\"\">\n            <\/a><\/div><div class=\"eael-post-list-content\"><h2 class=\"eael-post-list-title\"><a href=\"https:\/\/konferenztechnik.de\/it\/centro-di-interpretariato-studio-di-interpretariato-duesseldorf\/\" >Centro di interpretariato, studio di interpretariato D\u00fcsseldorf<\/a><\/h2><p>Il nostro centro di interpretariato di D\u00fcsseldorf offre un ambiente eccellente per un lavoro concentrato e piacevole.<\/p><a href=\"https:\/\/konferenztechnik.de\/it\/centro-di-interpretariato-studio-di-interpretariato-duesseldorf\/\" class=\"eael-post-elements-readmore-btn\" >informare ora<\/a><div class=\"boxed-meta\"><\/div><\/div><\/div><\/div><div class=\"eael-post-list-post\"><div class=\"eael-post-list-post-inner\"><div class=\"eael-post-list-thumbnail\"><a href=\"https:\/\/konferenztechnik.de\/it\/centro-di-interpretariato-studio-di-interpretariato-munich\/\">\n                <img decoding=\"async\" src=\"https:\/\/konferenztechnik.de\/wp-content\/uploads\/2023\/07\/dolmetsch-hub-muenchen-jpg.webp\" alt=\"Centro di interpretariato a Monaco di Baviera con cabine di interpretariato\" title=\"\">\n            <\/a><\/div><div class=\"eael-post-list-content\"><h2 class=\"eael-post-list-title\"><a href=\"https:\/\/konferenztechnik.de\/it\/centro-di-interpretariato-studio-di-interpretariato-munich\/\" >Centro di interpretariato, Studio di interpretariato di Monaco di Baviera<\/a><\/h2><p>L'HUB di Monaco di Baviera \u00e8 il nostro HUB pi\u00f9 piccolo e ospita 8 postazioni di lavoro, un...<\/p><a href=\"https:\/\/konferenztechnik.de\/it\/centro-di-interpretariato-studio-di-interpretariato-munich\/\" class=\"eael-post-elements-readmore-btn\" >informare ora<\/a><div class=\"boxed-meta\"><\/div><\/div><\/div><\/div><div class=\"eael-post-list-post\"><div class=\"eael-post-list-post-inner\"><div class=\"eael-post-list-thumbnail\"><a href=\"https:\/\/konferenztechnik.de\/it\/centri-di-interpretariato-e-studi-di-interpretariato\/\">\n                <img decoding=\"async\" src=\"https:\/\/konferenztechnik.de\/wp-content\/uploads\/2023\/04\/dolmetschhubs.jpg\" alt=\"Vista di uno studio di interpretariato dove gli interpreti seguono un oratore su un grande monitor e traducono in varie altre lingue nelle loro cabine insonorizzate.\" title=\"\">\n            <\/a><\/div><div class=\"eael-post-list-content\"><h2 class=\"eael-post-list-title\"><a href=\"https:\/\/konferenztechnik.de\/it\/centri-di-interpretariato-e-studi-di-interpretariato\/\" >Centri di interpretariato e studi di interpretariato<\/a><\/h2><p>I nostri hub professionali per l'interpretariato a distanza, l'interpretariato per videoconferenze, streaming e riunioni sul posto<\/p><a href=\"https:\/\/konferenztechnik.de\/it\/centri-di-interpretariato-e-studi-di-interpretariato\/\" class=\"eael-post-elements-readmore-btn\" >informare ora<\/a><div class=\"boxed-meta\"><\/div><\/div><\/div><\/div><div class=\"eael-post-list-post\"><div class=\"eael-post-list-post-inner\"><div class=\"eael-post-list-thumbnail\"><a href=\"https:\/\/konferenztechnik.de\/it\/sistemi-di-interpretariato-e-tecnologie-di-interpretariato-noleggio-acquisto-installazione\/\">\n                <img decoding=\"async\" src=\"https:\/\/konferenztechnik.de\/wp-content\/uploads\/2023\/05\/simultantechnik-dolmetscheranlagen-mieten-kaufen-leasen-jpg.webp\" alt=\"\" title=\"\">\n            <\/a><\/div><div class=\"eael-post-list-content\"><h2 class=\"eael-post-list-title\"><a href=\"https:\/\/konferenztechnik.de\/it\/sistemi-di-interpretariato-e-tecnologie-di-interpretariato-noleggio-acquisto-installazione\/\" >Sistemi di interpretazione e tecnologie di interpretazione<\/a><\/h2><p>Sistemi di interpretariato wireless con cabine di interpretariato e sistemi di discussione con cabine di interpretariato<\/p><a href=\"https:\/\/konferenztechnik.de\/it\/sistemi-di-interpretariato-e-tecnologie-di-interpretariato-noleggio-acquisto-installazione\/\" class=\"eael-post-elements-readmore-btn\" >informare ora<\/a><div class=\"boxed-meta\"><\/div><\/div><\/div><\/div><div class=\"eael-post-list-post\"><div class=\"eael-post-list-post-inner\"><div class=\"eael-post-list-thumbnail\"><a href=\"https:\/\/konferenztechnik.de\/it\/interprete-del-libro\/\">\n                <img decoding=\"async\" src=\"https:\/\/konferenztechnik.de\/wp-content\/uploads\/2024\/03\/dolmetscher-und-dolmetscherinnen-buchen-vermitteln-postimg.jpeg\" alt=\"libro-interpreti-e-interpreti-fornire-postimg\" title=\"\">\n            <\/a><\/div><div class=\"eael-post-list-content\"><h2 class=\"eael-post-list-title\"><a href=\"https:\/\/konferenztechnik.de\/it\/interprete-del-libro\/\" >Prenotare un interprete<\/a><\/h2><p>Trovate rapidamente interpreti professionisti. Forniamo interpreti professionisti per un'ampia gamma di...<\/p><a href=\"https:\/\/konferenztechnik.de\/it\/interprete-del-libro\/\" class=\"eael-post-elements-readmore-btn\" >informare ora<\/a><div class=\"boxed-meta\"><\/div><\/div><\/div><\/div><div class=\"eael-post-list-post\"><div class=\"eael-post-list-post-inner\"><div class=\"eael-post-list-thumbnail\"><a href=\"https:\/\/konferenztechnik.de\/it\/cabine-di-interpretazione-e-cabine-per-relatori\/\">\n                <img decoding=\"async\" src=\"https:\/\/konferenztechnik.de\/wp-content\/uploads\/2022\/06\/dolmetscherkabine-sprecherkabine-mieten-kaufen-leasen-jpg.webp\" alt=\"Cabina di interpretazione per 2 interpreti simultanei\" title=\"\">\n            <\/a><\/div><div class=\"eael-post-list-content\"><h2 class=\"eael-post-list-title\"><a href=\"https:\/\/konferenztechnik.de\/it\/cabine-di-interpretazione-e-cabine-per-relatori\/\" >Cabine di interpretariato e cabine per relatori<\/a><\/h2><p>La cabina di interpretazione \u00e8 il luogo di lavoro degli interpreti di simultanea.<\/p><a href=\"https:\/\/konferenztechnik.de\/it\/cabine-di-interpretazione-e-cabine-per-relatori\/\" class=\"eael-post-elements-readmore-btn\" >informare ora<\/a><div class=\"boxed-meta\"><\/div><\/div><\/div><\/div><div class=\"eael-post-list-post\"><div class=\"eael-post-list-post-inner\"><div class=\"eael-post-list-thumbnail\"><a href=\"https:\/\/konferenztechnik.de\/it\/banchi-di-interpretazione\/\">\n                <img decoding=\"async\" src=\"https:\/\/konferenztechnik.de\/wp-content\/uploads\/2022\/06\/dolmetscherpulte-mieten-kaufen-leasen-jpg.webp\" alt=\"Sportello di interpretariato televisivo\" title=\"\">\n            <\/a><\/div><div class=\"eael-post-list-content\"><h2 class=\"eael-post-list-title\"><a href=\"https:\/\/konferenztechnik.de\/it\/banchi-di-interpretazione\/\" >Banchi di interpretazione<\/a><\/h2><p>La dotazione di base di una cabina di interpretazione comprende un tavolo per l'interpretazione.<\/p><a href=\"https:\/\/konferenztechnik.de\/it\/banchi-di-interpretazione\/\" class=\"eael-post-elements-readmore-btn\" >informare ora<\/a><div class=\"boxed-meta\"><\/div><\/div><\/div><\/div><div class=\"eael-post-list-post\"><div class=\"eael-post-list-post-inner\"><div class=\"eael-post-list-thumbnail\"><a href=\"https:\/\/konferenztechnik.de\/it\/sistema-microfonico-wireless-shure-mxw-next-2\/\">\n                <img decoding=\"async\" src=\"https:\/\/konferenztechnik.de\/wp-content\/uploads\/2024\/02\/drahtlose-konferenz-shure-mxw-next-2-jpg.webp\" alt=\"Un sistema di microfoni, una persona lo accende.\" title=\"\">\n            <\/a><\/div><div class=\"eael-post-list-content\"><h2 class=\"eael-post-list-title\"><a href=\"https:\/\/konferenztechnik.de\/it\/sistema-microfonico-wireless-shure-mxw-next-2\/\" >Sistema microfonico wireless Shure MXW NEXT 2<\/a><\/h2><p>Microfoni wireless per aule, aule di formazione, aule didattiche e sale conferenze ibride \u2013 semplice, affidabile,...<\/p><a href=\"https:\/\/konferenztechnik.de\/it\/sistema-microfonico-wireless-shure-mxw-next-2\/\" class=\"eael-post-elements-readmore-btn\" >informare ora<\/a><div class=\"boxed-meta\"><\/div><\/div><\/div><\/div><div class=\"eael-post-list-post\"><div class=\"eael-post-list-post-inner\"><div class=\"eael-post-list-thumbnail\"><a href=\"https:\/\/konferenztechnik.de\/it\/ebr-riunioni-del-comitato-aziendale-europeo-online-ibrido-digitale-classico\/\">\n                <img decoding=\"async\" src=\"https:\/\/konferenztechnik.de\/wp-content\/uploads\/2023\/05\/ebr-sitzung-online.jpg\" alt=\"Due partecipanti alla conferenza guardano gli altri partecipanti alla conferenza collegati tramite monitor\" title=\"\">\n            <\/a><\/div><div class=\"eael-post-list-content\"><h2 class=\"eael-post-list-title\"><a href=\"https:\/\/konferenztechnik.de\/it\/ebr-riunioni-del-comitato-aziendale-europeo-online-ibrido-digitale-classico\/\" >CAE: riunioni del comitato aziendale europeo \u2013 online, ibrido, digitale, classico?<\/a><\/h2><p>Vi supportiamo nella pianificazione dell'evento e nella realizzazione tecnica<\/p><a href=\"https:\/\/konferenztechnik.de\/it\/ebr-riunioni-del-comitato-aziendale-europeo-online-ibrido-digitale-classico\/\" class=\"eael-post-elements-readmore-btn\" >informare ora<\/a><div class=\"boxed-meta\"><\/div><\/div><\/div><\/div><div class=\"eael-post-list-post\"><div class=\"eael-post-list-post-inner\"><div class=\"eael-post-list-thumbnail\"><a href=\"https:\/\/konferenztechnik.de\/it\/controllore-extron-wc-serie-pro\/\">\n                <img decoding=\"async\" src=\"https:\/\/konferenztechnik.de\/wp-content\/uploads\/2024\/04\/Extron-WC-Pro-Serie-wc_60180301_apr0201nrr_dv23-1.jpg\" alt=\"\" title=\"\">\n            <\/a><\/div><div class=\"eael-post-list-content\"><h2 class=\"eael-post-list-title\"><a href=\"https:\/\/konferenztechnik.de\/it\/controllore-extron-wc-serie-pro\/\" >Controllore della serie WC Pro di Extron<\/a><\/h2><p>Green AV: Accensione e spegnimento automatico dei display. I sensori di presenza e le centraline di controllo consentono...<\/p><a href=\"https:\/\/konferenztechnik.de\/it\/controllore-extron-wc-serie-pro\/\" class=\"eael-post-elements-readmore-btn\" >informare ora<\/a><div class=\"boxed-meta\"><\/div><\/div><\/div><\/div><div class=\"eael-post-list-post\"><div class=\"eael-post-list-post-inner\"><div class=\"eael-post-list-thumbnail\"><a href=\"https:\/\/konferenztechnik.de\/it\/interpretariato-conferenze-eventi\/\">\n                <img decoding=\"async\" src=\"https:\/\/konferenztechnik.de\/wp-content\/uploads\/2024\/06\/pcs-konferenztechnik-A_sign_language_interpreter_working_at_a_conference_in-berlin-1024x574.jpg\" alt=\"Un interprete di lingua dei segni interpreta una conferenza.\" title=\"\">\n            <\/a><\/div><div class=\"eael-post-list-content\"><h2 class=\"eael-post-list-title\"><a href=\"https:\/\/konferenztechnik.de\/it\/interpretariato-conferenze-eventi\/\" >Interpreti di lingua dei segni per eventi e conferenze<\/a><\/h2><p>Organizziamo interpreti di lingua dei segni e forniamo la tecnologia necessaria. L'interpretariato in lingua dei segni rappresenta un...<\/p><a href=\"https:\/\/konferenztechnik.de\/it\/interpretariato-conferenze-eventi\/\" class=\"eael-post-elements-readmore-btn\" >informare ora<\/a><div class=\"boxed-meta\"><\/div><\/div><\/div><\/div><div class=\"eael-post-list-post\"><div class=\"eael-post-list-post-inner\"><div class=\"eael-post-list-thumbnail\"><a href=\"https:\/\/konferenztechnik.de\/it\/mostre-interne-ibrido-digitale-in-loco\/\">\n                <img decoding=\"async\" src=\"https:\/\/konferenztechnik.de\/wp-content\/uploads\/2023\/11\/inhouse-veranstaltungen-service-jpg.webp\" alt=\"\" title=\"\">\n            <\/a><\/div><div class=\"eael-post-list-content\"><h2 class=\"eael-post-list-title\"><a href=\"https:\/\/konferenztechnik.de\/it\/mostre-interne-ibrido-digitale-in-loco\/\" >Mostre interne, eventi interni \u2013 digitale, ibrido, in loco<\/a><\/h2><p>In passato, le fiere interne erano esclusivamente fiere di informazione e vendita con cui le singole aziende...<\/p><a href=\"https:\/\/konferenztechnik.de\/it\/mostre-interne-ibrido-digitale-in-loco\/\" class=\"eael-post-elements-readmore-btn\" >informare ora<\/a><div class=\"boxed-meta\"><\/div><\/div><\/div><\/div><div class=\"eael-post-list-post\"><div class=\"eael-post-list-post-inner\"><div class=\"eael-post-list-thumbnail\"><a href=\"https:\/\/konferenztechnik.de\/it\/sale-riunioni\/\">\n                <img decoding=\"async\" src=\"https:\/\/konferenztechnik.de\/wp-content\/uploads\/2023\/07\/huddle-room-jpg.webp\" alt=\"In una piccola sala riunioni con 3 persone al tavolo, una donna si trova davanti a un grande schermo sulla parete e imposta qualcosa sul monitor.\" title=\"\">\n            <\/a><\/div><div class=\"eael-post-list-content\"><h2 class=\"eael-post-list-title\"><a href=\"https:\/\/konferenztechnik.de\/it\/sale-riunioni\/\" >Sale riunioni<\/a><\/h2><p>Le Huddle Room sono piccole sale riunioni che offrono condizioni ottimali per team di circa 3...<\/p><a href=\"https:\/\/konferenztechnik.de\/it\/sale-riunioni\/\" class=\"eael-post-elements-readmore-btn\" >informare ora<\/a><div class=\"boxed-meta\"><\/div><\/div><\/div><\/div><div class=\"eael-post-list-post\"><div class=\"eael-post-list-post-inner\"><div class=\"eael-post-list-thumbnail\"><a href=\"https:\/\/konferenztechnik.de\/it\/eventi-ibridi\/\">\n                <img decoding=\"async\" src=\"https:\/\/konferenztechnik.de\/wp-content\/uploads\/2023\/06\/hybride-events-jpg.webp\" alt=\"Due presentatori sono in piedi su un palcoscenico e possono essere visti contemporaneamente su una seconda sezione di immagini in digitale su un monitor di un PC, come simbolo di eventi ibridi.\" title=\"\">\n            <\/a><\/div><div class=\"eael-post-list-content\"><h2 class=\"eael-post-list-title\"><a href=\"https:\/\/konferenztechnik.de\/it\/eventi-ibridi\/\" >Eventi ibridi<\/a><\/h2><p>Mettiamo in contatto persone, spazi e luoghi. Partecipanti digitali, partecipanti faccia a faccia, relatori e spettatori...<\/p><a href=\"https:\/\/konferenztechnik.de\/it\/eventi-ibridi\/\" class=\"eael-post-elements-readmore-btn\" >informare ora<\/a><div class=\"boxed-meta\"><\/div><\/div><\/div><\/div><div class=\"eael-post-list-post\"><div class=\"eael-post-list-post-inner\"><div class=\"eael-post-list-thumbnail\"><a href=\"https:\/\/konferenztechnik.de\/it\/innex-omni-la-telecamera-per-conferenze-360-con-risoluzione-4k\/\">\n                <img decoding=\"async\" src=\"https:\/\/konferenztechnik.de\/wp-content\/uploads\/2026\/01\/Konferenz-Kamera-innex-omni-360-4k-AI.avif\" alt=\"\" title=\"\">\n            <\/a><\/div><div class=\"eael-post-list-content\"><h2 class=\"eael-post-list-title\"><a href=\"https:\/\/konferenztechnik.de\/it\/innex-omni-la-telecamera-per-conferenze-360-con-risoluzione-4k\/\" >Innex Omni \u2013, la telecamera per conferenze a 360\u00b0 con risoluzione 4K<\/a><\/h2><p>Innex Omni \u00e8 una telecamera per conferenze a 360\u00b0 con quattro obiettivi 4K, AI integrata e...<\/p><a href=\"https:\/\/konferenztechnik.de\/it\/innex-omni-la-telecamera-per-conferenze-360-con-risoluzione-4k\/\" class=\"eael-post-elements-readmore-btn\" >informare ora<\/a><div class=\"boxed-meta\"><\/div><\/div><\/div><\/div><div class=\"eael-post-list-post\"><div class=\"eael-post-list-post-inner\"><div class=\"eael-post-list-thumbnail\"><a href=\"https:\/\/konferenztechnik.de\/it\/manutenzione-di-assistenza\/\">\n                <img decoding=\"async\" src=\"https:\/\/konferenztechnik.de\/wp-content\/uploads\/2023\/04\/instandhaltung.jpg\" alt=\"Un dipendente PCS lavora con un saldatore su un tavolo da conferenza presso la sede di un cliente.\" title=\"\">\n            <\/a><\/div><div class=\"eael-post-list-content\"><h2 class=\"eael-post-list-title\"><a href=\"https:\/\/konferenztechnik.de\/it\/manutenzione-di-assistenza\/\" >Manutenzione e assistenza<\/a><\/h2><p>Sistemi di guida turistica, sistemi di guida, sistemi whisper o PFA, cuffie, microfoni, unit\u00e0 di ricarica, custodie per il trasporto, accessori<\/p><a href=\"https:\/\/konferenztechnik.de\/it\/manutenzione-di-assistenza\/\" class=\"eael-post-elements-readmore-btn\" >informare ora<\/a><div class=\"boxed-meta\"><\/div><\/div><\/div><\/div><div class=\"eael-post-list-post\"><div class=\"eael-post-list-post-inner\"><div class=\"eael-post-list-thumbnail\"><a href=\"https:\/\/konferenztechnik.de\/it\/lavagne-interattive-a-fogli-mobili\/\">\n                <img decoding=\"async\" src=\"https:\/\/konferenztechnik.de\/wp-content\/uploads\/2023\/04\/i3-displays-whiteboards-flipcharts-jpg.webp\" alt=\"2 display a marchio I3 su treppiedi mobili\" title=\"\">\n            <\/a><\/div><div class=\"eael-post-list-content\"><h2 class=\"eael-post-list-title\"><a href=\"https:\/\/konferenztechnik.de\/it\/lavagne-interattive-a-fogli-mobili\/\" >Display interattivi, lavagne bianche, lavagne a fogli mobili<\/a><\/h2><p>La nostra prima scelta per display touch, lavagne bianche e lavagne a fogli mobili digitali \u00e8 spesso i3-Technologies.<\/p><a href=\"https:\/\/konferenztechnik.de\/it\/lavagne-interattive-a-fogli-mobili\/\" class=\"eael-post-elements-readmore-btn\" >informare ora<\/a><div class=\"boxed-meta\"><\/div><\/div><\/div><\/div><div class=\"eael-post-list-post\"><div class=\"eael-post-list-post-inner\"><div class=\"eael-post-list-thumbnail\"><a href=\"https:\/\/konferenztechnik.de\/it\/noleggio-attrezzature-per-eventi-2\/\">\n                <img decoding=\"async\" src=\"https:\/\/konferenztechnik.de\/wp-content\/uploads\/2024\/09\/intercomsysteme-mieten.avif\" alt=\"\" title=\"\">\n            <\/a><\/div><div class=\"eael-post-list-content\"><h2 class=\"eael-post-list-title\"><a href=\"https:\/\/konferenztechnik.de\/it\/noleggio-attrezzature-per-eventi-2\/\" >Noleggio di sistemi citofonici<\/a><\/h2><p>I nostri sistemi di interfono e comunicazione assicurano che il vostro team sia sempre connesso.<\/p><a href=\"https:\/\/konferenztechnik.de\/it\/noleggio-attrezzature-per-eventi-2\/\" class=\"eael-post-elements-readmore-btn\" >informare ora<\/a><div class=\"boxed-meta\"><\/div><\/div><\/div><\/div><div class=\"eael-post-list-post\"><div class=\"eael-post-list-post-inner\"><div class=\"eael-post-list-thumbnail\"><a href=\"https:\/\/konferenztechnik.de\/it\/ki-trascrizione-di-sottotitoli-dal-vivo-da-parlato-a-testo\/\">\n                <img decoding=\"async\" src=\"https:\/\/konferenztechnik.de\/wp-content\/uploads\/2025\/05\/ai-ki-dolmetscher-ki-dolmetschloesungen-postimg.avif\" alt=\"ai-ki-interpreti-ki-interpreti-soluzioni\" title=\"\">\n            <\/a><\/div><div class=\"eael-post-list-content\"><h2 class=\"eael-post-list-title\"><a href=\"https:\/\/konferenztechnik.de\/it\/ki-trascrizione-di-sottotitoli-dal-vivo-da-parlato-a-testo\/\" >Soluzione speech-to-text basata sull'intelligenza artificiale: sottotitolazione e trascrizione in diretta per gli eventi<\/a><\/h2><p>Soluzione speech-to-text basata sull'intelligenza artificiale Sottotitoli e traduzione dal vivo \u2013 per una comunicazione multilingue e senza barriere...<\/p><a href=\"https:\/\/konferenztechnik.de\/it\/ki-trascrizione-di-sottotitoli-dal-vivo-da-parlato-a-testo\/\" class=\"eael-post-elements-readmore-btn\" >informare ora<\/a><div class=\"boxed-meta\"><\/div><\/div><\/div><\/div><div class=\"eael-post-list-post\"><div class=\"eael-post-list-post-inner\"><div class=\"eael-post-list-thumbnail\"><a href=\"https:\/\/konferenztechnik.de\/it\/interpretariato-per-eventi-e-conferenze\/\">\n                <img decoding=\"async\" src=\"https:\/\/konferenztechnik.de\/wp-content\/uploads\/2025\/03\/ai-ki-dolmetscher-ki-dolmetschloesungen-png.avif\" alt=\"\" title=\"\">\n            <\/a><\/div><div class=\"eael-post-list-content\"><h2 class=\"eael-post-list-title\"><a href=\"https:\/\/konferenztechnik.de\/it\/interpretariato-per-eventi-e-conferenze\/\" >Soluzioni di interpretariato AI per eventi e conferenze<\/a><\/h2><p>Espandete il vostro raggio d'azione con la nostra innovativa soluzione di interpretariato in tempo reale basata sull'AI. Pi\u00f9 di 60 interpreti...<\/p><a href=\"https:\/\/konferenztechnik.de\/it\/interpretariato-per-eventi-e-conferenze\/\" class=\"eael-post-elements-readmore-btn\" >informare ora<\/a><div class=\"boxed-meta\"><\/div><\/div><\/div><\/div><div class=\"eael-post-list-post\"><div class=\"eael-post-list-post-inner\"><div class=\"eael-post-list-thumbnail\"><a href=\"https:\/\/konferenztechnik.de\/it\/ricevitore-per-conferenze-ricevitore-per-cuffie\/\">\n                <img decoding=\"async\" src=\"https:\/\/konferenztechnik.de\/wp-content\/uploads\/2023\/06\/kopfhoerer-empfaenger-jpg.webp\" alt=\"Due ricevitori per conferenze disposti su un tavolo da conferenza con cuffie per l&#039;ascolto delle lingue interpretate\" title=\"\">\n            <\/a><\/div><div class=\"eael-post-list-content\"><h2 class=\"eael-post-list-title\"><a href=\"https:\/\/konferenztechnik.de\/it\/ricevitore-per-conferenze-ricevitore-per-cuffie\/\" >Ricevitore per conferenze, ricevitore per cuffie<\/a><\/h2><p>Noleggio di ricevitori per conferenze: Ricevitori e cuffie per conferenze con traduzione simultanea<\/p><a href=\"https:\/\/konferenztechnik.de\/it\/ricevitore-per-conferenze-ricevitore-per-cuffie\/\" class=\"eael-post-elements-readmore-btn\" >informare ora<\/a><div class=\"boxed-meta\"><\/div><\/div><\/div><\/div><div class=\"eael-post-list-post\"><div class=\"eael-post-list-post-inner\"><div class=\"eael-post-list-thumbnail\"><a href=\"https:\/\/konferenztechnik.de\/it\/sale-conferenze-con-microfoni-e-altoparlanti-a-soffitto\/\">\n                <img decoding=\"async\" src=\"https:\/\/konferenztechnik.de\/wp-content\/uploads\/2023\/07\/mikfrofon-deckenarray-jpg.webp\" alt=\"In uno schizzo di una sala conferenze in cui 8 persone sono sedute a un tavolo, sono mostrate le caratteristiche di dispersione di un altoparlante a soffitto. Tutte le persone ricevono una buona intelligibilit\u00e0 audio nella zona indicata.\" title=\"\">\n            <\/a><\/div><div class=\"eael-post-list-content\"><h2 class=\"eael-post-list-title\"><a href=\"https:\/\/konferenztechnik.de\/it\/sale-conferenze-con-microfoni-e-altoparlanti-a-soffitto\/\" >Sale conferenze con microfoni e altoparlanti a soffitto<\/a><\/h2><p>Una copertura audio ottimale \u00e8 per noi il punto di partenza e la cosa pi\u00f9 importante...<\/p><a href=\"https:\/\/konferenztechnik.de\/it\/sale-conferenze-con-microfoni-e-altoparlanti-a-soffitto\/\" class=\"eael-post-elements-readmore-btn\" >informare ora<\/a><div class=\"boxed-meta\"><\/div><\/div><\/div><\/div><div class=\"eael-post-list-post\"><div class=\"eael-post-list-post-inner\"><div class=\"eael-post-list-thumbnail\"><a href=\"https:\/\/konferenztechnik.de\/it\/landing-page-per-eventi-piattaforme-per-eventi-virtuali\/\">\n                <img decoding=\"async\" src=\"https:\/\/konferenztechnik.de\/wp-content\/uploads\/2023\/03\/landingpage-beitrag.jpg\" alt=\"\" title=\"\">\n            <\/a><\/div><div class=\"eael-post-list-content\"><h2 class=\"eael-post-list-title\"><a href=\"https:\/\/konferenztechnik.de\/it\/landing-page-per-eventi-piattaforme-per-eventi-virtuali\/\" >Landing page per eventi, piattaforme per eventi virtuali<\/a><\/h2><p>Landing page per eventi, piattaforme per eventi virtuali Il pacchetto base comprende i seguenti elementi...<\/p><a href=\"https:\/\/konferenztechnik.de\/it\/landing-page-per-eventi-piattaforme-per-eventi-virtuali\/\" class=\"eael-post-elements-readmore-btn\" >informare ora<\/a><div class=\"boxed-meta\"><\/div><\/div><\/div><\/div><div class=\"eael-post-list-post\"><div class=\"eael-post-list-post-inner\"><div class=\"eael-post-list-thumbnail\"><a href=\"https:\/\/konferenztechnik.de\/it\/pareti-a-led\/\">\n                <img decoding=\"async\" src=\"https:\/\/konferenztechnik.de\/wp-content\/uploads\/2025\/09\/LED-Waende-LED-Videowalls-kaufen-mieten-installieren.avif\" alt=\"Pareti-LED-Videowalls-Acquista-noleggio-installazione\" title=\"\">\n            <\/a><\/div><div class=\"eael-post-list-content\"><h2 class=\"eael-post-list-title\"><a href=\"https:\/\/konferenztechnik.de\/it\/pareti-a-led\/\" >Pareti a LED<\/a><\/h2><p>LED wall per eventi, conferenze e aziende - acquisto, noleggio o installazione -...<\/p><a href=\"https:\/\/konferenztechnik.de\/it\/pareti-a-led\/\" class=\"eael-post-elements-readmore-btn\" >informare ora<\/a><div class=\"boxed-meta\"><\/div><\/div><\/div><\/div><div class=\"eael-post-list-post\"><div class=\"eael-post-list-post-inner\"><div class=\"eael-post-list-thumbnail\"><a href=\"https:\/\/konferenztechnik.de\/it\/un-linguaggio-semplice-per-conferenze-e-riunioni\/\">\n                <img decoding=\"async\" src=\"https:\/\/konferenztechnik.de\/wp-content\/uploads\/2024\/06\/Leichte-Sprache-Dolmetscher-fuer-Konferenzen-1024x638.jpg\" alt=\"Lingua facile\" title=\"\">\n            <\/a><\/div><div class=\"eael-post-list-content\"><h2 class=\"eael-post-list-title\"><a href=\"https:\/\/konferenztechnik.de\/it\/un-linguaggio-semplice-per-conferenze-e-riunioni\/\" >Linguaggio semplice per conferenze, riunioni e dibattiti<\/a><\/h2><p>Forniamo interpreti per il linguaggio semplice e mettiamo a disposizione la tecnologia necessaria.<\/p><a href=\"https:\/\/konferenztechnik.de\/it\/un-linguaggio-semplice-per-conferenze-e-riunioni\/\" class=\"eael-post-elements-readmore-btn\" >informare ora<\/a><div class=\"boxed-meta\"><\/div><\/div><\/div><\/div><div class=\"eael-post-list-post\"><div class=\"eael-post-list-post-inner\"><div class=\"eael-post-list-thumbnail\"><a href=\"https:\/\/konferenztechnik.de\/it\/qualita-dellaria\/\">\n                <img decoding=\"async\" src=\"https:\/\/konferenztechnik.de\/wp-content\/uploads\/2023\/04\/luftqualitaet-veranstaltungen-hochschulen.jpg\" alt=\"Simbolo dell&#039;indice di qualit\u00e0 dell&#039;aria\" title=\"\">\n            <\/a><\/div><div class=\"eael-post-list-content\"><h2 class=\"eael-post-list-title\"><a href=\"https:\/\/konferenztechnik.de\/it\/qualita-dellaria\/\" >Qualit\u00e0 dell'aria negli spazi di lavoro e di apprendimento<\/a><\/h2><p>Lavoriamo e impariamo in ambienti chiusi. Una buona qualit\u00e0 dell'aria interna \u00e8 quindi...<\/p><a href=\"https:\/\/konferenztechnik.de\/it\/qualita-dellaria\/\" class=\"eael-post-elements-readmore-btn\" >informare ora<\/a><div class=\"boxed-meta\"><\/div><\/div><\/div><\/div><div class=\"eael-post-list-post\"><div class=\"eael-post-list-post-inner\"><div class=\"eael-post-list-thumbnail\"><a href=\"https:\/\/konferenztechnik.de\/it\/sistema-di-orientamento-del-personale-mipro-mtg-100\/\">\n                <img decoding=\"async\" src=\"https:\/\/konferenztechnik.de\/wp-content\/uploads\/2023\/06\/Mipro-MTG-100-kaufen.jpg\" alt=\"Sistema di guida per persone MTG-100 del produttore Mipro con ricevitori e trasmettitore portatile\" title=\"\">\n            <\/a><\/div><div class=\"eael-post-list-content\"><h2 class=\"eael-post-list-title\"><a href=\"https:\/\/konferenztechnik.de\/it\/sistema-di-orientamento-del-personale-mipro-mtg-100\/\" >Sistema di guida per persone Mipro MTG 100 \u2013<\/a><\/h2><p>Il sistema di guida offre un'ottima qualit\u00e0 del suono e una trasmissione sicura e stabile....<\/p><a href=\"https:\/\/konferenztechnik.de\/it\/sistema-di-orientamento-del-personale-mipro-mtg-100\/\" class=\"eael-post-elements-readmore-btn\" >informare ora<\/a><div class=\"boxed-meta\"><\/div><\/div><\/div><\/div><div class=\"eael-post-list-post\"><div class=\"eael-post-list-post-inner\"><div class=\"eael-post-list-thumbnail\"><a href=\"https:\/\/konferenztechnik.de\/it\/mobile-artome-av-loesungen-flexible-medientechnik-ohne-installation\/\">\n                <img decoding=\"async\" src=\"https:\/\/konferenztechnik.de\/wp-content\/uploads\/2026\/03\/artome-mobile-konferenztechnik.avif\" alt=\"\" title=\"\">\n            <\/a><\/div><div class=\"eael-post-list-content\"><h2 class=\"eael-post-list-title\"><a href=\"https:\/\/konferenztechnik.de\/it\/mobile-artome-av-loesungen-flexible-medientechnik-ohne-installation\/\" >Mobile Artome AV\u2011L\u00f6sungen \u2013 flexible Medientechnik ohne Installation<\/a><\/h2><p>Mobile Artome Systeme sind installationsfreie All\u2011in\u2011One\u2011L\u00f6sungen f\u00fcr Bild und Ton, die Projektor,...<\/p><a href=\"https:\/\/konferenztechnik.de\/it\/mobile-artome-av-loesungen-flexible-medientechnik-ohne-installation\/\" class=\"eael-post-elements-readmore-btn\" >informare ora<\/a><div class=\"boxed-meta\"><\/div><\/div><\/div><\/div><div class=\"eael-post-list-post\"><div class=\"eael-post-list-post-inner\"><div class=\"eael-post-list-thumbnail\"><a href=\"https:\/\/konferenztechnik.de\/it\/studi-di-streaming-mobile\/\">\n                <img decoding=\"async\" src=\"https:\/\/konferenztechnik.de\/wp-content\/uploads\/2023\/07\/mobile-streamingstudios-jpg.webp\" alt=\"In una sala conferenze con pareti in mattoni a vista, si vedono tre relatori sul palco, ciascuno con un microfono in mano, e un tecnico del suono alla loro sinistra che fornisce il supporto tecnico alla tavola rotonda.\" title=\"\">\n            <\/a><\/div><div class=\"eael-post-list-content\"><h2 class=\"eael-post-list-title\"><a href=\"https:\/\/konferenztechnik.de\/it\/studi-di-streaming-mobile\/\" >Studi di streaming mobile<\/a><\/h2><p>Eventi autentici e digitali nella vostra sede. Trasmettete la vostra immagine aziendale, il vostro marchio e...<\/p><a href=\"https:\/\/konferenztechnik.de\/it\/studi-di-streaming-mobile\/\" class=\"eael-post-elements-readmore-btn\" >informare ora<\/a><div class=\"boxed-meta\"><\/div><\/div><\/div><\/div><div class=\"eael-post-list-post\"><div class=\"eael-post-list-post-inner\"><div class=\"eael-post-list-thumbnail\"><a href=\"https:\/\/konferenztechnik.de\/it\/sistemi-di-guida-personale-rent-buy-install\/\">\n                <img decoding=\"async\" src=\"https:\/\/konferenztechnik.de\/wp-content\/uploads\/2023\/07\/personenfuehrungsanlage-mieten-kaufen-jpg.webp\" alt=\"Un uomo parla al microfono, uno spettatore ascolta con un sistema di guida turistica durante un tour. Noleggiate, acquistate o noleggiate i sistemi di guida turistica di PCS.\" title=\"\">\n            <\/a><\/div><div class=\"eael-post-list-content\"><h2 class=\"eael-post-list-title\"><a href=\"https:\/\/konferenztechnik.de\/it\/sistemi-di-guida-personale-rent-buy-install\/\" >Sistemi di guida per i passeggeri<\/a><\/h2><p>Sistemi di guida turistica, sistemi di guida, sistemi whisper o PFA, cuffie, microfoni, unit\u00e0 di ricarica, custodie per il trasporto, accessori<\/p><a href=\"https:\/\/konferenztechnik.de\/it\/sistemi-di-guida-personale-rent-buy-install\/\" class=\"eael-post-elements-readmore-btn\" >informare ora<\/a><div class=\"boxed-meta\"><\/div><\/div><\/div><\/div><div class=\"eael-post-list-post\"><div class=\"eael-post-list-post-inner\"><div class=\"eael-post-list-thumbnail\"><a href=\"https:\/\/konferenztechnik.de\/it\/ptzoptics-move-4k-telecamera-ptz-4k\/\">\n                <img decoding=\"async\" src=\"https:\/\/konferenztechnik.de\/wp-content\/uploads\/2026\/02\/ptz-kamera-konferenraume-uni.avif\" alt=\"\" title=\"\">\n            <\/a><\/div><div class=\"eael-post-list-content\"><h2 class=\"eael-post-list-title\"><a href=\"https:\/\/konferenztechnik.de\/it\/ptzoptics-move-4k-telecamera-ptz-4k\/\" >PTZOptics Move 4K \u2013 Telecamera 4K PTZ<\/a><\/h2><p>Con Quad-View, USB-C all-in-one, doppia uscita HDMI e segmentazione di rete integrata, AV Access eShare...<\/p><a href=\"https:\/\/konferenztechnik.de\/it\/ptzoptics-move-4k-telecamera-ptz-4k\/\" class=\"eael-post-elements-readmore-btn\" >informare ora<\/a><div class=\"boxed-meta\"><\/div><\/div><\/div><\/div><div class=\"eael-post-list-post\"><div class=\"eael-post-list-post-inner\"><div class=\"eael-post-list-thumbnail\"><a href=\"https:\/\/konferenztechnik.de\/it\/sala-conferenze-pulse-flex-loudspeaker\/\">\n                <img decoding=\"async\" src=\"https:\/\/konferenztechnik.de\/wp-content\/uploads\/2026\/01\/bluesound-lautsprecher-konfernzraum.avif\" alt=\"\" title=\"\">\n            <\/a><\/div><div class=\"eael-post-list-content\"><h2 class=\"eael-post-list-title\"><a href=\"https:\/\/konferenztechnik.de\/it\/sala-conferenze-pulse-flex-loudspeaker\/\" >Altoparlante per conferenze senza fili PULSE FLEX<\/a><\/h2><p>Con Quad-View, USB-C all-in-one, doppia uscita HDMI e segmentazione di rete integrata, AV Access eShare...<\/p><a href=\"https:\/\/konferenztechnik.de\/it\/sala-conferenze-pulse-flex-loudspeaker\/\" class=\"eael-post-elements-readmore-btn\" >informare ora<\/a><div class=\"boxed-meta\"><\/div><\/div><\/div><\/div><div class=\"eael-post-list-post\"><div class=\"eael-post-list-post-inner\"><div class=\"eael-post-list-thumbnail\"><a href=\"https:\/\/konferenztechnik.de\/it\/interpretariato-a-distanza\/\">\n                <img decoding=\"async\" src=\"https:\/\/konferenztechnik.de\/wp-content\/uploads\/2023\/07\/remote-interpreting-hub-jpg.webp\" alt=\"L&#039;interprete siede in una cabina di interpretazione in un centro di interpretariato PCS e guarda un grande monitor che mostra una presentazione durante l&#039;interpretariato simultaneo.\" title=\"\">\n            <\/a><\/div><div class=\"eael-post-list-content\"><h2 class=\"eael-post-list-title\"><a href=\"https:\/\/konferenztechnik.de\/it\/interpretariato-a-distanza\/\" >Interpretazione a distanza<\/a><\/h2><p>Offriamo servizi di interpretariato a distanza su tutto il territorio nazionale. Questo \u00e8 il sistema digitale (e anche...<\/p><a href=\"https:\/\/konferenztechnik.de\/it\/interpretariato-a-distanza\/\" class=\"eael-post-elements-readmore-btn\" >informare ora<\/a><div class=\"boxed-meta\"><\/div><\/div><\/div><\/div><div class=\"eael-post-list-post\"><div class=\"eael-post-list-post-inner\"><div class=\"eael-post-list-thumbnail\"><a href=\"https:\/\/konferenztechnik.de\/it\/pacchetti-per-eventi-a-tutto-tondo-e-spensierati\/\">\n                <img decoding=\"async\" src=\"https:\/\/konferenztechnik.de\/wp-content\/uploads\/2023\/11\/konferenztechnik-komplettpakete-jpg.webp\" alt=\"\" title=\"\">\n            <\/a><\/div><div class=\"eael-post-list-content\"><h2 class=\"eael-post-list-title\"><a href=\"https:\/\/konferenztechnik.de\/it\/pacchetti-per-eventi-a-tutto-tondo-e-spensierati\/\" >Pacchetti tuttofare Evento<\/a><\/h2><p>Pacchetto tuttofare: attrezzatura tecnica completa per eventi e conferenze Richiedi ora Prenota il tuo...<\/p><a href=\"https:\/\/konferenztechnik.de\/it\/pacchetti-per-eventi-a-tutto-tondo-e-spensierati\/\" class=\"eael-post-elements-readmore-btn\" >informare ora<\/a><div class=\"boxed-meta\"><\/div><\/div><\/div><\/div><div class=\"eael-post-list-post\"><div class=\"eael-post-list-post-inner\"><div class=\"eael-post-list-thumbnail\"><a href=\"https:\/\/konferenztechnik.de\/it\/interpretariato-conferenze-eventi-2\/\">\n                <img decoding=\"async\" src=\"https:\/\/konferenztechnik.de\/wp-content\/uploads\/2024\/06\/Schriftdolmetscher-live-Untertitel-fuer-konferenzen-meetings-pcs.jpg\" alt=\"didascalie-live-sottotitoli-per-conferenze-riunioni-pcs\" title=\"\">\n            <\/a><\/div><div class=\"eael-post-list-content\"><h2 class=\"eael-post-list-title\"><a href=\"https:\/\/konferenztechnik.de\/it\/interpretariato-conferenze-eventi-2\/\" >Interpreti scritti per eventi e conferenze<\/a><\/h2><p>Organizziamo interpreti scritti e forniamo la tecnologia necessaria. L'interpretariato scritto rappresenta un...<\/p><a href=\"https:\/\/konferenztechnik.de\/it\/interpretariato-conferenze-eventi-2\/\" class=\"eael-post-elements-readmore-btn\" >informare ora<\/a><div class=\"boxed-meta\"><\/div><\/div><\/div><\/div><div class=\"eael-post-list-post\"><div class=\"eael-post-list-post-inner\"><div class=\"eael-post-list-thumbnail\"><a href=\"https:\/\/konferenztechnik.de\/it\/sistema-di-discussione-sennheiser-adn\/\">\n                <img decoding=\"async\" src=\"https:\/\/konferenztechnik.de\/wp-content\/uploads\/2022\/06\/sennheiser-adn.jpg\" alt=\"Unit\u00e0 per conferenze wireless Sennheiser ADN\" title=\"\">\n            <\/a><\/div><div class=\"eael-post-list-content\"><h2 class=\"eael-post-list-title\"><a href=\"https:\/\/konferenztechnik.de\/it\/sistema-di-discussione-sennheiser-adn\/\" >Sistema di discussione Sennheiser ADN \u2013<\/a><\/h2><p>Il sistema per conferenze ADN \u00e8 dotato di un'efficiente soppressione del feedback. \u00c8...<\/p><a href=\"https:\/\/konferenztechnik.de\/it\/sistema-di-discussione-sennheiser-adn\/\" class=\"eael-post-elements-readmore-btn\" >informare ora<\/a><div class=\"boxed-meta\"><\/div><\/div><\/div><\/div><div class=\"eael-post-list-post\"><div class=\"eael-post-list-post-inner\"><div class=\"eael-post-list-thumbnail\"><a href=\"https:\/\/konferenztechnik.de\/it\/sistema-di-guida-personale-sennheiser-tourguide-1039\/\">\n                <img decoding=\"async\" src=\"https:\/\/konferenztechnik.de\/wp-content\/uploads\/2023\/06\/sennheiser-tourguide-1039.jpg\" alt=\"Sistema di sussurro e di guida tipo EK1039 di Sennheiser con ricevitori e stazioni di ricarica\" title=\"\">\n            <\/a><\/div><div class=\"eael-post-list-content\"><h2 class=\"eael-post-list-title\"><a href=\"https:\/\/konferenztechnik.de\/it\/sistema-di-guida-personale-sennheiser-tourguide-1039\/\" >Sistema di guida turistica Sennheiser Tourguide 1039 \u2013<\/a><\/h2><p>Opera nella gamma di frequenze UHF disponibili a livello mondiale, pu\u00f2 gestire fino a 32 canali contemporaneamente e...<\/p><a href=\"https:\/\/konferenztechnik.de\/it\/sistema-di-guida-personale-sennheiser-tourguide-1039\/\" class=\"eael-post-elements-readmore-btn\" >informare ora<\/a><div class=\"boxed-meta\"><\/div><\/div><\/div><\/div><div class=\"eael-post-list-post\"><div class=\"eael-post-list-post-inner\"><div class=\"eael-post-list-thumbnail\"><a href=\"https:\/\/konferenztechnik.de\/it\/sistema-di-guida-personale-sennheiser-tourguide-2020-d\/\">\n                <img decoding=\"async\" src=\"https:\/\/konferenztechnik.de\/wp-content\/uploads\/2023\/06\/tourguide-system-kaufen-mieten.jpg\" alt=\"\" title=\"\">\n            <\/a><\/div><div class=\"eael-post-list-content\"><h2 class=\"eael-post-list-title\"><a href=\"https:\/\/konferenztechnik.de\/it\/sistema-di-guida-personale-sennheiser-tourguide-2020-d\/\" >Sistema di guida turistica Sennheiser Tourguide 2020 D \u2013<\/a><\/h2><p>Il sistema di guida turistica digitale Sennheiser 2020-D combina facilit\u00e0 d'uso e funzioni professionali.<\/p><a href=\"https:\/\/konferenztechnik.de\/it\/sistema-di-guida-personale-sennheiser-tourguide-2020-d\/\" class=\"eael-post-elements-readmore-btn\" >informare ora<\/a><div class=\"boxed-meta\"><\/div><\/div><\/div><\/div><div class=\"eael-post-list-post\"><div class=\"eael-post-list-post-inner\"><div class=\"eael-post-list-thumbnail\"><a href=\"https:\/\/konferenztechnik.de\/it\/sistema-di-discussione-completo-shure-microflex\/\">\n                <img decoding=\"async\" src=\"https:\/\/konferenztechnik.de\/wp-content\/uploads\/2023\/07\/shure-microflex-sprechstellen-jpg.webp\" alt=\"Unit\u00e0 microfonica Shure serie Microflex\" title=\"\">\n            <\/a><\/div><div class=\"eael-post-list-content\"><h2 class=\"eael-post-list-title\"><a href=\"https:\/\/konferenztechnik.de\/it\/sistema-di-discussione-completo-shure-microflex\/\" >Sistema di discussione Shure Microflex Complete \u2013<\/a><\/h2><p>Il design moderno e semplice \u00e8 elegante e sobrio e si adatta bene alla...<\/p><a href=\"https:\/\/konferenztechnik.de\/it\/sistema-di-discussione-completo-shure-microflex\/\" class=\"eael-post-elements-readmore-btn\" >informare ora<\/a><div class=\"boxed-meta\"><\/div><\/div><\/div><\/div><div class=\"eael-post-list-post\"><div class=\"eael-post-list-post-inner\"><div class=\"eael-post-list-thumbnail\"><a href=\"https:\/\/konferenztechnik.de\/it\/silent-conferencing-eventi-silenziosi-con-cuffie\/\">\n                <img decoding=\"async\" src=\"https:\/\/konferenztechnik.de\/wp-content\/uploads\/2023\/06\/silent-conference-jpg.webp\" alt=\"Contorni di 3 teste, una come altoparlante e altre 2 come ascoltatori in cuffia\" title=\"\">\n            <\/a><\/div><div class=\"eael-post-list-content\"><h2 class=\"eael-post-list-title\"><a href=\"https:\/\/konferenztechnik.de\/it\/silent-conferencing-eventi-silenziosi-con-cuffie\/\" >Conferenza silenziosa, evento silenzioso \u2013 Eventi con cuffie<\/a><\/h2><p>Le conferenze silenziose o gli eventi silenziosi sono sempre una buona idea quando...<\/p><a href=\"https:\/\/konferenztechnik.de\/it\/silent-conferencing-eventi-silenziosi-con-cuffie\/\" class=\"eael-post-elements-readmore-btn\" >informare ora<\/a><div class=\"boxed-meta\"><\/div><\/div><\/div><\/div><div class=\"eael-post-list-post\"><div class=\"eael-post-list-post-inner\"><div class=\"eael-post-list-thumbnail\"><a href=\"https:\/\/konferenztechnik.de\/it\/prodotti-personalizzati\/\">\n                <img decoding=\"async\" src=\"https:\/\/konferenztechnik.de\/wp-content\/uploads\/2023\/04\/sonderanfertigungen.jpg\" alt=\"Una rastrelliera per rotoli nell&#039;IC del cliente in rosa, allestita secondo le specifiche del cliente\" title=\"\">\n            <\/a><\/div><div class=\"eael-post-list-content\"><h2 class=\"eael-post-list-title\"><a href=\"https:\/\/konferenztechnik.de\/it\/prodotti-personalizzati\/\" >Prodotti personalizzati<\/a><\/h2><p>Sistemi di guida turistica, sistemi di guida, sistemi whisper o PFA, cuffie, microfoni, unit\u00e0 di ricarica, custodie per il trasporto, accessori<\/p><a href=\"https:\/\/konferenztechnik.de\/it\/prodotti-personalizzati\/\" class=\"eael-post-elements-readmore-btn\" >informare ora<\/a><div class=\"boxed-meta\"><\/div><\/div><\/div><\/div><div class=\"eael-post-list-post\"><div class=\"eael-post-list-post-inner\"><div class=\"eael-post-list-thumbnail\"><a href=\"https:\/\/konferenztechnik.de\/it\/streaming\/\">\n                <img decoding=\"async\" src=\"https:\/\/konferenztechnik.de\/wp-content\/uploads\/2023\/04\/streaming-hosting-events-jpg.webp\" alt=\"Regia audio e regia video con tecnici di eventi in una sala conferenze, con la scritta &quot;Live - Live - Live&quot; pi\u00f9 volte davanti a s\u00e9\" title=\"\">\n            <\/a><\/div><div class=\"eael-post-list-content\"><h2 class=\"eael-post-list-title\"><a href=\"https:\/\/konferenztechnik.de\/it\/streaming\/\" >Streaming e hosting<\/a><\/h2><p>Streaming di contenuti live e video, archiviazione e fornitura su server e piattaforme video<\/p><a href=\"https:\/\/konferenztechnik.de\/it\/streaming\/\" class=\"eael-post-elements-readmore-btn\" >informare ora<\/a><div class=\"boxed-meta\"><\/div><\/div><\/div><\/div><div class=\"eael-post-list-post\"><div class=\"eael-post-list-post-inner\"><div class=\"eael-post-list-thumbnail\"><a href=\"https:\/\/konferenztechnik.de\/it\/sistema-di-discussione-televic-confidea-flex\/\">\n                <img decoding=\"async\" src=\"https:\/\/konferenztechnik.de\/wp-content\/uploads\/2022\/06\/televic-confidea-flex.jpg\" alt=\"Unit\u00e0 di conferenza wireless Televic Confidea Flex\" title=\"\">\n            <\/a><\/div><div class=\"eael-post-list-content\"><h2 class=\"eael-post-list-title\"><a href=\"https:\/\/konferenztechnik.de\/it\/sistema-di-discussione-televic-confidea-flex\/\" >Unit\u00e0 di discussione Televic Confidea Flex \u2013<\/a><\/h2><p>Il sistema Confidea Flex pu\u00f2 essere facilmente adattato a un'ampia gamma di scenari applicativi. Da...<\/p><a href=\"https:\/\/konferenztechnik.de\/it\/sistema-di-discussione-televic-confidea-flex\/\" class=\"eael-post-elements-readmore-btn\" >informare ora<\/a><div class=\"boxed-meta\"><\/div><\/div><\/div><\/div><div class=\"eael-post-list-post\"><div class=\"eael-post-list-post-inner\"><div class=\"eael-post-list-thumbnail\"><a href=\"https:\/\/konferenztechnik.de\/it\/sistema-di-discussione-televic-confidea-g4\/\">\n                <img decoding=\"async\" src=\"https:\/\/konferenztechnik.de\/wp-content\/uploads\/2023\/06\/televic-confidea-g4-1.jpg\" alt=\"Stazione di teleconferenza wireless tipo Televic Confidea G4\" title=\"\">\n            <\/a><\/div><div class=\"eael-post-list-content\"><h2 class=\"eael-post-list-title\"><a href=\"https:\/\/konferenztechnik.de\/it\/sistema-di-discussione-televic-confidea-g4\/\" >Televic Confidea G4 \u2013 Unit\u00e0 di discussione<\/a><\/h2><p>Il sistema di conferenza wireless Confidea G4 \u00e8 il predecessore del sistema Flex e...<\/p><a href=\"https:\/\/konferenztechnik.de\/it\/sistema-di-discussione-televic-confidea-g4\/\" class=\"eael-post-elements-readmore-btn\" >informare ora<\/a><div class=\"boxed-meta\"><\/div><\/div><\/div><\/div><div class=\"eael-post-list-post\"><div class=\"eael-post-list-post-inner\"><div class=\"eael-post-list-thumbnail\"><a href=\"https:\/\/konferenztechnik.de\/it\/televideo-unitevi\/\">\n                <img decoding=\"async\" src=\"https:\/\/konferenztechnik.de\/wp-content\/uploads\/2023\/06\/televic-unite-fuehrungsanlage.jpg\" alt=\"Sistema di guida e sussurro Televic UNITE con microfono palmare e microfono per cuffie, ricevitori e stazioni di ricarica\" title=\"\">\n            <\/a><\/div><div class=\"eael-post-list-content\"><h2 class=\"eael-post-list-title\"><a href=\"https:\/\/konferenztechnik.de\/it\/televideo-unitevi\/\" >Sistema di guida per passeggeri Televic Unite \u2013<\/a><\/h2><p>Sistema multifunzionale: visite guidate, presentazioni wireless, interpretariato per l'udito<\/p><a href=\"https:\/\/konferenztechnik.de\/it\/televideo-unitevi\/\" class=\"eael-post-elements-readmore-btn\" >informare ora<\/a><div class=\"boxed-meta\"><\/div><\/div><\/div><\/div><div class=\"eael-post-list-post\"><div class=\"eael-post-list-post-inner\"><div class=\"eael-post-list-thumbnail\"><a href=\"https:\/\/konferenztechnik.de\/it\/noleggio-attrezzature-per-eventi\/\">\n                <img decoding=\"async\" src=\"https:\/\/konferenztechnik.de\/wp-content\/uploads\/2024\/02\/Veranstaltungstechnik-mieten-post-jpg.webp\" alt=\"Noleggio di tecnologia per eventi: Console di mixaggio per eventi\" title=\"\">\n            <\/a><\/div><div class=\"eael-post-list-content\"><h2 class=\"eael-post-list-title\"><a href=\"https:\/\/konferenztechnik.de\/it\/noleggio-attrezzature-per-eventi\/\" >Noleggio di tecnologia per eventi<\/a><\/h2><p>In qualit\u00e0 di fornitore di servizi completi, vi offriamo tutto, da un'unica fonte \u2013...<\/p><a href=\"https:\/\/konferenztechnik.de\/it\/noleggio-attrezzature-per-eventi\/\" class=\"eael-post-elements-readmore-btn\" >informare ora<\/a><div class=\"boxed-meta\"><\/div><\/div><\/div><\/div><div class=\"eael-post-list-post\"><div class=\"eael-post-list-post-inner\"><div class=\"eael-post-list-thumbnail\"><a href=\"https:\/\/konferenztechnik.de\/it\/kit-videobar-intellimix-bar-pro-di-shure\/\">\n                <img decoding=\"async\" src=\"https:\/\/konferenztechnik.de\/wp-content\/uploads\/2026\/01\/Shure-IntelliMix-Bar-Pro-Kit-1024x1024.avif\" alt=\"\" title=\"\">\n            <\/a><\/div><div class=\"eael-post-list-content\"><h2 class=\"eael-post-list-title\"><a href=\"https:\/\/konferenztechnik.de\/it\/kit-videobar-intellimix-bar-pro-di-shure\/\" >Video bar: Kit IntelliMix Bar Pro di Shure<\/a><\/h2><p>L'IntelliMix Bar Pro di Shure combina la tecnologia microfonica professionale, gli altoparlanti e la telecamera...<\/p><a href=\"https:\/\/konferenztechnik.de\/it\/kit-videobar-intellimix-bar-pro-di-shure\/\" class=\"eael-post-elements-readmore-btn\" >informare ora<\/a><div class=\"boxed-meta\"><\/div><\/div><\/div><\/div><div class=\"eael-post-list-post\"><div class=\"eael-post-list-post-inner\"><div class=\"eael-post-list-thumbnail\"><a href=\"https:\/\/konferenztechnik.de\/it\/tecnologia-e-servizio-di-noleggio-di-videoconferenze\/\">\n                <img decoding=\"async\" src=\"https:\/\/konferenztechnik.de\/wp-content\/uploads\/2020\/03\/videokonferenztechnik-mieten-2.jpg\" alt=\"Piccola sala conferenze con 4 persone al tavolo che guardano un grande monitor sulla parete.\" title=\"\">\n            <\/a><\/div><div class=\"eael-post-list-content\"><h2 class=\"eael-post-list-title\"><a href=\"https:\/\/konferenztechnik.de\/it\/tecnologia-e-servizio-di-noleggio-di-videoconferenze\/\" >Noleggiare una videoconferenza: Tecnologia e servizio<\/a><\/h2><p>Noleggiare una videoconferenza: Tecnologia e servizio Pubblicato: 04.03.2020 Presso PCS \u00e8 possibile noleggiare...<\/p><a href=\"https:\/\/konferenztechnik.de\/it\/tecnologia-e-servizio-di-noleggio-di-videoconferenze\/\" class=\"eael-post-elements-readmore-btn\" >informare ora<\/a><div class=\"boxed-meta\"><\/div><\/div><\/div><\/div><\/div><\/div>\n\t\t<\/div><div data-nonce=\"44387d72e4\" class=\"post-list-pagination\" data-widget-id=\"c77c6a9\" data-widget=\"c77c6a9\" data-page-id=\"24570\" data-class=\"Essential_Addons_Elementor\\Pro\\Elements\\Post_List\" data-args=\"orderby=title&amp;order=asc&amp;ignore_sticky_posts=1&amp;post_status=publish&amp;posts_per_page=240&amp;offset=0&amp;post_type=post&amp;tax_query%5B0%5D%5Btaxonomy%5D=category&amp;tax_query%5B0%5D%5Bfield%5D=term_id&amp;tax_query%5B0%5D%5Bterms%5D%5B0%5D=39&amp;tax_query%5Brelation%5D=AND\" data-settings=\"eael_post_list_post_feature_image=yes&amp;eael_post_list_post_meta=&amp;eael_post_list_post_title=yes&amp;eael_post_list_post_excerpt=yes&amp;eael_post_list_post_excerpt_length=12&amp;eael_post_list_pagination=navigation&amp;eael_post_list_layout_type=advanced&amp;eael_post_list_post_cat=&amp;eael_post_list_author_meta=&amp;eael_post_list_title_tag=h2&amp;eael_show_read_more_button=yes&amp;eael_post_list_read_more_text=jetzt+informieren&amp;eael_post_list_excerpt_expanison_indicator=...&amp;eael_post_featured_image_size=large\" data-page=\"1\" data-scroll-on-pagination=\"0\" data-scroll-offset=\"100\" data-template=\"{&quot;dir&quot;:&quot;pro&quot;,&quot;file_name&quot;:&quot;advanced.php&quot;,&quot;name&quot;:&quot;Post-List&quot;}\">\n            <button class=\"btn btn-prev-post\" id=\"post-nav-prev-c77c6a9\" disabled=\"true\" aria-label=\"precedente\"><svg aria-hidden=\"true\" class=\"e-font-icon-svg e-fas-angle-left\" viewbox=\"0 0 256 512\" xmlns=\"http:\/\/www.w3.org\/2000\/svg\"><path d=\"M31.7 239l136-136c9.4-9.4 24.6-9.4 33.9 0l22.6 22.6c9.4 9.4 9.4 24.6 0 33.9L127.9 256l96.4 96.4c9.4 9.4 9.4 24.6 0 33.9L201.7 409c-9.4 9.4-24.6 9.4-33.9 0l-136-136c-9.5-9.4-9.5-24.6-.1-34z\"><\/path><\/svg><\/button><button class=\"btn btn-next-post\" id=\"post-nav-next-c77c6a9\" aria-label=\"prossimo\"><svg aria-hidden=\"true\" class=\"e-font-icon-svg e-fas-angle-right\" viewbox=\"0 0 256 512\" xmlns=\"http:\/\/www.w3.org\/2000\/svg\"><path d=\"M224.3 273l-136 136c-9.4 9.4-24.6 9.4-33.9 0l-22.6-22.6c-9.4-9.4-9.4-24.6 0-33.9l96.4-96.4-96.4-96.4c-9.4-9.4-9.4-24.6 0-33.9L54.3 103c9.4-9.4 24.6-9.4 33.9 0l136 136c9.5 9.4 9.5 24.6.1 34z\"><\/path><\/svg><\/button>\n        <\/div>\t\t\t\t<\/div>\n\t\t\t\t<\/div>\n\t\t\t\t\t<\/div>\n\t\t\t\t<\/div>\n\t\t\t\t\t<\/div>\n\t\t\t\t<\/div>\n\t\t<div data-particle_enable=\"false\" data-particle-mobile-disabled=\"false\" class=\"elementor-element elementor-element-6440282 elementor-hidden-widescreen elementor-hidden-desktop elementor-hidden-laptop elementor-hidden-tablet_extra elementor-hidden-tablet elementor-hidden-mobile e-flex e-con-boxed e-con e-parent\" data-id=\"6440282\" data-element_type=\"container\">\n\t\t\t\t\t<div class=\"e-con-inner\">\n\t\t<div data-particle_enable=\"false\" data-particle-mobile-disabled=\"false\" class=\"elementor-element elementor-element-96292fe e-flex e-con-boxed e-con e-child\" data-id=\"96292fe\" data-element_type=\"container\">\n\t\t\t\t\t<div class=\"e-con-inner\">\n\t\t\t\t<div class=\"elementor-element elementor-element-71ca75c action-button elementor-widget elementor-widget-button\" data-id=\"71ca75c\" data-element_type=\"widget\" data-widget_type=\"button.default\">\n\t\t\t\t<div class=\"elementor-widget-container\">\n\t\t\t\t\t\t\t\t\t<div class=\"elementor-button-wrapper\">\n\t\t\t\t\t<a class=\"elementor-button elementor-button-link elementor-size-sm\" href=\"\/it\/noleggio-di-attrezzature-per-conferenze\/\">\n\t\t\t\t\t\t<span class=\"elementor-button-content-wrapper\">\n\t\t\t\t\t\t\t\t\t<span class=\"elementor-button-text\">Lasciare che<\/span>\n\t\t\t\t\t<\/span>\n\t\t\t\t\t<\/a>\n\t\t\t\t<\/div>\n\t\t\t\t\t\t\t\t<\/div>\n\t\t\t\t<\/div>\n\t\t\t\t<div class=\"elementor-element elementor-element-ff60723 action-button elementor-widget elementor-widget-button\" data-id=\"ff60723\" data-element_type=\"widget\" data-widget_type=\"button.default\">\n\t\t\t\t<div class=\"elementor-widget-container\">\n\t\t\t\t\t\t\t\t\t<div class=\"elementor-button-wrapper\">\n\t\t\t\t\t<a class=\"elementor-button elementor-button-link elementor-size-sm\" href=\"\/it\/installazione\/\">\n\t\t\t\t\t\t<span class=\"elementor-button-content-wrapper\">\n\t\t\t\t\t\t\t\t\t<span class=\"elementor-button-text\">Installazione<\/span>\n\t\t\t\t\t<\/span>\n\t\t\t\t\t<\/a>\n\t\t\t\t<\/div>\n\t\t\t\t\t\t\t\t<\/div>\n\t\t\t\t<\/div>\n\t\t\t\t<div class=\"elementor-element elementor-element-a437ee5 action-button elementor-widget elementor-widget-button\" data-id=\"a437ee5\" data-element_type=\"widget\" data-widget_type=\"button.default\">\n\t\t\t\t<div class=\"elementor-widget-container\">\n\t\t\t\t\t\t\t\t\t<div class=\"elementor-button-wrapper\">\n\t\t\t\t\t<a class=\"elementor-button elementor-button-link elementor-size-sm\" href=\"#\">\n\t\t\t\t\t\t<span class=\"elementor-button-content-wrapper\">\n\t\t\t\t\t\t\t\t\t<span class=\"elementor-button-text\">Vendite e leasing<\/span>\n\t\t\t\t\t<\/span>\n\t\t\t\t\t<\/a>\n\t\t\t\t<\/div>\n\t\t\t\t\t\t\t\t<\/div>\n\t\t\t\t<\/div>\n\t\t\t\t<div class=\"elementor-element elementor-element-09d700a action-button elementor-widget elementor-widget-button\" data-id=\"09d700a\" data-element_type=\"widget\" data-widget_type=\"button.default\">\n\t\t\t\t<div class=\"elementor-widget-container\">\n\t\t\t\t\t\t\t\t\t<div class=\"elementor-button-wrapper\">\n\t\t\t\t\t<a class=\"elementor-button elementor-button-link elementor-size-sm\" href=\"#\">\n\t\t\t\t\t\t<span class=\"elementor-button-content-wrapper\">\n\t\t\t\t\t\t\t\t\t<span class=\"elementor-button-text\">Manutenzione e assistenza<\/span>\n\t\t\t\t\t<\/span>\n\t\t\t\t\t<\/a>\n\t\t\t\t<\/div>\n\t\t\t\t\t\t\t\t<\/div>\n\t\t\t\t<\/div>\n\t\t\t\t<div class=\"elementor-element elementor-element-2773071 action-button elementor-widget elementor-widget-button\" data-id=\"2773071\" data-element_type=\"widget\" data-widget_type=\"button.default\">\n\t\t\t\t<div class=\"elementor-widget-container\">\n\t\t\t\t\t\t\t\t\t<div class=\"elementor-button-wrapper\">\n\t\t\t\t\t<a class=\"elementor-button elementor-button-link elementor-size-sm\" href=\"#\">\n\t\t\t\t\t\t<span class=\"elementor-button-content-wrapper\">\n\t\t\t\t\t\t\t\t\t<span class=\"elementor-button-text\">Design personalizzato<\/span>\n\t\t\t\t\t<\/span>\n\t\t\t\t\t<\/a>\n\t\t\t\t<\/div>\n\t\t\t\t\t\t\t\t<\/div>\n\t\t\t\t<\/div>\n\t\t\t\t<div class=\"elementor-element elementor-element-7e3484a action-button elementor-widget elementor-widget-button\" data-id=\"7e3484a\" data-element_type=\"widget\" data-widget_type=\"button.default\">\n\t\t\t\t<div class=\"elementor-widget-container\">\n\t\t\t\t\t\t\t\t\t<div class=\"elementor-button-wrapper\">\n\t\t\t\t\t<a class=\"elementor-button elementor-button-link elementor-size-sm\" href=\"#\">\n\t\t\t\t\t\t<span class=\"elementor-button-content-wrapper\">\n\t\t\t\t\t\t\t\t\t<span class=\"elementor-button-text\">Sviluppo<\/span>\n\t\t\t\t\t<\/span>\n\t\t\t\t\t<\/a>\n\t\t\t\t<\/div>\n\t\t\t\t\t\t\t\t<\/div>\n\t\t\t\t<\/div>\n\t\t\t\t\t<\/div>\n\t\t\t\t<\/div>\n\t\t\t\t\t<\/div>\n\t\t\t\t<\/div>\n\t\t<div data-particle_enable=\"false\" data-particle-mobile-disabled=\"false\" class=\"elementor-element elementor-element-f6ca5af e-flex e-con-boxed e-con e-parent\" data-id=\"f6ca5af\" data-element_type=\"container\">\n\t\t\t\t\t<div class=\"e-con-inner\">\n\t\t\t\t<div class=\"elementor-element elementor-element-b90cbce elementor-widget elementor-widget-shortcode\" data-id=\"b90cbce\" data-element_type=\"widget\" data-widget_type=\"shortcode.default\">\n\t\t\t\t<div class=\"elementor-widget-container\">\n\t\t\t\t\t\t\t<div class=\"elementor-shortcode\"><\/div>\n\t\t\t\t\t\t<\/div>\n\t\t\t\t<\/div>\n\t\t\t\t\t<\/div>\n\t\t\t\t<\/div>\n\t\t\t\t<\/div>","protected":false},"excerpt":{"rendered":"<p>Produkte \u2013 mieten, kaufen, installieren, leasen Bei uns k\u00f6nnen Sie Konferenztechnik, Eventtechnik und AV-Medientechnik mieten, kaufen oder leasen. Wir bieten Dienstleistungen wie Beratung, Planung, Konzeption, Betreuung, Installation und Wartung an. Jetzt anfragen H\u00e4ufig gesucht LED W\u00e4nde LED-W\u00e4nde f\u00fcr Events, Konferenzen und Unternehmen\u200b &#8211; kaufen, mieten oder installieren -&#8230; jetzt informieren KI-Dolmetschl\u00f6sungen f\u00fcr Events und Konferenzen [&hellip;]<\/p>","protected":false},"author":2,"featured_media":45482,"parent":0,"menu_order":0,"comment_status":"closed","ping_status":"closed","template":"","meta":{"_acf_changed":false,"footnotes":""},"class_list":["post-24570","page","type-page","status-publish","has-post-thumbnail","hentry"],"acf":[],"_links":{"self":[{"href":"https:\/\/konferenztechnik.de\/it\/wp-json\/wp\/v2\/pages\/24570","targetHints":{"allow":["GET"]}}],"collection":[{"href":"https:\/\/konferenztechnik.de\/it\/wp-json\/wp\/v2\/pages"}],"about":[{"href":"https:\/\/konferenztechnik.de\/it\/wp-json\/wp\/v2\/types\/page"}],"author":[{"embeddable":true,"href":"https:\/\/konferenztechnik.de\/it\/wp-json\/wp\/v2\/users\/2"}],"replies":[{"embeddable":true,"href":"https:\/\/konferenztechnik.de\/it\/wp-json\/wp\/v2\/comments?post=24570"}],"version-history":[{"count":0,"href":"https:\/\/konferenztechnik.de\/it\/wp-json\/wp\/v2\/pages\/24570\/revisions"}],"wp:featuredmedia":[{"embeddable":true,"href":"https:\/\/konferenztechnik.de\/it\/wp-json\/wp\/v2\/media\/45482"}],"wp:attachment":[{"href":"https:\/\/konferenztechnik.de\/it\/wp-json\/wp\/v2\/media?parent=24570"}],"curies":[{"name":"wp","href":"https:\/\/api.w.org\/{rel}","templated":true}]}}