{"id":24791,"date":"2023-04-18T09:46:11","date_gmt":"2023-04-18T07:46:11","guid":{"rendered":"http:\/\/dev.konferenztechnik.de\/?page_id=24791"},"modified":"2025-12-20T19:14:57","modified_gmt":"2025-12-20T18:14:57","slug":"istruzione-e-universita","status":"publish","type":"page","link":"https:\/\/konferenztechnik.de\/it\/istruzione-e-universita\/","title":{"rendered":"Istruzione e universit\u00e0"},"content":{"rendered":"<div data-elementor-type=\"wp-page\" data-elementor-id=\"24791\" class=\"elementor elementor-24791\" data-elementor-post-type=\"page\">\n\t\t\t\t<div data-particle_enable=\"false\" data-particle-mobile-disabled=\"false\" class=\"elementor-element elementor-element-d8aba58 e-flex e-con-boxed e-con e-parent\" data-id=\"d8aba58\" data-element_type=\"container\">\n\t\t\t\t\t<div class=\"e-con-inner\">\n\t\t\t\t<div class=\"elementor-element elementor-element-366d4e5 elementor-widget__width-inherit elementor-widget elementor-widget-heading\" data-id=\"366d4e5\" data-element_type=\"widget\" data-widget_type=\"heading.default\">\n\t\t\t\t<div class=\"elementor-widget-container\">\n\t\t\t\t\t<h1 class=\"elementor-heading-title elementor-size-default\">Istruzione e universit\u00e0<\/h1>\t\t\t\t<\/div>\n\t\t\t\t<\/div>\n\t\t\t\t<div class=\"elementor-element elementor-element-e4b6b7a elementor-widget elementor-widget-image\" data-id=\"e4b6b7a\" data-element_type=\"widget\" data-widget_type=\"image.default\">\n\t\t\t\t<div class=\"elementor-widget-container\">\n\t\t\t\t\t\t\t\t\t\t\t\t\t\t\t<img fetchpriority=\"high\" decoding=\"async\" width=\"1300\" height=\"486\" src=\"https:\/\/konferenztechnik.de\/wp-content\/uploads\/2023\/04\/uni-medieninstallation.jpg\" class=\"attachment-full size-full wp-image-24799\" alt=\"Vista di un&#039;aula moderna vuota - qui come simbolo della nostra sezione Istruzione e Universit\u00e0\" srcset=\"https:\/\/konferenztechnik.de\/wp-content\/uploads\/2023\/04\/uni-medieninstallation.jpg 1300w, https:\/\/konferenztechnik.de\/wp-content\/uploads\/2023\/04\/uni-medieninstallation-300x112.jpg 300w, https:\/\/konferenztechnik.de\/wp-content\/uploads\/2023\/04\/uni-medieninstallation-1024x383.jpg 1024w, https:\/\/konferenztechnik.de\/wp-content\/uploads\/2023\/04\/uni-medieninstallation-768x287.jpg 768w, https:\/\/konferenztechnik.de\/wp-content\/uploads\/2023\/04\/uni-medieninstallation-18x7.jpg 18w\" sizes=\"(max-width: 1300px) 100vw, 1300px\" title=\"\">\t\t\t\t\t\t\t\t\t\t\t\t\t\t\t<\/div>\n\t\t\t\t<\/div>\n\t\t\t\t\t<\/div>\n\t\t\t\t<\/div>\n\t\t<div data-particle_enable=\"false\" data-particle-mobile-disabled=\"false\" class=\"elementor-element elementor-element-9deafd4 e-flex e-con-boxed e-con e-parent\" data-id=\"9deafd4\" data-element_type=\"container\">\n\t\t\t\t\t<div class=\"e-con-inner\">\n\t\t\t\t<div class=\"elementor-element elementor-element-66ea8b4 elementor-widget elementor-widget-heading\" data-id=\"66ea8b4\" data-element_type=\"widget\" data-settings=\"{&quot;_animation&quot;:&quot;none&quot;}\" data-widget_type=\"heading.default\">\n\t\t\t\t<div class=\"elementor-widget-container\">\n\t\t\t\t\t<h2 class=\"elementor-heading-title elementor-size-default\">Educazione: moderna, dinamica, olistica<\/h2>\t\t\t\t<\/div>\n\t\t\t\t<\/div>\n\t\t\t\t<div class=\"elementor-element elementor-element-d16fcf6 elementor-widget__width-inherit elementor-widget elementor-widget-text-editor\" data-id=\"d16fcf6\" data-element_type=\"widget\" data-widget_type=\"text-editor.default\">\n\t\t\t\t<div class=\"elementor-widget-container\">\n\t\t\t\t\t\t\t\t\t<p>Gli istituti scolastici e le universit\u00e0 hanno esigenze particolarmente elevate in materia di tecnologia multimediale all'avanguardia. Grazie a corsi di formazione regolari presso i produttori e all'implementazione pratica nelle installazioni, siamo sempre al passo con le ultime novit\u00e0 tecnologiche. Le universit\u00e0 fungono spesso da motore dell'innovazione per la tecnologia audio, video e di presentazione.<\/p><p>\u00a0<\/p><p>La necessit\u00e0 di un'elevata intelligibilit\u00e0 del parlato e di una trasmissione visiva affidabile \u00e8 fondamentale negli ambienti di insegnamento e apprendimento. Una qualit\u00e0 audio chiara e una visualizzazione stabile delle immagini sono essenziali per le lezioni, i formati di insegnamento ibridi e la collaborazione digitale.<\/p><p>\u00a0<\/p><p>Inoltre, i sistemi tecnologici multimediali nelle universit\u00e0 devono essere altamente disponibili, robusti e a prova di errore. I concetti di comando devono essere intuitivi per evitare interruzioni durante le lezioni. Numerose soluzioni che oggi utilizziamo nelle sale conferenze aziendali hanno dato prova della loro efficacia in progetti universitari, tra cui anche display interattivi professionali.<\/p><p>\u00a0<\/p><p>Consideriamo come standard tecnico di riferimento ci\u00f2 che \u00e8 adatto all'uso nelle universit\u00e0. Applichiamo con coerenza anche in altri ambiti di applicazione gli standard qualitativi richiesti in termini di affidabilit\u00e0, usabilit\u00e0 e prestazioni. I progetti universitari sono inoltre particolarmente richiesti internamente, poich\u00e9 sono tecnologicamente sofisticati e richiedono la massima competenza professionale.<\/p>\t\t\t\t\t\t\t\t<\/div>\n\t\t\t\t<\/div>\n\t\t\t\t\t<\/div>\n\t\t\t\t<\/div>\n\t\t<div data-particle_enable=\"false\" data-particle-mobile-disabled=\"false\" class=\"elementor-element elementor-element-455c20b e-flex e-con-boxed e-con e-parent\" data-id=\"455c20b\" data-element_type=\"container\" data-settings=\"{&quot;animation&quot;:&quot;none&quot;}\">\n\t\t\t\t\t<div class=\"e-con-inner\">\n\t\t\t\t<div class=\"elementor-element elementor-element-7734196 elementor-widget elementor-widget-heading\" data-id=\"7734196\" data-element_type=\"widget\" data-settings=\"{&quot;_animation&quot;:&quot;none&quot;}\" data-widget_type=\"heading.default\">\n\t\t\t\t<div class=\"elementor-widget-container\">\n\t\t\t\t\t<h2 class=\"elementor-heading-title elementor-size-default\">Argomenti frequenti<\/h2>\t\t\t\t<\/div>\n\t\t\t\t<\/div>\n\t\t\t\t<div class=\"elementor-element elementor-element-1e5ddfb elementor-widget__width-inherit smart-post-list-4-col elementor-widget elementor-widget-eael-post-list\" data-id=\"1e5ddfb\" data-element_type=\"widget\" data-settings=\"{&quot;_animation&quot;:&quot;none&quot;}\" data-widget_type=\"eael-post-list.default\">\n\t\t\t\t<div class=\"elementor-widget-container\">\n\t\t\t\t\t<div class=\"eael-post-list-container advanced layout-advanced\"><div class=\"eael-post-list-wrap\"><div class=\"eael-post-list-posts-wrap eael-post-appender eael-post-appender-1e5ddfb\"><div class=\"eael-post-list-post\"><div class=\"eael-post-list-post-inner\"><div class=\"eael-post-list-thumbnail\"><a href=\"https:\/\/konferenztechnik.de\/it\/sistema-microfonico-wireless-shure-mxw-next-2\/\">\n                <img decoding=\"async\" src=\"https:\/\/konferenztechnik.de\/wp-content\/uploads\/2024\/02\/drahtlose-konferenz-shure-mxw-next-2-jpg.webp\" alt=\"Un sistema di microfoni, una persona lo accende.\" title=\"\">\n            <\/a><\/div><div class=\"eael-post-list-content\"><h3 class=\"eael-post-list-title\"><a href=\"https:\/\/konferenztechnik.de\/it\/sistema-microfonico-wireless-shure-mxw-next-2\/\" >Sistema microfonico wireless Shure MXW NEXT 2<\/a><\/h3><p>Microfoni wireless per aule, aule di formazione, aule didattiche e sale conferenze ibride \u2013 semplice, affidabile,...<\/p><a href=\"https:\/\/konferenztechnik.de\/it\/sistema-microfonico-wireless-shure-mxw-next-2\/\" class=\"eael-post-elements-readmore-btn\" >\u203a di pi\u00f9<\/a><div class=\"boxed-meta\"><\/div><\/div><\/div><\/div><div class=\"eael-post-list-post\"><div class=\"eael-post-list-post-inner\"><div class=\"eael-post-list-thumbnail\"><a href=\"https:\/\/konferenztechnik.de\/it\/accessibilita-eventi-soluzioni-tecniche-consulenza-implementazione\/\">\n                <img decoding=\"async\" src=\"https:\/\/konferenztechnik.de\/wp-content\/uploads\/2023\/03\/barrierefreie-events.jpg\" alt=\"Simbolo di accessibilit\u00e0\" title=\"\">\n            <\/a><\/div><div class=\"eael-post-list-content\"><h3 class=\"eael-post-list-title\"><a href=\"https:\/\/konferenztechnik.de\/it\/accessibilita-eventi-soluzioni-tecniche-consulenza-implementazione\/\" >Accessibilit\u00e0<\/a><\/h3><p>Per gli eventi e la comunicazione digitale: Consulenza, realizzazione: vi aiutiamo a organizzare eventi, funzioni,...<\/p><a href=\"https:\/\/konferenztechnik.de\/it\/accessibilita-eventi-soluzioni-tecniche-consulenza-implementazione\/\" class=\"eael-post-elements-readmore-btn\" >\u203a di pi\u00f9<\/a><div class=\"boxed-meta\"><\/div><\/div><\/div><\/div><div class=\"eael-post-list-post\"><div class=\"eael-post-list-post-inner\"><div class=\"eael-post-list-thumbnail\"><a href=\"https:\/\/konferenztechnik.de\/it\/lavagne-interattive-a-fogli-mobili\/\">\n                <img decoding=\"async\" src=\"https:\/\/konferenztechnik.de\/wp-content\/uploads\/2023\/04\/i3-displays-whiteboards-flipcharts-jpg.webp\" alt=\"2 display a marchio I3 su treppiedi mobili\" title=\"\">\n            <\/a><\/div><div class=\"eael-post-list-content\"><h3 class=\"eael-post-list-title\"><a href=\"https:\/\/konferenztechnik.de\/it\/lavagne-interattive-a-fogli-mobili\/\" >Display interattivi, lavagne bianche, lavagne a fogli mobili<\/a><\/h3><p>La nostra prima scelta per display touch, lavagne bianche e lavagne a fogli mobili digitali \u00e8 spesso i3-Technologies.<\/p><a href=\"https:\/\/konferenztechnik.de\/it\/lavagne-interattive-a-fogli-mobili\/\" class=\"eael-post-elements-readmore-btn\" >\u203a di pi\u00f9<\/a><div class=\"boxed-meta\"><\/div><\/div><\/div><\/div><div class=\"eael-post-list-post\"><div class=\"eael-post-list-post-inner\"><div class=\"eael-post-list-thumbnail\"><a href=\"https:\/\/konferenztechnik.de\/it\/qualita-dellaria\/\">\n                <img decoding=\"async\" src=\"https:\/\/konferenztechnik.de\/wp-content\/uploads\/2023\/04\/luftqualitaet-veranstaltungen-hochschulen.jpg\" alt=\"Simbolo dell&#039;indice di qualit\u00e0 dell&#039;aria\" title=\"\">\n            <\/a><\/div><div class=\"eael-post-list-content\"><h3 class=\"eael-post-list-title\"><a href=\"https:\/\/konferenztechnik.de\/it\/qualita-dellaria\/\" >Qualit\u00e0 dell'aria negli spazi di lavoro e di apprendimento<\/a><\/h3><p>Lavoriamo e impariamo in ambienti chiusi. Una buona qualit\u00e0 dell'aria interna \u00e8 quindi...<\/p><a href=\"https:\/\/konferenztechnik.de\/it\/qualita-dellaria\/\" class=\"eael-post-elements-readmore-btn\" >\u203a di pi\u00f9<\/a><div class=\"boxed-meta\"><\/div><\/div><\/div><\/div><div class=\"eael-post-list-post\"><div class=\"eael-post-list-post-inner\"><div class=\"eael-post-list-thumbnail\"><a href=\"https:\/\/konferenztechnik.de\/it\/telecamere-ptz\/\">\n                <img decoding=\"async\" src=\"https:\/\/konferenztechnik.de\/wp-content\/uploads\/2023\/03\/ptz-kameras.jpg\" alt=\"\" title=\"\">\n            <\/a><\/div><div class=\"eael-post-list-content\"><h3 class=\"eael-post-list-title\"><a href=\"https:\/\/konferenztechnik.de\/it\/telecamere-ptz\/\" >Telecamere PTZ<\/a><\/h3><p>Le telecamere PTZ (spesso note anche come telecamere DOME) mettono a fuoco automaticamente l'area di destinazione quando...<\/p><a href=\"https:\/\/konferenztechnik.de\/it\/telecamere-ptz\/\" class=\"eael-post-elements-readmore-btn\" >\u203a di pi\u00f9<\/a><div class=\"boxed-meta\"><\/div><\/div><\/div><\/div><div class=\"eael-post-list-post\"><div class=\"eael-post-list-post-inner\"><div class=\"eael-post-list-thumbnail\"><a href=\"https:\/\/konferenztechnik.de\/it\/sale-riunioni-ibride-per-videoconferenze-2\/\">\n                <img decoding=\"async\" src=\"https:\/\/konferenztechnik.de\/wp-content\/uploads\/2023\/03\/hybride-besprechungsraeume.jpg\" alt=\"\" title=\"\">\n            <\/a><\/div><div class=\"eael-post-list-content\"><h3 class=\"eael-post-list-title\"><a href=\"https:\/\/konferenztechnik.de\/it\/sale-riunioni-ibride-per-videoconferenze-2\/\" >Sale riunioni ibride per videoconferenze<\/a><\/h3><p>Condizioni ottimali nella sala e per i partecipanti collegati e uso armonioso...<\/p><a href=\"https:\/\/konferenztechnik.de\/it\/sale-riunioni-ibride-per-videoconferenze-2\/\" class=\"eael-post-elements-readmore-btn\" >\u203a di pi\u00f9<\/a><div class=\"boxed-meta\"><\/div><\/div><\/div><\/div><div class=\"eael-post-list-post\"><div class=\"eael-post-list-post-inner\"><div class=\"eael-post-list-thumbnail\"><a href=\"https:\/\/konferenztechnik.de\/it\/landing-page-per-eventi-piattaforme-per-eventi-virtuali\/\">\n                <img decoding=\"async\" src=\"https:\/\/konferenztechnik.de\/wp-content\/uploads\/2023\/03\/landingpage-beitrag.jpg\" alt=\"\" title=\"\">\n            <\/a><\/div><div class=\"eael-post-list-content\"><h3 class=\"eael-post-list-title\"><a href=\"https:\/\/konferenztechnik.de\/it\/landing-page-per-eventi-piattaforme-per-eventi-virtuali\/\" >Landing page per eventi, piattaforme per eventi virtuali<\/a><\/h3><p>Landing page per eventi, piattaforme per eventi virtuali Il pacchetto base comprende i seguenti elementi...<\/p><a href=\"https:\/\/konferenztechnik.de\/it\/landing-page-per-eventi-piattaforme-per-eventi-virtuali\/\" class=\"eael-post-elements-readmore-btn\" >\u203a di pi\u00f9<\/a><div class=\"boxed-meta\"><\/div><\/div><\/div><\/div><div class=\"eael-post-list-post\"><div class=\"eael-post-list-post-inner\"><div class=\"eael-post-list-thumbnail\"><a href=\"https:\/\/konferenztechnik.de\/it\/conferenze-con-i-team-microsoft\/\">\n                <img decoding=\"async\" src=\"https:\/\/konferenztechnik.de\/wp-content\/uploads\/2023\/03\/konferenzen-ms-teams.jpg\" alt=\"\" title=\"\">\n            <\/a><\/div><div class=\"eael-post-list-content\"><h3 class=\"eael-post-list-title\"><a href=\"https:\/\/konferenztechnik.de\/it\/conferenze-con-i-team-microsoft\/\" >Conferenze con Microsoft Teams<\/a><\/h3><p>MS Teams ora \u00e8 anche multilingue e con la funzione \"SInterpretazione simultanea\"<\/p><a href=\"https:\/\/konferenztechnik.de\/it\/conferenze-con-i-team-microsoft\/\" class=\"eael-post-elements-readmore-btn\" >\u203a di pi\u00f9<\/a><div class=\"boxed-meta\"><\/div><\/div><\/div><\/div><\/div><\/div>\n\t\t<\/div>\t\t\t\t<\/div>\n\t\t\t\t<\/div>\n\t\t\t\t\t<\/div>\n\t\t\t\t<\/div>\n\t\t<div data-particle_enable=\"false\" data-particle-mobile-disabled=\"false\" class=\"elementor-element elementor-element-eaddbcf e-flex e-con-boxed e-con e-parent\" data-id=\"eaddbcf\" data-element_type=\"container\">\n\t\t\t\t\t<div class=\"e-con-inner\">\n\t\t\t\t<div class=\"elementor-element elementor-element-7fa8348 elementor-widget__width-inherit elementor-widget elementor-widget-heading\" data-id=\"7fa8348\" data-element_type=\"widget\" data-widget_type=\"heading.default\">\n\t\t\t\t<div class=\"elementor-widget-container\">\n\t\t\t\t\t<h2 class=\"elementor-heading-title elementor-size-default\">Riferimenti: Istruzione e universit\u00e0<\/h2>\t\t\t\t<\/div>\n\t\t\t\t<\/div>\n\t\t\t\t<div class=\"elementor-element elementor-element-28236df elementor-widget__width-inherit elementor-widget elementor-widget-text-editor\" data-id=\"28236df\" data-element_type=\"widget\" data-widget_type=\"text-editor.default\">\n\t\t\t\t<div class=\"elementor-widget-container\">\n\t\t\t\t\t\t\t\t\t<ul><li>Universit\u00e0 Bauhaus di Weimar<\/li><li>Universit\u00e0 di Wuppertal<\/li><li>Universit\u00e0 di Scienze Applicate di Berlino<\/li><li>BIBB Centro governativo federale per la cooperazione internazionale in materia di istruzione e formazione professionale<\/li><li>Ministero federale dell'Istruzione e della Ricerca<\/li><li>Agenzia federale per l'educazione civica<\/li><li>Christian-Albrechts-Universit\u00e4t zu Kiel<\/li><li>Universit\u00e0 Europea Viadrina Francoforte\/Oder<\/li><li>Universit\u00e0 di Scienze Applicate di Aquisgrana<\/li><li>Universit\u00e0 di Scienze Applicate di Erfurt<\/li><li>Universit\u00e0 del cinema di Babelsberg Konrad Wolf<\/li><li>Libera Universit\u00e0 di Berlino<\/li><li>Universit\u00e0 Friedrich Schiller di Jena<\/li><li>Universit\u00e0 Heinrich Heine di D\u00fcsseldorf<\/li><li>Universit\u00e0 di Scienze Applicate per la Polizia e l'Amministrazione Pubblica NRW<\/li><li>Universit\u00e0 di Scienze Applicate di Niederrhein<\/li><li>Universit\u00e0 Humboldt di Berlino<\/li><li>Centro di formazione IG Metall<\/li><li>Internationales Bildungs- und Begegnungswerk e.V.<\/li><li>Universit\u00e0 Ludwig-Maximilians di Monaco di Baviera<\/li><li>Accademia della Missione dell'Universit\u00e0 di Amburgo<\/li><li>Accademia delle Scienze e delle Lettere della Renania Settentrionale-Vestfalia<\/li><li>Universit\u00e0 tecnica della Baviera orientale (OTH)<\/li><li>Universit\u00e0 di Bonn<\/li><li>Universit\u00e0 della Ruhr di Bochum<\/li><li>Senato Dipartimento per l'istruzione, i giovani e la famiglia Berlin<\/li><li>Fondazione dell'Universit\u00e0 di Hildesheim<\/li><li>Fondazione per la promozione della Conferenza dei rettori tedeschi<\/li><li>Universit\u00e0 di Tecnologia di Colonia<\/li><li>Universit\u00e0 di Tecnologia di Berlino<\/li><li>Universit\u00e0 tecnica di Monaco<\/li><li>Universit\u00e0 di Duisburg Essen<\/li><li>Universit\u00e0 libera ucraina di Monaco<\/li><li>Universit\u00e0 di Heidelberg<\/li><li>Universit\u00e0 di Kassel<\/li><li>Universit\u00e0 di Potsdam<\/li><li>Organizzazione per il Congresso e la Formazione Medica Militare mbH<\/li><\/ul>\t\t\t\t\t\t\t\t<\/div>\n\t\t\t\t<\/div>\n\t\t\t\t<div class=\"elementor-element elementor-element-507e68a elementor-icon-list--layout-traditional elementor-list-item-link-full_width elementor-widget elementor-widget-icon-list\" data-id=\"507e68a\" data-element_type=\"widget\" data-widget_type=\"icon-list.default\">\n\t\t\t\t<div class=\"elementor-widget-container\">\n\t\t\t\t\t\t\t<ul class=\"elementor-icon-list-items\">\n\t\t\t\t\t\t\t<li class=\"elementor-icon-list-item\">\n\t\t\t\t\t\t\t\t\t\t\t<a href=\"\/it\/riferimenti\/\">\n\n\t\t\t\t\t\t\t\t\t\t\t\t<span class=\"elementor-icon-list-icon\">\n\t\t\t\t\t\t\t<svg aria-hidden=\"true\" class=\"e-font-icon-svg e-fas-chevron-right\" viewbox=\"0 0 320 512\" xmlns=\"http:\/\/www.w3.org\/2000\/svg\"><path d=\"M285.476 272.971L91.132 467.314c-9.373 9.373-24.569 9.373-33.941 0l-22.667-22.667c-9.357-9.357-9.375-24.522-.04-33.901L188.505 256 34.484 101.255c-9.335-9.379-9.317-24.544.04-33.901l22.667-22.667c9.373-9.373 24.569-9.373 33.941 0L285.475 239.03c9.373 9.372 9.373 24.568.001 33.941z\"><\/path><\/svg>\t\t\t\t\t\t<\/span>\n\t\t\t\t\t\t\t\t\t\t<span class=\"elementor-icon-list-text\">Ulteriori riferimenti<\/span>\n\t\t\t\t\t\t\t\t\t\t\t<\/a>\n\t\t\t\t\t\t\t\t\t<\/li>\n\t\t\t\t\t\t<\/ul>\n\t\t\t\t\t\t<\/div>\n\t\t\t\t<\/div>\n\t\t\t\t\t<\/div>\n\t\t\t\t<\/div>\n\t\t<div data-particle_enable=\"false\" data-particle-mobile-disabled=\"false\" class=\"elementor-element elementor-element-2af5988 e-flex e-con-boxed e-con e-parent\" data-id=\"2af5988\" data-element_type=\"container\">\n\t\t\t\t\t<div class=\"e-con-inner\">\n\t\t\t\t<div class=\"elementor-element elementor-element-f28f352 elementor-widget elementor-widget-shortcode\" data-id=\"f28f352\" data-element_type=\"widget\" data-widget_type=\"shortcode.default\">\n\t\t\t\t<div class=\"elementor-widget-container\">\n\t\t\t\t\t\t\t<div class=\"elementor-shortcode\"><\/div>\n\t\t\t\t\t\t<\/div>\n\t\t\t\t<\/div>\n\t\t\t\t\t<\/div>\n\t\t\t\t<\/div>\n\t\t<div data-particle_enable=\"false\" data-particle-mobile-disabled=\"false\" class=\"elementor-element elementor-element-14d115f e-flex e-con-boxed e-con e-parent\" data-id=\"14d115f\" data-element_type=\"container\">\n\t\t\t\t\t<div class=\"e-con-inner\">\n\t\t\t\t<div class=\"elementor-element elementor-element-0f53c4b elementor-widget elementor-widget-shortcode\" data-id=\"0f53c4b\" data-element_type=\"widget\" data-widget_type=\"shortcode.default\">\n\t\t\t\t<div class=\"elementor-widget-container\">\n\t\t\t\t\t\t\t<div class=\"elementor-shortcode\"><\/div>\n\t\t\t\t\t\t<\/div>\n\t\t\t\t<\/div>\n\t\t\t\t\t<\/div>\n\t\t\t\t<\/div>\n\t\t\t\t<\/div>","protected":false},"excerpt":{"rendered":"<p>Bildung und Universit\u00e4ten Bildung: modern, dynamisch, ganzheitlich Bildungseinrichtungen und Hochschulen stellen besonders hohe Anforderungen an zeitgem\u00e4\u00dfe Medientechnik. Durch regelm\u00e4\u00dfige Schulungen bei Herstellern sowie die praktische Umsetzung bei Installationen bleiben wir technologisch auf dem neuesten Stand. Hochschulen fungieren dabei h\u00e4ufig als Innovationstreiber f\u00fcr Audio-, Video- und Pr\u00e4sentationstechnik. \u00a0 Der Bedarf an hoher Sprachverst\u00e4ndlichkeit und zuverl\u00e4ssiger visueller [&hellip;]<\/p>","protected":false},"author":2,"featured_media":45482,"parent":0,"menu_order":0,"comment_status":"closed","ping_status":"closed","template":"","meta":{"_acf_changed":false,"footnotes":""},"class_list":["post-24791","page","type-page","status-publish","has-post-thumbnail","hentry"],"acf":[],"_links":{"self":[{"href":"https:\/\/konferenztechnik.de\/it\/wp-json\/wp\/v2\/pages\/24791","targetHints":{"allow":["GET"]}}],"collection":[{"href":"https:\/\/konferenztechnik.de\/it\/wp-json\/wp\/v2\/pages"}],"about":[{"href":"https:\/\/konferenztechnik.de\/it\/wp-json\/wp\/v2\/types\/page"}],"author":[{"embeddable":true,"href":"https:\/\/konferenztechnik.de\/it\/wp-json\/wp\/v2\/users\/2"}],"replies":[{"embeddable":true,"href":"https:\/\/konferenztechnik.de\/it\/wp-json\/wp\/v2\/comments?post=24791"}],"version-history":[{"count":0,"href":"https:\/\/konferenztechnik.de\/it\/wp-json\/wp\/v2\/pages\/24791\/revisions"}],"wp:featuredmedia":[{"embeddable":true,"href":"https:\/\/konferenztechnik.de\/it\/wp-json\/wp\/v2\/media\/45482"}],"wp:attachment":[{"href":"https:\/\/konferenztechnik.de\/it\/wp-json\/wp\/v2\/media?parent=24791"}],"curies":[{"name":"wp","href":"https:\/\/api.w.org\/{rel}","templated":true}]}}