{"id":49064,"date":"2026-01-02T13:23:00","date_gmt":"2026-01-02T12:23:00","guid":{"rendered":"https:\/\/konferenztechnik.de\/?page_id=49064"},"modified":"2026-01-13T22:00:49","modified_gmt":"2026-01-13T21:00:49","slug":"display-a-led-per-sale-conferenze-2","status":"publish","type":"page","link":"https:\/\/konferenztechnik.de\/it\/display-a-led-per-sale-conferenze-2\/","title":{"rendered":"Display a LED per sale conferenze"},"content":{"rendered":"<div data-elementor-type=\"wp-page\" data-elementor-id=\"49064\" class=\"elementor elementor-49064\" data-elementor-post-type=\"page\">\n\t\t\t\t<div data-particle_enable=\"false\" data-particle-mobile-disabled=\"false\" class=\"elementor-element elementor-element-50db39c e-flex e-con-boxed e-con e-parent\" data-id=\"50db39c\" data-element_type=\"container\">\n\t\t\t\t\t<div class=\"e-con-inner\">\n\t\t\t\t<div class=\"elementor-element elementor-element-408bc7f elementor-widget__width-inherit elementor-widget elementor-widget-text-editor\" data-id=\"408bc7f\" data-element_type=\"widget\" data-widget_type=\"text-editor.default\">\n\t\t\t\t<div class=\"elementor-widget-container\">\n\t\t\t\t\t\t\t\t\t<h1>10 considerazioni sui display a LED per sale conferenze<\/h1><p>I display a LED per sale conferenze sono ormai lo standard quando si tratta di presentazioni professionali, videoconferenze e riunioni ibride. A differenza dei proiettori classici, i moderni display a LED offrono elevata luminosit\u00e0, forti contrasti e colori brillanti \u2013 anche alla luce del giorno. In questo modo i contenuti rimangono chiaramente riconoscibili per tutti i partecipanti nella sala. In combinazione con la tecnologia multimediale adeguata, come sistemi di videoconferenza, presentazione wireless o controllo multimediale, si crea una sala conferenze che pu\u00f2 essere utilizzata in modo flessibile e che semplifica notevolmente il vostro lavoro quotidiano. Vi aiutiamo ad adattare perfettamente i display a LED alle dimensioni della sala, alla distanza tra i posti a sedere e agli scenari di utilizzo tipici, dalle sale riunioni compatte alle grandi sale conferenze. Su richiesta, potete ricevere tecnologia, consulenza, installazione e assistenza da un unico fornitore.<\/p>\t\t\t\t\t\t\t\t<\/div>\n\t\t\t\t<\/div>\n\t\t\t\t\t<\/div>\n\t\t\t\t<\/div>\n\t\t<div data-particle_enable=\"false\" data-particle-mobile-disabled=\"false\" class=\"elementor-element elementor-element-22d63af e-flex e-con-boxed e-con e-parent\" data-id=\"22d63af\" data-element_type=\"container\">\n\t\t\t\t\t<div class=\"e-con-inner\">\n\t\t\t\t<div class=\"elementor-element elementor-element-cf5b495 elementor-widget__width-inherit elementor-widget elementor-widget-text-editor\" data-id=\"cf5b495\" data-element_type=\"widget\" data-widget_type=\"text-editor.default\">\n\t\t\t\t<div class=\"elementor-widget-container\">\n\t\t\t\t\t\t\t\t\t<h2>1. Come scegliere correttamente i display a LED per le sale conferenze<\/h2><p>La scelta del display LED adatto per le sale conferenze inizia dalle dimensioni della stanza e dalla distanza tra i posti a sedere. \u00c8 fondamentale scegliere la diagonale giusta del display: i contenuti devono essere ben leggibili anche dai posti pi\u00f9 lontani. Assicuratevi inoltre che la risoluzione sia elevata (almeno 4K), che la luminosit\u00e0 sia sufficiente e che l'angolo di visione sia ampio, in modo che le presentazioni e le videoconferenze rimangano ben visibili da ogni prospettiva. \u00c8 importante anche la variet\u00e0 di connessioni per laptop, sistemi di videoconferenza e lettori. Funzionalit\u00e0 intelligenti come altoparlanti integrati, funzioni di collaborazione o funzionalit\u00e0 touch possono semplificare ulteriormente le riunioni. Vi forniamo una consulenza personalizzata, analizziamo le vostre esigenze e vi consigliamo i display a LED pi\u00f9 adatti alla vostra sala conferenze, al vostro budget e al vostro concetto di utilizzo.<\/p>\t\t\t\t\t\t\t\t<\/div>\n\t\t\t\t<\/div>\n\t\t\t\t\t<\/div>\n\t\t\t\t<\/div>\n\t\t<div data-particle_enable=\"false\" data-particle-mobile-disabled=\"false\" class=\"elementor-element elementor-element-2cb46e8 e-flex e-con-boxed e-con e-parent\" data-id=\"2cb46e8\" data-element_type=\"container\">\n\t\t\t\t\t<div class=\"e-con-inner\">\n\t\t\t\t<div class=\"elementor-element elementor-element-c3f44f6 elementor-widget__width-inherit elementor-widget elementor-widget-text-editor\" data-id=\"c3f44f6\" data-element_type=\"widget\" data-widget_type=\"text-editor.default\">\n\t\t\t\t<div class=\"elementor-widget-container\">\n\t\t\t\t\t\t\t\t\t<h2>2. Fissate un appuntamento per una consulenza gratuita sulla tecnologia LED nelle sale conferenze.<\/h2>\t\t\t\t\t\t\t\t<\/div>\n\t\t\t\t<\/div>\n\t\t\t\t<div class=\"elementor-element elementor-element-e3197c1 elementor-widget elementor-widget-html\" data-id=\"e3197c1\" data-element_type=\"widget\" data-widget_type=\"html.default\">\n\t\t\t\t<div class=\"elementor-widget-container\">\n\t\t\t\t\t<style>\n    .amelia-v2-booking #amelia-container.am-fs__wrapper {\n        box-shadow: 0 00px 0px #0000001f !Important;\n<\/style>\n\n\n<script>\n  if (typeof hasAmeliaEntitiesApiCall === 'undefined' && ('' === '' && '' !== '1')) {\n    var hasAmeliaEntitiesApiCall = true;\n  }\n  var ameliaShortcodeData = (typeof ameliaShortcodeData === 'undefined') ? [] : ameliaShortcodeData;\n  ameliaShortcodeData.push(\n    {\n      'hasApiCall': (typeof hasAmeliaEntitiesApiCall !== 'undefined') && hasAmeliaEntitiesApiCall,\n      'trigger': '',\n      'trigger_type': '',\n      'triggered_form': 'sbsNew',\n      'in_dialog': '',\n      'show': '',\n      'counter': '1000',\n      'category': '',\n      'service': '2',\n      'employee': '',\n      'location': '',\n      'package': '',\n      'layout': '',\n    }\n  );\n\n  var ameliaShortcodeDataTriggered = (typeof ameliaShortcodeDataTriggered === 'undefined') ? [] : ameliaShortcodeDataTriggered;\n  if (ameliaShortcodeData[ameliaShortcodeData.length - 1].trigger !== '') {\n    if (ameliaShortcodeDataTriggered.filter(a => a.counter === ameliaShortcodeData[ameliaShortcodeData.length - 1].counter).length === 0) {\n      ameliaShortcodeDataTriggered.push(ameliaShortcodeData.pop());\n    } else {\n      ameliaShortcodeData.pop()\n    }\n  }\n  if (typeof hasAmeliaEntitiesApiCall !== 'undefined' && hasAmeliaEntitiesApiCall) {\n    hasAmeliaEntitiesApiCall = false;\n  }\n<\/script>\n\n<div\n  id=\"amelia-v2-booking-1000\"\n  class=\"amelia-v2-booking\"\n >\n    <step-form-wrapper><\/step-form-wrapper><\/div>\n\t\t\t\t<\/div>\n\t\t\t\t<\/div>\n\t\t\t\t\t<\/div>\n\t\t\t\t<\/div>\n\t\t<div data-particle_enable=\"false\" data-particle-mobile-disabled=\"false\" class=\"elementor-element elementor-element-ffa5676 e-flex e-con-boxed e-con e-parent\" data-id=\"ffa5676\" data-element_type=\"container\">\n\t\t\t\t\t<div class=\"e-con-inner\">\n\t\t\t\t<div class=\"elementor-element elementor-element-ae148d8 elementor-widget__width-inherit elementor-widget elementor-widget-text-editor\" data-id=\"ae148d8\" data-element_type=\"widget\" data-widget_type=\"text-editor.default\">\n\t\t\t\t<div class=\"elementor-widget-container\">\n\t\t\t\t\t\t\t\t\t<h2>3. Panoramica dei vantaggi dei display a LED per sale conferenze<\/h2><p>I display a LED offrono chiari vantaggi rispetto ai proiettori tradizionali nelle sale conferenze. Garantiscono immagini luminose e ricche di contrasto anche in presenza di luce diurna, senza necessit\u00e0 di oscurare la stanza e senza richiedere una manutenzione complessa di lampade o filtri. La lunga durata dei LED assicura un'elevata affidabilit\u00e0 operativa e costi pianificabili. I contenuti vengono visualizzati in alta risoluzione: l'ideale per presentazioni, tabelle, video e videoconferenze. Inoltre, i display a LED sono immediatamente pronti all'uso, senza tempi di riscaldamento. In combinazione con la moderna tecnologia per conferenze, come i sistemi di presentazione wireless o la tecnologia audio professionale, si creano sale riunioni efficienti e flessibili. In questo modo potrete beneficiare di una migliore comprensibilit\u00e0, una maggiore produttivit\u00e0 e un'immagine professionale nei confronti di clienti, partner e ospiti.<\/p>\t\t\t\t\t\t\t\t<\/div>\n\t\t\t\t<\/div>\n\t\t\t\t\t<\/div>\n\t\t\t\t<\/div>\n\t\t<div data-particle_enable=\"false\" data-particle-mobile-disabled=\"false\" class=\"elementor-element elementor-element-a275716 e-flex e-con-boxed e-con e-parent\" data-id=\"a275716\" data-element_type=\"container\">\n\t\t\t\t\t<div class=\"e-con-inner\">\n\t\t\t\t<div class=\"elementor-element elementor-element-e0531bf elementor-widget__width-inherit elementor-widget elementor-widget-text-editor\" data-id=\"e0531bf\" data-element_type=\"widget\" data-widget_type=\"text-editor.default\">\n\t\t\t\t<div class=\"elementor-widget-container\">\n\t\t\t\t\t\t\t\t\t<h2>4. Acquisto e noleggio di display LED efficienti per sale conferenze<\/h2><p>L'acquisto o il noleggio di display a LED per sale conferenze dipende dal vostro scenario di utilizzo. Per sale riunioni e sale consiglio utilizzate in modo permanente, spesso conviene l'acquisto \u2013, compresa l'installazione multimediale su misura, il montaggio e l'integrazione nella vostra tecnologia per conferenze esistente. Per utilizzi temporanei, congressi, fiere o eventi ibridi, \u00e8 consigliabile il noleggio di display a LED. Otterrete una tecnologia all'avanguardia, dimensionata in base alle vostre esigenze, senza investimenti a lungo termine. Vi supportiamo sia con soluzioni fisse che con progetti di noleggio a breve termine: dalla selezione dei display adeguati alla consegna e all'installazione, fino all'assistenza tecnica in loco. In questo modo potrete utilizzare una tecnologia multimediale efficiente, esattamente quando e dove ne avete bisogno.<\/p>\t\t\t\t\t\t\t\t<\/div>\n\t\t\t\t<\/div>\n\t\t\t\t\t<\/div>\n\t\t\t\t<\/div>\n\t\t<div data-particle_enable=\"false\" data-particle-mobile-disabled=\"false\" class=\"elementor-element elementor-element-0bfe55b e-flex e-con-boxed e-con e-parent\" data-id=\"0bfe55b\" data-element_type=\"container\">\n\t\t\t\t\t<div class=\"e-con-inner\">\n\t\t\t\t<div class=\"elementor-element elementor-element-6121126 elementor-widget__width-inherit elementor-widget elementor-widget-text-editor\" data-id=\"6121126\" data-element_type=\"widget\" data-widget_type=\"text-editor.default\">\n\t\t\t\t<div class=\"elementor-widget-container\">\n\t\t\t\t\t\t\t\t\t<h2>5. Display a LED per sale conferenze \u2013: sperimentare la tecnologia moderna<\/h2><p>Con i moderni display a LED potete trasformare le sale conferenze in ambienti di comunicazione altamente performanti. I display ad alta risoluzione rendono le presentazioni, le demo dal vivo e le videoconferenze un'esperienza visiva. Contenuti in movimento, grafici dettagliati o visualizzazioni di prodotti vengono riprodotti con estrema nitidezza, rendendoli ideali per workshop, pitch meeting o corsi di formazione. In combinazione con altre tecnologie per eventi, come telecamere, microfoni e altoparlanti, si crea una piattaforma professionale per la comunicazione interna ed esterna. Soprattutto negli eventi ibridi, questa combinazione garantisce condizioni ottimali sia ai partecipanti in loco che a quelli online. Vi mostriamo quali soluzioni di display a LED si adattano ai vostri spazi e ai vostri processi e come integrare passo dopo passo le moderne tecnologie per conferenze.<\/p>\t\t\t\t\t\t\t\t<\/div>\n\t\t\t\t<\/div>\n\t\t<div data-particle_enable=\"false\" data-particle-mobile-disabled=\"false\" class=\"elementor-element elementor-element-c70f192 e-con-full e-flex e-con e-child\" data-id=\"c70f192\" data-element_type=\"container\" data-settings=\"{&quot;animation&quot;:&quot;none&quot;}\">\n\t\t\t\t<div class=\"elementor-element elementor-element-1bc1f21 elementor-widget elementor-widget-heading\" data-id=\"1bc1f21\" data-element_type=\"widget\" data-settings=\"{&quot;_animation&quot;:&quot;none&quot;}\" data-widget_type=\"heading.default\">\n\t\t\t\t<div class=\"elementor-widget-container\">\n\t\t\t\t\t<h2 class=\"elementor-heading-title elementor-size-default\">Prodotti e servizi<\/h2>\t\t\t\t<\/div>\n\t\t\t\t<\/div>\n\t\t<div data-particle_enable=\"false\" data-particle-mobile-disabled=\"false\" class=\"elementor-element elementor-element-75dbe75 e-grid e-con-boxed e-con e-child\" data-id=\"75dbe75\" data-element_type=\"container\" data-settings=\"{&quot;animation&quot;:&quot;none&quot;}\">\n\t\t\t\t\t<div class=\"e-con-inner\">\n\t\t<div data-particle_enable=\"false\" data-particle-mobile-disabled=\"false\" class=\"elementor-element elementor-element-9746b75 e-transform e-flex e-con-boxed e-con e-child\" data-id=\"9746b75\" data-element_type=\"container\" data-settings=\"{&quot;background_background&quot;:&quot;classic&quot;,&quot;_transform_scale_effect_hover&quot;:{&quot;unit&quot;:&quot;px&quot;,&quot;size&quot;:1.020000000000000017763568394002504646778106689453125,&quot;sizes&quot;:[]},&quot;_transform_scale_effect_hover_widescreen&quot;:{&quot;unit&quot;:&quot;px&quot;,&quot;size&quot;:&quot;&quot;,&quot;sizes&quot;:[]},&quot;_transform_scale_effect_hover_laptop&quot;:{&quot;unit&quot;:&quot;px&quot;,&quot;size&quot;:&quot;&quot;,&quot;sizes&quot;:[]},&quot;_transform_scale_effect_hover_tablet_extra&quot;:{&quot;unit&quot;:&quot;px&quot;,&quot;size&quot;:&quot;&quot;,&quot;sizes&quot;:[]},&quot;_transform_scale_effect_hover_tablet&quot;:{&quot;unit&quot;:&quot;px&quot;,&quot;size&quot;:&quot;&quot;,&quot;sizes&quot;:[]},&quot;_transform_scale_effect_hover_mobile&quot;:{&quot;unit&quot;:&quot;px&quot;,&quot;size&quot;:&quot;&quot;,&quot;sizes&quot;:[]}}\">\n\t\t\t\t\t<div class=\"e-con-inner\">\n\t\t\t\t<div class=\"elementor-element elementor-element-7b065ab elementor-widget elementor-widget-image\" data-id=\"7b065ab\" data-element_type=\"widget\" data-widget_type=\"image.default\">\n\t\t\t\t<div class=\"elementor-widget-container\">\n\t\t\t\t\t\t\t\t\t\t\t\t\t\t\t\t<a href=\"https:\/\/konferenztechnik.de\/it\/pareti-a-led\/\">\n\t\t\t\t\t\t\t<img fetchpriority=\"high\" decoding=\"async\" width=\"452\" height=\"296\" src=\"https:\/\/konferenztechnik.de\/wp-content\/uploads\/2025\/09\/LED-Waende-LED-Videowalls-kaufen-mieten-installieren.avif\" class=\"attachment-large size-large wp-image-48654\" alt=\"Pareti-LED-Videowalls-Acquista-noleggio-installazione\" srcset=\"https:\/\/konferenztechnik.de\/wp-content\/uploads\/2025\/09\/LED-Waende-LED-Videowalls-kaufen-mieten-installieren.avif 452w, https:\/\/konferenztechnik.de\/wp-content\/uploads\/2025\/09\/LED-Waende-LED-Videowalls-kaufen-mieten-installieren-300x196.avif 300w, https:\/\/konferenztechnik.de\/wp-content\/uploads\/2025\/09\/LED-Waende-LED-Videowalls-kaufen-mieten-installieren-18x12.avif 18w\" sizes=\"(max-width: 452px) 100vw, 452px\" title=\"\">\t\t\t\t\t\t\t\t<\/a>\n\t\t\t\t\t\t\t\t\t\t\t\t\t\t\t<\/div>\n\t\t\t\t<\/div>\n\t\t\t\t<div class=\"elementor-element elementor-element-9dae52e elementor-widget elementor-widget-heading\" data-id=\"9dae52e\" data-element_type=\"widget\" data-widget_type=\"heading.default\">\n\t\t\t\t<div class=\"elementor-widget-container\">\n\t\t\t\t\t<h2 class=\"elementor-heading-title elementor-size-default\"><a href=\"https:\/\/konferenztechnik.de\/it\/ki-trascrizione-di-sottotitoli-dal-vivo-da-parlato-a-testo\/\">Pareti LED, videowall LED<\/a><\/h2>\t\t\t\t<\/div>\n\t\t\t\t<\/div>\n\t\t\t\t<div class=\"elementor-element elementor-element-83b90ec elementor-widget__width-inherit elementor-widget elementor-widget-text-editor\" data-id=\"83b90ec\" data-element_type=\"widget\" data-widget_type=\"text-editor.default\">\n\t\t\t\t<div class=\"elementor-widget-container\">\n\t\t\t\t\t\t\t\t\t<p>Soluzioni LED per conferenze, eventi e aziende. Noleggiamo, vendiamo e ci occupiamo di installazioni permanenti e manutenzione.<\/p>\t\t\t\t\t\t\t\t<\/div>\n\t\t\t\t<\/div>\n\t\t\t\t<div class=\"elementor-element elementor-element-4af10ea elementor-align-right elementor-widget elementor-widget-button\" data-id=\"4af10ea\" data-element_type=\"widget\" data-widget_type=\"button.default\">\n\t\t\t\t<div class=\"elementor-widget-container\">\n\t\t\t\t\t\t\t\t\t<div class=\"elementor-button-wrapper\">\n\t\t\t\t\t<a class=\"elementor-button elementor-button-link elementor-size-lg\" href=\"https:\/\/konferenztechnik.de\/it\/pareti-a-led\/\">\n\t\t\t\t\t\t<span class=\"elementor-button-content-wrapper\">\n\t\t\t\t\t\t\t\t\t<span class=\"elementor-button-text\">Per saperne di pi\u00f9<\/span>\n\t\t\t\t\t<\/span>\n\t\t\t\t\t<\/a>\n\t\t\t\t<\/div>\n\t\t\t\t\t\t\t\t<\/div>\n\t\t\t\t<\/div>\n\t\t\t\t\t<\/div>\n\t\t\t\t<\/div>\n\t\t<div data-particle_enable=\"false\" data-particle-mobile-disabled=\"false\" class=\"elementor-element elementor-element-c2bf581 e-transform e-con-full e-flex e-con e-child\" data-id=\"c2bf581\" data-element_type=\"container\" data-settings=\"{&quot;background_background&quot;:&quot;classic&quot;,&quot;_transform_scale_effect_hover&quot;:{&quot;unit&quot;:&quot;px&quot;,&quot;size&quot;:1.020000000000000017763568394002504646778106689453125,&quot;sizes&quot;:[]},&quot;_transform_scale_effect_hover_widescreen&quot;:{&quot;unit&quot;:&quot;px&quot;,&quot;size&quot;:&quot;&quot;,&quot;sizes&quot;:[]},&quot;_transform_scale_effect_hover_laptop&quot;:{&quot;unit&quot;:&quot;px&quot;,&quot;size&quot;:&quot;&quot;,&quot;sizes&quot;:[]},&quot;_transform_scale_effect_hover_tablet_extra&quot;:{&quot;unit&quot;:&quot;px&quot;,&quot;size&quot;:&quot;&quot;,&quot;sizes&quot;:[]},&quot;_transform_scale_effect_hover_tablet&quot;:{&quot;unit&quot;:&quot;px&quot;,&quot;size&quot;:&quot;&quot;,&quot;sizes&quot;:[]},&quot;_transform_scale_effect_hover_mobile&quot;:{&quot;unit&quot;:&quot;px&quot;,&quot;size&quot;:&quot;&quot;,&quot;sizes&quot;:[]}}\">\n\t\t\t\t<div class=\"elementor-element elementor-element-d987f2a elementor-widget elementor-widget-image\" data-id=\"d987f2a\" data-element_type=\"widget\" data-widget_type=\"image.default\">\n\t\t\t\t<div class=\"elementor-widget-container\">\n\t\t\t\t\t\t\t\t\t\t\t\t\t\t\t\t<a href=\"https:\/\/konferenztechnik.de\/it\/pacchetti-di-sale-conferenze-pcs-moderne-sale-conferenze-ibride-a-condizioni-vantaggiose\/\">\n\t\t\t\t\t\t\t<img decoding=\"async\" width=\"424\" height=\"283\" src=\"https:\/\/konferenztechnik.de\/wp-content\/uploads\/2021\/06\/pcs-raumbundles-konferenzraum-kaufen.jpg\" class=\"attachment-large size-large wp-image-18006\" alt=\"Collage con microfono, monitor e telecamera per videoconferenze\" srcset=\"https:\/\/konferenztechnik.de\/wp-content\/uploads\/2021\/06\/pcs-raumbundles-konferenzraum-kaufen.jpg 424w, https:\/\/konferenztechnik.de\/wp-content\/uploads\/2021\/06\/pcs-raumbundles-konferenzraum-kaufen-300x200.jpg 300w\" sizes=\"(max-width: 424px) 100vw, 424px\" title=\"\">\t\t\t\t\t\t\t\t<\/a>\n\t\t\t\t\t\t\t\t\t\t\t\t\t\t\t<\/div>\n\t\t\t\t<\/div>\n\t\t\t\t<div class=\"elementor-element elementor-element-1393c21 elementor-widget elementor-widget-heading\" data-id=\"1393c21\" data-element_type=\"widget\" data-widget_type=\"heading.default\">\n\t\t\t\t<div class=\"elementor-widget-container\">\n\t\t\t\t\t<h2 class=\"elementor-heading-title elementor-size-default\"><a href=\"https:\/\/konferenztechnik.de\/it\/pacchetti-di-sale-conferenze-pcs-moderne-sale-conferenze-ibride-a-condizioni-vantaggiose\/\">Pacchetti di sale conferenze<\/a><\/h2>\t\t\t\t<\/div>\n\t\t\t\t<\/div>\n\t\t\t\t<div class=\"elementor-element elementor-element-36e747f elementor-widget__width-inherit elementor-widget elementor-widget-text-editor\" data-id=\"36e747f\" data-element_type=\"widget\" data-widget_type=\"text-editor.default\">\n\t\t\t\t<div class=\"elementor-widget-container\">\n\t\t\t\t\t\t\t\t\t<div class=\"relative p-1 rounded-sm flex items-center justify-center bg-token-main-surface-primary text-token-text-primary h-8 w-8\">Installiamo tecnologie avanzate per le riunioni nella vostra sala conferenze. I nostri pacchetti sono disponibili a partire da soli 5.000 euro.<\/div>\t\t\t\t\t\t\t\t<\/div>\n\t\t\t\t<\/div>\n\t\t\t\t<div class=\"elementor-element elementor-element-b8639f3 elementor-align-right elementor-widget elementor-widget-button\" data-id=\"b8639f3\" data-element_type=\"widget\" data-widget_type=\"button.default\">\n\t\t\t\t<div class=\"elementor-widget-container\">\n\t\t\t\t\t\t\t\t\t<div class=\"elementor-button-wrapper\">\n\t\t\t\t\t<a class=\"elementor-button elementor-button-link elementor-size-lg\" href=\"https:\/\/konferenztechnik.de\/it\/pacchetti-di-sale-conferenze-pcs-moderne-sale-conferenze-ibride-a-condizioni-vantaggiose\/\">\n\t\t\t\t\t\t<span class=\"elementor-button-content-wrapper\">\n\t\t\t\t\t\t\t\t\t<span class=\"elementor-button-text\">Per saperne di pi\u00f9<\/span>\n\t\t\t\t\t<\/span>\n\t\t\t\t\t<\/a>\n\t\t\t\t<\/div>\n\t\t\t\t\t\t\t\t<\/div>\n\t\t\t\t<\/div>\n\t\t\t\t<\/div>\n\t\t<div data-particle_enable=\"false\" data-particle-mobile-disabled=\"false\" class=\"elementor-element elementor-element-13c4dfb e-transform e-con-full e-flex e-con e-child\" data-id=\"13c4dfb\" data-element_type=\"container\" data-settings=\"{&quot;background_background&quot;:&quot;classic&quot;,&quot;_transform_scale_effect_hover&quot;:{&quot;unit&quot;:&quot;px&quot;,&quot;size&quot;:1.020000000000000017763568394002504646778106689453125,&quot;sizes&quot;:[]},&quot;_transform_scale_effect_hover_widescreen&quot;:{&quot;unit&quot;:&quot;px&quot;,&quot;size&quot;:&quot;&quot;,&quot;sizes&quot;:[]},&quot;_transform_scale_effect_hover_laptop&quot;:{&quot;unit&quot;:&quot;px&quot;,&quot;size&quot;:&quot;&quot;,&quot;sizes&quot;:[]},&quot;_transform_scale_effect_hover_tablet_extra&quot;:{&quot;unit&quot;:&quot;px&quot;,&quot;size&quot;:&quot;&quot;,&quot;sizes&quot;:[]},&quot;_transform_scale_effect_hover_tablet&quot;:{&quot;unit&quot;:&quot;px&quot;,&quot;size&quot;:&quot;&quot;,&quot;sizes&quot;:[]},&quot;_transform_scale_effect_hover_mobile&quot;:{&quot;unit&quot;:&quot;px&quot;,&quot;size&quot;:&quot;&quot;,&quot;sizes&quot;:[]}}\">\n\t\t\t\t<div class=\"elementor-element elementor-element-6e025bc elementor-widget elementor-widget-image\" data-id=\"6e025bc\" data-element_type=\"widget\" data-widget_type=\"image.default\">\n\t\t\t\t<div class=\"elementor-widget-container\">\n\t\t\t\t\t\t\t\t\t\t\t\t\t\t\t\t<a href=\"https:\/\/konferenztechnik.de\/it\/accessibilita-eventi-soluzioni-tecniche-consulenza-implementazione\/\">\n\t\t\t\t\t\t\t<img decoding=\"async\" width=\"480\" height=\"318\" src=\"https:\/\/konferenztechnik.de\/wp-content\/uploads\/2023\/07\/mikfrofon-deckenarray-jpg.webp\" class=\"attachment-full size-full wp-image-37827\" alt=\"In uno schizzo di una sala conferenze in cui 8 persone sono sedute a un tavolo, sono mostrate le caratteristiche di dispersione di un altoparlante a soffitto. Tutte le persone ricevono una buona intelligibilit\u00e0 audio nella zona indicata.\" srcset=\"https:\/\/konferenztechnik.de\/wp-content\/uploads\/2023\/07\/mikfrofon-deckenarray-jpg.webp 480w, https:\/\/konferenztechnik.de\/wp-content\/uploads\/2023\/07\/mikfrofon-deckenarray-300x199.webp 300w, https:\/\/konferenztechnik.de\/wp-content\/uploads\/2023\/07\/mikfrofon-deckenarray-18x12.webp 18w\" sizes=\"(max-width: 480px) 100vw, 480px\" title=\"\">\t\t\t\t\t\t\t\t<\/a>\n\t\t\t\t\t\t\t\t\t\t\t\t\t\t\t<\/div>\n\t\t\t\t<\/div>\n\t\t\t\t<div class=\"elementor-element elementor-element-4a42406 elementor-widget elementor-widget-heading\" data-id=\"4a42406\" data-element_type=\"widget\" data-widget_type=\"heading.default\">\n\t\t\t\t<div class=\"elementor-widget-container\">\n\t\t\t\t\t<h2 class=\"elementor-heading-title elementor-size-default\"><a href=\"https:\/\/konferenztechnik.de\/it\/sale-conferenze-con-microfoni-e-altoparlanti-a-soffitto\/\">Sale conferenze con microfoni e altoparlanti a soffitto<\/a><\/h2>\t\t\t\t<\/div>\n\t\t\t\t<\/div>\n\t\t\t\t<div class=\"elementor-element elementor-element-89cf215 elementor-widget__width-inherit elementor-widget elementor-widget-text-editor\" data-id=\"89cf215\" data-element_type=\"widget\" data-widget_type=\"text-editor.default\">\n\t\t\t\t<div class=\"elementor-widget-container\">\n\t\t\t\t\t\t\t\t\t<p>Una copertura audio ottimale \u00e8 per noi il punto di partenza e l'aspetto pi\u00f9 importante nella...<\/p>\t\t\t\t\t\t\t\t<\/div>\n\t\t\t\t<\/div>\n\t\t\t\t<div class=\"elementor-element elementor-element-b37a82e elementor-align-right elementor-widget elementor-widget-button\" data-id=\"b37a82e\" data-element_type=\"widget\" data-widget_type=\"button.default\">\n\t\t\t\t<div class=\"elementor-widget-container\">\n\t\t\t\t\t\t\t\t\t<div class=\"elementor-button-wrapper\">\n\t\t\t\t\t<a class=\"elementor-button elementor-button-link elementor-size-lg\" href=\"https:\/\/konferenztechnik.de\/it\/sale-conferenze-con-microfoni-e-altoparlanti-a-soffitto\/\">\n\t\t\t\t\t\t<span class=\"elementor-button-content-wrapper\">\n\t\t\t\t\t\t\t\t\t<span class=\"elementor-button-text\">Per saperne di pi\u00f9<\/span>\n\t\t\t\t\t<\/span>\n\t\t\t\t\t<\/a>\n\t\t\t\t<\/div>\n\t\t\t\t\t\t\t\t<\/div>\n\t\t\t\t<\/div>\n\t\t\t\t<\/div>\n\t\t\t\t\t<\/div>\n\t\t\t\t<\/div>\n\t\t\t\t<\/div>\n\t\t\t\t\t<\/div>\n\t\t\t\t<\/div>\n\t\t<div data-particle_enable=\"false\" data-particle-mobile-disabled=\"false\" class=\"elementor-element elementor-element-09e4664 e-flex e-con-boxed e-con e-parent\" data-id=\"09e4664\" data-element_type=\"container\">\n\t\t\t\t\t<div class=\"e-con-inner\">\n\t\t\t\t<div class=\"elementor-element elementor-element-2fb7d8d elementor-widget__width-inherit elementor-widget elementor-widget-text-editor\" data-id=\"2fb7d8d\" data-element_type=\"widget\" data-widget_type=\"text-editor.default\">\n\t\t\t\t<div class=\"elementor-widget-container\">\n\t\t\t\t\t\t\t\t\t<h2>6. Display a LED per sale conferenze: tecnologia per presentazioni chiare<\/h2><p>Presentazioni chiare sono alla base di riunioni di successo. I display LED per sale conferenze garantiscono una visualizzazione nitida di testi, grafici e immagini senza riflessi n\u00e9 sfocature. L'alta risoluzione \u00e8 particolarmente utile nel caso di contenuti complessi come indicatori, disegni tecnici o piani di progetto. I contenuti possono essere ingranditi senza perdere in leggibilit\u00e0. In combinazione con un controllo multimediale intuitivo, \u00e8 possibile passare senza soluzione di continuit\u00e0 da una fonte all'altra, ad esempio laptop, sistema di videoconferenza o telecamera per documenti. In questo modo i moderatori mantengono il controllo in ogni momento. Vi aiutiamo a progettare una soluzione multimediale completa che combina display a LED, tecnologia audio e di controllo e porta le vostre presentazioni a un nuovo livello.<\/p>\t\t\t\t\t\t\t\t<\/div>\n\t\t\t\t<\/div>\n\t\t\t\t\t<\/div>\n\t\t\t\t<\/div>\n\t\t<div data-particle_enable=\"false\" data-particle-mobile-disabled=\"false\" class=\"elementor-element elementor-element-f547d1e e-flex e-con-boxed e-con e-parent\" data-id=\"f547d1e\" data-element_type=\"container\">\n\t\t\t\t\t<div class=\"e-con-inner\">\n\t\t\t\t<div class=\"elementor-element elementor-element-f0083f6 elementor-widget__width-inherit elementor-widget elementor-widget-text-editor\" data-id=\"f0083f6\" data-element_type=\"widget\" data-widget_type=\"text-editor.default\">\n\t\t\t\t<div class=\"elementor-widget-container\">\n\t\t\t\t\t\t\t\t\t<h2>Scopri e utilizza innovativi display a LED per sale conferenze<\/h2><p>Gli innovativi display a LED rendono le conferenze e le riunioni pi\u00f9 interattive ed efficienti. I display touchscreen consentono ai partecipanti di<em class=\"\">commentare, evidenziare o modificare insieme i contenuti direttamente sullo schermo. Funzionalit\u00e0 intelligenti come le funzioni integrate della lavagna bianca, la connessione wireless BYOD (Bring Your Own Device) e il software di collaborazione semplificano lo svolgimento di workshop e riunioni di progetto. In combinazione con soluzioni di videoconferenza basate sull'intelligenza artificiale, le telecamere possono automaticamente<\/em>o ottimizzare i dettagli dell'immagine. Vi aiutiamo a scegliere, tra la vasta gamma di opzioni disponibili, proprio quei componenti che supportano realmente i vostri team. In questo modo potrete utilizzare l'innovativa tecnologia LED non come fine a se stessa, ma come strumento pratico per una migliore collaborazione.<\/p>\t\t\t\t\t\t\t\t<\/div>\n\t\t\t\t<\/div>\n\t\t\t\t\t<\/div>\n\t\t\t\t<\/div>\n\t\t<div data-particle_enable=\"false\" data-particle-mobile-disabled=\"false\" class=\"elementor-element elementor-element-dadbaa5 e-flex e-con-boxed e-con e-parent\" data-id=\"dadbaa5\" data-element_type=\"container\">\n\t\t\t\t\t<div class=\"e-con-inner\">\n\t\t\t\t<div class=\"elementor-element elementor-element-f1a7605 elementor-widget__width-inherit elementor-widget elementor-widget-text-editor\" data-id=\"f1a7605\" data-element_type=\"widget\" data-widget_type=\"text-editor.default\">\n\t\t\t\t<div class=\"elementor-widget-container\">\n\t\t\t\t\t\t\t\t\t<h2>Display a LED per sale conferenze: scoprite la tecnologia pi\u00f9 avanzata<\/h2><p>Con i display LED all'avanguardia potete garantire il futuro delle vostre sale conferenze. Risoluzioni Ultra HD, frequenze di aggiornamento elevate e pixel pitch ridottissimi garantiscono una qualit\u00e0 dell'immagine impressionante anche su pareti LED di grandi dimensioni. Standard energetici avanzati aiutano a tenere sotto controllo il consumo di energia senza rinunciare alla luminosit\u00e0. Grazie alla struttura modulare, i display LED di grandi dimensioni possono essere adattati in modo flessibile all'architettura della stanza e alle linee visive, ad esempio nelle sale riunioni, nei centri di formazione o nelle aree eventi. Integrati con una tecnologia di controllo professionale, \u00e8 possibile richiamare diversi scenari \u2013 presentazione, videoconferenza, trasmissione in diretta \u2013 con la semplice pressione di un pulsante. Vi accompagniamo dalla progettazione all'installazione fino alla formazione, affinch\u00e9 possiate utilizzare in modo efficiente la moderna tecnologia multimediale fin dal primo giorno.<\/p>\t\t\t\t\t\t\t\t<\/div>\n\t\t\t\t<\/div>\n\t\t\t\t\t<\/div>\n\t\t\t\t<\/div>\n\t\t<div data-particle_enable=\"false\" data-particle-mobile-disabled=\"false\" class=\"elementor-element elementor-element-563d0ca e-flex e-con-boxed e-con e-parent\" data-id=\"563d0ca\" data-element_type=\"container\">\n\t\t\t\t\t<div class=\"e-con-inner\">\n\t\t\t\t<div class=\"elementor-element elementor-element-cd5a82d elementor-widget__width-inherit elementor-widget elementor-widget-text-editor\" data-id=\"cd5a82d\" data-element_type=\"widget\" data-widget_type=\"text-editor.default\">\n\t\t\t\t<div class=\"elementor-widget-container\">\n\t\t\t\t\t\t\t\t\t<h2>9. Visualizzazione perfetta con display a LED per sale conferenze<\/h2><p>Una visualizzazione perfetta significa che i vostri messaggi raggiungono il pubblico senza deviazioni. I display a LED per sale conferenze offrono la base ideale per questo: elevata fedelt\u00e0 dei colori, illuminazione uniforme e visualizzazione stabile delle immagini senza sfarfallio. In questo modo anche le riunioni e i corsi di formazione pi\u00f9 lunghi diventano pi\u00f9 piacevoli, perch\u00e9 gli occhi si affaticano meno. Infografiche dettagliate, contenuti video o feed live possono essere riprodotti in modo fluido e senza ritardi, il che \u00e8 importante ad esempio per presentazioni finanziarie, revisioni tecniche o dashboard in tempo reale. In combinazione con un'acustica e un'illuminazione adeguate, \u00e8 possibile creare un ambiente professionale in cui i contenuti sono al centro dell'attenzione. Sviluppiamo insieme a voi concetti di visualizzazione che tengono conto delle vostre esigenze specifiche e valorizzano al meglio le vostre sale conferenze.<\/p>\t\t\t\t\t\t\t\t<\/div>\n\t\t\t\t<\/div>\n\t\t\t\t\t<\/div>\n\t\t\t\t<\/div>\n\t\t<div data-particle_enable=\"false\" data-particle-mobile-disabled=\"false\" class=\"elementor-element elementor-element-d4b8cf9 e-flex e-con-boxed e-con e-parent\" data-id=\"d4b8cf9\" data-element_type=\"container\">\n\t\t\t\t\t<div class=\"e-con-inner\">\n\t\t\t\t<div class=\"elementor-element elementor-element-662242c elementor-widget__width-inherit elementor-widget elementor-widget-text-editor\" data-id=\"662242c\" data-element_type=\"widget\" data-widget_type=\"text-editor.default\">\n\t\t\t\t<div class=\"elementor-widget-container\">\n\t\t\t\t\t\t\t\t\t<h2>10. Display a LED per sale conferenze: tecnologia multimediale efficiente<\/h2><p>Una tecnologia multimediale efficiente nelle sale conferenze consente di risparmiare tempo, ridurre le fonti di errore e migliorare la qualit\u00e0 delle riunioni. I display a LED sono l'elemento centrale: sono pronti all'uso in pochissimo tempo, facili da usare e durevoli. Integrati in un'installazione multimediale ben progettata, display, audio, illuminazione della sala e oscuramento possono essere controllati centralmente. In questo modo \u00e8 possibile avviare presentazioni e videoconferenze con pochi clic, senza dover cercare cavi o impostazioni. Tramite interfacce con sistemi di prenotazione delle sale o strumenti di collaborazione, \u00e8 possibile integrare gli schermi LED nel proprio ambiente di lavoro digitale. Vi supportiamo nella pianificazione, nella realizzazione e nell'assistenza continua, affinch\u00e9 le vostre sale conferenze funzionino in modo tecnicamente affidabile e i team possano concentrarsi completamente sui contenuti.<\/p>\t\t\t\t\t\t\t\t<\/div>\n\t\t\t\t<\/div>\n\t\t\t\t\t<\/div>\n\t\t\t\t<\/div>\n\t\t\t\t<\/div>","protected":false},"excerpt":{"rendered":"<p>10 Gedanken zu LED-Displays f\u00fcr Konferenzr\u00e4ume LED-Displays f\u00fcr Konferenzr\u00e4ume sind heute der Standard, wenn es um professionelle Pr\u00e4sentationen, Videokonferenzen und hybride Meetings geht. Im Unterschied zu klassischen Projektoren bieten moderne LED-Displays hohe Helligkeit, starke Kontraste und brillante Farben \u2013 selbst bei Tageslicht. So bleiben Inhalte f\u00fcr alle Teilnehmer*innen im Raum klar erkennbar. In Kombination mit [&hellip;]<\/p>","protected":false},"author":2,"featured_media":45482,"parent":0,"menu_order":0,"comment_status":"closed","ping_status":"closed","template":"","meta":{"_acf_changed":false,"footnotes":""},"class_list":["post-49064","page","type-page","status-publish","has-post-thumbnail","hentry"],"acf":[],"_links":{"self":[{"href":"https:\/\/konferenztechnik.de\/it\/wp-json\/wp\/v2\/pages\/49064","targetHints":{"allow":["GET"]}}],"collection":[{"href":"https:\/\/konferenztechnik.de\/it\/wp-json\/wp\/v2\/pages"}],"about":[{"href":"https:\/\/konferenztechnik.de\/it\/wp-json\/wp\/v2\/types\/page"}],"author":[{"embeddable":true,"href":"https:\/\/konferenztechnik.de\/it\/wp-json\/wp\/v2\/users\/2"}],"replies":[{"embeddable":true,"href":"https:\/\/konferenztechnik.de\/it\/wp-json\/wp\/v2\/comments?post=49064"}],"version-history":[{"count":0,"href":"https:\/\/konferenztechnik.de\/it\/wp-json\/wp\/v2\/pages\/49064\/revisions"}],"wp:featuredmedia":[{"embeddable":true,"href":"https:\/\/konferenztechnik.de\/it\/wp-json\/wp\/v2\/media\/45482"}],"wp:attachment":[{"href":"https:\/\/konferenztechnik.de\/it\/wp-json\/wp\/v2\/media?parent=49064"}],"curies":[{"name":"wp","href":"https:\/\/api.w.org\/{rel}","templated":true}]}}