{"id":5827,"date":"2015-10-12T11:52:48","date_gmt":"2015-10-12T10:52:48","guid":{"rendered":"https:\/\/konferenztechnik.de\/?page_id=5827"},"modified":"2024-12-04T13:34:56","modified_gmt":"2024-12-04T12:34:56","slug":"carriera","status":"publish","type":"page","link":"https:\/\/konferenztechnik.de\/it\/carriera\/","title":{"rendered":"lavori"},"content":{"rendered":"<p>[spacer size=\"20\u2033]<br \/>\n[column size=\"3-4\u2033 last=\"0\u2033]<\/p>\n<h1>Offerte di lavoro, posti vacanti e apprendistato presso PCS GmbH<\/h1>\n<p>PCS GmbH \u00e8 un'organizzazione di formazione. Formiamo specialisti in tecnologia degli eventi, specialisti in logistica di magazzino e assistenti alla gestione degli eventi. Siete interessati? Qui potete trovare tutte le offerte di lavoro.<\/p>\n<p>Siamo inoltre sempre alla ricerca di collaboratori qualificati. Se al momento non c'\u00e8 un posto vacante adatto a voi, potete inviarci una candidatura spontanea.<\/p>\n<p>Le candidature per Monaco e D\u00fcsseldorf vanno inviate a Thorsten Gei\u00dfler:<br \/>\n<a href=\"mailto:geissler@konferenztechnik.de\">geissler@konferenztechnik.de<\/a><\/p>\n<p>Si prega di inviare le candidature per Berlino a Gunnar Hermenau:<br \/>\n<a href=\"mailto:hermenau@konferenztechnik.de\">hermenau@konferenztechnik.de<\/a><\/p>\n<p>Per qualsiasi domanda sulle nostre offerte di lavoro e di apprendistato, contattateci.<\/p>\n<p>[\/colonna]<\/p>\n<p>[column size=\"1-4\u2033 last=\"1\u2033]<\/p>\n<p>[\/colonna]<\/p>\n<h2><b>Offerte di lavoro attuali<\/b><\/h2>\n<p>[spacer size=\"20\u2033]<br \/>\n[column size=\"1-4\u2033 last=\"0\u2033]<br \/>\n<a href=\"https:\/\/konferenztechnik.de\/jobs\/fachkraft-fuer-veranstaltungstechnik-d-w-m-gesucht\/\"><\/a><\/p>\n<p><a href=\"https:\/\/konferenztechnik.de\/jobs\/fachkraft-fuer-veranstaltungstechnik-d-w-m-gesucht\/\"><\/p>\n<h3><b>Specialista per la tecnologia degli eventi (d\/w\/m),<br \/>\nIngegneri per eventi, tecnici multimediali AV<br \/>\nD\u00fcsseldorf<\/b><\/h3>\n<p><\/a><a href=\"https:\/\/konferenztechnik.de\/jobs\/fachkraft-fuer-veranstaltungstechnik-d-w-m-gesucht\/\"><\/a><\/p>\n<p>Siamo attualmente alla ricerca di tecnici provenienti da diversi settori della tecnologia degli eventi che ci supportino nella realizzazione tecnica di conferenze ed eventi nella nostra sede di D\u00fcsseldorf.<\/p>\n<p>[button link=\"https:\/\/www.konferenztechnik.de\/jobs\/fachkraft-fuer-veranstaltungstechnik-d-w-m-gesucht\/\" target=\"self\" color=\"#a62055\u2033 text=\"light\"]Informazioni e candidatura[\/button]<br \/>\n[\/colonna]<\/p>\n<p>[column size=\"1-4\u2033 last=\"0\u2033]<br \/>\n<a href=\"https:\/\/konferenztechnik.de\/it\/specialista-in-tecnologia-degli-eventi-d-f-m-cercasi-a-berlino\/\"><\/a><\/p>\n<p><a href=\"https:\/\/konferenztechnik.de\/it\/specialista-in-tecnologia-degli-eventi-d-f-m-cercasi-a-berlino\/\"><\/p>\n<h3><b>Specialista per la tecnologia degli eventi (d\/w\/m),<br \/>\nIngegneri per eventi, tecnici multimediali AV<br \/>\nBerlino<\/b><\/h3>\n<p><\/a><a href=\"https:\/\/konferenztechnik.de\/it\/specialista-in-tecnologia-degli-eventi-d-f-m-cercasi-a-berlino\/\"><\/a><\/p>\n<p>Attualmente siamo alla ricerca di tecnici provenienti da diversi settori della tecnologia degli eventi che ci supportino nella realizzazione tecnica di conferenze ed eventi nella nostra sede di Berlino.<\/p>\n<p>[button link=\"https:\/\/www.konferenztechnik.de\/fachkraft-fuer-veranstaltungstechnik-d-w-m-in-berlin-gesucht\/\" target=\"self\" color=\"#a62055\u2033 text=\"light\"]Informazioni e candidatura[\/button]<br \/>\n[\/colonna]<\/p>\n<p>[column size=\"1-3\u2033 last=\"1\u2033]<br \/>\n<a href=\"https:\/\/konferenztechnik.de\/it\/specialista-in-tecnologia-degli-eventi-d-f-m-cercasi-a-munich\/\"><\/a><\/p>\n<p><a href=\"https:\/\/konferenztechnik.de\/it\/specialista-in-tecnologia-degli-eventi-d-f-m-cercasi-a-munich\/\"><\/p>\n<h3><b>Specialista per la tecnologia degli eventi (d\/w\/m),<br \/>\nIngegneri per eventi, tecnici multimediali AV<br \/>\nMonaco di Baviera<\/b><\/h3>\n<p><\/a><a href=\"https:\/\/konferenztechnik.de\/it\/specialista-in-tecnologia-degli-eventi-d-f-m-cercasi-a-munich\/\"><\/a><\/p>\n<p>Attualmente siamo alla ricerca di tecnici provenienti da diversi settori della tecnologia degli eventi che ci supportino nella realizzazione tecnica di conferenze ed eventi nella nostra sede di Monaco.<\/p>\n<p>[button link=\"https:\/\/www.konferenztechnik.de\/fachkraft-fuer-veranstaltungstechnik-d-w-m-in-muenchen-gesucht\/\" target=\"self\" color=\"#a62055\u2033 text=\"light\"]Informazioni e candidatura[\/button]<br \/>\n[\/colonna]<\/p>\n<p>[spacer size=\"50\u2033]<\/p>\n<p>[column size=\"1-4\u2033 last=\"0\u2033]<br \/>\n<a href=\"https:\/\/konferenztechnik.de\/jobs\/buero-servicekraft-m-w-d-gesucht\/\"><\/a><\/p>\n<p><a href=\"https:\/\/konferenztechnik.de\/jobs\/buero-servicekraft-m-w-d-gesucht\/\"><\/p>\n<h3><b>Cercasi addetto ai servizi d'ufficio (m\/f\/d)<br \/>\nBerlino<\/b><\/h3>\n<p><\/a><a href=\"https:\/\/konferenztechnik.de\/jobs\/buero-servicekraft-m-w-d-gesucht\/\"><\/a><\/p>\n<p>Attualmente siamo alla ricerca di un Assistente di segreteria (d\/f\/m) presso la nostra sede di Berlino che si occupi dell'organizzazione dell'ufficio e degli studi di interpretariato prima e dopo le riunioni e le conferenze.<\/p>\n<p>[button link=\"https:\/\/www.konferenztechnik.de\/jobs\/buero-servicekraft-m-w-d-gesucht\/\" target=\"self\" color=\"#a62055\u2033 text=\"light\"]Informazioni e candidatura[\/button]<br \/>\n[\/colonna]<\/p>\n<p>[column size=\"1-4\u2033 last=\"0\u2033]<br \/>\n<a href=\"https:\/\/konferenztechnik.de\/jobs\/technische-hilfskraft-m-w-d-fuer-kommissionierung-und-transport-gesucht\/\"><\/a><\/p>\n<p><a href=\"https:\/\/konferenztechnik.de\/jobs\/technische-hilfskraft-m-w-d-fuer-kommissionierung-und-transport-gesucht\/\"><\/p>\n<h3><b>Cercasi assistente tecnico (m\/f\/d) per la raccolta ordini e il trasporto<br \/>\nBerlino<\/b><\/h3>\n<p><\/a><a href=\"https:\/\/konferenztechnik.de\/jobs\/technische-hilfskraft-m-w-d-fuer-kommissionierung-und-transport-gesucht\/\"><\/a><\/p>\n<p>Stiamo cercando un assistente tecnico (m\/f\/d) che ci supporti nell'evasione degli ordini nel nostro magazzino, nei viaggi di trasporto e nel montaggio e smontaggio di apparecchiature tecniche.<\/p>\n<p>[button link=\"https:\/\/www.konferenztechnik.de\/jobs\/technische-hilfskraft-m-w-d-fuer-kommissionierung-und-transport-gesucht\/\" target=\"self\" color=\"#a62055\u2033 text=\"light\"]Informazioni e candidatura[\/button]<br \/>\n[\/colonna]<\/p>\n<p>[column size=\"1-3\u2033 last=\"1\u2033]<br \/>\n<a href=\"https:\/\/konferenztechnik.de\/jobs\/technikerin-m-w-d-fuer-den-bereich-kommissionierung-und-transport-gesucht\/\"><\/a><\/p>\n<p><a href=\"https:\/\/konferenztechnik.de\/jobs\/technikerin-m-w-d-fuer-den-bereich-kommissionierung-und-transport-gesucht\/\"><\/p>\n<h3><b>Cercasi tecnico (m\/f\/d) per l'area di commissionamento e trasporto<br \/>\nBerlino<\/b><\/h3>\n<p><\/a><a href=\"https:\/\/konferenztechnik.de\/jobs\/technikerin-m-w-d-fuer-den-bereich-kommissionierung-und-transport-gesucht\/\"><\/a><\/p>\n<p>Siamo alla ricerca di un tecnico che ci supporti nell'evasione degli ordini in magazzino, nei viaggi di trasporto e nel montaggio e smontaggio di apparecchiature tecniche.<\/p>\n<p>[button link=\"https:\/\/www.konferenztechnik.de\/jobs\/technikerin-m-w-d-fuer-den-bereich-kommissionierung-und-transport-gesucht\/\" target=\"self\" color=\"#a62055\u2033 text=\"light\"]Informazioni e candidatura[\/button]<br \/>\n[\/colonna]<\/p>\n<p>[spacer size=\"30\u2033]<\/p>\n<hr>\n<p>[spacer size=\"30\u2033]<\/p>\n<h2><b>Apprendistato per il 2023 \u2013 Apprendistato presso PCS konferenztechnik.de<\/b><\/h2>\n<p>Siamo alla ricerca di tirocinanti per l'anno formativo 2023 e siamo ansiosi di ricevere le vostre candidature!<\/p>\n<p>[spacer size=\"20\u2033]<\/p>\n<p>[column size=\"1-4\u2033 last=\"0\u2033]<br \/>\n<a href=\"https:\/\/konferenztechnik.de\/it\/formazione-come-specialista-in-tecnologia-degli-eventi-m-f-d-a-duesseldorf-2\/\"><\/a><\/p>\n<p><a href=\"https:\/\/konferenztechnik.de\/it\/formazione-come-specialista-in-tecnologia-degli-eventi-m-f-d-a-duesseldorf-2\/\"><\/p>\n<h3><b>Apprendistato come specialista in tecnologie per eventi (d\/w\/m)<br \/>\nD\u00fcsseldorf<\/b><\/h3>\n<p><\/a><a href=\"https:\/\/konferenztechnik.de\/it\/formazione-come-specialista-in-tecnologia-degli-eventi-m-f-d-a-duesseldorf-2\/\"><\/a><\/p>\n<p>Formazione come specialista in tecnologie per eventi presso la nostra sede di D\u00fcsseldorf.<\/p>\n<p>[button link=\"https:\/\/www.konferenztechnik.de\/ausbildung-zur-fachkraft-fuer-veranstaltungstechnik-m-w-d-in-duesseldorf\/\" target=\"self\" color=\"#a62055\u2033 text=\"light\"]Informazioni e candidatura[\/button]<br \/>\n[\/colonna]<\/p>\n<p>[column size=\"1-4\u2033 last=\"0\u2033]<br \/>\n<a href=\"https:\/\/konferenztechnik.de\/it\/formazione-come-specialista-in-tecnologia-degli-eventi-m-f-d-a-berlino-2023\/\"><\/a><\/p>\n<p><a href=\"https:\/\/konferenztechnik.de\/it\/formazione-come-specialista-in-tecnologia-degli-eventi-m-f-d-a-berlino-2023\/\"><\/p>\n<h3><b>Apprendistato come specialista in tecnologie per eventi (d\/w\/m)<br \/>\nBerlino<\/b><\/h3>\n<p><\/a><a href=\"https:\/\/konferenztechnik.de\/it\/formazione-come-specialista-in-tecnologia-degli-eventi-m-f-d-a-berlino-2023\/\"><\/a><\/p>\n<p>Formazione come specialista in tecnologia degli eventi presso la nostra sede di Berlino.<\/p>\n<p>[button link=\"https:\/\/www.konferenztechnik.de\/ausbildung-zur-fachkraft-fuer-veranstaltungstechnik-m-w-d-in-berlin-2023\/\" target=\"self\" color=\"#a62055\u2033 text=\"light\"]Informazioni e candidatura[\/button]<br \/>\n[\/colonna]<\/p>\n<p>[column size=\"1-3\u2033 last=\"1\u2033]<br \/>\n<a href=\"https:\/\/konferenztechnik.de\/jobs\/ausbildungsplatz-fachkraft-lagerlogistik-berlin-2023\/\"><\/a><\/p>\n<p><a href=\"https:\/\/konferenztechnik.de\/jobs\/ausbildungsplatz-fachkraft-lagerlogistik-berlin-2023\/\"><\/p>\n<h3><b>Apprendistato come specialista di logistica di magazzino (d\/w\/m)<br \/>\nBerlino<\/b><\/h3>\n<p><\/a><a href=\"https:\/\/konferenztechnik.de\/jobs\/ausbildungsplatz-fachkraft-lagerlogistik-berlin-2023\/\"><\/a><\/p>\n<p>Formazione come specialista di logistica di magazzino presso la nostra sede di Berlino.<\/p>\n<p>[button link=\"https:\/\/www.konferenztechnik.de\/jobs\/ausbildungsplatz-fachkraft-lagerlogistik-berlin-2023\/\" target=\"self\" color=\"#a62055\u2033 text=\"light\"]Informazioni e candidatura[\/button]<br \/>\n[\/colonna]<\/p>\n<p>[spacer size=\"30\u2033]<\/p>\n<hr>\n<p>[spacer size=\"30\u2033]<\/p>\n<h2>Informazioni sull'apprendistato presso il PCS<\/h2>\n<p>[column size=\"1-4\u2033 last=\"0\u2033]<\/p>\n<h3><strong>Assistente alla gestione degli eventi<\/strong><\/h3>\n<p>Gli specialisti di logistica di magazzino lavorano nel campo della pianificazione e dell'organizzazione logistica. I loro compiti comprendono la ricezione, il prelievo, il carico, lo stivaggio, il trasporto e l'imballaggio delle merci. Altri elementi della formazione sono la gestione e il controllo commerciale, la tutela dell'ambiente o l'organizzazione del lavoro, l'informazione e la comunicazione. L'apprendistato dura tre anni e si svolge sia nelle nostre aziende che nelle rispettive scuole professionali.<\/p>\n<h4>Ulteriori informazioni:<\/h4>\n<p>\u203a <a href=\"https:\/\/www.ihk-berlin.de\/ausbildung\/ausbildungsberufe-von-a-bis-z\/veranstaltungskaufmann-2262380\" target=\"_blank\" rel=\"noopener noreferrer\">IHK Berlino<\/a><br \/>\n\u203a <a href=\"https:\/\/berufenet.arbeitsagentur.de\/berufenet\/faces\/index;BERUFENETJSESSIONID=H4dPyKJvbXrnWotpa2-unjyMlToiDlBPBg0q0Sm5LB_Pd5I_B9D5!358792421?path=null\/suchergebnisse\/kurzbeschreibung&amp;dkz=14448&amp;such=veranstaltungskauffrau\" target=\"_blank\" rel=\"noopener noreferrer\">Agenzia federale del lavoro<\/a><\/p>\n<p>[\/colonna]<\/p>\n<p>[column size=\"1-4\u2033 last=\"0\u2033]<\/p>\n<h3><strong>Specialista in logistica di magazzino<\/strong><\/h3>\n<p>Gli specialisti di logistica di magazzino lavorano nel campo della pianificazione e dell'organizzazione logistica. I loro compiti comprendono la ricezione, il prelievo, il carico, lo stivaggio, il trasporto e l'imballaggio delle merci. Altri elementi della formazione sono la gestione e il controllo commerciale, la tutela dell'ambiente o l'organizzazione del lavoro, l'informazione e la comunicazione. L'apprendistato dura tre anni e si svolge sia nelle nostre aziende che nelle rispettive scuole professionali.<\/p>\n<h4>Ulteriori informazioni:<\/h4>\n<p>\u203a <a href=\"https:\/\/www.ihk-berlin.de\/aus_und_weiterbildung\/Ausbildung\/Ausbildungsberufe_von_A_bis_Z\/Fachkraft_fuer_Veranstaltungstechnik\/2262432\" target=\"_blank\" rel=\"noopener noreferrer\">IHK Berlino<\/a><br \/>\n\u203a <a href=\"https:\/\/berufenet.arbeitsagentur.de\/berufe\/start?dest=profession&amp;prof-id=8525_8523&amp;status=B\" target=\"_blank\" rel=\"noopener noreferrer\">Agenzia federale del lavoro<\/a><br \/>\n\u203a <a href=\"https:\/\/de.wikipedia.org\/wiki\/Fachkraft_f%C3%BCr_Lagerlogistik\" target=\"_blank\" rel=\"noopener noreferrer\">Wikipedia<\/a><\/p>\n<p>[\/colonna]<\/p>\n<p>[column size=\"1-3\u2033 last=\"1\u2033]<\/p>\n<h3><strong>Specialista in tecnologia per eventi<\/strong><\/h3>\n<p>In qualit\u00e0 di specialista in tecnologie per eventi, sarete responsabili dell'allestimento, dello smontaggio e della gestione di strutture sceniche e di palcoscenici, nonch\u00e9 di impianti di illuminazione, proiezione e sonorizzazione. L'apprendistato dura tre anni e si svolge sia nella nostra azienda che nelle rispettive scuole professionali.<\/p>\n<h4>Ulteriori informazioni:<\/h4>\n<p>\u203a <a href=\"https:\/\/www.ihk-berlin.de\/aus_und_weiterbildung\/Ausbildung\/Ausbildungsberufe_von_A_bis_Z\/Fachkraft_fuer_Veranstaltungstechnik\/2262432\" target=\"_blank\" rel=\"noopener noreferrer\">IHK Berlino<\/a><br \/>\n\u203a <a href=\"https:\/\/berufenet.arbeitsagentur.de\/berufe\/start?dest=profession&amp;prof-id=27448_27449&amp;status=B\" target=\"_blank\" rel=\"noopener noreferrer\">Agenzia federale del lavoro<\/a><br \/>\n\u203a <a href=\"https:\/\/de.wikipedia.org\/wiki\/Fachkraft_f%C3%BCr_Lagerlogistik\" target=\"_blank\" rel=\"noopener noreferrer\">Wikipedia<\/a><\/p>\n<p>[\/colonna]<\/p>\n<p>[spacer size=\"30\u2033]<\/p>\n<hr>\n<p>[spacer size=\"30\u2033]<\/p>\n<h2>Siamo membri o sostenitori delle seguenti associazioni:<\/h2>\n<p>[column size=\"1-4\u2033 last=\"0\u2033]<a href=\"https:\/\/www.100pro.org\/\" target=\"_blank\" rel=\"noopener noreferrer\"><br \/>\n<img decoding=\"async\" src=\"https:\/\/konferenztechnik.de\/wp-content\/uploads\/2015\/10\/logo-100proOrg.jpg\" alt=\"Logo 100 Pro Org\" width=\"150\" height=\"149\" class=\"alignleft size-full wp-image-6492\" title=\"\"><\/a><br \/>\n[\/colonna]<\/p>\n<p>[column size=\"1-4\u2033 last=\"0\u2033]<br \/>\n<a href=\"https:\/\/www.vplt.org\/\" target=\"_blank\" rel=\"noopener noreferrer\"><br \/>\n<img decoding=\"async\" src=\"https:\/\/konferenztechnik.de\/wp-content\/uploads\/2015\/10\/vplt-logo.jpg\" alt=\"Logo VPLT\" width=\"216\" height=\"69\" class=\"alignleft size-full wp-image-6493\" title=\"\"><\/a><br \/>\n[\/colonna]<\/p>\n<p>[column size=\"1-3\u2033 last=\"1\u2033]<a href=\"https:\/\/isdv.net\/\" target=\"_blank\" rel=\"noopener noreferrer\"><br \/>\n<img decoding=\"async\" src=\"https:\/\/konferenztechnik.de\/wp-content\/uploads\/2015\/10\/isdv-logo.png\" alt=\"Logo ISDV\" width=\"240\" height=\"140\" class=\"alignleft size-full wp-image-6494\" title=\"\"><\/a><br \/>\n[\/colonna]<\/p>","protected":false},"excerpt":{"rendered":"<p>[spacer size=&#8220;20&#8243;] [column size=&#8220;3-4&#8243; last=&#8220;0&#8243;] Jobs, Stellenangebote und Ausbildungspl\u00e4tze bei der PCS GmbH Die PCS GmbH ist Ausbildungsbetrieb. Wir bilden zur Fachkraft f\u00fcr Veranstaltungstechnik, Fachkraft f\u00fcr Lagerlogistik und zur Veranstaltungskauffrau \/ zum Veranstaltungskaufmann aus. Sind Sie interessiert? Hier finden Sie alle freien Stellen. Au\u00dferdem sind wir immer wieder auf der Suche nach qualifizierten Mitarbeitern. Falls [&hellip;]<\/p>","protected":false},"author":1,"featured_media":45482,"parent":0,"menu_order":50,"comment_status":"closed","ping_status":"closed","template":"","meta":{"_acf_changed":false,"footnotes":""},"class_list":["post-5827","page","type-page","status-publish","has-post-thumbnail","hentry"],"acf":[],"_links":{"self":[{"href":"https:\/\/konferenztechnik.de\/it\/wp-json\/wp\/v2\/pages\/5827","targetHints":{"allow":["GET"]}}],"collection":[{"href":"https:\/\/konferenztechnik.de\/it\/wp-json\/wp\/v2\/pages"}],"about":[{"href":"https:\/\/konferenztechnik.de\/it\/wp-json\/wp\/v2\/types\/page"}],"author":[{"embeddable":true,"href":"https:\/\/konferenztechnik.de\/it\/wp-json\/wp\/v2\/users\/1"}],"replies":[{"embeddable":true,"href":"https:\/\/konferenztechnik.de\/it\/wp-json\/wp\/v2\/comments?post=5827"}],"version-history":[{"count":0,"href":"https:\/\/konferenztechnik.de\/it\/wp-json\/wp\/v2\/pages\/5827\/revisions"}],"wp:featuredmedia":[{"embeddable":true,"href":"https:\/\/konferenztechnik.de\/it\/wp-json\/wp\/v2\/media\/45482"}],"wp:attachment":[{"href":"https:\/\/konferenztechnik.de\/it\/wp-json\/wp\/v2\/media?parent=5827"}],"curies":[{"name":"wp","href":"https:\/\/api.w.org\/{rel}","templated":true}]}}