{"id":11576,"date":"2017-09-23T16:32:36","date_gmt":"2017-09-23T14:32:36","guid":{"rendered":"https:\/\/www.konferenztechnik.de\/?page_id=11576"},"modified":"2023-07-21T10:09:37","modified_gmt":"2023-07-21T08:09:37","slug":"%e4%bc%9a%e8%ad%b0%e7%94%a8%e6%a9%9f%e5%99%a8%e3%83%ac%e3%83%b3%e3%82%bf%e3%83%ab-21","status":"publish","type":"page","link":"https:\/\/konferenztechnik.de\/ja\/%e4%bc%9a%e8%ad%b0%e7%94%a8%e6%a9%9f%e5%99%a8%e3%83%ac%e3%83%b3%e3%82%bf%e3%83%ab-21\/","title":{"rendered":"\u4f1a\u8b70\u6280\u8853\u30ec\u30f3\u30bf\u30eb \u30a2\u30a6\u30af\u30b9\u30d6\u30eb\u30af"},"content":{"rendered":"<div data-elementor-type=\"wp-page\" data-elementor-id=\"11576\" class=\"elementor elementor-11576\" data-elementor-post-type=\"page\">\n\t\t\t\t<div data-particle_enable=\"false\" data-particle-mobile-disabled=\"false\" class=\"elementor-element elementor-element-58ff7bd9 e-flex e-con-boxed e-con e-parent\" data-id=\"58ff7bd9\" data-element_type=\"container\">\n\t\t\t\t\t<div class=\"e-con-inner\">\n\t\t\t\t<div class=\"elementor-element elementor-element-35015433 elementor-widget elementor-widget-heading\" data-id=\"35015433\" data-element_type=\"widget\" data-settings=\"{&quot;_animation&quot;:&quot;none&quot;}\" data-widget_type=\"heading.default\">\n\t\t\t\t<div class=\"elementor-widget-container\">\n\t\t\t\t\t<h1 class=\"elementor-heading-title elementor-size-default\">\u4f1a\u8b70\u6280\u8853\u306e\u30ec\u30f3\u30bf\u30eb \u30a2\u30a6\u30af\u30b9\u30d6\u30eb\u30af\u3001\u30b7\u30e5\u30f4\u30a1\u30fc\u30d9\u30f3\u3067\u306e\u30d3\u30c7\u30aa\u6280\u8853\u3001\u30aa\u30fc\u30c7\u30a3\u30aa\u6280\u8853\u3001\u540c\u6642\u6280\u8853\u306e\u30ec\u30f3\u30bf\u30eb<\/h1>\t\t\t\t<\/div>\n\t\t\t\t<\/div>\n\t\t\t\t<div class=\"elementor-element elementor-element-17315957 elementor-widget-widescreen__width-inherit elementor-widget elementor-widget-image\" data-id=\"17315957\" data-element_type=\"widget\" data-widget_type=\"image.default\">\n\t\t\t\t<div class=\"elementor-widget-container\">\n\t\t\t\t\t\t\t\t\t\t\t\t\t\t\t<img fetchpriority=\"high\" decoding=\"async\" width=\"850\" height=\"380\" src=\"https:\/\/konferenztechnik.de\/wp-content\/uploads\/2017\/05\/veranstaltungstechnik-augsburg.jpg\" class=\"attachment-full size-full wp-image-10001\" alt=\"\" srcset=\"https:\/\/konferenztechnik.de\/wp-content\/uploads\/2017\/05\/veranstaltungstechnik-augsburg.jpg 850w, https:\/\/konferenztechnik.de\/wp-content\/uploads\/2017\/05\/veranstaltungstechnik-augsburg-300x134.jpg 300w, https:\/\/konferenztechnik.de\/wp-content\/uploads\/2017\/05\/veranstaltungstechnik-augsburg-768x343.jpg 768w\" sizes=\"(max-width: 850px) 100vw, 850px\" title=\"\">\t\t\t\t\t\t\t\t\t\t\t\t\t\t\t<\/div>\n\t\t\t\t<\/div>\n\t\t<div data-particle_enable=\"false\" data-particle-mobile-disabled=\"false\" class=\"elementor-element elementor-element-a2b1657 e-flex e-con-boxed e-con e-parent\" data-id=\"a2b1657\" data-element_type=\"container\">\n\t\t\t\t\t<div class=\"e-con-inner\">\n\t\t\t\t<div class=\"elementor-element elementor-element-4917fe20 elementor-align-left elementor-widget elementor-widget-button\" data-id=\"4917fe20\" data-element_type=\"widget\" data-widget_type=\"button.default\">\n\t\t\t\t<div class=\"elementor-widget-container\">\n\t\t\t\t\t\t\t\t\t<div class=\"elementor-button-wrapper\">\n\t\t\t\t\t<a class=\"elementor-button elementor-button-link elementor-size-lg\" href=\"#serviceteam\">\n\t\t\t\t\t\t<span class=\"elementor-button-content-wrapper\">\n\t\t\t\t\t\t<span class=\"elementor-button-icon\">\n\t\t\t\t<svg aria-hidden=\"true\" class=\"e-font-icon-svg e-far-arrow-alt-circle-down\" viewbox=\"0 0 512 512\" xmlns=\"http:\/\/www.w3.org\/2000\/svg\"><path d=\"M256 8C119 8 8 119 8 256s111 248 248 248 248-111 248-248S393 8 256 8zm0 448c-110.5 0-200-89.5-200-200S145.5 56 256 56s200 89.5 200 200-89.5 200-200 200zm-32-316v116h-67c-10.7 0-16 12.9-8.5 20.5l99 99c4.7 4.7 12.3 4.7 17 0l99-99c7.6-7.6 2.2-20.5-8.5-20.5h-67V140c0-6.6-5.4-12-12-12h-40c-6.6 0-12 5.4-12 12z\"><\/path><\/svg>\t\t\t<\/span>\n\t\t\t\t\t\t\t\t\t<span class=\"elementor-button-text\">\u4eca\u3059\u3050\u554f\u3044\u5408\u308f\u305b\u308b<\/span>\n\t\t\t\t\t<\/span>\n\t\t\t\t\t<\/a>\n\t\t\t\t<\/div>\n\t\t\t\t\t\t\t\t<\/div>\n\t\t\t\t<\/div>\n\t\t\t\t\t<\/div>\n\t\t\t\t<\/div>\n\t\t<div data-particle_enable=\"false\" data-particle-mobile-disabled=\"false\" class=\"elementor-element elementor-element-33aa92d0 e-flex e-con-boxed e-con e-parent\" data-id=\"33aa92d0\" data-element_type=\"container\">\n\t\t\t\t\t<div class=\"e-con-inner\">\n\t\t\t\t<div class=\"elementor-element elementor-element-87be774 elementor-widget__width-inherit smart-post-list-4-col elementor-hidden-mobile elementor-widget elementor-widget-eael-post-list\" data-id=\"87be774\" data-element_type=\"widget\" data-settings=\"{&quot;_animation&quot;:&quot;none&quot;}\" data-widget_type=\"eael-post-list.default\">\n\t\t\t\t<div class=\"elementor-widget-container\">\n\t\t\t\t\t<div class=\"eael-post-list-container advanced layout-advanced\"><div class=\"eael-post-list-wrap\"><div class=\"eael-post-list-posts-wrap eael-post-appender eael-post-appender-87be774\"><div class=\"eael-post-list-post\"><div class=\"eael-post-list-post-inner\"><div class=\"eael-post-list-thumbnail\"><a href=\"https:\/\/konferenztechnik.de\/ja\/%e3%83%91%e3%83%bc%e3%82%bd%e3%83%8a%e3%83%ab%e3%83%bb%e3%82%ac%e3%82%a4%e3%83%80%e3%83%b3%e3%82%b9%e3%83%bb%e3%82%b7%e3%82%b9%e3%83%86%e3%83%a0-%e3%83%ac%e3%83%b3%e3%82%bf%e3%83%ab-%e8%b3%bc%e5%85%a5\/\">\n                <img decoding=\"async\" src=\"https:\/\/konferenztechnik.de\/wp-content\/uploads\/2023\/07\/personenfuehrungsanlage-mieten-kaufen-jpg.webp\" alt=\"\u30c4\u30a2\u30fc\u4e2d\u306b\u7537\u6027\u304c\u30de\u30a4\u30af\u3067\u8a71\u3057\u3001\u89b3\u5ba2\u304c\u30ac\u30a4\u30c9\u30b7\u30b9\u30c6\u30e0\u3067\u805e\u304f\u3002PCS\u306e\u30c4\u30a2\u30fc\u30ac\u30a4\u30c9\u30b7\u30b9\u30c6\u30e0\u306e\u30ec\u30f3\u30bf\u30eb\u3001\u8cfc\u5165\u3001\u30ea\u30fc\u30b9\u3002\" title=\"\">\n            <\/a><\/div><div class=\"eael-post-list-content\"><h3 class=\"eael-post-list-title\"><a href=\"https:\/\/konferenztechnik.de\/ja\/%e3%83%91%e3%83%bc%e3%82%bd%e3%83%8a%e3%83%ab%e3%83%bb%e3%82%ac%e3%82%a4%e3%83%80%e3%83%b3%e3%82%b9%e3%83%bb%e3%82%b7%e3%82%b9%e3%83%86%e3%83%a0-%e3%83%ac%e3%83%b3%e3%82%bf%e3%83%ab-%e8%b3%bc%e5%85%a5\/\" >\u65c5\u5ba2\u6848\u5185\u30b7\u30b9\u30c6\u30e0<\/a><\/h3><p>\u30c4\u30a2\u30fc\u30ac\u30a4\u30c9\u30b7\u30b9\u30c6\u30e0\u3001\u30ac\u30a4\u30c9\u30b7\u30b9\u30c6\u30e0\u3001\u30a6\u30a3\u30b9\u30d1\u30fc\u30b7\u30b9\u30c6\u30e0\u307e\u305f\u306fPFA\u3001\u30d8\u30c3\u30c9\u30d5\u30a9\u30f3\u3001\u30de\u30a4\u30af\u3001\u5145\u96fb\u30e6\u30cb\u30c3\u30c8\u3001\u8f38\u9001\u7528\u30b1\u30fc\u30b9\u3001\u30a2\u30af\u30bb\u30b5\u30ea\u30fc<\/p><a href=\"https:\/\/konferenztechnik.de\/ja\/%e3%83%91%e3%83%bc%e3%82%bd%e3%83%8a%e3%83%ab%e3%83%bb%e3%82%ac%e3%82%a4%e3%83%80%e3%83%b3%e3%82%b9%e3%83%bb%e3%82%b7%e3%82%b9%e3%83%86%e3%83%a0-%e3%83%ac%e3%83%b3%e3%82%bf%e3%83%ab-%e8%b3%bc%e5%85%a5\/\" class=\"eael-post-elements-readmore-btn\" >\u203a \u8a73\u7d30<\/a><div class=\"boxed-meta\"><\/div><\/div><\/div><\/div><div class=\"eael-post-list-post\"><div class=\"eael-post-list-post-inner\"><div class=\"eael-post-list-thumbnail\"><a href=\"https:\/\/konferenztechnik.de\/ja\/%e3%82%b3%e3%83%b3%e3%83%95%e3%82%a1%e3%83%ac%e3%83%b3%e3%82%b9%e3%83%bb%e3%83%ac%e3%82%b7%e3%83%bc%e3%83%90%e3%83%bc-%e3%83%98%e3%83%83%e3%83%89%e3%83%95%e3%82%a9%e3%83%b3%e3%83%bb%e3%83%ac%e3%82%b7\/\">\n                <img decoding=\"async\" src=\"https:\/\/konferenztechnik.de\/wp-content\/uploads\/2023\/06\/kopfhoerer-empfaenger-jpg.webp\" alt=\"\u4f1a\u8b70\u7528\u30ec\u30b7\u30fc\u30d0\u30fc2\u53f0\u3092\u4f1a\u8b70\u30c6\u30fc\u30d6\u30eb\u306e\u4e0a\u306b\u4e26\u3079\u3001\u901a\u8a33\u8a00\u8a9e\u3092\u805e\u304f\u305f\u3081\u306e\u30d8\u30c3\u30c9\u30db\u30f3\u3092\u4ed8\u3051\u308b\u3002\" title=\"\">\n            <\/a><\/div><div class=\"eael-post-list-content\"><h3 class=\"eael-post-list-title\"><a href=\"https:\/\/konferenztechnik.de\/ja\/%e3%82%b3%e3%83%b3%e3%83%95%e3%82%a1%e3%83%ac%e3%83%b3%e3%82%b9%e3%83%bb%e3%83%ac%e3%82%b7%e3%83%bc%e3%83%90%e3%83%bc-%e3%83%98%e3%83%83%e3%83%89%e3%83%95%e3%82%a9%e3%83%b3%e3%83%bb%e3%83%ac%e3%82%b7\/\" >\u4f1a\u8b70\u30ec\u30b7\u30fc\u30d0\u30fc\u3001\u30d8\u30c3\u30c9\u30bb\u30c3\u30c8\u30ec\u30b7\u30fc\u30d0\u30fc<\/a><\/h3><p>\u4f1a\u8b70\u7528\u30ec\u30b7\u30fc\u30d0\u30fc\u306e\u30ec\u30f3\u30bf\u30eb\u540c\u6642\u901a\u8a33\u4f1a\u8b70\u7528\u30ec\u30b7\u30fc\u30d0\u30fc\u3068\u30d8\u30c3\u30c9\u30d5\u30a9\u30f3<\/p><a href=\"https:\/\/konferenztechnik.de\/ja\/%e3%82%b3%e3%83%b3%e3%83%95%e3%82%a1%e3%83%ac%e3%83%b3%e3%82%b9%e3%83%bb%e3%83%ac%e3%82%b7%e3%83%bc%e3%83%90%e3%83%bc-%e3%83%98%e3%83%83%e3%83%89%e3%83%95%e3%82%a9%e3%83%b3%e3%83%bb%e3%83%ac%e3%82%b7\/\" class=\"eael-post-elements-readmore-btn\" >\u203a \u8a73\u7d30<\/a><div class=\"boxed-meta\"><\/div><\/div><\/div><\/div><div class=\"eael-post-list-post\"><div class=\"eael-post-list-post-inner\"><div class=\"eael-post-list-thumbnail\"><a href=\"https:\/\/konferenztechnik.de\/ja\/%e3%83%87%e3%82%a3%e3%82%b9%e3%82%ab%e3%83%83%e3%82%b7%e3%83%a7%e3%83%b3%e3%82%b7%e3%82%b9%e3%83%86%e3%83%a0%e3%80%81%e3%82%a4%e3%83%b3%e3%82%ab%e3%83%a0%e3%82%b9%e3%83%86%e3%83%bc%e3%82%b7\/\">\n                <img decoding=\"async\" src=\"https:\/\/konferenztechnik.de\/wp-content\/uploads\/2023\/06\/diskussionsanlage-sprechstellen-tischmikrofone.jpg\" alt=\"\u30b0\u30fc\u30b9\u30cd\u30c3\u30af\u30de\u30a4\u30af\u30ed\u30db\u30f3\u3092\u4f7f\u7528\u3057\u3001\u4f1a\u8b70\u30c6\u30fc\u30d6\u30eb\u3092\u56f2\u3080\u3088\u3046\u306b\u914d\u7f6e\u3055\u308c\u305f\u30c6\u30fc\u30d6\u30eb\u30de\u30a4\u30af\u30ed\u30db\u30f3\u30e6\u30cb\u30c3\u30c8\" title=\"\">\n            <\/a><\/div><div class=\"eael-post-list-content\"><h3 class=\"eael-post-list-title\"><a href=\"https:\/\/konferenztechnik.de\/ja\/%e3%83%87%e3%82%a3%e3%82%b9%e3%82%ab%e3%83%83%e3%82%b7%e3%83%a7%e3%83%b3%e3%82%b7%e3%82%b9%e3%83%86%e3%83%a0%e3%80%81%e3%82%a4%e3%83%b3%e3%82%ab%e3%83%a0%e3%82%b9%e3%83%86%e3%83%bc%e3%82%b7\/\" >\u2013\u30c7\u30a3\u30b9\u30ab\u30c3\u30b7\u30e7\u30f3\u30b7\u30b9\u30c6\u30e0\u3001\u30a4\u30f3\u30ab\u30e0\u30b9\u30c6\u30fc\u30b7\u30e7\u30f3\u306e\u30ec\u30f3\u30bf\u30eb\u3001\u8cfc\u5165\u3001\u8a2d\u7f6e\u3001\u30ea\u30fc\u30b9<\/a><\/h3><p>\u2013\u30c7\u30a3\u30b9\u30ab\u30c3\u30b7\u30e7\u30f3\u30b7\u30b9\u30c6\u30e0\u3001\u30a4\u30f3\u30ab\u30e0\u30b9\u30c6\u30fc\u30b7\u30e7\u30f3\u306e\u30ec\u30f3\u30bf\u30eb\u3001\u8cfc\u5165\u3001\u8a2d\u7f6e\u3001\u30ea\u30fc\u30b9<\/p><a href=\"https:\/\/konferenztechnik.de\/ja\/%e3%83%87%e3%82%a3%e3%82%b9%e3%82%ab%e3%83%83%e3%82%b7%e3%83%a7%e3%83%b3%e3%82%b7%e3%82%b9%e3%83%86%e3%83%a0%e3%80%81%e3%82%a4%e3%83%b3%e3%82%ab%e3%83%a0%e3%82%b9%e3%83%86%e3%83%bc%e3%82%b7\/\" class=\"eael-post-elements-readmore-btn\" >\u203a \u8a73\u7d30<\/a><div class=\"boxed-meta\"><\/div><\/div><\/div><\/div><div class=\"eael-post-list-post\"><div class=\"eael-post-list-post-inner\"><div class=\"eael-post-list-thumbnail\"><a href=\"https:\/\/konferenztechnik.de\/ja\/%e9%80%9a%e8%a8%b3%e3%83%96%e3%83%bc%e3%82%b9%e3%80%81%e3%82%b9%e3%83%94%e3%83%bc%e3%82%ab%e3%83%bc%e3%83%96%e3%83%bc%e3%82%b9\/\">\n                <img decoding=\"async\" src=\"https:\/\/konferenztechnik.de\/wp-content\/uploads\/2022\/06\/dolmetscherkabine-sprecherkabine-mieten-kaufen-leasen-jpg.webp\" alt=\"\u540c\u6642\u901a\u8a33\u80052\u540d\u7528\u901a\u8a33\u30d6\u30fc\u30b9\" title=\"\">\n            <\/a><\/div><div class=\"eael-post-list-content\"><h3 class=\"eael-post-list-title\"><a href=\"https:\/\/konferenztechnik.de\/ja\/%e9%80%9a%e8%a8%b3%e3%83%96%e3%83%bc%e3%82%b9%e3%80%81%e3%82%b9%e3%83%94%e3%83%bc%e3%82%ab%e3%83%bc%e3%83%96%e3%83%bc%e3%82%b9\/\" >\u901a\u8a33\u30d6\u30fc\u30b9\u3001\u30b9\u30d4\u30fc\u30ab\u30fc\u30d6\u30fc\u30b9<\/a><\/h3><p>\u540c\u6642\u901a\u8a33\u8005\u306e\u4ed5\u4e8b\u5834\u3067\u3042\u308b\u901a\u8a33\u30d6\u30fc\u30b9<\/p><a href=\"https:\/\/konferenztechnik.de\/ja\/%e9%80%9a%e8%a8%b3%e3%83%96%e3%83%bc%e3%82%b9%e3%80%81%e3%82%b9%e3%83%94%e3%83%bc%e3%82%ab%e3%83%bc%e3%83%96%e3%83%bc%e3%82%b9\/\" class=\"eael-post-elements-readmore-btn\" >\u203a \u8a73\u7d30<\/a><div class=\"boxed-meta\"><\/div><\/div><\/div><\/div><div class=\"eael-post-list-post\"><div class=\"eael-post-list-post-inner\"><div class=\"eael-post-list-thumbnail\"><a href=\"https:\/\/konferenztechnik.de\/ja\/%e9%80%9a%e8%a8%b3%e3%83%87%e3%82%b9%e3%82%af\/\">\n                <img decoding=\"async\" src=\"https:\/\/konferenztechnik.de\/wp-content\/uploads\/2022\/06\/dolmetscherpulte-mieten-kaufen-leasen-jpg.webp\" alt=\"\u30c6\u30ec\u30d3\u901a\u8a33\u30c7\u30b9\u30af\" title=\"\">\n            <\/a><\/div><div class=\"eael-post-list-content\"><h3 class=\"eael-post-list-title\"><a href=\"https:\/\/konferenztechnik.de\/ja\/%e9%80%9a%e8%a8%b3%e3%83%87%e3%82%b9%e3%82%af\/\" >\u901a\u8a33\u30c7\u30b9\u30af<\/a><\/h3><p>\u901a\u8a33\u30d6\u30fc\u30b9\u306e\u57fa\u672c\u7684\u306a\u8a2d\u5099\u306b\u306f\u3001\u901a\u8a33\u30c7\u30b9\u30af\u304c\u3042\u308b\u3002<\/p><a href=\"https:\/\/konferenztechnik.de\/ja\/%e9%80%9a%e8%a8%b3%e3%83%87%e3%82%b9%e3%82%af\/\" class=\"eael-post-elements-readmore-btn\" >\u203a \u8a73\u7d30<\/a><div class=\"boxed-meta\"><\/div><\/div><\/div><\/div><\/div><\/div>\n\t\t<\/div>\t\t\t\t<\/div>\n\t\t\t\t<\/div>\n\t\t\t\t\t<\/div>\n\t\t\t\t<\/div>\n\t\t\t\t\t<\/div>\n\t\t\t\t<\/div>\n\t\t<div data-particle_enable=\"false\" data-particle-mobile-disabled=\"false\" class=\"elementor-element elementor-element-20a4b2f4 e-flex e-con-boxed e-con e-parent\" data-id=\"20a4b2f4\" data-element_type=\"container\">\n\t\t\t\t\t<div class=\"e-con-inner\">\n\t\t\t\t<div class=\"elementor-element elementor-element-48bf961b elementor-widget elementor-widget-image\" data-id=\"48bf961b\" data-element_type=\"widget\" data-widget_type=\"image.default\">\n\t\t\t\t<div class=\"elementor-widget-container\">\n\t\t\t\t\t\t\t\t\t\t\t\t\t\t\t<img decoding=\"async\" width=\"1200\" height=\"450\" src=\"https:\/\/konferenztechnik.de\/wp-content\/uploads\/2016\/10\/events-fullservice.jpg\" class=\"attachment-full size-full wp-image-8489\" alt=\"\u30a4\u30d9\u30f3\u30c8\u30fb\u30d5\u30eb\u30b5\u30fc\u30d3\u30b9\" srcset=\"https:\/\/konferenztechnik.de\/wp-content\/uploads\/2016\/10\/events-fullservice.jpg 1200w, https:\/\/konferenztechnik.de\/wp-content\/uploads\/2016\/10\/events-fullservice-300x113.jpg 300w, https:\/\/konferenztechnik.de\/wp-content\/uploads\/2016\/10\/events-fullservice-1024x384.jpg 1024w, https:\/\/konferenztechnik.de\/wp-content\/uploads\/2016\/10\/events-fullservice-768x288.jpg 768w\" sizes=\"(max-width: 1200px) 100vw, 1200px\" title=\"\">\t\t\t\t\t\t\t\t\t\t\t\t\t\t\t<\/div>\n\t\t\t\t<\/div>\n\t\t\t\t<div class=\"elementor-element elementor-element-11c4111e elementor-widget__width-initial elementor-widget elementor-widget-text-editor\" data-id=\"11c4111e\" data-element_type=\"widget\" data-widget_type=\"text-editor.default\">\n\t\t\t\t<div class=\"elementor-widget-container\">\n\t\t\t\t\t\t\t\t\t<p>PCS\u306f\u3001\u30a2\u30a6\u30af\u30b9\u30d6\u30eb\u30af\u3068\u30d0\u30a4\u30a8\u30eb\u30f3\u5dde\u30b7\u30e5\u30f4\u30a1\u30fc\u30d9\u30f3\u884c\u653f\u533a\u306b\u3001\u30aa\u30fc\u30c7\u30a3\u30aa\u3001\u30d3\u30c7\u30aa\u3001\u540c\u6642\u901a\u8a33\u6280\u8853\u2013\u3001\u3059\u306a\u308f\u3061\u5e83\u7fa9\u306e\u4f1a\u8b70\u6280\u8853\u3092\u63d0\u4f9b\u3057\u3066\u3044\u307e\u3059\u3002\u30a2\u30a6\u30af\u30b9\u30d6\u30eb\u30af\u306ePCS\u306e\u4f1a\u8b70\u6280\u8853\u30b7\u30b9\u30c6\u30e0\u306f\u3001\u30e1\u30c3\u30bb\u30fb\u30a2\u30a6\u30af\u30b9\u30d6\u30eb\u30af\u306e\u4f1a\u8b70\u30bb\u30f3\u30bf\u30fc\u3001\u30b7\u30e5\u30f4\u30a1\u30fc\u30d9\u30f3\u30cf\u30ec\u3001\u30b3\u30f3\u30b0\u30ec\u30b9\u30fb\u30a2\u30e0\u30fb\u30d1\u30fc\u30af\u306e\u4f1a\u8b70\u30bb\u30f3\u30bf\u30fc\u306a\u3069\u3067\u4f7f\u7528\u3055\u308c\u3066\u3044\u307e\u3059\u3002PCS\u306f\u307e\u305f\u3001\u30d7\u30ed\u30b8\u30a7\u30af\u30bf\u30fc\u3001\u30c7\u30a3\u30b9\u30d7\u30ec\u30a4\u3001\u30d1\u30d6\u30ea\u30c3\u30af\u30fb\u30a2\u30c9\u30ec\u30b9\u30fb\u30b7\u30b9\u30c6\u30e0\u3001TED\u6295\u7968\u30b7\u30b9\u30c6\u30e0\u3001\u305d\u306e\u4ed6\u306e\u4f1a\u8b70\u6280\u8853\u30b7\u30b9\u30c6\u30e0\u3092\u3001\u30a2\u30a6\u30b0\u30b9\u30d6\u30eb\u30af\u306e\u4f1a\u8b70\u7528\u30db\u30c6\u30eb\u306b\u76f4\u63a5\u30ec\u30f3\u30bf\u30eb\u3057\u3066\u3044\u307e\u3059\u3002<\/p>\t\t\t\t\t\t\t\t<\/div>\n\t\t\t\t<\/div>\n\t\t\t\t<div class=\"elementor-element elementor-element-21a3d57b elementor-widget__width-initial elementor-widget elementor-widget-heading\" data-id=\"21a3d57b\" data-element_type=\"widget\" data-settings=\"{&quot;_animation&quot;:&quot;none&quot;}\" data-widget_type=\"heading.default\">\n\t\t\t\t<div class=\"elementor-widget-container\">\n\t\t\t\t\t<h2 class=\"elementor-heading-title elementor-size-default\">20\u5e74\u306e\u696d\u754c\u7d4c\u9a13\u306b\u57fa\u3065\u304f\u6280\u8853\u7684\u30a2\u30c9\u30d0\u30a4\u30b9<\/h2>\t\t\t\t<\/div>\n\t\t\t\t<\/div>\n\t\t\t\t<div class=\"elementor-element elementor-element-6ae27ef0 elementor-widget__width-inherit elementor-widget elementor-widget-text-editor\" data-id=\"6ae27ef0\" data-element_type=\"widget\" data-widget_type=\"text-editor.default\">\n\t\t\t\t<div class=\"elementor-widget-container\">\n\t\t\t\t\t\t\t\t\t<p>\u30a2\u30a6\u30af\u30b9\u30d6\u30eb\u30af\u306e\u4f01\u696d\u3084\u30a4\u30d9\u30f3\u30c8\u4e3b\u50ac\u8005\u306b\u3068\u3063\u3066\u3001\u4f1a\u8b70\u30c6\u30af\u30ce\u30ed\u30b8\u30fc\u30fb\u30b7\u30b9\u30c6\u30e0\u306e\u8cfc\u5165\u3068\u30ec\u30f3\u30bf\u30eb\u306e\u3069\u3061\u3089\u304c\u9577\u671f\u7684\u306a\u89e3\u6c7a\u7b56\u3068\u306a\u308b\u304b\u306f\u3001\u3068\u308a\u308f\u3051\u3001\u4f01\u696d\u306e\u6280\u8853\u7684\u80fd\u529b\u306e\u9ad8\u3055\u3068\u3001\u7279\u5b9a\u306e\u30b7\u30b9\u30c6\u30e0\u306e\u4f7f\u7528\u983b\u5ea6\u306b\u3088\u3063\u3066\u6c7a\u307e\u308b\u3002 <br \/><br \/>\u30a2\u30a6\u30af\u30b9\u30d6\u30eb\u30af\u3068\u305d\u306e\u5468\u8fba\u5730\u57df\u306e\u30a4\u30d9\u30f3\u30c8\u4e3b\u50ac\u8005\u3084\u4f01\u696d\u306b\u3068\u3063\u3066\u3001\u540c\u6642\u901a\u8a33\u3084AV\u30e1\u30c7\u30a3\u30a2\u6280\u8853\u306e\u30ec\u30f3\u30bf\u30eb\u306f\u3001\u7279\u306b\u5305\u62ec\u7684\u306a\u30b3\u30f3\u30b5\u30eb\u30c6\u30a3\u30f3\u30b0\u3084\u305d\u306e\u4ed6\u306e\u30b5\u30fc\u30d3\u30b9\u3068\u9023\u643a\u3057\u3066\u3044\u308b\u305f\u3081\u3001\u4e00\u5b9a\u306e\u30e1\u30ea\u30c3\u30c8\u3082\u3042\u308a\u307e\u3059\u3002PCS\u306e\u6280\u8853\u8005\u306f\u3001\u3053\u306e\u696d\u754c\u306b\u304a\u3051\u308b20\u5e74\u4ee5\u4e0a\u306e\u7d4c\u9a13\u306b\u57fa\u3065\u304d\u3001\u4f1a\u8b70\u6280\u8853\u306e\u3042\u3089\u3086\u308b\u7528\u9014\u306b\u3064\u3044\u3066\u5c02\u9580\u7684\u306a\u6280\u8853\u30a2\u30c9\u30d0\u30a4\u30b9\u3092\u63d0\u4f9b\u3057\u3066\u3044\u307e\u3059\u3002\u307e\u305f\u3001\u30a4\u30d9\u30f3\u30c8\u306e\u4e8b\u524d\u8a08\u753b\u306b\u3082\u7a4d\u6975\u7684\u306b\u5bfe\u5fdc\u3057\u3066\u3044\u307e\u3059\u3002 <br \/><br \/>\u30a2\u30a6\u30af\u30b9\u30d6\u30eb\u30af\u3068\u305d\u306e\u5468\u8fba\u5730\u57df\u3067\u306f\u3001PCS\u306e\u793e\u54e1\u304c\u73fe\u5834\u3067\u30b7\u30b9\u30c6\u30e0\u3092\u8a2d\u7f6e\u3057\u3001\u30bb\u30c3\u30c8\u30a2\u30c3\u30d7\u3092\u884c\u3044\u3001\u5fc5\u8981\u306b\u5fdc\u3058\u3066\u30a4\u30d9\u30f3\u30c8\u671f\u9593\u4e2d\u306e\u6280\u8853\u30b5\u30dd\u30fc\u30c8\u3082\u2013\u306b\u63d0\u4f9b\u3057\u307e\u3059\u3002\u3082\u3061\u308d\u3093\u3001PCS\u306f\u30b7\u30b9\u30c6\u30e0\u306e\u89e3\u4f53\u3068\u64a4\u53bb\u3082\u884c\u3044\u307e\u3059\u3002<\/p>\t\t\t\t\t\t\t\t<\/div>\n\t\t\t\t<\/div>\n\t\t\t\t<div class=\"elementor-element elementor-element-48dab017 elementor-widget elementor-widget-image\" data-id=\"48dab017\" data-element_type=\"widget\" data-widget_type=\"image.default\">\n\t\t\t\t<div class=\"elementor-widget-container\">\n\t\t\t\t\t\t\t\t\t\t\t\t\t\t\t<img decoding=\"async\" width=\"1200\" height=\"450\" src=\"https:\/\/konferenztechnik.de\/wp-content\/uploads\/2016\/10\/events-berlin.jpg\" class=\"attachment-full size-full wp-image-8486\" alt=\"\" srcset=\"https:\/\/konferenztechnik.de\/wp-content\/uploads\/2016\/10\/events-berlin.jpg 1200w, https:\/\/konferenztechnik.de\/wp-content\/uploads\/2016\/10\/events-berlin-300x113.jpg 300w, https:\/\/konferenztechnik.de\/wp-content\/uploads\/2016\/10\/events-berlin-1024x384.jpg 1024w, https:\/\/konferenztechnik.de\/wp-content\/uploads\/2016\/10\/events-berlin-768x288.jpg 768w\" sizes=\"(max-width: 1200px) 100vw, 1200px\" title=\"\">\t\t\t\t\t\t\t\t\t\t\t\t\t\t\t<\/div>\n\t\t\t\t<\/div>\n\t\t<div data-particle_enable=\"false\" data-particle-mobile-disabled=\"false\" class=\"elementor-element elementor-element-5a8780f7 e-flex e-con-boxed e-con e-parent\" data-id=\"5a8780f7\" data-element_type=\"container\">\n\t\t\t\t\t<div class=\"e-con-inner\">\n\t\t\t\t<div class=\"elementor-element elementor-element-75fccdcf elementor-align-left elementor-widget elementor-widget-button\" data-id=\"75fccdcf\" data-element_type=\"widget\" data-widget_type=\"button.default\">\n\t\t\t\t<div class=\"elementor-widget-container\">\n\t\t\t\t\t\t\t\t\t<div class=\"elementor-button-wrapper\">\n\t\t\t\t\t<a class=\"elementor-button elementor-button-link elementor-size-lg\" href=\"#serviceteam\">\n\t\t\t\t\t\t<span class=\"elementor-button-content-wrapper\">\n\t\t\t\t\t\t<span class=\"elementor-button-icon\">\n\t\t\t\t<svg aria-hidden=\"true\" class=\"e-font-icon-svg e-far-arrow-alt-circle-down\" viewbox=\"0 0 512 512\" xmlns=\"http:\/\/www.w3.org\/2000\/svg\"><path d=\"M256 8C119 8 8 119 8 256s111 248 248 248 248-111 248-248S393 8 256 8zm0 448c-110.5 0-200-89.5-200-200S145.5 56 256 56s200 89.5 200 200-89.5 200-200 200zm-32-316v116h-67c-10.7 0-16 12.9-8.5 20.5l99 99c4.7 4.7 12.3 4.7 17 0l99-99c7.6-7.6 2.2-20.5-8.5-20.5h-67V140c0-6.6-5.4-12-12-12h-40c-6.6 0-12 5.4-12 12z\"><\/path><\/svg>\t\t\t<\/span>\n\t\t\t\t\t\t\t\t\t<span class=\"elementor-button-text\">\u4eca\u3059\u3050\u554f\u3044\u5408\u308f\u305b\u308b<\/span>\n\t\t\t\t\t<\/span>\n\t\t\t\t\t<\/a>\n\t\t\t\t<\/div>\n\t\t\t\t\t\t\t\t<\/div>\n\t\t\t\t<\/div>\n\t\t\t\t\t<\/div>\n\t\t\t\t<\/div>\n\t\t\t\t<div class=\"elementor-element elementor-element-1b8fedd3 elementor-widget__width-initial elementor-widget elementor-widget-heading\" data-id=\"1b8fedd3\" data-element_type=\"widget\" data-settings=\"{&quot;_animation&quot;:&quot;none&quot;}\" data-widget_type=\"heading.default\">\n\t\t\t\t<div class=\"elementor-widget-container\">\n\t\t\t\t\t<h2 class=\"elementor-heading-title elementor-size-default\">\u4f1a\u8b70\u6280\u8853\u30b7\u30b9\u30c6\u30e0\u306f100\uff05\u30c6\u30b9\u30c8\u6e08\u307f<\/h2>\t\t\t\t<\/div>\n\t\t\t\t<\/div>\n\t\t\t\t<div class=\"elementor-element elementor-element-1090f510 elementor-widget__width-inherit elementor-widget elementor-widget-text-editor\" data-id=\"1090f510\" data-element_type=\"widget\" data-widget_type=\"text-editor.default\">\n\t\t\t\t<div class=\"elementor-widget-container\">\n\t\t\t\t\t\t\t\t\t<p>\u30a2\u30a6\u30b0\u30b9\u30d6\u30eb\u30af\u304a\u3088\u3073\u30b7\u30e5\u30f4\u30a1\u30fc\u30d9\u30f3\u884c\u653f\u533a\u3067PCS\u306e\u4f1a\u8b70\u6280\u8853\u30b7\u30b9\u30c6\u30e0\u3092\u63a1\u7528\u3059\u308b\u5834\u5408\u3001\u3082\u3061\u308d\u3093100\uff05\u6a5f\u80fd\u30c6\u30b9\u30c8\u6e08\u307f\u3067\u3001\u5c02\u9580\u5bb6\u306b\u3088\u308b\u30e1\u30f3\u30c6\u30ca\u30f3\u30b9\u304c\u65bd\u3055\u308c\u3001\u5b8c\u5168\u306b\u52d5\u4f5c\u53ef\u80fd\u306a\u6700\u65b0\u92ed\u306e\u6a5f\u5668\u3092\u5e38\u306b\u53d7\u3051\u53d6\u308b\u3053\u3068\u304c\u3067\u304d\u307e\u3059\u3002\u4f1a\u8b70\u30c6\u30af\u30ce\u30ed\u30b8\u30fc\u3092\u63a1\u7528\u3059\u308b\u3082\u3046\u4e00\u3064\u306e\u5229\u70b9\u306f\u3001PCS\u304c\u6700\u65b0\u306e\u30c8\u30ec\u30f3\u30c9\u3084\u9867\u5ba2\u306e\u8981\u6c42\u306b\u8fc5\u901f\u306b\u5bfe\u5fdc\u3059\u308b\u3053\u3068\u3067\u3059\u3002\u4f8b\u3048\u3070\u3001\u30c7\u30a3\u30b9\u30ab\u30c3\u30b7\u30e7\u30f3\u30b7\u30b9\u30c6\u30e0\u3001\u30c7\u30ea\u30b2\u30fc\u30c8\u30de\u30a4\u30af\u30e6\u30cb\u30c3\u30c8\u3001\u30de\u30a4\u30af\u30c1\u30a7\u30fc\u30f3\u3068\u3082\u547c\u3070\u308c\u308b\u2013\u30de\u30a4\u30af\u30e6\u30cb\u30c3\u30c8\u3001\u2013\u30ef\u30a4\u30e4\u30ec\u30b9\u30b7\u30b9\u30c6\u30e0\u306f\u3001\u305d\u306e\u6c4e\u7528\u6027\u306e\u9ad8\u3055\u304b\u3089\u4eba\u6c17\u304c\u9ad8\u307e\u3063\u3066\u3044\u307e\u3059\u3002PCS\u306e\u6280\u8853\u8005\u306f\u3001Bosch Dicentis \u2013\u306e\u3088\u3046\u306a\u30ef\u30a4\u30e4\u30ec\u30b9\u30b7\u30b9\u30c6\u30e0\u304c\u554f\u984c\u306a\u304f\u4f7f\u7528\u3067\u304d\u308b\u5834\u6240\u3068\u3001\u6709\u7dda\u30bd\u30ea\u30e5\u30fc\u30b7\u30e7\u30f3\u306b\u983c\u3063\u305f\u65b9\u304c\u826f\u3044\u5834\u6240\u3092\u6bd4\u8f03\u7684\u8fc5\u901f\u306b\u660e\u78ba\u306b\u3059\u308b\u3053\u3068\u304c\u3067\u304d\u307e\u3059\u3002PCS\u306f\u3001\u30df\u30e5\u30f3\u30d8\u30f3\u652f\u5e97\u304b\u3089\u30a2\u30a6\u30b0\u30b9\u30d6\u30eb\u30af\u3068\u30d0\u30a4\u30a8\u30eb\u30f3\u5dde\u30b7\u30e5\u30f4\u30a1\u30fc\u30d9\u30f3\u884c\u653f\u533a\u306b\u30b5\u30fc\u30d3\u30b9\u3092\u63d0\u4f9b\u3057\u3066\u3044\u307e\u3059\u3002\u96fb\u5b50\u30e1\u30fc\u30eb\u3067\u3054\u9023\u7d61\u3044\u305f\u3060\u3051\u308c\u3070\u30011\u6642\u9593\u4ee5\u5185\u306b\u8fd4\u4fe1\u3044\u305f\u3057\u307e\u3059\u3002\u305d\u308c\u4ee5\u5916\u306e\u5834\u5408\u306f\u300124\u6642\u9593\u5bfe\u5fdc\u306e\u96fb\u8a71\u30db\u30c3\u30c8\u30e9\u30a4\u30f3\u304b\u3089\u3082\u304a\u554f\u3044\u5408\u308f\u305b\u3044\u305f\u3060\u3051\u307e\u3059\uff01<\/p>\t\t\t\t\t\t\t\t<\/div>\n\t\t\t\t<\/div>\n\t\t\t\t\t<\/div>\n\t\t\t\t<\/div>\n\t\t<div data-particle_enable=\"false\" data-particle-mobile-disabled=\"false\" class=\"elementor-element elementor-element-3d623838 e-flex e-con-boxed e-con e-parent\" data-id=\"3d623838\" data-element_type=\"container\">\n\t\t\t\t\t<div class=\"e-con-inner\">\n\t\t\t\t<div class=\"elementor-element elementor-element-d298053 elementor-widget elementor-widget-shortcode\" data-id=\"d298053\" data-element_type=\"widget\" data-widget_type=\"shortcode.default\">\n\t\t\t\t<div class=\"elementor-widget-container\">\n\t\t\t\t\t\t\t<div class=\"elementor-shortcode\"><\/div>\n\t\t\t\t\t\t<\/div>\n\t\t\t\t<\/div>\n\t\t\t\t\t<\/div>\n\t\t\t\t<\/div>\n\t\t\t\t<\/div>","protected":false},"excerpt":{"rendered":"<p>Konferenztechnik mieten Augsburg, Verleih von Videotechnik, Audiotechnik und Simultantechnik in Schwaben Jetzt anfragen Diskussionsanlagen, Sprechstellen \u2013 mieten, kaufen, installieren, leasen Diskussionsanlagen, Sprechstellen \u2013 mieten, kaufen, installieren, leasen \u203a mehr Dolmetschkabinen und Sprecherkabinen Die Dolmetschkabine ist der Arbeitsplatz der Simultandolmetscher*innen \u203a mehr Dolmetschpulte Zur Grundausr\u00fcstung einer Dolmetscherkabine geh\u00f6rt ein Dolmetschpult. \u203a mehr Konferenzempf\u00e4nger, Kopfh\u00f6rerempf\u00e4nger Konferenzempf\u00e4nger mieten: Empf\u00e4nger und Kopfh\u00f6rer f\u00fcr Konferenzen mit Simultan\u00fcbersetzung \u203a mehr Personenf&#252;hrungsanlagen Tourguide-Systeme, F\u00fchrungsanlagen, Fl\u00fcsteranlagen oder PFAs, Kopfh\u00f6rer, Mikrofone, Ladeeinheiten, Transportkoffer, Zubeh\u00f6r \u203a mehr F\u00fchrungsanlagen und Tourguide-Systeme f\u00fcr Betriebsf\u00fchrungen und Stadtbesichtigungen, Dolmetscherkabinen, Tischsprechstellen und Konferenzempf\u00e4nger f\u00fcr mehrsprachige Kongresse und die neuste AV-Medientechnik f\u00fcr kleine und gro\u00dfe und Events jeder Ausrichtung: PCS versorgt Augsburg und den bayerischen Regierungsbezirk [&hellip;]<\/p>","protected":false},"author":1,"featured_media":45482,"parent":0,"menu_order":0,"comment_status":"closed","ping_status":"closed","template":"","meta":{"_acf_changed":false,"footnotes":""},"class_list":["post-11576","page","type-page","status-publish","has-post-thumbnail","hentry"],"acf":[],"_links":{"self":[{"href":"https:\/\/konferenztechnik.de\/ja\/wp-json\/wp\/v2\/pages\/11576","targetHints":{"allow":["GET"]}}],"collection":[{"href":"https:\/\/konferenztechnik.de\/ja\/wp-json\/wp\/v2\/pages"}],"about":[{"href":"https:\/\/konferenztechnik.de\/ja\/wp-json\/wp\/v2\/types\/page"}],"author":[{"embeddable":true,"href":"https:\/\/konferenztechnik.de\/ja\/wp-json\/wp\/v2\/users\/1"}],"replies":[{"embeddable":true,"href":"https:\/\/konferenztechnik.de\/ja\/wp-json\/wp\/v2\/comments?post=11576"}],"version-history":[{"count":0,"href":"https:\/\/konferenztechnik.de\/ja\/wp-json\/wp\/v2\/pages\/11576\/revisions"}],"wp:featuredmedia":[{"embeddable":true,"href":"https:\/\/konferenztechnik.de\/ja\/wp-json\/wp\/v2\/media\/45482"}],"wp:attachment":[{"href":"https:\/\/konferenztechnik.de\/ja\/wp-json\/wp\/v2\/media?parent=11576"}],"curies":[{"name":"wp","href":"https:\/\/api.w.org\/{rel}","templated":true}]}}