{"id":1219,"date":"2013-08-23T10:29:49","date_gmt":"2013-08-23T08:29:49","guid":{"rendered":"https:\/\/pcs-miete.de\/?page_id=1219"},"modified":"2023-07-05T14:17:33","modified_gmt":"2023-07-05T12:17:33","slug":"%e3%82%b9%e3%82%af%e3%83%aa%e3%83%bc%e3%83%b3","status":"publish","type":"page","link":"https:\/\/konferenztechnik.de\/ja\/%e4%bc%9a%e8%ad%b0%e3%81%8a%e3%82%88%e3%81%b3av%e3%83%a1%e3%83%87%e3%82%a3%e3%82%a2%e6%8a%80%e8%a1%93%e3%81%ae%e9%85%8d%e5%b8%83\/%e3%83%93%e3%83%87%e3%82%aa%e6%8a%80%e8%a1%93\/%e3%82%b9%e3%82%af%e3%83%aa%e3%83%bc%e3%83%b3\/","title":{"rendered":"\u30b9\u30af\u30ea\u30fc\u30f3"},"content":{"rendered":"<h1>\u30b9\u30af\u30ea\u30fc\u30f3<\/h1>\n<p>\u6628\u4eca\u3001\u30b9\u30af\u30ea\u30fc\u30f3\u306e\u5927\u578b\u5316\u3001\u9ad8\u89e3\u50cf\u5ea6\u5316\u3001\u8010\u5019\u6027\u306e\u5411\u4e0a\u3001\u8010\u50b7\u6027\u306e\u5411\u4e0a\u3001\u2013\u306e\u4f4e\u4fa1\u683c\u5316\u304c\u6025\u901f\u306b\u9032\u3093\u3067\u3044\u308b\u3002\u3053\u3053\u3067\u306f\u3001\u305d\u306e\u4e00\u4f8b\u3068\u3057\u3066\u30b9\u30af\u30ea\u30fc\u30f3\u306e\u3054\u304f\u4e00\u90e8\u3092\u7d39\u4ecb\u3059\u308b\u3002<\/p>\n<p>\u3053\u306e\u5206\u91ce\u3067\u5c11\u306a\u304f\u3068\u3082\u91cd\u8981\u306a\u306e\u306f\u3001\u3082\u3061\u308d\u3093\u3001\u58c1\u639b\u3051\u7528\u30d6\u30e9\u30b1\u30c3\u30c8\u3001\u5929\u4e95\u7528\u30d6\u30e9\u30b1\u30c3\u30c8\u3001\u30b9\u30af\u30ea\u30fc\u30f3\u7528\u30d5\u30ed\u30a2\u30b9\u30bf\u30f3\u30c9\u306a\u3069\u3001\u3059\u3079\u3066\u306e\u53d6\u308a\u4ed8\u3051\u30aa\u30d7\u30b7\u30e7\u30f3\u3067\u3059\u3002\u3053\u3061\u3089\u3082\u8c4a\u5bcc\u306a\u30aa\u30d7\u30b7\u30e7\u30f3\u3092\u53d6\u308a\u63c3\u3048\u3066\u3044\u307e\u3059\u3002<\/p>\n<h2>\u30d5\u30ebHD\u89e3\u50cf\u5ea6\u306e52\u578b\u6db2\u6676\u30c7\u30a3\u30b9\u30d7\u30ec\u30a4<\/h2>\n<p><a href=\"https:\/\/konferenztechnik.de\/wp-content\/uploads\/2013\/09\/Sony_LCD-Display_GXD-L52H1_gross.jpg\"><img fetchpriority=\"high\" decoding=\"async\" width=\"383\" height=\"300\" class=\"alignleft size-full wp-image-2415\" src=\"https:\/\/konferenztechnik.de\/wp-content\/uploads\/2013\/09\/Sony_LCD-Display_GXD-L52H1_gross.jpg\" alt=\" \u30bd\u30cb\u30fc\u88fd\u30d5\u30ebHD\u6db2\u6676\u30c7\u30a3\u30b9\u30d7\u30ec\u30a4 GXDL52H1\" title=\"\" srcset=\"https:\/\/konferenztechnik.de\/wp-content\/uploads\/2013\/09\/Sony_LCD-Display_GXD-L52H1_gross.jpg 383w, https:\/\/konferenztechnik.de\/wp-content\/uploads\/2013\/09\/Sony_LCD-Display_GXD-L52H1_gross-300x235.jpg 300w\" sizes=\"(max-width: 383px) 100vw, 383px\" \/><\/a><\/p>\n<p>\u30bd\u30cb\u30fc\u521d\u306e\u696d\u52d9\u7528\u30d5\u30ebHD\u6db2\u6676\u30c7\u30a3\u30b9\u30d7\u30ec\u30a4GXDL52H1\u306f\u3001\u5353\u8d8a\u3057\u305f\u753b\u8cea\u3068\u5805\u7262\u6027\u3092\u5099\u3048\u3001\u7279\u306b\u9023\u7d9a\u4f7f\u7528\u306b\u9069\u3057\u3066\u3044\u307e\u3059\u3002\u65b0\u958b\u767a\u306e\u7b50\u4f53\u958b\u53e3\u90e8\u306e\u306a\u3044\u63db\u6c17\u30b7\u30b9\u30c6\u30e0\u306f\u3001\u30c7\u30a3\u30b9\u30d7\u30ec\u30a4\u3092\u5782\u76f4\u306b\u8a2d\u7f6e\u3057\u305f\u5834\u5408\u3067\u3082\u52b9\u679c\u7684\u306a\u51b7\u5374\u3092\u4fdd\u8a3c\u3057\u307e\u3059\u3002<\/p>\n<p>\u9577\u5bff\u547d\u306e\u3082\u3046\u3072\u3068\u3064\u306e\u30d7\u30e9\u30b9\u30dd\u30a4\u30f3\u30c8\u306f\u3001\u30c7\u30a3\u30b9\u30d7\u30ec\u30a4\u306e\u4fdd\u8b77\u30ac\u30e9\u30b9\u304c\u5b89\u5b9a\u3057\u3066\u3044\u3066\u885d\u6483\u306b\u5f37\u304f\u3001\u5f37\u3044\u885d\u6483\u306b\u3082\u8010\u3048\u3089\u308c\u308b\u3053\u3068\u3060\u3002<\/p>\n<p>\u305d\u306e\u305f\u3081\u3001\u4ea4\u901a\u6a5f\u95a2\u306e\u30cf\u30d6\u3001\u30d0\u30fc\u3001\u30c7\u30a3\u30b9\u30b3\u3001\u5e97\u8217\u3001\u30aa\u30d5\u30a3\u30b9\u306a\u3069\u3001\u5e45\u5e83\u3044\u74b0\u5883\u306b\u6700\u9069\u3067\u3059\u3002\u307e\u305f\u3001HDSDI\u306b\u5bfe\u5fdc\u3057\u3066\u3044\u308b\u305f\u3081\u3001\u653e\u9001\u3084\u30d8\u30eb\u30b9\u30b1\u30a2\u306a\u3069\u69d8\u3005\u306a\u7528\u9014\u306b\u3082\u9069\u3057\u3066\u3044\u307e\u3059\u3002<\/p>\n<h2>50\u2033\u30d5\u30ebHD\u30d7\u30e9\u30ba\u30de\u30fb\u30c7\u30a3\u30b9\u30d7\u30ec\u30a4<\/h2>\n<p><a href=\"https:\/\/konferenztechnik.de\/wp-content\/uploads\/2013\/09\/Panasonic_PlasmaDisplay_TH-50PF10_gross.jpg\"><img decoding=\"async\" width=\"404\" height=\"290\" class=\"alignleft size-full wp-image-2417\" src=\"https:\/\/konferenztechnik.de\/wp-content\/uploads\/2013\/09\/Panasonic_PlasmaDisplay_TH-50PF10_gross.jpg\" alt=\"\u30d1\u30ca\u30bd\u30cb\u30c3\u30af\u306e\u30d5\u30ebHD\u30d7\u30e9\u30ba\u30de\u30c7\u30a3\u30b9\u30d7\u30ec\u30a4TH-50PF10EK\" title=\"\" srcset=\"https:\/\/konferenztechnik.de\/wp-content\/uploads\/2013\/09\/Panasonic_PlasmaDisplay_TH-50PF10_gross.jpg 404w, https:\/\/konferenztechnik.de\/wp-content\/uploads\/2013\/09\/Panasonic_PlasmaDisplay_TH-50PF10_gross-300x215.jpg 300w\" sizes=\"(max-width: 404px) 100vw, 404px\" \/><\/a><\/p>\n<p>\u30d1\u30ca\u30bd\u30cb\u30c3\u30af\u306eTH-50PF10EK\u30d5\u30ebHD\u30d7\u30e9\u30ba\u30de\u30c7\u30a3\u30b9\u30d7\u30ec\u30a4\u306f\u3001\u9ad8\u89e3\u50cf\u5ea6\uff081920\u00d71080\u30d4\u30af\u30bb\u30eb\uff09\u306810,000:1\u306e\u9a5a\u7570\u7684\u306a\u30b3\u30f3\u30c8\u30e9\u30b9\u30c8\u6bd4\u3092\u8a87\u308a\u307e\u3059\u3002687\u5104\u8272\u306e\u8272\u7a7a\u9593\u3068\u8c4a\u5bcc\u306a\u65b0\u6280\u8853\u306b\u3088\u308a\u3001\u3053\u306e\u65b0\u3057\u3044\u30c7\u30a3\u30b9\u30d7\u30ec\u30a4\u306f\u3001\u3042\u3089\u3086\u308b\u74b0\u5883\u3068\u4f7f\u7528\u9818\u57df\u3067\u3001\u8a73\u7d30\u306a\u30d7\u30ec\u30bc\u30f3\u30c6\u30fc\u30b7\u30e7\u30f3\u3068\u8aac\u5f97\u529b\u306e\u3042\u308b\u753b\u50cf\u3092\u63d0\u4f9b\u3059\u308b\u3053\u3068\u304c\u3067\u304d\u308b\u3002\u65b0\u3057\u3044\u6280\u8853\u7684\u7279\u5fb4\u306b\u306f\u3001\u5f37\u5316\u3055\u308c\u305fNew MACH\u30d1\u30cd\u30eb\u3068\u3001\u3088\u308a\u9ad8\u3044\u8f1d\u5ea6\u3092\u5b9f\u73fe\u3059\u308b\u81ea\u52d5\u8f1d\u5ea6\u5236\u5fa1\u304c\u542b\u307e\u308c\u308b\u3002\u307e\u305f\u3001\u9ad8\u7cbe\u5ea6MPD\u30ce\u30a4\u30ba\u30ea\u30c0\u30af\u30b7\u30e7\u30f3\u306b\u3088\u308a\u3001\u9ad8\u901f\u30e2\u30fc\u30b7\u30e7\u30f3\u30b7\u30fc\u30b1\u30f3\u30b9\u3067\u3082\u9bae\u660e\u3067\u30b7\u30e3\u30fc\u30d7\u306a\u753b\u50cf\u3092\u5b9f\u73fe\u3057\u307e\u3059\u3002\u307e\u305f\u3001\u5e45\u5e83\u3044\u30e2\u30b8\u30e5\u30e9\u30fc\u30fb\u30a4\u30f3\u30bf\u30fc\u30d5\u30a7\u30fc\u30b9\u30fb\u30aa\u30d7\u30b7\u30e7\u30f3\u306f\u3001\u6700\u5927\u9650\u306e\u7d71\u5408\u80fd\u529b\u3092\u63d0\u4f9b\u3057\u307e\u3059\u3002\u73fe\u5728\u5229\u7528\u53ef\u80fd\u306a\u3059\u3079\u3066\u306e\u30d5\u30a9\u30fc\u30de\u30c3\u30c8\u3068\u4fe1\u53f7\u7528\u306e\u63a5\u7d9a\u30dc\u30fc\u30c9\u306f\u3001\u30c7\u30a3\u30b9\u30d7\u30ec\u30a4\u306e\u30de\u30eb\u30c1\u30d5\u30a1\u30f3\u30af\u30b7\u30e7\u30f3\u30b9\u30ed\u30c3\u30c8\u306e\u30cf\u30a6\u30b8\u30f3\u30b0\u306b\u76f4\u63a5\u53ce\u5bb9\u3067\u304d\u3001\u30b9\u30da\u30fc\u30b9\u3092\u7bc0\u7d04\u3067\u304d\u307e\u3059\u3002<\/p>\n<h2>\u30b9\u30af\u30ea\u30fc\u30f3\u7528\u30d6\u30e9\u30b1\u30c3\u30c8\u3068\u30de\u30a6\u30f3\u30c8<\/h2>\n<p><a href=\"https:\/\/konferenztechnik.de\/wp-content\/uploads\/2013\/09\/Audipack_Bodenstaender_Serie-700_gross.jpg\"><img decoding=\"async\" width=\"780\" height=\"585\" class=\"alignleft size-full wp-image-2416\" src=\"https:\/\/konferenztechnik.de\/wp-content\/uploads\/2013\/09\/Audipack_Bodenstaender_Serie-700_gross.jpg\" alt=\"Audipack 700\u30b7\u30ea\u30fc\u30ba \u30d5\u30ed\u30a2\u30b9\u30bf\u30f3\u30c9\" title=\"\" srcset=\"https:\/\/konferenztechnik.de\/wp-content\/uploads\/2013\/09\/Audipack_Bodenstaender_Serie-700_gross.jpg 780w, https:\/\/konferenztechnik.de\/wp-content\/uploads\/2013\/09\/Audipack_Bodenstaender_Serie-700_gross-300x225.jpg 300w, https:\/\/konferenztechnik.de\/wp-content\/uploads\/2013\/09\/Audipack_Bodenstaender_Serie-700_gross-768x576.jpg 768w\" sizes=\"(max-width: 780px) 100vw, 780px\" \/><\/a><\/p>\n<p>\u5e8a\u7f6e\u304d\u3001\u58c1\u639b\u3051\u3001\u5929\u4e95\u540a\u308a\u306a\u3069\u3001\u3042\u3089\u3086\u308b\u30bf\u30a4\u30d7\u306e\u30b9\u30af\u30ea\u30fc\u30f3\u30de\u30a6\u30f3\u30c8\u306b\u9069\u3057\u305f\u30bd\u30ea\u30e5\u30fc\u30b7\u30e7\u30f3\u3092\u3054\u7528\u610f\u3057\u3066\u3044\u307e\u3059\uff01\u30aa\u30e9\u30f3\u30c0\u306eAudipack\u793e\u306e\u88fd\u54c1\u3092\u5728\u5eab\u3057\u3066\u3044\u307e\u3059\u3002<\/p>\n<p>\u5199\u771f\u306f700\u30b7\u30ea\u30fc\u30ba\u306e\u30d5\u30ed\u30a2\u30b9\u30bf\u30f3\u30c9\u3067\u3059\u3002\u5b9f\u7528\u7684\u3067\u30a8\u30ec\u30ac\u30f3\u30c8\u306a\u30db\u30eb\u30c0\u30fc\u3092\u5e45\u5e83\u304f\u53d6\u308a\u63c3\u3048\u3066\u3044\u307e\u3059\uff1a<\/p>\n<p><a href=\"\/ja\/%e4%bc%9a%e8%ad%b0%e3%81%8a%e3%82%88%e3%81%b3av%e3%83%a1%e3%83%87%e3%82%a3%e3%82%a2%e6%8a%80%e8%a1%93%e3%81%ae%e9%85%8d%e5%b8%83\/%e3%83%93%e3%83%87%e3%82%aa%e6%8a%80%e8%a1%93\/%e3%83%87%e3%82%a3%e3%82%b9%e3%83%97%e3%83%ac%e3%82%a4%e3%81%8a%e3%82%88%e3%81%b3%e3%83%97%e3%83%ad%e3%82%b8%e3%82%a7%e3%82%af%e3%82%bf%e3%83%bc%e7%94%a8%e3%83%9e%e3%82%a6%e3%83%b3%e3%83%88\/\">\u203a \u30d6\u30e9\u30b1\u30c3\u30c8\u3078\u306e\u30ea\u30f3\u30af<\/a><\/p>","protected":false},"excerpt":{"rendered":"<p>Bildschirme Heutzutage werden Bildschirme immer gr\u00f6\u00dfer, hochaufl\u00f6sender, wetterfester, kratzfester, preiswerter &#8211; und das in einem rasanten Tempo. Wir zeigen hier einmal stellvertretend eine kleine Auswahl an Bildschirmen auf. Mindestens ebenso wichtig sind in diesem Bereich nat\u00fcrlich auch s\u00e4mtliche Befestigungsm\u00f6glichkeiten wie Wandhalter, Deckenhalter und Bodenst\u00e4nder f\u00fcr die Bildschirme. Hier haben wir ebenfalls eine gro\u00dfe Auswahl an M\u00f6glichkeiten. 52&#8243; LCD-Display mit voller HD-Aufl\u00f6sung Das erste professionelle Full HD LCD-Display GXDL52H1 von Sony bietet eine \u00fcberragende Bildqualit\u00e4t, ist extrem widerstandsf\u00e4hig und eignet sich daher besonders f\u00fcr einen Dauereinsatz. Das neu entwickelte, staubfreie L\u00fcftungssystem ohne Geh\u00e4use\u00f6ffnungen garantiert eine wirksame K\u00fchlung, auch wenn das Display vertikal aufgestellt wird. Ein weiterer Pluspunkt f\u00fcr eine lange Lebensdauer [&hellip;]<\/p>","protected":false},"author":1,"featured_media":45482,"parent":1138,"menu_order":229,"comment_status":"closed","ping_status":"open","template":"","meta":{"_acf_changed":false,"footnotes":""},"class_list":["post-1219","page","type-page","status-publish","has-post-thumbnail","hentry"],"acf":[],"_links":{"self":[{"href":"https:\/\/konferenztechnik.de\/ja\/wp-json\/wp\/v2\/pages\/1219","targetHints":{"allow":["GET"]}}],"collection":[{"href":"https:\/\/konferenztechnik.de\/ja\/wp-json\/wp\/v2\/pages"}],"about":[{"href":"https:\/\/konferenztechnik.de\/ja\/wp-json\/wp\/v2\/types\/page"}],"author":[{"embeddable":true,"href":"https:\/\/konferenztechnik.de\/ja\/wp-json\/wp\/v2\/users\/1"}],"replies":[{"embeddable":true,"href":"https:\/\/konferenztechnik.de\/ja\/wp-json\/wp\/v2\/comments?post=1219"}],"version-history":[{"count":0,"href":"https:\/\/konferenztechnik.de\/ja\/wp-json\/wp\/v2\/pages\/1219\/revisions"}],"up":[{"embeddable":true,"href":"https:\/\/konferenztechnik.de\/ja\/wp-json\/wp\/v2\/pages\/1138"}],"wp:featuredmedia":[{"embeddable":true,"href":"https:\/\/konferenztechnik.de\/ja\/wp-json\/wp\/v2\/media\/45482"}],"wp:attachment":[{"href":"https:\/\/konferenztechnik.de\/ja\/wp-json\/wp\/v2\/media?parent=1219"}],"curies":[{"name":"wp","href":"https:\/\/api.w.org\/{rel}","templated":true}]}}