{"id":13239,"date":"2018-07-02T13:54:06","date_gmt":"2018-07-02T12:54:06","guid":{"rendered":"https:\/\/www.konferenztechnik.de\/?page_id=13239"},"modified":"2026-08-31T23:06:26","modified_gmt":"2026-08-31T21:06:26","slug":"%e9%80%9a%e8%a8%b3%e3%83%96%e3%83%bc%e3%82%b9%e3%82%92%e8%b3%bc%e5%85%a5%e3%81%99%e3%82%8b","status":"publish","type":"page","link":"https:\/\/konferenztechnik.de\/ja\/%e9%80%9a%e8%a8%b3%e3%83%96%e3%83%bc%e3%82%b9%e3%82%92%e8%b3%bc%e5%85%a5%e3%81%99%e3%82%8b\/","title":{"rendered":"\u901a\u8a33\u30d6\u30fc\u30b9\u8cfc\u5165"},"content":{"rendered":"<h2>Dolmetscherkabinen kaufen bei PCS<\/h2>\n<div class=\"call-action-slider-img\"><img decoding=\"async\" class=\"alignleft size-full wp-image-13406\" src=\"https:\/\/konferenztechnik.de\/wp-content\/uploads\/2018\/07\/Dolmetscherkabinen-kaufen-Audipack-Silent-9600-1-2.jpg\" alt=\"Dolmetscherkabinen kaufen Audipack Silent 9600\" title=\"\"><br \/>\n<button class=\"bbtn popmake-13384\">Angebot anfordern \u203a<\/button><\/div>\n<p>Bei PCS k\u00f6nnen Sie <a href=\"https:\/\/the-cue.group\/technik\/konferenztechnik\/dolmetschtechnik-simultantechnik\/\" target=\"_blank\" rel=\"noopener\">Dolmetscherkabinen<\/a> in verschiedenen Gr\u00f6\u00dfen und Ausf\u00fchrungen kaufen. Die Kabinen haben beste Werte bei der Schalld\u00e4mmung. Sie k\u00f6nnen je nach Platzbedarf und Anforderung flexibel zusammengestellt werden und sind durch ein einfaches Stecksystem schnell auf- und abgebaut. Unsere <a href=\"https:\/\/konferenztechnik.de\/ja\/%e9%80%9a%e8%a8%b3%e3%83%96%e3%83%bc%e3%82%b9%e3%81%ae%e3%83%ac%e3%83%b3%e3%82%bf%e3%83%ab\/\">Dolmetscherkabinen<\/a> sind sowohl an einem festen Standort als auch mobil einsetzbar.<\/p>\n<h2>Diese Highlights bieten unsere Dolmetscherkabinen<\/h2>\n<p>[list icon=&#8220;moon-checkmark&#8220; color=&#8220;#a62055&#8243;]Zertifiziert nach ISO-Norm 4043:2016[\/list]<br \/>\n[list icon=&#8220;moon-checkmark&#8220; color=&#8220;#a62055&#8243;]Hohe Schalld\u00e4mmung[\/list]<br \/>\n[list icon=&#8220;moon-checkmark&#8220; color=&#8220;#a62055&#8243;]Kr\u00e4ftiges Ventilationssystem[\/list]<br \/>\n[list icon=&#8220;moon-checkmark&#8220; color=&#8220;#a62055&#8243;]Einfacher Auf- und Abbau[\/list]<br \/>\n[list icon=&#8220;moon-checkmark&#8220; color=&#8220;#a62055&#8243;]Gro\u00dfe Sichtfenster[\/list]<\/p>\n<p>[spacer size=&#8220;20&#8243;]<\/p>\n<p>[column size=&#8220;1-3&#8243; last=&#8220;0&#8243;]<\/p>\n<figure id=\"attachment_9210\" aria-describedby=\"caption-attachment-9210\" style=\"width: 548px\" class=\"wp-caption alignleft\"><img decoding=\"async\" class=\"alignleft size-full wp-image-13431\" src=\"https:\/\/konferenztechnik.de\/wp-content\/uploads\/2018\/07\/Audipack-Silent-Serie-akustische-Daemmung-1.jpg\" alt=\"Audipack Silent Serie akustische D\u00e4mmung\" width=\"548\" title=\"\"><figcaption id=\"caption-attachment-9210\" class=\"wp-caption-text\">Hohe akustische D\u00e4mmung<\/figcaption><\/figure>\n<p>[\/column]<\/p>\n<p>[column size=&#8220;1-3&#8243; last=&#8220;0&#8243;]<\/p>\n<p><img fetchpriority=\"high\" decoding=\"async\" width=\"500\" height=\"500\" class=\"alignleft size-full wp-image-13435\" src=\"https:\/\/konferenztechnik.de\/wp-content\/uploads\/2018\/07\/Audipack-Silent-Serie-Transportcase.jpg\" alt=\"Audipack-Silent-Serie-Transportcase\" title=\"\" srcset=\"https:\/\/konferenztechnik.de\/wp-content\/uploads\/2018\/07\/Audipack-Silent-Serie-Transportcase.jpg 500w, https:\/\/konferenztechnik.de\/wp-content\/uploads\/2018\/07\/Audipack-Silent-Serie-Transportcase-300x300.jpg 300w, https:\/\/konferenztechnik.de\/wp-content\/uploads\/2018\/07\/Audipack-Silent-Serie-Transportcase-150x150.jpg 150w\" sizes=\"(max-width: 500px) 100vw, 500px\" \/><\/p>\n<p>[\/column]<\/p>\n<p>[column size=&#8220;1-3&#8243; last=&#8220;1&#8243;]<\/p>\n<figure id=\"attachment_9212\" aria-describedby=\"caption-attachment-9212\" style=\"width: 500px\" class=\"wp-caption alignleft\"><img decoding=\"async\" class=\"alignleft size-full wp-image-13445\" src=\"https:\/\/konferenztechnik.de\/wp-content\/uploads\/2018\/07\/Audipack-Silent-Serie-LED-Deckenlicht2.jpg\" alt=\"Audipack-Silent-Serie-LED-Deckenlicht2\" width=\"500\" height=\"500\" title=\"\" srcset=\"https:\/\/konferenztechnik.de\/wp-content\/uploads\/2018\/07\/Audipack-Silent-Serie-LED-Deckenlicht2.jpg 500w, https:\/\/konferenztechnik.de\/wp-content\/uploads\/2018\/07\/Audipack-Silent-Serie-LED-Deckenlicht2-300x300.jpg 300w, https:\/\/konferenztechnik.de\/wp-content\/uploads\/2018\/07\/Audipack-Silent-Serie-LED-Deckenlicht2-150x150.jpg 150w\" sizes=\"(max-width: 500px) 100vw, 500px\" \/><figcaption id=\"caption-attachment-9212\" class=\"wp-caption-text\">LED-Deckenlicht<\/figcaption><\/figure>\n<p>[\/column]<\/p>\n<p>[column size=&#8220;1-3&#8243; last=&#8220;0&#8243;]<\/p>\n<p><img decoding=\"async\" width=\"500\" height=\"500\" class=\"alignleft size-full wp-image-13439\" src=\"https:\/\/konferenztechnik.de\/wp-content\/uploads\/2018\/07\/Audipack-Silent-Serie-Erweiterungsset.jpg\" alt=\"Audipack-Silent-Serie-Erweiterungsset\" title=\"\" srcset=\"https:\/\/konferenztechnik.de\/wp-content\/uploads\/2018\/07\/Audipack-Silent-Serie-Erweiterungsset.jpg 500w, https:\/\/konferenztechnik.de\/wp-content\/uploads\/2018\/07\/Audipack-Silent-Serie-Erweiterungsset-300x300.jpg 300w, https:\/\/konferenztechnik.de\/wp-content\/uploads\/2018\/07\/Audipack-Silent-Serie-Erweiterungsset-150x150.jpg 150w\" sizes=\"(max-width: 500px) 100vw, 500px\" \/><\/p>\n<p>[\/column]<\/p>\n<p>[column size=&#8220;1-3&#8243; last=&#8220;0&#8243;]<\/p>\n<figure id=\"attachment_9214\" aria-describedby=\"caption-attachment-9214\" style=\"width: 500px\" class=\"wp-caption alignleft\"><img loading=\"lazy\" decoding=\"async\" class=\"alignleft size-full wp-image-13437\" src=\"https:\/\/konferenztechnik.de\/wp-content\/uploads\/2018\/07\/Audipack-CO2-Messgeraet-luftqualitaet.jpg\" alt=\"Audipack-CO2-Messgeraet-Luftqualitaet\" width=\"500\" height=\"500\" title=\"\" srcset=\"https:\/\/konferenztechnik.de\/wp-content\/uploads\/2018\/07\/Audipack-CO2-Messgeraet-luftqualitaet.jpg 500w, https:\/\/konferenztechnik.de\/wp-content\/uploads\/2018\/07\/Audipack-CO2-Messgeraet-luftqualitaet-300x300.jpg 300w, https:\/\/konferenztechnik.de\/wp-content\/uploads\/2018\/07\/Audipack-CO2-Messgeraet-luftqualitaet-150x150.jpg 150w\" sizes=\"(max-width: 500px) 100vw, 500px\" \/><figcaption id=\"caption-attachment-9214\" class=\"wp-caption-text\">CO2-Messger\u00e4t<\/figcaption><\/figure>\n<p>[\/column]<\/p>\n<p>[column size=&#8220;1-3&#8243; last=&#8220;1&#8243;]<\/p>\n<p><img loading=\"lazy\" decoding=\"async\" width=\"500\" height=\"500\" class=\"alignleft size-full wp-image-13441\" src=\"https:\/\/konferenztechnik.de\/wp-content\/uploads\/2018\/07\/Audipack-Silent-Serie-Transportwagen.jpg\" alt=\"Audipack-Silent-Serie-Transportwagen\" title=\"\" srcset=\"https:\/\/konferenztechnik.de\/wp-content\/uploads\/2018\/07\/Audipack-Silent-Serie-Transportwagen.jpg 500w, https:\/\/konferenztechnik.de\/wp-content\/uploads\/2018\/07\/Audipack-Silent-Serie-Transportwagen-300x300.jpg 300w, https:\/\/konferenztechnik.de\/wp-content\/uploads\/2018\/07\/Audipack-Silent-Serie-Transportwagen-150x150.jpg 150w\" sizes=\"(max-width: 500px) 100vw, 500px\" \/><\/p>\n<p>[\/column]<\/p>\n<p>[spacer size=&#8220;20&#8243;]<\/p>\n<h2>Spezifikationen der Audipack Silent Dolmetschkabinen<\/h2>\n<p>&nbsp;<\/p>\n<div class=\"newskasten\">\n<p>[v_icon color=&#8220;#a62055&#8243; size=&#8220;18px&#8220; target=&#8220;_blank&#8220; name=&#8220;moon-bookmark-3&#8243;]<strong> ISO zertifiziert<\/strong><br \/>\nDie Audipack Dolmetscherkabinen sind nach ISO 4043\/2016 Norm zertifiziert.<\/p>\n<p>[v_icon color=&#8220;#a62055&#8243; size=&#8220;18px&#8220; target=&#8220;_blank&#8220; name=&#8220;moon-balance&#8220;]<strong> Gewicht<\/strong><br \/>\n210 kg<\/p>\n<p>[v_icon color=&#8220;#a62055&#8243; size=&#8220;18px&#8220; target=&#8220;_blank&#8220; name=&#8220;moon-volume-mute-5&#8243;]<strong> Schalld\u00e4mmung<\/strong><br \/>\n24 dB<\/p>\n<p>[v_icon color=&#8220;#a62055&#8243; size=&#8220;18px&#8220; target=&#8220;_blank&#8220; name=&#8220;moon-rulers&#8220;]<strong> Innenma\u00dfe<\/strong><br \/>\n160 cm x 160 cm x 200 cm (B\/T\/H)<\/p>\n<p>[v_icon color=&#8220;#a62055&#8243; size=&#8220;18px&#8220; target=&#8220;_blank&#8220; name=&#8220;moon-rulers&#8220;]<strong> Au\u00dfenma\u00dfe<\/strong><br \/>\n168 cm x 168 cm x ca. 220 cm (mit Ventilation, B\/T\/H)<br \/>\n(Bitte links, rechts oder hinten 0,5 m Platz f\u00fcr T\u00fcr und Durchgang freihalten)<\/p>\n<\/div>\n<p>PCS bietet ausschlie\u00dflich Kabinen der Audipack Silent Serie an. Audipack Dolmetscherkabinen haben sich als internationaler Standard durchgesetzt und werden von Br\u00fcssel bis Berlin t\u00e4glich bei unz\u00e4hligen hochrangigen Konferenzen eingesetzt. In Kombination mit moderner <a href=\"https:\/\/konferenztechnik.de\/ja\/%e9%80%9a%e8%a8%b3%e3%83%96%e3%83%bc%e3%82%b9%e3%81%ae%e3%83%ac%e3%83%b3%e3%82%bf%e3%83%ab-%e3%83%95%e3%83%a9%e3%83%b3%e3%82%af%e3%83%95%e3%83%ab%e3%83%88\/\">Simultantechnik<\/a> sind Audipack Dolmetscherkabinen die beste Wahl, wenn bei internationalen Konferenzen und Kongressen Simultandolmetscher*innen zum Einsatz kommen.<\/p>\n<h2>Sonderanfertigungen<\/h2>\n<div class=\"call-action-slider-img\"><img decoding=\"async\" class=\"alignleft size-full wp-image-13409\" src=\"https:\/\/konferenztechnik.de\/wp-content\/uploads\/2018\/07\/Sonderanfertigungen-Dolmetscherkabinen-Audipack-1.jpg\" alt=\"Sonderanfertigungen Dolmetscherkabinen Audipack\" title=\"\"><br \/>\n<button class=\"bbtn popmake-13384\">Sonderanfertigungen \u203a<\/button><\/div>\n<p>Die Standard-Farbe der Audipack-Dolmetscherkabinen ist ein helles Grau, das in etwa RAL 7042 entspricht. Die Kabinen k\u00f6nnen aber auch in vielen weiteren Farben und Sonderfarben geliefert werden. Bitte erfragen Sie bei uns die verschiedenen M\u00f6glichkeiten und Lieferzeiten dazu.<\/p>\n<h3>Farbpalette Audipack Silent Dolmetscherkabinen<\/h3>\n<p><img decoding=\"async\" class=\"size-full wp-image-13489\" src=\"https:\/\/www.konferenztechnik.de\/bilder\/farben-dolmetschkabinen.svg\" alt=\"Farbtabelle Audipack Dolmetscherkabinen\" title=\"\"><\/p>\n<h2>ISO-Norm f\u00fcr Dolmetscherkabinen (4043:2016)<\/h2>\n<p>Unsere Dolmetscherkabinen entsprechen der neuesten ISO-Norm f\u00fcr mobile Dolmetscherkabinen. In vielen Institutionen und Einrichtungen ist es mittlerweile Pflicht, dass Dolmetscherkabinen die vorgeschriebenen ISO-Normen erf\u00fcllen. Die Normen regeln zum einen die akustischen Eigenschaften der Kabinen bez\u00fcglich einer professionellen Schalld\u00e4mmung, zum anderen die technische Ausstattung und den Komfort, den die Dolmetschkabinen bieten m\u00fcssen.<br \/>\nDer neue Standard richtet sich an Hersteller von Dolmetschkabinen, an Unternehmen, die Dolmetschanlagen vermieten, sowie an Veranstaltungsorganisatoren und Veranstaltungsagenturen.<\/p>\n<p>[spacer size=&#8220;20&#8243;]<\/p>\n<h2>Weiterf\u00fchrende Links zur ISO-Norm<\/h2>\n<p>\u203a <a href=\"https:\/\/www.professional-system.de\/basics\/iso-normen-fuer-dolmetscherkabinen\/\" target=\"_blank\" rel=\"noopener\">Artikel zur neuen Norm in der Professional Systems<\/a><br \/>\n\u203a <a href=\"https:\/\/www.beuth.de\/de\/norm\/din-en-iso-4043\/259413493\" target=\"_blank\" rel=\"noopener\">Die DIN-Norm zum Download beim Beuth-Verlag<\/a><\/p>\n<h2>Audipack Silent 9600 und Audipack Silent 9700 Dolmetscherkabinen<\/h2>\n<p><img decoding=\"async\" class=\"size-full wp-image-10328\" src=\"https:\/\/www.konferenztechnik.de\/bilder\/grundriss-dolmetscherkabine-audipack.svg\" alt=\"Grundriss Audipack Dolmetscherkabine\" title=\"\"><\/p>\n<p>[clear]<br \/>\n[spacer size=&#8220;20&#8243;]<br \/>\n[column size=&#8220;1-2&#8243; last=&#8220;0&#8243;]<\/p>\n<h2>Audipack Silent 9600<\/h2>\n<p><a href=\"https:\/\/www.konferenztechnik.de\/audipack-silent-9600-kaufen\/\" target=\"self\" rel=\"noopener\"><img decoding=\"async\" class=\"alignleft size-full wp-image-13567\" src=\"https:\/\/konferenztechnik.de\/wp-content\/uploads\/2018\/06\/audipack-silent-9600-1.jpg\" alt=\"Audipack Silent 9600 Dolmetscherkabine\" title=\"\"><\/a><br \/>\n[list icon=&#8220;moon-checkmark&#8220; color=&#8220;#a62055&#8243;]Nach ISO-Norm 4043:2016 zertifiziert[\/list]<br \/>\n[list icon=&#8220;moon-checkmark&#8220; color=&#8220;#a62055&#8243;]Gro\u00dfes Sichtfenster[\/list]<br \/>\n[list icon=&#8220;moon-checkmark&#8220; color=&#8220;#a62055&#8243;]Hohe Schalld\u00e4mmung[\/list]<br \/>\n[list icon=&#8220;moon-checkmark&#8220; color=&#8220;#a62055&#8243;]Leistungsstarkes Ventilationssystem[\/list]<br \/>\n[list icon=&#8220;moon-checkmark&#8220; color=&#8220;#a62055&#8243;]Schneller Auf- und Abbau[\/list]<br \/>\n[spacer size=&#8220;20&#8243;]<br \/>\n[button link=&#8220;https:\/\/www.konferenztechnik.de\/audipack-silent-9600-kaufen\/&#8220; target=&#8220;self&#8220; color=&#8220;#a62055&#8243; text=&#8220;light&#8220;]Mehr Informationen[\/button]<br \/>\n[\/column]<br \/>\n[column size=&#8220;1-2&#8243; last=&#8220;1&#8243;]<\/p>\n<h2>Audipack Silent 9700<\/h2>\n<p><a href=\"https:\/\/www.konferenztechnik.de\/audipack-silent-9700-kaufen\/\" target=\"self\" rel=\"noopener\"><img decoding=\"async\" class=\"alignleft size-full wp-image-13520\" src=\"https:\/\/konferenztechnik.de\/wp-content\/uploads\/2018\/07\/audipack-silent-9700-dolmetscherkabine-1.jpg\" alt=\"Aaudipack Silent 9700 Dolmetscherkabine\" title=\"\"><\/a><br \/>\n[list icon=&#8220;moon-checkmark&#8220; color=&#8220;#a62055&#8243;]Nach ISO-Norm 4043:2016 zertifiziert[\/list]<br \/>\n[list icon=&#8220;moon-checkmark&#8220; color=&#8220;#a62055&#8243;]Besonders klein zerlegbar[\/list]<br \/>\n[list icon=&#8220;moon-checkmark&#8220; color=&#8220;#a62055&#8243;]Geringeres Gewicht der Einzelteile[\/list]<br \/>\n[list icon=&#8220;moon-checkmark&#8220; color=&#8220;#a62055&#8243;]Hohe Schalld\u00e4mmung[\/list]<br \/>\n[list icon=&#8220;moon-checkmark&#8220; color=&#8220;#a62055&#8243;]Schneller Auf- und Abbau[\/list]<br \/>\n[spacer size=&#8220;20&#8243;]<br \/>\n[button link=&#8220;https:\/\/www.konferenztechnik.de\/audipack-silent-9700-kaufen\/&#8220; target=&#8220;self&#8220; color=&#8220;#a62055&#8243; text=&#8220;light&#8220;]Mehr Informationen[\/button]<br \/>\n[\/column]<\/p>\n<p>[spacer size=&#8220;30&#8243;]<\/p>\n<p>[callout add_button=&#8220;no&#8220; button_text=&#8220;Learn More&#8220; button_url=&#8220;#&#8220; button_color=&#8220;#a62055&#8243;]<\/p>\n<h2>Neue Modellnummern bei Audipack<\/h2>\n<p>[spacer size=&#8220;10&#8243;]<\/p>\n<p>Ab sofort sind neue Modelle der Audipack Silent-Serie Dolmetscherkabinen erh\u00e4ltlich.<br \/>\nDazu hat Audipack neue Modelnummern eingef\u00fchrt:<\/p>\n<p>Die Audipack Silent 9300 wird mit Umsetzung der neuen ISO zur<\/p>\n<p>\u203a <a href=\"https:\/\/www.konferenztechnik.de\/audipack-silent-9600-kaufen\/\">Audipack Silent 9600<\/a><\/p>\n<p>Die Audipack Silent 9500 wird mit Erf\u00fcllung der neuen Norm zur<\/p>\n<p>\u203a <a href=\"https:\/\/www.konferenztechnik.de\/audipack-silent-9700-kaufen\/\">Audipack Silent 9700<\/a><\/p>\n<p>Die Modelle 9300 und 9500 sind zuk\u00fcnftig nicht mehr erh\u00e4ltlich.<\/p>\n<p>[\/callout]<\/p>\n<div class=\"newskasten\">\n<h2>Downloads: Brosch\u00fcre, Aufbauanleitung, Informationen<\/h2>\n<p><a href=\"https:\/\/konferenztechnik.de\/wp-content\/uploads\/2018\/07\/Audipack-Silent-Serie-Broschuere-1.pdf-1.pdf\" target=\"_blank\" rel=\"noopener\">[v_icon color=&#8220;#A61F54&#8243; size=&#8220;18px&#8220; target=&#8220;_blank&#8220; name=&#8220;moon-file-pdf&#8220;] PDF-Download: Audipack Silent Serie Brosch\u00fcre als PDF<\/a><br \/>\n<a href=\"https:\/\/konferenztechnik.de\/wp-content\/uploads\/2017\/05\/Audipack-Silent-Serie-Dolmetschkabine-Aufbauanleitung.pdf\" target=\"_blank\" rel=\"noopener\">[v_icon color=&#8220;#A61F54&#8243; size=&#8220;18px&#8220; target=&#8220;_blank&#8220; name=&#8220;moon-file-pdf&#8220;] PDF-Download: Audipack Silent Serie Aufbauanleitung<\/a><\/p>\n<\/div>\n<div class=\"call-action-slider-img\"><img decoding=\"async\" class=\"alignleft size-full wp-image-13391\" src=\"https:\/\/konferenztechnik.de\/wp-content\/uploads\/2018\/07\/Dolmetscherkabinen-kaufen-sofort-ab-Lager-lieferbar-1.jpg\" alt=\"Dolmetscherkabinen kaufen sofort ab Lager lieferbar\" title=\"\"><br \/>\n<button class=\"bbtn popmake-13384\">Angebot anfordern \u203a<\/button><\/div>\n<div class=\"callouthoch\">[callout add_button=&#8220;no&#8220; button_text=&#8220;Learn More&#8220; button_url=&#8220;#&#8220; button_color=&#8220;#a62055&#8243;]<br \/>\nSo erreichen Sie uns direkt telefonisch:<br \/>\n[v_icon color=&#8220;#a62055&#8243; size=&#8220;20px&#8220; target=&#8220;_blank&#8220; name=&#8220;moon-phone-2&#8243;] +49 211 737798 20<br \/>\n[\/callout]<\/div>\n<div class=\"callouthoch\">[callout add_button=&#8220;no&#8220; button_text=&#8220;Learn More&#8220; button_url=&#8220;#&#8220; button_color=&#8220;#a62055&#8243;]<br \/>\nSenden Sie Anfragen gerne per E-Mail an:<br \/>\n[v_icon color=&#8220;#a62055&#8243; size=&#8220;20px&#8220; target=&#8220;_blank&#8220; name=&#8220;moon-envelop-2&#8243;] <a href=\"mailto:vertrieb@konferenztechnik.de\"> vertrieb@konferenztechnik.de<\/a><br \/>\n[\/callout]<\/div>\n","protected":false},"excerpt":{"rendered":"<p>Dolmetscherkabinen kaufen bei PCS Angebot anfordern \u203a Bei PCS k\u00f6nnen Sie Dolmetscherkabinen in verschiedenen Gr\u00f6\u00dfen und Ausf\u00fchrungen kaufen. Die Kabinen haben beste Werte bei der Schalld\u00e4mmung. Sie k\u00f6nnen je nach Platzbedarf und Anforderung flexibel zusammengestellt werden und sind durch ein einfaches Stecksystem schnell auf- und abgebaut. Unsere Dolmetscherkabinen sind sowohl an einem festen Standort als auch mobil einsetzbar. Diese Highlights bieten unsere Dolmetscherkabinen [list icon=&#8220;moon-checkmark&#8220; color=&#8220;#a62055&#8243;]Zertifiziert nach ISO-Norm 4043:2016[\/list] [list icon=&#8220;moon-checkmark&#8220; color=&#8220;#a62055&#8243;]Hohe Schalld\u00e4mmung[\/list] [list icon=&#8220;moon-checkmark&#8220; color=&#8220;#a62055&#8243;]Kr\u00e4ftiges Ventilationssystem[\/list] [list icon=&#8220;moon-checkmark&#8220; color=&#8220;#a62055&#8243;]Einfacher Auf- und Abbau[\/list] [list icon=&#8220;moon-checkmark&#8220; color=&#8220;#a62055&#8243;]Gro\u00dfe Sichtfenster[\/list] [spacer size=&#8220;20&#8243;] [column size=&#8220;1-3&#8243; last=&#8220;0&#8243;] [\/column] [column size=&#8220;1-3&#8243; last=&#8220;0&#8243;] [\/column] [column size=&#8220;1-3&#8243; last=&#8220;1&#8243;] [\/column] [column size=&#8220;1-3&#8243; last=&#8220;0&#8243;] [\/column] [column size=&#8220;1-3&#8243; last=&#8220;0&#8243;] [\/column] [column [&hellip;]<\/p>\n","protected":false},"author":1,"featured_media":45482,"parent":0,"menu_order":0,"comment_status":"closed","ping_status":"closed","template":"","meta":{"_acf_changed":false,"footnotes":""},"class_list":["post-13239","page","type-page","status-publish","has-post-thumbnail","hentry"],"acf":[],"_links":{"self":[{"href":"https:\/\/konferenztechnik.de\/ja\/wp-json\/wp\/v2\/pages\/13239","targetHints":{"allow":["GET"]}}],"collection":[{"href":"https:\/\/konferenztechnik.de\/ja\/wp-json\/wp\/v2\/pages"}],"about":[{"href":"https:\/\/konferenztechnik.de\/ja\/wp-json\/wp\/v2\/types\/page"}],"author":[{"embeddable":true,"href":"https:\/\/konferenztechnik.de\/ja\/wp-json\/wp\/v2\/users\/1"}],"replies":[{"embeddable":true,"href":"https:\/\/konferenztechnik.de\/ja\/wp-json\/wp\/v2\/comments?post=13239"}],"version-history":[{"count":1,"href":"https:\/\/konferenztechnik.de\/ja\/wp-json\/wp\/v2\/pages\/13239\/revisions"}],"predecessor-version":[{"id":50326,"href":"https:\/\/konferenztechnik.de\/ja\/wp-json\/wp\/v2\/pages\/13239\/revisions\/50326"}],"wp:featuredmedia":[{"embeddable":true,"href":"https:\/\/konferenztechnik.de\/ja\/wp-json\/wp\/v2\/media\/45482"}],"wp:attachment":[{"href":"https:\/\/konferenztechnik.de\/ja\/wp-json\/wp\/v2\/media?parent=13239"}],"curies":[{"name":"wp","href":"https:\/\/api.w.org\/{rel}","templated":true}]}}