{"id":11881,"date":"2017-11-13T13:19:35","date_gmt":"2017-11-13T11:19:35","guid":{"rendered":"https:\/\/www.konferenztechnik.de\/?page_id=11881"},"modified":"2023-06-20T11:33:38","modified_gmt":"2023-06-20T09:33:38","slug":"tolkapparatuur-huren-heilbronn","status":"publish","type":"page","link":"https:\/\/konferenztechnik.de\/nl\/tolkapparatuur-huren-heilbronn\/","title":{"rendered":"Huren tolkapparatuur Heilbronn"},"content":{"rendered":"<div data-elementor-type=\"wp-page\" data-elementor-id=\"11881\" class=\"elementor elementor-11881\" data-elementor-post-type=\"page\">\n\t\t\t\t<div data-particle_enable=\"false\" data-particle-mobile-disabled=\"false\" class=\"elementor-element elementor-element-4ccd1ff1 e-flex e-con-boxed e-con e-parent\" data-id=\"4ccd1ff1\" data-element_type=\"container\">\n\t\t\t\t\t<div class=\"e-con-inner\">\n\t\t\t\t<div class=\"elementor-element elementor-element-382014d4 elementor-widget elementor-widget-heading\" data-id=\"382014d4\" data-element_type=\"widget\" data-settings=\"{&quot;_animation&quot;:&quot;none&quot;}\" data-widget_type=\"heading.default\">\n\t\t\t\t<div class=\"elementor-widget-container\">\n\t\t\t\t\t<h1 class=\"elementor-heading-title elementor-size-default\">Verhuur van tolkapparatuur Heilbronn \u2013 Tolkapparatuur en simultaantolktechnologie in Noord-Baden W\u00fcrttemberg<\/h1>\t\t\t\t<\/div>\n\t\t\t\t<\/div>\n\t\t\t\t<div class=\"elementor-element elementor-element-7ca51f21 elementor-widget elementor-widget-heading\" data-id=\"7ca51f21\" data-element_type=\"widget\" data-settings=\"{&quot;_animation&quot;:&quot;none&quot;}\" data-widget_type=\"heading.default\">\n\t\t\t\t<div class=\"elementor-widget-container\">\n\t\t\t\t\t<h2 class=\"elementor-heading-title elementor-size-default\">Snelle offertes, professionele ondersteuning, grote selectie van technologie<\/h2>\t\t\t\t<\/div>\n\t\t\t\t<\/div>\n\t\t\t\t\t<\/div>\n\t\t\t\t<\/div>\n\t\t<div data-particle_enable=\"false\" data-particle-mobile-disabled=\"false\" class=\"elementor-element elementor-element-682ea227 e-flex e-con-boxed e-con e-parent\" data-id=\"682ea227\" data-element_type=\"container\">\n\t\t\t\t\t<div class=\"e-con-inner\">\n\t\t\t\t<div class=\"elementor-element elementor-element-35e3b55d elementor-widget elementor-widget-shortcode\" data-id=\"35e3b55d\" data-element_type=\"widget\" data-widget_type=\"shortcode.default\">\n\t\t\t\t<div class=\"elementor-widget-container\">\n\t\t\t\t\t\t\t<div class=\"elementor-shortcode\">\t\t<div data-elementor-type=\"container\" data-elementor-id=\"30567\" class=\"elementor elementor-30567\" data-elementor-post-type=\"elementor_library\">\n\t\t\t\t<div data-particle_enable=\"false\" data-particle-mobile-disabled=\"false\" class=\"elementor-element elementor-element-349c2afa e-flex e-con-boxed e-con e-parent\" data-id=\"349c2afa\" data-element_type=\"container\">\n\t\t\t\t\t<div class=\"e-con-inner\">\n\t\t\t\t<div class=\"elementor-element elementor-element-aafaf45 elementor-grid-4 elementor-grid-tablet-2 elementor-grid-mobile-1 elementor-posts--thumbnail-top elementor-widget elementor-widget-posts\" data-id=\"aafaf45\" data-element_type=\"widget\" data-settings=\"{&quot;classic_columns&quot;:&quot;4&quot;,&quot;classic_columns_tablet&quot;:&quot;2&quot;,&quot;classic_columns_mobile&quot;:&quot;1&quot;,&quot;classic_row_gap&quot;:{&quot;unit&quot;:&quot;px&quot;,&quot;size&quot;:35,&quot;sizes&quot;:[]},&quot;classic_row_gap_widescreen&quot;:{&quot;unit&quot;:&quot;px&quot;,&quot;size&quot;:&quot;&quot;,&quot;sizes&quot;:[]},&quot;classic_row_gap_laptop&quot;:{&quot;unit&quot;:&quot;px&quot;,&quot;size&quot;:&quot;&quot;,&quot;sizes&quot;:[]},&quot;classic_row_gap_tablet_extra&quot;:{&quot;unit&quot;:&quot;px&quot;,&quot;size&quot;:&quot;&quot;,&quot;sizes&quot;:[]},&quot;classic_row_gap_tablet&quot;:{&quot;unit&quot;:&quot;px&quot;,&quot;size&quot;:&quot;&quot;,&quot;sizes&quot;:[]},&quot;classic_row_gap_mobile&quot;:{&quot;unit&quot;:&quot;px&quot;,&quot;size&quot;:&quot;&quot;,&quot;sizes&quot;:[]}}\" data-widget_type=\"posts.classic\">\n\t\t\t\t<div class=\"elementor-widget-container\">\n\t\t\t\t\t\t\t<div class=\"elementor-posts-container elementor-posts elementor-posts--skin-classic elementor-grid\" role=\"list\">\n\t\t\t\t<article class=\"elementor-post elementor-grid-item post-24659 post type-post status-publish format-standard has-post-thumbnail hentry category-produkte category-digital-und-hybrid category-events category-populaer tag-dolmetscherhub tag-dolmetscherstudio tag-dolmetschhub tag-dolmetschstudio\" role=\"listitem\">\n\t\t\t\t<a class=\"elementor-post__thumbnail__link\" href=\"https:\/\/konferenztechnik.de\/nl\/tolkencentra-en-tolkstudios\/\" tabindex=\"-1\">\n\t\t\t<div class=\"elementor-post__thumbnail\"><img fetchpriority=\"high\" decoding=\"async\" width=\"300\" height=\"198\" src=\"https:\/\/konferenztechnik.de\/wp-content\/uploads\/2023\/04\/dolmetschhubs-300x198.jpg\" class=\"attachment-medium size-medium wp-image-24663\" alt=\"Uitzicht in een tolkstudio, waar tolken een spreker volgen op een grote monitor en vertalen naar verschillende andere talen in hun geluidsdichte cabines.\" title=\"\" srcset=\"https:\/\/konferenztechnik.de\/wp-content\/uploads\/2023\/04\/dolmetschhubs-300x198.jpg 300w, https:\/\/konferenztechnik.de\/wp-content\/uploads\/2023\/04\/dolmetschhubs-18x12.jpg 18w, https:\/\/konferenztechnik.de\/wp-content\/uploads\/2023\/04\/dolmetschhubs.jpg 399w\" sizes=\"(max-width: 300px) 100vw, 300px\" \/><\/div>\n\t\t<\/a>\n\t\t\t\t<div class=\"elementor-post__text\">\n\t\t\t\t<h3 class=\"elementor-post__title\">\n\t\t\t<a href=\"https:\/\/konferenztechnik.de\/nl\/tolkencentra-en-tolkstudios\/\">\n\t\t\t\tTolkencentra en tolkstudio's\t\t\t<\/a>\n\t\t<\/h3>\n\t\t\t\t<div class=\"elementor-post__excerpt\">\n\t\t\t<p>Onze professionele hubs voor tolken op afstand, tolken voor videoconferenties, streaming en vergaderingen op locatie<\/p>\n\t\t<\/div>\n\t\t\t\t\t<div class=\"elementor-post__read-more-wrapper\">\n\t\t\n\t\t<a class=\"elementor-post__read-more\" href=\"https:\/\/konferenztechnik.de\/nl\/tolkencentra-en-tolkstudios\/\" aria-label=\"Lees meer over tolkencentra en tolkstudio&#039;s\" tabindex=\"-1\">\n\t\t\tLees meer \u00bb\t\t<\/a>\n\n\t\t\t\t\t<\/div>\n\t\t\t\t<\/div>\n\t\t\t\t<\/article>\n\t\t\t\t<article class=\"elementor-post elementor-grid-item post-24480 post type-post status-publish format-standard has-post-thumbnail hentry category-produkte category-events category-populaer\" role=\"listitem\">\n\t\t\t\t<a class=\"elementor-post__thumbnail__link\" href=\"https:\/\/konferenztechnik.de\/nl\/persoonlijke-begeleidingssystemen-huren-kopen-installeren\/\" tabindex=\"-1\">\n\t\t\t<div class=\"elementor-post__thumbnail\"><img decoding=\"async\" width=\"300\" height=\"200\" src=\"https:\/\/konferenztechnik.de\/wp-content\/uploads\/2023\/07\/personenfuehrungsanlage-mieten-kaufen-300x200.webp\" class=\"attachment-medium size-medium wp-image-41906\" alt=\"Man spreekt in microfoon, toeschouwer luistert met gidsensysteem tijdens rondleiding. Tourguide-systemen huren, kopen of leasen bij PCS.\" title=\"\" srcset=\"https:\/\/konferenztechnik.de\/wp-content\/uploads\/2023\/07\/personenfuehrungsanlage-mieten-kaufen-300x200.webp 300w, https:\/\/konferenztechnik.de\/wp-content\/uploads\/2023\/07\/personenfuehrungsanlage-mieten-kaufen-18x12.webp 18w, https:\/\/konferenztechnik.de\/wp-content\/uploads\/2023\/07\/personenfuehrungsanlage-mieten-kaufen-jpg.webp 424w\" sizes=\"(max-width: 300px) 100vw, 300px\" \/><\/div>\n\t\t<\/a>\n\t\t\t\t<div class=\"elementor-post__text\">\n\t\t\t\t<h3 class=\"elementor-post__title\">\n\t\t\t<a href=\"https:\/\/konferenztechnik.de\/nl\/persoonlijke-begeleidingssystemen-huren-kopen-installeren\/\">\n\t\t\t\tPassagiersbegeleidingssystemen\t\t\t<\/a>\n\t\t<\/h3>\n\t\t\t\t<div class=\"elementor-post__excerpt\">\n\t\t\t<p>Reisbegeleidingssystemen, gidssystemen, fluistersystemen of PFA's, koptelefoons, microfoons, oplaadeenheden, transportkoffers, accessoires<\/p>\n\t\t<\/div>\n\t\t\t\t\t<div class=\"elementor-post__read-more-wrapper\">\n\t\t\n\t\t<a class=\"elementor-post__read-more\" href=\"https:\/\/konferenztechnik.de\/nl\/persoonlijke-begeleidingssystemen-huren-kopen-installeren\/\" aria-label=\"Lees meer over persoonlijke begeleidingssystemen\" tabindex=\"-1\">\n\t\t\tLees meer \u00bb\t\t<\/a>\n\n\t\t\t\t\t<\/div>\n\t\t\t\t<\/div>\n\t\t\t\t<\/article>\n\t\t\t\t<article class=\"elementor-post elementor-grid-item post-24541 post type-post status-publish format-standard has-post-thumbnail hentry category-produkte category-digital-und-hybrid category-events category-populaer\" role=\"listitem\">\n\t\t\t\t<a class=\"elementor-post__thumbnail__link\" href=\"https:\/\/konferenztechnik.de\/nl\/tolksystemen-en-tolktechnologie-huren-kopen-installeren\/\" tabindex=\"-1\">\n\t\t\t<div class=\"elementor-post__thumbnail\"><img decoding=\"async\" width=\"300\" height=\"199\" src=\"https:\/\/konferenztechnik.de\/wp-content\/uploads\/2023\/05\/simultantechnik-dolmetscheranlagen-mieten-kaufen-leasen-300x199.webp\" class=\"attachment-medium size-medium wp-image-42814\" alt=\"\" title=\"\" srcset=\"https:\/\/konferenztechnik.de\/wp-content\/uploads\/2023\/05\/simultantechnik-dolmetscheranlagen-mieten-kaufen-leasen-300x199.webp 300w, https:\/\/konferenztechnik.de\/wp-content\/uploads\/2023\/05\/simultantechnik-dolmetscheranlagen-mieten-kaufen-leasen-18x12.webp 18w, https:\/\/konferenztechnik.de\/wp-content\/uploads\/2023\/05\/simultantechnik-dolmetscheranlagen-mieten-kaufen-leasen-jpg.webp 480w\" sizes=\"(max-width: 300px) 100vw, 300px\" \/><\/div>\n\t\t<\/a>\n\t\t\t\t<div class=\"elementor-post__text\">\n\t\t\t\t<h3 class=\"elementor-post__title\">\n\t\t\t<a href=\"https:\/\/konferenztechnik.de\/nl\/tolksystemen-en-tolktechnologie-huren-kopen-installeren\/\">\n\t\t\t\tTolksystemen en tolktechnologie\t\t\t<\/a>\n\t\t<\/h3>\n\t\t\t\t<div class=\"elementor-post__excerpt\">\n\t\t\t<p>Draadloze tolksystemen met tolkcabines en discussiesystemen met tolkcabines<\/p>\n\t\t<\/div>\n\t\t\t\t\t<div class=\"elementor-post__read-more-wrapper\">\n\t\t\n\t\t<a class=\"elementor-post__read-more\" href=\"https:\/\/konferenztechnik.de\/nl\/tolksystemen-en-tolktechnologie-huren-kopen-installeren\/\" aria-label=\"Lees meer over tolkapparatuur en tolktechnologie\" tabindex=\"-1\">\n\t\t\tLees meer \u00bb\t\t<\/a>\n\n\t\t\t\t\t<\/div>\n\t\t\t\t<\/div>\n\t\t\t\t<\/article>\n\t\t\t\t<article class=\"elementor-post elementor-grid-item post-21635 post type-post status-publish format-standard has-post-thumbnail hentry category-digital-und-hybrid category-events category-installation category-populaer\" role=\"listitem\">\n\t\t\t\t<a class=\"elementor-post__thumbnail__link\" href=\"https:\/\/konferenztechnik.de\/nl\/ptz-cameras\/\" tabindex=\"-1\">\n\t\t\t<div class=\"elementor-post__thumbnail\"><img loading=\"lazy\" decoding=\"async\" width=\"300\" height=\"198\" src=\"https:\/\/konferenztechnik.de\/wp-content\/uploads\/2023\/03\/ptz-kameras-300x198.jpg\" class=\"attachment-medium size-medium wp-image-21637\" alt=\"\" title=\"\" srcset=\"https:\/\/konferenztechnik.de\/wp-content\/uploads\/2023\/03\/ptz-kameras-300x198.jpg 300w, https:\/\/konferenztechnik.de\/wp-content\/uploads\/2023\/03\/ptz-kameras-18x12.jpg 18w, https:\/\/konferenztechnik.de\/wp-content\/uploads\/2023\/03\/ptz-kameras.jpg 399w\" sizes=\"(max-width: 300px) 100vw, 300px\" \/><\/div>\n\t\t<\/a>\n\t\t\t\t<div class=\"elementor-post__text\">\n\t\t\t\t<h3 class=\"elementor-post__title\">\n\t\t\t<a href=\"https:\/\/konferenztechnik.de\/nl\/ptz-cameras\/\">\n\t\t\t\tPTZ-camera's\t\t\t<\/a>\n\t\t<\/h3>\n\t\t\t\t<div class=\"elementor-post__excerpt\">\n\t\t\t<p>PTZ-camera's (vaak ook bekend als DOME-camera's) stellen automatisch scherp op deelnemers tijdens een toespraak.<\/p>\n\t\t<\/div>\n\t\t\t\t\t<div class=\"elementor-post__read-more-wrapper\">\n\t\t\n\t\t<a class=\"elementor-post__read-more\" href=\"https:\/\/konferenztechnik.de\/nl\/ptz-cameras\/\" aria-label=\"Lees meer over PTZ-camera&#039;s\" tabindex=\"-1\">\n\t\t\tLees meer \u00bb\t\t<\/a>\n\n\t\t\t\t\t<\/div>\n\t\t\t\t<\/div>\n\t\t\t\t<\/article>\n\t\t\t\t<article class=\"elementor-post elementor-grid-item post-21411 post type-post status-publish format-standard has-post-thumbnail hentry category-digital-und-hybrid category-events category-populaer\" role=\"listitem\">\n\t\t\t\t<a class=\"elementor-post__thumbnail__link\" href=\"https:\/\/konferenztechnik.de\/nl\/conferenties-met-microsoft-teams\/\" tabindex=\"-1\">\n\t\t\t<div class=\"elementor-post__thumbnail\"><img loading=\"lazy\" decoding=\"async\" width=\"300\" height=\"198\" src=\"https:\/\/konferenztechnik.de\/wp-content\/uploads\/2023\/03\/konferenzen-ms-teams-300x198.jpg\" class=\"attachment-medium size-medium wp-image-21474\" alt=\"\" title=\"\" srcset=\"https:\/\/konferenztechnik.de\/wp-content\/uploads\/2023\/03\/konferenzen-ms-teams-300x198.jpg 300w, https:\/\/konferenztechnik.de\/wp-content\/uploads\/2023\/03\/konferenzen-ms-teams-18x12.jpg 18w, https:\/\/konferenztechnik.de\/wp-content\/uploads\/2023\/03\/konferenzen-ms-teams.jpg 399w\" sizes=\"(max-width: 300px) 100vw, 300px\" \/><\/div>\n\t\t<\/a>\n\t\t\t\t<div class=\"elementor-post__text\">\n\t\t\t\t<h3 class=\"elementor-post__title\">\n\t\t\t<a href=\"https:\/\/konferenztechnik.de\/nl\/conferenties-met-microsoft-teams\/\">\n\t\t\t\tVergaderen met Microsoft Teams\t\t\t<\/a>\n\t\t<\/h3>\n\t\t\t\t<div class=\"elementor-post__excerpt\">\n\t\t\t<p>MS Teams nu ook meertalig en met de functie \"simultaan tolken<\/p>\n\t\t<\/div>\n\t\t\t\t\t<div class=\"elementor-post__read-more-wrapper\">\n\t\t\n\t\t<a class=\"elementor-post__read-more\" href=\"https:\/\/konferenztechnik.de\/nl\/conferenties-met-microsoft-teams\/\" aria-label=\"Lees meer over conferenties met Microsoft Teams\" tabindex=\"-1\">\n\t\t\tLees meer \u00bb\t\t<\/a>\n\n\t\t\t\t\t<\/div>\n\t\t\t\t<\/div>\n\t\t\t\t<\/article>\n\t\t\t\t<article class=\"elementor-post elementor-grid-item post-26634 post type-post status-publish format-standard has-post-thumbnail hentry category-produkte category-events category-populaer\" role=\"listitem\">\n\t\t\t\t<a class=\"elementor-post__thumbnail__link\" href=\"https:\/\/konferenztechnik.de\/nl\/av-audio-en-videoapparatuur-huren-kopen-installeren-leasen\/\" tabindex=\"-1\">\n\t\t\t<div class=\"elementor-post__thumbnail\"><img loading=\"lazy\" decoding=\"async\" width=\"300\" height=\"180\" src=\"https:\/\/konferenztechnik.de\/wp-content\/uploads\/2023\/03\/audio-und-videotechnik-mieten-kaufen-installieren-300x180.avif\" class=\"attachment-medium size-medium wp-image-47449\" alt=\"audio-en-video-technologie huren-kopen-installeren\" title=\"\" srcset=\"https:\/\/konferenztechnik.de\/wp-content\/uploads\/2023\/03\/audio-und-videotechnik-mieten-kaufen-installieren-300x180.avif 300w, https:\/\/konferenztechnik.de\/wp-content\/uploads\/2023\/03\/audio-und-videotechnik-mieten-kaufen-installieren-1024x614.avif 1024w, https:\/\/konferenztechnik.de\/wp-content\/uploads\/2023\/03\/audio-und-videotechnik-mieten-kaufen-installieren-768x461.avif 768w, https:\/\/konferenztechnik.de\/wp-content\/uploads\/2023\/03\/audio-und-videotechnik-mieten-kaufen-installieren-18x12.avif 18w, https:\/\/konferenztechnik.de\/wp-content\/uploads\/2023\/03\/audio-und-videotechnik-mieten-kaufen-installieren.avif 1400w\" sizes=\"(max-width: 300px) 100vw, 300px\" \/><\/div>\n\t\t<\/a>\n\t\t\t\t<div class=\"elementor-post__text\">\n\t\t\t\t<h3 class=\"elementor-post__title\">\n\t\t\t<a href=\"https:\/\/konferenztechnik.de\/nl\/av-audio-en-videoapparatuur-huren-kopen-installeren-leasen\/\">\n\t\t\t\tAV: Audio- en videotechnologie\t\t\t<\/a>\n\t\t<\/h3>\n\t\t\t\t<div class=\"elementor-post__excerpt\">\n\t\t\t<p>Microfoons, omroeptechnologie, lessenaars, telefoonhybriden, persverdelers, steno-s logging software...<\/p>\n\t\t<\/div>\n\t\t\t\t\t<div class=\"elementor-post__read-more-wrapper\">\n\t\t\n\t\t<a class=\"elementor-post__read-more\" href=\"https:\/\/konferenztechnik.de\/nl\/av-audio-en-videoapparatuur-huren-kopen-installeren-leasen\/\" aria-label=\"Lees meer over AV: Audio- en videotechnologie\" tabindex=\"-1\">\n\t\t\tLees meer \u00bb\t\t<\/a>\n\n\t\t\t\t\t<\/div>\n\t\t\t\t<\/div>\n\t\t\t\t<\/article>\n\t\t\t\t<article class=\"elementor-post elementor-grid-item post-21559 post type-post status-publish format-standard has-post-thumbnail hentry category-news\" role=\"listitem\">\n\t\t\t\t<a class=\"elementor-post__thumbnail__link\" href=\"https:\/\/konferenztechnik.de\/nl\/televicetolken-en-conferentietechnologie\/\" tabindex=\"-1\">\n\t\t\t<div class=\"elementor-post__thumbnail\"><img loading=\"lazy\" decoding=\"async\" width=\"300\" height=\"198\" src=\"https:\/\/konferenztechnik.de\/wp-content\/uploads\/2023\/03\/konferenztechnik-televic-300x198.jpg\" class=\"attachment-medium size-medium wp-image-21565\" alt=\"\" title=\"\" srcset=\"https:\/\/konferenztechnik.de\/wp-content\/uploads\/2023\/03\/konferenztechnik-televic-300x198.jpg 300w, https:\/\/konferenztechnik.de\/wp-content\/uploads\/2023\/03\/konferenztechnik-televic-18x12.jpg 18w, https:\/\/konferenztechnik.de\/wp-content\/uploads\/2023\/03\/konferenztechnik-televic.jpg 399w\" sizes=\"(max-width: 300px) 100vw, 300px\" \/><\/div>\n\t\t<\/a>\n\t\t\t\t<div class=\"elementor-post__text\">\n\t\t\t\t<h3 class=\"elementor-post__title\">\n\t\t\t<a href=\"https:\/\/konferenztechnik.de\/nl\/televicetolken-en-conferentietechnologie\/\">\n\t\t\t\tTelevic \u2013 Tolk- en conferentietechnologie\t\t\t<\/a>\n\t\t<\/h3>\n\t\t\t\t<div class=\"elementor-post__excerpt\">\n\t\t\t<p>Televic \u2013 Tolk- en conferentiemateriaal Gepubliceerd: 23.01.2023 Televic \u2013 een innovatieve fabrikant met een compleet gamma tolk- en conferentieoplossingen Wij investeren in<\/p>\n\t\t<\/div>\n\t\t\t\t\t<div class=\"elementor-post__read-more-wrapper\">\n\t\t\n\t\t<a class=\"elementor-post__read-more\" href=\"https:\/\/konferenztechnik.de\/nl\/televicetolken-en-conferentietechnologie\/\" aria-label=\"Lees meer over Televic \u2013 Tolk- en conferentietechnologie\" tabindex=\"-1\">\n\t\t\tLees meer \u00bb\t\t<\/a>\n\n\t\t\t\t\t<\/div>\n\t\t\t\t<\/div>\n\t\t\t\t<\/article>\n\t\t\t\t<\/div>\n\t\t\n\t\t\t\t\t\t<\/div>\n\t\t\t\t<\/div>\n\t\t\t\t\t<\/div>\n\t\t\t\t<\/div>\n\t\t\t\t<\/div>\n\t\t<\/div>\n\t\t\t\t\t\t<\/div>\n\t\t\t\t<\/div>\n\t\t\t\t<div class=\"elementor-element elementor-element-9e24a8a elementor-widget elementor-widget-spacer\" data-id=\"9e24a8a\" data-element_type=\"widget\" data-widget_type=\"spacer.default\">\n\t\t\t\t<div class=\"elementor-widget-container\">\n\t\t\t\t\t\t\t<div class=\"elementor-spacer\">\n\t\t\t<div class=\"elementor-spacer-inner\"><\/div>\n\t\t<\/div>\n\t\t\t\t\t\t<\/div>\n\t\t\t\t<\/div>\n\t\t\t\t\t<\/div>\n\t\t\t\t<\/div>\n\t\t<div data-particle_enable=\"false\" data-particle-mobile-disabled=\"false\" class=\"elementor-element elementor-element-27808a4e e-flex e-con-boxed e-con e-parent\" data-id=\"27808a4e\" data-element_type=\"container\">\n\t\t\t\t\t<div class=\"e-con-inner\">\n\t\t\t\t<div class=\"elementor-element elementor-element-6b71ec96 elementor-widget__width-initial elementor-widget elementor-widget-heading\" data-id=\"6b71ec96\" data-element_type=\"widget\" data-settings=\"{&quot;_animation&quot;:&quot;none&quot;}\" data-widget_type=\"heading.default\">\n\t\t\t\t<div class=\"elementor-widget-container\">\n\t\t\t\t\t<h2 class=\"elementor-heading-title elementor-size-default\">Huren van tolk- en conferentieapparatuur in Heilbronn<\/h2>\t\t\t\t<\/div>\n\t\t\t\t<\/div>\n\t\t\t\t<div class=\"elementor-element elementor-element-6df53471 elementor-widget elementor-widget-shortcode\" data-id=\"6df53471\" data-element_type=\"widget\" data-widget_type=\"shortcode.default\">\n\t\t\t\t<div class=\"elementor-widget-container\">\n\t\t\t\t\t\t\t<div class=\"elementor-shortcode\">\t\t<div data-elementor-type=\"container\" data-elementor-id=\"30580\" class=\"elementor elementor-30580\" data-elementor-post-type=\"elementor_library\">\n\t\t\t\t<div data-particle_enable=\"false\" data-particle-mobile-disabled=\"false\" class=\"elementor-element elementor-element-76b67369 e-flex e-con-boxed e-con e-parent\" data-id=\"76b67369\" data-element_type=\"container\">\n\t\t\t\t\t<div class=\"e-con-inner\">\n\t\t\t\t<div class=\"elementor-element elementor-element-1ebb8808 elementor-arrows-position-inside elementor-pagination-position-outside elementor-widget elementor-widget-image-carousel\" data-id=\"1ebb8808\" data-element_type=\"widget\" data-settings=\"{&quot;slides_to_show&quot;:&quot;1&quot;,&quot;navigation&quot;:&quot;both&quot;,&quot;autoplay&quot;:&quot;yes&quot;,&quot;pause_on_hover&quot;:&quot;yes&quot;,&quot;pause_on_interaction&quot;:&quot;yes&quot;,&quot;autoplay_speed&quot;:5000,&quot;infinite&quot;:&quot;yes&quot;,&quot;effect&quot;:&quot;slide&quot;,&quot;speed&quot;:500}\" data-widget_type=\"image-carousel.default\">\n\t\t\t\t<div class=\"elementor-widget-container\">\n\t\t\t\t\t\t\t<div class=\"elementor-image-carousel-wrapper swiper\" role=\"region\" aria-roledescription=\"carousel\" aria-label=\"Afbeelding carrousel\" dir=\"ltr\">\n\t\t\t<div class=\"elementor-image-carousel swiper-wrapper swiper-image-stretch\" aria-live=\"off\">\n\t\t\t\t\t\t\t\t<div class=\"swiper-slide\" role=\"group\" aria-roledescription=\"slide\" aria-label=\"1 van 2\"><figure class=\"swiper-slide-inner\"><img decoding=\"async\" class=\"swiper-slide-image\" src=\"https:\/\/konferenztechnik.de\/wp-content\/uploads\/2017\/03\/dolmetscherpult-mieten-1.jpg\" alt=\"tolkenbureau huren\" title=\"\"><\/figure><\/div><div class=\"swiper-slide\" role=\"group\" aria-roledescription=\"slide\" aria-label=\"2 van 2\"><figure class=\"swiper-slide-inner\"><img decoding=\"async\" class=\"swiper-slide-image\" src=\"https:\/\/konferenztechnik.de\/wp-content\/uploads\/2017\/03\/dolmetscherkabine-fuehrungsanlage-mieten-1.jpg\" alt=\"tolkcabine-gids systeem-verhuur\" title=\"\"><\/figure><\/div>\t\t\t<\/div>\n\t\t\t\t\t\t\t\t\t\t\t\t<div class=\"elementor-swiper-button elementor-swiper-button-prev\" role=\"button\" tabindex=\"0\">\n\t\t\t\t\t\t<svg aria-hidden=\"true\" class=\"e-font-icon-svg e-eicon-chevron-left\" viewbox=\"0 0 1000 1000\" xmlns=\"http:\/\/www.w3.org\/2000\/svg\"><path d=\"M646 125C629 125 613 133 604 142L308 442C296 454 292 471 292 487 292 504 296 521 308 533L604 854C617 867 629 875 646 875 663 875 679 871 692 858 704 846 713 829 713 812 713 796 708 779 692 767L438 487 692 225C700 217 708 204 708 187 708 171 704 154 692 142 675 129 663 125 646 125Z\"><\/path><\/svg>\t\t\t\t\t<\/div>\n\t\t\t\t\t<div class=\"elementor-swiper-button elementor-swiper-button-next\" role=\"button\" tabindex=\"0\">\n\t\t\t\t\t\t<svg aria-hidden=\"true\" class=\"e-font-icon-svg e-eicon-chevron-right\" viewbox=\"0 0 1000 1000\" xmlns=\"http:\/\/www.w3.org\/2000\/svg\"><path d=\"M696 533C708 521 713 504 713 487 713 471 708 454 696 446L400 146C388 133 375 125 354 125 338 125 325 129 313 142 300 154 292 171 292 187 292 204 296 221 308 233L563 492 304 771C292 783 288 800 288 817 288 833 296 850 308 863 321 871 338 875 354 875 371 875 388 867 400 854L696 533Z\"><\/path><\/svg>\t\t\t\t\t<\/div>\n\t\t\t\t\n\t\t\t\t\t\t\t\t\t<div class=\"swiper-pagination\"><\/div>\n\t\t\t\t\t\t\t\t\t<\/div>\n\t\t\t\t\t\t<\/div>\n\t\t\t\t<\/div>\n\t\t\t\t\t<\/div>\n\t\t\t\t<\/div>\n\t\t\t\t<\/div>\n\t\t<\/div>\n\t\t\t\t\t\t<\/div>\n\t\t\t\t<\/div>\n\t\t\t\t<div class=\"elementor-element elementor-element-7c9a79de elementor-widget__width-initial elementor-widget elementor-widget-text-editor\" data-id=\"7c9a79de\" data-element_type=\"widget\" data-widget_type=\"text-editor.default\">\n\t\t\t\t<div class=\"elementor-widget-container\">\n\t\t\t\t\t\t\t\t\t<p>PCS heeft een eigen vestiging in Heilbronn, van waaruit het het laagland, grote delen van Baden W\u00fcrttemberg en het zuidwesten van Duitsland voorziet van tolktechnologie in de breedste zin van het woord. De verhuur van tolksystemen en het bijbehorende uitgebreide aanbod van advies- en andere diensten spelen hierbij een belangrijke rol.<\/p>\t\t\t\t\t\t\t\t<\/div>\n\t\t\t\t<\/div>\n\t\t\t\t<div class=\"elementor-element elementor-element-66dc40a2 elementor-widget__width-initial elementor-widget elementor-widget-heading\" data-id=\"66dc40a2\" data-element_type=\"widget\" data-settings=\"{&quot;_animation&quot;:&quot;none&quot;}\" data-widget_type=\"heading.default\">\n\t\t\t\t<div class=\"elementor-widget-container\">\n\t\t\t\t\t<h2 class=\"elementor-heading-title elementor-size-default\">Betrouwbare systemen \u2013 een grote verscheidenheid aan systemen<\/h2>\t\t\t\t<\/div>\n\t\t\t\t<\/div>\n\t\t\t\t<div class=\"elementor-element elementor-element-6d87797b elementor-widget__width-inherit elementor-widget elementor-widget-text-editor\" data-id=\"6d87797b\" data-element_type=\"widget\" data-widget_type=\"text-editor.default\">\n\t\t\t\t<div class=\"elementor-widget-container\">\n\t\t\t\t\t\t\t\t\t<p>Als het gaat om huursystemen, vertrouwt PCS voornamelijk op systemen van merkfabrikanten die worden onderworpen aan regelmatige technische inspecties (bijv. BGV A3) en voor elke levering 100 procent worden getest op betrouwbaarheid. Onder andere de volgende \u2013 simultaantechnologie kan vaak in grote hoeveelheden worden gehuurd op de locatie in Heilbronn:<\/p><div class=\"spacer\">\u00a0<\/div><ul><li class=\"custom-list\"><i class=\"moon-checkmark\"><\/i>Tolkcabines van de Nederlandse merkfabrikant Audiapack, serie Silent 9300<\/li><li class=\"custom-list\"><i class=\"moon-checkmark\"><\/i>Controlecentra voor tolktechnologie (bijv. Bosch DCN CCU \/ of Beyerdynamic SIS 121)<\/li><li class=\"custom-list\"><i class=\"moon-checkmark\"><\/i>Hoofdtelefoons en hoofdtelefoons voor tolken (bijv. hoofdtelefoon LBB 3443 mono, stereo van Bosch, de DT 394 hoofdtelefoon van Beyerdynamic of HMD 46, HME 46 van Sennheiser).<\/li><li class=\"custom-list\"><i class=\"moon-checkmark\"><\/i>Tolkconsoles (bijv. Beyerdynamic SIS 1201, Bosch DCN IDESK)<\/li><li class=\"custom-list\"><i class=\"moon-checkmark\"><\/i>Radiozendtechnologie \/ infraroodzendtechnologie van Bosch, Sennheiser en Beyerdynamic<\/li><li class=\"custom-list\"><i class=\"moon-checkmark\"><\/i>Draadloze en bedrade microfoonunits voor delegatieleden \/ discussiesystemen \/ microfoonkettingen<\/li><li class=\"custom-list\"><i class=\"moon-checkmark\"><\/i>PFA \/ Pefa voor gebruik als fluistersystemen of als fluisterkoffers<\/li><\/ul><div class=\"spacer\">\u00a0<\/div><p>Extra diensten voor organiserende tolken, organisatoren van evenementen en bedrijven <br \/><br \/>Het huren van tolkapparatuur in Heilbronn biedt tal van extra diensten waar evenementenbureaus, organiserende tolken, congresorganisatoren en bedrijven van elke omvang graag gebruik van maken.<\/p><div class=\"spacer\">\u00a0<\/div><ul><li class=\"custom-list\"><i class=\"moon-checkmark\"><\/i>Ondersteuning bij het plannen van meertalige evenementen door PCS-projectadviseurs<\/li><li class=\"custom-list\"><i class=\"moon-checkmark\"><\/i>Uitgebreid advies over de selectie van geschikte huurapparatuur en -systemen<\/li><li class=\"custom-list\"><i class=\"moon-checkmark\"><\/i>Aanbiedingen op maat<\/li><li class=\"custom-list\"><i class=\"moon-checkmark\"><\/i>Transport van de apparatuur rechtstreeks naar de locatie van het evenement<\/li><li class=\"custom-list\"><i class=\"moon-checkmark\"><\/i>Opzetten en installeren van de systemen op locatie, inclusief aansluiting op bestaande evenemententechnologie (bijv. geluidssystemen of videotechnologie)<\/li><li class=\"custom-list\"><i class=\"moon-checkmark\"><\/i>Ondersteuning tijdens het hele evenement<\/li><\/ul><p>Evenementen waarbij de tolktechnologie van PCS wordt gebruikt in Heilbronn zijn voornamelijk meertalige congressen en conferenties, zoals die in het Harmonie concert- en congrescentrum. De tolksystemen van PCS worden echter ook gebruikt bij bedrijfsbijeenkomsten en rechtszittingen waar simultaantolken aanwezig zijn. Toegankelijkheid is ook een snel groeiend toepassingsgebied voor conferentietechnologie in Heilbronn en omgeving. PCS-systemen stellen slechthorenden in staat om op gelijke voet deel te nemen aan discussies en culturele evenementen. Microfoon- en luidsprekersignalen kunnen bijvoorbeeld rechtstreeks naar gehoorapparaten worden gestuurd met behulp van inductielussen. Zo kunnen slechthorenden paneldiscussies of theatervoorstellingen eenvoudig volgen. <br \/><br \/>De PCS-vestiging in Heilbronn beantwoordt alle vragen over \u2013-tolktechnologie graag snel per telefoon of e-mail. Vragen per e-mail worden meestal binnen een uur beantwoord.<\/p>\t\t\t\t\t\t\t\t<\/div>\n\t\t\t\t<\/div>\n\t\t\t\t<div class=\"elementor-element elementor-element-769e3cff elementor-widget__width-initial elementor-widget elementor-widget-heading\" data-id=\"769e3cff\" data-element_type=\"widget\" data-settings=\"{&quot;_animation&quot;:&quot;none&quot;}\" data-widget_type=\"heading.default\">\n\t\t\t\t<div class=\"elementor-widget-container\">\n\t\t\t\t\t<h2 class=\"elementor-heading-title elementor-size-default\">Huren tolkapparatuur Heilbronn<\/h2>\t\t\t\t<\/div>\n\t\t\t\t<\/div>\n\t\t\t\t<div class=\"elementor-element elementor-element-7b019895 elementor-widget elementor-widget-eael-adv-accordion\" data-id=\"7b019895\" data-element_type=\"widget\" data-widget_type=\"eael-adv-accordion.default\">\n\t\t\t\t<div class=\"elementor-widget-container\">\n\t\t\t\t\t            <div class=\"eael-adv-accordion\" id=\"eael-adv-accordion-7b019895\" data-scroll-on-click=\"no\" data-scroll-speed=\"300\" data-accordion-id=\"7b019895\" data-accordion-type=\"accordion\" data-toogle-speed=\"300\">\n            <div class=\"eael-accordion-list\">\n\t\t\t\t\t<div id=\"veranstaltungsorte-fr-events-und-kongresse-in-heilbronn\" class=\"elementor-tab-title eael-accordion-header\" tabindex=\"0\" data-tab=\"1\" aria-controls=\"elementor-tab-content-2061\"><span class=\"eael-advanced-accordion-icon-closed\"><svg aria-hidden=\"true\" class=\"fa-accordion-icon e-font-icon-svg e-fas-plus\" viewbox=\"0 0 448 512\" xmlns=\"http:\/\/www.w3.org\/2000\/svg\"><path d=\"M416 208H272V64c0-17.67-14.33-32-32-32h-32c-17.67 0-32 14.33-32 32v144H32c-17.67 0-32 14.33-32 32v32c0 17.67 14.33 32 32 32h144v144c0 17.67 14.33 32 32 32h32c17.67 0 32-14.33 32-32V304h144c17.67 0 32-14.33 32-32v-32c0-17.67-14.33-32-32-32z\"><\/path><\/svg><\/span><span class=\"eael-advanced-accordion-icon-opened\"><svg aria-hidden=\"true\" class=\"fa-accordion-icon e-font-icon-svg e-fas-minus\" viewbox=\"0 0 448 512\" xmlns=\"http:\/\/www.w3.org\/2000\/svg\"><path d=\"M416 208H32c-17.67 0-32 14.33-32 32v32c0 17.67 14.33 32 32 32h384c17.67 0 32-14.33 32-32v-32c0-17.67-14.33-32-32-32z\"><\/path><\/svg><\/span><span class=\"eael-accordion-tab-title\">Evenementen- en congreslocaties in Heilbronn<\/span><svg aria-hidden=\"true\" class=\"fa-toggle e-font-icon-svg e-fas-angle-right\" viewbox=\"0 0 256 512\" xmlns=\"http:\/\/www.w3.org\/2000\/svg\"><path d=\"M224.3 273l-136 136c-9.4 9.4-24.6 9.4-33.9 0l-22.6-22.6c-9.4-9.4-9.4-24.6 0-33.9l96.4-96.4-96.4-96.4c-9.4-9.4-9.4-24.6 0-33.9L54.3 103c9.4-9.4 24.6-9.4 33.9 0l136 136c9.5 9.4 9.5 24.6.1 34z\"><\/path><\/svg><\/div><div id=\"elementor-tab-content-2061\" class=\"eael-accordion-content clearfix\" data-tab=\"1\" aria-labelledby=\"veranstaltungsorte-fr-events-und-kongresse-in-heilbronn\"><ul><li>Intersport redblue beurscentrum<\/li><li>Harmonie Concert- en Congrescentrum<\/li><li>Lavatec Arena ijsbaan<\/li><li>Blok E \u2013 oude krachtcentrale<\/li><li>Innovatiefabriek<\/li><li>Universiteit Heilbronn \u2013 Campus Sontheim<\/li><li>Zuid-Duits Spoorwegmuseum<\/li><li>Universiteit Heilbronn<\/li><\/ul><\/div>\n\t\t\t\t\t<\/div><div class=\"eael-accordion-list\">\n\t\t\t\t\t<div id=\"die-wichtigsten-veranstaltungshotels-in-heilbronn\" class=\"elementor-tab-title eael-accordion-header\" tabindex=\"0\" data-tab=\"2\" aria-controls=\"elementor-tab-content-2062\"><span class=\"eael-advanced-accordion-icon-closed\"><svg aria-hidden=\"true\" class=\"fa-accordion-icon e-font-icon-svg e-fas-plus\" viewbox=\"0 0 448 512\" xmlns=\"http:\/\/www.w3.org\/2000\/svg\"><path d=\"M416 208H272V64c0-17.67-14.33-32-32-32h-32c-17.67 0-32 14.33-32 32v144H32c-17.67 0-32 14.33-32 32v32c0 17.67 14.33 32 32 32h144v144c0 17.67 14.33 32 32 32h32c17.67 0 32-14.33 32-32V304h144c17.67 0 32-14.33 32-32v-32c0-17.67-14.33-32-32-32z\"><\/path><\/svg><\/span><span class=\"eael-advanced-accordion-icon-opened\"><svg aria-hidden=\"true\" class=\"fa-accordion-icon e-font-icon-svg e-fas-minus\" viewbox=\"0 0 448 512\" xmlns=\"http:\/\/www.w3.org\/2000\/svg\"><path d=\"M416 208H32c-17.67 0-32 14.33-32 32v32c0 17.67 14.33 32 32 32h384c17.67 0 32-14.33 32-32v-32c0-17.67-14.33-32-32-32z\"><\/path><\/svg><\/span><span class=\"eael-accordion-tab-title\">De belangrijkste evenementenhotels in Heilbronn<\/span><svg aria-hidden=\"true\" class=\"fa-toggle e-font-icon-svg e-fas-angle-right\" viewbox=\"0 0 256 512\" xmlns=\"http:\/\/www.w3.org\/2000\/svg\"><path d=\"M224.3 273l-136 136c-9.4 9.4-24.6 9.4-33.9 0l-22.6-22.6c-9.4-9.4-9.4-24.6 0-33.9l96.4-96.4-96.4-96.4c-9.4-9.4-9.4-24.6 0-33.9L54.3 103c9.4-9.4 24.6-9.4 33.9 0l136 136c9.5 9.4 9.5 24.6.1 34z\"><\/path><\/svg><\/div><div id=\"elementor-tab-content-2062\" class=\"eael-accordion-content clearfix\" data-tab=\"2\" aria-labelledby=\"die-wichtigsten-veranstaltungshotels-in-heilbronn\"><ul><li>Mercure Hotel Heilbronn<\/li><li>hogh<\/li><li>Flair Hotel Landgasthof Roger (L\u00f6wenstein)<\/li><li>Vienna House Easy (Neckarsulm)<\/li><li>Cordoeanier Hotel<\/li><\/ul><\/div>\n\t\t\t\t\t<\/div><div class=\"eael-accordion-list\">\n\t\t\t\t\t<div id=\"die-wichtigsten-messen-in-heilbronn\" class=\"elementor-tab-title eael-accordion-header\" tabindex=\"0\" data-tab=\"3\" aria-controls=\"elementor-tab-content-2063\"><span class=\"eael-advanced-accordion-icon-closed\"><svg aria-hidden=\"true\" class=\"fa-accordion-icon e-font-icon-svg e-fas-plus\" viewbox=\"0 0 448 512\" xmlns=\"http:\/\/www.w3.org\/2000\/svg\"><path d=\"M416 208H272V64c0-17.67-14.33-32-32-32h-32c-17.67 0-32 14.33-32 32v144H32c-17.67 0-32 14.33-32 32v32c0 17.67 14.33 32 32 32h144v144c0 17.67 14.33 32 32 32h32c17.67 0 32-14.33 32-32V304h144c17.67 0 32-14.33 32-32v-32c0-17.67-14.33-32-32-32z\"><\/path><\/svg><\/span><span class=\"eael-advanced-accordion-icon-opened\"><svg aria-hidden=\"true\" class=\"fa-accordion-icon e-font-icon-svg e-fas-minus\" viewbox=\"0 0 448 512\" xmlns=\"http:\/\/www.w3.org\/2000\/svg\"><path d=\"M416 208H32c-17.67 0-32 14.33-32 32v32c0 17.67 14.33 32 32 32h384c17.67 0 32-14.33 32-32v-32c0-17.67-14.33-32-32-32z\"><\/path><\/svg><\/span><span class=\"eael-accordion-tab-title\">De belangrijkste beurzen in Heilbronn<\/span><svg aria-hidden=\"true\" class=\"fa-toggle e-font-icon-svg e-fas-angle-right\" viewbox=\"0 0 256 512\" xmlns=\"http:\/\/www.w3.org\/2000\/svg\"><path d=\"M224.3 273l-136 136c-9.4 9.4-24.6 9.4-33.9 0l-22.6-22.6c-9.4-9.4-9.4-24.6 0-33.9l96.4-96.4-96.4-96.4c-9.4-9.4-9.4-24.6 0-33.9L54.3 103c9.4-9.4 24.6-9.4 33.9 0l136 136c9.5 9.4 9.5 24.6.1 34z\"><\/path><\/svg><\/div><div id=\"elementor-tab-content-2063\" class=\"eael-accordion-content clearfix\" data-tab=\"3\" aria-labelledby=\"die-wichtigsten-messen-in-heilbronn\"><ul><li>Bruiloftspektakel Heilbronn<\/li><li>Vitale wereld<\/li><li>Handgemaakte liefde Heilbronn<\/li><li>Gebouw<\/li><li>Wonen &amp; Renoveren<\/li><li>Artbrau<\/li><li>Handgemaakt Heilbronn<\/li><li>Onderwijsbeurs Heilbronn<\/li><li>HTM Heilbronn<\/li><li>Mijn hond<\/li><li>Tattoo Conventie Heilbronn<\/li><li>Dromen van een bruiloft<\/li><li>behendig<\/li><li>50plus infodagen<\/li><li>ContactH<\/li><\/ul><\/div>\n\t\t\t\t\t<\/div><\/div>\t\t\t\t<\/div>\n\t\t\t\t<\/div>\n\t\t\t\t\t<\/div>\n\t\t\t\t<\/div>\n\t\t<div data-particle_enable=\"false\" data-particle-mobile-disabled=\"false\" class=\"elementor-element elementor-element-1200e891 e-flex e-con-boxed e-con e-parent\" data-id=\"1200e891\" data-element_type=\"container\">\n\t\t\t\t\t<div class=\"e-con-inner\">\n\t\t\t\t<div class=\"elementor-element elementor-element-35f6408f elementor-widget elementor-widget-shortcode\" data-id=\"35f6408f\" data-element_type=\"widget\" data-widget_type=\"shortcode.default\">\n\t\t\t\t<div class=\"elementor-widget-container\">\n\t\t\t\t\t\t\t<div class=\"elementor-shortcode\"><\/div>\n\t\t\t\t\t\t<\/div>\n\t\t\t\t<\/div>\n\t\t\t\t\t<\/div>\n\t\t\t\t<\/div>\n\t\t\t\t<\/div>","protected":false},"excerpt":{"rendered":"<p>Dolmetschertechnik mieten Heilbronn \u2013 Dolmetscheranlagen und Simultantechnik im n\u00f6rdlichen Baden W\u00fcrttemberg Schnelle Angebote, professionelle Betreuung, gro\u00dfe Auswahl an Technik Dolmetschtechnik und Konferenztechnik in Heilbronn mieten PCS betreibt am Standort Heilbronn eine eigene Niederlassung und versorgt von hier das Unterland, weite Teile von Baden W\u00fcrttemberg und das s\u00fcdwestliche Deutschland mit Dolmetschertechnik im weitesten Sinne. Einen breiten [&hellip;]<\/p>","protected":false},"author":1,"featured_media":45482,"parent":0,"menu_order":0,"comment_status":"closed","ping_status":"closed","template":"","meta":{"_acf_changed":false,"footnotes":""},"class_list":["post-11881","page","type-page","status-publish","has-post-thumbnail","hentry"],"acf":[],"_links":{"self":[{"href":"https:\/\/konferenztechnik.de\/nl\/wp-json\/wp\/v2\/pages\/11881","targetHints":{"allow":["GET"]}}],"collection":[{"href":"https:\/\/konferenztechnik.de\/nl\/wp-json\/wp\/v2\/pages"}],"about":[{"href":"https:\/\/konferenztechnik.de\/nl\/wp-json\/wp\/v2\/types\/page"}],"author":[{"embeddable":true,"href":"https:\/\/konferenztechnik.de\/nl\/wp-json\/wp\/v2\/users\/1"}],"replies":[{"embeddable":true,"href":"https:\/\/konferenztechnik.de\/nl\/wp-json\/wp\/v2\/comments?post=11881"}],"version-history":[{"count":0,"href":"https:\/\/konferenztechnik.de\/nl\/wp-json\/wp\/v2\/pages\/11881\/revisions"}],"wp:featuredmedia":[{"embeddable":true,"href":"https:\/\/konferenztechnik.de\/nl\/wp-json\/wp\/v2\/media\/45482"}],"wp:attachment":[{"href":"https:\/\/konferenztechnik.de\/nl\/wp-json\/wp\/v2\/media?parent=11881"}],"curies":[{"name":"wp","href":"https:\/\/api.w.org\/{rel}","templated":true}]}}