{"id":5827,"date":"2015-10-12T11:52:48","date_gmt":"2015-10-12T10:52:48","guid":{"rendered":"https:\/\/konferenztechnik.de\/?page_id=5827"},"modified":"2024-12-04T13:34:56","modified_gmt":"2024-12-04T12:34:56","slug":"carriere","status":"publish","type":"page","link":"https:\/\/konferenztechnik.de\/nl\/carriere\/","title":{"rendered":"Jobs"},"content":{"rendered":"<p>[spacer size=\"20\u2033]<br \/>\n[column size=\"3-4\u2033 last=\"0\u2033]<\/p>\n<h1>Banen, vacatures en stages bij PCS GmbH<\/h1>\n<p>PCS GmbH is een opleidingsorganisatie. Wij leiden specialisten in evenemententechniek, specialisten in magazijnlogistiek en assistenten in evenementenbeheer op. Heb je interesse? Je vindt alle vacatures hier.<\/p>\n<p>We zijn ook altijd op zoek naar gekwalificeerde medewerkers. Als er op dit moment geen passende vacature voor je is, kun je ook een open sollicitatie sturen.<\/p>\n<p>Sollicitaties voor M\u00fcnchen en D\u00fcsseldorf kunt u sturen naar Thorsten Gei\u00dfler:<br \/>\n<a href=\"mailto:geissler@konferenztechnik.de\">geissler@konferenztechnik.de<\/a><\/p>\n<p>Stuur sollicitaties voor Berlijn naar Gunnar Hermenau:<br \/>\n<a href=\"mailto:hermenau@konferenztechnik.de\">hermenau@konferenztechnik.de<\/a><\/p>\n<p>Neem contact met ons op als je vragen hebt over onze banen en stages<\/p>\n<p>[\/column]<\/p>\n<p>[column size=\"1-4\u2033 last=\"1\u2033]<\/p>\n<p>[\/column]<\/p>\n<h2><b>Huidige vacatures<\/b><\/h2>\n<p>[spacer size=\"20\u2033]<br \/>\n[column size=\"1-3\u2033 last=\"0\u2033]<br \/>\n<a href=\"https:\/\/konferenztechnik.de\/jobs\/fachkraft-fuer-veranstaltungstechnik-d-w-m-gesucht\/\"><\/a><\/p>\n<p><a href=\"https:\/\/konferenztechnik.de\/jobs\/fachkraft-fuer-veranstaltungstechnik-d-w-m-gesucht\/\"><\/p>\n<h3><b>Specialist voor evenemententechnologie (d\/w\/m),<br \/>\nEvenemententechnici, AV-mediatechnici<br \/>\nD\u00fcsseldorf<\/b><\/h3>\n<p><\/a><a href=\"https:\/\/konferenztechnik.de\/jobs\/fachkraft-fuer-veranstaltungstechnik-d-w-m-gesucht\/\"><\/a><\/p>\n<p>We zijn momenteel op zoek naar technici uit verschillende gebieden van de evenemententechnologie om ons te ondersteunen bij de technische realisatie van conferenties en evenementen op onze locatie in D\u00fcsseldorf.<\/p>\n<p>[button link=\"https:\/\/www.konferenztechnik.de\/jobs\/fachkraft-fuer-veranstaltungstechnik-d-w-m-gesucht\/\" target=\"self\" color=\"#a62055\u2033 text=\"light\"]Informatie en solliciteren[\/button]<br \/>\n[\/column]<\/p>\n<p>[column size=\"1-3\u2033 last=\"0\u2033]<br \/>\n<a href=\"https:\/\/konferenztechnik.de\/nl\/specialist-evenemententechnologie-d-f-m-gezocht-in-berlijn-2\/\"><\/a><\/p>\n<p><a href=\"https:\/\/konferenztechnik.de\/nl\/specialist-evenemententechnologie-d-f-m-gezocht-in-berlijn-2\/\"><\/p>\n<h3><b>Specialist voor evenemententechnologie (d\/w\/m),<br \/>\nEvenemententechnici, AV-mediatechnici<br \/>\nBerlijn<\/b><\/h3>\n<p><\/a><a href=\"https:\/\/konferenztechnik.de\/nl\/specialist-evenemententechnologie-d-f-m-gezocht-in-berlijn-2\/\"><\/a><\/p>\n<p>We zijn momenteel op zoek naar technici uit verschillende gebieden van evenemententechnologie om ons te ondersteunen bij de technische realisatie van conferenties en evenementen op onze locatie in Berlijn.<\/p>\n<p>[button link=\"https:\/\/www.konferenztechnik.de\/fachkraft-fuer-veranstaltungstechnik-d-w-m-in-berlin-gesucht\/\" target=\"self\" color=\"#a62055\u2033 text=\"light\"]Informatie en solliciteren[\/button]<br \/>\n[\/column]<\/p>\n<p>[column size=\"1-3\u2033 last=\"1\u2033]<br \/>\n<a href=\"https:\/\/konferenztechnik.de\/nl\/specialist-evenemententechniek-d-f-m-gezocht-in-munich-2\/\"><\/a><\/p>\n<p><a href=\"https:\/\/konferenztechnik.de\/nl\/specialist-evenemententechniek-d-f-m-gezocht-in-munich-2\/\"><\/p>\n<h3><b>Specialist voor evenemententechnologie (d\/w\/m),<br \/>\nEvenemententechnici, AV-mediatechnici<br \/>\nM\u00fcnchen<\/b><\/h3>\n<p><\/a><a href=\"https:\/\/konferenztechnik.de\/nl\/specialist-evenemententechniek-d-f-m-gezocht-in-munich-2\/\"><\/a><\/p>\n<p>We zijn momenteel op zoek naar technici uit verschillende gebieden van de evenemententechnologie om ons te ondersteunen bij de technische realisatie van conferenties en evenementen op onze locatie in M\u00fcnchen.<\/p>\n<p>[button link=\"https:\/\/www.konferenztechnik.de\/fachkraft-fuer-veranstaltungstechnik-d-w-m-in-muenchen-gesucht\/\" target=\"self\" color=\"#a62055\u2033 text=\"light\"]Informatie en solliciteren[\/button]<br \/>\n[\/column]<\/p>\n<p>[spacer size=\"50\u2033]<\/p>\n<p>[column size=\"1-3\u2033 last=\"0\u2033]<br \/>\n<a href=\"https:\/\/konferenztechnik.de\/jobs\/buero-servicekraft-m-w-d-gesucht\/\"><\/a><\/p>\n<p><a href=\"https:\/\/konferenztechnik.de\/jobs\/buero-servicekraft-m-w-d-gesucht\/\"><\/p>\n<h3><b>Medewerker binnendienst (m\/v\/d) gezocht<br \/>\nBerlijn<\/b><\/h3>\n<p><\/a><a href=\"https:\/\/konferenztechnik.de\/jobs\/buero-servicekraft-m-w-d-gesucht\/\"><\/a><\/p>\n<p>We zijn momenteel op zoek naar een Office Service Assistant (d\/f\/m) in ons kantoor in Berlijn om ons kantoor en onze tolkstudio's voor en na vergaderingen en conferenties te organiseren.<\/p>\n<p>[button link=\"https:\/\/www.konferenztechnik.de\/jobs\/buero-servicekraft-m-w-d-gesucht\/\" target=\"self\" colour=\"#a62055\u2033 text=\"light\"]Informatie en solliciteren[\/button]<br \/>\n[\/column]<\/p>\n<p>[column size=\"1-3\u2033 last=\"0\u2033]<br \/>\n<a href=\"https:\/\/konferenztechnik.de\/jobs\/technische-hilfskraft-m-w-d-fuer-kommissionierung-und-transport-gesucht\/\"><\/a><\/p>\n<p><a href=\"https:\/\/konferenztechnik.de\/jobs\/technische-hilfskraft-m-w-d-fuer-kommissionierung-und-transport-gesucht\/\"><\/p>\n<h3><b>Technisch assistent (m\/v\/d) voor orderpicking en transport gezocht<br \/>\nBerlijn<\/b><\/h3>\n<p><\/a><a href=\"https:\/\/konferenztechnik.de\/jobs\/technische-hilfskraft-m-w-d-fuer-kommissionierung-und-transport-gesucht\/\"><\/a><\/p>\n<p>We zijn op zoek naar een technisch assistent (m\/v\/d) om ons te ondersteunen bij het orderverzamelen in ons magazijn, transportritten en de montage en demontage van technische apparatuur.<\/p>\n<p>[button link=\"https:\/\/www.konferenztechnik.de\/jobs\/technische-hilfskraft-m-w-d-fuer-kommissionierung-und-transport-gesucht\/\" target=\"self\" color=\"#a62055\u2033 text=\"light\"]Informatie en solliciteren[\/button]<br \/>\n[\/column]<\/p>\n<p>[column size=\"1-3\u2033 last=\"1\u2033]<br \/>\n<a href=\"https:\/\/konferenztechnik.de\/jobs\/technikerin-m-w-d-fuer-den-bereich-kommissionierung-und-transport-gesucht\/\"><\/a><\/p>\n<p><a href=\"https:\/\/konferenztechnik.de\/jobs\/technikerin-m-w-d-fuer-den-bereich-kommissionierung-und-transport-gesucht\/\"><\/p>\n<h3><b>Technicus (m\/v\/d) gezocht voor orderverzamelen en transport<br \/>\nBerlijn<\/b><\/h3>\n<p><\/a><a href=\"https:\/\/konferenztechnik.de\/jobs\/technikerin-m-w-d-fuer-den-bereich-kommissionierung-und-transport-gesucht\/\"><\/a><\/p>\n<p>We zijn op zoek naar een technicus die ons kan ondersteunen bij het orderverzamelen in ons magazijn, transportritten en het monteren en demonteren van technische apparatuur.<\/p>\n<p>[button link=\"https:\/\/www.konferenztechnik.de\/jobs\/technikerin-m-w-d-fuer-den-bereich-kommissionierung-und-transport-gesucht\/\" target=\"self\" color=\"#a62055\u2033 text=\"light\"]Informatie en solliciteren[\/button]<br \/>\n[\/column]<\/p>\n<p>[spacer size=\"30\u2033]<\/p>\n<hr>\n<p>[spacer size=\"30\u2033]<\/p>\n<h2><b>Stages voor 2023 \u2013 Stages bij PCS konferenztechnik.de<\/b><\/h2>\n<p>We zijn op zoek naar stagiairs voor het opleidingsjaar 2023 en kijken uit naar jullie sollicitaties!<\/p>\n<p>[spacer size=\"20\u2033]<\/p>\n<p>[column size=\"1-3\u2033 last=\"0\u2033]<br \/>\n<a href=\"https:\/\/konferenztechnik.de\/nl\/opleiding-tot-specialist-evenemententechniek-m-f-d-in-duesseldorf\/\"><\/a><\/p>\n<p><a href=\"https:\/\/konferenztechnik.de\/nl\/opleiding-tot-specialist-evenemententechniek-m-f-d-in-duesseldorf\/\"><\/p>\n<h3><b>Stageplaats als specialist evenemententechnologie (d\/w\/m)<br \/>\nD\u00fcsseldorf<\/b><\/h3>\n<p><\/a><a href=\"https:\/\/konferenztechnik.de\/nl\/opleiding-tot-specialist-evenemententechniek-m-f-d-in-duesseldorf\/\"><\/a><\/p>\n<p>Opleiding tot specialist evenemententechnologie in onze vestiging in D\u00fcsseldorf.<\/p>\n<p>[button link=\"https:\/\/www.konferenztechnik.de\/ausbildung-zur-fachkraft-fuer-veranstaltungstechnik-m-w-d-in-duesseldorf\/\" target=\"self\" color=\"#a62055\u2033 text=\"light\"]Informatie en solliciteren[\/button]<br \/>\n[\/column]<\/p>\n<p>[column size=\"1-3\u2033 last=\"0\u2033]<br \/>\n<a href=\"https:\/\/konferenztechnik.de\/nl\/opleiding-tot-specialist-in-evenemententechnologie-m-f-d-in-berlijn-2\/\"><\/a><\/p>\n<p><a href=\"https:\/\/konferenztechnik.de\/nl\/opleiding-tot-specialist-in-evenemententechnologie-m-f-d-in-berlijn-2\/\"><\/p>\n<h3><b>Stageplaats als specialist evenemententechnologie (d\/w\/m)<br \/>\nBerlijn<\/b><\/h3>\n<p><\/a><a href=\"https:\/\/konferenztechnik.de\/nl\/opleiding-tot-specialist-in-evenemententechnologie-m-f-d-in-berlijn-2\/\"><\/a><\/p>\n<p>Opleiding tot specialist evenemententechnologie in onze vestiging in Berlijn.<\/p>\n<p>[button link=\"https:\/\/www.konferenztechnik.de\/ausbildung-zur-fachkraft-fuer-veranstaltungstechnik-m-w-d-in-berlin-2023\/\" target=\"self\" color=\"#a62055\u2033 text=\"light\"]Informatie en solliciteren[\/button]<br \/>\n[\/column]<\/p>\n<p>[column size=\"1-3\u2033 last=\"1\u2033]<br \/>\n<a href=\"https:\/\/konferenztechnik.de\/jobs\/ausbildungsplatz-fachkraft-lagerlogistik-berlin-2023\/\"><\/a><\/p>\n<p><a href=\"https:\/\/konferenztechnik.de\/jobs\/ausbildungsplatz-fachkraft-lagerlogistik-berlin-2023\/\"><\/p>\n<h3><b>Leerling als specialist magazijnlogistiek (d\/w\/m)<br \/>\nBerlijn<\/b><\/h3>\n<p><\/a><a href=\"https:\/\/konferenztechnik.de\/jobs\/ausbildungsplatz-fachkraft-lagerlogistik-berlin-2023\/\"><\/a><\/p>\n<p>Opleiding tot logistiek specialist in ons filiaal in Berlijn.<\/p>\n<p>[button link=\"https:\/\/www.konferenztechnik.de\/jobs\/ausbildungsplatz-fachkraft-lagerlogistik-berlin-2023\/\" target=\"self\" color=\"#a62055\u2033 text=\"light\"]Informatie en solliciteren[\/button]<br \/>\n[\/column]<\/p>\n<p>[spacer size=\"30\u2033]<\/p>\n<hr>\n<p>[spacer size=\"30\u2033]<\/p>\n<h2>Informatie over stages bij PCS<\/h2>\n<p>[column size=\"1-3\u2033 last=\"0\u2033]<\/p>\n<h3><strong>Assistent evenementenbeheer<\/strong><\/h3>\n<p>Logistieke magazijnspecialisten werken op het gebied van logistieke planning en organisatie. Hun taken omvatten het ontvangen, picken, laden, stuwen, transporteren en verpakken van goederen. Andere onderdelen van de opleiding zijn commercieel management en controle, milieubescherming of werkorganisatie, informatie en communicatie. De stage duurt drie jaar en vindt zowel in onze bedrijven als op de betreffende vakscholen plaats.<\/p>\n<h4>Meer informatie:<\/h4>\n<p>\u203a <a href=\"https:\/\/www.ihk-berlin.de\/ausbildung\/ausbildungsberufe-von-a-bis-z\/veranstaltungskaufmann-2262380\" target=\"_blank\" rel=\"noopener noreferrer\">IHK Berlijn<\/a><br \/>\n\u203a <a href=\"https:\/\/berufenet.arbeitsagentur.de\/berufenet\/faces\/index;BERUFENETJSESSIONID=H4dPyKJvbXrnWotpa2-unjyMlToiDlBPBg0q0Sm5LB_Pd5I_B9D5!358792421?path=null\/suchergebnisse\/kurzbeschreibung&amp;dkz=14448&amp;such=veranstaltungskauffrau\" target=\"_blank\" rel=\"noopener noreferrer\">Federaal arbeidsbureau<\/a><\/p>\n<p>[\/column]<\/p>\n<p>[column size=\"1-3\u2033 last=\"0\u2033]<\/p>\n<h3><strong>Specialist magazijnlogistiek<\/strong><\/h3>\n<p>Logistieke magazijnspecialisten werken op het gebied van logistieke planning en organisatie. Hun taken omvatten het ontvangen, picken, laden, stuwen, transporteren en verpakken van goederen. Andere onderdelen van de opleiding zijn commercieel management en controle, milieubescherming of werkorganisatie, informatie en communicatie. De stage duurt drie jaar en vindt zowel in onze bedrijven als op de betreffende vakscholen plaats.<\/p>\n<h4>Meer informatie:<\/h4>\n<p>\u203a <a href=\"https:\/\/www.ihk-berlin.de\/aus_und_weiterbildung\/Ausbildung\/Ausbildungsberufe_von_A_bis_Z\/Fachkraft_fuer_Veranstaltungstechnik\/2262432\" target=\"_blank\" rel=\"noopener noreferrer\">IHK Berlijn<\/a><br \/>\n\u203a <a href=\"https:\/\/berufenet.arbeitsagentur.de\/berufe\/start?dest=profession&amp;prof-id=8525_8523&amp;status=B\" target=\"_blank\" rel=\"noopener noreferrer\">Federaal arbeidsbureau<\/a><br \/>\n\u203a <a href=\"https:\/\/de.wikipedia.org\/wiki\/Fachkraft_f%C3%BCr_Lagerlogistik\" target=\"_blank\" rel=\"noopener noreferrer\">Wikipedia<\/a><\/p>\n<p>[\/column]<\/p>\n<p>[column size=\"1-3\u2033 last=\"1\u2033]<\/p>\n<h3><strong>Specialist in evenemententechnologie<\/strong><\/h3>\n<p>Als specialist evenemententechniek ben je verantwoordelijk voor het opzetten, afbreken en bedienen van podium- en decorstructuren en licht-, projectie- en geluidssystemen. De stage duurt drie jaar en vindt zowel in ons bedrijf als op de betreffende vakscholen plaats.<\/p>\n<h4>Meer informatie:<\/h4>\n<p>\u203a <a href=\"https:\/\/www.ihk-berlin.de\/aus_und_weiterbildung\/Ausbildung\/Ausbildungsberufe_von_A_bis_Z\/Fachkraft_fuer_Veranstaltungstechnik\/2262432\" target=\"_blank\" rel=\"noopener noreferrer\">IHK Berlijn<\/a><br \/>\n\u203a <a href=\"https:\/\/berufenet.arbeitsagentur.de\/berufe\/start?dest=profession&amp;prof-id=27448_27449&amp;status=B\" target=\"_blank\" rel=\"noopener noreferrer\">Federaal arbeidsbureau<\/a><br \/>\n\u203a <a href=\"https:\/\/de.wikipedia.org\/wiki\/Fachkraft_f%C3%BCr_Lagerlogistik\" target=\"_blank\" rel=\"noopener noreferrer\">Wikipedia<\/a><\/p>\n<p>[\/column]<\/p>\n<p>[spacer size=\"30\u2033]<\/p>\n<hr>\n<p>[spacer size=\"30\u2033]<\/p>\n<h2>We zijn lid of ondersteunend lid van de volgende verenigingen:<\/h2>\n<p>[column size=\"1-3\u2033 last=\"0\u2033]<a href=\"https:\/\/www.100pro.org\/\" target=\"_blank\" rel=\"noopener noreferrer\"><br \/>\n<img decoding=\"async\" src=\"https:\/\/konferenztechnik.de\/wp-content\/uploads\/2015\/10\/logo-100proOrg.jpg\" alt=\"Logo 100 Pro Org\" width=\"150\" height=\"149\" class=\"alignleft size-full wp-image-6492\" title=\"\"><\/a><br \/>\n[\/column]<\/p>\n<p>[column size=\"1-3\u2033 last=\"0\u2033]<br \/>\n<a href=\"https:\/\/www.vplt.org\/\" target=\"_blank\" rel=\"noopener noreferrer\"><br \/>\n<img decoding=\"async\" src=\"https:\/\/konferenztechnik.de\/wp-content\/uploads\/2015\/10\/vplt-logo.jpg\" alt=\"VPLT-logo\" width=\"216\" height=\"69\" class=\"alignleft size-full wp-image-6493\" title=\"\"><\/a><br \/>\n[\/column]<\/p>\n<p>[column size=\"1-3\u2033 last=\"1\u2033]<a href=\"https:\/\/isdv.net\/\" target=\"_blank\" rel=\"noopener noreferrer\"><br \/>\n<img decoding=\"async\" src=\"https:\/\/konferenztechnik.de\/wp-content\/uploads\/2015\/10\/isdv-logo.png\" alt=\"ISDV-logo\" width=\"240\" height=\"140\" class=\"alignleft size-full wp-image-6494\" title=\"\"><\/a><br \/>\n[\/column]<\/p>","protected":false},"excerpt":{"rendered":"<p>[spacer size=&#8220;20&#8243;] [column size=&#8220;3-4&#8243; last=&#8220;0&#8243;] Jobs, Stellenangebote und Ausbildungspl\u00e4tze bei der PCS GmbH Die PCS GmbH ist Ausbildungsbetrieb. Wir bilden zur Fachkraft f\u00fcr Veranstaltungstechnik, Fachkraft f\u00fcr Lagerlogistik und zur Veranstaltungskauffrau \/ zum Veranstaltungskaufmann aus. Sind Sie interessiert? Hier finden Sie alle freien Stellen. Au\u00dferdem sind wir immer wieder auf der Suche nach qualifizierten Mitarbeitern. Falls [&hellip;]<\/p>","protected":false},"author":1,"featured_media":45482,"parent":0,"menu_order":50,"comment_status":"closed","ping_status":"closed","template":"","meta":{"_acf_changed":false,"footnotes":""},"class_list":["post-5827","page","type-page","status-publish","has-post-thumbnail","hentry"],"acf":[],"_links":{"self":[{"href":"https:\/\/konferenztechnik.de\/nl\/wp-json\/wp\/v2\/pages\/5827","targetHints":{"allow":["GET"]}}],"collection":[{"href":"https:\/\/konferenztechnik.de\/nl\/wp-json\/wp\/v2\/pages"}],"about":[{"href":"https:\/\/konferenztechnik.de\/nl\/wp-json\/wp\/v2\/types\/page"}],"author":[{"embeddable":true,"href":"https:\/\/konferenztechnik.de\/nl\/wp-json\/wp\/v2\/users\/1"}],"replies":[{"embeddable":true,"href":"https:\/\/konferenztechnik.de\/nl\/wp-json\/wp\/v2\/comments?post=5827"}],"version-history":[{"count":0,"href":"https:\/\/konferenztechnik.de\/nl\/wp-json\/wp\/v2\/pages\/5827\/revisions"}],"wp:featuredmedia":[{"embeddable":true,"href":"https:\/\/konferenztechnik.de\/nl\/wp-json\/wp\/v2\/media\/45482"}],"wp:attachment":[{"href":"https:\/\/konferenztechnik.de\/nl\/wp-json\/wp\/v2\/media?parent=5827"}],"curies":[{"name":"wp","href":"https:\/\/api.w.org\/{rel}","templated":true}]}}