{"id":10455,"date":"2017-06-17T15:04:22","date_gmt":"2017-06-17T14:04:22","guid":{"rendered":"https:\/\/www.konferenztechnik.de\/?page_id=10455\/"},"modified":"2023-09-01T13:10:20","modified_gmt":"2023-09-01T11:10:20","slug":"rent-guide-systems-innsbruck","status":"publish","type":"page","link":"https:\/\/konferenztechnik.de\/pl\/rent-guide-systems-innsbruck\/","title":{"rendered":"Wynajem system\u00f3w naprowadzania Innsbruck"},"content":{"rendered":"<h1>Wynajem tour guide systems Innsbruck: Wynajem tour guide systems, whisper systems i Pefas w Tyrol<\/h1>\n<div class=\"call-action-slider-img\" style=\"padding-top:6px;\">\n<img decoding=\"async\" src=\"https:\/\/konferenztechnik.de\/wp-content\/uploads\/2017\/06\/veranstaltungstechnik-innsbruck.jpg\" alt=\"Wynajem sprz\u0119tu do t\u0142umacze\u0144 ustnych Innsbruck\" class=\"alignleft size-full wp-image-9527\" title=\"\"><br \/>\n<button class=\"btn popmake-10003\">Pro\u015bba o wycen\u0119,<br \/>\nw ci\u0105gu jednej godziny<br \/>\nz tob\u0105! &#x9B;<\/button><\/div>\n<p>[spacer size=\"20\u2033]<\/p>\n<div id=\"newscontainer\">\n<div class=\"newskasten\"><a href=\"https:\/\/konferenztechnik.de\/pl\/wynajem-sprzetu-konferencyjnego\/systemy-prowadzace\/\">Przewodnik turystyczny Sennheiser<br \/>\n<img decoding=\"async\" src=\"https:\/\/konferenztechnik.de\/wp-content\/uploads\/2017\/03\/fuehrungsanlagen-mieten.jpg\" alt=\"Wynajem system\u00f3w naprowadzania w Innsbrucku od PCS GmbH\" class=\"alignnone size-full wp-image-9536\" title=\"\"><\/a><br \/>\n[clear]<br \/>\n[list icon=\"moon-checkmark\" color=\"#a62055\u2033]Odbiornik Chinrest[\/list]<br \/>\n[list icon=\"moon-checkmark\" color=\"#a62055\u2033]Do sze\u015bciu kana\u0142\u00f3w jednocze\u015bnie[\/list]<br \/>\n[list icon=\"moon-checkmark\" color=\"#a62055\u2033]Por\u0119czne etui \u0142aduj\u0105ce[\/list]<\/p>\n<p><a class=\"weiter\" href=\"https:\/\/konferenztechnik.de\/pl\/wynajem-sprzetu-konferencyjnego\/systemy-prowadzace\/\">\u203a Wi\u0119cej<\/a><\/div>\n<div class=\"newskasten\"><a href=\"https:\/\/konferenztechnik.de\/pl\/wynajem-sprzetu-konferencyjnego\/systemy-prowadzace\/\">Beyerdynamic Synexis<br \/>\n<img decoding=\"async\" src=\"https:\/\/konferenztechnik.de\/wp-content\/uploads\/2017\/05\/dolmetschertechnik-mieten-1.jpg\" alt=\"Wynajem system\u00f3w przewodnik\u00f3w Innsbruck Beyerdynamic Synexis\" class=\"alignleft size-full wp-image-9707\" title=\"\"><\/a><br \/>\n[clear]<br \/>\n[list icon=\"moon-checkmark\" color=\"#a62055\u2033]R\u00f3\u017cne scenariusze zastosowa\u0144[\/list]<br \/>\n[list icon=\"moon-checkmark\" color=\"#a62055\u2033]Do o\u015bmiu kana\u0142\u00f3w r\u00f3wnolegle[\/list]<br \/>\n[list icon=\"moon-checkmark\" color=\"#a62055\u2033]S\u0142uchawki nag\u0142owne lub jednouszne[\/list]<\/p>\n<p><a class=\"weiter\" href=\"https:\/\/konferenztechnik.de\/pl\/wynajem-sprzetu-konferencyjnego\/systemy-prowadzace\/\">\u203a Wi\u0119cej<\/a><\/div>\n<div class=\"newskasten\"><a href=\"https:\/\/konferenztechnik.de\/pl\/wynajem-sprzetu-konferencyjnego\/systemy-tlumaczen-ustnych\/\">Kabiny dla t\u0142umaczy<br \/>\n<img decoding=\"async\" src=\"https:\/\/konferenztechnik.de\/wp-content\/uploads\/2017\/03\/dolmetscherkabinen-mieten.jpg\" alt=\"t\u0142umaczenia-kabiny-do-wynaj\u0119cia-wnsbruck\" class=\"alignnone size-full wp-image-9535\" title=\"\"><\/a><br \/>\n[clear]<br \/>\n[list icon=\"moon-checkmark\" color=\"#a62055\u2033]Dla du\u017cych konferencji[\/list]<br \/>\n[list icon=\"moon-checkmark\" color=\"#a62055\u2033]Wiele j\u0119zyk\u00f3w jednocze\u015bnie[\/list]<br \/>\n[list icon=\"moon-checkmark\" color=\"#a62055\u2033]Certyfikat ISO[\/list]<\/p>\n<p><a class=\"weiter\" href=\"https:\/\/konferenztechnik.de\/pl\/wynajem-sprzetu-konferencyjnego\/systemy-tlumaczen-ustnych\/\">\u203a Wi\u0119cej<\/a><\/div>\n<\/div>\n<p>Dogodnie po\u0142o\u017cona w sercu Alp i b\u0119d\u0105ca siedzib\u0105 kilku uniwersytet\u00f3w stolica Tyrolu, Innsbruck, od dawna jest popularnym miejscem targ\u00f3w, kongres\u00f3w i imprez (turystycznych). Centralne obiekty obejmuj\u0105 centrum kongresowe Congress Innsbruck\u201d u podn\u00f3\u017ca pasma g\u00f3rskiego Nordkette, centrum wystawowe Innsbruck, kt\u00f3re r\u00f3wnie\u017c znajduje si\u0119 w pobli\u017cu centrum miasta, Congresspark Igls, Olympiaworld Innsbruck i stadion skok\u00f3w narciarskich Bergisel.<\/p>\n<h2>Systemy zarz\u0105dzania dla tyrolskich hoteli, kongres\u00f3w i wydarze\u0144<\/h2>\n<p>Systemy tour guide mo\u017cna szybko i \u0142atwo wynaj\u0105\u0107 od PCS na imprezy, kongresy i konferencje, a tak\u017ce na wycieczki po mie\u015bcie oraz zwiedzanie fabryk i muze\u00f3w. Ze swoich oddzia\u0142\u00f3w w Monachium i Heilbronn, dostawca technologii konferencyjnych PCS dostarcza do Innsbrucka i Tyrolu systemy tour guide, whispering cases, Pefas, fabryczne systemy tour guide i osobiste systemy tour guide (PFA). Wynajem system\u00f3w tour guide i podobnych system\u00f3w ma wiele zalet w por\u00f3wnaniu z ich zakupem, w tym dla tyrolskich hoteli konferencyjnych, t\u0142umaczy szeptanych, organizator\u00f3w kongres\u00f3w i wydarze\u0144: Ci, kt\u00f3rzy wynajmuj\u0105, a nie kupuj\u0105 systemy przewodnik\u00f3w, maj\u0105 w 100% sprawdzone systemy, kt\u00f3re s\u0105 dok\u0142adnie dostosowane do wymaga\u0144 danego wydarzenia i zawsze s\u0105 higienicznie czyszczone. W wi\u0119kszo\u015bci przypadk\u00f3w PCS przetwarza zapytania poczt\u0105 elektroniczn\u0105 w ci\u0105gu godziny, a 24-godzinna infolinia zapewnia szczeg\u00f3\u0142owe porady techniczne. Higienicznie wyczyszczone i zawsze wyposa\u017cone w przepakowane s\u0142uchawki, PCS dostarcza systemy tour guide i Pefas bezpo\u015brednio do centr\u00f3w konferencyjnych, hoteli kongresowych, miejsc wydarze\u0144 i t\u0142umaczy konferencyjnych w Tyrolu.<\/p>\n<h2>Producent marki na wezwanie<\/h2>\n<p>Je\u015bli chodzi o sprz\u0119t, PCS stawia przede wszystkim na marki producent\u00f3w Beyerdynamic i Sennheiser. W Innsbrucku dost\u0119pne s\u0105 mi\u0119dzy innymi nast\u0119puj\u0105ce systemy:<\/p>\n<p>Urz\u0105dzenia Beyerdynamic:<\/p>\n<ul>\n<li>Odbiornik radiowy Synexis RP8<\/li>\n<li>Nadajnik bodypack Synexis TP8 z przypinanym mikrofonem<\/li>\n<li>Mikrofon r\u0119czny Synexis TH8<\/li>\n<li>Nadajnik stacjonarny TS8<\/li>\n<\/ul>\n<p>[spacer size=\"20\u2033]<\/p>\n<p>Urz\u0105dzenia Sennheiser:<\/p>\n<ul>\n<li>S\u0142uchawki przewodnika HDE-2020<\/li>\n<li>Mikrofon r\u0119czny dla przewodnik\u00f3w SKM-2020<\/li>\n<li>Kieszonkowy nadajnik przewodnika SK-2020-D<\/li>\n<li>Etui \u0142aduj\u0105ce EZL 2020-20L<\/li>\n<\/ul>\n<p>[spacer size=\"20\u2033]<br \/>\nPefas, osobiste systemy przewodnik\u00f3w i systemy przewodnik\u00f3w turystycznych dzia\u0142aj\u0105 w bardzo podobny spos\u00f3b: osoba jest zawsze po\u0142\u0105czona z grup\u0105 s\u0142uchaczy za pomoc\u0105 mikrofon\u00f3w i nadajnik\u00f3w, a tak\u017ce odbiornik\u00f3w i s\u0142uchawek. Opr\u00f3cz zastosowa\u0144 wymienionych powy\u017cej, urz\u0105dzenia te s\u0105 r\u00f3wnie\u017c wykorzystywane do t\u0142umaczenia konferencji i rozpraw s\u0105dowych. W zwi\u0105zku z tematem dost\u0119pno\u015bci, systemy naprowadzania s\u0105 r\u00f3wnie\u017c coraz cz\u0119\u015bciej wykorzystywane w Innsbrucku i okolicach w zakresie wspomagania s\u0142yszenia dla os\u00f3b niedos\u0142ysz\u0105cych.<\/p>\n<p>[spacer size=\"40\u2033]<br \/>\n[cwa id='fuehrungsanlagenpdfdownloads']<br \/>\n[spacer size=\"20\u2033]<\/p>\n<div class=\"sidebar-line\">\n<span><\/span><\/div>\n<p>[spacer size=\"20\u2033]<\/p>\n<div class=\"leistungen-menu\">\n[column size=\"3-4\u2033 last=\"0\u2033]<\/p>\n<h3>Wynajem systemu prowadz\u0105cego<\/h3>\n<p>[menu theme_location='dolmetschertechnik-mieten-stuttgart']<br \/>\n[\/column]<\/p>\n<p>[column size=\"3-4\u2033 last=\"0\u2033]<\/p>\n<h3>Kup system prowadz\u0105cy<\/h3>\n<p>[menu theme_location='dolmetschertechnik-mieten-stuttgart-2']<br \/>\n[\/column]<\/p>\n<p>[column size=\"3-4\u2033 last=\"0\u2033]<\/p>\n<h3>Instalacja i integracja<\/h3>\n<p>[menu theme_location='dolmetschertechnik-mieten-stuttgart-4']<br \/>\n[\/column]<\/p>\n<p>[column size=\"1-4\u2033 last=\"1\u2033]<\/p>\n<h3 >Technologia konferencyjna PCS<\/h3>\n<p>[menu theme_location='dolmetschertechnik-mieten-stuttgart-3\u2032]<br \/>\n[\/column]<\/p>\n<\/div>","protected":false},"excerpt":{"rendered":"<p>F\u00fchrungsanlagen mieten Innsbruck: Tourguide-Systeme, Fl\u00fcsteranlagen und Pefas in Tirol ausleihen Angebot anfordern, in einer Stunde bei Ihnen! &#x9B; [spacer size=&#8220;20&#8243;] Sennheiser Tourguide [clear] [list icon=&#8220;moon-checkmark&#8220; color=&#8220;#a62055&#8243;]Kinnb\u00fcgelempf\u00e4nger[\/list] [list icon=&#8220;moon-checkmark&#8220; color=&#8220;#a62055&#8243;]Bis zu sechs Kan\u00e4le simultan[\/list] [list icon=&#8220;moon-checkmark&#8220; color=&#8220;#a62055&#8243;]Handliche Ladekoffer[\/list] \u203a Mehr Beyerdynamic Synexis [clear] [list icon=&#8220;moon-checkmark&#8220; color=&#8220;#a62055&#8243;]Verschiedene Anwendungsszenarien[\/list] [list icon=&#8220;moon-checkmark&#8220; color=&#8220;#a62055&#8243;]Bis zu acht Kan\u00e4le parallel[\/list] [list icon=&#8220;moon-checkmark&#8220; [&hellip;]<\/p>","protected":false},"author":1,"featured_media":45482,"parent":0,"menu_order":0,"comment_status":"closed","ping_status":"closed","template":"","meta":{"_acf_changed":false,"footnotes":""},"class_list":["post-10455","page","type-page","status-publish","has-post-thumbnail","hentry"],"acf":[],"_links":{"self":[{"href":"https:\/\/konferenztechnik.de\/pl\/wp-json\/wp\/v2\/pages\/10455","targetHints":{"allow":["GET"]}}],"collection":[{"href":"https:\/\/konferenztechnik.de\/pl\/wp-json\/wp\/v2\/pages"}],"about":[{"href":"https:\/\/konferenztechnik.de\/pl\/wp-json\/wp\/v2\/types\/page"}],"author":[{"embeddable":true,"href":"https:\/\/konferenztechnik.de\/pl\/wp-json\/wp\/v2\/users\/1"}],"replies":[{"embeddable":true,"href":"https:\/\/konferenztechnik.de\/pl\/wp-json\/wp\/v2\/comments?post=10455"}],"version-history":[{"count":0,"href":"https:\/\/konferenztechnik.de\/pl\/wp-json\/wp\/v2\/pages\/10455\/revisions"}],"wp:featuredmedia":[{"embeddable":true,"href":"https:\/\/konferenztechnik.de\/pl\/wp-json\/wp\/v2\/media\/45482"}],"wp:attachment":[{"href":"https:\/\/konferenztechnik.de\/pl\/wp-json\/wp\/v2\/media?parent=10455"}],"curies":[{"name":"wp","href":"https:\/\/api.w.org\/{rel}","templated":true}]}}