{"id":11169,"date":"2017-09-06T09:13:49","date_gmt":"2017-09-06T07:13:49","guid":{"rendered":"https:\/\/www.konferenztechnik.de\/?page_id=11169\/"},"modified":"2023-07-28T10:45:01","modified_gmt":"2023-07-28T08:45:01","slug":"wypozyczalnia-sprzetu-konferencyjnego-poczdam","status":"publish","type":"page","link":"https:\/\/konferenztechnik.de\/pl\/wypozyczalnia-sprzetu-konferencyjnego-poczdam\/","title":{"rendered":"Wynajem sprz\u0119tu konferencyjnego Poczdam"},"content":{"rendered":"<div data-elementor-type=\"wp-page\" data-elementor-id=\"11169\" class=\"elementor elementor-11169\" data-elementor-post-type=\"page\">\n\t\t\t\t<div data-particle_enable=\"false\" data-particle-mobile-disabled=\"false\" class=\"elementor-element elementor-element-3bd57df7 e-flex e-con-boxed e-con e-parent\" data-id=\"3bd57df7\" data-element_type=\"container\">\n\t\t\t\t\t<div class=\"e-con-inner\">\n\t\t\t\t<div class=\"elementor-element elementor-element-21f50e9d elementor-widget elementor-widget-heading\" data-id=\"21f50e9d\" data-element_type=\"widget\" data-settings=\"{&quot;_animation&quot;:&quot;none&quot;}\" data-widget_type=\"heading.default\">\n\t\t\t\t<div class=\"elementor-widget-container\">\n\t\t\t\t\t<h1 class=\"elementor-heading-title elementor-size-default\">Wynajem techniki konferencyjnej Poczdam, wynajem techniki audio, wideo i symultanicznej w stolicy Brandenburgii<\/h1>\t\t\t\t<\/div>\n\t\t\t\t<\/div>\n\t\t\t\t<div class=\"elementor-element elementor-element-1330ffa8 elementor-widget-widescreen__width-inherit elementor-widget elementor-widget-image\" data-id=\"1330ffa8\" data-element_type=\"widget\" data-widget_type=\"image.default\">\n\t\t\t\t<div class=\"elementor-widget-container\">\n\t\t\t\t\t\t\t\t\t\t\t\t\t\t\t<img fetchpriority=\"high\" decoding=\"async\" width=\"850\" height=\"380\" src=\"https:\/\/konferenztechnik.de\/wp-content\/uploads\/2017\/05\/veranstaltungstechnik-potsdam.jpg\" class=\"attachment-full size-full wp-image-9999\" alt=\"\" srcset=\"https:\/\/konferenztechnik.de\/wp-content\/uploads\/2017\/05\/veranstaltungstechnik-potsdam.jpg 850w, https:\/\/konferenztechnik.de\/wp-content\/uploads\/2017\/05\/veranstaltungstechnik-potsdam-300x134.jpg 300w, https:\/\/konferenztechnik.de\/wp-content\/uploads\/2017\/05\/veranstaltungstechnik-potsdam-768x343.jpg 768w\" sizes=\"(max-width: 850px) 100vw, 850px\" title=\"\">\t\t\t\t\t\t\t\t\t\t\t\t\t\t\t<\/div>\n\t\t\t\t<\/div>\n\t\t<div data-particle_enable=\"false\" data-particle-mobile-disabled=\"false\" class=\"elementor-element elementor-element-14fa722d e-flex e-con-boxed e-con e-parent\" data-id=\"14fa722d\" data-element_type=\"container\">\n\t\t\t\t\t<div class=\"e-con-inner\">\n\t\t\t\t<div class=\"elementor-element elementor-element-7af69c1d elementor-align-left elementor-widget elementor-widget-button\" data-id=\"7af69c1d\" data-element_type=\"widget\" data-widget_type=\"button.default\">\n\t\t\t\t<div class=\"elementor-widget-container\">\n\t\t\t\t\t\t\t\t\t<div class=\"elementor-button-wrapper\">\n\t\t\t\t\t<a class=\"elementor-button elementor-button-link elementor-size-lg\" href=\"#serviceteam\">\n\t\t\t\t\t\t<span class=\"elementor-button-content-wrapper\">\n\t\t\t\t\t\t<span class=\"elementor-button-icon\">\n\t\t\t\t<svg aria-hidden=\"true\" class=\"e-font-icon-svg e-far-arrow-alt-circle-down\" viewbox=\"0 0 512 512\" xmlns=\"http:\/\/www.w3.org\/2000\/svg\"><path d=\"M256 8C119 8 8 119 8 256s111 248 248 248 248-111 248-248S393 8 256 8zm0 448c-110.5 0-200-89.5-200-200S145.5 56 256 56s200 89.5 200 200-89.5 200-200 200zm-32-316v116h-67c-10.7 0-16 12.9-8.5 20.5l99 99c4.7 4.7 12.3 4.7 17 0l99-99c7.6-7.6 2.2-20.5-8.5-20.5h-67V140c0-6.6-5.4-12-12-12h-40c-6.6 0-12 5.4-12 12z\"><\/path><\/svg>\t\t\t<\/span>\n\t\t\t\t\t\t\t\t\t<span class=\"elementor-button-text\">Zapytaj teraz<\/span>\n\t\t\t\t\t<\/span>\n\t\t\t\t\t<\/a>\n\t\t\t\t<\/div>\n\t\t\t\t\t\t\t\t<\/div>\n\t\t\t\t<\/div>\n\t\t\t\t\t<\/div>\n\t\t\t\t<\/div>\n\t\t<div data-particle_enable=\"false\" data-particle-mobile-disabled=\"false\" class=\"elementor-element elementor-element-4cff12f4 e-flex e-con-boxed e-con e-parent\" data-id=\"4cff12f4\" data-element_type=\"container\">\n\t\t\t\t\t<div class=\"e-con-inner\">\n\t\t\t\t<div class=\"elementor-element elementor-element-2e61fa01 elementor-widget__width-inherit smart-post-list-4-col elementor-hidden-mobile elementor-widget elementor-widget-eael-post-list\" data-id=\"2e61fa01\" data-element_type=\"widget\" data-settings=\"{&quot;_animation&quot;:&quot;none&quot;}\" data-widget_type=\"eael-post-list.default\">\n\t\t\t\t<div class=\"elementor-widget-container\">\n\t\t\t\t\t<div class=\"eael-post-list-container advanced layout-advanced\"><div class=\"eael-post-list-wrap\"><div class=\"eael-post-list-posts-wrap eael-post-appender eael-post-appender-2e61fa01\"><div class=\"eael-post-list-post\"><div class=\"eael-post-list-post-inner\"><div class=\"eael-post-list-thumbnail\"><a href=\"https:\/\/konferenztechnik.de\/pl\/osobiste-systemy-naprowadzania-wynajem-kupno-instalacja\/\">\n                <img decoding=\"async\" src=\"https:\/\/konferenztechnik.de\/wp-content\/uploads\/2023\/07\/personenfuehrungsanlage-mieten-kaufen-jpg.webp\" alt=\"M\u0119\u017cczyzna m\u00f3wi do mikrofonu, widz s\u0142ucha systemu tour guide podczas wycieczki. Wynajem, zakup lub dzier\u017cawa system\u00f3w tour guide od PCS.\" title=\"\">\n            <\/a><\/div><div class=\"eael-post-list-content\"><h3 class=\"eael-post-list-title\"><a href=\"https:\/\/konferenztechnik.de\/pl\/osobiste-systemy-naprowadzania-wynajem-kupno-instalacja\/\" >Systemy naprowadzania pasa\u017cer\u00f3w<\/a><\/h3><p>Systemy tour guide, systemy przewodnik\u00f3w, systemy szeptane lub PFA, s\u0142uchawki, mikrofony, \u0142adowarki, walizki transportowe, akcesoria<\/p><a href=\"https:\/\/konferenztechnik.de\/pl\/osobiste-systemy-naprowadzania-wynajem-kupno-instalacja\/\" class=\"eael-post-elements-readmore-btn\" >\u203a wi\u0119cej<\/a><div class=\"boxed-meta\"><\/div><\/div><\/div><\/div><div class=\"eael-post-list-post\"><div class=\"eael-post-list-post-inner\"><div class=\"eael-post-list-thumbnail\"><a href=\"https:\/\/konferenztechnik.de\/pl\/odbiornik-konferencyjny-odbiornik-sluchawkowy\/\">\n                <img decoding=\"async\" src=\"https:\/\/konferenztechnik.de\/wp-content\/uploads\/2023\/06\/kopfhoerer-empfaenger-jpg.webp\" alt=\"Dwa odbiorniki konferencyjne roz\u0142o\u017cone na stole konferencyjnym ze s\u0142uchawkami do s\u0142uchania t\u0142umaczonych j\u0119zyk\u00f3w.\" title=\"\">\n            <\/a><\/div><div class=\"eael-post-list-content\"><h3 class=\"eael-post-list-title\"><a href=\"https:\/\/konferenztechnik.de\/pl\/odbiornik-konferencyjny-odbiornik-sluchawkowy\/\" >Odbiornik konferencyjny, odbiornik zestawu s\u0142uchawkowego<\/a><\/h3><p>Wynajem odbiornik\u00f3w konferencyjnych: Odbiorniki i s\u0142uchawki na konferencje z t\u0142umaczeniem symultanicznym<\/p><a href=\"https:\/\/konferenztechnik.de\/pl\/odbiornik-konferencyjny-odbiornik-sluchawkowy\/\" class=\"eael-post-elements-readmore-btn\" >\u203a wi\u0119cej<\/a><div class=\"boxed-meta\"><\/div><\/div><\/div><\/div><div class=\"eael-post-list-post\"><div class=\"eael-post-list-post-inner\"><div class=\"eael-post-list-thumbnail\"><a href=\"https:\/\/konferenztechnik.de\/pl\/systemy-dyskusyjne-pulpity-mikrofonowe-wynajem-kupno-instalacja-leasing\/\">\n                <img decoding=\"async\" src=\"https:\/\/konferenztechnik.de\/wp-content\/uploads\/2023\/06\/diskussionsanlage-sprechstellen-tischmikrofone.jpg\" alt=\"Sto\u0142owe pulpity mikrofonowe rozmieszczone wok\u00f3\u0142 sto\u0142u konferencyjnego z mikrofonami na g\u0119siej szyjce\" title=\"\">\n            <\/a><\/div><div class=\"eael-post-list-content\"><h3 class=\"eael-post-list-title\"><a href=\"https:\/\/konferenztechnik.de\/pl\/systemy-dyskusyjne-pulpity-mikrofonowe-wynajem-kupno-instalacja-leasing\/\" >systemy dyskusyjne pulpity mikrofonowe wynajem kupno instalacja leasing<\/a><\/h3><p>systemy dyskusyjne pulpity mikrofonowe wynajem kupno instalacja leasing<\/p><a href=\"https:\/\/konferenztechnik.de\/pl\/systemy-dyskusyjne-pulpity-mikrofonowe-wynajem-kupno-instalacja-leasing\/\" class=\"eael-post-elements-readmore-btn\" >\u203a wi\u0119cej<\/a><div class=\"boxed-meta\"><\/div><\/div><\/div><\/div><div class=\"eael-post-list-post\"><div class=\"eael-post-list-post-inner\"><div class=\"eael-post-list-thumbnail\"><a href=\"https:\/\/konferenztechnik.de\/pl\/kabiny-do-tlumaczen-ustnych-i-kabiny-prelegentow\/\">\n                <img decoding=\"async\" src=\"https:\/\/konferenztechnik.de\/wp-content\/uploads\/2022\/06\/dolmetscherkabine-sprecherkabine-mieten-kaufen-leasen-jpg.webp\" alt=\"Kabina t\u0142umaczeniowa dla 2 t\u0142umaczy symultanicznych\" title=\"\">\n            <\/a><\/div><div class=\"eael-post-list-content\"><h3 class=\"eael-post-list-title\"><a href=\"https:\/\/konferenztechnik.de\/pl\/kabiny-do-tlumaczen-ustnych-i-kabiny-prelegentow\/\" >Kabiny do t\u0142umacze\u0144 ustnych i kabiny prelegent\u00f3w<\/a><\/h3><p>Kabina t\u0142umaczeniowa jest miejscem pracy t\u0142umaczy symultanicznych<\/p><a href=\"https:\/\/konferenztechnik.de\/pl\/kabiny-do-tlumaczen-ustnych-i-kabiny-prelegentow\/\" class=\"eael-post-elements-readmore-btn\" >\u203a wi\u0119cej<\/a><div class=\"boxed-meta\"><\/div><\/div><\/div><\/div><div class=\"eael-post-list-post\"><div class=\"eael-post-list-post-inner\"><div class=\"eael-post-list-thumbnail\"><a href=\"https:\/\/konferenztechnik.de\/pl\/stanowiska-do-tlumaczen-ustnych\/\">\n                <img decoding=\"async\" src=\"https:\/\/konferenztechnik.de\/wp-content\/uploads\/2022\/06\/dolmetscherpulte-mieten-kaufen-leasen-jpg.webp\" alt=\"Pulpit do t\u0142umacze\u0144 telewizyjnych\" title=\"\">\n            <\/a><\/div><div class=\"eael-post-list-content\"><h3 class=\"eael-post-list-title\"><a href=\"https:\/\/konferenztechnik.de\/pl\/stanowiska-do-tlumaczen-ustnych\/\" >Stanowiska do t\u0142umacze\u0144 ustnych<\/a><\/h3><p>Podstawowe wyposa\u017cenie kabiny t\u0142umaczeniowej obejmuje pulpit t\u0142umacza.<\/p><a href=\"https:\/\/konferenztechnik.de\/pl\/stanowiska-do-tlumaczen-ustnych\/\" class=\"eael-post-elements-readmore-btn\" >\u203a wi\u0119cej<\/a><div class=\"boxed-meta\"><\/div><\/div><\/div><\/div><\/div><\/div>\n\t\t<\/div>\t\t\t\t<\/div>\n\t\t\t\t<\/div>\n\t\t\t\t\t<\/div>\n\t\t\t\t<\/div>\n\t\t\t\t\t<\/div>\n\t\t\t\t<\/div>\n\t\t<div data-particle_enable=\"false\" data-particle-mobile-disabled=\"false\" class=\"elementor-element elementor-element-45f7dc24 e-flex e-con-boxed e-con e-parent\" data-id=\"45f7dc24\" data-element_type=\"container\">\n\t\t\t\t\t<div class=\"e-con-inner\">\n\t\t\t\t<div class=\"elementor-element elementor-element-1b40a53 elementor-widget__width-initial elementor-widget elementor-widget-text-editor\" data-id=\"1b40a53\" data-element_type=\"widget\" data-widget_type=\"text-editor.default\">\n\t\t\t\t<div class=\"elementor-widget-container\">\n\t\t\t\t\t\t\t\t\t<div class=\"call-action-slider-img\"><img decoding=\"async\" class=\"alignleft size-full wp-image-8570\" src=\"http:\/\/old.konferenztechnik.de\/wp-content\/uploads\/2016\/10\/events-fullservice.jpg\" alt=\"Wynajem technologii konferencyjnych w Poczdamie od PCS GmbH\" title=\"\"><\/div><p>PCS oferuje organizatorom kongres\u00f3w, event\u00f3w, hotelom konferencyjnym, t\u0142umaczom organizuj\u0105cym oraz firmom z Poczdamu i okolic kompleksowe rozwi\u0105zania w zakresie techniki konferencyjnej. Zakres us\u0142ug dla stolicy Brandenburgii obejmuje praktycznie wszystkie obszary techniki audio, techniki wideo i techniki symultanicznej, a tak\u017ce systemy nag\u0142o\u015bnienia, projektory i systemy do g\u0142osowania TED. Typowe lokalizacje, w kt\u00f3rych technologia konferencyjna PCS jest wykorzystywana w Poczdamie, obejmuj\u0105 centrum konferencyjne Villa Bergmann oraz lokalizacje i obiekty sieci konferencyjnej Historische Mitte Potsdam, a tak\u017ce liczne hotele konferencyjne w Poczdamie. <\/p>\t\t\t\t\t\t\t\t<\/div>\n\t\t\t\t<\/div>\n\t\t\t\t<div class=\"elementor-element elementor-element-6d2ab9d6 elementor-widget__width-initial elementor-widget elementor-widget-heading\" data-id=\"6d2ab9d6\" data-element_type=\"widget\" data-settings=\"{&quot;_animation&quot;:&quot;none&quot;}\" data-widget_type=\"heading.default\">\n\t\t\t\t<div class=\"elementor-widget-container\">\n\t\t\t\t\t<h2 class=\"elementor-heading-title elementor-size-default\">Wynajem lub zakup technologii konferencyjnej w Poczdamie \u2013?<\/h2>\t\t\t\t<\/div>\n\t\t\t\t<\/div>\n\t\t\t\t<div class=\"elementor-element elementor-element-23101cd9 elementor-widget elementor-widget-image\" data-id=\"23101cd9\" data-element_type=\"widget\" data-widget_type=\"image.default\">\n\t\t\t\t<div class=\"elementor-widget-container\">\n\t\t\t\t\t\t\t\t\t\t\t\t\t\t\t<img decoding=\"async\" width=\"1200\" height=\"450\" src=\"https:\/\/konferenztechnik.de\/wp-content\/uploads\/2016\/10\/events-fullservice.jpg\" class=\"attachment-full size-full wp-image-8489\" alt=\"events-fullservice\" srcset=\"https:\/\/konferenztechnik.de\/wp-content\/uploads\/2016\/10\/events-fullservice.jpg 1200w, https:\/\/konferenztechnik.de\/wp-content\/uploads\/2016\/10\/events-fullservice-300x113.jpg 300w, https:\/\/konferenztechnik.de\/wp-content\/uploads\/2016\/10\/events-fullservice-1024x384.jpg 1024w, https:\/\/konferenztechnik.de\/wp-content\/uploads\/2016\/10\/events-fullservice-768x288.jpg 768w\" sizes=\"(max-width: 1200px) 100vw, 1200px\" title=\"\">\t\t\t\t\t\t\t\t\t\t\t\t\t\t\t<\/div>\n\t\t\t\t<\/div>\n\t\t\t\t<div class=\"elementor-element elementor-element-409411e5 elementor-widget__width-inherit elementor-widget elementor-widget-text-editor\" data-id=\"409411e5\" data-element_type=\"widget\" data-widget_type=\"text-editor.default\">\n\t\t\t\t<div class=\"elementor-widget-container\">\n\t\t\t\t\t\t\t\t\t<p>PCS zaopatruje Poczdam i okolice Berlina w sprz\u0119t konferencyjny bezpo\u015brednio ze swojego berli\u0144skiego oddzia\u0142u \u2013. Opr\u00f3cz \"sprz\u0119tu\u201d w postaci pojedynczych system\u00f3w, takich jak pulpity mikrofonowe, systemy dyskusyjne lub odbiorniki konferencyjne, oferowane s\u0105 r\u00f3wnie\u017c zintegrowane systemy techniki konferencyjnej w po\u0142\u0105czeniu z licznymi us\u0142ugami. Na \u017cyczenie organizatorzy, kt\u00f3rzy wynajmuj\u0105 technologi\u0119 konferencyjn\u0105 w Poczdamie, otrzymuj\u0105 dostosowane do potrzeb kompletne rozwi\u0105zania, kt\u00f3re obejmuj\u0105 mi\u0119dzy innymi terminow\u0105 dostaw\u0119 technologii eventowej, instalacj\u0119 system\u00f3w konferencyjnych w miejscu wydarzenia w Poczdamie i okolicach, a tak\u017ce profesjonalne wsparcie podczas wydarzenia.<\/p><p>\u00a0<\/p><p>Po ponad 20 latach do\u015bwiadczenia w dziedzinie technologii audio, wideo i symultanicznej, profesjonalne doradztwo techniczne jest punktem wyj\u015bcia dla ka\u017cdego planowania wydarzenia w PCS. To tutaj zazwyczaj podejmowana jest decyzja, czy korzystniejsz\u0105 opcj\u0105 dla klient\u00f3w z Poczdamu i okolic b\u0119dzie wynajem czy zakup sprz\u0119tu konferencyjnego.<\/p>\t\t\t\t\t\t\t\t<\/div>\n\t\t\t\t<\/div>\n\t\t\t\t<div class=\"elementor-element elementor-element-30788332 elementor-widget elementor-widget-image\" data-id=\"30788332\" data-element_type=\"widget\" data-widget_type=\"image.default\">\n\t\t\t\t<div class=\"elementor-widget-container\">\n\t\t\t\t\t\t\t\t\t\t\t\t\t\t\t<img decoding=\"async\" width=\"1200\" height=\"450\" src=\"https:\/\/konferenztechnik.de\/wp-content\/uploads\/2016\/10\/events-berlin.jpg\" class=\"attachment-full size-full wp-image-8486\" alt=\"\" srcset=\"https:\/\/konferenztechnik.de\/wp-content\/uploads\/2016\/10\/events-berlin.jpg 1200w, https:\/\/konferenztechnik.de\/wp-content\/uploads\/2016\/10\/events-berlin-300x113.jpg 300w, https:\/\/konferenztechnik.de\/wp-content\/uploads\/2016\/10\/events-berlin-1024x384.jpg 1024w, https:\/\/konferenztechnik.de\/wp-content\/uploads\/2016\/10\/events-berlin-768x288.jpg 768w\" sizes=\"(max-width: 1200px) 100vw, 1200px\" title=\"\">\t\t\t\t\t\t\t\t\t\t\t\t\t\t\t<\/div>\n\t\t\t\t<\/div>\n\t\t<div data-particle_enable=\"false\" data-particle-mobile-disabled=\"false\" class=\"elementor-element elementor-element-62e5d2ad e-flex e-con-boxed e-con e-parent\" data-id=\"62e5d2ad\" data-element_type=\"container\">\n\t\t\t\t\t<div class=\"e-con-inner\">\n\t\t\t\t<div class=\"elementor-element elementor-element-453657f elementor-align-left elementor-widget elementor-widget-button\" data-id=\"453657f\" data-element_type=\"widget\" data-widget_type=\"button.default\">\n\t\t\t\t<div class=\"elementor-widget-container\">\n\t\t\t\t\t\t\t\t\t<div class=\"elementor-button-wrapper\">\n\t\t\t\t\t<a class=\"elementor-button elementor-button-link elementor-size-lg\" href=\"#serviceteam\">\n\t\t\t\t\t\t<span class=\"elementor-button-content-wrapper\">\n\t\t\t\t\t\t<span class=\"elementor-button-icon\">\n\t\t\t\t<svg aria-hidden=\"true\" class=\"e-font-icon-svg e-far-arrow-alt-circle-down\" viewbox=\"0 0 512 512\" xmlns=\"http:\/\/www.w3.org\/2000\/svg\"><path d=\"M256 8C119 8 8 119 8 256s111 248 248 248 248-111 248-248S393 8 256 8zm0 448c-110.5 0-200-89.5-200-200S145.5 56 256 56s200 89.5 200 200-89.5 200-200 200zm-32-316v116h-67c-10.7 0-16 12.9-8.5 20.5l99 99c4.7 4.7 12.3 4.7 17 0l99-99c7.6-7.6 2.2-20.5-8.5-20.5h-67V140c0-6.6-5.4-12-12-12h-40c-6.6 0-12 5.4-12 12z\"><\/path><\/svg>\t\t\t<\/span>\n\t\t\t\t\t\t\t\t\t<span class=\"elementor-button-text\">Zapytaj teraz<\/span>\n\t\t\t\t\t<\/span>\n\t\t\t\t\t<\/a>\n\t\t\t\t<\/div>\n\t\t\t\t\t\t\t\t<\/div>\n\t\t\t\t<\/div>\n\t\t\t\t\t<\/div>\n\t\t\t\t<\/div>\n\t\t\t\t<div class=\"elementor-element elementor-element-4ee1001a elementor-widget__width-initial elementor-widget elementor-widget-heading\" data-id=\"4ee1001a\" data-element_type=\"widget\" data-settings=\"{&quot;_animation&quot;:&quot;none&quot;}\" data-widget_type=\"heading.default\">\n\t\t\t\t<div class=\"elementor-widget-container\">\n\t\t\t\t\t<h2 class=\"elementor-heading-title elementor-size-default\">Bezprzewodowe stacje wywo\u0142awcze w modzie<\/h2>\t\t\t\t<\/div>\n\t\t\t\t<\/div>\n\t\t\t\t<div class=\"elementor-element elementor-element-6df811fb elementor-widget__width-inherit elementor-widget elementor-widget-text-editor\" data-id=\"6df811fb\" data-element_type=\"widget\" data-widget_type=\"text-editor.default\">\n\t\t\t\t<div class=\"elementor-widget-container\">\n\t\t\t\t\t\t\t\t\t<p>Szybko\u015b\u0107 i elastyczno\u015b\u0107 staj\u0105 si\u0119 coraz wa\u017cniejsze przy wynajmie technologii konferencyjnej. PCS, na przyk\u0142ad, oferuje zar\u00f3wno bezprzewodowe pulpity mikrofonowe, jak i systemy przewodowe do wynaj\u0119cia w Poczdamie i okolicach. To, kt\u00f3re pulpity mikrofonowe (znane r\u00f3wnie\u017c jako systemy dyskusyjne, pulpity mikrofonowe dla uczestnik\u00f3w lub \u0142a\u0144cuchy mikrofonowe) s\u0105 faktycznie u\u017cywane w danym miejscu, zale\u017cy w du\u017cej mierze od okazji. Niew\u0105tpliw\u0105 zalet\u0105 bezprzewodowych pulpit\u00f3w mikrofonowych \u2013, takich jak system Bosch Dicentis \u2013, jest to, \u017ce mo\u017cna je szybko skonfigurowa\u0107 i elastycznie rozmie\u015bci\u0107.<\/p><p>\u00a0<\/p><p>Organizatorzy wydarze\u0144 i t\u0142umacze w Poczdamie, kt\u00f3rzy s\u0105 zainteresowani wynajmem sprz\u0119tu konferencyjnego, takiego jak systemy przewodnik\u00f3w, systemy t\u0142umacze\u0144 ustnych, mikrofony sto\u0142owe i sprz\u0119t AV, taki jak wy\u015bwietlacze i ekrany, powinni skontaktowa\u0107 si\u0119 z berli\u0144skim oddzia\u0142em PCS. Odpowiedzi na zapytania przes\u0142ane poczt\u0105 elektroniczn\u0105 udzielane s\u0105 zazwyczaj w ci\u0105gu godziny, a ponadto dost\u0119pna jest ca\u0142odobowa infolinia telefoniczna, kt\u00f3ra z przyjemno\u015bci\u0105 udzieli odpowiedzi na wszelkie pytania.<\/p>\t\t\t\t\t\t\t\t<\/div>\n\t\t\t\t<\/div>\n\t\t\t\t<div class=\"elementor-element elementor-element-76a45d23 elementor-widget__width-initial elementor-widget elementor-widget-heading\" data-id=\"76a45d23\" data-element_type=\"widget\" data-settings=\"{&quot;_animation&quot;:&quot;none&quot;}\" data-widget_type=\"heading.default\">\n\t\t\t\t<div class=\"elementor-widget-container\">\n\t\t\t\t\t<h2 class=\"elementor-heading-title elementor-size-default\">Wynajem sprz\u0119tu konferencyjnego Poczdam<\/h2>\t\t\t\t<\/div>\n\t\t\t\t<\/div>\n\t\t\t\t<div class=\"elementor-element elementor-element-d6c6f40 elementor-widget elementor-widget-eael-adv-accordion\" data-id=\"d6c6f40\" data-element_type=\"widget\" data-widget_type=\"eael-adv-accordion.default\">\n\t\t\t\t<div class=\"elementor-widget-container\">\n\t\t\t\t\t            <div class=\"eael-adv-accordion\" id=\"eael-adv-accordion-d6c6f40\" data-scroll-on-click=\"no\" data-scroll-speed=\"300\" data-accordion-id=\"d6c6f40\" data-accordion-type=\"accordion\" data-toogle-speed=\"300\">\n            <div class=\"eael-accordion-list\">\n\t\t\t\t\t<div id=\"tagungshotels-in-potsdam\" class=\"elementor-tab-title eael-accordion-header\" tabindex=\"0\" data-tab=\"1\" aria-controls=\"elementor-tab-content-2251\"><span class=\"eael-advanced-accordion-icon-closed\"><svg aria-hidden=\"true\" class=\"fa-accordion-icon e-font-icon-svg e-fas-plus\" viewbox=\"0 0 448 512\" xmlns=\"http:\/\/www.w3.org\/2000\/svg\"><path d=\"M416 208H272V64c0-17.67-14.33-32-32-32h-32c-17.67 0-32 14.33-32 32v144H32c-17.67 0-32 14.33-32 32v32c0 17.67 14.33 32 32 32h144v144c0 17.67 14.33 32 32 32h32c17.67 0 32-14.33 32-32V304h144c17.67 0 32-14.33 32-32v-32c0-17.67-14.33-32-32-32z\"><\/path><\/svg><\/span><span class=\"eael-advanced-accordion-icon-opened\"><svg aria-hidden=\"true\" class=\"fa-accordion-icon e-font-icon-svg e-fas-minus\" viewbox=\"0 0 448 512\" xmlns=\"http:\/\/www.w3.org\/2000\/svg\"><path d=\"M416 208H32c-17.67 0-32 14.33-32 32v32c0 17.67 14.33 32 32 32h384c17.67 0 32-14.33 32-32v-32c0-17.67-14.33-32-32-32z\"><\/path><\/svg><\/span><span class=\"eael-accordion-tab-title\">Hotele konferencyjne w mie\u015bcie Poczdam<\/span><svg aria-hidden=\"true\" class=\"fa-toggle e-font-icon-svg e-fas-angle-right\" viewbox=\"0 0 256 512\" xmlns=\"http:\/\/www.w3.org\/2000\/svg\"><path d=\"M224.3 273l-136 136c-9.4 9.4-24.6 9.4-33.9 0l-22.6-22.6c-9.4-9.4-9.4-24.6 0-33.9l96.4-96.4-96.4-96.4c-9.4-9.4-9.4-24.6 0-33.9L54.3 103c9.4-9.4 24.6-9.4 33.9 0l136 136c9.5 9.4 9.5 24.6.1 34z\"><\/path><\/svg><\/div><div id=\"elementor-tab-content-2251\" class=\"eael-accordion-content clearfix\" data-tab=\"1\" aria-labelledby=\"tagungshotels-in-potsdam\"><div><ul><li>Hotel kongresowy nad jeziorem Templin<\/li><li>Steigenberger Hotel Sanssouci<\/li><li>Seminaris SeeHotel Potsdam<\/li><li>avendi Hotel am Griebnitzsee<\/li><li>Centrum konferencyjne Hoffbauer<\/li><li>Mercure Hotel Potsdam City<\/li><li>Steigenberger Hotel Sanssouci<\/li><li>Dorint Sanssouci Berlin\/Potsdam<\/li><li>INSELHOTEL Potsdam-Hermannswerder<\/li><\/ul><\/div><\/div>\n\t\t\t\t\t<\/div><div class=\"eael-accordion-list\">\n\t\t\t\t\t<div id=\"eventlocations-in-potsdam\" class=\"elementor-tab-title eael-accordion-header\" tabindex=\"0\" data-tab=\"2\" aria-controls=\"elementor-tab-content-2252\"><span class=\"eael-advanced-accordion-icon-closed\"><svg aria-hidden=\"true\" class=\"fa-accordion-icon e-font-icon-svg e-fas-plus\" viewbox=\"0 0 448 512\" xmlns=\"http:\/\/www.w3.org\/2000\/svg\"><path d=\"M416 208H272V64c0-17.67-14.33-32-32-32h-32c-17.67 0-32 14.33-32 32v144H32c-17.67 0-32 14.33-32 32v32c0 17.67 14.33 32 32 32h144v144c0 17.67 14.33 32 32 32h32c17.67 0 32-14.33 32-32V304h144c17.67 0 32-14.33 32-32v-32c0-17.67-14.33-32-32-32z\"><\/path><\/svg><\/span><span class=\"eael-advanced-accordion-icon-opened\"><svg aria-hidden=\"true\" class=\"fa-accordion-icon e-font-icon-svg e-fas-minus\" viewbox=\"0 0 448 512\" xmlns=\"http:\/\/www.w3.org\/2000\/svg\"><path d=\"M416 208H32c-17.67 0-32 14.33-32 32v32c0 17.67 14.33 32 32 32h384c17.67 0 32-14.33 32-32v-32c0-17.67-14.33-32-32-32z\"><\/path><\/svg><\/span><span class=\"eael-accordion-tab-title\">Lokalizacje wydarze\u0144 w Poczdamie<\/span><svg aria-hidden=\"true\" class=\"fa-toggle e-font-icon-svg e-fas-angle-right\" viewbox=\"0 0 256 512\" xmlns=\"http:\/\/www.w3.org\/2000\/svg\"><path d=\"M224.3 273l-136 136c-9.4 9.4-24.6 9.4-33.9 0l-22.6-22.6c-9.4-9.4-9.4-24.6 0-33.9l96.4-96.4-96.4-96.4c-9.4-9.4-9.4-24.6 0-33.9L54.3 103c9.4-9.4 24.6-9.4 33.9 0l136 136c9.5 9.4 9.5 24.6.1 34z\"><\/path><\/svg><\/div><div id=\"elementor-tab-content-2252\" class=\"eael-accordion-content clearfix\" data-tab=\"2\" aria-labelledby=\"eventlocations-in-potsdam\"><div><ul><li>Pa\u0142ac brzozowy<\/li><li>Zamek Blankensee<\/li><li>Zamek Schwante<\/li><li>Biosfera Poczdam<\/li><li>Schinkelhalle Potsdam<\/li><li>Centrum konferencyjne BlauArt<\/li><li>Palais Lichtenau<\/li><li>Belvedere na Pfingstberg <\/li><\/ul><\/div><\/div>\n\t\t\t\t\t<\/div><\/div>\t\t\t\t<\/div>\n\t\t\t\t<\/div>\n\t\t\t\t\t<\/div>\n\t\t\t\t<\/div>\n\t\t<div data-particle_enable=\"false\" data-particle-mobile-disabled=\"false\" class=\"elementor-element elementor-element-616292cb e-flex e-con-boxed e-con e-parent\" data-id=\"616292cb\" data-element_type=\"container\">\n\t\t\t\t\t<div class=\"e-con-inner\">\n\t\t\t\t<div class=\"elementor-element elementor-element-7b88066c elementor-widget elementor-widget-shortcode\" data-id=\"7b88066c\" data-element_type=\"widget\" data-widget_type=\"shortcode.default\">\n\t\t\t\t<div class=\"elementor-widget-container\">\n\t\t\t\t\t\t\t<div class=\"elementor-shortcode\"><\/div>\n\t\t\t\t\t\t<\/div>\n\t\t\t\t<\/div>\n\t\t\t\t\t<\/div>\n\t\t\t\t<\/div>\n\t\t\t\t<\/div>","protected":false},"excerpt":{"rendered":"<p>Konferenztechnik mieten Potsdam, Verleih von Audio-, Video- und Simultantechnik in Brandenburgs Hauptstadt Jetzt anfragen Diskussionsanlagen, Sprechstellen \u2013 mieten, kaufen, installieren, leasen Diskussionsanlagen, Sprechstellen \u2013 mieten, kaufen, installieren, leasen \u203a mehr Dolmetschkabinen und Sprecherkabinen Die Dolmetschkabine ist der Arbeitsplatz der Simultandolmetscher*innen \u203a mehr Dolmetschpulte Zur Grundausr\u00fcstung einer Dolmetscherkabine geh\u00f6rt ein Dolmetschpult. \u203a mehr Konferenzempf\u00e4nger, Kopfh\u00f6rerempf\u00e4nger Konferenzempf\u00e4nger [&hellip;]<\/p>","protected":false},"author":1,"featured_media":45482,"parent":0,"menu_order":0,"comment_status":"closed","ping_status":"closed","template":"","meta":{"_acf_changed":false,"footnotes":""},"class_list":["post-11169","page","type-page","status-publish","has-post-thumbnail","hentry"],"acf":[],"_links":{"self":[{"href":"https:\/\/konferenztechnik.de\/pl\/wp-json\/wp\/v2\/pages\/11169","targetHints":{"allow":["GET"]}}],"collection":[{"href":"https:\/\/konferenztechnik.de\/pl\/wp-json\/wp\/v2\/pages"}],"about":[{"href":"https:\/\/konferenztechnik.de\/pl\/wp-json\/wp\/v2\/types\/page"}],"author":[{"embeddable":true,"href":"https:\/\/konferenztechnik.de\/pl\/wp-json\/wp\/v2\/users\/1"}],"replies":[{"embeddable":true,"href":"https:\/\/konferenztechnik.de\/pl\/wp-json\/wp\/v2\/comments?post=11169"}],"version-history":[{"count":0,"href":"https:\/\/konferenztechnik.de\/pl\/wp-json\/wp\/v2\/pages\/11169\/revisions"}],"wp:featuredmedia":[{"embeddable":true,"href":"https:\/\/konferenztechnik.de\/pl\/wp-json\/wp\/v2\/media\/45482"}],"wp:attachment":[{"href":"https:\/\/konferenztechnik.de\/pl\/wp-json\/wp\/v2\/media?parent=11169"}],"curies":[{"name":"wp","href":"https:\/\/api.w.org\/{rel}","templated":true}]}}