{"id":11599,"date":"2017-09-23T18:54:41","date_gmt":"2017-09-23T16:54:41","guid":{"rendered":"https:\/\/www.konferenztechnik.de\/?page_id=11599"},"modified":"2023-07-28T11:43:55","modified_gmt":"2023-07-28T09:43:55","slug":"wypozyczalnia-sprzetu-konferencyjnego-dortmund","status":"publish","type":"page","link":"https:\/\/konferenztechnik.de\/pl\/wypozyczalnia-sprzetu-konferencyjnego-dortmund\/","title":{"rendered":"Wynajem technologii konferencyjnej Dortmund"},"content":{"rendered":"<div data-elementor-type=\"wp-page\" data-elementor-id=\"11599\" class=\"elementor elementor-11599\" data-elementor-post-type=\"page\">\n\t\t\t\t<div data-particle_enable=\"false\" data-particle-mobile-disabled=\"false\" class=\"elementor-element elementor-element-4a753363 e-flex e-con-boxed e-con e-parent\" data-id=\"4a753363\" data-element_type=\"container\">\n\t\t\t\t\t<div class=\"e-con-inner\">\n\t\t\t\t<div class=\"elementor-element elementor-element-31c4f790 elementor-widget elementor-widget-heading\" data-id=\"31c4f790\" data-element_type=\"widget\" data-settings=\"{&quot;_animation&quot;:&quot;none&quot;}\" data-widget_type=\"heading.default\">\n\t\t\t\t<div class=\"elementor-widget-container\">\n\t\t\t\t\t<h1 class=\"elementor-heading-title elementor-size-default\">Wynajem technologii konferencyjnej Dortmund, wynajem technologii medialnej AV w Westfalii<\/h1>\t\t\t\t<\/div>\n\t\t\t\t<\/div>\n\t\t\t\t<div class=\"elementor-element elementor-element-19ae5c3e elementor-widget-widescreen__width-inherit elementor-widget elementor-widget-image\" data-id=\"19ae5c3e\" data-element_type=\"widget\" data-widget_type=\"image.default\">\n\t\t\t\t<div class=\"elementor-widget-container\">\n\t\t\t\t\t\t\t\t\t\t\t\t\t\t\t<img fetchpriority=\"high\" decoding=\"async\" width=\"850\" height=\"380\" src=\"https:\/\/konferenztechnik.de\/wp-content\/uploads\/2017\/05\/veranstaltungstechnik-dortmund.jpg\" class=\"attachment-full size-full wp-image-10281\" alt=\"\" srcset=\"https:\/\/konferenztechnik.de\/wp-content\/uploads\/2017\/05\/veranstaltungstechnik-dortmund.jpg 850w, https:\/\/konferenztechnik.de\/wp-content\/uploads\/2017\/05\/veranstaltungstechnik-dortmund-300x134.jpg 300w, https:\/\/konferenztechnik.de\/wp-content\/uploads\/2017\/05\/veranstaltungstechnik-dortmund-768x343.jpg 768w\" sizes=\"(max-width: 850px) 100vw, 850px\" title=\"\">\t\t\t\t\t\t\t\t\t\t\t\t\t\t\t<\/div>\n\t\t\t\t<\/div>\n\t\t<div data-particle_enable=\"false\" data-particle-mobile-disabled=\"false\" class=\"elementor-element elementor-element-65b14924 e-flex e-con-boxed e-con e-parent\" data-id=\"65b14924\" data-element_type=\"container\">\n\t\t\t\t\t<div class=\"e-con-inner\">\n\t\t\t\t<div class=\"elementor-element elementor-element-4d07a17d elementor-align-left elementor-widget elementor-widget-button\" data-id=\"4d07a17d\" data-element_type=\"widget\" data-widget_type=\"button.default\">\n\t\t\t\t<div class=\"elementor-widget-container\">\n\t\t\t\t\t\t\t\t\t<div class=\"elementor-button-wrapper\">\n\t\t\t\t\t<a class=\"elementor-button elementor-button-link elementor-size-lg\" href=\"#serviceteam\">\n\t\t\t\t\t\t<span class=\"elementor-button-content-wrapper\">\n\t\t\t\t\t\t<span class=\"elementor-button-icon\">\n\t\t\t\t<svg aria-hidden=\"true\" class=\"e-font-icon-svg e-far-arrow-alt-circle-down\" viewbox=\"0 0 512 512\" xmlns=\"http:\/\/www.w3.org\/2000\/svg\"><path d=\"M256 8C119 8 8 119 8 256s111 248 248 248 248-111 248-248S393 8 256 8zm0 448c-110.5 0-200-89.5-200-200S145.5 56 256 56s200 89.5 200 200-89.5 200-200 200zm-32-316v116h-67c-10.7 0-16 12.9-8.5 20.5l99 99c4.7 4.7 12.3 4.7 17 0l99-99c7.6-7.6 2.2-20.5-8.5-20.5h-67V140c0-6.6-5.4-12-12-12h-40c-6.6 0-12 5.4-12 12z\"><\/path><\/svg>\t\t\t<\/span>\n\t\t\t\t\t\t\t\t\t<span class=\"elementor-button-text\">Zapytaj teraz<\/span>\n\t\t\t\t\t<\/span>\n\t\t\t\t\t<\/a>\n\t\t\t\t<\/div>\n\t\t\t\t\t\t\t\t<\/div>\n\t\t\t\t<\/div>\n\t\t\t\t\t<\/div>\n\t\t\t\t<\/div>\n\t\t<div data-particle_enable=\"false\" data-particle-mobile-disabled=\"false\" class=\"elementor-element elementor-element-73e085ab e-flex e-con-boxed e-con e-parent\" data-id=\"73e085ab\" data-element_type=\"container\">\n\t\t\t\t\t<div class=\"e-con-inner\">\n\t\t\t\t<div class=\"elementor-element elementor-element-382f76b8 elementor-widget__width-inherit smart-post-list-4-col elementor-hidden-mobile elementor-widget elementor-widget-eael-post-list\" data-id=\"382f76b8\" data-element_type=\"widget\" data-settings=\"{&quot;_animation&quot;:&quot;none&quot;}\" data-widget_type=\"eael-post-list.default\">\n\t\t\t\t<div class=\"elementor-widget-container\">\n\t\t\t\t\t<div class=\"eael-post-list-container advanced layout-advanced\"><div class=\"eael-post-list-wrap\"><div class=\"eael-post-list-posts-wrap eael-post-appender eael-post-appender-382f76b8\"><div class=\"eael-post-list-post\"><div class=\"eael-post-list-post-inner\"><div class=\"eael-post-list-thumbnail\"><a href=\"https:\/\/konferenztechnik.de\/pl\/osobiste-systemy-naprowadzania-wynajem-kupno-instalacja\/\">\n                <img decoding=\"async\" src=\"https:\/\/konferenztechnik.de\/wp-content\/uploads\/2023\/07\/personenfuehrungsanlage-mieten-kaufen-jpg.webp\" alt=\"M\u0119\u017cczyzna m\u00f3wi do mikrofonu, widz s\u0142ucha systemu tour guide podczas wycieczki. Wynajem, zakup lub dzier\u017cawa system\u00f3w tour guide od PCS.\" title=\"\">\n            <\/a><\/div><div class=\"eael-post-list-content\"><h3 class=\"eael-post-list-title\"><a href=\"https:\/\/konferenztechnik.de\/pl\/osobiste-systemy-naprowadzania-wynajem-kupno-instalacja\/\" >Systemy naprowadzania pasa\u017cer\u00f3w<\/a><\/h3><p>Systemy tour guide, systemy przewodnik\u00f3w, systemy szeptane lub PFA, s\u0142uchawki, mikrofony, \u0142adowarki, walizki transportowe, akcesoria<\/p><a href=\"https:\/\/konferenztechnik.de\/pl\/osobiste-systemy-naprowadzania-wynajem-kupno-instalacja\/\" class=\"eael-post-elements-readmore-btn\" >\u203a wi\u0119cej<\/a><div class=\"boxed-meta\"><\/div><\/div><\/div><\/div><div class=\"eael-post-list-post\"><div class=\"eael-post-list-post-inner\"><div class=\"eael-post-list-thumbnail\"><a href=\"https:\/\/konferenztechnik.de\/pl\/odbiornik-konferencyjny-odbiornik-sluchawkowy\/\">\n                <img decoding=\"async\" src=\"https:\/\/konferenztechnik.de\/wp-content\/uploads\/2023\/06\/kopfhoerer-empfaenger-jpg.webp\" alt=\"Dwa odbiorniki konferencyjne roz\u0142o\u017cone na stole konferencyjnym ze s\u0142uchawkami do s\u0142uchania t\u0142umaczonych j\u0119zyk\u00f3w.\" title=\"\">\n            <\/a><\/div><div class=\"eael-post-list-content\"><h3 class=\"eael-post-list-title\"><a href=\"https:\/\/konferenztechnik.de\/pl\/odbiornik-konferencyjny-odbiornik-sluchawkowy\/\" >Odbiornik konferencyjny, odbiornik zestawu s\u0142uchawkowego<\/a><\/h3><p>Wynajem odbiornik\u00f3w konferencyjnych: Odbiorniki i s\u0142uchawki na konferencje z t\u0142umaczeniem symultanicznym<\/p><a href=\"https:\/\/konferenztechnik.de\/pl\/odbiornik-konferencyjny-odbiornik-sluchawkowy\/\" class=\"eael-post-elements-readmore-btn\" >\u203a wi\u0119cej<\/a><div class=\"boxed-meta\"><\/div><\/div><\/div><\/div><div class=\"eael-post-list-post\"><div class=\"eael-post-list-post-inner\"><div class=\"eael-post-list-thumbnail\"><a href=\"https:\/\/konferenztechnik.de\/pl\/systemy-dyskusyjne-pulpity-mikrofonowe-wynajem-kupno-instalacja-leasing\/\">\n                <img decoding=\"async\" src=\"https:\/\/konferenztechnik.de\/wp-content\/uploads\/2023\/06\/diskussionsanlage-sprechstellen-tischmikrofone.jpg\" alt=\"Sto\u0142owe pulpity mikrofonowe rozmieszczone wok\u00f3\u0142 sto\u0142u konferencyjnego z mikrofonami na g\u0119siej szyjce\" title=\"\">\n            <\/a><\/div><div class=\"eael-post-list-content\"><h3 class=\"eael-post-list-title\"><a href=\"https:\/\/konferenztechnik.de\/pl\/systemy-dyskusyjne-pulpity-mikrofonowe-wynajem-kupno-instalacja-leasing\/\" >systemy dyskusyjne pulpity mikrofonowe wynajem kupno instalacja leasing<\/a><\/h3><p>systemy dyskusyjne pulpity mikrofonowe wynajem kupno instalacja leasing<\/p><a href=\"https:\/\/konferenztechnik.de\/pl\/systemy-dyskusyjne-pulpity-mikrofonowe-wynajem-kupno-instalacja-leasing\/\" class=\"eael-post-elements-readmore-btn\" >\u203a wi\u0119cej<\/a><div class=\"boxed-meta\"><\/div><\/div><\/div><\/div><div class=\"eael-post-list-post\"><div class=\"eael-post-list-post-inner\"><div class=\"eael-post-list-thumbnail\"><a href=\"https:\/\/konferenztechnik.de\/pl\/kabiny-do-tlumaczen-ustnych-i-kabiny-prelegentow\/\">\n                <img decoding=\"async\" src=\"https:\/\/konferenztechnik.de\/wp-content\/uploads\/2022\/06\/dolmetscherkabine-sprecherkabine-mieten-kaufen-leasen-jpg.webp\" alt=\"Kabina t\u0142umaczeniowa dla 2 t\u0142umaczy symultanicznych\" title=\"\">\n            <\/a><\/div><div class=\"eael-post-list-content\"><h3 class=\"eael-post-list-title\"><a href=\"https:\/\/konferenztechnik.de\/pl\/kabiny-do-tlumaczen-ustnych-i-kabiny-prelegentow\/\" >Kabiny do t\u0142umacze\u0144 ustnych i kabiny prelegent\u00f3w<\/a><\/h3><p>Kabina t\u0142umaczeniowa jest miejscem pracy t\u0142umaczy symultanicznych<\/p><a href=\"https:\/\/konferenztechnik.de\/pl\/kabiny-do-tlumaczen-ustnych-i-kabiny-prelegentow\/\" class=\"eael-post-elements-readmore-btn\" >\u203a wi\u0119cej<\/a><div class=\"boxed-meta\"><\/div><\/div><\/div><\/div><div class=\"eael-post-list-post\"><div class=\"eael-post-list-post-inner\"><div class=\"eael-post-list-thumbnail\"><a href=\"https:\/\/konferenztechnik.de\/pl\/stanowiska-do-tlumaczen-ustnych\/\">\n                <img decoding=\"async\" src=\"https:\/\/konferenztechnik.de\/wp-content\/uploads\/2022\/06\/dolmetscherpulte-mieten-kaufen-leasen-jpg.webp\" alt=\"Pulpit do t\u0142umacze\u0144 telewizyjnych\" title=\"\">\n            <\/a><\/div><div class=\"eael-post-list-content\"><h3 class=\"eael-post-list-title\"><a href=\"https:\/\/konferenztechnik.de\/pl\/stanowiska-do-tlumaczen-ustnych\/\" >Stanowiska do t\u0142umacze\u0144 ustnych<\/a><\/h3><p>Podstawowe wyposa\u017cenie kabiny t\u0142umaczeniowej obejmuje pulpit t\u0142umacza.<\/p><a href=\"https:\/\/konferenztechnik.de\/pl\/stanowiska-do-tlumaczen-ustnych\/\" class=\"eael-post-elements-readmore-btn\" >\u203a wi\u0119cej<\/a><div class=\"boxed-meta\"><\/div><\/div><\/div><\/div><\/div><\/div>\n\t\t<\/div>\t\t\t\t<\/div>\n\t\t\t\t<\/div>\n\t\t\t\t\t<\/div>\n\t\t\t\t<\/div>\n\t\t\t\t\t<\/div>\n\t\t\t\t<\/div>\n\t\t<div data-particle_enable=\"false\" data-particle-mobile-disabled=\"false\" class=\"elementor-element elementor-element-4af0bfd3 e-flex e-con-boxed e-con e-parent\" data-id=\"4af0bfd3\" data-element_type=\"container\">\n\t\t\t\t\t<div class=\"e-con-inner\">\n\t\t\t\t<div class=\"elementor-element elementor-element-2b4fbf9a elementor-widget__width-initial elementor-widget elementor-widget-text-editor\" data-id=\"2b4fbf9a\" data-element_type=\"widget\" data-widget_type=\"text-editor.default\">\n\t\t\t\t<div class=\"elementor-widget-container\">\n\t\t\t\t\t\t\t\t\t<p>Od spotka\u0144 akcjonariuszy po wycieczki po mie\u015bcie, od przes\u0142ucha\u0144 s\u0105dowych po uroczysto\u015bci firmowe: PCS dostarcza do Dortmundu i Westfalii technologi\u0119 wideo, audio i symultaniczn\u0105 \u2013, czyli szeroko rozumian\u0105 technologi\u0119 medi\u00f3w konferencyjnych i AV. Systemy wynajmu PCS s\u0105 wykorzystywane w hotelach konferencyjnych w Dortmundzie, a tak\u017ce w centrach eventowych, takich jak Westfalenhalle lub w centrach kongresowych, takich jak Lensing-Carree Conference Center. Technologia medialna PCS AV jest wykorzystywana w szczeg\u00f3lno\u015bci w licznych lokalizacjach eventowych w Dortmundzie i ca\u0142ym Zag\u0142\u0119biu Ruhry.<\/p>\t\t\t\t\t\t\t\t<\/div>\n\t\t\t\t<\/div>\n\t\t\t\t<div class=\"elementor-element elementor-element-47aa8b12 elementor-widget__width-initial elementor-widget elementor-widget-heading\" data-id=\"47aa8b12\" data-element_type=\"widget\" data-settings=\"{&quot;_animation&quot;:&quot;none&quot;}\" data-widget_type=\"heading.default\">\n\t\t\t\t<div class=\"elementor-widget-container\">\n\t\t\t\t\t<h2 class=\"elementor-heading-title elementor-size-default\">Dlaczego wynaj\u0119cie technologii konferencyjnej jest cz\u0119sto lepszym rozwi\u0105zaniem?<\/h2>\t\t\t\t<\/div>\n\t\t\t\t<\/div>\n\t\t\t\t<div class=\"elementor-element elementor-element-4b6b2c62 elementor-widget elementor-widget-image\" data-id=\"4b6b2c62\" data-element_type=\"widget\" data-widget_type=\"image.default\">\n\t\t\t\t<div class=\"elementor-widget-container\">\n\t\t\t\t\t\t\t\t\t\t\t\t\t\t\t<img decoding=\"async\" width=\"1200\" height=\"450\" src=\"https:\/\/konferenztechnik.de\/wp-content\/uploads\/2016\/10\/events-fullservice.jpg\" class=\"attachment-full size-full wp-image-8489\" alt=\"events-fullservice\" srcset=\"https:\/\/konferenztechnik.de\/wp-content\/uploads\/2016\/10\/events-fullservice.jpg 1200w, https:\/\/konferenztechnik.de\/wp-content\/uploads\/2016\/10\/events-fullservice-300x113.jpg 300w, https:\/\/konferenztechnik.de\/wp-content\/uploads\/2016\/10\/events-fullservice-1024x384.jpg 1024w, https:\/\/konferenztechnik.de\/wp-content\/uploads\/2016\/10\/events-fullservice-768x288.jpg 768w\" sizes=\"(max-width: 1200px) 100vw, 1200px\" title=\"\">\t\t\t\t\t\t\t\t\t\t\t\t\t\t\t<\/div>\n\t\t\t\t<\/div>\n\t\t\t\t<div class=\"elementor-element elementor-element-1a1828a1 elementor-widget__width-inherit elementor-widget elementor-widget-text-editor\" data-id=\"1a1828a1\" data-element_type=\"widget\" data-widget_type=\"text-editor.default\">\n\t\t\t\t<div class=\"elementor-widget-container\">\n\t\t\t\t\t\t\t\t\t<p>Jako firma specjalizuj\u0105ca si\u0119 w technologii konferencyjnej i AV, PCS w Dortmundzie oferuje systemy t\u0142umacze\u0144 ustnych, pulpity mikrofonowe, odbiorniki konferencyjne, a tak\u017ce systemy nag\u0142o\u015bnieniowe i projektory na wynajem lub zakup. To, czy wynajem czy zakup jest lepszym rozwi\u0105zaniem dla klienta, zale\u017cy mi\u0119dzy innymi od tego, jak cz\u0119sto dane systemy s\u0105 u\u017cywane i jak du\u017c\u0105 wiedz\u0105 techniczn\u0105 dysponuje dana firma. Z jednej strony, za wynajmem system\u00f3w konferencyjnych przemawia kompleksowy zakres us\u0142ug i doradztwa oferowanego przez PCS. Ponadto najemcy technologii konferencyjnych i AV zawsze maj\u0105 profesjonalnie utrzymane systemy, kt\u00f3re s\u0105 sprawdzane pod k\u0105tem wydajno\u015bci przez technik\u00f3w PCS przed ka\u017cdym wydarzeniem.<\/p>\t\t\t\t\t\t\t\t<\/div>\n\t\t\t\t<\/div>\n\t\t\t\t<div class=\"elementor-element elementor-element-4829e77 elementor-widget__width-initial elementor-widget elementor-widget-heading\" data-id=\"4829e77\" data-element_type=\"widget\" data-settings=\"{&quot;_animation&quot;:&quot;none&quot;}\" data-widget_type=\"heading.default\">\n\t\t\t\t<div class=\"elementor-widget-container\">\n\t\t\t\t\t<h2 class=\"elementor-heading-title elementor-size-default\">Wynajem technologii konferencyjnej: Wi\u0119cej ni\u017c tylko sprz\u0119t<\/h2>\t\t\t\t<\/div>\n\t\t\t\t<\/div>\n\t\t\t\t<div class=\"elementor-element elementor-element-7174eb9 elementor-widget__width-inherit elementor-widget elementor-widget-text-editor\" data-id=\"7174eb9\" data-element_type=\"widget\" data-widget_type=\"text-editor.default\">\n\t\t\t\t<div class=\"elementor-widget-container\">\n\t\t\t\t\t\t\t\t\t<p>Je\u015bli chodzi o doradztwo i us\u0142ugi, organizatorzy konferencji w Dortmundzie mog\u0105 skorzysta\u0107 z nast\u0119puj\u0105cych dodatkowych ofert \u2013, z kt\u00f3rych niekt\u00f3re s\u0105 bezp\u0142atne, przy wynajmie technologii konferencyjnej:<\/p>\t\t\t\t\t\t\t\t<\/div>\n\t\t\t\t<\/div>\n\t\t\t\t<div class=\"elementor-element elementor-element-aff56a0 elementor-icon-list--layout-traditional elementor-list-item-link-full_width elementor-widget elementor-widget-icon-list\" data-id=\"aff56a0\" data-element_type=\"widget\" data-widget_type=\"icon-list.default\">\n\t\t\t\t<div class=\"elementor-widget-container\">\n\t\t\t\t\t\t\t<ul class=\"elementor-icon-list-items\">\n\t\t\t\t\t\t\t<li class=\"elementor-icon-list-item\">\n\t\t\t\t\t\t\t\t\t\t\t<span class=\"elementor-icon-list-icon\">\n\t\t\t\t\t\t\t<svg aria-hidden=\"true\" class=\"e-font-icon-svg e-fas-check\" viewbox=\"0 0 512 512\" xmlns=\"http:\/\/www.w3.org\/2000\/svg\"><path d=\"M173.898 439.404l-166.4-166.4c-9.997-9.997-9.997-26.206 0-36.204l36.203-36.204c9.997-9.998 26.207-9.998 36.204 0L192 312.69 432.095 72.596c9.997-9.997 26.207-9.997 36.204 0l36.203 36.204c9.997 9.997 9.997 26.206 0 36.204l-294.4 294.401c-9.998 9.997-26.207 9.997-36.204-.001z\"><\/path><\/svg>\t\t\t\t\t\t<\/span>\n\t\t\t\t\t\t\t\t\t\t<span class=\"elementor-icon-list-text\">Szczeg\u00f3\u0142owe porady od planist\u00f3w projektu PCS<\/span>\n\t\t\t\t\t\t\t\t\t<\/li>\n\t\t\t\t\t\t\t\t<li class=\"elementor-icon-list-item\">\n\t\t\t\t\t\t\t\t\t\t\t<span class=\"elementor-icon-list-icon\">\n\t\t\t\t\t\t\t<svg aria-hidden=\"true\" class=\"e-font-icon-svg e-fas-check\" viewbox=\"0 0 512 512\" xmlns=\"http:\/\/www.w3.org\/2000\/svg\"><path d=\"M173.898 439.404l-166.4-166.4c-9.997-9.997-9.997-26.206 0-36.204l36.203-36.204c9.997-9.998 26.207-9.998 36.204 0L192 312.69 432.095 72.596c9.997-9.997 26.207-9.997 36.204 0l36.203 36.204c9.997 9.997 9.997 26.206 0 36.204l-294.4 294.401c-9.998 9.997-26.207 9.997-36.204-.001z\"><\/path><\/svg>\t\t\t\t\t\t<\/span>\n\t\t\t\t\t\t\t\t\t\t<span class=\"elementor-icon-list-text\">Aktywne wsparcie przy planowaniu wydarze\u0144<\/span>\n\t\t\t\t\t\t\t\t\t<\/li>\n\t\t\t\t\t\t\t\t<li class=\"elementor-icon-list-item\">\n\t\t\t\t\t\t\t\t\t\t\t<span class=\"elementor-icon-list-icon\">\n\t\t\t\t\t\t\t<svg aria-hidden=\"true\" class=\"e-font-icon-svg e-fas-check\" viewbox=\"0 0 512 512\" xmlns=\"http:\/\/www.w3.org\/2000\/svg\"><path d=\"M173.898 439.404l-166.4-166.4c-9.997-9.997-9.997-26.206 0-36.204l36.203-36.204c9.997-9.998 26.207-9.998 36.204 0L192 312.69 432.095 72.596c9.997-9.997 26.207-9.997 36.204 0l36.203 36.204c9.997 9.997 9.997 26.206 0 36.204l-294.4 294.401c-9.998 9.997-26.207 9.997-36.204-.001z\"><\/path><\/svg>\t\t\t\t\t\t<\/span>\n\t\t\t\t\t\t\t\t\t\t<span class=\"elementor-icon-list-text\">Terminowa dostawa zam\u00f3wionych system\u00f3w bezpo\u015brednio do miejsc wydarze\u0144 w Dortmundzie i Westfalii.<\/span>\n\t\t\t\t\t\t\t\t\t<\/li>\n\t\t\t\t\t\t\t\t<li class=\"elementor-icon-list-item\">\n\t\t\t\t\t\t\t\t\t\t\t<span class=\"elementor-icon-list-icon\">\n\t\t\t\t\t\t\t<svg aria-hidden=\"true\" class=\"e-font-icon-svg e-fas-check\" viewbox=\"0 0 512 512\" xmlns=\"http:\/\/www.w3.org\/2000\/svg\"><path d=\"M173.898 439.404l-166.4-166.4c-9.997-9.997-9.997-26.206 0-36.204l36.203-36.204c9.997-9.998 26.207-9.998 36.204 0L192 312.69 432.095 72.596c9.997-9.997 26.207-9.997 36.204 0l36.203 36.204c9.997 9.997 9.997 26.206 0 36.204l-294.4 294.401c-9.998 9.997-26.207 9.997-36.204-.001z\"><\/path><\/svg>\t\t\t\t\t\t<\/span>\n\t\t\t\t\t\t\t\t\t\t<span class=\"elementor-icon-list-text\">Konfiguracja systemu na miejscu przez przeszkolonych technik\u00f3w<\/span>\n\t\t\t\t\t\t\t\t\t<\/li>\n\t\t\t\t\t\t\t\t<li class=\"elementor-icon-list-item\">\n\t\t\t\t\t\t\t\t\t\t\t<span class=\"elementor-icon-list-icon\">\n\t\t\t\t\t\t\t<svg aria-hidden=\"true\" class=\"e-font-icon-svg e-fas-check\" viewbox=\"0 0 512 512\" xmlns=\"http:\/\/www.w3.org\/2000\/svg\"><path d=\"M173.898 439.404l-166.4-166.4c-9.997-9.997-9.997-26.206 0-36.204l36.203-36.204c9.997-9.998 26.207-9.998 36.204 0L192 312.69 432.095 72.596c9.997-9.997 26.207-9.997 36.204 0l36.203 36.204c9.997 9.997 9.997 26.206 0 36.204l-294.4 294.401c-9.998 9.997-26.207 9.997-36.204-.001z\"><\/path><\/svg>\t\t\t\t\t\t<\/span>\n\t\t\t\t\t\t\t\t\t\t<span class=\"elementor-icon-list-text\">Wsparcie podczas wydarzenia<\/span>\n\t\t\t\t\t\t\t\t\t<\/li>\n\t\t\t\t\t\t\t\t<li class=\"elementor-icon-list-item\">\n\t\t\t\t\t\t\t\t\t\t\t<span class=\"elementor-icon-list-icon\">\n\t\t\t\t\t\t\t<svg aria-hidden=\"true\" class=\"e-font-icon-svg e-fas-check\" viewbox=\"0 0 512 512\" xmlns=\"http:\/\/www.w3.org\/2000\/svg\"><path d=\"M173.898 439.404l-166.4-166.4c-9.997-9.997-9.997-26.206 0-36.204l36.203-36.204c9.997-9.998 26.207-9.998 36.204 0L192 312.69 432.095 72.596c9.997-9.997 26.207-9.997 36.204 0l36.203 36.204c9.997 9.997 9.997 26.206 0 36.204l-294.4 294.401c-9.998 9.997-26.207 9.997-36.204-.001z\"><\/path><\/svg>\t\t\t\t\t\t<\/span>\n\t\t\t\t\t\t\t\t\t\t<span class=\"elementor-icon-list-text\">Demonta\u017c i usuni\u0119cie system\u00f3w po zdarzeniu <\/span>\n\t\t\t\t\t\t\t\t\t<\/li>\n\t\t\t\t\t\t<\/ul>\n\t\t\t\t\t\t<\/div>\n\t\t\t\t<\/div>\n\t\t\t\t<div class=\"elementor-element elementor-element-3575bbb5 elementor-widget__width-inherit elementor-widget elementor-widget-text-editor\" data-id=\"3575bbb5\" data-element_type=\"widget\" data-widget_type=\"text-editor.default\">\n\t\t\t\t<div class=\"elementor-widget-container\">\n\t\t\t\t\t\t\t\t\t<p>Opr\u00f3cz wy\u017cej wymienionych funkcji, systemy na wynajem maj\u0105 r\u00f3wnie\u017c t\u0119 zalet\u0119, \u017ce zazwyczaj odpowiadaj\u0105 najnowszym trendom w technologii konferencyjnej. Na przyk\u0142ad, je\u015bli chodzi o sto\u0142owe pulpity mikrofonowe (lub systemy dyskusyjne \/ \u0142a\u0144cuchy mikrofonowe), cz\u0119sto istnieje zapotrzebowanie na systemy bezprzewodowe, takie jak \"Bosch Dicentis\u201d\". Mo\u017cna je wyj\u0105tkowo szybko skonfigurowa\u0107 i elastycznie rozmie\u015bci\u0107. Technicy PCS mog\u0105 szybko okre\u015bli\u0107, czy systemy bezprzewodowe, kt\u00f3re s\u0105 obecnie modne, czy klasyczne systemy przewodowe s\u0105 lepszym rozwi\u0105zaniem dla danego wydarzenia.<\/p><p>Na zapytania e-mailowe z Dortmundu i Westfalii PCS odpowiada zazwyczaj w ci\u0105gu godziny. Istnieje r\u00f3wnie\u017c 24-godzinna infolinia telefoniczna, kt\u00f3ra ch\u0119tnie pomaga organizatorom kongres\u00f3w w Dortmundzie, organizatorom wydarze\u0144 i wszystkim innym firmom. Obszar Dortmundu\/Westfalii jest obs\u0142ugiwany przez oddzia\u0142 PCS w D\u00fcsseldorfie.<\/p>\t\t\t\t\t\t\t\t<\/div>\n\t\t\t\t<\/div>\n\t\t\t\t<div class=\"elementor-element elementor-element-5d95ed2f elementor-widget elementor-widget-image\" data-id=\"5d95ed2f\" data-element_type=\"widget\" data-widget_type=\"image.default\">\n\t\t\t\t<div class=\"elementor-widget-container\">\n\t\t\t\t\t\t\t\t\t\t\t\t\t\t\t<img decoding=\"async\" width=\"1200\" height=\"450\" src=\"https:\/\/konferenztechnik.de\/wp-content\/uploads\/2016\/10\/events-berlin.jpg\" class=\"attachment-full size-full wp-image-8486\" alt=\"\" srcset=\"https:\/\/konferenztechnik.de\/wp-content\/uploads\/2016\/10\/events-berlin.jpg 1200w, https:\/\/konferenztechnik.de\/wp-content\/uploads\/2016\/10\/events-berlin-300x113.jpg 300w, https:\/\/konferenztechnik.de\/wp-content\/uploads\/2016\/10\/events-berlin-1024x384.jpg 1024w, https:\/\/konferenztechnik.de\/wp-content\/uploads\/2016\/10\/events-berlin-768x288.jpg 768w\" sizes=\"(max-width: 1200px) 100vw, 1200px\" title=\"\">\t\t\t\t\t\t\t\t\t\t\t\t\t\t\t<\/div>\n\t\t\t\t<\/div>\n\t\t<div data-particle_enable=\"false\" data-particle-mobile-disabled=\"false\" class=\"elementor-element elementor-element-28b0e954 e-flex e-con-boxed e-con e-parent\" data-id=\"28b0e954\" data-element_type=\"container\">\n\t\t\t\t\t<div class=\"e-con-inner\">\n\t\t\t\t<div class=\"elementor-element elementor-element-ab80ae6 elementor-align-left elementor-widget elementor-widget-button\" data-id=\"ab80ae6\" data-element_type=\"widget\" data-widget_type=\"button.default\">\n\t\t\t\t<div class=\"elementor-widget-container\">\n\t\t\t\t\t\t\t\t\t<div class=\"elementor-button-wrapper\">\n\t\t\t\t\t<a class=\"elementor-button elementor-button-link elementor-size-lg\" href=\"#serviceteam\">\n\t\t\t\t\t\t<span class=\"elementor-button-content-wrapper\">\n\t\t\t\t\t\t<span class=\"elementor-button-icon\">\n\t\t\t\t<svg aria-hidden=\"true\" class=\"e-font-icon-svg e-far-arrow-alt-circle-down\" viewbox=\"0 0 512 512\" xmlns=\"http:\/\/www.w3.org\/2000\/svg\"><path d=\"M256 8C119 8 8 119 8 256s111 248 248 248 248-111 248-248S393 8 256 8zm0 448c-110.5 0-200-89.5-200-200S145.5 56 256 56s200 89.5 200 200-89.5 200-200 200zm-32-316v116h-67c-10.7 0-16 12.9-8.5 20.5l99 99c4.7 4.7 12.3 4.7 17 0l99-99c7.6-7.6 2.2-20.5-8.5-20.5h-67V140c0-6.6-5.4-12-12-12h-40c-6.6 0-12 5.4-12 12z\"><\/path><\/svg>\t\t\t<\/span>\n\t\t\t\t\t\t\t\t\t<span class=\"elementor-button-text\">Zapytaj teraz<\/span>\n\t\t\t\t\t<\/span>\n\t\t\t\t\t<\/a>\n\t\t\t\t<\/div>\n\t\t\t\t\t\t\t\t<\/div>\n\t\t\t\t<\/div>\n\t\t\t\t\t<\/div>\n\t\t\t\t<\/div>\n\t\t\t\t<div class=\"elementor-element elementor-element-72b783a5 elementor-widget__width-initial elementor-widget elementor-widget-heading\" data-id=\"72b783a5\" data-element_type=\"widget\" data-settings=\"{&quot;_animation&quot;:&quot;none&quot;}\" data-widget_type=\"heading.default\">\n\t\t\t\t<div class=\"elementor-widget-container\">\n\t\t\t\t\t<h2 class=\"elementor-heading-title elementor-size-default\">Wynajem technologii konferencyjnej Dortmund<\/h2>\t\t\t\t<\/div>\n\t\t\t\t<\/div>\n\t\t\t\t<div class=\"elementor-element elementor-element-3d3bf931 elementor-widget elementor-widget-eael-adv-accordion\" data-id=\"3d3bf931\" data-element_type=\"widget\" data-widget_type=\"eael-adv-accordion.default\">\n\t\t\t\t<div class=\"elementor-widget-container\">\n\t\t\t\t\t            <div class=\"eael-adv-accordion\" id=\"eael-adv-accordion-3d3bf931\" data-scroll-on-click=\"no\" data-scroll-speed=\"300\" data-accordion-id=\"3d3bf931\" data-accordion-type=\"accordion\" data-toogle-speed=\"300\">\n            <div class=\"eael-accordion-list\">\n\t\t\t\t\t<div id=\"veranstaltungsorte-fr-events-und-kongresse-in-dortmund-\" class=\"elementor-tab-title eael-accordion-header\" tabindex=\"0\" data-tab=\"1\" aria-controls=\"elementor-tab-content-1021\"><span class=\"eael-advanced-accordion-icon-closed\"><svg aria-hidden=\"true\" class=\"fa-accordion-icon e-font-icon-svg e-fas-plus\" viewbox=\"0 0 448 512\" xmlns=\"http:\/\/www.w3.org\/2000\/svg\"><path d=\"M416 208H272V64c0-17.67-14.33-32-32-32h-32c-17.67 0-32 14.33-32 32v144H32c-17.67 0-32 14.33-32 32v32c0 17.67 14.33 32 32 32h144v144c0 17.67 14.33 32 32 32h32c17.67 0 32-14.33 32-32V304h144c17.67 0 32-14.33 32-32v-32c0-17.67-14.33-32-32-32z\"><\/path><\/svg><\/span><span class=\"eael-advanced-accordion-icon-opened\"><svg aria-hidden=\"true\" class=\"fa-accordion-icon e-font-icon-svg e-fas-minus\" viewbox=\"0 0 448 512\" xmlns=\"http:\/\/www.w3.org\/2000\/svg\"><path d=\"M416 208H32c-17.67 0-32 14.33-32 32v32c0 17.67 14.33 32 32 32h384c17.67 0 32-14.33 32-32v-32c0-17.67-14.33-32-32-32z\"><\/path><\/svg><\/span><span class=\"eael-accordion-tab-title\">Miejsca na imprezy i kongresy w Dortmundzie <\/span><svg aria-hidden=\"true\" class=\"fa-toggle e-font-icon-svg e-fas-angle-right\" viewbox=\"0 0 256 512\" xmlns=\"http:\/\/www.w3.org\/2000\/svg\"><path d=\"M224.3 273l-136 136c-9.4 9.4-24.6 9.4-33.9 0l-22.6-22.6c-9.4-9.4-9.4-24.6 0-33.9l96.4-96.4-96.4-96.4c-9.4-9.4-9.4-24.6 0-33.9L54.3 103c9.4-9.4 24.6-9.4 33.9 0l136 136c9.5 9.4 9.5 24.6.1 34z\"><\/path><\/svg><\/div><div id=\"elementor-tab-content-1021\" class=\"eael-accordion-content clearfix\" data-tab=\"1\" aria-labelledby=\"veranstaltungsorte-fr-events-und-kongresse-in-dortmund-\"><div><ul><li>Centrum wystawowe Westfalenhallen Dortmund<\/li><li>Dom Dietricha Keuninga<\/li><li>Zamek Westhusen<\/li><li>Dortmund U<\/li><li>Centrum konferencyjne Lensing-Carree<\/li><li>Sala koncertowa w Dortmundzie<\/li><li>Ko\u015bci\u00f3\u0142 wydarze\u0144 w Dortmundzie<\/li><li>Pan Walter<\/li><li>Muzeum Hoescha<\/li><li>Niemieckie Muzeum Pi\u0142ki No\u017cnej<\/li><li>CineStar Dortmund<\/li><li>Daddy Blatzheim<\/li><li>SIGNAL IDUNA PARK<\/li><li>Freisch\u00fctz<\/li><li>Koksownia Hansa<\/li><li>Parking wielopoziomowy Barop \u2013 Stolzenhoff<\/li><li>GODZINA SZCZYTU<\/li><li>Sch\u00fcrmanns w parku<\/li><li>Pawilon nad jeziorem<\/li><li>Eventhouse \/ Sunshine Hotel<\/li><li>Rotunda w Muzeum Sztuki i Historii Kultury<\/li><\/ul><\/div><\/div>\n\t\t\t\t\t<\/div><div class=\"eael-accordion-list\">\n\t\t\t\t\t<div id=\"die-wichtigsten-veranstaltungshotels-in-dortmund\" class=\"elementor-tab-title eael-accordion-header\" tabindex=\"0\" data-tab=\"2\" aria-controls=\"elementor-tab-content-1022\"><span class=\"eael-advanced-accordion-icon-closed\"><svg aria-hidden=\"true\" class=\"fa-accordion-icon e-font-icon-svg e-fas-plus\" viewbox=\"0 0 448 512\" xmlns=\"http:\/\/www.w3.org\/2000\/svg\"><path d=\"M416 208H272V64c0-17.67-14.33-32-32-32h-32c-17.67 0-32 14.33-32 32v144H32c-17.67 0-32 14.33-32 32v32c0 17.67 14.33 32 32 32h144v144c0 17.67 14.33 32 32 32h32c17.67 0 32-14.33 32-32V304h144c17.67 0 32-14.33 32-32v-32c0-17.67-14.33-32-32-32z\"><\/path><\/svg><\/span><span class=\"eael-advanced-accordion-icon-opened\"><svg aria-hidden=\"true\" class=\"fa-accordion-icon e-font-icon-svg e-fas-minus\" viewbox=\"0 0 448 512\" xmlns=\"http:\/\/www.w3.org\/2000\/svg\"><path d=\"M416 208H32c-17.67 0-32 14.33-32 32v32c0 17.67 14.33 32 32 32h384c17.67 0 32-14.33 32-32v-32c0-17.67-14.33-32-32-32z\"><\/path><\/svg><\/span><span class=\"eael-accordion-tab-title\">Najwa\u017cniejsze hotele eventowe w Dortmundzie<\/span><svg aria-hidden=\"true\" class=\"fa-toggle e-font-icon-svg e-fas-angle-right\" viewbox=\"0 0 256 512\" xmlns=\"http:\/\/www.w3.org\/2000\/svg\"><path d=\"M224.3 273l-136 136c-9.4 9.4-24.6 9.4-33.9 0l-22.6-22.6c-9.4-9.4-9.4-24.6 0-33.9l96.4-96.4-96.4-96.4c-9.4-9.4-9.4-24.6 0-33.9L54.3 103c9.4-9.4 24.6-9.4 33.9 0l136 136c9.5 9.4 9.5 24.6.1 34z\"><\/path><\/svg><\/div><div id=\"elementor-tab-content-1022\" class=\"eael-accordion-content clearfix\" data-tab=\"2\" aria-labelledby=\"die-wichtigsten-veranstaltungshotels-in-dortmund\"><ul><li>Parkhotel Wittekindshof<\/li><li>Radisson Blu Dortmund<\/li><li>Mercure Hotel Dortmund Messe &amp; Kongress Westfalenhallen<\/li><li>Mercure Hotel Dortmund Centrum<\/li><li>Arcadia Grand Hotel Dortmund<\/li><li>Ringhotel Drees, Best Western Hotel Dortmund Airport<\/li><li>TOP Centrum Konferencyjne Dortmund<\/li><li>TOP Hotel Esplanade<\/li><li>Steigenberger Hotel Dortmund<\/li><li>DJH Youth Guesthouse Adolph Kolping<\/li><\/ul><\/div>\n\t\t\t\t\t<\/div><div class=\"eael-accordion-list\">\n\t\t\t\t\t<div id=\"messe-dortmund-und-die-wichtigsten-messetermine\" class=\"elementor-tab-title eael-accordion-header\" tabindex=\"0\" data-tab=\"3\" aria-controls=\"elementor-tab-content-1023\"><span class=\"eael-advanced-accordion-icon-closed\"><svg aria-hidden=\"true\" class=\"fa-accordion-icon e-font-icon-svg e-fas-plus\" viewbox=\"0 0 448 512\" xmlns=\"http:\/\/www.w3.org\/2000\/svg\"><path d=\"M416 208H272V64c0-17.67-14.33-32-32-32h-32c-17.67 0-32 14.33-32 32v144H32c-17.67 0-32 14.33-32 32v32c0 17.67 14.33 32 32 32h144v144c0 17.67 14.33 32 32 32h32c17.67 0 32-14.33 32-32V304h144c17.67 0 32-14.33 32-32v-32c0-17.67-14.33-32-32-32z\"><\/path><\/svg><\/span><span class=\"eael-advanced-accordion-icon-opened\"><svg aria-hidden=\"true\" class=\"fa-accordion-icon e-font-icon-svg e-fas-minus\" viewbox=\"0 0 448 512\" xmlns=\"http:\/\/www.w3.org\/2000\/svg\"><path d=\"M416 208H32c-17.67 0-32 14.33-32 32v32c0 17.67 14.33 32 32 32h384c17.67 0 32-14.33 32-32v-32c0-17.67-14.33-32-32-32z\"><\/path><\/svg><\/span><span class=\"eael-accordion-tab-title\">Messe Dortmund i najwa\u017cniejsze daty targ\u00f3w<\/span><svg aria-hidden=\"true\" class=\"fa-toggle e-font-icon-svg e-fas-angle-right\" viewbox=\"0 0 256 512\" xmlns=\"http:\/\/www.w3.org\/2000\/svg\"><path d=\"M224.3 273l-136 136c-9.4 9.4-24.6 9.4-33.9 0l-22.6-22.6c-9.4-9.4-9.4-24.6 0-33.9l96.4-96.4-96.4-96.4c-9.4-9.4-9.4-24.6 0-33.9L54.3 103c9.4-9.4 24.6-9.4 33.9 0l136 136c9.5 9.4 9.5 24.6.1 34z\"><\/path><\/svg><\/div><div id=\"elementor-tab-content-1023\" class=\"eael-accordion-content clearfix\" data-tab=\"3\" aria-labelledby=\"messe-dortmund-und-die-wichtigsten-messetermine\"><ul><li>Cake &amp; Bake Germany, Best of Events International<\/li><li>Niemiecka wystawa go\u0142\u0119bi pocztowych<\/li><li>Glasses &amp; Co<\/li><li>vivanti<\/li><li>EMPACK Dortmund<\/li><li>HUNT &amp; DOG<\/li><li>RYBA I ANIO\u0141<\/li><li>In\u017cynieria elektryczna<\/li><li>Pranie i nie tylko<\/li><li>konserwacja Dortmund<\/li><li>POMPA I ZAWORY<\/li><li>INTERMODELLBAU<\/li><li>SCH\u00dcTTGUT<\/li><li>TECHNOLOGIA RECYKLINGU<\/li><li>Praktyczna produkcja<\/li><li>Targi Warsztat\u00f3w WM<\/li><li>UCZCIWI PRZYJACIELE<\/li><li>InterTabac<\/li><li>POCZ\u0104TKOWY<\/li><li>DORTMUNDER JESIE\u0143<\/li><li>DKM<\/li><li>German Comic Con Dortmund<\/li><\/ul><\/div>\n\t\t\t\t\t<\/div><\/div>\t\t\t\t<\/div>\n\t\t\t\t<\/div>\n\t\t\t\t\t<\/div>\n\t\t\t\t<\/div>\n\t\t<div data-particle_enable=\"false\" data-particle-mobile-disabled=\"false\" class=\"elementor-element elementor-element-3fcce273 e-flex e-con-boxed e-con e-parent\" data-id=\"3fcce273\" data-element_type=\"container\">\n\t\t\t\t\t<div class=\"e-con-inner\">\n\t\t\t\t<div class=\"elementor-element elementor-element-50b5e50b elementor-widget elementor-widget-shortcode\" data-id=\"50b5e50b\" data-element_type=\"widget\" data-widget_type=\"shortcode.default\">\n\t\t\t\t<div class=\"elementor-widget-container\">\n\t\t\t\t\t\t\t<div class=\"elementor-shortcode\"><\/div>\n\t\t\t\t\t\t<\/div>\n\t\t\t\t<\/div>\n\t\t\t\t\t<\/div>\n\t\t\t\t<\/div>\n\t\t\t\t<\/div>","protected":false},"excerpt":{"rendered":"<p>Wynajem techniki konferencyjnej Dortmund, wynajem techniki medialnej AV w Westfalii Zapytaj teraz Systemy dyskusyjne, pulpity mikrofonowe \u2013 wynajem, kupno, instalacja, wynajem Systemy dyskusyjne, pulpity mikrofonowe \u2013 wynajem, kupno, instalacja, wynajem \u203a wi\u0119cej Kabiny do t\u0142umacze\u0144 ustnych i kabiny m\u00f3wc\u00f3w Kabina do t\u0142umacze\u0144 ustnych to miejsce pracy t\u0142umaczy symultanicznych \u203a wi\u0119cej Pulpity do t\u0142umacze\u0144 ustnych Podstawowe wyposa\u017cenie kabiny do t\u0142umacze\u0144 ustnych obejmuje pulpit do t\u0142umacze\u0144 ustnych. \u203a wi\u0119cej Odbiorniki konferencyjne, odbiorniki s\u0142uchawkowe Wynajem odbiornik\u00f3w konferencyjnych: Odbiorniki i s\u0142uchawki [...]<\/p>","protected":false},"author":1,"featured_media":45482,"parent":0,"menu_order":0,"comment_status":"closed","ping_status":"closed","template":"","meta":{"_acf_changed":false,"footnotes":""},"class_list":["post-11599","page","type-page","status-publish","has-post-thumbnail","hentry"],"acf":[],"_links":{"self":[{"href":"https:\/\/konferenztechnik.de\/pl\/wp-json\/wp\/v2\/pages\/11599","targetHints":{"allow":["GET"]}}],"collection":[{"href":"https:\/\/konferenztechnik.de\/pl\/wp-json\/wp\/v2\/pages"}],"about":[{"href":"https:\/\/konferenztechnik.de\/pl\/wp-json\/wp\/v2\/types\/page"}],"author":[{"embeddable":true,"href":"https:\/\/konferenztechnik.de\/pl\/wp-json\/wp\/v2\/users\/1"}],"replies":[{"embeddable":true,"href":"https:\/\/konferenztechnik.de\/pl\/wp-json\/wp\/v2\/comments?post=11599"}],"version-history":[{"count":0,"href":"https:\/\/konferenztechnik.de\/pl\/wp-json\/wp\/v2\/pages\/11599\/revisions"}],"wp:featuredmedia":[{"embeddable":true,"href":"https:\/\/konferenztechnik.de\/pl\/wp-json\/wp\/v2\/media\/45482"}],"wp:attachment":[{"href":"https:\/\/konferenztechnik.de\/pl\/wp-json\/wp\/v2\/media?parent=11599"}],"curies":[{"name":"wp","href":"https:\/\/api.w.org\/{rel}","templated":true}]}}