{"id":11684,"date":"2017-10-12T16:52:26","date_gmt":"2017-10-12T14:52:26","guid":{"rendered":"https:\/\/www.konferenztechnik.de\/?page_id=11684"},"modified":"2023-07-10T16:09:49","modified_gmt":"2023-07-10T14:09:49","slug":"wypozyczalnia-sprzetu-konferencyjnego-duesseldorf","status":"publish","type":"page","link":"https:\/\/konferenztechnik.de\/pl\/wypozyczalnia-sprzetu-konferencyjnego-duesseldorf\/","title":{"rendered":"Wynajem technologii konferencyjnej D\u00fcsseldorf"},"content":{"rendered":"<div data-elementor-type=\"wp-page\" data-elementor-id=\"11684\" class=\"elementor elementor-11684\" data-elementor-post-type=\"page\">\n\t\t\t\t<div data-particle_enable=\"false\" data-particle-mobile-disabled=\"false\" class=\"elementor-element elementor-element-2db3ec e-flex e-con-boxed e-con e-parent\" data-id=\"2db3ec\" data-element_type=\"container\" data-e-type=\"container\">\n\t\t\t\t\t<div class=\"e-con-inner\">\n\t\t\t\t<div class=\"elementor-element elementor-element-25ea577f elementor-widget elementor-widget-heading\" data-id=\"25ea577f\" data-element_type=\"widget\" data-e-type=\"widget\" data-settings=\"{&quot;_animation&quot;:&quot;none&quot;}\" data-widget_type=\"heading.default\">\n\t\t\t\t<div class=\"elementor-widget-container\">\n\t\t\t\t\t<h1 class=\"elementor-heading-title elementor-size-default\">Wynajem technologii konferencyjnej D\u00fcsseldorf, wynajem audio, wideo, medi\u00f3w i technologii symultanicznej w NRW<\/h1>\t\t\t\t<\/div>\n\t\t\t\t<\/div>\n\t\t\t\t<div class=\"elementor-element elementor-element-bad20b3 elementor-widget-widescreen__width-inherit elementor-widget elementor-widget-image\" data-id=\"bad20b3\" data-element_type=\"widget\" data-e-type=\"widget\" data-widget_type=\"image.default\">\n\t\t\t\t<div class=\"elementor-widget-container\">\n\t\t\t\t\t\t\t\t\t\t\t\t\t\t\t<img fetchpriority=\"high\" decoding=\"async\" width=\"1200\" height=\"450\" src=\"https:\/\/konferenztechnik.de\/wp-content\/uploads\/2017\/05\/veranstaltungstechnik-duesseldorf.jpg\" class=\"attachment-full size-full wp-image-10169\" alt=\"Dolmetscherkabinen mieten D\u00fcsseldorf Simultantechnik Dolmetschertechnik\" srcset=\"https:\/\/konferenztechnik.de\/wp-content\/uploads\/2017\/05\/veranstaltungstechnik-duesseldorf.jpg 1200w, https:\/\/konferenztechnik.de\/wp-content\/uploads\/2017\/05\/veranstaltungstechnik-duesseldorf-300x113.jpg 300w, https:\/\/konferenztechnik.de\/wp-content\/uploads\/2017\/05\/veranstaltungstechnik-duesseldorf-1024x384.jpg 1024w, https:\/\/konferenztechnik.de\/wp-content\/uploads\/2017\/05\/veranstaltungstechnik-duesseldorf-768x288.jpg 768w\" sizes=\"(max-width: 1200px) 100vw, 1200px\" title=\"\">\t\t\t\t\t\t\t\t\t\t\t\t\t\t\t<\/div>\n\t\t\t\t<\/div>\n\t\t<div data-particle_enable=\"false\" data-particle-mobile-disabled=\"false\" class=\"elementor-element elementor-element-aeb51a1 e-flex e-con-boxed e-con e-parent\" data-id=\"aeb51a1\" data-element_type=\"container\" data-e-type=\"container\">\n\t\t\t\t\t<div class=\"e-con-inner\">\n\t\t\t\t<div class=\"elementor-element elementor-element-8f8cce7 elementor-align-left elementor-widget elementor-widget-button\" data-id=\"8f8cce7\" data-element_type=\"widget\" data-e-type=\"widget\" data-widget_type=\"button.default\">\n\t\t\t\t<div class=\"elementor-widget-container\">\n\t\t\t\t\t\t\t\t\t<div class=\"elementor-button-wrapper\">\n\t\t\t\t\t<a class=\"elementor-button elementor-button-link elementor-size-lg\" href=\"#serviceteam\">\n\t\t\t\t\t\t<span class=\"elementor-button-content-wrapper\">\n\t\t\t\t\t\t<span class=\"elementor-button-icon\">\n\t\t\t\t<svg aria-hidden=\"true\" class=\"e-font-icon-svg e-far-arrow-alt-circle-down\" viewbox=\"0 0 512 512\" xmlns=\"http:\/\/www.w3.org\/2000\/svg\"><path d=\"M256 8C119 8 8 119 8 256s111 248 248 248 248-111 248-248S393 8 256 8zm0 448c-110.5 0-200-89.5-200-200S145.5 56 256 56s200 89.5 200 200-89.5 200-200 200zm-32-316v116h-67c-10.7 0-16 12.9-8.5 20.5l99 99c4.7 4.7 12.3 4.7 17 0l99-99c7.6-7.6 2.2-20.5-8.5-20.5h-67V140c0-6.6-5.4-12-12-12h-40c-6.6 0-12 5.4-12 12z\"><\/path><\/svg>\t\t\t<\/span>\n\t\t\t\t\t\t\t\t\t<span class=\"elementor-button-text\">Zapytaj teraz<\/span>\n\t\t\t\t\t<\/span>\n\t\t\t\t\t<\/a>\n\t\t\t\t<\/div>\n\t\t\t\t\t\t\t\t<\/div>\n\t\t\t\t<\/div>\n\t\t\t\t\t<\/div>\n\t\t\t\t<\/div>\n\t\t<div data-particle_enable=\"false\" data-particle-mobile-disabled=\"false\" class=\"elementor-element elementor-element-e8efa42 e-flex e-con-boxed e-con e-parent\" data-id=\"e8efa42\" data-element_type=\"container\" data-e-type=\"container\">\n\t\t\t\t\t<div class=\"e-con-inner\">\n\t\t\t\t<div class=\"elementor-element elementor-element-f0c40f1 elementor-widget__width-inherit smart-post-list-4-col elementor-hidden-mobile elementor-widget elementor-widget-eael-post-list\" data-id=\"f0c40f1\" data-element_type=\"widget\" data-e-type=\"widget\" data-settings=\"{&quot;_animation&quot;:&quot;none&quot;}\" data-widget_type=\"eael-post-list.default\">\n\t\t\t\t<div class=\"elementor-widget-container\">\n\t\t\t\t\t<div class=\"eael-post-list-container advanced layout-advanced\"><div class=\"eael-post-list-wrap\"><div class=\"eael-post-list-posts-wrap eael-post-appender eael-post-appender-f0c40f1\"><div class=\"eael-post-list-post\"><div class=\"eael-post-list-post-inner\"><div class=\"eael-post-list-thumbnail\"><a href=\"https:\/\/konferenztechnik.de\/pl\/osobiste-systemy-naprowadzania-wynajem-kupno-instalacja\/\">\n                <img decoding=\"async\" src=\"https:\/\/konferenztechnik.de\/wp-content\/uploads\/2023\/07\/personenfuehrungsanlage-mieten-kaufen-jpg.webp\" alt=\"M\u0119\u017cczyzna m\u00f3wi do mikrofonu, widz s\u0142ucha systemu tour guide podczas wycieczki. Wynajem, zakup lub dzier\u017cawa system\u00f3w tour guide od PCS.\" title=\"\">\n            <\/a><\/div><div class=\"eael-post-list-content\"><h3 class=\"eael-post-list-title\"><a href=\"https:\/\/konferenztechnik.de\/pl\/osobiste-systemy-naprowadzania-wynajem-kupno-instalacja\/\" >Systemy naprowadzania pasa\u017cer\u00f3w<\/a><\/h3><p>Systemy tour guide, systemy przewodnik\u00f3w, systemy szeptane lub PFA, s\u0142uchawki, mikrofony, \u0142adowarki, walizki transportowe, akcesoria<\/p><a href=\"https:\/\/konferenztechnik.de\/pl\/osobiste-systemy-naprowadzania-wynajem-kupno-instalacja\/\" class=\"eael-post-elements-readmore-btn\" >\u203a wi\u0119cej<\/a><div class=\"boxed-meta\"><\/div><\/div><\/div><\/div><div class=\"eael-post-list-post\"><div class=\"eael-post-list-post-inner\"><div class=\"eael-post-list-thumbnail\"><a href=\"https:\/\/konferenztechnik.de\/pl\/odbiornik-konferencyjny-odbiornik-sluchawkowy\/\">\n                <img decoding=\"async\" src=\"https:\/\/konferenztechnik.de\/wp-content\/uploads\/2023\/06\/kopfhoerer-empfaenger-jpg.webp\" alt=\"Dwa odbiorniki konferencyjne roz\u0142o\u017cone na stole konferencyjnym ze s\u0142uchawkami do s\u0142uchania t\u0142umaczonych j\u0119zyk\u00f3w.\" title=\"\">\n            <\/a><\/div><div class=\"eael-post-list-content\"><h3 class=\"eael-post-list-title\"><a href=\"https:\/\/konferenztechnik.de\/pl\/odbiornik-konferencyjny-odbiornik-sluchawkowy\/\" >Odbiornik konferencyjny, odbiornik zestawu s\u0142uchawkowego<\/a><\/h3><p>Wynajem odbiornik\u00f3w konferencyjnych: Odbiorniki i s\u0142uchawki na konferencje z t\u0142umaczeniem symultanicznym<\/p><a href=\"https:\/\/konferenztechnik.de\/pl\/odbiornik-konferencyjny-odbiornik-sluchawkowy\/\" class=\"eael-post-elements-readmore-btn\" >\u203a wi\u0119cej<\/a><div class=\"boxed-meta\"><\/div><\/div><\/div><\/div><div class=\"eael-post-list-post\"><div class=\"eael-post-list-post-inner\"><div class=\"eael-post-list-thumbnail\"><a href=\"https:\/\/konferenztechnik.de\/pl\/systemy-dyskusyjne-pulpity-mikrofonowe-wynajem-kupno-instalacja-leasing\/\">\n                <img decoding=\"async\" src=\"https:\/\/konferenztechnik.de\/wp-content\/uploads\/2023\/06\/diskussionsanlage-sprechstellen-tischmikrofone.jpg\" alt=\"Sto\u0142owe pulpity mikrofonowe rozmieszczone wok\u00f3\u0142 sto\u0142u konferencyjnego z mikrofonami na g\u0119siej szyjce\" title=\"\">\n            <\/a><\/div><div class=\"eael-post-list-content\"><h3 class=\"eael-post-list-title\"><a href=\"https:\/\/konferenztechnik.de\/pl\/systemy-dyskusyjne-pulpity-mikrofonowe-wynajem-kupno-instalacja-leasing\/\" >systemy dyskusyjne pulpity mikrofonowe wynajem kupno instalacja leasing<\/a><\/h3><p>systemy dyskusyjne pulpity mikrofonowe wynajem kupno instalacja leasing<\/p><a href=\"https:\/\/konferenztechnik.de\/pl\/systemy-dyskusyjne-pulpity-mikrofonowe-wynajem-kupno-instalacja-leasing\/\" class=\"eael-post-elements-readmore-btn\" >\u203a wi\u0119cej<\/a><div class=\"boxed-meta\"><\/div><\/div><\/div><\/div><div class=\"eael-post-list-post\"><div class=\"eael-post-list-post-inner\"><div class=\"eael-post-list-thumbnail\"><a href=\"https:\/\/konferenztechnik.de\/pl\/kabiny-do-tlumaczen-ustnych-i-kabiny-prelegentow\/\">\n                <img decoding=\"async\" src=\"https:\/\/konferenztechnik.de\/wp-content\/uploads\/2022\/06\/dolmetscherkabine-sprecherkabine-mieten-kaufen-leasen-jpg.webp\" alt=\"Kabina t\u0142umaczeniowa dla 2 t\u0142umaczy symultanicznych\" title=\"\">\n            <\/a><\/div><div class=\"eael-post-list-content\"><h3 class=\"eael-post-list-title\"><a href=\"https:\/\/konferenztechnik.de\/pl\/kabiny-do-tlumaczen-ustnych-i-kabiny-prelegentow\/\" >Kabiny do t\u0142umacze\u0144 ustnych i kabiny prelegent\u00f3w<\/a><\/h3><p>Kabina t\u0142umaczeniowa jest miejscem pracy t\u0142umaczy symultanicznych<\/p><a href=\"https:\/\/konferenztechnik.de\/pl\/kabiny-do-tlumaczen-ustnych-i-kabiny-prelegentow\/\" class=\"eael-post-elements-readmore-btn\" >\u203a wi\u0119cej<\/a><div class=\"boxed-meta\"><\/div><\/div><\/div><\/div><div class=\"eael-post-list-post\"><div class=\"eael-post-list-post-inner\"><div class=\"eael-post-list-thumbnail\"><a href=\"https:\/\/konferenztechnik.de\/pl\/stanowiska-do-tlumaczen-ustnych\/\">\n                <img decoding=\"async\" src=\"https:\/\/konferenztechnik.de\/wp-content\/uploads\/2022\/06\/dolmetscherpulte-mieten-kaufen-leasen-jpg.webp\" alt=\"Pulpit do t\u0142umacze\u0144 telewizyjnych\" title=\"\">\n            <\/a><\/div><div class=\"eael-post-list-content\"><h3 class=\"eael-post-list-title\"><a href=\"https:\/\/konferenztechnik.de\/pl\/stanowiska-do-tlumaczen-ustnych\/\" >Stanowiska do t\u0142umacze\u0144 ustnych<\/a><\/h3><p>Zur Grundausr\u00fcstung einer <a href=\"https:\/\/konferenztechnik.de\/pl\/wynajem-kabin-do-tlumaczen-ustnych\/\">Kabina t\u0142umacza<\/a> geh\u00f6rt ein Dolmetschpult.<\/p><a href=\"https:\/\/konferenztechnik.de\/pl\/stanowiska-do-tlumaczen-ustnych\/\" class=\"eael-post-elements-readmore-btn\" >\u203a wi\u0119cej<\/a><div class=\"boxed-meta\"><\/div><\/div><\/div><\/div><\/div><\/div>\n\t\t<\/div>\t\t\t\t<\/div>\n\t\t\t\t<\/div>\n\t\t\t\t\t<\/div>\n\t\t\t\t<\/div>\n\t\t\t\t\t<\/div>\n\t\t\t\t<\/div>\n\t\t<div data-particle_enable=\"false\" data-particle-mobile-disabled=\"false\" class=\"elementor-element elementor-element-36ccc745 e-flex e-con-boxed e-con e-parent\" data-id=\"36ccc745\" data-element_type=\"container\" data-e-type=\"container\">\n\t\t\t\t\t<div class=\"e-con-inner\">\n\t\t\t\t<div class=\"elementor-element elementor-element-613b92d elementor-widget elementor-widget-image\" data-id=\"613b92d\" data-element_type=\"widget\" data-e-type=\"widget\" data-widget_type=\"image.default\">\n\t\t\t\t<div class=\"elementor-widget-container\">\n\t\t\t\t\t\t\t\t\t\t\t\t\t\t\t<img decoding=\"async\" width=\"1200\" height=\"450\" src=\"https:\/\/konferenztechnik.de\/wp-content\/uploads\/2016\/10\/events-fullservice.jpg\" class=\"attachment-full size-full wp-image-8489\" alt=\"events-fullservice\" srcset=\"https:\/\/konferenztechnik.de\/wp-content\/uploads\/2016\/10\/events-fullservice.jpg 1200w, https:\/\/konferenztechnik.de\/wp-content\/uploads\/2016\/10\/events-fullservice-300x113.jpg 300w, https:\/\/konferenztechnik.de\/wp-content\/uploads\/2016\/10\/events-fullservice-1024x384.jpg 1024w, https:\/\/konferenztechnik.de\/wp-content\/uploads\/2016\/10\/events-fullservice-768x288.jpg 768w\" sizes=\"(max-width: 1200px) 100vw, 1200px\" title=\"\">\t\t\t\t\t\t\t\t\t\t\t\t\t\t\t<\/div>\n\t\t\t\t<\/div>\n\t\t\t\t<div class=\"elementor-element elementor-element-63fbf9c7 elementor-widget__width-initial elementor-widget elementor-widget-text-editor\" data-id=\"63fbf9c7\" data-element_type=\"widget\" data-e-type=\"widget\" data-widget_type=\"text-editor.default\">\n\t\t\t\t<div class=\"elementor-widget-container\">\n\t\t\t\t\t\t\t\t\t<p>Z siedziby firmy w D\u00fcsseldorfie, PCS zaopatruje ca\u0142\u0105 Nadreni\u0119 P\u00f3\u0142nocn\u0105-Westfali\u0119 i s\u0105siednie obszary w technologi\u0119 konferencyjn\u0105, technologi\u0119 medialn\u0105 AV i systemy symultaniczne. PCS dystrybuuje i wynajmuje praktycznie wszystkie znane marki producent\u00f3w \u2013 od Audipack, Beyerdynamic, Bosch i Televic do Sennheiser, Sony i Yamaha.<\/p>\t\t\t\t\t\t\t\t<\/div>\n\t\t\t\t<\/div>\n\t\t\t\t<div class=\"elementor-element elementor-element-579a8af1 elementor-widget__width-initial elementor-widget elementor-widget-heading\" data-id=\"579a8af1\" data-element_type=\"widget\" data-e-type=\"widget\" data-settings=\"{&quot;_animation&quot;:&quot;none&quot;}\" data-widget_type=\"heading.default\">\n\t\t\t\t<div class=\"elementor-widget-container\">\n\t\t\t\t\t<h2 class=\"elementor-heading-title elementor-size-default\">Technologia konferencyjna dla profesjonalist\u00f3w z D\u00fcsseldorfu i firm ka\u017cdej wielko\u015bci<\/h2>\t\t\t\t<\/div>\n\t\t\t\t<\/div>\n\t\t\t\t<div class=\"elementor-element elementor-element-32fb2ac elementor-widget__width-inherit elementor-widget elementor-widget-text-editor\" data-id=\"32fb2ac\" data-element_type=\"widget\" data-e-type=\"widget\" data-widget_type=\"text-editor.default\">\n\t\t\t\t<div class=\"elementor-widget-container\">\n\t\t\t\t\t\t\t\t\t<p>W D\u00fcsseldorfie i okolicach PCS wynajmuje nast\u0119puj\u0105ce systemy i urz\u0105dzenia \u2013 profesjonalnym organizatorom kongres\u00f3w i wydarze\u0144, t\u0142umaczom organizuj\u0105cym oraz firmom ka\u017cdej wielko\u015bci i orientacji.<\/p>\t\t\t\t\t\t\t\t<\/div>\n\t\t\t\t<\/div>\n\t\t\t\t<div class=\"elementor-element elementor-element-ab3f44f elementor-icon-list--layout-traditional elementor-list-item-link-full_width elementor-widget elementor-widget-icon-list\" data-id=\"ab3f44f\" data-element_type=\"widget\" data-e-type=\"widget\" data-widget_type=\"icon-list.default\">\n\t\t\t\t<div class=\"elementor-widget-container\">\n\t\t\t\t\t\t\t<ul class=\"elementor-icon-list-items\">\n\t\t\t\t\t\t\t<li class=\"elementor-icon-list-item\">\n\t\t\t\t\t\t\t\t\t\t\t<a href=\"https:\/\/konferenztechnik.de\/pl\/systemy-tlumaczen-ustnych-i-technologia-tlumaczen-ustnych-wynajem-kupno-instalacja\/\">\n\n\t\t\t\t\t\t\t\t\t\t\t\t<span class=\"elementor-icon-list-icon\">\n\t\t\t\t\t\t\t<svg aria-hidden=\"true\" class=\"e-font-icon-svg e-fas-check\" viewbox=\"0 0 512 512\" xmlns=\"http:\/\/www.w3.org\/2000\/svg\"><path d=\"M173.898 439.404l-166.4-166.4c-9.997-9.997-9.997-26.206 0-36.204l36.203-36.204c9.997-9.998 26.207-9.998 36.204 0L192 312.69 432.095 72.596c9.997-9.997 26.207-9.997 36.204 0l36.203 36.204c9.997 9.997 9.997 26.206 0 36.204l-294.4 294.401c-9.998 9.997-26.207 9.997-36.204-.001z\"><\/path><\/svg>\t\t\t\t\t\t<\/span>\n\t\t\t\t\t\t\t\t\t\t<span class=\"elementor-icon-list-text\">Technologia symultaniczna: systemy t\u0142umacze\u0144 ustnych, kabiny do t\u0142umacze\u0144 ustnych i powi\u0105zane komponenty<\/span>\n\t\t\t\t\t\t\t\t\t\t\t<\/a>\n\t\t\t\t\t\t\t\t\t<\/li>\n\t\t\t\t\t\t\t\t<li class=\"elementor-icon-list-item\">\n\t\t\t\t\t\t\t\t\t\t\t<a href=\"https:\/\/konferenztechnik.de\/pl\/sprzet-audio-i-wideo-av-wynajem-kupno-instalacja-leasing\/\">\n\n\t\t\t\t\t\t\t\t\t\t\t\t<span class=\"elementor-icon-list-icon\">\n\t\t\t\t\t\t\t<svg aria-hidden=\"true\" class=\"e-font-icon-svg e-fas-check\" viewbox=\"0 0 512 512\" xmlns=\"http:\/\/www.w3.org\/2000\/svg\"><path d=\"M173.898 439.404l-166.4-166.4c-9.997-9.997-9.997-26.206 0-36.204l36.203-36.204c9.997-9.998 26.207-9.998 36.204 0L192 312.69 432.095 72.596c9.997-9.997 26.207-9.997 36.204 0l36.203 36.204c9.997 9.997 9.997 26.206 0 36.204l-294.4 294.401c-9.998 9.997-26.207 9.997-36.204-.001z\"><\/path><\/svg>\t\t\t\t\t\t<\/span>\n\t\t\t\t\t\t\t\t\t\t<span class=\"elementor-icon-list-text\">Technologia wideo: projektory, monitory, systemy do g\u0142osowania TED, ekrany itp.<\/span>\n\t\t\t\t\t\t\t\t\t\t\t<\/a>\n\t\t\t\t\t\t\t\t\t<\/li>\n\t\t\t\t\t\t\t\t<li class=\"elementor-icon-list-item\">\n\t\t\t\t\t\t\t\t\t\t\t<a href=\"https:\/\/konferenztechnik.de\/pl\/sprzet-audio-i-wideo-av-wynajem-kupno-instalacja-leasing\/\">\n\n\t\t\t\t\t\t\t\t\t\t\t\t<span class=\"elementor-icon-list-icon\">\n\t\t\t\t\t\t\t<svg aria-hidden=\"true\" class=\"e-font-icon-svg e-fas-check\" viewbox=\"0 0 512 512\" xmlns=\"http:\/\/www.w3.org\/2000\/svg\"><path d=\"M173.898 439.404l-166.4-166.4c-9.997-9.997-9.997-26.206 0-36.204l36.203-36.204c9.997-9.998 26.207-9.998 36.204 0L192 312.69 432.095 72.596c9.997-9.997 26.207-9.997 36.204 0l36.203 36.204c9.997 9.997 9.997 26.206 0 36.204l-294.4 294.401c-9.998 9.997-26.207 9.997-36.204-.001z\"><\/path><\/svg>\t\t\t\t\t\t<\/span>\n\t\t\t\t\t\t\t\t\t\t<span class=\"elementor-icon-list-text\">Technologia audio \/ systemy d\u017awi\u0119kowe: g\u0142o\u015bniki, wzmacniacze, wysokiej jako\u015bci mikrofony i podobne technologie.<\/span>\n\t\t\t\t\t\t\t\t\t\t\t<\/a>\n\t\t\t\t\t\t\t\t\t<\/li>\n\t\t\t\t\t\t\t\t<li class=\"elementor-icon-list-item\">\n\t\t\t\t\t\t\t\t\t\t\t<a href=\"https:\/\/konferenztechnik.de\/pl\/systemy-dyskusyjne-pulpity-mikrofonowe-wynajem-kupno-instalacja-leasing\/\">\n\n\t\t\t\t\t\t\t\t\t\t\t\t<span class=\"elementor-icon-list-icon\">\n\t\t\t\t\t\t\t<svg aria-hidden=\"true\" class=\"e-font-icon-svg e-fas-check\" viewbox=\"0 0 512 512\" xmlns=\"http:\/\/www.w3.org\/2000\/svg\"><path d=\"M173.898 439.404l-166.4-166.4c-9.997-9.997-9.997-26.206 0-36.204l36.203-36.204c9.997-9.998 26.207-9.998 36.204 0L192 312.69 432.095 72.596c9.997-9.997 26.207-9.997 36.204 0l36.203 36.204c9.997 9.997 9.997 26.206 0 36.204l-294.4 294.401c-9.998 9.997-26.207 9.997-36.204-.001z\"><\/path><\/svg>\t\t\t\t\t\t<\/span>\n\t\t\t\t\t\t\t\t\t\t<span class=\"elementor-icon-list-text\">Klasyczna technologia konferencyjna: systemy dyskusyjne, czasami okre\u015blane r\u00f3wnie\u017c jako \u0142a\u0144cuchy mikrofonowe, pulpity mikrofonowe dla uczestnik\u00f3w, mikrofony sto\u0142owe lub pulpity mikrofonowe sto\u0142owe.<\/span>\n\t\t\t\t\t\t\t\t\t\t\t<\/a>\n\t\t\t\t\t\t\t\t\t<\/li>\n\t\t\t\t\t\t\t\t<li class=\"elementor-icon-list-item\">\n\t\t\t\t\t\t\t\t\t\t\t<a href=\"https:\/\/konferenztechnik.de\/pl\/osobiste-systemy-naprowadzania-wynajem-kupno-instalacja\/\">\n\n\t\t\t\t\t\t\t\t\t\t\t\t<span class=\"elementor-icon-list-icon\">\n\t\t\t\t\t\t\t<svg aria-hidden=\"true\" class=\"e-font-icon-svg e-fas-check\" viewbox=\"0 0 512 512\" xmlns=\"http:\/\/www.w3.org\/2000\/svg\"><path d=\"M173.898 439.404l-166.4-166.4c-9.997-9.997-9.997-26.206 0-36.204l36.203-36.204c9.997-9.998 26.207-9.998 36.204 0L192 312.69 432.095 72.596c9.997-9.997 26.207-9.997 36.204 0l36.203 36.204c9.997 9.997 9.997 26.206 0 36.204l-294.4 294.401c-9.998 9.997-26.207 9.997-36.204-.001z\"><\/path><\/svg>\t\t\t\t\t\t<\/span>\n\t\t\t\t\t\t\t\t\t\t<span class=\"elementor-icon-list-text\">Osobiste systemy naprowadzania (PFA) i systemy pokrewne, cz\u0119sto okre\u015blane r\u00f3wnie\u017c jako systemy przewodnik\u00f3w, systemy szeptane, Pefas lub po prostu jako systemy naprowadzania.<\/span>\n\t\t\t\t\t\t\t\t\t\t\t<\/a>\n\t\t\t\t\t\t\t\t\t<\/li>\n\t\t\t\t\t\t<\/ul>\n\t\t\t\t\t\t<\/div>\n\t\t\t\t<\/div>\n\t\t\t\t<div class=\"elementor-element elementor-element-6b2a22d elementor-widget__width-inherit elementor-widget elementor-widget-text-editor\" data-id=\"6b2a22d\" data-element_type=\"widget\" data-e-type=\"widget\" data-widget_type=\"text-editor.default\">\n\t\t\t\t<div class=\"elementor-widget-container\">\n\t\t\t\t\t\t\t\t\t<p>W PCS technicy eventowi z wieloletnim do\u015bwiadczeniem w bran\u017cy zapewniaj\u0105, \u017ce wynajmowane systemy s\u0105 profesjonalnie konserwowane i czyszczone, a klientom wydawany jest wy\u0142\u0105cznie sprz\u0119t, kt\u00f3ry zosta\u0142 w 100% przetestowany pod k\u0105tem funkcjonalno\u015bci. PCS oferuje szerok\u0105 gam\u0119 r\u00f3\u017cnych system\u00f3w, zw\u0142aszcza w swojej siedzibie w D\u00fcsseldorfie. W po\u0142\u0105czeniu z kompleksowym doradztwem technicznym i profesjonalnym wsparciem w planowaniu wydarze\u0144, organizatorzy event\u00f3w otrzymuj\u0105 dok\u0142adnie tak\u0105 technologi\u0119, jaka spe\u0142nia wymagania danego wydarzenia.<\/p>\t\t\t\t\t\t\t\t<\/div>\n\t\t\t\t<\/div>\n\t\t\t\t<div class=\"elementor-element elementor-element-1443590 elementor-widget elementor-widget-image\" data-id=\"1443590\" data-element_type=\"widget\" data-e-type=\"widget\" data-widget_type=\"image.default\">\n\t\t\t\t<div class=\"elementor-widget-container\">\n\t\t\t\t\t\t\t\t\t\t\t\t\t\t\t<img decoding=\"async\" width=\"1200\" height=\"450\" src=\"https:\/\/konferenztechnik.de\/wp-content\/uploads\/2016\/10\/events-berlin.jpg\" class=\"attachment-full size-full wp-image-8486\" alt=\"\" srcset=\"https:\/\/konferenztechnik.de\/wp-content\/uploads\/2016\/10\/events-berlin.jpg 1200w, https:\/\/konferenztechnik.de\/wp-content\/uploads\/2016\/10\/events-berlin-300x113.jpg 300w, https:\/\/konferenztechnik.de\/wp-content\/uploads\/2016\/10\/events-berlin-1024x384.jpg 1024w, https:\/\/konferenztechnik.de\/wp-content\/uploads\/2016\/10\/events-berlin-768x288.jpg 768w\" sizes=\"(max-width: 1200px) 100vw, 1200px\" title=\"\">\t\t\t\t\t\t\t\t\t\t\t\t\t\t\t<\/div>\n\t\t\t\t<\/div>\n\t\t<div data-particle_enable=\"false\" data-particle-mobile-disabled=\"false\" class=\"elementor-element elementor-element-ec4cea8 e-flex e-con-boxed e-con e-parent\" data-id=\"ec4cea8\" data-element_type=\"container\" data-e-type=\"container\">\n\t\t\t\t\t<div class=\"e-con-inner\">\n\t\t\t\t<div class=\"elementor-element elementor-element-a53b0f2 elementor-align-left elementor-widget elementor-widget-button\" data-id=\"a53b0f2\" data-element_type=\"widget\" data-e-type=\"widget\" data-widget_type=\"button.default\">\n\t\t\t\t<div class=\"elementor-widget-container\">\n\t\t\t\t\t\t\t\t\t<div class=\"elementor-button-wrapper\">\n\t\t\t\t\t<a class=\"elementor-button elementor-button-link elementor-size-lg\" href=\"#serviceteam\">\n\t\t\t\t\t\t<span class=\"elementor-button-content-wrapper\">\n\t\t\t\t\t\t<span class=\"elementor-button-icon\">\n\t\t\t\t<svg aria-hidden=\"true\" class=\"e-font-icon-svg e-far-arrow-alt-circle-down\" viewbox=\"0 0 512 512\" xmlns=\"http:\/\/www.w3.org\/2000\/svg\"><path d=\"M256 8C119 8 8 119 8 256s111 248 248 248 248-111 248-248S393 8 256 8zm0 448c-110.5 0-200-89.5-200-200S145.5 56 256 56s200 89.5 200 200-89.5 200-200 200zm-32-316v116h-67c-10.7 0-16 12.9-8.5 20.5l99 99c4.7 4.7 12.3 4.7 17 0l99-99c7.6-7.6 2.2-20.5-8.5-20.5h-67V140c0-6.6-5.4-12-12-12h-40c-6.6 0-12 5.4-12 12z\"><\/path><\/svg>\t\t\t<\/span>\n\t\t\t\t\t\t\t\t\t<span class=\"elementor-button-text\">Zapytaj teraz<\/span>\n\t\t\t\t\t<\/span>\n\t\t\t\t\t<\/a>\n\t\t\t\t<\/div>\n\t\t\t\t\t\t\t\t<\/div>\n\t\t\t\t<\/div>\n\t\t\t\t\t<\/div>\n\t\t\t\t<\/div>\n\t\t\t\t<div class=\"elementor-element elementor-element-2eb89f9 elementor-widget__width-initial elementor-widget elementor-widget-heading\" data-id=\"2eb89f9\" data-element_type=\"widget\" data-e-type=\"widget\" data-settings=\"{&quot;_animation&quot;:&quot;none&quot;}\" data-widget_type=\"heading.default\">\n\t\t\t\t<div class=\"elementor-widget-container\">\n\t\t\t\t\t<h2 class=\"elementor-heading-title elementor-size-default\">Technologia konferencyjna w D\u00fcsseldorfie \u2013 kompletny serwis dla system\u00f3w wynajmu\n<\/h2>\t\t\t\t<\/div>\n\t\t\t\t<\/div>\n\t\t\t\t<div class=\"elementor-element elementor-element-beab52e elementor-widget__width-inherit elementor-widget elementor-widget-text-editor\" data-id=\"beab52e\" data-element_type=\"widget\" data-e-type=\"widget\" data-widget_type=\"text-editor.default\">\n\t\t\t\t<div class=\"elementor-widget-container\">\n\t\t\t\t\t\t\t\t\t<p>Wynajem sprz\u0119tu konferencyjnego w D\u00fcsseldorfie jest po\u0142\u0105czony z kompleksowym pakietem us\u0142ug: Na \u017cyczenie PCS mo\u017ce przetransportowa\u0107 systemy dowolnej wielko\u015bci bezpo\u015brednio do miejsca wydarzenia, skonfigurowa\u0107 je tam, a w razie potrzeby zapewni\u0107 r\u00f3wnie\u017c wsparcie techniczne podczas wydarzenia.<\/p><p><br \/>Technologia eventowa PCS jest wykorzystywana przy wielu r\u00f3\u017cnych okazjach w D\u00fcsseldorfie: obszary zastosowania wynajmowanego sprz\u0119tu obejmuj\u0105 konferencje akademickie, wieloj\u0119zyczne konferencje, spotkania akcjonariuszy i posiedzenia zarz\u0105du, a tak\u017ce uroczysto\u015bci kulturalne i rozprawy s\u0105dowe, w kt\u00f3rych wymagani s\u0105 t\u0142umacze symultaniczni. Typowe lokalizacje w D\u00fcsseldorfie obejmuj\u0105 Centrum Kongresowe D\u00fcsseldorf, Mitsubishi Electric Halle lub HORISUM, a tak\u017ce liczne hotele konferencyjne.<\/p><p><br \/>PCS w D\u00fcsseldorfie ch\u0119tnie przyjmuje wszelkiego rodzaju zapytania w dowolnym momencie. Podobnie jak w przypadku wszystkich innych oddzia\u0142\u00f3w PCS w Niemczech, r\u00f3wnie\u017c na e-maile odpowiadamy w siedzibie g\u0142\u00f3wnej w D\u00fcsseldorfie, zazwyczaj w ci\u0105gu godziny. Konsultanci PCS w D\u00fcsseldorfie ch\u0119tnie pomagaj\u0105 r\u00f3wnie\u017c telefonicznie organizatorom wydarze\u0144, konsultantom ds. t\u0142umacze\u0144 ustnych i wszelkiego rodzaju firmom.<\/p>\t\t\t\t\t\t\t\t<\/div>\n\t\t\t\t<\/div>\n\t\t\t\t<div class=\"elementor-element elementor-element-4d0d2151 elementor-widget__width-initial elementor-widget elementor-widget-heading\" data-id=\"4d0d2151\" data-element_type=\"widget\" data-e-type=\"widget\" data-settings=\"{&quot;_animation&quot;:&quot;none&quot;}\" data-widget_type=\"heading.default\">\n\t\t\t\t<div class=\"elementor-widget-container\">\n\t\t\t\t\t<h2 class=\"elementor-heading-title elementor-size-default\">Wynajem technologii konferencyjnej D\u00fcsseldorf<\/h2>\t\t\t\t<\/div>\n\t\t\t\t<\/div>\n\t\t\t\t<div class=\"elementor-element elementor-element-7a8135b5 elementor-widget elementor-widget-eael-adv-accordion\" data-id=\"7a8135b5\" data-element_type=\"widget\" data-e-type=\"widget\" data-widget_type=\"eael-adv-accordion.default\">\n\t\t\t\t<div class=\"elementor-widget-container\">\n\t\t\t\t\t            <div class=\"eael-adv-accordion\" id=\"eael-adv-accordion-7a8135b5\" data-scroll-on-click=\"no\" data-scroll-speed=\"300\" data-accordion-id=\"7a8135b5\" data-accordion-type=\"accordion\" data-toogle-speed=\"300\">\n            <div class=\"eael-accordion-list\">\n\t\t\t\t\t<div id=\"veranstaltungsorte-fr-events-und-kongresse-in-dsseldorf\" class=\"elementor-tab-title eael-accordion-header\" tabindex=\"0\" data-tab=\"1\" aria-controls=\"elementor-tab-content-2051\"><span class=\"eael-advanced-accordion-icon-closed\"><svg aria-hidden=\"true\" class=\"fa-accordion-icon e-font-icon-svg e-fas-plus\" viewbox=\"0 0 448 512\" xmlns=\"http:\/\/www.w3.org\/2000\/svg\"><path d=\"M416 208H272V64c0-17.67-14.33-32-32-32h-32c-17.67 0-32 14.33-32 32v144H32c-17.67 0-32 14.33-32 32v32c0 17.67 14.33 32 32 32h144v144c0 17.67 14.33 32 32 32h32c17.67 0 32-14.33 32-32V304h144c17.67 0 32-14.33 32-32v-32c0-17.67-14.33-32-32-32z\"><\/path><\/svg><\/span><span class=\"eael-advanced-accordion-icon-opened\"><svg aria-hidden=\"true\" class=\"fa-accordion-icon e-font-icon-svg e-fas-minus\" viewbox=\"0 0 448 512\" xmlns=\"http:\/\/www.w3.org\/2000\/svg\"><path d=\"M416 208H32c-17.67 0-32 14.33-32 32v32c0 17.67 14.33 32 32 32h384c17.67 0 32-14.33 32-32v-32c0-17.67-14.33-32-32-32z\"><\/path><\/svg><\/span><span class=\"eael-accordion-tab-title\">Miejsca na wydarzenia i kongresy w D\u00fcsseldorfie<\/span><svg aria-hidden=\"true\" class=\"fa-toggle e-font-icon-svg e-fas-angle-right\" viewbox=\"0 0 256 512\" xmlns=\"http:\/\/www.w3.org\/2000\/svg\"><path d=\"M224.3 273l-136 136c-9.4 9.4-24.6 9.4-33.9 0l-22.6-22.6c-9.4-9.4-9.4-24.6 0-33.9l96.4-96.4-96.4-96.4c-9.4-9.4-9.4-24.6 0-33.9L54.3 103c9.4-9.4 24.6-9.4 33.9 0l136 136c9.5 9.4 9.5 24.6.1 34z\"><\/path><\/svg><\/div><div id=\"elementor-tab-content-2051\" class=\"eael-accordion-content clearfix\" data-tab=\"1\" aria-labelledby=\"veranstaltungsorte-fr-events-und-kongresse-in-dsseldorf\"><div><ul><li>Centrum targowe w D\u00fcsseldorfie<\/li><li>CCD \u2013 Centrum kongresowe D\u00fcsseldorf<\/li><li>HORISUM<\/li><li>Mitsubishi Electric Hall<\/li><li>Stacja lotniskowa<\/li><li>Esprit Arena<\/li><li>ISS Dome<\/li><li>Castello D\u00fcsseldorf<\/li><\/ul><\/div><\/div>\n\t\t\t\t\t<\/div><div class=\"eael-accordion-list\">\n\t\t\t\t\t<div id=\"die-wichtigsten-veranstaltungshotels-in-dsseldorf\" class=\"elementor-tab-title eael-accordion-header\" tabindex=\"0\" data-tab=\"2\" aria-controls=\"elementor-tab-content-2052\"><span class=\"eael-advanced-accordion-icon-closed\"><svg aria-hidden=\"true\" class=\"fa-accordion-icon e-font-icon-svg e-fas-plus\" viewbox=\"0 0 448 512\" xmlns=\"http:\/\/www.w3.org\/2000\/svg\"><path d=\"M416 208H272V64c0-17.67-14.33-32-32-32h-32c-17.67 0-32 14.33-32 32v144H32c-17.67 0-32 14.33-32 32v32c0 17.67 14.33 32 32 32h144v144c0 17.67 14.33 32 32 32h32c17.67 0 32-14.33 32-32V304h144c17.67 0 32-14.33 32-32v-32c0-17.67-14.33-32-32-32z\"><\/path><\/svg><\/span><span class=\"eael-advanced-accordion-icon-opened\"><svg aria-hidden=\"true\" class=\"fa-accordion-icon e-font-icon-svg e-fas-minus\" viewbox=\"0 0 448 512\" xmlns=\"http:\/\/www.w3.org\/2000\/svg\"><path d=\"M416 208H32c-17.67 0-32 14.33-32 32v32c0 17.67 14.33 32 32 32h384c17.67 0 32-14.33 32-32v-32c0-17.67-14.33-32-32-32z\"><\/path><\/svg><\/span><span class=\"eael-accordion-tab-title\">Najwa\u017cniejsze hotele eventowe w D\u00fcsseldorfie<\/span><svg aria-hidden=\"true\" class=\"fa-toggle e-font-icon-svg e-fas-angle-right\" viewbox=\"0 0 256 512\" xmlns=\"http:\/\/www.w3.org\/2000\/svg\"><path d=\"M224.3 273l-136 136c-9.4 9.4-24.6 9.4-33.9 0l-22.6-22.6c-9.4-9.4-9.4-24.6 0-33.9l96.4-96.4-96.4-96.4c-9.4-9.4-9.4-24.6 0-33.9L54.3 103c9.4-9.4 24.6-9.4 33.9 0l136 136c9.5 9.4 9.5 24.6.1 34z\"><\/path><\/svg><\/div><div id=\"elementor-tab-content-2052\" class=\"eael-accordion-content clearfix\" data-tab=\"2\" aria-labelledby=\"die-wichtigsten-veranstaltungshotels-in-dsseldorf\"><div><ul><li>Lindner Congress Hotel D\u00fcsseldorf<\/li><li>NH D\u00fcsseldorf City<\/li><li>NH D\u00fcsseldorf City North<\/li><li>relexa Hotel Airport D\u00fcsseldorf<\/li><li>Hilton D\u00fcsseldorf<\/li><li>Maritim Hotel D\u00fcsseldorf<\/li><li>Van der Valk Airport Hotel D\u00fcsseldorf<\/li><li>Tulip Inn D\u00fcsseldorf Arena<\/li><li>Radisson Blue Scandinavia Hotel D\u00fcsseldorf<\/li><li>Renaissance D\u00fcsseldorf Hotel<\/li><li>Courtyard by Marriott D\u00fcsseldorf<\/li><\/ul><\/div><\/div>\n\t\t\t\t\t<\/div><div class=\"eael-accordion-list\">\n\t\t\t\t\t<div id=\"die-messe-kln-und-die-wichtigsten-messetermine\" class=\"elementor-tab-title eael-accordion-header\" tabindex=\"0\" data-tab=\"3\" aria-controls=\"elementor-tab-content-2053\"><span class=\"eael-advanced-accordion-icon-closed\"><svg aria-hidden=\"true\" class=\"fa-accordion-icon e-font-icon-svg e-fas-plus\" viewbox=\"0 0 448 512\" xmlns=\"http:\/\/www.w3.org\/2000\/svg\"><path d=\"M416 208H272V64c0-17.67-14.33-32-32-32h-32c-17.67 0-32 14.33-32 32v144H32c-17.67 0-32 14.33-32 32v32c0 17.67 14.33 32 32 32h144v144c0 17.67 14.33 32 32 32h32c17.67 0 32-14.33 32-32V304h144c17.67 0 32-14.33 32-32v-32c0-17.67-14.33-32-32-32z\"><\/path><\/svg><\/span><span class=\"eael-advanced-accordion-icon-opened\"><svg aria-hidden=\"true\" class=\"fa-accordion-icon e-font-icon-svg e-fas-minus\" viewbox=\"0 0 448 512\" xmlns=\"http:\/\/www.w3.org\/2000\/svg\"><path d=\"M416 208H32c-17.67 0-32 14.33-32 32v32c0 17.67 14.33 32 32 32h384c17.67 0 32-14.33 32-32v-32c0-17.67-14.33-32-32-32z\"><\/path><\/svg><\/span><span class=\"eael-accordion-tab-title\">Centrum targowe w Kolonii i najwa\u017cniejsze daty targ\u00f3w<\/span><svg aria-hidden=\"true\" class=\"fa-toggle e-font-icon-svg e-fas-angle-right\" viewbox=\"0 0 256 512\" xmlns=\"http:\/\/www.w3.org\/2000\/svg\"><path d=\"M224.3 273l-136 136c-9.4 9.4-24.6 9.4-33.9 0l-22.6-22.6c-9.4-9.4-9.4-24.6 0-33.9l96.4-96.4-96.4-96.4c-9.4-9.4-9.4-24.6 0-33.9L54.3 103c9.4-9.4 24.6-9.4 33.9 0l136 136c9.5 9.4 9.5 24.6.1 34z\"><\/path><\/svg><\/div><div id=\"elementor-tab-content-2053\" class=\"eael-accordion-content clearfix\" data-tab=\"3\" aria-labelledby=\"die-messe-kln-und-die-wichtigsten-messetermine\"><div><ul><li>boot D\u00fcsseldorf<\/li><li>EuroShop<\/li><li>Magazynowanie energii w Europie<\/li><li>ElectronicPartner<\/li><li>TOP HAIR D\u00fcsseldorf<\/li><li>interpack<\/li><li>Interbride<\/li><li>ITPS<\/li><li>Expopharm<\/li><li>PI\u0118KNO<\/li><li>Spawanie i ci\u0119cie<\/li><li>Rehacare<\/li><li>Medica<\/li><li>drupa<\/li><li>Newcast<\/li><li>glasstec<\/li><li>METEC<\/li><li>Thermprocess<\/li><\/ul><\/div><\/div>\n\t\t\t\t\t<\/div><\/div>\t\t\t\t<\/div>\n\t\t\t\t<\/div>\n\t\t\t\t\t<\/div>\n\t\t\t\t<\/div>\n\t\t<div data-particle_enable=\"false\" data-particle-mobile-disabled=\"false\" class=\"elementor-element elementor-element-25055fa7 e-flex e-con-boxed e-con e-parent\" data-id=\"25055fa7\" data-element_type=\"container\" data-e-type=\"container\">\n\t\t\t\t\t<div class=\"e-con-inner\">\n\t\t\t\t<div class=\"elementor-element elementor-element-479b38a5 elementor-widget elementor-widget-shortcode\" data-id=\"479b38a5\" data-element_type=\"widget\" data-e-type=\"widget\" data-widget_type=\"shortcode.default\">\n\t\t\t\t<div class=\"elementor-widget-container\">\n\t\t\t\t\t\t\t<div class=\"elementor-shortcode\"><\/div>\n\t\t\t\t\t\t<\/div>\n\t\t\t\t<\/div>\n\t\t\t\t\t<\/div>\n\t\t\t\t<\/div>\n\t\t\t\t<\/div>","protected":false},"excerpt":{"rendered":"<p>Konferenztechnik mieten D\u00fcsseldorf, Vermietung von Audio-, Video-, Medien- und und Simultantechnik in NRW Jetzt anfragen Diskussionsanlagen, Sprechstellen \u2013 mieten, kaufen, installieren, leasen Diskussionsanlagen, Sprechstellen \u2013 mieten, kaufen, installieren, leasen \u203a mehr Dolmetschkabinen und Sprecherkabinen Die Dolmetschkabine ist der Arbeitsplatz der Simultandolmetscher*innen \u203a mehr Dolmetschpulte Zur Grundausr\u00fcstung einer Dolmetscherkabine geh\u00f6rt ein Dolmetschpult. \u203a mehr Konferenzempf\u00e4nger, Kopfh\u00f6rerempf\u00e4nger [&hellip;]<\/p>\n","protected":false},"author":1,"featured_media":45482,"parent":0,"menu_order":0,"comment_status":"closed","ping_status":"closed","template":"","meta":{"_acf_changed":false,"footnotes":""},"class_list":["post-11684","page","type-page","status-publish","has-post-thumbnail","hentry"],"acf":[],"_links":{"self":[{"href":"https:\/\/konferenztechnik.de\/pl\/wp-json\/wp\/v2\/pages\/11684","targetHints":{"allow":["GET"]}}],"collection":[{"href":"https:\/\/konferenztechnik.de\/pl\/wp-json\/wp\/v2\/pages"}],"about":[{"href":"https:\/\/konferenztechnik.de\/pl\/wp-json\/wp\/v2\/types\/page"}],"author":[{"embeddable":true,"href":"https:\/\/konferenztechnik.de\/pl\/wp-json\/wp\/v2\/users\/1"}],"replies":[{"embeddable":true,"href":"https:\/\/konferenztechnik.de\/pl\/wp-json\/wp\/v2\/comments?post=11684"}],"version-history":[{"count":0,"href":"https:\/\/konferenztechnik.de\/pl\/wp-json\/wp\/v2\/pages\/11684\/revisions"}],"wp:featuredmedia":[{"embeddable":true,"href":"https:\/\/konferenztechnik.de\/pl\/wp-json\/wp\/v2\/media\/45482"}],"wp:attachment":[{"href":"https:\/\/konferenztechnik.de\/pl\/wp-json\/wp\/v2\/media?parent=11684"}],"curies":[{"name":"wp","href":"https:\/\/api.w.org\/{rel}","templated":true}]}}