{"id":12059,"date":"2017-12-13T11:15:26","date_gmt":"2017-12-13T09:15:26","guid":{"rendered":"https:\/\/www.konferenztechnik.de\/?page_id=12059"},"modified":"2023-09-21T10:37:44","modified_gmt":"2023-09-21T08:37:44","slug":"wynajem-stacji-interkomowych-friedrichshafen","status":"publish","type":"page","link":"https:\/\/konferenztechnik.de\/pl\/wynajem-stacji-interkomowych-friedrichshafen\/","title":{"rendered":"Stacje interkomowe do wynaj\u0119cia Friedrichshafen"},"content":{"rendered":"<div data-elementor-type=\"wp-page\" data-elementor-id=\"12059\" class=\"elementor elementor-12059\" data-elementor-post-type=\"page\">\n\t\t\t\t<div data-particle_enable=\"false\" data-particle-mobile-disabled=\"false\" class=\"elementor-element elementor-element-21d3120d e-flex e-con-boxed e-con e-parent\" data-id=\"21d3120d\" data-element_type=\"container\">\n\t\t\t\t\t<div class=\"e-con-inner\">\n\t\t\t\t<div class=\"elementor-element elementor-element-b496458 elementor-widget elementor-widget-heading\" data-id=\"b496458\" data-element_type=\"widget\" data-settings=\"{&quot;_animation&quot;:&quot;none&quot;}\" data-widget_type=\"heading.default\">\n\t\t\t\t<div class=\"elementor-widget-container\">\n\t\t\t\t\t<h1 class=\"elementor-heading-title elementor-size-default\">Wynajem pulpit\u00f3w mikrofonowych Friedrichshafen \u2013 Wynajem pulpit\u00f3w mikrofonowych, system\u00f3w konferencyjnych i pulpit\u00f3w mikrofonowych do dyskusji w mie\u015bcie Zeppelin Friedrichshafen <\/h1>\t\t\t\t<\/div>\n\t\t\t\t<\/div>\n\t\t\t\t<div class=\"elementor-element elementor-element-4a4fb2ad elementor-widget-widescreen__width-inherit elementor-widget elementor-widget-image\" data-id=\"4a4fb2ad\" data-element_type=\"widget\" data-widget_type=\"image.default\">\n\t\t\t\t<div class=\"elementor-widget-container\">\n\t\t\t\t\t\t\t\t\t\t\t\t\t\t\t<img fetchpriority=\"high\" decoding=\"async\" width=\"850\" height=\"340\" src=\"https:\/\/konferenztechnik.de\/wp-content\/uploads\/2017\/06\/veranstaltungstechnik-friedrichshafen.jpg\" class=\"attachment-full size-full wp-image-10392\" alt=\"\" srcset=\"https:\/\/konferenztechnik.de\/wp-content\/uploads\/2017\/06\/veranstaltungstechnik-friedrichshafen.jpg 850w, https:\/\/konferenztechnik.de\/wp-content\/uploads\/2017\/06\/veranstaltungstechnik-friedrichshafen-300x120.jpg 300w, https:\/\/konferenztechnik.de\/wp-content\/uploads\/2017\/06\/veranstaltungstechnik-friedrichshafen-768x307.jpg 768w\" sizes=\"(max-width: 850px) 100vw, 850px\" title=\"\">\t\t\t\t\t\t\t\t\t\t\t\t\t\t\t<\/div>\n\t\t\t\t<\/div>\n\t\t<div data-particle_enable=\"false\" data-particle-mobile-disabled=\"false\" class=\"elementor-element elementor-element-d9d32cf e-flex e-con-boxed e-con e-child\" data-id=\"d9d32cf\" data-element_type=\"container\">\n\t\t\t\t\t<div class=\"e-con-inner\">\n\t\t\t\t<div class=\"elementor-element elementor-element-4cf5d0c4 elementor-align-left elementor-widget elementor-widget-button\" data-id=\"4cf5d0c4\" data-element_type=\"widget\" data-widget_type=\"button.default\">\n\t\t\t\t<div class=\"elementor-widget-container\">\n\t\t\t\t\t\t\t\t\t<div class=\"elementor-button-wrapper\">\n\t\t\t\t\t<a class=\"elementor-button elementor-button-link elementor-size-lg\" href=\"#serviceteam\">\n\t\t\t\t\t\t<span class=\"elementor-button-content-wrapper\">\n\t\t\t\t\t\t<span class=\"elementor-button-icon\">\n\t\t\t\t<svg aria-hidden=\"true\" class=\"e-font-icon-svg e-far-arrow-alt-circle-down\" viewbox=\"0 0 512 512\" xmlns=\"http:\/\/www.w3.org\/2000\/svg\"><path d=\"M256 8C119 8 8 119 8 256s111 248 248 248 248-111 248-248S393 8 256 8zm0 448c-110.5 0-200-89.5-200-200S145.5 56 256 56s200 89.5 200 200-89.5 200-200 200zm-32-316v116h-67c-10.7 0-16 12.9-8.5 20.5l99 99c4.7 4.7 12.3 4.7 17 0l99-99c7.6-7.6 2.2-20.5-8.5-20.5h-67V140c0-6.6-5.4-12-12-12h-40c-6.6 0-12 5.4-12 12z\"><\/path><\/svg>\t\t\t<\/span>\n\t\t\t\t\t\t\t\t\t<span class=\"elementor-button-text\">Zapytaj teraz<\/span>\n\t\t\t\t\t<\/span>\n\t\t\t\t\t<\/a>\n\t\t\t\t<\/div>\n\t\t\t\t\t\t\t\t<\/div>\n\t\t\t\t<\/div>\n\t\t\t\t\t<\/div>\n\t\t\t\t<\/div>\n\t\t<div data-particle_enable=\"false\" data-particle-mobile-disabled=\"false\" class=\"elementor-element elementor-element-43bebfe e-flex e-con-boxed e-con e-child\" data-id=\"43bebfe\" data-element_type=\"container\">\n\t\t\t\t\t<div class=\"e-con-inner\">\n\t\t\t\t<div class=\"elementor-element elementor-element-3b2da189 elementor-widget elementor-widget-shortcode\" data-id=\"3b2da189\" data-element_type=\"widget\" data-widget_type=\"shortcode.default\">\n\t\t\t\t<div class=\"elementor-widget-container\">\n\t\t\t\t\t\t\t<div class=\"elementor-shortcode\">\t\t<div data-elementor-type=\"section\" data-elementor-id=\"37185\" class=\"elementor elementor-37185\" data-elementor-post-type=\"elementor_library\">\n\t\t\t<div data-particle_enable=\"false\" data-particle-mobile-disabled=\"false\" class=\"elementor-element elementor-element-26482db e-flex e-con-boxed e-con e-parent\" data-id=\"26482db\" data-element_type=\"container\">\n\t\t\t\t\t<div class=\"e-con-inner\">\n\t\t\t\t<div class=\"elementor-element elementor-element-d8130b9 elementor-widget__width-inherit elementor-widget elementor-widget-eael-post-list\" data-id=\"d8130b9\" data-element_type=\"widget\" data-settings=\"{&quot;_animation&quot;:&quot;none&quot;}\" data-widget_type=\"eael-post-list.default\">\n\t\t\t\t<div class=\"elementor-widget-container\">\n\t\t\t\t\t<div class=\"eael-post-list-container advanced layout-advanced\"><div class=\"eael-post-list-wrap\"><div class=\"eael-post-list-posts-wrap eael-post-appender eael-post-appender-d8130b9\"><div class=\"eael-post-list-post\"><div class=\"eael-post-list-post-inner\"><div class=\"eael-post-list-thumbnail\"><a href=\"https:\/\/konferenztechnik.de\/pl\/system-dyskusyjny-televic-confidea-g4\/\">\n                <img decoding=\"async\" src=\"https:\/\/konferenztechnik.de\/wp-content\/uploads\/2023\/06\/televic-confidea-g4-1.jpg\" alt=\"Bezprzewodowa stacja po\u0142\u0105cze\u0144 konferencyjnych typu Televic Confidea G4\" title=\"\">\n            <\/a><\/div><div class=\"eael-post-list-content\"><h3 class=\"eael-post-list-title\"><a href=\"https:\/\/konferenztechnik.de\/pl\/system-dyskusyjny-televic-confidea-g4\/\" >Televic Confidea G4 \u2013 Jednostka dyskusyjna<\/a><\/h3><p>Bezprzewodowy system konferencyjny Confidea G4 jest poprzednikiem systemu Flex i...<\/p><a href=\"https:\/\/konferenztechnik.de\/pl\/system-dyskusyjny-televic-confidea-g4\/\" class=\"eael-post-elements-readmore-btn\" >\u203a wi\u0119cej<\/a><div class=\"boxed-meta\"><\/div><\/div><\/div><\/div><div class=\"eael-post-list-post\"><div class=\"eael-post-list-post-inner\"><div class=\"eael-post-list-thumbnail\"><a href=\"https:\/\/konferenztechnik.de\/pl\/kompletny-system-dyskusyjny-shure-microflex\/\">\n                <img decoding=\"async\" src=\"https:\/\/konferenztechnik.de\/wp-content\/uploads\/2023\/07\/shure-microflex-sprechstellen-jpg.webp\" alt=\"Modu\u0142 mikrofonowy Shure z serii Microflex\" title=\"\">\n            <\/a><\/div><div class=\"eael-post-list-content\"><h3 class=\"eael-post-list-title\"><a href=\"https:\/\/konferenztechnik.de\/pl\/kompletny-system-dyskusyjny-shure-microflex\/\" >Shure Microflex Kompletny system dyskusyjny \u2013<\/a><\/h3><p>Nowoczesny, prosty design jest elegancki i dyskretny i dobrze pasuje do...<\/p><a href=\"https:\/\/konferenztechnik.de\/pl\/kompletny-system-dyskusyjny-shure-microflex\/\" class=\"eael-post-elements-readmore-btn\" >\u203a wi\u0119cej<\/a><div class=\"boxed-meta\"><\/div><\/div><\/div><\/div><div class=\"eael-post-list-post\"><div class=\"eael-post-list-post-inner\"><div class=\"eael-post-list-thumbnail\"><a href=\"https:\/\/konferenztechnik.de\/pl\/system-dyskusyjny-televic-confidea-flex\/\">\n                <img decoding=\"async\" src=\"https:\/\/konferenztechnik.de\/wp-content\/uploads\/2022\/06\/televic-confidea-flex.jpg\" alt=\"Bezprzewodowa jednostka konferencyjna Televic Confidea Flex\" title=\"\">\n            <\/a><\/div><div class=\"eael-post-list-content\"><h3 class=\"eael-post-list-title\"><a href=\"https:\/\/konferenztechnik.de\/pl\/system-dyskusyjny-televic-confidea-flex\/\" >Televic Confidea Flex \u2013 Jednostka dyskusyjna<\/a><\/h3><p>System Confidea Flex mo\u017cna \u0142atwo dostosowa\u0107 do szerokiej gamy scenariuszy zastosowa\u0144. Od...<\/p><a href=\"https:\/\/konferenztechnik.de\/pl\/system-dyskusyjny-televic-confidea-flex\/\" class=\"eael-post-elements-readmore-btn\" >\u203a wi\u0119cej<\/a><div class=\"boxed-meta\"><\/div><\/div><\/div><\/div><div class=\"eael-post-list-post\"><div class=\"eael-post-list-post-inner\"><div class=\"eael-post-list-thumbnail\"><a href=\"https:\/\/konferenztechnik.de\/pl\/system-dyskusyjny-bosch-dicentis\/\">\n                <img decoding=\"async\" src=\"https:\/\/konferenztechnik.de\/wp-content\/uploads\/2022\/06\/bosch-dicentis-sprechstelle.jpg\" alt=\"Mikrofon konferencyjny Bosch Dicentis z mikrofonem na g\u0119siej szyjce i ma\u0142ym wy\u015bwietlaczem do wprowadzania dodatkowych informacji i danych.\" title=\"\">\n            <\/a><\/div><div class=\"eael-post-list-content\"><h3 class=\"eael-post-list-title\"><a href=\"https:\/\/konferenztechnik.de\/pl\/system-dyskusyjny-bosch-dicentis\/\" >Jednostka dyskusyjna Bosch Dicentis \u2013<\/a><\/h3><p>Dzi\u0119ki du\u017cej elastyczno\u015bci i prostej instalacji bezprzewodowy system konferencyjny DICENTIS...<\/p><a href=\"https:\/\/konferenztechnik.de\/pl\/system-dyskusyjny-bosch-dicentis\/\" class=\"eael-post-elements-readmore-btn\" >\u203a wi\u0119cej<\/a><div class=\"boxed-meta\"><\/div><\/div><\/div><\/div><div class=\"eael-post-list-post\"><div class=\"eael-post-list-post-inner\"><div class=\"eael-post-list-thumbnail\"><a href=\"https:\/\/konferenztechnik.de\/pl\/system-dyskusyjny-sennheiser-adn\/\">\n                <img decoding=\"async\" src=\"https:\/\/konferenztechnik.de\/wp-content\/uploads\/2022\/06\/sennheiser-adn.jpg\" alt=\"Bezprzewodowa jednostka konferencyjna Sennheiser ADN\" title=\"\">\n            <\/a><\/div><div class=\"eael-post-list-content\"><h3 class=\"eael-post-list-title\"><a href=\"https:\/\/konferenztechnik.de\/pl\/system-dyskusyjny-sennheiser-adn\/\" >System dyskusyjny Sennheiser ADN \u2013<\/a><\/h3><p>System konferencyjny ADN jest wyposa\u017cony w skuteczne t\u0142umienie sprz\u0119\u017ce\u0144 zwrotnych. Jest...<\/p><a href=\"https:\/\/konferenztechnik.de\/pl\/system-dyskusyjny-sennheiser-adn\/\" class=\"eael-post-elements-readmore-btn\" >\u203a wi\u0119cej<\/a><div class=\"boxed-meta\"><\/div><\/div><\/div><\/div><div class=\"eael-post-list-post\"><div class=\"eael-post-list-post-inner\"><div class=\"eael-post-list-thumbnail\"><a href=\"https:\/\/konferenztechnik.de\/pl\/system-dyskusyjny-beyerdynamic-quinta\/\">\n                <img decoding=\"async\" src=\"https:\/\/konferenztechnik.de\/wp-content\/uploads\/2022\/06\/beyerdynamic-quinta.jpg\" alt=\"Mikrofon konferencyjny Beyerdynamic Quinta, bezprzewodowy, z g\u0119si\u0105 szyjk\u0105\" title=\"\">\n            <\/a><\/div><div class=\"eael-post-list-content\"><h3 class=\"eael-post-list-title\"><a href=\"https:\/\/konferenztechnik.de\/pl\/system-dyskusyjny-beyerdynamic-quinta\/\" >System dyskusyjny Beyerdynamic Quinta \u2013<\/a><\/h3><p>System Beyerdynamic Quinta zosta\u0142 zaprojektowany z my\u015bl\u0105 o spotkaniach, konferencjach, wideokonferencjach i konferencjach prasowych,...<\/p><a href=\"https:\/\/konferenztechnik.de\/pl\/system-dyskusyjny-beyerdynamic-quinta\/\" class=\"eael-post-elements-readmore-btn\" >\u203a wi\u0119cej<\/a><div class=\"boxed-meta\"><\/div><\/div><\/div><\/div><div class=\"eael-post-list-post\"><div class=\"eael-post-list-post-inner\"><div class=\"eael-post-list-thumbnail\"><a href=\"https:\/\/konferenztechnik.de\/pl\/system-dyskusyjny-bosch\/\">\n                <img decoding=\"async\" src=\"https:\/\/konferenztechnik.de\/wp-content\/uploads\/2023\/06\/bosch-discussion-NG.jpg\" alt=\"Modu\u0142 mikrofonowy Bosch Discussion Next Generation z prze\u0142\u0105cznikiem wyboru j\u0119zyka do wywo\u0142ywania j\u0119zyk\u00f3w t\u0142umaczonych w module mikrofonowym\" title=\"\">\n            <\/a><\/div><div class=\"eael-post-list-content\"><h3 class=\"eael-post-list-title\"><a href=\"https:\/\/konferenztechnik.de\/pl\/system-dyskusyjny-bosch\/\" >Jednostka dyskusyjna Bosch Discussion \u2013<\/a><\/h3><p>Rozwi\u0105zania konferencyjne DCN charakteryzuj\u0105 si\u0119 wszechstronno\u015bci\u0105 i oferuj\u0105 wysoki poziom...<\/p><a href=\"https:\/\/konferenztechnik.de\/pl\/system-dyskusyjny-bosch\/\" class=\"eael-post-elements-readmore-btn\" >\u203a wi\u0119cej<\/a><div class=\"boxed-meta\"><\/div><\/div><\/div><\/div><div class=\"eael-post-list-post\"><div class=\"eael-post-list-post-inner\"><div class=\"eael-post-list-thumbnail\"><a href=\"https:\/\/konferenztechnik.de\/pl\/jednostka-dyskusyjna-bosch-ccs-1000-d\/\">\n                <img decoding=\"async\" src=\"https:\/\/konferenztechnik.de\/wp-content\/uploads\/2023\/06\/sennheiser-ccs-1000-d.jpg\" alt=\"Typ stacji mikrofonowej Bosch CCS 1000 d\" title=\"\">\n            <\/a><\/div><div class=\"eael-post-list-content\"><h3 class=\"eael-post-list-title\"><a href=\"https:\/\/konferenztechnik.de\/pl\/jednostka-dyskusyjna-bosch-ccs-1000-d\/\" >BOSCH CCS 1000 D \u2013 Jednostka dyskusyjna<\/a><\/h3><p>CCS 1000 D imponuje swoj\u0105 prostot\u0105 bez po\u015bwi\u0119cania innowacji technicznych.<\/p><a href=\"https:\/\/konferenztechnik.de\/pl\/jednostka-dyskusyjna-bosch-ccs-1000-d\/\" class=\"eael-post-elements-readmore-btn\" >\u203a wi\u0119cej<\/a><div class=\"boxed-meta\"><\/div><\/div><\/div><\/div><\/div><\/div>\n\t\t<\/div>\t\t\t\t<\/div>\n\t\t\t\t<\/div>\n\t\t\t\t\t<\/div>\n\t\t\t\t<\/div>\n\t\t\t\t<\/div>\n\t\t<\/div>\n\t\t\t\t\t\t<\/div>\n\t\t\t\t<\/div>\n\t\t\t\t\t<\/div>\n\t\t\t\t<\/div>\n\t\t\t\t\t<\/div>\n\t\t\t\t<\/div>\n\t\t<div data-particle_enable=\"false\" data-particle-mobile-disabled=\"false\" class=\"elementor-element elementor-element-56945492 e-flex e-con-boxed e-con e-parent\" data-id=\"56945492\" data-element_type=\"container\">\n\t\t\t\t\t<div class=\"e-con-inner\">\n\t\t\t\t<div class=\"elementor-element elementor-element-64361e57 elementor-widget__width-initial elementor-widget elementor-widget-text-editor\" data-id=\"64361e57\" data-element_type=\"widget\" data-widget_type=\"text-editor.default\">\n\t\t\t\t<div class=\"elementor-widget-container\">\n\t\t\t\t\t\t\t\t\t<p>Friedrichshafen, ze swoj\u0105 centraln\u0105 europejsk\u0105 lokalizacj\u0105 i blisko\u015bci\u0105 Austrii, Szwajcarii i Liechtensteinu, jest idealnym miejscem na targi, spotkania i konferencje. Mo\u017cliwo\u015bci konferencyjne i eventowe obejmuj\u0105 zar\u00f3wno seminaria, jak i wydarzenia na du\u017c\u0105 skal\u0119 z udzia\u0142em do 10 000 os\u00f3b. <br \/><br \/>Je\u015bli planujesz okr\u0105g\u0142y st\u00f3\u0142, dyskusj\u0119 panelow\u0105 lub kongres we Friedrichshafen, mo\u017cesz wynaj\u0105\u0107 pulpity mikrofonowe, mikrofony sto\u0142owe lub \u0142a\u0144cuchy mikrofonowe od PCS Konferenztechnik. Dzi\u0119ki ponad 20-letniemu do\u015bwiadczeniu znamy si\u0119 na systemach konferencyjnych. PCS Konferenztechnik przywi\u0105zuje du\u017c\u0105 wag\u0119 do jako\u015bci i niezawodno\u015bci. Wynajmujemy tylko profesjonalne systemy. Nasza ca\u0142odobowa infolinia jest dost\u0119pna w ka\u017cdej chwili. Otrzymasz kompetentne i spersonalizowane porady, elastyczne wyceny i szybk\u0105 dostaw\u0119 na ca\u0142ym \u015bwiecie. Instalacja i wsparcie na miejscu s\u0105 dla nas oczywisto\u015bci\u0105.<\/p><div class=\"spacer\">\u00a0<\/div>\t\t\t\t\t\t\t\t<\/div>\n\t\t\t\t<\/div>\n\t\t\t\t<div class=\"elementor-element elementor-element-69c582f2 elementor-widget__width-initial elementor-widget elementor-widget-heading\" data-id=\"69c582f2\" data-element_type=\"widget\" data-settings=\"{&quot;_animation&quot;:&quot;none&quot;}\" data-widget_type=\"heading.default\">\n\t\t\t\t<div class=\"elementor-widget-container\">\n\t\t\t\t\t<h2 class=\"elementor-heading-title elementor-size-default\">\u0141a\u0144cuchy mikrofonowe, pulpity mikrofonowe, pulpity mikrofonowe \u2013 do wynaj\u0119cia Friedrichshafen<\/h2>\t\t\t\t<\/div>\n\t\t\t\t<\/div>\n\t\t\t\t<div class=\"elementor-element elementor-element-10facee elementor-widget elementor-widget-image\" data-id=\"10facee\" data-element_type=\"widget\" data-widget_type=\"image.default\">\n\t\t\t\t<div class=\"elementor-widget-container\">\n\t\t\t\t\t\t\t\t\t\t\t\t\t\t\t<img decoding=\"async\" width=\"2550\" height=\"1074\" src=\"https:\/\/konferenztechnik.de\/wp-content\/uploads\/2023\/07\/sprechstellen-mieten-pcs-konferenztechnik-jpg.webp\" class=\"attachment-full size-full wp-image-37195\" alt=\"Widok na rz\u0105d sto\u0142\u00f3w konferencyjnych przygotowanych do spotkania, zaopatrzonych w materia\u0142y pi\u015bmiennicze, napoje i bezprzewodowe mikrofony konferencyjne - wszystko wydaje si\u0119 gotowe do konferencji.\" srcset=\"https:\/\/konferenztechnik.de\/wp-content\/uploads\/2023\/07\/sprechstellen-mieten-pcs-konferenztechnik-jpg.webp 2550w, https:\/\/konferenztechnik.de\/wp-content\/uploads\/2023\/07\/sprechstellen-mieten-pcs-konferenztechnik-300x126.webp 300w, https:\/\/konferenztechnik.de\/wp-content\/uploads\/2023\/07\/sprechstellen-mieten-pcs-konferenztechnik-1024x431.webp 1024w, https:\/\/konferenztechnik.de\/wp-content\/uploads\/2023\/07\/sprechstellen-mieten-pcs-konferenztechnik-768x323.webp 768w, https:\/\/konferenztechnik.de\/wp-content\/uploads\/2023\/07\/sprechstellen-mieten-pcs-konferenztechnik-1536x647.webp 1536w, https:\/\/konferenztechnik.de\/wp-content\/uploads\/2023\/07\/sprechstellen-mieten-pcs-konferenztechnik-2048x863.webp 2048w, https:\/\/konferenztechnik.de\/wp-content\/uploads\/2023\/07\/sprechstellen-mieten-pcs-konferenztechnik-18x8.webp 18w\" sizes=\"(max-width: 2550px) 100vw, 2550px\" title=\"\">\t\t\t\t\t\t\t\t\t\t\t\t\t\t\t<\/div>\n\t\t\t\t<\/div>\n\t\t\t\t<div class=\"elementor-element elementor-element-3bae6774 elementor-align-right elementor-mobile-align-center elementor-widget elementor-widget-button\" data-id=\"3bae6774\" data-element_type=\"widget\" data-widget_type=\"button.default\">\n\t\t\t\t<div class=\"elementor-widget-container\">\n\t\t\t\t\t\t\t\t\t<div class=\"elementor-button-wrapper\">\n\t\t\t\t\t<a class=\"elementor-button elementor-button-link elementor-size-lg\" href=\"#serviceteam\">\n\t\t\t\t\t\t<span class=\"elementor-button-content-wrapper\">\n\t\t\t\t\t\t<span class=\"elementor-button-icon\">\n\t\t\t\t<svg aria-hidden=\"true\" class=\"e-font-icon-svg e-far-arrow-alt-circle-down\" viewbox=\"0 0 512 512\" xmlns=\"http:\/\/www.w3.org\/2000\/svg\"><path d=\"M256 8C119 8 8 119 8 256s111 248 248 248 248-111 248-248S393 8 256 8zm0 448c-110.5 0-200-89.5-200-200S145.5 56 256 56s200 89.5 200 200-89.5 200-200 200zm-32-316v116h-67c-10.7 0-16 12.9-8.5 20.5l99 99c4.7 4.7 12.3 4.7 17 0l99-99c7.6-7.6 2.2-20.5-8.5-20.5h-67V140c0-6.6-5.4-12-12-12h-40c-6.6 0-12 5.4-12 12z\"><\/path><\/svg>\t\t\t<\/span>\n\t\t\t\t\t\t\t\t\t<span class=\"elementor-button-text\">Zapytaj teraz<\/span>\n\t\t\t\t\t<\/span>\n\t\t\t\t\t<\/a>\n\t\t\t\t<\/div>\n\t\t\t\t\t\t\t\t<\/div>\n\t\t\t\t<\/div>\n\t\t\t\t<div class=\"elementor-element elementor-element-130b2ddb elementor-widget__width-inherit elementor-widget elementor-widget-text-editor\" data-id=\"130b2ddb\" data-element_type=\"widget\" data-widget_type=\"text-editor.default\">\n\t\t\t\t<div class=\"elementor-widget-container\">\n\t\t\t\t\t\t\t\t\t<p>W naszym magazynie w Monachium zawsze posiadamy szerok\u0105 gam\u0119 pulpit\u00f3w mikrofonowych w du\u017cych ilo\u015bciach. Friedrichshafen jest predestynowane do organizowania mi\u0119dzynarodowych targ\u00f3w i kongres\u00f3w ze wzgl\u0119du na swoje centralne i malownicze po\u0142o\u017cenie. Wszystkie nasze pulpity mikrofonowe s\u0105 wyposa\u017cone w z\u0142\u0105cze s\u0142uchawkowe z prze\u0142\u0105cznikiem kana\u0142\u00f3w dla sygna\u0142\u00f3w t\u0142umacza, dzi\u0119ki czemu uczestnicy mog\u0105 nawet odbiera\u0107 sw\u00f3j t\u0142umaczony j\u0119zyk narodowy bezpo\u015brednio na pulpicie mikrofonowym.<\/p><p>Sygna\u0142 mikrofonowy z pulpit\u00f3w mikrofonowych mo\u017ce by\u0107 odtwarzany przez wewn\u0119trzne g\u0142o\u015bniki w samych pulpitach mikrofonowych. Mo\u017cliwe jest r\u00f3wnie\u017c pod\u0142\u0105czenie do istniej\u0105cych system\u00f3w nag\u0142o\u015bnieniowych.<\/p><p>Do wyboru s\u0105 bezprzewodowe i przewodowe mikrofony biurkowe. Podczas gdy bezprzewodowe jednostki mikrofonowe s\u0105 idealne do elastycznych aran\u017cacji miejsc siedz\u0105cych ze wzgl\u0119du na ich szybk\u0105 i \u0142atw\u0105 konfiguracj\u0119, konwersj\u0119 i demonta\u017c, przewodowe \u0142a\u0144cuchy mikrofonowe nie podlegaj\u0105 zewn\u0119trznym zak\u0142\u00f3ceniom fal radiowych.<\/p><p>W zale\u017cno\u015bci od wydarzenia z przyjemno\u015bci\u0105 doradzimy w zakresie naszych system\u00f3w dyskusyjnych i b\u0119dziemy wsp\u00f3\u0142pracowa\u0107 z Tob\u0105 w celu znalezienia najbardziej odpowiedniego systemu.<\/p>\t\t\t\t\t\t\t\t<\/div>\n\t\t\t\t<\/div>\n\t\t\t\t<div class=\"elementor-element elementor-element-62a9824a elementor-widget elementor-widget-heading\" data-id=\"62a9824a\" data-element_type=\"widget\" data-settings=\"{&quot;_animation&quot;:&quot;none&quot;}\" data-widget_type=\"heading.default\">\n\t\t\t\t<div class=\"elementor-widget-container\">\n\t\t\t\t\t<h2 class=\"elementor-heading-title elementor-size-default\">Stacje interkomowe do wynaj\u0119cia Friedrichshafen z naszymi nast\u0119puj\u0105cymi producentami:<\/h2>\t\t\t\t<\/div>\n\t\t\t\t<\/div>\n\t\t\t\t<div class=\"elementor-element elementor-element-17d86ebf elementor-widget__width-inherit elementor-widget elementor-widget-text-editor\" data-id=\"17d86ebf\" data-element_type=\"widget\" data-widget_type=\"text-editor.default\">\n\t\t\t\t<div class=\"elementor-widget-container\">\n\t\t\t\t\t\t\t\t\t<p>Nasze portfolio obejmuje zar\u00f3wno mikrofony bezprzewodowe, jak i przewodowe. Podczas gdy bezprzewodowe modu\u0142y mikrofonowe s\u0105 bardzo \u0142atwe i szybkie w monta\u017cu i demonta\u017cu oraz zapewniaj\u0105 elastyczne rozmieszczenie miejsc siedz\u0105cych bez irytuj\u0105cych kabli, przewodowe mikrofony konferencyjne s\u0105 mniej podatne na zewn\u0119trzne zak\u0142\u00f3cenia fal radiowych i dobrze nadaj\u0105 si\u0119 do bardzo du\u017cych grup.<\/p><p>\u00a0<\/p><p>W PCS Konferenztechnik we Friedrichshafen mo\u017cna wypo\u017cyczy\u0107 pulpity mikrofonowe nast\u0119puj\u0105cych producent\u00f3w:<\/p>\t\t\t\t\t\t\t\t<\/div>\n\t\t\t\t<\/div>\n\t\t\t\t<div class=\"elementor-element elementor-element-467c601f elementor-icon-list--layout-traditional elementor-list-item-link-full_width elementor-widget elementor-widget-icon-list\" data-id=\"467c601f\" data-element_type=\"widget\" data-widget_type=\"icon-list.default\">\n\t\t\t\t<div class=\"elementor-widget-container\">\n\t\t\t\t\t\t\t<ul class=\"elementor-icon-list-items\">\n\t\t\t\t\t\t\t<li class=\"elementor-icon-list-item\">\n\t\t\t\t\t\t\t\t\t\t\t<a href=\"https:\/\/konferenztechnik.de\/pl\/system-dyskusyjny-bosch-dicentis\/\">\n\n\t\t\t\t\t\t\t\t\t\t\t\t<span class=\"elementor-icon-list-icon\">\n\t\t\t\t\t\t\t<svg aria-hidden=\"true\" class=\"e-font-icon-svg e-fas-check\" viewbox=\"0 0 512 512\" xmlns=\"http:\/\/www.w3.org\/2000\/svg\"><path d=\"M173.898 439.404l-166.4-166.4c-9.997-9.997-9.997-26.206 0-36.204l36.203-36.204c9.997-9.998 26.207-9.998 36.204 0L192 312.69 432.095 72.596c9.997-9.997 26.207-9.997 36.204 0l36.203 36.204c9.997 9.997 9.997 26.206 0 36.204l-294.4 294.401c-9.998 9.997-26.207 9.997-36.204-.001z\"><\/path><\/svg>\t\t\t\t\t\t<\/span>\n\t\t\t\t\t\t\t\t\t\t<span class=\"elementor-icon-list-text\">Pulpity mikrofonowe Bosch Dicentis \u2013 Bezprzewodowy system konferencyjny<\/span>\n\t\t\t\t\t\t\t\t\t\t\t<\/a>\n\t\t\t\t\t\t\t\t\t<\/li>\n\t\t\t\t\t\t\t\t<li class=\"elementor-icon-list-item\">\n\t\t\t\t\t\t\t\t\t\t\t<a href=\"https:\/\/konferenztechnik.de\/pl\/system-dyskusyjny-televic-confidea-flex\/\">\n\n\t\t\t\t\t\t\t\t\t\t\t\t<span class=\"elementor-icon-list-icon\">\n\t\t\t\t\t\t\t<svg aria-hidden=\"true\" class=\"e-font-icon-svg e-fas-check\" viewbox=\"0 0 512 512\" xmlns=\"http:\/\/www.w3.org\/2000\/svg\"><path d=\"M173.898 439.404l-166.4-166.4c-9.997-9.997-9.997-26.206 0-36.204l36.203-36.204c9.997-9.998 26.207-9.998 36.204 0L192 312.69 432.095 72.596c9.997-9.997 26.207-9.997 36.204 0l36.203 36.204c9.997 9.997 9.997 26.206 0 36.204l-294.4 294.401c-9.998 9.997-26.207 9.997-36.204-.001z\"><\/path><\/svg>\t\t\t\t\t\t<\/span>\n\t\t\t\t\t\t\t\t\t\t<span class=\"elementor-icon-list-text\">Bezprzewodowy system konferencyjny Televic Confidea Flex z mikrofonami \u2013<\/span>\n\t\t\t\t\t\t\t\t\t\t\t<\/a>\n\t\t\t\t\t\t\t\t\t<\/li>\n\t\t\t\t\t\t\t\t<li class=\"elementor-icon-list-item\">\n\t\t\t\t\t\t\t\t\t\t\t<a href=\"https:\/\/konferenztechnik.de\/pl\/jednostka-dyskusyjna-bosch-ccs-1000-d\/\">\n\n\t\t\t\t\t\t\t\t\t\t\t\t<span class=\"elementor-icon-list-icon\">\n\t\t\t\t\t\t\t<svg aria-hidden=\"true\" class=\"e-font-icon-svg e-fas-check\" viewbox=\"0 0 512 512\" xmlns=\"http:\/\/www.w3.org\/2000\/svg\"><path d=\"M173.898 439.404l-166.4-166.4c-9.997-9.997-9.997-26.206 0-36.204l36.203-36.204c9.997-9.998 26.207-9.998 36.204 0L192 312.69 432.095 72.596c9.997-9.997 26.207-9.997 36.204 0l36.203 36.204c9.997 9.997 9.997 26.206 0 36.204l-294.4 294.401c-9.998 9.997-26.207 9.997-36.204-.001z\"><\/path><\/svg>\t\t\t\t\t\t<\/span>\n\t\t\t\t\t\t\t\t\t\t<span class=\"elementor-icon-list-text\">BOSCH CCS 1000 D \u2013 Jednostka dyskusyjna<\/span>\n\t\t\t\t\t\t\t\t\t\t\t<\/a>\n\t\t\t\t\t\t\t\t\t<\/li>\n\t\t\t\t\t\t\t\t<li class=\"elementor-icon-list-item\">\n\t\t\t\t\t\t\t\t\t\t\t<a href=\"https:\/\/konferenztechnik.de\/pl\/system-dyskusyjny-bosch\/\">\n\n\t\t\t\t\t\t\t\t\t\t\t\t<span class=\"elementor-icon-list-icon\">\n\t\t\t\t\t\t\t<svg aria-hidden=\"true\" class=\"e-font-icon-svg e-fas-check\" viewbox=\"0 0 512 512\" xmlns=\"http:\/\/www.w3.org\/2000\/svg\"><path d=\"M173.898 439.404l-166.4-166.4c-9.997-9.997-9.997-26.206 0-36.204l36.203-36.204c9.997-9.998 26.207-9.998 36.204 0L192 312.69 432.095 72.596c9.997-9.997 26.207-9.997 36.204 0l36.203 36.204c9.997 9.997 9.997 26.206 0 36.204l-294.4 294.401c-9.998 9.997-26.207 9.997-36.204-.001z\"><\/path><\/svg>\t\t\t\t\t\t<\/span>\n\t\t\t\t\t\t\t\t\t\t<span class=\"elementor-icon-list-text\">Przewodowy system konferencyjny Bosch \u2013 (w tym kana\u0142y t\u0142umacze\u0144 ustnych\/translacji)<\/span>\n\t\t\t\t\t\t\t\t\t\t\t<\/a>\n\t\t\t\t\t\t\t\t\t<\/li>\n\t\t\t\t\t\t\t\t<li class=\"elementor-icon-list-item\">\n\t\t\t\t\t\t\t\t\t\t\t<a href=\"https:\/\/konferenztechnik.de\/pl\/systemy-dyskusyjne-pulpity-mikrofonowe-wynajem-kupno-instalacja-leasing\/\">\n\n\t\t\t\t\t\t\t\t\t\t\t\t<span class=\"elementor-icon-list-icon\">\n\t\t\t\t\t\t\t<svg aria-hidden=\"true\" class=\"e-font-icon-svg e-fas-check\" viewbox=\"0 0 512 512\" xmlns=\"http:\/\/www.w3.org\/2000\/svg\"><path d=\"M173.898 439.404l-166.4-166.4c-9.997-9.997-9.997-26.206 0-36.204l36.203-36.204c9.997-9.998 26.207-9.998 36.204 0L192 312.69 432.095 72.596c9.997-9.997 26.207-9.997 36.204 0l36.203 36.204c9.997 9.997 9.997 26.206 0 36.204l-294.4 294.401c-9.998 9.997-26.207 9.997-36.204-.001z\"><\/path><\/svg>\t\t\t\t\t\t<\/span>\n\t\t\t\t\t\t\t\t\t\t<span class=\"elementor-icon-list-text\">I wiele wi\u0119cej...<\/span>\n\t\t\t\t\t\t\t\t\t\t\t<\/a>\n\t\t\t\t\t\t\t\t\t<\/li>\n\t\t\t\t\t\t<\/ul>\n\t\t\t\t\t\t<\/div>\n\t\t\t\t<\/div>\n\t\t\t\t<div class=\"elementor-element elementor-element-11ca343b elementor-widget elementor-widget-image\" data-id=\"11ca343b\" data-element_type=\"widget\" data-widget_type=\"image.default\">\n\t\t\t\t<div class=\"elementor-widget-container\">\n\t\t\t\t\t\t\t\t\t\t\t\t\t\t\t<img decoding=\"async\" width=\"1200\" height=\"450\" src=\"https:\/\/konferenztechnik.de\/wp-content\/uploads\/2016\/10\/events-berlin.jpg\" class=\"attachment-full size-full wp-image-8486\" alt=\"\" srcset=\"https:\/\/konferenztechnik.de\/wp-content\/uploads\/2016\/10\/events-berlin.jpg 1200w, https:\/\/konferenztechnik.de\/wp-content\/uploads\/2016\/10\/events-berlin-300x113.jpg 300w, https:\/\/konferenztechnik.de\/wp-content\/uploads\/2016\/10\/events-berlin-1024x384.jpg 1024w, https:\/\/konferenztechnik.de\/wp-content\/uploads\/2016\/10\/events-berlin-768x288.jpg 768w\" sizes=\"(max-width: 1200px) 100vw, 1200px\" title=\"\">\t\t\t\t\t\t\t\t\t\t\t\t\t\t\t<\/div>\n\t\t\t\t<\/div>\n\t\t<div data-particle_enable=\"false\" data-particle-mobile-disabled=\"false\" class=\"elementor-element elementor-element-28669096 e-flex e-con-boxed e-con e-child\" data-id=\"28669096\" data-element_type=\"container\">\n\t\t\t\t\t<div class=\"e-con-inner\">\n\t\t\t\t<div class=\"elementor-element elementor-element-4cddd22a elementor-align-left elementor-widget elementor-widget-button\" data-id=\"4cddd22a\" data-element_type=\"widget\" data-widget_type=\"button.default\">\n\t\t\t\t<div class=\"elementor-widget-container\">\n\t\t\t\t\t\t\t\t\t<div class=\"elementor-button-wrapper\">\n\t\t\t\t\t<a class=\"elementor-button elementor-button-link elementor-size-lg\" href=\"#serviceteam\">\n\t\t\t\t\t\t<span class=\"elementor-button-content-wrapper\">\n\t\t\t\t\t\t<span class=\"elementor-button-icon\">\n\t\t\t\t<svg aria-hidden=\"true\" class=\"e-font-icon-svg e-far-arrow-alt-circle-down\" viewbox=\"0 0 512 512\" xmlns=\"http:\/\/www.w3.org\/2000\/svg\"><path d=\"M256 8C119 8 8 119 8 256s111 248 248 248 248-111 248-248S393 8 256 8zm0 448c-110.5 0-200-89.5-200-200S145.5 56 256 56s200 89.5 200 200-89.5 200-200 200zm-32-316v116h-67c-10.7 0-16 12.9-8.5 20.5l99 99c4.7 4.7 12.3 4.7 17 0l99-99c7.6-7.6 2.2-20.5-8.5-20.5h-67V140c0-6.6-5.4-12-12-12h-40c-6.6 0-12 5.4-12 12z\"><\/path><\/svg>\t\t\t<\/span>\n\t\t\t\t\t\t\t\t\t<span class=\"elementor-button-text\">Zapytaj teraz<\/span>\n\t\t\t\t\t<\/span>\n\t\t\t\t\t<\/a>\n\t\t\t\t<\/div>\n\t\t\t\t\t\t\t\t<\/div>\n\t\t\t\t<\/div>\n\t\t\t\t\t<\/div>\n\t\t\t\t<\/div>\n\t\t\t\t<div class=\"elementor-element elementor-element-59783aa4 elementor-widget__width-initial elementor-widget elementor-widget-heading\" data-id=\"59783aa4\" data-element_type=\"widget\" data-settings=\"{&quot;_animation&quot;:&quot;none&quot;}\" data-widget_type=\"heading.default\">\n\t\t\t\t<div class=\"elementor-widget-container\">\n\t\t\t\t\t<h2 class=\"elementor-heading-title elementor-size-default\">Stacje interkomowe i systemy konferencyjne mo\u017cna \u0142\u0105czy\u0107 z innymi technologiami<\/h2>\t\t\t\t<\/div>\n\t\t\t\t<\/div>\n\t\t\t\t<div class=\"elementor-element elementor-element-786efc23 elementor-widget__width-inherit elementor-widget elementor-widget-text-editor\" data-id=\"786efc23\" data-element_type=\"widget\" data-widget_type=\"text-editor.default\">\n\t\t\t\t<div class=\"elementor-widget-container\">\n\t\t\t\t\t\t\t\t\t<p>Potrzebujesz kabin do t\u0142umacze\u0144 ustnych lub sprz\u0119tu do t\u0142umacze\u0144 ustnych? Nie ma problemu! Mo\u017cna je r\u00f3wnie\u017c u nas wynaj\u0105\u0107. Niezale\u017cnie od tego, czy jest to technologia z naszej oferty wynajmu, czy istniej\u0105cy sprz\u0119t konferencyjny, technologia konferencyjna PCS mo\u017ce by\u0107 \u0142atwo \u0142\u0105czona z innymi technologiami eventowymi. Nasi koledzy z Monachium z przyjemno\u015bci\u0105 doradz\u0105 w wyborze odpowiednich system\u00f3w konferencyjnych na Twoje wydarzenie.<\/p>\t\t\t\t\t\t\t\t<\/div>\n\t\t\t\t<\/div>\n\t\t\t\t<div class=\"elementor-element elementor-element-1e65530a elementor-widget elementor-widget-eael-adv-accordion\" data-id=\"1e65530a\" data-element_type=\"widget\" data-widget_type=\"eael-adv-accordion.default\">\n\t\t\t\t<div class=\"elementor-widget-container\">\n\t\t\t\t\t            <div class=\"eael-adv-accordion\" id=\"eael-adv-accordion-1e65530a\" data-scroll-on-click=\"no\" data-scroll-speed=\"300\" data-accordion-id=\"1e65530a\" data-accordion-type=\"accordion\" data-toogle-speed=\"300\">\n            <div class=\"eael-accordion-list\">\n\t\t\t\t\t<div id=\"veranstaltungsorte-fr-events-und-kongresse-in-friedrichshafen\" class=\"elementor-tab-title eael-accordion-header\" tabindex=\"0\" data-tab=\"1\" aria-controls=\"elementor-tab-content-5091\"><span class=\"eael-advanced-accordion-icon-closed\"><svg aria-hidden=\"true\" class=\"fa-accordion-icon e-font-icon-svg e-fas-plus\" viewbox=\"0 0 448 512\" xmlns=\"http:\/\/www.w3.org\/2000\/svg\"><path d=\"M416 208H272V64c0-17.67-14.33-32-32-32h-32c-17.67 0-32 14.33-32 32v144H32c-17.67 0-32 14.33-32 32v32c0 17.67 14.33 32 32 32h144v144c0 17.67 14.33 32 32 32h32c17.67 0 32-14.33 32-32V304h144c17.67 0 32-14.33 32-32v-32c0-17.67-14.33-32-32-32z\"><\/path><\/svg><\/span><span class=\"eael-advanced-accordion-icon-opened\"><svg aria-hidden=\"true\" class=\"fa-accordion-icon e-font-icon-svg e-fas-minus\" viewbox=\"0 0 448 512\" xmlns=\"http:\/\/www.w3.org\/2000\/svg\"><path d=\"M416 208H32c-17.67 0-32 14.33-32 32v32c0 17.67 14.33 32 32 32h384c17.67 0 32-14.33 32-32v-32c0-17.67-14.33-32-32-32z\"><\/path><\/svg><\/span><span class=\"eael-accordion-tab-title\">Miejsca na imprezy i kongresy w Friedrichshafen<\/span><svg aria-hidden=\"true\" class=\"fa-toggle e-font-icon-svg e-fas-angle-right\" viewbox=\"0 0 256 512\" xmlns=\"http:\/\/www.w3.org\/2000\/svg\"><path d=\"M224.3 273l-136 136c-9.4 9.4-24.6 9.4-33.9 0l-22.6-22.6c-9.4-9.4-9.4-24.6 0-33.9l96.4-96.4-96.4-96.4c-9.4-9.4-9.4-24.6 0-33.9L54.3 103c9.4-9.4 24.6-9.4 33.9 0l136 136c9.5 9.4 9.5 24.6.1 34z\"><\/path><\/svg><\/div><div id=\"elementor-tab-content-5091\" class=\"eael-accordion-content clearfix\" data-tab=\"1\" aria-labelledby=\"veranstaltungsorte-fr-events-und-kongresse-in-friedrichshafen\"><ul><li>Centrum wystawowe Friedrichshafen<\/li><li>Graf-Zeppelin-Haus \u2013 GZH<\/li><li>Hugo-Eckener-Saal w GZH<\/li><li>Hala Ludwiga D\u00fcrra w GZH<\/li><li>Uniwersytet Zeppelin<\/li><li>Kamyki w k42<\/li><li>s'Wirtshaus<\/li><li>Muzeum Dorniera<\/li><li>Muzeum Zeppelin\u00f3w<\/li><\/ul><\/div>\n\t\t\t\t\t<\/div><div class=\"eael-accordion-list\">\n\t\t\t\t\t<div id=\"die-wichtigsten-veranstaltungshotels-in-friedrichshafen\" class=\"elementor-tab-title eael-accordion-header\" tabindex=\"0\" data-tab=\"2\" aria-controls=\"elementor-tab-content-5092\"><span class=\"eael-advanced-accordion-icon-closed\"><svg aria-hidden=\"true\" class=\"fa-accordion-icon e-font-icon-svg e-fas-plus\" viewbox=\"0 0 448 512\" xmlns=\"http:\/\/www.w3.org\/2000\/svg\"><path d=\"M416 208H272V64c0-17.67-14.33-32-32-32h-32c-17.67 0-32 14.33-32 32v144H32c-17.67 0-32 14.33-32 32v32c0 17.67 14.33 32 32 32h144v144c0 17.67 14.33 32 32 32h32c17.67 0 32-14.33 32-32V304h144c17.67 0 32-14.33 32-32v-32c0-17.67-14.33-32-32-32z\"><\/path><\/svg><\/span><span class=\"eael-advanced-accordion-icon-opened\"><svg aria-hidden=\"true\" class=\"fa-accordion-icon e-font-icon-svg e-fas-minus\" viewbox=\"0 0 448 512\" xmlns=\"http:\/\/www.w3.org\/2000\/svg\"><path d=\"M416 208H32c-17.67 0-32 14.33-32 32v32c0 17.67 14.33 32 32 32h384c17.67 0 32-14.33 32-32v-32c0-17.67-14.33-32-32-32z\"><\/path><\/svg><\/span><span class=\"eael-accordion-tab-title\">Najwa\u017cniejsze hotele na imprezy w Friedrichshafen<\/span><svg aria-hidden=\"true\" class=\"fa-toggle e-font-icon-svg e-fas-angle-right\" viewbox=\"0 0 256 512\" xmlns=\"http:\/\/www.w3.org\/2000\/svg\"><path d=\"M224.3 273l-136 136c-9.4 9.4-24.6 9.4-33.9 0l-22.6-22.6c-9.4-9.4-9.4-24.6 0-33.9l96.4-96.4-96.4-96.4c-9.4-9.4-9.4-24.6 0-33.9L54.3 103c9.4-9.4 24.6-9.4 33.9 0l136 136c9.5 9.4 9.5 24.6.1 34z\"><\/path><\/svg><\/div><div id=\"elementor-tab-content-5092\" class=\"eael-accordion-content clearfix\" data-tab=\"2\" aria-labelledby=\"die-wichtigsten-veranstaltungshotels-in-friedrichshafen\"><ul><li>Comfort Hotel Friedrichshafen<\/li><li>Hotel Bad Schachen<\/li><li>Ringhotel Krone<\/li><li>Hotel Gerbe<\/li><li>Mindnesshotel Bischofschloss<\/li><li>Pensjonat St. Theresia<\/li><li>Bodenseehotel Sonnenhof<\/li><li>Parkhotel St. Leonhard (\u00dcberlingen)<\/li><\/ul><\/div>\n\t\t\t\t\t<\/div><div class=\"eael-accordion-list\">\n\t\t\t\t\t<div id=\"messe-friedrichshafen-und-die-wichtigsten-messetermine\" class=\"elementor-tab-title eael-accordion-header\" tabindex=\"0\" data-tab=\"3\" aria-controls=\"elementor-tab-content-5093\"><span class=\"eael-advanced-accordion-icon-closed\"><svg aria-hidden=\"true\" class=\"fa-accordion-icon e-font-icon-svg e-fas-plus\" viewbox=\"0 0 448 512\" xmlns=\"http:\/\/www.w3.org\/2000\/svg\"><path d=\"M416 208H272V64c0-17.67-14.33-32-32-32h-32c-17.67 0-32 14.33-32 32v144H32c-17.67 0-32 14.33-32 32v32c0 17.67 14.33 32 32 32h144v144c0 17.67 14.33 32 32 32h32c17.67 0 32-14.33 32-32V304h144c17.67 0 32-14.33 32-32v-32c0-17.67-14.33-32-32-32z\"><\/path><\/svg><\/span><span class=\"eael-advanced-accordion-icon-opened\"><svg aria-hidden=\"true\" class=\"fa-accordion-icon e-font-icon-svg e-fas-minus\" viewbox=\"0 0 448 512\" xmlns=\"http:\/\/www.w3.org\/2000\/svg\"><path d=\"M416 208H32c-17.67 0-32 14.33-32 32v32c0 17.67 14.33 32 32 32h384c17.67 0 32-14.33 32-32v-32c0-17.67-14.33-32-32-32z\"><\/path><\/svg><\/span><span class=\"eael-accordion-tab-title\">Messe Friedrichshafen i najwa\u017cniejsze daty targ\u00f3w<\/span><svg aria-hidden=\"true\" class=\"fa-toggle e-font-icon-svg e-fas-angle-right\" viewbox=\"0 0 256 512\" xmlns=\"http:\/\/www.w3.org\/2000\/svg\"><path d=\"M224.3 273l-136 136c-9.4 9.4-24.6 9.4-33.9 0l-22.6-22.6c-9.4-9.4-9.4-24.6 0-33.9l96.4-96.4-96.4-96.4c-9.4-9.4-9.4-24.6 0-33.9L54.3 103c9.4-9.4 24.6-9.4 33.9 0l136 136c9.5 9.4 9.5 24.6.1 34z\"><\/path><\/svg><\/div><div id=\"elementor-tab-content-5093\" class=\"eael-accordion-content clearfix\" data-tab=\"3\" aria-labelledby=\"messe-friedrichshafen-und-die-wichtigsten-messetermine\"><ul><li>MMB<\/li><li>\u015awiat motocykli Jezioro Bode\u0144skie<\/li><li>Turning Days<\/li><li>wszystko o automatyzacji friedrichshafen<\/li><li>AQUA-FISH<\/li><li>IBO<\/li><li>GARDEN &amp; AMBIENCE BODENSEE<\/li><li>Nowy BauEn<\/li><li>WAKACJE CZAS WOLNY PODR\u00d3\u017bE<\/li><li>e MOBILITY WORLD<\/li><li>AERO Friedrichshafen<\/li><li>RDA Group Travel Expo<\/li><li>Tuning World Bodensee<\/li><li>Klassikwelt Bodensee<\/li><li>OutDoor<\/li><li>EUROBIKE<\/li><li>INTERBOOT<\/li><li>InterDive<\/li><li>Fakuma<\/li><li>Fascination Modelling Friedrichshafen<\/li><li>Budowa domu Energia<\/li><\/ul><\/div>\n\t\t\t\t\t<\/div><\/div>\t\t\t\t<\/div>\n\t\t\t\t<\/div>\n\t\t\t\t\t<\/div>\n\t\t\t\t<\/div>\n\t\t<div data-particle_enable=\"false\" data-particle-mobile-disabled=\"false\" class=\"elementor-element elementor-element-6dd165c4 e-flex e-con-boxed e-con e-parent\" data-id=\"6dd165c4\" data-element_type=\"container\">\n\t\t\t\t\t<div class=\"e-con-inner\">\n\t\t\t\t<div class=\"elementor-element elementor-element-2fe9b10b elementor-widget elementor-widget-shortcode\" data-id=\"2fe9b10b\" data-element_type=\"widget\" data-widget_type=\"shortcode.default\">\n\t\t\t\t<div class=\"elementor-widget-container\">\n\t\t\t\t\t\t\t<div class=\"elementor-shortcode\"><\/div>\n\t\t\t\t\t\t<\/div>\n\t\t\t\t<\/div>\n\t\t\t\t\t<\/div>\n\t\t\t\t<\/div>\n\t\t\t\t<\/div>","protected":false},"excerpt":{"rendered":"<p>Sprechstellen mieten Friedrichshafen \u2013 Verleih von Tischsprechstellen, Konferenzanlagen und Diskussionssprechstellen in der Zeppelinstadt Friedrichshafen Jetzt anfragen Friedrichshafen ist mit seiner zentralen Europa-Lage und in Nachbarschaft zu \u00d6sterreich, der Schweiz und Liechtenstein ein idealer Ort f\u00fcr Messen, Tagungen und Konferenzen. Die Tagungs- und Veranstaltungskapazit\u00e4ten reichen vom Seminar bis zur Gro\u00dfveranstaltung mit bis zu 10.000 Personen. Planen [&hellip;]<\/p>","protected":false},"author":1,"featured_media":45482,"parent":0,"menu_order":0,"comment_status":"closed","ping_status":"closed","template":"","meta":{"_acf_changed":false,"footnotes":""},"class_list":["post-12059","page","type-page","status-publish","has-post-thumbnail","hentry"],"acf":[],"_links":{"self":[{"href":"https:\/\/konferenztechnik.de\/pl\/wp-json\/wp\/v2\/pages\/12059","targetHints":{"allow":["GET"]}}],"collection":[{"href":"https:\/\/konferenztechnik.de\/pl\/wp-json\/wp\/v2\/pages"}],"about":[{"href":"https:\/\/konferenztechnik.de\/pl\/wp-json\/wp\/v2\/types\/page"}],"author":[{"embeddable":true,"href":"https:\/\/konferenztechnik.de\/pl\/wp-json\/wp\/v2\/users\/1"}],"replies":[{"embeddable":true,"href":"https:\/\/konferenztechnik.de\/pl\/wp-json\/wp\/v2\/comments?post=12059"}],"version-history":[{"count":0,"href":"https:\/\/konferenztechnik.de\/pl\/wp-json\/wp\/v2\/pages\/12059\/revisions"}],"wp:featuredmedia":[{"embeddable":true,"href":"https:\/\/konferenztechnik.de\/pl\/wp-json\/wp\/v2\/media\/45482"}],"wp:attachment":[{"href":"https:\/\/konferenztechnik.de\/pl\/wp-json\/wp\/v2\/media?parent=12059"}],"curies":[{"name":"wp","href":"https:\/\/api.w.org\/{rel}","templated":true}]}}