{"id":12456,"date":"2018-02-06T10:01:05","date_gmt":"2018-02-06T09:01:05","guid":{"rendered":"https:\/\/www.konferenztechnik.de\/?page_id=12456"},"modified":"2023-09-01T13:14:59","modified_gmt":"2023-09-01T11:14:59","slug":"system-komunikacji-beyerdynamic-unite","status":"publish","type":"page","link":"https:\/\/konferenztechnik.de\/pl\/system-komunikacji-beyerdynamic-unite\/","title":{"rendered":"System komunikacji Beyerdynamic UNITE"},"content":{"rendered":"<h1>Cyfrowy system komunikacji bezprzewodowej Beyerdynamic UNITE \u2013<\/h1>\n<p><img fetchpriority=\"high\" decoding=\"async\" width=\"850\" height=\"618\" src=\"https:\/\/konferenztechnik.de\/wp-content\/uploads\/2018\/02\/bayerdynamic-unite-fuehrungsanlage.jpg\" alt=\"System naprowadzania Beyerdynamic UNITE\" class=\"alignleft size-full wp-image-12467\" title=\"\" srcset=\"https:\/\/konferenztechnik.de\/wp-content\/uploads\/2018\/02\/bayerdynamic-unite-fuehrungsanlage.jpg 850w, https:\/\/konferenztechnik.de\/wp-content\/uploads\/2018\/02\/bayerdynamic-unite-fuehrungsanlage-300x218.jpg 300w, https:\/\/konferenztechnik.de\/wp-content\/uploads\/2018\/02\/bayerdynamic-unite-fuehrungsanlage-768x558.jpg 768w\" sizes=\"(max-width: 850px) 100vw, 850px\" \/><\/p>\n<p>Beyerdynamic zaprezentowa\u0142 nowy system komunikacji UNITE na targach ISE 2018 w Amsterdamie. Beyerdynamic UNITE to nowoczesny system prowadzenia zwiedzaj\u0105cych. Nowa funkcja \"Multi-Way-Communication\" umo\u017cliwia nawi\u0105zanie dialogu z publiczno\u015bci\u0105. Uczestnicy mog\u0105 zadawa\u0107 pytania bezpo\u015brednio przez odbiornik, s\u0142yszalne dla wszystkich. Jednocze\u015bnie w systemie mog\u0105 wypowiada\u0107 si\u0119 maksymalnie trzy osoby. Oznacza to, \u017ce mo\u017cliwe jest teraz r\u00f3wnie\u017c w\u0142\u0105czenie do komunikacji dodatkowych przewodnik\u00f3w lub t\u0142umaczy szeptanych.<\/p>\n<h2>Najwa\u017cniejsze cechy systemu UNITE<\/h2>\n<div id=\"newscontainer\">\n<div class=\"newskasten\">\n<img decoding=\"async\" width=\"83\" height=\"83\" src=\"https:\/\/konferenztechnik.de\/wp-content\/uploads\/2018\/02\/Schnittstellen-fuer-Toneinspielungen.png\" alt=\"5 interfejs\u00f3w do nagra\u0144 d\u017awi\u0119kowych\" class=\"size-full wp-image-12474\" title=\"\"><br \/>\n[clear]<br \/>\n5 interfejs\u00f3w do nagra\u0144 d\u017awi\u0119kowych<\/div>\n<div class=\"newskasten\">\n<img decoding=\"async\" width=\"83\" height=\"83\" src=\"https:\/\/konferenztechnik.de\/wp-content\/uploads\/2018\/02\/Automatic-Level-Control.png\" alt=\"Automatyczna kontrola poziomu\" class=\"alignleft size-full wp-image-12463\" title=\"\"><br \/>\n[clear]<br \/>\nAutomatyczna regulacja poziomu i redukcja szum\u00f3w<\/div>\n<div class=\"newskasten\">\n<img loading=\"lazy\" decoding=\"async\" width=\"83\" height=\"83\" src=\"https:\/\/konferenztechnik.de\/wp-content\/uploads\/2018\/02\/gleichzeitig-sprechen.png\" alt=\"Trzy osoby mog\u0105 m\u00f3wi\u0107 w tym samym czasie\" class=\"size-full wp-image-12471\" title=\"\"><br \/>\n[clear]<br \/>\nDo trzech g\u0142o\u015bnik\u00f3w jednocze\u015bnie<\/div>\n<div class=\"newskasten\">\n<img loading=\"lazy\" decoding=\"async\" width=\"83\" height=\"83\" src=\"https:\/\/konferenztechnik.de\/wp-content\/uploads\/2018\/02\/biderektionale-uebertragung-1.png\" alt=\"Komunikacja dwukierunkowa\" class=\"alignleft size-full wp-image-12477\" title=\"\"><br \/>\n[clear]<br \/>\nKomunikacja dwukierunkowa<\/div>\n<div class=\"newskasten\">\n<img loading=\"lazy\" decoding=\"async\" width=\"83\" height=\"83\" src=\"https:\/\/konferenztechnik.de\/wp-content\/uploads\/2018\/02\/dect.png\" alt=\"Beyerdynamic UNITE DECT standard\" class=\"alignleft size-full wp-image-12470\" title=\"\"><br \/>\n[clear]<br \/>\nStandard DECT<\/div>\n<div class=\"newskasten\">\n<img loading=\"lazy\" decoding=\"async\" src=\"https:\/\/konferenztechnik.de\/wp-content\/uploads\/2018\/02\/32-Gruppen-Gleichzeitig.png\" alt=\"32 grupy lub kana\u0142y r\u00f3wnoleg\u0142e\" width=\"83\" height=\"83\" class=\"alignleft size-full wp-image-12460\" title=\"\"><br \/>\n[clear]<br \/>\nDo 32 grup (kana\u0142\u00f3w) r\u00f3wnolegle<\/div>\n<\/div>\n<p>[clear]<\/p>\n<h2>Nowoczesne interfejsy<\/h2>\n<p>System Beyerdynamic UNITE posiada nowoczesne interfejsy. Obejmuj\u0105 one z\u0142\u0105cze jack, z\u0142\u0105cze USB i interfejs Bluetooth. U\u0142atwia to importowanie sygna\u0142\u00f3w audio (muzyka, oryginalny d\u017awi\u0119k, odtwarzanie audio) lub pod\u0142\u0105czanie urz\u0105dze\u0144 Bluetooth, takich jak zestawy s\u0142uchawkowe, do systemu UNITE.<\/p>\n<h2>Wysoka zrozumia\u0142o\u015b\u0107 mowy i jako\u015b\u0107 d\u017awi\u0119ku<\/h2>\n<p>Procesor d\u017awi\u0119ku w cyfrowym UNITE automatycznie optymalizuje zrozumia\u0142o\u015b\u0107 mowy. Dzi\u0119ki automatycznej regulacji poziomu g\u0142o\u015bno\u015bci, m\u00f3wca jest zawsze odtwarzany z idealn\u0105 g\u0142o\u015bno\u015bci\u0105. Nawet je\u015bli m\u00f3wca m\u00f3wi cicho lub odleg\u0142o\u015b\u0107 od mikrofonu jest wi\u0119ksza. Redukcja szum\u00f3w pomaga utrzyma\u0107 wysok\u0105 zrozumia\u0142o\u015b\u0107 mowy nawet w trudnych sytuacjach (np. podczas zwiedzania fabryki lub na targach w ha\u0142a\u015bliwych halach).<\/p>\n<h2>DECT jako przysz\u0142o\u015bciowa technologia transmisji<\/h2>\n<p>UNITE wykorzystuje standard DECT. Urz\u0105dzenia mog\u0105 by\u0107 obs\u0142ugiwane bez dodatkowych zezwole\u0144 i op\u0142at licencyjnych. System automatycznie dba o zarz\u0105dzanie cz\u0119stotliwo\u015bciami, dzi\u0119ki czemu u\u017cytkownik nie musi si\u0119 o nic martwi\u0107. Dzi\u0119ki Beyerdynamic UNITE mo\u017cliwe jest jednoczesne przesy\u0142anie do 32 grup (tj. kana\u0142\u00f3w). Standard DECT oferuje r\u00f3wnie\u017c bardzo du\u017cy zasi\u0119g.<\/p>\n<h2>Urz\u0105dzenia i akcesoria Beyerdynamic UNITE \u2013<\/h2>\n<p>System UNITE b\u0119dzie dost\u0119pny w r\u00f3\u017cnych wersjach i z r\u00f3\u017cnymi akcesoriami. Obejmuj\u0105 one nadajniki bodypack, nadajniki r\u0119czne, odbiorniki z funkcj\u0105 talkback, etui \u0142aduj\u0105ce, a nawet zawiesia indukcyjne.<br \/>\n[clear]<br \/>\n[spacer size=\"20\u2033]<br \/>\n[column size=\"1-2\u2033 last=\"0\u2033]<\/p>\n<figure id=\"attachment_12466\" aria-describedby=\"caption-attachment-12466\" style=\"width: 850px\" class=\"wp-caption alignleft\"><img loading=\"lazy\" decoding=\"async\" src=\"https:\/\/konferenztechnik.de\/wp-content\/uploads\/2018\/02\/bayerdynamic-unite-empfaenger-sender.jpg\" alt=\"\" width=\"850\" height=\"680\" class=\"size-full wp-image-12466\" title=\"\" srcset=\"https:\/\/konferenztechnik.de\/wp-content\/uploads\/2018\/02\/bayerdynamic-unite-empfaenger-sender.jpg 850w, https:\/\/konferenztechnik.de\/wp-content\/uploads\/2018\/02\/bayerdynamic-unite-empfaenger-sender-300x240.jpg 300w, https:\/\/konferenztechnik.de\/wp-content\/uploads\/2018\/02\/bayerdynamic-unite-empfaenger-sender-768x614.jpg 768w\" sizes=\"(max-width: 850px) 100vw, 850px\" \/><figcaption id=\"caption-attachment-12466\" class=\"wp-caption-text\">UNITE TH | nadajnik r\u0119czny i Unite RP-T | odbiornik bodypack z funkcj\u0105 talkback<\/figcaption><\/figure>\n<p>[\/column]<br \/>\n[column size=\"1-2\u2033 last=\"1\u2033]<\/p>\n<figure id=\"attachment_12486\" aria-describedby=\"caption-attachment-12486\" style=\"width: 850px\" class=\"wp-caption alignleft\"><img loading=\"lazy\" decoding=\"async\" src=\"https:\/\/konferenztechnik.de\/wp-content\/uploads\/2018\/02\/bayerdynamic-unite-ladekoffer-b.jpg\" alt=\"beyerdynamic-unite-charging-case-b\" width=\"850\" height=\"680\" class=\"size-full wp-image-12486\" title=\"\" srcset=\"https:\/\/konferenztechnik.de\/wp-content\/uploads\/2018\/02\/bayerdynamic-unite-ladekoffer-b.jpg 850w, https:\/\/konferenztechnik.de\/wp-content\/uploads\/2018\/02\/bayerdynamic-unite-ladekoffer-b-300x240.jpg 300w, https:\/\/konferenztechnik.de\/wp-content\/uploads\/2018\/02\/bayerdynamic-unite-ladekoffer-b-768x614.jpg 768w\" sizes=\"(max-width: 850px) 100vw, 850px\" \/><figcaption id=\"caption-attachment-12486\" class=\"wp-caption-text\">UNITE CC-24P | Walizka transportowa i \u0142aduj\u0105ca, dost\u0119pne r\u00f3\u017cne wersje i rozmiary<\/figcaption><\/figure>\n<p>[\/column]<\/p>\n<h2>Obszary zastosowa\u0144 Beyerdynamic UNITE<\/h2>\n<p>[list icon=\"moon-checkmark\" color=\"#a62055\u2033] System przewodnik\u00f3w[\/list]<br \/>\n[list icon=\"moon-checkmark\" color=\"#a62055\u2033] Wycieczki po fabryce[\/list]<br \/>\n[list icon=\"moon-checkmark\" color=\"#a62055\u2033] Wycieczki grupowe[\/list]<br \/>\n[list icon=\"moon-checkmark\" color=\"#a62055\u2033] T\u0142umaczenie szeptane[\/list]<br \/>\n[list icon=\"moon-checkmark\" color=\"#a62055\u2033] Wycieczki dla zwiedzaj\u0105cych[\/list]<br \/>\n[list icon=\"moon-checkmark\" color=\"#a62055\u2033] Wskaz\u00f3wki sceniczne[\/list]<br \/>\n[list icon=\"moon-checkmark\" color=\"#a62055\u2033] Prezentacje[\/list]<\/p>\n<p>[spacer size=\"20\u2033]<\/p>\n<h2>Kup Beyerdynamic UNITE \u2013 Dost\u0119pno\u015b\u0107<\/h2>\n<p>System UNITE zosta\u0142 zaprezentowany na targach ISE 2018 w lutym tego roku i nadal znajduje si\u0119 w ko\u0144cowej fazie test\u00f3w. Poinformujemy o tym tutaj, gdy tylko system b\u0119dzie dost\u0119pny.<\/p>\n<p><a href=\"https:\/\/konferenztechnik.de\/pl\/cyfrowy-system-naprowadzania-beyerdynamic-unite\/\">Dane techniczne Beyerdynamic UNITE \u2013<\/a><br \/>\n<a href=\"https:\/\/konferenztechnik.de\/pl\/beyerdynamic-unite-visitor-guidance-system\/\">Beyerdynamic UNITE \u2013 Wra\u017cenia z targ\u00f3w ISE<\/a><br \/>\n<a href=\"\/pl\/kup-osobisty-system-naprowadzania\/\">Przegl\u0105d system\u00f3w naprowadzania pasa\u017cer\u00f3w<\/a><\/p>","protected":false},"excerpt":{"rendered":"<p>Cyfrowy system komunikacji bezprzewodowej Beyerdynamic UNITE \u2013 Firma Beyerdynamic zaprezentowa\u0142a nowy system komunikacji UNITE na targach ISE 2018 w Amsterdamie. Beyerdynamic UNITE to nowoczesny system naprowadzania zwiedzaj\u0105cych. Nowa funkcja \"Multi-Way-Communication\" umo\u017cliwia nawi\u0105zanie dialogu z publiczno\u015bci\u0105. Uczestnicy mog\u0105 zadawa\u0107 pytania bezpo\u015brednio przez odbiornik, s\u0142yszalne dla wszystkich. W [...]<\/p>","protected":false},"author":1,"featured_media":45482,"parent":0,"menu_order":0,"comment_status":"closed","ping_status":"closed","template":"","meta":{"_acf_changed":false,"footnotes":""},"class_list":["post-12456","page","type-page","status-publish","has-post-thumbnail","hentry"],"acf":[],"_links":{"self":[{"href":"https:\/\/konferenztechnik.de\/pl\/wp-json\/wp\/v2\/pages\/12456","targetHints":{"allow":["GET"]}}],"collection":[{"href":"https:\/\/konferenztechnik.de\/pl\/wp-json\/wp\/v2\/pages"}],"about":[{"href":"https:\/\/konferenztechnik.de\/pl\/wp-json\/wp\/v2\/types\/page"}],"author":[{"embeddable":true,"href":"https:\/\/konferenztechnik.de\/pl\/wp-json\/wp\/v2\/users\/1"}],"replies":[{"embeddable":true,"href":"https:\/\/konferenztechnik.de\/pl\/wp-json\/wp\/v2\/comments?post=12456"}],"version-history":[{"count":0,"href":"https:\/\/konferenztechnik.de\/pl\/wp-json\/wp\/v2\/pages\/12456\/revisions"}],"wp:featuredmedia":[{"embeddable":true,"href":"https:\/\/konferenztechnik.de\/pl\/wp-json\/wp\/v2\/media\/45482"}],"wp:attachment":[{"href":"https:\/\/konferenztechnik.de\/pl\/wp-json\/wp\/v2\/media?parent=12456"}],"curies":[{"name":"wp","href":"https:\/\/api.w.org\/{rel}","templated":true}]}}