{"id":13888,"date":"2018-10-03T10:38:49","date_gmt":"2018-10-03T09:38:49","guid":{"rendered":"https:\/\/www.konferenztechnik.de\/?page_id=13888"},"modified":"2023-08-29T14:29:09","modified_gmt":"2023-08-29T12:29:09","slug":"wynajem-systemow-tour-guide-niemcy","status":"publish","type":"page","link":"https:\/\/konferenztechnik.de\/pl\/wynajem-systemow-tour-guide-niemcy\/","title":{"rendered":"Wynajem system\u00f3w przewodnik\u00f3w turystycznych Niemcy"},"content":{"rendered":"<h1>Wypo\u017cyczalnia system\u00f3w Tour Guide Niemcy \u2013 bezprzewodowy przeno\u015bny system bodypack FM do wycieczek wewn\u0105trz i na zewn\u0105trz budynk\u00f3w<\/h1>\n<p><img decoding=\"async\" src=\"https:\/\/konferenztechnik.de\/wp-content\/uploads\/2017\/05\/fuehrungsanlagen-mieten-pcs-konferenztechnik.jpg\" alt=\"Wypo\u017cyczalnia sprz\u0119tu dla przewodnik\u00f3w turystycznych Niemcy\" class=\"alignleft size-full wp-image-9278\" title=\"\"><\/p>\n<p>Bezprzewodowe przeno\u015bne systemy bodypack FM, znane r\u00f3wnie\u017c jako systemy tour guide, s\u0105 wykorzystywane na wystawach, w muzeach, przestrzeniach publicznych lub budynkach fabrycznych w celu zapewnienia bezb\u0142\u0119dnego po\u0142\u0105czenia mi\u0119dzy prelegentem a grup\u0105 wycieczkow\u0105. S\u0105 one r\u00f3wnie\u017c przydatne do chuchota\u017cu lub t\u0142umaczenia szeptanego.<\/p>\n<p>Kilka grup mo\u017ce uczestniczy\u0107 w wycieczkach w tym samym czasie dzi\u0119ki elastycznemu wyborowi kana\u0142\u00f3w. P\u0119tle indukcyjne przesy\u0142aj\u0105 d\u017awi\u0119k bezpo\u015brednio do aparat\u00f3w s\u0142uchowych uczestnik\u00f3w, kt\u00f3rzy je nosz\u0105. Systemy zwiedzania s\u0105 kompaktowe i \u0142atwe do przechowywania w futera\u0142ach, kt\u00f3re mo\u017cna \u0142atwo przenosi\u0107.<\/p>\n<p>[spacer size=\"15\u2033]<\/p>\n<div class=\"sidebar-line\"><\/div>\n<p>[spacer size=\"10\u2033]<br \/>\nW PCS udost\u0119pniamy nast\u0119puj\u0105ce systemy tour guide:<\/p>\n<h2>Wynajem systemu tourguide Sennheiser Tourguide 2020<\/h2>\n<p><img decoding=\"async\" src=\"https:\/\/konferenztechnik.de\/wp-content\/uploads\/2018\/01\/sennheiser-tourguide-kaufen-set.jpg\" alt=\"\" title=\"\"><br \/>\nZalet\u0105 tego systemu jest to, \u017ce s\u0142uchawka jest zintegrowana z wk\u0142adk\u0105 douszn\u0105, dzi\u0119ki czemu jest mniej niepor\u0119czna w por\u00f3wnaniu z bardziej konwencjonalnymi s\u0142uchawkami i u\u0142atwia przekazywanie i odbieranie urz\u0105dze\u0144. Zwi\u0119ksza to r\u00f3wnie\u017c komfort u\u017cytkownika podczas noszenia przez kilka godzin.<\/p>\n<p>System oferuje do sze\u015bciu kana\u0142\u00f3w dla r\u00f3\u017cnych grup lub jednoczesn\u0105 transmisj\u0119 na otwartych pasmach cz\u0119stotliwo\u015bci 863-865 MHz.<\/p>\n<p>Za pomoc\u0105 takiego systemu mo\u017cna kierowa\u0107 kilkoma grupami jednocze\u015bnie.<\/p>\n<p>[spacer size=\"15\u2033]<\/p>\n<div class=\"sidebar-line\"><\/div>\n<p>[spacer size=\"10\u2033]<\/p>\n<h2>Wypo\u017cycz system tour guide Beyerdynamic Synexis<\/h2>\n<p><img decoding=\"async\" src=\"https:\/\/konferenztechnik.de\/wp-content\/uploads\/2018\/01\/beyerdynamic-synexis-kaufen-set.jpg\" alt=\"\" title=\"\"><br \/>\nBezprzewodowy system t\u0142umacze\u0144 ustnych i przewodnik\u00f3w Synexis firmy Beyerdynamic oferuje wszechstronne i ekonomiczne rozwi\u0105zania o najwy\u017cszych standardach.<\/p>\n<p>Do 16 sygna\u0142\u00f3w audio mo\u017ce by\u0107 przesy\u0142anych jednocze\u015bnie i wyra\u017anie, tak aby ka\u017cdy s\u0142uchacz m\u00f3g\u0142 je zrozumie\u0107.<\/p>\n<p>Za pomoc\u0105 takiego systemu mo\u017cna kierowa\u0107 kilkoma grupami jednocze\u015bnie, a tak\u017ce przesy\u0142a\u0107 interpretacje \u2013.<\/p>\n<p>[spacer size=\"15\u2033]<\/p>\n<div class=\"sidebar-line\"><\/div>\n<p>[spacer size=\"10\u2033]<\/p>\n<h2>Wypo\u017cycz system tour guide Beyerdynamic TTS 300<\/h2>\n<p><img decoding=\"async\" src=\"https:\/\/konferenztechnik.de\/wp-content\/uploads\/2018\/10\/tourguide-beyerdynamic-tts300.jpg\" alt=\"\" title=\"\"><\/p>\n<p>System Beyerdynamic TTS 300 dzia\u0142a w oparciu o technologi\u0119 wysokiej cz\u0119stotliwo\u015bci. Transmisja z bezprzewodowych mikrofon\u00f3w g\u0142o\u015bnikowych do odbiornik\u00f3w odbywa si\u0119 przy u\u017cyciu nowoczesnej technologii UHF (zakres cz\u0119stotliwo\u015bci 863-865 MHz).<\/p>\n<p>Uczestnicy otrzymuj\u0105 odbiornik i s\u0142uchawki, dzi\u0119ki czemu mog\u0105 s\u0142ucha\u0107 kana\u0142\u00f3w transmisji m\u00f3wcy lub t\u0142umaczy.<\/p>\n<p>R\u00f3wnoleg\u0142e dzia\u0142anie do 10 kana\u0142\u00f3w jest gwarantowane przy u\u017cyciu tego systemu, umo\u017cliwiaj\u0105c korzystanie z wieloj\u0119zycznych aplikacji, a tak\u017ce dzielenie uczestnik\u00f3w na grupy podczas jednej wycieczki. Czas \u0142adowania wynosz\u0105cy zaledwie 30 minut za pomoc\u0105 do\u0142\u0105czonych \u0142adowarek pozwala na szybkie ponowne uruchomienie odbiornik\u00f3w.<\/p>\n<p>[spacer size=\"15\u2033]<\/p>\n<div class=\"sidebar-line\"><\/div>\n<p>[spacer size=\"10\u2033]<\/p>\n<h2>Akcesoria do systemu Tour Guide<\/h2>\n<p>Oferujemy szeroki wyb\u00f3r akcesori\u00f3w do prezentowanych tu system\u00f3w, kt\u00f3re obejmuj\u0105:<\/p>\n<p>[list icon=\"moon-checkmark\" color=\"#a62055\u2033]\u0141adowarki i futera\u0142y[\/list]<br \/>\n[list icon=\"moon-checkmark\" color=\"#a62055\u2033]Zawieszki do mikrofonu[\/list]<br \/>\n[list icon=\"moon-checkmark\" color=\"#a62055\u2033]P\u0119tle indukcyjne[\/list]<br \/>\n[list icon=\"moon-checkmark\" color=\"#a62055\u2033]Cz\u0119\u015bci zamienne i akumulatory[\/list]<br \/>\n[list icon=\"moon-checkmark\" color=\"#a62055\u2033]Projekty niestandardowe[\/list]<br \/>\n[spacer size=\"20\u2033]<br \/>\n<img decoding=\"async\" src=\"https:\/\/konferenztechnik.de\/wp-content\/uploads\/2018\/03\/fuehrungsanlagen-zubehoer.jpg\" alt=\"Kup akcesoria do systemu naprowadzania pasa\u017cer\u00f3w\" width=\"850\" class=\"alignnone size-full wp-image-12220\" title=\"\"><\/p>\n<div class=\"call-action-slider-img\">\n<img decoding=\"async\" src=\"https:\/\/konferenztechnik.de\/wp-content\/uploads\/2018\/01\/fuehrungsanlagen-kaufen-bei-pcs.jpg\" alt=\"Wynajem sprz\u0119tu do t\u0142umacze\u0144 ustnych Niemcy\" class=\"alignleft size-full wp-image-9278\" title=\"\"><br \/>\n<button class=\"btn popmake-13980\">Szybka odpowied\u017a!<br \/>\nPopro\u015b o wycen\u0119 &#x9B;<\/button><\/div>\n<h2>PCS Conference Service: cztery oddzia\u0142y w Niemczech<\/h2>\n<p><img decoding=\"async\" src=\"https:\/\/konferenztechnik.de\/wp-content\/uploads\/2018\/09\/conference-service-germany-1.gif\" alt=\"\" title=\"\"><\/p>\n<p>Dzi\u0119ki czterem lokalizacjom biznesowym w ca\u0142ych Niemczech zapewniamy bezproblemow\u0105 logistyk\u0119 i najwy\u017cszej jako\u015bci technologi\u0119 konferencyjn\u0105, kt\u00f3r\u0105 mo\u017cna dostosowa\u0107 i niezawodnie u\u017cywa\u0107 \u2013, od pojedynczego mikrofonu po sprz\u0119t do t\u0142umacze\u0144 symultanicznych do 32 j\u0119zyk\u00f3w.<\/p>\n<p>[spacer size=\"20\u2033]<\/p>\n<h2>Kontakt<\/h2>\n<p>[column size=\"1-2\u2033 last=\"0\u2033]<\/p>\n<div class=\"box1-4\">\n<div class=\"box-head\">P\u00f3\u0142noc i zach\u00f3d<\/div>\n<p><img fetchpriority=\"high\" decoding=\"async\" width=\"800\" height=\"533\" src=\"https:\/\/konferenztechnik.de\/wp-content\/uploads\/2013\/09\/monika_van_den_boogaard_pcs-gmbh.jpg\" alt=\"Monika van den Boogaard PCS GmbH Niemcy\" class=\"alignleft size-full wp-image-2312\" title=\"\" srcset=\"https:\/\/konferenztechnik.de\/wp-content\/uploads\/2013\/09\/monika_van_den_boogaard_pcs-gmbh.jpg 800w, https:\/\/konferenztechnik.de\/wp-content\/uploads\/2013\/09\/monika_van_den_boogaard_pcs-gmbh-300x200.jpg 300w, https:\/\/konferenztechnik.de\/wp-content\/uploads\/2013\/09\/monika_van_den_boogaard_pcs-gmbh-768x512.jpg 768w\" sizes=\"(max-width: 800px) 100vw, 800px\" \/><br \/>\nMonika van den Boogaard<br \/>\nWynajem wsparcia projektu<br \/>\nTelefon +49 211 737798 10<br \/>\n<span class=\"volleansicht\"><a href=\"mailto:vandenboogaard@konferenztechnik.de\" onclick=\"ga('send', 'event', 'Email-Klick', 'Kontakt Boogaard');\">e-mail <\/a><br \/>\n<\/span><br \/>\n<span class=\"mobileansicht\"><a href=\"mailto:vandenboogaard@konferenztechnik.de\" onclick=\"ga('send', 'event', 'Email-Klick', 'Kontakt Boogaard');\">e-mail <\/a><br \/>\n<\/span><\/div>\n<p>[\/column]<br \/>\n[column size=\"1-2\u2033 last=\"1\u2033]<\/p>\n<div class=\"box1-4\">\n<div class=\"box-head\">Wsch\u00f3d<\/div>\n<p><img decoding=\"async\" width=\"2316\" height=\"1543\" src=\"https:\/\/konferenztechnik.de\/wp-content\/uploads\/2017\/05\/sebastian-meyer-pcs-gmbh.jpg\" alt=\"Sebastian Meyer PCS GmbH Niemcy - Dyspozycja\" class=\"alignleft size-full wp-image-10048\" title=\"\" srcset=\"https:\/\/konferenztechnik.de\/wp-content\/uploads\/2017\/05\/sebastian-meyer-pcs-gmbh.jpg 2316w, https:\/\/konferenztechnik.de\/wp-content\/uploads\/2017\/05\/sebastian-meyer-pcs-gmbh-300x200.jpg 300w, https:\/\/konferenztechnik.de\/wp-content\/uploads\/2017\/05\/sebastian-meyer-pcs-gmbh-1024x682.jpg 1024w, https:\/\/konferenztechnik.de\/wp-content\/uploads\/2017\/05\/sebastian-meyer-pcs-gmbh-768x512.jpg 768w, https:\/\/konferenztechnik.de\/wp-content\/uploads\/2017\/05\/sebastian-meyer-pcs-gmbh-1536x1023.jpg 1536w, https:\/\/konferenztechnik.de\/wp-content\/uploads\/2017\/05\/sebastian-meyer-pcs-gmbh-2048x1364.jpg 2048w\" sizes=\"(max-width: 2316px) 100vw, 2316px\" \/><br \/>\nSebastian Meyer<br \/>\nWynajem wsparcia projektu<br \/>\nTelefon +49 30 6959690 15<br \/>\n<span class=\"volleansicht\"><a href=\"mailto:meyer@konferenztechnik.de\" onclick=\"ga('send', 'event', 'Email-Klick', 'Kontakt Meyer');\">e-mail <\/a><br \/>\n<\/span><br \/>\n<span class=\"mobileansicht\"><a href=\"mailto:meyer@konferenztechnik.de\" onclick=\"ga('send', 'event', 'Email-Klick', 'Kontakt Meyer');\">e-mail <\/a><br \/>\n<\/span><\/div>\n<p>[\/column]<\/p>\n<p>[column size=\"1-2\u2033 last=\"1\u2033]<br \/>\n[\/column]<\/p>\n<p>[column size=\"1-2\u2033 last=\"0\u2033]<\/p>\n<div class=\"box1-4\">\n<div class=\"box-head\">Po\u0142udnie<\/div>\n<p><img decoding=\"async\" width=\"800\" height=\"533\" src=\"https:\/\/konferenztechnik.de\/wp-content\/uploads\/2013\/09\/sebastian_gegusch_pcs-gmbh.jpg\" alt=\"Sebastian Gegusch - PCS GmbH Niemcy - Planowanie projekt\u00f3w\" class=\"alignleft size-full wp-image-3153\" title=\"\" srcset=\"https:\/\/konferenztechnik.de\/wp-content\/uploads\/2013\/09\/sebastian_gegusch_pcs-gmbh.jpg 800w, https:\/\/konferenztechnik.de\/wp-content\/uploads\/2013\/09\/sebastian_gegusch_pcs-gmbh-300x200.jpg 300w, https:\/\/konferenztechnik.de\/wp-content\/uploads\/2013\/09\/sebastian_gegusch_pcs-gmbh-768x512.jpg 768w\" sizes=\"(max-width: 800px) 100vw, 800px\" \/>Sebastian Gegusch<br \/>\nZarz\u0105dzanie projektami<br \/>\nTelefon +49 89 21553290<br \/>\n<span class=\"volleansicht\"><a href=\"mailto:gegusch@konferenztechnik.de\" onclick=\"ga('send', 'event', 'Email-Klick', 'Kontakt Gegusch');\">e-mail <\/a><br \/>\n<\/span> <span class=\"mobileansicht\"><a href=\"mailto:gegusch@konferenztechnik.de\" onclick=\"ga('send', 'event', 'Email-Klick', 'Kontakt Gegusch');\">e-mail <\/a><br \/>\n<\/span><\/div>\n<p>[\/column]<\/p>\n<p>[column size=\"1-2\u2033 last=\"1\u2033]<\/p>\n<p>[\/column]<\/p>","protected":false},"excerpt":{"rendered":"<p>Wypo\u017cyczalnia system\u00f3w tour guide Niemcy \u2013 bezprzewodowy przeno\u015bny system bodypack FM do wycieczek wewn\u0119trznych lub zewn\u0119trznych Bezprzewodowe przeno\u015bne systemy bodypack FM, znane r\u00f3wnie\u017c jako systemy tour guide, s\u0105 wykorzystywane na wystawach, w muzeach, przestrzeniach publicznych lub budynkach fabrycznych w celu zapewnienia bezb\u0142\u0119dnego po\u0142\u0105czenia mi\u0119dzy m\u00f3wc\u0105 a grup\u0105 wycieczkow\u0105. S\u0105 [...]<\/p>","protected":false},"author":1,"featured_media":45482,"parent":0,"menu_order":0,"comment_status":"closed","ping_status":"closed","template":"","meta":{"_acf_changed":false,"footnotes":""},"class_list":["post-13888","page","type-page","status-publish","has-post-thumbnail","hentry"],"acf":[],"_links":{"self":[{"href":"https:\/\/konferenztechnik.de\/pl\/wp-json\/wp\/v2\/pages\/13888","targetHints":{"allow":["GET"]}}],"collection":[{"href":"https:\/\/konferenztechnik.de\/pl\/wp-json\/wp\/v2\/pages"}],"about":[{"href":"https:\/\/konferenztechnik.de\/pl\/wp-json\/wp\/v2\/types\/page"}],"author":[{"embeddable":true,"href":"https:\/\/konferenztechnik.de\/pl\/wp-json\/wp\/v2\/users\/1"}],"replies":[{"embeddable":true,"href":"https:\/\/konferenztechnik.de\/pl\/wp-json\/wp\/v2\/comments?post=13888"}],"version-history":[{"count":0,"href":"https:\/\/konferenztechnik.de\/pl\/wp-json\/wp\/v2\/pages\/13888\/revisions"}],"wp:featuredmedia":[{"embeddable":true,"href":"https:\/\/konferenztechnik.de\/pl\/wp-json\/wp\/v2\/media\/45482"}],"wp:attachment":[{"href":"https:\/\/konferenztechnik.de\/pl\/wp-json\/wp\/v2\/media?parent=13888"}],"curies":[{"name":"wp","href":"https:\/\/api.w.org\/{rel}","templated":true}]}}