{"id":15284,"date":"2019-09-26T15:54:02","date_gmt":"2019-09-26T14:54:02","guid":{"rendered":"https:\/\/www.konferenztechnik.de\/?page_id=15284"},"modified":"2023-09-01T13:19:45","modified_gmt":"2023-09-01T11:19:45","slug":"kup-sennheiser-lsp-500-pro","status":"publish","type":"page","link":"https:\/\/konferenztechnik.de\/pl\/kup-sennheiser-lsp-500-pro\/","title":{"rendered":"Kup Sennheiser LSP 500 PRO"},"content":{"rendered":"<h1>Kup Sennheiser LSP 500 PRO<\/h1>\n<h2>Bezprzewodowy system audio na spotkania, konferencje i wydarzenia. Dzia\u0142a na baterii, sterowany za pomoc\u0105 aplikacji, elastyczne zastosowanie, pakiety PCS, szybka dostawa.<\/h2>\n<p><!-- <img decoding=\"async\" src=\"https:\/\/konferenztechnik.de\/wp-content\/uploads\/2019\/09\/sennheiser-lsp-500-pro-kaufen-und-angebote-1.jpg\" alt=\"Sennheiser LSP 500 PRO kaufen\" class=\"aligncenter size-full wp-image-15112\" title=\"\"> --><\/p>\n<p>Nale\u017cy pami\u0119ta\u0107, \u017ce Sennheiser wycofa\u0142 seri\u0119 LSP 500 PRO ze skutkiem natychmiastowym. Mamy jednak dla Ciebie alternatywne rozwi\u0105zania. Wystarczy si\u0119 z nami skontaktowa\u0107.<\/p>\n<p>Jednak us\u0142ugi gwarancyjne i zlecenia serwisowe, kt\u00f3re s\u0105 nadal w toku, pozostaj\u0105 wa\u017cne przez okre\u015blony czas.<\/p>\n<p>Sennheiser LSP 500 PRO to kompletny system audio, kt\u00f3ry mo\u017ce by\u0107 obs\u0142ugiwany ca\u0142kowicie bezprzewodowo. G\u0142o\u015bniki i mikrofony s\u0105 zasilane akumulatorem. Odbiorniki mikrofon\u00f3w bezprzewodowych s\u0105 zintegrowane z ty\u0142u g\u0142o\u015bnik\u00f3w.<\/p>\n<h2>Sennheiser LSP 500 PRO \u2013 PCS oferty i pakiety (ju\u017c niedost\u0119pne)<\/h2>\n<div class=\"bundle-container\">\n<div class=\"bundle-box\"><span class=\"no-hint\">Jako uzupe\u0142nienie<\/span><\/p>\n<div class=\"bundle-box-head\"><span class=\"bundle-title\">LSP 500 Base<\/span><\/div>\n<figure class=\"bundle-pic\"><img fetchpriority=\"high\" decoding=\"async\" width=\"500\" height=\"280\" class=\"alignleft size-full wp-image-15171\" src=\"https:\/\/konferenztechnik.de\/wp-content\/uploads\/2019\/09\/sennheiser-lsp-500-pro-basis-angebot.jpg\" alt=\"sennheiser-lsp-500-pro-basic-offer\" title=\"\" srcset=\"https:\/\/konferenztechnik.de\/wp-content\/uploads\/2019\/09\/sennheiser-lsp-500-pro-basis-angebot.jpg 500w, https:\/\/konferenztechnik.de\/wp-content\/uploads\/2019\/09\/sennheiser-lsp-500-pro-basis-angebot-300x168.jpg 300w\" sizes=\"(max-width: 500px) 100vw, 500px\" \/><\/figure>\n<div class=\"bundle-box-body\">1 g\u0142o\u015bnik (mono)<br \/>\nPraca na akumulatorze<br \/>\nPrzesy\u0142anie strumieniowe przez Bluetooth<br \/>\nOdtwarzanie i nagrywanie d\u017awi\u0119ku<\/div>\n<\/div>\n<div class=\"bundle-box bundle-box-hint\"><span class=\"hint\">Nasza rekomendacja<\/span><\/p>\n<div class=\"bundle-box-head\"><span class=\"bundle-title\">LSP 500 Action<\/span><\/div>\n<figure class=\"bundle-pic\"><img decoding=\"async\" width=\"500\" height=\"280\" class=\"alignleft size-full wp-image-15174\" src=\"https:\/\/konferenztechnik.de\/wp-content\/uploads\/2019\/09\/sennheiser-lsp-500-pro-start-angebot.jpg\" alt=\"\" title=\"\" srcset=\"https:\/\/konferenztechnik.de\/wp-content\/uploads\/2019\/09\/sennheiser-lsp-500-pro-start-angebot.jpg 500w, https:\/\/konferenztechnik.de\/wp-content\/uploads\/2019\/09\/sennheiser-lsp-500-pro-start-angebot-300x168.jpg 300w\" sizes=\"(max-width: 500px) 100vw, 500px\" \/><\/figure>\n<div class=\"bundle-box-body\">2 g\u0142o\u015bniki (stereo)<br \/>\nPraca na akumulatorze<br \/>\nPrzesy\u0142anie strumieniowe przez Bluetooth<br \/>\nOdtwarzanie i nagrywanie d\u017awi\u0119ku<br \/>\n1 mikrofon bezprzewodowy i odbiornik<br \/>\n2 stojaki g\u0142o\u015bnikowe<\/div>\n<\/div>\n<div class=\"bundle-box\"><span class=\"no-hint\">Dok\u0142adnie wed\u0142ug twoich pomys\u0142\u00f3w<\/span><\/p>\n<div class=\"bundle-box-head\"><span class=\"bundle-title\">LSP 500 Custom<\/span><\/div>\n<figure class=\"bundle-pic\"><img decoding=\"async\" width=\"500\" height=\"280\" class=\"alignleft size-full wp-image-15176\" src=\"https:\/\/konferenztechnik.de\/wp-content\/uploads\/2019\/09\/sennheiser-lsp-500-pro-custom-angebot.jpg\" alt=\"\" title=\"\" srcset=\"https:\/\/konferenztechnik.de\/wp-content\/uploads\/2019\/09\/sennheiser-lsp-500-pro-custom-angebot.jpg 500w, https:\/\/konferenztechnik.de\/wp-content\/uploads\/2019\/09\/sennheiser-lsp-500-pro-custom-angebot-300x168.jpg 300w\" sizes=\"(max-width: 500px) 100vw, 500px\" \/><\/figure>\n<div class=\"bundle-box-body\">Konfiguracja zgodnie z \u017cyczeniem u\u017cytkownika<br \/>\nPraca na akumulatorze<br \/>\nPrzesy\u0142anie strumieniowe przez Bluetooth<br \/>\nOdtwarzanie i nagrywanie d\u017awi\u0119ku<\/div>\n<\/div>\n<\/div>\n<p>G\u0142o\u015bnik Sennheiser LSP 500 PRO jest dostarczany z fabryki w konfiguracji podstawowej. Jest to konfiguracja, kt\u00f3r\u0105 otrzymasz r\u00f3wnie\u017c od r\u00f3\u017cnych sprzedawc\u00f3w internetowych, je\u015bli znajdziesz g\u0142o\u015bnik za pomoc\u0105 wyszukiwarki.<\/p>\n<p>Aby w pe\u0142ni wykorzysta\u0107 wydajno\u015b\u0107 i potencja\u0142 systemu audio, zalecamy wybranie jednego z naszych pakiet\u00f3w lub zlecenie nam skonfigurowania systemu zgodnie z w\u0142asnymi potrzebami. Wst\u0119pnie skonfigurowany system mo\u017cna nast\u0119pnie zam\u00f3wi\u0107 bezpo\u015brednio u nas. Nasi technicy mog\u0105 te\u017c zleci\u0107 integracj\u0119 systemu w siedzibie klienta. Oferujemy r\u00f3wnie\u017c instrukta\u017c i szkolenia dla Ciebie i Twoich pracownik\u00f3w. Wystarczy skontaktowa\u0107 si\u0119 z nami w celu uzyskania niezobowi\u0105zuj\u0105cej wyceny.<\/p>\n<h2>+ PCS oferuje pe\u0142ny serwis dla LSP 500 PRO<\/h2>\n<div id=\"newscontainer\">\n<div class=\"newskasten\">\n<h3>Konfiguracja wst\u0119pna<\/h3>\n<p>Zacznij od razu<br \/>\nWszystkie urz\u0105dzenia przewodowe<br \/>\nRejestracja cz\u0119stotliwo\u015bci<br \/>\nNa\u0142adowane akumulatory<\/p>\n<p><span class=\"popmake-13384\"> Zapytaj teraz <\/span><\/p>\n<\/div>\n<div class=\"newskasten\">\n<h3>Szkolenie<\/h3>\n<p>Instrukta\u017c na miejscu<br \/>\nSzkolenie wszystkich pracownik\u00f3w<br \/>\nUdane spotkania<\/p>\n<p><span class=\"popmake-13384\"> Zapytaj teraz <\/span><\/p>\n<\/div>\n<div class=\"newskasten\">\n<h3>Instalacja<\/h3>\n<p>Integracja z pomieszczeniami<br \/>\nOptymalny d\u017awi\u0119k<br \/>\nNajlepsza lokalizacja<\/p>\n<p><span class=\"popmake-13384\"> Zapytaj teraz <\/span><\/p>\n<\/div>\n<div class=\"newskasten\">\n<h3>Us\u0142uga<\/h3>\n<p>Szybka pomoc<br \/>\nTelefonicznie\/na miejscu<br \/>\nMo\u017cliwo\u015b\u0107 rezerwacji kilku poziom\u00f3w wsparcia<\/p>\n<p><span class=\"popmake-13384\"> Zapytaj teraz <\/span><\/p>\n<\/div>\n<\/div>\n<p>Nie musisz si\u0119 o nic martwi\u0107 i mo\u017cesz od razu zacz\u0105\u0107 korzysta\u0107 z nowego systemu. Zajmiemy si\u0119 wst\u0119pn\u0105 konfiguracj\u0105 i w razie potrzeby zarejestrujemy cz\u0119stotliwo\u015bci radiowe w Federalnej Agencji Sieci. Nasi technicy skonfiguruj\u0105 system w Twojej siedzibie i zorganizuj\u0105 szkolenia dla Ciebie i Twoich pracownik\u00f3w. Oferujemy r\u00f3wnie\u017c szybk\u0105 us\u0142ug\u0119 wsparcia PCS. Je\u015bli co\u015b nie dzia\u0142a, przyjedziemy i pomo\u017cemy. Wystarczy zarezerwowa\u0107 te opcjonalne us\u0142ugi jako dodatek do zam\u00f3wienia.<\/p>\n<h2>Najwa\u017cniejsze cechy systemu audio Sennheiser LSP 500 PRO<\/h2>\n<p><img decoding=\"async\" class=\"alignleft size-full wp-image-15121\" src=\"https:\/\/konferenztechnik.de\/wp-content\/uploads\/2019\/09\/sennheiser-lsp-500-pro-ansicht-1-1.jpg\" alt=\"Sennheiser LSP 500 PRO View\" title=\"\"><\/p>\n<p><span style=\"font-family: AvenirLTPro-LightOblique; font-size: 1.1em; color: #ac145a;\">Przeno\u015bny, bezprzewodowy i elastyczny system audio typu \"wszystko w jednym\".<\/span><\/p>\n<p>Dzi\u0119ki Sennheiser LSP 500 PRO kupujesz tylko te komponenty, kt\u00f3rych potrzebujesz. Je\u015bli potrzeby ulegn\u0105 zmianie, system mo\u017cna elastycznie rozbudowa\u0107 w dowolnym momencie. Dost\u0119pna jest r\u00f3wnie\u017c szeroka gama akcesori\u00f3w do LSP 500 PRO, takich jak w\u00f3zki transportowe, os\u0142ony ochronne i wymienne baterie.<\/p>\n<p><span class=\"popmake-13384\"> Zapytaj teraz bezp\u0142atnie <\/span><\/p>\n<p><img decoding=\"async\" class=\"alignleft size-full wp-image-15104\" src=\"https:\/\/konferenztechnik.de\/wp-content\/uploads\/2019\/09\/Sennheiser-LSP-500-PRO-kaufen-bei-pcs-1-1.jpg\" alt=\"Kup Sennheiser LSP 500 PRO w PCS\" title=\"\"><\/p>\n<p><span style=\"font-family: AvenirLTPro-LightOblique; font-size: 1.1em; color: #ac145a;\">Sterowanie za pomoc\u0105 aplikacji, nie jest wymagana konsola mikserska.<\/span><\/p>\n<p>Ca\u0142y system audio mo\u017cna regulowa\u0107 i kontrolowa\u0107 za pomoc\u0105 aplikacji. Do sterowania systemem nie jest potrzebna dodatkowa konsola mikserska. Mo\u017cna po\u0142\u0105czy\u0107 ze sob\u0105 do 20 g\u0142o\u015bnik\u00f3w, dzi\u0119ki czemu mo\u017cna obs\u0142u\u017cy\u0107 nawet du\u017ce spotkania lub wydarzenia.<\/p>\n<p><img decoding=\"async\" class=\"aligncenter size-full wp-image-15117\" src=\"https:\/\/konferenztechnik.de\/wp-content\/uploads\/2019\/09\/Sennheiser_LSP_500_PRO_anschluesse-rueckseite-1.jpg\" alt=\"Sennheiser LSP 500 PRO Tylne z\u0142\u0105cza\" title=\"\"><\/p>\n<p><span style=\"font-family: AvenirLTPro-LightOblique; font-size: 1.1em; color: #ac145a;\">Strumieniowe przesy\u0142anie muzyki przez Bluetooth i UHF.<\/span><\/p>\n<p>Wbudowany odbiornik Bluetooth umo\u017cliwia proste odtwarzanie z zewn\u0119trznych \u017ar\u00f3de\u0142 d\u017awi\u0119ku (np. smartfona lub laptopa). Alternatywnie mo\u017cna r\u00f3wnie\u017c u\u017cy\u0107 wbudowanego odtwarzacza audio i rejestratora (do odtwarzania i nagrywania).<\/p>\n<p><img loading=\"lazy\" decoding=\"async\" width=\"800\" height=\"207\" class=\"alignleft size-full wp-image-15271\" src=\"https:\/\/konferenztechnik.de\/wp-content\/uploads\/2019\/09\/sennheiser-lsp-500-pro-anschluesse-rueckseite-1.jpg\" alt=\"Sennheiser LSP 500 PRO Tylne z\u0142\u0105cza\" title=\"\" srcset=\"https:\/\/konferenztechnik.de\/wp-content\/uploads\/2019\/09\/sennheiser-lsp-500-pro-anschluesse-rueckseite-1.jpg 800w, https:\/\/konferenztechnik.de\/wp-content\/uploads\/2019\/09\/sennheiser-lsp-500-pro-anschluesse-rueckseite-1-300x78.jpg 300w, https:\/\/konferenztechnik.de\/wp-content\/uploads\/2019\/09\/sennheiser-lsp-500-pro-anschluesse-rueckseite-1-768x199.jpg 768w\" sizes=\"(max-width: 800px) 100vw, 800px\" \/><\/p>\n<p><span style=\"font-family: AvenirLTPro-LightOblique; font-size: 1.1em; color: #ac145a;\">Po\u0142\u0105czenia na ka\u017cd\u0105 okazj\u0119.<\/span><\/p>\n<p>Z\u0142\u0105cza dla mikrofonu przewodowego, no\u015bnika USB (do u\u017cytku jako odtwarzacz MP3 i dyktafon), strumieniowania przez Bluetooth, wej\u015bcie i wyj\u015bcie stereo cinch dla odtwarzacza CD lub innych odtwarzaczy, podno\u015bnik uziemienia w celu unikni\u0119cia p\u0119tli szum\u00f3w, 3 gniazda dla mikrofon\u00f3w bezprzewodowych.<\/p>\n<h2>Akcesoria do LSP 500 PRO<\/h2>\n<p><img loading=\"lazy\" decoding=\"async\" width=\"1200\" height=\"430\" class=\"alignleft size-full wp-image-15275\" src=\"https:\/\/konferenztechnik.de\/wp-content\/uploads\/2019\/09\/sennheiser-lsp-500-pro-zubehoer.jpg\" alt=\"Akcesoria Sennheiser LSP 500 PRO\" title=\"\" srcset=\"https:\/\/konferenztechnik.de\/wp-content\/uploads\/2019\/09\/sennheiser-lsp-500-pro-zubehoer.jpg 1200w, https:\/\/konferenztechnik.de\/wp-content\/uploads\/2019\/09\/sennheiser-lsp-500-pro-zubehoer-300x108.jpg 300w, https:\/\/konferenztechnik.de\/wp-content\/uploads\/2019\/09\/sennheiser-lsp-500-pro-zubehoer-1024x367.jpg 1024w, https:\/\/konferenztechnik.de\/wp-content\/uploads\/2019\/09\/sennheiser-lsp-500-pro-zubehoer-768x275.jpg 768w\" sizes=\"(max-width: 1200px) 100vw, 1200px\" \/><\/p>\n<p>1. Sennheiser LSP PRO 500<br \/>\n2. nak\u0142adka Sennheiser LAS 500, bia\u0142a nak\u0142adka<br \/>\n3. os\u0142ona ochronna sennheiser LAP 500 \u2013 czarna<\/p>\n<p>4 Sennheiser Trolley LAB 500 strona przednia<br \/>\n5 Panel tylny Sennheiser Trolley LAB 500<\/p>\n<p>Dla LSP 500 Pro dost\u0119pna jest szeroka gama akcesori\u00f3w: Walizki na k\u00f3\u0142kach, pokrowce ochronne, uchwyty do kratownic, statywy i wiele innych. Wystarczy nas zapyta\u0107, ch\u0119tnie pomo\u017cemy.<\/p>\n<h2>Dane techniczne systemu audio Sennheiser LSP 500 PRO<\/h2>\n<table class=\"tg\">\n<tbody>\n<tr>\n<td><strong>Wymiary<\/strong><\/td>\n<td>290 x 550 x 320 mm<\/td>\n<\/tr>\n<tr>\n<td><strong>Zasi\u0119g transmisji (audio)<\/strong><\/td>\n<td>65 \u2013 18 000 Hz<\/td>\n<\/tr>\n<tr>\n<td><strong>Waga<\/strong><\/td>\n<td>ok. 13 kg<\/td>\n<\/tr>\n<tr>\n<td><strong>Czas \u0142adowania<\/strong><\/td>\n<td>oko\u0142o 2,5 godziny na bateri\u0119<\/td>\n<\/tr>\n<tr>\n<td><strong>Moc wyj\u015bciowa (audio)<\/strong><\/td>\n<td>55 do 120 W (warto\u015b\u0107 szczytowa)<\/td>\n<\/tr>\n<tr>\n<td><strong>Bateria<\/strong><\/td>\n<td>2 akumulatory litowo-jonowe 14,4 V \/ 4,4 Ah<\/td>\n<\/tr>\n<tr>\n<td><strong>Typ g\u0142o\u015bnika<\/strong><\/td>\n<td>G\u0142o\u015bnik niskotonowy 20,3 cm, g\u0142o\u015bnik wysokotonowy 19 mm<\/td>\n<\/tr>\n<\/tbody>\n<\/table>\n<h2>Pliki do pobrania<\/h2>\n<p><a href=\"https:\/\/konferenztechnik.de\/wp-content\/uploads\/2019\/09\/LSP_500_PRO_Manual_03_2019_DE-1.pdf\" target=\"_blank\" rel=\"noopener noreferrer\">Instrukcja obs\u0142ugi Sennheiser LSP 500 PRO Manual (7.5 MB)<\/a><\/p>\n<p><a href=\"https:\/\/konferenztechnik.de\/wp-content\/uploads\/2019\/09\/LSP_500_product_sheet-1.pdf\" target=\"_blank\" rel=\"noopener noreferrer\">Broszura Sennheiser LSP 500 PRO (2,4 MB)<\/a><\/p>\n<div class=\"boxcontainer\">\n<div class=\"box1-2\">\n<h1>Osoba do kontaktu<\/h1>\n<\/div>\n<div class=\"box1-2-order\">\n<h1>Dalsze linki<\/h1>\n<\/div>\n<div class=\"box1-4\">\n<div class=\"box-head\">Kontakt w ca\u0142ym kraju<\/div>\n<\/div>\n<div class=\"box2-4-2\" style=\"order: 1;\">\n<div class=\"weiterlinks\"><a title=\"Dystrybucja wed\u0142ug grup produkt\u00f3w\" href=\"\/pl\/grupy-produktow\/\">Dystrybucja wed\u0142ug grup produkt\u00f3w<\/a><br \/>\n<a title=\"Dystrybucja wed\u0142ug producenta\" href=\"\/pl\/producent\/\">Dystrybucja wed\u0142ug producenta<\/a><br \/>\n<a title=\"Produkty na zam\u00f3wienie, konserwacja i naprawy\" href=\"\/pl\/uslugi-2\/konserwacja-i-naprawa\/\">Produkty na zam\u00f3wienie, konserwacja i naprawy<\/a><br \/>\n<a title=\"10 dobrych powod\u00f3w dla PCS\" href=\"\/pl\/o-nas-2\/10-dobrych-powodow-dla-komputerow\/\">10 dobrych powod\u00f3w dla PCS<\/a><br \/>\n<a title=\"Referencje\" href=\"\/pl\/o-nas-2\/instalacja-listy-referencyjnej\/\">Referencje Instalacja i integracja<\/a><br \/>\n<a title=\"PCS: Wszystkie us\u0142ugi w skr\u00f3cie\" href=\"\/pl\/uslugi-2\/\">PCS: Wszystkie us\u0142ugi w skr\u00f3cie<\/a><\/p>\n<\/div>\n<\/div>\n<\/div>","protected":false},"excerpt":{"rendered":"<p>Kup bezprzewodowy system audio Sennheiser LSP 500 PRO na spotkania, konferencje i wydarzenia. Zasilanie bateryjne, sterowanie za pomoc\u0105 aplikacji, elastyczne zastosowanie, pakiety PCS, szybka dostawa. Nale\u017cy pami\u0119ta\u0107, \u017ce Sennheiser nie oferuje ju\u017c i nie rozwija serii LSP 500 PRO. Mamy jednak dla Ciebie alternatywne rozwi\u0105zania. Wystarczy si\u0119 z nami skontaktowa\u0107. Nadal [...]<\/p>","protected":false},"author":1,"featured_media":45482,"parent":0,"menu_order":0,"comment_status":"closed","ping_status":"closed","template":"","meta":{"_acf_changed":false,"footnotes":""},"class_list":["post-15284","page","type-page","status-publish","has-post-thumbnail","hentry"],"acf":[],"_links":{"self":[{"href":"https:\/\/konferenztechnik.de\/pl\/wp-json\/wp\/v2\/pages\/15284","targetHints":{"allow":["GET"]}}],"collection":[{"href":"https:\/\/konferenztechnik.de\/pl\/wp-json\/wp\/v2\/pages"}],"about":[{"href":"https:\/\/konferenztechnik.de\/pl\/wp-json\/wp\/v2\/types\/page"}],"author":[{"embeddable":true,"href":"https:\/\/konferenztechnik.de\/pl\/wp-json\/wp\/v2\/users\/1"}],"replies":[{"embeddable":true,"href":"https:\/\/konferenztechnik.de\/pl\/wp-json\/wp\/v2\/comments?post=15284"}],"version-history":[{"count":0,"href":"https:\/\/konferenztechnik.de\/pl\/wp-json\/wp\/v2\/pages\/15284\/revisions"}],"wp:featuredmedia":[{"embeddable":true,"href":"https:\/\/konferenztechnik.de\/pl\/wp-json\/wp\/v2\/media\/45482"}],"wp:attachment":[{"href":"https:\/\/konferenztechnik.de\/pl\/wp-json\/wp\/v2\/media?parent=15284"}],"curies":[{"name":"wp","href":"https:\/\/api.w.org\/{rel}","templated":true}]}}