{"id":15542,"date":"2020-01-13T11:20:39","date_gmt":"2020-01-13T10:20:39","guid":{"rendered":"https:\/\/www.konferenztechnik.de\/?page_id=15542"},"modified":"2023-08-29T14:45:39","modified_gmt":"2023-08-29T12:45:39","slug":"service-des-ventes","status":"publish","type":"page","link":"https:\/\/konferenztechnik.de\/pl\/service-des-ventes\/","title":{"rendered":"Serwis wentylacyjny"},"content":{"rendered":"<div data-elementor-type=\"wp-page\" data-elementor-id=\"15542\" class=\"elementor elementor-15542\" data-elementor-post-type=\"page\">\n\t\t\t\t\t\t<section data-particle_enable=\"false\" data-particle-mobile-disabled=\"false\" class=\"elementor-section elementor-top-section elementor-element elementor-element-1642ea5a elementor-section-boxed elementor-section-height-default elementor-section-height-default\" data-id=\"1642ea5a\" data-element_type=\"section\">\n\t\t\t\t\t\t<div class=\"elementor-container elementor-column-gap-default\">\n\t\t\t\t\t<div class=\"elementor-column elementor-col-100 elementor-top-column elementor-element elementor-element-5d2018ab\" data-id=\"5d2018ab\" data-element_type=\"column\">\n\t\t\t<div class=\"elementor-widget-wrap elementor-element-populated\">\n\t\t\t\t\t\t<div class=\"elementor-element elementor-element-5096329c elementor-widget elementor-widget-text-editor\" data-id=\"5096329c\" data-element_type=\"widget\" data-widget_type=\"text-editor.default\">\n\t\t\t\t<div class=\"elementor-widget-container\">\n\t\t\t\t\t\t\t\t\t<h1>Wentylacja - Technologie konferencyjne i multimedialne<\/h1>\n<p><br><\/p>\n<p>PCS dystrybuuje profesjonalne technologie do u\u017cytku komercyjnego na regularnie aktualizowanych warunkach oraz oferuje us\u0142ugi doradcze i posprzeda\u017cowe.<\/p>\n<p>Doradzamy niezale\u017cnie od producenta i z przyjemno\u015bci\u0105 wdro\u017cymy system dostosowany do Twoich potrzeb.<\/p>\n<p>Szukasz system\u00f3w konferencyjnych i multimedialnych lub potrzebujesz technologii audio lub wideo?<br>Jeste\u015bmy partnerami dystrybucyjnymi najwi\u0119kszych profesjonalnych producent\u00f3w renomowanych w tych dziedzinach.<br>U nas mo\u017cna naby\u0107 ma\u0142e i du\u017ce systemy audiowizualne, a tak\u017ce pojedyncze komponenty, cz\u0119\u015bci zamienne i akcesoria.<\/p>\n<h2>Wyb\u00f3r grup produkt\u00f3w<\/h2>\n<p><br><\/p>\n<p><img decoding=\"async\" src=\"https:\/\/konferenztechnik.de\/wp-content\/uploads\/2018\/07\/fuehrungsanlagen-kaufen-1.jpg\" alt=\"Kup systemy prowadz\u0105ce\" class=\"alignleft size-full wp-image-13481\" title=\"\"><\/p>\n<h3><b><br><\/b><\/h3><h3><b><br><\/b><\/h3><h3><b><br><\/b><\/h3><h3><b><br><\/b><\/h3><h3><b>Acheter un syst\u00e8me \/ casque audio guide (Tourguide Systems)<\/b><\/h3>\n<p>Solidna konstrukcja, doskona\u0142a jako\u015b\u0107 d\u017awi\u0119ku, nowe akumulatory litowo-jonowe o d\u0142ugiej \u017cywotno\u015bci<\/p>\n<p><br><\/p>\n<p><img decoding=\"async\" class=\"alignnone size-full wp-image-1287\" src=\"https:\/\/konferenztechnik.de\/wp-content\/uploads\/2013\/06\/quinta.jpg\" alt=\"kwinta\" title=\"\"><\/p>\n<h3><b>Acheter des microphones de table<\/b><\/h3>\n<p>Kup u nas profesjonalny zestaw s\u0142uchawkowy \u2013 z filtrem lub bez z doskona\u0142\u0105 jako\u015bci\u0105 d\u017awi\u0119ku.<\/p>\n<p><br><\/p>\n<p><img decoding=\"async\" src=\"https:\/\/konferenztechnik.de\/wp-content\/uploads\/2018\/07\/dolmetscherkabinen-kaufen-1.jpg\" alt=\"Kup kabiny do t\u0142umacze\u0144 ustnych\" class=\"alignleft size-full wp-image-13486\" title=\"\"><\/p>\n<h3><b><br><\/b><\/h3><h3><b><br><\/b><\/h3><h3><b><br><\/b><\/h3><h3><b><br><\/b><\/h3><h3><b>Acheter des cabines d'interpr\u00e9tation<\/b><\/h3>\n<p>Cabines d'interpr\u00e9tation,<br>certyfikowane ISO,<br>mobilne i elastyczne<br>dost\u0119pne natychmiast po rozpocz\u0119ciu pracy w PCS<\/p>\n<p><br><\/p>\n<p><img fetchpriority=\"high\" decoding=\"async\" width=\"288\" height=\"198\" class=\"alignleft size-full wp-image-3750\" src=\"https:\/\/konferenztechnik.de\/wp-content\/uploads\/2013\/11\/03-mediensteuerungen.jpg\" alt=\"Sterowanie multimediami w PCS - Crestron, AMX, RTI\" title=\"\"><\/p>\n<h3><b><br><\/b><\/h3><h3><b><br><\/b><\/h3><h3><b><br><\/b><\/h3><h3><b><br><\/b><\/h3><h3><b><br><\/b><\/h3><h3><b>Commande multimedia<\/b><\/h3>\n<p>System sterowania domem: centralnie zarz\u0105dzaj instalacjami multimedialnymi (wideo, audio i o\u015bwietlenie) w swoich salonach i budynkach.<\/p>\n<p><br><\/p>\n<p><img decoding=\"async\" width=\"288\" height=\"198\" class=\"alignleft size-full wp-image-3748\" src=\"https:\/\/konferenztechnik.de\/wp-content\/uploads\/2013\/11\/01-i3.jpg\" alt=\"Tablica interaktywna Vanerum i3\" title=\"\"><\/p>\n<h3><b><br><\/b><\/h3><h3><b><br><\/b><\/h3><h3><b><br><\/b><\/h3><h3><b><br><\/b><\/h3><h3><b><br><\/b><\/h3><h3><b>Outils d'apprentissage, de pr\u00e9sentation et de travail collaboratif.<\/b><\/h3>\n<p>Wirtualne tablety, ekrany i interaktywne wideo-projekty<\/p>\n<p><br><\/p>\n<p><img decoding=\"async\" src=\"https:\/\/konferenztechnik.de\/wp-content\/uploads\/2018\/07\/dolmetschertechnik-kaufen-1.jpg\" alt=\"Zakup sprz\u0119tu do t\u0142umacze\u0144 ustnych\" class=\"alignleft size-full wp-image-13484\" title=\"\"><\/p>\n<h3><b><br><\/b><\/h3><h3><b><br><\/b><\/h3><h3><b><br><\/b><\/h3><h3><b><br><\/b><\/h3><h3><b><br><\/b><\/h3><h3><b>\u00c9quipement d'interpr\u00e9tation<\/b><\/h3>\n<p>Kabiny interpr\u00e8tes, pupitres d'interpr\u00e8tes, technika interpr\u00e9tation par infrarouge, technika interpr\u00e9tation par liaison radio \/ hertzienne<\/p>\n<p><br><\/p>\n<p><img decoding=\"async\" width=\"288\" height=\"198\" class=\"alignleft size-full wp-image-3751\" src=\"https:\/\/konferenztechnik.de\/wp-content\/uploads\/2013\/11\/07-projektorenhalterungen.jpg\" alt=\"Uchwyty do projektor\u00f3w i rzutnik\u00f3w\" title=\"\"><\/p>\n<h3><b><br><\/b><\/h3><h3><b><br><\/b><\/h3><h3><b><br><\/b><\/h3><h3><b><br><\/b><\/h3><h3><b><br><\/b><\/h3><h3><b>Podpory \/ mocowanie ekranu i projektora<\/b><\/h3>\n<p>Mocowanie plafonu, tr\u00e9pieds d'\u00e9cran, syst\u00e8mes d'installation de projecteurs et d'\u00e9crans, sysme d'installation de projecteurs, enceintes d'insonorisation et d'isolation acoustique<\/p>\n<p><br><\/p>\n<p><img loading=\"lazy\" decoding=\"async\" width=\"288\" height=\"198\" class=\"alignleft size-full wp-image-3752\" src=\"https:\/\/konferenztechnik.de\/wp-content\/uploads\/2013\/11\/08-funklautsprecher.jpg\" alt=\"G\u0142o\u015bnik bezprzewodowy Sennheiser LSP 500 PRO\" title=\"\"><\/p>\n<h3><b><br><\/b><\/h3><h3><b><br><\/b><\/h3><h3><b><br><\/b><\/h3><h3><b><br><\/b><\/h3><h3><b><br><\/b><\/h3><h3><b>Technologie audio, technologie wideo<\/b><\/h3>\n<p>Systemy d\u017awi\u0119kowe, mikrofony, sto\u0142y mikserskie, projektory wideo, wy\u015bwietlacze, ekrany, wizualizatory, ekrany projekcyjne, sygnalizacja cyfrowa<\/p>\n<p><br><\/p>\n<p>\n<img loading=\"lazy\" decoding=\"async\" width=\"288\" height=\"198\" class=\"alignnone size-full wp-image-3851\" src=\"https:\/\/konferenztechnik.de\/wp-content\/uploads\/2013\/11\/barco_clickshare_bei-pcs.jpg\" alt=\"barco_clickshare_by-pcs\" title=\"\"><\/p>\n<h3><br><\/h3><div class=\"rahmen\">\n<p><br><\/p><\/div>\t\t\t\t\t\t\t\t<\/div>\n\t\t\t\t<\/div>\n\t\t\t\t\t<\/div>\n\t\t<\/div>\n\t\t\t\t\t<\/div>\n\t\t<\/section>\n\t\t\t\t<\/div>","protected":false},"excerpt":{"rendered":"<p>Ventes -Technologie de conf\u00e9rence et multimedias PCS distribue des technologies professionnelles \u00e0 usage commercial \u00e0 des conditions r\u00e9guli\u00e8rement mises \u00e0 jour, et propose des services de conseil et de service apr\u00e8s-vente. Nous vous conseillons ind\u00e9pendamment des fabricants et nous nous ferons un plaisir de vous mettre en place un syst\u00e8me adapt\u00e9 \u00e0 vos besoins. Vous [&hellip;]<\/p>","protected":false},"author":1,"featured_media":45482,"parent":0,"menu_order":0,"comment_status":"closed","ping_status":"closed","template":"","meta":{"_acf_changed":false,"footnotes":""},"class_list":["post-15542","page","type-page","status-publish","has-post-thumbnail","hentry"],"acf":[],"_links":{"self":[{"href":"https:\/\/konferenztechnik.de\/pl\/wp-json\/wp\/v2\/pages\/15542","targetHints":{"allow":["GET"]}}],"collection":[{"href":"https:\/\/konferenztechnik.de\/pl\/wp-json\/wp\/v2\/pages"}],"about":[{"href":"https:\/\/konferenztechnik.de\/pl\/wp-json\/wp\/v2\/types\/page"}],"author":[{"embeddable":true,"href":"https:\/\/konferenztechnik.de\/pl\/wp-json\/wp\/v2\/users\/1"}],"replies":[{"embeddable":true,"href":"https:\/\/konferenztechnik.de\/pl\/wp-json\/wp\/v2\/comments?post=15542"}],"version-history":[{"count":0,"href":"https:\/\/konferenztechnik.de\/pl\/wp-json\/wp\/v2\/pages\/15542\/revisions"}],"wp:featuredmedia":[{"embeddable":true,"href":"https:\/\/konferenztechnik.de\/pl\/wp-json\/wp\/v2\/media\/45482"}],"wp:attachment":[{"href":"https:\/\/konferenztechnik.de\/pl\/wp-json\/wp\/v2\/media?parent=15542"}],"curies":[{"name":"wp","href":"https:\/\/api.w.org\/{rel}","templated":true}]}}