{"id":1562,"date":"2013-08-30T15:08:02","date_gmt":"2013-08-30T13:08:02","guid":{"rendered":"https:\/\/konferenztechnik.de\/?page_id=1562"},"modified":"2013-08-30T15:08:02","modified_gmt":"2013-08-30T13:08:02","slug":"wydarzenie-z-lista-referencyjna","status":"publish","type":"page","link":"https:\/\/konferenztechnik.de\/pl\/o-nas-2\/wydarzenie-z-lista-referencyjna\/","title":{"rendered":"Lista referencyjna wydarze\u0144"},"content":{"rendered":"<h1>Lista referencyjna wydarze\u0144<\/h1>\n<ul>\n<li>ABB LTD.<\/li>\n<li>Abbott GmbH &amp; Co. KG<\/li>\n<li>Grupa W\u00fcrth<\/li>\n<li>BMW Group<\/li>\n<li>Niemieckie Stowarzyszenie Wydawc\u00f3w i Ksi\u0119garzy<\/li>\n<li>Bosch Rexroth AG<\/li>\n<li>Ambasada USA<\/li>\n<li>BP Oil Marketing<\/li>\n<li>BPW \u2013 Bergische Achsen<\/li>\n<li>Brahms AG<\/li>\n<li>B. Braun Melsungen AG<\/li>\n<li>Federalne Stowarzyszenie T\u0142umaczy Ustnych i Pisemnych (BD\u00dc)<\/li>\n<li>Federalny Trybuna\u0142 Konstytucyjny<\/li>\n<li>Daimler AG<\/li>\n<li>Deichmann<\/li>\n<li>DFB \u2013 Niemiecki Zwi\u0105zek Pi\u0142ki No\u017cnej e.V.<\/li>\n<li>Fundacja Dietera Schwarza organizacja non-profit<\/li>\n<li>FIFA \u2013 F\u00e9d\u00e9ration Internationale de Football Association (Mi\u0119dzynarodowa Federacja Pi\u0142ki No\u017cnej)<\/li>\n<li>Fundacja Fritza Thyssena<\/li>\n<li>Fujifilm<\/li>\n<li>DMG Mori Seiki AG<\/li>\n<li>Drees &amp; Sommer AG<\/li>\n<li>Ecolab Germany GmbH<\/li>\n<li>Ford Werke AG<\/li>\n<li>Wolny Uniwersytet w Berlinie<\/li>\n<li>EASA \u2013 Europejska Agencja Bezpiecze\u0144stwa Lotniczego<\/li>\n<li>GETRAG International GmbH<\/li>\n<li>Izba Rzemie\u015blnicza w D\u00fcsseldorfie<\/li>\n<li>HeidelbergCement AG<\/li>\n<li>Henry Schein Dental Germany GmbH<\/li>\n<li>Uniwersytet Nauk Stosowanych w Niederrhein<\/li>\n<li>Hochtief AG<\/li>\n<li>ICG \u2013 Innovation Congress GmbH<\/li>\n<li>IHK D\u00fcsseldorf<\/li>\n<li>Kl\u00f6ckner AG<\/li>\n<li>KPMG<\/li>\n<li>Parlament krajowy NRW<\/li>\n<li>Lidl Dienstleistung GmbH &amp; Co. KG<\/li>\n<li>LKA D\u00fcsseldorf<\/li>\n<li>LR Health &amp; Beauty Systems GmbH<\/li>\n<li>Lufthansa Cargo AG<\/li>\n<li>Miejsce Pami\u0119ci i Centrum Pami\u0119ci Ravensbr\u00fcck<\/li>\n<li>Metro AG<\/li>\n<li>Nachi Europe GmbH<\/li>\n<li>REWE Zentral AG<\/li>\n<li>Rheinzink GmbH &amp; Co KG<\/li>\n<li>Sachtleben Chemie GmbH<\/li>\n<li>Santander Bank<\/li>\n<li>SCC EVENTS GmbH<\/li>\n<li>Sony Europe<\/li>\n<li>Sterling Fluid<\/li>\n<li>Targobank<\/li>\n<li>Telef\u00f3nica Deutschland Holding AG<\/li>\n<li>TEREX<\/li>\n<li>ThyssenKrupp AG<\/li>\n<li>Unilever Deutschland Holding GmbH<\/li>\n<li>Uniwersytet w Heidelbergu<\/li>\n<li>Vaillant GmbH<\/li>\n<li>Niemieckie Stowarzyszenie Cementowni<\/li>\n<li>VISTEON Germany GmbH<\/li>\n<li>WINGAS GmbH<\/li>\n<\/ul>","protected":false},"excerpt":{"rendered":"<p>Lista referencyjna Wydarzenie ABB AG Abbott GmbH &amp; Co. KG W\u00fcrth Group BMW Group B\u00f6rsenverein des deutschen Buchhandels e.V. Bosch Rexroth AG Embassy of the USA BP Oil Marketing BPW \u2013 Bergische Achsen Brahms AG B. Braun Melsungen AG Bundesverband der Dolmetscher und \u00dcbersetzer e.V. (BD\u00dc) Bundesverfassungsgericht Daimler AG Deichmann DFB \u2013 Deutscher Fu\u00dfball-Bund e.V. Dieter Schwarz [...]<\/p>","protected":false},"author":1,"featured_media":45482,"parent":12,"menu_order":186,"comment_status":"closed","ping_status":"open","template":"page-right-sidebar.php","meta":{"_acf_changed":false,"footnotes":""},"class_list":["post-1562","page","type-page","status-publish","has-post-thumbnail","hentry"],"acf":[],"_links":{"self":[{"href":"https:\/\/konferenztechnik.de\/pl\/wp-json\/wp\/v2\/pages\/1562","targetHints":{"allow":["GET"]}}],"collection":[{"href":"https:\/\/konferenztechnik.de\/pl\/wp-json\/wp\/v2\/pages"}],"about":[{"href":"https:\/\/konferenztechnik.de\/pl\/wp-json\/wp\/v2\/types\/page"}],"author":[{"embeddable":true,"href":"https:\/\/konferenztechnik.de\/pl\/wp-json\/wp\/v2\/users\/1"}],"replies":[{"embeddable":true,"href":"https:\/\/konferenztechnik.de\/pl\/wp-json\/wp\/v2\/comments?post=1562"}],"version-history":[{"count":0,"href":"https:\/\/konferenztechnik.de\/pl\/wp-json\/wp\/v2\/pages\/1562\/revisions"}],"up":[{"embeddable":true,"href":"https:\/\/konferenztechnik.de\/pl\/wp-json\/wp\/v2\/pages\/12"}],"wp:featuredmedia":[{"embeddable":true,"href":"https:\/\/konferenztechnik.de\/pl\/wp-json\/wp\/v2\/media\/45482"}],"wp:attachment":[{"href":"https:\/\/konferenztechnik.de\/pl\/wp-json\/wp\/v2\/media?parent=1562"}],"curies":[{"name":"wp","href":"https:\/\/api.w.org\/{rel}","templated":true}]}}