{"id":1813,"date":"2013-09-05T11:30:23","date_gmt":"2013-09-05T09:30:23","guid":{"rendered":"https:\/\/konferenztechnik.de\/?page_id=1813"},"modified":"2023-06-29T14:15:16","modified_gmt":"2023-06-29T12:15:16","slug":"technologia-av-mikrofony-systemy-dzwiekowe-projektory","status":"publish","type":"page","link":"https:\/\/konferenztechnik.de\/pl\/wynajem-sprzetu-konferencyjnego\/technologia-av-mikrofony-systemy-dzwiekowe-projektory\/","title":{"rendered":"Technologia AV: mikrofony, systemy d\u017awi\u0119kowe, projektory"},"content":{"rendered":"<h1>Technologia AV: mikrofony, systemy d\u017awi\u0119kowe, projektory<\/h1>\n<p>Mikrofony, sprz\u0119t nag\u0142o\u015bnieniowy, m\u00f3wnice, hybrydy telefoniczne, rozdzielacze prasy, stenogramy, oprogramowanie do nagrywania, urz\u0105dzenia nagrywaj\u0105ce, urz\u0105dzenia sygnalizacyjne, projektory, ekrany i wiele wi\u0119cej... Nasz sprz\u0119t audio i wideo jest przeznaczony do obs\u0142ugi konferencji i kongres\u00f3w ka\u017cdej wielko\u015bci.<\/p>\n<p><img fetchpriority=\"high\" decoding=\"async\" width=\"1200\" height=\"387\" src=\"https:\/\/konferenztechnik.de\/wp-content\/uploads\/2016\/10\/audio-videotechnik-mieten.jpg\" alt=\"wynajem technologii audio-wideo\" class=\"alignnone size-full wp-image-8507\" title=\"\" srcset=\"https:\/\/konferenztechnik.de\/wp-content\/uploads\/2016\/10\/audio-videotechnik-mieten.jpg 1200w, https:\/\/konferenztechnik.de\/wp-content\/uploads\/2016\/10\/audio-videotechnik-mieten-300x97.jpg 300w, https:\/\/konferenztechnik.de\/wp-content\/uploads\/2016\/10\/audio-videotechnik-mieten-1024x330.jpg 1024w, https:\/\/konferenztechnik.de\/wp-content\/uploads\/2016\/10\/audio-videotechnik-mieten-768x248.jpg 768w\" sizes=\"(max-width: 1200px) 100vw, 1200px\" \/><br \/>\n<img decoding=\"async\" src=\"https:\/\/konferenztechnik.de\/wp-content\/uploads\/2016\/10\/beamer-beschallung-mieten.jpg\" alt=\"projektor-system-d\u017awi\u0119kowy-wynajem\" class=\"alignnone size-full wp-image-8506\" title=\"\"><br \/>\n<img decoding=\"async\" width=\"1200\" height=\"346\" src=\"https:\/\/konferenztechnik.de\/wp-content\/uploads\/2016\/10\/event-technik-mieten.jpg\" alt=\"wynajem technologii eventowej\" class=\"alignnone size-full wp-image-8510\" title=\"\" srcset=\"https:\/\/konferenztechnik.de\/wp-content\/uploads\/2016\/10\/event-technik-mieten.jpg 1200w, https:\/\/konferenztechnik.de\/wp-content\/uploads\/2016\/10\/event-technik-mieten-300x87.jpg 300w, https:\/\/konferenztechnik.de\/wp-content\/uploads\/2016\/10\/event-technik-mieten-1024x295.jpg 1024w, https:\/\/konferenztechnik.de\/wp-content\/uploads\/2016\/10\/event-technik-mieten-768x221.jpg 768w\" sizes=\"(max-width: 1200px) 100vw, 1200px\" \/><\/p>\n<p>[callout add_button=\"no\" button_text=\"Learn More\" button_url=\"#\" button_color=\"#a62055\u2033]<br \/>\nWynajem w PCS w codziennie aktualizowanych cenach z naszej rozleg\u0142ej floty wynajmu. Nasz kompetentny zesp\u00f3\u0142 natychmiast prze\u015ble atrakcyjn\u0105 ofert\u0119.<br \/>\n[\/callout]<\/p>\n<p>[spacer size=\"3\u2033]<br \/>\n[clear]<\/p>\n<div class=\"boxcontainer\">\n<div class=\"box1-4\">\n<div class=\"box-head\">P\u00f3\u0142noc i zach\u00f3d<\/div>\n<p><img decoding=\"async\" width=\"800\" height=\"533\" src=\"https:\/\/konferenztechnik.de\/wp-content\/uploads\/2013\/09\/monika_van_den_boogaard_pcs-gmbh.jpg\" alt=\"monika_van_den_boogaard_pcs-gmbh\" class=\"alignleft size-full wp-image-2312\" title=\"\" srcset=\"https:\/\/konferenztechnik.de\/wp-content\/uploads\/2013\/09\/monika_van_den_boogaard_pcs-gmbh.jpg 800w, https:\/\/konferenztechnik.de\/wp-content\/uploads\/2013\/09\/monika_van_den_boogaard_pcs-gmbh-300x200.jpg 300w, https:\/\/konferenztechnik.de\/wp-content\/uploads\/2013\/09\/monika_van_den_boogaard_pcs-gmbh-768x512.jpg 768w\" sizes=\"(max-width: 800px) 100vw, 800px\" \/><br \/>\nMonika van den Boogaard<br \/>\nKonsultant ds. projekt\u00f3w Wynajem<br \/>\nTelefon +49 211 737798 10<br \/>\n<span class=\"volleansicht\">e-mail <a href=\"mailto:vandenboogaard@konferenztechnik.de\" onclick=\"ga('send', 'event', 'Email-Klick', 'Kontakt Boogaard');\">pisa\u0107<\/a><br \/>\n<\/span><br \/>\n<span class=\"mobileansicht\">e-mail <a href=\"mailto:vandenboogaard@konferenztechnik.de\" onclick=\"ga('send', 'event', 'Email-Klick', 'Kontakt Boogaard');\">pisa\u0107<\/a><br \/>\n<\/span><\/p>\n<\/div>\n<div class=\"box1-4\">\n<div class=\"box-head\">Wsch\u00f3d<\/div>\n<p><img loading=\"lazy\" decoding=\"async\" width=\"2316\" height=\"1543\" src=\"https:\/\/konferenztechnik.de\/wp-content\/uploads\/2017\/05\/sebastian-meyer-pcs-gmbh.jpg\" alt=\"Sebastian Meyer PCS GmbH - Dyspozycja\" class=\"alignleft size-full wp-image-10048\" title=\"\" srcset=\"https:\/\/konferenztechnik.de\/wp-content\/uploads\/2017\/05\/sebastian-meyer-pcs-gmbh.jpg 2316w, https:\/\/konferenztechnik.de\/wp-content\/uploads\/2017\/05\/sebastian-meyer-pcs-gmbh-300x200.jpg 300w, https:\/\/konferenztechnik.de\/wp-content\/uploads\/2017\/05\/sebastian-meyer-pcs-gmbh-1024x682.jpg 1024w, https:\/\/konferenztechnik.de\/wp-content\/uploads\/2017\/05\/sebastian-meyer-pcs-gmbh-768x512.jpg 768w, https:\/\/konferenztechnik.de\/wp-content\/uploads\/2017\/05\/sebastian-meyer-pcs-gmbh-1536x1023.jpg 1536w, https:\/\/konferenztechnik.de\/wp-content\/uploads\/2017\/05\/sebastian-meyer-pcs-gmbh-2048x1364.jpg 2048w\" sizes=\"(max-width: 2316px) 100vw, 2316px\" \/><br \/>\nSebastian Meyer<br \/>\nKonsultant ds. projekt\u00f3w Wynajem<br \/>\nTelefon +49 30 6959690 15<br \/>\n<span class=\"volleansicht\">e-mail <a href=\"mailto:meyer@konferenztechnik.de\" onclick=\"ga('send', 'event', 'Email-Klick', 'Kontakt Meyer');\">pisa\u0107<\/a><br \/>\n<\/span><br \/>\n<span class=\"mobileansicht\">e-mail <a href=\"mailto:meyer@konferenztechnik.de\" onclick=\"ga('send', 'event', 'Email-Klick', 'Kontakt Meyer');\">pisa\u0107<\/a><br \/>\n<\/span><\/p>\n<\/div>\n<div class=\"box1-4\">\n<div class=\"box-head\">Po\u0142udnie<\/div>\n<p><img loading=\"lazy\" decoding=\"async\" width=\"800\" height=\"533\" src=\"https:\/\/konferenztechnik.de\/wp-content\/uploads\/2013\/09\/sebastian_gegusch_pcs-gmbh.jpg\" alt=\"Sebastian Gegusch PCS-GmbH\" class=\"alignleft size-full wp-image-3153\" title=\"\" srcset=\"https:\/\/konferenztechnik.de\/wp-content\/uploads\/2013\/09\/sebastian_gegusch_pcs-gmbh.jpg 800w, https:\/\/konferenztechnik.de\/wp-content\/uploads\/2013\/09\/sebastian_gegusch_pcs-gmbh-300x200.jpg 300w, https:\/\/konferenztechnik.de\/wp-content\/uploads\/2013\/09\/sebastian_gegusch_pcs-gmbh-768x512.jpg 768w\" sizes=\"(max-width: 800px) 100vw, 800px\" \/><br \/>\nSebastian Gegusch<br \/>\nZarz\u0105dzanie projektami i planowanie<br \/>\nTelefon +49 89 248830021<br \/>\n<span class=\"volleansicht\">e-mail <a href=\"mailto:gegusch@konferenztechnik.de\" onclick=\"ga('send', 'event', 'Email-Klick', 'Kontakt Gegusch');\">pisa\u0107<\/a><br \/>\n<\/span><br \/>\n<span class=\"mobileansicht\">e-mail <a href=\"mailto:gegusch@konferenztechnik.de\" onclick=\"ga('send', 'event', 'Email-Klick', 'Kontakt Gegusch');\">pisa\u0107<\/a><br \/>\n<\/span><\/p>\n<\/div>\n<div class=\"box1-4-empty\"><\/div>\n<\/div>","protected":false},"excerpt":{"rendered":"<p>AV-Technik: Mikrofone, Beschallungstechnik, Beamer Mikrofonierung, Beschallungstechnik, Rednerpulte, Telefonhybriden, Presseverteiler, steno-s Protokollierungssoftware, Aufzeichnungsger\u00e4te, Signalgeber, Beamer, Leinw\u00e4nde und vieles mehr&#8230; Unser Audio- und Videoequipment ist f\u00fcr Tagungen und Kongresse jeder Gr\u00f6\u00dfenordnung ausgelegt. [callout add_button=&#8220;no&#8220; button_text=&#8220;Learn More&#8220; button_url=&#8220;#&#8220; button_color=&#8220;#a62055&#8243;] Mieten Sie bei PCS zu tagesaktuellen Preisen aus unserem umfangreichen Vermietpark. Unser kompetentes Team l\u00e4sst Ihnen umgehend ein attraktives [&hellip;]<\/p>","protected":false},"author":1,"featured_media":45482,"parent":3618,"menu_order":157,"comment_status":"closed","ping_status":"open","template":"","meta":{"_acf_changed":false,"footnotes":""},"class_list":["post-1813","page","type-page","status-publish","has-post-thumbnail","hentry"],"acf":[],"_links":{"self":[{"href":"https:\/\/konferenztechnik.de\/pl\/wp-json\/wp\/v2\/pages\/1813","targetHints":{"allow":["GET"]}}],"collection":[{"href":"https:\/\/konferenztechnik.de\/pl\/wp-json\/wp\/v2\/pages"}],"about":[{"href":"https:\/\/konferenztechnik.de\/pl\/wp-json\/wp\/v2\/types\/page"}],"author":[{"embeddable":true,"href":"https:\/\/konferenztechnik.de\/pl\/wp-json\/wp\/v2\/users\/1"}],"replies":[{"embeddable":true,"href":"https:\/\/konferenztechnik.de\/pl\/wp-json\/wp\/v2\/comments?post=1813"}],"version-history":[{"count":0,"href":"https:\/\/konferenztechnik.de\/pl\/wp-json\/wp\/v2\/pages\/1813\/revisions"}],"up":[{"embeddable":true,"href":"https:\/\/konferenztechnik.de\/pl\/wp-json\/wp\/v2\/pages\/3618"}],"wp:featuredmedia":[{"embeddable":true,"href":"https:\/\/konferenztechnik.de\/pl\/wp-json\/wp\/v2\/media\/45482"}],"wp:attachment":[{"href":"https:\/\/konferenztechnik.de\/pl\/wp-json\/wp\/v2\/media?parent=1813"}],"curies":[{"name":"wp","href":"https:\/\/api.w.org\/{rel}","templated":true}]}}