{"id":1862,"date":"2013-09-06T10:18:15","date_gmt":"2013-09-06T08:18:15","guid":{"rendered":"https:\/\/konferenztechnik.de\/?page_id=1862"},"modified":"2013-09-06T10:18:15","modified_gmt":"2013-09-06T08:18:15","slug":"beyerdynamic-guidance-systems","status":"publish","type":"page","link":"https:\/\/konferenztechnik.de\/pl\/dystrybucja-technologii-konferencyjnych-i-multimedialnych\/beyerdynamic-guidance-systems\/","title":{"rendered":"Systemy naprowadzania Beyerdynamic"},"content":{"rendered":"<h1>Systemy przewodnik\u00f3w i systemy tour guide od Beyerdynamic<\/h1>\n<p>Skuteczna komunikacja staje si\u0119 coraz wa\u017cniejsza w dzisiejszym \u015bwiecie. Niezawodna technologia stanowi podstaw\u0119 wszystkich aplikacji audio w polityce, przemy\u015ble i instytucjach publicznych. Bezprzewodowy system t\u0142umacze\u0144 ustnych i prowadzenia Synexis firmy Beyerdynamic zapewnia wszechstronne i ekonomiczne rozwi\u0105zanie spe\u0142niaj\u0105ce nawet najbardziej wymagaj\u0105ce wymagania. Do 18 sygna\u0142\u00f3w audio mo\u017ce by\u0107 przesy\u0142anych jednocze\u015bnie, zar\u00f3wno w przypadku t\u0142umacze\u0144 ustnych na wieloj\u0119zycznych konferencjach, jak i podczas wycieczek z przewodnikiem po halach fabrycznych, muzeach lub na zewn\u0105trz. Synexis umo\u017cliwia wyra\u017an\u0105 prezentacj\u0119, kt\u00f3ra jest zrozumia\u0142a dla ka\u017cdego i wsz\u0119dzie.<\/p>\n<h2>Przyk\u0142ady zastosowa\u0144:<\/h2>\n<ul>\n<li>Zarz\u0105dzanie operacyjne nawet przy wysokim poziomie ha\u0142asu<\/li>\n<li>Maszyny i prezentacje produkt\u00f3w<\/li>\n<li>Szkolenie w zakresie bezpiecze\u0144stwa (samoch\u00f3d, rower, jazda na rolkach itp.)<\/li>\n<li>Wycieczki z przewodnikiem po muzeach, zamkach, galeriach, wystawach i targach<\/li>\n<li>T\u0142umaczenia symultaniczne szkole\u0144, konferencji i spotka\u0144, np. w po\u0142\u0105czeniu z systemem t\u0142umacze\u0144 symultanicznych SIS.<\/li>\n<\/ul>\n<p>[spacer size=\"20\u2033]<\/p>\n<p>[tabs style=\"1\u2033]<br \/>\n[tab title=\"Artyku\u0142\"]<\/p>\n<h2>Kieszonkowy odbiornik radiowy \u2013 Synexis RP8<\/h2>\n<p>[column size=\"2-5\u2033 last=\"0\u2033]<\/p>\n<p><a href=\"https:\/\/konferenztechnik.de\/wp-content\/uploads\/2013\/09\/Empfaenger_Beyerdynamic_Synexis_rp8.jpg\"><img fetchpriority=\"high\" decoding=\"async\" width=\"530\" height=\"491\" src=\"https:\/\/konferenztechnik.de\/wp-content\/uploads\/2013\/09\/Empfaenger_Beyerdynamic_Synexis_rp8.jpg\" alt=\"Odbiornik Beyerdynamic Synexis RP8\" class=\"alignnone size-full wp-image-1874\" title=\"\" srcset=\"https:\/\/konferenztechnik.de\/wp-content\/uploads\/2013\/09\/Empfaenger_Beyerdynamic_Synexis_rp8.jpg 530w, https:\/\/konferenztechnik.de\/wp-content\/uploads\/2013\/09\/Empfaenger_Beyerdynamic_Synexis_rp8-300x278.jpg 300w\" sizes=\"(max-width: 530px) 100vw, 530px\" \/><\/a><\/p>\n<p>[\/column]<br \/>\n[column size=\"3-5\u2033 last=\"1\u2033]<\/p>\n<p>Kieszonkowy odbiornik RP8 jest u\u017cywany jako system przewodnika lub podczas konferencji z wieloj\u0119zycznym t\u0142umaczeniem symultanicznym. Do z\u0142\u0105cza mini-jack mo\u017cna pod\u0142\u0105czy\u0107 s\u0142uchawki lub p\u0119tl\u0119 indukcyjn\u0105 dla os\u00f3b z aparatami s\u0142uchowymi, co oznacza, \u017ce urz\u0105dzenie mo\u017ce by\u0107 r\u00f3wnie\u017c u\u017cywane do wspierania dost\u0119pno\u015bci.<\/p>\n<p>[\/column]<br \/>\n[\/tab]<br \/>\n[tab title=\"Szczeg\u00f3\u0142y techniczne\"]<\/p>\n<h2>Kieszonkowy odbiornik radiowy \u2013 Synexis RP8<\/h2>\n<p>Wy\u015bwietlacz OLED pokazuje kana\u0142, stan baterii i cz\u0119stotliwo\u015b\u0107. Odbiornik mo\u017cna nosi\u0107 za pomoc\u0105 od\u0142\u0105czanego klipsa do paska lub paska na szyj\u0119. RP8 jest zasilany przez dwa akumulatory NiMH lub standardowe baterie AA 1,5 V. Akumulatory nie musz\u0105 by\u0107 wyjmowane z urz\u0105dzenia w celu na\u0142adowania i s\u0105 chronione przed prze\u0142adowaniem dzi\u0119ki inteligentnej technologii \u0142adowania. Elektronika \u0142adowania rozpoznaje r\u00f3wnie\u017c, czy w\u0142o\u017cone s\u0105 akumulatorki czy baterie, dzi\u0119ki czemu mo\u017cna wykluczy\u0107 nieprawid\u0142owe dzia\u0142anie.<\/p>\n<ul>\n<li>18 regulowanych cz\u0119stotliwo\u015bci z prze\u0142\u0105cznikiem kana\u0142\u00f3w<\/li>\n<li>Dioda LED wska\u017anika pracy i stanu \u0142adowania<\/li>\n<li>Wy\u015bwietlacz OLED pokazuj\u0105cy kana\u0142, stan baterii, cz\u0119stotliwo\u015b\u0107 i funkcj\u0119 blokady wyboru kana\u0142u<\/li>\n<li>Z\u0142\u0105cze Jack (3,5 mm) dla s\u0142uchawek lub aparat\u00f3w s\u0142uchowych (np. p\u0119tli indukcyjnej)<\/li>\n<li>Dzia\u0142anie z dwoma akumulatorami NiMH AA lub bateriami AA 1,5 V<\/li>\n<li>Inteligentna technologia \u0142adowania z funkcj\u0105 automatycznego wy\u0142\u0105czania<\/li>\n<li>Mo\u017cliwo\u015b\u0107 noszenia ze sznurkiem na szyi lub klipsem do paska<\/li>\n<\/ul>\n<p>[\/tab]<br \/>\n[\/tabs]<\/p>\n<p>[spacer size=\"20\u2033]<\/p>\n<p>[tabs style=\"1\u2033]<br \/>\n[tab title=\"Artyku\u0142\"]<\/p>\n<h2>Nadajnik r\u0119czny \u2013 Synexis TH8<\/h2>\n<p>[column size=\"2-5\u2033 last=\"0\u2033]<\/p>\n<p><a href=\"https:\/\/konferenztechnik.de\/wp-content\/uploads\/2013\/09\/Handsender_Beyerdynamic_Synexis_th8.jpg\"><img decoding=\"async\" width=\"600\" height=\"233\" src=\"https:\/\/konferenztechnik.de\/wp-content\/uploads\/2013\/09\/Handsender_Beyerdynamic_Synexis_th8.jpg\" alt=\"Nadajnik r\u0119czny Beyerdynamic Synexis TH8\" class=\"alignnone size-full wp-image-1880\" title=\"\" srcset=\"https:\/\/konferenztechnik.de\/wp-content\/uploads\/2013\/09\/Handsender_Beyerdynamic_Synexis_th8.jpg 600w, https:\/\/konferenztechnik.de\/wp-content\/uploads\/2013\/09\/Handsender_Beyerdynamic_Synexis_th8-300x117.jpg 300w\" sizes=\"(max-width: 600px) 100vw, 600px\" \/><\/a><\/p>\n<p>[\/column]<br \/>\n[column size=\"3-5\u2033 last=\"1\u2033]<\/p>\n<p>TH8 to mikrofon i nadajnik radiowy w jednym. W po\u0142\u0105czeniu z odbiornikiem radiowym RP8 nadaje si\u0119 do u\u017cytku jako system przewodnika wycieczek, jako system t\u0142umaczenia szeptanego na ma\u0142ych spotkaniach lub jako wzmocnienie s\u0142uchu na spotkaniach z uczestnikami niedos\u0142ysz\u0105cymi.<\/p>\n<p>[\/column]<br \/>\n[\/tab]<br \/>\n[tab title=\"Szczeg\u00f3\u0142y techniczne\"]<\/p>\n<h2>Nadajnik r\u0119czny \u2013 Synexis TH8<\/h2>\n<p>Nadajnik nadaje w zasi\u0119gu do 100 metr\u00f3w przy nawi\u0105zaniu kontaktu wzrokowego. Charakterystyka kardioidalna skutecznie t\u0142umi szumy t\u0142a. Wy\u015bwietlacz OLED pokazuje kana\u0142, stan baterii i cz\u0119stotliwo\u015b\u0107. Mikrofon jest zasilany dwoma akumulatorami AA NiMH lub konwencjonalnymi bateriami AA 1,5 V. Nadajnik mo\u017cna nosi\u0107 na szyi za pomoc\u0105 opcjonalnego paska.<\/p>\n<ul>\n<li>18 Cz\u0119stotliwo\u015bci<\/li>\n<li>Mikrofon z kompensacj\u0105 szum\u00f3w i charakterystyk\u0105 kardioidaln\u0105 o niskim sprz\u0119\u017ceniu zwrotnym<\/li>\n<li>Wy\u015bwietlacz OLED pokazuj\u0105cy kana\u0142, stan baterii i cz\u0119stotliwo\u015b\u0107<\/li>\n<li>Programowalny przycisk obs\u0142ugi funkcji wyciszenia (muting)<\/li>\n<li>Regulowana czu\u0142o\u015b\u0107 za pomoc\u0105 2-stopniowego prze\u0142\u0105cznika (Hi\/Low)<\/li>\n<li>Zintegrowana antena<\/li>\n<li>Dzia\u0142anie z dwoma akumulatorami NiMH AA lub bateriami AA 1,5 V<\/li>\n<\/ul>\n<p>[\/tab]<br \/>\n[\/tabs]<\/p>\n<p>[spacer size=\"20\u2033]<\/p>\n<p>[tabs style=\"1\u2033]<br \/>\n[tab title=\"Artyku\u0142\"]<\/p>\n<h2>Nadajnik bodypack \u2013 Synexis TP8<\/h2>\n<p>[column size=\"2-5\u2033 last=\"0\u2033]<\/p>\n<p><a href=\"https:\/\/konferenztechnik.de\/wp-content\/uploads\/2013\/09\/Taschensender_Beyerdynamic_Synexis_tp8.jpg\"><img decoding=\"async\" width=\"245\" height=\"423\" src=\"https:\/\/konferenztechnik.de\/wp-content\/uploads\/2013\/09\/Taschensender_Beyerdynamic_Synexis_tp8.jpg\" alt=\"Nadajnik bodypack Beyerdynamic Synexis TP8\" class=\"alignnone size-full wp-image-1890\" title=\"\" srcset=\"https:\/\/konferenztechnik.de\/wp-content\/uploads\/2013\/09\/Taschensender_Beyerdynamic_Synexis_tp8.jpg 245w, https:\/\/konferenztechnik.de\/wp-content\/uploads\/2013\/09\/Taschensender_Beyerdynamic_Synexis_tp8-174x300.jpg 174w\" sizes=\"(max-width: 245px) 100vw, 245px\" \/><\/a><\/p>\n<p>[\/column]<br \/>\n[column size=\"3-5\u2033 last=\"1\u2033]<\/p>\n<p>Nadajnik bodypack Synexis TP8 jest u\u017cywany razem z odbiornikiem bodypack Synexis RP8 podczas wycieczek z przewodnikiem, konferencji lub w celu wzmocnienia s\u0142uchu. Do 4-pinowego z\u0142\u0105cza mini XLR mo\u017cna pod\u0142\u0105czy\u0107 mikrofon przypinany lub na szyj\u0119.<\/p>\n<p>[\/column]<br \/>\n[\/tab]<br \/>\n[tab title=\"Szczeg\u00f3\u0142y techniczne\"]<\/p>\n<h2>Nadajnik bodypack \u2013 Synexis TP8 <\/h2>\n<p>Czu\u0142o\u015b\u0107 mikrofonu mo\u017cna dostosowa\u0107 do komunikacji z bliska lub daleka za pomoc\u0105 3-pozycyjnego prze\u0142\u0105cznika. Do z\u0142\u0105cza aux-in mo\u017cna r\u00f3wnie\u017c pod\u0142\u0105czy\u0107 zewn\u0119trzne \u017ar\u00f3d\u0142o d\u017awi\u0119ku w celu odtwarzania muzyki lub nagra\u0144 g\u0142osowych. Kana\u0142, stan baterii i cz\u0119stotliwo\u015b\u0107 mo\u017cna odczyta\u0107 na wy\u015bwietlaczu OLED. Nadajnik jest zasilany dwoma akumulatorami NiMH lub standardowymi bateriami AA 1,5 V.<\/p>\n<ul>\n<li>18 Cz\u0119stotliwo\u015bci<\/li>\n<li>Wy\u015bwietlacz OLED pokazuj\u0105cy kana\u0142, stan baterii i cz\u0119stotliwo\u015b\u0107<\/li>\n<li>Funkcja wyciszenia Mikrofon (funkcja wyciszenia)<\/li>\n<li>Z\u0142\u0105cze Aux-in dla \u017ar\u00f3d\u0142a sygna\u0142u audio, takiego jak odtwarzacz MP3<\/li>\n<li>Z\u0142\u0105cze mikrofonu, 4-pinowe mini XLR z regulowan\u0105 czu\u0142o\u015bci\u0105<\/li>\n<li>Dzia\u0142anie z dwoma akumulatorami NiMH AA lub bateriami AA 1,5 V<\/li>\n<li>Inteligentna technologia \u0142adowania z funkcj\u0105 automatycznego wy\u0142\u0105czania<\/li>\n<li>Od\u0142\u0105czany klips do paska umo\u017cliwiaj\u0105cy przymocowanie do ubrania<\/li>\n<li>Mo\u017cliwo\u015b\u0107 noszenia na szyi za pomoc\u0105 smyczy<\/li>\n<\/ul>\n<p>[\/tab]<br \/>\n[\/tabs]<\/p>\n<p>[spacer size=\"20\u2033]<\/p>\n<p>[tabs style=\"1\u2033]<br \/>\n[tab title=\"Artyku\u0142\"]<\/p>\n<h2> Walizka do \u0142adowania i transportu \u2013 Synexis C20<\/h2>\n<p>[column size=\"2-5\u2033 last=\"0\u2033]<\/p>\n<p><a href=\"https:\/\/konferenztechnik.de\/wp-content\/uploads\/2013\/09\/Ladekoffer_Beyerdynamic_Synexis_c20.jpg\"><img loading=\"lazy\" decoding=\"async\" width=\"600\" height=\"506\" src=\"https:\/\/konferenztechnik.de\/wp-content\/uploads\/2013\/09\/Ladekoffer_Beyerdynamic_Synexis_c20.jpg\" alt=\"Etui \u0142aduj\u0105ce Beyerdynamic Synexis C20\" class=\"alignnone size-full wp-image-1893\" title=\"\" srcset=\"https:\/\/konferenztechnik.de\/wp-content\/uploads\/2013\/09\/Ladekoffer_Beyerdynamic_Synexis_c20.jpg 600w, https:\/\/konferenztechnik.de\/wp-content\/uploads\/2013\/09\/Ladekoffer_Beyerdynamic_Synexis_c20-300x253.jpg 300w\" sizes=\"(max-width: 600px) 100vw, 600px\" \/><\/a><\/p>\n<p>[\/column]<br \/>\n[column size=\"3-5\u2033 last=\"1\u2033]<\/p>\n<p>\u0141adowarka Synexis C8 mo\u017ce by\u0107 u\u017cywana do \u0142adowania maksymalnie o\u015bmiu nadajnik\u00f3w lub odbiornik\u00f3w bodypack Synexis i jednego nadajnika r\u0119cznego.<\/p>\n<p>[\/column]<br \/>\n[\/tab]<br \/>\n[tab title=\"Szczeg\u00f3\u0142y techniczne\"]<\/p>\n<p>\u0141adowarka Synexis C20 mo\u017ce by\u0107 u\u017cywana do \u0142adowania do 20 nadajnik\u00f3w bodypack lub odbiornik\u00f3w bodypack i jednego nadajnika r\u0119cznego. \u0141adowarka jest wbudowana w w\u00f3zek z uchwytem do transportu.<\/p>\n<p>Etui s\u0142u\u017cy r\u00f3wnie\u017c jako miejsce do przechowywania ca\u0142ego systemu Synexis. W pokrywie obudowy znajduje si\u0119 schowek, w kt\u00f3rym mo\u017cna przechowywa\u0107 s\u0142uchawki, mikrofony lub inne akcesoria.<\/p>\n<ul>\n<li>\u0141adowarka i etui transportowe w jednym<\/li>\n<li>Funkcja toczenia i uchwyt do przenoszenia<\/li>\n<li>Dwadzie\u015bcia gniazd \u0142adowania dla odbiornik\u00f3w\/nadajnik\u00f3w kieszonkowych<\/li>\n<li>Jedno gniazdo \u0142adowania dla nadajnik\u00f3w r\u0119cznych<\/li>\n<li>Schowek na akcesoria<\/li>\n<\/ul>\n<p>[\/tab]<br \/>\n[\/tabs]<\/p>\n<p>[spacer size=\"20\u2033]<\/p>\n<p>[tabs style=\"1\u2033]<br \/>\n[tab title=\"Artyku\u0142\"]<\/p>\n<h2>\u0141adowarka \u2013 Synexis C8<\/h2>\n<p>[column size=\"2-5\u2033 last=\"0\u2033]<\/p>\n<p><a href=\"https:\/\/konferenztechnik.de\/wp-content\/uploads\/2013\/09\/Ladegeraet_Beyerdynamic_Synexis_c8.jpg\"><img loading=\"lazy\" decoding=\"async\" width=\"600\" height=\"233\" src=\"https:\/\/konferenztechnik.de\/wp-content\/uploads\/2013\/09\/Ladegeraet_Beyerdynamic_Synexis_c8.jpg\" alt=\"\u0141adowarka Beyerdynamic Synexis C8\" class=\"alignnone size-full wp-image-1891\" title=\"\" srcset=\"https:\/\/konferenztechnik.de\/wp-content\/uploads\/2013\/09\/Ladegeraet_Beyerdynamic_Synexis_c8.jpg 600w, https:\/\/konferenztechnik.de\/wp-content\/uploads\/2013\/09\/Ladegeraet_Beyerdynamic_Synexis_c8-300x117.jpg 300w\" sizes=\"(max-width: 600px) 100vw, 600px\" \/><\/a><\/p>\n<p>[\/column]<br \/>\n[column size=\"3-5\u2033 last=\"1\u2033]<\/p>\n<p>\u0141adowarka Synexis C8 mo\u017ce by\u0107 u\u017cywana do \u0142adowania maksymalnie o\u015bmiu nadajnik\u00f3w lub odbiornik\u00f3w bodypack Synexis i jednego nadajnika r\u0119cznego.<\/p>\n<p>[\/column]<br \/>\n[\/tab]<br \/>\n[tab title=\"Szczeg\u00f3\u0142y techniczne\"]<\/p>\n<h2>\u0141adowarka \u2013 Synexis C8<\/h2>\n<ul>\n<li>Osiem gniazd \u0142adowania dla odbiornik\u00f3w\/nadajnik\u00f3w kieszonkowych<\/li>\n<li>Jedno gniazdo \u0142adowania dla nadajnik\u00f3w r\u0119cznych<\/li>\n<li>Pod\u0142\u0105czenie do sieci, mo\u017cliwo\u015b\u0107 kaskadowania<\/li>\n<li>Dioda LED wska\u017anika pracy<\/li>\n<li>Wytrzyma\u0142a metalowa obudowa, 19\", 3 U<\/li>\n<\/ul>\n<p>\u0141adowarka jest r\u00f3wnie\u017c dost\u0119pna w wersji C10 z gniazdami \u0142adowania dla 10 odbiornik\u00f3w\/nadajnik\u00f3w bodypack, bez gniazda \u0142adowania nadajnika r\u0119cznego.<\/p>\n<p>[\/tab]<br \/>\n[\/tabs]<\/p>\n<p>[spacer size=\"20\u2033]<\/p>\n<p>[tabs style=\"1\u2033]<br \/>\n[tab title=\"Artyku\u0142\"]<\/p>\n<h2>Pojedyncza s\u0142uchawka \u2013 DT 1S<\/h2>\n<p>[column size=\"2-5\u2033 last=\"0\u2033]<\/p>\n<p><a href=\"https:\/\/konferenztechnik.de\/wp-content\/uploads\/2013\/09\/Einohrhoerer_Beyerdynamic_dt1s.jpg\"><img loading=\"lazy\" decoding=\"async\" width=\"298\" height=\"449\" src=\"https:\/\/konferenztechnik.de\/wp-content\/uploads\/2013\/09\/Einohrhoerer_Beyerdynamic_dt1s.jpg\" alt=\"Pojedyncze s\u0142uchawki Beyerdynamic DT1S\" class=\"alignnone size-full wp-image-1892\" title=\"\" srcset=\"https:\/\/konferenztechnik.de\/wp-content\/uploads\/2013\/09\/Einohrhoerer_Beyerdynamic_dt1s.jpg 298w, https:\/\/konferenztechnik.de\/wp-content\/uploads\/2013\/09\/Einohrhoerer_Beyerdynamic_dt1s-199x300.jpg 199w\" sizes=\"(max-width: 298px) 100vw, 298px\" \/><\/a><\/p>\n<p>[\/column]<br \/>\n[column size=\"3-5\u2033 last=\"1\u2033]<\/p>\n<p>S\u0142uchawki mog\u0105 by\u0107 u\u017cywane w osobistych systemach prowadzenia lub w zainstalowanych na sta\u0142e systemach konferencyjnych.<\/p>\n<p>[\/column]<br \/>\n[\/tab]<br \/>\n[tab title=\"Szczeg\u00f3\u0142y techniczne\"]<\/p>\n<h2>Pojedyncza s\u0142uchawka \u2013 DT 1S<\/h2>\n<p>S\u0142uchawki jednouszne s\u0105 dost\u0119pne z przewodem o d\u0142ugo\u015bci 0,8 lub 1,6 metra i z\u0142\u0105czem jack mono. Lekka konstrukcja zapewnia wysoki komfort noszenia. S\u0142uchawki s\u0105 r\u00f3wnie\u017c \u0142atwe w czyszczeniu.<\/p>\n<ul>\n<li>Solidna konstrukcja<\/li>\n<li>\u0141atwe czyszczenie<\/li>\n<\/ul>\n<p>[\/tab]<br \/>\n[\/tabs]<\/p>\n<p>[spacer size=\"20\u2033]<\/p>\n<p>[tabs style=\"1\u2033]<br \/>\n[tab title=\"Artyku\u0142\"]<\/p>\n<h2>S\u0142uchawki na szyj\u0119 \u2013 DT3<\/h2>\n<p>[column size=\"2-5\u2033 last=\"0\u2033]<\/p>\n<p><a href=\"https:\/\/konferenztechnik.de\/wp-content\/uploads\/2013\/09\/Nackenbuegelkopfhoerer_Beyerdynamic_DT3.jpg\"><img loading=\"lazy\" decoding=\"async\" width=\"332\" height=\"230\" src=\"https:\/\/konferenztechnik.de\/wp-content\/uploads\/2013\/09\/Nackenbuegelkopfhoerer_Beyerdynamic_DT3.jpg\" alt=\"S\u0142uchawki nauszne Beyerdynamic DT3\" class=\"alignnone size-full wp-image-1894\" title=\"\" srcset=\"https:\/\/konferenztechnik.de\/wp-content\/uploads\/2013\/09\/Nackenbuegelkopfhoerer_Beyerdynamic_DT3.jpg 332w, https:\/\/konferenztechnik.de\/wp-content\/uploads\/2013\/09\/Nackenbuegelkopfhoerer_Beyerdynamic_DT3-300x208.jpg 300w\" sizes=\"(max-width: 332px) 100vw, 332px\" \/><\/a><\/p>\n<p>[\/column]<br \/>\n[column size=\"3-5\u2033 last=\"1\u2033]<\/p>\n<p>Stereofoniczne s\u0142uchawki na szyj\u0119 do u\u017cytku z systemami naprowadzania lub systemami konferencyjnymi i t\u0142umaczeniowymi.<\/p>\n<p>[\/column]<br \/>\n[\/tab]<br \/>\n[tab title=\"Szczeg\u00f3\u0142y techniczne\"]<\/p>\n<h2>S\u0142uchawki na szyj\u0119 \u2013 DT3<\/h2>\n<p>Pa\u0142\u0105k na szyj\u0119 sprawia, \u017ce s\u0105 bardzo wygodne w noszeniu. S\u0142uchawki s\u0105 wytrzyma\u0142e i \u0142atwe do czyszczenia po konferencji.<\/p>\n<ul>\n<li>Solidna konstrukcja<\/li>\n<li>\u0141atwe czyszczenie<\/li>\n<li>Ergonomiczny kszta\u0142t<\/li>\n<\/ul>\n<p>[\/tab]<br \/>\n[\/tabs]<\/p>\n<p>[spacer size=\"20\u2033]<\/p>\n<p>[tabs style=\"1\u2033]<br \/>\n[tab title=\"Artyku\u0142\"]<\/p>\n<h2>P\u0119tla indukcyjna \u2013 Synexis IL100<\/h2>\n<p>[column size=\"2-5\u2033 last=\"0\u2033]<\/p>\n<p><a href=\"https:\/\/konferenztechnik.de\/wp-content\/uploads\/2013\/09\/Induktionsschleife_Beyerdynamic_Synexis_il80.jpg\"><img loading=\"lazy\" decoding=\"async\" width=\"207\" height=\"380\" src=\"https:\/\/konferenztechnik.de\/wp-content\/uploads\/2013\/09\/Induktionsschleife_Beyerdynamic_Synexis_il80.jpg\" alt=\"P\u0119tla indukcyjna Beyerdynamic Synexis IL80\" class=\"alignnone size-full wp-image-1895\" title=\"\" srcset=\"https:\/\/konferenztechnik.de\/wp-content\/uploads\/2013\/09\/Induktionsschleife_Beyerdynamic_Synexis_il80.jpg 207w, https:\/\/konferenztechnik.de\/wp-content\/uploads\/2013\/09\/Induktionsschleife_Beyerdynamic_Synexis_il80-163x300.jpg 163w\" sizes=\"(max-width: 207px) 100vw, 207px\" \/><\/a><\/p>\n<p>[\/column]<br \/>\n[column size=\"3-5\u2033 last=\"1\u2033]<\/p>\n<p>P\u0119tla indukcyjna jest przeznaczona do u\u017cytku z kieszonkowym odbiornikiem Synexis. Jest pod\u0142\u0105czana do odbiornika zamiast zestawu s\u0142uchawkowego i umo\u017cliwia przesy\u0142anie sygna\u0142u bezpo\u015brednio do standardowego aparatu s\u0142uchowego, zapewniaj\u0105c w ten spos\u00f3b transmisj\u0119 d\u017awi\u0119ku bez barier.<\/p>\n<p>[\/column]<br \/>\n[\/tab]<br \/>\n[\/tabs]<\/p>\n<p>[spacer size=\"20\u2033]<\/p>\n<p>[tabs style=\"1\u2033]<br \/>\n[tab title=\"Artyku\u0142\"]<\/p>\n<h2> Informacje na temat wycofanego systemu naprowadzania TTS300<\/h2>\n<p>[column size=\"2-5\u2033 last=\"0\u2033]<\/p>\n<p><a href=\"https:\/\/konferenztechnik.de\/wp-content\/uploads\/2013\/09\/Funkempfaenger_FE316_ohne_KPF_gross.jpg\"><img loading=\"lazy\" decoding=\"async\" width=\"800\" height=\"404\" src=\"https:\/\/konferenztechnik.de\/wp-content\/uploads\/2013\/09\/Funkempfaenger_FE316_ohne_KPF_gross.jpg\" alt=\"Odbiornik bezprzewodowy Beyerdynamic FE316\" class=\"alignnone size-full wp-image-1896\" title=\"\" srcset=\"https:\/\/konferenztechnik.de\/wp-content\/uploads\/2013\/09\/Funkempfaenger_FE316_ohne_KPF_gross.jpg 800w, https:\/\/konferenztechnik.de\/wp-content\/uploads\/2013\/09\/Funkempfaenger_FE316_ohne_KPF_gross-300x152.jpg 300w, https:\/\/konferenztechnik.de\/wp-content\/uploads\/2013\/09\/Funkempfaenger_FE316_ohne_KPF_gross-768x388.jpg 768w\" sizes=\"(max-width: 800px) 100vw, 800px\" \/><\/a><\/p>\n<p>[\/column]<br \/>\n[column size=\"3-5\u2033 last=\"1\u2033]<\/p>\n<h2> Informacje na temat wycofanego systemu naprowadzania TTS300<\/h2>\n<p>Przedstawiony powy\u017cej nowy system Synexis zast\u0119puje sprawdzony system Beyerdynamic TTS 300, kt\u00f3ry nie jest ju\u017c dost\u0119pny w ofercie Beyerdynamic. PCS nadal jednak oferuje pe\u0142n\u0105 obs\u0142ug\u0119 tego systemu. Obejmuje to prace konserwacyjne i naprawcze lub zamawianie cz\u0119\u015bci zamiennych i urz\u0105dze\u0144 zast\u0119pczych (do wyczerpania zapas\u00f3w).<\/p>\n<p>[\/column]<br \/>\n[\/tab]<br \/>\n[tab title=\"Szczeg\u00f3\u0142y techniczne\"]<\/p>\n<h2> Informacje na temat wycofanego systemu naprowadzania TTS300<\/h2>\n<p>System TTS 300 obejmuje nast\u0119puj\u0105ce elementy:<\/p>\n<ul>\n<li>Odbiornik FE316<\/li>\n<li>Mikrofon nadajnika SEM316<\/li>\n<li>Nadajnik kieszonkowy TS316<\/li>\n<li>Nadajnik stacjonarny CT316<\/li>\n<li>\u0141adowarka LG30<\/li>\n<\/ul>\n<p>Prosimy o kontakt z naszym dzia\u0142em serwisowym w przypadku pyta\u0144 dotycz\u0105cych konserwacji i napraw lub w celu zam\u00f3wienia cz\u0119\u015bci zamiennych i urz\u0105dze\u0144 zast\u0119pczych (do wyczerpania zapas\u00f3w) dla tego systemu TTS-300.<\/p>\n<p>[\/tab]<br \/>\n[\/tabs]<\/p>\n<p>[spacer size=\"20\u2033]<\/p>","protected":false},"excerpt":{"rendered":"<p>F\u00fchrungsanlagen und Tourguide Systeme der Firma Beyerdynamic In heutiger Zeit wird effektives Kommunizieren immer wichtiger. Eine zuverl\u00e4ssige Technik bildet dabei die Basis f\u00fcr alle Audioanwendungen in Politik, Industrie und \u00f6ffentlichen Einrichtungen. Mit dem drahtlosen Dolmetscher- und F\u00fchrungssystem Synexis von Beyerdynamic steht Ihnen selbst f\u00fcr h\u00f6chste Anspr\u00fcche eine vielseitig einsetzbare und kosteng\u00fcnstige L\u00f6sung zur Verf\u00fcgung. Bis [&hellip;]<\/p>","protected":false},"author":1,"featured_media":45482,"parent":3614,"menu_order":154,"comment_status":"closed","ping_status":"open","template":"page-right-sidebar.php","meta":{"_acf_changed":false,"footnotes":""},"class_list":["post-1862","page","type-page","status-publish","has-post-thumbnail","hentry"],"acf":[],"_links":{"self":[{"href":"https:\/\/konferenztechnik.de\/pl\/wp-json\/wp\/v2\/pages\/1862","targetHints":{"allow":["GET"]}}],"collection":[{"href":"https:\/\/konferenztechnik.de\/pl\/wp-json\/wp\/v2\/pages"}],"about":[{"href":"https:\/\/konferenztechnik.de\/pl\/wp-json\/wp\/v2\/types\/page"}],"author":[{"embeddable":true,"href":"https:\/\/konferenztechnik.de\/pl\/wp-json\/wp\/v2\/users\/1"}],"replies":[{"embeddable":true,"href":"https:\/\/konferenztechnik.de\/pl\/wp-json\/wp\/v2\/comments?post=1862"}],"version-history":[{"count":0,"href":"https:\/\/konferenztechnik.de\/pl\/wp-json\/wp\/v2\/pages\/1862\/revisions"}],"up":[{"embeddable":true,"href":"https:\/\/konferenztechnik.de\/pl\/wp-json\/wp\/v2\/pages\/3614"}],"wp:featuredmedia":[{"embeddable":true,"href":"https:\/\/konferenztechnik.de\/pl\/wp-json\/wp\/v2\/media\/45482"}],"wp:attachment":[{"href":"https:\/\/konferenztechnik.de\/pl\/wp-json\/wp\/v2\/media?parent=1862"}],"curies":[{"name":"wp","href":"https:\/\/api.w.org\/{rel}","templated":true}]}}