{"id":2103,"date":"2013-09-19T13:22:58","date_gmt":"2013-09-19T11:22:58","guid":{"rendered":"https:\/\/konferenztechnik.de\/?page_id=2103"},"modified":"2013-09-19T13:22:58","modified_gmt":"2013-09-19T11:22:58","slug":"odcisk-2","status":"publish","type":"page","link":"https:\/\/konferenztechnik.de\/pl\/kontakt\/odcisk-2\/","title":{"rendered":"Nadruk"},"content":{"rendered":"<h1>Nadruk<\/h1>\n<p>Jest to wsp\u00f3lna prezentacja PCS Vertriebs- und Service GmbH i PCS Professional Conference Systems GmbH.<br \/>\nSzczeg\u00f3\u0142owe informacje znajduj\u0105 si\u0119 poni\u017cej.<\/p>\n<p>[column size=\"1-2\u2033 last=\"0\u2033]<br \/>\n<b>PCS Professional Conference Systems GmbH<\/b><\/p>\n<p><b>W\u0142a\u015bciciel<\/b><br \/>\nDirk Neumann<br \/>\nJ\u00f6rg Peschka<\/p>\n<p><b>Dyrektor zarz\u0105dzaj\u0105cy<\/b><br \/>\nDirk Neumann<br \/>\nJ\u00f6rg Peschka<br \/>\nGunnar Hermenau<br \/>\nThorsten Gei\u00dfler<\/p>\n<p><b>Adres<\/b><br \/>\nReisholzer Werftstra\u00dfe 42<br \/>\n40589 D\u00fcsseldorf<br \/>\nTelefon: +49 211 737798-0<br \/>\nFaks: +49 211 737798-19<\/p>\n<p>Dodatkowe informacje zgodnie z ustaw\u0105 o ramach prawnych handlu elektronicznego (EGG) w zwi\u0105zku z \u00a7 6 ustawy o us\u0142ugach telekomunikacyjnych (TDG):<\/p>\n<p><b>Internet<\/b><br \/>\n<a href=\"https:\/\/konferenztechnik.de\/pl\">www.konferenztechnik.de<\/a><\/p>\n<p><b>e-mail<\/b><br \/>\n<a href=\"mailto:info@konferenztechnik.de\">info@konferenztechnik.de<\/a><\/p>\n<p><b>Fundacja<\/b><br \/>\npo\u015bwiadczone notarialnie 28\/09\/1995<\/p>\n<p><b>Forma prawna<\/b><br \/>\nLtd.<\/p>\n<p><b>Rejestr handlowy<\/b><br \/>\nHRB 32720<br \/>\nS\u0105d rejonowy w D\u00fcsseldorfie<br \/>\nWpis z dnia 14 listopada 1995 r.<\/p>\n<p><b>Numer identyfikacji podatkowej zgodnie z \u00a7 27a ustawy o podatku od sprzeda\u017cy<\/b><br \/>\nDE 176 161 352<\/p>\n<p><b>Stowarzyszenie ubezpiecze\u0144 od odpowiedzialno\u015bci cywilnej pracodawcy<\/b><br \/>\nVBG<br \/>\nStowarzyszenie Ubezpiecze\u0144 Odpowiedzialno\u015bci Administracyjnej Pracodawc\u00f3w<br \/>\nNr cz\u0142onkowski 97\/0048\/8929<br \/>\n[\/column]<\/p>\n<p>[column size=\"1-2\u2033 last=\"1\u2033]<br \/>\n<b>PCS Vertriebs- und Service GmbH<\/b><\/p>\n<p><b>W\u0142a\u015bciciel<\/b><br \/>\nDirk Neumann<br \/>\nJ\u00f6rg Peschka<\/p>\n<p><b>Dyrektor zarz\u0105dzaj\u0105cy<\/b><br \/>\nDirk Neumann<br \/>\nJ\u00f6rg Peschka<br \/>\nGunnar Hermenau<br \/>\nThorsten Gei\u00dfler<\/p>\n<p><b>Adres<\/b><br \/>\nReisholzer Werftstra\u00dfe 42<br \/>\n40589 D\u00fcsseldorf<br \/>\nTelefon: +49 211 737798-20<br \/>\nFaks: +49 211 737798-29<\/p>\n<p>Dodatkowe informacje zgodnie z ustaw\u0105 o ramach prawnych handlu elektronicznego (EGG) w zwi\u0105zku z \u00a7 6 ustawy o us\u0142ugach telekomunikacyjnych (TDG):<\/p>\n<p><b>Internet<\/b><br \/>\n<a href=\"https:\/\/konferenztechnik.de\/pl\">www.konferenztechnik.de<\/a><\/p>\n<p><b>e-mail<\/b><br \/>\n<a href=\"mailto:vertrieb@konferenztechnik.de\">vertrieb@konferenztechnik.de<\/a><\/p>\n<p><b>Fundacja<\/b><br \/>\npo\u015bwiadczone notarialnie 22.12.2006<\/p>\n<p><b>Forma prawna<\/b><br \/>\nLtd.<\/p>\n<p><b>Rejestr handlowy<\/b><br \/>\nHRB 56501<br \/>\nS\u0105d rejonowy w D\u00fcsseldorfie<br \/>\nWpis z dnia 18.06.2007 r.<\/p>\n<p><b>Numer identyfikacji podatkowej zgodnie z \u00a7 27a ustawy o podatku od sprzeda\u017cy<\/b><br \/>\nDE 814 889 174<\/p>\n<p><b>Stowarzyszenie ubezpiecze\u0144 od odpowiedzialno\u015bci cywilnej pracodawcy<\/b><br \/>\nBGHW<br \/>\nUbezpieczenie odpowiedzialno\u015bci cywilnej pracodawcy Stowarzyszenie Handlu i Dystrybucji Towar\u00f3w<br \/>\nM 9\/984 7264<\/p>\n<p>[\/column]<\/p>\n<h2>Odpowiedzialny redaktor<\/h2>\n<p>  J\u00f6rg Peschka<br \/>\n  <a href=\"mailto:impressum@konferenztechnik.de\">impressum@konferenztechnik.de<\/a><\/p>\n<h2>Prawa u\u017cytkowania:<\/h2>\n<p>Copyright \u00a9 1995-2018<br \/>\n  PCS Professional Conference Systems GmbH<br \/>\ni PCS Vertriebs- und Service GmbH<br \/>\n  Reisholzer Werftstra\u00dfe 42<br \/>\n  40589 D\u00fcsseldorf, Niemcy<\/p>\n<p>Wszelkie prawa zastrze\u017cone.<\/p>\n<p>PCS Professional Conference Systems GmbH posiada wszelkie prawa autorskie do niniejszej strony internetowej. <\/p>\n<p>Prawa do wizerunku nale\u017c\u0105 do PCS Professional Conference Systems GmbH, PCS Vertriebs- und Service GmbH oraz odpowiednich producent\u00f3w.<\/p>\n<p>Niniejszym wyra\u017anie zabrania si\u0119 kopiowania, drukowania, powielania lub rozpowszechniania tych stron internetowych oraz zawartych na nich dokument\u00f3w i obraz\u00f3w, nawet w cz\u0119\u015bci, bez uprzedniej pisemnej zgody \u2013. Udost\u0119pnione tutaj strony internetowe i dokumenty mog\u0105 by\u0107 wykorzystywane wy\u0142\u0105cznie w celach informacyjnych i nie mog\u0105 by\u0107 wykorzystywane komercyjnie.<\/p>\n<p>Dok\u0142adnie sprawdzamy wszystkie tre\u015bci, zdj\u0119cia i prawa do zdj\u0119\u0107, zanim opublikujemy je na naszej stronie internetowej. Je\u015bli mimo to pope\u0142nili\u015bmy b\u0142\u0105d, prosimy o kontakt, aby\u015bmy mogli szybko i \u0142atwo rozwi\u0105za\u0107 problem. <a href=\"mailto:impressum@konferenztechnik.de\">impressum@konferenztechnik.de<\/a>. Dzi\u0119kuj\u0119 bardzo!\n<\/p>\n<p><h2>Zastrze\u017cenie<\/h2>\n<\/p>\n<p>Pomimo starannej kontroli tre\u015bci, nie ponosimy odpowiedzialno\u015bci za tre\u015b\u0107 zewn\u0119trznych odno\u015bnik\u00f3w\/link\u00f3w. Operatorzy stron, do kt\u00f3rych prowadz\u0105 linki, ponosz\u0105 wy\u0142\u0105czn\u0105 odpowiedzialno\u015b\u0107 za ich tre\u015b\u0107.\n<\/p>\n<p>PCS Professional Conference Systems GmbH dok\u0142ada wszelkich stara\u0144, aby zawarto\u015b\u0107 jej strony internetowej by\u0142a zawsze aktualna, poprawna i kompletna. Niemniej jednak nie mo\u017cna ca\u0142kowicie wykluczy\u0107 b\u0142\u0119d\u00f3w. PCS Professional Conference Systems GmbH nie ponosi odpowiedzialno\u015bci za aktualno\u015b\u0107, dok\u0142adno\u015b\u0107 lub kompletno\u015b\u0107 informacji zamieszczonych na swojej stronie internetowej, chyba \u017ce b\u0142\u0119dy zosta\u0142y wprowadzone umy\u015blnie lub w wyniku ra\u017c\u0105cego niedbalstwa. Odnosi si\u0119 to do wszelkich szk\u00f3d materialnych lub niematerialnych wyrz\u0105dzonych osobom trzecim w wyniku korzystania z tej strony internetowej.<\/p>\n<h2>Ochrona danych<\/h2>\n<p>Pod poni\u017cszym linkiem znajduje si\u0119 nasza polityka prywatno\u015bci:<br \/>\n<a href=\"https:\/\/konferenztechnik.de\/pl\/oswiadczenie-o-ochronie-danych\/\">Polityka prywatno\u015bci serwisu www.konferenztechnik.de<\/a><br \/>\n[spacer size=\"40\u2033]<\/p>","protected":false},"excerpt":{"rendered":"<p>Imprint To jest wsp\u00f3lna strona PCS Vertriebs- und Service GmbH i PCS Professional Conference Systems GmbH. Szczeg\u00f3\u0142owe informacje znajduj\u0105 si\u0119 poni\u017cej. [column size=\"1-2\u2033 last=\"0\u2033] PCS Professional Conference Systems GmbH W\u0142a\u015bciciel Dirk Neumann J\u00f6rg Peschka Dyrektor zarz\u0105dzaj\u0105cy Dirk Neumann J\u00f6rg Peschka Gunnar Hermenau Thorsten Gei\u00dfler Adres Reisholzer Werftstra\u00dfe 42 40589 D\u00fcsseldorf Tel.:+49 [...]<\/p>","protected":false},"author":1,"featured_media":45482,"parent":791,"menu_order":145,"comment_status":"closed","ping_status":"open","template":"","meta":{"_acf_changed":false,"footnotes":""},"class_list":["post-2103","page","type-page","status-publish","has-post-thumbnail","hentry"],"acf":[],"_links":{"self":[{"href":"https:\/\/konferenztechnik.de\/pl\/wp-json\/wp\/v2\/pages\/2103","targetHints":{"allow":["GET"]}}],"collection":[{"href":"https:\/\/konferenztechnik.de\/pl\/wp-json\/wp\/v2\/pages"}],"about":[{"href":"https:\/\/konferenztechnik.de\/pl\/wp-json\/wp\/v2\/types\/page"}],"author":[{"embeddable":true,"href":"https:\/\/konferenztechnik.de\/pl\/wp-json\/wp\/v2\/users\/1"}],"replies":[{"embeddable":true,"href":"https:\/\/konferenztechnik.de\/pl\/wp-json\/wp\/v2\/comments?post=2103"}],"version-history":[{"count":0,"href":"https:\/\/konferenztechnik.de\/pl\/wp-json\/wp\/v2\/pages\/2103\/revisions"}],"up":[{"embeddable":true,"href":"https:\/\/konferenztechnik.de\/pl\/wp-json\/wp\/v2\/pages\/791"}],"wp:featuredmedia":[{"embeddable":true,"href":"https:\/\/konferenztechnik.de\/pl\/wp-json\/wp\/v2\/media\/45482"}],"wp:attachment":[{"href":"https:\/\/konferenztechnik.de\/pl\/wp-json\/wp\/v2\/media?parent=2103"}],"curies":[{"name":"wp","href":"https:\/\/api.w.org\/{rel}","templated":true}]}}