{"id":24845,"date":"2023-04-18T10:22:58","date_gmt":"2023-04-18T08:22:58","guid":{"rendered":"http:\/\/dev.konferenztechnik.de\/?page_id=24845"},"modified":"2025-12-20T19:21:26","modified_gmt":"2025-12-20T18:21:26","slug":"stowarzyszenia-i-kluby","status":"publish","type":"page","link":"https:\/\/konferenztechnik.de\/pl\/stowarzyszenia-i-kluby\/","title":{"rendered":"Stowarzyszenia i kluby"},"content":{"rendered":"<div data-elementor-type=\"wp-page\" data-elementor-id=\"24845\" class=\"elementor elementor-24845\" data-elementor-post-type=\"page\">\n\t\t\t\t<div data-particle_enable=\"false\" data-particle-mobile-disabled=\"false\" class=\"elementor-element elementor-element-d8aba58 e-flex e-con-boxed e-con e-parent\" data-id=\"d8aba58\" data-element_type=\"container\">\n\t\t\t\t\t<div class=\"e-con-inner\">\n\t\t\t\t<div class=\"elementor-element elementor-element-366d4e5 elementor-widget__width-inherit elementor-widget elementor-widget-heading\" data-id=\"366d4e5\" data-element_type=\"widget\" data-widget_type=\"heading.default\">\n\t\t\t\t<div class=\"elementor-widget-container\">\n\t\t\t\t\t<h1 class=\"elementor-heading-title elementor-size-default\">Kluby i stowarzyszenia<\/h1>\t\t\t\t<\/div>\n\t\t\t\t<\/div>\n\t\t\t\t<div class=\"elementor-element elementor-element-e4b6b7a elementor-widget elementor-widget-image\" data-id=\"e4b6b7a\" data-element_type=\"widget\" data-widget_type=\"image.default\">\n\t\t\t\t<div class=\"elementor-widget-container\">\n\t\t\t\t\t\t\t\t\t\t\t\t\t\t\t<img fetchpriority=\"high\" decoding=\"async\" width=\"1300\" height=\"486\" src=\"https:\/\/konferenztechnik.de\/wp-content\/uploads\/2023\/04\/verbaende-vereine-installation.jpg\" class=\"attachment-full size-full wp-image-24846\" alt=\"W rundzie uczestnik\u00f3w niekt\u00f3rzy podnosz\u0105 r\u0119ce, gdy\u017c prawdopodobnie odbywa si\u0119 g\u0142osowanie - oto przedstawiciele naszych stowarzysze\u0144 i klub\u00f3w &quot; sekcji &quot;\" srcset=\"https:\/\/konferenztechnik.de\/wp-content\/uploads\/2023\/04\/verbaende-vereine-installation.jpg 1300w, https:\/\/konferenztechnik.de\/wp-content\/uploads\/2023\/04\/verbaende-vereine-installation-300x112.jpg 300w, https:\/\/konferenztechnik.de\/wp-content\/uploads\/2023\/04\/verbaende-vereine-installation-1024x383.jpg 1024w, https:\/\/konferenztechnik.de\/wp-content\/uploads\/2023\/04\/verbaende-vereine-installation-768x287.jpg 768w, https:\/\/konferenztechnik.de\/wp-content\/uploads\/2023\/04\/verbaende-vereine-installation-18x7.jpg 18w\" sizes=\"(max-width: 1300px) 100vw, 1300px\" title=\"\">\t\t\t\t\t\t\t\t\t\t\t\t\t\t\t<\/div>\n\t\t\t\t<\/div>\n\t\t\t\t\t<\/div>\n\t\t\t\t<\/div>\n\t\t<div data-particle_enable=\"false\" data-particle-mobile-disabled=\"false\" class=\"elementor-element elementor-element-9deafd4 e-flex e-con-boxed e-con e-parent\" data-id=\"9deafd4\" data-element_type=\"container\">\n\t\t\t\t\t<div class=\"e-con-inner\">\n\t\t\t\t<div class=\"elementor-element elementor-element-66ea8b4 elementor-widget elementor-widget-heading\" data-id=\"66ea8b4\" data-element_type=\"widget\" data-settings=\"{&quot;_animation&quot;:&quot;none&quot;}\" data-widget_type=\"heading.default\">\n\t\t\t\t<div class=\"elementor-widget-container\">\n\t\t\t\t\t<h2 class=\"elementor-heading-title elementor-size-default\">Technika eventowa i medialna dla stowarzysze\u0144 i zwi\u0105zk\u00f3w w Niemczech <\/h2>\t\t\t\t<\/div>\n\t\t\t\t<\/div>\n\t\t\t\t<div class=\"elementor-element elementor-element-d16fcf6 elementor-widget__width-inherit elementor-widget elementor-widget-text-editor\" data-id=\"d16fcf6\" data-element_type=\"widget\" data-widget_type=\"text-editor.default\">\n\t\t\t\t<div class=\"elementor-widget-container\">\n\t\t\t\t\t\t\t\t\t<p>Ponad 600 000 stowarzysze\u0144 i zwi\u0105zk\u00f3w sprawia, \u017ce \u017cycie spo\u0142eczne w Niemczech jest mocno zwi\u0105zane z dzia\u0142alno\u015bci\u0105 stowarzysze\u0144. Organizacje te maj\u0105 du\u017cy wp\u0142yw na kultur\u0119, edukacj\u0119, sport i zaanga\u017cowanie spo\u0142eczne. Doceniamy t\u0119 struktur\u0119 i mamy du\u017ce do\u015bwiadczenie we wsp\u00f3\u0142pracy ze stowarzyszeniami, zwi\u0105zkami i instytucjami.<\/p><p>\u00a0<\/p><p>W ramach projekt\u00f3w zwi\u0105zanych z technologi\u0105 eventow\u0105 i medialn\u0105 wspieramy zgromadzenia cz\u0142onk\u00f3w, konferencje, kongresy i imprezy publiczne \u2013, zapewniaj\u0105c profesjonalny sprz\u0119t audio i wideo, systemy prezentacyjne, a tak\u017ce hybrydowe i cyfrowe formaty wydarze\u0144.<\/p><p>\u00a0<\/p><p>Wsp\u00f3\u0142praca z klubami i stowarzyszeniami pozwala nam pozna\u0107 r\u00f3\u017cne formy organizacyjne, struktury decyzyjne i grupy docelowe. R\u00f3\u017cnorodno\u015b\u0107, uczestnictwo i przejrzysta komunikacja to kluczowe wymagania, kt\u00f3re wspieramy za pomoc\u0105 niezawodnej i bezpiecznej w obs\u0142udze technologii.<\/p><p>\u00a0<\/p><p>Jako dostawca us\u0142ug technicznych cieszymy si\u0119 partnersk\u0105 wsp\u00f3\u0142prac\u0105 i du\u017cym uznaniem. Projekty te charakteryzuj\u0105 si\u0119 jasnymi celami, znaczeniem spo\u0142ecznym oraz wymaganiami dotycz\u0105cymi niezawodnych, zrozumia\u0142ych i zr\u00f3wnowa\u017conych rozwi\u0105za\u0144 w zakresie technologii medialnej.<\/p>\t\t\t\t\t\t\t\t<\/div>\n\t\t\t\t<\/div>\n\t\t\t\t\t<\/div>\n\t\t\t\t<\/div>\n\t\t<div data-particle_enable=\"false\" data-particle-mobile-disabled=\"false\" class=\"elementor-element elementor-element-455c20b e-flex e-con-boxed e-con e-parent\" data-id=\"455c20b\" data-element_type=\"container\" data-settings=\"{&quot;animation&quot;:&quot;none&quot;}\">\n\t\t\t\t\t<div class=\"e-con-inner\">\n\t\t\t\t<div class=\"elementor-element elementor-element-7734196 elementor-widget elementor-widget-heading\" data-id=\"7734196\" data-element_type=\"widget\" data-settings=\"{&quot;_animation&quot;:&quot;none&quot;}\" data-widget_type=\"heading.default\">\n\t\t\t\t<div class=\"elementor-widget-container\">\n\t\t\t\t\t<h2 class=\"elementor-heading-title elementor-size-default\">Cz\u0119sto poruszane tematy<\/h2>\t\t\t\t<\/div>\n\t\t\t\t<\/div>\n\t\t\t\t<div class=\"elementor-element elementor-element-d1cf50a elementor-widget__width-inherit smart-post-list-4-col elementor-widget elementor-widget-eael-post-list\" data-id=\"d1cf50a\" data-element_type=\"widget\" data-settings=\"{&quot;_animation&quot;:&quot;none&quot;}\" data-widget_type=\"eael-post-list.default\">\n\t\t\t\t<div class=\"elementor-widget-container\">\n\t\t\t\t\t<div class=\"eael-post-list-container advanced layout-advanced\"><div class=\"eael-post-list-wrap\"><div class=\"eael-post-list-posts-wrap eael-post-appender eael-post-appender-d1cf50a\"><div class=\"eael-post-list-post\"><div class=\"eael-post-list-post-inner\"><div class=\"eael-post-list-thumbnail\"><a href=\"https:\/\/konferenztechnik.de\/pl\/osobiste-systemy-naprowadzania-wynajem-kupno-instalacja\/\">\n                <img decoding=\"async\" src=\"https:\/\/konferenztechnik.de\/wp-content\/uploads\/2023\/07\/personenfuehrungsanlage-mieten-kaufen-jpg.webp\" alt=\"M\u0119\u017cczyzna m\u00f3wi do mikrofonu, widz s\u0142ucha systemu tour guide podczas wycieczki. Wynajem, zakup lub dzier\u017cawa system\u00f3w tour guide od PCS.\" title=\"\">\n            <\/a><\/div><div class=\"eael-post-list-content\"><h3 class=\"eael-post-list-title\"><a href=\"https:\/\/konferenztechnik.de\/pl\/osobiste-systemy-naprowadzania-wynajem-kupno-instalacja\/\" >Systemy naprowadzania pasa\u017cer\u00f3w<\/a><\/h3><p>Systemy tour guide, systemy przewodnik\u00f3w, systemy szeptane lub PFA, s\u0142uchawki, mikrofony, \u0142adowarki, walizki transportowe, akcesoria<\/p><a href=\"https:\/\/konferenztechnik.de\/pl\/osobiste-systemy-naprowadzania-wynajem-kupno-instalacja\/\" class=\"eael-post-elements-readmore-btn\" >\u203a wi\u0119cej<\/a><div class=\"boxed-meta\"><\/div><\/div><\/div><\/div><div class=\"eael-post-list-post\"><div class=\"eael-post-list-post-inner\"><div class=\"eael-post-list-thumbnail\"><a href=\"https:\/\/konferenztechnik.de\/pl\/modernizacja-sali-konferencyjnej-stwarza-idealne-warunki-do-wideokonferencji\/\">\n                <img decoding=\"async\" src=\"https:\/\/konferenztechnik.de\/wp-content\/uploads\/2023\/03\/konferenzraum-upgrades.jpg\" alt=\"\" title=\"\">\n            <\/a><\/div><div class=\"eael-post-list-content\"><h3 class=\"eael-post-list-title\"><a href=\"https:\/\/konferenztechnik.de\/pl\/modernizacja-sali-konferencyjnej-stwarza-idealne-warunki-do-wideokonferencji\/\" >Modernizacja sali konferencyjnej: hybrydowa sala konferencyjna<\/a><\/h3><p>Stela wideo, sze\u015bcian: uczestnicy wideo jako fizyczny obiekt w przestrzeni. The...<\/p><a href=\"https:\/\/konferenztechnik.de\/pl\/modernizacja-sali-konferencyjnej-stwarza-idealne-warunki-do-wideokonferencji\/\" class=\"eael-post-elements-readmore-btn\" >\u203a wi\u0119cej<\/a><div class=\"boxed-meta\"><\/div><\/div><\/div><\/div><div class=\"eael-post-list-post\"><div class=\"eael-post-list-post-inner\"><div class=\"eael-post-list-thumbnail\"><a href=\"https:\/\/konferenztechnik.de\/pl\/sale-konferencyjne-pcs-nowoczesne-hybrydowe-sale-konferencyjne-na-korzystnych-warunkach\/\">\n                <img decoding=\"async\" src=\"https:\/\/konferenztechnik.de\/wp-content\/uploads\/2023\/03\/konferenzraum-bundles.jpg\" alt=\"\" title=\"\">\n            <\/a><\/div><div class=\"eael-post-list-content\"><h3 class=\"eael-post-list-title\"><a href=\"https:\/\/konferenztechnik.de\/pl\/sale-konferencyjne-pcs-nowoczesne-hybrydowe-sale-konferencyjne-na-korzystnych-warunkach\/\" >Pakiety sal konferencyjnych<\/a><\/h3><p>Interaktywne, hybrydowe, bezprzewodowe i elastyczne sale konferencyjne od 5 000 EUR<\/p><a href=\"https:\/\/konferenztechnik.de\/pl\/sale-konferencyjne-pcs-nowoczesne-hybrydowe-sale-konferencyjne-na-korzystnych-warunkach\/\" class=\"eael-post-elements-readmore-btn\" >\u203a wi\u0119cej<\/a><div class=\"boxed-meta\"><\/div><\/div><\/div><\/div><div class=\"eael-post-list-post\"><div class=\"eael-post-list-post-inner\"><div class=\"eael-post-list-thumbnail\"><a href=\"https:\/\/konferenztechnik.de\/pl\/wyswietlacze-interaktywne-tablice-flipcharty\/\">\n                <img decoding=\"async\" src=\"https:\/\/konferenztechnik.de\/wp-content\/uploads\/2023\/04\/i3-displays-whiteboards-flipcharts-jpg.webp\" alt=\"2 wy\u015bwietlacze marki I3 na ruchomych statywach\" title=\"\">\n            <\/a><\/div><div class=\"eael-post-list-content\"><h3 class=\"eael-post-list-title\"><a href=\"https:\/\/konferenztechnik.de\/pl\/wyswietlacze-interaktywne-tablice-flipcharty\/\" >Wy\u015bwietlacze interaktywne, tablice, flipcharty<\/a><\/h3><p>Naszym pierwszym wyborem w przypadku monitor\u00f3w dotykowych, tablic i flipchart\u00f3w cyfrowych jest cz\u0119sto i3-Technologies.<\/p><a href=\"https:\/\/konferenztechnik.de\/pl\/wyswietlacze-interaktywne-tablice-flipcharty\/\" class=\"eael-post-elements-readmore-btn\" >\u203a wi\u0119cej<\/a><div class=\"boxed-meta\"><\/div><\/div><\/div><\/div><div class=\"eael-post-list-post\"><div class=\"eael-post-list-post-inner\"><div class=\"eael-post-list-thumbnail\"><a href=\"https:\/\/konferenztechnik.de\/pl\/hybrydowe-sale-konferencyjne-do-wideokonferencji-2\/\">\n                <img decoding=\"async\" src=\"https:\/\/konferenztechnik.de\/wp-content\/uploads\/2023\/03\/hybride-besprechungsraeume.jpg\" alt=\"\" title=\"\">\n            <\/a><\/div><div class=\"eael-post-list-content\"><h3 class=\"eael-post-list-title\"><a href=\"https:\/\/konferenztechnik.de\/pl\/hybrydowe-sale-konferencyjne-do-wideokonferencji-2\/\" >Hybrydowe sale konferencyjne do wideokonferencji<\/a><\/h3><p>Optymalne warunki w pomieszczeniu i dla pod\u0142\u0105czonych uczestnik\u00f3w oraz harmonijne wykorzystanie...<\/p><a href=\"https:\/\/konferenztechnik.de\/pl\/hybrydowe-sale-konferencyjne-do-wideokonferencji-2\/\" class=\"eael-post-elements-readmore-btn\" >\u203a wi\u0119cej<\/a><div class=\"boxed-meta\"><\/div><\/div><\/div><\/div><div class=\"eael-post-list-post\"><div class=\"eael-post-list-post-inner\"><div class=\"eael-post-list-thumbnail\"><a href=\"https:\/\/konferenztechnik.de\/pl\/systemy-dyskusyjne-pulpity-mikrofonowe-wynajem-kupno-instalacja-leasing\/\">\n                <img decoding=\"async\" src=\"https:\/\/konferenztechnik.de\/wp-content\/uploads\/2023\/06\/diskussionsanlage-sprechstellen-tischmikrofone.jpg\" alt=\"Sto\u0142owe pulpity mikrofonowe rozmieszczone wok\u00f3\u0142 sto\u0142u konferencyjnego z mikrofonami na g\u0119siej szyjce\" title=\"\">\n            <\/a><\/div><div class=\"eael-post-list-content\"><h3 class=\"eael-post-list-title\"><a href=\"https:\/\/konferenztechnik.de\/pl\/systemy-dyskusyjne-pulpity-mikrofonowe-wynajem-kupno-instalacja-leasing\/\" >systemy dyskusyjne pulpity mikrofonowe wynajem kupno instalacja leasing<\/a><\/h3><p>systemy dyskusyjne pulpity mikrofonowe wynajem kupno instalacja leasing<\/p><a href=\"https:\/\/konferenztechnik.de\/pl\/systemy-dyskusyjne-pulpity-mikrofonowe-wynajem-kupno-instalacja-leasing\/\" class=\"eael-post-elements-readmore-btn\" >\u203a wi\u0119cej<\/a><div class=\"boxed-meta\"><\/div><\/div><\/div><\/div><div class=\"eael-post-list-post\"><div class=\"eael-post-list-post-inner\"><div class=\"eael-post-list-thumbnail\"><a href=\"https:\/\/konferenztechnik.de\/pl\/wydarzenia-zwiazane-z-glosowaniem\/\">\n                <img decoding=\"async\" src=\"https:\/\/konferenztechnik.de\/wp-content\/uploads\/2023\/04\/abstimmen-events.jpg\" alt=\"Symbol g\u0142os\u00f3w\" title=\"\">\n            <\/a><\/div><div class=\"eael-post-list-content\"><h3 class=\"eael-post-list-title\"><a href=\"https:\/\/konferenztechnik.de\/pl\/wydarzenia-zwiazane-z-glosowaniem\/\" >G\u0142osowanie, g\u0142osowanie<\/a><\/h3><p>Maszyny do g\u0142osowania, g\u0142osowanie online, wybory cyfrowe: g\u0142osowanie imienne, g\u0142osowanie bez g\u0142osowania imiennego, g\u0142osowanie tajne...<\/p><a href=\"https:\/\/konferenztechnik.de\/pl\/wydarzenia-zwiazane-z-glosowaniem\/\" class=\"eael-post-elements-readmore-btn\" >\u203a wi\u0119cej<\/a><div class=\"boxed-meta\"><\/div><\/div><\/div><\/div><\/div><\/div>\n\t\t<\/div>\t\t\t\t<\/div>\n\t\t\t\t<\/div>\n\t\t\t\t\t<\/div>\n\t\t\t\t<\/div>\n\t\t<div data-particle_enable=\"false\" data-particle-mobile-disabled=\"false\" class=\"elementor-element elementor-element-eaddbcf e-flex e-con-boxed e-con e-parent\" data-id=\"eaddbcf\" data-element_type=\"container\">\n\t\t\t\t\t<div class=\"e-con-inner\">\n\t\t\t\t<div class=\"elementor-element elementor-element-7fa8348 elementor-widget__width-inherit elementor-widget elementor-widget-heading\" data-id=\"7fa8348\" data-element_type=\"widget\" data-widget_type=\"heading.default\">\n\t\t\t\t<div class=\"elementor-widget-container\">\n\t\t\t\t\t<h2 class=\"elementor-heading-title elementor-size-default\">Referencje: Stowarzyszenia i kluby<\/h2>\t\t\t\t<\/div>\n\t\t\t\t<\/div>\n\t\t\t\t<div class=\"elementor-element elementor-element-28236df elementor-widget__width-inherit elementor-widget elementor-widget-text-editor\" data-id=\"28236df\" data-element_type=\"widget\" data-widget_type=\"text-editor.default\">\n\t\t\t\t<div class=\"elementor-widget-container\">\n\t\t\t\t\t\t\t\t\t<ul><li>Okr\u0119gowe i Regionalne Stowarzyszenie Medyczne w Monachium<\/li><li>Bawarskie Stowarzyszenie Je\u017adzieckie e.V.<\/li><li>Stowarzyszenie Architekt\u00f3w Niemieckich, Stowarzyszenie Regionalne Saksonii-Anhalt<\/li><li>Federacja Niemieckiego Przemys\u0142u<\/li><li>Federalne Stowarzyszenie Niemieckiego Przemys\u0142u Spirytusowego i Importer\u00f3w (BSI)<\/li><li>Stowarzyszenie niemieckich bank\u00f3w<\/li><li>Profesjonalne Stowarzyszenie Niemieckiej Medycyny Nuklearnej<\/li><li>Stowarzyszenie Niemieckich Bank\u00f3w Sektora Publicznego V\u00d6B<\/li><li>Bundesverband Industrie Kommunikation e.V.<\/li><li>Niemieckie Stowarzyszenie Wydawc\u00f3w i Ksi\u0119garzy<\/li><li>Federalne Stowarzyszenie T\u0142umaczy Ustnych i Pisemnych (BD\u00dc)<\/li><li>Stowarzyszenie Caritas Diecezji Rottenburg-Stuttgart e.V.<\/li><li>Niemieckie Kasy Oszcz\u0119dno\u015bciowe i Stowarzyszenie Giro e.V.<\/li><li>Niemieckie Centralne Stowarzyszenie Lekarzy Homeopat\u00f3w Bavaria e.V.<\/li><li>DFB \u2013 Niemiecki Zwi\u0105zek Pi\u0142ki No\u017cnej e.V.<\/li><li>Fundacja Dietera Schwarza organizacja non-profit<\/li><li>EUREGIO Niemiecko-Holenderskie Stowarzyszenie Specjalnego Przeznaczenia<\/li><li>Fachverband Biogas e.V.<\/li><li>Fundacja Fritza Thyssena \u2013 Dom Fundacji Fritza Thyssena \u2013 Kolonia<\/li><li>Fundacja Gerdy Henkel w D\u00fcsseldorfie<\/li><li>Niemieckie Stowarzyszenie Ubezpieczeniowe<\/li><li>Stowarzyszenie Lekarzy Ustawowego Ubezpieczenia Zdrowotnego Badenii-Wirtembergii<\/li><li>Kunststiftung NRW D\u00fcsseldorf<\/li><li>Federacja Lesbijek i Gej\u00f3w LSVD\u00a0<\/li><li>Miejsce Pami\u0119ci i Centrum Pami\u0119ci Ravensbr\u00fcck<\/li><li>Stowarzyszenie Naturland na rzecz rolnictwa ekologicznego<\/li><li>Parit\u00e4tischer Wohlfahrtsverband LV Berlin e.V.\u00a0<\/li><li>Stifterverband f\u00fcr die Deutsche Wissenschaft e.V.<\/li><li>UNITI Federalne Stowarzyszenie \u015arednich Przedsi\u0119biorstw Naftowych<\/li><li>VDMA e.V. Stowarzyszenie Narz\u0119dzi Precyzyjnych<\/li><li>Stowarzyszenie Diecezji Niemieckich, Sekretariat Niemieckiej Konferencji Biskup\u00f3w<\/li><li>Stowarzyszenie T\u0142umaczy Konferencyjnych VKD<\/li><li>Stowarzyszenie Niemieckich Szk\u00f3\u0142ek Le\u015bnych e.V.<\/li><li>Stowarzyszenie Niemieckich O\u015brodk\u00f3w Chor\u00f3b Nerek (DN) e.V.<\/li><li>Niemieckie Stowarzyszenie Cementowni<\/li><\/ul>\t\t\t\t\t\t\t\t<\/div>\n\t\t\t\t<\/div>\n\t\t\t\t<div class=\"elementor-element elementor-element-b6366d1 elementor-icon-list--layout-traditional elementor-list-item-link-full_width elementor-widget elementor-widget-icon-list\" data-id=\"b6366d1\" data-element_type=\"widget\" data-widget_type=\"icon-list.default\">\n\t\t\t\t<div class=\"elementor-widget-container\">\n\t\t\t\t\t\t\t<ul class=\"elementor-icon-list-items\">\n\t\t\t\t\t\t\t<li class=\"elementor-icon-list-item\">\n\t\t\t\t\t\t\t\t\t\t\t<a href=\"\/pl\/referencje\/\">\n\n\t\t\t\t\t\t\t\t\t\t\t\t<span class=\"elementor-icon-list-icon\">\n\t\t\t\t\t\t\t<svg aria-hidden=\"true\" class=\"e-font-icon-svg e-fas-chevron-right\" viewbox=\"0 0 320 512\" xmlns=\"http:\/\/www.w3.org\/2000\/svg\"><path d=\"M285.476 272.971L91.132 467.314c-9.373 9.373-24.569 9.373-33.941 0l-22.667-22.667c-9.357-9.357-9.375-24.522-.04-33.901L188.505 256 34.484 101.255c-9.335-9.379-9.317-24.544.04-33.901l22.667-22.667c9.373-9.373 24.569-9.373 33.941 0L285.475 239.03c9.373 9.372 9.373 24.568.001 33.941z\"><\/path><\/svg>\t\t\t\t\t\t<\/span>\n\t\t\t\t\t\t\t\t\t\t<span class=\"elementor-icon-list-text\">Dalsze odniesienia<\/span>\n\t\t\t\t\t\t\t\t\t\t\t<\/a>\n\t\t\t\t\t\t\t\t\t<\/li>\n\t\t\t\t\t\t<\/ul>\n\t\t\t\t\t\t<\/div>\n\t\t\t\t<\/div>\n\t\t\t\t\t<\/div>\n\t\t\t\t<\/div>\n\t\t<div data-particle_enable=\"false\" data-particle-mobile-disabled=\"false\" class=\"elementor-element elementor-element-567038e e-flex e-con-boxed e-con e-parent\" data-id=\"567038e\" data-element_type=\"container\">\n\t\t\t\t\t<div class=\"e-con-inner\">\n\t\t\t\t<div class=\"elementor-element elementor-element-9635f09 elementor-widget elementor-widget-shortcode\" data-id=\"9635f09\" data-element_type=\"widget\" data-widget_type=\"shortcode.default\">\n\t\t\t\t<div class=\"elementor-widget-container\">\n\t\t\t\t\t\t\t<div class=\"elementor-shortcode\"><\/div>\n\t\t\t\t\t\t<\/div>\n\t\t\t\t<\/div>\n\t\t\t\t\t<\/div>\n\t\t\t\t<\/div>\n\t\t<div data-particle_enable=\"false\" data-particle-mobile-disabled=\"false\" class=\"elementor-element elementor-element-14d115f e-flex e-con-boxed e-con e-parent\" data-id=\"14d115f\" data-element_type=\"container\">\n\t\t\t\t\t<div class=\"e-con-inner\">\n\t\t\t\t<div class=\"elementor-element elementor-element-0f53c4b elementor-widget elementor-widget-shortcode\" data-id=\"0f53c4b\" data-element_type=\"widget\" data-widget_type=\"shortcode.default\">\n\t\t\t\t<div class=\"elementor-widget-container\">\n\t\t\t\t\t\t\t<div class=\"elementor-shortcode\"><\/div>\n\t\t\t\t\t\t<\/div>\n\t\t\t\t<\/div>\n\t\t\t\t\t<\/div>\n\t\t\t\t<\/div>\n\t\t\t\t<\/div>","protected":false},"excerpt":{"rendered":"<p>Vereine und Verb\u00e4nde Veranstaltungs- und Medientechnik f\u00fcr Vereine und Verb\u00e4nde in Deutschland Mit \u00fcber 600.000 Vereinen und Verb\u00e4nden pr\u00e4gt das Vereinswesen ma\u00dfgeblich das gesellschaftliche Leben in Deutschland. Diese Organisationen leisten einen wichtigen Beitrag zu Kultur, Bildung, Sport und sozialem Engagement. Wir sch\u00e4tzen diese Struktur und verf\u00fcgen \u00fcber umfangreiche Erfahrung in der Zusammenarbeit mit Vereinen, Verb\u00e4nden [&hellip;]<\/p>","protected":false},"author":2,"featured_media":45482,"parent":0,"menu_order":0,"comment_status":"closed","ping_status":"closed","template":"","meta":{"_acf_changed":false,"footnotes":""},"class_list":["post-24845","page","type-page","status-publish","has-post-thumbnail","hentry"],"acf":[],"_links":{"self":[{"href":"https:\/\/konferenztechnik.de\/pl\/wp-json\/wp\/v2\/pages\/24845","targetHints":{"allow":["GET"]}}],"collection":[{"href":"https:\/\/konferenztechnik.de\/pl\/wp-json\/wp\/v2\/pages"}],"about":[{"href":"https:\/\/konferenztechnik.de\/pl\/wp-json\/wp\/v2\/types\/page"}],"author":[{"embeddable":true,"href":"https:\/\/konferenztechnik.de\/pl\/wp-json\/wp\/v2\/users\/2"}],"replies":[{"embeddable":true,"href":"https:\/\/konferenztechnik.de\/pl\/wp-json\/wp\/v2\/comments?post=24845"}],"version-history":[{"count":0,"href":"https:\/\/konferenztechnik.de\/pl\/wp-json\/wp\/v2\/pages\/24845\/revisions"}],"wp:featuredmedia":[{"embeddable":true,"href":"https:\/\/konferenztechnik.de\/pl\/wp-json\/wp\/v2\/media\/45482"}],"wp:attachment":[{"href":"https:\/\/konferenztechnik.de\/pl\/wp-json\/wp\/v2\/media?parent=24845"}],"curies":[{"name":"wp","href":"https:\/\/api.w.org\/{rel}","templated":true}]}}