{"id":24860,"date":"2023-04-18T10:42:05","date_gmt":"2023-04-18T08:42:05","guid":{"rendered":"http:\/\/dev.konferenztechnik.de\/?page_id=24860"},"modified":"2025-04-09T09:47:41","modified_gmt":"2025-04-09T07:47:41","slug":"agencje","status":"publish","type":"page","link":"https:\/\/konferenztechnik.de\/pl\/agencje\/","title":{"rendered":"Agencje"},"content":{"rendered":"<div data-elementor-type=\"wp-page\" data-elementor-id=\"24860\" class=\"elementor elementor-24860\" data-elementor-post-type=\"page\">\n\t\t\t\t<div data-particle_enable=\"false\" data-particle-mobile-disabled=\"false\" class=\"elementor-element elementor-element-d8aba58 e-flex e-con-boxed e-con e-parent\" data-id=\"d8aba58\" data-element_type=\"container\">\n\t\t\t\t\t<div class=\"e-con-inner\">\n\t\t\t\t<div class=\"elementor-element elementor-element-366d4e5 elementor-widget__width-inherit elementor-widget elementor-widget-heading\" data-id=\"366d4e5\" data-element_type=\"widget\" data-widget_type=\"heading.default\">\n\t\t\t\t<div class=\"elementor-widget-container\">\n\t\t\t\t\t<h1 class=\"elementor-heading-title elementor-size-default\">Agencje<\/h1>\t\t\t\t<\/div>\n\t\t\t\t<\/div>\n\t\t\t\t<div class=\"elementor-element elementor-element-e4b6b7a elementor-widget elementor-widget-image\" data-id=\"e4b6b7a\" data-element_type=\"widget\" data-widget_type=\"image.default\">\n\t\t\t\t<div class=\"elementor-widget-container\">\n\t\t\t\t\t\t\t\t\t\t\t\t\t\t\t<img fetchpriority=\"high\" decoding=\"async\" width=\"1300\" height=\"486\" src=\"https:\/\/konferenztechnik.de\/wp-content\/uploads\/2023\/04\/eventagenturen.jpg\" class=\"attachment-full size-full wp-image-24861\" alt=\"du\u017cy bazgro\u0142\/mapping umys\u0142u na szklanej \u015bcianie - tutaj jako symbol agencji\" srcset=\"https:\/\/konferenztechnik.de\/wp-content\/uploads\/2023\/04\/eventagenturen.jpg 1300w, https:\/\/konferenztechnik.de\/wp-content\/uploads\/2023\/04\/eventagenturen-300x112.jpg 300w, https:\/\/konferenztechnik.de\/wp-content\/uploads\/2023\/04\/eventagenturen-1024x383.jpg 1024w, https:\/\/konferenztechnik.de\/wp-content\/uploads\/2023\/04\/eventagenturen-768x287.jpg 768w, https:\/\/konferenztechnik.de\/wp-content\/uploads\/2023\/04\/eventagenturen-18x7.jpg 18w\" sizes=\"(max-width: 1300px) 100vw, 1300px\" title=\"\">\t\t\t\t\t\t\t\t\t\t\t\t\t\t\t<\/div>\n\t\t\t\t<\/div>\n\t\t\t\t\t<\/div>\n\t\t\t\t<\/div>\n\t\t<div data-particle_enable=\"false\" data-particle-mobile-disabled=\"false\" class=\"elementor-element elementor-element-9deafd4 e-flex e-con-boxed e-con e-parent\" data-id=\"9deafd4\" data-element_type=\"container\">\n\t\t\t\t\t<div class=\"e-con-inner\">\n\t\t\t\t<div class=\"elementor-element elementor-element-66ea8b4 elementor-widget elementor-widget-heading\" data-id=\"66ea8b4\" data-element_type=\"widget\" data-settings=\"{&quot;_animation&quot;:&quot;none&quot;}\" data-widget_type=\"heading.default\">\n\t\t\t\t<div class=\"elementor-widget-container\">\n\t\t\t\t\t<h2 class=\"elementor-heading-title elementor-size-default\">Agencje: Sukces dzi\u0119ki dovetailingowi<\/h2>\t\t\t\t<\/div>\n\t\t\t\t<\/div>\n\t\t\t\t<div class=\"elementor-element elementor-element-d16fcf6 elementor-widget__width-inherit elementor-widget elementor-widget-text-editor\" data-id=\"d16fcf6\" data-element_type=\"widget\" data-widget_type=\"text-editor.default\">\n\t\t\t\t<div class=\"elementor-widget-container\">\n\t\t\t\t\t\t\t\t\t<p class=\"my-0\"><span style=\"font-family: var( --e-global-typography-text-font-family ), Barlowlocal, Sans-Serif; font-size: var( --e-global-typography-text-font-size ); font-weight: var( --e-global-typography-text-font-weight ); text-align: var(--text-align);\">Niezawodnie, elastycznie i profesjonalnie wspieramy agencje eventowe w technicznej realizacji ich wydarze\u0144 \u2013. Od planowania do realizacji, jeste\u015bmy po twojej stronie jako partner i zapewniamy, \u017ce wszystkie aspekty techniczne przebiegaj\u0105 sprawnie.<\/span><\/p>\n<p class=\"my-0\"><strong>&nbsp;<\/strong><\/p>\n<p class=\"my-0\"><strong>Nasze us\u0142ugi dla Ciebie:<\/strong><\/p>\n<ul class=\"marker:text-textOff list-disc\">\n<li>\n<p class=\"my-0\">Technologia audio, wideo i o\u015bwietleniowa<\/p>\n<\/li>\n<li>\n<p class=\"my-0\">Streaming i rozwi\u0105zania hybrydowe<\/p>\n<\/li>\n<li>\n<p class=\"my-0\">Rozwi\u0105zania IT dla wydarze\u0144<\/p>\n<\/li>\n<li>\n<p class=\"my-0\">Doradztwo techniczne i wsparcie na miejscu<\/p>\n<\/li>\n<\/ul>\n<p class=\"my-0\">Jako do\u015bwiadczony zesp\u00f3\u0142 \u015bci\u015ble z Tob\u0105 wsp\u00f3\u0142pracujemy, aby skutecznie realizowa\u0107 Twoje wymagania. Dzi\u0119ki temu mo\u017cesz w pe\u0142ni skoncentrowa\u0107 si\u0119 na swoich klientach, podczas gdy my zajmiemy si\u0119 technologi\u0105.<\/p>\t\t\t\t\t\t\t\t<\/div>\n\t\t\t\t<\/div>\n\t\t\t\t\t<\/div>\n\t\t\t\t<\/div>\n\t\t<div data-particle_enable=\"false\" data-particle-mobile-disabled=\"false\" class=\"elementor-element elementor-element-455c20b e-flex e-con-boxed e-con e-parent\" data-id=\"455c20b\" data-element_type=\"container\" data-settings=\"{&quot;animation&quot;:&quot;none&quot;}\">\n\t\t\t\t\t<div class=\"e-con-inner\">\n\t\t\t\t<div class=\"elementor-element elementor-element-7734196 elementor-widget elementor-widget-heading\" data-id=\"7734196\" data-element_type=\"widget\" data-settings=\"{&quot;_animation&quot;:&quot;none&quot;}\" data-widget_type=\"heading.default\">\n\t\t\t\t<div class=\"elementor-widget-container\">\n\t\t\t\t\t<h2 class=\"elementor-heading-title elementor-size-default\">Cz\u0119sto poruszane tematy<\/h2>\t\t\t\t<\/div>\n\t\t\t\t<\/div>\n\t\t\t\t<div class=\"elementor-element elementor-element-1e5ddfb elementor-widget__width-inherit smart-post-list-4-col elementor-widget elementor-widget-eael-post-list\" data-id=\"1e5ddfb\" data-element_type=\"widget\" data-settings=\"{&quot;_animation&quot;:&quot;none&quot;}\" data-widget_type=\"eael-post-list.default\">\n\t\t\t\t<div class=\"elementor-widget-container\">\n\t\t\t\t\t<div class=\"eael-post-list-container advanced layout-advanced\"><div class=\"eael-post-list-wrap\"><div class=\"eael-post-list-posts-wrap eael-post-appender eael-post-appender-1e5ddfb\"><div class=\"eael-post-list-post\"><div class=\"eael-post-list-post-inner\"><div class=\"eael-post-list-thumbnail\"><a href=\"https:\/\/konferenztechnik.de\/pl\/streaming\/\">\n                <img decoding=\"async\" src=\"https:\/\/konferenztechnik.de\/wp-content\/uploads\/2023\/04\/streaming-hosting-events-jpg.webp\" alt=\"Kontrola d\u017awi\u0119ku i re\u017cyseria wideo z technikami eventowymi w sali konferencyjnej, z napisem &quot;Live - Live - Live&quot; kilka razy z przodu\" title=\"\">\n            <\/a><\/div><div class=\"eael-post-list-content\"><h3 class=\"eael-post-list-title\"><a href=\"https:\/\/konferenztechnik.de\/pl\/streaming\/\" >Streaming i hosting<\/a><\/h3><p>Streaming tre\u015bci na \u017cywo i wideo, archiwizacja i udost\u0119pnianie na serwerach i platformach wideo<\/p><a href=\"https:\/\/konferenztechnik.de\/pl\/streaming\/\" class=\"eael-post-elements-readmore-btn\" >\u203a wi\u0119cej<\/a><div class=\"boxed-meta\"><\/div><\/div><\/div><\/div><div class=\"eael-post-list-post\"><div class=\"eael-post-list-post-inner\"><div class=\"eael-post-list-thumbnail\"><a href=\"https:\/\/konferenztechnik.de\/pl\/strony-docelowe-dla-wydarzen-wirtualne-platformy-wydarzen\/\">\n                <img decoding=\"async\" src=\"https:\/\/konferenztechnik.de\/wp-content\/uploads\/2023\/03\/landingpage-beitrag.jpg\" alt=\"\" title=\"\">\n            <\/a><\/div><div class=\"eael-post-list-content\"><h3 class=\"eael-post-list-title\"><a href=\"https:\/\/konferenztechnik.de\/pl\/strony-docelowe-dla-wydarzen-wirtualne-platformy-wydarzen\/\" >Strony docelowe dla wydarze\u0144, wirtualne platformy wydarze\u0144<\/a><\/h3><p>Landing page dla wydarze\u0144, wirtualne platformy eventowe Podstawowy pakiet sk\u0142ada si\u0119 z nast\u0119puj\u0105cych element\u00f3w...<\/p><a href=\"https:\/\/konferenztechnik.de\/pl\/strony-docelowe-dla-wydarzen-wirtualne-platformy-wydarzen\/\" class=\"eael-post-elements-readmore-btn\" >\u203a wi\u0119cej<\/a><div class=\"boxed-meta\"><\/div><\/div><\/div><\/div><div class=\"eael-post-list-post\"><div class=\"eael-post-list-post-inner\"><div class=\"eael-post-list-thumbnail\"><a href=\"https:\/\/konferenztechnik.de\/pl\/sale-konferencyjne-pcs-nowoczesne-hybrydowe-sale-konferencyjne-na-korzystnych-warunkach\/\">\n                <img decoding=\"async\" src=\"https:\/\/konferenztechnik.de\/wp-content\/uploads\/2023\/03\/konferenzraum-bundles.jpg\" alt=\"\" title=\"\">\n            <\/a><\/div><div class=\"eael-post-list-content\"><h3 class=\"eael-post-list-title\"><a href=\"https:\/\/konferenztechnik.de\/pl\/sale-konferencyjne-pcs-nowoczesne-hybrydowe-sale-konferencyjne-na-korzystnych-warunkach\/\" >Pakiety sal konferencyjnych<\/a><\/h3><p>Interaktywne, hybrydowe, bezprzewodowe i elastyczne sale konferencyjne od 5 000 EUR<\/p><a href=\"https:\/\/konferenztechnik.de\/pl\/sale-konferencyjne-pcs-nowoczesne-hybrydowe-sale-konferencyjne-na-korzystnych-warunkach\/\" class=\"eael-post-elements-readmore-btn\" >\u203a wi\u0119cej<\/a><div class=\"boxed-meta\"><\/div><\/div><\/div><\/div><div class=\"eael-post-list-post\"><div class=\"eael-post-list-post-inner\"><div class=\"eael-post-list-thumbnail\"><a href=\"https:\/\/konferenztechnik.de\/pl\/konferencje-z-zespolami-microsoft\/\">\n                <img decoding=\"async\" src=\"https:\/\/konferenztechnik.de\/wp-content\/uploads\/2023\/03\/konferenzen-ms-teams.jpg\" alt=\"\" title=\"\">\n            <\/a><\/div><div class=\"eael-post-list-content\"><h3 class=\"eael-post-list-title\"><a href=\"https:\/\/konferenztechnik.de\/pl\/konferencje-z-zespolami-microsoft\/\" >Konferencje przy u\u017cyciu Microsoft Teams<\/a><\/h3><p>MS Teams teraz tak\u017ce wieloj\u0119zyczny i z funkcj\u0105 t\u0142umaczenia symultanicznego \"S\"<\/p><a href=\"https:\/\/konferenztechnik.de\/pl\/konferencje-z-zespolami-microsoft\/\" class=\"eael-post-elements-readmore-btn\" >\u203a wi\u0119cej<\/a><div class=\"boxed-meta\"><\/div><\/div><\/div><\/div><div class=\"eael-post-list-post\"><div class=\"eael-post-list-post-inner\"><div class=\"eael-post-list-thumbnail\"><a href=\"https:\/\/konferenztechnik.de\/pl\/wyswietlacze-interaktywne-tablice-flipcharty\/\">\n                <img decoding=\"async\" src=\"https:\/\/konferenztechnik.de\/wp-content\/uploads\/2023\/04\/i3-displays-whiteboards-flipcharts-jpg.webp\" alt=\"2 wy\u015bwietlacze marki I3 na ruchomych statywach\" title=\"\">\n            <\/a><\/div><div class=\"eael-post-list-content\"><h3 class=\"eael-post-list-title\"><a href=\"https:\/\/konferenztechnik.de\/pl\/wyswietlacze-interaktywne-tablice-flipcharty\/\" >Wy\u015bwietlacze interaktywne, tablice, flipcharty<\/a><\/h3><p>Naszym pierwszym wyborem w przypadku monitor\u00f3w dotykowych, tablic i flipchart\u00f3w cyfrowych jest cz\u0119sto i3-Technologies.<\/p><a href=\"https:\/\/konferenztechnik.de\/pl\/wyswietlacze-interaktywne-tablice-flipcharty\/\" class=\"eael-post-elements-readmore-btn\" >\u203a wi\u0119cej<\/a><div class=\"boxed-meta\"><\/div><\/div><\/div><\/div><div class=\"eael-post-list-post\"><div class=\"eael-post-list-post-inner\"><div class=\"eael-post-list-thumbnail\"><a href=\"https:\/\/konferenztechnik.de\/pl\/hybrydowe-sale-konferencyjne-do-wideokonferencji-2\/\">\n                <img decoding=\"async\" src=\"https:\/\/konferenztechnik.de\/wp-content\/uploads\/2023\/03\/hybride-besprechungsraeume.jpg\" alt=\"\" title=\"\">\n            <\/a><\/div><div class=\"eael-post-list-content\"><h3 class=\"eael-post-list-title\"><a href=\"https:\/\/konferenztechnik.de\/pl\/hybrydowe-sale-konferencyjne-do-wideokonferencji-2\/\" >Hybrydowe sale konferencyjne do wideokonferencji<\/a><\/h3><p>Optymalne warunki w pomieszczeniu i dla pod\u0142\u0105czonych uczestnik\u00f3w oraz harmonijne wykorzystanie...<\/p><a href=\"https:\/\/konferenztechnik.de\/pl\/hybrydowe-sale-konferencyjne-do-wideokonferencji-2\/\" class=\"eael-post-elements-readmore-btn\" >\u203a wi\u0119cej<\/a><div class=\"boxed-meta\"><\/div><\/div><\/div><\/div><div class=\"eael-post-list-post\"><div class=\"eael-post-list-post-inner\"><div class=\"eael-post-list-thumbnail\"><a href=\"https:\/\/konferenztechnik.de\/pl\/dostepnosc-wydarzenia-rozwiazania-techniczne-doradztwo-wdrazanie\/\">\n                <img decoding=\"async\" src=\"https:\/\/konferenztechnik.de\/wp-content\/uploads\/2023\/03\/barrierefreie-events.jpg\" alt=\"Symbol dost\u0119pno\u015bci\" title=\"\">\n            <\/a><\/div><div class=\"eael-post-list-content\"><h3 class=\"eael-post-list-title\"><a href=\"https:\/\/konferenztechnik.de\/pl\/dostepnosc-wydarzenia-rozwiazania-techniczne-doradztwo-wdrazanie\/\" >Dost\u0119pno\u015b\u0107<\/a><\/h3><p>W zakresie wydarze\u0144 i komunikacji cyfrowej: Doradztwo, realizacja: Pomagamy w organizacji wydarze\u0144,...<\/p><a href=\"https:\/\/konferenztechnik.de\/pl\/dostepnosc-wydarzenia-rozwiazania-techniczne-doradztwo-wdrazanie\/\" class=\"eael-post-elements-readmore-btn\" >\u203a wi\u0119cej<\/a><div class=\"boxed-meta\"><\/div><\/div><\/div><\/div><div class=\"eael-post-list-post\"><div class=\"eael-post-list-post-inner\"><div class=\"eael-post-list-thumbnail\"><a href=\"https:\/\/konferenztechnik.de\/pl\/sprzet-audio-i-wideo-av-wynajem-kupno-instalacja-leasing\/\">\n                <img decoding=\"async\" src=\"https:\/\/konferenztechnik.de\/wp-content\/uploads\/2023\/03\/audio-und-videotechnik-mieten-kaufen-installieren-1024x614.avif\" alt=\"audio-i-video-technologia-wynajmij-kup-zainstaluj\" title=\"\">\n            <\/a><\/div><div class=\"eael-post-list-content\"><h3 class=\"eael-post-list-title\"><a href=\"https:\/\/konferenztechnik.de\/pl\/sprzet-audio-i-wideo-av-wynajem-kupno-instalacja-leasing\/\" >AV: Technologia audio i wideo<\/a><\/h3><p>Mikrofony, technologia nag\u0142o\u015bnieniowa, m\u00f3wnice, hybrydy telefoniczne, dystrybutory prasy, oprogramowanie do stenotypii...<\/p><a href=\"https:\/\/konferenztechnik.de\/pl\/sprzet-audio-i-wideo-av-wynajem-kupno-instalacja-leasing\/\" class=\"eael-post-elements-readmore-btn\" >\u203a wi\u0119cej<\/a><div class=\"boxed-meta\"><\/div><\/div><\/div><\/div><\/div><\/div>\n\t\t<\/div>\t\t\t\t<\/div>\n\t\t\t\t<\/div>\n\t\t\t\t\t<\/div>\n\t\t\t\t<\/div>\n\t\t<div data-particle_enable=\"false\" data-particle-mobile-disabled=\"false\" class=\"elementor-element elementor-element-eaddbcf e-flex e-con-boxed e-con e-parent\" data-id=\"eaddbcf\" data-element_type=\"container\">\n\t\t\t\t\t<div class=\"e-con-inner\">\n\t\t\t\t<div class=\"elementor-element elementor-element-16f26b9 elementor-widget__width-inherit elementor-widget elementor-widget-heading\" data-id=\"16f26b9\" data-element_type=\"widget\" data-widget_type=\"heading.default\">\n\t\t\t\t<div class=\"elementor-widget-container\">\n\t\t\t\t\t<h2 class=\"elementor-heading-title elementor-size-default\">Referencje: Agencje<\/h2>\t\t\t\t<\/div>\n\t\t\t\t<\/div>\n\t\t\t\t<div class=\"elementor-element elementor-element-b211c26 elementor-widget__width-inherit elementor-widget elementor-widget-text-editor\" data-id=\"b211c26\" data-element_type=\"widget\" data-widget_type=\"text-editor.default\">\n\t\t\t\t<div class=\"elementor-widget-container\">\n\t\t\t\t\t\t\t\t\t<ul><li>a1kommunikation Schweizer GmbH<\/li><li>Agencja Medienlabor<\/li><li>BESL Event Agency GmbH &amp; Co. KG<\/li><li>BRANDATMOSPHERE Medienkommunikation GmbH<\/li><li>Niemiecka Agencja Energetyczna GmbH<\/li><li>dpa Niemiecka Agencja Prasowa<\/li><li>greenstorming GmbH Agencja zr\u00f3wnowa\u017conego zarz\u0105dzania wydarzeniami<\/li><li>ICE \u2013 W\u0142oska Agencja Handlu Zagranicznego<\/li><li>jaeger + haeckerhase GmbH Komunikacja dla ludzi i marek<\/li><li>agencja kaiko<\/li><li>komunikacja l\u00f6wenholz<\/li><li>marqueur GmbH Agencja komunikacji na \u017cywo<\/li><li>Meddewader Project Agency GmbH<\/li><li>meder. agencja wydarze\u0144 i komunikacji gmbh<\/li><li>N\u00f6lting GmbH \u2013 Agencja komunikacji korporacyjnej<\/li><li>THE BIG PICTURE AGENCY LTD<\/li><li>trendhouse event marketing GmbH<\/li><li>Agencja Wundermacher ds. wydarze\u0144, promocji i szkole\u0144 GmbH<\/li><li>Zweite Heimat GmbH Agencja komunikacji na \u017cywo<\/li><\/ul>\t\t\t\t\t\t\t\t<\/div>\n\t\t\t\t<\/div>\n\t\t\t\t<div class=\"elementor-element elementor-element-f277dec elementor-icon-list--layout-traditional elementor-list-item-link-full_width elementor-widget elementor-widget-icon-list\" data-id=\"f277dec\" data-element_type=\"widget\" data-widget_type=\"icon-list.default\">\n\t\t\t\t<div class=\"elementor-widget-container\">\n\t\t\t\t\t\t\t<ul class=\"elementor-icon-list-items\">\n\t\t\t\t\t\t\t<li class=\"elementor-icon-list-item\">\n\t\t\t\t\t\t\t\t\t\t\t<a href=\"\/pl\/referencje\/\">\n\n\t\t\t\t\t\t\t\t\t\t\t\t<span class=\"elementor-icon-list-icon\">\n\t\t\t\t\t\t\t<svg aria-hidden=\"true\" class=\"e-font-icon-svg e-fas-chevron-right\" viewbox=\"0 0 320 512\" xmlns=\"http:\/\/www.w3.org\/2000\/svg\"><path d=\"M285.476 272.971L91.132 467.314c-9.373 9.373-24.569 9.373-33.941 0l-22.667-22.667c-9.357-9.357-9.375-24.522-.04-33.901L188.505 256 34.484 101.255c-9.335-9.379-9.317-24.544.04-33.901l22.667-22.667c9.373-9.373 24.569-9.373 33.941 0L285.475 239.03c9.373 9.372 9.373 24.568.001 33.941z\"><\/path><\/svg>\t\t\t\t\t\t<\/span>\n\t\t\t\t\t\t\t\t\t\t<span class=\"elementor-icon-list-text\">Dalsze odniesienia<\/span>\n\t\t\t\t\t\t\t\t\t\t\t<\/a>\n\t\t\t\t\t\t\t\t\t<\/li>\n\t\t\t\t\t\t<\/ul>\n\t\t\t\t\t\t<\/div>\n\t\t\t\t<\/div>\n\t\t\t\t\t<\/div>\n\t\t\t\t<\/div>\n\t\t<div data-particle_enable=\"false\" data-particle-mobile-disabled=\"false\" class=\"elementor-element elementor-element-e62a659 e-flex e-con-boxed e-con e-parent\" data-id=\"e62a659\" data-element_type=\"container\">\n\t\t\t\t\t<div class=\"e-con-inner\">\n\t\t\t\t<div class=\"elementor-element elementor-element-53f5abf elementor-widget elementor-widget-shortcode\" data-id=\"53f5abf\" data-element_type=\"widget\" data-widget_type=\"shortcode.default\">\n\t\t\t\t<div class=\"elementor-widget-container\">\n\t\t\t\t\t\t\t<div class=\"elementor-shortcode\"><\/div>\n\t\t\t\t\t\t<\/div>\n\t\t\t\t<\/div>\n\t\t\t\t\t<\/div>\n\t\t\t\t<\/div>\n\t\t<div data-particle_enable=\"false\" data-particle-mobile-disabled=\"false\" class=\"elementor-element elementor-element-14d115f e-flex e-con-boxed e-con e-parent\" data-id=\"14d115f\" data-element_type=\"container\">\n\t\t\t\t\t<div class=\"e-con-inner\">\n\t\t\t\t<div class=\"elementor-element elementor-element-0f53c4b elementor-widget elementor-widget-shortcode\" data-id=\"0f53c4b\" data-element_type=\"widget\" data-widget_type=\"shortcode.default\">\n\t\t\t\t<div class=\"elementor-widget-container\">\n\t\t\t\t\t\t\t<div class=\"elementor-shortcode\"><\/div>\n\t\t\t\t\t\t<\/div>\n\t\t\t\t<\/div>\n\t\t\t\t\t<\/div>\n\t\t\t\t<\/div>\n\t\t\t\t<\/div>","protected":false},"excerpt":{"rendered":"<p>Agencje Agencje: Sukces dzi\u0119ki integracji Wspieramy agencje eventowe w technicznej realizacji ich wydarze\u0144 \u2013 niezawodnie, elastycznie i profesjonalnie. Od planowania do realizacji, jeste\u015bmy po Twojej stronie jako partner i zapewniamy, \u017ce wszystkie aspekty techniczne przebiegaj\u0105 sprawnie.   Nasze us\u0142ugi dla Ciebie: Technologia audio, wideo i o\u015bwietleniowa Streaming i rozwi\u0105zania hybrydowe Rozwi\u0105zania IT dla [...]<\/p>","protected":false},"author":2,"featured_media":45482,"parent":0,"menu_order":0,"comment_status":"closed","ping_status":"closed","template":"","meta":{"_acf_changed":false,"footnotes":""},"class_list":["post-24860","page","type-page","status-publish","has-post-thumbnail","hentry"],"acf":[],"_links":{"self":[{"href":"https:\/\/konferenztechnik.de\/pl\/wp-json\/wp\/v2\/pages\/24860","targetHints":{"allow":["GET"]}}],"collection":[{"href":"https:\/\/konferenztechnik.de\/pl\/wp-json\/wp\/v2\/pages"}],"about":[{"href":"https:\/\/konferenztechnik.de\/pl\/wp-json\/wp\/v2\/types\/page"}],"author":[{"embeddable":true,"href":"https:\/\/konferenztechnik.de\/pl\/wp-json\/wp\/v2\/users\/2"}],"replies":[{"embeddable":true,"href":"https:\/\/konferenztechnik.de\/pl\/wp-json\/wp\/v2\/comments?post=24860"}],"version-history":[{"count":0,"href":"https:\/\/konferenztechnik.de\/pl\/wp-json\/wp\/v2\/pages\/24860\/revisions"}],"wp:featuredmedia":[{"embeddable":true,"href":"https:\/\/konferenztechnik.de\/pl\/wp-json\/wp\/v2\/media\/45482"}],"wp:attachment":[{"href":"https:\/\/konferenztechnik.de\/pl\/wp-json\/wp\/v2\/media?parent=24860"}],"curies":[{"name":"wp","href":"https:\/\/api.w.org\/{rel}","templated":true}]}}