{"id":24878,"date":"2023-04-18T11:03:15","date_gmt":"2023-04-18T09:03:15","guid":{"rendered":"http:\/\/dev.konferenztechnik.de\/?page_id=24878"},"modified":"2026-01-13T21:38:08","modified_gmt":"2026-01-13T20:38:08","slug":"firma-informatyczna","status":"publish","type":"page","link":"https:\/\/konferenztechnik.de\/pl\/firma-informatyczna\/","title":{"rendered":"Firma informatyczna"},"content":{"rendered":"<div data-elementor-type=\"wp-page\" data-elementor-id=\"24878\" class=\"elementor elementor-24878\" data-elementor-post-type=\"page\">\n\t\t\t\t<div data-particle_enable=\"false\" data-particle-mobile-disabled=\"false\" class=\"elementor-element elementor-element-d8aba58 e-flex e-con-boxed e-con e-parent\" data-id=\"d8aba58\" data-element_type=\"container\">\n\t\t\t\t\t<div class=\"e-con-inner\">\n\t\t\t\t<div class=\"elementor-element elementor-element-366d4e5 elementor-widget__width-inherit elementor-widget elementor-widget-heading\" data-id=\"366d4e5\" data-element_type=\"widget\" data-widget_type=\"heading.default\">\n\t\t\t\t<div class=\"elementor-widget-container\">\n\t\t\t\t\t<h1 class=\"elementor-heading-title elementor-size-default\">Firma informatyczna<\/h1>\t\t\t\t<\/div>\n\t\t\t\t<\/div>\n\t\t\t\t<div class=\"elementor-element elementor-element-e4b6b7a elementor-widget elementor-widget-image\" data-id=\"e4b6b7a\" data-element_type=\"widget\" data-widget_type=\"image.default\">\n\t\t\t\t<div class=\"elementor-widget-container\">\n\t\t\t\t\t\t\t\t\t\t\t\t\t\t\t<img fetchpriority=\"high\" decoding=\"async\" width=\"1300\" height=\"486\" src=\"https:\/\/konferenztechnik.de\/wp-content\/uploads\/2023\/04\/it-unternehmen.jpg\" class=\"attachment-full size-full wp-image-24879\" alt=\"Technik IT pod\u0142\u0105cza kable LAN do \u015bciany pe\u0142nej komputer\u00f3w\" srcset=\"https:\/\/konferenztechnik.de\/wp-content\/uploads\/2023\/04\/it-unternehmen.jpg 1300w, https:\/\/konferenztechnik.de\/wp-content\/uploads\/2023\/04\/it-unternehmen-300x112.jpg 300w, https:\/\/konferenztechnik.de\/wp-content\/uploads\/2023\/04\/it-unternehmen-1024x383.jpg 1024w, https:\/\/konferenztechnik.de\/wp-content\/uploads\/2023\/04\/it-unternehmen-768x287.jpg 768w, https:\/\/konferenztechnik.de\/wp-content\/uploads\/2023\/04\/it-unternehmen-18x7.jpg 18w\" sizes=\"(max-width: 1300px) 100vw, 1300px\" title=\"\">\t\t\t\t\t\t\t\t\t\t\t\t\t\t\t<\/div>\n\t\t\t\t<\/div>\n\t\t\t\t\t<\/div>\n\t\t\t\t<\/div>\n\t\t<div data-particle_enable=\"false\" data-particle-mobile-disabled=\"false\" class=\"elementor-element elementor-element-9deafd4 e-flex e-con-boxed e-con e-parent\" data-id=\"9deafd4\" data-element_type=\"container\">\n\t\t\t\t\t<div class=\"e-con-inner\">\n\t\t\t\t<div class=\"elementor-element elementor-element-66ea8b4 elementor-widget elementor-widget-heading\" data-id=\"66ea8b4\" data-element_type=\"widget\" data-settings=\"{&quot;_animation&quot;:&quot;none&quot;}\" data-widget_type=\"heading.default\">\n\t\t\t\t<div class=\"elementor-widget-container\">\n\t\t\t\t\t<h2 class=\"elementor-heading-title elementor-size-default\">AV over IP: przysz\u0142o\u015b\u0107 technologii eventowej i medialnej<\/h2>\t\t\t\t<\/div>\n\t\t\t\t<\/div>\n\t\t\t\t<div class=\"elementor-element elementor-element-d16fcf6 elementor-widget__width-inherit elementor-widget elementor-widget-text-editor\" data-id=\"d16fcf6\" data-element_type=\"widget\" data-widget_type=\"text-editor.default\">\n\t\t\t\t<div class=\"elementor-widget-container\">\n\t\t\t\t\t\t\t\t\t<p>Przysz\u0142o\u015b\u0107 technologii audiowizualnej opiera si\u0119 na sieciach. Zmiana ta trwa od lat i sprawdzi\u0142a si\u0119 w praktyce. W nowoczesnej technologii eventowej i medialnej sygna\u0142y audio, wideo i steruj\u0105ce s\u0105 przesy\u0142ane w najwy\u017cszej jako\u015bci przez sieci IP. Technologia AV over IP wykorzystuje uznane standardy technologii informatycznej i sieciowej, umo\u017cliwiaj\u0105c tworzenie elastycznych, skalowalnych i wydajnych infrastruktur audiowizualnych.<\/p><p>Nowoczesne urz\u0105dzenia audio i wideo s\u0105 obecnie systemami opartymi na technologii informatycznej. W zwi\u0105zku z tym zmieniaj\u0105 si\u0119 r\u00f3wnie\u017c wymagania wobec specjalist\u00f3w: technicy AV coraz cz\u0119\u015bciej pracuj\u0105 na styku technologii informatycznej i sieciowej. Jednocze\u015bnie coraz wi\u0119cej zleceniodawc\u00f3w pochodzi ze \u015brodowiska IT, co powoduje dalsze zbli\u017canie si\u0119 \u015bwiat\u00f3w AV i IT.<\/p><p>Konsekwentnie wspieramy t\u0119 zmian\u0119 technologiczn\u0105 i dostrzegamy w niej ogromny potencja\u0142 w zakresie efektywnego wykorzystania zasob\u00f3w i zr\u00f3wnowa\u017conego rozwoju. Scentralizowane systemy, wirtualizowana infrastruktura i inteligentna technologia sieciowa umo\u017cliwiaj\u0105 stworzenie energooszcz\u0119dnej i zasobooszcz\u0119dnej architektury AV \u2013, od ekologicznych centr\u00f3w danych po zr\u00f3wnowa\u017con\u0105 technologi\u0119 AV w eksploatacji.<\/p><p>W zakresie orientacji strategicznej kierujemy si\u0119 rozwojem wiod\u0105cych przedsi\u0119biorstw technologicznych. Zak\u0142adamy, \u017ce w przysz\u0142o\u015bci nasi klienci i partnerzy projektowi b\u0119d\u0105 w jeszcze wi\u0119kszym stopniu pochodzi\u0107 ze \u015brodowiska IT i cyfryzacji oraz ustanowi\u0105 AV over IP jako standard w profesjonalnej technologii eventowej i medialnej.<\/p>\t\t\t\t\t\t\t\t<\/div>\n\t\t\t\t<\/div>\n\t\t\t\t\t<\/div>\n\t\t\t\t<\/div>\n\t\t<div data-particle_enable=\"false\" data-particle-mobile-disabled=\"false\" class=\"elementor-element elementor-element-455c20b e-flex e-con-boxed e-con e-parent\" data-id=\"455c20b\" data-element_type=\"container\" data-settings=\"{&quot;animation&quot;:&quot;none&quot;}\">\n\t\t\t\t\t<div class=\"e-con-inner\">\n\t\t\t\t<div class=\"elementor-element elementor-element-7734196 elementor-widget elementor-widget-heading\" data-id=\"7734196\" data-element_type=\"widget\" data-settings=\"{&quot;_animation&quot;:&quot;none&quot;}\" data-widget_type=\"heading.default\">\n\t\t\t\t<div class=\"elementor-widget-container\">\n\t\t\t\t\t<h2 class=\"elementor-heading-title elementor-size-default\">Cz\u0119sto poruszane tematy<\/h2>\t\t\t\t<\/div>\n\t\t\t\t<\/div>\n\t\t\t\t<div class=\"elementor-element elementor-element-1e5ddfb elementor-widget__width-inherit smart-post-list-4-col elementor-widget elementor-widget-eael-post-list\" data-id=\"1e5ddfb\" data-element_type=\"widget\" data-settings=\"{&quot;_animation&quot;:&quot;none&quot;}\" data-widget_type=\"eael-post-list.default\">\n\t\t\t\t<div class=\"elementor-widget-container\">\n\t\t\t\t\t<div class=\"eael-post-list-container advanced layout-advanced\"><div class=\"eael-post-list-wrap\"><div class=\"eael-post-list-posts-wrap eael-post-appender eael-post-appender-1e5ddfb\"><div class=\"eael-post-list-post\"><div class=\"eael-post-list-post-inner\"><div class=\"eael-post-list-thumbnail\"><a href=\"https:\/\/konferenztechnik.de\/pl\/inteligentne-sterowanie-zasilaniem-zdalny-wylacznik-zasilania\/\">\n                <img decoding=\"async\" src=\"https:\/\/konferenztechnik.de\/wp-content\/uploads\/2023\/03\/green-conferenceroom.jpg\" alt=\"\" title=\"\">\n            <\/a><\/div><div class=\"eael-post-list-content\"><h3 class=\"eael-post-list-title\"><a href=\"https:\/\/konferenztechnik.de\/pl\/inteligentne-sterowanie-zasilaniem-zdalny-wylacznik-zasilania\/\" >Inteligentne sterowanie zasilaniem \u2013 za pomoc\u0105 zdalnego prze\u0142\u0105cznika zasilania<\/a><\/h3><p>Inteligentne sterowanie zasilaniem \u2013 za pomoc\u0105 zdalnego prze\u0142\u0105cznika zasilania Zdalny prze\u0142\u0105cznik zasilania:...<\/p><a href=\"https:\/\/konferenztechnik.de\/pl\/inteligentne-sterowanie-zasilaniem-zdalny-wylacznik-zasilania\/\" class=\"eael-post-elements-readmore-btn\" >\u203a wi\u0119cej<\/a><div class=\"boxed-meta\"><\/div><\/div><\/div><\/div><div class=\"eael-post-list-post\"><div class=\"eael-post-list-post-inner\"><div class=\"eael-post-list-thumbnail\"><a href=\"https:\/\/konferenztechnik.de\/pl\/streaming\/\">\n                <img decoding=\"async\" src=\"https:\/\/konferenztechnik.de\/wp-content\/uploads\/2023\/04\/streaming-hosting-events-jpg.webp\" alt=\"Kontrola d\u017awi\u0119ku i re\u017cyseria wideo z technikami eventowymi w sali konferencyjnej, z napisem &quot;Live - Live - Live&quot; kilka razy z przodu\" title=\"\">\n            <\/a><\/div><div class=\"eael-post-list-content\"><h3 class=\"eael-post-list-title\"><a href=\"https:\/\/konferenztechnik.de\/pl\/streaming\/\" >Streaming i hosting<\/a><\/h3><p>Streaming tre\u015bci na \u017cywo i wideo, archiwizacja i udost\u0119pnianie na serwerach i platformach wideo<\/p><a href=\"https:\/\/konferenztechnik.de\/pl\/streaming\/\" class=\"eael-post-elements-readmore-btn\" >\u203a wi\u0119cej<\/a><div class=\"boxed-meta\"><\/div><\/div><\/div><\/div><div class=\"eael-post-list-post\"><div class=\"eael-post-list-post-inner\"><div class=\"eael-post-list-thumbnail\"><a href=\"https:\/\/konferenztechnik.de\/pl\/zrownowazone-zamowienia-konferencja-medialna-i-technologie-informatyczne\/\">\n                <img decoding=\"async\" src=\"https:\/\/konferenztechnik.de\/wp-content\/uploads\/2022\/06\/nachhaltige-konferezraeume-jpg.webp\" alt=\"Ma\u0142e, jasne biuro w d\u017awi\u0119koszczelnym i eleganckim szklanym budynku w hali\" title=\"\">\n            <\/a><\/div><div class=\"eael-post-list-content\"><h3 class=\"eael-post-list-title\"><a href=\"https:\/\/konferenztechnik.de\/pl\/zrownowazone-zamowienia-konferencja-medialna-i-technologie-informatyczne\/\" >Zr\u00f3wnowa\u017cone zakupy \u2013 dla medi\u00f3w, konferencji i technologii IT<\/a><\/h3><p>Green AV: rozwi\u0105zania koncepcyjne i techniczne Efektywno\u015b\u0107 energetyczna i zoptymalizowane miejsca pracy dzi\u0119ki nowym...<\/p><a href=\"https:\/\/konferenztechnik.de\/pl\/zrownowazone-zamowienia-konferencja-medialna-i-technologie-informatyczne\/\" class=\"eael-post-elements-readmore-btn\" >\u203a wi\u0119cej<\/a><div class=\"boxed-meta\"><\/div><\/div><\/div><\/div><div class=\"eael-post-list-post\"><div class=\"eael-post-list-post-inner\"><div class=\"eael-post-list-thumbnail\"><a href=\"https:\/\/konferenztechnik.de\/pl\/sale-konferencyjne-pcs-nowoczesne-hybrydowe-sale-konferencyjne-na-korzystnych-warunkach\/\">\n                <img decoding=\"async\" src=\"https:\/\/konferenztechnik.de\/wp-content\/uploads\/2023\/03\/konferenzraum-bundles.jpg\" alt=\"\" title=\"\">\n            <\/a><\/div><div class=\"eael-post-list-content\"><h3 class=\"eael-post-list-title\"><a href=\"https:\/\/konferenztechnik.de\/pl\/sale-konferencyjne-pcs-nowoczesne-hybrydowe-sale-konferencyjne-na-korzystnych-warunkach\/\" >Pakiety sal konferencyjnych<\/a><\/h3><p>Interaktywne, hybrydowe, bezprzewodowe i elastyczne sale konferencyjne od 5 000 EUR<\/p><a href=\"https:\/\/konferenztechnik.de\/pl\/sale-konferencyjne-pcs-nowoczesne-hybrydowe-sale-konferencyjne-na-korzystnych-warunkach\/\" class=\"eael-post-elements-readmore-btn\" >\u203a wi\u0119cej<\/a><div class=\"boxed-meta\"><\/div><\/div><\/div><\/div><div class=\"eael-post-list-post\"><div class=\"eael-post-list-post-inner\"><div class=\"eael-post-list-thumbnail\"><a href=\"https:\/\/konferenztechnik.de\/pl\/zielone-rozwiazania-koncepcyjne-i-techniczne-aw\/\">\n                <img decoding=\"async\" src=\"https:\/\/konferenztechnik.de\/wp-content\/uploads\/2023\/06\/green-av-konzepte.png\" alt=\"\" title=\"\">\n            <\/a><\/div><div class=\"eael-post-list-content\"><h3 class=\"eael-post-list-title\"><a href=\"https:\/\/konferenztechnik.de\/pl\/zielone-rozwiazania-koncepcyjne-i-techniczne-aw\/\" >Zielone AV: rozwi\u0105zania koncepcyjne i techniczne<\/a><\/h3><p>Zielone AV: rozwi\u0105zania koncepcyjne i techniczne dla projekt\u00f3w na du\u017c\u0105 skal\u0119 Zielone IT i...<\/p><a href=\"https:\/\/konferenztechnik.de\/pl\/zielone-rozwiazania-koncepcyjne-i-techniczne-aw\/\" class=\"eael-post-elements-readmore-btn\" >\u203a wi\u0119cej<\/a><div class=\"boxed-meta\"><\/div><\/div><\/div><\/div><\/div><\/div>\n\t\t<\/div>\t\t\t\t<\/div>\n\t\t\t\t<\/div>\n\t\t\t\t\t<\/div>\n\t\t\t\t<\/div>\n\t\t<div data-particle_enable=\"false\" data-particle-mobile-disabled=\"false\" class=\"elementor-element elementor-element-eaddbcf e-flex e-con-boxed e-con e-parent\" data-id=\"eaddbcf\" data-element_type=\"container\">\n\t\t\t\t\t<div class=\"e-con-inner\">\n\t\t\t\t<div class=\"elementor-element elementor-element-1f7d5a4 elementor-icon-list--layout-traditional elementor-list-item-link-full_width elementor-widget elementor-widget-icon-list\" data-id=\"1f7d5a4\" data-element_type=\"widget\" data-widget_type=\"icon-list.default\">\n\t\t\t\t<div class=\"elementor-widget-container\">\n\t\t\t\t\t\t\t<ul class=\"elementor-icon-list-items\">\n\t\t\t\t\t\t\t<li class=\"elementor-icon-list-item\">\n\t\t\t\t\t\t\t\t\t\t\t<a href=\"\/pl\/referencje\/\">\n\n\t\t\t\t\t\t\t\t\t\t\t\t<span class=\"elementor-icon-list-icon\">\n\t\t\t\t\t\t\t<svg aria-hidden=\"true\" class=\"e-font-icon-svg e-fas-chevron-right\" viewbox=\"0 0 320 512\" xmlns=\"http:\/\/www.w3.org\/2000\/svg\"><path d=\"M285.476 272.971L91.132 467.314c-9.373 9.373-24.569 9.373-33.941 0l-22.667-22.667c-9.357-9.357-9.375-24.522-.04-33.901L188.505 256 34.484 101.255c-9.335-9.379-9.317-24.544.04-33.901l22.667-22.667c9.373-9.373 24.569-9.373 33.941 0L285.475 239.03c9.373 9.372 9.373 24.568.001 33.941z\"><\/path><\/svg>\t\t\t\t\t\t<\/span>\n\t\t\t\t\t\t\t\t\t\t<span class=\"elementor-icon-list-text\">Referencje<\/span>\n\t\t\t\t\t\t\t\t\t\t\t<\/a>\n\t\t\t\t\t\t\t\t\t<\/li>\n\t\t\t\t\t\t<\/ul>\n\t\t\t\t\t\t<\/div>\n\t\t\t\t<\/div>\n\t\t\t\t\t<\/div>\n\t\t\t\t<\/div>\n\t\t<div data-particle_enable=\"false\" data-particle-mobile-disabled=\"false\" class=\"elementor-element elementor-element-97c330b e-flex e-con-boxed e-con e-parent\" data-id=\"97c330b\" data-element_type=\"container\">\n\t\t\t\t\t<div class=\"e-con-inner\">\n\t\t\t\t<div class=\"elementor-element elementor-element-b17fc3e elementor-widget elementor-widget-shortcode\" data-id=\"b17fc3e\" data-element_type=\"widget\" data-widget_type=\"shortcode.default\">\n\t\t\t\t<div class=\"elementor-widget-container\">\n\t\t\t\t\t\t\t<div class=\"elementor-shortcode\"><\/div>\n\t\t\t\t\t\t<\/div>\n\t\t\t\t<\/div>\n\t\t\t\t\t<\/div>\n\t\t\t\t<\/div>\n\t\t<div data-particle_enable=\"false\" data-particle-mobile-disabled=\"false\" class=\"elementor-element elementor-element-14d115f e-flex e-con-boxed e-con e-parent\" data-id=\"14d115f\" data-element_type=\"container\">\n\t\t\t\t\t<div class=\"e-con-inner\">\n\t\t\t\t<div class=\"elementor-element elementor-element-0f53c4b elementor-widget elementor-widget-shortcode\" data-id=\"0f53c4b\" data-element_type=\"widget\" data-widget_type=\"shortcode.default\">\n\t\t\t\t<div class=\"elementor-widget-container\">\n\t\t\t\t\t\t\t<div class=\"elementor-shortcode\"><\/div>\n\t\t\t\t\t\t<\/div>\n\t\t\t\t<\/div>\n\t\t\t\t\t<\/div>\n\t\t\t\t<\/div>\n\t\t\t\t<\/div>","protected":false},"excerpt":{"rendered":"<p>IT-Unternehmen AV over IP: Die Zukunft der Veranstaltungs- und Medientechnik Die Zukunft der AV-Medientechnik ist netzwerkbasiert. Dieser Wandel vollzieht sich seit Jahren und hat sich nachhaltig bew\u00e4hrt. In der modernen Veranstaltungs- und Medientechnik werden Audio-, Video- und Steuerungssignale in h\u00f6chster Qualit\u00e4t \u00fcber IPNetzwerke \u00fcbertragen. AV over IP nutzt etablierte Standards der IT- und Netzwerktechnik und [&hellip;]<\/p>","protected":false},"author":2,"featured_media":24879,"parent":0,"menu_order":0,"comment_status":"closed","ping_status":"closed","template":"","meta":{"_acf_changed":false,"footnotes":""},"class_list":["post-24878","page","type-page","status-publish","has-post-thumbnail","hentry"],"acf":[],"_links":{"self":[{"href":"https:\/\/konferenztechnik.de\/pl\/wp-json\/wp\/v2\/pages\/24878","targetHints":{"allow":["GET"]}}],"collection":[{"href":"https:\/\/konferenztechnik.de\/pl\/wp-json\/wp\/v2\/pages"}],"about":[{"href":"https:\/\/konferenztechnik.de\/pl\/wp-json\/wp\/v2\/types\/page"}],"author":[{"embeddable":true,"href":"https:\/\/konferenztechnik.de\/pl\/wp-json\/wp\/v2\/users\/2"}],"replies":[{"embeddable":true,"href":"https:\/\/konferenztechnik.de\/pl\/wp-json\/wp\/v2\/comments?post=24878"}],"version-history":[{"count":0,"href":"https:\/\/konferenztechnik.de\/pl\/wp-json\/wp\/v2\/pages\/24878\/revisions"}],"wp:featuredmedia":[{"embeddable":true,"href":"https:\/\/konferenztechnik.de\/pl\/wp-json\/wp\/v2\/media\/24879"}],"wp:attachment":[{"href":"https:\/\/konferenztechnik.de\/pl\/wp-json\/wp\/v2\/media?parent=24878"}],"curies":[{"name":"wp","href":"https:\/\/api.w.org\/{rel}","templated":true}]}}