{"id":3071,"date":"2013-09-27T15:22:15","date_gmt":"2013-09-27T13:22:15","guid":{"rendered":"https:\/\/konferenztechnik.de\/?page_id=3071"},"modified":"2023-10-19T11:26:23","modified_gmt":"2023-10-19T09:26:23","slug":"systemy-tlumaczen-radiowych","status":"publish","type":"page","link":"https:\/\/konferenztechnik.de\/pl\/dystrybucja-technologii-konferencyjnych-i-multimedialnych\/systemy-tlumaczen-radiowych\/","title":{"rendered":"Systemy t\u0142umacze\u0144 radiowych"},"content":{"rendered":"<h1>Systemy t\u0142umacze\u0144 radiowych<\/h1>\n<p>Opr\u00f3cz klasycznej technologii transmisji w podczerwieni, systemy t\u0142umacze\u0144 radiowych stanowi\u0105 idealn\u0105 alternatyw\u0119 dla zapewnienia nawet kilkuset uczestnikom t\u0142umaczonego d\u017awi\u0119ku. Zalety radia s\u0105 oczywiste: szybka konfiguracja, dyskretny wygl\u0105d i elastyczno\u015b\u0107 u\u017cytkowania.<\/p>\n<p>Szczeg\u00f3\u0142y w szczeg\u00f3\u0142ach: System jest szybki w instalacji, poniewa\u017c w wi\u0119kszo\u015bci przypadk\u00f3w wystarczy skonfigurowa\u0107 nadajnik radiowy w pomieszczeniu kontroli d\u017awi\u0119ku. Poniewa\u017c dla tego systemu dost\u0119pne s\u0105 r\u00f3wnie\u017c mikrofony r\u0119czne i mikrofony z pa\u0142\u0105kiem na szyj\u0119, mo\u017ce on by\u0107 elastycznie u\u017cywany zar\u00f3wno w sali konferencyjnej, jak i z tymi samymi odbiornikami jako system przewodnika podczas wycieczek po fabryce lub mie\u015bcie.<\/p>\n<p>Technologia: Zastosowane urz\u0105dzenia marki Beyerdynamic dzia\u0142aj\u0105 w oparciu o najnowsz\u0105 technologi\u0119 wysokiej cz\u0119stotliwo\u015bci. Transmisja z nadajnika radiowego do odbiornik\u00f3w odbywa si\u0119 w pa\u015bmie UHF, na kt\u00f3re nie ma wp\u0142ywu dywidenda cyfrowa (zakres cz\u0119stotliwo\u015bci 863-865 MHz). Mo\u017cliwa jest praca wielokana\u0142owa z maksymalnie 18 cz\u0119stotliwo\u015bciami. Po oko\u0142o godzinnym \u0142adowaniu system jest gotowy do szybkiego ponownego u\u017cycia. System mo\u017cna idealnie dostosowa\u0107 do w\u0142asnych potrzeb dzi\u0119ki szerokiej gamie akcesori\u00f3w.<\/p>\n<p>[spacer size=\"20\u2033]<br \/>\n[tabs style=\"1\u2033]<br \/>\n[tab title=\"Artyku\u0142\"]<\/p>\n<h2>Kieszonkowy odbiornik radiowy \u2013 Synexis RP8<\/h2>\n<p>[column size=\"2-5\u2033 last=\"0\u2033]<\/p>\n<p><a href=\"https:\/\/konferenztechnik.de\/wp-content\/uploads\/2013\/09\/Empfaenger_Beyerdynamic_Synexis_rp8.jpg\"><img fetchpriority=\"high\" decoding=\"async\" width=\"530\" height=\"491\" src=\"https:\/\/konferenztechnik.de\/wp-content\/uploads\/2013\/09\/Empfaenger_Beyerdynamic_Synexis_rp8.jpg\" alt=\"Odbiornik Beyerdynamic Synexis RP8\" class=\"alignleft size-full wp-image-1874\" title=\"\" srcset=\"https:\/\/konferenztechnik.de\/wp-content\/uploads\/2013\/09\/Empfaenger_Beyerdynamic_Synexis_rp8.jpg 530w, https:\/\/konferenztechnik.de\/wp-content\/uploads\/2013\/09\/Empfaenger_Beyerdynamic_Synexis_rp8-300x278.jpg 300w\" sizes=\"(max-width: 530px) 100vw, 530px\" \/><\/a><\/p>\n<p>[\/column]<br \/>\n[column size=\"3-5\u2033 last=\"1\u2033]<\/p>\n<p>Kieszonkowy odbiornik RP8 jest u\u017cywany jako system przewodnika lub podczas konferencji z wieloj\u0119zycznym t\u0142umaczeniem symultanicznym. Do z\u0142\u0105cza mini-jack mo\u017cna pod\u0142\u0105czy\u0107 s\u0142uchawki lub p\u0119tl\u0119 indukcyjn\u0105 dla os\u00f3b z aparatami s\u0142uchowymi, co oznacza, \u017ce urz\u0105dzenie mo\u017ce by\u0107 r\u00f3wnie\u017c u\u017cywane do wspierania dost\u0119pno\u015bci. Wy\u015bwietlacz OLED pokazuje kana\u0142, stan baterii i cz\u0119stotliwo\u015b\u0107. Odbiornik mo\u017cna nosi\u0107 za pomoc\u0105 zdejmowanego klipsa do paska lub paska na szyj\u0119. RP8 jest zasilany przez dwa akumulatory NiMH lub standardowe baterie AA 1,5 V. Akumulatory nie musz\u0105 by\u0107 wyjmowane z urz\u0105dzenia w celu na\u0142adowania i s\u0105 chronione przed prze\u0142adowaniem dzi\u0119ki inteligentnej technologii \u0142adowania. Elektronika \u0142adowania rozpoznaje r\u00f3wnie\u017c, czy w\u0142o\u017cone s\u0105 akumulatorki czy baterie, dzi\u0119ki czemu mo\u017cna wykluczy\u0107 nieprawid\u0142owe dzia\u0142anie.<\/p>\n<p>[\/column]<br \/>\n[\/tab]<br \/>\n[tab title=\"Szczeg\u00f3\u0142y techniczne\"]<\/p>\n<h2>Kieszonkowy odbiornik radiowy \u2013 Synexis RP8<\/h2>\n<ul>\n<li>18 regulowanych cz\u0119stotliwo\u015bci z prze\u0142\u0105cznikiem kana\u0142\u00f3w<\/li>\n<li>Dioda LED wska\u017anika pracy i stanu \u0142adowania<\/li>\n<li>Wy\u015bwietlacz OLED pokazuj\u0105cy kana\u0142, stan baterii, cz\u0119stotliwo\u015b\u0107 i funkcj\u0119 blokady wyboru kana\u0142u<\/li>\n<li>Z\u0142\u0105cze Jack (3,5 mm) dla s\u0142uchawek lub aparat\u00f3w s\u0142uchowych (np. p\u0119tli indukcyjnej)<\/li>\n<li>Dzia\u0142anie z dwoma akumulatorami NiMH AA lub bateriami AA 1,5 V<\/li>\n<li>Inteligentna technologia \u0142adowania z funkcj\u0105 automatycznego wy\u0142\u0105czania<\/li>\n<li>Mo\u017cliwo\u015b\u0107 noszenia ze sznurkiem na szyi lub klipsem do paska<\/li>\n<\/ul>\n<p>[\/tab]<br \/>\n[\/tabs]<\/p>\n<p>[spacer size=\"20\u2033]<br \/>\n[tabs style=\"1\u2033]<br \/>\n[tab title=\"Artyku\u0142\"]<\/p>\n<h2>Nadajnik stacjonarny \u2013 Synexis TS8<\/h2>\n<p>[column size=\"2-5\u2033 last=\"0\u2033]<\/p>\n<p><a href=\"https:\/\/konferenztechnik.de\/wp-content\/uploads\/2013\/09\/Sender_Beyerdynamic_Synexis_ts8.jpg\"><img decoding=\"async\" width=\"648\" height=\"418\" src=\"https:\/\/konferenztechnik.de\/wp-content\/uploads\/2013\/09\/Sender_Beyerdynamic_Synexis_ts8.jpg\" alt=\"Nadajnik stacjonarny - Synexis TS8\" class=\"alignleft size-full wp-image-3025\" title=\"\" srcset=\"https:\/\/konferenztechnik.de\/wp-content\/uploads\/2013\/09\/Sender_Beyerdynamic_Synexis_ts8.jpg 648w, https:\/\/konferenztechnik.de\/wp-content\/uploads\/2013\/09\/Sender_Beyerdynamic_Synexis_ts8-300x194.jpg 300w\" sizes=\"(max-width: 648px) 100vw, 648px\" \/><\/a><\/p>\n<p>[\/column]<br \/>\n[column size=\"3-5\u2033 last=\"1\u2033]<\/p>\n<p>Stacjonarny nadajnik Synexis TS8 jest u\u017cywany razem z odbiornikiem RP8. System ten mo\u017ce by\u0107 wykorzystywany do transmisji kana\u0142\u00f3w t\u0142umacze\u0144 symultanicznych podczas konferencji. Ponadto, muzyka lub nagrania g\u0142osowe mog\u0105 by\u0107 przesy\u0142ane za po\u015brednictwem oddzielnie pod\u0142\u0105czonego odtwarzacza CD lub MP3, a komunikaty i komentarze mog\u0105 by\u0107 przesy\u0142ane za po\u015brednictwem oddzielnie pod\u0142\u0105czonego mikrofonu. Akcesoria wchodz\u0105ce w zakres dostawy umo\u017cliwiaj\u0105 instalacj\u0119 stacjonarnego nadajnika w szafie rack 19\u2033 oraz przymocowanie anteny z przodu.<\/p>\n<p>[\/column]<br \/>\n[\/tab]<br \/>\n[tab title=\"Szczeg\u00f3\u0142y techniczne\"]<\/p>\n<h2>Nadajnik stacjonarny \u2013 Synexis TS8<\/h2>\n<ul>\n<li>18 Cz\u0119stotliwo\u015bci<\/li>\n<li>Metalowa obudowa, mo\u017cliwo\u015b\u0107 monta\u017cu 1\/2 19\"<\/li>\n<li>Wy\u015bwietlacz OLED<\/li>\n<li>Z\u0142\u0105cze s\u0142uchawkowe<\/li>\n<li>Oddzielne regulatory poziomu dla mikrofonu, AUX i s\u0142uchawek<\/li>\n<li>Z\u0142\u0105cza do anteny, odtwarzacza MP3 lub CD, linii lub mikrofonu<\/li>\n<\/ul>\n<p>[\/tab]<br \/>\n[\/tabs]<\/p>\n<p>[spacer size=\"20\u2033]<br \/>\n[tabs style=\"1\u2033]<br \/>\n[tab title=\"Artyku\u0142\"]<\/p>\n<h2>\u0141adowarka \u2013 Synexis C10<\/h2>\n<p>[column size=\"2-5\u2033 last=\"0\u2033]<\/p>\n<p><a href=\"https:\/\/konferenztechnik.de\/wp-content\/uploads\/2013\/09\/Ladegeraet_Beyerdynamic_Synexis_c10.jpg\"><img decoding=\"async\" width=\"600\" height=\"214\" src=\"https:\/\/konferenztechnik.de\/wp-content\/uploads\/2013\/09\/Ladegeraet_Beyerdynamic_Synexis_c10.jpg\" alt=\"\u0141adowarka \u2013 Synexis C10\" class=\"alignleft size-full wp-image-3023\" title=\"\" srcset=\"https:\/\/konferenztechnik.de\/wp-content\/uploads\/2013\/09\/Ladegeraet_Beyerdynamic_Synexis_c10.jpg 600w, https:\/\/konferenztechnik.de\/wp-content\/uploads\/2013\/09\/Ladegeraet_Beyerdynamic_Synexis_c10-300x107.jpg 300w\" sizes=\"(max-width: 600px) 100vw, 600px\" \/><\/a><\/p>\n<p>[\/column]<br \/>\n[column size=\"3-5\u2033 last=\"1\u2033]<\/p>\n<p>\u0141adowarka Synexis C10 mo\u017ce by\u0107 u\u017cywana do \u0142adowania do 10 nadajnik\u00f3w lub odbiornik\u00f3w bodypack. Stan na\u0142adowania akumulator\u00f3w jest wy\u015bwietlany za pomoc\u0105 diody LED na odpowiednim nadajniku lub odbiorniku.<\/p>\n<ul>\n<li>Dziesi\u0119\u0107 gniazd \u0142adowania dla odbiornik\u00f3w\/nadajnik\u00f3w kieszonkowych<\/li>\n<li>Pod\u0142\u0105czenie do sieci, mo\u017cliwo\u015b\u0107 kaskadowania<\/li>\n<li>Dioda LED wska\u017anika pracy<\/li>\n<li>Wytrzyma\u0142a metalowa obudowa, 19\", 3 U<\/li>\n<\/ul>\n<p>\u0141adowarka jest r\u00f3wnie\u017c dost\u0119pna w wersji C8 z gniazdami \u0142adowania dla o\u015bmiu odbiornik\u00f3w\/nadajnik\u00f3w bodypack i jednego nadajnika r\u0119cznego.<\/p>\n<p>[\/column]<br \/>\n[\/tab]<br \/>\n[\/tabs]<\/p>\n<p>[spacer size=\"20\u2033]<br \/>\n[tabs style=\"1\u2033]<br \/>\n[tab title=\"Artyku\u0142\"]<\/p>\n<h2>Pojedyncza s\u0142uchawka \u2013 DT 1S<\/h2>\n<p>[column size=\"2-5\u2033 last=\"0\u2033]<\/p>\n<p><a href=\"https:\/\/konferenztechnik.de\/wp-content\/uploads\/2013\/09\/Einohrhoerer_Beyerdynamic_dt1s.jpg\"><img loading=\"lazy\" decoding=\"async\" width=\"298\" height=\"449\" src=\"https:\/\/konferenztechnik.de\/wp-content\/uploads\/2013\/09\/Einohrhoerer_Beyerdynamic_dt1s.jpg\" alt=\"Pojedyncze s\u0142uchawki Beyerdynamic DT1S\" class=\"alignleft size-full wp-image-1892\" title=\"\" srcset=\"https:\/\/konferenztechnik.de\/wp-content\/uploads\/2013\/09\/Einohrhoerer_Beyerdynamic_dt1s.jpg 298w, https:\/\/konferenztechnik.de\/wp-content\/uploads\/2013\/09\/Einohrhoerer_Beyerdynamic_dt1s-199x300.jpg 199w\" sizes=\"(max-width: 298px) 100vw, 298px\" \/><\/a><\/p>\n<p>[\/column]<br \/>\n[column size=\"3-5\u2033 last=\"1\u2033]<\/p>\n<p>S\u0142uchawki mog\u0105 by\u0107 u\u017cywane w osobistych systemach naprowadzania lub w zainstalowanych na sta\u0142e systemach konferencyjnych. Jednouszne s\u0142uchawki s\u0105 dost\u0119pne z kablem o d\u0142ugo\u015bci 0,8 lub 1,6 metra i monofonicznym z\u0142\u0105czem jack. Lekka konstrukcja zapewnia wysoki komfort noszenia. S\u0142uchawki s\u0105 r\u00f3wnie\u017c \u0142atwe w czyszczeniu.<\/p>\n<ul>\n<li>Solidna konstrukcja<\/li>\n<li>\u0141atwe czyszczenie<\/li>\n<\/ul>\n<p>[\/column]<br \/>\n[\/tab]<br \/>\n[\/tabs]<\/p>\n<p>[spacer size=\"20\u2033]<br \/>\n[tabs style=\"1\u2033]<br \/>\n[tab title=\"Artyku\u0142\"]<\/p>\n<h2>S\u0142uchawki na szyj\u0119 \u2013 DT3<\/h2>\n<p>[column size=\"2-5\u2033 last=\"0\u2033]<\/p>\n<p><a href=\"https:\/\/konferenztechnik.de\/wp-content\/uploads\/2013\/09\/Nackenbuegelkopfhoerer_Beyerdynamic_DT3.jpg\"><img loading=\"lazy\" decoding=\"async\" width=\"332\" height=\"230\" src=\"https:\/\/konferenztechnik.de\/wp-content\/uploads\/2013\/09\/Nackenbuegelkopfhoerer_Beyerdynamic_DT3.jpg\" alt=\"S\u0142uchawki nauszne Beyerdynamic DT3\" class=\"alignleft size-full wp-image-1894\" title=\"\" srcset=\"https:\/\/konferenztechnik.de\/wp-content\/uploads\/2013\/09\/Nackenbuegelkopfhoerer_Beyerdynamic_DT3.jpg 332w, https:\/\/konferenztechnik.de\/wp-content\/uploads\/2013\/09\/Nackenbuegelkopfhoerer_Beyerdynamic_DT3-300x208.jpg 300w\" sizes=\"(max-width: 332px) 100vw, 332px\" \/><\/a><\/p>\n<p>[\/column]<br \/>\n[column size=\"3-5\u2033 last=\"1\u2033]<\/p>\n<p>Stereofoniczne s\u0142uchawki z pa\u0142\u0105kiem na szyj\u0119 do u\u017cytku z systemami naprowadzania lub systemami konferencyjnymi i t\u0142umaczeniowymi. Pa\u0142\u0105k na szyj\u0119 sprawia, \u017ce s\u0105 bardzo wygodne w noszeniu. S\u0142uchawki s\u0105 wytrzyma\u0142e i \u0142atwe do czyszczenia po zako\u0144czeniu konferencji.<\/p>\n<ul>\n<li>Solidna konstrukcja<\/li>\n<li>\u0141atwe czyszczenie<\/li>\n<li>Ergonomiczny kszta\u0142t<\/li>\n<\/ul>\n<p>[\/column]<br \/>\n[\/tab]<br \/>\n[\/tabs]<\/p>\n<p>[spacer size=\"20\u2033]<br \/>\n[tabs style=\"1\u2033]<br \/>\n[tab title=\"Artyku\u0142\"]<\/p>\n<h2>P\u0119tla indukcyjna \u2013 Synexis IL100<\/h2>\n<p>[column size=\"2-5\u2033 last=\"0\u2033]<\/p>\n<p><a href=\"https:\/\/konferenztechnik.de\/wp-content\/uploads\/2013\/09\/Induktionsschleife_Beyerdynamic_Synexis_il801.jpg\"><img loading=\"lazy\" decoding=\"async\" width=\"207\" height=\"380\" src=\"https:\/\/konferenztechnik.de\/wp-content\/uploads\/2013\/09\/Induktionsschleife_Beyerdynamic_Synexis_il801.jpg\" alt=\"P\u0119tla indukcyjna \u2013 Synexis IL100\" class=\"alignleft size-full wp-image-3022\" title=\"\" srcset=\"https:\/\/konferenztechnik.de\/wp-content\/uploads\/2013\/09\/Induktionsschleife_Beyerdynamic_Synexis_il801.jpg 207w, https:\/\/konferenztechnik.de\/wp-content\/uploads\/2013\/09\/Induktionsschleife_Beyerdynamic_Synexis_il801-163x300.jpg 163w\" sizes=\"(max-width: 207px) 100vw, 207px\" \/><\/a><\/p>\n<p>[\/column]<br \/>\n[column size=\"3-5\u2033 last=\"1\u2033]<\/p>\n<p>P\u0119tla indukcyjna jest przeznaczona do u\u017cytku z kieszonkowym odbiornikiem Synexis. Jest pod\u0142\u0105czana do odbiornika zamiast zestawu s\u0142uchawkowego i umo\u017cliwia przesy\u0142anie sygna\u0142u bezpo\u015brednio do standardowego aparatu s\u0142uchowego, zapewniaj\u0105c w ten spos\u00f3b transmisj\u0119 d\u017awi\u0119ku bez barier.<\/p>\n<p>[\/column]<br \/>\n[\/tab]<br \/>\n[\/tabs]<\/p>\n<p>[spacer size=\"20\u2033]<br \/>\n[tabs style=\"1\u2033]<br \/>\n[tab title=\"Artyku\u0142\"]<\/p>\n<h2>Informacje na temat wycofanego systemu TTS300<\/h2>\n<p>[column size=\"2-5\u2033 last=\"0\u2033]<\/p>\n<p><a href=\"https:\/\/konferenztechnik.de\/wp-content\/uploads\/2013\/09\/Funkempfaenger_FE316_ohne_KPF_gross.jpg\"><img loading=\"lazy\" decoding=\"async\" width=\"800\" height=\"404\" src=\"https:\/\/konferenztechnik.de\/wp-content\/uploads\/2013\/09\/Funkempfaenger_FE316_ohne_KPF_gross.jpg\" alt=\"Odbiornik bezprzewodowy Beyerdynamic FE316\" class=\"alignleft size-full wp-image-1896\" title=\"\" srcset=\"https:\/\/konferenztechnik.de\/wp-content\/uploads\/2013\/09\/Funkempfaenger_FE316_ohne_KPF_gross.jpg 800w, https:\/\/konferenztechnik.de\/wp-content\/uploads\/2013\/09\/Funkempfaenger_FE316_ohne_KPF_gross-300x152.jpg 300w, https:\/\/konferenztechnik.de\/wp-content\/uploads\/2013\/09\/Funkempfaenger_FE316_ohne_KPF_gross-768x388.jpg 768w\" sizes=\"(max-width: 800px) 100vw, 800px\" \/><\/a><\/p>\n<p>[\/column]<br \/>\n[column size=\"3-5\u2033 last=\"1\u2033]<\/p>\n<p>Systemy naprowadzania Beyerdynamic TTS 300 nie s\u0105 ju\u017c dost\u0119pne. PCS nadal oferuje jednak us\u0142ugi serwisowe dla tego systemu. Obejmuje to prace konserwacyjne i naprawcze lub zamawianie cz\u0119\u015bci zamiennych i urz\u0105dze\u0144 zast\u0119pczych (je\u015bli s\u0105 nadal dost\u0119pne).<\/p>\n<p>[\/column]<br \/>\n[\/tab]<br \/>\n[tab title=\"Szczeg\u00f3\u0142y techniczne\"]<\/p>\n<h2>Informacje na temat wycofanego systemu TTS300<\/h2>\n<p>System TTS 300 obejmuje nast\u0119puj\u0105ce elementy:<\/p>\n<ul>\n<li>Odbiornik FE316<\/li>\n<li>Mikrofon nadajnika SEM316<\/li>\n<li>Nadajnik kieszonkowy TS316<\/li>\n<li>Nadajnik stacjonarny CT316<\/li>\n<li>\u0141adowarka LG30<\/li>\n<\/ul>\n<p>W razie jakichkolwiek pyta\u0144 na ten temat prosimy o kontakt z naszym dzia\u0142em serwisowym.<\/p>\n<p>[\/tab]<br \/>\n[\/tabs]<\/p>","protected":false},"excerpt":{"rendered":"<p>Funk Dolmetscheranlagen Funk-Dolmetscheranlagen bieten neben klassischer Infrarot-\u00dcbertragungstechnik eine optimale Alternative f\u00fcr die Versorgung von bis zu mehreren hundert Teilnehmern mit gedolmetschtem Ton. Die Vorteile von Funk liegen auf der Hand: schneller Aufbau, dezente Optik und flexibler Einsatz. Die Details im Einzelnen: Das System ist schnell installiert, da es in den meisten F\u00e4llen ausreicht, einen Funk-Sender [&hellip;]<\/p>","protected":false},"author":1,"featured_media":45482,"parent":3614,"menu_order":121,"comment_status":"closed","ping_status":"open","template":"","meta":{"_acf_changed":false,"footnotes":""},"class_list":["post-3071","page","type-page","status-publish","has-post-thumbnail","hentry"],"acf":[],"_links":{"self":[{"href":"https:\/\/konferenztechnik.de\/pl\/wp-json\/wp\/v2\/pages\/3071","targetHints":{"allow":["GET"]}}],"collection":[{"href":"https:\/\/konferenztechnik.de\/pl\/wp-json\/wp\/v2\/pages"}],"about":[{"href":"https:\/\/konferenztechnik.de\/pl\/wp-json\/wp\/v2\/types\/page"}],"author":[{"embeddable":true,"href":"https:\/\/konferenztechnik.de\/pl\/wp-json\/wp\/v2\/users\/1"}],"replies":[{"embeddable":true,"href":"https:\/\/konferenztechnik.de\/pl\/wp-json\/wp\/v2\/comments?post=3071"}],"version-history":[{"count":0,"href":"https:\/\/konferenztechnik.de\/pl\/wp-json\/wp\/v2\/pages\/3071\/revisions"}],"up":[{"embeddable":true,"href":"https:\/\/konferenztechnik.de\/pl\/wp-json\/wp\/v2\/pages\/3614"}],"wp:featuredmedia":[{"embeddable":true,"href":"https:\/\/konferenztechnik.de\/pl\/wp-json\/wp\/v2\/media\/45482"}],"wp:attachment":[{"href":"https:\/\/konferenztechnik.de\/pl\/wp-json\/wp\/v2\/media?parent=3071"}],"curies":[{"name":"wp","href":"https:\/\/api.w.org\/{rel}","templated":true}]}}