{"id":3618,"date":"2013-10-24T14:44:08","date_gmt":"2013-10-24T12:44:08","guid":{"rendered":"https:\/\/konferenztechnik.de\/?page_id=3618"},"modified":"2025-12-20T19:57:07","modified_gmt":"2025-12-20T18:57:07","slug":"wynajem-sprzetu-konferencyjnego","status":"publish","type":"page","link":"https:\/\/konferenztechnik.de\/pl\/wynajem-sprzetu-konferencyjnego\/","title":{"rendered":"Wynajem technologii konferencyjnej"},"content":{"rendered":"<div data-elementor-type=\"wp-page\" data-elementor-id=\"3618\" class=\"elementor elementor-3618\" data-elementor-post-type=\"page\">\n\t\t\t\t<div data-particle_enable=\"false\" data-particle-mobile-disabled=\"false\" class=\"elementor-element elementor-element-ce2605a e-con-full e-flex e-con e-parent\" data-id=\"ce2605a\" data-element_type=\"container\">\n\t\t<div data-particle_enable=\"false\" data-particle-mobile-disabled=\"false\" class=\"elementor-element elementor-element-72b0a35 e-flex e-con-boxed e-con e-child\" data-id=\"72b0a35\" data-element_type=\"container\">\n\t\t\t\t\t<div class=\"e-con-inner\">\n\t\t\t\t<div class=\"elementor-element elementor-element-cb3f62b elementor-widget__width-inherit elementor-widget elementor-widget-heading\" data-id=\"cb3f62b\" data-element_type=\"widget\" data-widget_type=\"heading.default\">\n\t\t\t\t<div class=\"elementor-widget-container\">\n\t\t\t\t\t<h1 class=\"elementor-heading-title elementor-size-default\">Wynajem sprz\u0119tu konferencyjnego, medialnego i t\u0142umaczeniowego \u2013 na terenie ca\u0142ych Niemiec oraz profesjonalna obs\u0142uga <\/h1>\t\t\t\t<\/div>\n\t\t\t\t<\/div>\n\t\t\t\t<div class=\"elementor-element elementor-element-39a20b9 elementor-widget elementor-widget-image\" data-id=\"39a20b9\" data-element_type=\"widget\" data-widget_type=\"image.default\">\n\t\t\t\t<div class=\"elementor-widget-container\">\n\t\t\t\t\t\t\t\t\t\t\t\t\t\t\t<img fetchpriority=\"high\" decoding=\"async\" width=\"1300\" height=\"485\" src=\"https:\/\/konferenztechnik.de\/wp-content\/uploads\/2025\/03\/vermietung-konferenztechnik.avif\" class=\"attachment-full size-full wp-image-47453\" alt=\"wynajem-technologia-konferencyjna\" srcset=\"https:\/\/konferenztechnik.de\/wp-content\/uploads\/2025\/03\/vermietung-konferenztechnik.avif 1300w, https:\/\/konferenztechnik.de\/wp-content\/uploads\/2025\/03\/vermietung-konferenztechnik-300x112.avif 300w, https:\/\/konferenztechnik.de\/wp-content\/uploads\/2025\/03\/vermietung-konferenztechnik-1024x382.avif 1024w, https:\/\/konferenztechnik.de\/wp-content\/uploads\/2025\/03\/vermietung-konferenztechnik-768x287.avif 768w, https:\/\/konferenztechnik.de\/wp-content\/uploads\/2025\/03\/vermietung-konferenztechnik-18x7.avif 18w\" sizes=\"(max-width: 1300px) 100vw, 1300px\" title=\"\">\t\t\t\t\t\t\t\t\t\t\t\t\t\t\t<\/div>\n\t\t\t\t<\/div>\n\t\t\t\t\t<\/div>\n\t\t\t\t<\/div>\n\t\t\t\t<\/div>\n\t\t<div data-particle_enable=\"false\" data-particle-mobile-disabled=\"false\" class=\"elementor-element elementor-element-20a61bd e-flex e-con-boxed e-con e-parent\" data-id=\"20a61bd\" data-element_type=\"container\">\n\t\t\t\t\t<div class=\"e-con-inner\">\n\t\t\t\t<div class=\"elementor-element elementor-element-2909165 elementor-widget__width-inherit elementor-widget elementor-widget-text-editor\" data-id=\"2909165\" data-element_type=\"widget\" data-widget_type=\"text-editor.default\">\n\t\t\t\t<div class=\"elementor-widget-container\">\n\t\t\t\t\t\t\t\t\t<p>W naszej firmie mo\u017cna elastycznie wynaj\u0105\u0107 sprz\u0119t konferencyjny, multimedialny, eventowy i t\u0142umaczeniowy \u2013, a na \u017cyczenie r\u00f3wnie\u017c kompleksow\u0105 obs\u0142ug\u0119 przez naszych do\u015bwiadczonych technik\u00f3w. Oferujemy profesjonalne rozwi\u0105zania dla spotka\u0144, kongres\u00f3w, wydarze\u0144 hybrydowych, wideokonferencji i nie tylko.<\/p><p>\u00a0<\/p><p>Nasza og\u00f3lnokrajowa wypo\u017cyczalnia oferuje najwy\u017cszej klasy sprz\u0119t konferencyjny: niezawodny, kompatybilny, bezpieczny i gotowy do natychmiastowego u\u017cycia. Od pojedynczych mikrofon\u00f3w, przez systemy przewodnik\u00f3w turystycznych, a\u017c po kompletne systemy t\u0142umacze\u0144 symultanicznych obs\u0142uguj\u0105ce do 32 j\u0119zyk\u00f3w \u2013 realizujemy wymagaj\u0105ce technicznie scenariusze dla wydarze\u0144 ka\u017cdej wielko\u015bci.<\/p><p>\u00a0<\/p><p>Skorzystaj z naszych studi\u00f3w t\u0142umaczeniowych, aby po\u0142\u0105czy\u0107 t\u0142umaczy symultanicznych bezpo\u015brednio z Twoimi wideokonferencjami lub wydarzeniami hybrydowymi. W ten spos\u00f3b zapewnisz precyzyjn\u0105, bezbarierow\u0105 i zrozumia\u0142\u0105 na ca\u0142ym \u015bwiecie komunikacj\u0119 \u2013, niezale\u017cnie od miejsca i formatu.<\/p><p>\u00a0<\/p><p>Ju\u017c na etapie przygotowa\u0144 s\u0142u\u017cymy profesjonalnym doradztwem, aby pom\u00f3c Pa\u0144stwu wybra\u0107 optymalny sprz\u0119t audio, wideo i konferencyjny dla Pa\u0144stwa wydarzenia. Podczas imprezy nasi technicy, koordynatorzy wydarze\u0144, moderatorzy techniczni i re\u017cyserzy obrazu dbaj\u0105 o sprawny przebieg imprezy i najwy\u017csz\u0105 jako\u015b\u0107 techniczn\u0105.<\/p>\t\t\t\t\t\t\t\t<\/div>\n\t\t\t\t<\/div>\n\t\t\t\t<div class=\"elementor-element elementor-element-ba5c4e4 elementor-widget elementor-widget-button\" data-id=\"ba5c4e4\" data-element_type=\"widget\" data-widget_type=\"button.default\">\n\t\t\t\t<div class=\"elementor-widget-container\">\n\t\t\t\t\t\t\t\t\t<div class=\"elementor-button-wrapper\">\n\t\t\t\t\t<a class=\"elementor-button elementor-button-link elementor-size-lg\" href=\"#serviceteam\">\n\t\t\t\t\t\t<span class=\"elementor-button-content-wrapper\">\n\t\t\t\t\t\t<span class=\"elementor-button-icon\">\n\t\t\t\t<svg aria-hidden=\"true\" class=\"e-font-icon-svg e-far-arrow-alt-circle-down\" viewbox=\"0 0 512 512\" xmlns=\"http:\/\/www.w3.org\/2000\/svg\"><path d=\"M256 8C119 8 8 119 8 256s111 248 248 248 248-111 248-248S393 8 256 8zm0 448c-110.5 0-200-89.5-200-200S145.5 56 256 56s200 89.5 200 200-89.5 200-200 200zm-32-316v116h-67c-10.7 0-16 12.9-8.5 20.5l99 99c4.7 4.7 12.3 4.7 17 0l99-99c7.6-7.6 2.2-20.5-8.5-20.5h-67V140c0-6.6-5.4-12-12-12h-40c-6.6 0-12 5.4-12 12z\"><\/path><\/svg>\t\t\t<\/span>\n\t\t\t\t\t\t\t\t\t<span class=\"elementor-button-text\">Zapytaj teraz<\/span>\n\t\t\t\t\t<\/span>\n\t\t\t\t\t<\/a>\n\t\t\t\t<\/div>\n\t\t\t\t\t\t\t\t<\/div>\n\t\t\t\t<\/div>\n\t\t\t\t\t<\/div>\n\t\t\t\t<\/div>\n\t\t<div data-particle_enable=\"false\" data-particle-mobile-disabled=\"false\" class=\"elementor-element elementor-element-c24ee69 e-flex e-con-boxed e-con e-parent\" data-id=\"c24ee69\" data-element_type=\"container\">\n\t\t\t\t\t<div class=\"e-con-inner\">\n\t\t\t\t\t<\/div>\n\t\t\t\t<\/div>\n\t\t<div data-particle_enable=\"false\" data-particle-mobile-disabled=\"false\" class=\"elementor-element elementor-element-6199ecb e-flex e-con-boxed e-con e-parent\" data-id=\"6199ecb\" data-element_type=\"container\">\n\t\t\t\t\t<div class=\"e-con-inner\">\n\t\t<div data-particle_enable=\"false\" data-particle-mobile-disabled=\"false\" class=\"elementor-element elementor-element-dcebc3e e-flex e-con-boxed e-con e-child\" data-id=\"dcebc3e\" data-element_type=\"container\" data-settings=\"{&quot;animation&quot;:&quot;none&quot;}\">\n\t\t\t\t\t<div class=\"e-con-inner\">\n\t\t\t\t<div class=\"elementor-element elementor-element-640f43b elementor-widget elementor-widget-heading\" data-id=\"640f43b\" data-element_type=\"widget\" data-settings=\"{&quot;_animation&quot;:&quot;none&quot;}\" data-widget_type=\"heading.default\">\n\t\t\t\t<div class=\"elementor-widget-container\">\n\t\t\t\t\t<h2 class=\"elementor-heading-title elementor-size-default\">Nasza oferta wynajmu<\/h2>\t\t\t\t<\/div>\n\t\t\t\t<\/div>\n\t\t\t\t<div class=\"elementor-element elementor-element-6b2ae7a elementor-widget__width-inherit elementor-widget elementor-widget-eael-post-list\" data-id=\"6b2ae7a\" data-element_type=\"widget\" data-settings=\"{&quot;_animation&quot;:&quot;none&quot;}\" data-widget_type=\"eael-post-list.default\">\n\t\t\t\t<div class=\"elementor-widget-container\">\n\t\t\t\t\t<div class=\"eael-post-list-container advanced layout-advanced\"><div class=\"eael-post-list-wrap\"><div class=\"eael-post-list-posts-wrap eael-post-appender eael-post-appender-6b2ae7a\"><div class=\"eael-post-list-post\"><div class=\"eael-post-list-post-inner\"><div class=\"eael-post-list-thumbnail\"><a href=\"https:\/\/konferenztechnik.de\/pl\/wynajem-sprzetu-eventowego\/\">\n                <img decoding=\"async\" src=\"https:\/\/konferenztechnik.de\/wp-content\/uploads\/2024\/02\/Veranstaltungstechnik-mieten-post-jpg.webp\" alt=\"Wynajem technologii eventowej: Pulpit mikserski na imprezie\" title=\"\">\n            <\/a><\/div><div class=\"eael-post-list-content\"><h2 class=\"eael-post-list-title\"><a href=\"https:\/\/konferenztechnik.de\/pl\/wynajem-sprzetu-eventowego\/\" >Wynajem technologii eventowej<\/a><\/h2><p>Jako dostawca kompleksowych us\u0142ug, oferujemy wszystko z jednego \u017ar\u00f3d\u0142a \u2013 od...<\/p><a href=\"https:\/\/konferenztechnik.de\/pl\/wynajem-sprzetu-eventowego\/\" class=\"eael-post-elements-readmore-btn\" >poinformowa\u0107 teraz<\/a><div class=\"boxed-meta\"><\/div><\/div><\/div><\/div><div class=\"eael-post-list-post\"><div class=\"eael-post-list-post-inner\"><div class=\"eael-post-list-thumbnail\"><a href=\"https:\/\/konferenztechnik.de\/pl\/centra-i-studia-tlumaczen-ustnych\/\">\n                <img decoding=\"async\" src=\"https:\/\/konferenztechnik.de\/wp-content\/uploads\/2023\/04\/dolmetschhubs.jpg\" alt=\"Widok studia t\u0142umacze\u0144 ustnych, w kt\u00f3rym t\u0142umacze \u015bledz\u0105 prelegenta na du\u017cym monitorze i t\u0142umacz\u0105 na r\u00f3\u017cne inne j\u0119zyki w swoich d\u017awi\u0119koszczelnych kabinach.\" title=\"\">\n            <\/a><\/div><div class=\"eael-post-list-content\"><h2 class=\"eael-post-list-title\"><a href=\"https:\/\/konferenztechnik.de\/pl\/centra-i-studia-tlumaczen-ustnych\/\" >Centra i studia t\u0142umacze\u0144 ustnych<\/a><\/h2><p>Nasze profesjonalne centra do zdalnych t\u0142umacze\u0144 ustnych, t\u0142umacze\u0144 podczas wideokonferencji, transmisji strumieniowych i spotka\u0144 na miejscu.<\/p><a href=\"https:\/\/konferenztechnik.de\/pl\/centra-i-studia-tlumaczen-ustnych\/\" class=\"eael-post-elements-readmore-btn\" >poinformowa\u0107 teraz<\/a><div class=\"boxed-meta\"><\/div><\/div><\/div><\/div><div class=\"eael-post-list-post\"><div class=\"eael-post-list-post-inner\"><div class=\"eael-post-list-thumbnail\"><a href=\"https:\/\/konferenztechnik.de\/pl\/osobiste-systemy-naprowadzania-wynajem-kupno-instalacja\/\">\n                <img decoding=\"async\" src=\"https:\/\/konferenztechnik.de\/wp-content\/uploads\/2023\/07\/personenfuehrungsanlage-mieten-kaufen-jpg.webp\" alt=\"M\u0119\u017cczyzna m\u00f3wi do mikrofonu, widz s\u0142ucha systemu tour guide podczas wycieczki. Wynajem, zakup lub dzier\u017cawa system\u00f3w tour guide od PCS.\" title=\"\">\n            <\/a><\/div><div class=\"eael-post-list-content\"><h2 class=\"eael-post-list-title\"><a href=\"https:\/\/konferenztechnik.de\/pl\/osobiste-systemy-naprowadzania-wynajem-kupno-instalacja\/\" >Systemy naprowadzania pasa\u017cer\u00f3w<\/a><\/h2><p>Systemy tour guide, systemy przewodnik\u00f3w, systemy szeptane lub PFA, s\u0142uchawki, mikrofony, \u0142adowarki, walizki transportowe, akcesoria<\/p><a href=\"https:\/\/konferenztechnik.de\/pl\/osobiste-systemy-naprowadzania-wynajem-kupno-instalacja\/\" class=\"eael-post-elements-readmore-btn\" >poinformowa\u0107 teraz<\/a><div class=\"boxed-meta\"><\/div><\/div><\/div><\/div><div class=\"eael-post-list-post\"><div class=\"eael-post-list-post-inner\"><div class=\"eael-post-list-thumbnail\"><a href=\"https:\/\/konferenztechnik.de\/pl\/systemy-dyskusyjne-pulpity-mikrofonowe-wynajem-kupno-instalacja-leasing\/\">\n                <img decoding=\"async\" src=\"https:\/\/konferenztechnik.de\/wp-content\/uploads\/2023\/06\/diskussionsanlage-sprechstellen-tischmikrofone.jpg\" alt=\"Sto\u0142owe pulpity mikrofonowe rozmieszczone wok\u00f3\u0142 sto\u0142u konferencyjnego z mikrofonami na g\u0119siej szyjce\" title=\"\">\n            <\/a><\/div><div class=\"eael-post-list-content\"><h2 class=\"eael-post-list-title\"><a href=\"https:\/\/konferenztechnik.de\/pl\/systemy-dyskusyjne-pulpity-mikrofonowe-wynajem-kupno-instalacja-leasing\/\" >systemy dyskusyjne pulpity mikrofonowe wynajem kupno instalacja leasing<\/a><\/h2><p>systemy dyskusyjne pulpity mikrofonowe wynajem kupno instalacja leasing<\/p><a href=\"https:\/\/konferenztechnik.de\/pl\/systemy-dyskusyjne-pulpity-mikrofonowe-wynajem-kupno-instalacja-leasing\/\" class=\"eael-post-elements-readmore-btn\" >poinformowa\u0107 teraz<\/a><div class=\"boxed-meta\"><\/div><\/div><\/div><\/div><div class=\"eael-post-list-post\"><div class=\"eael-post-list-post-inner\"><div class=\"eael-post-list-thumbnail\"><a href=\"https:\/\/konferenztechnik.de\/pl\/systemy-tlumaczen-ustnych-i-technologia-tlumaczen-ustnych-wynajem-kupno-instalacja\/\">\n                <img decoding=\"async\" src=\"https:\/\/konferenztechnik.de\/wp-content\/uploads\/2023\/05\/simultantechnik-dolmetscheranlagen-mieten-kaufen-leasen-jpg.webp\" alt=\"\" title=\"\">\n            <\/a><\/div><div class=\"eael-post-list-content\"><h2 class=\"eael-post-list-title\"><a href=\"https:\/\/konferenztechnik.de\/pl\/systemy-tlumaczen-ustnych-i-technologia-tlumaczen-ustnych-wynajem-kupno-instalacja\/\" >Systemy t\u0142umacze\u0144 ustnych i technologia t\u0142umacze\u0144 ustnych<\/a><\/h2><p>Bezprzewodowe systemy t\u0142umacze\u0144 ustnych z kabinami t\u0142umaczeniowymi i systemy dyskusyjne z kabinami t\u0142umaczeniowymi<\/p><a href=\"https:\/\/konferenztechnik.de\/pl\/systemy-tlumaczen-ustnych-i-technologia-tlumaczen-ustnych-wynajem-kupno-instalacja\/\" class=\"eael-post-elements-readmore-btn\" >poinformowa\u0107 teraz<\/a><div class=\"boxed-meta\"><\/div><\/div><\/div><\/div><div class=\"eael-post-list-post\"><div class=\"eael-post-list-post-inner\"><div class=\"eael-post-list-thumbnail\"><a href=\"https:\/\/konferenztechnik.de\/pl\/streaming\/\">\n                <img decoding=\"async\" src=\"https:\/\/konferenztechnik.de\/wp-content\/uploads\/2023\/04\/streaming-hosting-events-jpg.webp\" alt=\"Kontrola d\u017awi\u0119ku i re\u017cyseria wideo z technikami eventowymi w sali konferencyjnej, z napisem &quot;Live - Live - Live&quot; kilka razy z przodu\" title=\"\">\n            <\/a><\/div><div class=\"eael-post-list-content\"><h2 class=\"eael-post-list-title\"><a href=\"https:\/\/konferenztechnik.de\/pl\/streaming\/\" >Streaming i hosting<\/a><\/h2><p>Streaming tre\u015bci na \u017cywo i wideo, archiwizacja i udost\u0119pnianie na serwerach i platformach wideo<\/p><a href=\"https:\/\/konferenztechnik.de\/pl\/streaming\/\" class=\"eael-post-elements-readmore-btn\" >poinformowa\u0107 teraz<\/a><div class=\"boxed-meta\"><\/div><\/div><\/div><\/div><div class=\"eael-post-list-post\"><div class=\"eael-post-list-post-inner\"><div class=\"eael-post-list-thumbnail\"><a href=\"https:\/\/konferenztechnik.de\/pl\/strony-docelowe-dla-wydarzen-wirtualne-platformy-wydarzen\/\">\n                <img decoding=\"async\" src=\"https:\/\/konferenztechnik.de\/wp-content\/uploads\/2023\/03\/landingpage-beitrag.jpg\" alt=\"\" title=\"\">\n            <\/a><\/div><div class=\"eael-post-list-content\"><h2 class=\"eael-post-list-title\"><a href=\"https:\/\/konferenztechnik.de\/pl\/strony-docelowe-dla-wydarzen-wirtualne-platformy-wydarzen\/\" >Strony docelowe dla wydarze\u0144, wirtualne platformy wydarze\u0144<\/a><\/h2><p>Landing page dla wydarze\u0144, wirtualne platformy eventowe Podstawowy pakiet sk\u0142ada si\u0119 z nast\u0119puj\u0105cych element\u00f3w...<\/p><a href=\"https:\/\/konferenztechnik.de\/pl\/strony-docelowe-dla-wydarzen-wirtualne-platformy-wydarzen\/\" class=\"eael-post-elements-readmore-btn\" >poinformowa\u0107 teraz<\/a><div class=\"boxed-meta\"><\/div><\/div><\/div><\/div><div class=\"eael-post-list-post\"><div class=\"eael-post-list-post-inner\"><div class=\"eael-post-list-thumbnail\"><a href=\"https:\/\/konferenztechnik.de\/pl\/sprzet-audio-i-wideo-av-wynajem-kupno-instalacja-leasing\/\">\n                <img decoding=\"async\" src=\"https:\/\/konferenztechnik.de\/wp-content\/uploads\/2023\/03\/audio-und-videotechnik-mieten-kaufen-installieren-1024x614.avif\" alt=\"audio-i-video-technologia-wynajmij-kup-zainstaluj\" title=\"\">\n            <\/a><\/div><div class=\"eael-post-list-content\"><h2 class=\"eael-post-list-title\"><a href=\"https:\/\/konferenztechnik.de\/pl\/sprzet-audio-i-wideo-av-wynajem-kupno-instalacja-leasing\/\" >AV: Technologia audio i wideo<\/a><\/h2><p>Mikrofony, technologia nag\u0142o\u015bnieniowa, m\u00f3wnice, hybrydy telefoniczne, dystrybutory prasy, oprogramowanie do stenotypii...<\/p><a href=\"https:\/\/konferenztechnik.de\/pl\/sprzet-audio-i-wideo-av-wynajem-kupno-instalacja-leasing\/\" class=\"eael-post-elements-readmore-btn\" >poinformowa\u0107 teraz<\/a><div class=\"boxed-meta\"><\/div><\/div><\/div><\/div><\/div><\/div>\n\t\t<\/div>\t\t\t\t<\/div>\n\t\t\t\t<\/div>\n\t\t\t\t\t<\/div>\n\t\t\t\t<\/div>\n\t\t\t\t\t<\/div>\n\t\t\t\t<\/div>\n\t\t<div data-particle_enable=\"false\" data-particle-mobile-disabled=\"false\" class=\"elementor-element elementor-element-4be366c e-flex e-con-boxed e-con e-parent\" data-id=\"4be366c\" data-element_type=\"container\">\n\t\t\t\t\t<div class=\"e-con-inner\">\n\t\t<div data-particle_enable=\"false\" data-particle-mobile-disabled=\"false\" class=\"elementor-element elementor-element-a7882b6 e-flex e-con-boxed e-con e-child\" data-id=\"a7882b6\" data-element_type=\"container\" data-settings=\"{&quot;background_background&quot;:&quot;classic&quot;}\">\n\t\t\t\t\t<div class=\"e-con-inner\">\n\t\t\t\t<div class=\"elementor-element elementor-element-52d730d elementor-widget elementor-widget-text-editor\" data-id=\"52d730d\" data-element_type=\"widget\" data-widget_type=\"text-editor.default\">\n\t\t\t\t<div class=\"elementor-widget-container\">\n\t\t\t\t\t\t\t\t\t<p>Nie masz pewno\u015bci, kt\u00f3ra z oferowanych technologii jest dla Ciebie odpowiednia? Skontaktuj si\u0119 z nami.<\/p>\t\t\t\t\t\t\t\t<\/div>\n\t\t\t\t<\/div>\n\t\t\t\t\t<\/div>\n\t\t\t\t<\/div>\n\t\t\t\t\t<\/div>\n\t\t\t\t<\/div>\n\t\t<div data-particle_enable=\"false\" data-particle-mobile-disabled=\"false\" class=\"elementor-element elementor-element-13e4821 e-flex e-con-boxed e-con e-parent\" data-id=\"13e4821\" data-element_type=\"container\">\n\t\t\t\t\t<div class=\"e-con-inner\">\n\t\t\t\t<div class=\"elementor-element elementor-element-a0083f0 elementor-widget elementor-widget-shortcode\" data-id=\"a0083f0\" data-element_type=\"widget\" data-widget_type=\"shortcode.default\">\n\t\t\t\t<div class=\"elementor-widget-container\">\n\t\t\t\t\t\t\t<div class=\"elementor-shortcode\"><\/div>\n\t\t\t\t\t\t<\/div>\n\t\t\t\t<\/div>\n\t\t\t\t\t<\/div>\n\t\t\t\t<\/div>\n\t\t<div data-particle_enable=\"false\" data-particle-mobile-disabled=\"false\" class=\"elementor-element elementor-element-8c11562 e-flex e-con-boxed e-con e-parent\" data-id=\"8c11562\" data-element_type=\"container\">\n\t\t\t\t\t<div class=\"e-con-inner\">\n\t\t\t\t<div class=\"elementor-element elementor-element-38af8e9 elementor-widget elementor-widget-shortcode\" data-id=\"38af8e9\" data-element_type=\"widget\" data-widget_type=\"shortcode.default\">\n\t\t\t\t<div class=\"elementor-widget-container\">\n\t\t\t\t\t\t\t<div class=\"elementor-shortcode\"><\/div>\n\t\t\t\t\t\t<\/div>\n\t\t\t\t<\/div>\n\t\t\t\t\t<\/div>\n\t\t\t\t<\/div>\n\t\t\t\t<\/div>","protected":false},"excerpt":{"rendered":"<p>Konferenz-, Medien- und Dolmetschtechnik mieten \u2013 bundesweit und professionell betreut Bei uns k\u00f6nnen Sie Konferenztechnik, Medientechnik, Veranstaltungstechnik und Dolmetschtechnik flexibel mieten \u2013 auf Wunsch inklusive vollst\u00e4ndiger Betreuung durch unsere erfahrenen Techniker*innen. Wir bieten Ihnen professionelle L\u00f6sungen f\u00fcr Meetings, Kongresse, hybride Events, Videokonferenzen und mehr. \u00a0 Unsere bundesweite Vermietung umfasst Konferenztechnik der Spitzenklasse: zuverl\u00e4ssig, kompatibel, sicher [&hellip;]<\/p>","protected":false},"author":1,"featured_media":47453,"parent":0,"menu_order":112,"comment_status":"closed","ping_status":"open","template":"","meta":{"_acf_changed":false,"footnotes":""},"class_list":["post-3618","page","type-page","status-publish","has-post-thumbnail","hentry"],"acf":[],"_links":{"self":[{"href":"https:\/\/konferenztechnik.de\/pl\/wp-json\/wp\/v2\/pages\/3618","targetHints":{"allow":["GET"]}}],"collection":[{"href":"https:\/\/konferenztechnik.de\/pl\/wp-json\/wp\/v2\/pages"}],"about":[{"href":"https:\/\/konferenztechnik.de\/pl\/wp-json\/wp\/v2\/types\/page"}],"author":[{"embeddable":true,"href":"https:\/\/konferenztechnik.de\/pl\/wp-json\/wp\/v2\/users\/1"}],"replies":[{"embeddable":true,"href":"https:\/\/konferenztechnik.de\/pl\/wp-json\/wp\/v2\/comments?post=3618"}],"version-history":[{"count":0,"href":"https:\/\/konferenztechnik.de\/pl\/wp-json\/wp\/v2\/pages\/3618\/revisions"}],"wp:featuredmedia":[{"embeddable":true,"href":"https:\/\/konferenztechnik.de\/pl\/wp-json\/wp\/v2\/media\/47453"}],"wp:attachment":[{"href":"https:\/\/konferenztechnik.de\/pl\/wp-json\/wp\/v2\/media?parent=3618"}],"curies":[{"name":"wp","href":"https:\/\/api.w.org\/{rel}","templated":true}]}}