{"id":10017,"date":"2017-05-10T14:28:04","date_gmt":"2017-05-10T13:28:04","guid":{"rendered":"https:\/\/www.konferenztechnik.de\/?page_id=10017\/"},"modified":"2023-08-04T09:51:54","modified_gmt":"2023-08-04T07:51:54","slug":"sistemas-de-guia-para-aluguer-potsdam","status":"publish","type":"page","link":"https:\/\/konferenztechnik.de\/pt\/sistemas-de-guia-para-aluguer-potsdam\/","title":{"rendered":"Aluguer de sistemas de orienta\u00e7\u00e3o Potsdam"},"content":{"rendered":"<div data-elementor-type=\"wp-page\" data-elementor-id=\"10017\" class=\"elementor elementor-10017\" data-elementor-post-type=\"page\">\n\t\t\t\t<div data-particle_enable=\"false\" data-particle-mobile-disabled=\"false\" class=\"elementor-element elementor-element-53d07fbb e-flex e-con-boxed e-con e-parent\" data-id=\"53d07fbb\" data-element_type=\"container\">\n\t\t\t\t\t<div class=\"e-con-inner\">\n\t\t\t\t<div class=\"elementor-element elementor-element-31fd3ae elementor-widget elementor-widget-heading\" data-id=\"31fd3ae\" data-element_type=\"widget\" data-settings=\"{&quot;_animation&quot;:&quot;none&quot;}\" data-widget_type=\"heading.default\">\n\t\t\t\t<div class=\"elementor-widget-container\">\n\t\t\t\t\t<h1 class=\"elementor-heading-title elementor-size-default\">Sistemas de guias tur\u00edsticos em Potsdam: aluguer de sistemas de guias tur\u00edsticos, PFAs e sistemas de orienta\u00e7\u00e3o de pessoas em Potsdam<\/h1>\t\t\t\t<\/div>\n\t\t\t\t<\/div>\n\t\t\t\t\t<\/div>\n\t\t\t\t<\/div>\n\t\t<div data-particle_enable=\"false\" data-particle-mobile-disabled=\"false\" class=\"elementor-element elementor-element-16047cc1 e-flex e-con-boxed e-con e-parent\" data-id=\"16047cc1\" data-element_type=\"container\">\n\t\t\t\t\t<div class=\"e-con-inner\">\n\t\t\t\t<div class=\"elementor-element elementor-element-4cb3f4a elementor-widget-widescreen__width-inherit elementor-widget elementor-widget-image\" data-id=\"4cb3f4a\" data-element_type=\"widget\" data-widget_type=\"image.default\">\n\t\t\t\t<div class=\"elementor-widget-container\">\n\t\t\t\t\t\t\t\t\t\t\t\t\t\t\t<img fetchpriority=\"high\" decoding=\"async\" width=\"850\" height=\"380\" src=\"https:\/\/konferenztechnik.de\/wp-content\/uploads\/2017\/05\/veranstaltungstechnik-potsdam.jpg\" class=\"attachment-full size-full wp-image-9999\" alt=\"\" srcset=\"https:\/\/konferenztechnik.de\/wp-content\/uploads\/2017\/05\/veranstaltungstechnik-potsdam.jpg 850w, https:\/\/konferenztechnik.de\/wp-content\/uploads\/2017\/05\/veranstaltungstechnik-potsdam-300x134.jpg 300w, https:\/\/konferenztechnik.de\/wp-content\/uploads\/2017\/05\/veranstaltungstechnik-potsdam-768x343.jpg 768w\" sizes=\"(max-width: 850px) 100vw, 850px\" title=\"\">\t\t\t\t\t\t\t\t\t\t\t\t\t\t\t<\/div>\n\t\t\t\t<\/div>\n\t\t<div data-particle_enable=\"false\" data-particle-mobile-disabled=\"false\" class=\"elementor-element elementor-element-202bcfe9 e-flex e-con-boxed e-con e-parent\" data-id=\"202bcfe9\" data-element_type=\"container\">\n\t\t\t\t\t<div class=\"e-con-inner\">\n\t\t\t\t<div class=\"elementor-element elementor-element-23161e6b elementor-align-left elementor-widget elementor-widget-button\" data-id=\"23161e6b\" data-element_type=\"widget\" data-widget_type=\"button.default\">\n\t\t\t\t<div class=\"elementor-widget-container\">\n\t\t\t\t\t\t\t\t\t<div class=\"elementor-button-wrapper\">\n\t\t\t\t\t<a class=\"elementor-button elementor-button-link elementor-size-lg\" href=\"#serviceteam\">\n\t\t\t\t\t\t<span class=\"elementor-button-content-wrapper\">\n\t\t\t\t\t\t<span class=\"elementor-button-icon\">\n\t\t\t\t<svg aria-hidden=\"true\" class=\"e-font-icon-svg e-far-arrow-alt-circle-down\" viewbox=\"0 0 512 512\" xmlns=\"http:\/\/www.w3.org\/2000\/svg\"><path d=\"M256 8C119 8 8 119 8 256s111 248 248 248 248-111 248-248S393 8 256 8zm0 448c-110.5 0-200-89.5-200-200S145.5 56 256 56s200 89.5 200 200-89.5 200-200 200zm-32-316v116h-67c-10.7 0-16 12.9-8.5 20.5l99 99c4.7 4.7 12.3 4.7 17 0l99-99c7.6-7.6 2.2-20.5-8.5-20.5h-67V140c0-6.6-5.4-12-12-12h-40c-6.6 0-12 5.4-12 12z\"><\/path><\/svg>\t\t\t<\/span>\n\t\t\t\t\t\t\t\t\t<span class=\"elementor-button-text\">Perguntar agora<\/span>\n\t\t\t\t\t<\/span>\n\t\t\t\t\t<\/a>\n\t\t\t\t<\/div>\n\t\t\t\t\t\t\t\t<\/div>\n\t\t\t\t<\/div>\n\t\t\t\t\t<\/div>\n\t\t\t\t<\/div>\n\t\t\t\t<div class=\"elementor-element elementor-element-2b3ef3c7 elementor-widget elementor-widget-shortcode\" data-id=\"2b3ef3c7\" data-element_type=\"widget\" data-widget_type=\"shortcode.default\">\n\t\t\t\t<div class=\"elementor-widget-container\">\n\t\t\t\t\t\t\t<div class=\"elementor-shortcode\">\t\t<div data-elementor-type=\"container\" data-elementor-id=\"37020\" class=\"elementor elementor-37020\" data-elementor-post-type=\"elementor_library\">\n\t\t\t\t<div data-particle_enable=\"false\" data-particle-mobile-disabled=\"false\" class=\"elementor-element elementor-element-349c2afa e-flex e-con-boxed e-con e-parent\" data-id=\"349c2afa\" data-element_type=\"container\">\n\t\t\t\t\t<div class=\"e-con-inner\">\n\t\t\t\t<div class=\"elementor-element elementor-element-821cbc8 elementor-widget__width-inherit elementor-widget elementor-widget-eael-post-list\" data-id=\"821cbc8\" data-element_type=\"widget\" data-settings=\"{&quot;_animation&quot;:&quot;none&quot;}\" data-widget_type=\"eael-post-list.default\">\n\t\t\t\t<div class=\"elementor-widget-container\">\n\t\t\t\t\t<div class=\"eael-post-list-container advanced layout-advanced\"><div class=\"eael-post-list-wrap\"><div class=\"eael-post-list-posts-wrap eael-post-appender eael-post-appender-821cbc8\"><div class=\"eael-post-list-post\"><div class=\"eael-post-list-post-inner\"><div class=\"eael-post-list-thumbnail\"><a href=\"https:\/\/konferenztechnik.de\/pt\/uniao-da-televisao\/\">\n                <img decoding=\"async\" src=\"https:\/\/konferenztechnik.de\/wp-content\/uploads\/2023\/06\/televic-unite-fuehrungsanlage.jpg\" alt=\"Sistema de sussurro e orienta\u00e7\u00e3o Televic UNITE com microfone de m\u00e3o e microfone de auricular, receptores e esta\u00e7\u00f5es de carregamento\" title=\"\">\n            <\/a><\/div><div class=\"eael-post-list-content\"><h3 class=\"eael-post-list-title\"><a href=\"https:\/\/konferenztechnik.de\/pt\/uniao-da-televisao\/\" >Sistema de orienta\u00e7\u00e3o de passageiros Televic Unite \u2013<\/a><\/h3><p>Sistema multifuncional: visitas guiadas, apresenta\u00e7\u00f5es sem fios, interpreta\u00e7\u00e3o com assist\u00eancia auditiva ...<\/p><a href=\"https:\/\/konferenztechnik.de\/pt\/uniao-da-televisao\/\" class=\"eael-post-elements-readmore-btn\" >\u203a mais<\/a><div class=\"boxed-meta\"><\/div><\/div><\/div><\/div><div class=\"eael-post-list-post\"><div class=\"eael-post-list-post-inner\"><div class=\"eael-post-list-thumbnail\"><a href=\"https:\/\/konferenztechnik.de\/pt\/beyerdynamic-tts-300-sistema-de-orientacao-pessoal\/\">\n                <img decoding=\"async\" src=\"https:\/\/konferenztechnik.de\/wp-content\/uploads\/2023\/06\/Beyerdynamic-TTS300-mieten.jpg\" alt=\"Sistema de sussurro e sistema de orienta\u00e7\u00e3o do tipo TTS300 da Beyerdynamic com microfone de m\u00e3o, receptores e esta\u00e7\u00f5es de carregamento\" title=\"\">\n            <\/a><\/div><div class=\"eael-post-list-content\"><h3 class=\"eael-post-list-title\"><a href=\"https:\/\/konferenztechnik.de\/pt\/beyerdynamic-tts-300-sistema-de-orientacao-pessoal\/\" >Sistema de orienta\u00e7\u00e3o pessoal Beyerdynamic TTS 300 \u2013<\/a><\/h3><p>Funcionamento paralelo de at\u00e9 10 canais, tempo de carga: 30 minutos ...<\/p><a href=\"https:\/\/konferenztechnik.de\/pt\/beyerdynamic-tts-300-sistema-de-orientacao-pessoal\/\" class=\"eael-post-elements-readmore-btn\" >\u203a mais<\/a><div class=\"boxed-meta\"><\/div><\/div><\/div><\/div><div class=\"eael-post-list-post\"><div class=\"eael-post-list-post-inner\"><div class=\"eael-post-list-thumbnail\"><a href=\"https:\/\/konferenztechnik.de\/pt\/sistema-de-orientacao-pessoal-sennheiser-tourguide-2020-d\/\">\n                <img decoding=\"async\" src=\"https:\/\/konferenztechnik.de\/wp-content\/uploads\/2023\/06\/tourguide-system-kaufen-mieten.jpg\" alt=\"\" title=\"\">\n            <\/a><\/div><div class=\"eael-post-list-content\"><h3 class=\"eael-post-list-title\"><a href=\"https:\/\/konferenztechnik.de\/pt\/sistema-de-orientacao-pessoal-sennheiser-tourguide-2020-d\/\" >Sistema de guia tur\u00edstico Sennheiser Tourguide 2020 D \u2013<\/a><\/h3><p>O sistema digital Sennheiser 2020-D Tourguide combina um manuseamento f\u00e1cil com fun\u00e7\u00f5es profissionais. ...<\/p><a href=\"https:\/\/konferenztechnik.de\/pt\/sistema-de-orientacao-pessoal-sennheiser-tourguide-2020-d\/\" class=\"eael-post-elements-readmore-btn\" >\u203a mais<\/a><div class=\"boxed-meta\"><\/div><\/div><\/div><\/div><div class=\"eael-post-list-post\"><div class=\"eael-post-list-post-inner\"><div class=\"eael-post-list-thumbnail\"><a href=\"https:\/\/konferenztechnik.de\/pt\/sistema-de-orientacao-pessoal-beyerdynamic-synexis\/\">\n                <img decoding=\"async\" src=\"https:\/\/konferenztechnik.de\/wp-content\/uploads\/2023\/06\/beyerdynamic-synexis.jpg\" alt=\"Sistema de sussurro e orienta\u00e7\u00e3o Beyerdynamic Synexis com microfone de m\u00e3o, receptores e esta\u00e7\u00f5es de carregamento\" title=\"\">\n            <\/a><\/div><div class=\"eael-post-list-content\"><h3 class=\"eael-post-list-title\"><a href=\"https:\/\/konferenztechnik.de\/pt\/sistema-de-orientacao-pessoal-beyerdynamic-synexis\/\" >Sistema de orienta\u00e7\u00e3o de pessoas Beyerdynamic Synexis \u2013<\/a><\/h3><p>Utiliza\u00e7\u00e3o polivalente: visitas guiadas, aplica\u00e7\u00f5es de interpreta\u00e7\u00e3o, apoio \u00e0 audi\u00e7\u00e3o ...<\/p><a href=\"https:\/\/konferenztechnik.de\/pt\/sistema-de-orientacao-pessoal-beyerdynamic-synexis\/\" class=\"eael-post-elements-readmore-btn\" >\u203a mais<\/a><div class=\"boxed-meta\"><\/div><\/div><\/div><\/div><\/div><\/div>\n\t\t<\/div>\t\t\t\t<\/div>\n\t\t\t\t<\/div>\n\t\t\t\t\t<\/div>\n\t\t\t\t<\/div>\n\t\t\t\t<\/div>\n\t\t<\/div>\n\t\t\t\t\t\t<\/div>\n\t\t\t\t<\/div>\n\t\t\t\t<div class=\"elementor-element elementor-element-7474ac8e elementor-widget elementor-widget-spacer\" data-id=\"7474ac8e\" data-element_type=\"widget\" data-widget_type=\"spacer.default\">\n\t\t\t\t<div class=\"elementor-widget-container\">\n\t\t\t\t\t\t\t<div class=\"elementor-spacer\">\n\t\t\t<div class=\"elementor-spacer-inner\"><\/div>\n\t\t<\/div>\n\t\t\t\t\t\t<\/div>\n\t\t\t\t<\/div>\n\t\t\t\t\t<\/div>\n\t\t\t\t<\/div>\n\t\t<div data-particle_enable=\"false\" data-particle-mobile-disabled=\"false\" class=\"elementor-element elementor-element-31a78400 e-flex e-con-boxed e-con e-parent\" data-id=\"31a78400\" data-element_type=\"container\">\n\t\t\t\t\t<div class=\"e-con-inner\">\n\t\t\t\t<div class=\"elementor-element elementor-element-21e6152c elementor-widget__width-initial elementor-widget elementor-widget-text-editor\" data-id=\"21e6152c\" data-element_type=\"widget\" data-widget_type=\"text-editor.default\">\n\t\t\t\t<div class=\"elementor-widget-container\">\n\t\t\t\t\t\t\t\t\t<p>Quando falamos de sistemas de guia, sistemas de guia tur\u00edstico e PFAs, \u2013 geralmente significam a mesma coisa, pelo menos tecnicamente \u2013. Basicamente, todos estes sistemas s\u00e3o constitu\u00eddos por microfones e auscultadores ou receptores de bolso com auscultadores \u2013, bem como por uma liga\u00e7\u00e3o r\u00e1dio entre estes dois elementos. A abreviatura oficial PFA significa \"personal guidance system\" (sistema de orienta\u00e7\u00e3o pessoal) \u201d, sendo frequentemente utilizada pelos int\u00e9rpretes. Existem tamb\u00e9m designa\u00e7\u00f5es de dispositivos como \"whispering case\u201d, \"whispering system\u201d, \"visitor guidance systems\u201d ou \"Pefa\u201d.<\/p>\t\t\t\t\t\t\t\t<\/div>\n\t\t\t\t<\/div>\n\t\t\t\t<div class=\"elementor-element elementor-element-4a7520de elementor-widget__width-initial elementor-widget elementor-widget-heading\" data-id=\"4a7520de\" data-element_type=\"widget\" data-settings=\"{&quot;_animation&quot;:&quot;none&quot;}\" data-widget_type=\"heading.default\">\n\t\t\t\t<div class=\"elementor-widget-container\">\n\t\t\t\t\t<h2 class=\"elementor-heading-title elementor-size-default\">Ofertas de sistemas de guias e sistemas de guias tur\u00edsticos em Potsdam<\/h2>\t\t\t\t<\/div>\n\t\t\t\t<\/div>\n\t\t\t\t<div class=\"elementor-element elementor-element-58672278 elementor-widget__width-inherit elementor-widget elementor-widget-text-editor\" data-id=\"58672278\" data-element_type=\"widget\" data-widget_type=\"text-editor.default\">\n\t\t\t\t<div class=\"elementor-widget-container\">\n\t\t\t\t\t\t\t\t\t<p>Gra\u00e7as ao nosso centro de distribui\u00e7\u00e3o central em Berlim, podemos chegar a Potsdam e a todos os outros locais na \u00e1rea de Berlim de forma r\u00e1pida e f\u00e1cil. Os organizadores de congressos, as autoridades e as empresas de Potsdam t\u00eam a vantagem de poderem dispor sempre de equipamento tecnicamente impec\u00e1vel, a pedido. A PCS Konferenztechnik envia e recolhe o equipamento de e para o local do congresso. Atualmente, temos os seguintes sistemas dispon\u00edveis em grande n\u00famero em Potsdam:<\/p><ul><li>Sennheiser Tourguide 2020-D<\/li><li>Beyerdynamic Synexis<\/li><li>Beyerdynamic TTS-300<\/li><\/ul><div class=\"spacer\">\u00a0<\/div><p>Tamb\u00e9m temos os seguintes sistemas Senheiser na nossa gama: EK1039, Tourguide HDE-2020, Tourguide SK 2020-D, Sennheiser EZL 2020-20L.<br \/>Os dispositivos Beyerdynamic, tais como o transmissor de m\u00e3o Synexis TH8, o transmissor bodypack Synexis TP8 ou o transmissor fixo TS8, podem ser fornecidos a pedido.<\/p>\t\t\t\t\t\t\t\t<\/div>\n\t\t\t\t<\/div>\n\t\t\t\t<div class=\"elementor-element elementor-element-3e2abe5f elementor-widget__width-initial elementor-widget elementor-widget-heading\" data-id=\"3e2abe5f\" data-element_type=\"widget\" data-settings=\"{&quot;_animation&quot;:&quot;none&quot;}\" data-widget_type=\"heading.default\">\n\t\t\t\t<div class=\"elementor-widget-container\">\n\t\t\t\t\t<h2 class=\"elementor-heading-title elementor-size-default\">Transfer\u00eancias Manuais, manuais e material informativo\n<\/h2>\t\t\t\t<\/div>\n\t\t\t\t<\/div>\n\t\t\t\t<div class=\"elementor-element elementor-element-1d6b2aa4 elementor-widget elementor-widget-shortcode\" data-id=\"1d6b2aa4\" data-element_type=\"widget\" data-widget_type=\"shortcode.default\">\n\t\t\t\t<div class=\"elementor-widget-container\">\n\t\t\t\t\t\t\t<div class=\"elementor-shortcode\">\t\t<div data-elementor-type=\"container\" data-elementor-id=\"30709\" class=\"elementor elementor-30709\" data-elementor-post-type=\"elementor_library\">\n\t\t\t\t<div data-particle_enable=\"false\" data-particle-mobile-disabled=\"false\" class=\"elementor-element elementor-element-50123a19 e-flex e-con-boxed e-con e-parent\" data-id=\"50123a19\" data-element_type=\"container\" data-settings=\"{&quot;background_background&quot;:&quot;classic&quot;}\">\n\t\t\t\t\t<div class=\"e-con-inner\">\n\t\t\t\t<div class=\"elementor-element elementor-element-7b023e62 elementor-icon-list--layout-traditional elementor-list-item-link-full_width elementor-widget elementor-widget-icon-list\" data-id=\"7b023e62\" data-element_type=\"widget\" data-widget_type=\"icon-list.default\">\n\t\t\t\t<div class=\"elementor-widget-container\">\n\t\t\t\t\t\t\t<ul class=\"elementor-icon-list-items\">\n\t\t\t\t\t\t\t<li class=\"elementor-icon-list-item\">\n\t\t\t\t\t\t\t\t\t\t\t<a href=\"\/wp-content\/uploads\/2017\/06\/beyerdynamic-synexis-manual-bedienungsanleitung.pdf\" target=\"_blank\">\n\n\t\t\t\t\t\t\t\t\t\t\t\t<span class=\"elementor-icon-list-icon\">\n\t\t\t\t\t\t\t<svg aria-hidden=\"true\" class=\"e-font-icon-svg e-far-file-pdf\" viewbox=\"0 0 384 512\" xmlns=\"http:\/\/www.w3.org\/2000\/svg\"><path d=\"M369.9 97.9L286 14C277 5 264.8-.1 252.1-.1H48C21.5 0 0 21.5 0 48v416c0 26.5 21.5 48 48 48h288c26.5 0 48-21.5 48-48V131.9c0-12.7-5.1-25-14.1-34zM332.1 128H256V51.9l76.1 76.1zM48 464V48h160v104c0 13.3 10.7 24 24 24h104v288H48zm250.2-143.7c-12.2-12-47-8.7-64.4-6.5-17.2-10.5-28.7-25-36.8-46.3 3.9-16.1 10.1-40.6 5.4-56-4.2-26.2-37.8-23.6-42.6-5.9-4.4 16.1-.4 38.5 7 67.1-10 23.9-24.9 56-35.4 74.4-20 10.3-47 26.2-51 46.2-3.3 15.8 26 55.2 76.1-31.2 22.4-7.4 46.8-16.5 68.4-20.1 18.9 10.2 41 17 55.8 17 25.5 0 28-28.2 17.5-38.7zm-198.1 77.8c5.1-13.7 24.5-29.5 30.4-35-19 30.3-30.4 35.7-30.4 35zm81.6-190.6c7.4 0 6.7 32.1 1.8 40.8-4.4-13.9-4.3-40.8-1.8-40.8zm-24.4 136.6c9.7-16.9 18-37 24.7-54.7 8.3 15.1 18.9 27.2 30.1 35.5-20.8 4.3-38.9 13.1-54.8 19.2zm131.6-5s-5 6-37.3-7.8c35.1-2.6 40.9 5.4 37.3 7.8z\"><\/path><\/svg>\t\t\t\t\t\t<\/span>\n\t\t\t\t\t\t\t\t\t\t<span class=\"elementor-icon-list-text\">Beyerdynamic Synexis Manual Manual do utilizador<\/span>\n\t\t\t\t\t\t\t\t\t\t\t<\/a>\n\t\t\t\t\t\t\t\t\t<\/li>\n\t\t\t\t\t\t\t\t<li class=\"elementor-icon-list-item\">\n\t\t\t\t\t\t\t\t\t\t\t<a href=\"\/wp-content\/uploads\/2017\/06\/beyerdynamic-synexis_quick-start-guide.pdf\" target=\"_blank\">\n\n\t\t\t\t\t\t\t\t\t\t\t\t<span class=\"elementor-icon-list-icon\">\n\t\t\t\t\t\t\t<svg aria-hidden=\"true\" class=\"e-font-icon-svg e-far-file-pdf\" viewbox=\"0 0 384 512\" xmlns=\"http:\/\/www.w3.org\/2000\/svg\"><path d=\"M369.9 97.9L286 14C277 5 264.8-.1 252.1-.1H48C21.5 0 0 21.5 0 48v416c0 26.5 21.5 48 48 48h288c26.5 0 48-21.5 48-48V131.9c0-12.7-5.1-25-14.1-34zM332.1 128H256V51.9l76.1 76.1zM48 464V48h160v104c0 13.3 10.7 24 24 24h104v288H48zm250.2-143.7c-12.2-12-47-8.7-64.4-6.5-17.2-10.5-28.7-25-36.8-46.3 3.9-16.1 10.1-40.6 5.4-56-4.2-26.2-37.8-23.6-42.6-5.9-4.4 16.1-.4 38.5 7 67.1-10 23.9-24.9 56-35.4 74.4-20 10.3-47 26.2-51 46.2-3.3 15.8 26 55.2 76.1-31.2 22.4-7.4 46.8-16.5 68.4-20.1 18.9 10.2 41 17 55.8 17 25.5 0 28-28.2 17.5-38.7zm-198.1 77.8c5.1-13.7 24.5-29.5 30.4-35-19 30.3-30.4 35.7-30.4 35zm81.6-190.6c7.4 0 6.7 32.1 1.8 40.8-4.4-13.9-4.3-40.8-1.8-40.8zm-24.4 136.6c9.7-16.9 18-37 24.7-54.7 8.3 15.1 18.9 27.2 30.1 35.5-20.8 4.3-38.9 13.1-54.8 19.2zm131.6-5s-5 6-37.3-7.8c35.1-2.6 40.9 5.4 37.3 7.8z\"><\/path><\/svg>\t\t\t\t\t\t<\/span>\n\t\t\t\t\t\t\t\t\t\t<span class=\"elementor-icon-list-text\">Guia de in\u00edcio r\u00e1pido do Beyerdynamic Synexis<\/span>\n\t\t\t\t\t\t\t\t\t\t\t<\/a>\n\t\t\t\t\t\t\t\t\t<\/li>\n\t\t\t\t\t\t\t\t<li class=\"elementor-icon-list-item\">\n\t\t\t\t\t\t\t\t\t\t\t<a href=\"\/wp-content\/uploads\/2017\/06\/Bedienungsanleitung-Sennheiser-Tourguide2020_DE.pdf\" target=\"_blank\">\n\n\t\t\t\t\t\t\t\t\t\t\t\t<span class=\"elementor-icon-list-icon\">\n\t\t\t\t\t\t\t<svg aria-hidden=\"true\" class=\"e-font-icon-svg e-far-file-pdf\" viewbox=\"0 0 384 512\" xmlns=\"http:\/\/www.w3.org\/2000\/svg\"><path d=\"M369.9 97.9L286 14C277 5 264.8-.1 252.1-.1H48C21.5 0 0 21.5 0 48v416c0 26.5 21.5 48 48 48h288c26.5 0 48-21.5 48-48V131.9c0-12.7-5.1-25-14.1-34zM332.1 128H256V51.9l76.1 76.1zM48 464V48h160v104c0 13.3 10.7 24 24 24h104v288H48zm250.2-143.7c-12.2-12-47-8.7-64.4-6.5-17.2-10.5-28.7-25-36.8-46.3 3.9-16.1 10.1-40.6 5.4-56-4.2-26.2-37.8-23.6-42.6-5.9-4.4 16.1-.4 38.5 7 67.1-10 23.9-24.9 56-35.4 74.4-20 10.3-47 26.2-51 46.2-3.3 15.8 26 55.2 76.1-31.2 22.4-7.4 46.8-16.5 68.4-20.1 18.9 10.2 41 17 55.8 17 25.5 0 28-28.2 17.5-38.7zm-198.1 77.8c5.1-13.7 24.5-29.5 30.4-35-19 30.3-30.4 35.7-30.4 35zm81.6-190.6c7.4 0 6.7 32.1 1.8 40.8-4.4-13.9-4.3-40.8-1.8-40.8zm-24.4 136.6c9.7-16.9 18-37 24.7-54.7 8.3 15.1 18.9 27.2 30.1 35.5-20.8 4.3-38.9 13.1-54.8 19.2zm131.6-5s-5 6-37.3-7.8c35.1-2.6 40.9 5.4 37.3 7.8z\"><\/path><\/svg>\t\t\t\t\t\t<\/span>\n\t\t\t\t\t\t\t\t\t\t<span class=\"elementor-icon-list-text\">Manual de instru\u00e7\u00f5es do Sennheiser Tourguide 2020 Alem\u00e3o<\/span>\n\t\t\t\t\t\t\t\t\t\t\t<\/a>\n\t\t\t\t\t\t\t\t\t<\/li>\n\t\t\t\t\t\t\t\t<li class=\"elementor-icon-list-item\">\n\t\t\t\t\t\t\t\t\t\t\t<a href=\"\/wp-content\/uploads\/2017\/06\/sennheiser-tourguide-SK2020DUS-en.pdf\" target=\"_blank\">\n\n\t\t\t\t\t\t\t\t\t\t\t\t<span class=\"elementor-icon-list-icon\">\n\t\t\t\t\t\t\t<svg aria-hidden=\"true\" class=\"e-font-icon-svg e-far-file-pdf\" viewbox=\"0 0 384 512\" xmlns=\"http:\/\/www.w3.org\/2000\/svg\"><path d=\"M369.9 97.9L286 14C277 5 264.8-.1 252.1-.1H48C21.5 0 0 21.5 0 48v416c0 26.5 21.5 48 48 48h288c26.5 0 48-21.5 48-48V131.9c0-12.7-5.1-25-14.1-34zM332.1 128H256V51.9l76.1 76.1zM48 464V48h160v104c0 13.3 10.7 24 24 24h104v288H48zm250.2-143.7c-12.2-12-47-8.7-64.4-6.5-17.2-10.5-28.7-25-36.8-46.3 3.9-16.1 10.1-40.6 5.4-56-4.2-26.2-37.8-23.6-42.6-5.9-4.4 16.1-.4 38.5 7 67.1-10 23.9-24.9 56-35.4 74.4-20 10.3-47 26.2-51 46.2-3.3 15.8 26 55.2 76.1-31.2 22.4-7.4 46.8-16.5 68.4-20.1 18.9 10.2 41 17 55.8 17 25.5 0 28-28.2 17.5-38.7zm-198.1 77.8c5.1-13.7 24.5-29.5 30.4-35-19 30.3-30.4 35.7-30.4 35zm81.6-190.6c7.4 0 6.7 32.1 1.8 40.8-4.4-13.9-4.3-40.8-1.8-40.8zm-24.4 136.6c9.7-16.9 18-37 24.7-54.7 8.3 15.1 18.9 27.2 30.1 35.5-20.8 4.3-38.9 13.1-54.8 19.2zm131.6-5s-5 6-37.3-7.8c35.1-2.6 40.9 5.4 37.3 7.8z\"><\/path><\/svg>\t\t\t\t\t\t<\/span>\n\t\t\t\t\t\t\t\t\t\t<span class=\"elementor-icon-list-text\">Manual do Sennheiser Tourguide SK2020D US Ingl\u00eas<\/span>\n\t\t\t\t\t\t\t\t\t\t\t<\/a>\n\t\t\t\t\t\t\t\t\t<\/li>\n\t\t\t\t\t\t<\/ul>\n\t\t\t\t\t\t<\/div>\n\t\t\t\t<\/div>\n\t\t\t\t\t<\/div>\n\t\t\t\t<\/div>\n\t\t\t\t<\/div>\n\t\t<\/div>\n\t\t\t\t\t\t<\/div>\n\t\t\t\t<\/div>\n\t\t\t\t<div class=\"elementor-element elementor-element-30071604 elementor-widget__width-initial elementor-widget elementor-widget-heading\" data-id=\"30071604\" data-element_type=\"widget\" data-settings=\"{&quot;_animation&quot;:&quot;none&quot;}\" data-widget_type=\"heading.default\">\n\t\t\t\t<div class=\"elementor-widget-container\">\n\t\t\t\t\t<h2 class=\"elementor-heading-title elementor-size-default\">Aluguer de sistemas de orienta\u00e7\u00e3o Potsdam<\/h2>\t\t\t\t<\/div>\n\t\t\t\t<\/div>\n\t\t\t\t<div class=\"elementor-element elementor-element-334d1e73 elementor-widget elementor-widget-eael-adv-accordion\" data-id=\"334d1e73\" data-element_type=\"widget\" data-widget_type=\"eael-adv-accordion.default\">\n\t\t\t\t<div class=\"elementor-widget-container\">\n\t\t\t\t\t            <div class=\"eael-adv-accordion\" id=\"eael-adv-accordion-334d1e73\" data-scroll-on-click=\"no\" data-scroll-speed=\"300\" data-accordion-id=\"334d1e73\" data-accordion-type=\"accordion\" data-toogle-speed=\"300\">\n            <div class=\"eael-accordion-list\">\n\t\t\t\t\t<div id=\"tagungshotels-in-potsdam\" class=\"elementor-tab-title eael-accordion-header\" tabindex=\"0\" data-tab=\"1\" aria-controls=\"elementor-tab-content-8601\"><span class=\"eael-advanced-accordion-icon-closed\"><svg aria-hidden=\"true\" class=\"fa-accordion-icon e-font-icon-svg e-fas-plus\" viewbox=\"0 0 448 512\" xmlns=\"http:\/\/www.w3.org\/2000\/svg\"><path d=\"M416 208H272V64c0-17.67-14.33-32-32-32h-32c-17.67 0-32 14.33-32 32v144H32c-17.67 0-32 14.33-32 32v32c0 17.67 14.33 32 32 32h144v144c0 17.67 14.33 32 32 32h32c17.67 0 32-14.33 32-32V304h144c17.67 0 32-14.33 32-32v-32c0-17.67-14.33-32-32-32z\"><\/path><\/svg><\/span><span class=\"eael-advanced-accordion-icon-opened\"><svg aria-hidden=\"true\" class=\"fa-accordion-icon e-font-icon-svg e-fas-minus\" viewbox=\"0 0 448 512\" xmlns=\"http:\/\/www.w3.org\/2000\/svg\"><path d=\"M416 208H32c-17.67 0-32 14.33-32 32v32c0 17.67 14.33 32 32 32h384c17.67 0 32-14.33 32-32v-32c0-17.67-14.33-32-32-32z\"><\/path><\/svg><\/span><span class=\"eael-accordion-tab-title\">Hot\u00e9is para confer\u00eancias em Potsdam<\/span><svg aria-hidden=\"true\" class=\"fa-toggle e-font-icon-svg e-fas-angle-right\" viewbox=\"0 0 256 512\" xmlns=\"http:\/\/www.w3.org\/2000\/svg\"><path d=\"M224.3 273l-136 136c-9.4 9.4-24.6 9.4-33.9 0l-22.6-22.6c-9.4-9.4-9.4-24.6 0-33.9l96.4-96.4-96.4-96.4c-9.4-9.4-9.4-24.6 0-33.9L54.3 103c9.4-9.4 24.6-9.4 33.9 0l136 136c9.5 9.4 9.5 24.6.1 34z\"><\/path><\/svg><\/div><div id=\"elementor-tab-content-8601\" class=\"eael-accordion-content clearfix\" data-tab=\"1\" aria-labelledby=\"tagungshotels-in-potsdam\"><div><ul><li>Hotel de congressos no Lago Templin<\/li><li>Steigenberger Hotel Sanssouci<\/li><li>Seminaris SeeHotel Potsdam<\/li><li>avendi Hotel am Griebnitzsee<\/li><li>Centro de Confer\u00eancias Hoffbauer<\/li><li>Mercure Hotel Potsdam City<\/li><li>Steigenberger Hotel Sanssouci<\/li><li>Dorint Sanssouci Berlim\/Potsdam<\/li><li>INSELHOTEL Potsdam-Hermannswerder<\/li><\/ul><\/div><\/div>\n\t\t\t\t\t<\/div><div class=\"eael-accordion-list\">\n\t\t\t\t\t<div id=\"eventlocations-in-potsdam\" class=\"elementor-tab-title eael-accordion-header\" tabindex=\"0\" data-tab=\"2\" aria-controls=\"elementor-tab-content-8602\"><span class=\"eael-advanced-accordion-icon-closed\"><svg aria-hidden=\"true\" class=\"fa-accordion-icon e-font-icon-svg e-fas-plus\" viewbox=\"0 0 448 512\" xmlns=\"http:\/\/www.w3.org\/2000\/svg\"><path d=\"M416 208H272V64c0-17.67-14.33-32-32-32h-32c-17.67 0-32 14.33-32 32v144H32c-17.67 0-32 14.33-32 32v32c0 17.67 14.33 32 32 32h144v144c0 17.67 14.33 32 32 32h32c17.67 0 32-14.33 32-32V304h144c17.67 0 32-14.33 32-32v-32c0-17.67-14.33-32-32-32z\"><\/path><\/svg><\/span><span class=\"eael-advanced-accordion-icon-opened\"><svg aria-hidden=\"true\" class=\"fa-accordion-icon e-font-icon-svg e-fas-minus\" viewbox=\"0 0 448 512\" xmlns=\"http:\/\/www.w3.org\/2000\/svg\"><path d=\"M416 208H32c-17.67 0-32 14.33-32 32v32c0 17.67 14.33 32 32 32h384c17.67 0 32-14.33 32-32v-32c0-17.67-14.33-32-32-32z\"><\/path><\/svg><\/span><span class=\"eael-accordion-tab-title\">Locais de eventos em Potsdam<\/span><svg aria-hidden=\"true\" class=\"fa-toggle e-font-icon-svg e-fas-angle-right\" viewbox=\"0 0 256 512\" xmlns=\"http:\/\/www.w3.org\/2000\/svg\"><path d=\"M224.3 273l-136 136c-9.4 9.4-24.6 9.4-33.9 0l-22.6-22.6c-9.4-9.4-9.4-24.6 0-33.9l96.4-96.4-96.4-96.4c-9.4-9.4-9.4-24.6 0-33.9L54.3 103c9.4-9.4 24.6-9.4 33.9 0l136 136c9.5 9.4 9.5 24.6.1 34z\"><\/path><\/svg><\/div><div id=\"elementor-tab-content-8602\" class=\"eael-accordion-content clearfix\" data-tab=\"2\" aria-labelledby=\"eventlocations-in-potsdam\"><div><ul><li>Pal\u00e1cio das b\u00e9tulas<\/li><li>Castelo de Blankensee<\/li><li>Castelo de Schwante<\/li><li>Biosfera Potsdam<\/li><li>Schinkelhalle Potsdam<\/li><li>Centro de Confer\u00eancias BlauArt<\/li><li>Pal\u00e1cio Lichtenau<\/li><li>Miradouro do Pfingstberg <\/li><\/ul><\/div><\/div>\n\t\t\t\t\t<\/div><\/div>\t\t\t\t<\/div>\n\t\t\t\t<\/div>\n\t\t\t\t\t<\/div>\n\t\t\t\t<\/div>\n\t\t<div data-particle_enable=\"false\" data-particle-mobile-disabled=\"false\" class=\"elementor-element elementor-element-4e4b5bc e-flex e-con-boxed e-con e-parent\" data-id=\"4e4b5bc\" data-element_type=\"container\">\n\t\t\t\t\t<div class=\"e-con-inner\">\n\t\t\t\t<div class=\"elementor-element elementor-element-34d6c35a elementor-widget elementor-widget-shortcode\" data-id=\"34d6c35a\" data-element_type=\"widget\" data-widget_type=\"shortcode.default\">\n\t\t\t\t<div class=\"elementor-widget-container\">\n\t\t\t\t\t\t\t<div class=\"elementor-shortcode\"><\/div>\n\t\t\t\t\t\t<\/div>\n\t\t\t\t<\/div>\n\t\t\t\t\t<\/div>\n\t\t\t\t<\/div>\n\t\t\t\t<\/div>","protected":false},"excerpt":{"rendered":"<p>F\u00fchrungsanlagen miten Potsdam: Tourguide-Systeme, PFAs und Personenf\u00fchrungsanlagen in Potsdam mieten Jetzt anfragen Wenn man von F\u00fchrungsanlagen, Tourguide-Systemen und PFAs spricht meint man \u2013 zumindest technisch gesehen \u2013 meist das dasselbe. Ganz grunds\u00e4tzlich gesehen bestehen all diese Anlagen aus Mikrofonen und Headsets oder Taschenempf\u00e4ngern mit Kopfh\u00f6rern \u2013 sowie einer Funkverbindung zwischen diesen beiden Elementen. Die offizielle [&hellip;]<\/p>","protected":false},"author":1,"featured_media":45482,"parent":0,"menu_order":0,"comment_status":"closed","ping_status":"closed","template":"","meta":{"_acf_changed":false,"footnotes":""},"class_list":["post-10017","page","type-page","status-publish","has-post-thumbnail","hentry"],"acf":[],"_links":{"self":[{"href":"https:\/\/konferenztechnik.de\/pt\/wp-json\/wp\/v2\/pages\/10017","targetHints":{"allow":["GET"]}}],"collection":[{"href":"https:\/\/konferenztechnik.de\/pt\/wp-json\/wp\/v2\/pages"}],"about":[{"href":"https:\/\/konferenztechnik.de\/pt\/wp-json\/wp\/v2\/types\/page"}],"author":[{"embeddable":true,"href":"https:\/\/konferenztechnik.de\/pt\/wp-json\/wp\/v2\/users\/1"}],"replies":[{"embeddable":true,"href":"https:\/\/konferenztechnik.de\/pt\/wp-json\/wp\/v2\/comments?post=10017"}],"version-history":[{"count":0,"href":"https:\/\/konferenztechnik.de\/pt\/wp-json\/wp\/v2\/pages\/10017\/revisions"}],"wp:featuredmedia":[{"embeddable":true,"href":"https:\/\/konferenztechnik.de\/pt\/wp-json\/wp\/v2\/media\/45482"}],"wp:attachment":[{"href":"https:\/\/konferenztechnik.de\/pt\/wp-json\/wp\/v2\/media?parent=10017"}],"curies":[{"name":"wp","href":"https:\/\/api.w.org\/{rel}","templated":true}]}}