{"id":10164,"date":"2017-05-21T09:10:38","date_gmt":"2017-05-21T08:10:38","guid":{"rendered":"https:\/\/www.konferenztechnik.de\/?page_id=10164\/"},"modified":"2023-08-02T12:02:07","modified_gmt":"2023-08-02T10:02:07","slug":"sistemas-de-guia-de-aluguer-duesseldorf","status":"publish","type":"page","link":"https:\/\/konferenztechnik.de\/pt\/sistemas-de-guia-de-aluguer-duesseldorf\/","title":{"rendered":"Sistemas de orienta\u00e7\u00e3o para alugueres D\u00fcsseldorf"},"content":{"rendered":"<div data-elementor-type=\"wp-page\" data-elementor-id=\"10164\" class=\"elementor elementor-10164\" data-elementor-post-type=\"page\">\n\t\t\t\t<div data-particle_enable=\"false\" data-particle-mobile-disabled=\"false\" class=\"elementor-element elementor-element-35149378 e-flex e-con-boxed e-con e-parent\" data-id=\"35149378\" data-element_type=\"container\">\n\t\t\t\t\t<div class=\"e-con-inner\">\n\t\t\t\t<div class=\"elementor-element elementor-element-650d19b8 elementor-widget elementor-widget-heading\" data-id=\"650d19b8\" data-element_type=\"widget\" data-settings=\"{&quot;_animation&quot;:&quot;none&quot;}\" data-widget_type=\"heading.default\">\n\t\t\t\t<div class=\"elementor-widget-container\">\n\t\t\t\t\t<h1 class=\"elementor-heading-title elementor-size-default\">Aluguer de sistemas de guias tur\u00edsticos em D\u00fcsseldorf: Sistemas de guias tur\u00edsticos e aluguer de guias tur\u00edsticos em D\u00fcsseldorf<\/h1>\t\t\t\t<\/div>\n\t\t\t\t<\/div>\n\t\t\t\t\t<\/div>\n\t\t\t\t<\/div>\n\t\t<div data-particle_enable=\"false\" data-particle-mobile-disabled=\"false\" class=\"elementor-element elementor-element-31077f78 e-flex e-con-boxed e-con e-parent\" data-id=\"31077f78\" data-element_type=\"container\">\n\t\t\t\t\t<div class=\"e-con-inner\">\n\t\t\t\t<div class=\"elementor-element elementor-element-34c14bcd elementor-widget-widescreen__width-inherit elementor-widget elementor-widget-image\" data-id=\"34c14bcd\" data-element_type=\"widget\" data-widget_type=\"image.default\">\n\t\t\t\t<div class=\"elementor-widget-container\">\n\t\t\t\t\t\t\t\t\t\t\t\t\t\t\t<img fetchpriority=\"high\" decoding=\"async\" width=\"1200\" height=\"450\" src=\"https:\/\/konferenztechnik.de\/wp-content\/uploads\/2017\/05\/veranstaltungstechnik-duesseldorf.jpg\" class=\"attachment-full size-full wp-image-10169\" alt=\"\" srcset=\"https:\/\/konferenztechnik.de\/wp-content\/uploads\/2017\/05\/veranstaltungstechnik-duesseldorf.jpg 1200w, https:\/\/konferenztechnik.de\/wp-content\/uploads\/2017\/05\/veranstaltungstechnik-duesseldorf-300x113.jpg 300w, https:\/\/konferenztechnik.de\/wp-content\/uploads\/2017\/05\/veranstaltungstechnik-duesseldorf-1024x384.jpg 1024w, https:\/\/konferenztechnik.de\/wp-content\/uploads\/2017\/05\/veranstaltungstechnik-duesseldorf-768x288.jpg 768w\" sizes=\"(max-width: 1200px) 100vw, 1200px\" title=\"\">\t\t\t\t\t\t\t\t\t\t\t\t\t\t\t<\/div>\n\t\t\t\t<\/div>\n\t\t<div data-particle_enable=\"false\" data-particle-mobile-disabled=\"false\" class=\"elementor-element elementor-element-4e00be84 e-flex e-con-boxed e-con e-parent\" data-id=\"4e00be84\" data-element_type=\"container\">\n\t\t\t\t\t<div class=\"e-con-inner\">\n\t\t\t\t<div class=\"elementor-element elementor-element-3cb028fc elementor-align-left elementor-widget elementor-widget-button\" data-id=\"3cb028fc\" data-element_type=\"widget\" data-widget_type=\"button.default\">\n\t\t\t\t<div class=\"elementor-widget-container\">\n\t\t\t\t\t\t\t\t\t<div class=\"elementor-button-wrapper\">\n\t\t\t\t\t<a class=\"elementor-button elementor-button-link elementor-size-lg\" href=\"#serviceteam\">\n\t\t\t\t\t\t<span class=\"elementor-button-content-wrapper\">\n\t\t\t\t\t\t<span class=\"elementor-button-icon\">\n\t\t\t\t<svg aria-hidden=\"true\" class=\"e-font-icon-svg e-far-arrow-alt-circle-down\" viewbox=\"0 0 512 512\" xmlns=\"http:\/\/www.w3.org\/2000\/svg\"><path d=\"M256 8C119 8 8 119 8 256s111 248 248 248 248-111 248-248S393 8 256 8zm0 448c-110.5 0-200-89.5-200-200S145.5 56 256 56s200 89.5 200 200-89.5 200-200 200zm-32-316v116h-67c-10.7 0-16 12.9-8.5 20.5l99 99c4.7 4.7 12.3 4.7 17 0l99-99c7.6-7.6 2.2-20.5-8.5-20.5h-67V140c0-6.6-5.4-12-12-12h-40c-6.6 0-12 5.4-12 12z\"><\/path><\/svg>\t\t\t<\/span>\n\t\t\t\t\t\t\t\t\t<span class=\"elementor-button-text\">Perguntar agora<\/span>\n\t\t\t\t\t<\/span>\n\t\t\t\t\t<\/a>\n\t\t\t\t<\/div>\n\t\t\t\t\t\t\t\t<\/div>\n\t\t\t\t<\/div>\n\t\t\t\t\t<\/div>\n\t\t\t\t<\/div>\n\t\t\t\t<div class=\"elementor-element elementor-element-640b0751 elementor-widget elementor-widget-shortcode\" data-id=\"640b0751\" data-element_type=\"widget\" data-widget_type=\"shortcode.default\">\n\t\t\t\t<div class=\"elementor-widget-container\">\n\t\t\t\t\t\t\t<div class=\"elementor-shortcode\">\t\t<div data-elementor-type=\"container\" data-elementor-id=\"37020\" class=\"elementor elementor-37020\" data-elementor-post-type=\"elementor_library\">\n\t\t\t\t<div data-particle_enable=\"false\" data-particle-mobile-disabled=\"false\" class=\"elementor-element elementor-element-349c2afa e-flex e-con-boxed e-con e-parent\" data-id=\"349c2afa\" data-element_type=\"container\">\n\t\t\t\t\t<div class=\"e-con-inner\">\n\t\t\t\t<div class=\"elementor-element elementor-element-821cbc8 elementor-widget__width-inherit elementor-widget elementor-widget-eael-post-list\" data-id=\"821cbc8\" data-element_type=\"widget\" data-settings=\"{&quot;_animation&quot;:&quot;none&quot;}\" data-widget_type=\"eael-post-list.default\">\n\t\t\t\t<div class=\"elementor-widget-container\">\n\t\t\t\t\t<div class=\"eael-post-list-container advanced layout-advanced\"><div class=\"eael-post-list-wrap\"><div class=\"eael-post-list-posts-wrap eael-post-appender eael-post-appender-821cbc8\"><div class=\"eael-post-list-post\"><div class=\"eael-post-list-post-inner\"><div class=\"eael-post-list-thumbnail\"><a href=\"https:\/\/konferenztechnik.de\/pt\/uniao-da-televisao\/\">\n                <img decoding=\"async\" src=\"https:\/\/konferenztechnik.de\/wp-content\/uploads\/2023\/06\/televic-unite-fuehrungsanlage.jpg\" alt=\"Sistema de sussurro e orienta\u00e7\u00e3o Televic UNITE com microfone de m\u00e3o e microfone de auricular, receptores e esta\u00e7\u00f5es de carregamento\" title=\"\">\n            <\/a><\/div><div class=\"eael-post-list-content\"><h3 class=\"eael-post-list-title\"><a href=\"https:\/\/konferenztechnik.de\/pt\/uniao-da-televisao\/\" >Sistema de orienta\u00e7\u00e3o de passageiros Televic Unite \u2013<\/a><\/h3><p>Sistema multifuncional: visitas guiadas, apresenta\u00e7\u00f5es sem fios, interpreta\u00e7\u00e3o com assist\u00eancia auditiva ...<\/p><a href=\"https:\/\/konferenztechnik.de\/pt\/uniao-da-televisao\/\" class=\"eael-post-elements-readmore-btn\" >\u203a mais<\/a><div class=\"boxed-meta\"><\/div><\/div><\/div><\/div><div class=\"eael-post-list-post\"><div class=\"eael-post-list-post-inner\"><div class=\"eael-post-list-thumbnail\"><a href=\"https:\/\/konferenztechnik.de\/pt\/beyerdynamic-tts-300-sistema-de-orientacao-pessoal\/\">\n                <img decoding=\"async\" src=\"https:\/\/konferenztechnik.de\/wp-content\/uploads\/2023\/06\/Beyerdynamic-TTS300-mieten.jpg\" alt=\"Sistema de sussurro e sistema de orienta\u00e7\u00e3o do tipo TTS300 da Beyerdynamic com microfone de m\u00e3o, receptores e esta\u00e7\u00f5es de carregamento\" title=\"\">\n            <\/a><\/div><div class=\"eael-post-list-content\"><h3 class=\"eael-post-list-title\"><a href=\"https:\/\/konferenztechnik.de\/pt\/beyerdynamic-tts-300-sistema-de-orientacao-pessoal\/\" >Sistema de orienta\u00e7\u00e3o pessoal Beyerdynamic TTS 300 \u2013<\/a><\/h3><p>Funcionamento paralelo de at\u00e9 10 canais, tempo de carga: 30 minutos ...<\/p><a href=\"https:\/\/konferenztechnik.de\/pt\/beyerdynamic-tts-300-sistema-de-orientacao-pessoal\/\" class=\"eael-post-elements-readmore-btn\" >\u203a mais<\/a><div class=\"boxed-meta\"><\/div><\/div><\/div><\/div><div class=\"eael-post-list-post\"><div class=\"eael-post-list-post-inner\"><div class=\"eael-post-list-thumbnail\"><a href=\"https:\/\/konferenztechnik.de\/pt\/sistema-de-orientacao-pessoal-sennheiser-tourguide-2020-d\/\">\n                <img decoding=\"async\" src=\"https:\/\/konferenztechnik.de\/wp-content\/uploads\/2023\/06\/tourguide-system-kaufen-mieten.jpg\" alt=\"\" title=\"\">\n            <\/a><\/div><div class=\"eael-post-list-content\"><h3 class=\"eael-post-list-title\"><a href=\"https:\/\/konferenztechnik.de\/pt\/sistema-de-orientacao-pessoal-sennheiser-tourguide-2020-d\/\" >Sistema de guia tur\u00edstico Sennheiser Tourguide 2020 D \u2013<\/a><\/h3><p>O sistema digital Sennheiser 2020-D Tourguide combina um manuseamento f\u00e1cil com fun\u00e7\u00f5es profissionais. ...<\/p><a href=\"https:\/\/konferenztechnik.de\/pt\/sistema-de-orientacao-pessoal-sennheiser-tourguide-2020-d\/\" class=\"eael-post-elements-readmore-btn\" >\u203a mais<\/a><div class=\"boxed-meta\"><\/div><\/div><\/div><\/div><div class=\"eael-post-list-post\"><div class=\"eael-post-list-post-inner\"><div class=\"eael-post-list-thumbnail\"><a href=\"https:\/\/konferenztechnik.de\/pt\/sistema-de-orientacao-pessoal-beyerdynamic-synexis\/\">\n                <img decoding=\"async\" src=\"https:\/\/konferenztechnik.de\/wp-content\/uploads\/2023\/06\/beyerdynamic-synexis.jpg\" alt=\"Sistema de sussurro e orienta\u00e7\u00e3o Beyerdynamic Synexis com microfone de m\u00e3o, receptores e esta\u00e7\u00f5es de carregamento\" title=\"\">\n            <\/a><\/div><div class=\"eael-post-list-content\"><h3 class=\"eael-post-list-title\"><a href=\"https:\/\/konferenztechnik.de\/pt\/sistema-de-orientacao-pessoal-beyerdynamic-synexis\/\" >Sistema de orienta\u00e7\u00e3o de pessoas Beyerdynamic Synexis \u2013<\/a><\/h3><p>Utiliza\u00e7\u00e3o polivalente: visitas guiadas, aplica\u00e7\u00f5es de interpreta\u00e7\u00e3o, apoio \u00e0 audi\u00e7\u00e3o ...<\/p><a href=\"https:\/\/konferenztechnik.de\/pt\/sistema-de-orientacao-pessoal-beyerdynamic-synexis\/\" class=\"eael-post-elements-readmore-btn\" >\u203a mais<\/a><div class=\"boxed-meta\"><\/div><\/div><\/div><\/div><\/div><\/div>\n\t\t<\/div>\t\t\t\t<\/div>\n\t\t\t\t<\/div>\n\t\t\t\t\t<\/div>\n\t\t\t\t<\/div>\n\t\t\t\t<\/div>\n\t\t<\/div>\n\t\t\t\t\t\t<\/div>\n\t\t\t\t<\/div>\n\t\t\t\t<div class=\"elementor-element elementor-element-3edec940 elementor-widget elementor-widget-spacer\" data-id=\"3edec940\" data-element_type=\"widget\" data-widget_type=\"spacer.default\">\n\t\t\t\t<div class=\"elementor-widget-container\">\n\t\t\t\t\t\t\t<div class=\"elementor-spacer\">\n\t\t\t<div class=\"elementor-spacer-inner\"><\/div>\n\t\t<\/div>\n\t\t\t\t\t\t<\/div>\n\t\t\t\t<\/div>\n\t\t\t\t\t<\/div>\n\t\t\t\t<\/div>\n\t\t<div data-particle_enable=\"false\" data-particle-mobile-disabled=\"false\" class=\"elementor-element elementor-element-7de41ea3 e-flex e-con-boxed e-con e-parent\" data-id=\"7de41ea3\" data-element_type=\"container\">\n\t\t\t\t\t<div class=\"e-con-inner\">\n\t\t\t\t<div class=\"elementor-element elementor-element-27b8c8be elementor-widget__width-initial elementor-widget elementor-widget-text-editor\" data-id=\"27b8c8be\" data-element_type=\"widget\" data-widget_type=\"text-editor.default\">\n\t\t\t\t<div class=\"elementor-widget-container\">\n\t\t\t\t\t\t\t\t\t<p>Com a sua elevada qualidade de vida e a sua localiza\u00e7\u00e3o no centro da regi\u00e3o econ\u00f3mica da Europa Central, D\u00fcsseldorf apresenta-se como uma metr\u00f3pole de estilo de vida aberto e diversificado. As numerosas feiras comerciais, congressos, confer\u00eancias e eventos que se realizam em D\u00fcsseldorf em estreita sucess\u00e3o mostram tamb\u00e9m que a capital da Ren\u00e2nia do Norte-Vestef\u00e1lia tem uma forte posi\u00e7\u00e3o econ\u00f3mica em v\u00e1rios eixos de transporte.<\/p>\t\t\t\t\t\t\t\t<\/div>\n\t\t\t\t<\/div>\n\t\t\t\t<div class=\"elementor-element elementor-element-71c59f8e elementor-widget__width-initial elementor-widget elementor-widget-heading\" data-id=\"71c59f8e\" data-element_type=\"widget\" data-settings=\"{&quot;_animation&quot;:&quot;none&quot;}\" data-widget_type=\"heading.default\">\n\t\t\t\t<div class=\"elementor-widget-container\">\n\t\t\t\t\t<h2 class=\"elementor-heading-title elementor-size-default\">Sistemas de assobio para D\u00fcsseldorf: r\u00e1pidos e em grandes quantidades<\/h2>\t\t\t\t<\/div>\n\t\t\t\t<\/div>\n\t\t\t\t<div class=\"elementor-element elementor-element-418bc500 elementor-widget__width-inherit elementor-widget elementor-widget-text-editor\" data-id=\"418bc500\" data-element_type=\"widget\" data-widget_type=\"text-editor.default\">\n\t\t\t\t<div class=\"elementor-widget-container\">\n\t\t\t\t\t\t\t\t\t<p>A PCS Konferenztechnik tem a sua sede em D\u00fcsseldorf. A partir do seu armaz\u00e9m central de distribui\u00e7\u00e3o, a PCS fornece diretamente a salas de congressos, hot\u00e9is de confer\u00eancias, mas tamb\u00e9m a int\u00e9rpretes, empresas e organizadores de eventos de todas as dimens\u00f5es em D\u00fcsseldorf e arredores, sistemas de orienta\u00e7\u00e3o de pessoas (PFAs ou Pefas), sistemas de sussurro e sistemas de guia tur\u00edstico. Os pedidos s\u00e3o processados muito rapidamente e a entrega no local do evento ocorre frequentemente em poucas horas. A PCS fornece o seguinte equipamento de aluguer em grandes quantidades em D\u00fcsseldorf:<\/p>\t\t\t\t\t\t\t\t<\/div>\n\t\t\t\t<\/div>\n\t\t\t\t<div class=\"elementor-element elementor-element-4807984c elementor-widget__width-inherit elementor-widget elementor-widget-text-editor\" data-id=\"4807984c\" data-element_type=\"widget\" data-widget_type=\"text-editor.default\">\n\t\t\t\t<div class=\"elementor-widget-container\">\n\t\t\t\t\t\t\t\t\t<ul><li>Recetor sem fios Beyerdynamic Synexis RP8<\/li><li>Microfone de m\u00e3o Beyerdynamic Synexis TH8<\/li><li>Transmissor de cinto de seguran\u00e7a Beyerdynamic Synexis TP8<\/li><li>Transmissor fixo Beyerdynamic Synexis TS8<\/li><\/ul><div class=\"spacer\">\u00a0<\/div><ul><li>Receptores sem fios Beyerdynamic FE30 e FE316<\/li><li>Microfone de m\u00e3o Beyerdynamic SEM30 e SEM316<\/li><li>Transmissores bodypack Beyerdynamic TS30 e TS316<\/li><li>Transmissor fixo Beyerdynamic CT30 e CT316<\/li><\/ul><div class=\"spacer\">\u00a0<\/div><ul><li>Recetor de r\u00e1dio Sennheiser Tourguide Digital HDE 2020-D<\/li><li>Microfone de m\u00e3o Sennheiser Tourguide Digital SKM 2020-D<\/li><li>Estojo de carregamento Sennheiser EZL 2020-20L<\/li><\/ul><div class=\"spacer\">\u00a0<\/div><ul><li>Recetor UHF Sennheiser EK 1039<\/li><li>Microfone de m\u00e3o Sennheiser SKM 2000 UHF<\/li><\/ul>\t\t\t\t\t\t\t\t<\/div>\n\t\t\t\t<\/div>\n\t\t\t\t<div class=\"elementor-element elementor-element-086301b elementor-widget__width-inherit elementor-widget elementor-widget-text-editor\" data-id=\"086301b\" data-element_type=\"widget\" data-widget_type=\"text-editor.default\">\n\t\t\t\t<div class=\"elementor-widget-container\">\n\t\t\t\t\t\t\t\t\t<p>Estes dispositivos \u2013, por vezes tamb\u00e9m designados por sistemas de controlo de f\u00e1brica ou caixas de sussurro, s\u00e3o todos tecnicamente constitu\u00eddos por um microfone\/transmissor de um lado e um ou mais elementos receptores do outro. Estes elementos s\u00e3o ligados por r\u00e1dio. Consoante a aplica\u00e7\u00e3o, o utilizador pode escolher entre auscultadores, auscultadores monoauriculares ou auscultadores para estetosc\u00f3pio. O chamado la\u00e7o de indu\u00e7\u00e3o \u00e9 utilizado para transmitir diretamente para um aparelho auditivo se um participante tiver defici\u00eancias auditivas (palavra-chave: sem barreiras).<\/p><p>\u00a0<\/p><p>Os sistemas de guia s\u00e3o utilizados em confer\u00eancias, congressos ou audi\u00eancias judiciais com int\u00e9rpretes simult\u00e2neos ou sussurrados, bem como em visitas guiadas a cidades, museus ou visitas a f\u00e1bricas\/grupos atrav\u00e9s de salas de produ\u00e7\u00e3o ruidosas. Naturalmente, n\u00e3o substituem um sistema de interpreta\u00e7\u00e3o com cabina insonorizada, como o utilizado em confer\u00eancias que duram todo o dia, pelo que s\u00e3o ideais para utiliza\u00e7\u00e3o m\u00f3vel\/viajante.<\/p>\t\t\t\t\t\t\t\t<\/div>\n\t\t\t\t<\/div>\n\t\t\t\t<div class=\"elementor-element elementor-element-695f0151 elementor-widget__width-initial elementor-widget elementor-widget-heading\" data-id=\"695f0151\" data-element_type=\"widget\" data-settings=\"{&quot;_animation&quot;:&quot;none&quot;}\" data-widget_type=\"heading.default\">\n\t\t\t\t<div class=\"elementor-widget-container\">\n\t\t\t\t\t<h2 class=\"elementor-heading-title elementor-size-default\">Tourguide-Rental D\u00fcsseldorf: \u00c9 melhor alugar do que comprar<\/h2>\t\t\t\t<\/div>\n\t\t\t\t<\/div>\n\t\t\t\t<div class=\"elementor-element elementor-element-6179dcba elementor-widget__width-inherit elementor-widget elementor-widget-text-editor\" data-id=\"6179dcba\" data-element_type=\"widget\" data-widget_type=\"text-editor.default\">\n\t\t\t\t<div class=\"elementor-widget-container\">\n\t\t\t\t\t\t\t\t\t<p>A PCS Konferenztechnik \u00e9 especialista no aluguer de sistemas de guias tur\u00edsticos, sistemas de guias tur\u00edsticos e equipamento semelhante. A vantagem do aluguer \u00e9 geralmente \u00f3bvia: quem aluga estes sistemas tem sempre a garantia de dispor de equipamento totalmente funcional e tecnicamente bem conservado. Al\u00e9m disso, os auscultadores s\u00e3o higienicamente limpos e sempre reembalados. Com d\u00e9cadas de experi\u00eancia neste dom\u00ednio, os t\u00e9cnicos da PCS nas instala\u00e7\u00f5es de D\u00fcsseldorf oferecem aconselhamento t\u00e9cnico abrangente tanto para principiantes como para profissionais. As quest\u00f5es colocadas atrav\u00e9s da linha direta de 24 horas s\u00e3o respondidas r\u00e1pida e facilmente.<br \/>Naturalmente, estes sistemas tamb\u00e9m podem ser comprados na nossa empresa, caso pretenda utilizar estes sistemas \u00fateis com maior frequ\u00eancia no futuro.<\/p>\t\t\t\t\t\t\t\t<\/div>\n\t\t\t\t<\/div>\n\t\t\t\t<div class=\"elementor-element elementor-element-f8e43b6 elementor-widget__width-initial elementor-widget elementor-widget-heading\" data-id=\"f8e43b6\" data-element_type=\"widget\" data-settings=\"{&quot;_animation&quot;:&quot;none&quot;}\" data-widget_type=\"heading.default\">\n\t\t\t\t<div class=\"elementor-widget-container\">\n\t\t\t\t\t<h2 class=\"elementor-heading-title elementor-size-default\">Transfer\u00eancias Manuais, manuais e material informativo\n<\/h2>\t\t\t\t<\/div>\n\t\t\t\t<\/div>\n\t\t\t\t<div class=\"elementor-element elementor-element-48ab5c45 elementor-widget elementor-widget-shortcode\" data-id=\"48ab5c45\" data-element_type=\"widget\" data-widget_type=\"shortcode.default\">\n\t\t\t\t<div class=\"elementor-widget-container\">\n\t\t\t\t\t\t\t<div class=\"elementor-shortcode\">\t\t<div data-elementor-type=\"container\" data-elementor-id=\"30709\" class=\"elementor elementor-30709\" data-elementor-post-type=\"elementor_library\">\n\t\t\t\t<div data-particle_enable=\"false\" data-particle-mobile-disabled=\"false\" class=\"elementor-element elementor-element-50123a19 e-flex e-con-boxed e-con e-parent\" data-id=\"50123a19\" data-element_type=\"container\" data-settings=\"{&quot;background_background&quot;:&quot;classic&quot;}\">\n\t\t\t\t\t<div class=\"e-con-inner\">\n\t\t\t\t<div class=\"elementor-element elementor-element-7b023e62 elementor-icon-list--layout-traditional elementor-list-item-link-full_width elementor-widget elementor-widget-icon-list\" data-id=\"7b023e62\" data-element_type=\"widget\" data-widget_type=\"icon-list.default\">\n\t\t\t\t<div class=\"elementor-widget-container\">\n\t\t\t\t\t\t\t<ul class=\"elementor-icon-list-items\">\n\t\t\t\t\t\t\t<li class=\"elementor-icon-list-item\">\n\t\t\t\t\t\t\t\t\t\t\t<a href=\"\/wp-content\/uploads\/2017\/06\/beyerdynamic-synexis-manual-bedienungsanleitung.pdf\" target=\"_blank\">\n\n\t\t\t\t\t\t\t\t\t\t\t\t<span class=\"elementor-icon-list-icon\">\n\t\t\t\t\t\t\t<svg aria-hidden=\"true\" class=\"e-font-icon-svg e-far-file-pdf\" viewbox=\"0 0 384 512\" xmlns=\"http:\/\/www.w3.org\/2000\/svg\"><path d=\"M369.9 97.9L286 14C277 5 264.8-.1 252.1-.1H48C21.5 0 0 21.5 0 48v416c0 26.5 21.5 48 48 48h288c26.5 0 48-21.5 48-48V131.9c0-12.7-5.1-25-14.1-34zM332.1 128H256V51.9l76.1 76.1zM48 464V48h160v104c0 13.3 10.7 24 24 24h104v288H48zm250.2-143.7c-12.2-12-47-8.7-64.4-6.5-17.2-10.5-28.7-25-36.8-46.3 3.9-16.1 10.1-40.6 5.4-56-4.2-26.2-37.8-23.6-42.6-5.9-4.4 16.1-.4 38.5 7 67.1-10 23.9-24.9 56-35.4 74.4-20 10.3-47 26.2-51 46.2-3.3 15.8 26 55.2 76.1-31.2 22.4-7.4 46.8-16.5 68.4-20.1 18.9 10.2 41 17 55.8 17 25.5 0 28-28.2 17.5-38.7zm-198.1 77.8c5.1-13.7 24.5-29.5 30.4-35-19 30.3-30.4 35.7-30.4 35zm81.6-190.6c7.4 0 6.7 32.1 1.8 40.8-4.4-13.9-4.3-40.8-1.8-40.8zm-24.4 136.6c9.7-16.9 18-37 24.7-54.7 8.3 15.1 18.9 27.2 30.1 35.5-20.8 4.3-38.9 13.1-54.8 19.2zm131.6-5s-5 6-37.3-7.8c35.1-2.6 40.9 5.4 37.3 7.8z\"><\/path><\/svg>\t\t\t\t\t\t<\/span>\n\t\t\t\t\t\t\t\t\t\t<span class=\"elementor-icon-list-text\">Beyerdynamic Synexis Manual Manual do utilizador<\/span>\n\t\t\t\t\t\t\t\t\t\t\t<\/a>\n\t\t\t\t\t\t\t\t\t<\/li>\n\t\t\t\t\t\t\t\t<li class=\"elementor-icon-list-item\">\n\t\t\t\t\t\t\t\t\t\t\t<a href=\"\/wp-content\/uploads\/2017\/06\/beyerdynamic-synexis_quick-start-guide.pdf\" target=\"_blank\">\n\n\t\t\t\t\t\t\t\t\t\t\t\t<span class=\"elementor-icon-list-icon\">\n\t\t\t\t\t\t\t<svg aria-hidden=\"true\" class=\"e-font-icon-svg e-far-file-pdf\" viewbox=\"0 0 384 512\" xmlns=\"http:\/\/www.w3.org\/2000\/svg\"><path d=\"M369.9 97.9L286 14C277 5 264.8-.1 252.1-.1H48C21.5 0 0 21.5 0 48v416c0 26.5 21.5 48 48 48h288c26.5 0 48-21.5 48-48V131.9c0-12.7-5.1-25-14.1-34zM332.1 128H256V51.9l76.1 76.1zM48 464V48h160v104c0 13.3 10.7 24 24 24h104v288H48zm250.2-143.7c-12.2-12-47-8.7-64.4-6.5-17.2-10.5-28.7-25-36.8-46.3 3.9-16.1 10.1-40.6 5.4-56-4.2-26.2-37.8-23.6-42.6-5.9-4.4 16.1-.4 38.5 7 67.1-10 23.9-24.9 56-35.4 74.4-20 10.3-47 26.2-51 46.2-3.3 15.8 26 55.2 76.1-31.2 22.4-7.4 46.8-16.5 68.4-20.1 18.9 10.2 41 17 55.8 17 25.5 0 28-28.2 17.5-38.7zm-198.1 77.8c5.1-13.7 24.5-29.5 30.4-35-19 30.3-30.4 35.7-30.4 35zm81.6-190.6c7.4 0 6.7 32.1 1.8 40.8-4.4-13.9-4.3-40.8-1.8-40.8zm-24.4 136.6c9.7-16.9 18-37 24.7-54.7 8.3 15.1 18.9 27.2 30.1 35.5-20.8 4.3-38.9 13.1-54.8 19.2zm131.6-5s-5 6-37.3-7.8c35.1-2.6 40.9 5.4 37.3 7.8z\"><\/path><\/svg>\t\t\t\t\t\t<\/span>\n\t\t\t\t\t\t\t\t\t\t<span class=\"elementor-icon-list-text\">Guia de in\u00edcio r\u00e1pido do Beyerdynamic Synexis<\/span>\n\t\t\t\t\t\t\t\t\t\t\t<\/a>\n\t\t\t\t\t\t\t\t\t<\/li>\n\t\t\t\t\t\t\t\t<li class=\"elementor-icon-list-item\">\n\t\t\t\t\t\t\t\t\t\t\t<a href=\"\/wp-content\/uploads\/2017\/06\/Bedienungsanleitung-Sennheiser-Tourguide2020_DE.pdf\" target=\"_blank\">\n\n\t\t\t\t\t\t\t\t\t\t\t\t<span class=\"elementor-icon-list-icon\">\n\t\t\t\t\t\t\t<svg aria-hidden=\"true\" class=\"e-font-icon-svg e-far-file-pdf\" viewbox=\"0 0 384 512\" xmlns=\"http:\/\/www.w3.org\/2000\/svg\"><path d=\"M369.9 97.9L286 14C277 5 264.8-.1 252.1-.1H48C21.5 0 0 21.5 0 48v416c0 26.5 21.5 48 48 48h288c26.5 0 48-21.5 48-48V131.9c0-12.7-5.1-25-14.1-34zM332.1 128H256V51.9l76.1 76.1zM48 464V48h160v104c0 13.3 10.7 24 24 24h104v288H48zm250.2-143.7c-12.2-12-47-8.7-64.4-6.5-17.2-10.5-28.7-25-36.8-46.3 3.9-16.1 10.1-40.6 5.4-56-4.2-26.2-37.8-23.6-42.6-5.9-4.4 16.1-.4 38.5 7 67.1-10 23.9-24.9 56-35.4 74.4-20 10.3-47 26.2-51 46.2-3.3 15.8 26 55.2 76.1-31.2 22.4-7.4 46.8-16.5 68.4-20.1 18.9 10.2 41 17 55.8 17 25.5 0 28-28.2 17.5-38.7zm-198.1 77.8c5.1-13.7 24.5-29.5 30.4-35-19 30.3-30.4 35.7-30.4 35zm81.6-190.6c7.4 0 6.7 32.1 1.8 40.8-4.4-13.9-4.3-40.8-1.8-40.8zm-24.4 136.6c9.7-16.9 18-37 24.7-54.7 8.3 15.1 18.9 27.2 30.1 35.5-20.8 4.3-38.9 13.1-54.8 19.2zm131.6-5s-5 6-37.3-7.8c35.1-2.6 40.9 5.4 37.3 7.8z\"><\/path><\/svg>\t\t\t\t\t\t<\/span>\n\t\t\t\t\t\t\t\t\t\t<span class=\"elementor-icon-list-text\">Manual de instru\u00e7\u00f5es do Sennheiser Tourguide 2020 Alem\u00e3o<\/span>\n\t\t\t\t\t\t\t\t\t\t\t<\/a>\n\t\t\t\t\t\t\t\t\t<\/li>\n\t\t\t\t\t\t\t\t<li class=\"elementor-icon-list-item\">\n\t\t\t\t\t\t\t\t\t\t\t<a href=\"\/wp-content\/uploads\/2017\/06\/sennheiser-tourguide-SK2020DUS-en.pdf\" target=\"_blank\">\n\n\t\t\t\t\t\t\t\t\t\t\t\t<span class=\"elementor-icon-list-icon\">\n\t\t\t\t\t\t\t<svg aria-hidden=\"true\" class=\"e-font-icon-svg e-far-file-pdf\" viewbox=\"0 0 384 512\" xmlns=\"http:\/\/www.w3.org\/2000\/svg\"><path d=\"M369.9 97.9L286 14C277 5 264.8-.1 252.1-.1H48C21.5 0 0 21.5 0 48v416c0 26.5 21.5 48 48 48h288c26.5 0 48-21.5 48-48V131.9c0-12.7-5.1-25-14.1-34zM332.1 128H256V51.9l76.1 76.1zM48 464V48h160v104c0 13.3 10.7 24 24 24h104v288H48zm250.2-143.7c-12.2-12-47-8.7-64.4-6.5-17.2-10.5-28.7-25-36.8-46.3 3.9-16.1 10.1-40.6 5.4-56-4.2-26.2-37.8-23.6-42.6-5.9-4.4 16.1-.4 38.5 7 67.1-10 23.9-24.9 56-35.4 74.4-20 10.3-47 26.2-51 46.2-3.3 15.8 26 55.2 76.1-31.2 22.4-7.4 46.8-16.5 68.4-20.1 18.9 10.2 41 17 55.8 17 25.5 0 28-28.2 17.5-38.7zm-198.1 77.8c5.1-13.7 24.5-29.5 30.4-35-19 30.3-30.4 35.7-30.4 35zm81.6-190.6c7.4 0 6.7 32.1 1.8 40.8-4.4-13.9-4.3-40.8-1.8-40.8zm-24.4 136.6c9.7-16.9 18-37 24.7-54.7 8.3 15.1 18.9 27.2 30.1 35.5-20.8 4.3-38.9 13.1-54.8 19.2zm131.6-5s-5 6-37.3-7.8c35.1-2.6 40.9 5.4 37.3 7.8z\"><\/path><\/svg>\t\t\t\t\t\t<\/span>\n\t\t\t\t\t\t\t\t\t\t<span class=\"elementor-icon-list-text\">Manual do Sennheiser Tourguide SK2020D US Ingl\u00eas<\/span>\n\t\t\t\t\t\t\t\t\t\t\t<\/a>\n\t\t\t\t\t\t\t\t\t<\/li>\n\t\t\t\t\t\t<\/ul>\n\t\t\t\t\t\t<\/div>\n\t\t\t\t<\/div>\n\t\t\t\t\t<\/div>\n\t\t\t\t<\/div>\n\t\t\t\t<\/div>\n\t\t<\/div>\n\t\t\t\t\t\t<\/div>\n\t\t\t\t<\/div>\n\t\t\t\t<div class=\"elementor-element elementor-element-3793fdcd elementor-widget__width-initial elementor-widget elementor-widget-heading\" data-id=\"3793fdcd\" data-element_type=\"widget\" data-settings=\"{&quot;_animation&quot;:&quot;none&quot;}\" data-widget_type=\"heading.default\">\n\t\t\t\t<div class=\"elementor-widget-container\">\n\t\t\t\t\t<h2 class=\"elementor-heading-title elementor-size-default\">Sistemas de orienta\u00e7\u00e3o para alugueres D\u00fcsseldorf<\/h2>\t\t\t\t<\/div>\n\t\t\t\t<\/div>\n\t\t\t\t<div class=\"elementor-element elementor-element-ee7650c elementor-widget elementor-widget-eael-adv-accordion\" data-id=\"ee7650c\" data-element_type=\"widget\" data-widget_type=\"eael-adv-accordion.default\">\n\t\t\t\t<div class=\"elementor-widget-container\">\n\t\t\t\t\t            <div class=\"eael-adv-accordion\" id=\"eael-adv-accordion-ee7650c\" data-scroll-on-click=\"no\" data-scroll-speed=\"300\" data-accordion-id=\"ee7650c\" data-accordion-type=\"accordion\" data-toogle-speed=\"300\">\n            <div class=\"eael-accordion-list\">\n\t\t\t\t\t<div id=\"veranstaltungsorte-fr-events-und-kongresse-in-dsseldorf\" class=\"elementor-tab-title eael-accordion-header\" tabindex=\"0\" data-tab=\"1\" aria-controls=\"elementor-tab-content-2501\"><span class=\"eael-advanced-accordion-icon-closed\"><svg aria-hidden=\"true\" class=\"fa-accordion-icon e-font-icon-svg e-fas-plus\" viewbox=\"0 0 448 512\" xmlns=\"http:\/\/www.w3.org\/2000\/svg\"><path d=\"M416 208H272V64c0-17.67-14.33-32-32-32h-32c-17.67 0-32 14.33-32 32v144H32c-17.67 0-32 14.33-32 32v32c0 17.67 14.33 32 32 32h144v144c0 17.67 14.33 32 32 32h32c17.67 0 32-14.33 32-32V304h144c17.67 0 32-14.33 32-32v-32c0-17.67-14.33-32-32-32z\"><\/path><\/svg><\/span><span class=\"eael-advanced-accordion-icon-opened\"><svg aria-hidden=\"true\" class=\"fa-accordion-icon e-font-icon-svg e-fas-minus\" viewbox=\"0 0 448 512\" xmlns=\"http:\/\/www.w3.org\/2000\/svg\"><path d=\"M416 208H32c-17.67 0-32 14.33-32 32v32c0 17.67 14.33 32 32 32h384c17.67 0 32-14.33 32-32v-32c0-17.67-14.33-32-32-32z\"><\/path><\/svg><\/span><span class=\"eael-accordion-tab-title\">Locais para eventos e congressos em D\u00fcsseldorf<\/span><svg aria-hidden=\"true\" class=\"fa-toggle e-font-icon-svg e-fas-angle-right\" viewbox=\"0 0 256 512\" xmlns=\"http:\/\/www.w3.org\/2000\/svg\"><path d=\"M224.3 273l-136 136c-9.4 9.4-24.6 9.4-33.9 0l-22.6-22.6c-9.4-9.4-9.4-24.6 0-33.9l96.4-96.4-96.4-96.4c-9.4-9.4-9.4-24.6 0-33.9L54.3 103c9.4-9.4 24.6-9.4 33.9 0l136 136c9.5 9.4 9.5 24.6.1 34z\"><\/path><\/svg><\/div><div id=\"elementor-tab-content-2501\" class=\"eael-accordion-content clearfix\" data-tab=\"1\" aria-labelledby=\"veranstaltungsorte-fr-events-und-kongresse-in-dsseldorf\"><div><ul><li>Centro de Feiras e Exposi\u00e7\u00f5es de D\u00fcsseldorf<\/li><li>CCD \u2013 Centro de Congressos de D\u00fcsseldorf<\/li><li>HOR\u00d3SIO<\/li><li>Sal\u00e3o da Mitsubishi Electric<\/li><li>Esta\u00e7\u00e3o do aeroporto<\/li><li>Esprit Arena<\/li><li>C\u00fapula da ISS<\/li><li>Castello D\u00fcsseldorf <\/li><\/ul><\/div><\/div>\n\t\t\t\t\t<\/div><div class=\"eael-accordion-list\">\n\t\t\t\t\t<div id=\"-die-wichtigsten-veranstaltungshotels-in-dsseldorf\" class=\"elementor-tab-title eael-accordion-header\" tabindex=\"0\" data-tab=\"2\" aria-controls=\"elementor-tab-content-2502\"><span class=\"eael-advanced-accordion-icon-closed\"><svg aria-hidden=\"true\" class=\"fa-accordion-icon e-font-icon-svg e-fas-plus\" viewbox=\"0 0 448 512\" xmlns=\"http:\/\/www.w3.org\/2000\/svg\"><path d=\"M416 208H272V64c0-17.67-14.33-32-32-32h-32c-17.67 0-32 14.33-32 32v144H32c-17.67 0-32 14.33-32 32v32c0 17.67 14.33 32 32 32h144v144c0 17.67 14.33 32 32 32h32c17.67 0 32-14.33 32-32V304h144c17.67 0 32-14.33 32-32v-32c0-17.67-14.33-32-32-32z\"><\/path><\/svg><\/span><span class=\"eael-advanced-accordion-icon-opened\"><svg aria-hidden=\"true\" class=\"fa-accordion-icon e-font-icon-svg e-fas-minus\" viewbox=\"0 0 448 512\" xmlns=\"http:\/\/www.w3.org\/2000\/svg\"><path d=\"M416 208H32c-17.67 0-32 14.33-32 32v32c0 17.67 14.33 32 32 32h384c17.67 0 32-14.33 32-32v-32c0-17.67-14.33-32-32-32z\"><\/path><\/svg><\/span><span class=\"eael-accordion-tab-title\"> Os hot\u00e9is para eventos mais importantes em D\u00fcsseldorf<\/span><svg aria-hidden=\"true\" class=\"fa-toggle e-font-icon-svg e-fas-angle-right\" viewbox=\"0 0 256 512\" xmlns=\"http:\/\/www.w3.org\/2000\/svg\"><path d=\"M224.3 273l-136 136c-9.4 9.4-24.6 9.4-33.9 0l-22.6-22.6c-9.4-9.4-9.4-24.6 0-33.9l96.4-96.4-96.4-96.4c-9.4-9.4-9.4-24.6 0-33.9L54.3 103c9.4-9.4 24.6-9.4 33.9 0l136 136c9.5 9.4 9.5 24.6.1 34z\"><\/path><\/svg><\/div><div id=\"elementor-tab-content-2502\" class=\"eael-accordion-content clearfix\" data-tab=\"2\" aria-labelledby=\"-die-wichtigsten-veranstaltungshotels-in-dsseldorf\"><div><ul><li>Lindner Congress Hotel D\u00fcsseldorf<\/li><li>NH D\u00fcsseldorf Cidade<\/li><li>NH D\u00fcsseldorf Cidade Norte<\/li><li>relexa Hotel Airport D\u00fcsseldorf<\/li><li>Hilton D\u00fcsseldorf<\/li><li>Maritim Hotel D\u00fcsseldorf<\/li><li>Van der Valk Airport Hotel D\u00fcsseldorf<\/li><li>Tulip Inn D\u00fcsseldorf Arena<\/li><li>Radisson Blue Scandinavia Hotel D\u00fcsseldorf<\/li><li>Hotel Renaissance D\u00fcsseldorf<\/li><li>Courtyard by Marriott D\u00fcsseldorf<\/li><\/ul><\/div><\/div>\n\t\t\t\t\t<\/div><div class=\"eael-accordion-list\">\n\t\t\t\t\t<div id=\"-die-messe-kln-und-die-wichtigsten-messetermine\" class=\"elementor-tab-title eael-accordion-header\" tabindex=\"0\" data-tab=\"3\" aria-controls=\"elementor-tab-content-2503\"><span class=\"eael-advanced-accordion-icon-closed\"><svg aria-hidden=\"true\" class=\"fa-accordion-icon e-font-icon-svg e-fas-plus\" viewbox=\"0 0 448 512\" xmlns=\"http:\/\/www.w3.org\/2000\/svg\"><path d=\"M416 208H272V64c0-17.67-14.33-32-32-32h-32c-17.67 0-32 14.33-32 32v144H32c-17.67 0-32 14.33-32 32v32c0 17.67 14.33 32 32 32h144v144c0 17.67 14.33 32 32 32h32c17.67 0 32-14.33 32-32V304h144c17.67 0 32-14.33 32-32v-32c0-17.67-14.33-32-32-32z\"><\/path><\/svg><\/span><span class=\"eael-advanced-accordion-icon-opened\"><svg aria-hidden=\"true\" class=\"fa-accordion-icon e-font-icon-svg e-fas-minus\" viewbox=\"0 0 448 512\" xmlns=\"http:\/\/www.w3.org\/2000\/svg\"><path d=\"M416 208H32c-17.67 0-32 14.33-32 32v32c0 17.67 14.33 32 32 32h384c17.67 0 32-14.33 32-32v-32c0-17.67-14.33-32-32-32z\"><\/path><\/svg><\/span><span class=\"eael-accordion-tab-title\"> O Centro de Feiras de Col\u00f3nia e as datas mais importantes das feiras<\/span><svg aria-hidden=\"true\" class=\"fa-toggle e-font-icon-svg e-fas-angle-right\" viewbox=\"0 0 256 512\" xmlns=\"http:\/\/www.w3.org\/2000\/svg\"><path d=\"M224.3 273l-136 136c-9.4 9.4-24.6 9.4-33.9 0l-22.6-22.6c-9.4-9.4-9.4-24.6 0-33.9l96.4-96.4-96.4-96.4c-9.4-9.4-9.4-24.6 0-33.9L54.3 103c9.4-9.4 24.6-9.4 33.9 0l136 136c9.5 9.4 9.5 24.6.1 34z\"><\/path><\/svg><\/div><div id=\"elementor-tab-content-2503\" class=\"eael-accordion-content clearfix\" data-tab=\"3\" aria-labelledby=\"-die-messe-kln-und-die-wichtigsten-messetermine\"><div><ul><li>bota D\u00fcsseldorf<\/li><li>EuroShop<\/li><li>Armazenamento de energia na Europa<\/li><li>Parceiro eletr\u00f3nico<\/li><li>TOP HAIR D\u00fcsseldorf<\/li><li>interpack<\/li><li>Interbride<\/li><li>ITPS<\/li><li>Expopharm<\/li><li>BELEZA<\/li><li>Soldadura e corte<\/li><li>Rehacare<\/li><li>Medicina<\/li><li>drupa<\/li><li>Nova transmiss\u00e3o<\/li><li>glasstec<\/li><li>METEC<\/li><li>Processo t\u00e9rmico<\/li><\/ul><\/div><\/div>\n\t\t\t\t\t<\/div><\/div>\t\t\t\t<\/div>\n\t\t\t\t<\/div>\n\t\t\t\t\t<\/div>\n\t\t\t\t<\/div>\n\t\t<div data-particle_enable=\"false\" data-particle-mobile-disabled=\"false\" class=\"elementor-element elementor-element-28c8b95 e-flex e-con-boxed e-con e-parent\" data-id=\"28c8b95\" data-element_type=\"container\">\n\t\t\t\t\t<div class=\"e-con-inner\">\n\t\t\t\t<div class=\"elementor-element elementor-element-45b06d7a elementor-widget elementor-widget-shortcode\" data-id=\"45b06d7a\" data-element_type=\"widget\" data-widget_type=\"shortcode.default\">\n\t\t\t\t<div class=\"elementor-widget-container\">\n\t\t\t\t\t\t\t<div class=\"elementor-shortcode\"><\/div>\n\t\t\t\t\t\t<\/div>\n\t\t\t\t<\/div>\n\t\t\t\t\t<\/div>\n\t\t\t\t<\/div>\n\t\t\t\t<\/div>","protected":false},"excerpt":{"rendered":"<p>F\u00fchrungsanlagen mieten D\u00fcsseldorf: Personenf\u00fchrungsanlagen und Tourguide-Miete in D\u00fcsseldorf Jetzt anfragen Mit seiner hohen Lebensqualit\u00e4t und inmitten der zentralen europ\u00e4ischen Wirtschaftsregion gelegen pr\u00e4sentiert sich D\u00fcsseldorf als offene und vielf\u00e4ltige Lifestyle-Metropole. Dass die nordrhein-westf\u00e4lische Landeshauptstadt wirtschaftsstark an verschiedenen Verkehrsachsen liegt, zeigen auch die zahlreichen Messen, Kongresse, Tagungen und Events, die in D\u00fcsseldorf in dichter Reihenfolge stattfinden. Fl\u00fcsteranlagen [&hellip;]<\/p>","protected":false},"author":1,"featured_media":45482,"parent":0,"menu_order":0,"comment_status":"closed","ping_status":"closed","template":"","meta":{"_acf_changed":false,"footnotes":""},"class_list":["post-10164","page","type-page","status-publish","has-post-thumbnail","hentry"],"acf":[],"_links":{"self":[{"href":"https:\/\/konferenztechnik.de\/pt\/wp-json\/wp\/v2\/pages\/10164","targetHints":{"allow":["GET"]}}],"collection":[{"href":"https:\/\/konferenztechnik.de\/pt\/wp-json\/wp\/v2\/pages"}],"about":[{"href":"https:\/\/konferenztechnik.de\/pt\/wp-json\/wp\/v2\/types\/page"}],"author":[{"embeddable":true,"href":"https:\/\/konferenztechnik.de\/pt\/wp-json\/wp\/v2\/users\/1"}],"replies":[{"embeddable":true,"href":"https:\/\/konferenztechnik.de\/pt\/wp-json\/wp\/v2\/comments?post=10164"}],"version-history":[{"count":0,"href":"https:\/\/konferenztechnik.de\/pt\/wp-json\/wp\/v2\/pages\/10164\/revisions"}],"wp:featuredmedia":[{"embeddable":true,"href":"https:\/\/konferenztechnik.de\/pt\/wp-json\/wp\/v2\/media\/45482"}],"wp:attachment":[{"href":"https:\/\/konferenztechnik.de\/pt\/wp-json\/wp\/v2\/media?parent=10164"}],"curies":[{"name":"wp","href":"https:\/\/api.w.org\/{rel}","templated":true}]}}