{"id":11583,"date":"2017-09-23T17:06:45","date_gmt":"2017-09-23T15:06:45","guid":{"rendered":"https:\/\/www.konferenztechnik.de\/?page_id=11583"},"modified":"2023-07-28T10:41:29","modified_gmt":"2023-07-28T08:41:29","slug":"aluguer-de-equipamento-para-conferencias-passau","status":"publish","type":"page","link":"https:\/\/konferenztechnik.de\/pt\/aluguer-de-equipamento-para-conferencias-passau\/","title":{"rendered":"Aluguer de tecnologia para confer\u00eancias Passau"},"content":{"rendered":"<div data-elementor-type=\"wp-page\" data-elementor-id=\"11583\" class=\"elementor elementor-11583\" data-elementor-post-type=\"page\">\n\t\t\t\t<div data-particle_enable=\"false\" data-particle-mobile-disabled=\"false\" class=\"elementor-element elementor-element-7920a4c6 e-flex e-con-boxed e-con e-parent\" data-id=\"7920a4c6\" data-element_type=\"container\">\n\t\t\t\t\t<div class=\"e-con-inner\">\n\t\t\t\t<div class=\"elementor-element elementor-element-344825cd elementor-widget elementor-widget-heading\" data-id=\"344825cd\" data-element_type=\"widget\" data-settings=\"{&quot;_animation&quot;:&quot;none&quot;}\" data-widget_type=\"heading.default\">\n\t\t\t\t<div class=\"elementor-widget-container\">\n\t\t\t\t\t<h1 class=\"elementor-heading-title elementor-size-default\">Aluguer de tecnologia para confer\u00eancias em Passau, aluguer de tecnologia de meios audiovisuais na cidade dos tr\u00eas rios<\/h1>\t\t\t\t<\/div>\n\t\t\t\t<\/div>\n\t\t\t\t<div class=\"elementor-element elementor-element-3450bdfe elementor-widget-widescreen__width-inherit elementor-widget elementor-widget-image\" data-id=\"3450bdfe\" data-element_type=\"widget\" data-widget_type=\"image.default\">\n\t\t\t\t<div class=\"elementor-widget-container\">\n\t\t\t\t\t\t\t\t\t\t\t\t\t\t\t<img fetchpriority=\"high\" decoding=\"async\" width=\"1200\" height=\"450\" src=\"https:\/\/konferenztechnik.de\/wp-content\/uploads\/2017\/05\/veranstaltungstechnik-passau.jpg\" class=\"attachment-full size-full wp-image-10193\" alt=\"\" srcset=\"https:\/\/konferenztechnik.de\/wp-content\/uploads\/2017\/05\/veranstaltungstechnik-passau.jpg 1200w, https:\/\/konferenztechnik.de\/wp-content\/uploads\/2017\/05\/veranstaltungstechnik-passau-300x113.jpg 300w, https:\/\/konferenztechnik.de\/wp-content\/uploads\/2017\/05\/veranstaltungstechnik-passau-1024x384.jpg 1024w, https:\/\/konferenztechnik.de\/wp-content\/uploads\/2017\/05\/veranstaltungstechnik-passau-768x288.jpg 768w\" sizes=\"(max-width: 1200px) 100vw, 1200px\" title=\"\">\t\t\t\t\t\t\t\t\t\t\t\t\t\t\t<\/div>\n\t\t\t\t<\/div>\n\t\t<div data-particle_enable=\"false\" data-particle-mobile-disabled=\"false\" class=\"elementor-element elementor-element-2e4cf095 e-flex e-con-boxed e-con e-parent\" data-id=\"2e4cf095\" data-element_type=\"container\">\n\t\t\t\t\t<div class=\"e-con-inner\">\n\t\t\t\t<div class=\"elementor-element elementor-element-4d0845ed elementor-align-left elementor-widget elementor-widget-button\" data-id=\"4d0845ed\" data-element_type=\"widget\" data-widget_type=\"button.default\">\n\t\t\t\t<div class=\"elementor-widget-container\">\n\t\t\t\t\t\t\t\t\t<div class=\"elementor-button-wrapper\">\n\t\t\t\t\t<a class=\"elementor-button elementor-button-link elementor-size-lg\" href=\"#serviceteam\">\n\t\t\t\t\t\t<span class=\"elementor-button-content-wrapper\">\n\t\t\t\t\t\t<span class=\"elementor-button-icon\">\n\t\t\t\t<svg aria-hidden=\"true\" class=\"e-font-icon-svg e-far-arrow-alt-circle-down\" viewbox=\"0 0 512 512\" xmlns=\"http:\/\/www.w3.org\/2000\/svg\"><path d=\"M256 8C119 8 8 119 8 256s111 248 248 248 248-111 248-248S393 8 256 8zm0 448c-110.5 0-200-89.5-200-200S145.5 56 256 56s200 89.5 200 200-89.5 200-200 200zm-32-316v116h-67c-10.7 0-16 12.9-8.5 20.5l99 99c4.7 4.7 12.3 4.7 17 0l99-99c7.6-7.6 2.2-20.5-8.5-20.5h-67V140c0-6.6-5.4-12-12-12h-40c-6.6 0-12 5.4-12 12z\"><\/path><\/svg>\t\t\t<\/span>\n\t\t\t\t\t\t\t\t\t<span class=\"elementor-button-text\">Perguntar agora<\/span>\n\t\t\t\t\t<\/span>\n\t\t\t\t\t<\/a>\n\t\t\t\t<\/div>\n\t\t\t\t\t\t\t\t<\/div>\n\t\t\t\t<\/div>\n\t\t\t\t\t<\/div>\n\t\t\t\t<\/div>\n\t\t<div data-particle_enable=\"false\" data-particle-mobile-disabled=\"false\" class=\"elementor-element elementor-element-38a116a9 e-flex e-con-boxed e-con e-parent\" data-id=\"38a116a9\" data-element_type=\"container\">\n\t\t\t\t\t<div class=\"e-con-inner\">\n\t\t\t\t<div class=\"elementor-element elementor-element-720ce56b elementor-widget__width-inherit smart-post-list-4-col elementor-hidden-mobile elementor-widget elementor-widget-eael-post-list\" data-id=\"720ce56b\" data-element_type=\"widget\" data-settings=\"{&quot;_animation&quot;:&quot;none&quot;}\" data-widget_type=\"eael-post-list.default\">\n\t\t\t\t<div class=\"elementor-widget-container\">\n\t\t\t\t\t<div class=\"eael-post-list-container advanced layout-advanced\"><div class=\"eael-post-list-wrap\"><div class=\"eael-post-list-posts-wrap eael-post-appender eael-post-appender-720ce56b\"><div class=\"eael-post-list-post\"><div class=\"eael-post-list-post-inner\"><div class=\"eael-post-list-thumbnail\"><a href=\"https:\/\/konferenztechnik.de\/pt\/sistemas-de-orientacao-pessoal-alugar-comprar-instalar\/\">\n                <img decoding=\"async\" src=\"https:\/\/konferenztechnik.de\/wp-content\/uploads\/2023\/07\/personenfuehrungsanlage-mieten-kaufen-jpg.webp\" alt=\"Um homem fala ao microfone e um espetador ouve com o sistema de guia tur\u00edstico durante uma visita. Aluguer, compra ou aluguer de sistemas de guia tur\u00edstico da PCS.\" title=\"\">\n            <\/a><\/div><div class=\"eael-post-list-content\"><h3 class=\"eael-post-list-title\"><a href=\"https:\/\/konferenztechnik.de\/pt\/sistemas-de-orientacao-pessoal-alugar-comprar-instalar\/\" >Sistemas de orienta\u00e7\u00e3o dos passageiros<\/a><\/h3><p>Sistemas de guia tur\u00edstico, sistemas de guia, sistemas whisper ou PFA, auscultadores, microfones, unidades de carregamento, malas de transporte, acess\u00f3rios<\/p><a href=\"https:\/\/konferenztechnik.de\/pt\/sistemas-de-orientacao-pessoal-alugar-comprar-instalar\/\" class=\"eael-post-elements-readmore-btn\" >\u203a mais<\/a><div class=\"boxed-meta\"><\/div><\/div><\/div><\/div><div class=\"eael-post-list-post\"><div class=\"eael-post-list-post-inner\"><div class=\"eael-post-list-thumbnail\"><a href=\"https:\/\/konferenztechnik.de\/pt\/recetor-de-conferencia-recetor-de-auscultadores\/\">\n                <img decoding=\"async\" src=\"https:\/\/konferenztechnik.de\/wp-content\/uploads\/2023\/06\/kopfhoerer-empfaenger-jpg.webp\" alt=\"Dois receptores de confer\u00eancia dispostos numa mesa de confer\u00eancia com auscultadores para ouvir as l\u00ednguas interpretadas\" title=\"\">\n            <\/a><\/div><div class=\"eael-post-list-content\"><h3 class=\"eael-post-list-title\"><a href=\"https:\/\/konferenztechnik.de\/pt\/recetor-de-conferencia-recetor-de-auscultadores\/\" >Recetor de confer\u00eancia, recetor de auscultadores<\/a><\/h3><p>Aluguer de receptores de confer\u00eancia: Receptores e auscultadores para confer\u00eancias com tradu\u00e7\u00e3o simult\u00e2nea<\/p><a href=\"https:\/\/konferenztechnik.de\/pt\/recetor-de-conferencia-recetor-de-auscultadores\/\" class=\"eael-post-elements-readmore-btn\" >\u203a mais<\/a><div class=\"boxed-meta\"><\/div><\/div><\/div><\/div><div class=\"eael-post-list-post\"><div class=\"eael-post-list-post-inner\"><div class=\"eael-post-list-thumbnail\"><a href=\"https:\/\/konferenztechnik.de\/pt\/aluguer-compra-instalacao-aluguer-de-sistemas-de-discussao-estacoes-de-intercomunicacao\/\">\n                <img decoding=\"async\" src=\"https:\/\/konferenztechnik.de\/wp-content\/uploads\/2023\/06\/diskussionsanlage-sprechstellen-tischmikrofone.jpg\" alt=\"Unidades de microfone de mesa distribu\u00eddas \u00e0 volta de uma mesa de confer\u00eancia, com microfones gooseneck\" title=\"\">\n            <\/a><\/div><div class=\"eael-post-list-content\"><h3 class=\"eael-post-list-title\"><a href=\"https:\/\/konferenztechnik.de\/pt\/aluguer-compra-instalacao-aluguer-de-sistemas-de-discussao-estacoes-de-intercomunicacao\/\" >Aluguer, compra, instala\u00e7\u00e3o, aluguer de sistemas de discuss\u00e3o \u2013, esta\u00e7\u00f5es de intercomunica\u00e7\u00e3o<\/a><\/h3><p>Aluguer, compra, instala\u00e7\u00e3o, aluguer de sistemas de discuss\u00e3o \u2013, esta\u00e7\u00f5es de intercomunica\u00e7\u00e3o<\/p><a href=\"https:\/\/konferenztechnik.de\/pt\/aluguer-compra-instalacao-aluguer-de-sistemas-de-discussao-estacoes-de-intercomunicacao\/\" class=\"eael-post-elements-readmore-btn\" >\u203a mais<\/a><div class=\"boxed-meta\"><\/div><\/div><\/div><\/div><div class=\"eael-post-list-post\"><div class=\"eael-post-list-post-inner\"><div class=\"eael-post-list-thumbnail\"><a href=\"https:\/\/konferenztechnik.de\/pt\/cabinas-de-interpretacao-e-cabinas-de-oradores\/\">\n                <img decoding=\"async\" src=\"https:\/\/konferenztechnik.de\/wp-content\/uploads\/2022\/06\/dolmetscherkabine-sprecherkabine-mieten-kaufen-leasen-jpg.webp\" alt=\"Cabina de interpreta\u00e7\u00e3o para 2 int\u00e9rpretes simult\u00e2neos\" title=\"\">\n            <\/a><\/div><div class=\"eael-post-list-content\"><h3 class=\"eael-post-list-title\"><a href=\"https:\/\/konferenztechnik.de\/pt\/cabinas-de-interpretacao-e-cabinas-de-oradores\/\" >Cabinas de interpreta\u00e7\u00e3o e cabinas de oradores<\/a><\/h3><p>A cabina de interpreta\u00e7\u00e3o \u00e9 o local de trabalho dos int\u00e9rpretes simult\u00e2neos<\/p><a href=\"https:\/\/konferenztechnik.de\/pt\/cabinas-de-interpretacao-e-cabinas-de-oradores\/\" class=\"eael-post-elements-readmore-btn\" >\u203a mais<\/a><div class=\"boxed-meta\"><\/div><\/div><\/div><\/div><div class=\"eael-post-list-post\"><div class=\"eael-post-list-post-inner\"><div class=\"eael-post-list-thumbnail\"><a href=\"https:\/\/konferenztechnik.de\/pt\/mesas-de-interpretacao\/\">\n                <img decoding=\"async\" src=\"https:\/\/konferenztechnik.de\/wp-content\/uploads\/2022\/06\/dolmetscherpulte-mieten-kaufen-leasen-jpg.webp\" alt=\"Balc\u00e3o de interpreta\u00e7\u00e3o televisiva\" title=\"\">\n            <\/a><\/div><div class=\"eael-post-list-content\"><h3 class=\"eael-post-list-title\"><a href=\"https:\/\/konferenztechnik.de\/pt\/mesas-de-interpretacao\/\" >Balc\u00f5es de interpreta\u00e7\u00e3o<\/a><\/h3><p>O equipamento b\u00e1sico de uma cabina de interpreta\u00e7\u00e3o inclui uma mesa de interpreta\u00e7\u00e3o.<\/p><a href=\"https:\/\/konferenztechnik.de\/pt\/mesas-de-interpretacao\/\" class=\"eael-post-elements-readmore-btn\" >\u203a mais<\/a><div class=\"boxed-meta\"><\/div><\/div><\/div><\/div><\/div><\/div>\n\t\t<\/div>\t\t\t\t<\/div>\n\t\t\t\t<\/div>\n\t\t\t\t\t<\/div>\n\t\t\t\t<\/div>\n\t\t\t\t\t<\/div>\n\t\t\t\t<\/div>\n\t\t<div data-particle_enable=\"false\" data-particle-mobile-disabled=\"false\" class=\"elementor-element elementor-element-d50fc8d e-flex e-con-boxed e-con e-parent\" data-id=\"d50fc8d\" data-element_type=\"container\">\n\t\t\t\t\t<div class=\"e-con-inner\">\n\t\t\t\t<div class=\"elementor-element elementor-element-7376d08c elementor-widget__width-initial elementor-widget elementor-widget-text-editor\" data-id=\"7376d08c\" data-element_type=\"widget\" data-widget_type=\"text-editor.default\">\n\t\t\t\t<div class=\"elementor-widget-container\">\n\t\t\t\t\t\t\t\t\t<div class=\"call-action-slider-img\"><img decoding=\"async\" class=\"alignleft size-full wp-image-9527\" src=\"http:\/\/old.konferenztechnik.de\/wp-content\/uploads\/2017\/05\/veranstaltungstechnik-passau.jpg\" alt=\"Aluguer de tecnologia para confer\u00eancias Passau\" title=\"\"><\/div><p>A tecnologia de confer\u00eancia e a tecnologia de meios AV da PCS s\u00e3o utilizadas em Passau para reuni\u00f5es internacionais, congressos multilingues e feiras comerciais, bem como para visitas \u00e0 cidade e eventos culturais. Os locais t\u00edpicos onde os sistemas de aluguer da PCS s\u00e3o utilizados na cidade dos tr\u00eas rios incluem os hot\u00e9is de confer\u00eancias de Passau, o Dreil\u00e4nderhalle, o centro de confer\u00eancias no Messepark e o X-Point Halle. <img decoding=\"async\" class=\"alignleft size-full wp-image-8570\" src=\"http:\/\/old.konferenztechnik.de\/wp-content\/uploads\/2016\/10\/events-fullservice.jpg\" alt=\"Aluguer de tecnologia de confer\u00eancia Passau da PCS GmbH\" title=\"\"> <\/p>\t\t\t\t\t\t\t\t<\/div>\n\t\t\t\t<\/div>\n\t\t\t\t<div class=\"elementor-element elementor-element-128126ca elementor-widget__width-initial elementor-widget elementor-widget-heading\" data-id=\"128126ca\" data-element_type=\"widget\" data-settings=\"{&quot;_animation&quot;:&quot;none&quot;}\" data-widget_type=\"heading.default\">\n\t\t\t\t<div class=\"elementor-widget-container\">\n\t\t\t\t\t<h2 class=\"elementor-heading-title elementor-size-default\">O aluguer de tecnologia para confer\u00eancias garante flexibilidade<\/h2>\t\t\t\t<\/div>\n\t\t\t\t<\/div>\n\t\t\t\t<div class=\"elementor-element elementor-element-48b9bfa0 elementor-widget elementor-widget-image\" data-id=\"48b9bfa0\" data-element_type=\"widget\" data-widget_type=\"image.default\">\n\t\t\t\t<div class=\"elementor-widget-container\">\n\t\t\t\t\t\t\t\t\t\t\t\t\t\t\t<img decoding=\"async\" width=\"1200\" height=\"450\" src=\"https:\/\/konferenztechnik.de\/wp-content\/uploads\/2016\/10\/events-fullservice.jpg\" class=\"attachment-full size-full wp-image-8489\" alt=\"eventos-fullservice\" srcset=\"https:\/\/konferenztechnik.de\/wp-content\/uploads\/2016\/10\/events-fullservice.jpg 1200w, https:\/\/konferenztechnik.de\/wp-content\/uploads\/2016\/10\/events-fullservice-300x113.jpg 300w, https:\/\/konferenztechnik.de\/wp-content\/uploads\/2016\/10\/events-fullservice-1024x384.jpg 1024w, https:\/\/konferenztechnik.de\/wp-content\/uploads\/2016\/10\/events-fullservice-768x288.jpg 768w\" sizes=\"(max-width: 1200px) 100vw, 1200px\" title=\"\">\t\t\t\t\t\t\t\t\t\t\t\t\t\t\t<\/div>\n\t\t\t\t<\/div>\n\t\t\t\t<div class=\"elementor-element elementor-element-2d5f8ef0 elementor-widget__width-inherit elementor-widget elementor-widget-text-editor\" data-id=\"2d5f8ef0\" data-element_type=\"widget\" data-widget_type=\"text-editor.default\">\n\t\t\t\t<div class=\"elementor-widget-container\">\n\t\t\t\t\t\t\t\t\t<p>No dom\u00ednio da tecnologia de confer\u00eancia e de meios audiovisuais, os sistemas de aluguer t\u00eam v\u00e1rias vantagens em rela\u00e7\u00e3o \u00e0 compra \u00fanica: Uma vez que os requisitos t\u00e9cnicos mudam constantemente de evento para evento, os organizadores e int\u00e9rpretes profissionais de eventos tamb\u00e9m podem utilizar sistemas de aluguer para responder de forma flex\u00edvel aos respectivos desejos e requisitos dos clientes num evento. Para as empresas sediadas em Passau que s\u00f3 organizam eventos caso a caso, os sistemas de aluguer s\u00e3o, de qualquer modo, uma solu\u00e7\u00e3o muito \u00f3bvia. N\u00e3o menos importante, porque a tecnologia de \u00e1udio, v\u00eddeo e simult\u00e2nea da PCS \u00e9 mantida profissionalmente numa base cont\u00ednua e testada exaustivamente quanto \u00e0 funcionalidade antes de cada evento. Al\u00e9m disso, o aluguer de tecnologia de confer\u00eancia e de meios de comunica\u00e7\u00e3o AV em Passau \u00e9 acompanhado por uma gama extremamente extensa de aconselhamento e servi\u00e7os. Com base em mais de 20 anos de experi\u00eancia no sector, os especialistas em tecnologia de confer\u00eancias prestam aconselhamento abrangente e profissional a clientes com uma vasta gama de conhecimentos t\u00e9cnicos.<\/p>\t\t\t\t\t\t\t\t<\/div>\n\t\t\t\t<\/div>\n\t\t\t\t<div class=\"elementor-element elementor-element-27e3f91f elementor-widget elementor-widget-image\" data-id=\"27e3f91f\" data-element_type=\"widget\" data-widget_type=\"image.default\">\n\t\t\t\t<div class=\"elementor-widget-container\">\n\t\t\t\t\t\t\t\t\t\t\t\t\t\t\t<img decoding=\"async\" width=\"1200\" height=\"450\" src=\"https:\/\/konferenztechnik.de\/wp-content\/uploads\/2016\/10\/events-berlin.jpg\" class=\"attachment-full size-full wp-image-8486\" alt=\"\" srcset=\"https:\/\/konferenztechnik.de\/wp-content\/uploads\/2016\/10\/events-berlin.jpg 1200w, https:\/\/konferenztechnik.de\/wp-content\/uploads\/2016\/10\/events-berlin-300x113.jpg 300w, https:\/\/konferenztechnik.de\/wp-content\/uploads\/2016\/10\/events-berlin-1024x384.jpg 1024w, https:\/\/konferenztechnik.de\/wp-content\/uploads\/2016\/10\/events-berlin-768x288.jpg 768w\" sizes=\"(max-width: 1200px) 100vw, 1200px\" title=\"\">\t\t\t\t\t\t\t\t\t\t\t\t\t\t\t<\/div>\n\t\t\t\t<\/div>\n\t\t<div data-particle_enable=\"false\" data-particle-mobile-disabled=\"false\" class=\"elementor-element elementor-element-19fd8591 e-flex e-con-boxed e-con e-parent\" data-id=\"19fd8591\" data-element_type=\"container\">\n\t\t\t\t\t<div class=\"e-con-inner\">\n\t\t\t\t<div class=\"elementor-element elementor-element-25e76f31 elementor-align-left elementor-widget elementor-widget-button\" data-id=\"25e76f31\" data-element_type=\"widget\" data-widget_type=\"button.default\">\n\t\t\t\t<div class=\"elementor-widget-container\">\n\t\t\t\t\t\t\t\t\t<div class=\"elementor-button-wrapper\">\n\t\t\t\t\t<a class=\"elementor-button elementor-button-link elementor-size-lg\" href=\"#serviceteam\">\n\t\t\t\t\t\t<span class=\"elementor-button-content-wrapper\">\n\t\t\t\t\t\t<span class=\"elementor-button-icon\">\n\t\t\t\t<svg aria-hidden=\"true\" class=\"e-font-icon-svg e-far-arrow-alt-circle-down\" viewbox=\"0 0 512 512\" xmlns=\"http:\/\/www.w3.org\/2000\/svg\"><path d=\"M256 8C119 8 8 119 8 256s111 248 248 248 248-111 248-248S393 8 256 8zm0 448c-110.5 0-200-89.5-200-200S145.5 56 256 56s200 89.5 200 200-89.5 200-200 200zm-32-316v116h-67c-10.7 0-16 12.9-8.5 20.5l99 99c4.7 4.7 12.3 4.7 17 0l99-99c7.6-7.6 2.2-20.5-8.5-20.5h-67V140c0-6.6-5.4-12-12-12h-40c-6.6 0-12 5.4-12 12z\"><\/path><\/svg>\t\t\t<\/span>\n\t\t\t\t\t\t\t\t\t<span class=\"elementor-button-text\">Perguntar agora<\/span>\n\t\t\t\t\t<\/span>\n\t\t\t\t\t<\/a>\n\t\t\t\t<\/div>\n\t\t\t\t\t\t\t\t<\/div>\n\t\t\t\t<\/div>\n\t\t\t\t\t<\/div>\n\t\t\t\t<\/div>\n\t\t\t\t<div class=\"elementor-element elementor-element-597f5321 elementor-widget__width-initial elementor-widget elementor-widget-heading\" data-id=\"597f5321\" data-element_type=\"widget\" data-settings=\"{&quot;_animation&quot;:&quot;none&quot;}\" data-widget_type=\"heading.default\">\n\t\t\t\t<div class=\"elementor-widget-container\">\n\t\t\t\t\t<h2 class=\"elementor-heading-title elementor-size-default\">Apoio t\u00e9cnico antes e durante o evento<\/h2>\t\t\t\t<\/div>\n\t\t\t\t<\/div>\n\t\t\t\t<div class=\"elementor-element elementor-element-485b0947 elementor-widget__width-inherit elementor-widget elementor-widget-text-editor\" data-id=\"485b0947\" data-element_type=\"widget\" data-widget_type=\"text-editor.default\">\n\t\t\t\t<div class=\"elementor-widget-container\">\n\t\t\t\t\t\t\t\t\t<p>O apoio t\u00e9cnico no planeamento de uma confer\u00eancia multilingue, de um simp\u00f3sio ou de um evento cultural \u00e9 particularmente popular. Mediante pedido, a PCS pode entregar o equipamento alugado diretamente no local do evento em Passau e na Baixa Baviera, instalar o equipamento de confer\u00eancia no local e prestar apoio t\u00e9cnico durante o evento.<\/p><p>\u00a0<\/p><p>A PCS oferece a Passau e \u00e0 regi\u00e3o da Baixa Baviera uma gama abrangente de diferentes dispositivos e sistemas no dom\u00ednio da tecnologia de confer\u00eancia e de meios de comunica\u00e7\u00e3o AV:<\/p>\t\t\t\t\t\t\t\t<\/div>\n\t\t\t\t<\/div>\n\t\t\t\t<div class=\"elementor-element elementor-element-25824fae elementor-icon-list--layout-traditional elementor-list-item-link-full_width elementor-widget elementor-widget-icon-list\" data-id=\"25824fae\" data-element_type=\"widget\" data-widget_type=\"icon-list.default\">\n\t\t\t\t<div class=\"elementor-widget-container\">\n\t\t\t\t\t\t\t<ul class=\"elementor-icon-list-items\">\n\t\t\t\t\t\t\t<li class=\"elementor-icon-list-item\">\n\t\t\t\t\t\t\t\t\t\t\t<span class=\"elementor-icon-list-icon\">\n\t\t\t\t\t\t\t<svg aria-hidden=\"true\" class=\"e-font-icon-svg e-fas-check\" viewbox=\"0 0 512 512\" xmlns=\"http:\/\/www.w3.org\/2000\/svg\"><path d=\"M173.898 439.404l-166.4-166.4c-9.997-9.997-9.997-26.206 0-36.204l36.203-36.204c9.997-9.998 26.207-9.998 36.204 0L192 312.69 432.095 72.596c9.997-9.997 26.207-9.997 36.204 0l36.203 36.204c9.997 9.997 9.997 26.206 0 36.204l-294.4 294.401c-9.998 9.997-26.207 9.997-36.204-.001z\"><\/path><\/svg>\t\t\t\t\t\t<\/span>\n\t\t\t\t\t\t\t\t\t\t<span class=\"elementor-icon-list-text\">Unidades de microfone de secret\u00e1ria com e sem fios (tamb\u00e9m conhecidas como cadeias de microfones, sistemas de delegados ou sistemas de discuss\u00e3o)<\/span>\n\t\t\t\t\t\t\t\t\t<\/li>\n\t\t\t\t\t\t\t\t<li class=\"elementor-icon-list-item\">\n\t\t\t\t\t\t\t\t\t\t\t<span class=\"elementor-icon-list-icon\">\n\t\t\t\t\t\t\t<svg aria-hidden=\"true\" class=\"e-font-icon-svg e-fas-check\" viewbox=\"0 0 512 512\" xmlns=\"http:\/\/www.w3.org\/2000\/svg\"><path d=\"M173.898 439.404l-166.4-166.4c-9.997-9.997-9.997-26.206 0-36.204l36.203-36.204c9.997-9.998 26.207-9.998 36.204 0L192 312.69 432.095 72.596c9.997-9.997 26.207-9.997 36.204 0l36.203 36.204c9.997 9.997 9.997 26.206 0 36.204l-294.4 294.401c-9.998 9.997-26.207 9.997-36.204-.001z\"><\/path><\/svg>\t\t\t\t\t\t<\/span>\n\t\t\t\t\t\t\t\t\t\t<span class=\"elementor-icon-list-text\">Equipamento de interpreta\u00e7\u00e3o (cabinas de interpreta\u00e7\u00e3o e outro equipamento de interpreta\u00e7\u00e3o simult\u00e2nea)<\/span>\n\t\t\t\t\t\t\t\t\t<\/li>\n\t\t\t\t\t\t\t\t<li class=\"elementor-icon-list-item\">\n\t\t\t\t\t\t\t\t\t\t\t<span class=\"elementor-icon-list-icon\">\n\t\t\t\t\t\t\t<svg aria-hidden=\"true\" class=\"e-font-icon-svg e-fas-check\" viewbox=\"0 0 512 512\" xmlns=\"http:\/\/www.w3.org\/2000\/svg\"><path d=\"M173.898 439.404l-166.4-166.4c-9.997-9.997-9.997-26.206 0-36.204l36.203-36.204c9.997-9.998 26.207-9.998 36.204 0L192 312.69 432.095 72.596c9.997-9.997 26.207-9.997 36.204 0l36.203 36.204c9.997 9.997 9.997 26.206 0 36.204l-294.4 294.401c-9.998 9.997-26.207 9.997-36.204-.001z\"><\/path><\/svg>\t\t\t\t\t\t<\/span>\n\t\t\t\t\t\t\t\t\t\t<span class=\"elementor-icon-list-text\">Tecnologia de meios audiovisuais, tais como altifalantes, amplificadores, monitores, projectores ou sistemas de vota\u00e7\u00e3o TED<\/span>\n\t\t\t\t\t\t\t\t\t<\/li>\n\t\t\t\t\t\t\t\t<li class=\"elementor-icon-list-item\">\n\t\t\t\t\t\t\t\t\t\t\t<span class=\"elementor-icon-list-icon\">\n\t\t\t\t\t\t\t<svg aria-hidden=\"true\" class=\"e-font-icon-svg e-fas-check\" viewbox=\"0 0 512 512\" xmlns=\"http:\/\/www.w3.org\/2000\/svg\"><path d=\"M173.898 439.404l-166.4-166.4c-9.997-9.997-9.997-26.206 0-36.204l36.203-36.204c9.997-9.998 26.207-9.998 36.204 0L192 312.69 432.095 72.596c9.997-9.997 26.207-9.997 36.204 0l36.203 36.204c9.997 9.997 9.997 26.206 0 36.204l-294.4 294.401c-9.998 9.997-26.207 9.997-36.204-.001z\"><\/path><\/svg>\t\t\t\t\t\t<\/span>\n\t\t\t\t\t\t\t\t\t\t<span class=\"elementor-icon-list-text\">Sistemas de guias (sistemas de guias de plantas, PFA\/Pefa, sistemas de guias tur\u00edsticos, sistemas de sussurros\/caixas de sussurros)<\/span>\n\t\t\t\t\t\t\t\t\t<\/li>\n\t\t\t\t\t\t<\/ul>\n\t\t\t\t\t\t<\/div>\n\t\t\t\t<\/div>\n\t\t\t\t<div class=\"elementor-element elementor-element-153aa34 elementor-widget__width-inherit elementor-widget elementor-widget-text-editor\" data-id=\"153aa34\" data-element_type=\"widget\" data-widget_type=\"text-editor.default\">\n\t\t\t\t<div class=\"elementor-widget-container\">\n\t\t\t\t\t\t\t\t\t<p>Passau e a Baixa Baviera s\u00e3o servidas pela sucursal da PCS em Munique. O equipamento de aluguer frequentemente utilizado tamb\u00e9m est\u00e1 dispon\u00edvel em grandes quantidades para a cidade dos tr\u00eas rios e para a \u00e1rea circundante. Se est\u00e1 a planear uma confer\u00eancia ou um evento em Passau, deve entrar em contacto com os nossos planeadores de projectos o mais rapidamente poss\u00edvel. Os pedidos de informa\u00e7\u00e3o por correio eletr\u00f3nico de Passau s\u00e3o normalmente respondidos pela PCS no espa\u00e7o de uma hora e existe uma linha direta de 24 horas para pedidos de informa\u00e7\u00e3o por telefone.<\/p>\t\t\t\t\t\t\t\t<\/div>\n\t\t\t\t<\/div>\n\t\t\t\t<div class=\"elementor-element elementor-element-35b63741 elementor-widget__width-initial elementor-widget elementor-widget-heading\" data-id=\"35b63741\" data-element_type=\"widget\" data-settings=\"{&quot;_animation&quot;:&quot;none&quot;}\" data-widget_type=\"heading.default\">\n\t\t\t\t<div class=\"elementor-widget-container\">\n\t\t\t\t\t<h2 class=\"elementor-heading-title elementor-size-default\">Aluguer de tecnologia para confer\u00eancias Passau<\/h2>\t\t\t\t<\/div>\n\t\t\t\t<\/div>\n\t\t\t\t<div class=\"elementor-element elementor-element-106853b0 elementor-widget elementor-widget-eael-adv-accordion\" data-id=\"106853b0\" data-element_type=\"widget\" data-widget_type=\"eael-adv-accordion.default\">\n\t\t\t\t<div class=\"elementor-widget-container\">\n\t\t\t\t\t            <div class=\"eael-adv-accordion\" id=\"eael-adv-accordion-106853b0\" data-scroll-on-click=\"no\" data-scroll-speed=\"300\" data-accordion-id=\"106853b0\" data-accordion-type=\"accordion\" data-toogle-speed=\"300\">\n            <div class=\"eael-accordion-list\">\n\t\t\t\t\t<div id=\"veranstaltungsorte-fr-events-und-kongresse-in-passau\" class=\"elementor-tab-title eael-accordion-header\" tabindex=\"0\" data-tab=\"1\" aria-controls=\"elementor-tab-content-2751\"><span class=\"eael-advanced-accordion-icon-closed\"><svg aria-hidden=\"true\" class=\"fa-accordion-icon e-font-icon-svg e-fas-plus\" viewbox=\"0 0 448 512\" xmlns=\"http:\/\/www.w3.org\/2000\/svg\"><path d=\"M416 208H272V64c0-17.67-14.33-32-32-32h-32c-17.67 0-32 14.33-32 32v144H32c-17.67 0-32 14.33-32 32v32c0 17.67 14.33 32 32 32h144v144c0 17.67 14.33 32 32 32h32c17.67 0 32-14.33 32-32V304h144c17.67 0 32-14.33 32-32v-32c0-17.67-14.33-32-32-32z\"><\/path><\/svg><\/span><span class=\"eael-advanced-accordion-icon-opened\"><svg aria-hidden=\"true\" class=\"fa-accordion-icon e-font-icon-svg e-fas-minus\" viewbox=\"0 0 448 512\" xmlns=\"http:\/\/www.w3.org\/2000\/svg\"><path d=\"M416 208H32c-17.67 0-32 14.33-32 32v32c0 17.67 14.33 32 32 32h384c17.67 0 32-14.33 32-32v-32c0-17.67-14.33-32-32-32z\"><\/path><\/svg><\/span><span class=\"eael-accordion-tab-title\">Locais para eventos e congressos em Passau<\/span><svg aria-hidden=\"true\" class=\"fa-toggle e-font-icon-svg e-fas-angle-right\" viewbox=\"0 0 256 512\" xmlns=\"http:\/\/www.w3.org\/2000\/svg\"><path d=\"M224.3 273l-136 136c-9.4 9.4-24.6 9.4-33.9 0l-22.6-22.6c-9.4-9.4-9.4-24.6 0-33.9l96.4-96.4-96.4-96.4c-9.4-9.4-9.4-24.6 0-33.9L54.3 103c9.4-9.4 24.6-9.4 33.9 0l136 136c9.5 9.4 9.5 24.6.1 34z\"><\/path><\/svg><\/div><div id=\"elementor-tab-content-2751\" class=\"eael-accordion-content clearfix\" data-tab=\"1\" aria-labelledby=\"veranstaltungsorte-fr-events-und-kongresse-in-passau\"><div><ul><li>Dreil\u00e4nderhalle<\/li><li>Centro de confer\u00eancias no Messepark<\/li><li>Sal\u00e3o X-Point<\/li><li>Feira e recinto de exposi\u00e7\u00f5es<\/li><li>Arena de gelo<\/li><li>Centro de exposi\u00e7\u00f5es<\/li><li>F\u00fcrstenbr\u00e4u Hacklberg<\/li><li>Navega\u00e7\u00e3o no Dan\u00fabio Wurm + K\u00f6ck <\/li><\/ul><\/div><\/div>\n\t\t\t\t\t<\/div><div class=\"eael-accordion-list\">\n\t\t\t\t\t<div id=\"die-wichtigsten-veranstaltungshotels-passau\" class=\"elementor-tab-title eael-accordion-header\" tabindex=\"0\" data-tab=\"2\" aria-controls=\"elementor-tab-content-2752\"><span class=\"eael-advanced-accordion-icon-closed\"><svg aria-hidden=\"true\" class=\"fa-accordion-icon e-font-icon-svg e-fas-plus\" viewbox=\"0 0 448 512\" xmlns=\"http:\/\/www.w3.org\/2000\/svg\"><path d=\"M416 208H272V64c0-17.67-14.33-32-32-32h-32c-17.67 0-32 14.33-32 32v144H32c-17.67 0-32 14.33-32 32v32c0 17.67 14.33 32 32 32h144v144c0 17.67 14.33 32 32 32h32c17.67 0 32-14.33 32-32V304h144c17.67 0 32-14.33 32-32v-32c0-17.67-14.33-32-32-32z\"><\/path><\/svg><\/span><span class=\"eael-advanced-accordion-icon-opened\"><svg aria-hidden=\"true\" class=\"fa-accordion-icon e-font-icon-svg e-fas-minus\" viewbox=\"0 0 448 512\" xmlns=\"http:\/\/www.w3.org\/2000\/svg\"><path d=\"M416 208H32c-17.67 0-32 14.33-32 32v32c0 17.67 14.33 32 32 32h384c17.67 0 32-14.33 32-32v-32c0-17.67-14.33-32-32-32z\"><\/path><\/svg><\/span><span class=\"eael-accordion-tab-title\">Os hot\u00e9is mais importantes para eventos em Passau<\/span><svg aria-hidden=\"true\" class=\"fa-toggle e-font-icon-svg e-fas-angle-right\" viewbox=\"0 0 256 512\" xmlns=\"http:\/\/www.w3.org\/2000\/svg\"><path d=\"M224.3 273l-136 136c-9.4 9.4-24.6 9.4-33.9 0l-22.6-22.6c-9.4-9.4-9.4-24.6 0-33.9l96.4-96.4-96.4-96.4c-9.4-9.4-9.4-24.6 0-33.9L54.3 103c9.4-9.4 24.6-9.4 33.9 0l136 136c9.5 9.4 9.5 24.6.1 34z\"><\/path><\/svg><\/div><div id=\"elementor-tab-content-2752\" class=\"eael-accordion-content clearfix\" data-tab=\"2\" aria-labelledby=\"die-wichtigsten-veranstaltungshotels-passau\"><div><ul><li>Hotel da Cidade Velha<\/li><li>IBB Hotel Passau<\/li><li>IBB Hotel Passau Sul<\/li><li>DORMERO Hotel Passau<\/li><li>Hotel Wilder Mann<\/li><li>Hotel Wei\u00dfer Hase<\/li><li>Hotel K\u00f6nig<\/li><li>Hotel Dreifl\u00fcssehof<\/li><li>Restaurante florestal Zur Triftsperre<\/li><li>Hotel Burgwald<\/li><li>Pousada de Juventude Cultural de Passau <\/li><\/ul><\/div><\/div>\n\t\t\t\t\t<\/div><div class=\"eael-accordion-list\">\n\t\t\t\t\t<div id=\"die-messe-und-die-wichtigsten-messetermine\" class=\"elementor-tab-title eael-accordion-header\" tabindex=\"0\" data-tab=\"3\" aria-controls=\"elementor-tab-content-2753\"><span class=\"eael-advanced-accordion-icon-closed\"><svg aria-hidden=\"true\" class=\"fa-accordion-icon e-font-icon-svg e-fas-plus\" viewbox=\"0 0 448 512\" xmlns=\"http:\/\/www.w3.org\/2000\/svg\"><path d=\"M416 208H272V64c0-17.67-14.33-32-32-32h-32c-17.67 0-32 14.33-32 32v144H32c-17.67 0-32 14.33-32 32v32c0 17.67 14.33 32 32 32h144v144c0 17.67 14.33 32 32 32h32c17.67 0 32-14.33 32-32V304h144c17.67 0 32-14.33 32-32v-32c0-17.67-14.33-32-32-32z\"><\/path><\/svg><\/span><span class=\"eael-advanced-accordion-icon-opened\"><svg aria-hidden=\"true\" class=\"fa-accordion-icon e-font-icon-svg e-fas-minus\" viewbox=\"0 0 448 512\" xmlns=\"http:\/\/www.w3.org\/2000\/svg\"><path d=\"M416 208H32c-17.67 0-32 14.33-32 32v32c0 17.67 14.33 32 32 32h384c17.67 0 32-14.33 32-32v-32c0-17.67-14.33-32-32-32z\"><\/path><\/svg><\/span><span class=\"eael-accordion-tab-title\">A feira comercial e as datas mais importantes da feira comercial<\/span><svg aria-hidden=\"true\" class=\"fa-toggle e-font-icon-svg e-fas-angle-right\" viewbox=\"0 0 256 512\" xmlns=\"http:\/\/www.w3.org\/2000\/svg\"><path d=\"M224.3 273l-136 136c-9.4 9.4-24.6 9.4-33.9 0l-22.6-22.6c-9.4-9.4-9.4-24.6 0-33.9l96.4-96.4-96.4-96.4c-9.4-9.4-9.4-24.6 0-33.9L54.3 103c9.4-9.4 24.6-9.4 33.9 0l136 136c9.5 9.4 9.5 24.6.1 34z\"><\/path><\/svg><\/div><div id=\"elementor-tab-content-2753\" class=\"eael-accordion-content clearfix\" data-tab=\"3\" aria-labelledby=\"die-messe-und-die-wichtigsten-messetermine\"><div><ul><li>Austro Vinyl Records e CD Exchange Passau<\/li><li>Sal\u00e3o de Casamento Lovely Day Passau<\/li><li>Feira de constru\u00e7\u00e3o e poupan\u00e7a de energia Passau<\/li><li>Feira de casas pr\u00e9-fabricadas de Passau<\/li><li>primavera de Passau<\/li><li>DiGA Passau<\/li><li>Convidado + cozinha<\/li><li>Mercado de arte e design de Passau<\/li><li>O meu c\u00e3o Passau<\/li><li>Feira de tatuagens de Passau <\/li><\/ul><\/div><\/div>\n\t\t\t\t\t<\/div><\/div>\t\t\t\t<\/div>\n\t\t\t\t<\/div>\n\t\t\t\t\t<\/div>\n\t\t\t\t<\/div>\n\t\t<div data-particle_enable=\"false\" data-particle-mobile-disabled=\"false\" class=\"elementor-element elementor-element-26a2649e e-flex e-con-boxed e-con e-parent\" data-id=\"26a2649e\" data-element_type=\"container\">\n\t\t\t\t\t<div class=\"e-con-inner\">\n\t\t\t\t<div class=\"elementor-element elementor-element-7f9f42ec elementor-widget elementor-widget-shortcode\" data-id=\"7f9f42ec\" data-element_type=\"widget\" data-widget_type=\"shortcode.default\">\n\t\t\t\t<div class=\"elementor-widget-container\">\n\t\t\t\t\t\t\t<div class=\"elementor-shortcode\"><\/div>\n\t\t\t\t\t\t<\/div>\n\t\t\t\t<\/div>\n\t\t\t\t\t<\/div>\n\t\t\t\t<\/div>\n\t\t\t\t<\/div>","protected":false},"excerpt":{"rendered":"<p>Konferenztechnik mieten Passau, Verleih von AV-Medientechnik in der Drei-Fl\u00fcsse-Stadt Jetzt anfragen Diskussionsanlagen, Sprechstellen \u2013 mieten, kaufen, installieren, leasen Diskussionsanlagen, Sprechstellen \u2013 mieten, kaufen, installieren, leasen \u203a mehr Dolmetschkabinen und Sprecherkabinen Die Dolmetschkabine ist der Arbeitsplatz der Simultandolmetscher*innen \u203a mehr Dolmetschpulte Zur Grundausr\u00fcstung einer Dolmetscherkabine geh\u00f6rt ein Dolmetschpult. \u203a mehr Konferenzempf\u00e4nger, Kopfh\u00f6rerempf\u00e4nger Konferenzempf\u00e4nger mieten: Empf\u00e4nger und [&hellip;]<\/p>","protected":false},"author":1,"featured_media":45482,"parent":0,"menu_order":0,"comment_status":"closed","ping_status":"closed","template":"","meta":{"_acf_changed":false,"footnotes":""},"class_list":["post-11583","page","type-page","status-publish","has-post-thumbnail","hentry"],"acf":[],"_links":{"self":[{"href":"https:\/\/konferenztechnik.de\/pt\/wp-json\/wp\/v2\/pages\/11583","targetHints":{"allow":["GET"]}}],"collection":[{"href":"https:\/\/konferenztechnik.de\/pt\/wp-json\/wp\/v2\/pages"}],"about":[{"href":"https:\/\/konferenztechnik.de\/pt\/wp-json\/wp\/v2\/types\/page"}],"author":[{"embeddable":true,"href":"https:\/\/konferenztechnik.de\/pt\/wp-json\/wp\/v2\/users\/1"}],"replies":[{"embeddable":true,"href":"https:\/\/konferenztechnik.de\/pt\/wp-json\/wp\/v2\/comments?post=11583"}],"version-history":[{"count":0,"href":"https:\/\/konferenztechnik.de\/pt\/wp-json\/wp\/v2\/pages\/11583\/revisions"}],"wp:featuredmedia":[{"embeddable":true,"href":"https:\/\/konferenztechnik.de\/pt\/wp-json\/wp\/v2\/media\/45482"}],"wp:attachment":[{"href":"https:\/\/konferenztechnik.de\/pt\/wp-json\/wp\/v2\/media?parent=11583"}],"curies":[{"name":"wp","href":"https:\/\/api.w.org\/{rel}","templated":true}]}}