{"id":11850,"date":"2017-11-10T13:08:29","date_gmt":"2017-11-10T11:08:29","guid":{"rendered":"https:\/\/www.konferenztechnik.de\/?page_id=11850"},"modified":"2023-06-21T10:27:00","modified_gmt":"2023-06-21T08:27:00","slug":"aluguer-de-equipamento-de-interpretacao-muenster","status":"publish","type":"page","link":"https:\/\/konferenztechnik.de\/pt\/aluguer-de-equipamento-de-interpretacao-muenster\/","title":{"rendered":"Aluguer de equipamento de interpreta\u00e7\u00e3o M\u00fcnster"},"content":{"rendered":"<div data-elementor-type=\"wp-page\" data-elementor-id=\"11850\" class=\"elementor elementor-11850\" data-elementor-post-type=\"page\">\n\t\t\t\t<div data-particle_enable=\"false\" data-particle-mobile-disabled=\"false\" class=\"elementor-element elementor-element-183a596a e-flex e-con-boxed e-con e-parent\" data-id=\"183a596a\" data-element_type=\"container\">\n\t\t\t\t\t<div class=\"e-con-inner\">\n\t\t\t\t<div class=\"elementor-element elementor-element-bb9acfe elementor-widget elementor-widget-heading\" data-id=\"bb9acfe\" data-element_type=\"widget\" data-settings=\"{&quot;_animation&quot;:&quot;none&quot;}\" data-widget_type=\"heading.default\">\n\t\t\t\t<div class=\"elementor-widget-container\">\n\t\t\t\t\t<h1 class=\"elementor-heading-title elementor-size-default\">Aluguer de material de interpreta\u00e7\u00e3o M\u00fcnster \u2013 Aluguer de material de interpreta\u00e7\u00e3o em M\u00fcnsterland<\/h1>\t\t\t\t<\/div>\n\t\t\t\t<\/div>\n\t\t\t\t<div class=\"elementor-element elementor-element-6269e758 elementor-widget elementor-widget-heading\" data-id=\"6269e758\" data-element_type=\"widget\" data-settings=\"{&quot;_animation&quot;:&quot;none&quot;}\" data-widget_type=\"heading.default\">\n\t\t\t\t<div class=\"elementor-widget-container\">\n\t\t\t\t\t<h2 class=\"elementor-heading-title elementor-size-default\">Or\u00e7amentos r\u00e1pidos, apoio profissional, grande sele\u00e7\u00e3o de tecnologias<\/h2>\t\t\t\t<\/div>\n\t\t\t\t<\/div>\n\t\t\t\t\t<\/div>\n\t\t\t\t<\/div>\n\t\t<div data-particle_enable=\"false\" data-particle-mobile-disabled=\"false\" class=\"elementor-element elementor-element-49423408 e-flex e-con-boxed e-con e-parent\" data-id=\"49423408\" data-element_type=\"container\">\n\t\t\t\t\t<div class=\"e-con-inner\">\n\t\t\t\t<div class=\"elementor-element elementor-element-33955be1 elementor-widget elementor-widget-shortcode\" data-id=\"33955be1\" data-element_type=\"widget\" data-widget_type=\"shortcode.default\">\n\t\t\t\t<div class=\"elementor-widget-container\">\n\t\t\t\t\t\t\t<div class=\"elementor-shortcode\">\t\t<div data-elementor-type=\"container\" data-elementor-id=\"30567\" class=\"elementor elementor-30567\" data-elementor-post-type=\"elementor_library\">\n\t\t\t\t<div data-particle_enable=\"false\" data-particle-mobile-disabled=\"false\" class=\"elementor-element elementor-element-349c2afa e-flex e-con-boxed e-con e-parent\" data-id=\"349c2afa\" data-element_type=\"container\">\n\t\t\t\t\t<div class=\"e-con-inner\">\n\t\t\t\t<div class=\"elementor-element elementor-element-aafaf45 elementor-grid-4 elementor-grid-tablet-2 elementor-grid-mobile-1 elementor-posts--thumbnail-top elementor-widget elementor-widget-posts\" data-id=\"aafaf45\" data-element_type=\"widget\" data-settings=\"{&quot;classic_columns&quot;:&quot;4&quot;,&quot;classic_columns_tablet&quot;:&quot;2&quot;,&quot;classic_columns_mobile&quot;:&quot;1&quot;,&quot;classic_row_gap&quot;:{&quot;unit&quot;:&quot;px&quot;,&quot;size&quot;:35,&quot;sizes&quot;:[]},&quot;classic_row_gap_widescreen&quot;:{&quot;unit&quot;:&quot;px&quot;,&quot;size&quot;:&quot;&quot;,&quot;sizes&quot;:[]},&quot;classic_row_gap_laptop&quot;:{&quot;unit&quot;:&quot;px&quot;,&quot;size&quot;:&quot;&quot;,&quot;sizes&quot;:[]},&quot;classic_row_gap_tablet_extra&quot;:{&quot;unit&quot;:&quot;px&quot;,&quot;size&quot;:&quot;&quot;,&quot;sizes&quot;:[]},&quot;classic_row_gap_tablet&quot;:{&quot;unit&quot;:&quot;px&quot;,&quot;size&quot;:&quot;&quot;,&quot;sizes&quot;:[]},&quot;classic_row_gap_mobile&quot;:{&quot;unit&quot;:&quot;px&quot;,&quot;size&quot;:&quot;&quot;,&quot;sizes&quot;:[]}}\" data-widget_type=\"posts.classic\">\n\t\t\t\t<div class=\"elementor-widget-container\">\n\t\t\t\t\t\t\t<div class=\"elementor-posts-container elementor-posts elementor-posts--skin-classic elementor-grid\" role=\"list\">\n\t\t\t\t<article class=\"elementor-post elementor-grid-item post-24659 post type-post status-publish format-standard has-post-thumbnail hentry category-produkte category-digital-und-hybrid category-events category-populaer tag-dolmetscherhub tag-dolmetscherstudio tag-dolmetschhub tag-dolmetschstudio\" role=\"listitem\">\n\t\t\t\t<a class=\"elementor-post__thumbnail__link\" href=\"https:\/\/konferenztechnik.de\/pt\/centros-de-interpretacao-e-estudios-de-interpretacao\/\" tabindex=\"-1\">\n\t\t\t<div class=\"elementor-post__thumbnail\"><img fetchpriority=\"high\" decoding=\"async\" width=\"300\" height=\"198\" src=\"https:\/\/konferenztechnik.de\/wp-content\/uploads\/2023\/04\/dolmetschhubs-300x198.jpg\" class=\"attachment-medium size-medium wp-image-24663\" alt=\"Vista para um est\u00fadio de interpreta\u00e7\u00e3o, onde os int\u00e9rpretes seguem um orador num grande monitor e traduzem para v\u00e1rias outras l\u00ednguas nas suas cabinas \u00e0 prova de som\" title=\"\" srcset=\"https:\/\/konferenztechnik.de\/wp-content\/uploads\/2023\/04\/dolmetschhubs-300x198.jpg 300w, https:\/\/konferenztechnik.de\/wp-content\/uploads\/2023\/04\/dolmetschhubs-18x12.jpg 18w, https:\/\/konferenztechnik.de\/wp-content\/uploads\/2023\/04\/dolmetschhubs.jpg 399w\" sizes=\"(max-width: 300px) 100vw, 300px\" \/><\/div>\n\t\t<\/a>\n\t\t\t\t<div class=\"elementor-post__text\">\n\t\t\t\t<h3 class=\"elementor-post__title\">\n\t\t\t<a href=\"https:\/\/konferenztechnik.de\/pt\/centros-de-interpretacao-e-estudios-de-interpretacao\/\">\n\t\t\t\tCentros de interpreta\u00e7\u00e3o e est\u00fadios de interpreta\u00e7\u00e3o\t\t\t<\/a>\n\t\t<\/h3>\n\t\t\t\t<div class=\"elementor-post__excerpt\">\n\t\t\t<p>Os nossos centros profissionais de interpreta\u00e7\u00e3o \u00e0 dist\u00e2ncia, interpreta\u00e7\u00e3o para videoconfer\u00eancias, streaming e reuni\u00f5es no local<\/p>\n\t\t<\/div>\n\t\t\t\t\t<div class=\"elementor-post__read-more-wrapper\">\n\t\t\n\t\t<a class=\"elementor-post__read-more\" href=\"https:\/\/konferenztechnik.de\/pt\/centros-de-interpretacao-e-estudios-de-interpretacao\/\" aria-label=\"Ler mais sobre Centros de interpreta\u00e7\u00e3o e est\u00fadios de interpreta\u00e7\u00e3o\" tabindex=\"-1\">\n\t\t\tLer mais \u00bb\t\t<\/a>\n\n\t\t\t\t\t<\/div>\n\t\t\t\t<\/div>\n\t\t\t\t<\/article>\n\t\t\t\t<article class=\"elementor-post elementor-grid-item post-24480 post type-post status-publish format-standard has-post-thumbnail hentry category-produkte category-events category-populaer\" role=\"listitem\">\n\t\t\t\t<a class=\"elementor-post__thumbnail__link\" href=\"https:\/\/konferenztechnik.de\/pt\/sistemas-de-orientacao-pessoal-alugar-comprar-instalar\/\" tabindex=\"-1\">\n\t\t\t<div class=\"elementor-post__thumbnail\"><img decoding=\"async\" width=\"300\" height=\"200\" src=\"https:\/\/konferenztechnik.de\/wp-content\/uploads\/2023\/07\/personenfuehrungsanlage-mieten-kaufen-300x200.webp\" class=\"attachment-medium size-medium wp-image-41906\" alt=\"Um homem fala ao microfone e um espetador ouve com o sistema de guia tur\u00edstico durante uma visita. Aluguer, compra ou aluguer de sistemas de guia tur\u00edstico da PCS.\" title=\"\" srcset=\"https:\/\/konferenztechnik.de\/wp-content\/uploads\/2023\/07\/personenfuehrungsanlage-mieten-kaufen-300x200.webp 300w, https:\/\/konferenztechnik.de\/wp-content\/uploads\/2023\/07\/personenfuehrungsanlage-mieten-kaufen-18x12.webp 18w, https:\/\/konferenztechnik.de\/wp-content\/uploads\/2023\/07\/personenfuehrungsanlage-mieten-kaufen-jpg.webp 424w\" sizes=\"(max-width: 300px) 100vw, 300px\" \/><\/div>\n\t\t<\/a>\n\t\t\t\t<div class=\"elementor-post__text\">\n\t\t\t\t<h3 class=\"elementor-post__title\">\n\t\t\t<a href=\"https:\/\/konferenztechnik.de\/pt\/sistemas-de-orientacao-pessoal-alugar-comprar-instalar\/\">\n\t\t\t\tSistemas de orienta\u00e7\u00e3o dos passageiros\t\t\t<\/a>\n\t\t<\/h3>\n\t\t\t\t<div class=\"elementor-post__excerpt\">\n\t\t\t<p>Sistemas de guia tur\u00edstico, sistemas de guia, sistemas whisper ou PFA, auscultadores, microfones, unidades de carregamento, malas de transporte, acess\u00f3rios<\/p>\n\t\t<\/div>\n\t\t\t\t\t<div class=\"elementor-post__read-more-wrapper\">\n\t\t\n\t\t<a class=\"elementor-post__read-more\" href=\"https:\/\/konferenztechnik.de\/pt\/sistemas-de-orientacao-pessoal-alugar-comprar-instalar\/\" aria-label=\"Ler mais sobre Sistemas de orienta\u00e7\u00e3o individual\" tabindex=\"-1\">\n\t\t\tLer mais \u00bb\t\t<\/a>\n\n\t\t\t\t\t<\/div>\n\t\t\t\t<\/div>\n\t\t\t\t<\/article>\n\t\t\t\t<article class=\"elementor-post elementor-grid-item post-24541 post type-post status-publish format-standard has-post-thumbnail hentry category-produkte category-digital-und-hybrid category-events category-populaer\" role=\"listitem\">\n\t\t\t\t<a class=\"elementor-post__thumbnail__link\" href=\"https:\/\/konferenztechnik.de\/pt\/sistemas-de-interpretacao-e-tecnologia-de-interpretacao-aluguer-compra-instalacao\/\" tabindex=\"-1\">\n\t\t\t<div class=\"elementor-post__thumbnail\"><img decoding=\"async\" width=\"300\" height=\"199\" src=\"https:\/\/konferenztechnik.de\/wp-content\/uploads\/2023\/05\/simultantechnik-dolmetscheranlagen-mieten-kaufen-leasen-300x199.webp\" class=\"attachment-medium size-medium wp-image-42814\" alt=\"\" title=\"\" srcset=\"https:\/\/konferenztechnik.de\/wp-content\/uploads\/2023\/05\/simultantechnik-dolmetscheranlagen-mieten-kaufen-leasen-300x199.webp 300w, https:\/\/konferenztechnik.de\/wp-content\/uploads\/2023\/05\/simultantechnik-dolmetscheranlagen-mieten-kaufen-leasen-18x12.webp 18w, https:\/\/konferenztechnik.de\/wp-content\/uploads\/2023\/05\/simultantechnik-dolmetscheranlagen-mieten-kaufen-leasen-jpg.webp 480w\" sizes=\"(max-width: 300px) 100vw, 300px\" \/><\/div>\n\t\t<\/a>\n\t\t\t\t<div class=\"elementor-post__text\">\n\t\t\t\t<h3 class=\"elementor-post__title\">\n\t\t\t<a href=\"https:\/\/konferenztechnik.de\/pt\/sistemas-de-interpretacao-e-tecnologia-de-interpretacao-aluguer-compra-instalacao\/\">\n\t\t\t\tSistemas de interpreta\u00e7\u00e3o e tecnologias de interpreta\u00e7\u00e3o\t\t\t<\/a>\n\t\t<\/h3>\n\t\t\t\t<div class=\"elementor-post__excerpt\">\n\t\t\t<p>Sistemas de interpreta\u00e7\u00e3o sem fios com cabinas de interpreta\u00e7\u00e3o e sistemas de discuss\u00e3o com cabinas de interpreta\u00e7\u00e3o<\/p>\n\t\t<\/div>\n\t\t\t\t\t<div class=\"elementor-post__read-more-wrapper\">\n\t\t\n\t\t<a class=\"elementor-post__read-more\" href=\"https:\/\/konferenztechnik.de\/pt\/sistemas-de-interpretacao-e-tecnologia-de-interpretacao-aluguer-compra-instalacao\/\" aria-label=\"Ler mais sobre Sistemas de interpreta\u00e7\u00e3o e tecnologias de interpreta\u00e7\u00e3o\" tabindex=\"-1\">\n\t\t\tLer mais \u00bb\t\t<\/a>\n\n\t\t\t\t\t<\/div>\n\t\t\t\t<\/div>\n\t\t\t\t<\/article>\n\t\t\t\t<article class=\"elementor-post elementor-grid-item post-21635 post type-post status-publish format-standard has-post-thumbnail hentry category-digital-und-hybrid category-events category-installation category-populaer\" role=\"listitem\">\n\t\t\t\t<a class=\"elementor-post__thumbnail__link\" href=\"https:\/\/konferenztechnik.de\/pt\/camaras-ptz\/\" tabindex=\"-1\">\n\t\t\t<div class=\"elementor-post__thumbnail\"><img loading=\"lazy\" decoding=\"async\" width=\"300\" height=\"198\" src=\"https:\/\/konferenztechnik.de\/wp-content\/uploads\/2023\/03\/ptz-kameras-300x198.jpg\" class=\"attachment-medium size-medium wp-image-21637\" alt=\"\" title=\"\" srcset=\"https:\/\/konferenztechnik.de\/wp-content\/uploads\/2023\/03\/ptz-kameras-300x198.jpg 300w, https:\/\/konferenztechnik.de\/wp-content\/uploads\/2023\/03\/ptz-kameras-18x12.jpg 18w, https:\/\/konferenztechnik.de\/wp-content\/uploads\/2023\/03\/ptz-kameras.jpg 399w\" sizes=\"(max-width: 300px) 100vw, 300px\" \/><\/div>\n\t\t<\/a>\n\t\t\t\t<div class=\"elementor-post__text\">\n\t\t\t\t<h3 class=\"elementor-post__title\">\n\t\t\t<a href=\"https:\/\/konferenztechnik.de\/pt\/camaras-ptz\/\">\n\t\t\t\tC\u00e2maras PTZ\t\t\t<\/a>\n\t\t<\/h3>\n\t\t\t\t<div class=\"elementor-post__excerpt\">\n\t\t\t<p>As c\u00e2maras PTZ (muitas vezes tamb\u00e9m conhecidas como c\u00e2maras DOME) focam automaticamente os participantes durante um discurso.<\/p>\n\t\t<\/div>\n\t\t\t\t\t<div class=\"elementor-post__read-more-wrapper\">\n\t\t\n\t\t<a class=\"elementor-post__read-more\" href=\"https:\/\/konferenztechnik.de\/pt\/camaras-ptz\/\" aria-label=\"Saiba mais sobre as c\u00e2maras PTZ\" tabindex=\"-1\">\n\t\t\tLer mais \u00bb\t\t<\/a>\n\n\t\t\t\t\t<\/div>\n\t\t\t\t<\/div>\n\t\t\t\t<\/article>\n\t\t\t\t<article class=\"elementor-post elementor-grid-item post-21411 post type-post status-publish format-standard has-post-thumbnail hentry category-digital-und-hybrid category-events category-populaer\" role=\"listitem\">\n\t\t\t\t<a class=\"elementor-post__thumbnail__link\" href=\"https:\/\/konferenztechnik.de\/pt\/conferencias-com-equipas-da-microsoft\/\" tabindex=\"-1\">\n\t\t\t<div class=\"elementor-post__thumbnail\"><img loading=\"lazy\" decoding=\"async\" width=\"300\" height=\"198\" src=\"https:\/\/konferenztechnik.de\/wp-content\/uploads\/2023\/03\/konferenzen-ms-teams-300x198.jpg\" class=\"attachment-medium size-medium wp-image-21474\" alt=\"\" title=\"\" srcset=\"https:\/\/konferenztechnik.de\/wp-content\/uploads\/2023\/03\/konferenzen-ms-teams-300x198.jpg 300w, https:\/\/konferenztechnik.de\/wp-content\/uploads\/2023\/03\/konferenzen-ms-teams-18x12.jpg 18w, https:\/\/konferenztechnik.de\/wp-content\/uploads\/2023\/03\/konferenzen-ms-teams.jpg 399w\" sizes=\"(max-width: 300px) 100vw, 300px\" \/><\/div>\n\t\t<\/a>\n\t\t\t\t<div class=\"elementor-post__text\">\n\t\t\t\t<h3 class=\"elementor-post__title\">\n\t\t\t<a href=\"https:\/\/konferenztechnik.de\/pt\/conferencias-com-equipas-da-microsoft\/\">\n\t\t\t\tConfer\u00eancias com o Microsoft Teams\t\t\t<\/a>\n\t\t<\/h3>\n\t\t\t\t<div class=\"elementor-post__excerpt\">\n\t\t\t<p>O MS Teams agora tamb\u00e9m \u00e9 multilingue e tem a fun\u00e7\u00e3o de \"interpreta\u00e7\u00e3o simult\u00e2nea\"<\/p>\n\t\t<\/div>\n\t\t\t\t\t<div class=\"elementor-post__read-more-wrapper\">\n\t\t\n\t\t<a class=\"elementor-post__read-more\" href=\"https:\/\/konferenztechnik.de\/pt\/conferencias-com-equipas-da-microsoft\/\" aria-label=\"Leia mais sobre Confer\u00eancias com o Microsoft Teams\" tabindex=\"-1\">\n\t\t\tLer mais \u00bb\t\t<\/a>\n\n\t\t\t\t\t<\/div>\n\t\t\t\t<\/div>\n\t\t\t\t<\/article>\n\t\t\t\t<article class=\"elementor-post elementor-grid-item post-26634 post type-post status-publish format-standard has-post-thumbnail hentry category-produkte category-events category-populaer\" role=\"listitem\">\n\t\t\t\t<a class=\"elementor-post__thumbnail__link\" href=\"https:\/\/konferenztechnik.de\/pt\/aluguer-de-equipamento-audio-e-video-av-comprar-instalar-aluguer\/\" tabindex=\"-1\">\n\t\t\t<div class=\"elementor-post__thumbnail\"><img loading=\"lazy\" decoding=\"async\" width=\"300\" height=\"180\" src=\"https:\/\/konferenztechnik.de\/wp-content\/uploads\/2023\/03\/audio-und-videotechnik-mieten-kaufen-installieren-300x180.avif\" class=\"attachment-medium size-medium wp-image-47449\" alt=\"tecnologia de \u00e1udio e v\u00eddeo - aluguer - compra - instala\u00e7\u00e3o\" title=\"\" srcset=\"https:\/\/konferenztechnik.de\/wp-content\/uploads\/2023\/03\/audio-und-videotechnik-mieten-kaufen-installieren-300x180.avif 300w, https:\/\/konferenztechnik.de\/wp-content\/uploads\/2023\/03\/audio-und-videotechnik-mieten-kaufen-installieren-1024x614.avif 1024w, https:\/\/konferenztechnik.de\/wp-content\/uploads\/2023\/03\/audio-und-videotechnik-mieten-kaufen-installieren-768x461.avif 768w, https:\/\/konferenztechnik.de\/wp-content\/uploads\/2023\/03\/audio-und-videotechnik-mieten-kaufen-installieren-18x12.avif 18w, https:\/\/konferenztechnik.de\/wp-content\/uploads\/2023\/03\/audio-und-videotechnik-mieten-kaufen-installieren.avif 1400w\" sizes=\"(max-width: 300px) 100vw, 300px\" \/><\/div>\n\t\t<\/a>\n\t\t\t\t<div class=\"elementor-post__text\">\n\t\t\t\t<h3 class=\"elementor-post__title\">\n\t\t\t<a href=\"https:\/\/konferenztechnik.de\/pt\/aluguer-de-equipamento-audio-e-video-av-comprar-instalar-aluguer\/\">\n\t\t\t\tAV: Tecnologia de \u00e1udio e v\u00eddeo\t\t\t<\/a>\n\t\t<\/h3>\n\t\t\t\t<div class=\"elementor-post__excerpt\">\n\t\t\t<p>Microfones, tecnologia de altifalantes, p\u00falpitos, telefones h\u00edbridos, distribuidores de imprensa, software de registo de esteno...<\/p>\n\t\t<\/div>\n\t\t\t\t\t<div class=\"elementor-post__read-more-wrapper\">\n\t\t\n\t\t<a class=\"elementor-post__read-more\" href=\"https:\/\/konferenztechnik.de\/pt\/aluguer-de-equipamento-audio-e-video-av-comprar-instalar-aluguer\/\" aria-label=\"Ler mais sobre AV: Tecnologia de \u00e1udio e v\u00eddeo\" tabindex=\"-1\">\n\t\t\tLer mais \u00bb\t\t<\/a>\n\n\t\t\t\t\t<\/div>\n\t\t\t\t<\/div>\n\t\t\t\t<\/article>\n\t\t\t\t<article class=\"elementor-post elementor-grid-item post-21559 post type-post status-publish format-standard has-post-thumbnail hentry category-news\" role=\"listitem\">\n\t\t\t\t<a class=\"elementor-post__thumbnail__link\" href=\"https:\/\/konferenztechnik.de\/pt\/tecnologia-de-interpretacao-e-de-conferencia-televisiva\/\" tabindex=\"-1\">\n\t\t\t<div class=\"elementor-post__thumbnail\"><img loading=\"lazy\" decoding=\"async\" width=\"300\" height=\"198\" src=\"https:\/\/konferenztechnik.de\/wp-content\/uploads\/2023\/03\/konferenztechnik-televic-300x198.jpg\" class=\"attachment-medium size-medium wp-image-21565\" alt=\"\" title=\"\" srcset=\"https:\/\/konferenztechnik.de\/wp-content\/uploads\/2023\/03\/konferenztechnik-televic-300x198.jpg 300w, https:\/\/konferenztechnik.de\/wp-content\/uploads\/2023\/03\/konferenztechnik-televic-18x12.jpg 18w, https:\/\/konferenztechnik.de\/wp-content\/uploads\/2023\/03\/konferenztechnik-televic.jpg 399w\" sizes=\"(max-width: 300px) 100vw, 300px\" \/><\/div>\n\t\t<\/a>\n\t\t\t\t<div class=\"elementor-post__text\">\n\t\t\t\t<h3 class=\"elementor-post__title\">\n\t\t\t<a href=\"https:\/\/konferenztechnik.de\/pt\/tecnologia-de-interpretacao-e-de-conferencia-televisiva\/\">\n\t\t\t\tTelevic \u2013 Tecnologia de interpreta\u00e7\u00e3o e confer\u00eancia\t\t\t<\/a>\n\t\t<\/h3>\n\t\t\t\t<div class=\"elementor-post__excerpt\">\n\t\t\t<p>Televic \u2013 Tecnologia de interpreta\u00e7\u00e3o e confer\u00eancia Publicado: 23.01.2023 Televic \u2013 um fabricante inovador com uma gama completa de solu\u00e7\u00f5es de interpreta\u00e7\u00e3o e confer\u00eancia Estamos a investir em novas<\/p>\n\t\t<\/div>\n\t\t\t\t\t<div class=\"elementor-post__read-more-wrapper\">\n\t\t\n\t\t<a class=\"elementor-post__read-more\" href=\"https:\/\/konferenztechnik.de\/pt\/tecnologia-de-interpretacao-e-de-conferencia-televisiva\/\" aria-label=\"Saiba mais sobre a tecnologia de interpreta\u00e7\u00e3o e confer\u00eancia Televic \u2013\" tabindex=\"-1\">\n\t\t\tLer mais \u00bb\t\t<\/a>\n\n\t\t\t\t\t<\/div>\n\t\t\t\t<\/div>\n\t\t\t\t<\/article>\n\t\t\t\t<\/div>\n\t\t\n\t\t\t\t\t\t<\/div>\n\t\t\t\t<\/div>\n\t\t\t\t\t<\/div>\n\t\t\t\t<\/div>\n\t\t\t\t<\/div>\n\t\t<\/div>\n\t\t\t\t\t\t<\/div>\n\t\t\t\t<\/div>\n\t\t\t\t<div class=\"elementor-element elementor-element-539fe1b3 elementor-widget elementor-widget-spacer\" data-id=\"539fe1b3\" data-element_type=\"widget\" data-widget_type=\"spacer.default\">\n\t\t\t\t<div class=\"elementor-widget-container\">\n\t\t\t\t\t\t\t<div class=\"elementor-spacer\">\n\t\t\t<div class=\"elementor-spacer-inner\"><\/div>\n\t\t<\/div>\n\t\t\t\t\t\t<\/div>\n\t\t\t\t<\/div>\n\t\t\t\t\t<\/div>\n\t\t\t\t<\/div>\n\t\t<div data-particle_enable=\"false\" data-particle-mobile-disabled=\"false\" class=\"elementor-element elementor-element-490b9b2d e-flex e-con-boxed e-con e-parent\" data-id=\"490b9b2d\" data-element_type=\"container\">\n\t\t\t\t\t<div class=\"e-con-inner\">\n\t\t\t\t<div class=\"elementor-element elementor-element-52147058 elementor-widget__width-initial elementor-widget elementor-widget-heading\" data-id=\"52147058\" data-element_type=\"widget\" data-settings=\"{&quot;_animation&quot;:&quot;none&quot;}\" data-widget_type=\"heading.default\">\n\t\t\t\t<div class=\"elementor-widget-container\">\n\t\t\t\t\t<h2 class=\"elementor-heading-title elementor-size-default\">Aluguer de tecnologia de interpreta\u00e7\u00e3o e de confer\u00eancia em M\u00fcnster<\/h2>\t\t\t\t<\/div>\n\t\t\t\t<\/div>\n\t\t\t\t<div class=\"elementor-element elementor-element-3ba20af8 elementor-widget elementor-widget-shortcode\" data-id=\"3ba20af8\" data-element_type=\"widget\" data-widget_type=\"shortcode.default\">\n\t\t\t\t<div class=\"elementor-widget-container\">\n\t\t\t\t\t\t\t<div class=\"elementor-shortcode\">\t\t<div data-elementor-type=\"container\" data-elementor-id=\"30580\" class=\"elementor elementor-30580\" data-elementor-post-type=\"elementor_library\">\n\t\t\t\t<div data-particle_enable=\"false\" data-particle-mobile-disabled=\"false\" class=\"elementor-element elementor-element-76b67369 e-flex e-con-boxed e-con e-parent\" data-id=\"76b67369\" data-element_type=\"container\">\n\t\t\t\t\t<div class=\"e-con-inner\">\n\t\t\t\t<div class=\"elementor-element elementor-element-1ebb8808 elementor-arrows-position-inside elementor-pagination-position-outside elementor-widget elementor-widget-image-carousel\" data-id=\"1ebb8808\" data-element_type=\"widget\" data-settings=\"{&quot;slides_to_show&quot;:&quot;1&quot;,&quot;navigation&quot;:&quot;both&quot;,&quot;autoplay&quot;:&quot;yes&quot;,&quot;pause_on_hover&quot;:&quot;yes&quot;,&quot;pause_on_interaction&quot;:&quot;yes&quot;,&quot;autoplay_speed&quot;:5000,&quot;infinite&quot;:&quot;yes&quot;,&quot;effect&quot;:&quot;slide&quot;,&quot;speed&quot;:500}\" data-widget_type=\"image-carousel.default\">\n\t\t\t\t<div class=\"elementor-widget-container\">\n\t\t\t\t\t\t\t<div class=\"elementor-image-carousel-wrapper swiper\" role=\"region\" aria-roledescription=\"carousel\" aria-label=\"Carrossel de imagens\" dir=\"ltr\">\n\t\t\t<div class=\"elementor-image-carousel swiper-wrapper swiper-image-stretch\" aria-live=\"off\">\n\t\t\t\t\t\t\t\t<div class=\"swiper-slide\" role=\"group\" aria-roledescription=\"slide\" aria-label=\"1 de 2\"><figure class=\"swiper-slide-inner\"><img decoding=\"async\" class=\"swiper-slide-image\" src=\"https:\/\/konferenztechnik.de\/wp-content\/uploads\/2017\/03\/dolmetscherpult-mieten-1.jpg\" alt=\"aluguer de mesas de int\u00e9rprete\" title=\"\"><\/figure><\/div><div class=\"swiper-slide\" role=\"group\" aria-roledescription=\"slide\" aria-label=\"2 de 2\"><figure class=\"swiper-slide-inner\"><img decoding=\"async\" class=\"swiper-slide-image\" src=\"https:\/\/konferenztechnik.de\/wp-content\/uploads\/2017\/03\/dolmetscherkabine-fuehrungsanlage-mieten-1.jpg\" alt=\"cabina de interpreta\u00e7\u00e3o - sistema de guia - aluguer\" title=\"\"><\/figure><\/div>\t\t\t<\/div>\n\t\t\t\t\t\t\t\t\t\t\t\t<div class=\"elementor-swiper-button elementor-swiper-button-prev\" role=\"button\" tabindex=\"0\">\n\t\t\t\t\t\t<svg aria-hidden=\"true\" class=\"e-font-icon-svg e-eicon-chevron-left\" viewbox=\"0 0 1000 1000\" xmlns=\"http:\/\/www.w3.org\/2000\/svg\"><path d=\"M646 125C629 125 613 133 604 142L308 442C296 454 292 471 292 487 292 504 296 521 308 533L604 854C617 867 629 875 646 875 663 875 679 871 692 858 704 846 713 829 713 812 713 796 708 779 692 767L438 487 692 225C700 217 708 204 708 187 708 171 704 154 692 142 675 129 663 125 646 125Z\"><\/path><\/svg>\t\t\t\t\t<\/div>\n\t\t\t\t\t<div class=\"elementor-swiper-button elementor-swiper-button-next\" role=\"button\" tabindex=\"0\">\n\t\t\t\t\t\t<svg aria-hidden=\"true\" class=\"e-font-icon-svg e-eicon-chevron-right\" viewbox=\"0 0 1000 1000\" xmlns=\"http:\/\/www.w3.org\/2000\/svg\"><path d=\"M696 533C708 521 713 504 713 487 713 471 708 454 696 446L400 146C388 133 375 125 354 125 338 125 325 129 313 142 300 154 292 171 292 187 292 204 296 221 308 233L563 492 304 771C292 783 288 800 288 817 288 833 296 850 308 863 321 871 338 875 354 875 371 875 388 867 400 854L696 533Z\"><\/path><\/svg>\t\t\t\t\t<\/div>\n\t\t\t\t\n\t\t\t\t\t\t\t\t\t<div class=\"swiper-pagination\"><\/div>\n\t\t\t\t\t\t\t\t\t<\/div>\n\t\t\t\t\t\t<\/div>\n\t\t\t\t<\/div>\n\t\t\t\t\t<\/div>\n\t\t\t\t<\/div>\n\t\t\t\t<\/div>\n\t\t<\/div>\n\t\t\t\t\t\t<\/div>\n\t\t\t\t<\/div>\n\t\t\t\t<div class=\"elementor-element elementor-element-52f41ce8 elementor-widget__width-initial elementor-widget elementor-widget-text-editor\" data-id=\"52f41ce8\" data-element_type=\"widget\" data-widget_type=\"text-editor.default\">\n\t\t\t\t<div class=\"elementor-widget-container\">\n\t\t\t\t\t\t\t\t\t<p>Quer se trate de uma confer\u00eancia acad\u00e9mica, de um congresso internacional, de uma reuni\u00e3o de dire\u00e7\u00e3o ou de uma audi\u00eancia interpretada: a PCS coloca \u00e0 disposi\u00e7\u00e3o de M\u00fcnster e arredores sistemas de aluguer na \u00e1rea da tecnologia de interpreta\u00e7\u00e3o. A sele\u00e7\u00e3o de diferentes sistemas e equipamentos \u00e9 extremamente vasta: vai desde sistemas completos na \u00e1rea da tecnologia de interpreta\u00e7\u00e3o, passando por cabinas de interpreta\u00e7\u00e3o e caixas de sussurro, at\u00e9 unidades de microfone e cadeias de microfone. A PCS tamb\u00e9m oferece tecnologia profissional de som e v\u00eddeo, como sistemas de som, projectores e ecr\u00e3s para aluguer em M\u00fcnsterland.<\/p>\t\t\t\t\t\t\t\t<\/div>\n\t\t\t\t<\/div>\n\t\t\t\t<div class=\"elementor-element elementor-element-379dc993 elementor-widget__width-initial elementor-widget elementor-widget-heading\" data-id=\"379dc993\" data-element_type=\"widget\" data-settings=\"{&quot;_animation&quot;:&quot;none&quot;}\" data-widget_type=\"heading.default\">\n\t\t\t\t<div class=\"elementor-widget-container\">\n\t\t\t\t\t<h2 class=\"elementor-heading-title elementor-size-default\">Tecnologia de interpreta\u00e7\u00e3o dos sistemas da marca \u2013 para a regi\u00e3o de M\u00fcnsterland<\/h2>\t\t\t\t<\/div>\n\t\t\t\t<\/div>\n\t\t\t\t<div class=\"elementor-element elementor-element-387fdcd7 elementor-widget__width-inherit elementor-widget elementor-widget-text-editor\" data-id=\"387fdcd7\" data-element_type=\"widget\" data-widget_type=\"text-editor.default\">\n\t\t\t\t<div class=\"elementor-widget-container\">\n\t\t\t\t\t\t\t\t\t<p>No que diz respeito ao aluguer de tecnologia de interpreta\u00e7\u00e3o, a PCS recorre sobretudo a fabricantes de marca. Por exemplo, est\u00e1 dispon\u00edvel para aluguer o sistema completo Bosch DCN NG com mais de 31 canais de interpreta\u00e7\u00e3o e um idioma de sala. Como quase todos os sistemas fornecidos pela PCS em M\u00fcnster, este sistema tamb\u00e9m pode ser facilmente integrado em sistemas de tecnologia de som existentes de fabricantes estabelecidos. Caracteriza-se tamb\u00e9m por uma expans\u00e3o simples do sistema. As cabinas de interpreta\u00e7\u00e3o alugadas pela PCS em M\u00fcnsterland s\u00e3o da Audipack. O sistema de orienta\u00e7\u00e3o de visitantes Synexis da Beyerdynamic e o sistema de guia tur\u00edstico digital 2020-D da Sennheiser s\u00e3o os principais sistemas de sussurro oferecidos para a interpreta\u00e7\u00e3o simult\u00e2nea em M\u00fcnster. <br \/><br \/>Todos os sistemas alugados pela PCS em M\u00fcnster t\u00eam uma coisa em comum: s\u00e3o higienicamente limpos e sujeitos a um teste de funcionamento a 100 por cento antes da entrega. Para al\u00e9m disso, os sistemas s\u00e3o, naturalmente, mantidos profissionalmente por t\u00e9cnicos da PCS numa base cont\u00ednua e a BGV A3 \u00e9 testada em intervalos regulares. <\/p>\t\t\t\t\t\t\t\t<\/div>\n\t\t\t\t<\/div>\n\t\t\t\t<div class=\"elementor-element elementor-element-949fcb0 elementor-widget__width-initial elementor-widget elementor-widget-heading\" data-id=\"949fcb0\" data-element_type=\"widget\" data-settings=\"{&quot;_animation&quot;:&quot;none&quot;}\" data-widget_type=\"heading.default\">\n\t\t\t\t<div class=\"elementor-widget-container\">\n\t\t\t\t\t<h2 class=\"elementor-heading-title elementor-size-default\">A acessibilidade como um novo dom\u00ednio de aplica\u00e7\u00e3o<\/h2>\t\t\t\t<\/div>\n\t\t\t\t<\/div>\n\t\t\t\t<div class=\"elementor-element elementor-element-2c02b08 elementor-widget__width-inherit elementor-widget elementor-widget-text-editor\" data-id=\"2c02b08\" data-element_type=\"widget\" data-widget_type=\"text-editor.default\">\n\t\t\t\t<div class=\"elementor-widget-container\">\n\t\t\t\t\t\t\t\t\t<p>A tecnologia de interpreta\u00e7\u00e3o contratada \u00e0 PCS \u00e9 utilizada em M\u00fcnster para eventos no Messe und Congress Centrum Halle M\u00fcnsterland, entre outros. Para al\u00e9m dos congressos e confer\u00eancias multilingues, a acessibilidade \u00e9 uma \u00e1rea relativamente nova de aplica\u00e7\u00e3o da tecnologia de interpreta\u00e7\u00e3o que tamb\u00e9m est\u00e1 a tornar-se cada vez mais importante em M\u00fcnster. A utiliza\u00e7\u00e3o da tecnologia de interpreta\u00e7\u00e3o permite que as pessoas com defici\u00eancias auditivas, em particular, participem em eventos culturais ou debates em p\u00e9 de igualdade. Por exemplo, um sinal de altifalante pode ser transmitido diretamente para aparelhos auditivos atrav\u00e9s de um circuito de indu\u00e7\u00e3o \u2013, quer se trate do som original da sala ou de um canal de interpreta\u00e7\u00e3o. <br \/><br \/>O aluguer de tecnologia de interpreta\u00e7\u00e3o em M\u00fcnster est\u00e1 tamb\u00e9m associado a uma vasta gama de servi\u00e7os auxiliares, alguns dos quais s\u00e3o gratuitos. Os planeadores de projectos da PCS apoiam os seus clientes de M\u00fcnster desde o primeiro pedido de informa\u00e7\u00e3o at\u00e9 ao planeamento do evento e \u00e0 sele\u00e7\u00e3o dos sistemas mais adequados. A pedido, a PCS pode entregar sistemas de interpreta\u00e7\u00e3o e sistemas simult\u00e2neos de qualquer dimens\u00e3o diretamente nos locais dos eventos em M\u00fcnsterland. Os t\u00e9cnicos de eventos da PCS montam os sistemas no local e integram-nos, se necess\u00e1rio, na tecnologia de meios audiovisuais existente. A supervis\u00e3o t\u00e9cnica de todo o evento por pessoal qualificado da PCS \u00e9 outro servi\u00e7o oferecido em liga\u00e7\u00e3o com o aluguer de equipamento de interpreta\u00e7\u00e3o em M\u00fcnster. <br \/><br \/>M\u00fcnster e a \u00e1rea circundante s\u00e3o servidos pela sede da PCS em D\u00fcsseldorf. Os nossos colaboradores ter\u00e3o todo o gosto em responder a quaisquer quest\u00f5es relacionadas com a tecnologia de interpreta\u00e7\u00e3o.<\/p>\t\t\t\t\t\t\t\t<\/div>\n\t\t\t\t<\/div>\n\t\t\t\t<div class=\"elementor-element elementor-element-4128abf3 elementor-widget__width-initial elementor-widget elementor-widget-heading\" data-id=\"4128abf3\" data-element_type=\"widget\" data-settings=\"{&quot;_animation&quot;:&quot;none&quot;}\" data-widget_type=\"heading.default\">\n\t\t\t\t<div class=\"elementor-widget-container\">\n\t\t\t\t\t<h2 class=\"elementor-heading-title elementor-size-default\">Aluguer de equipamento de interpreta\u00e7\u00e3o M\u00fcnster<\/h2>\t\t\t\t<\/div>\n\t\t\t\t<\/div>\n\t\t\t\t<div class=\"elementor-element elementor-element-789525d1 elementor-widget elementor-widget-eael-adv-accordion\" data-id=\"789525d1\" data-element_type=\"widget\" data-widget_type=\"eael-adv-accordion.default\">\n\t\t\t\t<div class=\"elementor-widget-container\">\n\t\t\t\t\t            <div class=\"eael-adv-accordion\" id=\"eael-adv-accordion-789525d1\" data-scroll-on-click=\"no\" data-scroll-speed=\"300\" data-accordion-id=\"789525d1\" data-accordion-type=\"accordion\" data-toogle-speed=\"300\">\n            <div class=\"eael-accordion-list\">\n\t\t\t\t\t<div id=\"veranstaltungsorte-fr-events-und-kongresse-in-mnster\" class=\"elementor-tab-title eael-accordion-header\" tabindex=\"0\" data-tab=\"1\" aria-controls=\"elementor-tab-content-2021\"><span class=\"eael-advanced-accordion-icon-closed\"><svg aria-hidden=\"true\" class=\"fa-accordion-icon e-font-icon-svg e-fas-plus\" viewbox=\"0 0 448 512\" xmlns=\"http:\/\/www.w3.org\/2000\/svg\"><path d=\"M416 208H272V64c0-17.67-14.33-32-32-32h-32c-17.67 0-32 14.33-32 32v144H32c-17.67 0-32 14.33-32 32v32c0 17.67 14.33 32 32 32h144v144c0 17.67 14.33 32 32 32h32c17.67 0 32-14.33 32-32V304h144c17.67 0 32-14.33 32-32v-32c0-17.67-14.33-32-32-32z\"><\/path><\/svg><\/span><span class=\"eael-advanced-accordion-icon-opened\"><svg aria-hidden=\"true\" class=\"fa-accordion-icon e-font-icon-svg e-fas-minus\" viewbox=\"0 0 448 512\" xmlns=\"http:\/\/www.w3.org\/2000\/svg\"><path d=\"M416 208H32c-17.67 0-32 14.33-32 32v32c0 17.67 14.33 32 32 32h384c17.67 0 32-14.33 32-32v-32c0-17.67-14.33-32-32-32z\"><\/path><\/svg><\/span><span class=\"eael-accordion-tab-title\">Locais para eventos e congressos em M\u00fcnster<\/span><svg aria-hidden=\"true\" class=\"fa-toggle e-font-icon-svg e-fas-angle-right\" viewbox=\"0 0 256 512\" xmlns=\"http:\/\/www.w3.org\/2000\/svg\"><path d=\"M224.3 273l-136 136c-9.4 9.4-24.6 9.4-33.9 0l-22.6-22.6c-9.4-9.4-9.4-24.6 0-33.9l96.4-96.4-96.4-96.4c-9.4-9.4-9.4-24.6 0-33.9L54.3 103c9.4-9.4 24.6-9.4 33.9 0l136 136c9.5 9.4 9.5 24.6.1 34z\"><\/path><\/svg><\/div><div id=\"elementor-tab-content-2021\" class=\"eael-accordion-content clearfix\" data-tab=\"1\" aria-labelledby=\"veranstaltungsorte-fr-events-und-kongresse-in-mnster\"><ul><li>Centro de Exposi\u00e7\u00f5es e Congressos de Halle M\u00fcnsterland \u2013 MCC<\/li><li>C\u00e2mara Municipal de Hiltrup<\/li><li>Universidade Westf\u00e4lische Wilhelms de M\u00fcnster<\/li><li>Universidade de Ci\u00eancias Aplicadas de M\u00fcnster \u2013 Centro Universit\u00e1rio de Ci\u00eancias Aplicadas (FHZ)<\/li><li>Castelo de M\u00fcnster<\/li><li>Campus de Steinfurt<\/li><li>Funda\u00e7\u00e3o H\u00fcffer<\/li><li>Concession\u00e1rio de autom\u00f3veis Siemon M\u00fcnster<\/li><\/ul><\/div>\n\t\t\t\t\t<\/div><div class=\"eael-accordion-list\">\n\t\t\t\t\t<div id=\"die-wichtigsten-veranstaltungshotels-in-mnster\" class=\"elementor-tab-title eael-accordion-header\" tabindex=\"0\" data-tab=\"2\" aria-controls=\"elementor-tab-content-2022\"><span class=\"eael-advanced-accordion-icon-closed\"><svg aria-hidden=\"true\" class=\"fa-accordion-icon e-font-icon-svg e-fas-plus\" viewbox=\"0 0 448 512\" xmlns=\"http:\/\/www.w3.org\/2000\/svg\"><path d=\"M416 208H272V64c0-17.67-14.33-32-32-32h-32c-17.67 0-32 14.33-32 32v144H32c-17.67 0-32 14.33-32 32v32c0 17.67 14.33 32 32 32h144v144c0 17.67 14.33 32 32 32h32c17.67 0 32-14.33 32-32V304h144c17.67 0 32-14.33 32-32v-32c0-17.67-14.33-32-32-32z\"><\/path><\/svg><\/span><span class=\"eael-advanced-accordion-icon-opened\"><svg aria-hidden=\"true\" class=\"fa-accordion-icon e-font-icon-svg e-fas-minus\" viewbox=\"0 0 448 512\" xmlns=\"http:\/\/www.w3.org\/2000\/svg\"><path d=\"M416 208H32c-17.67 0-32 14.33-32 32v32c0 17.67 14.33 32 32 32h384c17.67 0 32-14.33 32-32v-32c0-17.67-14.33-32-32-32z\"><\/path><\/svg><\/span><span class=\"eael-accordion-tab-title\">Os hot\u00e9is para eventos mais importantes em M\u00fcnster<\/span><svg aria-hidden=\"true\" class=\"fa-toggle e-font-icon-svg e-fas-angle-right\" viewbox=\"0 0 256 512\" xmlns=\"http:\/\/www.w3.org\/2000\/svg\"><path d=\"M224.3 273l-136 136c-9.4 9.4-24.6 9.4-33.9 0l-22.6-22.6c-9.4-9.4-9.4-24.6 0-33.9l96.4-96.4-96.4-96.4c-9.4-9.4-9.4-24.6 0-33.9L54.3 103c9.4-9.4 24.6-9.4 33.9 0l136 136c9.5 9.4 9.5 24.6.1 34z\"><\/path><\/svg><\/div><div id=\"elementor-tab-content-2022\" class=\"eael-accordion-content clearfix\" data-tab=\"2\" aria-labelledby=\"die-wichtigsten-veranstaltungshotels-in-mnster\"><ul><li>Hotel F\u00e1brica<\/li><li>DRK Conference Hotel Dunant<\/li><li>Tryp Kongresshotel M\u00fcnster<\/li><li>\u00c1gora no Lago Aa<\/li><li>Hotel da cidade de M\u00fcnster<\/li><li>M\u00f6venpick Hotel M\u00fcnster<\/li><li>Hotel Kaiserhof M\u00fcnster<\/li><li>Best Western Premier<\/li><li>Seehotel Krautkr\u00e4mer<\/li><li>Ringhotel Landhaus Eggert<\/li><li>Beverland Country Hotel<\/li><li>Hotel-Restaurante Clemens-August (Ascheberg)<\/li><\/ul><\/div>\n\t\t\t\t\t<\/div><div class=\"eael-accordion-list\">\n\t\t\t\t\t<div id=\"die-wichtigsten-messetermine-in-mnster\" class=\"elementor-tab-title eael-accordion-header\" tabindex=\"0\" data-tab=\"3\" aria-controls=\"elementor-tab-content-2023\"><span class=\"eael-advanced-accordion-icon-closed\"><svg aria-hidden=\"true\" class=\"fa-accordion-icon e-font-icon-svg e-fas-plus\" viewbox=\"0 0 448 512\" xmlns=\"http:\/\/www.w3.org\/2000\/svg\"><path d=\"M416 208H272V64c0-17.67-14.33-32-32-32h-32c-17.67 0-32 14.33-32 32v144H32c-17.67 0-32 14.33-32 32v32c0 17.67 14.33 32 32 32h144v144c0 17.67 14.33 32 32 32h32c17.67 0 32-14.33 32-32V304h144c17.67 0 32-14.33 32-32v-32c0-17.67-14.33-32-32-32z\"><\/path><\/svg><\/span><span class=\"eael-advanced-accordion-icon-opened\"><svg aria-hidden=\"true\" class=\"fa-accordion-icon e-font-icon-svg e-fas-minus\" viewbox=\"0 0 448 512\" xmlns=\"http:\/\/www.w3.org\/2000\/svg\"><path d=\"M416 208H32c-17.67 0-32 14.33-32 32v32c0 17.67 14.33 32 32 32h384c17.67 0 32-14.33 32-32v-32c0-17.67-14.33-32-32-32z\"><\/path><\/svg><\/span><span class=\"eael-accordion-tab-title\">As datas mais importantes das feiras em M\u00fcnster<\/span><svg aria-hidden=\"true\" class=\"fa-toggle e-font-icon-svg e-fas-angle-right\" viewbox=\"0 0 256 512\" xmlns=\"http:\/\/www.w3.org\/2000\/svg\"><path d=\"M224.3 273l-136 136c-9.4 9.4-24.6 9.4-33.9 0l-22.6-22.6c-9.4-9.4-9.4-24.6 0-33.9l96.4-96.4-96.4-96.4c-9.4-9.4-9.4-24.6 0-33.9L54.3 103c9.4-9.4 24.6-9.4 33.9 0l136 136c9.5 9.4 9.5 24.6.1 34z\"><\/path><\/svg><\/div><div id=\"elementor-tab-content-2023\" class=\"eael-accordion-content clearfix\" data-tab=\"3\" aria-labelledby=\"die-wichtigsten-messetermine-in-mnster\"><ul><li>IAF \u2013 Exposi\u00e7\u00e3o Internacional de Tecnologia de Chassis<\/li><li>feira de emprego em m\u00fcnsterland<\/li><li>Fim de semana de tatuagens Starfire em M\u00fcnster<\/li><li>LAB-SUPPLY M\u00fcnster<\/li><li>F\u00f3rum VIA M\u00fcnster<\/li><li>COLERtechnika<\/li><li>Canela e estrelas<\/li><li>LADYLIKE M\u00fcnster<\/li><li>JuBi M\u00fcnster \u2013 Feira de Educa\u00e7\u00e3o para Jovens<\/li><li>Feira DOGLIVE, MASTER AND MORE M\u00fcnster<\/li><li>Feira BACHELOR AND MORE M\u00fcnster<\/li><li>HORIZONTE M\u00fcnster<\/li><li>Feira de Arte e Antiguidades de M\u00fcnster<\/li><li>Construir &amp; Viver M\u00fcnster<\/li><li>TEDDYB\u00c4R TOTAL M\u00fcnster<\/li><li>vocatium M\u00fcnsterland<\/li><li>Esta\u00e7\u00e3o de servi\u00e7o e PME<\/li><li>Dias do Empres\u00e1rio AGRAR<\/li><li>Congresso de Diabetes, Ipomex<\/li><li>Dias de constru\u00e7\u00e3o em madeira<\/li><li>mobile &amp; fit M\u00fcnster<\/li><li>Jornadas de Gest\u00e3o de Res\u00edduos de M\u00fcnster<\/li><li>WLAT M\u00fcnster<\/li><\/ul><\/div>\n\t\t\t\t\t<\/div><\/div>\t\t\t\t<\/div>\n\t\t\t\t<\/div>\n\t\t\t\t\t<\/div>\n\t\t\t\t<\/div>\n\t\t<div data-particle_enable=\"false\" data-particle-mobile-disabled=\"false\" class=\"elementor-element elementor-element-3388e556 e-flex e-con-boxed e-con e-parent\" data-id=\"3388e556\" data-element_type=\"container\">\n\t\t\t\t\t<div class=\"e-con-inner\">\n\t\t\t\t<div class=\"elementor-element elementor-element-4ec90981 elementor-widget elementor-widget-shortcode\" data-id=\"4ec90981\" data-element_type=\"widget\" data-widget_type=\"shortcode.default\">\n\t\t\t\t<div class=\"elementor-widget-container\">\n\t\t\t\t\t\t\t<div class=\"elementor-shortcode\"><\/div>\n\t\t\t\t\t\t<\/div>\n\t\t\t\t<\/div>\n\t\t\t\t\t<\/div>\n\t\t\t\t<\/div>\n\t\t\t\t<\/div>","protected":false},"excerpt":{"rendered":"<p>Aluguer de equipamento de interpreta\u00e7\u00e3o em M\u00fcnster \u2013 Aluguer de equipamento de interpreta\u00e7\u00e3o em M\u00fcnster Cota\u00e7\u00f5es r\u00e1pidas, apoio profissional, grande sele\u00e7\u00e3o de equipamento Aluguer de equipamento de interpreta\u00e7\u00e3o e tecnologia de confer\u00eancia em M\u00fcnster Quer se trate de uma confer\u00eancia acad\u00e9mica, de um congresso internacional, de uma reuni\u00e3o de dire\u00e7\u00e3o ou de uma audi\u00eancia interpretada: a PCS coloca \u00e0 disposi\u00e7\u00e3o de M\u00fcnster e arredores sistemas de aluguer na \u00e1rea da tecnologia de interpreta\u00e7\u00e3o. A sele\u00e7\u00e3o de diferentes sistemas e equipamentos \u00e9 extremamente vasta: pode [...]<\/p>","protected":false},"author":1,"featured_media":45482,"parent":0,"menu_order":0,"comment_status":"closed","ping_status":"closed","template":"","meta":{"_acf_changed":false,"footnotes":""},"class_list":["post-11850","page","type-page","status-publish","has-post-thumbnail","hentry"],"acf":[],"_links":{"self":[{"href":"https:\/\/konferenztechnik.de\/pt\/wp-json\/wp\/v2\/pages\/11850","targetHints":{"allow":["GET"]}}],"collection":[{"href":"https:\/\/konferenztechnik.de\/pt\/wp-json\/wp\/v2\/pages"}],"about":[{"href":"https:\/\/konferenztechnik.de\/pt\/wp-json\/wp\/v2\/types\/page"}],"author":[{"embeddable":true,"href":"https:\/\/konferenztechnik.de\/pt\/wp-json\/wp\/v2\/users\/1"}],"replies":[{"embeddable":true,"href":"https:\/\/konferenztechnik.de\/pt\/wp-json\/wp\/v2\/comments?post=11850"}],"version-history":[{"count":0,"href":"https:\/\/konferenztechnik.de\/pt\/wp-json\/wp\/v2\/pages\/11850\/revisions"}],"wp:featuredmedia":[{"embeddable":true,"href":"https:\/\/konferenztechnik.de\/pt\/wp-json\/wp\/v2\/media\/45482"}],"wp:attachment":[{"href":"https:\/\/konferenztechnik.de\/pt\/wp-json\/wp\/v2\/media?parent=11850"}],"curies":[{"name":"wp","href":"https:\/\/api.w.org\/{rel}","templated":true}]}}