{"id":12018,"date":"2017-11-28T12:28:24","date_gmt":"2017-11-28T10:28:24","guid":{"rendered":"https:\/\/www.konferenztechnik.de\/?page_id=12018"},"modified":"2023-09-21T09:29:08","modified_gmt":"2023-09-21T07:29:08","slug":"aluguer-de-postos-de-intercomunicacao-em-frankfurt","status":"publish","type":"page","link":"https:\/\/konferenztechnik.de\/pt\/aluguer-de-postos-de-intercomunicacao-em-frankfurt\/","title":{"rendered":"Esta\u00e7\u00f5es de intercomunica\u00e7\u00e3o para aluguer Frankfurt"},"content":{"rendered":"<div data-elementor-type=\"wp-page\" data-elementor-id=\"12018\" class=\"elementor elementor-12018\" data-elementor-post-type=\"page\">\n\t\t\t\t<div data-particle_enable=\"false\" data-particle-mobile-disabled=\"false\" class=\"elementor-element elementor-element-128dc6d0 e-flex e-con-boxed e-con e-parent\" data-id=\"128dc6d0\" data-element_type=\"container\">\n\t\t\t\t\t<div class=\"e-con-inner\">\n\t\t\t\t<div class=\"elementor-element elementor-element-50202031 elementor-widget elementor-widget-heading\" data-id=\"50202031\" data-element_type=\"widget\" data-settings=\"{&quot;_animation&quot;:&quot;none&quot;}\" data-widget_type=\"heading.default\">\n\t\t\t\t<div class=\"elementor-widget-container\">\n\t\t\t\t\t<h1 class=\"elementor-heading-title elementor-size-default\">Aluguer de unidades de microfone Frankfurt am Main \u2013 Aluguer de unidades de microfone de secret\u00e1ria, sistemas de confer\u00eancia e sistemas de discuss\u00e3o na metr\u00f3pole do rio Meno <\/h1>\t\t\t\t<\/div>\n\t\t\t\t<\/div>\n\t\t\t\t<div class=\"elementor-element elementor-element-744cb4ac elementor-widget-widescreen__width-inherit elementor-widget elementor-widget-image\" data-id=\"744cb4ac\" data-element_type=\"widget\" data-widget_type=\"image.default\">\n\t\t\t\t<div class=\"elementor-widget-container\">\n\t\t\t\t\t\t\t\t\t\t\t\t\t\t\t<img fetchpriority=\"high\" decoding=\"async\" width=\"1200\" height=\"450\" src=\"https:\/\/konferenztechnik.de\/wp-content\/uploads\/2017\/05\/veranstaltungstechnik-frankfurt.jpg\" class=\"attachment-full size-full wp-image-10187\" alt=\"\" srcset=\"https:\/\/konferenztechnik.de\/wp-content\/uploads\/2017\/05\/veranstaltungstechnik-frankfurt.jpg 1200w, https:\/\/konferenztechnik.de\/wp-content\/uploads\/2017\/05\/veranstaltungstechnik-frankfurt-300x113.jpg 300w, https:\/\/konferenztechnik.de\/wp-content\/uploads\/2017\/05\/veranstaltungstechnik-frankfurt-1024x384.jpg 1024w, https:\/\/konferenztechnik.de\/wp-content\/uploads\/2017\/05\/veranstaltungstechnik-frankfurt-768x288.jpg 768w\" sizes=\"(max-width: 1200px) 100vw, 1200px\" title=\"\">\t\t\t\t\t\t\t\t\t\t\t\t\t\t\t<\/div>\n\t\t\t\t<\/div>\n\t\t<div data-particle_enable=\"false\" data-particle-mobile-disabled=\"false\" class=\"elementor-element elementor-element-9707caf e-flex e-con-boxed e-con e-child\" data-id=\"9707caf\" data-element_type=\"container\">\n\t\t\t\t\t<div class=\"e-con-inner\">\n\t\t\t\t<div class=\"elementor-element elementor-element-1729758e elementor-align-left elementor-widget elementor-widget-button\" data-id=\"1729758e\" data-element_type=\"widget\" data-widget_type=\"button.default\">\n\t\t\t\t<div class=\"elementor-widget-container\">\n\t\t\t\t\t\t\t\t\t<div class=\"elementor-button-wrapper\">\n\t\t\t\t\t<a class=\"elementor-button elementor-button-link elementor-size-lg\" href=\"#serviceteam\">\n\t\t\t\t\t\t<span class=\"elementor-button-content-wrapper\">\n\t\t\t\t\t\t<span class=\"elementor-button-icon\">\n\t\t\t\t<svg aria-hidden=\"true\" class=\"e-font-icon-svg e-far-arrow-alt-circle-down\" viewbox=\"0 0 512 512\" xmlns=\"http:\/\/www.w3.org\/2000\/svg\"><path d=\"M256 8C119 8 8 119 8 256s111 248 248 248 248-111 248-248S393 8 256 8zm0 448c-110.5 0-200-89.5-200-200S145.5 56 256 56s200 89.5 200 200-89.5 200-200 200zm-32-316v116h-67c-10.7 0-16 12.9-8.5 20.5l99 99c4.7 4.7 12.3 4.7 17 0l99-99c7.6-7.6 2.2-20.5-8.5-20.5h-67V140c0-6.6-5.4-12-12-12h-40c-6.6 0-12 5.4-12 12z\"><\/path><\/svg>\t\t\t<\/span>\n\t\t\t\t\t\t\t\t\t<span class=\"elementor-button-text\">Perguntar agora<\/span>\n\t\t\t\t\t<\/span>\n\t\t\t\t\t<\/a>\n\t\t\t\t<\/div>\n\t\t\t\t\t\t\t\t<\/div>\n\t\t\t\t<\/div>\n\t\t\t\t\t<\/div>\n\t\t\t\t<\/div>\n\t\t<div data-particle_enable=\"false\" data-particle-mobile-disabled=\"false\" class=\"elementor-element elementor-element-5cfb866d e-flex e-con-boxed e-con e-child\" data-id=\"5cfb866d\" data-element_type=\"container\">\n\t\t\t\t\t<div class=\"e-con-inner\">\n\t\t\t\t<div class=\"elementor-element elementor-element-5f747526 elementor-widget elementor-widget-shortcode\" data-id=\"5f747526\" data-element_type=\"widget\" data-widget_type=\"shortcode.default\">\n\t\t\t\t<div class=\"elementor-widget-container\">\n\t\t\t\t\t\t\t<div class=\"elementor-shortcode\">\t\t<div data-elementor-type=\"section\" data-elementor-id=\"37185\" class=\"elementor elementor-37185\" data-elementor-post-type=\"elementor_library\">\n\t\t\t<div data-particle_enable=\"false\" data-particle-mobile-disabled=\"false\" class=\"elementor-element elementor-element-26482db e-flex e-con-boxed e-con e-parent\" data-id=\"26482db\" data-element_type=\"container\">\n\t\t\t\t\t<div class=\"e-con-inner\">\n\t\t\t\t<div class=\"elementor-element elementor-element-d8130b9 elementor-widget__width-inherit elementor-widget elementor-widget-eael-post-list\" data-id=\"d8130b9\" data-element_type=\"widget\" data-settings=\"{&quot;_animation&quot;:&quot;none&quot;}\" data-widget_type=\"eael-post-list.default\">\n\t\t\t\t<div class=\"elementor-widget-container\">\n\t\t\t\t\t<div class=\"eael-post-list-container advanced layout-advanced\"><div class=\"eael-post-list-wrap\"><div class=\"eael-post-list-posts-wrap eael-post-appender eael-post-appender-d8130b9\"><div class=\"eael-post-list-post\"><div class=\"eael-post-list-post-inner\"><div class=\"eael-post-list-thumbnail\"><a href=\"https:\/\/konferenztechnik.de\/pt\/sistema-de-discussao-televic-confidea-g4\/\">\n                <img decoding=\"async\" src=\"https:\/\/konferenztechnik.de\/wp-content\/uploads\/2023\/06\/televic-confidea-g4-1.jpg\" alt=\"Unidade de confer\u00eancia sem fios Televic Confidea G4\" title=\"\">\n            <\/a><\/div><div class=\"eael-post-list-content\"><h3 class=\"eael-post-list-title\"><a href=\"https:\/\/konferenztechnik.de\/pt\/sistema-de-discussao-televic-confidea-g4\/\" >Televic Confidea G4 \u2013 Unidade de discuss\u00e3o<\/a><\/h3><p>O sistema de confer\u00eancia sem fios Confidea G4 \u00e9 o antecessor do sistema Flex e...<\/p><a href=\"https:\/\/konferenztechnik.de\/pt\/sistema-de-discussao-televic-confidea-g4\/\" class=\"eael-post-elements-readmore-btn\" >\u203a mais<\/a><div class=\"boxed-meta\"><\/div><\/div><\/div><\/div><div class=\"eael-post-list-post\"><div class=\"eael-post-list-post-inner\"><div class=\"eael-post-list-thumbnail\"><a href=\"https:\/\/konferenztechnik.de\/pt\/sistema-de-discussao-completo-shure-microflex\/\">\n                <img decoding=\"async\" src=\"https:\/\/konferenztechnik.de\/wp-content\/uploads\/2023\/07\/shure-microflex-sprechstellen-jpg.webp\" alt=\"Unidade de microfone da s\u00e9rie Microflex da Shure\" title=\"\">\n            <\/a><\/div><div class=\"eael-post-list-content\"><h3 class=\"eael-post-list-title\"><a href=\"https:\/\/konferenztechnik.de\/pt\/sistema-de-discussao-completo-shure-microflex\/\" >Sistema de discuss\u00e3o Shure Microflex Complete \u2013<\/a><\/h3><p>O design moderno e simples \u00e9 elegante e discreto e enquadra-se bem na...<\/p><a href=\"https:\/\/konferenztechnik.de\/pt\/sistema-de-discussao-completo-shure-microflex\/\" class=\"eael-post-elements-readmore-btn\" >\u203a mais<\/a><div class=\"boxed-meta\"><\/div><\/div><\/div><\/div><div class=\"eael-post-list-post\"><div class=\"eael-post-list-post-inner\"><div class=\"eael-post-list-thumbnail\"><a href=\"https:\/\/konferenztechnik.de\/pt\/sistema-de-discussao-televic-confidea-flex\/\">\n                <img decoding=\"async\" src=\"https:\/\/konferenztechnik.de\/wp-content\/uploads\/2022\/06\/televic-confidea-flex.jpg\" alt=\"Unidade de confer\u00eancia sem fios Televic Confidea Flex\" title=\"\">\n            <\/a><\/div><div class=\"eael-post-list-content\"><h3 class=\"eael-post-list-title\"><a href=\"https:\/\/konferenztechnik.de\/pt\/sistema-de-discussao-televic-confidea-flex\/\" >Televic Confidea Flex \u2013 Unidade de discuss\u00e3o<\/a><\/h3><p>O sistema Confidea Flex pode ser facilmente adaptado a uma vasta gama de cen\u00e1rios de aplica\u00e7\u00e3o. De...<\/p><a href=\"https:\/\/konferenztechnik.de\/pt\/sistema-de-discussao-televic-confidea-flex\/\" class=\"eael-post-elements-readmore-btn\" >\u203a mais<\/a><div class=\"boxed-meta\"><\/div><\/div><\/div><\/div><div class=\"eael-post-list-post\"><div class=\"eael-post-list-post-inner\"><div class=\"eael-post-list-thumbnail\"><a href=\"https:\/\/konferenztechnik.de\/pt\/sistema-de-discussao-bosch-dicentis\/\">\n                <img decoding=\"async\" src=\"https:\/\/konferenztechnik.de\/wp-content\/uploads\/2022\/06\/bosch-dicentis-sprechstelle.jpg\" alt=\"Unidade de microfone de confer\u00eancia Bosch Dicentis com microfone de pesco\u00e7o de ganso e um pequeno ecr\u00e3 para informa\u00e7\u00f5es adicionais e introdu\u00e7\u00e3o de dados\" title=\"\">\n            <\/a><\/div><div class=\"eael-post-list-content\"><h3 class=\"eael-post-list-title\"><a href=\"https:\/\/konferenztechnik.de\/pt\/sistema-de-discussao-bosch-dicentis\/\" >Unidade de discuss\u00e3o Bosch Dicentis \u2013<\/a><\/h3><p>Gra\u00e7as \u00e0 sua elevada flexibilidade e instala\u00e7\u00e3o simples, o sistema de confer\u00eancia sem fios DICENTIS \u00e9 adequado para...<\/p><a href=\"https:\/\/konferenztechnik.de\/pt\/sistema-de-discussao-bosch-dicentis\/\" class=\"eael-post-elements-readmore-btn\" >\u203a mais<\/a><div class=\"boxed-meta\"><\/div><\/div><\/div><\/div><div class=\"eael-post-list-post\"><div class=\"eael-post-list-post-inner\"><div class=\"eael-post-list-thumbnail\"><a href=\"https:\/\/konferenztechnik.de\/pt\/sistema-de-discussao-sennheiser-adn\/\">\n                <img decoding=\"async\" src=\"https:\/\/konferenztechnik.de\/wp-content\/uploads\/2022\/06\/sennheiser-adn.jpg\" alt=\"Unidade de confer\u00eancia sem fios Sennheiser ADN\" title=\"\">\n            <\/a><\/div><div class=\"eael-post-list-content\"><h3 class=\"eael-post-list-title\"><a href=\"https:\/\/konferenztechnik.de\/pt\/sistema-de-discussao-sennheiser-adn\/\" >Sistema de discuss\u00e3o Sennheiser ADN \u2013<\/a><\/h3><p>O sistema de confer\u00eancia ADN est\u00e1 equipado com uma eficiente supress\u00e3o de feedback. Ele...<\/p><a href=\"https:\/\/konferenztechnik.de\/pt\/sistema-de-discussao-sennheiser-adn\/\" class=\"eael-post-elements-readmore-btn\" >\u203a mais<\/a><div class=\"boxed-meta\"><\/div><\/div><\/div><\/div><div class=\"eael-post-list-post\"><div class=\"eael-post-list-post-inner\"><div class=\"eael-post-list-thumbnail\"><a href=\"https:\/\/konferenztechnik.de\/pt\/sistema-de-discussao-beyerdynamic-quinta\/\">\n                <img decoding=\"async\" src=\"https:\/\/konferenztechnik.de\/wp-content\/uploads\/2022\/06\/beyerdynamic-quinta.jpg\" alt=\"Unidade de microfone de confer\u00eancia Beyerdynamic Quinta, sem fios, com microfone pesco\u00e7o de ganso\" title=\"\">\n            <\/a><\/div><div class=\"eael-post-list-content\"><h3 class=\"eael-post-list-title\"><a href=\"https:\/\/konferenztechnik.de\/pt\/sistema-de-discussao-beyerdynamic-quinta\/\" >Beyerdynamic Quinta \u2013 Sistema de discuss\u00e3o<\/a><\/h3><p>O sistema Beyerdynamic Quinta foi concebido para reuni\u00f5es, confer\u00eancias, videoconfer\u00eancias e confer\u00eancias de imprensa, salas de tribunal...<\/p><a href=\"https:\/\/konferenztechnik.de\/pt\/sistema-de-discussao-beyerdynamic-quinta\/\" class=\"eael-post-elements-readmore-btn\" >\u203a mais<\/a><div class=\"boxed-meta\"><\/div><\/div><\/div><\/div><div class=\"eael-post-list-post\"><div class=\"eael-post-list-post-inner\"><div class=\"eael-post-list-thumbnail\"><a href=\"https:\/\/konferenztechnik.de\/pt\/bosch-discussion-sistema-de-discussao\/\">\n                <img decoding=\"async\" src=\"https:\/\/konferenztechnik.de\/wp-content\/uploads\/2023\/06\/bosch-discussion-NG.jpg\" alt=\"Unidade de microfone Bosch Discussion Next Generation com seletor de idioma para chamar idiomas interpretados na unidade de microfone\" title=\"\">\n            <\/a><\/div><div class=\"eael-post-list-content\"><h3 class=\"eael-post-list-title\"><a href=\"https:\/\/konferenztechnik.de\/pt\/bosch-discussion-sistema-de-discussao\/\" >Bosch Discuss\u00e3o \u2013 Unidade de discuss\u00e3o<\/a><\/h3><p>As solu\u00e7\u00f5es de confer\u00eancia DCN caracterizam-se pela sua versatilidade e oferecem uma elevada qualidade de \u00e1udio e...<\/p><a href=\"https:\/\/konferenztechnik.de\/pt\/bosch-discussion-sistema-de-discussao\/\" class=\"eael-post-elements-readmore-btn\" >\u203a mais<\/a><div class=\"boxed-meta\"><\/div><\/div><\/div><\/div><div class=\"eael-post-list-post\"><div class=\"eael-post-list-post-inner\"><div class=\"eael-post-list-thumbnail\"><a href=\"https:\/\/konferenztechnik.de\/pt\/bosch-ccs-1000-d-unidade-de-discussao\/\">\n                <img decoding=\"async\" src=\"https:\/\/konferenztechnik.de\/wp-content\/uploads\/2023\/06\/sennheiser-ccs-1000-d.jpg\" alt=\"Tipo de esta\u00e7\u00e3o de microfone Bosch CCS 1000 d\" title=\"\">\n            <\/a><\/div><div class=\"eael-post-list-content\"><h3 class=\"eael-post-list-title\"><a href=\"https:\/\/konferenztechnik.de\/pt\/bosch-ccs-1000-d-unidade-de-discussao\/\" >BOSCH CCS 1000 D \u2013 Unidade de discuss\u00e3o<\/a><\/h3><p>A CCS 1000 D impressiona pela sua simplicidade sem sacrificar as inova\u00e7\u00f5es t\u00e9cnicas.<\/p><a href=\"https:\/\/konferenztechnik.de\/pt\/bosch-ccs-1000-d-unidade-de-discussao\/\" class=\"eael-post-elements-readmore-btn\" >\u203a mais<\/a><div class=\"boxed-meta\"><\/div><\/div><\/div><\/div><\/div><\/div>\n\t\t<\/div>\t\t\t\t<\/div>\n\t\t\t\t<\/div>\n\t\t\t\t\t<\/div>\n\t\t\t\t<\/div>\n\t\t\t\t<\/div>\n\t\t<\/div>\n\t\t\t\t\t\t<\/div>\n\t\t\t\t<\/div>\n\t\t\t\t\t<\/div>\n\t\t\t\t<\/div>\n\t\t\t\t\t<\/div>\n\t\t\t\t<\/div>\n\t\t<div data-particle_enable=\"false\" data-particle-mobile-disabled=\"false\" class=\"elementor-element elementor-element-7d2bd555 e-flex e-con-boxed e-con e-parent\" data-id=\"7d2bd555\" data-element_type=\"container\">\n\t\t\t\t\t<div class=\"e-con-inner\">\n\t\t\t\t<div class=\"elementor-element elementor-element-7b751da2 elementor-widget__width-initial elementor-widget elementor-widget-text-editor\" data-id=\"7b751da2\" data-element_type=\"widget\" data-widget_type=\"text-editor.default\">\n\t\t\t\t<div class=\"elementor-widget-container\">\n\t\t\t\t\t\t\t\t\t<p>Como cidade financeira e de feiras internacionais, com o seu famoso horizonte, Frankfurt am Main \u00e9 uma das maiores e mais din\u00e2micas cidades da Alemanha e mesmo da Europa. Cerca de 60.000 eventos com mais de 3 milh\u00f5es de visitantes t\u00eam lugar todos os anos neste popular centro de congressos e confer\u00eancias. \u00c9 aqui que se situa a Bolsa de Valores de Frankfurt, a Igreja de S. Paulo, a Feira do Livro e a salsicha de Frankfurt. E, por \u00faltimo, mas n\u00e3o menos importante, \u00e9 o local de nascimento de Johann Wolfgang Goethe \u2013, um dos poetas mais famosos da Alemanha.<\/p><p>\u00a0<\/p><p>Se tamb\u00e9m est\u00e1 a planear um evento neste local atrativo e vers\u00e1til, n\u00f3s da PCS Konferenztechnik somos o seu parceiro para sistemas de confer\u00eancia. Com mais de 20 anos de experi\u00eancia, podemos fornecer-lhe os conhecimentos t\u00e9cnicos e a tecnologia adequada. Assim, nada se interp\u00f5e no caminho da sua confer\u00eancia, reuni\u00e3o ou assembleia de acionistas. N\u00e3o se perder\u00e1 uma palavra, porque a PCS fornecer-lhe-\u00e1 o sistema de discuss\u00e3o, as unidades de microfone de mesa ou a cadeia de microfones adequados. Entre em contacto connosco. A pedido, podemos tamb\u00e9m planear e organizar toda a tecnologia para o seu evento.<\/p>\t\t\t\t\t\t\t\t<\/div>\n\t\t\t\t<\/div>\n\t\t\t\t<div class=\"elementor-element elementor-element-6a4717e4 elementor-widget__width-initial elementor-widget elementor-widget-heading\" data-id=\"6a4717e4\" data-element_type=\"widget\" data-settings=\"{&quot;_animation&quot;:&quot;none&quot;}\" data-widget_type=\"heading.default\">\n\t\t\t\t<div class=\"elementor-widget-container\">\n\t\t\t\t\t<h2 class=\"elementor-heading-title elementor-size-default\">unidades de microfone, microfones de mesa, unidades de microfone de mesa - aluguer de sistemas de discuss\u00e3o Frankfurt am Main<\/h2>\t\t\t\t<\/div>\n\t\t\t\t<\/div>\n\t\t\t\t<div class=\"elementor-element elementor-element-339328c8 elementor-widget elementor-widget-image\" data-id=\"339328c8\" data-element_type=\"widget\" data-widget_type=\"image.default\">\n\t\t\t\t<div class=\"elementor-widget-container\">\n\t\t\t\t\t\t\t\t\t\t\t\t\t\t\t<img decoding=\"async\" width=\"2550\" height=\"1074\" src=\"https:\/\/konferenztechnik.de\/wp-content\/uploads\/2023\/07\/sprechstellen-mieten-pcs-konferenztechnik-jpg.webp\" class=\"attachment-full size-full wp-image-37195\" alt=\"Vista de uma fila de mesas de confer\u00eancia preparadas para uma reuni\u00e3o, abastecidas com material de escrita, bebidas e unidades de microfone de confer\u00eancia sem fios - tudo parece pronto para uma confer\u00eancia.\" srcset=\"https:\/\/konferenztechnik.de\/wp-content\/uploads\/2023\/07\/sprechstellen-mieten-pcs-konferenztechnik-jpg.webp 2550w, https:\/\/konferenztechnik.de\/wp-content\/uploads\/2023\/07\/sprechstellen-mieten-pcs-konferenztechnik-300x126.webp 300w, https:\/\/konferenztechnik.de\/wp-content\/uploads\/2023\/07\/sprechstellen-mieten-pcs-konferenztechnik-1024x431.webp 1024w, https:\/\/konferenztechnik.de\/wp-content\/uploads\/2023\/07\/sprechstellen-mieten-pcs-konferenztechnik-768x323.webp 768w, https:\/\/konferenztechnik.de\/wp-content\/uploads\/2023\/07\/sprechstellen-mieten-pcs-konferenztechnik-1536x647.webp 1536w, https:\/\/konferenztechnik.de\/wp-content\/uploads\/2023\/07\/sprechstellen-mieten-pcs-konferenztechnik-2048x863.webp 2048w, https:\/\/konferenztechnik.de\/wp-content\/uploads\/2023\/07\/sprechstellen-mieten-pcs-konferenztechnik-18x8.webp 18w\" sizes=\"(max-width: 2550px) 100vw, 2550px\" title=\"\">\t\t\t\t\t\t\t\t\t\t\t\t\t\t\t<\/div>\n\t\t\t\t<\/div>\n\t\t\t\t<div class=\"elementor-element elementor-element-1dc8dff2 elementor-align-right elementor-mobile-align-center elementor-widget elementor-widget-button\" data-id=\"1dc8dff2\" data-element_type=\"widget\" data-widget_type=\"button.default\">\n\t\t\t\t<div class=\"elementor-widget-container\">\n\t\t\t\t\t\t\t\t\t<div class=\"elementor-button-wrapper\">\n\t\t\t\t\t<a class=\"elementor-button elementor-button-link elementor-size-lg\" href=\"#serviceteam\">\n\t\t\t\t\t\t<span class=\"elementor-button-content-wrapper\">\n\t\t\t\t\t\t<span class=\"elementor-button-icon\">\n\t\t\t\t<svg aria-hidden=\"true\" class=\"e-font-icon-svg e-far-arrow-alt-circle-down\" viewbox=\"0 0 512 512\" xmlns=\"http:\/\/www.w3.org\/2000\/svg\"><path d=\"M256 8C119 8 8 119 8 256s111 248 248 248 248-111 248-248S393 8 256 8zm0 448c-110.5 0-200-89.5-200-200S145.5 56 256 56s200 89.5 200 200-89.5 200-200 200zm-32-316v116h-67c-10.7 0-16 12.9-8.5 20.5l99 99c4.7 4.7 12.3 4.7 17 0l99-99c7.6-7.6 2.2-20.5-8.5-20.5h-67V140c0-6.6-5.4-12-12-12h-40c-6.6 0-12 5.4-12 12z\"><\/path><\/svg>\t\t\t<\/span>\n\t\t\t\t\t\t\t\t\t<span class=\"elementor-button-text\">Perguntar agora<\/span>\n\t\t\t\t\t<\/span>\n\t\t\t\t\t<\/a>\n\t\t\t\t<\/div>\n\t\t\t\t\t\t\t\t<\/div>\n\t\t\t\t<\/div>\n\t\t\t\t<div class=\"elementor-element elementor-element-f7ef273 elementor-widget__width-inherit elementor-widget elementor-widget-text-editor\" data-id=\"f7ef273\" data-element_type=\"widget\" data-widget_type=\"text-editor.default\">\n\t\t\t\t<div class=\"elementor-widget-container\">\n\t\t\t\t\t\t\t\t\t<p>Num evento internacional como o de Frankfurt am Main, n\u00e3o s\u00e3o raros os grupos de discuss\u00e3o internacionais. As nossas unidades de microfone disp\u00f5em mesmo de canais de interpreta\u00e7\u00e3o para este efeito, de modo a que a respectiva l\u00edngua nacional dos participantes possa ser chamada diretamente em cada unidade de microfone, individualmente, atrav\u00e9s dos auscultadores ligados. Isto garante a compreens\u00e3o da l\u00edngua e, consequentemente, a participa\u00e7\u00e3o ativa na discuss\u00e3o. Quer se trate de microfones de secret\u00e1ria ou de unidades de microfone, unidades de microfone de secret\u00e1ria ou cadeias de microfone, \u2013 significa sempre sistemas de confer\u00eancia que garantem um di\u00e1logo ordenado entre os seus participantes. Dependendo do modelo da unidade de microfone de secret\u00e1ria, existem tamb\u00e9m v\u00e1rias fun\u00e7\u00f5es especiais, tais como<\/p>\t\t\t\t\t\t\t\t<\/div>\n\t\t\t\t<\/div>\n\t\t\t\t<div class=\"elementor-element elementor-element-673dc8e9 elementor-icon-list--layout-traditional elementor-list-item-link-full_width elementor-widget elementor-widget-icon-list\" data-id=\"673dc8e9\" data-element_type=\"widget\" data-widget_type=\"icon-list.default\">\n\t\t\t\t<div class=\"elementor-widget-container\">\n\t\t\t\t\t\t\t<ul class=\"elementor-icon-list-items\">\n\t\t\t\t\t\t\t<li class=\"elementor-icon-list-item\">\n\t\t\t\t\t\t\t\t\t\t\t<a href=\"#\">\n\n\t\t\t\t\t\t\t\t\t\t\t\t<span class=\"elementor-icon-list-icon\">\n\t\t\t\t\t\t\t<svg aria-hidden=\"true\" class=\"e-font-icon-svg e-fas-check\" viewbox=\"0 0 512 512\" xmlns=\"http:\/\/www.w3.org\/2000\/svg\"><path d=\"M173.898 439.404l-166.4-166.4c-9.997-9.997-9.997-26.206 0-36.204l36.203-36.204c9.997-9.998 26.207-9.998 36.204 0L192 312.69 432.095 72.596c9.997-9.997 26.207-9.997 36.204 0l36.203 36.204c9.997 9.997 9.997 26.206 0 36.204l-294.4 294.401c-9.998 9.997-26.207 9.997-36.204-.001z\"><\/path><\/svg>\t\t\t\t\t\t<\/span>\n\t\t\t\t\t\t\t\t\t\t<span class=\"elementor-icon-list-text\">Cria\u00e7\u00e3o de listas de oradores<\/span>\n\t\t\t\t\t\t\t\t\t\t\t<\/a>\n\t\t\t\t\t\t\t\t\t<\/li>\n\t\t\t\t\t\t\t\t<li class=\"elementor-icon-list-item\">\n\t\t\t\t\t\t\t\t\t\t\t<a href=\"#\">\n\n\t\t\t\t\t\t\t\t\t\t\t\t<span class=\"elementor-icon-list-icon\">\n\t\t\t\t\t\t\t<svg aria-hidden=\"true\" class=\"e-font-icon-svg e-fas-check\" viewbox=\"0 0 512 512\" xmlns=\"http:\/\/www.w3.org\/2000\/svg\"><path d=\"M173.898 439.404l-166.4-166.4c-9.997-9.997-9.997-26.206 0-36.204l36.203-36.204c9.997-9.998 26.207-9.998 36.204 0L192 312.69 432.095 72.596c9.997-9.997 26.207-9.997 36.204 0l36.203 36.204c9.997 9.997 9.997 26.206 0 36.204l-294.4 294.401c-9.998 9.997-26.207 9.997-36.204-.001z\"><\/path><\/svg>\t\t\t\t\t\t<\/span>\n\t\t\t\t\t\t\t\t\t\t<span class=\"elementor-icon-list-text\">Interven\u00e7\u00e3o de um respons\u00e1vel pelo debate<\/span>\n\t\t\t\t\t\t\t\t\t\t\t<\/a>\n\t\t\t\t\t\t\t\t\t<\/li>\n\t\t\t\t\t\t\t\t<li class=\"elementor-icon-list-item\">\n\t\t\t\t\t\t\t\t\t\t\t<a href=\"#\">\n\n\t\t\t\t\t\t\t\t\t\t\t\t<span class=\"elementor-icon-list-icon\">\n\t\t\t\t\t\t\t<svg aria-hidden=\"true\" class=\"e-font-icon-svg e-fas-check\" viewbox=\"0 0 512 512\" xmlns=\"http:\/\/www.w3.org\/2000\/svg\"><path d=\"M173.898 439.404l-166.4-166.4c-9.997-9.997-9.997-26.206 0-36.204l36.203-36.204c9.997-9.998 26.207-9.998 36.204 0L192 312.69 432.095 72.596c9.997-9.997 26.207-9.997 36.204 0l36.203 36.204c9.997 9.997 9.997 26.206 0 36.204l-294.4 294.401c-9.998 9.997-26.207 9.997-36.204-.001z\"><\/path><\/svg>\t\t\t\t\t\t<\/span>\n\t\t\t\t\t\t\t\t\t\t<span class=\"elementor-icon-list-text\">Visualiza\u00e7\u00e3o dos participantes activos atrav\u00e9s de software de controlo<\/span>\n\t\t\t\t\t\t\t\t\t\t\t<\/a>\n\t\t\t\t\t\t\t\t\t<\/li>\n\t\t\t\t\t\t\t\t<li class=\"elementor-icon-list-item\">\n\t\t\t\t\t\t\t\t\t\t\t<a href=\"#\">\n\n\t\t\t\t\t\t\t\t\t\t\t\t<span class=\"elementor-icon-list-icon\">\n\t\t\t\t\t\t\t<svg aria-hidden=\"true\" class=\"e-font-icon-svg e-fas-check\" viewbox=\"0 0 512 512\" xmlns=\"http:\/\/www.w3.org\/2000\/svg\"><path d=\"M173.898 439.404l-166.4-166.4c-9.997-9.997-9.997-26.206 0-36.204l36.203-36.204c9.997-9.998 26.207-9.998 36.204 0L192 312.69 432.095 72.596c9.997-9.997 26.207-9.997 36.204 0l36.203 36.204c9.997 9.997 9.997 26.206 0 36.204l-294.4 294.401c-9.998 9.997-26.207 9.997-36.204-.001z\"><\/path><\/svg>\t\t\t\t\t\t<\/span>\n\t\t\t\t\t\t\t\t\t\t<span class=\"elementor-icon-list-text\">Grava\u00e7\u00e3o \u00e1udio da confer\u00eancia<\/span>\n\t\t\t\t\t\t\t\t\t\t\t<\/a>\n\t\t\t\t\t\t\t\t\t<\/li>\n\t\t\t\t\t\t<\/ul>\n\t\t\t\t\t\t<\/div>\n\t\t\t\t<\/div>\n\t\t\t\t<div class=\"elementor-element elementor-element-3cb539a9 elementor-widget elementor-widget-heading\" data-id=\"3cb539a9\" data-element_type=\"widget\" data-settings=\"{&quot;_animation&quot;:&quot;none&quot;}\" data-widget_type=\"heading.default\">\n\t\t\t\t<div class=\"elementor-widget-container\">\n\t\t\t\t\t<h2 class=\"elementor-heading-title elementor-size-default\">Esta\u00e7\u00f5es de intercomunica\u00e7\u00e3o em combina\u00e7\u00e3o com outras tecnologias de confer\u00eancia<\/h2>\t\t\t\t<\/div>\n\t\t\t\t<\/div>\n\t\t\t\t<div class=\"elementor-element elementor-element-354f65e0 elementor-widget__width-inherit elementor-widget elementor-widget-text-editor\" data-id=\"354f65e0\" data-element_type=\"widget\" data-widget_type=\"text-editor.default\">\n\t\t\t\t<div class=\"elementor-widget-container\">\n\t\t\t\t\t\t\t\t\t<p>\u00a0Quer se trate de cabinas de interpreta\u00e7\u00e3o ou de sistemas de interpreta\u00e7\u00e3o, a tecnologia de confer\u00eancia \u2013 PCS pode ser facilmente combinada com outra tecnologia de eventos. Tamb\u00e9m \u00e9 poss\u00edvel complementar os sistemas de confer\u00eancia existentes com dispositivos individuais da nossa frota de aluguer. Os nossos planificadores de projectos ter\u00e3o todo o prazer em aconselh\u00e1-lo sobre este assunto. Juntos, encontraremos rapidamente o sistema certo para o seu evento.<\/p>\t\t\t\t\t\t\t\t<\/div>\n\t\t\t\t<\/div>\n\t\t\t\t<div class=\"elementor-element elementor-element-b793e6c elementor-widget elementor-widget-heading\" data-id=\"b793e6c\" data-element_type=\"widget\" data-settings=\"{&quot;_animation&quot;:&quot;none&quot;}\" data-widget_type=\"heading.default\">\n\t\t\t\t<div class=\"elementor-widget-container\">\n\t\t\t\t\t<h2 class=\"elementor-heading-title elementor-size-default\">Aluguer de unidades de microfone: Fabricantes e sistemas de confer\u00eancia da PCS<\/h2>\t\t\t\t<\/div>\n\t\t\t\t<\/div>\n\t\t\t\t<div class=\"elementor-element elementor-element-cd230df elementor-widget__width-inherit elementor-widget elementor-widget-text-editor\" data-id=\"cd230df\" data-element_type=\"widget\" data-widget_type=\"text-editor.default\">\n\t\t\t\t<div class=\"elementor-widget-container\">\n\t\t\t\t\t\t\t\t\t<p>Na PCS Konferenztechnik, pode escolher entre unidades de microfone de secret\u00e1ria sem fios e com fios. Enquanto as unidades de microfone sem fios s\u00e3o muito f\u00e1ceis e r\u00e1pidas de montar e desmontar, garantindo assim uma disposi\u00e7\u00e3o flex\u00edvel dos lugares, os microfones de confer\u00eancia com fios s\u00e3o menos suscept\u00edveis a interfer\u00eancias externas de ondas de r\u00e1dio.<\/p><p>\u00a0<\/p><p>Pode alugar as seguintes unidades de microfone e sistemas de confer\u00eancia na PCS Konferenztechnik:<\/p>\t\t\t\t\t\t\t\t<\/div>\n\t\t\t\t<\/div>\n\t\t\t\t<div class=\"elementor-element elementor-element-6d9f5472 elementor-icon-list--layout-traditional elementor-list-item-link-full_width elementor-widget elementor-widget-icon-list\" data-id=\"6d9f5472\" data-element_type=\"widget\" data-widget_type=\"icon-list.default\">\n\t\t\t\t<div class=\"elementor-widget-container\">\n\t\t\t\t\t\t\t<ul class=\"elementor-icon-list-items\">\n\t\t\t\t\t\t\t<li class=\"elementor-icon-list-item\">\n\t\t\t\t\t\t\t\t\t\t\t<a href=\"https:\/\/konferenztechnik.de\/pt\/sistema-de-discussao-bosch-dicentis\/\">\n\n\t\t\t\t\t\t\t\t\t\t\t\t<span class=\"elementor-icon-list-icon\">\n\t\t\t\t\t\t\t<svg aria-hidden=\"true\" class=\"e-font-icon-svg e-fas-check\" viewbox=\"0 0 512 512\" xmlns=\"http:\/\/www.w3.org\/2000\/svg\"><path d=\"M173.898 439.404l-166.4-166.4c-9.997-9.997-9.997-26.206 0-36.204l36.203-36.204c9.997-9.998 26.207-9.998 36.204 0L192 312.69 432.095 72.596c9.997-9.997 26.207-9.997 36.204 0l36.203 36.204c9.997 9.997 9.997 26.206 0 36.204l-294.4 294.401c-9.998 9.997-26.207 9.997-36.204-.001z\"><\/path><\/svg>\t\t\t\t\t\t<\/span>\n\t\t\t\t\t\t\t\t\t\t<span class=\"elementor-icon-list-text\">Unidades de microfone Bosch Dicentis \u2013 Sistema de confer\u00eancia sem fios<\/span>\n\t\t\t\t\t\t\t\t\t\t\t<\/a>\n\t\t\t\t\t\t\t\t\t<\/li>\n\t\t\t\t\t\t\t\t<li class=\"elementor-icon-list-item\">\n\t\t\t\t\t\t\t\t\t\t\t<a href=\"https:\/\/konferenztechnik.de\/pt\/sistema-de-discussao-televic-confidea-flex\/\">\n\n\t\t\t\t\t\t\t\t\t\t\t\t<span class=\"elementor-icon-list-icon\">\n\t\t\t\t\t\t\t<svg aria-hidden=\"true\" class=\"e-font-icon-svg e-fas-check\" viewbox=\"0 0 512 512\" xmlns=\"http:\/\/www.w3.org\/2000\/svg\"><path d=\"M173.898 439.404l-166.4-166.4c-9.997-9.997-9.997-26.206 0-36.204l36.203-36.204c9.997-9.998 26.207-9.998 36.204 0L192 312.69 432.095 72.596c9.997-9.997 26.207-9.997 36.204 0l36.203 36.204c9.997 9.997 9.997 26.206 0 36.204l-294.4 294.401c-9.998 9.997-26.207 9.997-36.204-.001z\"><\/path><\/svg>\t\t\t\t\t\t<\/span>\n\t\t\t\t\t\t\t\t\t\t<span class=\"elementor-icon-list-text\">Unidades de microfone Televic Confidea Flex \u2013 Sistema de confer\u00eancia sem fios<\/span>\n\t\t\t\t\t\t\t\t\t\t\t<\/a>\n\t\t\t\t\t\t\t\t\t<\/li>\n\t\t\t\t\t\t\t\t<li class=\"elementor-icon-list-item\">\n\t\t\t\t\t\t\t\t\t\t\t<a href=\"https:\/\/konferenztechnik.de\/pt\/bosch-ccs-1000-d-unidade-de-discussao\/\">\n\n\t\t\t\t\t\t\t\t\t\t\t\t<span class=\"elementor-icon-list-icon\">\n\t\t\t\t\t\t\t<svg aria-hidden=\"true\" class=\"e-font-icon-svg e-fas-check\" viewbox=\"0 0 512 512\" xmlns=\"http:\/\/www.w3.org\/2000\/svg\"><path d=\"M173.898 439.404l-166.4-166.4c-9.997-9.997-9.997-26.206 0-36.204l36.203-36.204c9.997-9.998 26.207-9.998 36.204 0L192 312.69 432.095 72.596c9.997-9.997 26.207-9.997 36.204 0l36.203 36.204c9.997 9.997 9.997 26.206 0 36.204l-294.4 294.401c-9.998 9.997-26.207 9.997-36.204-.001z\"><\/path><\/svg>\t\t\t\t\t\t<\/span>\n\t\t\t\t\t\t\t\t\t\t<span class=\"elementor-icon-list-text\">BOSCH CCS 1000 D \u2013 Unidade de discuss\u00e3o<\/span>\n\t\t\t\t\t\t\t\t\t\t\t<\/a>\n\t\t\t\t\t\t\t\t\t<\/li>\n\t\t\t\t\t\t\t\t<li class=\"elementor-icon-list-item\">\n\t\t\t\t\t\t\t\t\t\t\t<a href=\"https:\/\/konferenztechnik.de\/pt\/bosch-discussion-sistema-de-discussao\/\">\n\n\t\t\t\t\t\t\t\t\t\t\t\t<span class=\"elementor-icon-list-icon\">\n\t\t\t\t\t\t\t<svg aria-hidden=\"true\" class=\"e-font-icon-svg e-fas-check\" viewbox=\"0 0 512 512\" xmlns=\"http:\/\/www.w3.org\/2000\/svg\"><path d=\"M173.898 439.404l-166.4-166.4c-9.997-9.997-9.997-26.206 0-36.204l36.203-36.204c9.997-9.998 26.207-9.998 36.204 0L192 312.69 432.095 72.596c9.997-9.997 26.207-9.997 36.204 0l36.203 36.204c9.997 9.997 9.997 26.206 0 36.204l-294.4 294.401c-9.998 9.997-26.207 9.997-36.204-.001z\"><\/path><\/svg>\t\t\t\t\t\t<\/span>\n\t\t\t\t\t\t\t\t\t\t<span class=\"elementor-icon-list-text\">Unidades de microfone de discuss\u00e3o Bosch \u2013 Sistema de confer\u00eancia com fios (incluindo canais de interpreta\u00e7\u00e3o\/tradu\u00e7\u00e3o)<\/span>\n\t\t\t\t\t\t\t\t\t\t\t<\/a>\n\t\t\t\t\t\t\t\t\t<\/li>\n\t\t\t\t\t\t\t\t<li class=\"elementor-icon-list-item\">\n\t\t\t\t\t\t\t\t\t\t\t<a href=\"https:\/\/konferenztechnik.de\/pt\/aluguer-compra-instalacao-aluguer-de-sistemas-de-discussao-estacoes-de-intercomunicacao\/\">\n\n\t\t\t\t\t\t\t\t\t\t\t\t<span class=\"elementor-icon-list-icon\">\n\t\t\t\t\t\t\t<svg aria-hidden=\"true\" class=\"e-font-icon-svg e-fas-check\" viewbox=\"0 0 512 512\" xmlns=\"http:\/\/www.w3.org\/2000\/svg\"><path d=\"M173.898 439.404l-166.4-166.4c-9.997-9.997-9.997-26.206 0-36.204l36.203-36.204c9.997-9.998 26.207-9.998 36.204 0L192 312.69 432.095 72.596c9.997-9.997 26.207-9.997 36.204 0l36.203 36.204c9.997 9.997 9.997 26.206 0 36.204l-294.4 294.401c-9.998 9.997-26.207 9.997-36.204-.001z\"><\/path><\/svg>\t\t\t\t\t\t<\/span>\n\t\t\t\t\t\t\t\t\t\t<span class=\"elementor-icon-list-text\">E muito mais...<\/span>\n\t\t\t\t\t\t\t\t\t\t\t<\/a>\n\t\t\t\t\t\t\t\t\t<\/li>\n\t\t\t\t\t\t<\/ul>\n\t\t\t\t\t\t<\/div>\n\t\t\t\t<\/div>\n\t\t\t\t<div class=\"elementor-element elementor-element-62a2feae elementor-widget elementor-widget-image\" data-id=\"62a2feae\" data-element_type=\"widget\" data-widget_type=\"image.default\">\n\t\t\t\t<div class=\"elementor-widget-container\">\n\t\t\t\t\t\t\t\t\t\t\t\t\t\t\t<img decoding=\"async\" width=\"1200\" height=\"450\" src=\"https:\/\/konferenztechnik.de\/wp-content\/uploads\/2016\/10\/events-berlin.jpg\" class=\"attachment-full size-full wp-image-8486\" alt=\"\" srcset=\"https:\/\/konferenztechnik.de\/wp-content\/uploads\/2016\/10\/events-berlin.jpg 1200w, https:\/\/konferenztechnik.de\/wp-content\/uploads\/2016\/10\/events-berlin-300x113.jpg 300w, https:\/\/konferenztechnik.de\/wp-content\/uploads\/2016\/10\/events-berlin-1024x384.jpg 1024w, https:\/\/konferenztechnik.de\/wp-content\/uploads\/2016\/10\/events-berlin-768x288.jpg 768w\" sizes=\"(max-width: 1200px) 100vw, 1200px\" title=\"\">\t\t\t\t\t\t\t\t\t\t\t\t\t\t\t<\/div>\n\t\t\t\t<\/div>\n\t\t<div data-particle_enable=\"false\" data-particle-mobile-disabled=\"false\" class=\"elementor-element elementor-element-4b7d5e89 e-flex e-con-boxed e-con e-child\" data-id=\"4b7d5e89\" data-element_type=\"container\">\n\t\t\t\t\t<div class=\"e-con-inner\">\n\t\t\t\t<div class=\"elementor-element elementor-element-6bef4779 elementor-align-left elementor-widget elementor-widget-button\" data-id=\"6bef4779\" data-element_type=\"widget\" data-widget_type=\"button.default\">\n\t\t\t\t<div class=\"elementor-widget-container\">\n\t\t\t\t\t\t\t\t\t<div class=\"elementor-button-wrapper\">\n\t\t\t\t\t<a class=\"elementor-button elementor-button-link elementor-size-lg\" href=\"#serviceteam\">\n\t\t\t\t\t\t<span class=\"elementor-button-content-wrapper\">\n\t\t\t\t\t\t<span class=\"elementor-button-icon\">\n\t\t\t\t<svg aria-hidden=\"true\" class=\"e-font-icon-svg e-far-arrow-alt-circle-down\" viewbox=\"0 0 512 512\" xmlns=\"http:\/\/www.w3.org\/2000\/svg\"><path d=\"M256 8C119 8 8 119 8 256s111 248 248 248 248-111 248-248S393 8 256 8zm0 448c-110.5 0-200-89.5-200-200S145.5 56 256 56s200 89.5 200 200-89.5 200-200 200zm-32-316v116h-67c-10.7 0-16 12.9-8.5 20.5l99 99c4.7 4.7 12.3 4.7 17 0l99-99c7.6-7.6 2.2-20.5-8.5-20.5h-67V140c0-6.6-5.4-12-12-12h-40c-6.6 0-12 5.4-12 12z\"><\/path><\/svg>\t\t\t<\/span>\n\t\t\t\t\t\t\t\t\t<span class=\"elementor-button-text\">Perguntar agora<\/span>\n\t\t\t\t\t<\/span>\n\t\t\t\t\t<\/a>\n\t\t\t\t<\/div>\n\t\t\t\t\t\t\t\t<\/div>\n\t\t\t\t<\/div>\n\t\t\t\t\t<\/div>\n\t\t\t\t<\/div>\n\t\t\t\t<div class=\"elementor-element elementor-element-3211569b elementor-widget elementor-widget-eael-adv-accordion\" data-id=\"3211569b\" data-element_type=\"widget\" data-widget_type=\"eael-adv-accordion.default\">\n\t\t\t\t<div class=\"elementor-widget-container\">\n\t\t\t\t\t            <div class=\"eael-adv-accordion\" id=\"eael-adv-accordion-3211569b\" data-scroll-on-click=\"no\" data-scroll-speed=\"300\" data-accordion-id=\"3211569b\" data-accordion-type=\"accordion\" data-toogle-speed=\"300\">\n            <div class=\"eael-accordion-list\">\n\t\t\t\t\t<div id=\"die-wichtigsten-veranstaltungshotels-in-frankfurt-am-main\" class=\"elementor-tab-title eael-accordion-header\" tabindex=\"0\" data-tab=\"1\" aria-controls=\"elementor-tab-content-8391\"><span class=\"eael-advanced-accordion-icon-closed\"><svg aria-hidden=\"true\" class=\"fa-accordion-icon e-font-icon-svg e-fas-plus\" viewbox=\"0 0 448 512\" xmlns=\"http:\/\/www.w3.org\/2000\/svg\"><path d=\"M416 208H272V64c0-17.67-14.33-32-32-32h-32c-17.67 0-32 14.33-32 32v144H32c-17.67 0-32 14.33-32 32v32c0 17.67 14.33 32 32 32h144v144c0 17.67 14.33 32 32 32h32c17.67 0 32-14.33 32-32V304h144c17.67 0 32-14.33 32-32v-32c0-17.67-14.33-32-32-32z\"><\/path><\/svg><\/span><span class=\"eael-advanced-accordion-icon-opened\"><svg aria-hidden=\"true\" class=\"fa-accordion-icon e-font-icon-svg e-fas-minus\" viewbox=\"0 0 448 512\" xmlns=\"http:\/\/www.w3.org\/2000\/svg\"><path d=\"M416 208H32c-17.67 0-32 14.33-32 32v32c0 17.67 14.33 32 32 32h384c17.67 0 32-14.33 32-32v-32c0-17.67-14.33-32-32-32z\"><\/path><\/svg><\/span><span class=\"eael-accordion-tab-title\">Os hot\u00e9is para eventos mais importantes em Frankfurt (am Main)<\/span><svg aria-hidden=\"true\" class=\"fa-toggle e-font-icon-svg e-fas-angle-right\" viewbox=\"0 0 256 512\" xmlns=\"http:\/\/www.w3.org\/2000\/svg\"><path d=\"M224.3 273l-136 136c-9.4 9.4-24.6 9.4-33.9 0l-22.6-22.6c-9.4-9.4-9.4-24.6 0-33.9l96.4-96.4-96.4-96.4c-9.4-9.4-9.4-24.6 0-33.9L54.3 103c9.4-9.4 24.6-9.4 33.9 0l136 136c9.5 9.4 9.5 24.6.1 34z\"><\/path><\/svg><\/div><div id=\"elementor-tab-content-8391\" class=\"eael-accordion-content clearfix\" data-tab=\"1\" aria-labelledby=\"die-wichtigsten-veranstaltungshotels-in-frankfurt-am-main\"><ul><li>relexa Hotel Frankfurt\/Main<\/li><li>Hotel de confer\u00eancias H\u00f6chster Hof<\/li><li>Steigenberger Airport Hotel Frankfurt<\/li><li>Fleming's Conference Hotel<\/li><li>Lindner Congress Hotel<\/li><li>M\u00f6venpick Hotel Frankfurt City<\/li><li>Novotel Frankfurt City<\/li><li>Hotel Sheraton Frankfurt Congress<\/li><li>Sheraton Frankfurt Airport Hotel &amp; Conference Centre<\/li><li>Holiday Inn Frankfurt Aeroporto Norte<\/li><li>InterCityHotel Frankfurt Aeroporto<\/li><li>Leonardo Royal Hotel Frankfurt &amp; Conference Centre<\/li><li>Frankfurt Marriott Hotel<\/li><li>Hilton Frankfurt<\/li><li>Kempinski Hotel Frankfurt Gravenbruch<\/li><li>Intercontinental Frankfurt<\/li><li>25horas Hotel o Goldman<\/li><li>The Westin Grand Frankfurt<\/li><li>Radisson Blu Hotel Frankfurt<\/li><li>Jumeirah Frankfurt<\/li><\/ul><\/div>\n\t\t\t\t\t<\/div><div class=\"eael-accordion-list\">\n\t\t\t\t\t<div id=\"messe-frankfurt-und-die-wichtigsten-messetermine\" class=\"elementor-tab-title eael-accordion-header\" tabindex=\"0\" data-tab=\"2\" aria-controls=\"elementor-tab-content-8392\"><span class=\"eael-advanced-accordion-icon-closed\"><svg aria-hidden=\"true\" class=\"fa-accordion-icon e-font-icon-svg e-fas-plus\" viewbox=\"0 0 448 512\" xmlns=\"http:\/\/www.w3.org\/2000\/svg\"><path d=\"M416 208H272V64c0-17.67-14.33-32-32-32h-32c-17.67 0-32 14.33-32 32v144H32c-17.67 0-32 14.33-32 32v32c0 17.67 14.33 32 32 32h144v144c0 17.67 14.33 32 32 32h32c17.67 0 32-14.33 32-32V304h144c17.67 0 32-14.33 32-32v-32c0-17.67-14.33-32-32-32z\"><\/path><\/svg><\/span><span class=\"eael-advanced-accordion-icon-opened\"><svg aria-hidden=\"true\" class=\"fa-accordion-icon e-font-icon-svg e-fas-minus\" viewbox=\"0 0 448 512\" xmlns=\"http:\/\/www.w3.org\/2000\/svg\"><path d=\"M416 208H32c-17.67 0-32 14.33-32 32v32c0 17.67 14.33 32 32 32h384c17.67 0 32-14.33 32-32v-32c0-17.67-14.33-32-32-32z\"><\/path><\/svg><\/span><span class=\"eael-accordion-tab-title\">Messe Frankfurt e as datas das feiras mais importantes<\/span><svg aria-hidden=\"true\" class=\"fa-toggle e-font-icon-svg e-fas-angle-right\" viewbox=\"0 0 256 512\" xmlns=\"http:\/\/www.w3.org\/2000\/svg\"><path d=\"M224.3 273l-136 136c-9.4 9.4-24.6 9.4-33.9 0l-22.6-22.6c-9.4-9.4-9.4-24.6 0-33.9l96.4-96.4-96.4-96.4c-9.4-9.4-9.4-24.6 0-33.9L54.3 103c9.4-9.4 24.6-9.4 33.9 0l136 136c9.5 9.4 9.5 24.6.1 34z\"><\/path><\/svg><\/div><div id=\"elementor-tab-content-8392\" class=\"eael-accordion-content clearfix\" data-tab=\"2\" aria-labelledby=\"messe-frankfurt-und-die-wichtigsten-messetermine\"><ul><li>Feira do Livro de Frankfurt<\/li><li>T\u00eaxteis-lar<\/li><li>ACHEMA<\/li><li>Texprocess<\/li><li>Mundo criativo<\/li><li>IFFA<\/li><li>Tend\u00eancia<\/li><li>Paperworld<\/li><li>Mundo natal\u00edcio<\/li><li>Texcare<\/li><li>ZELLCHEMING-Expo<\/li><li>Ingredientes alimentares Europa<\/li><li>IMEX<\/li><li>Optatec<\/li><li>Intergeo<\/li><li>formul\u00e1rio seguinte<\/li><li>Automechanika Frankfurt<\/li><li>Luz + Constru\u00e7\u00e3o<\/li><li>T\u00eaxtil t\u00e9cnico<\/li><\/ul><\/div>\n\t\t\t\t\t<\/div><div class=\"eael-accordion-list\">\n\t\t\t\t\t<div id=\"die-wichtigsten-veranstaltungshotels-in-frankfurt-am-main\" class=\"elementor-tab-title eael-accordion-header\" tabindex=\"0\" data-tab=\"3\" aria-controls=\"elementor-tab-content-8393\"><span class=\"eael-advanced-accordion-icon-closed\"><svg aria-hidden=\"true\" class=\"fa-accordion-icon e-font-icon-svg e-fas-plus\" viewbox=\"0 0 448 512\" xmlns=\"http:\/\/www.w3.org\/2000\/svg\"><path d=\"M416 208H272V64c0-17.67-14.33-32-32-32h-32c-17.67 0-32 14.33-32 32v144H32c-17.67 0-32 14.33-32 32v32c0 17.67 14.33 32 32 32h144v144c0 17.67 14.33 32 32 32h32c17.67 0 32-14.33 32-32V304h144c17.67 0 32-14.33 32-32v-32c0-17.67-14.33-32-32-32z\"><\/path><\/svg><\/span><span class=\"eael-advanced-accordion-icon-opened\"><svg aria-hidden=\"true\" class=\"fa-accordion-icon e-font-icon-svg e-fas-minus\" viewbox=\"0 0 448 512\" xmlns=\"http:\/\/www.w3.org\/2000\/svg\"><path d=\"M416 208H32c-17.67 0-32 14.33-32 32v32c0 17.67 14.33 32 32 32h384c17.67 0 32-14.33 32-32v-32c0-17.67-14.33-32-32-32z\"><\/path><\/svg><\/span><span class=\"eael-accordion-tab-title\">Os hot\u00e9is para eventos mais importantes em Frankfurt (am Main)<\/span><svg aria-hidden=\"true\" class=\"fa-toggle e-font-icon-svg e-fas-angle-right\" viewbox=\"0 0 256 512\" xmlns=\"http:\/\/www.w3.org\/2000\/svg\"><path d=\"M224.3 273l-136 136c-9.4 9.4-24.6 9.4-33.9 0l-22.6-22.6c-9.4-9.4-9.4-24.6 0-33.9l96.4-96.4-96.4-96.4c-9.4-9.4-9.4-24.6 0-33.9L54.3 103c9.4-9.4 24.6-9.4 33.9 0l136 136c9.5 9.4 9.5 24.6.1 34z\"><\/path><\/svg><\/div><div id=\"elementor-tab-content-8393\" class=\"eael-accordion-content clearfix\" data-tab=\"3\" aria-labelledby=\"die-wichtigsten-veranstaltungshotels-in-frankfurt-am-main\"><ul><li>relexa Hotel Frankfurt\/Main<\/li><li>Hotel de confer\u00eancias H\u00f6chster Hof<\/li><li>Steigenberger Airport Hotel Frankfurt<\/li><li>Fleming's Conference Hotel<\/li><li>Lindner Congress Hotel<\/li><li>M\u00f6venpick Hotel Frankfurt City<\/li><li>Novotel Frankfurt City<\/li><li>Hotel Sheraton Frankfurt Congress<\/li><li>Sheraton Frankfurt Airport Hotel &amp; Conference Centre<\/li><li>Holiday Inn Frankfurt Aeroporto Norte<\/li><li>InterCityHotel Frankfurt Aeroporto<\/li><li>Leonardo Royal Hotel Frankfurt &amp; Conference Centre<\/li><li>Frankfurt Marriott Hotel<\/li><li>Hilton Frankfurt<\/li><li>Kempinski Hotel Frankfurt Gravenbruch<\/li><li>Intercontinental Frankfurt<\/li><li>25horas Hotel o Goldman<\/li><li>The Westin Grand Frankfurt<\/li><li>Radisson Blu Hotel Frankfurt<\/li><li>Jumeirah Frankfurt<\/li><\/ul><\/div>\n\t\t\t\t\t<\/div><div class=\"eael-accordion-list\">\n\t\t\t\t\t<div id=\"messe-frankfurt-und-die-wichtigsten-messetermine\" class=\"elementor-tab-title eael-accordion-header\" tabindex=\"0\" data-tab=\"4\" aria-controls=\"elementor-tab-content-8394\"><span class=\"eael-advanced-accordion-icon-closed\"><svg aria-hidden=\"true\" class=\"fa-accordion-icon e-font-icon-svg e-fas-plus\" viewbox=\"0 0 448 512\" xmlns=\"http:\/\/www.w3.org\/2000\/svg\"><path d=\"M416 208H272V64c0-17.67-14.33-32-32-32h-32c-17.67 0-32 14.33-32 32v144H32c-17.67 0-32 14.33-32 32v32c0 17.67 14.33 32 32 32h144v144c0 17.67 14.33 32 32 32h32c17.67 0 32-14.33 32-32V304h144c17.67 0 32-14.33 32-32v-32c0-17.67-14.33-32-32-32z\"><\/path><\/svg><\/span><span class=\"eael-advanced-accordion-icon-opened\"><svg aria-hidden=\"true\" class=\"fa-accordion-icon e-font-icon-svg e-fas-minus\" viewbox=\"0 0 448 512\" xmlns=\"http:\/\/www.w3.org\/2000\/svg\"><path d=\"M416 208H32c-17.67 0-32 14.33-32 32v32c0 17.67 14.33 32 32 32h384c17.67 0 32-14.33 32-32v-32c0-17.67-14.33-32-32-32z\"><\/path><\/svg><\/span><span class=\"eael-accordion-tab-title\">Messe Frankfurt e as datas das feiras mais importantes<\/span><svg aria-hidden=\"true\" class=\"fa-toggle e-font-icon-svg e-fas-angle-right\" viewbox=\"0 0 256 512\" xmlns=\"http:\/\/www.w3.org\/2000\/svg\"><path d=\"M224.3 273l-136 136c-9.4 9.4-24.6 9.4-33.9 0l-22.6-22.6c-9.4-9.4-9.4-24.6 0-33.9l96.4-96.4-96.4-96.4c-9.4-9.4-9.4-24.6 0-33.9L54.3 103c9.4-9.4 24.6-9.4 33.9 0l136 136c9.5 9.4 9.5 24.6.1 34z\"><\/path><\/svg><\/div><div id=\"elementor-tab-content-8394\" class=\"eael-accordion-content clearfix\" data-tab=\"4\" aria-labelledby=\"messe-frankfurt-und-die-wichtigsten-messetermine\"><ul><li>Feira do Livro de Frankfurt<\/li><li>T\u00eaxteis-lar<\/li><li>ACHEMA<\/li><li>Texprocess<\/li><li>Mundo criativo<\/li><li>IFFA<\/li><li>Tend\u00eancia<\/li><li>Paperworld<\/li><li>Mundo natal\u00edcio<\/li><li>Texcare<\/li><li>ZELLCHEMING-Expo<\/li><li>Ingredientes alimentares Europa<\/li><li>IMEX<\/li><li>Optatec<\/li><li>Intergeo<\/li><li>formul\u00e1rio seguinte<\/li><li>Automechanika Frankfurt<\/li><li>Luz + Constru\u00e7\u00e3o<\/li><li>T\u00eaxtil t\u00e9cnico<\/li><\/ul><\/div>\n\t\t\t\t\t<\/div><\/div>\t\t\t\t<\/div>\n\t\t\t\t<\/div>\n\t\t\t\t\t<\/div>\n\t\t\t\t<\/div>\n\t\t<div data-particle_enable=\"false\" data-particle-mobile-disabled=\"false\" class=\"elementor-element elementor-element-22a1fc60 e-flex e-con-boxed e-con e-parent\" data-id=\"22a1fc60\" data-element_type=\"container\">\n\t\t\t\t\t<div class=\"e-con-inner\">\n\t\t\t\t<div class=\"elementor-element elementor-element-3ad43723 elementor-widget elementor-widget-shortcode\" data-id=\"3ad43723\" data-element_type=\"widget\" data-widget_type=\"shortcode.default\">\n\t\t\t\t<div class=\"elementor-widget-container\">\n\t\t\t\t\t\t\t<div class=\"elementor-shortcode\"><\/div>\n\t\t\t\t\t\t<\/div>\n\t\t\t\t<\/div>\n\t\t\t\t\t<\/div>\n\t\t\t\t<\/div>\n\t\t\t\t<\/div>","protected":false},"excerpt":{"rendered":"<p>Sprechstellen mieten Frankfurt am Main \u2013 Verleih von Tischsprechstellen, Konferenzsystemen und Diskussionsanlagen in der Mainmetropole Jetzt anfragen Frankfurt am Main ist als internationale Finanz- und Messestadt mit seiner ber\u00fchmten Skyline eine der gr\u00f6\u00dften und dynamischsten St\u00e4dte Deutschlands, ja Europas. J\u00e4hrlich finden hier am gefragten Kongress- und Tagungsstandort ca. 60.000 Veranstaltungen mit \u00fcber 3 Millionen Besuchern [&hellip;]<\/p>","protected":false},"author":1,"featured_media":45482,"parent":0,"menu_order":0,"comment_status":"closed","ping_status":"closed","template":"","meta":{"_acf_changed":false,"footnotes":""},"class_list":["post-12018","page","type-page","status-publish","has-post-thumbnail","hentry"],"acf":[],"_links":{"self":[{"href":"https:\/\/konferenztechnik.de\/pt\/wp-json\/wp\/v2\/pages\/12018","targetHints":{"allow":["GET"]}}],"collection":[{"href":"https:\/\/konferenztechnik.de\/pt\/wp-json\/wp\/v2\/pages"}],"about":[{"href":"https:\/\/konferenztechnik.de\/pt\/wp-json\/wp\/v2\/types\/page"}],"author":[{"embeddable":true,"href":"https:\/\/konferenztechnik.de\/pt\/wp-json\/wp\/v2\/users\/1"}],"replies":[{"embeddable":true,"href":"https:\/\/konferenztechnik.de\/pt\/wp-json\/wp\/v2\/comments?post=12018"}],"version-history":[{"count":0,"href":"https:\/\/konferenztechnik.de\/pt\/wp-json\/wp\/v2\/pages\/12018\/revisions"}],"wp:featuredmedia":[{"embeddable":true,"href":"https:\/\/konferenztechnik.de\/pt\/wp-json\/wp\/v2\/media\/45482"}],"wp:attachment":[{"href":"https:\/\/konferenztechnik.de\/pt\/wp-json\/wp\/v2\/media?parent=12018"}],"curies":[{"name":"wp","href":"https:\/\/api.w.org\/{rel}","templated":true}]}}