{"id":1219,"date":"2013-08-23T10:29:49","date_gmt":"2013-08-23T08:29:49","guid":{"rendered":"https:\/\/pcs-miete.de\/?page_id=1219"},"modified":"2023-07-05T14:17:33","modified_gmt":"2023-07-05T12:17:33","slug":"ecras","status":"publish","type":"page","link":"https:\/\/konferenztechnik.de\/pt\/distribuicao-de-tecnologia-de-conferencia-e-de-meios-de-comunicacao-av\/tecnologia-de-video\/ecras\/","title":{"rendered":"Ecr\u00e3s"},"content":{"rendered":"<h1>Ecr\u00e3s<\/h1>\n<p>Hoje em dia, os ecr\u00e3s est\u00e3o a ficar maiores, com maior resolu\u00e7\u00e3o, mais resistentes \u00e0s intemp\u00e9ries, mais resistentes a riscos, mais baratos \u2013 e a um ritmo acelerado. Apresentamos aqui uma pequena sele\u00e7\u00e3o de ecr\u00e3s como exemplos.<\/p>\n<p>Pelo menos t\u00e3o importante nesta \u00e1rea s\u00e3o, obviamente, todas as op\u00e7\u00f5es de montagem, como suportes de parede, suportes de teto e suportes de ch\u00e3o para os ecr\u00e3s. Tamb\u00e9m aqui temos uma grande sele\u00e7\u00e3o de op\u00e7\u00f5es.<\/p>\n<h2>Ecr\u00e3 LCD de 52\u2033 com resolu\u00e7\u00e3o Full HD<\/h2>\n<p><a href=\"https:\/\/konferenztechnik.de\/wp-content\/uploads\/2013\/09\/Sony_LCD-Display_GXD-L52H1_gross.jpg\"><img fetchpriority=\"high\" decoding=\"async\" width=\"383\" height=\"300\" class=\"alignleft size-full wp-image-2415\" src=\"https:\/\/konferenztechnik.de\/wp-content\/uploads\/2013\/09\/Sony_LCD-Display_GXD-L52H1_gross.jpg\" alt=\" Ecr\u00e3 LCD Full HD GXDL52H1 da Sony\" title=\"\" srcset=\"https:\/\/konferenztechnik.de\/wp-content\/uploads\/2013\/09\/Sony_LCD-Display_GXD-L52H1_gross.jpg 383w, https:\/\/konferenztechnik.de\/wp-content\/uploads\/2013\/09\/Sony_LCD-Display_GXD-L52H1_gross-300x235.jpg 300w\" sizes=\"(max-width: 383px) 100vw, 383px\" \/><\/a><\/p>\n<p>O primeiro ecr\u00e3 LCD Full HD profissional GXDL52H1 da Sony oferece uma qualidade de imagem extraordin\u00e1ria, \u00e9 extremamente robusto e, por isso, \u00e9 particularmente adequado para utiliza\u00e7\u00e3o cont\u00ednua. O rec\u00e9m-desenvolvido sistema de ventila\u00e7\u00e3o sem poeiras e sem aberturas na caixa garante um arrefecimento eficaz, mesmo quando o ecr\u00e3 est\u00e1 posicionado na vertical.<\/p>\n<p>Outro ponto positivo para uma longa vida \u00fatil \u00e9 o vidro protetor est\u00e1vel e resistente a impactos do ecr\u00e3, que tamb\u00e9m pode suportar fortes impactos directos.<\/p>\n<p>Por conseguinte, \u00e9 a escolha ideal para uma vasta gama de ambientes, tais como centros de transportes, bares, discotecas, lojas e escrit\u00f3rios. Gra\u00e7as \u00e0 sua compatibilidade HDSDI, o dispositivo \u00e9 tamb\u00e9m adequado para v\u00e1rias aplica\u00e7\u00f5es de radiodifus\u00e3o e de cuidados de sa\u00fade.<\/p>\n<h2>Ecr\u00e3 de plasma de 50\u2033 Full HD<\/h2>\n<p><a href=\"https:\/\/konferenztechnik.de\/wp-content\/uploads\/2013\/09\/Panasonic_PlasmaDisplay_TH-50PF10_gross.jpg\"><img decoding=\"async\" width=\"404\" height=\"290\" class=\"alignleft size-full wp-image-2417\" src=\"https:\/\/konferenztechnik.de\/wp-content\/uploads\/2013\/09\/Panasonic_PlasmaDisplay_TH-50PF10_gross.jpg\" alt=\"Ecr\u00e3 de plasma Full-HD TH-50PF10EK da Panasonic\" title=\"\" srcset=\"https:\/\/konferenztechnik.de\/wp-content\/uploads\/2013\/09\/Panasonic_PlasmaDisplay_TH-50PF10_gross.jpg 404w, https:\/\/konferenztechnik.de\/wp-content\/uploads\/2013\/09\/Panasonic_PlasmaDisplay_TH-50PF10_gross-300x215.jpg 300w\" sizes=\"(max-width: 404px) 100vw, 404px\" \/><\/a><\/p>\n<p>O ecr\u00e3 de plasma TH-50PF10EK Full HD da Panasonic apresenta uma resolu\u00e7\u00e3o de alta defini\u00e7\u00e3o (1920 x 1080 pixels) e uma impressionante rela\u00e7\u00e3o de contraste de 10.000:1. Um espa\u00e7o de cor de 68,7 mil milh\u00f5es de cores e uma grande variedade de novas tecnologias permitem que os novos ecr\u00e3s forne\u00e7am uma apresenta\u00e7\u00e3o detalhada e imagens convincentes em todos os ambientes e \u00e1reas de utiliza\u00e7\u00e3o. As novas caracter\u00edsticas tecnol\u00f3gicas incluem o painel New MACH melhorado e o controlo autom\u00e1tico do brilho para uma maior luminosidade. A redu\u00e7\u00e3o de ru\u00eddo MPD de alta precis\u00e3o garante imagens n\u00edtidas e precisas com sequ\u00eancias de movimentos r\u00e1pidos. A vasta gama de op\u00e7\u00f5es de interface modular tamb\u00e9m lhe oferece a m\u00e1xima capacidade de integra\u00e7\u00e3o. As placas de liga\u00e7\u00e3o para todos os formatos e sinais atualmente dispon\u00edveis podem ser acomodadas diretamente na caixa, nas ranhuras multifun\u00e7\u00f5es dos ecr\u00e3s, para poupar espa\u00e7o<\/p>\n<h2>Suportes e fixa\u00e7\u00f5es para ecr\u00e3s<\/h2>\n<p><a href=\"https:\/\/konferenztechnik.de\/wp-content\/uploads\/2013\/09\/Audipack_Bodenstaender_Serie-700_gross.jpg\"><img decoding=\"async\" width=\"780\" height=\"585\" class=\"alignleft size-full wp-image-2416\" src=\"https:\/\/konferenztechnik.de\/wp-content\/uploads\/2013\/09\/Audipack_Bodenstaender_Serie-700_gross.jpg\" alt=\"Suporte de ch\u00e3o Audipack s\u00e9rie 700\" title=\"\" srcset=\"https:\/\/konferenztechnik.de\/wp-content\/uploads\/2013\/09\/Audipack_Bodenstaender_Serie-700_gross.jpg 780w, https:\/\/konferenztechnik.de\/wp-content\/uploads\/2013\/09\/Audipack_Bodenstaender_Serie-700_gross-300x225.jpg 300w, https:\/\/konferenztechnik.de\/wp-content\/uploads\/2013\/09\/Audipack_Bodenstaender_Serie-700_gross-768x576.jpg 768w\" sizes=\"(max-width: 780px) 100vw, 780px\" \/><\/a><\/p>\n<p>Temos uma solu\u00e7\u00e3o adequada para cada tipo de montagem de ecr\u00e3, seja no ch\u00e3o, na parede ou no teto! Temos em stock produtos da empresa holandesa Audipack, da qual somos o representante oficial alem\u00e3o.<\/p>\n<p>A imagem mostra um suporte de ch\u00e3o da s\u00e9rie 700. Mas escolha voc\u00ea mesmo entre uma variedade de suportes pr\u00e1ticos e elegantes:<\/p>\n<p><a href=\"\/pt\/distribuicao-de-tecnologia-de-conferencia-e-de-meios-de-comunicacao-av\/tecnologia-de-video\/suportes-para-ecras-e-projectores\/\">\u203a Liga\u00e7\u00e3o aos suportes<\/a><\/p>","protected":false},"excerpt":{"rendered":"<p>Ecr\u00e3s Atualmente, os ecr\u00e3s s\u00e3o cada vez maiores, com maior resolu\u00e7\u00e3o, mais resistentes \u00e0s intemp\u00e9ries, mais resistentes a riscos, mais baratos \u2013 e a um ritmo acelerado. Apresentamos aqui uma pequena sele\u00e7\u00e3o de ecr\u00e3s como exemplos. Pelo menos t\u00e3o importantes nesta \u00e1rea s\u00e3o, naturalmente, todas as op\u00e7\u00f5es de montagem, como suportes de parede, suportes de teto e suportes de ch\u00e3o para os ecr\u00e3s. Temos tamb\u00e9m uma grande sele\u00e7\u00e3o de [...]<\/p>","protected":false},"author":1,"featured_media":45482,"parent":1138,"menu_order":229,"comment_status":"closed","ping_status":"open","template":"","meta":{"_acf_changed":false,"footnotes":""},"class_list":["post-1219","page","type-page","status-publish","has-post-thumbnail","hentry"],"acf":[],"_links":{"self":[{"href":"https:\/\/konferenztechnik.de\/pt\/wp-json\/wp\/v2\/pages\/1219","targetHints":{"allow":["GET"]}}],"collection":[{"href":"https:\/\/konferenztechnik.de\/pt\/wp-json\/wp\/v2\/pages"}],"about":[{"href":"https:\/\/konferenztechnik.de\/pt\/wp-json\/wp\/v2\/types\/page"}],"author":[{"embeddable":true,"href":"https:\/\/konferenztechnik.de\/pt\/wp-json\/wp\/v2\/users\/1"}],"replies":[{"embeddable":true,"href":"https:\/\/konferenztechnik.de\/pt\/wp-json\/wp\/v2\/comments?post=1219"}],"version-history":[{"count":0,"href":"https:\/\/konferenztechnik.de\/pt\/wp-json\/wp\/v2\/pages\/1219\/revisions"}],"up":[{"embeddable":true,"href":"https:\/\/konferenztechnik.de\/pt\/wp-json\/wp\/v2\/pages\/1138"}],"wp:featuredmedia":[{"embeddable":true,"href":"https:\/\/konferenztechnik.de\/pt\/wp-json\/wp\/v2\/media\/45482"}],"wp:attachment":[{"href":"https:\/\/konferenztechnik.de\/pt\/wp-json\/wp\/v2\/media?parent=1219"}],"curies":[{"name":"wp","href":"https:\/\/api.w.org\/{rel}","templated":true}]}}