{"id":12456,"date":"2018-02-06T10:01:05","date_gmt":"2018-02-06T09:01:05","guid":{"rendered":"https:\/\/www.konferenztechnik.de\/?page_id=12456"},"modified":"2023-09-01T13:14:59","modified_gmt":"2023-09-01T11:14:59","slug":"sistema-de-comunicacao-beyerdynamic-unite","status":"publish","type":"page","link":"https:\/\/konferenztechnik.de\/pt\/sistema-de-comunicacao-beyerdynamic-unite\/","title":{"rendered":"Sistema de comunica\u00e7\u00e3o Beyerdynamic UNITE"},"content":{"rendered":"<h1>Sistema de comunica\u00e7\u00e3o digital sem fios Beyerdynamic UNITE \u2013<\/h1>\n<p><img fetchpriority=\"high\" decoding=\"async\" width=\"850\" height=\"618\" src=\"https:\/\/konferenztechnik.de\/wp-content\/uploads\/2018\/02\/bayerdynamic-unite-fuehrungsanlage.jpg\" alt=\"Sistema de orienta\u00e7\u00e3o Beyerdynamic UNITE\" class=\"alignleft size-full wp-image-12467\" title=\"\" srcset=\"https:\/\/konferenztechnik.de\/wp-content\/uploads\/2018\/02\/bayerdynamic-unite-fuehrungsanlage.jpg 850w, https:\/\/konferenztechnik.de\/wp-content\/uploads\/2018\/02\/bayerdynamic-unite-fuehrungsanlage-300x218.jpg 300w, https:\/\/konferenztechnik.de\/wp-content\/uploads\/2018\/02\/bayerdynamic-unite-fuehrungsanlage-768x558.jpg 768w\" sizes=\"(max-width: 850px) 100vw, 850px\" \/><\/p>\n<p>A Beyerdynamic apresentou o novo sistema de comunica\u00e7\u00e3o UNITE na feira comercial ISE 2018 em Amesterd\u00e3o. O Beyerdynamic UNITE \u00e9 um moderno sistema de orienta\u00e7\u00e3o de visitantes. A nova fun\u00e7\u00e3o \"Multi-Way-Communication\" torna poss\u00edvel entrar em di\u00e1logo com o p\u00fablico. Os participantes podem fazer perguntas diretamente atrav\u00e9s do seu recetor, aud\u00edvel para todos. At\u00e9 tr\u00eas pessoas podem falar no sistema ao mesmo tempo. Isto significa que agora tamb\u00e9m \u00e9 poss\u00edvel incluir guias tur\u00edsticos adicionais ou int\u00e9rpretes sussurrados na comunica\u00e7\u00e3o.<\/p>\n<h2>Destaques do sistema UNITE<\/h2>\n<div id=\"newscontainer\">\n<div class=\"newskasten\">\n<img decoding=\"async\" width=\"83\" height=\"83\" src=\"https:\/\/konferenztechnik.de\/wp-content\/uploads\/2018\/02\/Schnittstellen-fuer-Toneinspielungen.png\" alt=\"5 interfaces para grava\u00e7\u00f5es de som\" class=\"size-full wp-image-12474\" title=\"\"><br \/>\n[limpar]<br \/>\n5 interfaces para grava\u00e7\u00f5es de som<\/div>\n<div class=\"newskasten\">\n<img decoding=\"async\" width=\"83\" height=\"83\" src=\"https:\/\/konferenztechnik.de\/wp-content\/uploads\/2018\/02\/Automatic-Level-Control.png\" alt=\"Controlo autom\u00e1tico do n\u00edvel\" class=\"alignleft size-full wp-image-12463\" title=\"\"><br \/>\n[limpar]<br \/>\nControlo autom\u00e1tico de n\u00edvel e cancelamento de ru\u00eddo<\/div>\n<div class=\"newskasten\">\n<img loading=\"lazy\" decoding=\"async\" width=\"83\" height=\"83\" src=\"https:\/\/konferenztechnik.de\/wp-content\/uploads\/2018\/02\/gleichzeitig-sprechen.png\" alt=\"Tr\u00eas podem falar ao mesmo tempo\" class=\"size-full wp-image-12471\" title=\"\"><br \/>\n[limpar]<br \/>\nAt\u00e9 tr\u00eas altifalantes em simult\u00e2neo<\/div>\n<div class=\"newskasten\">\n<img loading=\"lazy\" decoding=\"async\" width=\"83\" height=\"83\" src=\"https:\/\/konferenztechnik.de\/wp-content\/uploads\/2018\/02\/biderektionale-uebertragung-1.png\" alt=\"Comunica\u00e7\u00e3o bidirecional\" class=\"alignleft size-full wp-image-12477\" title=\"\"><br \/>\n[limpar]<br \/>\nComunica\u00e7\u00e3o bidirecional<\/div>\n<div class=\"newskasten\">\n<img loading=\"lazy\" decoding=\"async\" width=\"83\" height=\"83\" src=\"https:\/\/konferenztechnik.de\/wp-content\/uploads\/2018\/02\/dect.png\" alt=\"Beyerdynamic UNITE DECT standard\" class=\"alignleft size-full wp-image-12470\" title=\"\"><br \/>\n[limpar]<br \/>\nNorma DECT<\/div>\n<div class=\"newskasten\">\n<img loading=\"lazy\" decoding=\"async\" src=\"https:\/\/konferenztechnik.de\/wp-content\/uploads\/2018\/02\/32-Gruppen-Gleichzeitig.png\" alt=\"32 grupos ou canais em paralelo\" width=\"83\" height=\"83\" class=\"alignleft size-full wp-image-12460\" title=\"\"><br \/>\n[limpar]<br \/>\nAt\u00e9 32 grupos (canais) em paralelo<\/div>\n<\/div>\n<p>[limpar]<\/p>\n<h2>Interfaces modernas<\/h2>\n<p>O sistema Beyerdynamic UNITE possui interfaces modernas. Estas incluem uma liga\u00e7\u00e3o jack, uma liga\u00e7\u00e3o USB e uma interface Bluetooth. Isto facilita a importa\u00e7\u00e3o de sinais de \u00e1udio (m\u00fasica, som original, reprodu\u00e7\u00f5es de \u00e1udio) ou a liga\u00e7\u00e3o de dispositivos Bluetooth, como auscultadores, ao sistema UNITE.<\/p>\n<h2>Elevada inteligibilidade de voz e qualidade de som<\/h2>\n<p>O processador de \u00e1udio do UNITE digital optimiza automaticamente a inteligibilidade do discurso. Gra\u00e7as ao controlo autom\u00e1tico do n\u00edvel, o altifalante \u00e9 sempre reproduzido no volume perfeito. Mesmo que o orador esteja a falar baixo ou que a dist\u00e2ncia at\u00e9 ao microfone seja maior. O cancelamento de ru\u00eddo ajuda a manter a inteligibilidade do discurso elevada, mesmo em situa\u00e7\u00f5es dif\u00edceis (por exemplo, durante visitas a f\u00e1bricas ou em feiras comerciais em pavilh\u00f5es ruidosos).<\/p>\n<h2>DECT como tecnologia de transmiss\u00e3o \u00e0 prova de futuro<\/h2>\n<p>UNITE utiliza a norma DECT. Os dispositivos podem ser operados sem autoriza\u00e7\u00f5es adicionais e taxas de licen\u00e7a. O sistema encarrega-se automaticamente da gest\u00e3o de frequ\u00eancias para que o utilizador n\u00e3o tenha de se preocupar com nada. Com o Beyerdynamic UNITE, \u00e9 poss\u00edvel transmitir at\u00e9 32 grupos (ou seja, canais) em simult\u00e2neo. O padr\u00e3o DECT tamb\u00e9m oferece um alcance muito longo.<\/p>\n<h2>Dispositivos e acess\u00f3rios Beyerdynamic UNITE \u2013<\/h2>\n<p>O sistema UNITE estar\u00e1 dispon\u00edvel em diferentes vers\u00f5es e com v\u00e1rios acess\u00f3rios. Estes incluem transmissores bodypack, transmissores de m\u00e3o, receptores com fun\u00e7\u00e3o talkback, estojos de carregamento e at\u00e9 fundas de indu\u00e7\u00e3o.<br \/>\n[limpar]<br \/>\n[spacer size=\"20\u2033]<br \/>\n[column size=\"1-2\u2033 last=\"0\u2033]<\/p>\n<figure id=\"attachment_12466\" aria-describedby=\"caption-attachment-12466\" style=\"width: 850px\" class=\"wp-caption alignleft\"><img loading=\"lazy\" decoding=\"async\" src=\"https:\/\/konferenztechnik.de\/wp-content\/uploads\/2018\/02\/bayerdynamic-unite-empfaenger-sender.jpg\" alt=\"\" width=\"850\" height=\"680\" class=\"size-full wp-image-12466\" title=\"\" srcset=\"https:\/\/konferenztechnik.de\/wp-content\/uploads\/2018\/02\/bayerdynamic-unite-empfaenger-sender.jpg 850w, https:\/\/konferenztechnik.de\/wp-content\/uploads\/2018\/02\/bayerdynamic-unite-empfaenger-sender-300x240.jpg 300w, https:\/\/konferenztechnik.de\/wp-content\/uploads\/2018\/02\/bayerdynamic-unite-empfaenger-sender-768x614.jpg 768w\" sizes=\"(max-width: 850px) 100vw, 850px\" \/><figcaption id=\"caption-attachment-12466\" class=\"wp-caption-text\">UNITE TH | transmissor de m\u00e3o e Unite RP-T | recetor bodypack com fun\u00e7\u00e3o talkback<\/figcaption><\/figure>\n<p>[\/coluna]<br \/>\n[column size=\"1-2\u2033 last=\"1\u2033]<\/p>\n<figure id=\"attachment_12486\" aria-describedby=\"caption-attachment-12486\" style=\"width: 850px\" class=\"wp-caption alignleft\"><img loading=\"lazy\" decoding=\"async\" src=\"https:\/\/konferenztechnik.de\/wp-content\/uploads\/2018\/02\/bayerdynamic-unite-ladekoffer-b.jpg\" alt=\"beyerdynamic-unite-charging-case-b\" width=\"850\" height=\"680\" class=\"size-full wp-image-12486\" title=\"\" srcset=\"https:\/\/konferenztechnik.de\/wp-content\/uploads\/2018\/02\/bayerdynamic-unite-ladekoffer-b.jpg 850w, https:\/\/konferenztechnik.de\/wp-content\/uploads\/2018\/02\/bayerdynamic-unite-ladekoffer-b-300x240.jpg 300w, https:\/\/konferenztechnik.de\/wp-content\/uploads\/2018\/02\/bayerdynamic-unite-ladekoffer-b-768x614.jpg 768w\" sizes=\"(max-width: 850px) 100vw, 850px\" \/><figcaption id=\"caption-attachment-12486\" class=\"wp-caption-text\">UNITE CC-24P | Mala de transporte e carregamento, diferentes variantes e tamanhos dispon\u00edveis<\/figcaption><\/figure>\n<p>[\/coluna]<\/p>\n<h2>\u00c1reas de aplica\u00e7\u00e3o Beyerdynamic UNITE<\/h2>\n<p>[list icon=\"moon-checkmark\" colour=\"#a62055\u2033] Sistema de guias tur\u00edsticos[\/list]<br \/>\n[list icon=\"moon-checkmark\" colour=\"#a62055\u2033] Visitas \u00e0s f\u00e1bricas[\/list]<br \/>\n[list icon=\"moon-checkmark\" colour=\"#a62055\u2033] Visitas de grupo[\/list]<br \/>\n[list icon=\"moon-checkmark\" colour=\"#a62055\u2033] Interpreta\u00e7\u00e3o sussurrada[\/list]<br \/>\n[list icon=\"moon-checkmark\" colour=\"#a62055\u2033] Visitas guiadas[\/list]<br \/>\n[list icon=\"moon-checkmark\" colour=\"#a62055\u2033] Direc\u00e7\u00f5es de palco[\/list]<br \/>\n[list icon=\"moon-checkmark\" colour=\"#a62055\u2033] Apresenta\u00e7\u00f5es[\/list]<\/p>\n<p>[spacer size=\"20\u2033]<\/p>\n<h2>Comprar Beyerdynamic UNITE \u2013 Disponibilidade<\/h2>\n<p>O sistema UNITE foi apresentado na ISE 2018 em fevereiro deste ano e ainda est\u00e1 na fase final de testes. Daremos not\u00edcias aqui assim que o sistema estiver dispon\u00edvel.<\/p>\n<p><a href=\"https:\/\/konferenztechnik.de\/pt\/sistema-de-orientacao-digital-beyerdynamic-unite\/\">Dados t\u00e9cnicos do Beyerdynamic UNITE \u2013<\/a><br \/>\n<a href=\"https:\/\/konferenztechnik.de\/pt\/sistema-de-orientacao-do-visitante-beyerdynamic-unite\/\">Beyerdynamic UNITE \u2013 Impress\u00f5es da ISE<\/a><br \/>\n<a href=\"\/pt\/comprar-sistema-de-orientacao-pessoal\/\">Panor\u00e2mica dos sistemas de orienta\u00e7\u00e3o dos passageiros<\/a><\/p>","protected":false},"excerpt":{"rendered":"<p>Beyerdynamic UNITE &#8211; digitales drahtloses Kommunikationssystem Beyerdynamic hat auf der Amsterdamer Messe ISE 2018 das neue UNITE Kommunikationssystem vorgestellt. Das Beyerdynamic UNITE ist eine moderne Besucher-F\u00fchrungsanlage. \u00dcber die neue Funktion &#8222;Multi-Way-Communication&#8220; ist es m\u00f6glich, mit den Zuh\u00f6rern in einen Dialog zu treten. Die Teilnehmer k\u00f6nnen direkt \u00fcber ihren Empf\u00e4nger, f\u00fcr alle h\u00f6rbar, R\u00fcckfragen stellen. Im [&hellip;]<\/p>","protected":false},"author":1,"featured_media":45482,"parent":0,"menu_order":0,"comment_status":"closed","ping_status":"closed","template":"","meta":{"_acf_changed":false,"footnotes":""},"class_list":["post-12456","page","type-page","status-publish","has-post-thumbnail","hentry"],"acf":[],"_links":{"self":[{"href":"https:\/\/konferenztechnik.de\/pt\/wp-json\/wp\/v2\/pages\/12456","targetHints":{"allow":["GET"]}}],"collection":[{"href":"https:\/\/konferenztechnik.de\/pt\/wp-json\/wp\/v2\/pages"}],"about":[{"href":"https:\/\/konferenztechnik.de\/pt\/wp-json\/wp\/v2\/types\/page"}],"author":[{"embeddable":true,"href":"https:\/\/konferenztechnik.de\/pt\/wp-json\/wp\/v2\/users\/1"}],"replies":[{"embeddable":true,"href":"https:\/\/konferenztechnik.de\/pt\/wp-json\/wp\/v2\/comments?post=12456"}],"version-history":[{"count":0,"href":"https:\/\/konferenztechnik.de\/pt\/wp-json\/wp\/v2\/pages\/12456\/revisions"}],"wp:featuredmedia":[{"embeddable":true,"href":"https:\/\/konferenztechnik.de\/pt\/wp-json\/wp\/v2\/media\/45482"}],"wp:attachment":[{"href":"https:\/\/konferenztechnik.de\/pt\/wp-json\/wp\/v2\/media?parent=12456"}],"curies":[{"name":"wp","href":"https:\/\/api.w.org\/{rel}","templated":true}]}}