{"id":12799,"date":"2018-02-15T09:46:35","date_gmt":"2018-02-15T08:46:35","guid":{"rendered":"https:\/\/www.konferenztechnik.de\/?page_id=12799"},"modified":"2023-09-21T09:23:07","modified_gmt":"2023-09-21T07:23:07","slug":"aluguer-de-postos-de-intercomunicacao-essen","status":"publish","type":"page","link":"https:\/\/konferenztechnik.de\/pt\/aluguer-de-postos-de-intercomunicacao-essen\/","title":{"rendered":"Esta\u00e7\u00f5es de intercomunica\u00e7\u00e3o para aluguer Essen"},"content":{"rendered":"<div data-elementor-type=\"wp-page\" data-elementor-id=\"12799\" class=\"elementor elementor-12799\" data-elementor-post-type=\"page\">\n\t\t\t\t<div data-particle_enable=\"false\" data-particle-mobile-disabled=\"false\" class=\"elementor-element elementor-element-256484a4 e-flex e-con-boxed e-con e-parent\" data-id=\"256484a4\" data-element_type=\"container\">\n\t\t\t\t\t<div class=\"e-con-inner\">\n\t\t\t\t<div class=\"elementor-element elementor-element-72530093 elementor-widget elementor-widget-heading\" data-id=\"72530093\" data-element_type=\"widget\" data-settings=\"{&quot;_animation&quot;:&quot;none&quot;}\" data-widget_type=\"heading.default\">\n\t\t\t\t<div class=\"elementor-widget-container\">\n\t\t\t\t\t<h1 class=\"elementor-heading-title elementor-size-default\">Aluguer de unidades de microfone Essen \u2013 Aluguer de microfones de mesa, sistemas de discuss\u00e3o e sistemas de confer\u00eancia na regi\u00e3o do Ruhr <\/h1>\t\t\t\t<\/div>\n\t\t\t\t<\/div>\n\t\t\t\t<div class=\"elementor-element elementor-element-61d55df2 elementor-widget-widescreen__width-inherit elementor-widget elementor-widget-image\" data-id=\"61d55df2\" data-element_type=\"widget\" data-widget_type=\"image.default\">\n\t\t\t\t<div class=\"elementor-widget-container\">\n\t\t\t\t\t\t\t\t\t\t\t\t\t\t\t<img fetchpriority=\"high\" decoding=\"async\" width=\"1200\" height=\"450\" src=\"https:\/\/konferenztechnik.de\/wp-content\/uploads\/2017\/05\/veranstaltungstechnik-essen.jpg\" class=\"attachment-full size-full wp-image-10172\" alt=\"\" srcset=\"https:\/\/konferenztechnik.de\/wp-content\/uploads\/2017\/05\/veranstaltungstechnik-essen.jpg 1200w, https:\/\/konferenztechnik.de\/wp-content\/uploads\/2017\/05\/veranstaltungstechnik-essen-300x113.jpg 300w, https:\/\/konferenztechnik.de\/wp-content\/uploads\/2017\/05\/veranstaltungstechnik-essen-1024x384.jpg 1024w, https:\/\/konferenztechnik.de\/wp-content\/uploads\/2017\/05\/veranstaltungstechnik-essen-768x288.jpg 768w\" sizes=\"(max-width: 1200px) 100vw, 1200px\" title=\"\">\t\t\t\t\t\t\t\t\t\t\t\t\t\t\t<\/div>\n\t\t\t\t<\/div>\n\t\t<div data-particle_enable=\"false\" data-particle-mobile-disabled=\"false\" class=\"elementor-element elementor-element-207ef42c e-flex e-con-boxed e-con e-child\" data-id=\"207ef42c\" data-element_type=\"container\">\n\t\t\t\t\t<div class=\"e-con-inner\">\n\t\t\t\t<div class=\"elementor-element elementor-element-6deafade elementor-align-left elementor-widget elementor-widget-button\" data-id=\"6deafade\" data-element_type=\"widget\" data-widget_type=\"button.default\">\n\t\t\t\t<div class=\"elementor-widget-container\">\n\t\t\t\t\t\t\t\t\t<div class=\"elementor-button-wrapper\">\n\t\t\t\t\t<a class=\"elementor-button elementor-button-link elementor-size-lg\" href=\"#serviceteam\">\n\t\t\t\t\t\t<span class=\"elementor-button-content-wrapper\">\n\t\t\t\t\t\t<span class=\"elementor-button-icon\">\n\t\t\t\t<svg aria-hidden=\"true\" class=\"e-font-icon-svg e-far-arrow-alt-circle-down\" viewbox=\"0 0 512 512\" xmlns=\"http:\/\/www.w3.org\/2000\/svg\"><path d=\"M256 8C119 8 8 119 8 256s111 248 248 248 248-111 248-248S393 8 256 8zm0 448c-110.5 0-200-89.5-200-200S145.5 56 256 56s200 89.5 200 200-89.5 200-200 200zm-32-316v116h-67c-10.7 0-16 12.9-8.5 20.5l99 99c4.7 4.7 12.3 4.7 17 0l99-99c7.6-7.6 2.2-20.5-8.5-20.5h-67V140c0-6.6-5.4-12-12-12h-40c-6.6 0-12 5.4-12 12z\"><\/path><\/svg>\t\t\t<\/span>\n\t\t\t\t\t\t\t\t\t<span class=\"elementor-button-text\">Perguntar agora<\/span>\n\t\t\t\t\t<\/span>\n\t\t\t\t\t<\/a>\n\t\t\t\t<\/div>\n\t\t\t\t\t\t\t\t<\/div>\n\t\t\t\t<\/div>\n\t\t\t\t\t<\/div>\n\t\t\t\t<\/div>\n\t\t<div data-particle_enable=\"false\" data-particle-mobile-disabled=\"false\" class=\"elementor-element elementor-element-361cb010 e-flex e-con-boxed e-con e-child\" data-id=\"361cb010\" data-element_type=\"container\">\n\t\t\t\t\t<div class=\"e-con-inner\">\n\t\t\t\t<div class=\"elementor-element elementor-element-7af4239d elementor-widget elementor-widget-shortcode\" data-id=\"7af4239d\" data-element_type=\"widget\" data-widget_type=\"shortcode.default\">\n\t\t\t\t<div class=\"elementor-widget-container\">\n\t\t\t\t\t\t\t<div class=\"elementor-shortcode\">\t\t<div data-elementor-type=\"section\" data-elementor-id=\"37185\" class=\"elementor elementor-37185\" data-elementor-post-type=\"elementor_library\">\n\t\t\t<div data-particle_enable=\"false\" data-particle-mobile-disabled=\"false\" class=\"elementor-element elementor-element-26482db e-flex e-con-boxed e-con e-parent\" data-id=\"26482db\" data-element_type=\"container\">\n\t\t\t\t\t<div class=\"e-con-inner\">\n\t\t\t\t<div class=\"elementor-element elementor-element-d8130b9 elementor-widget__width-inherit elementor-widget elementor-widget-eael-post-list\" data-id=\"d8130b9\" data-element_type=\"widget\" data-settings=\"{&quot;_animation&quot;:&quot;none&quot;}\" data-widget_type=\"eael-post-list.default\">\n\t\t\t\t<div class=\"elementor-widget-container\">\n\t\t\t\t\t<div class=\"eael-post-list-container advanced layout-advanced\"><div class=\"eael-post-list-wrap\"><div class=\"eael-post-list-posts-wrap eael-post-appender eael-post-appender-d8130b9\"><div class=\"eael-post-list-post\"><div class=\"eael-post-list-post-inner\"><div class=\"eael-post-list-thumbnail\"><a href=\"https:\/\/konferenztechnik.de\/pt\/sistema-de-discussao-televic-confidea-g4\/\">\n                <img decoding=\"async\" src=\"https:\/\/konferenztechnik.de\/wp-content\/uploads\/2023\/06\/televic-confidea-g4-1.jpg\" alt=\"Unidade de confer\u00eancia sem fios Televic Confidea G4\" title=\"\">\n            <\/a><\/div><div class=\"eael-post-list-content\"><h3 class=\"eael-post-list-title\"><a href=\"https:\/\/konferenztechnik.de\/pt\/sistema-de-discussao-televic-confidea-g4\/\" >Televic Confidea G4 \u2013 Unidade de discuss\u00e3o<\/a><\/h3><p>O sistema de confer\u00eancia sem fios Confidea G4 \u00e9 o antecessor do sistema Flex e...<\/p><a href=\"https:\/\/konferenztechnik.de\/pt\/sistema-de-discussao-televic-confidea-g4\/\" class=\"eael-post-elements-readmore-btn\" >\u203a mais<\/a><div class=\"boxed-meta\"><\/div><\/div><\/div><\/div><div class=\"eael-post-list-post\"><div class=\"eael-post-list-post-inner\"><div class=\"eael-post-list-thumbnail\"><a href=\"https:\/\/konferenztechnik.de\/pt\/sistema-de-discussao-completo-shure-microflex\/\">\n                <img decoding=\"async\" src=\"https:\/\/konferenztechnik.de\/wp-content\/uploads\/2023\/07\/shure-microflex-sprechstellen-jpg.webp\" alt=\"Unidade de microfone da s\u00e9rie Microflex da Shure\" title=\"\">\n            <\/a><\/div><div class=\"eael-post-list-content\"><h3 class=\"eael-post-list-title\"><a href=\"https:\/\/konferenztechnik.de\/pt\/sistema-de-discussao-completo-shure-microflex\/\" >Sistema de discuss\u00e3o Shure Microflex Complete \u2013<\/a><\/h3><p>O design moderno e simples \u00e9 elegante e discreto e enquadra-se bem na...<\/p><a href=\"https:\/\/konferenztechnik.de\/pt\/sistema-de-discussao-completo-shure-microflex\/\" class=\"eael-post-elements-readmore-btn\" >\u203a mais<\/a><div class=\"boxed-meta\"><\/div><\/div><\/div><\/div><div class=\"eael-post-list-post\"><div class=\"eael-post-list-post-inner\"><div class=\"eael-post-list-thumbnail\"><a href=\"https:\/\/konferenztechnik.de\/pt\/sistema-de-discussao-televic-confidea-flex\/\">\n                <img decoding=\"async\" src=\"https:\/\/konferenztechnik.de\/wp-content\/uploads\/2022\/06\/televic-confidea-flex.jpg\" alt=\"Unidade de confer\u00eancia sem fios Televic Confidea Flex\" title=\"\">\n            <\/a><\/div><div class=\"eael-post-list-content\"><h3 class=\"eael-post-list-title\"><a href=\"https:\/\/konferenztechnik.de\/pt\/sistema-de-discussao-televic-confidea-flex\/\" >Televic Confidea Flex \u2013 Unidade de discuss\u00e3o<\/a><\/h3><p>O sistema Confidea Flex pode ser facilmente adaptado a uma vasta gama de cen\u00e1rios de aplica\u00e7\u00e3o. De...<\/p><a href=\"https:\/\/konferenztechnik.de\/pt\/sistema-de-discussao-televic-confidea-flex\/\" class=\"eael-post-elements-readmore-btn\" >\u203a mais<\/a><div class=\"boxed-meta\"><\/div><\/div><\/div><\/div><div class=\"eael-post-list-post\"><div class=\"eael-post-list-post-inner\"><div class=\"eael-post-list-thumbnail\"><a href=\"https:\/\/konferenztechnik.de\/pt\/sistema-de-discussao-bosch-dicentis\/\">\n                <img decoding=\"async\" src=\"https:\/\/konferenztechnik.de\/wp-content\/uploads\/2022\/06\/bosch-dicentis-sprechstelle.jpg\" alt=\"Unidade de microfone de confer\u00eancia Bosch Dicentis com microfone de pesco\u00e7o de ganso e um pequeno ecr\u00e3 para informa\u00e7\u00f5es adicionais e introdu\u00e7\u00e3o de dados\" title=\"\">\n            <\/a><\/div><div class=\"eael-post-list-content\"><h3 class=\"eael-post-list-title\"><a href=\"https:\/\/konferenztechnik.de\/pt\/sistema-de-discussao-bosch-dicentis\/\" >Unidade de discuss\u00e3o Bosch Dicentis \u2013<\/a><\/h3><p>Gra\u00e7as \u00e0 sua elevada flexibilidade e instala\u00e7\u00e3o simples, o sistema de confer\u00eancia sem fios DICENTIS \u00e9 adequado para...<\/p><a href=\"https:\/\/konferenztechnik.de\/pt\/sistema-de-discussao-bosch-dicentis\/\" class=\"eael-post-elements-readmore-btn\" >\u203a mais<\/a><div class=\"boxed-meta\"><\/div><\/div><\/div><\/div><div class=\"eael-post-list-post\"><div class=\"eael-post-list-post-inner\"><div class=\"eael-post-list-thumbnail\"><a href=\"https:\/\/konferenztechnik.de\/pt\/sistema-de-discussao-sennheiser-adn\/\">\n                <img decoding=\"async\" src=\"https:\/\/konferenztechnik.de\/wp-content\/uploads\/2022\/06\/sennheiser-adn.jpg\" alt=\"Unidade de confer\u00eancia sem fios Sennheiser ADN\" title=\"\">\n            <\/a><\/div><div class=\"eael-post-list-content\"><h3 class=\"eael-post-list-title\"><a href=\"https:\/\/konferenztechnik.de\/pt\/sistema-de-discussao-sennheiser-adn\/\" >Sistema de discuss\u00e3o Sennheiser ADN \u2013<\/a><\/h3><p>O sistema de confer\u00eancia ADN est\u00e1 equipado com uma eficiente supress\u00e3o de feedback. Ele...<\/p><a href=\"https:\/\/konferenztechnik.de\/pt\/sistema-de-discussao-sennheiser-adn\/\" class=\"eael-post-elements-readmore-btn\" >\u203a mais<\/a><div class=\"boxed-meta\"><\/div><\/div><\/div><\/div><div class=\"eael-post-list-post\"><div class=\"eael-post-list-post-inner\"><div class=\"eael-post-list-thumbnail\"><a href=\"https:\/\/konferenztechnik.de\/pt\/sistema-de-discussao-beyerdynamic-quinta\/\">\n                <img decoding=\"async\" src=\"https:\/\/konferenztechnik.de\/wp-content\/uploads\/2022\/06\/beyerdynamic-quinta.jpg\" alt=\"Unidade de microfone de confer\u00eancia Beyerdynamic Quinta, sem fios, com microfone pesco\u00e7o de ganso\" title=\"\">\n            <\/a><\/div><div class=\"eael-post-list-content\"><h3 class=\"eael-post-list-title\"><a href=\"https:\/\/konferenztechnik.de\/pt\/sistema-de-discussao-beyerdynamic-quinta\/\" >Beyerdynamic Quinta \u2013 Sistema de discuss\u00e3o<\/a><\/h3><p>O sistema Beyerdynamic Quinta foi concebido para reuni\u00f5es, confer\u00eancias, videoconfer\u00eancias e confer\u00eancias de imprensa, salas de tribunal...<\/p><a href=\"https:\/\/konferenztechnik.de\/pt\/sistema-de-discussao-beyerdynamic-quinta\/\" class=\"eael-post-elements-readmore-btn\" >\u203a mais<\/a><div class=\"boxed-meta\"><\/div><\/div><\/div><\/div><div class=\"eael-post-list-post\"><div class=\"eael-post-list-post-inner\"><div class=\"eael-post-list-thumbnail\"><a href=\"https:\/\/konferenztechnik.de\/pt\/bosch-discussion-sistema-de-discussao\/\">\n                <img decoding=\"async\" src=\"https:\/\/konferenztechnik.de\/wp-content\/uploads\/2023\/06\/bosch-discussion-NG.jpg\" alt=\"Unidade de microfone Bosch Discussion Next Generation com seletor de idioma para chamar idiomas interpretados na unidade de microfone\" title=\"\">\n            <\/a><\/div><div class=\"eael-post-list-content\"><h3 class=\"eael-post-list-title\"><a href=\"https:\/\/konferenztechnik.de\/pt\/bosch-discussion-sistema-de-discussao\/\" >Bosch Discuss\u00e3o \u2013 Unidade de discuss\u00e3o<\/a><\/h3><p>As solu\u00e7\u00f5es de confer\u00eancia DCN caracterizam-se pela sua versatilidade e oferecem uma elevada qualidade de \u00e1udio e...<\/p><a href=\"https:\/\/konferenztechnik.de\/pt\/bosch-discussion-sistema-de-discussao\/\" class=\"eael-post-elements-readmore-btn\" >\u203a mais<\/a><div class=\"boxed-meta\"><\/div><\/div><\/div><\/div><div class=\"eael-post-list-post\"><div class=\"eael-post-list-post-inner\"><div class=\"eael-post-list-thumbnail\"><a href=\"https:\/\/konferenztechnik.de\/pt\/bosch-ccs-1000-d-unidade-de-discussao\/\">\n                <img decoding=\"async\" src=\"https:\/\/konferenztechnik.de\/wp-content\/uploads\/2023\/06\/sennheiser-ccs-1000-d.jpg\" alt=\"Tipo de esta\u00e7\u00e3o de microfone Bosch CCS 1000 d\" title=\"\">\n            <\/a><\/div><div class=\"eael-post-list-content\"><h3 class=\"eael-post-list-title\"><a href=\"https:\/\/konferenztechnik.de\/pt\/bosch-ccs-1000-d-unidade-de-discussao\/\" >BOSCH CCS 1000 D \u2013 Unidade de discuss\u00e3o<\/a><\/h3><p>A CCS 1000 D impressiona pela sua simplicidade sem sacrificar as inova\u00e7\u00f5es t\u00e9cnicas.<\/p><a href=\"https:\/\/konferenztechnik.de\/pt\/bosch-ccs-1000-d-unidade-de-discussao\/\" class=\"eael-post-elements-readmore-btn\" >\u203a mais<\/a><div class=\"boxed-meta\"><\/div><\/div><\/div><\/div><\/div><\/div>\n\t\t<\/div>\t\t\t\t<\/div>\n\t\t\t\t<\/div>\n\t\t\t\t\t<\/div>\n\t\t\t\t<\/div>\n\t\t\t\t<\/div>\n\t\t<\/div>\n\t\t\t\t\t\t<\/div>\n\t\t\t\t<\/div>\n\t\t\t\t\t<\/div>\n\t\t\t\t<\/div>\n\t\t\t\t\t<\/div>\n\t\t\t\t<\/div>\n\t\t<div data-particle_enable=\"false\" data-particle-mobile-disabled=\"false\" class=\"elementor-element elementor-element-6f3b6c17 e-flex e-con-boxed e-con e-parent\" data-id=\"6f3b6c17\" data-element_type=\"container\">\n\t\t\t\t\t<div class=\"e-con-inner\">\n\t\t\t\t<div class=\"elementor-element elementor-element-54c1d1c1 elementor-widget__width-initial elementor-widget elementor-widget-text-editor\" data-id=\"54c1d1c1\" data-element_type=\"widget\" data-widget_type=\"text-editor.default\">\n\t\t\t\t<div class=\"elementor-widget-container\">\n\t\t\t\t\t\t\t\t\t<p>Essen pode intitular-se \"Capital Verde Europeia\" desde 2017 \u2013 As reuni\u00f5es verdes est\u00e3o na ordem do dia. A t\u00f3nica \u00e9 colocada na ecologia e na sustentabilidade. Esta transforma\u00e7\u00e3o \u00e9 not\u00e1vel \u2013 de uma metr\u00f3pole do carv\u00e3o e do a\u00e7o para a cidade mais verde da Ren\u00e2nia do Norte-Vestef\u00e1lia.<\/p><p>\u00a0<\/p><p>A sele\u00e7\u00e3o de salas de eventos \u00e9 vasta e adequada para congressos, confer\u00eancias, eventos empresariais, eventos de grande dimens\u00e3o, incentivos, semin\u00e1rios ou apresenta\u00e7\u00f5es de produtos \u2013, independentemente de se tratar de locais cl\u00e1ssicos como hot\u00e9is, centros de feiras e congressos ou locais especiais que irradiam o encanto industrial da regi\u00e3o de Pott.<\/p><p>\u00a0<\/p><p>Nesta cidade, particularmente afetada por mudan\u00e7as estruturais, a PCS Konferenztechnik tem o prazer de lhe fornecer os microfones adequados para o seu evento. Estes podem ser microfones de mesa com ou sem fios ou cadeias de microfones. Isto depende da dimens\u00e3o do seu evento e de outros factores, que teremos todo o prazer em discutir consigo. Aconselhamo-lo de forma exaustiva sobre todas as quest\u00f5es t\u00e9cnicas e sobre o equipamento necess\u00e1rio e damos-lhe apoio durante o evento.<\/p>\t\t\t\t\t\t\t\t<\/div>\n\t\t\t\t<\/div>\n\t\t\t\t<div class=\"elementor-element elementor-element-21f431a elementor-widget__width-initial elementor-widget elementor-widget-heading\" data-id=\"21f431a\" data-element_type=\"widget\" data-settings=\"{&quot;_animation&quot;:&quot;none&quot;}\" data-widget_type=\"heading.default\">\n\t\t\t\t<div class=\"elementor-widget-container\">\n\t\t\t\t\t<h2 class=\"elementor-heading-title elementor-size-default\">Carater\u00edsticas especiais das esta\u00e7\u00f5es de intercomunica\u00e7\u00e3o PCS<\/h2>\t\t\t\t<\/div>\n\t\t\t\t<\/div>\n\t\t\t\t<div class=\"elementor-element elementor-element-9a46024 elementor-widget__width-inherit elementor-widget elementor-widget-text-editor\" data-id=\"9a46024\" data-element_type=\"widget\" data-widget_type=\"text-editor.default\">\n\t\t\t\t<div class=\"elementor-widget-container\">\n\t\t\t\t\t\t\t\t\t<p>As nossas unidades de microfone de aluguer s\u00e3o ideais para grupos de discuss\u00e3o internacionais, uma vez que disp\u00f5em de auscultadores com um canal de tradu\u00e7\u00e3o para l\u00ednguas estrangeiras. Isto permite ultrapassar as barreiras lingu\u00edsticas. Al\u00e9m disso, a qualidade e a fiabilidade das nossas unidades de microfone e outras fun\u00e7\u00f5es especiais (como dar a palavra a um l\u00edder de debate ou visualizar os participantes activos atrav\u00e9s de software de controlo) garantem sempre uma disciplina ordenada dos oradores e uma melhor compreens\u00e3o da l\u00edngua. Al\u00e9m disso, tamb\u00e9m \u00e9 poss\u00edvel efetuar uma grava\u00e7\u00e3o \u00e1udio do debate.<\/p><p>\u00a0<\/p><p>As nossas unidades de microfone de secret\u00e1ria t\u00eam altifalantes integrados para reprodu\u00e7\u00e3o ac\u00fastica, mas tamb\u00e9m podem ser ligadas a um sistema de som p\u00fablico existente.<\/p>\t\t\t\t\t\t\t\t<\/div>\n\t\t\t\t<\/div>\n\t\t\t\t<div class=\"elementor-element elementor-element-3a881c5f elementor-widget elementor-widget-image\" data-id=\"3a881c5f\" data-element_type=\"widget\" data-widget_type=\"image.default\">\n\t\t\t\t<div class=\"elementor-widget-container\">\n\t\t\t\t\t\t\t\t\t\t\t\t\t\t\t<img decoding=\"async\" width=\"2550\" height=\"1074\" src=\"https:\/\/konferenztechnik.de\/wp-content\/uploads\/2023\/07\/sprechstellen-mieten-pcs-konferenztechnik-jpg.webp\" class=\"attachment-full size-full wp-image-37195\" alt=\"Vista de uma fila de mesas de confer\u00eancia preparadas para uma reuni\u00e3o, abastecidas com material de escrita, bebidas e unidades de microfone de confer\u00eancia sem fios - tudo parece pronto para uma confer\u00eancia.\" srcset=\"https:\/\/konferenztechnik.de\/wp-content\/uploads\/2023\/07\/sprechstellen-mieten-pcs-konferenztechnik-jpg.webp 2550w, https:\/\/konferenztechnik.de\/wp-content\/uploads\/2023\/07\/sprechstellen-mieten-pcs-konferenztechnik-300x126.webp 300w, https:\/\/konferenztechnik.de\/wp-content\/uploads\/2023\/07\/sprechstellen-mieten-pcs-konferenztechnik-1024x431.webp 1024w, https:\/\/konferenztechnik.de\/wp-content\/uploads\/2023\/07\/sprechstellen-mieten-pcs-konferenztechnik-768x323.webp 768w, https:\/\/konferenztechnik.de\/wp-content\/uploads\/2023\/07\/sprechstellen-mieten-pcs-konferenztechnik-1536x647.webp 1536w, https:\/\/konferenztechnik.de\/wp-content\/uploads\/2023\/07\/sprechstellen-mieten-pcs-konferenztechnik-2048x863.webp 2048w, https:\/\/konferenztechnik.de\/wp-content\/uploads\/2023\/07\/sprechstellen-mieten-pcs-konferenztechnik-18x8.webp 18w\" sizes=\"(max-width: 2550px) 100vw, 2550px\" title=\"\">\t\t\t\t\t\t\t\t\t\t\t\t\t\t\t<\/div>\n\t\t\t\t<\/div>\n\t\t\t\t<div class=\"elementor-element elementor-element-3a85e2c9 elementor-align-right elementor-mobile-align-center elementor-widget elementor-widget-button\" data-id=\"3a85e2c9\" data-element_type=\"widget\" data-widget_type=\"button.default\">\n\t\t\t\t<div class=\"elementor-widget-container\">\n\t\t\t\t\t\t\t\t\t<div class=\"elementor-button-wrapper\">\n\t\t\t\t\t<a class=\"elementor-button elementor-button-link elementor-size-lg\" href=\"#serviceteam\">\n\t\t\t\t\t\t<span class=\"elementor-button-content-wrapper\">\n\t\t\t\t\t\t<span class=\"elementor-button-icon\">\n\t\t\t\t<svg aria-hidden=\"true\" class=\"e-font-icon-svg e-far-arrow-alt-circle-down\" viewbox=\"0 0 512 512\" xmlns=\"http:\/\/www.w3.org\/2000\/svg\"><path d=\"M256 8C119 8 8 119 8 256s111 248 248 248 248-111 248-248S393 8 256 8zm0 448c-110.5 0-200-89.5-200-200S145.5 56 256 56s200 89.5 200 200-89.5 200-200 200zm-32-316v116h-67c-10.7 0-16 12.9-8.5 20.5l99 99c4.7 4.7 12.3 4.7 17 0l99-99c7.6-7.6 2.2-20.5-8.5-20.5h-67V140c0-6.6-5.4-12-12-12h-40c-6.6 0-12 5.4-12 12z\"><\/path><\/svg>\t\t\t<\/span>\n\t\t\t\t\t\t\t\t\t<span class=\"elementor-button-text\">Perguntar agora<\/span>\n\t\t\t\t\t<\/span>\n\t\t\t\t\t<\/a>\n\t\t\t\t<\/div>\n\t\t\t\t\t\t\t\t<\/div>\n\t\t\t\t<\/div>\n\t\t\t\t<div class=\"elementor-element elementor-element-2cbae64d elementor-widget elementor-widget-heading\" data-id=\"2cbae64d\" data-element_type=\"widget\" data-settings=\"{&quot;_animation&quot;:&quot;none&quot;}\" data-widget_type=\"heading.default\">\n\t\t\t\t<div class=\"elementor-widget-container\">\n\t\t\t\t\t<h2 class=\"elementor-heading-title elementor-size-default\">Utilizar unidades de microfone com outra tecnologia de confer\u00eancia<\/h2>\t\t\t\t<\/div>\n\t\t\t\t<\/div>\n\t\t\t\t<div class=\"elementor-element elementor-element-2cfa6d94 elementor-widget__width-inherit elementor-widget elementor-widget-text-editor\" data-id=\"2cfa6d94\" data-element_type=\"widget\" data-widget_type=\"text-editor.default\">\n\t\t\t\t<div class=\"elementor-widget-container\">\n\t\t\t\t\t\t\t\t\t<p>\u00a0Quer se trate de cabinas de interpreta\u00e7\u00e3o ou de sistemas de interpreta\u00e7\u00e3o, a tecnologia de confer\u00eancia \u2013 PCS pode ser facilmente combinada com outra tecnologia de eventos. Tamb\u00e9m \u00e9 poss\u00edvel complementar os sistemas de confer\u00eancia existentes com dispositivos individuais da nossa gama de tecnologia de aluguer. Os nossos planeadores de projectos ter\u00e3o todo o prazer em aconselh\u00e1-lo sobre este assunto. Juntos, encontraremos o sistema de confer\u00eancia certo para o seu evento.<\/p>\t\t\t\t\t\t\t\t<\/div>\n\t\t\t\t<\/div>\n\t\t\t\t<div class=\"elementor-element elementor-element-9ca82da elementor-widget__width-inherit elementor-widget elementor-widget-text-editor\" data-id=\"9ca82da\" data-element_type=\"widget\" data-widget_type=\"text-editor.default\">\n\t\t\t\t<div class=\"elementor-widget-container\">\n\t\t\t\t\t\t\t\t\t<p>Alugue unidades de microfone e sistemas de confer\u00eancia destes fabricantes em Berlim:<\/p>\t\t\t\t\t\t\t\t<\/div>\n\t\t\t\t<\/div>\n\t\t\t\t<div class=\"elementor-element elementor-element-113a367d elementor-icon-list--layout-traditional elementor-list-item-link-full_width elementor-widget elementor-widget-icon-list\" data-id=\"113a367d\" data-element_type=\"widget\" data-widget_type=\"icon-list.default\">\n\t\t\t\t<div class=\"elementor-widget-container\">\n\t\t\t\t\t\t\t<ul class=\"elementor-icon-list-items\">\n\t\t\t\t\t\t\t<li class=\"elementor-icon-list-item\">\n\t\t\t\t\t\t\t\t\t\t\t<a href=\"https:\/\/konferenztechnik.de\/pt\/sistema-de-discussao-bosch-dicentis\/\">\n\n\t\t\t\t\t\t\t\t\t\t\t\t<span class=\"elementor-icon-list-icon\">\n\t\t\t\t\t\t\t<svg aria-hidden=\"true\" class=\"e-font-icon-svg e-fas-check\" viewbox=\"0 0 512 512\" xmlns=\"http:\/\/www.w3.org\/2000\/svg\"><path d=\"M173.898 439.404l-166.4-166.4c-9.997-9.997-9.997-26.206 0-36.204l36.203-36.204c9.997-9.998 26.207-9.998 36.204 0L192 312.69 432.095 72.596c9.997-9.997 26.207-9.997 36.204 0l36.203 36.204c9.997 9.997 9.997 26.206 0 36.204l-294.4 294.401c-9.998 9.997-26.207 9.997-36.204-.001z\"><\/path><\/svg>\t\t\t\t\t\t<\/span>\n\t\t\t\t\t\t\t\t\t\t<span class=\"elementor-icon-list-text\">Unidades de microfone Bosch Dicentis \u2013 Sistema de confer\u00eancia sem fios<\/span>\n\t\t\t\t\t\t\t\t\t\t\t<\/a>\n\t\t\t\t\t\t\t\t\t<\/li>\n\t\t\t\t\t\t\t\t<li class=\"elementor-icon-list-item\">\n\t\t\t\t\t\t\t\t\t\t\t<a href=\"https:\/\/konferenztechnik.de\/pt\/sistema-de-discussao-televic-confidea-flex\/\">\n\n\t\t\t\t\t\t\t\t\t\t\t\t<span class=\"elementor-icon-list-icon\">\n\t\t\t\t\t\t\t<svg aria-hidden=\"true\" class=\"e-font-icon-svg e-fas-check\" viewbox=\"0 0 512 512\" xmlns=\"http:\/\/www.w3.org\/2000\/svg\"><path d=\"M173.898 439.404l-166.4-166.4c-9.997-9.997-9.997-26.206 0-36.204l36.203-36.204c9.997-9.998 26.207-9.998 36.204 0L192 312.69 432.095 72.596c9.997-9.997 26.207-9.997 36.204 0l36.203 36.204c9.997 9.997 9.997 26.206 0 36.204l-294.4 294.401c-9.998 9.997-26.207 9.997-36.204-.001z\"><\/path><\/svg>\t\t\t\t\t\t<\/span>\n\t\t\t\t\t\t\t\t\t\t<span class=\"elementor-icon-list-text\">Unidades de microfone Televic Confidea Flex \u2013 Sistema de confer\u00eancia sem fios<\/span>\n\t\t\t\t\t\t\t\t\t\t\t<\/a>\n\t\t\t\t\t\t\t\t\t<\/li>\n\t\t\t\t\t\t\t\t<li class=\"elementor-icon-list-item\">\n\t\t\t\t\t\t\t\t\t\t\t<a href=\"https:\/\/konferenztechnik.de\/pt\/bosch-ccs-1000-d-unidade-de-discussao\/\">\n\n\t\t\t\t\t\t\t\t\t\t\t\t<span class=\"elementor-icon-list-icon\">\n\t\t\t\t\t\t\t<svg aria-hidden=\"true\" class=\"e-font-icon-svg e-fas-check\" viewbox=\"0 0 512 512\" xmlns=\"http:\/\/www.w3.org\/2000\/svg\"><path d=\"M173.898 439.404l-166.4-166.4c-9.997-9.997-9.997-26.206 0-36.204l36.203-36.204c9.997-9.998 26.207-9.998 36.204 0L192 312.69 432.095 72.596c9.997-9.997 26.207-9.997 36.204 0l36.203 36.204c9.997 9.997 9.997 26.206 0 36.204l-294.4 294.401c-9.998 9.997-26.207 9.997-36.204-.001z\"><\/path><\/svg>\t\t\t\t\t\t<\/span>\n\t\t\t\t\t\t\t\t\t\t<span class=\"elementor-icon-list-text\">BOSCH CCS 1000 D \u2013 Unidade de discuss\u00e3o<\/span>\n\t\t\t\t\t\t\t\t\t\t\t<\/a>\n\t\t\t\t\t\t\t\t\t<\/li>\n\t\t\t\t\t\t\t\t<li class=\"elementor-icon-list-item\">\n\t\t\t\t\t\t\t\t\t\t\t<a href=\"https:\/\/konferenztechnik.de\/pt\/bosch-discussion-sistema-de-discussao\/\">\n\n\t\t\t\t\t\t\t\t\t\t\t\t<span class=\"elementor-icon-list-icon\">\n\t\t\t\t\t\t\t<svg aria-hidden=\"true\" class=\"e-font-icon-svg e-fas-check\" viewbox=\"0 0 512 512\" xmlns=\"http:\/\/www.w3.org\/2000\/svg\"><path d=\"M173.898 439.404l-166.4-166.4c-9.997-9.997-9.997-26.206 0-36.204l36.203-36.204c9.997-9.998 26.207-9.998 36.204 0L192 312.69 432.095 72.596c9.997-9.997 26.207-9.997 36.204 0l36.203 36.204c9.997 9.997 9.997 26.206 0 36.204l-294.4 294.401c-9.998 9.997-26.207 9.997-36.204-.001z\"><\/path><\/svg>\t\t\t\t\t\t<\/span>\n\t\t\t\t\t\t\t\t\t\t<span class=\"elementor-icon-list-text\">Unidades de microfone de discuss\u00e3o Bosch \u2013 Sistema de confer\u00eancia com fios (incluindo canais de interpreta\u00e7\u00e3o\/tradu\u00e7\u00e3o)<\/span>\n\t\t\t\t\t\t\t\t\t\t\t<\/a>\n\t\t\t\t\t\t\t\t\t<\/li>\n\t\t\t\t\t\t\t\t<li class=\"elementor-icon-list-item\">\n\t\t\t\t\t\t\t\t\t\t\t<a href=\"https:\/\/konferenztechnik.de\/pt\/aluguer-compra-instalacao-aluguer-de-sistemas-de-discussao-estacoes-de-intercomunicacao\/\">\n\n\t\t\t\t\t\t\t\t\t\t\t\t<span class=\"elementor-icon-list-icon\">\n\t\t\t\t\t\t\t<svg aria-hidden=\"true\" class=\"e-font-icon-svg e-fas-check\" viewbox=\"0 0 512 512\" xmlns=\"http:\/\/www.w3.org\/2000\/svg\"><path d=\"M173.898 439.404l-166.4-166.4c-9.997-9.997-9.997-26.206 0-36.204l36.203-36.204c9.997-9.998 26.207-9.998 36.204 0L192 312.69 432.095 72.596c9.997-9.997 26.207-9.997 36.204 0l36.203 36.204c9.997 9.997 9.997 26.206 0 36.204l-294.4 294.401c-9.998 9.997-26.207 9.997-36.204-.001z\"><\/path><\/svg>\t\t\t\t\t\t<\/span>\n\t\t\t\t\t\t\t\t\t\t<span class=\"elementor-icon-list-text\">E muito mais...<\/span>\n\t\t\t\t\t\t\t\t\t\t\t<\/a>\n\t\t\t\t\t\t\t\t\t<\/li>\n\t\t\t\t\t\t<\/ul>\n\t\t\t\t\t\t<\/div>\n\t\t\t\t<\/div>\n\t\t\t\t<div class=\"elementor-element elementor-element-35e9d939 elementor-widget elementor-widget-image\" data-id=\"35e9d939\" data-element_type=\"widget\" data-widget_type=\"image.default\">\n\t\t\t\t<div class=\"elementor-widget-container\">\n\t\t\t\t\t\t\t\t\t\t\t\t\t\t\t<img decoding=\"async\" width=\"1200\" height=\"450\" src=\"https:\/\/konferenztechnik.de\/wp-content\/uploads\/2016\/10\/events-berlin.jpg\" class=\"attachment-full size-full wp-image-8486\" alt=\"\" srcset=\"https:\/\/konferenztechnik.de\/wp-content\/uploads\/2016\/10\/events-berlin.jpg 1200w, https:\/\/konferenztechnik.de\/wp-content\/uploads\/2016\/10\/events-berlin-300x113.jpg 300w, https:\/\/konferenztechnik.de\/wp-content\/uploads\/2016\/10\/events-berlin-1024x384.jpg 1024w, https:\/\/konferenztechnik.de\/wp-content\/uploads\/2016\/10\/events-berlin-768x288.jpg 768w\" sizes=\"(max-width: 1200px) 100vw, 1200px\" title=\"\">\t\t\t\t\t\t\t\t\t\t\t\t\t\t\t<\/div>\n\t\t\t\t<\/div>\n\t\t<div data-particle_enable=\"false\" data-particle-mobile-disabled=\"false\" class=\"elementor-element elementor-element-36fe0481 e-flex e-con-boxed e-con e-child\" data-id=\"36fe0481\" data-element_type=\"container\">\n\t\t\t\t\t<div class=\"e-con-inner\">\n\t\t\t\t<div class=\"elementor-element elementor-element-5282a9cf elementor-align-left elementor-widget elementor-widget-button\" data-id=\"5282a9cf\" data-element_type=\"widget\" data-widget_type=\"button.default\">\n\t\t\t\t<div class=\"elementor-widget-container\">\n\t\t\t\t\t\t\t\t\t<div class=\"elementor-button-wrapper\">\n\t\t\t\t\t<a class=\"elementor-button elementor-button-link elementor-size-lg\" href=\"#serviceteam\">\n\t\t\t\t\t\t<span class=\"elementor-button-content-wrapper\">\n\t\t\t\t\t\t<span class=\"elementor-button-icon\">\n\t\t\t\t<svg aria-hidden=\"true\" class=\"e-font-icon-svg e-far-arrow-alt-circle-down\" viewbox=\"0 0 512 512\" xmlns=\"http:\/\/www.w3.org\/2000\/svg\"><path d=\"M256 8C119 8 8 119 8 256s111 248 248 248 248-111 248-248S393 8 256 8zm0 448c-110.5 0-200-89.5-200-200S145.5 56 256 56s200 89.5 200 200-89.5 200-200 200zm-32-316v116h-67c-10.7 0-16 12.9-8.5 20.5l99 99c4.7 4.7 12.3 4.7 17 0l99-99c7.6-7.6 2.2-20.5-8.5-20.5h-67V140c0-6.6-5.4-12-12-12h-40c-6.6 0-12 5.4-12 12z\"><\/path><\/svg>\t\t\t<\/span>\n\t\t\t\t\t\t\t\t\t<span class=\"elementor-button-text\">Perguntar agora<\/span>\n\t\t\t\t\t<\/span>\n\t\t\t\t\t<\/a>\n\t\t\t\t<\/div>\n\t\t\t\t\t\t\t\t<\/div>\n\t\t\t\t<\/div>\n\t\t\t\t\t<\/div>\n\t\t\t\t<\/div>\n\t\t\t\t<div class=\"elementor-element elementor-element-5ede1141 elementor-widget elementor-widget-eael-adv-accordion\" data-id=\"5ede1141\" data-element_type=\"widget\" data-widget_type=\"eael-adv-accordion.default\">\n\t\t\t\t<div class=\"elementor-widget-container\">\n\t\t\t\t\t            <div class=\"eael-adv-accordion\" id=\"eael-adv-accordion-5ede1141\" data-scroll-on-click=\"no\" data-scroll-speed=\"300\" data-accordion-id=\"5ede1141\" data-accordion-type=\"accordion\" data-toogle-speed=\"300\">\n            <div class=\"eael-accordion-list\">\n\t\t\t\t\t<div id=\"veranstaltungsorte-fr-events-und-kongresse-in-essen\" class=\"elementor-tab-title eael-accordion-header\" tabindex=\"0\" data-tab=\"1\" aria-controls=\"elementor-tab-content-1591\"><span class=\"eael-advanced-accordion-icon-closed\"><svg aria-hidden=\"true\" class=\"fa-accordion-icon e-font-icon-svg e-fas-plus\" viewbox=\"0 0 448 512\" xmlns=\"http:\/\/www.w3.org\/2000\/svg\"><path d=\"M416 208H272V64c0-17.67-14.33-32-32-32h-32c-17.67 0-32 14.33-32 32v144H32c-17.67 0-32 14.33-32 32v32c0 17.67 14.33 32 32 32h144v144c0 17.67 14.33 32 32 32h32c17.67 0 32-14.33 32-32V304h144c17.67 0 32-14.33 32-32v-32c0-17.67-14.33-32-32-32z\"><\/path><\/svg><\/span><span class=\"eael-advanced-accordion-icon-opened\"><svg aria-hidden=\"true\" class=\"fa-accordion-icon e-font-icon-svg e-fas-minus\" viewbox=\"0 0 448 512\" xmlns=\"http:\/\/www.w3.org\/2000\/svg\"><path d=\"M416 208H32c-17.67 0-32 14.33-32 32v32c0 17.67 14.33 32 32 32h384c17.67 0 32-14.33 32-32v-32c0-17.67-14.33-32-32-32z\"><\/path><\/svg><\/span><span class=\"eael-accordion-tab-title\">Locais para eventos e congressos em Essen<\/span><svg aria-hidden=\"true\" class=\"fa-toggle e-font-icon-svg e-fas-angle-right\" viewbox=\"0 0 256 512\" xmlns=\"http:\/\/www.w3.org\/2000\/svg\"><path d=\"M224.3 273l-136 136c-9.4 9.4-24.6 9.4-33.9 0l-22.6-22.6c-9.4-9.4-9.4-24.6 0-33.9l96.4-96.4-96.4-96.4c-9.4-9.4-9.4-24.6 0-33.9L54.3 103c9.4-9.4 24.6-9.4 33.9 0l136 136c9.5 9.4 9.5 24.6.1 34z\"><\/path><\/svg><\/div><div id=\"elementor-tab-content-1591\" class=\"eael-accordion-content clearfix\" data-tab=\"1\" aria-labelledby=\"veranstaltungsorte-fr-events-und-kongresse-in-essen\"><ul><li>Feira de Essen<\/li><li>Centro de Congressos de Essen<\/li><li>Grugahalle<\/li><li>Complexo industrial da mina de carv\u00e3o de Zollverein Octagon<\/li><li>Casino Zeche Zollverein<\/li><li>Pavilh\u00e3o Erich Brost<\/li><li>SANAA<\/li><li>Grande Sal\u00e3o do Zollverein<\/li><li>Teatro Coliseu de Essen<\/li><li>Lichtburg<\/li><li>Centro de Confer\u00eancias Philharmonie<\/li><li>RUHRTURM<\/li><li>Est\u00e1dio de Essen<\/li><li>Teatro Astra<\/li><li>Museu de Design Red Dot<\/li><\/ul><\/div>\n\t\t\t\t\t<\/div><div class=\"eael-accordion-list\">\n\t\t\t\t\t<div id=\"die-wichtigsten-veranstaltungshotels-essen\" class=\"elementor-tab-title eael-accordion-header\" tabindex=\"0\" data-tab=\"2\" aria-controls=\"elementor-tab-content-1592\"><span class=\"eael-advanced-accordion-icon-closed\"><svg aria-hidden=\"true\" class=\"fa-accordion-icon e-font-icon-svg e-fas-plus\" viewbox=\"0 0 448 512\" xmlns=\"http:\/\/www.w3.org\/2000\/svg\"><path d=\"M416 208H272V64c0-17.67-14.33-32-32-32h-32c-17.67 0-32 14.33-32 32v144H32c-17.67 0-32 14.33-32 32v32c0 17.67 14.33 32 32 32h144v144c0 17.67 14.33 32 32 32h32c17.67 0 32-14.33 32-32V304h144c17.67 0 32-14.33 32-32v-32c0-17.67-14.33-32-32-32z\"><\/path><\/svg><\/span><span class=\"eael-advanced-accordion-icon-opened\"><svg aria-hidden=\"true\" class=\"fa-accordion-icon e-font-icon-svg e-fas-minus\" viewbox=\"0 0 448 512\" xmlns=\"http:\/\/www.w3.org\/2000\/svg\"><path d=\"M416 208H32c-17.67 0-32 14.33-32 32v32c0 17.67 14.33 32 32 32h384c17.67 0 32-14.33 32-32v-32c0-17.67-14.33-32-32-32z\"><\/path><\/svg><\/span><span class=\"eael-accordion-tab-title\">Os hot\u00e9is para eventos mais importantes em Essen<\/span><svg aria-hidden=\"true\" class=\"fa-toggle e-font-icon-svg e-fas-angle-right\" viewbox=\"0 0 256 512\" xmlns=\"http:\/\/www.w3.org\/2000\/svg\"><path d=\"M224.3 273l-136 136c-9.4 9.4-24.6 9.4-33.9 0l-22.6-22.6c-9.4-9.4-9.4-24.6 0-33.9l96.4-96.4-96.4-96.4c-9.4-9.4-9.4-24.6 0-33.9L54.3 103c9.4-9.4 24.6-9.4 33.9 0l136 136c9.5 9.4 9.5 24.6.1 34z\"><\/path><\/svg><\/div><div id=\"elementor-tab-content-1592\" class=\"eael-accordion-content clearfix\" data-tab=\"2\" aria-labelledby=\"die-wichtigsten-veranstaltungshotels-essen\"><ul><li>Bem-vindo ao Hotel Essen<\/li><li>Hotel Bredeney<\/li><li>Hotel Franz<\/li><li>Mintrops Landhotel Burgaltendorf<\/li><li>Mintrops City Hotel Margaretenh\u00f6he<\/li><li>Atlantic Congress Hotel Essen<\/li><li>Hotel Intercity Essen<\/li><li>Essener Hof<\/li><li>Hotel Holiday Inn Essen<\/li><li>Schlosshotel Hugenpoet<\/li><\/ul><\/div>\n\t\t\t\t\t<\/div><div class=\"eael-accordion-list\">\n\t\t\t\t\t<div id=\"die-messe-essen-und-die-wichtigsten-messetermine\" class=\"elementor-tab-title eael-accordion-header\" tabindex=\"0\" data-tab=\"3\" aria-controls=\"elementor-tab-content-1593\"><span class=\"eael-advanced-accordion-icon-closed\"><svg aria-hidden=\"true\" class=\"fa-accordion-icon e-font-icon-svg e-fas-plus\" viewbox=\"0 0 448 512\" xmlns=\"http:\/\/www.w3.org\/2000\/svg\"><path d=\"M416 208H272V64c0-17.67-14.33-32-32-32h-32c-17.67 0-32 14.33-32 32v144H32c-17.67 0-32 14.33-32 32v32c0 17.67 14.33 32 32 32h144v144c0 17.67 14.33 32 32 32h32c17.67 0 32-14.33 32-32V304h144c17.67 0 32-14.33 32-32v-32c0-17.67-14.33-32-32-32z\"><\/path><\/svg><\/span><span class=\"eael-advanced-accordion-icon-opened\"><svg aria-hidden=\"true\" class=\"fa-accordion-icon e-font-icon-svg e-fas-minus\" viewbox=\"0 0 448 512\" xmlns=\"http:\/\/www.w3.org\/2000\/svg\"><path d=\"M416 208H32c-17.67 0-32 14.33-32 32v32c0 17.67 14.33 32 32 32h384c17.67 0 32-14.33 32-32v-32c0-17.67-14.33-32-32-32z\"><\/path><\/svg><\/span><span class=\"eael-accordion-tab-title\">Messe Essen e as datas mais importantes da feira<\/span><svg aria-hidden=\"true\" class=\"fa-toggle e-font-icon-svg e-fas-angle-right\" viewbox=\"0 0 256 512\" xmlns=\"http:\/\/www.w3.org\/2000\/svg\"><path d=\"M224.3 273l-136 136c-9.4 9.4-24.6 9.4-33.9 0l-22.6-22.6c-9.4-9.4-9.4-24.6 0-33.9l96.4-96.4-96.4-96.4c-9.4-9.4-9.4-24.6 0-33.9L54.3 103c9.4-9.4 24.6-9.4 33.9 0l136 136c9.5 9.4 9.5 24.6.1 34z\"><\/path><\/svg><\/div><div id=\"elementor-tab-content-1593\" class=\"eael-accordion-content clearfix\" data-tab=\"3\" aria-labelledby=\"die-messe-essen-und-die-wichtigsten-messetermine\"><ul><li>ITSC<\/li><li>IMP Essen<\/li><li>Mercado m\u00f3vel, DCONex<\/li><li>E-world energia e \u00e1gua<\/li><li>FAHRRAD Essen<\/li><li>Viajar + Acampar<\/li><li>Equitana<\/li><li>Techno-Classica Essen<\/li><li>Mundo dos beb\u00e9s<\/li><li>Semana Europeia das Noivas<\/li><li>Metpack<\/li><li>Feira Internacional de Selos<\/li><li>tudo sobre automa\u00e7\u00e3o<\/li><li>tecnologia de ilumina\u00e7\u00e3o<\/li><li>Sal\u00e3o Autom\u00f3vel de Essen <\/li><\/ul><\/div>\n\t\t\t\t\t<\/div><\/div>\t\t\t\t<\/div>\n\t\t\t\t<\/div>\n\t\t\t\t\t<\/div>\n\t\t\t\t<\/div>\n\t\t<div data-particle_enable=\"false\" data-particle-mobile-disabled=\"false\" class=\"elementor-element elementor-element-33219982 e-flex e-con-boxed e-con e-parent\" data-id=\"33219982\" data-element_type=\"container\">\n\t\t\t\t\t<div class=\"e-con-inner\">\n\t\t\t\t<div class=\"elementor-element elementor-element-7a9f3e97 elementor-widget elementor-widget-shortcode\" data-id=\"7a9f3e97\" data-element_type=\"widget\" data-widget_type=\"shortcode.default\">\n\t\t\t\t<div class=\"elementor-widget-container\">\n\t\t\t\t\t\t\t<div class=\"elementor-shortcode\"><\/div>\n\t\t\t\t\t\t<\/div>\n\t\t\t\t<\/div>\n\t\t\t\t\t<\/div>\n\t\t\t\t<\/div>\n\t\t\t\t<\/div>","protected":false},"excerpt":{"rendered":"<p>Sprechstellen mieten Essen \u2013 Vermietung von Tischmikrofonen, Diskussionsanlagen und Konferenzanlagen im Ruhrgebiet Jetzt anfragen Essen darf sich seit 2017 als \u201eGr\u00fcne Hauptstadt Europas\u201c bezeichnen \u2013 Green Meetings sind hier also an der Tagesordnung. Man setzt auf \u00d6kologie und Nachhaltigkeit. Dieser Wandel ist bemerkenswert \u2013 von der Kohle- und Stahlmetropole zur gr\u00fcnsten Stadt Nordrhein-Westfalens. \u00a0 Die [&hellip;]<\/p>","protected":false},"author":1,"featured_media":45482,"parent":0,"menu_order":0,"comment_status":"closed","ping_status":"closed","template":"","meta":{"_acf_changed":false,"footnotes":""},"class_list":["post-12799","page","type-page","status-publish","has-post-thumbnail","hentry"],"acf":[],"_links":{"self":[{"href":"https:\/\/konferenztechnik.de\/pt\/wp-json\/wp\/v2\/pages\/12799","targetHints":{"allow":["GET"]}}],"collection":[{"href":"https:\/\/konferenztechnik.de\/pt\/wp-json\/wp\/v2\/pages"}],"about":[{"href":"https:\/\/konferenztechnik.de\/pt\/wp-json\/wp\/v2\/types\/page"}],"author":[{"embeddable":true,"href":"https:\/\/konferenztechnik.de\/pt\/wp-json\/wp\/v2\/users\/1"}],"replies":[{"embeddable":true,"href":"https:\/\/konferenztechnik.de\/pt\/wp-json\/wp\/v2\/comments?post=12799"}],"version-history":[{"count":0,"href":"https:\/\/konferenztechnik.de\/pt\/wp-json\/wp\/v2\/pages\/12799\/revisions"}],"wp:featuredmedia":[{"embeddable":true,"href":"https:\/\/konferenztechnik.de\/pt\/wp-json\/wp\/v2\/media\/45482"}],"wp:attachment":[{"href":"https:\/\/konferenztechnik.de\/pt\/wp-json\/wp\/v2\/media?parent=12799"}],"curies":[{"name":"wp","href":"https:\/\/api.w.org\/{rel}","templated":true}]}}