{"id":12864,"date":"2018-02-22T14:13:05","date_gmt":"2018-02-22T13:13:05","guid":{"rendered":"https:\/\/www.konferenztechnik.de\/?page_id=12864"},"modified":"2024-12-20T17:54:10","modified_gmt":"2024-12-20T16:54:10","slug":"referencias","status":"publish","type":"page","link":"https:\/\/konferenztechnik.de\/pt\/referencias\/","title":{"rendered":"Refer\u00eancias"},"content":{"rendered":"<div data-elementor-type=\"wp-page\" data-elementor-id=\"12864\" class=\"elementor elementor-12864\" data-elementor-post-type=\"page\">\n\t\t\t\t<div data-particle_enable=\"false\" data-particle-mobile-disabled=\"false\" class=\"elementor-element elementor-element-6b54d28 e-flex e-con-boxed e-con e-parent\" data-id=\"6b54d28\" data-element_type=\"container\">\n\t\t\t\t\t<div class=\"e-con-inner\">\n\t\t<div data-particle_enable=\"false\" data-particle-mobile-disabled=\"false\" class=\"elementor-element elementor-element-750c93c e-flex e-con-boxed e-con e-child\" data-id=\"750c93c\" data-element_type=\"container\">\n\t\t\t\t\t<div class=\"e-con-inner\">\n\t\t\t\t<div class=\"elementor-element elementor-element-00d6b1e elementor-widget elementor-widget-heading\" data-id=\"00d6b1e\" data-element_type=\"widget\" data-widget_type=\"heading.default\">\n\t\t\t\t<div class=\"elementor-widget-container\">\n\t\t\t\t\t<h1 class=\"elementor-heading-title elementor-size-default\">Refer\u00eancias<\/h1>\t\t\t\t<\/div>\n\t\t\t\t<\/div>\n\t\t\t\t\t<\/div>\n\t\t\t\t<\/div>\n\t\t<div data-particle_enable=\"false\" data-particle-mobile-disabled=\"false\" class=\"elementor-element elementor-element-29ebfdd e-flex e-con-boxed e-con e-child\" data-id=\"29ebfdd\" data-element_type=\"container\">\n\t\t\t\t\t<div class=\"e-con-inner\">\n\t\t<div data-particle_enable=\"false\" data-particle-mobile-disabled=\"false\" class=\"elementor-element elementor-element-e02e7e1 e-flex e-con-boxed e-con e-child\" data-id=\"e02e7e1\" data-element_type=\"container\">\n\t\t\t\t\t<div class=\"e-con-inner\">\n\t\t<div data-particle_enable=\"false\" data-particle-mobile-disabled=\"false\" class=\"elementor-element elementor-element-6effb54 e-con-full e-flex e-con e-child\" data-id=\"6effb54\" data-element_type=\"container\" data-settings=\"{&quot;background_background&quot;:&quot;classic&quot;}\">\n\t\t\t\t<div class=\"elementor-element elementor-element-1de0fb2 elementor-widget elementor-widget-heading\" data-id=\"1de0fb2\" data-element_type=\"widget\" data-widget_type=\"heading.default\">\n\t\t\t\t<div class=\"elementor-widget-container\">\n\t\t\t\t\t<h2 class=\"elementor-heading-title elementor-size-default\">Instala\u00e7\u00e3o e venda<\/h2>\t\t\t\t<\/div>\n\t\t\t\t<\/div>\n\t\t\t\t<div class=\"elementor-element elementor-element-857935e elementor-widget elementor-widget-text-editor\" data-id=\"857935e\" data-element_type=\"widget\" data-widget_type=\"text-editor.default\">\n\t\t\t\t<div class=\"elementor-widget-container\">\n\t\t\t\t\t\t\t\t\t<ul><li>1) FC Union Berlin e.V.<\/li><li>Adolf W\u00fcrth GmbH &amp; Co. KG Sede do grupo K\u00fcnzelsau<\/li><li>Answers GmbH \u2013 Berlim<\/li><li>August Storck KG Berlim<\/li><li>A\u00dcW Allg\u00e4uer \u00dcberlandwerk GmbH Kempten<\/li><li>Ardex GmbH \u2013 Witten<\/li><li>Catedral de Berlim Berlim<\/li><li>Universidade de Ci\u00eancias Aplicadas de Beuth, Berlim<\/li><li>Embaixada dos Estados Unidos Berlim<\/li><li>Minist\u00e9rio Federal do Trabalho e dos Assuntos Sociais Berlim<\/li><li>Conselho Federal Berlim<\/li><li>CBC Cologne Broadcasting Centre GmbH Col\u00f3nia<\/li><li>Centro de Congressos CCH de Hamburgo<\/li><li>CCD Centro de Congressos de D\u00fcsseldorf Messe D\u00fcsseldorf<\/li><li>DEGES Deutsche Einheit Fernstra\u00dfenplanungs- und -bau GmbH Berlim<\/li><li>Deutsche Apotheker- und \u00c4rztebank Sede D\u00fcsseldorf<\/li><li>Sede do Deutsche Bank AG Frankfurt\/Main<\/li><li>Deutschlandradio Berlim<\/li><li>Ecolab Alemanha Monheim<\/li><li>Academia Europeia de Berlim<\/li><li>Funda\u00e7\u00e3o Fritz Thyssen \u2013 Instituto Hist\u00f3rico Alem\u00e3o Moscovo<\/li><li>Funda\u00e7\u00e3o Fritz Thyssen \u2013 Casa da Funda\u00e7\u00e3o Fritz Thyssen \u2013 Col\u00f3nia<\/li><li>GEA Refrigeration Germany GmbH \u2013 Berlim<\/li><li>Munic\u00edpio de Burbach<\/li><li>Munic\u00edpio de Dossenheim<\/li><li>Funda\u00e7\u00e3o Gerda Henkel D\u00fcsseldorf<\/li><li>GSK Stockmann &amp; Kollegen escrit\u00f3rio de advogados em Berlim<\/li><li>Hostel Cologne \u2013 Col\u00f3nia<\/li><li>Instituto Ibero-Americano de Berlim<\/li><li>Istituto Italiano di Cultura (Instituto Italiano de Cultura) Berlim<\/li><li>Localiza\u00e7\u00e3o do KfW Bank Berlin<\/li><li>Komatsu Mining Germany GmbH D\u00fcsseldorf<\/li><li>Caixa Econ\u00f3mica Distrital de Heilbronn<\/li><li>Dire\u00e7\u00e3o-Geral da Sa\u00fade e dos Assuntos Sociais de Berlim (LAGeSo)<\/li><li>Distrito de Oder-Spree<\/li><li>Distrito de Stendal<\/li><li>Parlamento do Estado da Ren\u00e2nia do Norte-Vestef\u00e1lia<\/li><li>MAN Truck &amp; Bus Deutschland GmbH Berlim<\/li><li>Museu da Comunica\u00e7\u00e3o de Berlim<\/li><li>Museu Kunstpalast D\u00fcsseldorf<\/li><li>Normfest GmbH Velbert<\/li><li>C\u00e2mara Municipal Alt Landsberg Brandenburg<\/li><li>C\u00e2mara Municipal de Falkensee Falkensee<\/li><li>Rauch M\u00f6belwerke GmbH Freudenberg<\/li><li>Robert Schumann Hall D\u00fcsseldorf<\/li><li>Secretariado da Confer\u00eancia Permanente dos Ministros da Educa\u00e7\u00e3o e dos Assuntos Culturais Berlim<\/li><li>Departamento do Trabalho, Integra\u00e7\u00e3o e Assuntos da Mulher do Senado Berlim<\/li><li>Departamento de Economia, Tecnologia e Investiga\u00e7\u00e3o do Senado Berlim<\/li><li>Cidade de Mettmann<\/li><li>Vodafone Services Group GmbH \u2013 Ratingen<\/li><li>Weiss-Druck GmbH &amp; Co. KG \u2013 Monschau<\/li><li>WILO AG Dortmund<\/li><li>ZDF Mainz<\/li><li style=\"font-size: 17.6px;\">e muito mais...<\/li><\/ul>\t\t\t\t\t\t\t\t<\/div>\n\t\t\t\t<\/div>\n\t\t\t\t<\/div>\n\t\t<div data-particle_enable=\"false\" data-particle-mobile-disabled=\"false\" class=\"elementor-element elementor-element-f18b78d e-con-full e-flex e-con e-child\" data-id=\"f18b78d\" data-element_type=\"container\" data-settings=\"{&quot;background_background&quot;:&quot;classic&quot;}\">\n\t\t\t\t<div class=\"elementor-element elementor-element-0e8cbef elementor-widget elementor-widget-heading\" data-id=\"0e8cbef\" data-element_type=\"widget\" data-widget_type=\"heading.default\">\n\t\t\t\t<div class=\"elementor-widget-container\">\n\t\t\t\t\t<h2 class=\"elementor-heading-title elementor-size-default\">Confer\u00eancias e eventos<\/h2>\t\t\t\t<\/div>\n\t\t\t\t<\/div>\n\t\t\t\t<div class=\"elementor-element elementor-element-eac4742 elementor-widget elementor-widget-text-editor\" data-id=\"eac4742\" data-element_type=\"widget\" data-widget_type=\"text-editor.default\">\n\t\t\t\t<div class=\"elementor-widget-container\">\n\t\t\t\t\t\t\t\t\t<ul>\n<li>ABB LTD.<\/li>\n<li>Abbott GmbH &amp; Co. KG<\/li>\n<li>Grupo W\u00fcrth<\/li>\n<li>Grupo BMW<\/li>\n<li>Associa\u00e7\u00e3o Alem\u00e3 de Editores e Livreiros<\/li>\n<li>Bosch Rexroth AG<\/li>\n<li>Embaixada dos EUA<\/li>\n<li>BP Oil Marketing<\/li>\n<li>BPW \u2013 Bergische Achsen<\/li>\n<li>Brahms AG<\/li>\n<li>B. Braun Melsungen AG<\/li>\n<li>Associa\u00e7\u00e3o Federal de Int\u00e9rpretes e Tradutores (BD\u00dc)<\/li>\n<li>Tribunal Constitucional Federal<\/li>\n<li>Daimler AG<\/li>\n<li>Deichmann<\/li>\n<li>DFB \u2013 Associa\u00e7\u00e3o Alem\u00e3 de Futebol e.V.<\/li>\n<li>Funda\u00e7\u00e3o Dieter Schwarz organiza\u00e7\u00e3o sem fins lucrativos<\/li>\n<li>FIFA \u2013 F\u00e9d\u00e9ration Internationale de Football Association<\/li>\n<li>Funda\u00e7\u00e3o Fritz Thyssen<\/li>\n<li>Fujifilm<\/li>\n<li>DMG Mori Seiki AG<\/li>\n<li>Drees &amp; Sommer AG<\/li>\n<li>Ecolab Alemanha GmbH<\/li>\n<li>Ford Werke AG<\/li>\n<li>Universidade Livre de Berlim<\/li>\n<li>EASA \u2013 Ag\u00eancia Europeia para a Seguran\u00e7a da Avia\u00e7\u00e3o<\/li>\n<li>GETRAG International GmbH<\/li>\n<li>C\u00e2mara de Artesanato de D\u00fcsseldorf<\/li>\n<li>HeidelbergCement AG<\/li>\n<li>Henry Schein Dental Germany GmbH<\/li>\n<li>Universidade de Ci\u00eancias Aplicadas de Niederrhein<\/li>\n<li>Hochtief AG<\/li>\n<li>ICG \u2013 Congresso de Inova\u00e7\u00e3o GmbH<\/li>\n<li>IHK D\u00fcsseldorf<\/li>\n<li>Kl\u00f6ckner AG<\/li>\n<li>KPMG<\/li>\n<li>Parlamento do Estado NRW<\/li>\n<li>Lidl Dienstleistung GmbH &amp; Co. KG<\/li>\n<li>LKA D\u00fcsseldorf<\/li>\n<li>LR Health &amp; Beauty Systems GmbH<\/li>\n<li>Lufthansa Cargo AG<\/li>\n<li>Memorial de Ravensbr\u00fcck e Centro de Mem\u00f3ria<\/li>\n<li>Metro AG<\/li>\n<li>Nachi Europe GmbH<\/li>\n<li>REWE Zentral AG<\/li>\n<li>Rheinzink GmbH &amp; Co KG<\/li>\n<li>Sachtleben Chemie GmbH<\/li>\n<li>Banco Santander<\/li>\n<li>SCC EVENTS GmbH<\/li>\n<li>Sony Europa<\/li>\n<li>Fluido esterlino<\/li>\n<li>Targobank<\/li>\n<li>Telef\u00f3nica Deutschland Holding AG<\/li>\n<li>TEREX<\/li>\n<li>ThyssenKrupp AG<\/li>\n<li>Unilever Deutschland Holding GmbH<\/li>\n<li>Universidade de Heidelberg<\/li>\n<li>Vaillant GmbH<\/li>\n<li>Associa\u00e7\u00e3o Alem\u00e3 das F\u00e1bricas de Cimento<\/li>\n<li>VISTEON Alemanha GmbH<\/li>\n<li>WINGAS GmbH<\/li><li>e muito mais...<\/li>\n<\/ul>\t\t\t\t\t\t\t\t<\/div>\n\t\t\t\t<\/div>\n\t\t\t\t<\/div>\n\t\t\t\t\t<\/div>\n\t\t\t\t<\/div>\n\t\t\t\t\t<\/div>\n\t\t\t\t<\/div>\n\t\t\t\t\t<\/div>\n\t\t\t\t<\/div>\n\t\t<div data-particle_enable=\"false\" data-particle-mobile-disabled=\"false\" class=\"elementor-element elementor-element-90c64e1 e-flex e-con-boxed e-con e-parent\" data-id=\"90c64e1\" data-element_type=\"container\">\n\t\t\t\t\t<div class=\"e-con-inner\">\n\t\t\t\t<div class=\"elementor-element elementor-element-3d32499 elementor-widget elementor-widget-shortcode\" data-id=\"3d32499\" data-element_type=\"widget\" data-widget_type=\"shortcode.default\">\n\t\t\t\t<div class=\"elementor-widget-container\">\n\t\t\t\t\t\t\t<div class=\"elementor-shortcode\">\t\t<div data-elementor-type=\"container\" data-elementor-id=\"29227\" class=\"elementor elementor-29227\" data-elementor-post-type=\"elementor_library\">\n\t\t\t\t<div data-particle_enable=\"false\" data-particle-mobile-disabled=\"false\" class=\"elementor-element elementor-element-1149edd e-flex e-con-boxed e-con e-parent\" data-id=\"1149edd\" data-element_type=\"container\">\n\t\t\t\t\t<div class=\"e-con-inner\">\n\t\t\t\t<div class=\"elementor-element elementor-element-637047c7 elementor-icon-list--layout-traditional elementor-list-item-link-full_width elementor-widget elementor-widget-icon-list\" data-id=\"637047c7\" data-element_type=\"widget\" data-widget_type=\"icon-list.default\">\n\t\t\t\t<div class=\"elementor-widget-container\">\n\t\t\t\t\t\t\t<ul class=\"elementor-icon-list-items\">\n\t\t\t\t\t\t\t<li class=\"elementor-icon-list-item\">\n\t\t\t\t\t\t\t\t\t\t\t<a href=\"\/pt\/empregos\/\">\n\n\t\t\t\t\t\t\t\t\t\t\t\t<span class=\"elementor-icon-list-icon\">\n\t\t\t\t\t\t\t<svg aria-hidden=\"true\" class=\"e-font-icon-svg e-fas-chevron-right\" viewbox=\"0 0 320 512\" xmlns=\"http:\/\/www.w3.org\/2000\/svg\"><path d=\"M285.476 272.971L91.132 467.314c-9.373 9.373-24.569 9.373-33.941 0l-22.667-22.667c-9.357-9.357-9.375-24.522-.04-33.901L188.505 256 34.484 101.255c-9.335-9.379-9.317-24.544.04-33.901l22.667-22.667c9.373-9.373 24.569-9.373 33.941 0L285.475 239.03c9.373 9.372 9.373 24.568.001 33.941z\"><\/path><\/svg>\t\t\t\t\t\t<\/span>\n\t\t\t\t\t\t\t\t\t\t<span class=\"elementor-icon-list-text\">empregos<\/span>\n\t\t\t\t\t\t\t\t\t\t\t<\/a>\n\t\t\t\t\t\t\t\t\t<\/li>\n\t\t\t\t\t\t\t\t<li class=\"elementor-icon-list-item\">\n\t\t\t\t\t\t\t\t\t\t\t<a href=\"\/pt\/educacao\/\">\n\n\t\t\t\t\t\t\t\t\t\t\t\t<span class=\"elementor-icon-list-icon\">\n\t\t\t\t\t\t\t<svg aria-hidden=\"true\" class=\"e-font-icon-svg e-fas-chevron-right\" viewbox=\"0 0 320 512\" xmlns=\"http:\/\/www.w3.org\/2000\/svg\"><path d=\"M285.476 272.971L91.132 467.314c-9.373 9.373-24.569 9.373-33.941 0l-22.667-22.667c-9.357-9.357-9.375-24.522-.04-33.901L188.505 256 34.484 101.255c-9.335-9.379-9.317-24.544.04-33.901l22.667-22.667c9.373-9.373 24.569-9.373 33.941 0L285.475 239.03c9.373 9.372 9.373 24.568.001 33.941z\"><\/path><\/svg>\t\t\t\t\t\t<\/span>\n\t\t\t\t\t\t\t\t\t\t<span class=\"elementor-icon-list-text\">Educa\u00e7\u00e3o<\/span>\n\t\t\t\t\t\t\t\t\t\t\t<\/a>\n\t\t\t\t\t\t\t\t\t<\/li>\n\t\t\t\t\t\t\t\t<li class=\"elementor-icon-list-item\">\n\t\t\t\t\t\t\t\t\t\t\t<a href=\"\/pt\/que-somos\/\">\n\n\t\t\t\t\t\t\t\t\t\t\t\t<span class=\"elementor-icon-list-icon\">\n\t\t\t\t\t\t\t<svg aria-hidden=\"true\" class=\"e-font-icon-svg e-fas-chevron-right\" viewbox=\"0 0 320 512\" xmlns=\"http:\/\/www.w3.org\/2000\/svg\"><path d=\"M285.476 272.971L91.132 467.314c-9.373 9.373-24.569 9.373-33.941 0l-22.667-22.667c-9.357-9.357-9.375-24.522-.04-33.901L188.505 256 34.484 101.255c-9.335-9.379-9.317-24.544.04-33.901l22.667-22.667c9.373-9.373 24.569-9.373 33.941 0L285.475 239.03c9.373 9.372 9.373 24.568.001 33.941z\"><\/path><\/svg>\t\t\t\t\t\t<\/span>\n\t\t\t\t\t\t\t\t\t\t<span class=\"elementor-icon-list-text\">Isto somos n\u00f3s<\/span>\n\t\t\t\t\t\t\t\t\t\t\t<\/a>\n\t\t\t\t\t\t\t\t\t<\/li>\n\t\t\t\t\t\t\t\t<li class=\"elementor-icon-list-item\">\n\t\t\t\t\t\t\t\t\t\t\t<a href=\"\/pt\/perfil-da-empresa\/\">\n\n\t\t\t\t\t\t\t\t\t\t\t\t<span class=\"elementor-icon-list-icon\">\n\t\t\t\t\t\t\t<svg aria-hidden=\"true\" class=\"e-font-icon-svg e-fas-chevron-right\" viewbox=\"0 0 320 512\" xmlns=\"http:\/\/www.w3.org\/2000\/svg\"><path d=\"M285.476 272.971L91.132 467.314c-9.373 9.373-24.569 9.373-33.941 0l-22.667-22.667c-9.357-9.357-9.375-24.522-.04-33.901L188.505 256 34.484 101.255c-9.335-9.379-9.317-24.544.04-33.901l22.667-22.667c9.373-9.373 24.569-9.373 33.941 0L285.475 239.03c9.373 9.372 9.373 24.568.001 33.941z\"><\/path><\/svg>\t\t\t\t\t\t<\/span>\n\t\t\t\t\t\t\t\t\t\t<span class=\"elementor-icon-list-text\">Perfil da empresa<\/span>\n\t\t\t\t\t\t\t\t\t\t\t<\/a>\n\t\t\t\t\t\t\t\t\t<\/li>\n\t\t\t\t\t\t\t\t<li class=\"elementor-icon-list-item\">\n\t\t\t\t\t\t\t\t\t\t\t<a href=\"\/pt\/10-boas-razoes-para-os-pcs\/\">\n\n\t\t\t\t\t\t\t\t\t\t\t\t<span class=\"elementor-icon-list-icon\">\n\t\t\t\t\t\t\t<svg aria-hidden=\"true\" class=\"e-font-icon-svg e-fas-chevron-right\" viewbox=\"0 0 320 512\" xmlns=\"http:\/\/www.w3.org\/2000\/svg\"><path d=\"M285.476 272.971L91.132 467.314c-9.373 9.373-24.569 9.373-33.941 0l-22.667-22.667c-9.357-9.357-9.375-24.522-.04-33.901L188.505 256 34.484 101.255c-9.335-9.379-9.317-24.544.04-33.901l22.667-22.667c9.373-9.373 24.569-9.373 33.941 0L285.475 239.03c9.373 9.372 9.373 24.568.001 33.941z\"><\/path><\/svg>\t\t\t\t\t\t<\/span>\n\t\t\t\t\t\t\t\t\t\t<span class=\"elementor-icon-list-text\">10 boas raz\u00f5es para o PCS<\/span>\n\t\t\t\t\t\t\t\t\t\t\t<\/a>\n\t\t\t\t\t\t\t\t\t<\/li>\n\t\t\t\t\t\t\t\t<li class=\"elementor-icon-list-item\">\n\t\t\t\t\t\t\t\t\t\t\t<a href=\"\/pt\/visao-sustentabilidade\/\">\n\n\t\t\t\t\t\t\t\t\t\t\t\t<span class=\"elementor-icon-list-icon\">\n\t\t\t\t\t\t\t<svg aria-hidden=\"true\" class=\"e-font-icon-svg e-fas-chevron-right\" viewbox=\"0 0 320 512\" xmlns=\"http:\/\/www.w3.org\/2000\/svg\"><path d=\"M285.476 272.971L91.132 467.314c-9.373 9.373-24.569 9.373-33.941 0l-22.667-22.667c-9.357-9.357-9.375-24.522-.04-33.901L188.505 256 34.484 101.255c-9.335-9.379-9.317-24.544.04-33.901l22.667-22.667c9.373-9.373 24.569-9.373 33.941 0L285.475 239.03c9.373 9.372 9.373 24.568.001 33.941z\"><\/path><\/svg>\t\t\t\t\t\t<\/span>\n\t\t\t\t\t\t\t\t\t\t<span class=\"elementor-icon-list-text\">Vis\u00e3o, sustentabilidade<\/span>\n\t\t\t\t\t\t\t\t\t\t\t<\/a>\n\t\t\t\t\t\t\t\t\t<\/li>\n\t\t\t\t\t\t\t\t<li class=\"elementor-icon-list-item\">\n\t\t\t\t\t\t\t\t\t\t\t<a href=\"\/pt\/diversidade\/\">\n\n\t\t\t\t\t\t\t\t\t\t\t\t<span class=\"elementor-icon-list-icon\">\n\t\t\t\t\t\t\t<svg aria-hidden=\"true\" class=\"e-font-icon-svg e-fas-chevron-right\" viewbox=\"0 0 320 512\" xmlns=\"http:\/\/www.w3.org\/2000\/svg\"><path d=\"M285.476 272.971L91.132 467.314c-9.373 9.373-24.569 9.373-33.941 0l-22.667-22.667c-9.357-9.357-9.375-24.522-.04-33.901L188.505 256 34.484 101.255c-9.335-9.379-9.317-24.544.04-33.901l22.667-22.667c9.373-9.373 24.569-9.373 33.941 0L285.475 239.03c9.373 9.372 9.373 24.568.001 33.941z\"><\/path><\/svg>\t\t\t\t\t\t<\/span>\n\t\t\t\t\t\t\t\t\t\t<span class=\"elementor-icon-list-text\">Variedade e diversidade<\/span>\n\t\t\t\t\t\t\t\t\t\t\t<\/a>\n\t\t\t\t\t\t\t\t\t<\/li>\n\t\t\t\t\t\t\t\t<li class=\"elementor-icon-list-item\">\n\t\t\t\t\t\t\t\t\t\t\t<a href=\"\/pt\/referencias\/\">\n\n\t\t\t\t\t\t\t\t\t\t\t\t<span class=\"elementor-icon-list-icon\">\n\t\t\t\t\t\t\t<svg aria-hidden=\"true\" class=\"e-font-icon-svg e-fas-chevron-right\" viewbox=\"0 0 320 512\" xmlns=\"http:\/\/www.w3.org\/2000\/svg\"><path d=\"M285.476 272.971L91.132 467.314c-9.373 9.373-24.569 9.373-33.941 0l-22.667-22.667c-9.357-9.357-9.375-24.522-.04-33.901L188.505 256 34.484 101.255c-9.335-9.379-9.317-24.544.04-33.901l22.667-22.667c9.373-9.373 24.569-9.373 33.941 0L285.475 239.03c9.373 9.372 9.373 24.568.001 33.941z\"><\/path><\/svg>\t\t\t\t\t\t<\/span>\n\t\t\t\t\t\t\t\t\t\t<span class=\"elementor-icon-list-text\">Projectos, Refer\u00eancias<\/span>\n\t\t\t\t\t\t\t\t\t\t\t<\/a>\n\t\t\t\t\t\t\t\t\t<\/li>\n\t\t\t\t\t\t\t\t<li class=\"elementor-icon-list-item\">\n\t\t\t\t\t\t\t\t\t\t\t<a href=\"\/pt\/testemunhos-de-clientes\/\">\n\n\t\t\t\t\t\t\t\t\t\t\t\t<span class=\"elementor-icon-list-icon\">\n\t\t\t\t\t\t\t<svg aria-hidden=\"true\" class=\"e-font-icon-svg e-fas-chevron-right\" viewbox=\"0 0 320 512\" xmlns=\"http:\/\/www.w3.org\/2000\/svg\"><path d=\"M285.476 272.971L91.132 467.314c-9.373 9.373-24.569 9.373-33.941 0l-22.667-22.667c-9.357-9.357-9.375-24.522-.04-33.901L188.505 256 34.484 101.255c-9.335-9.379-9.317-24.544.04-33.901l22.667-22.667c9.373-9.373 24.569-9.373 33.941 0L285.475 239.03c9.373 9.372 9.373 24.568.001 33.941z\"><\/path><\/svg>\t\t\t\t\t\t<\/span>\n\t\t\t\t\t\t\t\t\t\t<span class=\"elementor-icon-list-text\">Testemunhos de clientes<\/span>\n\t\t\t\t\t\t\t\t\t\t\t<\/a>\n\t\t\t\t\t\t\t\t\t<\/li>\n\t\t\t\t\t\t\t\t<li class=\"elementor-icon-list-item\">\n\t\t\t\t\t\t\t\t\t\t\t<a href=\"\/pt\/noticias\/\">\n\n\t\t\t\t\t\t\t\t\t\t\t\t<span class=\"elementor-icon-list-icon\">\n\t\t\t\t\t\t\t<svg aria-hidden=\"true\" class=\"e-font-icon-svg e-fas-chevron-right\" viewbox=\"0 0 320 512\" xmlns=\"http:\/\/www.w3.org\/2000\/svg\"><path d=\"M285.476 272.971L91.132 467.314c-9.373 9.373-24.569 9.373-33.941 0l-22.667-22.667c-9.357-9.357-9.375-24.522-.04-33.901L188.505 256 34.484 101.255c-9.335-9.379-9.317-24.544.04-33.901l22.667-22.667c9.373-9.373 24.569-9.373 33.941 0L285.475 239.03c9.373 9.372 9.373 24.568.001 33.941z\"><\/path><\/svg>\t\t\t\t\t\t<\/span>\n\t\t\t\t\t\t\t\t\t\t<span class=\"elementor-icon-list-text\">Not\u00edcias<\/span>\n\t\t\t\t\t\t\t\t\t\t\t<\/a>\n\t\t\t\t\t\t\t\t\t<\/li>\n\t\t\t\t\t\t<\/ul>\n\t\t\t\t\t\t<\/div>\n\t\t\t\t<\/div>\n\t\t\t\t\t<\/div>\n\t\t\t\t<\/div>\n\t\t\t\t<\/div>\n\t\t<\/div>\n\t\t\t\t\t\t<\/div>\n\t\t\t\t<\/div>\n\t\t\t\t\t<\/div>\n\t\t\t\t<\/div>\n\t\t\t\t<\/div>","protected":false},"excerpt":{"rendered":"<p>Refer\u00eancias Instala\u00e7\u00e3o e venda 1. FC Union Berlin e.V. Adolf W\u00fcrth GmbH &amp; Co. KG Sede social K\u00fcnzelsau Answers GmbH \u2013 Berlim August Storck KG Berlim A\u00dcW Allg\u00e4uer \u00dcberlandwerk GmbH Kempten Ardex GmbH \u2013 Witten Berliner Dom Berlim Beuth Hochschule f\u00fcr Technik Berlim Embaixada dos Estados Unidos da Am\u00e9rica Berlim Minist\u00e9rio Federal do Trabalho e dos Assuntos Sociais Berlim Bundesrat Berlim [...]<\/p>","protected":false},"author":1,"featured_media":45482,"parent":0,"menu_order":0,"comment_status":"closed","ping_status":"closed","template":"","meta":{"_acf_changed":false,"footnotes":""},"class_list":["post-12864","page","type-page","status-publish","has-post-thumbnail","hentry"],"acf":[],"_links":{"self":[{"href":"https:\/\/konferenztechnik.de\/pt\/wp-json\/wp\/v2\/pages\/12864","targetHints":{"allow":["GET"]}}],"collection":[{"href":"https:\/\/konferenztechnik.de\/pt\/wp-json\/wp\/v2\/pages"}],"about":[{"href":"https:\/\/konferenztechnik.de\/pt\/wp-json\/wp\/v2\/types\/page"}],"author":[{"embeddable":true,"href":"https:\/\/konferenztechnik.de\/pt\/wp-json\/wp\/v2\/users\/1"}],"replies":[{"embeddable":true,"href":"https:\/\/konferenztechnik.de\/pt\/wp-json\/wp\/v2\/comments?post=12864"}],"version-history":[{"count":0,"href":"https:\/\/konferenztechnik.de\/pt\/wp-json\/wp\/v2\/pages\/12864\/revisions"}],"wp:featuredmedia":[{"embeddable":true,"href":"https:\/\/konferenztechnik.de\/pt\/wp-json\/wp\/v2\/media\/45482"}],"wp:attachment":[{"href":"https:\/\/konferenztechnik.de\/pt\/wp-json\/wp\/v2\/media?parent=12864"}],"curies":[{"name":"wp","href":"https:\/\/api.w.org\/{rel}","templated":true}]}}