{"id":13888,"date":"2018-10-03T10:38:49","date_gmt":"2018-10-03T09:38:49","guid":{"rendered":"https:\/\/www.konferenztechnik.de\/?page_id=13888"},"modified":"2023-08-29T14:29:09","modified_gmt":"2023-08-29T12:29:09","slug":"aluguer-de-sistemas-de-guia-turistico-na-alemanha","status":"publish","type":"page","link":"https:\/\/konferenztechnik.de\/pt\/aluguer-de-sistemas-de-guia-turistico-na-alemanha\/","title":{"rendered":"Aluguer de sistemas de guia tur\u00edstico Alemanha"},"content":{"rendered":"<h1>Aluguer de Sistemas para Guias Tur\u00edsticos Alemanha \u2013 aluguer de sistema FM bodypack port\u00e1til sem fios para passeios no interior ou exterior<\/h1>\n<p><img decoding=\"async\" src=\"https:\/\/konferenztechnik.de\/wp-content\/uploads\/2017\/05\/fuehrungsanlagen-mieten-pcs-konferenztechnik.jpg\" alt=\"Aluguer de equipamento de guia tur\u00edstico na Alemanha\" class=\"alignleft size-full wp-image-9278\" title=\"\"><\/p>\n<p>Os sistemas FM bodypack port\u00e1teis sem fios, tamb\u00e9m conhecidos como sistemas de guia tur\u00edstico, s\u00e3o utilizados em exposi\u00e7\u00f5es, museus, espa\u00e7os p\u00fablicos ou edif\u00edcios fabris para assegurar uma liga\u00e7\u00e3o perfeita entre um orador e o grupo de visitantes. Tamb\u00e9m s\u00e3o \u00fateis para chuchotage ou interpreta\u00e7\u00e3o por sussurro.<\/p>\n<p>V\u00e1rios grupos podem participar nas visitas ao mesmo tempo gra\u00e7as a uma sele\u00e7\u00e3o flex\u00edvel de canais. Os colares de indu\u00e7\u00e3o transmitem o \u00e1udio diretamente para os aparelhos auditivos dos participantes que os usam. Os sistemas de visitas guiadas s\u00e3o compactos e facilmente armazenados em malas f\u00e1ceis de transportar.<\/p>\n<p>[spacer size=\"15\u2033]<\/p>\n<div class=\"sidebar-line\"><\/div>\n<p>[spacer size=\"10\u2033]<br \/>\nNa PCS disponibilizamos os seguintes sistemas de guia tur\u00edstico:<\/p>\n<h2>Alugue o sistema de guia tur\u00edstico Sennheiser Tourguide 2020<\/h2>\n<p><img decoding=\"async\" src=\"https:\/\/konferenztechnik.de\/wp-content\/uploads\/2018\/01\/sennheiser-tourguide-kaufen-set.jpg\" alt=\"\" title=\"\"><br \/>\nA vantagem deste sistema \u00e9 que o recetor est\u00e1 integrado no auricular, tornando-o menos volumoso em compara\u00e7\u00e3o com os auscultadores mais convencionais e facilitando a distribui\u00e7\u00e3o e a recolha dos dispositivos. Isto tamb\u00e9m contribui para o conforto do utilizador quando usado por per\u00edodos de v\u00e1rias horas.<\/p>\n<p>O sistema oferece at\u00e9 seis canais para grupos diferentes ou tamb\u00e9m transmiss\u00e3o simult\u00e2nea em bandas de frequ\u00eancia abertas 863-865 MHz.<\/p>\n<p>Este sistema permite orientar v\u00e1rios grupos ao mesmo tempo.<\/p>\n<p>[spacer size=\"15\u2033]<\/p>\n<div class=\"sidebar-line\"><\/div>\n<p>[spacer size=\"10\u2033]<\/p>\n<h2>Alugue o sistema de guia tur\u00edstico Beyerdynamic Synexis<\/h2>\n<p><img decoding=\"async\" src=\"https:\/\/konferenztechnik.de\/wp-content\/uploads\/2018\/01\/beyerdynamic-synexis-kaufen-set.jpg\" alt=\"\" title=\"\"><br \/>\nO sistema Synexis de interpreta\u00e7\u00e3o e guia tur\u00edstico sem fios da Beyerdynamic oferece solu\u00e7\u00f5es abrangentes e econ\u00f3micas ao mais alto n\u00edvel.<\/p>\n<p>Podem ser transmitidos at\u00e9 16 sinais de \u00e1udio em simult\u00e2neo e de forma clara para que todos os ouvintes possam compreender.<\/p>\n<p>Com este sistema, \u00e9 poss\u00edvel orientar v\u00e1rios grupos de cada vez, bem como apresentar interpreta\u00e7\u00f5es.<\/p>\n<p>[spacer size=\"15\u2033]<\/p>\n<div class=\"sidebar-line\"><\/div>\n<p>[spacer size=\"10\u2033]<\/p>\n<h2>Alugue o sistema de guia tur\u00edstico Beyerdynamic TTS 300<\/h2>\n<p><img decoding=\"async\" src=\"https:\/\/konferenztechnik.de\/wp-content\/uploads\/2018\/10\/tourguide-beyerdynamic-tts300.jpg\" alt=\"\" title=\"\"><\/p>\n<p>O sistema Beyerdynamic TTS 300 funciona com tecnologia de alta frequ\u00eancia. A transmiss\u00e3o dos microfones de altifalante sem fios para os receptores \u00e9 efectuada utilizando UHF moderno (gama de frequ\u00eancias de 863-865 MHz).<\/p>\n<p>Os participantes recebem um recetor e auscultadores para poderem ouvir os canais de transmiss\u00e3o do orador ou dos int\u00e9rpretes.<\/p>\n<p>A opera\u00e7\u00e3o paralela de at\u00e9 10 canais \u00e9 garantida com a utiliza\u00e7\u00e3o deste sistema, permitindo a utiliza\u00e7\u00e3o em aplica\u00e7\u00f5es multilingues, bem como a divis\u00e3o dos participantes em grupos para uma visita guiada. Um tempo de recarga de apenas 30 minutos, atrav\u00e9s das caixas de carregamento que acompanham o sistema, permite que os receptores sejam rapidamente colocados em a\u00e7\u00e3o.<\/p>\n<p>[spacer size=\"15\u2033]<\/p>\n<div class=\"sidebar-line\"><\/div>\n<p>[spacer size=\"10\u2033]<\/p>\n<h2>Acess\u00f3rios do sistema de guia tur\u00edstico<\/h2>\n<p>Oferecemos uma vasta sele\u00e7\u00e3o de acess\u00f3rios para os sistemas aqui apresentados, que incluem<\/p>\n<p>[list icon=\"moon-checkmark\" colour=\"#a62055\u2033]Estojos de carregamento e estojos de transporte[\/list]<br \/>\n[list icon=\"moon-checkmark\" colour=\"#a62055\u2033]Pingentes de microfone[\/list]<br \/>\n[list icon=\"moon-checkmark\" colour=\"#a62055\u2033]Colares de indu\u00e7\u00e3o[\/list]<br \/>\n[list icon=\"moon-checkmark\" colour=\"#a62055\u2033]Pe\u00e7as sobresselentes e pilhas recarreg\u00e1veis[\/list]<br \/>\n[list icon=\"moon-checkmark\" colour=\"#a62055\u2033]Desenhos e modelos personalizados[\/list]<br \/>\n[spacer size=\"20\u2033]<br \/>\n<img decoding=\"async\" src=\"https:\/\/konferenztechnik.de\/wp-content\/uploads\/2018\/03\/fuehrungsanlagen-zubehoer.jpg\" alt=\"Comprar acess\u00f3rios para o sistema de orienta\u00e7\u00e3o dos passageiros\" width=\"850\" class=\"alignnone size-full wp-image-12220\" title=\"\"><\/p>\n<div class=\"call-action-slider-img\">\n<img decoding=\"async\" src=\"https:\/\/konferenztechnik.de\/wp-content\/uploads\/2018\/01\/fuehrungsanlagen-kaufen-bei-pcs.jpg\" alt=\"Aluguer de equipamento de interpreta\u00e7\u00e3o na Alemanha\" class=\"alignleft size-full wp-image-9278\" title=\"\"><br \/>\n<button class=\"btn popmake-13980\">Resposta r\u00e1pida!<br \/>\nPedir um or\u00e7amento &#x9B;<\/button><\/div>\n<h2>PCS Conference Service: quatro sucursais na Alemanha<\/h2>\n<p><img decoding=\"async\" src=\"https:\/\/konferenztechnik.de\/wp-content\/uploads\/2018\/09\/conference-service-germany-1.gif\" alt=\"\" title=\"\"><\/p>\n<p>Com quatro instala\u00e7\u00f5es em toda a Alemanha, oferecemos-lhe uma log\u00edstica perfeita e tecnologia de confer\u00eancia de alta qualidade, adapt\u00e1vel e fi\u00e1vel para utiliza\u00e7\u00e3o \u2013, desde um \u00fanico microfone a equipamento de interpreta\u00e7\u00e3o simult\u00e2nea at\u00e9 32 l\u00ednguas.<\/p>\n<p>[spacer size=\"20\u2033]<\/p>\n<h2>Contacto<\/h2>\n<p>[column size=\"1-2\u2033 last=\"0\u2033]<\/p>\n<div class=\"box1-4\">\n<div class=\"box-head\">Norte e Oeste<\/div>\n<p><img fetchpriority=\"high\" decoding=\"async\" width=\"800\" height=\"533\" src=\"https:\/\/konferenztechnik.de\/wp-content\/uploads\/2013\/09\/monika_van_den_boogaard_pcs-gmbh.jpg\" alt=\"Monika van den Boogaard PCS GmbH Alemanha\" class=\"alignleft size-full wp-image-2312\" title=\"\" srcset=\"https:\/\/konferenztechnik.de\/wp-content\/uploads\/2013\/09\/monika_van_den_boogaard_pcs-gmbh.jpg 800w, https:\/\/konferenztechnik.de\/wp-content\/uploads\/2013\/09\/monika_van_den_boogaard_pcs-gmbh-300x200.jpg 300w, https:\/\/konferenztechnik.de\/wp-content\/uploads\/2013\/09\/monika_van_den_boogaard_pcs-gmbh-768x512.jpg 768w\" sizes=\"(max-width: 800px) 100vw, 800px\" \/><br \/>\nMonika van den Boogaard<br \/>\nAluguer de apoio ao projeto<br \/>\nTelefone +49 211 737798 10<br \/>\n<span class=\"volleansicht\"><a href=\"mailto:vandenboogaard@konferenztechnik.de\" onclick=\"ga('send', 'event', 'Email-Klick', 'Kontakt Boogaard');\">correio eletr\u00f3nico <\/a><br \/>\n<\/span><br \/>\n<span class=\"mobileansicht\"><a href=\"mailto:vandenboogaard@konferenztechnik.de\" onclick=\"ga('send', 'event', 'Email-Klick', 'Kontakt Boogaard');\">correio eletr\u00f3nico <\/a><br \/>\n<\/span><\/div>\n<p>[\/coluna]<br \/>\n[column size=\"1-2\u2033 last=\"1\u2033]<\/p>\n<div class=\"box1-4\">\n<div class=\"box-head\">Leste<\/div>\n<p><img decoding=\"async\" width=\"2316\" height=\"1543\" src=\"https:\/\/konferenztechnik.de\/wp-content\/uploads\/2017\/05\/sebastian-meyer-pcs-gmbh.jpg\" alt=\"Sebastian Meyer PCS GmbH Alemanha - Disposi\u00e7\u00e3o\" class=\"alignleft size-full wp-image-10048\" title=\"\" srcset=\"https:\/\/konferenztechnik.de\/wp-content\/uploads\/2017\/05\/sebastian-meyer-pcs-gmbh.jpg 2316w, https:\/\/konferenztechnik.de\/wp-content\/uploads\/2017\/05\/sebastian-meyer-pcs-gmbh-300x200.jpg 300w, https:\/\/konferenztechnik.de\/wp-content\/uploads\/2017\/05\/sebastian-meyer-pcs-gmbh-1024x682.jpg 1024w, https:\/\/konferenztechnik.de\/wp-content\/uploads\/2017\/05\/sebastian-meyer-pcs-gmbh-768x512.jpg 768w, https:\/\/konferenztechnik.de\/wp-content\/uploads\/2017\/05\/sebastian-meyer-pcs-gmbh-1536x1023.jpg 1536w, https:\/\/konferenztechnik.de\/wp-content\/uploads\/2017\/05\/sebastian-meyer-pcs-gmbh-2048x1364.jpg 2048w\" sizes=\"(max-width: 2316px) 100vw, 2316px\" \/><br \/>\nSebasti\u00e3o Meyer<br \/>\nAluguer de apoio ao projeto<br \/>\nTelefone +49 30 6959690 15<br \/>\n<span class=\"volleansicht\"><a href=\"mailto:meyer@konferenztechnik.de\" onclick=\"ga('send', 'event', 'Email-Klick', 'Kontakt Meyer');\">correio eletr\u00f3nico <\/a><br \/>\n<\/span><br \/>\n<span class=\"mobileansicht\"><a href=\"mailto:meyer@konferenztechnik.de\" onclick=\"ga('send', 'event', 'Email-Klick', 'Kontakt Meyer');\">correio eletr\u00f3nico <\/a><br \/>\n<\/span><\/div>\n<p>[\/coluna]<\/p>\n<p>[column size=\"1-2\u2033 last=\"1\u2033]<br \/>\n[\/coluna]<\/p>\n<p>[column size=\"1-2\u2033 last=\"0\u2033]<\/p>\n<div class=\"box1-4\">\n<div class=\"box-head\">Sul<\/div>\n<p><img decoding=\"async\" width=\"800\" height=\"533\" src=\"https:\/\/konferenztechnik.de\/wp-content\/uploads\/2013\/09\/sebastian_gegusch_pcs-gmbh.jpg\" alt=\"Sebastian Gegusch - PCS GmbH Alemanha - Planeamento de projectos\" class=\"alignleft size-full wp-image-3153\" title=\"\" srcset=\"https:\/\/konferenztechnik.de\/wp-content\/uploads\/2013\/09\/sebastian_gegusch_pcs-gmbh.jpg 800w, https:\/\/konferenztechnik.de\/wp-content\/uploads\/2013\/09\/sebastian_gegusch_pcs-gmbh-300x200.jpg 300w, https:\/\/konferenztechnik.de\/wp-content\/uploads\/2013\/09\/sebastian_gegusch_pcs-gmbh-768x512.jpg 768w\" sizes=\"(max-width: 800px) 100vw, 800px\" \/>Sebastian Gegusch<br \/>\nGest\u00e3o de projectos<br \/>\nTelefone +49 89 21553290<br \/>\n<span class=\"volleansicht\"><a href=\"mailto:gegusch@konferenztechnik.de\" onclick=\"ga('send', 'event', 'Email-Klick', 'Kontakt Gegusch');\">correio eletr\u00f3nico <\/a><br \/>\n<\/span> <span class=\"mobileansicht\"><a href=\"mailto:gegusch@konferenztechnik.de\" onclick=\"ga('send', 'event', 'Email-Klick', 'Kontakt Gegusch');\">correio eletr\u00f3nico <\/a><br \/>\n<\/span><\/div>\n<p>[\/coluna]<\/p>\n<p>[column size=\"1-2\u2033 last=\"1\u2033]<\/p>\n<p>[\/coluna]<\/p>","protected":false},"excerpt":{"rendered":"<p>Tour Guide Systems Rental Germany \u2013 hire wireless portable bodypack FM system for indoor or outdoor tours Wireless portable bodypack FM systems, known also as tour guide systems, are made use of in exhibitions, museums, public spaces or factory buildings in order to ensure a flawless connection between a speaker and the tour group. They [&hellip;]<\/p>","protected":false},"author":1,"featured_media":45482,"parent":0,"menu_order":0,"comment_status":"closed","ping_status":"closed","template":"","meta":{"_acf_changed":false,"footnotes":""},"class_list":["post-13888","page","type-page","status-publish","has-post-thumbnail","hentry"],"acf":[],"_links":{"self":[{"href":"https:\/\/konferenztechnik.de\/pt\/wp-json\/wp\/v2\/pages\/13888","targetHints":{"allow":["GET"]}}],"collection":[{"href":"https:\/\/konferenztechnik.de\/pt\/wp-json\/wp\/v2\/pages"}],"about":[{"href":"https:\/\/konferenztechnik.de\/pt\/wp-json\/wp\/v2\/types\/page"}],"author":[{"embeddable":true,"href":"https:\/\/konferenztechnik.de\/pt\/wp-json\/wp\/v2\/users\/1"}],"replies":[{"embeddable":true,"href":"https:\/\/konferenztechnik.de\/pt\/wp-json\/wp\/v2\/comments?post=13888"}],"version-history":[{"count":0,"href":"https:\/\/konferenztechnik.de\/pt\/wp-json\/wp\/v2\/pages\/13888\/revisions"}],"wp:featuredmedia":[{"embeddable":true,"href":"https:\/\/konferenztechnik.de\/pt\/wp-json\/wp\/v2\/media\/45482"}],"wp:attachment":[{"href":"https:\/\/konferenztechnik.de\/pt\/wp-json\/wp\/v2\/media?parent=13888"}],"curies":[{"name":"wp","href":"https:\/\/api.w.org\/{rel}","templated":true}]}}