{"id":15542,"date":"2020-01-13T11:20:39","date_gmt":"2020-01-13T10:20:39","guid":{"rendered":"https:\/\/www.konferenztechnik.de\/?page_id=15542"},"modified":"2023-08-29T14:45:39","modified_gmt":"2023-08-29T12:45:39","slug":"service-des-ventes","status":"publish","type":"page","link":"https:\/\/konferenztechnik.de\/pt\/service-des-ventes\/","title":{"rendered":"Servi\u00e7o de vendas"},"content":{"rendered":"<div data-elementor-type=\"wp-page\" data-elementor-id=\"15542\" class=\"elementor elementor-15542\" data-elementor-post-type=\"page\">\n\t\t\t\t\t\t<section data-particle_enable=\"false\" data-particle-mobile-disabled=\"false\" class=\"elementor-section elementor-top-section elementor-element elementor-element-1642ea5a elementor-section-boxed elementor-section-height-default elementor-section-height-default\" data-id=\"1642ea5a\" data-element_type=\"section\">\n\t\t\t\t\t\t<div class=\"elementor-container elementor-column-gap-default\">\n\t\t\t\t\t<div class=\"elementor-column elementor-col-100 elementor-top-column elementor-element elementor-element-5d2018ab\" data-id=\"5d2018ab\" data-element_type=\"column\">\n\t\t\t<div class=\"elementor-widget-wrap elementor-element-populated\">\n\t\t\t\t\t\t<div class=\"elementor-element elementor-element-5096329c elementor-widget elementor-widget-text-editor\" data-id=\"5096329c\" data-element_type=\"widget\" data-widget_type=\"text-editor.default\">\n\t\t\t\t<div class=\"elementor-widget-container\">\n\t\t\t\t\t\t\t\t\t<h1>Ventes -Tecnologia de confer\u00eancia e multim\u00e9dia<\/h1>\n<p><br><\/p>\n<p>A PCS distribui tecnologias profissionais para utiliza\u00e7\u00e3o comercial em condi\u00e7\u00f5es regularmente actualizadas e oferece servi\u00e7os de consultoria e p\u00f3s-venda.<\/p>\n<p>Aconselhamos independentemente dos fabricantes e temos o prazer de colocar em pr\u00e1tica um sistema adaptado \u00e0s vossas necessidades.<\/p>\n<p>Procura sistemas de confer\u00eancia e multim\u00e9dia ou necessita de tecnologia \u00e1udio ou v\u00eddeo?<br>Somos os parceiros de distribui\u00e7\u00e3o dos maiores fabricantes profissionais de renome nestes dom\u00ednios.<br>Pode adquirir connosco sistemas audiovisuais de pequeno e grande porte, bem como componentes individuais, pe\u00e7as de substitui\u00e7\u00e3o e acess\u00f3rios.<\/p>\n<h2>Sele\u00e7\u00e3o por grupos de produtos<\/h2>\n<p><br><\/p>\n<p><img decoding=\"async\" src=\"https:\/\/konferenztechnik.de\/wp-content\/uploads\/2018\/07\/fuehrungsanlagen-kaufen-1.jpg\" alt=\"Comprar sistemas de guia\" class=\"alignleft size-full wp-image-13481\" title=\"\"><\/p>\n<h3><b><br><\/b><\/h3><h3><b><br><\/b><\/h3><h3><b><br><\/b><\/h3><h3><b><br><\/b><\/h3><h3><b>Comprar um sistema \/ caixa de \u00e1udio-guia (Tourguide Systems)<\/b><\/h3>\n<p>Robusto, excelente qualidade s\u00f3nica, novas baterias de i\u00f5es de l\u00edtio com uma longa vida \u00fatil<\/p>\n<p><br><\/p>\n<p><img decoding=\"async\" class=\"alignnone size-full wp-image-1287\" src=\"https:\/\/konferenztechnik.de\/wp-content\/uploads\/2013\/06\/quinta.jpg\" alt=\"quinta\" title=\"\"><\/p>\n<h3><b>Comprar microfones de mesa<\/b><\/h3>\n<p>Compre o seu material profissional connosco: com ou sem filtro \u2013 com uma excelente qualidade de \u00e1udio<\/p>\n<p><br><\/p>\n<p><img decoding=\"async\" src=\"https:\/\/konferenztechnik.de\/wp-content\/uploads\/2018\/07\/dolmetscherkabinen-kaufen-1.jpg\" alt=\"Comprar cabinas de interpreta\u00e7\u00e3o\" class=\"alignleft size-full wp-image-13486\" title=\"\"><\/p>\n<h3><b><br><\/b><\/h3><h3><b><br><\/b><\/h3><h3><b><br><\/b><\/h3><h3><b><br><\/b><\/h3><h3><b>Comprar cabinas de interpreta\u00e7\u00e3o<\/b><\/h3>\n<p>Cabines de interpreta\u00e7\u00e3o,<br>certificadas ISO,<br>m\u00f3veis e flex\u00edveis<br>dispon\u00edvel imediatamente a partir do entreposto PCS<\/p>\n<p><br><\/p>\n<p><img fetchpriority=\"high\" decoding=\"async\" width=\"288\" height=\"198\" class=\"alignleft size-full wp-image-3750\" src=\"https:\/\/konferenztechnik.de\/wp-content\/uploads\/2013\/11\/03-mediensteuerungen.jpg\" alt=\"Controlos de multim\u00e9dia na PCS - Crestron, AMX, RTI\" title=\"\"><\/p>\n<h3><b><br><\/b><\/h3><h3><b><br><\/b><\/h3><h3><b><br><\/b><\/h3><h3><b><br><\/b><\/h3><h3><b><br><\/b><\/h3><h3><b>Comando multim\u00e9dia<\/b><\/h3>\n<p>Sistema de controlo dom\u00e9stico: Gere de forma centralizada as instala\u00e7\u00f5es t\u00e9cnicas multim\u00e9dia (v\u00eddeo, \u00e1udio e ilumina\u00e7\u00e3o) das vossas salas e edif\u00edcios.<\/p>\n<p><br><\/p>\n<p><img decoding=\"async\" width=\"288\" height=\"198\" class=\"alignleft size-full wp-image-3748\" src=\"https:\/\/konferenztechnik.de\/wp-content\/uploads\/2013\/11\/01-i3.jpg\" alt=\"Quadro interativo Vanerum i3\" title=\"\"><\/p>\n<h3><b><br><\/b><\/h3><h3><b><br><\/b><\/h3><h3><b><br><\/b><\/h3><h3><b><br><\/b><\/h3><h3><b><br><\/b><\/h3><h3><b>Ferramentas de aprendizagem, de apresenta\u00e7\u00e3o e de trabalho colaborativo.<\/b><\/h3>\n<p>Mesa virtual em branco, ecr\u00e3s e projectores de v\u00eddeo interactivos<\/p>\n<p><br><\/p>\n<p><img decoding=\"async\" src=\"https:\/\/konferenztechnik.de\/wp-content\/uploads\/2018\/07\/dolmetschertechnik-kaufen-1.jpg\" alt=\"Comprar equipamento de interpreta\u00e7\u00e3o\" class=\"alignleft size-full wp-image-13484\" title=\"\"><\/p>\n<h3><b><br><\/b><\/h3><h3><b><br><\/b><\/h3><h3><b><br><\/b><\/h3><h3><b><br><\/b><\/h3><h3><b><br><\/b><\/h3><h3><b>Equipamento de interpreta\u00e7\u00e3o<\/b><\/h3>\n<p>Cabines de interpreta\u00e7\u00e3o, pupitres de interpreta\u00e7\u00e3o, t\u00e9cnica de interpreta\u00e7\u00e3o por infravermelhos, t\u00e9cnica de interpreta\u00e7\u00e3o por liga\u00e7\u00e3o r\u00e1dio \/ hertziana<\/p>\n<p><br><\/p>\n<p><img decoding=\"async\" width=\"288\" height=\"198\" class=\"alignleft size-full wp-image-3751\" src=\"https:\/\/konferenztechnik.de\/wp-content\/uploads\/2013\/11\/07-projektorenhalterungen.jpg\" alt=\"Suportes para projectores e projectores de luz\" title=\"\"><\/p>\n<h3><b><br><\/b><\/h3><h3><b><br><\/b><\/h3><h3><b><br><\/b><\/h3><h3><b><br><\/b><\/h3><h3><b><br><\/b><\/h3><h3><b>Suportes \/ fixa\u00e7\u00e3o do ecr\u00e3 e do projetor<\/b><\/h3>\n<p>Fixa\u00e7\u00e3o de plafond, tr\u00edpedes de ecr\u00e3, sistemas de instala\u00e7\u00e3o de projectores e de ecr\u00e3s, sistema de instala\u00e7\u00e3o de projectores, aparelhos de insonoriza\u00e7\u00e3o e de isolamento ac\u00fastico<\/p>\n<p><br><\/p>\n<p><img loading=\"lazy\" decoding=\"async\" width=\"288\" height=\"198\" class=\"alignleft size-full wp-image-3752\" src=\"https:\/\/konferenztechnik.de\/wp-content\/uploads\/2013\/11\/08-funklautsprecher.jpg\" alt=\"Altifalante sem fios Sennheiser LSP 500 PRO\" title=\"\"><\/p>\n<h3><b><br><\/b><\/h3><h3><b><br><\/b><\/h3><h3><b><br><\/b><\/h3><h3><b><br><\/b><\/h3><h3><b><br><\/b><\/h3><h3><b>Tecnologia de \u00e1udio, tecnologia de v\u00eddeo<\/b><\/h3>\n<p>Sistemas de sonoriza\u00e7\u00e3o, microfones, mesas de mistura, projectores de v\u00eddeo, afixadores, ecr\u00e3s, visualizadores, ecr\u00e3s de proje\u00e7\u00e3o, sinaliza\u00e7\u00e3o num\u00e9rica<\/p>\n<p><br><\/p>\n<p>\n<img loading=\"lazy\" decoding=\"async\" width=\"288\" height=\"198\" class=\"alignnone size-full wp-image-3851\" src=\"https:\/\/konferenztechnik.de\/wp-content\/uploads\/2013\/11\/barco_clickshare_bei-pcs.jpg\" alt=\"barco_clickshare_por-pcs\" title=\"\"><\/p>\n<h3><br><\/h3><div class=\"rahmen\">\n<p><br><\/p><\/div>\t\t\t\t\t\t\t\t<\/div>\n\t\t\t\t<\/div>\n\t\t\t\t\t<\/div>\n\t\t<\/div>\n\t\t\t\t\t<\/div>\n\t\t<\/section>\n\t\t\t\t<\/div>","protected":false},"excerpt":{"rendered":"<p>Ventes -Technologie de conf\u00e9rence et multimedias PCS distribue des technologies professionnelles \u00e0 usage commercial \u00e0 des conditions r\u00e9guli\u00e8rement mises \u00e0 jour, et propose des services de conseil et de service apr\u00e8s-vente. Nous vous conseillons ind\u00e9pendamment des fabricants et nous nous ferons un plaisir de vous mettre en place un syst\u00e8me adapt\u00e9 \u00e0 vos besoins. Vous [&hellip;]<\/p>","protected":false},"author":1,"featured_media":45482,"parent":0,"menu_order":0,"comment_status":"closed","ping_status":"closed","template":"","meta":{"_acf_changed":false,"footnotes":""},"class_list":["post-15542","page","type-page","status-publish","has-post-thumbnail","hentry"],"acf":[],"_links":{"self":[{"href":"https:\/\/konferenztechnik.de\/pt\/wp-json\/wp\/v2\/pages\/15542","targetHints":{"allow":["GET"]}}],"collection":[{"href":"https:\/\/konferenztechnik.de\/pt\/wp-json\/wp\/v2\/pages"}],"about":[{"href":"https:\/\/konferenztechnik.de\/pt\/wp-json\/wp\/v2\/types\/page"}],"author":[{"embeddable":true,"href":"https:\/\/konferenztechnik.de\/pt\/wp-json\/wp\/v2\/users\/1"}],"replies":[{"embeddable":true,"href":"https:\/\/konferenztechnik.de\/pt\/wp-json\/wp\/v2\/comments?post=15542"}],"version-history":[{"count":0,"href":"https:\/\/konferenztechnik.de\/pt\/wp-json\/wp\/v2\/pages\/15542\/revisions"}],"wp:featuredmedia":[{"embeddable":true,"href":"https:\/\/konferenztechnik.de\/pt\/wp-json\/wp\/v2\/media\/45482"}],"wp:attachment":[{"href":"https:\/\/konferenztechnik.de\/pt\/wp-json\/wp\/v2\/media?parent=15542"}],"curies":[{"name":"wp","href":"https:\/\/api.w.org\/{rel}","templated":true}]}}