{"id":16912,"date":"2021-03-26T08:57:30","date_gmt":"2021-03-26T07:57:30","guid":{"rendered":"https:\/\/www.konferenztechnik.de\/?page_id=16912"},"modified":"2023-08-29T14:55:56","modified_gmt":"2023-08-29T12:55:56","slug":"conferencias-eventos-reunioes-classico-hibrido-digital-virtual-remoto","status":"publish","type":"page","link":"https:\/\/konferenztechnik.de\/pt\/conferencias-eventos-reunioes-classico-hibrido-digital-virtual-remoto\/","title":{"rendered":"Confer\u00eancias, eventos, reuni\u00f5es \u2013 cl\u00e1ssico, h\u00edbrido, digital, virtual, remoto"},"content":{"rendered":"<p>[column size=\"3-4\u2033 last=\"0\u2033]<\/p>\n<h1>Eventos, confer\u00eancias, reuni\u00f5es \u2013 h\u00edbrido, cl\u00e1ssico, digital<\/h1>\n<p>A PCS \u00e9 o seu parceiro para todos os formatos de eventos. Organizamos confer\u00eancias, reuni\u00f5es e eventos \u2013, sejam eles h\u00edbridos, cl\u00e1ssicos ou digitais. Utilizamos os nossos muitos anos de experi\u00eancia para realizar o seu evento com sucesso.<\/p>\n<p>[list icon=\"moon-checkmark\" colour=\"#a62055\u2033]Coordena\u00e7\u00e3o e modera\u00e7\u00e3o de eventos<br \/>\n[list icon=\"moon-checkmark\" colour=\"#a62055\u2033]Equipamento t\u00e9cnico completo<br \/>\n[list icon=\"moon-checkmark\" colour=\"#a62055\u2033]Dire\u00e7\u00e3o de imagem e som<br \/>\n[List icon=\"moon-checkmark\" colour=\"#a62055\u2033]A interpreta\u00e7\u00e3o simult\u00e2nea em direto pode ser activada<br \/>\n[list icon=\"moon-checkmark\" colour=\"#a62055\u2033]Servidores alem\u00e3es, em conformidade com o RGPD<br \/>\n[List icon=\"moon-checkmark\" colour=\"#a62055\u2033]Integra\u00e7\u00e3o de todos os sistemas comuns de videoconfer\u00eancia<br \/>\n[\/coluna]<br \/>\n[column size=\"1-4\u2033 last=\"1\u2033]<br \/>\n[spacer size=\"40\u2033]<\/p>\n<div class=\"box1-4\" style=\"margin-bottom: 0!important; margin-top:20px\">\n<b><span class=\"pcs-color\">Consultoria e planeamento<\/span><\/b><br \/>\n<img decoding=\"async\" src=\"https:\/\/konferenztechnik.de\/wp-content\/uploads\/2021\/11\/Christian-becker-pcs-gmbh-foto-thomas-arendt-1.jpg\" alt=\"Christian Becker - PCS GmbH\" class=\"alignleft size-full wp-image-18690\" title=\"\"><br \/>\nBasta telefonar-nos!<br \/>\n<a href=\"tel:08007274624\"><b>0800 727 46 24<\/b><\/a><br \/>\nOu escrever uma mensagem de correio eletr\u00f3nico para:<br \/>\n<span class=\"volleansicht\"><a href=\"mailto:info@konferenztechnik.de\" onclick=\"ga('send', 'event', 'Email-Klick', 'Kontakt Interpreting');\">info@konferenztechnik.de<\/a><br \/>\n<\/span><br \/>\n<span class=\"mobileansicht\"><a href=\"mailto:info@konferenztechnik.de\" onclick=\"ga('send', 'event', 'Email-Klick', 'Kontakt Interpreting');\">escrever<\/a><br \/>\n<\/span><\/div>\n<p>[\/coluna]<br \/>\n[spacer size=\"20\u2033]<\/p>\n<hr>\n<p>[spacer size=\"20\u2033]<br \/>\n[column size=\"3-4\u2033 last=\"0\u2033]<\/p>\n<h2><b>Eventos h\u00edbridos<\/b><\/h2>\n<p><a href=\"https:\/\/konferenztechnik.de\/pt\/eventos-hibridos\/\"><img fetchpriority=\"high\" decoding=\"async\" width=\"835\" height=\"313\" src=\"https:\/\/konferenztechnik.de\/wp-content\/uploads\/2021\/05\/hybride-events-anbieter.jpg\" alt=\"fornecedor de eventos h\u00edbridos\" class=\"alignleft size-full wp-image-17211 no-bottom-margin\" title=\"\" srcset=\"https:\/\/konferenztechnik.de\/wp-content\/uploads\/2021\/05\/hybride-events-anbieter.jpg 835w, https:\/\/konferenztechnik.de\/wp-content\/uploads\/2021\/05\/hybride-events-anbieter-300x112.jpg 300w, https:\/\/konferenztechnik.de\/wp-content\/uploads\/2021\/05\/hybride-events-anbieter-768x288.jpg 768w\" sizes=\"(max-width: 835px) 100vw, 835px\" \/><\/a><\/p>\n<p><b><span class=\"smaller-img-text\">Evento com ou sem audi\u00eancia em direto no local + transmiss\u00e3o simult\u00e2nea em direto para participantes em todo o mundo<\/span><\/b><\/p>\n<p>[spacer size=\"20\u2033]<\/p>\n<p>Os eventos h\u00edbridos s\u00e3o o novo formato padr\u00e3o para eventos, reuni\u00f5es, congressos e confer\u00eancias. O objetivo \u00e9 inspirar um p\u00fablico no local, utilizando todas as vantagens dos eventos tradicionais e digitais, bem como permitir que o p\u00fablico participe atrav\u00e9s de transmiss\u00f5es em direto. Apesar da dist\u00e2ncia f\u00edsica, todos os participantes podem comunicar uns com os outros de forma f\u00e1cil e intuitiva, fazer apresenta\u00e7\u00f5es e discursos, debater e estabelecer contactos.<\/p>\n<p>[button link=\"#kontakt\" target=\"self\" colour=\"#a62055\u2033 text=\"light\"]Perguntar agora[\/button] [button link=\"https:\/\/www.konferenztechnik.de\/hybride-events\/\" target=\"self\" colour=\"#a62055\u2033 text=\"light\"]Saber mais[\/button]<br \/>\n[\/coluna]<br \/>\n[column size=\"3-4\u2033 last=\"1\u2033]<br \/>\n[\/coluna]<\/p>\n<p>[column size=\"3-4\u2033 last=\"0\u2033]<br \/>\n[spacer size=\"20\u2033]<\/p>\n<hr>\n<p>[spacer size=\"20\u2033]<\/p>\n<h2><b>Eventos presenciais, confer\u00eancias e reuni\u00f5es no local<\/b><\/h2>\n<p><img decoding=\"async\" width=\"835\" height=\"313\" src=\"https:\/\/konferenztechnik.de\/wp-content\/uploads\/2021\/05\/klassischer-event.jpg\" alt=\"Eventos cl\u00e1ssicos, confer\u00eancias e reuni\u00f5es no local\" class=\"alignleft size-full wp-image-17223 no-bottom-margin\" title=\"\" srcset=\"https:\/\/konferenztechnik.de\/wp-content\/uploads\/2021\/05\/klassischer-event.jpg 835w, https:\/\/konferenztechnik.de\/wp-content\/uploads\/2021\/05\/klassischer-event-300x112.jpg 300w, https:\/\/konferenztechnik.de\/wp-content\/uploads\/2021\/05\/klassischer-event-768x288.jpg 768w\" sizes=\"(max-width: 835px) 100vw, 835px\" \/><\/p>\n<p class=\"smaller-img-text\"><b>Foco nos participantes no local \u2013 com conceitos de higiene flex\u00edveis, em conformidade com a legisla\u00e7\u00e3o e uma experi\u00eancia positiva tanto para os anfitri\u00f5es como para os h\u00f3spedes<\/b><\/p>\n<p>Organizamos os seus eventos presenciais. Os nossos servi\u00e7os incluem o planeamento, a conce\u00e7\u00e3o e a realiza\u00e7\u00e3o t\u00e9cnica das suas confer\u00eancias, eventos e reuni\u00f5es cl\u00e1ssicas. Trabalhe connosco de forma orientada e respons\u00e1vel. Conceitos de higiene bem pensados, gest\u00e3o dos participantes, realiza\u00e7\u00e3o t\u00e9cnica limpa e seguran\u00e7a no local s\u00e3o caracter\u00edsticas de qualidade dos nossos eventos. O nosso objetivo \u00e9 organizar eventos em conformidade com a lei e com cuidado para os seus participantes.<\/p>\n<p>[bot\u00e3o link=\"#kontakt\" target=\"self\" colour=\"#a62055\u2033 text=\"light\"]Perguntar agora[\/button]<br \/>\n[\/coluna]<br \/>\n[column size=\"3-4\u2033 last=\"1\u2033]<br \/>\n[\/coluna]<\/p>\n<p>[column size=\"3-4\u2033 last=\"0\u2033]<br \/>\n[spacer size=\"20\u2033]<\/p>\n<hr>\n<p>[spacer size=\"20\u2033]<\/p>\n<h2><b>Eventos digitais<\/b><\/h2>\n<p><img decoding=\"async\" width=\"835\" height=\"313\" src=\"https:\/\/konferenztechnik.de\/wp-content\/uploads\/2021\/05\/digitale-events.jpg\" alt=\"Planeamento e realiza\u00e7\u00e3o de eventos digitais\" class=\"alignleft size-full wp-image-17232 no-bottom-margin\" title=\"\" srcset=\"https:\/\/konferenztechnik.de\/wp-content\/uploads\/2021\/05\/digitale-events.jpg 835w, https:\/\/konferenztechnik.de\/wp-content\/uploads\/2021\/05\/digitale-events-300x112.jpg 300w, https:\/\/konferenztechnik.de\/wp-content\/uploads\/2021\/05\/digitale-events-768x288.jpg 768w\" sizes=\"(max-width: 835px) 100vw, 835px\" \/><\/p>\n<p class=\"smaller-img-text\"><b>No evento digital, o p\u00fablico est\u00e1 ligado em direto atrav\u00e9s de uma transmiss\u00e3o em linha. A intera\u00e7\u00e3o e a comunica\u00e7\u00e3o entre si s\u00e3o facilmente poss\u00edveis.<\/b><\/p>\n<p>O evento digital realiza-se em linha. Todos os participantes (oradores, ouvintes, moderadores) utilizam uma plataforma de videoconfer\u00eancia (por exemplo, Zoom, Microsoft Teams, WebEx ou similar) atrav\u00e9s da qual se processa toda a comunica\u00e7\u00e3o. As conversas, as perguntas, o carregamento de apresenta\u00e7\u00f5es ou v\u00eddeos e at\u00e9 a liga\u00e7\u00e3o de int\u00e9rpretes simult\u00e2neos para tradu\u00e7\u00e3o em direto s\u00e3o poss\u00edveis sem qualquer problema. S\u00e3o utilizadas ferramentas interactivas e solu\u00e7\u00f5es de software (por exemplo, Miro, Slido, Mentimeter) para motivar os participantes, promover a comunica\u00e7\u00e3o e aumentar a capacidade de aten\u00e7\u00e3o. Implementamos confer\u00eancias de imprensa, reuni\u00f5es e comit\u00e9s digitais de forma segura, conveniente e em conformidade com os requisitos da administra\u00e7\u00e3o.<\/p>\n<p>[bot\u00e3o link=\"#kontakt\" target=\"self\" colour=\"#a62055\u2033 text=\"light\"]Perguntar agora[\/button]<br \/>\n[\/coluna]<br \/>\n[column size=\"3-4\u2033 last=\"1\u2033]<br \/>\n[\/coluna]<\/p>\n<p>[column size=\"3-4\u2033 last=\"0\u2033]<br \/>\n[spacer size=\"20\u2033]<\/p>\n<hr>\n<p>[spacer size=\"20\u2033]<\/p>\n<h2><b>Eventos digitais no est\u00fadio com um ambiente de palco<\/b><\/h2>\n<p><a href=\"https:\/\/konferenztechnik.de\/pt\/estudios-de-streaming-movel\/\"><img loading=\"lazy\" decoding=\"async\" width=\"835\" height=\"283\" src=\"https:\/\/konferenztechnik.de\/wp-content\/uploads\/2021\/05\/digitale-events-buehen-studio.jpg\" alt=\"Eventos digitais no est\u00fadio, est\u00fadio para eventos digitais em direto\" class=\"alignleft size-full wp-image-17241 no-bottom-margin\" title=\"\" srcset=\"https:\/\/konferenztechnik.de\/wp-content\/uploads\/2021\/05\/digitale-events-buehen-studio.jpg 835w, https:\/\/konferenztechnik.de\/wp-content\/uploads\/2021\/05\/digitale-events-buehen-studio-300x102.jpg 300w, https:\/\/konferenztechnik.de\/wp-content\/uploads\/2021\/05\/digitale-events-buehen-studio-768x260.jpg 768w\" sizes=\"(max-width: 835px) 100vw, 835px\" \/><\/a><\/p>\n<p class=\"smaller-img-text\"><b>Evento digital com ambiente de est\u00fadio: O evento tem um n\u00edvel profissional de encena\u00e7\u00e3o, compar\u00e1vel a uma transmiss\u00e3o televisiva em direto a partir de um est\u00fadio de radiodifus\u00e3o ou de televis\u00e3o.<\/b><\/p>\n<p>As apresenta\u00e7\u00f5es de produtos, os pain\u00e9is de discuss\u00e3o, as entrevistas ou as modera\u00e7\u00f5es t\u00eam lugar em direto num palco ou num est\u00fadio e s\u00e3o transmitidos aos participantes de todo o mundo atrav\u00e9s de live streaming. A produ\u00e7\u00e3o no local \u00e9 t\u00e3o profissional como num est\u00fadio de televis\u00e3o: ilumina\u00e7\u00e3o, c\u00e2maras, dire\u00e7\u00e3o de imagem e som, tecnologia \u00e1udio profissional, encena\u00e7\u00e3o atmosf\u00e9rica e uma forte dramaturgia. Podemos realizar o seu evento digital ao vivo num dos nossos est\u00fadios digitais ao vivo ou instalar a tecnologia de forma flex\u00edvel no seu local em todo o pa\u00eds (por exemplo, na sede da empresa, num minist\u00e9rio ou mesmo ao ar livre).<\/p>\n<p>[button link=\"#kontakt\" target=\"self\" colour=\"#a62055\u2033 text=\"light\"]Perguntar agora[\/button] [button link=\"https:\/\/www.konferenztechnik.de\/mobile-streamingstudios\/\" target=\"self\" colour=\"#a62055\u2033 text=\"light\"]Saber mais[\/button]<br \/>\n[column size=\"3-4\u2033 last=\"1\u2033]<br \/>\n[\/coluna]<\/p>\n<p>[column size=\"3-4\u2033 last=\"0\u2033]<br \/>\n[spacer size=\"20\u2033]<\/p>\n<hr>\n<p>[spacer size=\"20\u2033]<\/p>\n<h2><b>Sala de reuni\u00f5es por videoconfer\u00eancia<\/b><\/h2>\n<p><img loading=\"lazy\" decoding=\"async\" width=\"835\" height=\"283\" src=\"https:\/\/konferenztechnik.de\/wp-content\/uploads\/2021\/05\/besprechungsraum-videokonferenz.jpg\" alt=\"Sala de reuni\u00f5es por videoconfer\u00eancia\" class=\"alignleft size-full wp-image-17249 no-bottom-margin\" title=\"\" srcset=\"https:\/\/konferenztechnik.de\/wp-content\/uploads\/2021\/05\/besprechungsraum-videokonferenz.jpg 835w, https:\/\/konferenztechnik.de\/wp-content\/uploads\/2021\/05\/besprechungsraum-videokonferenz-300x102.jpg 300w, https:\/\/konferenztechnik.de\/wp-content\/uploads\/2021\/05\/besprechungsraum-videokonferenz-768x260.jpg 768w\" sizes=\"(max-width: 835px) 100vw, 835px\" \/><\/p>\n<p class=\"smaller-img-text\"><b>A tecnologia profissional de \u00e1udio, c\u00e2mara e v\u00eddeo pode ser instalada temporariamente de forma flex\u00edvel na sua sala de confer\u00eancias ou de reuni\u00f5es.<br \/>\n<\/b><\/p>\n<p>Organizamos reuni\u00f5es diretamente na sua sala de reuni\u00f5es. Eliminamos os obst\u00e1culos t\u00e9cnicos no local e disponibilizamos novas possibilidades t\u00e9cnicas em cada sala de reuni\u00f5es. Os nossos t\u00e9cnicos adicionam temporariamente novas tecnologias \u00e0s suas salas de confer\u00eancia e integram sistemas de videoconfer\u00eancia, sistemas de som, microfones de mesa, tecnologia de apresenta\u00e7\u00e3o, c\u00e2maras DOME, tecnologia de interpreta\u00e7\u00e3o, computadores port\u00e1teis e liga\u00e7\u00f5es el\u00e9ctricas, por exemplo. Transmiss\u00e3o em direto para participantes externos e transmiss\u00f5es de volta para si na sala \u2013 ligamos temporariamente em rede a sua sala de reuni\u00f5es de forma totalmente digital. Tratamos da instala\u00e7\u00e3o da tecnologia e da implementa\u00e7\u00e3o t\u00e9cnica e oferecemos apoio total dos nossos t\u00e9cnicos para garantir que a sua confer\u00eancia seja um sucesso. Pode relaxar e desfrutar da sua reuni\u00e3o enquanto n\u00f3s trabalhamos nos bastidores.<br \/>\nPS: Se estiver interessado numa solu\u00e7\u00e3o permanente, a nossa equipa de instala\u00e7\u00e3o ter\u00e1 todo o prazer em ajud\u00e1-lo.<\/p>\n<p>[bot\u00e3o link=\"#kontakt\" target=\"self\" colour=\"#a62055\u2033 text=\"light\"]Perguntar agora[\/button]<br \/>\n[column size=\"3-4\u2033 last=\"1\u2033]<br \/>\n[\/coluna]<\/p>\n<p>[column size=\"3-4\u2033 last=\"0\u2033]<br \/>\n[spacer size=\"20\u2033]<\/p>\n<hr>\n<p>[spacer size=\"20\u2033]<\/p>\n<h2><b>Videoconfer\u00eancia profissional, videoconfer\u00eancia moderada<\/b><\/h2>\n<p><img loading=\"lazy\" decoding=\"async\" width=\"835\" height=\"283\" src=\"https:\/\/konferenztechnik.de\/wp-content\/uploads\/2021\/05\/professionelle-zoomkonferenz.jpg\" alt=\"Confer\u00eancias e videoconfer\u00eancias profissionais atrav\u00e9s do Zoom\" class=\"alignleft size-full wp-image-17259 no-bottom-margin\" title=\"\" srcset=\"https:\/\/konferenztechnik.de\/wp-content\/uploads\/2021\/05\/professionelle-zoomkonferenz.jpg 835w, https:\/\/konferenztechnik.de\/wp-content\/uploads\/2021\/05\/professionelle-zoomkonferenz-300x102.jpg 300w, https:\/\/konferenztechnik.de\/wp-content\/uploads\/2021\/05\/professionelle-zoomkonferenz-768x260.jpg 768w\" sizes=\"(max-width: 835px) 100vw, 835px\" \/><\/p>\n<p class=\"smaller-img-text\"><b>Videoconfer\u00eancias moderadas por profissionais como garantia de sucesso da sua empresa e da sua confer\u00eancia.<\/b><\/p>\n<p>Garantimos que a sua videoconfer\u00eancia decorre de forma profissional, sem problemas e sem interrup\u00e7\u00f5es. Os nossos moderadores t\u00e9cnicos ajudam os participantes com quaisquer quest\u00f5es que surjam e est\u00e3o dispon\u00edveis como contactos educados e competentes durante toda a confer\u00eancia. Encarregam-se de gerir as perguntas da audi\u00eancia, asseguram que a confer\u00eancia decorre de acordo com a ordem de trabalhos e proporcionam uma encena\u00e7\u00e3o perfeita em conformidade com o programa. Os servi\u00e7os adicionais, como as videoconfer\u00eancias multilingues e com tradu\u00e7\u00e3o simult\u00e2nea, s\u00e3o a nossa principal especialidade. Preferimos trabalhar com o software de videoconfer\u00eancia Zoom, mas tamb\u00e9m estamos abertos a todos os outros fabricantes (por exemplo, Microsoft Teams, WebEx e outros); os nossos sistemas s\u00e3o totalmente compat\u00edveis. Os participantes podem decidir diretamente no software de videoconfer\u00eancia qual a l\u00edngua que gostariam de ouvir. Todos os discursos s\u00e3o interpretados em direto e em simult\u00e2neo. Utilizando os nossos pr\u00f3prios servidores localizados na Alemanha, pode realizar os seus eventos de uma forma juridicamente segura e em conformidade com a prote\u00e7\u00e3o de dados, de acordo com o RGPD e a lei alem\u00e3 de prote\u00e7\u00e3o de dados.<\/p>\n<p>[bot\u00e3o link=\"#kontakt\" target=\"self\" colour=\"#a62055\u2033 text=\"light\"]Perguntar agora[\/button]<br \/>\n[\/coluna]<br \/>\n[column size=\"3-4\u2033 last=\"1\u2033]<br \/>\n[\/coluna]<br \/>\n[spacer size=\"20\u2033]<\/p>\n<hr>\n<p>[spacer size=\"20\u2033]<br \/>\n[column size=\"3-4\u2033 last=\"0\u2033]<\/p>\n<h2 id=\"beratungundplanungvonhybridenevents\"><strong>Consultoria, planeamento e implementa\u00e7\u00e3o<\/strong><\/h2>\n<p>[spacer size=\"10\u2033]<\/p>\n<p><strong>Antes do evento<\/strong> N\u00f3s encarregamo-nos de coordenar os participantes, planear a log\u00edstica e os of\u00edcios, montar e supervisionar a tecnologia. \u2013 encarrega-se simplesmente de tudo para que o seu evento decorra com seguran\u00e7a e sem problemas.<\/p>\n<p><strong>Durante o evento<\/strong> os nossos gestores de projeto coordenam todo o equipamento envolvido, como a tecnologia v\u00eddeo, a tecnologia \u00e1udio e os int\u00e9rpretes. Os nossos coordenadores t\u00e9cnicos de eventos ajudam os participantes virtuais a ligarem-se ao evento, coordenam os discursos e as apresenta\u00e7\u00f5es dos participantes e prestam apoio t\u00e9cnico \u2013 no local ou remotamente atrav\u00e9s do computador, em qualquer altura. A nossa sala de controlo de v\u00eddeo e \u00e1udio garante que todos os participantes possam sempre ver e ouvir o conte\u00fado correto.<\/p>\n<p><strong>Ap\u00f3s o evento<\/strong> desmontamos toda a tecnologia de forma r\u00e1pida e simples. Tratamos da p\u00f3s-produ\u00e7\u00e3o de grava\u00e7\u00f5es de v\u00eddeo, da disponibiliza\u00e7\u00e3o de streams do seu evento no seu s\u00edtio Web ou da interpreta\u00e7\u00e3o posterior do seu evento por int\u00e9rpretes profissionais.<\/p>\n<p>[\/coluna]<br \/>\n[column size=\"3-4\u2033 last=\"1\u2033]<br \/>\n[\/coluna]<br \/>\n[spacer size=\"20\u2033]<\/p>\n<hr>\n<p>[spacer size=\"20\u2033]<\/p>\n<h2><strong>Eventos e fun\u00e7\u00f5es actuais: muitos formatos, muitos termos<\/strong><\/h2>\n<p>[column size=\"3-4\u2033 last=\"0\u2033]<\/p>\n<p>Atualmente, existem v\u00e1rios termos utilizados para descrever eventos, confer\u00eancias ou reuni\u00f5es que utilizam streaming, sistemas de videoconfer\u00eancia ou outras formas digitais de transmiss\u00e3o.<\/p>\n<p>[\/coluna]<br \/>\n[column size=\"1-2\u2033 last=\"0\u2033]<\/p>\n<ul>\n[list icon=\"moon-checkmark\" colour=\"#a62055\u2033]Apresenta\u00e7\u00f5es de produtos digitais[\/list]<br \/>\n[list icon=\"moon-checkmark\" colour=\"#a62055\u2033]Transmiss\u00f5es empresariais[\/list]<br \/>\n[list icon=\"moon-checkmark\" colour=\"#a62055\u2033]Est\u00fadios de transmiss\u00e3o em cont\u00ednuo[\/list]<br \/>\n[list icon=\"moon-checkmark\" colour=\"#a62055\u2033]Audi\u00eancia virtual em direto[\/list]<br \/>\n[list icon=\"moon-checkmark\" colour=\"#a62055\u2033]Assembleias gerais anuais digitais[\/list]<br \/>\n[list icon=\"moon-checkmark\" colour=\"#a62055\u2033]Evento em linha em direto[\/list]<br \/>\n[list icon=\"moon-checkmark\" colour=\"#a62055\u2033]Reuni\u00f5es virtuais[\/list]<br \/>\n[\/coluna]<br \/>\n[column size=\"1-2\u2033 last=\"1\u2033]<br \/>\n[list icon=\"moon-checkmark\" colour=\"#a62055\u2033]Webcast[\/list]<br \/>\n[list icon=\"moon-checkmark\" colour=\"#a62055\u2033]Evento virtual em direto[\/list]<br \/>\n[list icon=\"moon-checkmark\" colour=\"#a62055\u2033]Webinar[\/list]<br \/>\n[list icon=\"moon-checkmark\" colour=\"#a62055\u2033]Feira comercial a pedido[\/list]<br \/>\n[list icon=\"moon-checkmark\" colour=\"#a62055\u2033]Confer\u00eancia em linha[\/list]<br \/>\n[list icon=\"moon-checkmark\" colour=\"#a62055\u2033]Evento Distante[\/list]<br \/>\n[list icon=\"moon-checkmark\" colour=\"#a62055\u2033]e muitos mais...[\/list]<br \/>\n[\/coluna]<br \/>\n[spacer size=\"20\u2033]<\/p>\n<hr>\n<p>[spacer size=\"20\u2033]<br \/>\n[column size=\"1-2\u2033 last=\"0\u2033]<\/p>\n<div class=\"weiterlinks\" style=\"background-color:#ffffff;\">\n<h2>Em pormenor<\/h2>\n<ul>\n        [list icon=\"moon-arrow-right-2\u2033 colour=\"#a62055\u2033]<a title=\"Eventos h\u00edbridos\"\n            href=\"\/pt\/eventos-hibridos\/\">Eventos h\u00edbridos<\/a>[\/lista]<br \/>\n[list icon=\"moon-arrow-right-2\u2033 colour=\"#a62055\u2033]<a title=\"Conceitos flex\u00edveis de eventos\"\n            href=\"\/pt\/conceitos-de-eventos-flexiveis\/\">Conceitos flex\u00edveis de eventos<\/a>[\/lista]<br \/>\n[list icon=\"moon-arrow-right-2\u2033 colour=\"#a62055\u2033]<a title=\"Conceitos flex\u00edveis de eventos\"\n            href=\"\/pt\/eventos-de-zoom\/\">Zoom Events \u2013 Ticketing, Landingpages de registo<\/a>[\/lista]<\/ul>\n<\/div>\n<p>[\/coluna]<br \/>\n[column size=\"3-4\u2033 last=\"1\u2033]<\/p>\n<p>N\u00e3o deixe que os termos o confundam. No final, o que conta \u00e9 o sucesso do evento.<br \/>\nTeremos todo o gosto em aconselh\u00e1-lo e encontrar a melhor solu\u00e7\u00e3o para o seu evento.<\/p>\n<p>[\/coluna]<br \/>\n[spacer size=\"20\u2033]<\/p>\n<hr id=\"kontakt\">\n<p>[spacer size=\"30\u2033]<\/p>\n<div class=\"box1-4 medium-size-txt\" style=\"margin-bottom: 0!important\">\n<h2><b><span class=\"pcs-color medium-size-txt\">A sua equipa de assist\u00eancia<\/span><\/b><\/h2>\n<p>[spacer size=\"5\u2033]<br \/>\n[column size=\"1-2\u2033 last=\"0\u2033]<\/p>\n<p>O nosso departamento especializado ter\u00e1 todo o prazer em responder \u00e0s suas perguntas, aconselh\u00e1-lo sobre os produtos, fornecer-lhe um or\u00e7amento personalizado ou planear um projeto individual.<\/p>\n<p><img loading=\"lazy\" decoding=\"async\" src=\"https:\/\/konferenztechnik.de\/wp-content\/uploads\/2021\/08\/Sebastian-Meyer-PCS-GmbH-konferenztechnik-small.jpg\" alt=\"Sebastian-Meyer-PCS-GmbH-conference-technology-small\" width=\"150\" height=\"150\" class=\"alignleft size-full wp-image-18120\" title=\"\"><br \/>\n<img loading=\"lazy\" decoding=\"async\" src=\"https:\/\/konferenztechnik.de\/wp-content\/uploads\/2021\/06\/christian-becker-pcs-gmbh.jpg\" alt=\"Christian Becker - PCS GmbH - Planeamento de eventos\" width=\"150\" height=\"150\" class=\"alignleft size-full wp-image-17771\" title=\"\"><br \/>\n<img loading=\"lazy\" decoding=\"async\" src=\"https:\/\/konferenztechnik.de\/wp-content\/uploads\/2021\/06\/sebastian-gegusch-pcs-gmbh.jpg\" alt=\"Sebastian Gegusch - PCS GmbH - Planeamento de projectos\" width=\"150\" height=\"150\" class=\"alignleft size-full wp-image-17774\" title=\"\"><br \/>\n[spacer size=\"5\u2033]<br \/>\n<span class=\"medium-size-txt\"><br \/>\nBasta telefonar-nos!<br \/>\n<a href=\"tel:08007274624\"><b>0800 727 46 24<\/b><\/a><\/p>\n<p>Envie-nos uma mensagem de correio eletr\u00f3nico para:<br \/>\n<span class=\"volleansicht\"><a href=\"mailto:info@konferenztechnik.de\" onclick=\"ga('send', 'event', 'Email-Klick', 'Kontakt Vermietung');\">info@konferenztechnik.de<\/a><br \/>\n<\/span><br \/>\n<span class=\"mobileansicht\"><a href=\"mailto:info@konferenztechnik.de\" onclick=\"ga('send', 'event', 'Email-Klick', 'Kontakt Vermietung');\">escrever<\/a><br \/>\n<\/span><\/p>\n<p>Converse connosco ou utilize o nosso servi\u00e7o de chamada de retorno<br \/>\n<\/span><br \/>\n[\/coluna]<br \/>\n[column size=\"1-2\u2033 last=\"1\u2033]<\/p>\n<h2>Organizar uma chamada de retorno<\/h2>\n<p>[contact-form-7 id=\"17963\u2033 title=\"Organizar uma chamada de retorno\"]<br \/>\n[\/coluna]<\/p>\n<\/div>","protected":false},"excerpt":{"rendered":"<p>[column size=&#8220;3-4&#8243; last=&#8220;0&#8243;] Events, Konferenzen, Tagungen \u2013 hybrid, klassisch, digital PCS ist Ihr Partner f\u00fcr jedes Eventformat. Wir betreuen Konferenzen, Tagungen und Events \u2013 ob hybrid, klassisch oder digital. Wir setzen Ihr Event mit unserer jahrelangen Erfahrung erfolgreich um. [list icon=&#8220;moon-checkmark&#8220; color=&#8220;#a62055&#8243;]Eventkoordination und Moderation [list icon=&#8220;moon-checkmark&#8220; color=&#8220;#a62055&#8243;]Komplette technische Ausstattung [list icon=&#8220;moon-checkmark&#8220; color=&#8220;#a62055&#8243;]Bild- und Tonregie [list [&hellip;]<\/p>","protected":false},"author":1,"featured_media":45482,"parent":0,"menu_order":0,"comment_status":"closed","ping_status":"closed","template":"","meta":{"_acf_changed":false,"footnotes":""},"class_list":["post-16912","page","type-page","status-publish","has-post-thumbnail","hentry"],"acf":[],"_links":{"self":[{"href":"https:\/\/konferenztechnik.de\/pt\/wp-json\/wp\/v2\/pages\/16912","targetHints":{"allow":["GET"]}}],"collection":[{"href":"https:\/\/konferenztechnik.de\/pt\/wp-json\/wp\/v2\/pages"}],"about":[{"href":"https:\/\/konferenztechnik.de\/pt\/wp-json\/wp\/v2\/types\/page"}],"author":[{"embeddable":true,"href":"https:\/\/konferenztechnik.de\/pt\/wp-json\/wp\/v2\/users\/1"}],"replies":[{"embeddable":true,"href":"https:\/\/konferenztechnik.de\/pt\/wp-json\/wp\/v2\/comments?post=16912"}],"version-history":[{"count":0,"href":"https:\/\/konferenztechnik.de\/pt\/wp-json\/wp\/v2\/pages\/16912\/revisions"}],"wp:featuredmedia":[{"embeddable":true,"href":"https:\/\/konferenztechnik.de\/pt\/wp-json\/wp\/v2\/media\/45482"}],"wp:attachment":[{"href":"https:\/\/konferenztechnik.de\/pt\/wp-json\/wp\/v2\/media?parent=16912"}],"curies":[{"name":"wp","href":"https:\/\/api.w.org\/{rel}","templated":true}]}}