{"id":16961,"date":"2021-03-30T16:14:01","date_gmt":"2021-03-30T15:14:01","guid":{"rendered":"https:\/\/www.konferenztechnik.de\/?page_id=16961"},"modified":"2023-08-29T14:53:57","modified_gmt":"2023-08-29T12:53:57","slug":"conceitos-de-eventos-flexiveis","status":"publish","type":"page","link":"https:\/\/konferenztechnik.de\/pt\/conceitos-de-eventos-flexiveis\/","title":{"rendered":"Conceitos flex\u00edveis de eventos"},"content":{"rendered":"<h1 id=\"hybrideevents\"><strong>Conceitos flex\u00edveis de eventos<\/strong><\/h1>\n<p>[rev_slider alias=\"events-1\u2033][\/rev_slider]<br \/>\n[spacer size=\"20\u2033]<\/p>\n<p>As condi\u00e7\u00f5es de enquadramento dos eventos presenciais mudam todos os dias. Um elevado grau de flexibilidade \u00e9 crucial para garantir que o seu evento n\u00e3o s\u00f3 se realiza, como tamb\u00e9m chega ao seu p\u00fablico da forma mais eficaz poss\u00edvel.<\/p>\n<p>Idealmente, o seu evento deve ser suficientemente adapt\u00e1vel para funcionar de forma \u00f3ptima tanto virtualmente como com uma audi\u00eancia presente.<\/p>\n<p>O local do evento e o conceito do evento devem oferecer a flexibilidade necess\u00e1ria para satisfazer os requisitos e restri\u00e7\u00f5es que mudam diariamente. O nosso planeamento tem em conta os cen\u00e1rios esperados, tendo em conta uma rela\u00e7\u00e3o custo-benef\u00edcio eficaz.<\/p>\n<p>O aumento das op\u00e7\u00f5es de teste e dos conceitos de higiene profissional permite a organiza\u00e7\u00e3o de eventos cl\u00e1ssicos, digitais e h\u00edbridos. As partes interessadas podem trabalhar de forma segura e eficiente no local.<\/p>\n<p>A utiliza\u00e7\u00e3o de auscultadores, por exemplo, facilita a obten\u00e7\u00e3o e a manuten\u00e7\u00e3o da dist\u00e2ncia necess\u00e1ria. A partir do <a href=\"\/pt\/conferencia-silenciosa-2\/\">Confer\u00eancia Silenciosa<\/a> \u00e9 conseguido atrav\u00e9s da utiliza\u00e7\u00e3o orientada de <a href=\"\/pt\/sistemas-de-guia-de-aluguer\/\">Sistemas de guia<\/a> um evento distante.<\/p>\n<p>Trabalhamos consigo para criar formatos flex\u00edveis que satisfa\u00e7am os requisitos do dia: desde a cria\u00e7\u00e3o de conceitos de higiene, fluxos modulares de participantes e a considera\u00e7\u00e3o de variantes de recurso no formato de evento puramente digital.<\/p>\n<p>[spacer size=\"20\u2033]<\/p>\n<p>.<\/p>\n<p>[spacer size=\"20\u2033]<\/p>\n<div class=\"weiterlinks\" style=\"background-color:#ffffff;\">\n<h2>Em pormenor<\/h2>\n<ul>\n        [list icon=\"moon-arrow-right-2\u2033 colour=\"#a62055\u2033]<a title=\"Eventos h\u00edbridos\"\n            href=\"\/pt\/eventos-hibridos\/\">Eventos h\u00edbridos<\/a>[\/lista]<br \/>\n[list icon=\"moon-arrow-right-2\u2033 colour=\"#a62055\u2033]<a title=\"Confer\u00eancias, eventos, reuni\u00f5es\"\n            href=\"\/pt\/conferencias-eventos-reunioes-classico-hibrido-digital-virtual-remoto\/\">Confer\u00eancias, eventos, reuni\u00f5es \u2013 cl\u00e1ssico, h\u00edbrido, digital, virtual, remoto<\/a>[\/lista]<\/ul>\n<\/div>","protected":false},"excerpt":{"rendered":"<p>Flexible Eventkonzepte [rev_slider alias=&#8220;events-1&#8243;][\/rev_slider] [spacer size=&#8220;20&#8243;] T\u00e4glich \u00e4ndern sich die Rahmenbedingungen f\u00fcr Pr\u00e4senzveranstaltungen. Eine hohe Flexibilit\u00e4t ist entscheidend, dass Ihr Event nicht nur stattfinden kann, sondern m\u00f6glichst gut Ihr Publikum erreicht. Ihre Veranstaltung ist idealerweise so wandelbar, dass sie sowohl rein virtuell als auch mit Pr\u00e4senz-Publikum optimal funktioniert. Ihre Eventlocation und das Veranstaltungskonzept sollten die [&hellip;]<\/p>","protected":false},"author":1,"featured_media":45482,"parent":0,"menu_order":0,"comment_status":"closed","ping_status":"closed","template":"","meta":{"_acf_changed":false,"footnotes":""},"class_list":["post-16961","page","type-page","status-publish","has-post-thumbnail","hentry"],"acf":[],"_links":{"self":[{"href":"https:\/\/konferenztechnik.de\/pt\/wp-json\/wp\/v2\/pages\/16961","targetHints":{"allow":["GET"]}}],"collection":[{"href":"https:\/\/konferenztechnik.de\/pt\/wp-json\/wp\/v2\/pages"}],"about":[{"href":"https:\/\/konferenztechnik.de\/pt\/wp-json\/wp\/v2\/types\/page"}],"author":[{"embeddable":true,"href":"https:\/\/konferenztechnik.de\/pt\/wp-json\/wp\/v2\/users\/1"}],"replies":[{"embeddable":true,"href":"https:\/\/konferenztechnik.de\/pt\/wp-json\/wp\/v2\/comments?post=16961"}],"version-history":[{"count":0,"href":"https:\/\/konferenztechnik.de\/pt\/wp-json\/wp\/v2\/pages\/16961\/revisions"}],"wp:featuredmedia":[{"embeddable":true,"href":"https:\/\/konferenztechnik.de\/pt\/wp-json\/wp\/v2\/media\/45482"}],"wp:attachment":[{"href":"https:\/\/konferenztechnik.de\/pt\/wp-json\/wp\/v2\/media?parent=16961"}],"curies":[{"name":"wp","href":"https:\/\/api.w.org\/{rel}","templated":true}]}}