{"id":1807,"date":"2013-09-05T11:26:39","date_gmt":"2013-09-05T09:26:39","guid":{"rendered":"https:\/\/konferenztechnik.de\/?page_id=1807"},"modified":"2013-09-05T11:26:39","modified_gmt":"2013-09-05T09:26:39","slug":"sistemas-de-orientacao","status":"publish","type":"page","link":"https:\/\/konferenztechnik.de\/pt\/aluguer-de-equipamento-para-conferencias\/sistemas-de-orientacao\/","title":{"rendered":"Sistemas de guias de aluguer e sistemas de guias tur\u00edsticos"},"content":{"rendered":"<h1>Sistemas de guias de aluguer e sistemas de guias tur\u00edsticos<\/h1>\n<p>Os sistemas de guia tur\u00edstico sem fios s\u00e3o utilizados para visitas guiadas em feiras comerciais, museus, espa\u00e7os p\u00fablicos ou ch\u00e3o de f\u00e1brica para garantir uma liga\u00e7\u00e3o perfeita entre o orador e o grupo. Outra \u00e1rea de aplica\u00e7\u00e3o \u00e9 a interpreta\u00e7\u00e3o sussurrada. <\/p>\n<p>Gra\u00e7as \u00e0 sele\u00e7\u00e3o flex\u00edvel de canais, v\u00e1rios grupos podem participar em visitas guiadas, independentemente uns dos outros, ao mesmo tempo. Para os participantes com aparelhos auditivos, o som pode ser transmitido diretamente para o seu pr\u00f3prio aparelho auditivo atrav\u00e9s de um circuito de indu\u00e7\u00e3o. Os sistemas de guia s\u00e3o pequenos e pr\u00e1ticos, guardados em malas e f\u00e1ceis de transportar.<\/p>\n<p>[column size=\"1-2\u2033 last=\"0\u2033]<br \/>\n<img decoding=\"async\" src=\"https:\/\/konferenztechnik.de\/wp-content\/uploads\/2013\/09\/Holz-Pichler-2-Synexis_01-1024x683.jpg\" alt=\"Visita \u00e0 f\u00e1brica da PCS\" class=\"alignleft size-large wp-image-8451\" title=\"\"><br \/>\n[\/coluna]<\/p>\n<p>[column size=\"1-2\u2033 last=\"1\u2033]<br \/>\n<img decoding=\"async\" src=\"https:\/\/konferenztechnik.de\/wp-content\/uploads\/2013\/09\/Synexis-Werksfuehrung-1024x683.jpg\" alt=\"gest\u00e3o de f\u00e1bricas synexis\" class=\"alignleft size-large wp-image-8447\" title=\"\"><br \/>\n[\/coluna]<\/p>\n<p>Na PCS, utilizamos os seguintes sistemas de guia tur\u00edstico, entre outros:<\/p>\n<h2>Sennheiser Tourguide 2020<\/h2>\n<p>[column size=\"1-2\u2033 last=\"0\u2033]<br \/>\n<img fetchpriority=\"high\" decoding=\"async\" src=\"https:\/\/konferenztechnik.de\/wp-content\/uploads\/2015\/01\/tourguide.jpg\" alt=\"Sennheiser Tourguide SKM 2020\" width=\"320\" height=\"322\" class=\"alignleft size-full wp-image-4898\" title=\"\" srcset=\"https:\/\/konferenztechnik.de\/wp-content\/uploads\/2015\/01\/tourguide.jpg 320w, https:\/\/konferenztechnik.de\/wp-content\/uploads\/2015\/01\/tourguide-298x300.jpg 298w, https:\/\/konferenztechnik.de\/wp-content\/uploads\/2015\/01\/tourguide-150x150.jpg 150w\" sizes=\"(max-width: 320px) 100vw, 320px\" \/><br \/>\n[\/coluna]<\/p>\n<p>[column size=\"1-2\u2033 last=\"1\u2033]<br \/>\nA vantagem deste sistema \u00e9 que o recetor est\u00e1 integrado diretamente no recetor, formando assim uma \u00fanica unidade com os auscultadores. Isto tamb\u00e9m facilita a entrega e a devolu\u00e7\u00e3o dos aparelhos. No entanto, este sistema \u00e9 ligeiramente menos c\u00f3modo para ser usado durante longos per\u00edodos de tempo, durante v\u00e1rias horas.<\/p>\n<p>Os sistemas oferecem at\u00e9 seis canais para transmiss\u00e3o simult\u00e2nea na banda de frequ\u00eancia livre de 863-865 MHz.<\/p>\n<p>Isto facilita a gest\u00e3o de v\u00e1rios grupos ao mesmo tempo.<br \/>\n[\/coluna]<\/p>\n<h2>Beyerdynamic Synexis<\/h2>\n<p>[column size=\"1-2\u2033 last=\"0\u2033]<br \/>\n<img decoding=\"async\" width=\"2560\" height=\"1697\" src=\"https:\/\/konferenztechnik.de\/wp-content\/uploads\/2013\/09\/Synexis-C20-Charger-Group_01-scaled-1.jpg\" alt=\"Beyerdynamic Synexis Tourguide\" class=\"alignleft size-full wp-image-8435\" title=\"\" srcset=\"https:\/\/konferenztechnik.de\/wp-content\/uploads\/2013\/09\/Synexis-C20-Charger-Group_01-scaled-1.jpg 2560w, https:\/\/konferenztechnik.de\/wp-content\/uploads\/2013\/09\/Synexis-C20-Charger-Group_01-scaled-1-300x199.jpg 300w, https:\/\/konferenztechnik.de\/wp-content\/uploads\/2013\/09\/Synexis-C20-Charger-Group_01-scaled-1-1024x679.jpg 1024w, https:\/\/konferenztechnik.de\/wp-content\/uploads\/2013\/09\/Synexis-C20-Charger-Group_01-scaled-1-768x509.jpg 768w, https:\/\/konferenztechnik.de\/wp-content\/uploads\/2013\/09\/Synexis-C20-Charger-Group_01-scaled-1-1536x1018.jpg 1536w, https:\/\/konferenztechnik.de\/wp-content\/uploads\/2013\/09\/Synexis-C20-Charger-Group_01-scaled-1-2048x1358.jpg 2048w\" sizes=\"(max-width: 2560px) 100vw, 2560px\" \/><br \/>\n[\/coluna]<\/p>\n<p>[column size=\"1-2\u2033 last=\"1\u2033]<br \/>\nA comunica\u00e7\u00e3o eficaz est\u00e1 a tornar-se cada vez mais importante no mundo de hoje. Uma tecnologia fi\u00e1vel constitui a base de todas as aplica\u00e7\u00f5es \u00e1udio na pol\u00edtica, na ind\u00fastria e nas institui\u00e7\u00f5es p\u00fablicas.<\/p>\n<p>O sistema de interpreta\u00e7\u00e3o e orienta\u00e7\u00e3o sem fios Synexis da Beyerdynamic oferece-lhe uma solu\u00e7\u00e3o vers\u00e1til e econ\u00f3mica, mesmo para os requisitos mais exigentes.<\/p>\n<p>Podem ser transmitidos at\u00e9 18 sinais \u00e1udio em simult\u00e2neo. O Synexis permite uma apresenta\u00e7\u00e3o clara que \u00e9 compreendida por todos, em todo o lado.<br \/>\n[\/coluna]<\/p>\n<p>[limpar]<\/p>\n<h2>Beyerdynamic TTS 300 <\/h2>\n<p>[column size=\"1-2\u2033 last=\"0\u2033]<br \/>\n<img decoding=\"async\" width=\"800\" height=\"404\" src=\"https:\/\/konferenztechnik.de\/wp-content\/uploads\/2013\/09\/Funkempfaenger_FE316_ohne_KPF_gross1.jpg\" alt=\"receptor_de_r\u00e1dio_FE316_sem_KPF_grande\" class=\"alignleft size-full wp-image-3021\" title=\"\" srcset=\"https:\/\/konferenztechnik.de\/wp-content\/uploads\/2013\/09\/Funkempfaenger_FE316_ohne_KPF_gross1.jpg 800w, https:\/\/konferenztechnik.de\/wp-content\/uploads\/2013\/09\/Funkempfaenger_FE316_ohne_KPF_gross1-300x152.jpg 300w, https:\/\/konferenztechnik.de\/wp-content\/uploads\/2013\/09\/Funkempfaenger_FE316_ohne_KPF_gross1-768x388.jpg 768w\" sizes=\"(max-width: 800px) 100vw, 800px\" \/><br \/>\n[\/coluna]<\/p>\n<p>[column size=\"1-2\u2033 last=\"1\u2033]<br \/>\nO sistema Beyerdynamic TTS 300 funciona com tecnologia de alta frequ\u00eancia. A transmiss\u00e3o do microfone do altifalante sem fios para os receptores tem lugar na moderna banda UHF (gama de frequ\u00eancias 863 \u2013 865 MHz).<\/p>\n<p>Os participantes recebem um recetor e auscultadores para poderem ouvir os canais de transmiss\u00e3o do orador ou do int\u00e9rprete.<\/p>\n<p>Com o sistema aqui proposto, \u00e9 garantido o funcionamento paralelo de at\u00e9 10 canais. A utiliza\u00e7\u00e3o multilingue \u00e9 t\u00e3o conceb\u00edvel como a divis\u00e3o em v\u00e1rios grupos para orienta\u00e7\u00e3o (utiliza\u00e7\u00e3o como sistema de orienta\u00e7\u00e3o). Os receptores est\u00e3o prontos a ser utilizados num curto espa\u00e7o de tempo (tempo de carregamento de cerca de 30 minutos) com a ajuda da respectiva caixa de carregamento.<br \/>\n[\/coluna]<\/p>\n<p>[spacer size=\"20\u2033]<\/p>\n<p>[callout add_button=\"no\" button_text=\"Learn More\" button_url=\"#\" button_color=\"#a62055\u2033]<br \/>\nAlugue sistemas completos de guias tur\u00edsticos da PCS ou expanda de forma flex\u00edvel o seu invent\u00e1rio com equipamento do nosso vasto parque de aluguer.<br \/>\n[\/callout].<\/p>\n<p>[spacer size=\"20\u2033]<br \/>\n[limpar]<\/p>\n<p>[column size=\"1-2\u2033 last=\"0\u2033]<br \/>\n[separadores estilo=\"2\u2033]<br \/>\n[title=\"Berlim\"]<br \/>\n<img loading=\"lazy\" decoding=\"async\" width=\"800\" height=\"533\" src=\"https:\/\/konferenztechnik.de\/wp-content\/uploads\/2013\/08\/sonja_tauscher_pcs-gmbh.jpg\" alt=\"Sonja Dannenbring - PCS GmbH\" class=\"alignnone size-full wp-image-4848\" title=\"\" srcset=\"https:\/\/konferenztechnik.de\/wp-content\/uploads\/2013\/08\/sonja_tauscher_pcs-gmbh.jpg 800w, https:\/\/konferenztechnik.de\/wp-content\/uploads\/2013\/08\/sonja_tauscher_pcs-gmbh-300x200.jpg 300w, https:\/\/konferenztechnik.de\/wp-content\/uploads\/2013\/08\/sonja_tauscher_pcs-gmbh-768x512.jpg 768w\" sizes=\"(max-width: 800px) 100vw, 800px\" \/>Sonja Dannenbring<br \/>\nConsultor de projectos Aluguer<br \/>\nTelefone +49 30 6959690 12<br \/>\n<span class=\"volleansicht\">correio eletr\u00f3nico <a href=\"mailto:berlin@konferenztechnik.de\" onclick=\"ga('send', 'event', 'Email-Klick', 'F\u00fchrungsanlagen Dannenbring');\">escrever<\/a><br \/><\/span><br \/>\n<span class=\"mobileansicht\">correio eletr\u00f3nico <a href=\"mailto:berlin@konferenztechnik.de\" onclick=\"ga('send', 'event', 'Email-Klick', 'F\u00fchrungsanlagen Dannenbring');\">escrever<\/a><br \/><\/span><br \/>\nC\u00f3digo QR <a href=\"https:\/\/konferenztechnik.de\/wp-content\/uploads\/2013\/08\/qrcode-sonja.png\">&#x9B; mostrar<\/a><br \/>\n[\/tab]<br \/>\n[\/tabs]<br \/>\n[\/coluna]<\/p>\n<p>[column size=\"1-2\u2033 last=\"0\u2033]<br \/>\n[separadores estilo=\"2\u2033]<br \/>\n[title=\"Munique\"]<br \/>\n<img loading=\"lazy\" decoding=\"async\" width=\"800\" height=\"533\" src=\"https:\/\/konferenztechnik.de\/wp-content\/uploads\/2013\/09\/sebastian_gegusch_pcs-gmbh.jpg\" alt=\"Sebastian Gegusch PCS-GmbH\" class=\"alignleft size-full wp-image-3153\" title=\"\" srcset=\"https:\/\/konferenztechnik.de\/wp-content\/uploads\/2013\/09\/sebastian_gegusch_pcs-gmbh.jpg 800w, https:\/\/konferenztechnik.de\/wp-content\/uploads\/2013\/09\/sebastian_gegusch_pcs-gmbh-300x200.jpg 300w, https:\/\/konferenztechnik.de\/wp-content\/uploads\/2013\/09\/sebastian_gegusch_pcs-gmbh-768x512.jpg 768w\" sizes=\"(max-width: 800px) 100vw, 800px\" \/>Sebastian Gegusch<br \/>\nGest\u00e3o e programa\u00e7\u00e3o de projectos<br \/>\nTelefone +49 89 21553290<br \/>\n<span class=\"volleansicht\">correio eletr\u00f3nico <a href=\"mailto:gegusch@konferenztechnik.de\" onclick=\"ga('send', 'event', 'Email-Klick', 'F\u00fchrungsanlagen Gegusch');\">escrever<\/a><br \/><\/span><br \/>\n<span class=\"mobileansicht\">correio eletr\u00f3nico <a href=\"mailto:gegusch@konferenztechnik.de\" onclick=\"ga('send', 'event', 'Email-Klick', 'F\u00fchrungsanlagen Gegusch');\">escrever<\/a><br \/><\/span><br \/>\nC\u00f3digo QR <a href=\"https:\/\/konferenztechnik.de\/wp-content\/uploads\/2013\/09\/sebastian_gegusch_qrcode.png\" title=\"C\u00f3digo QR Sebastian Gegusch\">&#x9B; mostrar<\/a><br \/>\n[\/tab]<br \/>\n[\/tabs]<br \/>\n[\/coluna]<\/p>\n<p>[column size=\"1-2\u2033 last=\"0\u2033]<br \/>\n[separadores estilo=\"2\u2033]<br \/>\n[title=\"D\u00fcsseldorf\"]<br \/>\n<img loading=\"lazy\" decoding=\"async\" width=\"800\" height=\"533\" src=\"https:\/\/konferenztechnik.de\/wp-content\/uploads\/2013\/09\/monika_van_den_boogaard_pcs-gmbh.jpg\" alt=\"monika_van_den_boogaard_pcs-gmbh\" class=\"alignleft size-full wp-image-2312\" title=\"\" srcset=\"https:\/\/konferenztechnik.de\/wp-content\/uploads\/2013\/09\/monika_van_den_boogaard_pcs-gmbh.jpg 800w, https:\/\/konferenztechnik.de\/wp-content\/uploads\/2013\/09\/monika_van_den_boogaard_pcs-gmbh-300x200.jpg 300w, https:\/\/konferenztechnik.de\/wp-content\/uploads\/2013\/09\/monika_van_den_boogaard_pcs-gmbh-768x512.jpg 768w\" sizes=\"(max-width: 800px) 100vw, 800px\" \/><br \/>\nMonika van den Boogaard<br \/>\nConsultor de projectos Aluguer<br \/>\nTelefone +49 211 737798 10<br \/>\n<span class=\"volleansicht\">correio eletr\u00f3nico <a href=\"mailto:vandenboogaard@konferenztechnik.de\" onclick=\"ga('send', 'event', 'Email-Klick', 'F\u00fchrungsanlagen Boogaard');\">escrever<\/a><br \/><\/span><br \/>\n<span class=\"mobileansicht\">correio eletr\u00f3nico <a href=\"mailto:vandenboogaard@konferenztechnik.de\" onclick=\"ga('send', 'event', 'Email-Klick', 'F\u00fchrungsanlagen Boogaard');\">escrever<\/a><br \/><\/span><br \/>\nC\u00f3digo QR <a href=\"https:\/\/konferenztechnik.de\/wp-content\/uploads\/2013\/09\/monika_van_den_boogaard_qrcode.png\" title=\"C\u00f3digo QR Monika van den Boogaard\">&#x9B; mostrar<\/a><br \/>\n[\/tab]<br \/>\n[\/tabs]<br \/>\n[\/coluna]<\/p>\n<p>[column size=\"1-4\u2033 last=\"1\u2033]<br \/>\n[separadores estilo=\"2\u2033]<br \/>\n[separadores estilo=\"2\u2033]<br \/>\n[title=\"Heilbronn\"]<br \/>\n<img loading=\"lazy\" decoding=\"async\" width=\"800\" height=\"533\" src=\"https:\/\/konferenztechnik.de\/wp-content\/uploads\/2013\/08\/viola-eberhardt-pcs-gmbh.jpg\" alt=\"Viola Eberhardt PCS GmbH\" class=\"alignleft size-full wp-image-5950\" title=\"\" srcset=\"https:\/\/konferenztechnik.de\/wp-content\/uploads\/2013\/08\/viola-eberhardt-pcs-gmbh.jpg 800w, https:\/\/konferenztechnik.de\/wp-content\/uploads\/2013\/08\/viola-eberhardt-pcs-gmbh-300x200.jpg 300w, https:\/\/konferenztechnik.de\/wp-content\/uploads\/2013\/08\/viola-eberhardt-pcs-gmbh-768x512.jpg 768w\" sizes=\"(max-width: 800px) 100vw, 800px\" \/><br \/>\nViola Eberhardt<br \/>\nGest\u00e3o e programa\u00e7\u00e3o de projectos<br \/>\nTelefone +49 7131 278010 11<br \/>\n<span class=\"volleansicht\">correio eletr\u00f3nico <a href=\"mailto:eberhardt@konferenztechnik.de\" onclick=\"ga('send', 'event', 'Email-Klick', 'F\u00fchrungsanlagen Eberhardt');\">escrever<\/a><br \/><\/span><br \/>\n<span class=\"mobileansicht\">correio eletr\u00f3nico <a href=\"mailto:eberhardt@konferenztechnik.de\" onclick=\"ga('send', 'event', 'Email-Klick', 'F\u00fchrungsanlagen Eberhardt');\">escrever<\/a><br \/><\/span><br \/>\nC\u00f3digo QR <a href=\"https:\/\/konferenztechnik.de\/wp-content\/uploads\/2013\/08\/viola-eberhardt-qr-code.png\" rel=\"attachment wp-att-5951\">Mostrar \u203a<\/a><br \/>\n[\/tab]<br \/>\n[\/tabs]<br \/>\n[\/coluna]<\/p>","protected":false},"excerpt":{"rendered":"<p>F\u00fchrungsanlagen und Tourguide-Systeme mieten Drahtlose Personen-F\u00fchrungsanlagen oder auch Tourguide-Systeme werden bei F\u00fchrungen auf Messen, in Museen, im \u00f6ffentlichen Raum oder in Fabrikhallen eingesetzt, um eine einwandfreie Verbindung vom Redner zur Gruppe zu gew\u00e4hrleisten. Ein weitereres Einsatzgebiet ist das Fl\u00fcsterdolmetschen. Durch die flexible Kanalauswahl k\u00f6nnen mehrere Gruppen gleichzeitig unabh\u00e4ngig voneinander an F\u00fchrungen teilnehmen. Bei Teilnehmern mit [&hellip;]<\/p>","protected":false},"author":1,"featured_media":45482,"parent":3618,"menu_order":159,"comment_status":"closed","ping_status":"open","template":"","meta":{"_acf_changed":false,"footnotes":""},"class_list":["post-1807","page","type-page","status-publish","has-post-thumbnail","hentry"],"acf":[],"_links":{"self":[{"href":"https:\/\/konferenztechnik.de\/pt\/wp-json\/wp\/v2\/pages\/1807","targetHints":{"allow":["GET"]}}],"collection":[{"href":"https:\/\/konferenztechnik.de\/pt\/wp-json\/wp\/v2\/pages"}],"about":[{"href":"https:\/\/konferenztechnik.de\/pt\/wp-json\/wp\/v2\/types\/page"}],"author":[{"embeddable":true,"href":"https:\/\/konferenztechnik.de\/pt\/wp-json\/wp\/v2\/users\/1"}],"replies":[{"embeddable":true,"href":"https:\/\/konferenztechnik.de\/pt\/wp-json\/wp\/v2\/comments?post=1807"}],"version-history":[{"count":0,"href":"https:\/\/konferenztechnik.de\/pt\/wp-json\/wp\/v2\/pages\/1807\/revisions"}],"up":[{"embeddable":true,"href":"https:\/\/konferenztechnik.de\/pt\/wp-json\/wp\/v2\/pages\/3618"}],"wp:featuredmedia":[{"embeddable":true,"href":"https:\/\/konferenztechnik.de\/pt\/wp-json\/wp\/v2\/media\/45482"}],"wp:attachment":[{"href":"https:\/\/konferenztechnik.de\/pt\/wp-json\/wp\/v2\/media?parent=1807"}],"curies":[{"name":"wp","href":"https:\/\/api.w.org\/{rel}","templated":true}]}}