{"id":18584,"date":"2021-10-05T11:33:23","date_gmt":"2021-10-05T10:33:23","guid":{"rendered":"https:\/\/www.konferenztechnik.de\/?page_id=18584"},"modified":"2023-09-01T11:51:05","modified_gmt":"2023-09-01T09:51:05","slug":"planeador-de-projectos-f-d-m-no-dominio-da-tecnologia-de-conferencias-e-eventos","status":"publish","type":"page","link":"https:\/\/konferenztechnik.de\/pt\/planeador-de-projectos-f-d-m-no-dominio-da-tecnologia-de-conferencias-e-eventos\/","title":{"rendered":"Respons\u00e1vel pelo planeamento de projectos (f\/m) no dom\u00ednio da tecnologia de confer\u00eancias e eventos"},"content":{"rendered":"<p>[column size=&#8220;3-4&#8243; last=&#8220;0&#8243;]<br \/>\n[note color=&#8220;#FFCC00&#8243;]<br \/>\n[spacer size=&#8220;20&#8243;]<br \/>\nDie Stelle ist mittlerweile besetzt. Vielen Dank f\u00fcr Ihre Bewerbungen!<br \/>\n[spacer size=&#8220;20&#8243;]<br \/>\n[\/note]<\/p>\n<h1><strong>Wir suchen Projektplaner:in (w\/d\/m) im Bereich Konferenztechnik und Event<\/strong><\/h1>\n<p>F\u00fcr alle Standorte suchen wir ab sofort eine:n Projektplaner:in (w\/d\/m) im Bereich Konferenz-, <a href=\"https:\/\/konferenztechnik.de\/pt\/aluguer-de-cabinas-de-interpretacao-duesseldorf\/\">Simultantechnik<\/a> und Event.<\/p>\n<h2><strong>Ihre Aufgaben<\/strong><\/h2>\n<ul>\n<li>Sie \u00fcbernehmen fachplanerische Aufgaben f\u00fcr unsere Projekte.<\/li>\n<li>Sie organisieren und kontrollieren die Prozesse vor, w\u00e4hrend und nach Projekten: Technische Planung, Personalplanung, Fahrzeuglogistik, Warenr\u00fccksendungen und Briefings.<\/li>\n<li>Sie disponieren Material und Ressourcen (Techniker:innen, Fahrzeuge) f\u00fcr unsere Projekte in der Projektsoftware EasyJob.<\/li>\n<li>Sie organisieren und \u00fcberwachen den reibungslosen Warenaustausch zwischen unseren Filialen und sichern so die Verf\u00fcgbarkeit von Ressourcen und Material f\u00fcr alle laufenden und anstehenden Projekte.<\/li>\n<li>Sie sind Ansprechpartner:in sowohl f\u00fcr unsere Kunden und Partner:innen als auch intern f\u00fcr unsere Techniker:innen, Projektplaner:innen und Lagerlogistiker:innen.<\/li>\n<\/ul>\n<p>[\/column]<br \/>\n[column size=&#8220;1-4&#8243; last=&#8220;1&#8243;]<\/p>\n<div class=\"box1-4\" style=\"margin-bottom: 0!important; margin-top:50px\">\n<b><span class=\"pcs-color\">Bewerbungen und R\u00fcckfragen<\/span><\/b><br \/>\n<img fetchpriority=\"high\" decoding=\"async\" width=\"800\" height=\"533\" src=\"https:\/\/konferenztechnik.de\/wp-content\/uploads\/2013\/09\/thorsten_geissler_pcs-gmbh.jpg\" alt=\"Thorsten Gei\u00dfler\" class=\"alignleft size-full wp-image-2317\" title=\"\" srcset=\"https:\/\/konferenztechnik.de\/wp-content\/uploads\/2013\/09\/thorsten_geissler_pcs-gmbh.jpg 800w, https:\/\/konferenztechnik.de\/wp-content\/uploads\/2013\/09\/thorsten_geissler_pcs-gmbh-300x200.jpg 300w, https:\/\/konferenztechnik.de\/wp-content\/uploads\/2013\/09\/thorsten_geissler_pcs-gmbh-768x512.jpg 768w\" sizes=\"(max-width: 800px) 100vw, 800px\" \/><\/p>\n<p>Thorsten Gei\u00dfler<br \/>\n<a href=\"tel:+4921173779816\"><b>+49 211 737798 16<\/b><\/a><br \/>\n<span class=\"volleansicht\"><a href=\"mailto:geissler@konferenztechnik.de\" onclick=\"ga('send', 'event', 'Email-Klick', 'Kontakt bewerben');\">geissler@konferenztechnik.de<\/a><br \/>\n<\/span><br \/>\n<span class=\"mobileansicht\"><a href=\"mailto:geissler@konferenztechnik.de\" onclick=\"ga('send', 'event', 'Email-Klick', 'Kontakt bewerben');\">schreiben<\/a><br \/>\n<\/span><\/p>\n<\/div>\n<p>[\/column]<\/p>\n<p>[spacer size=&#8220;20&#8243;]<\/p>\n<h2><strong>Ihre Erfahrungen und Kenntnisse<\/strong><\/h2>\n<ul>\n<li>Erfahrung im Bereich Disposition oder Projektplanung in der Veranstaltungsbranche<\/li>\n<li>Kenntnisse im Umgang mit Projektsoftwares und Warenwirtschaftssystemen, am besten mit Protonic EasyJob<\/li>\n<li>Sehr gute Kenntnisse der Bereiche AV-Medientechnik sowie Konferenz- und Simultantechnik<\/li>\n<li>Sie arbeiten im hohen Ma\u00dfe kunden- und dienstleistungsorientiert<\/li>\n<li>Sie arbeiten gerne im Team und im Austausch mit Kollegen<\/li>\n<li>Sie verf\u00fcgen \u00fcber eine schnelle Auffassungsgabe und entwickeln schnell L\u00f6sungsans\u00e4tze<\/li>\n<li>Sie arbeiten sehr strukturiert und behalten stets den \u00dcberblick<\/li>\n<li>Sehr gute Computerkenntnisse (PC, Windows, Microsoft Office)<\/li>\n<li>Sehr gute Deutschkenntnisse in Wort und Schrift<\/li>\n<li>Gute Englischkenntnisse in Wort und Schrift<\/li>\n<\/ul>\n<p>[spacer size=&#8220;20&#8243;]<\/p>\n<h2><strong>Das bieten wir<\/strong><\/h2>\n<ul>\n<li>Eine Festanstellung (Flexible Arbeitsmodelle: Vollzeit, Teilzeit, Minijob, Midijob oder Werkstudent:in m\u00f6glich)<\/li>\n<li>Die M\u00f6glichkeit mobil zu arbeiten<\/li>\n<li>Betriebliche Rentenvorsorge<\/li>\n<li>Betriebskrankenversicherung (Zahnzusatz, Brille)<\/li>\n<li>Jobrad<\/li>\n<li>Interessante und abwechslungsreiche Projekte<\/li>\n<li>Ein motiviertes Team, das Spa\u00df und Freude an der Arbeit hat<\/li>\n<li>Flexible Arbeitszeiten<\/li>\n<li>Flache Hierarchien<\/li>\n<\/ul>\n","protected":false},"excerpt":{"rendered":"<p>[column size=&#8220;3-4&#8243; last=&#8220;0&#8243;] [note color=&#8220;#FFCC00&#8243;] [spacer size=&#8220;20&#8243;] Die Stelle ist mittlerweile besetzt. Vielen Dank f\u00fcr Ihre Bewerbungen! [spacer size=&#8220;20&#8243;] [\/note] Wir suchen Projektplaner:in (w\/d\/m) im Bereich Konferenztechnik und Event F\u00fcr alle Standorte suchen wir ab sofort eine:n Projektplaner:in (w\/d\/m) im Bereich Konferenz-, Simultantechnik und Event. Ihre Aufgaben Sie \u00fcbernehmen fachplanerische Aufgaben f\u00fcr unsere Projekte. Sie [&hellip;]<\/p>\n","protected":false},"author":1,"featured_media":45482,"parent":0,"menu_order":0,"comment_status":"closed","ping_status":"closed","template":"","meta":{"_acf_changed":false,"footnotes":""},"class_list":["post-18584","page","type-page","status-publish","has-post-thumbnail","hentry"],"acf":[],"_links":{"self":[{"href":"https:\/\/konferenztechnik.de\/pt\/wp-json\/wp\/v2\/pages\/18584","targetHints":{"allow":["GET"]}}],"collection":[{"href":"https:\/\/konferenztechnik.de\/pt\/wp-json\/wp\/v2\/pages"}],"about":[{"href":"https:\/\/konferenztechnik.de\/pt\/wp-json\/wp\/v2\/types\/page"}],"author":[{"embeddable":true,"href":"https:\/\/konferenztechnik.de\/pt\/wp-json\/wp\/v2\/users\/1"}],"replies":[{"embeddable":true,"href":"https:\/\/konferenztechnik.de\/pt\/wp-json\/wp\/v2\/comments?post=18584"}],"version-history":[{"count":0,"href":"https:\/\/konferenztechnik.de\/pt\/wp-json\/wp\/v2\/pages\/18584\/revisions"}],"wp:featuredmedia":[{"embeddable":true,"href":"https:\/\/konferenztechnik.de\/pt\/wp-json\/wp\/v2\/media\/45482"}],"wp:attachment":[{"href":"https:\/\/konferenztechnik.de\/pt\/wp-json\/wp\/v2\/media?parent=18584"}],"curies":[{"name":"wp","href":"https:\/\/api.w.org\/{rel}","templated":true}]}}