{"id":1862,"date":"2013-09-06T10:18:15","date_gmt":"2013-09-06T08:18:15","guid":{"rendered":"https:\/\/konferenztechnik.de\/?page_id=1862"},"modified":"2013-09-06T10:18:15","modified_gmt":"2013-09-06T08:18:15","slug":"sistemas-de-orientacao-beyerdynamic","status":"publish","type":"page","link":"https:\/\/konferenztechnik.de\/pt\/distribuicao-de-tecnologia-de-conferencia-e-de-meios-de-comunicacao-av\/sistemas-de-orientacao-beyerdynamic\/","title":{"rendered":"Sistemas de orienta\u00e7\u00e3o Beyerdynamic"},"content":{"rendered":"<h1>Sistemas de guia e sistemas de guia tur\u00edstico da Beyerdynamic<\/h1>\n<p>A comunica\u00e7\u00e3o eficaz est\u00e1 a tornar-se cada vez mais importante no mundo de hoje. A tecnologia fi\u00e1vel constitui a base de todas as aplica\u00e7\u00f5es \u00e1udio na pol\u00edtica, ind\u00fastria e institui\u00e7\u00f5es p\u00fablicas. O sistema de interpreta\u00e7\u00e3o e orienta\u00e7\u00e3o sem fios Synexis da Beyerdynamic oferece-lhe uma solu\u00e7\u00e3o vers\u00e1til e econ\u00f3mica at\u00e9 para os requisitos mais exigentes. Podem ser transmitidos at\u00e9 18 sinais \u00e1udio em simult\u00e2neo, quer para interpreta\u00e7\u00e3o em confer\u00eancias multilingues, quer para visitas guiadas em pavilh\u00f5es de f\u00e1bricas, museus ou ao ar livre. O Synexis permite uma apresenta\u00e7\u00e3o clara que \u00e9 compreendida por todos, em todo o lado.<\/p>\n<h2>Exemplos de aplica\u00e7\u00e3o:<\/h2>\n<ul>\n<li>Gest\u00e3o operacional mesmo com n\u00edveis de ru\u00eddo elevados<\/li>\n<li>Apresenta\u00e7\u00e3o de m\u00e1quinas e produtos<\/li>\n<li>Forma\u00e7\u00e3o em mat\u00e9ria de seguran\u00e7a (autom\u00f3vel, bicicleta, patinagem em linha, etc.)<\/li>\n<li>Visitas guiadas a museus, castelos, galerias, exposi\u00e7\u00f5es e feiras<\/li>\n<li>Cursos de forma\u00e7\u00e3o, confer\u00eancias e reuni\u00f5es com interpreta\u00e7\u00e3o simult\u00e2nea, por exemplo, em conjunto com o sistema de interpreta\u00e7\u00e3o simult\u00e2nea SIS<\/li>\n<\/ul>\n<p>[spacer size=\"20\u2033]<\/p>\n<p>[separadores estilo=\"1\u2033]<br \/>\n[title=\"Artigo\"]<\/p>\n<h2>Recetor de bolso de r\u00e1dio \u2013 Synexis RP8<\/h2>\n<p>[column size=\"2-5\u2033 last=\"0\u2033]<\/p>\n<p><a href=\"https:\/\/konferenztechnik.de\/wp-content\/uploads\/2013\/09\/Empfaenger_Beyerdynamic_Synexis_rp8.jpg\"><img fetchpriority=\"high\" decoding=\"async\" width=\"530\" height=\"491\" src=\"https:\/\/konferenztechnik.de\/wp-content\/uploads\/2013\/09\/Empfaenger_Beyerdynamic_Synexis_rp8.jpg\" alt=\"Recetor Beyerdynamic Synexis RP8\" class=\"alignnone size-full wp-image-1874\" title=\"\" srcset=\"https:\/\/konferenztechnik.de\/wp-content\/uploads\/2013\/09\/Empfaenger_Beyerdynamic_Synexis_rp8.jpg 530w, https:\/\/konferenztechnik.de\/wp-content\/uploads\/2013\/09\/Empfaenger_Beyerdynamic_Synexis_rp8-300x278.jpg 300w\" sizes=\"(max-width: 530px) 100vw, 530px\" \/><\/a><\/p>\n<p>[\/coluna]<br \/>\n[column size=\"3-5\u2033 last=\"1\u2033]<\/p>\n<p>O recetor de bolso RP8 \u00e9 utilizado como um sistema de guia tur\u00edstico ou para confer\u00eancias com tradu\u00e7\u00e3o simult\u00e2nea multilingue. Os auscultadores ou um la\u00e7o de indu\u00e7\u00e3o para pessoas com aparelhos auditivos podem ser ligados \u00e0 liga\u00e7\u00e3o mini-jack, o que significa que o dispositivo tamb\u00e9m pode ser utilizado para apoiar a acessibilidade.<\/p>\n<p>[\/coluna]<br \/>\n[\/tab]<br \/>\n[title=\"Pormenores t\u00e9cnicos\"]<\/p>\n<h2>Recetor de bolso de r\u00e1dio \u2013 Synexis RP8<\/h2>\n<p>Um ecr\u00e3 OLED mostra o canal, o estado da bateria e a frequ\u00eancia. O recetor pode ser usado com o clipe de cinto amov\u00edvel ou com uma correia de pesco\u00e7o. O RP8 \u00e9 alimentado por duas pilhas recarreg\u00e1veis NiMH ou por pilhas AA normais de 1,5 V. As pilhas recarreg\u00e1veis n\u00e3o precisam de ser retiradas do dispositivo para serem carregadas e est\u00e3o protegidas contra a sobrecarga atrav\u00e9s de uma tecnologia de carregamento inteligente. O sistema eletr\u00f3nico de carregamento tamb\u00e9m reconhece se as pilhas recarreg\u00e1veis ou as pilhas est\u00e3o inseridas, de modo a que possa ser exclu\u00eddo um funcionamento incorreto.<\/p>\n<ul>\n<li>18 frequ\u00eancias ajust\u00e1veis com seletor de canais<\/li>\n<li>LED para indicador de funcionamento e estado de carga<\/li>\n<li>Ecr\u00e3 OLED para mostrar o canal, o estado da bateria, a frequ\u00eancia e a fun\u00e7\u00e3o de bloqueio da sele\u00e7\u00e3o de canais<\/li>\n<li>Liga\u00e7\u00e3o Jack (3,5 mm) para auscultadores ou aparelhos auditivos (por exemplo, la\u00e7o de indu\u00e7\u00e3o)<\/li>\n<li>Funcionamento com duas pilhas AA NiMH recarreg\u00e1veis ou pilhas AA de 1,5 V<\/li>\n<li>Tecnologia de carregamento inteligente com fun\u00e7\u00e3o de desligamento autom\u00e1tico<\/li>\n<li>Utiliz\u00e1vel com cord\u00e3o para o pesco\u00e7o ou clipe para o cinto<\/li>\n<\/ul>\n<p>[\/tab]<br \/>\n[\/tabs]<\/p>\n<p>[spacer size=\"20\u2033]<\/p>\n<p>[separadores estilo=\"1\u2033]<br \/>\n[title=\"Artigo\"]<\/p>\n<h2>Transmissor port\u00e1til \u2013 Synexis TH8<\/h2>\n<p>[column size=\"2-5\u2033 last=\"0\u2033]<\/p>\n<p><a href=\"https:\/\/konferenztechnik.de\/wp-content\/uploads\/2013\/09\/Handsender_Beyerdynamic_Synexis_th8.jpg\"><img decoding=\"async\" width=\"600\" height=\"233\" src=\"https:\/\/konferenztechnik.de\/wp-content\/uploads\/2013\/09\/Handsender_Beyerdynamic_Synexis_th8.jpg\" alt=\"Transmissor de m\u00e3o Beyerdynamic Synexis TH8\" class=\"alignnone size-full wp-image-1880\" title=\"\" srcset=\"https:\/\/konferenztechnik.de\/wp-content\/uploads\/2013\/09\/Handsender_Beyerdynamic_Synexis_th8.jpg 600w, https:\/\/konferenztechnik.de\/wp-content\/uploads\/2013\/09\/Handsender_Beyerdynamic_Synexis_th8-300x117.jpg 300w\" sizes=\"(max-width: 600px) 100vw, 600px\" \/><\/a><\/p>\n<p>[\/coluna]<br \/>\n[column size=\"3-5\u2033 last=\"1\u2033]<\/p>\n<p>O TH8 \u00e9 um microfone e um transmissor de r\u00e1dio num s\u00f3. Em conjunto com o recetor de r\u00e1dio RP8, \u00e9 adequado para ser utilizado como um sistema de guia tur\u00edstico, como um sistema de interpreta\u00e7\u00e3o sussurrada em pequenas reuni\u00f5es ou como amplifica\u00e7\u00e3o auditiva em reuni\u00f5es com participantes com problemas auditivos.<\/p>\n<p>[\/coluna]<br \/>\n[\/tab]<br \/>\n[title=\"Pormenores t\u00e9cnicos\"]<\/p>\n<h2>Transmissor port\u00e1til \u2013 Synexis TH8<\/h2>\n<p>O transmissor transmite a uma dist\u00e2ncia de at\u00e9 100 metros quando h\u00e1 contacto visual. O padr\u00e3o polar cardioide bloqueia eficazmente o ru\u00eddo de fundo. Um ecr\u00e3 OLED mostra o canal, o estado das pilhas e a frequ\u00eancia. O microfone \u00e9 alimentado por duas pilhas AA NiMH recarreg\u00e1veis ou por pilhas AA convencionais de 1,5 V. O transmissor pode ser usado \u00e0 volta do pesco\u00e7o com uma correia de pesco\u00e7o opcional.<\/p>\n<ul>\n<li>18 Frequ\u00eancias<\/li>\n<li>Microfone com compensa\u00e7\u00e3o de ru\u00eddo com carater\u00edstica cardioide de baixo retorno<\/li>\n<li>Ecr\u00e3 OLED para mostrar o canal, o estado da bateria e a frequ\u00eancia<\/li>\n<li>Bot\u00e3o de comando program\u00e1vel para a fun\u00e7\u00e3o de silenciamento (muting)<\/li>\n<li>Sensibilidade ajust\u00e1vel atrav\u00e9s de um interrutor de 2 n\u00edveis (Hi\/Low)<\/li>\n<li>Antena integrada<\/li>\n<li>Funcionamento com duas pilhas AA NiMH recarreg\u00e1veis ou pilhas AA de 1,5 V<\/li>\n<\/ul>\n<p>[\/tab]<br \/>\n[\/tabs]<\/p>\n<p>[spacer size=\"20\u2033]<\/p>\n<p>[separadores estilo=\"1\u2033]<br \/>\n[title=\"Artigo\"]<\/p>\n<h2>\u2013 Transmissor de cinto de seguran\u00e7a Synexis TP8<\/h2>\n<p>[column size=\"2-5\u2033 last=\"0\u2033]<\/p>\n<p><a href=\"https:\/\/konferenztechnik.de\/wp-content\/uploads\/2013\/09\/Taschensender_Beyerdynamic_Synexis_tp8.jpg\"><img decoding=\"async\" width=\"245\" height=\"423\" src=\"https:\/\/konferenztechnik.de\/wp-content\/uploads\/2013\/09\/Taschensender_Beyerdynamic_Synexis_tp8.jpg\" alt=\"Transmissor de cinto de seguran\u00e7a Beyerdynamic Synexis TP8\" class=\"alignnone size-full wp-image-1890\" title=\"\" srcset=\"https:\/\/konferenztechnik.de\/wp-content\/uploads\/2013\/09\/Taschensender_Beyerdynamic_Synexis_tp8.jpg 245w, https:\/\/konferenztechnik.de\/wp-content\/uploads\/2013\/09\/Taschensender_Beyerdynamic_Synexis_tp8-174x300.jpg 174w\" sizes=\"(max-width: 245px) 100vw, 245px\" \/><\/a><\/p>\n<p>[\/coluna]<br \/>\n[column size=\"3-5\u2033 last=\"1\u2033]<\/p>\n<p>O transmissor bodypack Synexis TP8 \u00e9 utilizado em conjunto com o recetor bodypack Synexis RP8 para visitas guiadas, confer\u00eancias ou para amplifica\u00e7\u00e3o auditiva. Pode ser ligado um microfone de lapela ou de fita para o pesco\u00e7o \u00e0 liga\u00e7\u00e3o mini XLR de 4 pinos.<\/p>\n<p>[\/coluna]<br \/>\n[\/tab]<br \/>\n[title=\"Pormenores t\u00e9cnicos\"]<\/p>\n<h2>\u2013 Transmissor de cinto de seguran\u00e7a Synexis TP8 <\/h2>\n<p>A sensibilidade do microfone pode ser ajustada para comunica\u00e7\u00e3o de perto ou de longa dist\u00e2ncia utilizando um interrutor de 3 posi\u00e7\u00f5es. Uma fonte de \u00e1udio externa tamb\u00e9m pode ser ligada \u00e0 liga\u00e7\u00e3o aux-in para gravar m\u00fasica ou grava\u00e7\u00f5es de voz. O canal, o estado da bateria e a frequ\u00eancia podem ser lidos no ecr\u00e3 OLED. O transmissor \u00e9 alimentado por duas pilhas recarreg\u00e1veis NiMH ou por pilhas AA normais de 1,5 V.<\/p>\n<ul>\n<li>18 Frequ\u00eancias<\/li>\n<li>Ecr\u00e3 OLED para mostrar o canal, o estado da bateria e a frequ\u00eancia<\/li>\n<li>Fun\u00e7\u00e3o de silenciamento Microfone (fun\u00e7\u00e3o de silenciamento)<\/li>\n<li>Liga\u00e7\u00e3o auxiliar para uma fonte de sinal \u00e1udio, como um leitor de MP3<\/li>\n<li>Liga\u00e7\u00e3o para microfone, mini XLR de 4 pinos com sensibilidade ajust\u00e1vel<\/li>\n<li>Funcionamento com duas pilhas AA NiMH recarreg\u00e1veis ou pilhas AA de 1,5 V<\/li>\n<li>Tecnologia de carregamento inteligente com fun\u00e7\u00e3o de desligamento autom\u00e1tico<\/li>\n<li>Clipe de cinto amov\u00edvel para prender \u00e0 roupa<\/li>\n<li>Pode ser usado \u00e0 volta do pesco\u00e7o com um cord\u00e3o<\/li>\n<\/ul>\n<p>[\/tab]<br \/>\n[\/tabs]<\/p>\n<p>[spacer size=\"20\u2033]<\/p>\n<p>[separadores estilo=\"1\u2033]<br \/>\n[title=\"Artigo\"]<\/p>\n<h2> Mala de carregamento e transporte \u2013 Synexis C20<\/h2>\n<p>[column size=\"2-5\u2033 last=\"0\u2033]<\/p>\n<p><a href=\"https:\/\/konferenztechnik.de\/wp-content\/uploads\/2013\/09\/Ladekoffer_Beyerdynamic_Synexis_c20.jpg\"><img loading=\"lazy\" decoding=\"async\" width=\"600\" height=\"506\" src=\"https:\/\/konferenztechnik.de\/wp-content\/uploads\/2013\/09\/Ladekoffer_Beyerdynamic_Synexis_c20.jpg\" alt=\"Estojo de carregamento Beyerdynamic Synexis C20\" class=\"alignnone size-full wp-image-1893\" title=\"\" srcset=\"https:\/\/konferenztechnik.de\/wp-content\/uploads\/2013\/09\/Ladekoffer_Beyerdynamic_Synexis_c20.jpg 600w, https:\/\/konferenztechnik.de\/wp-content\/uploads\/2013\/09\/Ladekoffer_Beyerdynamic_Synexis_c20-300x253.jpg 300w\" sizes=\"(max-width: 600px) 100vw, 600px\" \/><\/a><\/p>\n<p>[\/coluna]<br \/>\n[column size=\"3-5\u2033 last=\"1\u2033]<\/p>\n<p>O carregador Synexis C8 pode ser utilizado para carregar at\u00e9 oito transmissores bodypack ou receptores bodypack Synexis e um transmissor de m\u00e3o.<\/p>\n<p>[\/coluna]<br \/>\n[\/tab]<br \/>\n[title=\"Pormenores t\u00e9cnicos\"]<\/p>\n<p>O carregador Synexis C20 pode ser utilizado para carregar at\u00e9 20 transmissores bodypack ou receptores bodypack e um transmissor de m\u00e3o. O carregador est\u00e1 integrado num carrinho com uma pega para transporte.<\/p>\n<p>A mala tamb\u00e9m serve como local de armazenamento para todo o sistema Synexis. Existe um compartimento na tampa da mala onde podem ser guardados auscultadores, microfones ou outros acess\u00f3rios.<\/p>\n<ul>\n<li>Carregador e estojo de transporte num s\u00f3<\/li>\n<li>Fun\u00e7\u00e3o de rolamento e pega de transporte<\/li>\n<li>Vinte ranhuras de carregamento para receptores\/transmissores de bolso<\/li>\n<li>Uma ranhura de carregamento para transmissores de m\u00e3o<\/li>\n<li>Compartimento de acess\u00f3rios<\/li>\n<\/ul>\n<p>[\/tab]<br \/>\n[\/tabs]<\/p>\n<p>[spacer size=\"20\u2033]<\/p>\n<p>[separadores estilo=\"1\u2033]<br \/>\n[title=\"Artigo\"]<\/p>\n<h2>Carregador \u2013 Synexis C8<\/h2>\n<p>[column size=\"2-5\u2033 last=\"0\u2033]<\/p>\n<p><a href=\"https:\/\/konferenztechnik.de\/wp-content\/uploads\/2013\/09\/Ladegeraet_Beyerdynamic_Synexis_c8.jpg\"><img loading=\"lazy\" decoding=\"async\" width=\"600\" height=\"233\" src=\"https:\/\/konferenztechnik.de\/wp-content\/uploads\/2013\/09\/Ladegeraet_Beyerdynamic_Synexis_c8.jpg\" alt=\"Carregador Beyerdynamic Synexis C8\" class=\"alignnone size-full wp-image-1891\" title=\"\" srcset=\"https:\/\/konferenztechnik.de\/wp-content\/uploads\/2013\/09\/Ladegeraet_Beyerdynamic_Synexis_c8.jpg 600w, https:\/\/konferenztechnik.de\/wp-content\/uploads\/2013\/09\/Ladegeraet_Beyerdynamic_Synexis_c8-300x117.jpg 300w\" sizes=\"(max-width: 600px) 100vw, 600px\" \/><\/a><\/p>\n<p>[\/coluna]<br \/>\n[column size=\"3-5\u2033 last=\"1\u2033]<\/p>\n<p>O carregador Synexis C8 pode ser utilizado para carregar at\u00e9 oito transmissores bodypack ou receptores bodypack Synexis e um transmissor de m\u00e3o.<\/p>\n<p>[\/coluna]<br \/>\n[\/tab]<br \/>\n[title=\"Pormenores t\u00e9cnicos\"]<\/p>\n<h2>Carregador \u2013 Synexis C8<\/h2>\n<ul>\n<li>Oito ranhuras de carregamento para receptores\/transmissores de bolso<\/li>\n<li>Uma ranhura de carregamento para transmissores de m\u00e3o<\/li>\n<li>Liga\u00e7\u00e3o \u00e0 rede el\u00e9ctrica, em cascata<\/li>\n<li>LED para indicador de funcionamento<\/li>\n<li>Caixa met\u00e1lica robusta, 19\", 3 U<\/li>\n<\/ul>\n<p>O carregador tamb\u00e9m est\u00e1 dispon\u00edvel na vers\u00e3o C10 com ranhuras de carregamento para 10 receptores\/transmissores bodypack, sem uma ranhura de carregamento de transmissor port\u00e1til.<\/p>\n<p>[\/tab]<br \/>\n[\/tabs]<\/p>\n<p>[spacer size=\"20\u2033]<\/p>\n<p>[separadores estilo=\"1\u2033]<br \/>\n[title=\"Artigo\"]<\/p>\n<h2>Auricular \u00fanico \u2013 DT 1S<\/h2>\n<p>[column size=\"2-5\u2033 last=\"0\u2033]<\/p>\n<p><a href=\"https:\/\/konferenztechnik.de\/wp-content\/uploads\/2013\/09\/Einohrhoerer_Beyerdynamic_dt1s.jpg\"><img loading=\"lazy\" decoding=\"async\" width=\"298\" height=\"449\" src=\"https:\/\/konferenztechnik.de\/wp-content\/uploads\/2013\/09\/Einohrhoerer_Beyerdynamic_dt1s.jpg\" alt=\"Auscultadores simples Beyerdynamic DT1S\" class=\"alignnone size-full wp-image-1892\" title=\"\" srcset=\"https:\/\/konferenztechnik.de\/wp-content\/uploads\/2013\/09\/Einohrhoerer_Beyerdynamic_dt1s.jpg 298w, https:\/\/konferenztechnik.de\/wp-content\/uploads\/2013\/09\/Einohrhoerer_Beyerdynamic_dt1s-199x300.jpg 199w\" sizes=\"(max-width: 298px) 100vw, 298px\" \/><\/a><\/p>\n<p>[\/coluna]<br \/>\n[column size=\"3-5\u2033 last=\"1\u2033]<\/p>\n<p>Os auriculares podem ser utilizados para sistemas de orienta\u00e7\u00e3o pessoal ou para sistemas de confer\u00eancia instalados permanentemente.<\/p>\n<p>[\/coluna]<br \/>\n[\/tab]<br \/>\n[title=\"Pormenores t\u00e9cnicos\"]<\/p>\n<h2>Auricular \u00fanico \u2013 DT 1S<\/h2>\n<p>Os auscultadores monoauriculares est\u00e3o dispon\u00edveis com um comprimento de cabo de 0,8 ou 1,6 metros e uma liga\u00e7\u00e3o mono jack. O design leve garante um elevado conforto de utiliza\u00e7\u00e3o. Os auscultadores s\u00e3o tamb\u00e9m f\u00e1ceis de limpar.<\/p>\n<ul>\n<li>Constru\u00e7\u00e3o robusta<\/li>\n<li>Limpeza f\u00e1cil<\/li>\n<\/ul>\n<p>[\/tab]<br \/>\n[\/tabs]<\/p>\n<p>[spacer size=\"20\u2033]<\/p>\n<p>[separadores estilo=\"1\u2033]<br \/>\n[title=\"Artigo\"]<\/p>\n<h2>Auscultadores de fita para o pesco\u00e7o \u2013 DT3<\/h2>\n<p>[column size=\"2-5\u2033 last=\"0\u2033]<\/p>\n<p><a href=\"https:\/\/konferenztechnik.de\/wp-content\/uploads\/2013\/09\/Nackenbuegelkopfhoerer_Beyerdynamic_DT3.jpg\"><img loading=\"lazy\" decoding=\"async\" width=\"332\" height=\"230\" src=\"https:\/\/konferenztechnik.de\/wp-content\/uploads\/2013\/09\/Nackenbuegelkopfhoerer_Beyerdynamic_DT3.jpg\" alt=\"Auscultadores com fita para o pesco\u00e7o Beyerdynamic DT3\" class=\"alignnone size-full wp-image-1894\" title=\"\" srcset=\"https:\/\/konferenztechnik.de\/wp-content\/uploads\/2013\/09\/Nackenbuegelkopfhoerer_Beyerdynamic_DT3.jpg 332w, https:\/\/konferenztechnik.de\/wp-content\/uploads\/2013\/09\/Nackenbuegelkopfhoerer_Beyerdynamic_DT3-300x208.jpg 300w\" sizes=\"(max-width: 332px) 100vw, 332px\" \/><\/a><\/p>\n<p>[\/coluna]<br \/>\n[column size=\"3-5\u2033 last=\"1\u2033]<\/p>\n<p>Auscultadores est\u00e9reo com fita para o pesco\u00e7o para utiliza\u00e7\u00e3o com sistemas de orienta\u00e7\u00e3o ou sistemas de confer\u00eancia e interpreta\u00e7\u00e3o.<\/p>\n<p>[\/coluna]<br \/>\n[\/tab]<br \/>\n[title=\"Pormenores t\u00e9cnicos\"]<\/p>\n<h2>Auscultadores de fita para o pesco\u00e7o \u2013 DT3<\/h2>\n<p>A fita para o pesco\u00e7o torna-os muito confort\u00e1veis de usar. Os auscultadores s\u00e3o robustos e f\u00e1ceis de limpar ap\u00f3s a confer\u00eancia.<\/p>\n<ul>\n<li>Constru\u00e7\u00e3o robusta<\/li>\n<li>Limpeza f\u00e1cil<\/li>\n<li>Forma ergon\u00f3mica<\/li>\n<\/ul>\n<p>[\/tab]<br \/>\n[\/tabs]<\/p>\n<p>[spacer size=\"20\u2033]<\/p>\n<p>[separadores estilo=\"1\u2033]<br \/>\n[title=\"Artigo\"]<\/p>\n<h2>Circuito de indu\u00e7\u00e3o \u2013 Synexis IL100<\/h2>\n<p>[column size=\"2-5\u2033 last=\"0\u2033]<\/p>\n<p><a href=\"https:\/\/konferenztechnik.de\/wp-content\/uploads\/2013\/09\/Induktionsschleife_Beyerdynamic_Synexis_il80.jpg\"><img loading=\"lazy\" decoding=\"async\" width=\"207\" height=\"380\" src=\"https:\/\/konferenztechnik.de\/wp-content\/uploads\/2013\/09\/Induktionsschleife_Beyerdynamic_Synexis_il80.jpg\" alt=\"Circuito de indu\u00e7\u00e3o Beyerdynamic Synexis IL80\" class=\"alignnone size-full wp-image-1895\" title=\"\" srcset=\"https:\/\/konferenztechnik.de\/wp-content\/uploads\/2013\/09\/Induktionsschleife_Beyerdynamic_Synexis_il80.jpg 207w, https:\/\/konferenztechnik.de\/wp-content\/uploads\/2013\/09\/Induktionsschleife_Beyerdynamic_Synexis_il80-163x300.jpg 163w\" sizes=\"(max-width: 207px) 100vw, 207px\" \/><\/a><\/p>\n<p>[\/coluna]<br \/>\n[column size=\"3-5\u2033 last=\"1\u2033]<\/p>\n<p>O la\u00e7o de indu\u00e7\u00e3o foi concebido para ser utilizado com o recetor de bolso Synexis. \u00c9 ligado ao recetor em vez de um auricular e permite que o sinal seja transmitido diretamente para um aparelho auditivo normal, proporcionando assim uma transmiss\u00e3o de som sem barreiras.<\/p>\n<p>[\/coluna]<br \/>\n[\/tab]<br \/>\n[\/tabs]<\/p>\n<p>[spacer size=\"20\u2033]<\/p>\n<p>[separadores estilo=\"1\u2033]<br \/>\n[title=\"Artigo\"]<\/p>\n<h2> Informa\u00e7\u00f5es sobre o sistema de orienta\u00e7\u00e3o TTS300, que foi descontinuado<\/h2>\n<p>[column size=\"2-5\u2033 last=\"0\u2033]<\/p>\n<p><a href=\"https:\/\/konferenztechnik.de\/wp-content\/uploads\/2013\/09\/Funkempfaenger_FE316_ohne_KPF_gross.jpg\"><img loading=\"lazy\" decoding=\"async\" width=\"800\" height=\"404\" src=\"https:\/\/konferenztechnik.de\/wp-content\/uploads\/2013\/09\/Funkempfaenger_FE316_ohne_KPF_gross.jpg\" alt=\"Recetor sem fios Beyerdynamic FE316\" class=\"alignnone size-full wp-image-1896\" title=\"\" srcset=\"https:\/\/konferenztechnik.de\/wp-content\/uploads\/2013\/09\/Funkempfaenger_FE316_ohne_KPF_gross.jpg 800w, https:\/\/konferenztechnik.de\/wp-content\/uploads\/2013\/09\/Funkempfaenger_FE316_ohne_KPF_gross-300x152.jpg 300w, https:\/\/konferenztechnik.de\/wp-content\/uploads\/2013\/09\/Funkempfaenger_FE316_ohne_KPF_gross-768x388.jpg 768w\" sizes=\"(max-width: 800px) 100vw, 800px\" \/><\/a><\/p>\n<p>[\/coluna]<br \/>\n[column size=\"3-5\u2033 last=\"1\u2033]<\/p>\n<h2> Informa\u00e7\u00f5es sobre o sistema de orienta\u00e7\u00e3o TTS300, que foi descontinuado<\/h2>\n<p>O novo sistema Synexis apresentado acima substitui o comprovado sistema de orienta\u00e7\u00e3o Beyerdynamic TTS 300, que j\u00e1 n\u00e3o est\u00e1 dispon\u00edvel na Beyerdynamic. No entanto, a PCS continua a oferecer um servi\u00e7o completo para o sistema. Isto inclui trabalhos de manuten\u00e7\u00e3o e repara\u00e7\u00e3o ou a encomenda de pe\u00e7as sobresselentes e dispositivos de substitui\u00e7\u00e3o (enquanto durarem os stocks).<\/p>\n<p>[\/coluna]<br \/>\n[\/tab]<br \/>\n[title=\"Pormenores t\u00e9cnicos\"]<\/p>\n<h2> Informa\u00e7\u00f5es sobre o sistema de orienta\u00e7\u00e3o TTS300, que foi descontinuado<\/h2>\n<p>O sistema TTS 300 inclui os seguintes componentes:<\/p>\n<ul>\n<li>Recetor FE316<\/li>\n<li>Microfone emissor SEM316<\/li>\n<li>Transmissor de bolso TS316<\/li>\n<li>Transmissor estacion\u00e1rio CT316<\/li>\n<li>Carregador LG30<\/li>\n<\/ul>\n<p>Contacte o nosso departamento de assist\u00eancia t\u00e9cnica para quest\u00f5es relativas a trabalhos de manuten\u00e7\u00e3o e repara\u00e7\u00e3o ou para encomendar pe\u00e7as sobressalentes e dispositivos de substitui\u00e7\u00e3o (enquanto durarem os stocks) para este sistema TTS-300.<\/p>\n<p>[\/tab]<br \/>\n[\/tabs]<\/p>\n<p>[spacer size=\"20\u2033]<\/p>","protected":false},"excerpt":{"rendered":"<p>F\u00fchrungsanlagen und Tourguide Systeme der Firma Beyerdynamic In heutiger Zeit wird effektives Kommunizieren immer wichtiger. Eine zuverl\u00e4ssige Technik bildet dabei die Basis f\u00fcr alle Audioanwendungen in Politik, Industrie und \u00f6ffentlichen Einrichtungen. Mit dem drahtlosen Dolmetscher- und F\u00fchrungssystem Synexis von Beyerdynamic steht Ihnen selbst f\u00fcr h\u00f6chste Anspr\u00fcche eine vielseitig einsetzbare und kosteng\u00fcnstige L\u00f6sung zur Verf\u00fcgung. Bis [&hellip;]<\/p>","protected":false},"author":1,"featured_media":45482,"parent":3614,"menu_order":154,"comment_status":"closed","ping_status":"open","template":"page-right-sidebar.php","meta":{"_acf_changed":false,"footnotes":""},"class_list":["post-1862","page","type-page","status-publish","has-post-thumbnail","hentry"],"acf":[],"_links":{"self":[{"href":"https:\/\/konferenztechnik.de\/pt\/wp-json\/wp\/v2\/pages\/1862","targetHints":{"allow":["GET"]}}],"collection":[{"href":"https:\/\/konferenztechnik.de\/pt\/wp-json\/wp\/v2\/pages"}],"about":[{"href":"https:\/\/konferenztechnik.de\/pt\/wp-json\/wp\/v2\/types\/page"}],"author":[{"embeddable":true,"href":"https:\/\/konferenztechnik.de\/pt\/wp-json\/wp\/v2\/users\/1"}],"replies":[{"embeddable":true,"href":"https:\/\/konferenztechnik.de\/pt\/wp-json\/wp\/v2\/comments?post=1862"}],"version-history":[{"count":0,"href":"https:\/\/konferenztechnik.de\/pt\/wp-json\/wp\/v2\/pages\/1862\/revisions"}],"up":[{"embeddable":true,"href":"https:\/\/konferenztechnik.de\/pt\/wp-json\/wp\/v2\/pages\/3614"}],"wp:featuredmedia":[{"embeddable":true,"href":"https:\/\/konferenztechnik.de\/pt\/wp-json\/wp\/v2\/media\/45482"}],"wp:attachment":[{"href":"https:\/\/konferenztechnik.de\/pt\/wp-json\/wp\/v2\/media?parent=1862"}],"curies":[{"name":"wp","href":"https:\/\/api.w.org\/{rel}","templated":true}]}}