{"id":2103,"date":"2013-09-19T13:22:58","date_gmt":"2013-09-19T11:22:58","guid":{"rendered":"https:\/\/konferenztechnik.de\/?page_id=2103"},"modified":"2013-09-19T13:22:58","modified_gmt":"2013-09-19T11:22:58","slug":"impressao-2","status":"publish","type":"page","link":"https:\/\/konferenztechnik.de\/pt\/contacto\/impressao-2\/","title":{"rendered":"Impress\u00e3o"},"content":{"rendered":"<h1>Impress\u00e3o<\/h1>\n<p>Esta \u00e9 a apresenta\u00e7\u00e3o conjunta da PCS Vertriebs- und Service GmbH e da PCS Professional Conference Systems GmbH.<br \/>\nPara mais informa\u00e7\u00f5es, consultar as informa\u00e7\u00f5es abaixo.<\/p>\n<p>[column size=\"1-2\u2033 last=\"0\u2033]<br \/>\n<b>PCS Professional Conference Systems GmbH<\/b><\/p>\n<p><b>Titular<\/b><br \/>\nDirk Neumann<br \/>\nJ\u00f6rg Peschka<\/p>\n<p><b>Diretor Geral<\/b><br \/>\nDirk Neumann<br \/>\nJ\u00f6rg Peschka<br \/>\nGunnar Hermenau<br \/>\nThorsten Gei\u00dfler<\/p>\n<p><b>Endere\u00e7o<\/b><br \/>\nReisholzer Werftstra\u00dfe 42<br \/>\n40589 D\u00fcsseldorf<br \/>\nTelefone: +49 211 737798-0<br \/>\nFax: +49 211 737798-19<\/p>\n<p>Informa\u00e7\u00f5es complementares em conformidade com a lei sobre o enquadramento jur\u00eddico do com\u00e9rcio eletr\u00f3nico (EGG) em conjuga\u00e7\u00e3o com o \u00a7 6 da Lei dos Teleservi\u00e7os (TDG):<\/p>\n<p><b>Internet<\/b><br \/>\n<a href=\"https:\/\/konferenztechnik.de\/pt\">www.konferenztechnik.de<\/a><\/p>\n<p><b>correio eletr\u00f3nico<\/b><br \/>\n<a href=\"mailto:info@konferenztechnik.de\">info@konferenztechnik.de<\/a><\/p>\n<p><b>Funda\u00e7\u00e3o<\/b><br \/>\nautenticado em 28\/09\/1995<\/p>\n<p><b>Forma jur\u00eddica<\/b><br \/>\nLtd.<\/p>\n<p><b>Registo comercial<\/b><br \/>\nHRB 32720<br \/>\nTribunal de Primeira Inst\u00e2ncia de D\u00fcsseldorf<br \/>\nEntrada em 14 de novembro de 1995<\/p>\n<p><b>N\u00famero de identifica\u00e7\u00e3o fiscal de acordo com o \u00a7 27a da lei relativa ao imposto sobre as vendas<\/b><br \/>\nDE 176 161 352<\/p>\n<p><b>Associa\u00e7\u00e3o de seguros de responsabilidade civil da entidade patronal<\/b><br \/>\nVBG<br \/>\nAssocia\u00e7\u00e3o Administrativa do Seguro de Responsabilidade Civil das Empregadoras<br \/>\nN.\u00ba de inscri\u00e7\u00e3o 97\/0048\/8929<br \/>\n[\/coluna]<\/p>\n<p>[column size=\"1-2\u2033 last=\"1\u2033]<br \/>\n<b>PCS Vertriebs- und Service GmbH<\/b><\/p>\n<p><b>Titular<\/b><br \/>\nDirk Neumann<br \/>\nJ\u00f6rg Peschka<\/p>\n<p><b>Diretor Geral<\/b><br \/>\nDirk Neumann<br \/>\nJ\u00f6rg Peschka<br \/>\nGunnar Hermenau<br \/>\nThorsten Gei\u00dfler<\/p>\n<p><b>Endere\u00e7o<\/b><br \/>\nReisholzer Werftstra\u00dfe 42<br \/>\n40589 D\u00fcsseldorf<br \/>\nTelefone: +49 211 737798-20<br \/>\nFax: +49 211 737798-29<\/p>\n<p>Informa\u00e7\u00f5es complementares em conformidade com a lei sobre o enquadramento jur\u00eddico do com\u00e9rcio eletr\u00f3nico (EGG) em conjuga\u00e7\u00e3o com o \u00a7 6 da Lei dos Teleservi\u00e7os (TDG):<\/p>\n<p><b>Internet<\/b><br \/>\n<a href=\"https:\/\/konferenztechnik.de\/pt\">www.konferenztechnik.de<\/a><\/p>\n<p><b>correio eletr\u00f3nico<\/b><br \/>\n<a href=\"mailto:vertrieb@konferenztechnik.de\">vertrieb@konferenztechnik.de<\/a><\/p>\n<p><b>Funda\u00e7\u00e3o<\/b><br \/>\nautenticado em 22.12.2006<\/p>\n<p><b>Forma jur\u00eddica<\/b><br \/>\nLtd.<\/p>\n<p><b>Registo comercial<\/b><br \/>\nHRB 56501<br \/>\nTribunal de Primeira Inst\u00e2ncia de D\u00fcsseldorf<br \/>\nEntrada em 18.06.2007<\/p>\n<p><b>N\u00famero de identifica\u00e7\u00e3o fiscal de acordo com o \u00a7 27a da lei relativa ao imposto sobre as vendas<\/b><br \/>\nDE 814 889 174<\/p>\n<p><b>Associa\u00e7\u00e3o de seguros de responsabilidade civil da entidade patronal<\/b><br \/>\nBGHW<br \/>\nSeguro de Responsabilidade Civil do Empregador Associa\u00e7\u00e3o do Com\u00e9rcio e da Distribui\u00e7\u00e3o de Mercadorias<br \/>\nM 9\/984 7264<\/p>\n<p>[\/coluna]<\/p>\n<h2>Editor respons\u00e1vel<\/h2>\n<p>  J\u00f6rg Peschka<br \/>\n  <a href=\"mailto:impressum@konferenztechnik.de\">impressum@konferenztechnik.de<\/a><\/p>\n<h2>Direitos de utiliza\u00e7\u00e3o:<\/h2>\n<p>Direitos de autor \u00a9 1995-2018<br \/>\n  PCS Professional Conference Systems GmbH<br \/>\ne PCS Vertriebs- und Service GmbH<br \/>\n  Reisholzer Werftstra\u00dfe 42<br \/>\n  40589 D\u00fcsseldorf, Alemanha<\/p>\n<p>Todos os direitos reservados.<\/p>\n<p>A PCS Professional Conference Systems GmbH det\u00e9m todos os direitos de autor deste s\u00edtio Web. <\/p>\n<p>Os direitos de imagem s\u00e3o detidos pela PCS Professional Conference Systems GmbH, PCS Vertriebs- und Service GmbH e pelos respectivos fabricantes.<\/p>\n<p>\u00c9 expressamente proibido copiar, imprimir, reproduzir ou distribuir estas p\u00e1ginas web e os documentos e imagens nelas contidos, mesmo que parcialmente, sem a pr\u00e9via autoriza\u00e7\u00e3o escrita da \u2013. As p\u00e1ginas web e os documentos aqui disponibilizados s\u00f3 podem ser utilizados para fins informativos e n\u00e3o podem ser utilizados comercialmente.<\/p>\n<p>Verificamos cuidadosamente todos os conte\u00fados, imagens e direitos de imagem antes de os publicarmos no nosso s\u00edtio Web. Se, no entanto, tivermos cometido um erro, contacte-nos para que possamos resolver o problema de forma r\u00e1pida e simples. <a href=\"mailto:impressum@konferenztechnik.de\">impressum@konferenztechnik.de<\/a>. Muito obrigado!\n<\/p>\n<p><h2>Declara\u00e7\u00e3o de exonera\u00e7\u00e3o de responsabilidade<\/h2>\n<\/p>\n<p>Apesar do controlo cuidadoso do conte\u00fado, n\u00e3o assumimos qualquer responsabilidade pelo conte\u00fado das refer\u00eancias\/links externos. Os operadores das p\u00e1ginas ligadas s\u00e3o os \u00fanicos respons\u00e1veis pelo seu conte\u00fado.\n<\/p>\n<p>A PCS Professional Conference Systems GmbH esfor\u00e7a-se por assegurar que o conte\u00fado do seu s\u00edtio Web esteja sempre atualizado, correto e completo. No entanto, n\u00e3o \u00e9 poss\u00edvel excluir totalmente a exist\u00eancia de erros. A PCS Professional Conference Systems GmbH n\u00e3o assume qualquer responsabilidade pela atualidade, exatid\u00e3o ou integridade das informa\u00e7\u00f5es disponibilizadas no seu s\u00edtio Web, a menos que os erros tenham sido cometidos deliberadamente ou por neglig\u00eancia grave. Isto aplica-se a quaisquer danos materiais ou morais causados a terceiros pela utiliza\u00e7\u00e3o deste s\u00edtio Web.<\/p>\n<h2>Prote\u00e7\u00e3o de dados<\/h2>\n<p>Na seguinte liga\u00e7\u00e3o encontrar\u00e1 a nossa pol\u00edtica de privacidade:<br \/>\n<a href=\"https:\/\/konferenztechnik.de\/pt\/declaracao-de-protecao-de-dados\/\">Pol\u00edtica de privacidade do s\u00edtio Web www.konferenztechnik.de<\/a><br \/>\n[spacer size=\"40\u2033]<\/p>","protected":false},"excerpt":{"rendered":"<p>Impressum Dies ist der gemeinsame Auftritt der PCS Vertriebs- und Service GmbH und der PCS Professional Conference Systems GmbH. Einzelheiten entnehmen Sie bitte den Informationen unten. [column size=&#8220;1-2&#8243; last=&#8220;0&#8243;] PCS Professional Conference Systems GmbH Inhaber Dirk Neumann J\u00f6rg Peschka Gesch\u00e4ftsf\u00fchrer Dirk Neumann J\u00f6rg Peschka Gunnar Hermenau Thorsten Gei\u00dfler Adresse Reisholzer Werftstra\u00dfe 42 40589 D\u00fcsseldorf Tel.:+49 [&hellip;]<\/p>","protected":false},"author":1,"featured_media":45482,"parent":791,"menu_order":145,"comment_status":"closed","ping_status":"open","template":"","meta":{"_acf_changed":false,"footnotes":""},"class_list":["post-2103","page","type-page","status-publish","has-post-thumbnail","hentry"],"acf":[],"_links":{"self":[{"href":"https:\/\/konferenztechnik.de\/pt\/wp-json\/wp\/v2\/pages\/2103","targetHints":{"allow":["GET"]}}],"collection":[{"href":"https:\/\/konferenztechnik.de\/pt\/wp-json\/wp\/v2\/pages"}],"about":[{"href":"https:\/\/konferenztechnik.de\/pt\/wp-json\/wp\/v2\/types\/page"}],"author":[{"embeddable":true,"href":"https:\/\/konferenztechnik.de\/pt\/wp-json\/wp\/v2\/users\/1"}],"replies":[{"embeddable":true,"href":"https:\/\/konferenztechnik.de\/pt\/wp-json\/wp\/v2\/comments?post=2103"}],"version-history":[{"count":0,"href":"https:\/\/konferenztechnik.de\/pt\/wp-json\/wp\/v2\/pages\/2103\/revisions"}],"up":[{"embeddable":true,"href":"https:\/\/konferenztechnik.de\/pt\/wp-json\/wp\/v2\/pages\/791"}],"wp:featuredmedia":[{"embeddable":true,"href":"https:\/\/konferenztechnik.de\/pt\/wp-json\/wp\/v2\/media\/45482"}],"wp:attachment":[{"href":"https:\/\/konferenztechnik.de\/pt\/wp-json\/wp\/v2\/media?parent=2103"}],"curies":[{"name":"wp","href":"https:\/\/api.w.org\/{rel}","templated":true}]}}