{"id":24570,"date":"2023-04-15T18:12:35","date_gmt":"2023-04-15T16:12:35","guid":{"rendered":"http:\/\/dev.konferenztechnik.de\/?page_id=24570"},"modified":"2025-10-15T14:19:55","modified_gmt":"2025-10-15T12:19:55","slug":"produtos","status":"publish","type":"page","link":"https:\/\/konferenztechnik.de\/pt\/produtos\/","title":{"rendered":"Produtos"},"content":{"rendered":"<div data-elementor-type=\"wp-page\" data-elementor-id=\"24570\" class=\"elementor elementor-24570\" data-elementor-post-type=\"page\">\n\t\t\t\t<div data-particle_enable=\"false\" data-particle-mobile-disabled=\"false\" class=\"elementor-element elementor-element-bc8b1e9 e-flex e-con-boxed e-con e-parent\" data-id=\"bc8b1e9\" data-element_type=\"container\">\n\t\t\t\t\t<div class=\"e-con-inner\">\n\t\t\t\t<div class=\"elementor-element elementor-element-83a6fd2 elementor-widget__width-inherit elementor-widget elementor-widget-heading\" data-id=\"83a6fd2\" data-element_type=\"widget\" data-widget_type=\"heading.default\">\n\t\t\t\t<div class=\"elementor-widget-container\">\n\t\t\t\t\t<h1 class=\"elementor-heading-title elementor-size-default\">Produtos \u2013 alugar, comprar, instalar, arrendar<\/h1>\t\t\t\t<\/div>\n\t\t\t\t<\/div>\n\t\t\t\t<div class=\"elementor-element elementor-element-7f348d2 elementor-widget__width-inherit elementor-widget elementor-widget-text-editor\" data-id=\"7f348d2\" data-element_type=\"widget\" data-widget_type=\"text-editor.default\">\n\t\t\t\t<div class=\"elementor-widget-container\">\n\t\t\t\t\t\t\t\t\t<p>Pode alugar, comprar ou arrendar tecnologia para confer\u00eancias, tecnologia para eventos e tecnologia para meios de comunica\u00e7\u00e3o AV. Oferecemos servi\u00e7os como consultoria, planeamento, conce\u00e7\u00e3o, apoio, instala\u00e7\u00e3o e manuten\u00e7\u00e3o.<\/p>\t\t\t\t\t\t\t\t<\/div>\n\t\t\t\t<\/div>\n\t\t\t\t<div class=\"elementor-element elementor-element-0422a95 elementor-align-left elementor-widget elementor-widget-button\" data-id=\"0422a95\" data-element_type=\"widget\" data-widget_type=\"button.default\">\n\t\t\t\t<div class=\"elementor-widget-container\">\n\t\t\t\t\t\t\t\t\t<div class=\"elementor-button-wrapper\">\n\t\t\t\t\t<a class=\"elementor-button elementor-button-link elementor-size-lg\" href=\"#serviceteam\">\n\t\t\t\t\t\t<span class=\"elementor-button-content-wrapper\">\n\t\t\t\t\t\t<span class=\"elementor-button-icon\">\n\t\t\t\t<svg aria-hidden=\"true\" class=\"e-font-icon-svg e-far-arrow-alt-circle-down\" viewbox=\"0 0 512 512\" xmlns=\"http:\/\/www.w3.org\/2000\/svg\"><path d=\"M256 8C119 8 8 119 8 256s111 248 248 248 248-111 248-248S393 8 256 8zm0 448c-110.5 0-200-89.5-200-200S145.5 56 256 56s200 89.5 200 200-89.5 200-200 200zm-32-316v116h-67c-10.7 0-16 12.9-8.5 20.5l99 99c4.7 4.7 12.3 4.7 17 0l99-99c7.6-7.6 2.2-20.5-8.5-20.5h-67V140c0-6.6-5.4-12-12-12h-40c-6.6 0-12 5.4-12 12z\"><\/path><\/svg>\t\t\t<\/span>\n\t\t\t\t\t\t\t\t\t<span class=\"elementor-button-text\">Perguntar agora<\/span>\n\t\t\t\t\t<\/span>\n\t\t\t\t\t<\/a>\n\t\t\t\t<\/div>\n\t\t\t\t\t\t\t\t<\/div>\n\t\t\t\t<\/div>\n\t\t\t\t\t<\/div>\n\t\t\t\t<\/div>\n\t\t<div data-particle_enable=\"false\" data-particle-mobile-disabled=\"false\" class=\"elementor-element elementor-element-182093b e-flex e-con-boxed e-con e-parent\" data-id=\"182093b\" data-element_type=\"container\">\n\t\t\t\t\t<div class=\"e-con-inner\">\n\t\t<div data-particle_enable=\"false\" data-particle-mobile-disabled=\"false\" class=\"elementor-element elementor-element-a8708be e-flex e-con-boxed e-con e-child\" data-id=\"a8708be\" data-element_type=\"container\" data-settings=\"{&quot;animation&quot;:&quot;none&quot;}\">\n\t\t\t\t\t<div class=\"e-con-inner\">\n\t\t\t\t<div class=\"elementor-element elementor-element-1bf9ff5 elementor-widget elementor-widget-heading\" data-id=\"1bf9ff5\" data-element_type=\"widget\" data-settings=\"{&quot;_animation&quot;:&quot;none&quot;}\" data-widget_type=\"heading.default\">\n\t\t\t\t<div class=\"elementor-widget-container\">\n\t\t\t\t\t<h2 class=\"elementor-heading-title elementor-size-default\">Pesquisas frequentes<\/h2>\t\t\t\t<\/div>\n\t\t\t\t<\/div>\n\t\t\t\t<div class=\"elementor-element elementor-element-4bfeeff elementor-widget__width-inherit elementor-widget elementor-widget-eael-post-list\" data-id=\"4bfeeff\" data-element_type=\"widget\" data-settings=\"{&quot;_animation&quot;:&quot;none&quot;}\" data-widget_type=\"eael-post-list.default\">\n\t\t\t\t<div class=\"elementor-widget-container\">\n\t\t\t\t\t<div class=\"eael-post-list-container advanced layout-advanced\"><div class=\"eael-post-list-header\"><\/div><div class=\"eael-post-list-wrap\"><div class=\"eael-post-list-posts-wrap eael-post-appender eael-post-appender-4bfeeff\"><div class=\"eael-post-list-post\"><div class=\"eael-post-list-post-inner\"><div class=\"eael-post-list-thumbnail\"><a href=\"https:\/\/konferenztechnik.de\/pt\/paredes-de-led\/\">\n                <img decoding=\"async\" src=\"https:\/\/konferenztechnik.de\/wp-content\/uploads\/2025\/09\/LED-Waende-LED-Videowalls-kaufen-mieten-installieren.avif\" alt=\"Paredes LED-Paredes de v\u00eddeo LED-comprar-alugar-instalar\" title=\"\">\n            <\/a><\/div><div class=\"eael-post-list-content\"><h2 class=\"eael-post-list-title\"><a href=\"https:\/\/konferenztechnik.de\/pt\/paredes-de-led\/\" >Paredes LED<\/a><\/h2><p>Paredes LED para eventos, confer\u00eancias e empresas - comprar, alugar ou instalar -...<\/p><a href=\"https:\/\/konferenztechnik.de\/pt\/paredes-de-led\/\" class=\"eael-post-elements-readmore-btn\" >informar agora<\/a><div class=\"boxed-meta\"><\/div><\/div><\/div><\/div><div class=\"eael-post-list-post\"><div class=\"eael-post-list-post-inner\"><div class=\"eael-post-list-thumbnail\"><a href=\"https:\/\/konferenztechnik.de\/pt\/interpretacao-ki-para-eventos-conferencias\/\">\n                <img decoding=\"async\" src=\"https:\/\/konferenztechnik.de\/wp-content\/uploads\/2025\/03\/ai-ki-dolmetscher-ki-dolmetschloesungen-png.avif\" alt=\"\" title=\"\">\n            <\/a><\/div><div class=\"eael-post-list-content\"><h2 class=\"eael-post-list-title\"><a href=\"https:\/\/konferenztechnik.de\/pt\/interpretacao-ki-para-eventos-conferencias\/\" >Solu\u00e7\u00f5es de interpreta\u00e7\u00e3o com IA para eventos e confer\u00eancias<\/a><\/h2><p>Expanda o seu alcance com a nossa inovadora solu\u00e7\u00e3o de interpreta\u00e7\u00e3o em tempo real baseada em IA. Mais de 60 int\u00e9rpretes...<\/p><a href=\"https:\/\/konferenztechnik.de\/pt\/interpretacao-ki-para-eventos-conferencias\/\" class=\"eael-post-elements-readmore-btn\" >informar agora<\/a><div class=\"boxed-meta\"><\/div><\/div><\/div><\/div><div class=\"eael-post-list-post\"><div class=\"eael-post-list-post-inner\"><div class=\"eael-post-list-thumbnail\"><a href=\"https:\/\/konferenztechnik.de\/pt\/aluguer-de-equipamento-para-eventos\/\">\n                <img decoding=\"async\" src=\"https:\/\/konferenztechnik.de\/wp-content\/uploads\/2024\/02\/Veranstaltungstechnik-mieten-post-jpg.webp\" alt=\"Aluguer de tecnologia para eventos: Mesa de mistura num evento\" title=\"\">\n            <\/a><\/div><div class=\"eael-post-list-content\"><h2 class=\"eael-post-list-title\"><a href=\"https:\/\/konferenztechnik.de\/pt\/aluguer-de-equipamento-para-eventos\/\" >Aluguer de tecnologia para eventos<\/a><\/h2><p>Como fornecedor de servi\u00e7os completos, oferecemos-lhe tudo, desde uma fonte \u00fanica \u2013 a partir do...<\/p><a href=\"https:\/\/konferenztechnik.de\/pt\/aluguer-de-equipamento-para-eventos\/\" class=\"eael-post-elements-readmore-btn\" >informar agora<\/a><div class=\"boxed-meta\"><\/div><\/div><\/div><\/div><div class=\"eael-post-list-post\"><div class=\"eael-post-list-post-inner\"><div class=\"eael-post-list-thumbnail\"><a href=\"https:\/\/konferenztechnik.de\/pt\/pacotes-para-eventos-sem-preocupacoes\/\">\n                <img decoding=\"async\" src=\"https:\/\/konferenztechnik.de\/wp-content\/uploads\/2023\/11\/konferenztechnik-komplettpakete-jpg.webp\" alt=\"\" title=\"\">\n            <\/a><\/div><div class=\"eael-post-list-content\"><h2 class=\"eael-post-list-title\"><a href=\"https:\/\/konferenztechnik.de\/pt\/pacotes-para-eventos-sem-preocupacoes\/\" >Pacotes sem preocupa\u00e7\u00f5es Evento<\/a><\/h2><p>Pacote completo sem preocupa\u00e7\u00f5es: equipamento t\u00e9cnico completo para eventos e confer\u00eancias Informe-se agora Reserve o seu...<\/p><a href=\"https:\/\/konferenztechnik.de\/pt\/pacotes-para-eventos-sem-preocupacoes\/\" class=\"eael-post-elements-readmore-btn\" >informar agora<\/a><div class=\"boxed-meta\"><\/div><\/div><\/div><\/div><div class=\"eael-post-list-post\"><div class=\"eael-post-list-post-inner\"><div class=\"eael-post-list-thumbnail\"><a href=\"https:\/\/konferenztechnik.de\/pt\/aluguer-compra-instalacao-aluguer-de-sistemas-de-discussao-estacoes-de-intercomunicacao\/\">\n                <img decoding=\"async\" src=\"https:\/\/konferenztechnik.de\/wp-content\/uploads\/2023\/06\/diskussionsanlage-sprechstellen-tischmikrofone.jpg\" alt=\"Unidades de microfone de mesa distribu\u00eddas \u00e0 volta de uma mesa de confer\u00eancia, com microfones gooseneck\" title=\"\">\n            <\/a><\/div><div class=\"eael-post-list-content\"><h2 class=\"eael-post-list-title\"><a href=\"https:\/\/konferenztechnik.de\/pt\/aluguer-compra-instalacao-aluguer-de-sistemas-de-discussao-estacoes-de-intercomunicacao\/\" >Aluguer, compra, instala\u00e7\u00e3o, aluguer de sistemas de discuss\u00e3o \u2013, esta\u00e7\u00f5es de intercomunica\u00e7\u00e3o<\/a><\/h2><p>Aluguer, compra, instala\u00e7\u00e3o, aluguer de sistemas de discuss\u00e3o \u2013, esta\u00e7\u00f5es de intercomunica\u00e7\u00e3o<\/p><a href=\"https:\/\/konferenztechnik.de\/pt\/aluguer-compra-instalacao-aluguer-de-sistemas-de-discussao-estacoes-de-intercomunicacao\/\" class=\"eael-post-elements-readmore-btn\" >informar agora<\/a><div class=\"boxed-meta\"><\/div><\/div><\/div><\/div><div class=\"eael-post-list-post\"><div class=\"eael-post-list-post-inner\"><div class=\"eael-post-list-thumbnail\"><a href=\"https:\/\/konferenztechnik.de\/pt\/eventos-hibridos\/\">\n                <img decoding=\"async\" src=\"https:\/\/konferenztechnik.de\/wp-content\/uploads\/2023\/06\/hybride-events-jpg.webp\" alt=\"Dois apresentadores est\u00e3o de p\u00e9 num palco e podem ser vistos simultaneamente numa segunda sec\u00e7\u00e3o de imagem digital num monitor de PC - como um s\u00edmbolo para eventos h\u00edbridos\" title=\"\">\n            <\/a><\/div><div class=\"eael-post-list-content\"><h2 class=\"eael-post-list-title\"><a href=\"https:\/\/konferenztechnik.de\/pt\/eventos-hibridos\/\" >Eventos h\u00edbridos<\/a><\/h2><p>Ligamos pessoas, espa\u00e7os e lugares. Participantes digitais, participantes presenciais, oradores e espectadores...<\/p><a href=\"https:\/\/konferenztechnik.de\/pt\/eventos-hibridos\/\" class=\"eael-post-elements-readmore-btn\" >informar agora<\/a><div class=\"boxed-meta\"><\/div><\/div><\/div><\/div><div class=\"eael-post-list-post\"><div class=\"eael-post-list-post-inner\"><div class=\"eael-post-list-thumbnail\"><a href=\"https:\/\/konferenztechnik.de\/pt\/pacotes-de-salas-de-conferencia-pcs-salas-de-conferencia-hibridas-modernas-em-condicoes-favoraveis\/\">\n                <img decoding=\"async\" src=\"https:\/\/konferenztechnik.de\/wp-content\/uploads\/2023\/03\/konferenzraum-bundles.jpg\" alt=\"\" title=\"\">\n            <\/a><\/div><div class=\"eael-post-list-content\"><h2 class=\"eael-post-list-title\"><a href=\"https:\/\/konferenztechnik.de\/pt\/pacotes-de-salas-de-conferencia-pcs-salas-de-conferencia-hibridas-modernas-em-condicoes-favoraveis\/\" >Pacotes de salas de confer\u00eancia<\/a><\/h2><p>Salas de reuni\u00f5es interactivas, h\u00edbridas, sem fios e flex\u00edveis a partir de 5.000 euros<\/p><a href=\"https:\/\/konferenztechnik.de\/pt\/pacotes-de-salas-de-conferencia-pcs-salas-de-conferencia-hibridas-modernas-em-condicoes-favoraveis\/\" class=\"eael-post-elements-readmore-btn\" >informar agora<\/a><div class=\"boxed-meta\"><\/div><\/div><\/div><\/div><div class=\"eael-post-list-post\"><div class=\"eael-post-list-post-inner\"><div class=\"eael-post-list-thumbnail\"><a href=\"https:\/\/konferenztechnik.de\/pt\/eventos-conferencias-reunioes\/\">\n                <img decoding=\"async\" src=\"https:\/\/konferenztechnik.de\/wp-content\/uploads\/2024\/06\/pcsberlin_A_modern_conference_area_in_an_modern_building._66ce711a-4e85-487d-a87c-c5db87290504.webp\" alt=\"Pacotes de salas de confer\u00eancia D\u00fcsseldorf\" title=\"\">\n            <\/a><\/div><div class=\"eael-post-list-content\"><h2 class=\"eael-post-list-title\"><a href=\"https:\/\/konferenztechnik.de\/pt\/eventos-conferencias-reunioes\/\" >Eventos, confer\u00eancias, reuni\u00f5es<\/a><\/h2><p>Eventos, confer\u00eancias, reuni\u00f5es \u2013 h\u00edbrido, cl\u00e1ssico, digital Pedir informa\u00e7\u00f5es Confer\u00eancias h\u00edbridas e virtuais...<\/p><a href=\"https:\/\/konferenztechnik.de\/pt\/eventos-conferencias-reunioes\/\" class=\"eael-post-elements-readmore-btn\" >informar agora<\/a><div class=\"boxed-meta\"><\/div><\/div><\/div><\/div><\/div><\/div>\n\t\t<\/div><div data-nonce=\"44387d72e4\" class=\"post-list-pagination\" data-widget-id=\"4bfeeff\" data-widget=\"4bfeeff\" data-page-id=\"24570\" data-class=\"Essential_Addons_Elementor\\Pro\\Elements\\Post_List\" data-args=\"orderby=date&amp;order=desc&amp;ignore_sticky_posts=1&amp;post_status=publish&amp;posts_per_page=240&amp;offset=0&amp;post_type=any&amp;post__in%5B0%5D=31766&amp;post__in%5B1%5D=42244&amp;post__in%5B2%5D=32249&amp;post__in%5B3%5D=44415&amp;post__in%5B4%5D=47471&amp;post__in%5B5%5D=48555&amp;post__in%5B6%5D=1948&amp;post__in%5B7%5D=21618\" data-settings=\"eael_post_list_post_feature_image=yes&amp;eael_post_list_post_meta=&amp;eael_post_list_post_title=yes&amp;eael_post_list_post_excerpt=yes&amp;eael_post_list_post_excerpt_length=12&amp;eael_post_list_pagination=navigation&amp;eael_post_list_layout_type=advanced&amp;eael_post_list_post_cat=&amp;eael_post_list_author_meta=&amp;eael_post_list_title_tag=h2&amp;eael_show_read_more_button=yes&amp;eael_post_list_read_more_text=jetzt+informieren&amp;eael_post_list_excerpt_expanison_indicator=...&amp;eael_post_featured_image_size=large\" data-page=\"1\" data-scroll-on-pagination=\"0\" data-scroll-offset=\"100\" data-template=\"{&quot;dir&quot;:&quot;pro&quot;,&quot;file_name&quot;:&quot;advanced.php&quot;,&quot;name&quot;:&quot;Post-List&quot;}\">\n            <button class=\"btn btn-prev-post\" id=\"post-nav-prev-4bfeeff\" disabled=\"true\" aria-label=\"anterior\"><svg aria-hidden=\"true\" class=\"e-font-icon-svg e-fas-angle-left\" viewbox=\"0 0 256 512\" xmlns=\"http:\/\/www.w3.org\/2000\/svg\"><path d=\"M31.7 239l136-136c9.4-9.4 24.6-9.4 33.9 0l22.6 22.6c9.4 9.4 9.4 24.6 0 33.9L127.9 256l96.4 96.4c9.4 9.4 9.4 24.6 0 33.9L201.7 409c-9.4 9.4-24.6 9.4-33.9 0l-136-136c-9.5-9.4-9.5-24.6-.1-34z\"><\/path><\/svg><\/button><button class=\"btn btn-next-post\" id=\"post-nav-next-4bfeeff\" aria-label=\"seguinte\"><svg aria-hidden=\"true\" class=\"e-font-icon-svg e-fas-angle-right\" viewbox=\"0 0 256 512\" xmlns=\"http:\/\/www.w3.org\/2000\/svg\"><path d=\"M224.3 273l-136 136c-9.4 9.4-24.6 9.4-33.9 0l-22.6-22.6c-9.4-9.4-9.4-24.6 0-33.9l96.4-96.4-96.4-96.4c-9.4-9.4-9.4-24.6 0-33.9L54.3 103c9.4-9.4 24.6-9.4 33.9 0l136 136c9.5 9.4 9.5 24.6.1 34z\"><\/path><\/svg><\/button>\n        <\/div>\t\t\t\t<\/div>\n\t\t\t\t<\/div>\n\t\t\t\t\t<\/div>\n\t\t\t\t<\/div>\n\t\t<div data-particle_enable=\"false\" data-particle-mobile-disabled=\"false\" class=\"elementor-element elementor-element-fd8021b e-flex e-con-boxed e-con e-child\" data-id=\"fd8021b\" data-element_type=\"container\" data-settings=\"{&quot;animation&quot;:&quot;none&quot;}\">\n\t\t\t\t\t<div class=\"e-con-inner\">\n\t\t\t\t<div class=\"elementor-element elementor-element-719f9db elementor-widget elementor-widget-heading\" data-id=\"719f9db\" data-element_type=\"widget\" data-settings=\"{&quot;_animation&quot;:&quot;none&quot;}\" data-widget_type=\"heading.default\">\n\t\t\t\t<div class=\"elementor-widget-container\">\n\t\t\t\t\t<h2 class=\"elementor-heading-title elementor-size-default\">Destaques de produtos de A a Z<\/h2>\t\t\t\t<\/div>\n\t\t\t\t<\/div>\n\t\t\t\t<div class=\"elementor-element elementor-element-c77c6a9 elementor-widget__width-inherit elementor-widget elementor-widget-eael-post-list\" data-id=\"c77c6a9\" data-element_type=\"widget\" data-settings=\"{&quot;_animation&quot;:&quot;none&quot;}\" data-widget_type=\"eael-post-list.default\">\n\t\t\t\t<div class=\"elementor-widget-container\">\n\t\t\t\t\t<div class=\"eael-post-list-container advanced layout-advanced\"><div class=\"eael-post-list-header\"><\/div><div class=\"eael-post-list-wrap\"><div class=\"eael-post-list-posts-wrap eael-post-appender eael-post-appender-c77c6a9\"><div class=\"eael-post-list-post\"><div class=\"eael-post-list-post-inner\"><div class=\"eael-post-list-thumbnail\"><a href=\"https:\/\/konferenztechnik.de\/pt\/votar-eventos-de-votacao\/\">\n                <img decoding=\"async\" src=\"https:\/\/konferenztechnik.de\/wp-content\/uploads\/2023\/04\/abstimmen-events.jpg\" alt=\"S\u00edmbolo dos votos\" title=\"\">\n            <\/a><\/div><div class=\"eael-post-list-content\"><h2 class=\"eael-post-list-title\"><a href=\"https:\/\/konferenztechnik.de\/pt\/votar-eventos-de-votacao\/\" >Votar, Vota\u00e7\u00e3o<\/a><\/h2><p>M\u00e1quinas de vota\u00e7\u00e3o, vota\u00e7\u00e3o em linha, elei\u00e7\u00f5es digitais: vota\u00e7\u00e3o nominal, vota\u00e7\u00e3o n\u00e3o nominal, voto secreto...<\/p><a href=\"https:\/\/konferenztechnik.de\/pt\/votar-eventos-de-votacao\/\" class=\"eael-post-elements-readmore-btn\" >informar agora<\/a><div class=\"boxed-meta\"><\/div><\/div><\/div><\/div><div class=\"eael-post-list-post\"><div class=\"eael-post-list-post-inner\"><div class=\"eael-post-list-thumbnail\"><a href=\"https:\/\/konferenztechnik.de\/pt\/audipack-silent-9600-comprar-aluguer-aluguer-2\/\">\n                <img decoding=\"async\" src=\"https:\/\/konferenztechnik.de\/wp-content\/uploads\/2024\/08\/Audicom-4000-series-booth.jpg\" alt=\"\" title=\"\">\n            <\/a><\/div><div class=\"eael-post-list-content\"><h2 class=\"eael-post-list-title\"><a href=\"https:\/\/konferenztechnik.de\/pt\/audipack-silent-9600-comprar-aluguer-aluguer-2\/\" >Cabinas de interpreta\u00e7\u00e3o Audicom S\u00e9rie 4000<\/a><\/h2><p>As cabinas de interpreta\u00e7\u00e3o da s\u00e9rie Audicom 4000 s\u00e3o ideais para aplica\u00e7\u00f5es profissionais que requerem<\/p><a href=\"https:\/\/konferenztechnik.de\/pt\/audipack-silent-9600-comprar-aluguer-aluguer-2\/\" class=\"eael-post-elements-readmore-btn\" >informar agora<\/a><div class=\"boxed-meta\"><\/div><\/div><\/div><\/div><div class=\"eael-post-list-post\"><div class=\"eael-post-list-post-inner\"><div class=\"eael-post-list-thumbnail\"><a href=\"https:\/\/konferenztechnik.de\/pt\/linguagem-facil-para-conferencias-reunioes-e-encontros-2\/\">\n                <img decoding=\"async\" src=\"https:\/\/konferenztechnik.de\/wp-content\/uploads\/2024\/06\/Leichte-Sprache-Dolmetscher-fuer-Konferenzen-1024x638.jpg\" alt=\"Linguagem f\u00e1cil\" title=\"\">\n            <\/a><\/div><div class=\"eael-post-list-content\"><h2 class=\"eael-post-list-title\"><a href=\"https:\/\/konferenztechnik.de\/pt\/linguagem-facil-para-conferencias-reunioes-e-encontros-2\/\" >Descri\u00e7\u00e3o \u00e1udio para confer\u00eancias, reuni\u00f5es e eventos<\/a><\/h2><p>Arranjamos int\u00e9rpretes para a descri\u00e7\u00e3o \u00e1udio e fornecemos a tecnologia necess\u00e1ria....<\/p><a href=\"https:\/\/konferenztechnik.de\/pt\/linguagem-facil-para-conferencias-reunioes-e-encontros-2\/\" class=\"eael-post-elements-readmore-btn\" >informar agora<\/a><div class=\"boxed-meta\"><\/div><\/div><\/div><\/div><div class=\"eael-post-list-post\"><div class=\"eael-post-list-post-inner\"><div class=\"eael-post-list-thumbnail\"><a href=\"https:\/\/konferenztechnik.de\/pt\/audioropa-xepton-sistemas-de-orientacao-pessoal\/\">\n                <img decoding=\"async\" src=\"https:\/\/konferenztechnik.de\/wp-content\/uploads\/2023\/06\/Audioropa-Xepton-Personenfuehrungsanlage.jpg\" alt=\"Sistema de orienta\u00e7\u00e3o Xepton do fabricante Audioropa\" title=\"\">\n            <\/a><\/div><div class=\"eael-post-list-content\"><h2 class=\"eael-post-list-title\"><a href=\"https:\/\/konferenztechnik.de\/pt\/audioropa-xepton-sistemas-de-orientacao-pessoal\/\" >Sistema de orienta\u00e7\u00e3o de passageiros Audioropa Xepton \u2013<\/a><\/h2><p>Flexibilidade e economia perfeitamente combinadas. O Xepton tem um design robusto e \u00e9 fornecido...<\/p><a href=\"https:\/\/konferenztechnik.de\/pt\/audioropa-xepton-sistemas-de-orientacao-pessoal\/\" class=\"eael-post-elements-readmore-btn\" >informar agora<\/a><div class=\"boxed-meta\"><\/div><\/div><\/div><\/div><div class=\"eael-post-list-post\"><div class=\"eael-post-list-post-inner\"><div class=\"eael-post-list-thumbnail\"><a href=\"https:\/\/konferenztechnik.de\/pt\/audipack-silent-9600-comprar-aluguer-aluguer\/\">\n                <img decoding=\"async\" src=\"https:\/\/konferenztechnik.de\/wp-content\/uploads\/2018\/06\/audipack-silent-9600.jpg\" alt=\"Cabina de interpreta\u00e7\u00e3o Audipack Silent 9600\" title=\"\">\n            <\/a><\/div><div class=\"eael-post-list-content\"><h2 class=\"eael-post-list-title\"><a href=\"https:\/\/konferenztechnik.de\/pt\/audipack-silent-9600-comprar-aluguer-aluguer\/\" >Cabina de interpreta\u00e7\u00e3o Audipack Silent 9600<\/a><\/h2><p>O Audipack Silent 9600 \u00e9 o sucessor do Audipack Silent 9300, o<\/p><a href=\"https:\/\/konferenztechnik.de\/pt\/audipack-silent-9600-comprar-aluguer-aluguer\/\" class=\"eael-post-elements-readmore-btn\" >informar agora<\/a><div class=\"boxed-meta\"><\/div><\/div><\/div><\/div><div class=\"eael-post-list-post\"><div class=\"eael-post-list-post-inner\"><div class=\"eael-post-list-thumbnail\"><a href=\"https:\/\/konferenztechnik.de\/pt\/comprar-audipack-silent-9700\/\">\n                <img decoding=\"async\" src=\"https:\/\/konferenztechnik.de\/wp-content\/uploads\/2018\/07\/audipack-silent-9700-dolmetscherkabine.jpg\" alt=\"Cabina de interpreta\u00e7\u00e3o Aaudipack Silent 9700\" title=\"\">\n            <\/a><\/div><div class=\"eael-post-list-content\"><h2 class=\"eael-post-list-title\"><a href=\"https:\/\/konferenztechnik.de\/pt\/comprar-audipack-silent-9700\/\" >Cabina de interpreta\u00e7\u00e3o Audipack Silent 9700<\/a><\/h2><p>O Audipack Silent 9700 est\u00e1 em conformidade com a mais recente norma ISO para cabinas de interpreta\u00e7\u00e3o m\u00f3veis....<\/p><a href=\"https:\/\/konferenztechnik.de\/pt\/comprar-audipack-silent-9700\/\" class=\"eael-post-elements-readmore-btn\" >informar agora<\/a><div class=\"boxed-meta\"><\/div><\/div><\/div><\/div><div class=\"eael-post-list-post\"><div class=\"eael-post-list-post-inner\"><div class=\"eael-post-list-thumbnail\"><a href=\"https:\/\/konferenztechnik.de\/pt\/reunioes-do-conselho-de-supervisao-em-linha-hibrido-digital-classico\/\">\n                <img decoding=\"async\" src=\"https:\/\/konferenztechnik.de\/wp-content\/uploads\/2023\/05\/aufsichtsratsitzung-betreuung.jpg\" alt=\"Pessoas delineadas sentadas numa mesa de confer\u00eancia\" title=\"\">\n            <\/a><\/div><div class=\"eael-post-list-content\"><h2 class=\"eael-post-list-title\"><a href=\"https:\/\/konferenztechnik.de\/pt\/reunioes-do-conselho-de-supervisao-em-linha-hibrido-digital-classico\/\" >Reuni\u00f5es do Conselho de Supervis\u00e3o \u2013 em linha, h\u00edbrido, digital, cl\u00e1ssico?<\/a><\/h2><p>Apoiamo-lo no planeamento do evento e na realiza\u00e7\u00e3o t\u00e9cnica<\/p><a href=\"https:\/\/konferenztechnik.de\/pt\/reunioes-do-conselho-de-supervisao-em-linha-hibrido-digital-classico\/\" class=\"eael-post-elements-readmore-btn\" >informar agora<\/a><div class=\"boxed-meta\"><\/div><\/div><\/div><\/div><div class=\"eael-post-list-post\"><div class=\"eael-post-list-post-inner\"><div class=\"eael-post-list-thumbnail\"><a href=\"https:\/\/konferenztechnik.de\/pt\/auracast-bluetooth-broadcast-audio-sistemas-auracast-para-venda-e-aluguer\/\">\n                <img decoding=\"async\" src=\"https:\/\/konferenztechnik.de\/wp-content\/uploads\/2025\/06\/auracast-mieten-kaufen.avif\" alt=\"auracast-arrendamento-compra\" title=\"\">\n            <\/a><\/div><div class=\"eael-post-list-content\"><h2 class=\"eael-post-list-title\"><a href=\"https:\/\/konferenztechnik.de\/pt\/auracast-bluetooth-broadcast-audio-sistemas-auracast-para-venda-e-aluguer\/\" >Auracast Bluetooth Broadcast Audio \u2013 Sistemas Auracast para venda e aluguer<\/a><\/h2><p>Auracast \u00e9 a nova norma para a transmiss\u00e3o de \u00e1udio sem fios baseada no Bluetooth Low...<\/p><a href=\"https:\/\/konferenztechnik.de\/pt\/auracast-bluetooth-broadcast-audio-sistemas-auracast-para-venda-e-aluguer\/\" class=\"eael-post-elements-readmore-btn\" >informar agora<\/a><div class=\"boxed-meta\"><\/div><\/div><\/div><\/div><div class=\"eael-post-list-post\"><div class=\"eael-post-list-post-inner\"><div class=\"eael-post-list-thumbnail\"><a href=\"https:\/\/konferenztechnik.de\/pt\/sistema-de-conferencia-sem-fios-av-access-eshare-w90-4k\/\">\n                <img decoding=\"async\" src=\"https:\/\/konferenztechnik.de\/wp-content\/uploads\/2026\/01\/eshare-w90-wireless-4k.avif\" alt=\"\" title=\"\">\n            <\/a><\/div><div class=\"eael-post-list-content\"><h2 class=\"eael-post-list-title\"><a href=\"https:\/\/konferenztechnik.de\/pt\/sistema-de-conferencia-sem-fios-av-access-eshare-w90-4k\/\" >Sistema de confer\u00eancia sem fios AV Access eShare W90 \u2013 4K<\/a><\/h2><p>Com Quad-View, USB-C tudo-em-um, sa\u00eddas HDMI duplas e segmenta\u00e7\u00e3o de rede integrada, o AV Access eShare...<\/p><a href=\"https:\/\/konferenztechnik.de\/pt\/sistema-de-conferencia-sem-fios-av-access-eshare-w90-4k\/\" class=\"eael-post-elements-readmore-btn\" >informar agora<\/a><div class=\"boxed-meta\"><\/div><\/div><\/div><\/div><div class=\"eael-post-list-post\"><div class=\"eael-post-list-post-inner\"><div class=\"eael-post-list-thumbnail\"><a href=\"https:\/\/konferenztechnik.de\/pt\/aluguer-de-equipamento-audio-e-video-av-comprar-instalar-aluguer\/\">\n                <img decoding=\"async\" src=\"https:\/\/konferenztechnik.de\/wp-content\/uploads\/2023\/03\/audio-und-videotechnik-mieten-kaufen-installieren-1024x614.avif\" alt=\"tecnologia de \u00e1udio e v\u00eddeo - aluguer - compra - instala\u00e7\u00e3o\" title=\"\">\n            <\/a><\/div><div class=\"eael-post-list-content\"><h2 class=\"eael-post-list-title\"><a href=\"https:\/\/konferenztechnik.de\/pt\/aluguer-de-equipamento-audio-e-video-av-comprar-instalar-aluguer\/\" >AV: Tecnologia de \u00e1udio e v\u00eddeo<\/a><\/h2><p>Microfones, tecnologia de altifalantes, p\u00falpitos, telefones h\u00edbridos, distribuidores de imprensa, software de registo de esteno...<\/p><a href=\"https:\/\/konferenztechnik.de\/pt\/aluguer-de-equipamento-audio-e-video-av-comprar-instalar-aluguer\/\" class=\"eael-post-elements-readmore-btn\" >informar agora<\/a><div class=\"boxed-meta\"><\/div><\/div><\/div><\/div><div class=\"eael-post-list-post\"><div class=\"eael-post-list-post-inner\"><div class=\"eael-post-list-thumbnail\"><a href=\"https:\/\/konferenztechnik.de\/pt\/acessibilidade-eventos-solucoes-tecnicas-consultoria-implementacao\/\">\n                <img decoding=\"async\" src=\"https:\/\/konferenztechnik.de\/wp-content\/uploads\/2023\/03\/barrierefreie-events.jpg\" alt=\"S\u00edmbolo de acessibilidade\" title=\"\">\n            <\/a><\/div><div class=\"eael-post-list-content\"><h2 class=\"eael-post-list-title\"><a href=\"https:\/\/konferenztechnik.de\/pt\/acessibilidade-eventos-solucoes-tecnicas-consultoria-implementacao\/\" >Acessibilidade<\/a><\/h2><p>Para eventos e comunica\u00e7\u00e3o digital: Consultoria, implementa\u00e7\u00e3o: Ajudamo-lo a organizar eventos, fun\u00e7\u00f5es,...<\/p><a href=\"https:\/\/konferenztechnik.de\/pt\/acessibilidade-eventos-solucoes-tecnicas-consultoria-implementacao\/\" class=\"eael-post-elements-readmore-btn\" >informar agora<\/a><div class=\"boxed-meta\"><\/div><\/div><\/div><\/div><div class=\"eael-post-list-post\"><div class=\"eael-post-list-post-inner\"><div class=\"eael-post-list-thumbnail\"><a href=\"https:\/\/konferenztechnik.de\/pt\/sistema-de-discussao-beyerdynamic-quinta\/\">\n                <img decoding=\"async\" src=\"https:\/\/konferenztechnik.de\/wp-content\/uploads\/2022\/06\/beyerdynamic-quinta.jpg\" alt=\"Unidade de microfone de confer\u00eancia Beyerdynamic Quinta, sem fios, com microfone pesco\u00e7o de ganso\" title=\"\">\n            <\/a><\/div><div class=\"eael-post-list-content\"><h2 class=\"eael-post-list-title\"><a href=\"https:\/\/konferenztechnik.de\/pt\/sistema-de-discussao-beyerdynamic-quinta\/\" >Beyerdynamic Quinta \u2013 Sistema de discuss\u00e3o<\/a><\/h2><p>O sistema Beyerdynamic Quinta foi concebido para reuni\u00f5es, confer\u00eancias, videoconfer\u00eancias e confer\u00eancias de imprensa, salas de tribunal...<\/p><a href=\"https:\/\/konferenztechnik.de\/pt\/sistema-de-discussao-beyerdynamic-quinta\/\" class=\"eael-post-elements-readmore-btn\" >informar agora<\/a><div class=\"boxed-meta\"><\/div><\/div><\/div><\/div><div class=\"eael-post-list-post\"><div class=\"eael-post-list-post-inner\"><div class=\"eael-post-list-thumbnail\"><a href=\"https:\/\/konferenztechnik.de\/pt\/sistema-de-orientacao-pessoal-beyerdynamic-synexis\/\">\n                <img decoding=\"async\" src=\"https:\/\/konferenztechnik.de\/wp-content\/uploads\/2023\/06\/beyerdynamic-synexis.jpg\" alt=\"Sistema de sussurro e orienta\u00e7\u00e3o Beyerdynamic Synexis com microfone de m\u00e3o, receptores e esta\u00e7\u00f5es de carregamento\" title=\"\">\n            <\/a><\/div><div class=\"eael-post-list-content\"><h2 class=\"eael-post-list-title\"><a href=\"https:\/\/konferenztechnik.de\/pt\/sistema-de-orientacao-pessoal-beyerdynamic-synexis\/\" >Sistema de orienta\u00e7\u00e3o de pessoas Beyerdynamic Synexis \u2013<\/a><\/h2><p>Utiliza\u00e7\u00e3o polivalente: visitas guiadas, aplica\u00e7\u00f5es de interpreta\u00e7\u00e3o, apoio \u00e0 audi\u00e7\u00e3o ...<\/p><a href=\"https:\/\/konferenztechnik.de\/pt\/sistema-de-orientacao-pessoal-beyerdynamic-synexis\/\" class=\"eael-post-elements-readmore-btn\" >informar agora<\/a><div class=\"boxed-meta\"><\/div><\/div><\/div><\/div><div class=\"eael-post-list-post\"><div class=\"eael-post-list-post-inner\"><div class=\"eael-post-list-thumbnail\"><a href=\"https:\/\/konferenztechnik.de\/pt\/beyerdynamic-tts-300-sistema-de-orientacao-pessoal\/\">\n                <img decoding=\"async\" src=\"https:\/\/konferenztechnik.de\/wp-content\/uploads\/2023\/06\/Beyerdynamic-TTS300-mieten.jpg\" alt=\"Sistema de sussurro e sistema de orienta\u00e7\u00e3o do tipo TTS300 da Beyerdynamic com microfone de m\u00e3o, receptores e esta\u00e7\u00f5es de carregamento\" title=\"\">\n            <\/a><\/div><div class=\"eael-post-list-content\"><h2 class=\"eael-post-list-title\"><a href=\"https:\/\/konferenztechnik.de\/pt\/beyerdynamic-tts-300-sistema-de-orientacao-pessoal\/\" >Sistema de orienta\u00e7\u00e3o pessoal Beyerdynamic TTS 300 \u2013<\/a><\/h2><p>Funcionamento paralelo de at\u00e9 10 canais, tempo de carga: 30 minutos ...<\/p><a href=\"https:\/\/konferenztechnik.de\/pt\/beyerdynamic-tts-300-sistema-de-orientacao-pessoal\/\" class=\"eael-post-elements-readmore-btn\" >informar agora<\/a><div class=\"boxed-meta\"><\/div><\/div><\/div><\/div><div class=\"eael-post-list-post\"><div class=\"eael-post-list-post-inner\"><div class=\"eael-post-list-thumbnail\"><a href=\"https:\/\/konferenztechnik.de\/pt\/bosch-ccs-1000-d-unidade-de-discussao\/\">\n                <img decoding=\"async\" src=\"https:\/\/konferenztechnik.de\/wp-content\/uploads\/2023\/06\/sennheiser-ccs-1000-d.jpg\" alt=\"Tipo de esta\u00e7\u00e3o de microfone Bosch CCS 1000 d\" title=\"\">\n            <\/a><\/div><div class=\"eael-post-list-content\"><h2 class=\"eael-post-list-title\"><a href=\"https:\/\/konferenztechnik.de\/pt\/bosch-ccs-1000-d-unidade-de-discussao\/\" >BOSCH CCS 1000 D \u2013 Unidade de discuss\u00e3o<\/a><\/h2><p>A CCS 1000 D impressiona pela sua simplicidade sem sacrificar as inova\u00e7\u00f5es t\u00e9cnicas.<\/p><a href=\"https:\/\/konferenztechnik.de\/pt\/bosch-ccs-1000-d-unidade-de-discussao\/\" class=\"eael-post-elements-readmore-btn\" >informar agora<\/a><div class=\"boxed-meta\"><\/div><\/div><\/div><\/div><div class=\"eael-post-list-post\"><div class=\"eael-post-list-post-inner\"><div class=\"eael-post-list-thumbnail\"><a href=\"https:\/\/konferenztechnik.de\/pt\/sistema-de-discussao-bosch-dicentis\/\">\n                <img decoding=\"async\" src=\"https:\/\/konferenztechnik.de\/wp-content\/uploads\/2022\/06\/bosch-dicentis-sprechstelle.jpg\" alt=\"Unidade de microfone de confer\u00eancia Bosch Dicentis com microfone de pesco\u00e7o de ganso e um pequeno ecr\u00e3 para informa\u00e7\u00f5es adicionais e introdu\u00e7\u00e3o de dados\" title=\"\">\n            <\/a><\/div><div class=\"eael-post-list-content\"><h2 class=\"eael-post-list-title\"><a href=\"https:\/\/konferenztechnik.de\/pt\/sistema-de-discussao-bosch-dicentis\/\" >Unidade de discuss\u00e3o Bosch Dicentis \u2013<\/a><\/h2><p>Gra\u00e7as \u00e0 sua elevada flexibilidade e instala\u00e7\u00e3o simples, o sistema de confer\u00eancia sem fios DICENTIS \u00e9 adequado para...<\/p><a href=\"https:\/\/konferenztechnik.de\/pt\/sistema-de-discussao-bosch-dicentis\/\" class=\"eael-post-elements-readmore-btn\" >informar agora<\/a><div class=\"boxed-meta\"><\/div><\/div><\/div><\/div><div class=\"eael-post-list-post\"><div class=\"eael-post-list-post-inner\"><div class=\"eael-post-list-thumbnail\"><a href=\"https:\/\/konferenztechnik.de\/pt\/bosch-discussion-sistema-de-discussao\/\">\n                <img decoding=\"async\" src=\"https:\/\/konferenztechnik.de\/wp-content\/uploads\/2023\/06\/bosch-discussion-NG.jpg\" alt=\"Unidade de microfone Bosch Discussion Next Generation com seletor de idioma para chamar idiomas interpretados na unidade de microfone\" title=\"\">\n            <\/a><\/div><div class=\"eael-post-list-content\"><h2 class=\"eael-post-list-title\"><a href=\"https:\/\/konferenztechnik.de\/pt\/bosch-discussion-sistema-de-discussao\/\" >Bosch Discuss\u00e3o \u2013 Unidade de discuss\u00e3o<\/a><\/h2><p>As solu\u00e7\u00f5es de confer\u00eancia DCN caracterizam-se pela sua versatilidade e oferecem uma elevada qualidade de \u00e1udio e...<\/p><a href=\"https:\/\/konferenztechnik.de\/pt\/bosch-discussion-sistema-de-discussao\/\" class=\"eael-post-elements-readmore-btn\" >informar agora<\/a><div class=\"boxed-meta\"><\/div><\/div><\/div><\/div><div class=\"eael-post-list-post\"><div class=\"eael-post-list-post-inner\"><div class=\"eael-post-list-thumbnail\"><a href=\"https:\/\/konferenztechnik.de\/pt\/sistema-de-discussao-braehler-digimic\/\">\n                <img decoding=\"async\" src=\"https:\/\/konferenztechnik.de\/wp-content\/uploads\/2023\/06\/braehler-digimic-1.jpg\" alt=\"Unidade de microfone de secret\u00e1ria tipo Br\u00e4hler Digimic\" title=\"\">\n            <\/a><\/div><div class=\"eael-post-list-content\"><h2 class=\"eael-post-list-title\"><a href=\"https:\/\/konferenztechnik.de\/pt\/sistema-de-discussao-braehler-digimic\/\" >Br\u00e4hler DigiMic \u2013 Sistema de discuss\u00e3o<\/a><\/h2><p>Discutir, interpretar, votar \u2013 com DIGIMIC da Br\u00e4hler Systems \u00e9 tudo o que...<\/p><a href=\"https:\/\/konferenztechnik.de\/pt\/sistema-de-discussao-braehler-digimic\/\" class=\"eael-post-elements-readmore-btn\" >informar agora<\/a><div class=\"boxed-meta\"><\/div><\/div><\/div><\/div><div class=\"eael-post-list-post\"><div class=\"eael-post-list-post-inner\"><div class=\"eael-post-list-thumbnail\"><a href=\"https:\/\/konferenztechnik.de\/pt\/catchbox-tecnologia-moderna-e-colorida-para-salas-de-conferencia-2\/\">\n                <img decoding=\"async\" src=\"https:\/\/konferenztechnik.de\/wp-content\/uploads\/2026\/02\/catchbox-bunte-mikrofone-events-konferenzen.avif\" alt=\"\" title=\"\">\n            <\/a><\/div><div class=\"eael-post-list-content\"><h2 class=\"eael-post-list-title\"><a href=\"https:\/\/konferenztechnik.de\/pt\/catchbox-tecnologia-moderna-e-colorida-para-salas-de-conferencia-2\/\" >Catchbox: tecnologia moderna e colorida para salas de confer\u00eancia<\/a><\/h2><p>Para todos aqueles que querem mais do que \u201eapenas som\u201c. Microfones coloridos e imediatamente reconhec\u00edveis...<\/p><a href=\"https:\/\/konferenztechnik.de\/pt\/catchbox-tecnologia-moderna-e-colorida-para-salas-de-conferencia-2\/\" class=\"eael-post-elements-readmore-btn\" >informar agora<\/a><div class=\"boxed-meta\"><\/div><\/div><\/div><\/div><div class=\"eael-post-list-post\"><div class=\"eael-post-list-post-inner\"><div class=\"eael-post-list-thumbnail\"><a href=\"https:\/\/konferenztechnik.de\/pt\/protecao-de-dados-para-videoconferencias\/\">\n                <img decoding=\"async\" src=\"https:\/\/konferenztechnik.de\/wp-content\/uploads\/2023\/07\/videokonferenzen-dsgvo-jpg.webp\" alt=\"Pictograma do regulamento de prote\u00e7\u00e3o de dados RGPD\" title=\"\">\n            <\/a><\/div><div class=\"eael-post-list-content\"><h2 class=\"eael-post-list-title\"><a href=\"https:\/\/konferenztechnik.de\/pt\/protecao-de-dados-para-videoconferencias\/\" >Prote\u00e7\u00e3o de dados para videoconfer\u00eancias<\/a><\/h2><p>Realizar confer\u00eancias digitais, eventos h\u00edbridos, streaming e interpreta\u00e7\u00e3o \u00e0 dist\u00e2ncia em conformidade com o RGPD<\/p><a href=\"https:\/\/konferenztechnik.de\/pt\/protecao-de-dados-para-videoconferencias\/\" class=\"eael-post-elements-readmore-btn\" >informar agora<\/a><div class=\"boxed-meta\"><\/div><\/div><\/div><\/div><div class=\"eael-post-list-post\"><div class=\"eael-post-list-post-inner\"><div class=\"eael-post-list-thumbnail\"><a href=\"https:\/\/konferenztechnik.de\/pt\/exame-dguv-v3-tecnologia-dos-meios-de-comunicacao\/\">\n                <img decoding=\"async\" src=\"https:\/\/konferenztechnik.de\/wp-content\/uploads\/2025\/03\/dguv-elektropruefung-fuer-medientechnik-und-konferenztechnik.avif\" alt=\"dguv-electropruefung-fuer-medientechnik-und-konferenztechnik\" title=\"\">\n            <\/a><\/div><div class=\"eael-post-list-content\"><h2 class=\"eael-post-list-title\"><a href=\"https:\/\/konferenztechnik.de\/pt\/exame-dguv-v3-tecnologia-dos-meios-de-comunicacao\/\" >Inspe\u00e7\u00e3o DGUV V3 para a tecnologia dos meios de comunica\u00e7\u00e3o<\/a><\/h2><p>Inspe\u00e7\u00e3o DGUV-V3 para a tecnologia dos meios de comunica\u00e7\u00e3o Somos especializados na inspe\u00e7\u00e3o DGUV da tecnologia dos meios de comunica\u00e7\u00e3o e...<\/p><a href=\"https:\/\/konferenztechnik.de\/pt\/exame-dguv-v3-tecnologia-dos-meios-de-comunicacao\/\" class=\"eael-post-elements-readmore-btn\" >informar agora<\/a><div class=\"boxed-meta\"><\/div><\/div><\/div><\/div><div class=\"eael-post-list-post\"><div class=\"eael-post-list-post-inner\"><div class=\"eael-post-list-thumbnail\"><a href=\"https:\/\/konferenztechnik.de\/pt\/aluguer-compra-instalacao-aluguer-de-sistemas-de-discussao-estacoes-de-intercomunicacao\/\">\n                <img decoding=\"async\" src=\"https:\/\/konferenztechnik.de\/wp-content\/uploads\/2023\/06\/diskussionsanlage-sprechstellen-tischmikrofone.jpg\" alt=\"Unidades de microfone de mesa distribu\u00eddas \u00e0 volta de uma mesa de confer\u00eancia, com microfones gooseneck\" title=\"\">\n            <\/a><\/div><div class=\"eael-post-list-content\"><h2 class=\"eael-post-list-title\"><a href=\"https:\/\/konferenztechnik.de\/pt\/aluguer-compra-instalacao-aluguer-de-sistemas-de-discussao-estacoes-de-intercomunicacao\/\" >Aluguer, compra, instala\u00e7\u00e3o, aluguer de sistemas de discuss\u00e3o \u2013, esta\u00e7\u00f5es de intercomunica\u00e7\u00e3o<\/a><\/h2><p>Aluguer, compra, instala\u00e7\u00e3o, aluguer de sistemas de discuss\u00e3o \u2013, esta\u00e7\u00f5es de intercomunica\u00e7\u00e3o<\/p><a href=\"https:\/\/konferenztechnik.de\/pt\/aluguer-compra-instalacao-aluguer-de-sistemas-de-discussao-estacoes-de-intercomunicacao\/\" class=\"eael-post-elements-readmore-btn\" >informar agora<\/a><div class=\"boxed-meta\"><\/div><\/div><\/div><\/div><div class=\"eael-post-list-post\"><div class=\"eael-post-list-post-inner\"><div class=\"eael-post-list-thumbnail\"><a href=\"https:\/\/konferenztechnik.de\/pt\/interpreting-hub-estudio-de-interpretacao-berlim\/\">\n                <img decoding=\"async\" src=\"https:\/\/konferenztechnik.de\/wp-content\/uploads\/2022\/09\/dolmetsch-studio-berlin-jpg.webp\" alt=\"Um dos est\u00fadios de interpreta\u00e7\u00e3o da PCS em Berlim, aqui no \u00faltimo andar, com vista para as cabinas de interpreta\u00e7\u00e3o\" title=\"\">\n            <\/a><\/div><div class=\"eael-post-list-content\"><h2 class=\"eael-post-list-title\"><a href=\"https:\/\/konferenztechnik.de\/pt\/interpreting-hub-estudio-de-interpretacao-berlim\/\" >Centro de interpreta\u00e7\u00e3o, est\u00fadio de interpreta\u00e7\u00e3o Berlim<\/a><\/h2><p>O nosso HUB de interpreta\u00e7\u00e3o em Berlim tem uma localiza\u00e7\u00e3o central, \u00e9 profissional e confort\u00e1vel. Com mais de 50...<\/p><a href=\"https:\/\/konferenztechnik.de\/pt\/interpreting-hub-estudio-de-interpretacao-berlim\/\" class=\"eael-post-elements-readmore-btn\" >informar agora<\/a><div class=\"boxed-meta\"><\/div><\/div><\/div><\/div><div class=\"eael-post-list-post\"><div class=\"eael-post-list-post-inner\"><div class=\"eael-post-list-thumbnail\"><a href=\"https:\/\/konferenztechnik.de\/pt\/interpreting-hub-estudio-de-interpretacao-duesseldorf\/\">\n                <img decoding=\"async\" src=\"https:\/\/konferenztechnik.de\/wp-content\/uploads\/2022\/04\/dolmetsch-hub-duesseldorf-rooftop-jpg.webp\" alt=\"Os int\u00e9rpretes simult\u00e2neos sentam-se numa cabina de interpreta\u00e7\u00e3o insonorizada no centro de interpreta\u00e7\u00e3o do PCS D\u00fcsseldorf\" title=\"\">\n            <\/a><\/div><div class=\"eael-post-list-content\"><h2 class=\"eael-post-list-title\"><a href=\"https:\/\/konferenztechnik.de\/pt\/interpreting-hub-estudio-de-interpretacao-duesseldorf\/\" >Centro de interpreta\u00e7\u00e3o, est\u00fadio de interpreta\u00e7\u00e3o D\u00fcsseldorf<\/a><\/h2><p>O nosso centro de interpreta\u00e7\u00e3o em D\u00fcsseldorf oferece um excelente ambiente para um trabalho concentrado e agrad\u00e1vel.<\/p><a href=\"https:\/\/konferenztechnik.de\/pt\/interpreting-hub-estudio-de-interpretacao-duesseldorf\/\" class=\"eael-post-elements-readmore-btn\" >informar agora<\/a><div class=\"boxed-meta\"><\/div><\/div><\/div><\/div><div class=\"eael-post-list-post\"><div class=\"eael-post-list-post-inner\"><div class=\"eael-post-list-thumbnail\"><a href=\"https:\/\/konferenztechnik.de\/pt\/centro-de-interpretacao-estudio-de-interpretacao-de-munique\/\">\n                <img decoding=\"async\" src=\"https:\/\/konferenztechnik.de\/wp-content\/uploads\/2023\/07\/dolmetsch-hub-muenchen-jpg.webp\" alt=\"Centro de interpreta\u00e7\u00e3o em Munique com cabinas de interpreta\u00e7\u00e3o\" title=\"\">\n            <\/a><\/div><div class=\"eael-post-list-content\"><h2 class=\"eael-post-list-title\"><a href=\"https:\/\/konferenztechnik.de\/pt\/centro-de-interpretacao-estudio-de-interpretacao-de-munique\/\" >Centro de Interpreta\u00e7\u00e3o, Est\u00fadio de Interpreta\u00e7\u00e3o de Munique<\/a><\/h2><p>O nosso centro de interpreta\u00e7\u00e3o em Munique \u00e9 o nosso HUB mais pequeno e disp\u00f5e de 8 postos de trabalho, um...<\/p><a href=\"https:\/\/konferenztechnik.de\/pt\/centro-de-interpretacao-estudio-de-interpretacao-de-munique\/\" class=\"eael-post-elements-readmore-btn\" >informar agora<\/a><div class=\"boxed-meta\"><\/div><\/div><\/div><\/div><div class=\"eael-post-list-post\"><div class=\"eael-post-list-post-inner\"><div class=\"eael-post-list-thumbnail\"><a href=\"https:\/\/konferenztechnik.de\/pt\/centros-de-interpretacao-e-estudios-de-interpretacao\/\">\n                <img decoding=\"async\" src=\"https:\/\/konferenztechnik.de\/wp-content\/uploads\/2023\/04\/dolmetschhubs.jpg\" alt=\"Vista para um est\u00fadio de interpreta\u00e7\u00e3o, onde os int\u00e9rpretes seguem um orador num grande monitor e traduzem para v\u00e1rias outras l\u00ednguas nas suas cabinas \u00e0 prova de som\" title=\"\">\n            <\/a><\/div><div class=\"eael-post-list-content\"><h2 class=\"eael-post-list-title\"><a href=\"https:\/\/konferenztechnik.de\/pt\/centros-de-interpretacao-e-estudios-de-interpretacao\/\" >Centros de interpreta\u00e7\u00e3o e est\u00fadios de interpreta\u00e7\u00e3o<\/a><\/h2><p>Os nossos centros profissionais de interpreta\u00e7\u00e3o \u00e0 dist\u00e2ncia, interpreta\u00e7\u00e3o para videoconfer\u00eancias, streaming e reuni\u00f5es no local<\/p><a href=\"https:\/\/konferenztechnik.de\/pt\/centros-de-interpretacao-e-estudios-de-interpretacao\/\" class=\"eael-post-elements-readmore-btn\" >informar agora<\/a><div class=\"boxed-meta\"><\/div><\/div><\/div><\/div><div class=\"eael-post-list-post\"><div class=\"eael-post-list-post-inner\"><div class=\"eael-post-list-thumbnail\"><a href=\"https:\/\/konferenztechnik.de\/pt\/sistemas-de-interpretacao-e-tecnologia-de-interpretacao-aluguer-compra-instalacao\/\">\n                <img decoding=\"async\" src=\"https:\/\/konferenztechnik.de\/wp-content\/uploads\/2023\/05\/simultantechnik-dolmetscheranlagen-mieten-kaufen-leasen-jpg.webp\" alt=\"\" title=\"\">\n            <\/a><\/div><div class=\"eael-post-list-content\"><h2 class=\"eael-post-list-title\"><a href=\"https:\/\/konferenztechnik.de\/pt\/sistemas-de-interpretacao-e-tecnologia-de-interpretacao-aluguer-compra-instalacao\/\" >Sistemas de interpreta\u00e7\u00e3o e tecnologias de interpreta\u00e7\u00e3o<\/a><\/h2><p>Sistemas de interpreta\u00e7\u00e3o sem fios com cabinas de interpreta\u00e7\u00e3o e sistemas de discuss\u00e3o com cabinas de interpreta\u00e7\u00e3o<\/p><a href=\"https:\/\/konferenztechnik.de\/pt\/sistemas-de-interpretacao-e-tecnologia-de-interpretacao-aluguer-compra-instalacao\/\" class=\"eael-post-elements-readmore-btn\" >informar agora<\/a><div class=\"boxed-meta\"><\/div><\/div><\/div><\/div><div class=\"eael-post-list-post\"><div class=\"eael-post-list-post-inner\"><div class=\"eael-post-list-thumbnail\"><a href=\"https:\/\/konferenztechnik.de\/pt\/interprete-de-livros\/\">\n                <img decoding=\"async\" src=\"https:\/\/konferenztechnik.de\/wp-content\/uploads\/2024\/03\/dolmetscher-und-dolmetscherinnen-buchen-vermitteln-postimg.jpeg\" alt=\"livro-int\u00e9rpretes-e-int\u00e9rpretes-fornecer-postimg\" title=\"\">\n            <\/a><\/div><div class=\"eael-post-list-content\"><h2 class=\"eael-post-list-title\"><a href=\"https:\/\/konferenztechnik.de\/pt\/interprete-de-livros\/\" >Reservar um int\u00e9rprete<\/a><\/h2><p>Encontrar rapidamente int\u00e9rpretes profissionais. Fornecemos int\u00e9rpretes profissionais para uma vasta gama de...<\/p><a href=\"https:\/\/konferenztechnik.de\/pt\/interprete-de-livros\/\" class=\"eael-post-elements-readmore-btn\" >informar agora<\/a><div class=\"boxed-meta\"><\/div><\/div><\/div><\/div><div class=\"eael-post-list-post\"><div class=\"eael-post-list-post-inner\"><div class=\"eael-post-list-thumbnail\"><a href=\"https:\/\/konferenztechnik.de\/pt\/cabinas-de-interpretacao-e-cabinas-de-oradores\/\">\n                <img decoding=\"async\" src=\"https:\/\/konferenztechnik.de\/wp-content\/uploads\/2022\/06\/dolmetscherkabine-sprecherkabine-mieten-kaufen-leasen-jpg.webp\" alt=\"Cabina de interpreta\u00e7\u00e3o para 2 int\u00e9rpretes simult\u00e2neos\" title=\"\">\n            <\/a><\/div><div class=\"eael-post-list-content\"><h2 class=\"eael-post-list-title\"><a href=\"https:\/\/konferenztechnik.de\/pt\/cabinas-de-interpretacao-e-cabinas-de-oradores\/\" >Cabinas de interpreta\u00e7\u00e3o e cabinas de oradores<\/a><\/h2><p>A cabina de interpreta\u00e7\u00e3o \u00e9 o local de trabalho dos int\u00e9rpretes simult\u00e2neos<\/p><a href=\"https:\/\/konferenztechnik.de\/pt\/cabinas-de-interpretacao-e-cabinas-de-oradores\/\" class=\"eael-post-elements-readmore-btn\" >informar agora<\/a><div class=\"boxed-meta\"><\/div><\/div><\/div><\/div><div class=\"eael-post-list-post\"><div class=\"eael-post-list-post-inner\"><div class=\"eael-post-list-thumbnail\"><a href=\"https:\/\/konferenztechnik.de\/pt\/mesas-de-interpretacao\/\">\n                <img decoding=\"async\" src=\"https:\/\/konferenztechnik.de\/wp-content\/uploads\/2022\/06\/dolmetscherpulte-mieten-kaufen-leasen-jpg.webp\" alt=\"Balc\u00e3o de interpreta\u00e7\u00e3o televisiva\" title=\"\">\n            <\/a><\/div><div class=\"eael-post-list-content\"><h2 class=\"eael-post-list-title\"><a href=\"https:\/\/konferenztechnik.de\/pt\/mesas-de-interpretacao\/\" >Balc\u00f5es de interpreta\u00e7\u00e3o<\/a><\/h2><p>O equipamento b\u00e1sico de uma cabina de interpreta\u00e7\u00e3o inclui uma mesa de interpreta\u00e7\u00e3o.<\/p><a href=\"https:\/\/konferenztechnik.de\/pt\/mesas-de-interpretacao\/\" class=\"eael-post-elements-readmore-btn\" >informar agora<\/a><div class=\"boxed-meta\"><\/div><\/div><\/div><\/div><div class=\"eael-post-list-post\"><div class=\"eael-post-list-post-inner\"><div class=\"eael-post-list-thumbnail\"><a href=\"https:\/\/konferenztechnik.de\/pt\/sistema-de-microfone-sem-fios-shure-mxw-next-2\/\">\n                <img decoding=\"async\" src=\"https:\/\/konferenztechnik.de\/wp-content\/uploads\/2024\/02\/drahtlose-konferenz-shure-mxw-next-2-jpg.webp\" alt=\"Um sistema de microfone, uma pessoa liga-o.\" title=\"\">\n            <\/a><\/div><div class=\"eael-post-list-content\"><h2 class=\"eael-post-list-title\"><a href=\"https:\/\/konferenztechnik.de\/pt\/sistema-de-microfone-sem-fios-shure-mxw-next-2\/\" >Sistema de microfone sem fios Shure MXW NEXT 2<\/a><\/h2><p>Microfones sem fios para salas de aula, salas de forma\u00e7\u00e3o, audit\u00f3rios e salas de confer\u00eancia h\u00edbridas \u2013 simples, fi\u00e1vel,...<\/p><a href=\"https:\/\/konferenztechnik.de\/pt\/sistema-de-microfone-sem-fios-shure-mxw-next-2\/\" class=\"eael-post-elements-readmore-btn\" >informar agora<\/a><div class=\"boxed-meta\"><\/div><\/div><\/div><\/div><div class=\"eael-post-list-post\"><div class=\"eael-post-list-post-inner\"><div class=\"eael-post-list-thumbnail\"><a href=\"https:\/\/konferenztechnik.de\/pt\/ebr-reunioes-do-conselho-de-empresa-europeu-em-linha-hibrido-digital-classico\/\">\n                <img decoding=\"async\" src=\"https:\/\/konferenztechnik.de\/wp-content\/uploads\/2023\/05\/ebr-sitzung-online.jpg\" alt=\"Dois participantes na confer\u00eancia olham para outros participantes na confer\u00eancia que est\u00e3o ligados atrav\u00e9s do monitor\" title=\"\">\n            <\/a><\/div><div class=\"eael-post-list-content\"><h2 class=\"eael-post-list-title\"><a href=\"https:\/\/konferenztechnik.de\/pt\/ebr-reunioes-do-conselho-de-empresa-europeu-em-linha-hibrido-digital-classico\/\" >CEE: reuni\u00f5es do conselho de empresa europeu \u2013 em linha, h\u00edbrido, digital, cl\u00e1ssico?<\/a><\/h2><p>Apoiamo-lo no planeamento do evento e na realiza\u00e7\u00e3o t\u00e9cnica<\/p><a href=\"https:\/\/konferenztechnik.de\/pt\/ebr-reunioes-do-conselho-de-empresa-europeu-em-linha-hibrido-digital-classico\/\" class=\"eael-post-elements-readmore-btn\" >informar agora<\/a><div class=\"boxed-meta\"><\/div><\/div><\/div><\/div><div class=\"eael-post-list-post\"><div class=\"eael-post-list-post-inner\"><div class=\"eael-post-list-thumbnail\"><a href=\"https:\/\/konferenztechnik.de\/pt\/controlador-de-controlo-extron-wc-pro-series\/\">\n                <img decoding=\"async\" src=\"https:\/\/konferenztechnik.de\/wp-content\/uploads\/2024\/04\/Extron-WC-Pro-Serie-wc_60180301_apr0201nrr_dv23-1.jpg\" alt=\"\" title=\"\">\n            <\/a><\/div><div class=\"eael-post-list-content\"><h2 class=\"eael-post-list-title\"><a href=\"https:\/\/konferenztechnik.de\/pt\/controlador-de-controlo-extron-wc-pro-series\/\" >Controlador de controlo da s\u00e9rie Extron WC Pro<\/a><\/h2><p>AV verde: ligar e desligar ecr\u00e3s automaticamente. Os sensores de presen\u00e7a e os controladores de controlo permitem...<\/p><a href=\"https:\/\/konferenztechnik.de\/pt\/controlador-de-controlo-extron-wc-pro-series\/\" class=\"eael-post-elements-readmore-btn\" >informar agora<\/a><div class=\"boxed-meta\"><\/div><\/div><\/div><\/div><div class=\"eael-post-list-post\"><div class=\"eael-post-list-post-inner\"><div class=\"eael-post-list-thumbnail\"><a href=\"https:\/\/konferenztechnik.de\/pt\/interpretacao-de-conferencias-eventos\/\">\n                <img decoding=\"async\" src=\"https:\/\/konferenztechnik.de\/wp-content\/uploads\/2024\/06\/pcs-konferenztechnik-A_sign_language_interpreter_working_at_a_conference_in-berlin-1024x574.jpg\" alt=\"Um int\u00e9rprete de l\u00edngua gestual faz a interpreta\u00e7\u00e3o numa confer\u00eancia.\" title=\"\">\n            <\/a><\/div><div class=\"eael-post-list-content\"><h2 class=\"eael-post-list-title\"><a href=\"https:\/\/konferenztechnik.de\/pt\/interpretacao-de-conferencias-eventos\/\" >Int\u00e9rpretes de l\u00edngua gestual para eventos e confer\u00eancias<\/a><\/h2><p>Organizamos int\u00e9rpretes de l\u00edngua gestual e fornecemos a tecnologia necess\u00e1ria. A interpreta\u00e7\u00e3o em l\u00edngua gestual representa um...<\/p><a href=\"https:\/\/konferenztechnik.de\/pt\/interpretacao-de-conferencias-eventos\/\" class=\"eael-post-elements-readmore-btn\" >informar agora<\/a><div class=\"boxed-meta\"><\/div><\/div><\/div><\/div><div class=\"eael-post-list-post\"><div class=\"eael-post-list-post-inner\"><div class=\"eael-post-list-thumbnail\"><a href=\"https:\/\/konferenztechnik.de\/pt\/exposicoes-internas-hibrido-digital-no-local\/\">\n                <img decoding=\"async\" src=\"https:\/\/konferenztechnik.de\/wp-content\/uploads\/2023\/11\/inhouse-veranstaltungen-service-jpg.webp\" alt=\"\" title=\"\">\n            <\/a><\/div><div class=\"eael-post-list-content\"><h2 class=\"eael-post-list-title\"><a href=\"https:\/\/konferenztechnik.de\/pt\/exposicoes-internas-hibrido-digital-no-local\/\" >Exposi\u00e7\u00f5es internas, eventos internos \u2013 digital, h\u00edbrido, no local<\/a><\/h2><p>No passado, as exposi\u00e7\u00f5es internas eram exclusivamente feiras de informa\u00e7\u00e3o e vendas com as quais as empresas individuais...<\/p><a href=\"https:\/\/konferenztechnik.de\/pt\/exposicoes-internas-hibrido-digital-no-local\/\" class=\"eael-post-elements-readmore-btn\" >informar agora<\/a><div class=\"boxed-meta\"><\/div><\/div><\/div><\/div><div class=\"eael-post-list-post\"><div class=\"eael-post-list-post-inner\"><div class=\"eael-post-list-thumbnail\"><a href=\"https:\/\/konferenztechnik.de\/pt\/salas-de-reuniao\/\">\n                <img decoding=\"async\" src=\"https:\/\/konferenztechnik.de\/wp-content\/uploads\/2023\/07\/huddle-room-jpg.webp\" alt=\"Numa pequena sala de confer\u00eancias com 3 pessoas \u00e0 mesa de reuni\u00f5es, uma mulher est\u00e1 em frente a um grande ecr\u00e3 na parede e coloca algo no monitor\" title=\"\">\n            <\/a><\/div><div class=\"eael-post-list-content\"><h2 class=\"eael-post-list-title\"><a href=\"https:\/\/konferenztechnik.de\/pt\/salas-de-reuniao\/\" >Salas de reuni\u00e3o<\/a><\/h2><p>As Huddle Rooms s\u00e3o pequenas salas de reuni\u00e3o que oferecem condi\u00e7\u00f5es \u00f3ptimas para equipas de cerca de 3...<\/p><a href=\"https:\/\/konferenztechnik.de\/pt\/salas-de-reuniao\/\" class=\"eael-post-elements-readmore-btn\" >informar agora<\/a><div class=\"boxed-meta\"><\/div><\/div><\/div><\/div><div class=\"eael-post-list-post\"><div class=\"eael-post-list-post-inner\"><div class=\"eael-post-list-thumbnail\"><a href=\"https:\/\/konferenztechnik.de\/pt\/eventos-hibridos\/\">\n                <img decoding=\"async\" src=\"https:\/\/konferenztechnik.de\/wp-content\/uploads\/2023\/06\/hybride-events-jpg.webp\" alt=\"Dois apresentadores est\u00e3o de p\u00e9 num palco e podem ser vistos simultaneamente numa segunda sec\u00e7\u00e3o de imagem digital num monitor de PC - como um s\u00edmbolo para eventos h\u00edbridos\" title=\"\">\n            <\/a><\/div><div class=\"eael-post-list-content\"><h2 class=\"eael-post-list-title\"><a href=\"https:\/\/konferenztechnik.de\/pt\/eventos-hibridos\/\" >Eventos h\u00edbridos<\/a><\/h2><p>Ligamos pessoas, espa\u00e7os e lugares. Participantes digitais, participantes presenciais, oradores e espectadores...<\/p><a href=\"https:\/\/konferenztechnik.de\/pt\/eventos-hibridos\/\" class=\"eael-post-elements-readmore-btn\" >informar agora<\/a><div class=\"boxed-meta\"><\/div><\/div><\/div><\/div><div class=\"eael-post-list-post\"><div class=\"eael-post-list-post-inner\"><div class=\"eael-post-list-thumbnail\"><a href=\"https:\/\/konferenztechnik.de\/pt\/camara-de-conferencia-innex-omni-the-360-com-resolucao-de-4k\/\">\n                <img decoding=\"async\" src=\"https:\/\/konferenztechnik.de\/wp-content\/uploads\/2026\/01\/Konferenz-Kamera-innex-omni-360-4k-AI.avif\" alt=\"\" title=\"\">\n            <\/a><\/div><div class=\"eael-post-list-content\"><h2 class=\"eael-post-list-title\"><a href=\"https:\/\/konferenztechnik.de\/pt\/camara-de-conferencia-innex-omni-the-360-com-resolucao-de-4k\/\" >Innex Omni \u2013 a c\u00e2mara de confer\u00eancia de 360\u00b0 com resolu\u00e7\u00e3o 4K<\/a><\/h2><p>A Innex Omni \u00e9 uma c\u00e2mara de confer\u00eancia de 360\u00b0 com quatro lentes 4K, IA integrada e...<\/p><a href=\"https:\/\/konferenztechnik.de\/pt\/camara-de-conferencia-innex-omni-the-360-com-resolucao-de-4k\/\" class=\"eael-post-elements-readmore-btn\" >informar agora<\/a><div class=\"boxed-meta\"><\/div><\/div><\/div><\/div><div class=\"eael-post-list-post\"><div class=\"eael-post-list-post-inner\"><div class=\"eael-post-list-thumbnail\"><a href=\"https:\/\/konferenztechnik.de\/pt\/assistencia-tecnica-manutencao\/\">\n                <img decoding=\"async\" src=\"https:\/\/konferenztechnik.de\/wp-content\/uploads\/2023\/04\/instandhaltung.jpg\" alt=\"Um funcion\u00e1rio da PCS trabalha com um ferro de soldar numa mesa de confer\u00eancia nas instala\u00e7\u00f5es de um cliente\" title=\"\">\n            <\/a><\/div><div class=\"eael-post-list-content\"><h2 class=\"eael-post-list-title\"><a href=\"https:\/\/konferenztechnik.de\/pt\/assistencia-tecnica-manutencao\/\" >Manuten\u00e7\u00e3o e assist\u00eancia t\u00e9cnica<\/a><\/h2><p>Sistemas de guia tur\u00edstico, sistemas de guia, sistemas whisper ou PFA, auscultadores, microfones, unidades de carregamento, malas de transporte, acess\u00f3rios<\/p><a href=\"https:\/\/konferenztechnik.de\/pt\/assistencia-tecnica-manutencao\/\" class=\"eael-post-elements-readmore-btn\" >informar agora<\/a><div class=\"boxed-meta\"><\/div><\/div><\/div><\/div><div class=\"eael-post-list-post\"><div class=\"eael-post-list-post-inner\"><div class=\"eael-post-list-thumbnail\"><a href=\"https:\/\/konferenztechnik.de\/pt\/ecras-interactivos-quadros-brancos-flipcharts\/\">\n                <img decoding=\"async\" src=\"https:\/\/konferenztechnik.de\/wp-content\/uploads\/2023\/04\/i3-displays-whiteboards-flipcharts-jpg.webp\" alt=\"2 expositores da marca I3 em trip\u00e9s m\u00f3veis\" title=\"\">\n            <\/a><\/div><div class=\"eael-post-list-content\"><h2 class=\"eael-post-list-title\"><a href=\"https:\/\/konferenztechnik.de\/pt\/ecras-interactivos-quadros-brancos-flipcharts\/\" >Ecr\u00e3s interactivos, quadros brancos, flipcharts<\/a><\/h2><p>A nossa primeira escolha para ecr\u00e3s t\u00e1cteis, quadros brancos e flipcharts digitais \u00e9 frequentemente a i3-Technologies.<\/p><a href=\"https:\/\/konferenztechnik.de\/pt\/ecras-interactivos-quadros-brancos-flipcharts\/\" class=\"eael-post-elements-readmore-btn\" >informar agora<\/a><div class=\"boxed-meta\"><\/div><\/div><\/div><\/div><div class=\"eael-post-list-post\"><div class=\"eael-post-list-post-inner\"><div class=\"eael-post-list-thumbnail\"><a href=\"https:\/\/konferenztechnik.de\/pt\/aluguer-de-equipamento-para-eventos-2\/\">\n                <img decoding=\"async\" src=\"https:\/\/konferenztechnik.de\/wp-content\/uploads\/2024\/09\/intercomsysteme-mieten.avif\" alt=\"\" title=\"\">\n            <\/a><\/div><div class=\"eael-post-list-content\"><h2 class=\"eael-post-list-title\"><a href=\"https:\/\/konferenztechnik.de\/pt\/aluguer-de-equipamento-para-eventos-2\/\" >Aluguer de sistemas de intercomunica\u00e7\u00e3o<\/a><\/h2><p>Os nossos sistemas de intercomunica\u00e7\u00e3o e comunica\u00e7\u00e3o garantem que a sua equipa est\u00e1 sempre ligada.<\/p><a href=\"https:\/\/konferenztechnik.de\/pt\/aluguer-de-equipamento-para-eventos-2\/\" class=\"eael-post-elements-readmore-btn\" >informar agora<\/a><div class=\"boxed-meta\"><\/div><\/div><\/div><\/div><div class=\"eael-post-list-post\"><div class=\"eael-post-list-post-inner\"><div class=\"eael-post-list-thumbnail\"><a href=\"https:\/\/konferenztechnik.de\/pt\/ki-transcricao-de-legendas-em-direto-de-fala-para-texto\/\">\n                <img decoding=\"async\" src=\"https:\/\/konferenztechnik.de\/wp-content\/uploads\/2025\/05\/ai-ki-dolmetscher-ki-dolmetschloesungen-postimg.avif\" alt=\"ai-ki-interpreters-ki-interpreting-solutions\" title=\"\">\n            <\/a><\/div><div class=\"eael-post-list-content\"><h2 class=\"eael-post-list-title\"><a href=\"https:\/\/konferenztechnik.de\/pt\/ki-transcricao-de-legendas-em-direto-de-fala-para-texto\/\" >Solu\u00e7\u00e3o de voz para texto baseada em IA: legendagem e transcri\u00e7\u00e3o em direto para eventos<\/a><\/h2><p>Solu\u00e7\u00e3o de voz para texto baseada em IA Legendagem e tradu\u00e7\u00e3o em direto \u2013 para uma comunica\u00e7\u00e3o sem barreiras e multilingue em...<\/p><a href=\"https:\/\/konferenztechnik.de\/pt\/ki-transcricao-de-legendas-em-direto-de-fala-para-texto\/\" class=\"eael-post-elements-readmore-btn\" >informar agora<\/a><div class=\"boxed-meta\"><\/div><\/div><\/div><\/div><div class=\"eael-post-list-post\"><div class=\"eael-post-list-post-inner\"><div class=\"eael-post-list-thumbnail\"><a href=\"https:\/\/konferenztechnik.de\/pt\/interpretacao-ki-para-eventos-conferencias\/\">\n                <img decoding=\"async\" src=\"https:\/\/konferenztechnik.de\/wp-content\/uploads\/2025\/03\/ai-ki-dolmetscher-ki-dolmetschloesungen-png.avif\" alt=\"\" title=\"\">\n            <\/a><\/div><div class=\"eael-post-list-content\"><h2 class=\"eael-post-list-title\"><a href=\"https:\/\/konferenztechnik.de\/pt\/interpretacao-ki-para-eventos-conferencias\/\" >Solu\u00e7\u00f5es de interpreta\u00e7\u00e3o com IA para eventos e confer\u00eancias<\/a><\/h2><p>Expanda o seu alcance com a nossa inovadora solu\u00e7\u00e3o de interpreta\u00e7\u00e3o em tempo real baseada em IA. Mais de 60 int\u00e9rpretes...<\/p><a href=\"https:\/\/konferenztechnik.de\/pt\/interpretacao-ki-para-eventos-conferencias\/\" class=\"eael-post-elements-readmore-btn\" >informar agora<\/a><div class=\"boxed-meta\"><\/div><\/div><\/div><\/div><div class=\"eael-post-list-post\"><div class=\"eael-post-list-post-inner\"><div class=\"eael-post-list-thumbnail\"><a href=\"https:\/\/konferenztechnik.de\/pt\/recetor-de-conferencia-recetor-de-auscultadores\/\">\n                <img decoding=\"async\" src=\"https:\/\/konferenztechnik.de\/wp-content\/uploads\/2023\/06\/kopfhoerer-empfaenger-jpg.webp\" alt=\"Dois receptores de confer\u00eancia dispostos numa mesa de confer\u00eancia com auscultadores para ouvir as l\u00ednguas interpretadas\" title=\"\">\n            <\/a><\/div><div class=\"eael-post-list-content\"><h2 class=\"eael-post-list-title\"><a href=\"https:\/\/konferenztechnik.de\/pt\/recetor-de-conferencia-recetor-de-auscultadores\/\" >Recetor de confer\u00eancia, recetor de auscultadores<\/a><\/h2><p>Aluguer de receptores de confer\u00eancia: Receptores e auscultadores para confer\u00eancias com tradu\u00e7\u00e3o simult\u00e2nea<\/p><a href=\"https:\/\/konferenztechnik.de\/pt\/recetor-de-conferencia-recetor-de-auscultadores\/\" class=\"eael-post-elements-readmore-btn\" >informar agora<\/a><div class=\"boxed-meta\"><\/div><\/div><\/div><\/div><div class=\"eael-post-list-post\"><div class=\"eael-post-list-post-inner\"><div class=\"eael-post-list-thumbnail\"><a href=\"https:\/\/konferenztechnik.de\/pt\/salas-de-conferencia-com-microfones-de-teto-e-altifalantes-de-teto\/\">\n                <img decoding=\"async\" src=\"https:\/\/konferenztechnik.de\/wp-content\/uploads\/2023\/07\/mikfrofon-deckenarray-jpg.webp\" alt=\"Num esbo\u00e7o de uma sala de confer\u00eancias onde est\u00e3o sentadas 8 pessoas numa mesa de confer\u00eancias, s\u00e3o mostradas as caracter\u00edsticas de dispers\u00e3o de um altifalante de teto. Todas as pessoas recebem uma boa inteligibilidade \u00e1udio nesta zona indicada.\" title=\"\">\n            <\/a><\/div><div class=\"eael-post-list-content\"><h2 class=\"eael-post-list-title\"><a href=\"https:\/\/konferenztechnik.de\/pt\/salas-de-conferencia-com-microfones-de-teto-e-altifalantes-de-teto\/\" >Salas de confer\u00eancia com microfones de teto e altifalantes de teto<\/a><\/h2><p>Uma cobertura \u00e1udio \u00f3ptima \u00e9 o ponto de partida para n\u00f3s e o mais importante na...<\/p><a href=\"https:\/\/konferenztechnik.de\/pt\/salas-de-conferencia-com-microfones-de-teto-e-altifalantes-de-teto\/\" class=\"eael-post-elements-readmore-btn\" >informar agora<\/a><div class=\"boxed-meta\"><\/div><\/div><\/div><\/div><div class=\"eael-post-list-post\"><div class=\"eael-post-list-post-inner\"><div class=\"eael-post-list-thumbnail\"><a href=\"https:\/\/konferenztechnik.de\/pt\/paginas-de-destino-para-eventos-plataformas-virtuais-de-eventos\/\">\n                <img decoding=\"async\" src=\"https:\/\/konferenztechnik.de\/wp-content\/uploads\/2023\/03\/landingpage-beitrag.jpg\" alt=\"\" title=\"\">\n            <\/a><\/div><div class=\"eael-post-list-content\"><h2 class=\"eael-post-list-title\"><a href=\"https:\/\/konferenztechnik.de\/pt\/paginas-de-destino-para-eventos-plataformas-virtuais-de-eventos\/\" >P\u00e1ginas de destino para eventos, plataformas de eventos virtuais<\/a><\/h2><p>Landing pages para eventos, plataformas de eventos virtuais O pacote b\u00e1sico \u00e9 composto pelos seguintes elementos...<\/p><a href=\"https:\/\/konferenztechnik.de\/pt\/paginas-de-destino-para-eventos-plataformas-virtuais-de-eventos\/\" class=\"eael-post-elements-readmore-btn\" >informar agora<\/a><div class=\"boxed-meta\"><\/div><\/div><\/div><\/div><div class=\"eael-post-list-post\"><div class=\"eael-post-list-post-inner\"><div class=\"eael-post-list-thumbnail\"><a href=\"https:\/\/konferenztechnik.de\/pt\/paredes-de-led\/\">\n                <img decoding=\"async\" src=\"https:\/\/konferenztechnik.de\/wp-content\/uploads\/2025\/09\/LED-Waende-LED-Videowalls-kaufen-mieten-installieren.avif\" alt=\"Paredes LED-Paredes de v\u00eddeo LED-comprar-alugar-instalar\" title=\"\">\n            <\/a><\/div><div class=\"eael-post-list-content\"><h2 class=\"eael-post-list-title\"><a href=\"https:\/\/konferenztechnik.de\/pt\/paredes-de-led\/\" >Paredes LED<\/a><\/h2><p>Paredes LED para eventos, confer\u00eancias e empresas - comprar, alugar ou instalar -...<\/p><a href=\"https:\/\/konferenztechnik.de\/pt\/paredes-de-led\/\" class=\"eael-post-elements-readmore-btn\" >informar agora<\/a><div class=\"boxed-meta\"><\/div><\/div><\/div><\/div><div class=\"eael-post-list-post\"><div class=\"eael-post-list-post-inner\"><div class=\"eael-post-list-thumbnail\"><a href=\"https:\/\/konferenztechnik.de\/pt\/linguagem-facil-para-conferencias-reunioes-e-encontros\/\">\n                <img decoding=\"async\" src=\"https:\/\/konferenztechnik.de\/wp-content\/uploads\/2024\/06\/Leichte-Sprache-Dolmetscher-fuer-Konferenzen-1024x638.jpg\" alt=\"Linguagem f\u00e1cil\" title=\"\">\n            <\/a><\/div><div class=\"eael-post-list-content\"><h2 class=\"eael-post-list-title\"><a href=\"https:\/\/konferenztechnik.de\/pt\/linguagem-facil-para-conferencias-reunioes-e-encontros\/\" >Linguagem clara para confer\u00eancias, reuni\u00f5es e debates<\/a><\/h2><p>Disponibilizamos int\u00e9rpretes para uma linguagem clara e fornecemos a tecnologia necess\u00e1ria.<\/p><a href=\"https:\/\/konferenztechnik.de\/pt\/linguagem-facil-para-conferencias-reunioes-e-encontros\/\" class=\"eael-post-elements-readmore-btn\" >informar agora<\/a><div class=\"boxed-meta\"><\/div><\/div><\/div><\/div><div class=\"eael-post-list-post\"><div class=\"eael-post-list-post-inner\"><div class=\"eael-post-list-thumbnail\"><a href=\"https:\/\/konferenztechnik.de\/pt\/qualidade-do-ar\/\">\n                <img decoding=\"async\" src=\"https:\/\/konferenztechnik.de\/wp-content\/uploads\/2023\/04\/luftqualitaet-veranstaltungen-hochschulen.jpg\" alt=\"S\u00edmbolo do \u00edndice de qualidade do ar\" title=\"\">\n            <\/a><\/div><div class=\"eael-post-list-content\"><h2 class=\"eael-post-list-title\"><a href=\"https:\/\/konferenztechnik.de\/pt\/qualidade-do-ar\/\" >Qualidade do ar nos espa\u00e7os de trabalho e de aprendizagem<\/a><\/h2><p>Trabalhamos e aprendemos dentro de casa. Por isso, uma boa qualidade do ar interior \u00e9...<\/p><a href=\"https:\/\/konferenztechnik.de\/pt\/qualidade-do-ar\/\" class=\"eael-post-elements-readmore-btn\" >informar agora<\/a><div class=\"boxed-meta\"><\/div><\/div><\/div><\/div><div class=\"eael-post-list-post\"><div class=\"eael-post-list-post-inner\"><div class=\"eael-post-list-thumbnail\"><a href=\"https:\/\/konferenztechnik.de\/pt\/mipro-mtg-100-sistema-de-orientacao-do-pessoal\/\">\n                <img decoding=\"async\" src=\"https:\/\/konferenztechnik.de\/wp-content\/uploads\/2023\/06\/Mipro-MTG-100-kaufen.jpg\" alt=\"Sistema de orienta\u00e7\u00e3o de pessoas MTG-100 do fabricante Mipro com receptores e um transmissor de m\u00e3o\" title=\"\">\n            <\/a><\/div><div class=\"eael-post-list-content\"><h2 class=\"eael-post-list-title\"><a href=\"https:\/\/konferenztechnik.de\/pt\/mipro-mtg-100-sistema-de-orientacao-do-pessoal\/\" >Sistema de orienta\u00e7\u00e3o de pessoas Mipro MTG 100 \u2013<\/a><\/h2><p>O sistema de guia oferece uma qualidade de som muito boa e uma transmiss\u00e3o segura e est\u00e1vel....<\/p><a href=\"https:\/\/konferenztechnik.de\/pt\/mipro-mtg-100-sistema-de-orientacao-do-pessoal\/\" class=\"eael-post-elements-readmore-btn\" >informar agora<\/a><div class=\"boxed-meta\"><\/div><\/div><\/div><\/div><div class=\"eael-post-list-post\"><div class=\"eael-post-list-post-inner\"><div class=\"eael-post-list-thumbnail\"><a href=\"https:\/\/konferenztechnik.de\/pt\/mobile-artome-av-loesungen-flexible-medientechnik-ohne-installation\/\">\n                <img decoding=\"async\" src=\"https:\/\/konferenztechnik.de\/wp-content\/uploads\/2026\/03\/artome-mobile-konferenztechnik.avif\" alt=\"\" title=\"\">\n            <\/a><\/div><div class=\"eael-post-list-content\"><h2 class=\"eael-post-list-title\"><a href=\"https:\/\/konferenztechnik.de\/pt\/mobile-artome-av-loesungen-flexible-medientechnik-ohne-installation\/\" >Mobile Artome AV\u2011L\u00f6sungen \u2013 flexible Medientechnik ohne Installation<\/a><\/h2><p>Mobile Artome Systeme sind installationsfreie All\u2011in\u2011One\u2011L\u00f6sungen f\u00fcr Bild und Ton, die Projektor,...<\/p><a href=\"https:\/\/konferenztechnik.de\/pt\/mobile-artome-av-loesungen-flexible-medientechnik-ohne-installation\/\" class=\"eael-post-elements-readmore-btn\" >informar agora<\/a><div class=\"boxed-meta\"><\/div><\/div><\/div><\/div><div class=\"eael-post-list-post\"><div class=\"eael-post-list-post-inner\"><div class=\"eael-post-list-thumbnail\"><a href=\"https:\/\/konferenztechnik.de\/pt\/estudios-de-streaming-movel\/\">\n                <img decoding=\"async\" src=\"https:\/\/konferenztechnik.de\/wp-content\/uploads\/2023\/07\/mobile-streamingstudios-jpg.webp\" alt=\"Numa sala de confer\u00eancias com paredes de tijolo abertas, podem ver-se tr\u00eas membros do painel no palco, cada um com um microfone na m\u00e3o, com um t\u00e9cnico de som \u00e0 sua esquerda que est\u00e1 a dar apoio t\u00e9cnico ao painel de discuss\u00e3o.\" title=\"\">\n            <\/a><\/div><div class=\"eael-post-list-content\"><h2 class=\"eael-post-list-title\"><a href=\"https:\/\/konferenztechnik.de\/pt\/estudios-de-streaming-movel\/\" >Est\u00fadios m\u00f3veis de streaming<\/a><\/h2><p>Eventos aut\u00eanticos e digitais nas suas instala\u00e7\u00f5es. Transmita a sua imagem corporativa, a sua marca e...<\/p><a href=\"https:\/\/konferenztechnik.de\/pt\/estudios-de-streaming-movel\/\" class=\"eael-post-elements-readmore-btn\" >informar agora<\/a><div class=\"boxed-meta\"><\/div><\/div><\/div><\/div><div class=\"eael-post-list-post\"><div class=\"eael-post-list-post-inner\"><div class=\"eael-post-list-thumbnail\"><a href=\"https:\/\/konferenztechnik.de\/pt\/sistemas-de-orientacao-pessoal-alugar-comprar-instalar\/\">\n                <img decoding=\"async\" src=\"https:\/\/konferenztechnik.de\/wp-content\/uploads\/2023\/07\/personenfuehrungsanlage-mieten-kaufen-jpg.webp\" alt=\"Um homem fala ao microfone e um espetador ouve com o sistema de guia tur\u00edstico durante uma visita. Aluguer, compra ou aluguer de sistemas de guia tur\u00edstico da PCS.\" title=\"\">\n            <\/a><\/div><div class=\"eael-post-list-content\"><h2 class=\"eael-post-list-title\"><a href=\"https:\/\/konferenztechnik.de\/pt\/sistemas-de-orientacao-pessoal-alugar-comprar-instalar\/\" >Sistemas de orienta\u00e7\u00e3o dos passageiros<\/a><\/h2><p>Sistemas de guia tur\u00edstico, sistemas de guia, sistemas whisper ou PFA, auscultadores, microfones, unidades de carregamento, malas de transporte, acess\u00f3rios<\/p><a href=\"https:\/\/konferenztechnik.de\/pt\/sistemas-de-orientacao-pessoal-alugar-comprar-instalar\/\" class=\"eael-post-elements-readmore-btn\" >informar agora<\/a><div class=\"boxed-meta\"><\/div><\/div><\/div><\/div><div class=\"eael-post-list-post\"><div class=\"eael-post-list-post-inner\"><div class=\"eael-post-list-thumbnail\"><a href=\"https:\/\/konferenztechnik.de\/pt\/ptzoptics-move-4k-4k-camara-ptz\/\">\n                <img decoding=\"async\" src=\"https:\/\/konferenztechnik.de\/wp-content\/uploads\/2026\/02\/ptz-kamera-konferenraume-uni.avif\" alt=\"\" title=\"\">\n            <\/a><\/div><div class=\"eael-post-list-content\"><h2 class=\"eael-post-list-title\"><a href=\"https:\/\/konferenztechnik.de\/pt\/ptzoptics-move-4k-4k-camara-ptz\/\" >C\u00e2mara PTZOptics Move 4K \u2013 4K PTZ<\/a><\/h2><p>Com Quad-View, USB-C tudo-em-um, sa\u00eddas HDMI duplas e segmenta\u00e7\u00e3o de rede integrada, o AV Access eShare...<\/p><a href=\"https:\/\/konferenztechnik.de\/pt\/ptzoptics-move-4k-4k-camara-ptz\/\" class=\"eael-post-elements-readmore-btn\" >informar agora<\/a><div class=\"boxed-meta\"><\/div><\/div><\/div><\/div><div class=\"eael-post-list-post\"><div class=\"eael-post-list-post-inner\"><div class=\"eael-post-list-thumbnail\"><a href=\"https:\/\/konferenztechnik.de\/pt\/altifalante-pulse-flex-sala-de-conferencias\/\">\n                <img decoding=\"async\" src=\"https:\/\/konferenztechnik.de\/wp-content\/uploads\/2026\/01\/bluesound-lautsprecher-konfernzraum.avif\" alt=\"\" title=\"\">\n            <\/a><\/div><div class=\"eael-post-list-content\"><h2 class=\"eael-post-list-title\"><a href=\"https:\/\/konferenztechnik.de\/pt\/altifalante-pulse-flex-sala-de-conferencias\/\" >Altifalante de confer\u00eancia sem fios PULSE FLEX<\/a><\/h2><p>Com Quad-View, USB-C tudo-em-um, sa\u00eddas HDMI duplas e segmenta\u00e7\u00e3o de rede integrada, o AV Access eShare...<\/p><a href=\"https:\/\/konferenztechnik.de\/pt\/altifalante-pulse-flex-sala-de-conferencias\/\" class=\"eael-post-elements-readmore-btn\" >informar agora<\/a><div class=\"boxed-meta\"><\/div><\/div><\/div><\/div><div class=\"eael-post-list-post\"><div class=\"eael-post-list-post-inner\"><div class=\"eael-post-list-thumbnail\"><a href=\"https:\/\/konferenztechnik.de\/pt\/interpretacao-a-distancia\/\">\n                <img decoding=\"async\" src=\"https:\/\/konferenztechnik.de\/wp-content\/uploads\/2023\/07\/remote-interpreting-hub-jpg.webp\" alt=\"O int\u00e9rprete senta-se numa cabina de interpreta\u00e7\u00e3o num centro de interpreta\u00e7\u00e3o PCS e olha para um grande monitor que mostra uma apresenta\u00e7\u00e3o durante a interpreta\u00e7\u00e3o simult\u00e2nea.\" title=\"\">\n            <\/a><\/div><div class=\"eael-post-list-content\"><h2 class=\"eael-post-list-title\"><a href=\"https:\/\/konferenztechnik.de\/pt\/interpretacao-a-distancia\/\" >Interpreta\u00e7\u00e3o \u00e0 dist\u00e2ncia<\/a><\/h2><p>Oferecemos servi\u00e7os de interpreta\u00e7\u00e3o \u00e0 dist\u00e2ncia em todo o pa\u00eds. Esta \u00e9 a forma digital (e tamb\u00e9m...<\/p><a href=\"https:\/\/konferenztechnik.de\/pt\/interpretacao-a-distancia\/\" class=\"eael-post-elements-readmore-btn\" >informar agora<\/a><div class=\"boxed-meta\"><\/div><\/div><\/div><\/div><div class=\"eael-post-list-post\"><div class=\"eael-post-list-post-inner\"><div class=\"eael-post-list-thumbnail\"><a href=\"https:\/\/konferenztechnik.de\/pt\/pacotes-para-eventos-sem-preocupacoes\/\">\n                <img decoding=\"async\" src=\"https:\/\/konferenztechnik.de\/wp-content\/uploads\/2023\/11\/konferenztechnik-komplettpakete-jpg.webp\" alt=\"\" title=\"\">\n            <\/a><\/div><div class=\"eael-post-list-content\"><h2 class=\"eael-post-list-title\"><a href=\"https:\/\/konferenztechnik.de\/pt\/pacotes-para-eventos-sem-preocupacoes\/\" >Pacotes sem preocupa\u00e7\u00f5es Evento<\/a><\/h2><p>Pacote completo sem preocupa\u00e7\u00f5es: equipamento t\u00e9cnico completo para eventos e confer\u00eancias Informe-se agora Reserve o seu...<\/p><a href=\"https:\/\/konferenztechnik.de\/pt\/pacotes-para-eventos-sem-preocupacoes\/\" class=\"eael-post-elements-readmore-btn\" >informar agora<\/a><div class=\"boxed-meta\"><\/div><\/div><\/div><\/div><div class=\"eael-post-list-post\"><div class=\"eael-post-list-post-inner\"><div class=\"eael-post-list-thumbnail\"><a href=\"https:\/\/konferenztechnik.de\/pt\/interpretacao-de-conferencias-eventos-2\/\">\n                <img decoding=\"async\" src=\"https:\/\/konferenztechnik.de\/wp-content\/uploads\/2024\/06\/Schriftdolmetscher-live-Untertitel-fuer-konferenzen-meetings-pcs.jpg\" alt=\"legendagem-ao-vivo-para-confer\u00eancias-reuni\u00f5es-pcs\" title=\"\">\n            <\/a><\/div><div class=\"eael-post-list-content\"><h2 class=\"eael-post-list-title\"><a href=\"https:\/\/konferenztechnik.de\/pt\/interpretacao-de-conferencias-eventos-2\/\" >Int\u00e9rpretes escritos para eventos e confer\u00eancias<\/a><\/h2><p>Organizamos int\u00e9rpretes escritos e fornecemos a tecnologia necess\u00e1ria. A interpreta\u00e7\u00e3o escrita representa um...<\/p><a href=\"https:\/\/konferenztechnik.de\/pt\/interpretacao-de-conferencias-eventos-2\/\" class=\"eael-post-elements-readmore-btn\" >informar agora<\/a><div class=\"boxed-meta\"><\/div><\/div><\/div><\/div><div class=\"eael-post-list-post\"><div class=\"eael-post-list-post-inner\"><div class=\"eael-post-list-thumbnail\"><a href=\"https:\/\/konferenztechnik.de\/pt\/sistema-de-discussao-sennheiser-adn\/\">\n                <img decoding=\"async\" src=\"https:\/\/konferenztechnik.de\/wp-content\/uploads\/2022\/06\/sennheiser-adn.jpg\" alt=\"Unidade de confer\u00eancia sem fios Sennheiser ADN\" title=\"\">\n            <\/a><\/div><div class=\"eael-post-list-content\"><h2 class=\"eael-post-list-title\"><a href=\"https:\/\/konferenztechnik.de\/pt\/sistema-de-discussao-sennheiser-adn\/\" >Sistema de discuss\u00e3o Sennheiser ADN \u2013<\/a><\/h2><p>O sistema de confer\u00eancia ADN est\u00e1 equipado com uma eficiente supress\u00e3o de feedback. Ele...<\/p><a href=\"https:\/\/konferenztechnik.de\/pt\/sistema-de-discussao-sennheiser-adn\/\" class=\"eael-post-elements-readmore-btn\" >informar agora<\/a><div class=\"boxed-meta\"><\/div><\/div><\/div><\/div><div class=\"eael-post-list-post\"><div class=\"eael-post-list-post-inner\"><div class=\"eael-post-list-thumbnail\"><a href=\"https:\/\/konferenztechnik.de\/pt\/sistema-de-orientacao-pessoal-sennheiser-tourguide-1039\/\">\n                <img decoding=\"async\" src=\"https:\/\/konferenztechnik.de\/wp-content\/uploads\/2023\/06\/sennheiser-tourguide-1039.jpg\" alt=\"Sistema de sussurro e sistema de orienta\u00e7\u00e3o do tipo EK1039 da Sennheiser com receptores e esta\u00e7\u00f5es de carregamento\" title=\"\">\n            <\/a><\/div><div class=\"eael-post-list-content\"><h2 class=\"eael-post-list-title\"><a href=\"https:\/\/konferenztechnik.de\/pt\/sistema-de-orientacao-pessoal-sennheiser-tourguide-1039\/\" >Sistema de guia tur\u00edstico Sennheiser Tourguide 1039 \u2013<\/a><\/h2><p>Funciona na gama de frequ\u00eancias UHF dispon\u00edvel a n\u00edvel mundial, pode gerir at\u00e9 32 canais em simult\u00e2neo e...<\/p><a href=\"https:\/\/konferenztechnik.de\/pt\/sistema-de-orientacao-pessoal-sennheiser-tourguide-1039\/\" class=\"eael-post-elements-readmore-btn\" >informar agora<\/a><div class=\"boxed-meta\"><\/div><\/div><\/div><\/div><div class=\"eael-post-list-post\"><div class=\"eael-post-list-post-inner\"><div class=\"eael-post-list-thumbnail\"><a href=\"https:\/\/konferenztechnik.de\/pt\/sistema-de-orientacao-pessoal-sennheiser-tourguide-2020-d\/\">\n                <img decoding=\"async\" src=\"https:\/\/konferenztechnik.de\/wp-content\/uploads\/2023\/06\/tourguide-system-kaufen-mieten.jpg\" alt=\"\" title=\"\">\n            <\/a><\/div><div class=\"eael-post-list-content\"><h2 class=\"eael-post-list-title\"><a href=\"https:\/\/konferenztechnik.de\/pt\/sistema-de-orientacao-pessoal-sennheiser-tourguide-2020-d\/\" >Sistema de guia tur\u00edstico Sennheiser Tourguide 2020 D \u2013<\/a><\/h2><p>O sistema digital Sennheiser 2020-D Tourguide combina um manuseamento f\u00e1cil com fun\u00e7\u00f5es profissionais. ...<\/p><a href=\"https:\/\/konferenztechnik.de\/pt\/sistema-de-orientacao-pessoal-sennheiser-tourguide-2020-d\/\" class=\"eael-post-elements-readmore-btn\" >informar agora<\/a><div class=\"boxed-meta\"><\/div><\/div><\/div><\/div><div class=\"eael-post-list-post\"><div class=\"eael-post-list-post-inner\"><div class=\"eael-post-list-thumbnail\"><a href=\"https:\/\/konferenztechnik.de\/pt\/sistema-de-discussao-completo-shure-microflex\/\">\n                <img decoding=\"async\" src=\"https:\/\/konferenztechnik.de\/wp-content\/uploads\/2023\/07\/shure-microflex-sprechstellen-jpg.webp\" alt=\"Unidade de microfone da s\u00e9rie Microflex da Shure\" title=\"\">\n            <\/a><\/div><div class=\"eael-post-list-content\"><h2 class=\"eael-post-list-title\"><a href=\"https:\/\/konferenztechnik.de\/pt\/sistema-de-discussao-completo-shure-microflex\/\" >Sistema de discuss\u00e3o Shure Microflex Complete \u2013<\/a><\/h2><p>O design moderno e simples \u00e9 elegante e discreto e enquadra-se bem na...<\/p><a href=\"https:\/\/konferenztechnik.de\/pt\/sistema-de-discussao-completo-shure-microflex\/\" class=\"eael-post-elements-readmore-btn\" >informar agora<\/a><div class=\"boxed-meta\"><\/div><\/div><\/div><\/div><div class=\"eael-post-list-post\"><div class=\"eael-post-list-post-inner\"><div class=\"eael-post-list-thumbnail\"><a href=\"https:\/\/konferenztechnik.de\/pt\/conferencia-silenciosa-evento-silencioso-eventos-com-auscultadores\/\">\n                <img decoding=\"async\" src=\"https:\/\/konferenztechnik.de\/wp-content\/uploads\/2023\/06\/silent-conference-jpg.webp\" alt=\"Contornos de 3 cabe\u00e7as, uma como altifalante e outras 2 como ouvintes atrav\u00e9s de auscultadores\" title=\"\">\n            <\/a><\/div><div class=\"eael-post-list-content\"><h2 class=\"eael-post-list-title\"><a href=\"https:\/\/konferenztechnik.de\/pt\/conferencia-silenciosa-evento-silencioso-eventos-com-auscultadores\/\" >Confer\u00eancia Silenciosa, Evento Silencioso \u2013 Eventos com auscultadores<\/a><\/h2><p>A confer\u00eancia silenciosa ou os eventos silenciosos s\u00e3o sempre uma boa ideia quando o...<\/p><a href=\"https:\/\/konferenztechnik.de\/pt\/conferencia-silenciosa-evento-silencioso-eventos-com-auscultadores\/\" class=\"eael-post-elements-readmore-btn\" >informar agora<\/a><div class=\"boxed-meta\"><\/div><\/div><\/div><\/div><div class=\"eael-post-list-post\"><div class=\"eael-post-list-post-inner\"><div class=\"eael-post-list-thumbnail\"><a href=\"https:\/\/konferenztechnik.de\/pt\/produtos-personalizados\/\">\n                <img decoding=\"async\" src=\"https:\/\/konferenztechnik.de\/wp-content\/uploads\/2023\/04\/sonderanfertigungen.jpg\" alt=\"Um suporte para rolos na IC do cliente em cor-de-rosa, equipado de acordo com as especifica\u00e7\u00f5es do cliente\" title=\"\">\n            <\/a><\/div><div class=\"eael-post-list-content\"><h2 class=\"eael-post-list-title\"><a href=\"https:\/\/konferenztechnik.de\/pt\/produtos-personalizados\/\" >Produtos personalizados<\/a><\/h2><p>Sistemas de guia tur\u00edstico, sistemas de guia, sistemas whisper ou PFA, auscultadores, microfones, unidades de carregamento, malas de transporte, acess\u00f3rios<\/p><a href=\"https:\/\/konferenztechnik.de\/pt\/produtos-personalizados\/\" class=\"eael-post-elements-readmore-btn\" >informar agora<\/a><div class=\"boxed-meta\"><\/div><\/div><\/div><\/div><div class=\"eael-post-list-post\"><div class=\"eael-post-list-post-inner\"><div class=\"eael-post-list-thumbnail\"><a href=\"https:\/\/konferenztechnik.de\/pt\/transmissao\/\">\n                <img decoding=\"async\" src=\"https:\/\/konferenztechnik.de\/wp-content\/uploads\/2023\/04\/streaming-hosting-events-jpg.webp\" alt=\"Dire\u00e7\u00e3o de som e dire\u00e7\u00e3o de v\u00eddeo com t\u00e9cnicos de eventos numa sala de confer\u00eancias, com a inscri\u00e7\u00e3o &quot;Live - Live - Live&quot; v\u00e1rias vezes \u00e0 frente\" title=\"\">\n            <\/a><\/div><div class=\"eael-post-list-content\"><h2 class=\"eael-post-list-title\"><a href=\"https:\/\/konferenztechnik.de\/pt\/transmissao\/\" >Streaming e alojamento<\/a><\/h2><p>Transmiss\u00e3o de conte\u00fados em direto e de v\u00eddeo, arquivo e disponibiliza\u00e7\u00e3o em servidores e plataformas de v\u00eddeo<\/p><a href=\"https:\/\/konferenztechnik.de\/pt\/transmissao\/\" class=\"eael-post-elements-readmore-btn\" >informar agora<\/a><div class=\"boxed-meta\"><\/div><\/div><\/div><\/div><div class=\"eael-post-list-post\"><div class=\"eael-post-list-post-inner\"><div class=\"eael-post-list-thumbnail\"><a href=\"https:\/\/konferenztechnik.de\/pt\/sistema-de-discussao-televic-confidea-flex\/\">\n                <img decoding=\"async\" src=\"https:\/\/konferenztechnik.de\/wp-content\/uploads\/2022\/06\/televic-confidea-flex.jpg\" alt=\"Unidade de confer\u00eancia sem fios Televic Confidea Flex\" title=\"\">\n            <\/a><\/div><div class=\"eael-post-list-content\"><h2 class=\"eael-post-list-title\"><a href=\"https:\/\/konferenztechnik.de\/pt\/sistema-de-discussao-televic-confidea-flex\/\" >Televic Confidea Flex \u2013 Unidade de discuss\u00e3o<\/a><\/h2><p>O sistema Confidea Flex pode ser facilmente adaptado a uma vasta gama de cen\u00e1rios de aplica\u00e7\u00e3o. De...<\/p><a href=\"https:\/\/konferenztechnik.de\/pt\/sistema-de-discussao-televic-confidea-flex\/\" class=\"eael-post-elements-readmore-btn\" >informar agora<\/a><div class=\"boxed-meta\"><\/div><\/div><\/div><\/div><div class=\"eael-post-list-post\"><div class=\"eael-post-list-post-inner\"><div class=\"eael-post-list-thumbnail\"><a href=\"https:\/\/konferenztechnik.de\/pt\/sistema-de-discussao-televic-confidea-g4\/\">\n                <img decoding=\"async\" src=\"https:\/\/konferenztechnik.de\/wp-content\/uploads\/2023\/06\/televic-confidea-g4-1.jpg\" alt=\"Unidade de confer\u00eancia sem fios Televic Confidea G4\" title=\"\">\n            <\/a><\/div><div class=\"eael-post-list-content\"><h2 class=\"eael-post-list-title\"><a href=\"https:\/\/konferenztechnik.de\/pt\/sistema-de-discussao-televic-confidea-g4\/\" >Televic Confidea G4 \u2013 Unidade de discuss\u00e3o<\/a><\/h2><p>O sistema de confer\u00eancia sem fios Confidea G4 \u00e9 o antecessor do sistema Flex e...<\/p><a href=\"https:\/\/konferenztechnik.de\/pt\/sistema-de-discussao-televic-confidea-g4\/\" class=\"eael-post-elements-readmore-btn\" >informar agora<\/a><div class=\"boxed-meta\"><\/div><\/div><\/div><\/div><div class=\"eael-post-list-post\"><div class=\"eael-post-list-post-inner\"><div class=\"eael-post-list-thumbnail\"><a href=\"https:\/\/konferenztechnik.de\/pt\/uniao-da-televisao\/\">\n                <img decoding=\"async\" src=\"https:\/\/konferenztechnik.de\/wp-content\/uploads\/2023\/06\/televic-unite-fuehrungsanlage.jpg\" alt=\"Sistema de sussurro e orienta\u00e7\u00e3o Televic UNITE com microfone de m\u00e3o e microfone de auricular, receptores e esta\u00e7\u00f5es de carregamento\" title=\"\">\n            <\/a><\/div><div class=\"eael-post-list-content\"><h2 class=\"eael-post-list-title\"><a href=\"https:\/\/konferenztechnik.de\/pt\/uniao-da-televisao\/\" >Sistema de orienta\u00e7\u00e3o de passageiros Televic Unite \u2013<\/a><\/h2><p>Sistema multifuncional: visitas guiadas, apresenta\u00e7\u00f5es sem fios, interpreta\u00e7\u00e3o com assist\u00eancia auditiva ...<\/p><a href=\"https:\/\/konferenztechnik.de\/pt\/uniao-da-televisao\/\" class=\"eael-post-elements-readmore-btn\" >informar agora<\/a><div class=\"boxed-meta\"><\/div><\/div><\/div><\/div><div class=\"eael-post-list-post\"><div class=\"eael-post-list-post-inner\"><div class=\"eael-post-list-thumbnail\"><a href=\"https:\/\/konferenztechnik.de\/pt\/aluguer-de-equipamento-para-eventos\/\">\n                <img decoding=\"async\" src=\"https:\/\/konferenztechnik.de\/wp-content\/uploads\/2024\/02\/Veranstaltungstechnik-mieten-post-jpg.webp\" alt=\"Aluguer de tecnologia para eventos: Mesa de mistura num evento\" title=\"\">\n            <\/a><\/div><div class=\"eael-post-list-content\"><h2 class=\"eael-post-list-title\"><a href=\"https:\/\/konferenztechnik.de\/pt\/aluguer-de-equipamento-para-eventos\/\" >Aluguer de tecnologia para eventos<\/a><\/h2><p>Como fornecedor de servi\u00e7os completos, oferecemos-lhe tudo, desde uma fonte \u00fanica \u2013 a partir do...<\/p><a href=\"https:\/\/konferenztechnik.de\/pt\/aluguer-de-equipamento-para-eventos\/\" class=\"eael-post-elements-readmore-btn\" >informar agora<\/a><div class=\"boxed-meta\"><\/div><\/div><\/div><\/div><div class=\"eael-post-list-post\"><div class=\"eael-post-list-post-inner\"><div class=\"eael-post-list-thumbnail\"><a href=\"https:\/\/konferenztechnik.de\/pt\/kit-videobar-intellimix-bar-pro-da-shure\/\">\n                <img decoding=\"async\" src=\"https:\/\/konferenztechnik.de\/wp-content\/uploads\/2026\/01\/Shure-IntelliMix-Bar-Pro-Kit-1024x1024.avif\" alt=\"\" title=\"\">\n            <\/a><\/div><div class=\"eael-post-list-content\"><h2 class=\"eael-post-list-title\"><a href=\"https:\/\/konferenztechnik.de\/pt\/kit-videobar-intellimix-bar-pro-da-shure\/\" >Barra de v\u00eddeo: Kit IntelliMix Bar Pro da Shure<\/a><\/h2><p>A IntelliMix Bar Pro da Shure combina tecnologia de microfone profissional, altifalantes e c\u00e2mara...<\/p><a href=\"https:\/\/konferenztechnik.de\/pt\/kit-videobar-intellimix-bar-pro-da-shure\/\" class=\"eael-post-elements-readmore-btn\" >informar agora<\/a><div class=\"boxed-meta\"><\/div><\/div><\/div><\/div><div class=\"eael-post-list-post\"><div class=\"eael-post-list-post-inner\"><div class=\"eael-post-list-thumbnail\"><a href=\"https:\/\/konferenztechnik.de\/pt\/tecnologia-e-servico-de-aluguer-de-videoconferencia\/\">\n                <img decoding=\"async\" src=\"https:\/\/konferenztechnik.de\/wp-content\/uploads\/2020\/03\/videokonferenztechnik-mieten-2.jpg\" alt=\"Pequena sala de confer\u00eancias com 4 pessoas \u00e0 mesa, todas a olhar para um grande monitor na parede\" title=\"\">\n            <\/a><\/div><div class=\"eael-post-list-content\"><h2 class=\"eael-post-list-title\"><a href=\"https:\/\/konferenztechnik.de\/pt\/tecnologia-e-servico-de-aluguer-de-videoconferencia\/\" >Alugar uma videoconfer\u00eancia: Tecnologia e servi\u00e7o<\/a><\/h2><p>Alugar uma videoconfer\u00eancia: Tecnologia e servi\u00e7o Publicado: 04.03.2020 Na PCS voc\u00ea pode alugar tecnologia...<\/p><a href=\"https:\/\/konferenztechnik.de\/pt\/tecnologia-e-servico-de-aluguer-de-videoconferencia\/\" class=\"eael-post-elements-readmore-btn\" >informar agora<\/a><div class=\"boxed-meta\"><\/div><\/div><\/div><\/div><\/div><\/div>\n\t\t<\/div><div data-nonce=\"44387d72e4\" class=\"post-list-pagination\" data-widget-id=\"c77c6a9\" data-widget=\"c77c6a9\" data-page-id=\"24570\" data-class=\"Essential_Addons_Elementor\\Pro\\Elements\\Post_List\" data-args=\"orderby=title&amp;order=asc&amp;ignore_sticky_posts=1&amp;post_status=publish&amp;posts_per_page=240&amp;offset=0&amp;post_type=post&amp;tax_query%5B0%5D%5Btaxonomy%5D=category&amp;tax_query%5B0%5D%5Bfield%5D=term_id&amp;tax_query%5B0%5D%5Bterms%5D%5B0%5D=39&amp;tax_query%5Brelation%5D=AND\" data-settings=\"eael_post_list_post_feature_image=yes&amp;eael_post_list_post_meta=&amp;eael_post_list_post_title=yes&amp;eael_post_list_post_excerpt=yes&amp;eael_post_list_post_excerpt_length=12&amp;eael_post_list_pagination=navigation&amp;eael_post_list_layout_type=advanced&amp;eael_post_list_post_cat=&amp;eael_post_list_author_meta=&amp;eael_post_list_title_tag=h2&amp;eael_show_read_more_button=yes&amp;eael_post_list_read_more_text=jetzt+informieren&amp;eael_post_list_excerpt_expanison_indicator=...&amp;eael_post_featured_image_size=large\" data-page=\"1\" data-scroll-on-pagination=\"0\" data-scroll-offset=\"100\" data-template=\"{&quot;dir&quot;:&quot;pro&quot;,&quot;file_name&quot;:&quot;advanced.php&quot;,&quot;name&quot;:&quot;Post-List&quot;}\">\n            <button class=\"btn btn-prev-post\" id=\"post-nav-prev-c77c6a9\" disabled=\"true\" aria-label=\"anterior\"><svg aria-hidden=\"true\" class=\"e-font-icon-svg e-fas-angle-left\" viewbox=\"0 0 256 512\" xmlns=\"http:\/\/www.w3.org\/2000\/svg\"><path d=\"M31.7 239l136-136c9.4-9.4 24.6-9.4 33.9 0l22.6 22.6c9.4 9.4 9.4 24.6 0 33.9L127.9 256l96.4 96.4c9.4 9.4 9.4 24.6 0 33.9L201.7 409c-9.4 9.4-24.6 9.4-33.9 0l-136-136c-9.5-9.4-9.5-24.6-.1-34z\"><\/path><\/svg><\/button><button class=\"btn btn-next-post\" id=\"post-nav-next-c77c6a9\" aria-label=\"seguinte\"><svg aria-hidden=\"true\" class=\"e-font-icon-svg e-fas-angle-right\" viewbox=\"0 0 256 512\" xmlns=\"http:\/\/www.w3.org\/2000\/svg\"><path d=\"M224.3 273l-136 136c-9.4 9.4-24.6 9.4-33.9 0l-22.6-22.6c-9.4-9.4-9.4-24.6 0-33.9l96.4-96.4-96.4-96.4c-9.4-9.4-9.4-24.6 0-33.9L54.3 103c9.4-9.4 24.6-9.4 33.9 0l136 136c9.5 9.4 9.5 24.6.1 34z\"><\/path><\/svg><\/button>\n        <\/div>\t\t\t\t<\/div>\n\t\t\t\t<\/div>\n\t\t\t\t\t<\/div>\n\t\t\t\t<\/div>\n\t\t\t\t\t<\/div>\n\t\t\t\t<\/div>\n\t\t<div data-particle_enable=\"false\" data-particle-mobile-disabled=\"false\" class=\"elementor-element elementor-element-6440282 elementor-hidden-widescreen elementor-hidden-desktop elementor-hidden-laptop elementor-hidden-tablet_extra elementor-hidden-tablet elementor-hidden-mobile e-flex e-con-boxed e-con e-parent\" data-id=\"6440282\" data-element_type=\"container\">\n\t\t\t\t\t<div class=\"e-con-inner\">\n\t\t<div data-particle_enable=\"false\" data-particle-mobile-disabled=\"false\" class=\"elementor-element elementor-element-96292fe e-flex e-con-boxed e-con e-child\" data-id=\"96292fe\" data-element_type=\"container\">\n\t\t\t\t\t<div class=\"e-con-inner\">\n\t\t\t\t<div class=\"elementor-element elementor-element-71ca75c action-button elementor-widget elementor-widget-button\" data-id=\"71ca75c\" data-element_type=\"widget\" data-widget_type=\"button.default\">\n\t\t\t\t<div class=\"elementor-widget-container\">\n\t\t\t\t\t\t\t\t\t<div class=\"elementor-button-wrapper\">\n\t\t\t\t\t<a class=\"elementor-button elementor-button-link elementor-size-sm\" href=\"\/pt\/aluguer-de-equipamento-para-conferencias\/\">\n\t\t\t\t\t\t<span class=\"elementor-button-content-wrapper\">\n\t\t\t\t\t\t\t\t\t<span class=\"elementor-button-text\">Aluguer<\/span>\n\t\t\t\t\t<\/span>\n\t\t\t\t\t<\/a>\n\t\t\t\t<\/div>\n\t\t\t\t\t\t\t\t<\/div>\n\t\t\t\t<\/div>\n\t\t\t\t<div class=\"elementor-element elementor-element-ff60723 action-button elementor-widget elementor-widget-button\" data-id=\"ff60723\" data-element_type=\"widget\" data-widget_type=\"button.default\">\n\t\t\t\t<div class=\"elementor-widget-container\">\n\t\t\t\t\t\t\t\t\t<div class=\"elementor-button-wrapper\">\n\t\t\t\t\t<a class=\"elementor-button elementor-button-link elementor-size-sm\" href=\"\/pt\/instalacao\/\">\n\t\t\t\t\t\t<span class=\"elementor-button-content-wrapper\">\n\t\t\t\t\t\t\t\t\t<span class=\"elementor-button-text\">Instala\u00e7\u00e3o<\/span>\n\t\t\t\t\t<\/span>\n\t\t\t\t\t<\/a>\n\t\t\t\t<\/div>\n\t\t\t\t\t\t\t\t<\/div>\n\t\t\t\t<\/div>\n\t\t\t\t<div class=\"elementor-element elementor-element-a437ee5 action-button elementor-widget elementor-widget-button\" data-id=\"a437ee5\" data-element_type=\"widget\" data-widget_type=\"button.default\">\n\t\t\t\t<div class=\"elementor-widget-container\">\n\t\t\t\t\t\t\t\t\t<div class=\"elementor-button-wrapper\">\n\t\t\t\t\t<a class=\"elementor-button elementor-button-link elementor-size-sm\" href=\"#\">\n\t\t\t\t\t\t<span class=\"elementor-button-content-wrapper\">\n\t\t\t\t\t\t\t\t\t<span class=\"elementor-button-text\">Vendas e leasing<\/span>\n\t\t\t\t\t<\/span>\n\t\t\t\t\t<\/a>\n\t\t\t\t<\/div>\n\t\t\t\t\t\t\t\t<\/div>\n\t\t\t\t<\/div>\n\t\t\t\t<div class=\"elementor-element elementor-element-09d700a action-button elementor-widget elementor-widget-button\" data-id=\"09d700a\" data-element_type=\"widget\" data-widget_type=\"button.default\">\n\t\t\t\t<div class=\"elementor-widget-container\">\n\t\t\t\t\t\t\t\t\t<div class=\"elementor-button-wrapper\">\n\t\t\t\t\t<a class=\"elementor-button elementor-button-link elementor-size-sm\" href=\"#\">\n\t\t\t\t\t\t<span class=\"elementor-button-content-wrapper\">\n\t\t\t\t\t\t\t\t\t<span class=\"elementor-button-text\">Manuten\u00e7\u00e3o e assist\u00eancia t\u00e9cnica<\/span>\n\t\t\t\t\t<\/span>\n\t\t\t\t\t<\/a>\n\t\t\t\t<\/div>\n\t\t\t\t\t\t\t\t<\/div>\n\t\t\t\t<\/div>\n\t\t\t\t<div class=\"elementor-element elementor-element-2773071 action-button elementor-widget elementor-widget-button\" data-id=\"2773071\" data-element_type=\"widget\" data-widget_type=\"button.default\">\n\t\t\t\t<div class=\"elementor-widget-container\">\n\t\t\t\t\t\t\t\t\t<div class=\"elementor-button-wrapper\">\n\t\t\t\t\t<a class=\"elementor-button elementor-button-link elementor-size-sm\" href=\"#\">\n\t\t\t\t\t\t<span class=\"elementor-button-content-wrapper\">\n\t\t\t\t\t\t\t\t\t<span class=\"elementor-button-text\">Design personalizado<\/span>\n\t\t\t\t\t<\/span>\n\t\t\t\t\t<\/a>\n\t\t\t\t<\/div>\n\t\t\t\t\t\t\t\t<\/div>\n\t\t\t\t<\/div>\n\t\t\t\t<div class=\"elementor-element elementor-element-7e3484a action-button elementor-widget elementor-widget-button\" data-id=\"7e3484a\" data-element_type=\"widget\" data-widget_type=\"button.default\">\n\t\t\t\t<div class=\"elementor-widget-container\">\n\t\t\t\t\t\t\t\t\t<div class=\"elementor-button-wrapper\">\n\t\t\t\t\t<a class=\"elementor-button elementor-button-link elementor-size-sm\" href=\"#\">\n\t\t\t\t\t\t<span class=\"elementor-button-content-wrapper\">\n\t\t\t\t\t\t\t\t\t<span class=\"elementor-button-text\">Desenvolvimento<\/span>\n\t\t\t\t\t<\/span>\n\t\t\t\t\t<\/a>\n\t\t\t\t<\/div>\n\t\t\t\t\t\t\t\t<\/div>\n\t\t\t\t<\/div>\n\t\t\t\t\t<\/div>\n\t\t\t\t<\/div>\n\t\t\t\t\t<\/div>\n\t\t\t\t<\/div>\n\t\t<div data-particle_enable=\"false\" data-particle-mobile-disabled=\"false\" class=\"elementor-element elementor-element-f6ca5af e-flex e-con-boxed e-con e-parent\" data-id=\"f6ca5af\" data-element_type=\"container\">\n\t\t\t\t\t<div class=\"e-con-inner\">\n\t\t\t\t<div class=\"elementor-element elementor-element-b90cbce elementor-widget elementor-widget-shortcode\" data-id=\"b90cbce\" data-element_type=\"widget\" data-widget_type=\"shortcode.default\">\n\t\t\t\t<div class=\"elementor-widget-container\">\n\t\t\t\t\t\t\t<div class=\"elementor-shortcode\"><\/div>\n\t\t\t\t\t\t<\/div>\n\t\t\t\t<\/div>\n\t\t\t\t\t<\/div>\n\t\t\t\t<\/div>\n\t\t\t\t<\/div>","protected":false},"excerpt":{"rendered":"<p>Produkte \u2013 mieten, kaufen, installieren, leasen Bei uns k\u00f6nnen Sie Konferenztechnik, Eventtechnik und AV-Medientechnik mieten, kaufen oder leasen. Wir bieten Dienstleistungen wie Beratung, Planung, Konzeption, Betreuung, Installation und Wartung an. Jetzt anfragen H\u00e4ufig gesucht LED W\u00e4nde LED-W\u00e4nde f\u00fcr Events, Konferenzen und Unternehmen\u200b &#8211; kaufen, mieten oder installieren -&#8230; jetzt informieren KI-Dolmetschl\u00f6sungen f\u00fcr Events und Konferenzen [&hellip;]<\/p>","protected":false},"author":2,"featured_media":45482,"parent":0,"menu_order":0,"comment_status":"closed","ping_status":"closed","template":"","meta":{"_acf_changed":false,"footnotes":""},"class_list":["post-24570","page","type-page","status-publish","has-post-thumbnail","hentry"],"acf":[],"_links":{"self":[{"href":"https:\/\/konferenztechnik.de\/pt\/wp-json\/wp\/v2\/pages\/24570","targetHints":{"allow":["GET"]}}],"collection":[{"href":"https:\/\/konferenztechnik.de\/pt\/wp-json\/wp\/v2\/pages"}],"about":[{"href":"https:\/\/konferenztechnik.de\/pt\/wp-json\/wp\/v2\/types\/page"}],"author":[{"embeddable":true,"href":"https:\/\/konferenztechnik.de\/pt\/wp-json\/wp\/v2\/users\/2"}],"replies":[{"embeddable":true,"href":"https:\/\/konferenztechnik.de\/pt\/wp-json\/wp\/v2\/comments?post=24570"}],"version-history":[{"count":0,"href":"https:\/\/konferenztechnik.de\/pt\/wp-json\/wp\/v2\/pages\/24570\/revisions"}],"wp:featuredmedia":[{"embeddable":true,"href":"https:\/\/konferenztechnik.de\/pt\/wp-json\/wp\/v2\/media\/45482"}],"wp:attachment":[{"href":"https:\/\/konferenztechnik.de\/pt\/wp-json\/wp\/v2\/media?parent=24570"}],"curies":[{"name":"wp","href":"https:\/\/api.w.org\/{rel}","templated":true}]}}