{"id":5029,"date":"2015-02-02T17:32:01","date_gmt":"2015-02-02T16:32:01","guid":{"rendered":"https:\/\/konferenztechnik.de\/?page_id=5029"},"modified":"2023-09-01T11:47:12","modified_gmt":"2023-09-01T09:47:12","slug":"carateristicas-do-bosch-ccs-1000d","status":"publish","type":"page","link":"https:\/\/konferenztechnik.de\/pt\/carateristicas-do-bosch-ccs-1000d\/","title":{"rendered":"Vis\u00e3o geral das carater\u00edsticas do Bosch CCS 1000 D"},"content":{"rendered":"<p>[column size=\"2-3\u2033 last=\"0\u2033]<\/p>\n<h1>Carater\u00edsticas: Sistema de discuss\u00e3o digital Bosch CCS 1000 D<\/h1>\n<p>[\/coluna]<br \/>\n[column size=\"1-3\u2033 last=\"1\u2033]<br \/>\n<img decoding=\"async\" class=\"alignright size-full wp-image-3924\" src=\"https:\/\/konferenztechnik.de\/wp-content\/uploads\/2013\/11\/logo-pcs-selected-quality.png\" alt=\"Logo PCS Qualidade selecionada\" width=\"143\" height=\"88\" title=\"\"><br \/>\n[\/coluna]<\/p>\n<p><a href=\"https:\/\/konferenztechnik.de\/wp-content\/uploads\/2015\/02\/Bosch-CCS-1000-D-features.jpg\"><img fetchpriority=\"high\" decoding=\"async\" class=\"alignnone size-full wp-image-5365\" src=\"https:\/\/konferenztechnik.de\/wp-content\/uploads\/2015\/02\/Bosch-CCS-1000-D-features.jpg\" alt=\"Bosch-CCS-1000-D-features\" width=\"940\" height=\"411\" title=\"\" srcset=\"https:\/\/konferenztechnik.de\/wp-content\/uploads\/2015\/02\/Bosch-CCS-1000-D-features.jpg 940w, https:\/\/konferenztechnik.de\/wp-content\/uploads\/2015\/02\/Bosch-CCS-1000-D-features-300x131.jpg 300w, https:\/\/konferenztechnik.de\/wp-content\/uploads\/2015\/02\/Bosch-CCS-1000-D-features-768x336.jpg 768w\" sizes=\"(max-width: 940px) 100vw, 940px\" \/><\/a><\/p>\n<p>O nov\u00edssimo CCS 1000 D impressiona pela sua simplicidade e facilidade de utiliza\u00e7\u00e3o, sem ter de renunciar \u00e0s mais recentes inova\u00e7\u00f5es t\u00e9cnicas. Obtenha uma vis\u00e3o geral das carater\u00edsticas do sistema aqui.<\/p>\n<h2>Carater\u00edsticas do sistema de discuss\u00e3o digital CCS 1000 D da Bosch<\/h2>\n<p>[spacer size=\"20\u2033]<\/p>\n<div class=\"kasten\">\n<div class=\"kastenlinks\"><span class=\"zahl\">1.<\/span><\/div>\n<div class=\"kastenrechts\">\n<h1>Compacto, f\u00e1cil de instalar, f\u00e1cil de utilizar<\/h1>\n<p>\u2013 Plug and play<br \/>\n\u2013 N\u00e3o \u00e9 necess\u00e1ria forma\u00e7\u00e3o<br \/>\n\u2013 Instala\u00e7\u00e3o simples e sem complica\u00e7\u00f5es<br \/>\n\u2013 N\u00e3o \u00e9 necess\u00e1ria nenhuma configura\u00e7\u00e3o extensiva<\/p>\n<\/div>\n<p>[limpar]<\/p>\n<\/div>\n<p>[spacer size=\"20\u2033]<\/p>\n<div class=\"kasten\">\n<div class=\"kastenlinks\"><span class=\"zahl\">2.<\/span><\/div>\n<div class=\"kastenrechts\">\n<h1>Bom som e volumes mais altos sem feedback<\/h1>\n<p>\u2013 Altifalante e microfone activos ao mesmo tempo<br \/>\n\u2013 Supressor de realimenta\u00e7\u00e3o digital (DAFS) incorporado<br \/>\n\u2013 Excelente inteligibilidade vocal para todos os participantes<\/p>\n<\/div>\n<p>[limpar]<\/p>\n<\/div>\n<p>[spacer size=\"20\u2033]<\/p>\n<div class=\"kasten\">\n<div class=\"kastenlinks\"><span class=\"zahl\">3.<\/span><\/div>\n<div class=\"kastenrechts\">\n<h1>Grava\u00e7\u00e3o c\u00f3moda<\/h1>\n<p>\u2013 Grava\u00e7\u00e3o digital na mem\u00f3ria interna: at\u00e9 8 horas<br \/>\n\u2013 Grava\u00e7\u00e3o digital com pen USB de 128 GB: at\u00e9 4000 horas<\/p>\n<\/div>\n<p>[limpar]<\/p>\n<\/div>\n<p>[spacer size=\"20\u2033]<\/p>\n<div class=\"kasten\">\n<div class=\"kastenlinks\"><span class=\"zahl\">4.<\/span><\/div>\n<div class=\"kastenrechts\">\n<h1>Interface Web simples para configura\u00e7\u00e3o e controlo avan\u00e7ados<\/h1>\n<p>\u2013 Op\u00e7\u00f5es de configura\u00e7\u00e3o alargadas para t\u00e9cnicos<br \/>\n\u2013 Controlo intuitivo do microfone para o presidente<br \/>\n\u2013 Controlo e registo do debate<\/p>\n<\/div>\n<p>[limpar]<\/p>\n<\/div>\n<p>[spacer size=\"20\u2033]<\/p>\n<div class=\"kasten\">\n<div class=\"kastenlinks\"><span class=\"zahl\">5.<\/span><\/div>\n<div class=\"kastenrechts\">\n<h1>Suporte natural para o controlo autom\u00e1tico da c\u00e2mara<\/h1>\n<p>Suporte padr\u00e3o \u2013 para at\u00e9 6 c\u00e2maras dome de confer\u00eancia HD<br \/>\nConfigura\u00e7\u00e3o atrav\u00e9s do navegador Web, sem necessidade de software adicional<br \/>\n\u2013 Apresenta\u00e7\u00e3o cristalina do altifalante ativo<\/p>\n<\/div>\n<p>[limpar]<\/p>\n<\/div>\n<p><span style=\"font-size: 2.0em;\"><br \/>\n+<br \/>\n<\/span><\/p>\n<div class=\"kasten\">\n<div class=\"kastenlinks\"><span class=\"zahl\">6.<\/span><\/div>\n<div class=\"kastenrechts\">\n<p>\u2013 \u00danico \"\u00c9 poss\u00edvel falar\u201d ecr\u00e3 (\u00e9 poss\u00edvel falar)<br \/>\n\u2013 \"Pedir para falar\u201d Visualiza\u00e7\u00e3o (lista de espera autom\u00e1tica)<br \/>\n\u2013 Modo de poupan\u00e7a de energia<br \/>\n\u2013 \u00c0 prova de lixo contra telem\u00f3veis e smartphones (imunidade GSM)<\/p>\n<\/div>\n<p>[limpar]<\/p>\n<\/div>\n<p>[spacer size=\"40\u2033]<\/p>\n<p>Liga\u00e7\u00f5es para o sistema de confer\u00eancia Bosch CCS 1000 D<\/p>\n<p>&#x9B; <a style=\"line-height: 1.8em;\" title=\"\" href=\"\/pt\/pcs-selecionado-oferta-especial-bosch-ccs-1000d\/\">Oferta introdut\u00f3ria PCS\/Bosch Bosch CCS 1000 D<\/a><br \/>\n&#x9B; <a style=\"line-height: 1.5em;\" title=\"\" href=\"\/pt\/resultado-do-teste-bosch-ccs-1000-d\/\">Resultado do teste PCS Bosch CCS 1000 D<\/a><br \/>\n&#x9B; <a style=\"line-height: 1.8em;\" title=\"\" href=\"\/pt\/bosch-ccs-1000-d\/\">Nova introdu\u00e7\u00e3o Bosch CCS 1000 D<\/a><\/p>\n<p>[spacer size=\"40\u2033]<\/p>\n<div class=\"weiterlinks\">\n<h1>Outras liga\u00e7\u00f5es:<\/h1>\n<ul>\n<li>\u203a <a title=\"Distribui\u00e7\u00e3o\" href=\"\/pt\/distribuicao-de-tecnologia-de-conferencia-e-de-meios-de-comunicacao-av\/\">Distribui\u00e7\u00e3o de tecnologia de confer\u00eancia e de meios de comunica\u00e7\u00e3o<\/a><\/li>\n<li>\u203a <a title=\"Instala\u00e7\u00e3o\" href=\"\/pt\/instalacao-e-integracao-de-tecnologia-de-conferencia-e-sistemas-multimedia\/\">Instala\u00e7\u00e3o e integra\u00e7\u00e3o de tecnologia de confer\u00eancia e sistemas multim\u00e9dia<\/a><\/li>\n<li>\u203a <a title=\"Suporte para eventos multilingues\" href=\"\/pt\/servicos-2\/apoio-a-eventos-multilingues\/\">Suporte para eventos multilingues<\/a><\/li>\n<\/ul>\n<\/div>","protected":false},"excerpt":{"rendered":"<p>[column size=\"2-3\u2033 last=\"0\u2033] Carater\u00edsticas: Sistema de Discuss\u00e3o Digital Bosch CCS 1000 D [\/column] [column size=\"1-3\u2033 last=\"1\u2033] [\/column] O nov\u00edssimo CCS 1000 D impressiona pela sua simplicidade e facilidade de utiliza\u00e7\u00e3o, sem ter de renunciar \u00e0s mais recentes inova\u00e7\u00f5es t\u00e9cnicas. Obtenha uma vis\u00e3o geral das carater\u00edsticas do sistema aqui. Carater\u00edsticas do sistema de discuss\u00e3o digital CCS 1000 D da Bosch [...]<\/p>","protected":false},"author":1,"featured_media":45482,"parent":0,"menu_order":33,"comment_status":"closed","ping_status":"open","template":"","meta":{"_acf_changed":false,"footnotes":""},"class_list":["post-5029","page","type-page","status-publish","has-post-thumbnail","hentry"],"acf":[],"_links":{"self":[{"href":"https:\/\/konferenztechnik.de\/pt\/wp-json\/wp\/v2\/pages\/5029","targetHints":{"allow":["GET"]}}],"collection":[{"href":"https:\/\/konferenztechnik.de\/pt\/wp-json\/wp\/v2\/pages"}],"about":[{"href":"https:\/\/konferenztechnik.de\/pt\/wp-json\/wp\/v2\/types\/page"}],"author":[{"embeddable":true,"href":"https:\/\/konferenztechnik.de\/pt\/wp-json\/wp\/v2\/users\/1"}],"replies":[{"embeddable":true,"href":"https:\/\/konferenztechnik.de\/pt\/wp-json\/wp\/v2\/comments?post=5029"}],"version-history":[{"count":0,"href":"https:\/\/konferenztechnik.de\/pt\/wp-json\/wp\/v2\/pages\/5029\/revisions"}],"wp:featuredmedia":[{"embeddable":true,"href":"https:\/\/konferenztechnik.de\/pt\/wp-json\/wp\/v2\/media\/45482"}],"wp:attachment":[{"href":"https:\/\/konferenztechnik.de\/pt\/wp-json\/wp\/v2\/media?parent=5029"}],"curies":[{"name":"wp","href":"https:\/\/api.w.org\/{rel}","templated":true}]}}