{"id":6443,"date":"2016-04-07T15:41:05","date_gmt":"2016-04-07T14:41:05","guid":{"rendered":"https:\/\/konferenztechnik.de\/?page_id=6443"},"modified":"2023-09-01T12:08:03","modified_gmt":"2023-09-01T10:08:03","slug":"cabo-de-verao","status":"publish","type":"page","link":"https:\/\/konferenztechnik.de\/pt\/fabricante\/cabo-de-verao\/","title":{"rendered":"Cabo de ver\u00e3o"},"content":{"rendered":"<p>[column size=\"1-2\u2033 last=\"0\u2033]<\/p>\n<h1>Cabo de ver\u00e3o<\/h1>\n<p>[\/coluna]<br \/>\n[column size=\"1-2\u2033 last=\"1\u2033]<img decoding=\"async\" width=\"407\" height=\"74\" src=\"https:\/\/konferenztechnik.de\/wp-content\/uploads\/2016\/04\/logo-sommercable.jpg\" alt=\"Log\u00f3tipo Sommercable\" class=\"alignright size-full wp-image-6445\" title=\"\" srcset=\"https:\/\/konferenztechnik.de\/wp-content\/uploads\/2016\/04\/logo-sommercable.jpg 407w, https:\/\/konferenztechnik.de\/wp-content\/uploads\/2016\/04\/logo-sommercable-300x55.jpg 300w\" sizes=\"(max-width: 407px) 100vw, 407px\" \/>[\/coluna]<\/p>\n<p>A Sommer Cable \u00e9 especializada em cabos profissionais e tecnologia de liga\u00e7\u00e3o, especialmente em \u00e1udio, v\u00eddeo, transmiss\u00e3o, est\u00fadio e tecnologia multim\u00e9dia.<\/p>\n<p><img fetchpriority=\"high\" decoding=\"async\" width=\"933\" height=\"425\" src=\"https:\/\/konferenztechnik.de\/wp-content\/uploads\/2016\/04\/sommercable-pcs.jpg\" alt=\"Sommercable no PCS\" class=\"alignleft size-full wp-image-6450\" title=\"\" srcset=\"https:\/\/konferenztechnik.de\/wp-content\/uploads\/2016\/04\/sommercable-pcs.jpg 933w, https:\/\/konferenztechnik.de\/wp-content\/uploads\/2016\/04\/sommercable-pcs-300x137.jpg 300w, https:\/\/konferenztechnik.de\/wp-content\/uploads\/2016\/04\/sommercable-pcs-768x350.jpg 768w\" sizes=\"(max-width: 933px) 100vw, 933px\" \/><\/p>\n<p>A Sommercable n\u00e3o s\u00f3 oferece o cabo perfeito para cada aplica\u00e7\u00e3o, mas tamb\u00e9m um servi\u00e7o perfeito, prazos de entrega r\u00e1pidos e solu\u00e7\u00f5es para pedidos individuais. A Sommercable tamb\u00e9m fornece componentes activos, pain\u00e9is de liga\u00e7\u00e3o, adaptadores e muitos solucionadores de problemas para instala\u00e7\u00f5es fixas.<\/p>\n<p>[column size=\"1-2\u2033 last=\"0\u2033]<\/p>\n<h2>Cabos<\/h2>\n<p>\u00c1udio a metro<br \/>\nInstrumento a metro<br \/>\nAltifalante a metro<br \/>\nV\u00eddeo a metro<br \/>\nFibra\/LAN\/CAT a metro<br \/>\nMetros de pot\u00eancia\/controlo<br \/>\nH\u00edbrido\/combina\u00e7\u00e3o a metro<br \/>\nCabo de \u00e1udio\/altifalante<br \/>\nCabo BNC\/v\u00eddeo<br \/>\nCabo para computador\/m\u00e9dia<br \/>\nHiFi e casa<br \/>\nCabo do instrumento<br \/>\nCabo de carga\/alimenta\u00e7\u00e3o<br \/>\nMulticanal\/multicore<br \/>\nCabo do microfone<br \/>\nCabo de liga\u00e7\u00e3o\/adaptador<br \/>\nTeares de est\u00fadio<br \/>\nOutros<br \/>\n[\/coluna]<\/p>\n<p>[column size=\"1-2\u2033 last=\"0\u2033]<\/p>\n<h2>Conector de ficha<\/h2>\n<p>Adaptador<br \/>\nBNC\/coaxial<br \/>\nCinch (RCA)<br \/>\nHiFi<br \/>\nJack\/Jack<br \/>\nCarga\/Pot\u00eancia<br \/>\nMulticanal\/multipino<br \/>\nRJ45\/CAT\/FIBRA<br \/>\nOrador<br \/>\nXLR<br \/>\nOutros<br \/>\nAcess\u00f3rios<br \/>\n[\/coluna]<\/p>\n<p>[column size=\"1-3\u2033 last=\"1\u2033]<\/p>\n<h2>Sistemas de distribui\u00e7\u00e3o<\/h2>\n<p>Pain\u00e9is de liga\u00e7\u00e3o 19\u2033<br \/>\nInstala\u00e7\u00e3o fixa<br \/>\nCarga\/Pot\u00eancia<br \/>\nMultim\u00e9dia\/Fibra\/H\u00edbrido<br \/>\nOrador<br \/>\nCaixas de palco<br \/>\nCen\u00e1rios<br \/>\nMulticores de palco<br \/>\nSistema de caixas SYSBOXX<br \/>\nCaixa de compensa\u00e7\u00e3o de parede SYSBOARD<br \/>\nTanque de mesa SYSDESK<br \/>\nEstrutura do dep\u00f3sito de pavimento SYSFLOOR<br \/>\nSistema de instala\u00e7\u00e3o SYSPANEL 1U<br \/>\nSistema de m\u00f3dulos de parede SYSWALL<br \/>\nAcess\u00f3rios<br \/>\n[\/coluna]<\/p>\n<p>[button link=\"https:\/\/konferenztechnik.de\/hersteller\/\" target=\"self\" icon=\"moon-arrow-left-9\u2033 colour=\"#a62055\u2033 text=\"light\"]Voltar[\/button]<\/p>","protected":false},"excerpt":{"rendered":"<p>[column size=&#8220;1-2&#8243; last=&#8220;0&#8243;] Sommer Cable [\/column] [column size=&#8220;1-2&#8243; last=&#8220;1&#8243;][\/column] Sommercable ist der Spezialist f\u00fcr professionelle Kabel- und Anschlusstechnik, insbesondere in Sachen Audio, Video, Broadcast, Studio- und Medientechnik. Sommercable bietet nicht nur f\u00fcr jeden Anwendungsfall das perfekte Kabel, sondern auch perfekten Service, schnelle Lieferzeiten und L\u00f6sungen f\u00fcr individuelle Anfragen. Wir beziehen bei Sommercable au\u00dferdem aktive Komponenten, [&hellip;]<\/p>","protected":false},"author":1,"featured_media":45482,"parent":6152,"menu_order":41,"comment_status":"closed","ping_status":"closed","template":"","meta":{"_acf_changed":false,"footnotes":""},"class_list":["post-6443","page","type-page","status-publish","has-post-thumbnail","hentry"],"acf":[],"_links":{"self":[{"href":"https:\/\/konferenztechnik.de\/pt\/wp-json\/wp\/v2\/pages\/6443","targetHints":{"allow":["GET"]}}],"collection":[{"href":"https:\/\/konferenztechnik.de\/pt\/wp-json\/wp\/v2\/pages"}],"about":[{"href":"https:\/\/konferenztechnik.de\/pt\/wp-json\/wp\/v2\/types\/page"}],"author":[{"embeddable":true,"href":"https:\/\/konferenztechnik.de\/pt\/wp-json\/wp\/v2\/users\/1"}],"replies":[{"embeddable":true,"href":"https:\/\/konferenztechnik.de\/pt\/wp-json\/wp\/v2\/comments?post=6443"}],"version-history":[{"count":0,"href":"https:\/\/konferenztechnik.de\/pt\/wp-json\/wp\/v2\/pages\/6443\/revisions"}],"up":[{"embeddable":true,"href":"https:\/\/konferenztechnik.de\/pt\/wp-json\/wp\/v2\/pages\/6152"}],"wp:featuredmedia":[{"embeddable":true,"href":"https:\/\/konferenztechnik.de\/pt\/wp-json\/wp\/v2\/media\/45482"}],"wp:attachment":[{"href":"https:\/\/konferenztechnik.de\/pt\/wp-json\/wp\/v2\/media?parent=6443"}],"curies":[{"name":"wp","href":"https:\/\/api.w.org\/{rel}","templated":true}]}}