{"id":9847,"date":"2017-04-24T15:13:06","date_gmt":"2017-04-24T14:13:06","guid":{"rendered":"https:\/\/www.konferenztechnik.de\/?page_id=9847\/"},"modified":"2023-09-01T11:50:04","modified_gmt":"2023-09-01T09:50:04","slug":"comprar-tecnologia-de-conferencia","status":"publish","type":"page","link":"https:\/\/konferenztechnik.de\/pt\/comprar-tecnologia-de-conferencia\/","title":{"rendered":"Comprar tecnologia para confer\u00eancias"},"content":{"rendered":"<p>[column size=\"3-4\u2033 last=\"0\u2033]<\/p>\n<h1>Comprar tecnologia de confer\u00eancia \u2013 Venda de tecnologia de confer\u00eancia e de meios de comunica\u00e7\u00e3o AV<\/h1>\n<p>[rev_slider alias=\"sales\"]<br \/>\n[spacer size=\"10\u2033]<\/p>\n<p>A PCS vende tecnologia profissional para utiliza\u00e7\u00e3o comercial em condi\u00e7\u00f5es actualizadas diariamente, incluindo aconselhamento e servi\u00e7o p\u00f3s-venda. Prestamos aconselhamento independente do fabricante e teremos todo o gosto em criar um sistema adaptado exatamente \u00e0s suas necessidades.<\/p>\n<p>Est\u00e1 \u00e0 procura de sistemas de confer\u00eancia e multim\u00e9dia ou necessita de tecnologia de \u00e1udio ou v\u00eddeo? Somos um parceiro de vendas de fabricantes profissionais de renome nestas \u00e1reas. Pode comprar-nos pequenos e grandes sistemas de tecnologia AV, bem como componentes individuais, pe\u00e7as sobresselentes e acess\u00f3rios.<\/p>\n<p>[\/coluna]<\/p>\n<p>[column size=\"1-4\u2033 last=\"1\u2033]<br \/>\n[spacer size=\"98\u2033]<\/p>\n<div class=\"box1-4\" style=\"margin-bottom: 0!important\">\n<b><span class=\"pcs-color\">Consultoria e vendas<\/span><\/b><br \/>\n<img fetchpriority=\"high\" decoding=\"async\" width=\"2560\" height=\"1920\" src=\"https:\/\/konferenztechnik.de\/wp-content\/uploads\/2021\/06\/enriko-hucke-pcs-gmbh-scaled-1.jpg\" alt=\"\" class=\"alignleft size-full wp-image-17441\" title=\"\" srcset=\"https:\/\/konferenztechnik.de\/wp-content\/uploads\/2021\/06\/enriko-hucke-pcs-gmbh-scaled-1.jpg 2560w, https:\/\/konferenztechnik.de\/wp-content\/uploads\/2021\/06\/enriko-hucke-pcs-gmbh-scaled-1-300x225.jpg 300w, https:\/\/konferenztechnik.de\/wp-content\/uploads\/2021\/06\/enriko-hucke-pcs-gmbh-scaled-1-1024x768.jpg 1024w, https:\/\/konferenztechnik.de\/wp-content\/uploads\/2021\/06\/enriko-hucke-pcs-gmbh-scaled-1-768x576.jpg 768w, https:\/\/konferenztechnik.de\/wp-content\/uploads\/2021\/06\/enriko-hucke-pcs-gmbh-scaled-1-1536x1152.jpg 1536w, https:\/\/konferenztechnik.de\/wp-content\/uploads\/2021\/06\/enriko-hucke-pcs-gmbh-scaled-1-2048x1536.jpg 2048w\" sizes=\"(max-width: 2560px) 100vw, 2560px\" \/><br \/>\nBasta telefonar-nos!<br \/>\n<a href=\"tel:+49 21173779820\"><b>+49 211 737798 20<\/b><\/a><br \/>\nOu escrever uma mensagem de correio eletr\u00f3nico para:<br \/>\n<span class=\"volleansicht\"><a href=\"mailto:vertrieb@konferenztechnik.de\" onclick=\"ga('send', 'event', 'Email-Klick', 'Kontakt Vertrieb');\">vertrieb@konferenztechnik.de<\/a><br \/>\n<\/span><br \/>\n<span class=\"mobileansicht\"><a href=\"mailto:vertrieb@konferenztechnik.de\" onclick=\"ga('send', 'event', 'Email-Klick', 'Kontakt Vertrieb');\">escrever<\/a><br \/>\n<\/span><\/div>\n<p>[\/coluna]<\/p>\n<p>[spacer size=\"20\u2033]<\/p>\n<hr>\n<p>[spacer size=\"20\u2033]<\/p>\n<h2>Sele\u00e7\u00e3o por grupo de produtos<\/h2>\n<p>[spacer size=\"10\u2033]<br \/>\n[column size=\"1-2\u2033 last=\"0\u2033]<br \/>\n<a href=\"\/pt\/distribuicao-de-tecnologia-de-conferencia-e-de-meios-de-comunicacao-av\/sistemas-de-orientacao\/\"><\/p>\n<h3 class=\"pcs-color\"><strong>Comprar sistemas de orienta\u00e7\u00e3o<\/strong><\/h3>\n<p><img decoding=\"async\" src=\"https:\/\/konferenztechnik.de\/wp-content\/uploads\/2018\/07\/fuehrungsanlagen-kaufen-1.jpg\" alt=\"Comprar sistemas de guia\" class=\"alignleft size-full wp-image-13481\" title=\"\"><\/a><br \/>\nRobusto, excelente qualidade de som, novas baterias de i\u00f5es de l\u00edtio com longa dura\u00e7\u00e3o<br \/>\n[limpar]<br \/>\n[button link=\"\/vertrieb-von-konferenz-und-av-medientechnik\/fuehrungsanlagen\/\" target=\"self\" colour=\"#a62055\u2033 text=\"light\"]Saber mais[\/button]<br \/>\n[\/coluna]<\/p>\n<p>[column size=\"1-2\u2033 last=\"0\u2033]<br \/>\n<a href=\"https:\/\/konferenztechnik.de\/pt\/comprar-sistemas-de-conferencia-sem-fios\/\"><\/p>\n<h3 class=\"pcs-color\"><strong>Comprar sistemas de confer\u00eancia<\/strong><\/h3>\n<p><img decoding=\"async\" class=\"alignnone size-full wp-image-1287\" src=\"https:\/\/konferenztechnik.de\/wp-content\/uploads\/2013\/06\/quinta.jpg\" alt=\"quinta\" title=\"\"><\/a><br \/>\nComprar sistemas profissionais: \u2013 com ou sem fios com uma qualidade de \u00e1udio excecional<br \/>\n[limpar]<br \/>\n[button link=\"https:\/\/www.konferenztechnik.de\/drahtlose-konferenzsysteme-kaufen\/\" target=\"self\" colour=\"#a62055\u2033 text=\"light\"]Saiba mais[\/button]<br \/>\n[\/coluna]<\/p>\n<p>[column size=\"1-3\u2033 last=\"1\u2033]<br \/>\n<a href=\"https:\/\/konferenztechnik.de\/pt\/comprar-cabinas-de-interpretacao\/\"><\/p>\n<h3 class=\"pcs-color\"><strong>Comprar cabinas de interpreta\u00e7\u00e3o<\/strong><\/h3>\n<p><img decoding=\"async\" src=\"https:\/\/konferenztechnik.de\/wp-content\/uploads\/2020\/08\/audipack-dolmetscherkabine-kaufen.jpg\" alt=\"Comprar cabina de interpreta\u00e7\u00e3o Audipack\" class=\"alignleft size-full wp-image-16494\" height=\"198px\" width=\"288px\" title=\"\"><\/a><br \/>\nCabinas de interpreta\u00e7\u00e3o,<br \/>\nCertifica\u00e7\u00e3o ISO,<br \/>\nm\u00f3vel e flex\u00edvel.<br \/>\n[limpar]<br \/>\n[button link=\"https:\/\/www.konferenztechnik.de\/dolmetscherkabinen-kaufen\/\" target=\"self\" colour=\"#a62055\u2033 text=\"light\"]Saiba mais[\/button]<br \/>\n[\/coluna]<\/p>\n<p>[spacer size=\"20\u2033]<\/p>\n<hr>\n<p>[spacer size=\"20\u2033]<\/p>\n<p>[column size=\"1-2\u2033 last=\"0\u2033]<br \/>\n<a href=\"\/pt\/distribuicao-de-tecnologia-de-conferencia-e-de-meios-de-comunicacao-av\/controlos-dos-meios-de-comunicacao\/\"><\/p>\n<h3 class=\"pcs-color\"><strong>Controlos dos meios de comunica\u00e7\u00e3o social<\/strong><\/h3>\n<p><img decoding=\"async\" width=\"288\" height=\"198\" class=\"alignleft size-full wp-image-3750\" src=\"https:\/\/konferenztechnik.de\/wp-content\/uploads\/2013\/11\/03-mediensteuerungen.jpg\" alt=\"Controlos de multim\u00e9dia na PCS - Crestron, AMX, RTI\" title=\"\"><\/a><br \/>\nControlo de salas e edif\u00edcios: controlo de v\u00eddeo, \u00e1udio, ilumina\u00e7\u00e3o e tecnologia de edif\u00edcios<br \/>\n[limpar]<br \/>\n[button link=\"\/vertrieb-von-konferenz-und-av-medientechnik\/mediensteuerungen\/\" target=\"self\" colour=\"#a62055\u2033 text=\"light\"]Saber mais[\/button]<br \/>\n[\/coluna]<\/p>\n<p>[column size=\"1-2\u2033 last=\"0\u2033]<br \/>\n<a href=\"\/pt\/distribuicao-de-tecnologia-de-conferencia-e-de-meios-de-comunicacao-av\/vanerum-i3\/\"><\/p>\n<h3 class=\"pcs-color\"><strong>Aprendizagem, apresenta\u00e7\u00e3o e colabora\u00e7\u00e3o inteligentes<\/strong><\/h3>\n<p><img decoding=\"async\" width=\"288\" height=\"198\" class=\"alignleft size-full wp-image-3748\" src=\"https:\/\/konferenztechnik.de\/wp-content\/uploads\/2013\/11\/01-i3.jpg\" alt=\"Quadro interativo Vanerum i3\" title=\"\"><\/a><br \/>\nQuadros interactivos, ecr\u00e3s interactivos e projectores.<br \/>\n[limpar]<br \/>\n[button link=\"\/vertrieb-von-konferenz-und-av-medientechnik\/vanerum-i3\/\" target=\"self\" colour=\"#a62055\u2033 text=\"light\"]Para mais informa\u00e7\u00f5es[\/button]<br \/>\n[\/coluna]<\/p>\n<p>[column size=\"1-3\u2033 last=\"1\u2033]<br \/>\n<a href=\"\/pt\/distribuicao-de-tecnologia-de-conferencia-e-de-meios-de-comunicacao-av\/sistemas-de-interpretacao\/\"><\/p>\n<h3 class=\"pcs-color\"><strong>Sistemas de interpreta\u00e7\u00e3o<\/strong><\/h3>\n<p><img decoding=\"async\" src=\"https:\/\/konferenztechnik.de\/wp-content\/uploads\/2018\/07\/dolmetschertechnik-kaufen-1.jpg\" alt=\"Comprar equipamento de interpreta\u00e7\u00e3o\" class=\"alignleft size-full wp-image-13484\" title=\"\"><\/a><br \/>\nCabinas para oradores e int\u00e9rpretes, mesas para int\u00e9rpretes, tecnologia de interpreta\u00e7\u00e3o por infravermelhos, tecnologia de interpreta\u00e7\u00e3o por r\u00e1dio<br \/>\n[limpar]<br \/>\n[button link=\"\/vertrieb-von-konferenz-und-av-medientechnik\/dolmetscheranlagen\/\" target=\"self\" colour=\"#a62055\u2033 text=\"light\"]Saber mais[\/button]<\/p>\n<p>[\/coluna]<\/p>\n<p>[spacer size=\"20\u2033]<\/p>\n<hr>\n<p>[spacer size=\"20\u2033]<\/p>\n<p>[column size=\"1-2\u2033 last=\"0\u2033]<br \/>\n<a href=\"\/pt\/distribuicao-de-tecnologia-de-conferencia-e-de-meios-de-comunicacao-av\/suportes-para-ecras-e-projectores-2\/\"><\/p>\n<h3 class=\"pcs-color\"><strong>Suportes para ecr\u00e3s e projectores<\/strong><\/h3>\n<p><img loading=\"lazy\" decoding=\"async\" width=\"288\" height=\"198\" class=\"alignleft size-full wp-image-3751\" src=\"https:\/\/konferenztechnik.de\/wp-content\/uploads\/2013\/11\/07-projektorenhalterungen.jpg\" alt=\"Suportes para projectores e projectores de luz\" title=\"\"><\/a><br \/>\nSuportes para tectos, suportes para ecr\u00e3s, sistemas de instala\u00e7\u00e3o para projectores e ecr\u00e3s, \"pilotagem\" (rigging) de projectores, isolamento ac\u00fastico e caixas \u00e0 prova de som<br \/>\n[limpar]<br \/>\n[button link=\"\/vertrieb-von-konferenz-und-av-medientechnik\/display-und-projektorhalterungen\/\" target=\"self\" colour=\"#a62055\u2033 text=\"light\"]Saber mais[\/button]<br \/>\n[\/coluna]<\/p>\n<p>[column size=\"1-2\u2033 last=\"0\u2033]<br \/>\n<a href=\"\/pt\/distribuicao-de-tecnologia-de-conferencia-e-de-meios-de-comunicacao-av\/tecnologia-audio-e-video-2\/\"><\/p>\n<h3 class=\"pcs-color\"><strong>Tecnologia \u00e1udio, tecnologia v\u00eddeo<\/strong><\/h3>\n<p><img decoding=\"async\" src=\"https:\/\/konferenztechnik.de\/wp-content\/uploads\/2020\/05\/audiotechnik-kaufen-pca-1.jpg\" alt=\"Comprar tecnologia \u00e1udio e tecnologia v\u00eddeo na PCS\" class=\"alignleft size-full wp-image-16137\" title=\"\"><\/a><br \/>\nSistemas de som para o p\u00fablico, microfones, consolas de mistura, projectores de v\u00eddeo, ecr\u00e3s, visualizadores, ecr\u00e3s de proje\u00e7\u00e3o, sinaliza\u00e7\u00e3o digital<br \/>\n[limpar]<br \/>\n[button link=\"\/vertrieb-von-konferenz-und-av-medientechnik\/audio-und-videotechnik\/\" target=\"self\" colour=\"#a62055\u2033 text=\"light\"]Saber mais[\/button]<br \/>\n[\/coluna]<\/p>\n<p>[column size=\"1-3\u2033 last=\"1\u2033]<br \/>\n<a href=\"\/pt\/distribuicao-de-tecnologia-de-conferencia-e-de-meios-de-comunicacao-av\/barco-clickshare\/\"><\/p>\n<h3 class=\"pcs-color\"><strong>Apresenta\u00e7\u00e3o sem fios: Barco ClickShare<\/strong><\/h3>\n<p><img loading=\"lazy\" decoding=\"async\" width=\"288\" height=\"198\" class=\"alignnone size-full wp-image-3851\" src=\"https:\/\/konferenztechnik.de\/wp-content\/uploads\/2013\/11\/barco_clickshare_bei-pcs.jpg\" alt=\"barco_clickshare_por-pcs\" title=\"\"><\/a><br \/>\nUm clique e est\u00e1 no ecr\u00e3. O Barco ClickShare cuida de toda a tecnologia.<br \/>\n[limpar]<br \/>\n[button link=\"\/vertrieb-von-konferenz-und-av-medientechnik\/barco-clickshare\/\" target=\"self\" colour=\"#a62055\u2033 text=\"light\"]Saber mais[\/button]<br \/>\n[\/coluna]<br \/>\n[spacer size=\"20\u2033]<\/p>\n<hr>\n<p>[spacer size=\"20\u2033]<\/p>\n<h2>Sele\u00e7\u00e3o por fabricante<\/h2>\n<div class=\"rahmen\">\n[column size=\"1-2\u2033 last=\"0\u2033]<a href=\"https:\/\/konferenztechnik.de\/pt\/fabricante\/adam-hall\/\"><img loading=\"lazy\" decoding=\"async\" width=\"250\" height=\"250\" src=\"https:\/\/konferenztechnik.de\/wp-content\/uploads\/2016\/04\/logo-adamhall.jpg\" alt=\"Log\u00f3tipo Adam Hall\" class=\"alignleft size-full wp-image-6606\" title=\"\" srcset=\"https:\/\/konferenztechnik.de\/wp-content\/uploads\/2016\/04\/logo-adamhall.jpg 250w, https:\/\/konferenztechnik.de\/wp-content\/uploads\/2016\/04\/logo-adamhall-150x150.jpg 150w\" sizes=\"(max-width: 250px) 100vw, 250px\" \/><\/a><br \/>\n[\/coluna]<\/p>\n<p>[column size=\"1-2\u2033 last=\"0\u2033]<a href=\"https:\/\/konferenztechnik.de\/pt\/fabricante\/amx\/\"><img loading=\"lazy\" decoding=\"async\" width=\"250\" height=\"250\" src=\"https:\/\/konferenztechnik.de\/wp-content\/uploads\/2016\/04\/logo-amx.jpg\" alt=\"Log\u00f3tipo AMX\" class=\"alignleft size-full wp-image-6607\" title=\"\" srcset=\"https:\/\/konferenztechnik.de\/wp-content\/uploads\/2016\/04\/logo-amx.jpg 250w, https:\/\/konferenztechnik.de\/wp-content\/uploads\/2016\/04\/logo-amx-150x150.jpg 150w\" sizes=\"(max-width: 250px) 100vw, 250px\" \/><\/a><br \/>\n[\/coluna]<\/p>\n<p>[column size=\"1-2\u2033 last=\"0\u2033]<a href=\"https:\/\/konferenztechnik.de\/pt\/pacote-de-audio\/\"><img loading=\"lazy\" decoding=\"async\" width=\"250\" height=\"250\" src=\"https:\/\/konferenztechnik.de\/wp-content\/uploads\/2016\/04\/logo-audipack.jpg\" alt=\"Log\u00f3tipo Audipack\" class=\"alignleft size-full wp-image-6608\" title=\"\" srcset=\"https:\/\/konferenztechnik.de\/wp-content\/uploads\/2016\/04\/logo-audipack.jpg 250w, https:\/\/konferenztechnik.de\/wp-content\/uploads\/2016\/04\/logo-audipack-150x150.jpg 150w\" sizes=\"(max-width: 250px) 100vw, 250px\" \/><\/a><br \/>\n[\/coluna]<\/p>\n<p>[column size=\"1-2\u2033 last=\"0\u2033]<a href=\"https:\/\/konferenztechnik.de\/pt\/fabricante\/bachmann\/\"><img loading=\"lazy\" decoding=\"async\" width=\"250\" height=\"250\" src=\"https:\/\/konferenztechnik.de\/wp-content\/uploads\/2016\/04\/logo-bachmann.jpg\" alt=\"Log\u00f3tipo Bachmann\" class=\"alignnone size-full wp-image-6609\" title=\"\" srcset=\"https:\/\/konferenztechnik.de\/wp-content\/uploads\/2016\/04\/logo-bachmann.jpg 250w, https:\/\/konferenztechnik.de\/wp-content\/uploads\/2016\/04\/logo-bachmann-150x150.jpg 150w\" sizes=\"(max-width: 250px) 100vw, 250px\" \/><\/a><br \/>\n[\/coluna]<\/p>\n<p>[column size=\"1-2\u2033 last=\"0\u2033]<a href=\"https:\/\/konferenztechnik.de\/pt\/barco\/\"><img loading=\"lazy\" decoding=\"async\" width=\"250\" height=\"250\" src=\"https:\/\/konferenztechnik.de\/wp-content\/uploads\/2016\/04\/logo-barco.jpg\" alt=\"Log\u00f3tipo Barco\" class=\"alignleft size-full wp-image-6610\" title=\"\" srcset=\"https:\/\/konferenztechnik.de\/wp-content\/uploads\/2016\/04\/logo-barco.jpg 250w, https:\/\/konferenztechnik.de\/wp-content\/uploads\/2016\/04\/logo-barco-150x150.jpg 150w\" sizes=\"(max-width: 250px) 100vw, 250px\" \/><\/a><br \/>\n[\/coluna]<\/p>\n<p>[column size=\"1-6\u2033 last=\"1\u2033]<a href=\"https:\/\/konferenztechnik.de\/pt\/fabricante\/beyerdynamic\/\"><img loading=\"lazy\" decoding=\"async\" width=\"250\" height=\"250\" src=\"https:\/\/konferenztechnik.de\/wp-content\/uploads\/2016\/04\/logo-beyerdynamic.jpg\" alt=\"Log\u00f3tipo Beyerdynamic\" class=\"alignnone size-full wp-image-6613\" title=\"\" srcset=\"https:\/\/konferenztechnik.de\/wp-content\/uploads\/2016\/04\/logo-beyerdynamic.jpg 250w, https:\/\/konferenztechnik.de\/wp-content\/uploads\/2016\/04\/logo-beyerdynamic-150x150.jpg 150w\" sizes=\"(max-width: 250px) 100vw, 250px\" \/><\/a><br \/>\n[\/coluna]<\/p>\n<p>[column size=\"1-2\u2033 last=\"0\u2033]<a href=\"https:\/\/konferenztechnik.de\/pt\/sistemas-biamp\/\"><img loading=\"lazy\" decoding=\"async\" width=\"250\" height=\"250\" src=\"https:\/\/konferenztechnik.de\/wp-content\/uploads\/2016\/04\/logo-biamp.jpg\" alt=\"Log\u00f3tipo Biamp\" class=\"alignnone size-full wp-image-6615\" title=\"\" srcset=\"https:\/\/konferenztechnik.de\/wp-content\/uploads\/2016\/04\/logo-biamp.jpg 250w, https:\/\/konferenztechnik.de\/wp-content\/uploads\/2016\/04\/logo-biamp-150x150.jpg 150w\" sizes=\"(max-width: 250px) 100vw, 250px\" \/><\/a><br \/>\n[\/coluna]<\/p>\n<p>[column size=\"1-2\u2033 last=\"0\u2033]<a href=\"https:\/\/konferenztechnik.de\/pt\/bosque\/\"><img loading=\"lazy\" decoding=\"async\" width=\"250\" height=\"250\" src=\"https:\/\/konferenztechnik.de\/wp-content\/uploads\/2016\/04\/logo-bosch.jpg\" alt=\"Log\u00f3tipo da Bosch\" class=\"alignnone size-full wp-image-6616\" title=\"\" srcset=\"https:\/\/konferenztechnik.de\/wp-content\/uploads\/2016\/04\/logo-bosch.jpg 250w, https:\/\/konferenztechnik.de\/wp-content\/uploads\/2016\/04\/logo-bosch-150x150.jpg 150w\" sizes=\"(max-width: 250px) 100vw, 250px\" \/><\/a><br \/>\n[\/coluna]<\/p>\n<p>[column size=\"1-2\u2033 last=\"0\u2033]<a href=\"https:\/\/konferenztechnik.de\/pt\/bower-wilkins\/\"><img loading=\"lazy\" decoding=\"async\" width=\"250\" height=\"250\" src=\"https:\/\/konferenztechnik.de\/wp-content\/uploads\/2016\/04\/logos-bowers-wilkins.jpg\" alt=\"Log\u00f3tipo Bowers Wilkins\" class=\"alignnone size-full wp-image-6619\" title=\"\" srcset=\"https:\/\/konferenztechnik.de\/wp-content\/uploads\/2016\/04\/logos-bowers-wilkins.jpg 250w, https:\/\/konferenztechnik.de\/wp-content\/uploads\/2016\/04\/logos-bowers-wilkins-150x150.jpg 150w\" sizes=\"(max-width: 250px) 100vw, 250px\" \/><\/a><br \/>\n[\/coluna]<\/p>\n<p>[column size=\"1-2\u2033 last=\"0\u2033]<a href=\"https:\/\/konferenztechnik.de\/pt\/crestron\/\"><img loading=\"lazy\" decoding=\"async\" width=\"250\" height=\"250\" src=\"https:\/\/konferenztechnik.de\/wp-content\/uploads\/2016\/04\/logo-crestron.jpg\" alt=\"Log\u00f3tipo Crestron\" class=\"alignnone size-full wp-image-6617\" title=\"\" srcset=\"https:\/\/konferenztechnik.de\/wp-content\/uploads\/2016\/04\/logo-crestron.jpg 250w, https:\/\/konferenztechnik.de\/wp-content\/uploads\/2016\/04\/logo-crestron-150x150.jpg 150w\" sizes=\"(max-width: 250px) 100vw, 250px\" \/><\/a><br \/>\n[\/coluna]<\/p>\n<p>[column size=\"1-2\u2033 last=\"0\u2033]<a href=\"https:\/\/konferenztechnik.de\/pt\/tecnologias-db\/\"><img loading=\"lazy\" decoding=\"async\" width=\"250\" height=\"250\" src=\"https:\/\/konferenztechnik.de\/wp-content\/uploads\/2016\/09\/logo-dbtechnologies.jpg\" alt=\"Log\u00f3tipo dbtechnologies\" class=\"alignnone size-full wp-image-6618\" title=\"\"><\/a><br \/>\n[\/coluna]<\/p>\n<p>[column size=\"1-6\u2033 last=\"1\u2033]<a href=\"https:\/\/konferenztechnik.de\/pt\/dpa\/\"><img loading=\"lazy\" decoding=\"async\" width=\"250\" height=\"250\" src=\"https:\/\/konferenztechnik.de\/wp-content\/uploads\/2016\/04\/logos-dpa-microphones.jpg\" alt=\"Log\u00f3tipo dbtechnologies\" class=\"alignnone size-full wp-image-6614\" title=\"\" srcset=\"https:\/\/konferenztechnik.de\/wp-content\/uploads\/2016\/04\/logos-dpa-microphones.jpg 250w, https:\/\/konferenztechnik.de\/wp-content\/uploads\/2016\/04\/logos-dpa-microphones-150x150.jpg 150w\" sizes=\"(max-width: 250px) 100vw, 250px\" \/><\/a><br \/>\n[\/coluna]<\/p>\n<p>[column size=\"1-2\u2033 last=\"0\u2033]<a href=\"https:\/\/konferenztechnik.de\/pt\/eiki\/\"><img loading=\"lazy\" decoding=\"async\" width=\"250\" height=\"250\" src=\"https:\/\/konferenztechnik.de\/wp-content\/uploads\/2016\/04\/logo-eiki.jpg\" alt=\"Log\u00f3tipo Eiki\" class=\"alignnone size-full wp-image-6643\" title=\"\" srcset=\"https:\/\/konferenztechnik.de\/wp-content\/uploads\/2016\/04\/logo-eiki.jpg 250w, https:\/\/konferenztechnik.de\/wp-content\/uploads\/2016\/04\/logo-eiki-150x150.jpg 150w\" sizes=\"(max-width: 250px) 100vw, 250px\" \/><\/a><br \/>\n[\/coluna]<\/p>\n<p>[column size=\"1-2\u2033 last=\"0\u2033]<a href=\"https:\/\/konferenztechnik.de\/pt\/epson\/\"><img loading=\"lazy\" decoding=\"async\" width=\"250\" height=\"250\" src=\"https:\/\/konferenztechnik.de\/wp-content\/uploads\/2016\/04\/logo-epson.jpg\" alt=\"Log\u00f3tipo Epson\" class=\"alignnone size-full wp-image-6642\" title=\"\" srcset=\"https:\/\/konferenztechnik.de\/wp-content\/uploads\/2016\/04\/logo-epson.jpg 250w, https:\/\/konferenztechnik.de\/wp-content\/uploads\/2016\/04\/logo-epson-150x150.jpg 150w\" sizes=\"(max-width: 250px) 100vw, 250px\" \/><\/a><br \/>\n[\/coluna]<\/p>\n<p>[column size=\"1-2\u2033 last=\"0\u2033]<a href=\"https:\/\/konferenztechnik.de\/pt\/extrao\/\"><img loading=\"lazy\" decoding=\"async\" width=\"250\" height=\"250\" src=\"https:\/\/konferenztechnik.de\/wp-content\/uploads\/2016\/04\/logo-extron.jpg\" alt=\"Log\u00f3tipo da Extron\" class=\"alignnone size-full wp-image-6638\" title=\"\" srcset=\"https:\/\/konferenztechnik.de\/wp-content\/uploads\/2016\/04\/logo-extron.jpg 250w, https:\/\/konferenztechnik.de\/wp-content\/uploads\/2016\/04\/logo-extron-150x150.jpg 150w\" sizes=\"(max-width: 250px) 100vw, 250px\" \/><\/a><br \/>\n[\/coluna]<\/p>\n<p>[column size=\"1-2\u2033 last=\"0\u2033]<a href=\"https:\/\/konferenztechnik.de\/pt\/fohn\/\"><a href=\"https:\/\/konferenztechnik.de\/pt\/fohhn\/\"><img loading=\"lazy\" decoding=\"async\" width=\"250\" height=\"250\" src=\"https:\/\/konferenztechnik.de\/wp-content\/uploads\/2016\/04\/logo-fohhn.jpg\" alt=\"Log\u00f3tipo Fohhn\" class=\"alignnone size-full wp-image-6641\" title=\"\" srcset=\"https:\/\/konferenztechnik.de\/wp-content\/uploads\/2016\/04\/logo-fohhn.jpg 250w, https:\/\/konferenztechnik.de\/wp-content\/uploads\/2016\/04\/logo-fohhn-150x150.jpg 150w\" sizes=\"(max-width: 250px) 100vw, 250px\" \/><\/a><br \/>\n[\/coluna]<\/p>\n<p>[column size=\"1-2\u2033 last=\"0\u2033]<a href=\"https:\/\/konferenztechnik.de\/pt\/tecnologias-i3\/\"><a href=\"https:\/\/konferenztechnik.de\/pt\/tecnologias-i3\/\"><img loading=\"lazy\" decoding=\"async\" width=\"250\" height=\"250\" src=\"https:\/\/konferenztechnik.de\/wp-content\/uploads\/2016\/04\/logo-i3learning.jpg\" alt=\"Log\u00f3tipo i3learning\" class=\"alignnone size-full wp-image-6640\" title=\"\" srcset=\"https:\/\/konferenztechnik.de\/wp-content\/uploads\/2016\/04\/logo-i3learning.jpg 250w, https:\/\/konferenztechnik.de\/wp-content\/uploads\/2016\/04\/logo-i3learning-150x150.jpg 150w\" sizes=\"(max-width: 250px) 100vw, 250px\" \/><\/a><br \/>\n[\/coluna]<\/p>\n<p>[column size=\"1-6\u2033 last=\"1\u2033]<a href=\"https:\/\/konferenztechnik.de\/pt\/jbl\/\"><a href=\"https:\/\/konferenztechnik.de\/pt\/jbl\/\"><img loading=\"lazy\" decoding=\"async\" width=\"250\" height=\"250\" src=\"https:\/\/konferenztechnik.de\/wp-content\/uploads\/2016\/04\/logo-jbl.jpg\" alt=\"Log\u00f3tipo JBL\" class=\"alignnone size-full wp-image-6639\" title=\"\" srcset=\"https:\/\/konferenztechnik.de\/wp-content\/uploads\/2016\/04\/logo-jbl.jpg 250w, https:\/\/konferenztechnik.de\/wp-content\/uploads\/2016\/04\/logo-jbl-150x150.jpg 150w\" sizes=\"(max-width: 250px) 100vw, 250px\" \/><\/a><br \/>\n[\/coluna]<\/p>\n<p>[column size=\"1-2\u2033 last=\"0\u2033]<a href=\"https:\/\/konferenztechnik.de\/pt\/homem-das-criancas\/\"><img loading=\"lazy\" decoding=\"async\" width=\"250\" height=\"250\" src=\"https:\/\/konferenztechnik.de\/wp-content\/uploads\/2016\/04\/logo-kindermann.jpg\" alt=\"Log\u00f3tipo Kindermann\" class=\"alignnone size-full wp-image-6637\" title=\"\" srcset=\"https:\/\/konferenztechnik.de\/wp-content\/uploads\/2016\/04\/logo-kindermann.jpg 250w, https:\/\/konferenztechnik.de\/wp-content\/uploads\/2016\/04\/logo-kindermann-150x150.jpg 150w\" sizes=\"(max-width: 250px) 100vw, 250px\" \/><\/a><br \/>\n[\/coluna]<\/p>\n<p>[column size=\"1-2\u2033 last=\"0\u2033]<br \/>\n<a href=\"https:\/\/konferenztechnik.de\/pt\/sexta-feira-de-som\/\"><img loading=\"lazy\" decoding=\"async\" width=\"250\" height=\"250\" src=\"https:\/\/konferenztechnik.de\/wp-content\/uploads\/2016\/04\/logo-kling-freitag.jpg\" alt=\"Log\u00f3tipo Kling Freitag\" class=\"alignnone size-full wp-image-6636\" title=\"\" srcset=\"https:\/\/konferenztechnik.de\/wp-content\/uploads\/2016\/04\/logo-kling-freitag.jpg 250w, https:\/\/konferenztechnik.de\/wp-content\/uploads\/2016\/04\/logo-kling-freitag-150x150.jpg 150w\" sizes=\"(max-width: 250px) 100vw, 250px\" \/><\/a><br \/>\n[\/coluna]<\/p>\n<p>[column size=\"1-2\u2033 last=\"0\u2033]<br \/>\n<a href=\"https:\/\/konferenztechnik.de\/pt\/koenig-meyer\/\"><img loading=\"lazy\" decoding=\"async\" width=\"250\" height=\"250\" src=\"https:\/\/konferenztechnik.de\/wp-content\/uploads\/2016\/04\/logo-kundm.jpg\" alt=\"Log\u00f3tipo Koenig e Meyer\" class=\"alignnone size-full wp-image-6635\" title=\"\" srcset=\"https:\/\/konferenztechnik.de\/wp-content\/uploads\/2016\/04\/logo-kundm.jpg 250w, https:\/\/konferenztechnik.de\/wp-content\/uploads\/2016\/04\/logo-kundm-150x150.jpg 150w\" sizes=\"(max-width: 250px) 100vw, 250px\" \/><\/a><br \/>\n[\/coluna]<\/p>\n<p>[column size=\"1-2\u2033 last=\"0\u2033]<br \/>\n<a href=\"https:\/\/konferenztechnik.de\/pt\/kramer-2\/\"><img loading=\"lazy\" decoding=\"async\" width=\"250\" height=\"250\" src=\"https:\/\/konferenztechnik.de\/wp-content\/uploads\/2016\/04\/logo-kramer.jpg\" alt=\"Log\u00f3tipo Kramer\" class=\"alignnone size-full wp-image-6634\" title=\"\" srcset=\"https:\/\/konferenztechnik.de\/wp-content\/uploads\/2016\/04\/logo-kramer.jpg 250w, https:\/\/konferenztechnik.de\/wp-content\/uploads\/2016\/04\/logo-kramer-150x150.jpg 150w\" sizes=\"(max-width: 250px) 100vw, 250px\" \/><\/a><br \/>\n[\/coluna]<\/p>\n<p>[column size=\"1-2\u2033 last=\"0\u2033]<br \/>\n<a href=\"https:\/\/konferenztechnik.de\/pt\/legamaster-2\/\"><img loading=\"lazy\" decoding=\"async\" width=\"250\" height=\"250\" src=\"https:\/\/konferenztechnik.de\/wp-content\/uploads\/2016\/04\/logo-legamster.jpg\" alt=\"Log\u00f3tipo Legamaster\" class=\"alignnone size-full wp-image-6633\" title=\"\" srcset=\"https:\/\/konferenztechnik.de\/wp-content\/uploads\/2016\/04\/logo-legamster.jpg 250w, https:\/\/konferenztechnik.de\/wp-content\/uploads\/2016\/04\/logo-legamster-150x150.jpg 150w\" sizes=\"(max-width: 250px) 100vw, 250px\" \/><\/a><br \/>\n[\/coluna]<\/p>\n<p>[column size=\"1-6\u2033 last=\"1\u2033]<br \/>\n<a href=\"https:\/\/konferenztechnik.de\/pt\/tamanho-natural-2\/\"><img decoding=\"async\" src=\"https:\/\/konferenztechnik.de\/wp-content\/uploads\/2016\/08\/lifesize-logo.jpg\" alt=\"Log\u00f3tipo Lifesize\" class=\"alignnone size-full wp-image-6632\" title=\"\"><\/a><br \/>\n[\/coluna]<\/p>\n<p>[column size=\"1-2\u2033 last=\"0\u2033]<br \/>\n<a href=\"https:\/\/konferenztechnik.de\/pt\/marantz\/\"><img loading=\"lazy\" decoding=\"async\" width=\"250\" height=\"250\" src=\"https:\/\/konferenztechnik.de\/wp-content\/uploads\/2016\/04\/logo-marantz.jpg\" alt=\"Log\u00f3tipo da Marantz\" class=\"alignnone size-full wp-image-6649\" title=\"\" srcset=\"https:\/\/konferenztechnik.de\/wp-content\/uploads\/2016\/04\/logo-marantz.jpg 250w, https:\/\/konferenztechnik.de\/wp-content\/uploads\/2016\/04\/logo-marantz-150x150.jpg 150w\" sizes=\"(max-width: 250px) 100vw, 250px\" \/><\/a><br \/>\n[\/coluna]<\/p>\n<p>[column size=\"1-2\u2033 last=\"0\u2033]<br \/>\n<a href=\"https:\/\/konferenztechnik.de\/pt\/mipro\/\"><img loading=\"lazy\" decoding=\"async\" width=\"250\" height=\"250\" src=\"https:\/\/konferenztechnik.de\/wp-content\/uploads\/2016\/04\/logo-mipro.jpg\" alt=\"Log\u00f3tipo Mipro\" class=\"alignnone size-full wp-image-6648\" title=\"\" srcset=\"https:\/\/konferenztechnik.de\/wp-content\/uploads\/2016\/04\/logo-mipro.jpg 250w, https:\/\/konferenztechnik.de\/wp-content\/uploads\/2016\/04\/logo-mipro-150x150.jpg 150w\" sizes=\"(max-width: 250px) 100vw, 250px\" \/><\/a><br \/>\n[\/coluna]<\/p>\n<p>[column size=\"1-2\u2033 last=\"0\u2033]<br \/>\n<a href=\"https:\/\/konferenztechnik.de\/pt\/micoses\/\"><img loading=\"lazy\" decoding=\"async\" width=\"250\" height=\"250\" src=\"https:\/\/konferenztechnik.de\/wp-content\/uploads\/2016\/04\/logo-mycases.jpg\" alt=\"Log\u00f3tipo MyCases\" class=\"alignnone size-full wp-image-6647\" title=\"\" srcset=\"https:\/\/konferenztechnik.de\/wp-content\/uploads\/2016\/04\/logo-mycases.jpg 250w, https:\/\/konferenztechnik.de\/wp-content\/uploads\/2016\/04\/logo-mycases-150x150.jpg 150w\" sizes=\"(max-width: 250px) 100vw, 250px\" \/><\/a><br \/>\n[\/coluna]<\/p>\n<p>[column size=\"1-2\u2033 last=\"0\u2033]<br \/>\n<a href=\"https:\/\/konferenztechnik.de\/pt\/nec\/\"><img loading=\"lazy\" decoding=\"async\" width=\"250\" height=\"250\" src=\"https:\/\/konferenztechnik.de\/wp-content\/uploads\/2016\/04\/logos-nec.jpg\" alt=\"Log\u00f3tipos NEC\" class=\"alignnone size-full wp-image-6646\" title=\"\" srcset=\"https:\/\/konferenztechnik.de\/wp-content\/uploads\/2016\/04\/logos-nec.jpg 250w, https:\/\/konferenztechnik.de\/wp-content\/uploads\/2016\/04\/logos-nec-150x150.jpg 150w\" sizes=\"(max-width: 250px) 100vw, 250px\" \/><\/a><br \/>\n[\/coluna]<\/p>\n<p>[column size=\"1-2\u2033 last=\"0\u2033]<br \/>\n<a href=\"https:\/\/konferenztechnik.de\/pt\/panasonic\/\"><img loading=\"lazy\" decoding=\"async\" width=\"250\" height=\"250\" src=\"https:\/\/konferenztechnik.de\/wp-content\/uploads\/2016\/04\/logos-panasonic.jpg\" alt=\"Log\u00f3tipos da Panasonic\" class=\"alignnone size-full wp-image-6645\" title=\"\" srcset=\"https:\/\/konferenztechnik.de\/wp-content\/uploads\/2016\/04\/logos-panasonic.jpg 250w, https:\/\/konferenztechnik.de\/wp-content\/uploads\/2016\/04\/logos-panasonic-150x150.jpg 150w\" sizes=\"(max-width: 250px) 100vw, 250px\" \/><\/a><br \/>\n[\/coluna]<\/p>\n<p>[column size=\"1-6\u2033 last=\"1\u2033]<br \/>\n<a href=\"https:\/\/konferenztechnik.de\/pt\/qsc\/\"><img loading=\"lazy\" decoding=\"async\" width=\"250\" height=\"250\" src=\"https:\/\/konferenztechnik.de\/wp-content\/uploads\/2016\/04\/logo-qsc.jpg\" alt=\"Log\u00f3tipo QSC\" class=\"alignnone size-full wp-image-6657\" title=\"\" srcset=\"https:\/\/konferenztechnik.de\/wp-content\/uploads\/2016\/04\/logo-qsc.jpg 250w, https:\/\/konferenztechnik.de\/wp-content\/uploads\/2016\/04\/logo-qsc-150x150.jpg 150w\" sizes=\"(max-width: 250px) 100vw, 250px\" \/><\/a><br \/>\n[\/coluna]<\/p>\n<p>[column size=\"1-2\u2033 last=\"0\u2033]<br \/>\n<a href=\"https:\/\/konferenztechnik.de\/pt\/rti\/\"><img loading=\"lazy\" decoding=\"async\" width=\"250\" height=\"250\" src=\"https:\/\/konferenztechnik.de\/wp-content\/uploads\/2016\/04\/logo-rti.jpg\" alt=\"Log\u00f3tipo RTI\" class=\"alignnone size-full wp-image-6656\" title=\"\" srcset=\"https:\/\/konferenztechnik.de\/wp-content\/uploads\/2016\/04\/logo-rti.jpg 250w, https:\/\/konferenztechnik.de\/wp-content\/uploads\/2016\/04\/logo-rti-150x150.jpg 150w\" sizes=\"(max-width: 250px) 100vw, 250px\" \/><\/a><br \/>\n[\/coluna]<\/p>\n<p>[column size=\"1-2\u2033 last=\"0\u2033]<br \/>\n<a href=\"https:\/\/konferenztechnik.de\/pt\/samsung\/\"><img loading=\"lazy\" decoding=\"async\" width=\"250\" height=\"250\" src=\"https:\/\/konferenztechnik.de\/wp-content\/uploads\/2016\/04\/logo-samsung.jpg\" alt=\"Log\u00f3tipo Samsung\" class=\"alignnone size-full wp-image-6655\" title=\"\" srcset=\"https:\/\/konferenztechnik.de\/wp-content\/uploads\/2016\/04\/logo-samsung.jpg 250w, https:\/\/konferenztechnik.de\/wp-content\/uploads\/2016\/04\/logo-samsung-150x150.jpg 150w\" sizes=\"(max-width: 250px) 100vw, 250px\" \/><\/a><br \/>\n[\/coluna]<\/p>\n<p>[column size=\"1-2\u2033 last=\"0\u2033]<a href=\"https:\/\/konferenztechnik.de\/pt\/sennheiser\/\"><img loading=\"lazy\" decoding=\"async\" width=\"250\" height=\"250\" src=\"https:\/\/konferenztechnik.de\/wp-content\/uploads\/2016\/04\/logo-sennheise.jpg\" alt=\"Log\u00f3tipo Sennheiser\" class=\"alignnone size-full wp-image-6654\" title=\"\" srcset=\"https:\/\/konferenztechnik.de\/wp-content\/uploads\/2016\/04\/logo-sennheise.jpg 250w, https:\/\/konferenztechnik.de\/wp-content\/uploads\/2016\/04\/logo-sennheise-150x150.jpg 150w\" sizes=\"(max-width: 250px) 100vw, 250px\" \/><\/a><br \/>\n[\/coluna]<\/p>\n<p>[column size=\"1-2\u2033 last=\"0\u2033]<br \/>\n<a href=\"https:\/\/konferenztechnik.de\/pt\/seguro\/\"><img loading=\"lazy\" decoding=\"async\" width=\"250\" height=\"250\" src=\"https:\/\/konferenztechnik.de\/wp-content\/uploads\/2016\/04\/logo-shure.jpg\" alt=\"Log\u00f3tipo da Shure\" class=\"alignnone size-full wp-image-6659\" title=\"\" srcset=\"https:\/\/konferenztechnik.de\/wp-content\/uploads\/2016\/04\/logo-shure.jpg 250w, https:\/\/konferenztechnik.de\/wp-content\/uploads\/2016\/04\/logo-shure-150x150.jpg 150w\" sizes=\"(max-width: 250px) 100vw, 250px\" \/><\/a><br \/>\n[\/coluna]<\/p>\n<p>[column size=\"1-2\u2033 last=\"0\u2033]<br \/>\n<a href=\"https:\/\/konferenztechnik.de\/pt\/metais-inteligentes\/\"><img loading=\"lazy\" decoding=\"async\" width=\"250\" height=\"250\" src=\"https:\/\/konferenztechnik.de\/wp-content\/uploads\/2016\/04\/logo-smartmetals.jpg\" alt=\"Log\u00f3tipo smartmetals\" class=\"alignnone size-full wp-image-6666\" title=\"\" srcset=\"https:\/\/konferenztechnik.de\/wp-content\/uploads\/2016\/04\/logo-smartmetals.jpg 250w, https:\/\/konferenztechnik.de\/wp-content\/uploads\/2016\/04\/logo-smartmetals-150x150.jpg 150w\" sizes=\"(max-width: 250px) 100vw, 250px\" \/><\/a><br \/>\n[\/coluna]<\/p>\n<p>[column size=\"1-6\u2033 last=\"1\u2033]<br \/>\n<a href=\"https:\/\/konferenztechnik.de\/pt\/cabo-de-verao\/\"><img loading=\"lazy\" decoding=\"async\" width=\"250\" height=\"250\" src=\"https:\/\/konferenztechnik.de\/wp-content\/uploads\/2016\/04\/logo-sommercable-1.jpg\" alt=\"Log\u00f3tipo Sommercable\" class=\"alignnone size-full wp-image-6665\" title=\"\" srcset=\"https:\/\/konferenztechnik.de\/wp-content\/uploads\/2016\/04\/logo-sommercable-1.jpg 250w, https:\/\/konferenztechnik.de\/wp-content\/uploads\/2016\/04\/logo-sommercable-1-150x150.jpg 150w\" sizes=\"(max-width: 250px) 100vw, 250px\" \/><\/a><br \/>\n[\/coluna]<\/p>\n<p>[column size=\"1-2\u2033 last=\"0\u2033]<br \/>\n<a href=\"https:\/\/konferenztechnik.de\/pt\/sonoro\/\"><img loading=\"lazy\" decoding=\"async\" width=\"250\" height=\"250\" src=\"https:\/\/konferenztechnik.de\/wp-content\/uploads\/2016\/04\/logo-sony.jpg\" alt=\"Log\u00f3tipo Sony\" class=\"alignnone size-full wp-image-6664\" title=\"\" srcset=\"https:\/\/konferenztechnik.de\/wp-content\/uploads\/2016\/04\/logo-sony.jpg 250w, https:\/\/konferenztechnik.de\/wp-content\/uploads\/2016\/04\/logo-sony-150x150.jpg 150w\" sizes=\"(max-width: 250px) 100vw, 250px\" \/><\/a><br \/>\n[\/coluna]<\/p>\n<p>[column size=\"1-2\u2033 last=\"0\u2033]<br \/>\n<a href=\"https:\/\/konferenztechnik.de\/pt\/tubo-de-som\/\"><img loading=\"lazy\" decoding=\"async\" width=\"250\" height=\"250\" src=\"https:\/\/konferenztechnik.de\/wp-content\/uploads\/2016\/04\/logo-soundtube.jpg\" alt=\"Log\u00f3tipo Soundtube\" class=\"alignnone size-full wp-image-6663\" title=\"\" srcset=\"https:\/\/konferenztechnik.de\/wp-content\/uploads\/2016\/04\/logo-soundtube.jpg 250w, https:\/\/konferenztechnik.de\/wp-content\/uploads\/2016\/04\/logo-soundtube-150x150.jpg 150w\" sizes=\"(max-width: 250px) 100vw, 250px\" \/><\/a><br \/>\n[\/coluna]<\/p>\n<p>[column size=\"1-2\u2033 last=\"0\u2033]<br \/>\n<a href=\"https:\/\/konferenztechnik.de\/pt\/symetrix\/\"><img loading=\"lazy\" decoding=\"async\" width=\"250\" height=\"250\" src=\"https:\/\/konferenztechnik.de\/wp-content\/uploads\/2016\/04\/logo-symetrix.jpg\" alt=\"Log\u00f3tipo Symetrix\" class=\"alignnone size-full wp-image-6662\" title=\"\" srcset=\"https:\/\/konferenztechnik.de\/wp-content\/uploads\/2016\/04\/logo-symetrix.jpg 250w, https:\/\/konferenztechnik.de\/wp-content\/uploads\/2016\/04\/logo-symetrix-150x150.jpg 150w\" sizes=\"(max-width: 250px) 100vw, 250px\" \/><\/a><br \/>\n[\/coluna]<\/p>\n<p>[column size=\"1-2\u2033 last=\"0\u2033]<br \/>\n<a href=\"https:\/\/konferenztechnik.de\/pt\/tannoy\/\"><img loading=\"lazy\" decoding=\"async\" width=\"250\" height=\"250\" src=\"https:\/\/konferenztechnik.de\/wp-content\/uploads\/2016\/04\/logo-tannoy.jpg\" alt=\"Log\u00f3tipo Tannoy\" class=\"alignnone size-full wp-image-6667\" title=\"\" srcset=\"https:\/\/konferenztechnik.de\/wp-content\/uploads\/2016\/04\/logo-tannoy.jpg 250w, https:\/\/konferenztechnik.de\/wp-content\/uploads\/2016\/04\/logo-tannoy-150x150.jpg 150w\" sizes=\"(max-width: 250px) 100vw, 250px\" \/><\/a><br \/>\n[\/coluna]<\/p>\n<p>[column size=\"1-2\u2033 last=\"0\u2033]<br \/>\n<a href=\"https:\/\/konferenztechnik.de\/pt\/televisivo\/\"><img loading=\"lazy\" decoding=\"async\" width=\"250\" height=\"250\" src=\"https:\/\/konferenztechnik.de\/wp-content\/uploads\/2016\/04\/logo-televic.jpg\" alt=\"Log\u00f3tipo Televic\" class=\"alignnone size-full wp-image-6670\" title=\"\" srcset=\"https:\/\/konferenztechnik.de\/wp-content\/uploads\/2016\/04\/logo-televic.jpg 250w, https:\/\/konferenztechnik.de\/wp-content\/uploads\/2016\/04\/logo-televic-150x150.jpg 150w\" sizes=\"(max-width: 250px) 100vw, 250px\" \/><\/a><br \/>\n[\/coluna]<\/p>\n<p>[column size=\"1-6\u2033 last=\"1\u2033]<br \/>\n<a href=\"https:\/\/konferenztechnik.de\/pt\/solucoes-trinity\/\"><img loading=\"lazy\" decoding=\"async\" width=\"250\" height=\"250\" src=\"https:\/\/konferenztechnik.de\/wp-content\/uploads\/2016\/04\/logo-trinity.jpg\" alt=\"Log\u00f3tipo Trinity\" class=\"alignnone size-full wp-image-6669\" title=\"\" srcset=\"https:\/\/konferenztechnik.de\/wp-content\/uploads\/2016\/04\/logo-trinity.jpg 250w, https:\/\/konferenztechnik.de\/wp-content\/uploads\/2016\/04\/logo-trinity-150x150.jpg 150w\" sizes=\"(max-width: 250px) 100vw, 250px\" \/><\/a><br \/>\n[\/coluna]<\/p>\n<p>[column size=\"1-2\u2033 last=\"0\u2033]<br \/>\n<a href=\"https:\/\/konferenztechnik.de\/pt\/viprinet\/\"><img loading=\"lazy\" decoding=\"async\" width=\"250\" height=\"250\" src=\"https:\/\/konferenztechnik.de\/wp-content\/uploads\/2016\/04\/logo-viprinet.jpg\" alt=\"Log\u00f3tipo Viprinet\" class=\"alignnone size-full wp-image-6668\" title=\"\" srcset=\"https:\/\/konferenztechnik.de\/wp-content\/uploads\/2016\/04\/logo-viprinet.jpg 250w, https:\/\/konferenztechnik.de\/wp-content\/uploads\/2016\/04\/logo-viprinet-150x150.jpg 150w\" sizes=\"(max-width: 250px) 100vw, 250px\" \/><\/a><br \/>\n[\/coluna]<\/p>\n<p>[column size=\"1-6\u2033 last=\"1\u2033]<br \/>\n<a href=\"https:\/\/konferenztechnik.de\/pt\/yamaha\/\"><img loading=\"lazy\" decoding=\"async\" width=\"250\" height=\"250\" src=\"https:\/\/konferenztechnik.de\/wp-content\/uploads\/2016\/04\/logo-yamaha.jpg\" alt=\"Log\u00f3tipo Yamaha\" class=\"alignnone size-full wp-image-6671\" title=\"\" srcset=\"https:\/\/konferenztechnik.de\/wp-content\/uploads\/2016\/04\/logo-yamaha.jpg 250w, https:\/\/konferenztechnik.de\/wp-content\/uploads\/2016\/04\/logo-yamaha-150x150.jpg 150w\" sizes=\"(max-width: 250px) 100vw, 250px\" \/><\/a><br \/>\n[\/coluna]<\/p>\n<\/div>\n<p>[spacer size=\"30\u2033]<\/p>\n<hr>\n<p>[spacer size=\"20\u2033]<\/p>\n<div class=\"box1-2-order\">\n<h1>Actualiza\u00e7\u00f5es de salas de confer\u00eancia PCS e pacotes de salas de confer\u00eancia<\/h1>\n<p>Oferecemos a realiza\u00e7\u00e3o descomplicada de salas de reuni\u00e3o modernas e de alta qualidade, incluindo a incorpora\u00e7\u00e3o de todos os softwares de videoconfer\u00eancia comuns. Tamb\u00e9m realizamos actualiza\u00e7\u00f5es para as suas salas existentes. Pode integrar facilmente a videoconfer\u00eancia e os participantes externos nas suas confer\u00eancias, reuni\u00f5es e eventos.<\/p>\n<\/div>\n<p>[column size=\"1-2\u2033 last=\"0\u2033]<br \/>\n<a href=\"https:\/\/konferenztechnik.de\/pt\/pacotes-de-salas-de-conferencia-pcs-para-salas-de-conferencia-hibridas\/\" class=\"pcs-color\"><\/p>\n<h3><strong>Pacotes de salas de confer\u00eancia<\/strong><\/h3>\n<p><img loading=\"lazy\" decoding=\"async\" src=\"https:\/\/konferenztechnik.de\/wp-content\/uploads\/2021\/06\/1-pcs-raumbundles-konferenzraum-bundles.jpg\" alt=\"\" width=\"1200\" height=\"451\" class=\"alignleft size-full wp-image-18001\" title=\"\" srcset=\"https:\/\/konferenztechnik.de\/wp-content\/uploads\/2021\/06\/1-pcs-raumbundles-konferenzraum-bundles.jpg 1200w, https:\/\/konferenztechnik.de\/wp-content\/uploads\/2021\/06\/1-pcs-raumbundles-konferenzraum-bundles-300x113.jpg 300w, https:\/\/konferenztechnik.de\/wp-content\/uploads\/2021\/06\/1-pcs-raumbundles-konferenzraum-bundles-1024x385.jpg 1024w, https:\/\/konferenztechnik.de\/wp-content\/uploads\/2021\/06\/1-pcs-raumbundles-konferenzraum-bundles-768x289.jpg 768w\" sizes=\"(max-width: 1200px) 100vw, 1200px\" \/><\/p>\n<p>Realiza\u00e7\u00e3o descomplicada de reuni\u00f5es modernas e de alta qualidade, incluindo a incorpora\u00e7\u00e3o de todo o software comum de videoconfer\u00eancia. Pacotes a partir de 5.000 euros.<\/p>\n<p><\/a><br \/>\n[button link=\"https:\/\/www.konferenztechnik.de\/pcs-konferenzraum-bundles-fuer-hybride-konferenzraeume\/\" target=\"self\" colour=\"#a62055\u2033 text=\"light\"]Saiba mais[\/button]<br \/>\n[\/coluna]<br \/>\n[column size=\"1-2\u2033 last=\"1\u2033]<br \/>\n<a href=\"https:\/\/konferenztechnik.de\/pt\/a-atualizacao-da-sala-de-conferencias-cria-as-condicoes-ideais-para-as-videoconferencias\/\" class=\"pcs-color\"><\/p>\n<h3><strong>Atualiza\u00e7\u00e3o das salas de confer\u00eancia<\/strong><\/h3>\n<p><img loading=\"lazy\" decoding=\"async\" width=\"1200\" height=\"451\" src=\"https:\/\/konferenztechnik.de\/wp-content\/uploads\/2021\/06\/konferenzraum-upgrades-videokonferenz-technik-upgrade.jpg\" alt=\"atualiza\u00e7\u00e3o da tecnologia de videoconfer\u00eancia para salas de confer\u00eancia\" class=\"alignleft size-full wp-image-18072\" title=\"\" srcset=\"https:\/\/konferenztechnik.de\/wp-content\/uploads\/2021\/06\/konferenzraum-upgrades-videokonferenz-technik-upgrade.jpg 1200w, https:\/\/konferenztechnik.de\/wp-content\/uploads\/2021\/06\/konferenzraum-upgrades-videokonferenz-technik-upgrade-300x113.jpg 300w, https:\/\/konferenztechnik.de\/wp-content\/uploads\/2021\/06\/konferenzraum-upgrades-videokonferenz-technik-upgrade-1024x385.jpg 1024w, https:\/\/konferenztechnik.de\/wp-content\/uploads\/2021\/06\/konferenzraum-upgrades-videokonferenz-technik-upgrade-768x289.jpg 768w\" sizes=\"(max-width: 1200px) 100vw, 1200px\" \/><\/p>\n<p>Actualiza\u00e7\u00f5es para as suas instala\u00e7\u00f5es existentes. Integrar melhor a videoconfer\u00eancia. Minimizar a separa\u00e7\u00e3o entre \"no local\" e \"a partir de casa\".<\/p>\n<p>[button link=\"https:\/\/www.konferenztechnik.de\/konferenzraum-upgrade-ideale-bedingungen-fuer-videokonferenzen-schaffen\/\" target=\"self\" colour=\"#a62055\u2033 text=\"light\"]Saiba mais[\/button]<br \/>\n[\/coluna]<\/p>\n<p>[spacer size=\"30\u2033]<\/p>\n<hr id=\"kontakt\">\n<p>[spacer size=\"30\u2033]<\/p>\n<div class=\"box1-4 medium-size-txt\" style=\"margin-bottom: 0!important\">\n<h2><b><span class=\"pcs-color medium-size-txt\">A sua equipa de assist\u00eancia<\/span><\/b><\/h2>\n<p>[spacer size=\"5\u2033]<br \/>\n[column size=\"1-2\u2033 last=\"0\u2033]<\/p>\n<p>O nosso departamento especializado ter\u00e1 todo o prazer em responder \u00e0s suas perguntas, aconselh\u00e1-lo sobre os produtos, preparar um or\u00e7amento personalizado ou um conceito de quarto individual.<\/p>\n<p><img loading=\"lazy\" decoding=\"async\" src=\"https:\/\/konferenztechnik.de\/wp-content\/uploads\/2021\/06\/enricohucke-pcsgmbh.jpg\" alt=\"Enrico Hucke - Equipa de vendas PCS GmbH\" width=\"150\" height=\"150\" class=\"alignleft size-full wp-image-17496\" title=\"\"><br \/>\n<img loading=\"lazy\" decoding=\"async\" width=\"150\" height=\"150\" src=\"https:\/\/konferenztechnik.de\/wp-content\/uploads\/2021\/06\/roland-baur-pcs-gmbh.jpeg\" alt=\"Roland Baur - Equipa de vendas PCS GmbH\" class=\"alignleft size-full wp-image-18053\" title=\"\"><br \/>\n<img loading=\"lazy\" decoding=\"async\" src=\"https:\/\/konferenztechnik.de\/wp-content\/uploads\/2021\/06\/jeremias-daniel-pcs-gmbh-2-1.jpg\" alt=\"Jeremias Daniel - Equipa de vendas PCS GmbH\" width=\"150\" height=\"150\" class=\"alignleft size-full wp-image-17836\" title=\"\"><br \/>\n[spacer size=\"5\u2033]<br \/>\n<span class=\"medium-size-txt\"><br \/>\nBasta telefonar-nos!<br \/>\n<a href=\"tel:+49 21173779820\"><b>+49 211 737798 20<\/b><\/a><\/p>\n<p>Envie-nos uma mensagem de correio eletr\u00f3nico para:<br \/>\n<span class=\"volleansicht\"><a href=\"mailto:vertrieb@konferenztechnik.de\" onclick=\"ga('send', 'event', 'Email-Klick', 'Kontakt Vertrieb');\">vertrieb@konferenztechnik.de<\/a><br \/>\n<\/span><br \/>\n<span class=\"mobileansicht\"><a href=\"mailto:vertrieb@konferenztechnik.de\" onclick=\"ga('send', 'event', 'Email-Klick', 'Kontakt Vertrieb');\">escrever<\/a><br \/>\n<\/span><\/p>\n<p>Converse connosco ou utilize o nosso servi\u00e7o de chamada de retorno<br \/>\n<\/span><br \/>\n[\/coluna]<br \/>\n[column size=\"1-2\u2033 last=\"1\u2033]<\/p>\n<h2>Organizar uma chamada de retorno<\/h2>\n<p>[Contact-form-7 id=\"17990\u2033 title=\"Contact room bundles\/upgrades\"]<br \/>\n[\/coluna]<\/p>\n<\/div>\n<p>[spacer size=\"20\u2033]<\/p>\n<hr>\n<p><span><\/span><\/div>\n<p>[spacer size=\"20\u2033]<\/p>\n<div class=\"leistungen-menu\">\n[column size=\"1-2\u2033 last=\"0\u2033]<\/p>\n<h3>Aluguer de equipamento de interpreta\u00e7\u00e3o<\/h3>\n<p>[menu theme_location='dolmetschertechnik-mieten-stuttgart']<br \/>\n[\/coluna]<\/p>\n<p>[column size=\"1-2\u2033 last=\"0\u2033]<\/p>\n<h3>Comprar equipamento de interpreta\u00e7\u00e3o<\/h3>\n<p>[menu theme_location='dolmetschertechnik-mieten-stuttgart-2\u2032]<br \/>\n[\/coluna]<\/p>\n<p>[column size=\"1-2\u2033 last=\"0\u2033]<\/p>\n<h3>Instala\u00e7\u00e3o e integra\u00e7\u00e3o<\/h3>\n<p>[menu theme_location='dolmetschertechnik-mieten-stuttgart-4\u2032]<br \/>\n[\/coluna]<\/p>\n<p>[column size=\"1-4\u2033 last=\"1\u2033]<\/p>\n<h3 >Tecnologia de confer\u00eancia PCS<\/h3>\n<p>[menu theme_location='dolmetschertechnik-mieten-stuttgart-3\u2032]<br \/>\n[\/coluna]<\/p>\n<\/div>","protected":false},"excerpt":{"rendered":"<p>[column size=&#8220;3-4&#8243; last=&#8220;0&#8243;] Konferenztechnik kaufen &#8211; Vertrieb von Konferenz- und AV-Medientechnik [rev_slider alias=&#8220;vertrieb&#8220;] [spacer size=&#8220;10&#8243;] PCS vertreibt f\u00fcr die gewerbliche Nutzung professionelle Technik zu tagesaktuellen Konditionen, inklusive Beratung und After-Sales-Service. Wir beraten herstellerunabh\u00e4ngig und stellen Ihnen gerne ein genau auf Ihre Bed\u00fcrfnisse zugeschnittenes System zusammen. Sie suchen Konferenz- und Mediensysteme oder ben\u00f6tigen Audio- oder Videotechnik? [&hellip;]<\/p>","protected":false},"author":1,"featured_media":45482,"parent":0,"menu_order":0,"comment_status":"closed","ping_status":"closed","template":"","meta":{"_acf_changed":false,"footnotes":""},"class_list":["post-9847","page","type-page","status-publish","has-post-thumbnail","hentry"],"acf":[],"_links":{"self":[{"href":"https:\/\/konferenztechnik.de\/pt\/wp-json\/wp\/v2\/pages\/9847","targetHints":{"allow":["GET"]}}],"collection":[{"href":"https:\/\/konferenztechnik.de\/pt\/wp-json\/wp\/v2\/pages"}],"about":[{"href":"https:\/\/konferenztechnik.de\/pt\/wp-json\/wp\/v2\/types\/page"}],"author":[{"embeddable":true,"href":"https:\/\/konferenztechnik.de\/pt\/wp-json\/wp\/v2\/users\/1"}],"replies":[{"embeddable":true,"href":"https:\/\/konferenztechnik.de\/pt\/wp-json\/wp\/v2\/comments?post=9847"}],"version-history":[{"count":0,"href":"https:\/\/konferenztechnik.de\/pt\/wp-json\/wp\/v2\/pages\/9847\/revisions"}],"wp:featuredmedia":[{"embeddable":true,"href":"https:\/\/konferenztechnik.de\/pt\/wp-json\/wp\/v2\/media\/45482"}],"wp:attachment":[{"href":"https:\/\/konferenztechnik.de\/pt\/wp-json\/wp\/v2\/media?parent=9847"}],"curies":[{"name":"wp","href":"https:\/\/api.w.org\/{rel}","templated":true}]}}