{"id":1862,"date":"2013-09-06T10:18:15","date_gmt":"2013-09-06T08:18:15","guid":{"rendered":"https:\/\/konferenztechnik.de\/?page_id=1862"},"modified":"2013-09-06T10:18:15","modified_gmt":"2013-09-06T08:18:15","slug":"%d1%81%d0%b8%d1%81%d1%82%d0%b5%d0%bc%d1%8b-%d0%bd%d0%b0%d0%b2%d0%b5%d0%b4%d0%b5%d0%bd%d0%b8%d1%8f-beyerdynamic","status":"publish","type":"page","link":"https:\/\/konferenztechnik.de\/ru\/%d1%80%d0%b0%d1%81%d0%bf%d1%80%d0%be%d1%81%d1%82%d1%80%d0%b0%d0%bd%d0%b5%d0%bd%d0%b8%d0%b5-%d1%82%d0%b5%d1%85%d0%bd%d0%be%d0%bb%d0%be%d0%b3%d0%b8%d0%b9-%d0%b4%d0%bb%d1%8f-%d0%ba%d0%be%d0%bd%d1%84\/%d1%81%d0%b8%d1%81%d1%82%d0%b5%d0%bc%d1%8b-%d0%bd%d0%b0%d0%b2%d0%b5%d0%b4%d0%b5%d0%bd%d0%b8%d1%8f-beyerdynamic\/","title":{"rendered":"\u0421\u0438\u0441\u0442\u0435\u043c\u044b \u043d\u0430\u0432\u0435\u0434\u0435\u043d\u0438\u044f Beyerdynamic"},"content":{"rendered":"<h1>F\u00fchrungsanlagen und Tourguide Systeme der Firma Beyerdynamic<\/h1>\n<p>In heutiger Zeit wird effektives Kommunizieren immer wichtiger. Eine zuverl\u00e4ssige Technik bildet dabei die Basis f\u00fcr alle Audioanwendungen in Politik, Industrie und \u00f6ffentlichen Einrichtungen. Mit dem drahtlosen Dolmetscher- und F\u00fchrungssystem Synexis von Beyerdynamic steht Ihnen selbst f\u00fcr h\u00f6chste Anspr\u00fcche eine vielseitig einsetzbare und kosteng\u00fcnstige L\u00f6sung zur Verf\u00fcgung. Bis zu 18 Audiosignale k\u00f6nnen gleichzeitig \u00fcbertragen werden, egal ob es sich dabei um Dolmetschereins\u00e4tze bei mehrsprachigen Konferenzen oder um F\u00fchrungen durch Fabrikhallen, Museen oder im Freien handelt. Synexis erm\u00f6glicht \u00fcberall eine klare Pr\u00e4sentation, die von jedem verstanden wird.<\/p>\n<h2>Anwendungsbeispiele:<\/h2>\n<ul>\n<li>Betriebsf\u00fchrungen auch bei hohen L\u00e4rmpegeln<\/li>\n<li>Maschinen und Produktpr\u00e4sentationen<\/li>\n<li>Sicherheitstraining (Auto, Fahrrad, Inline-Skating etc.)<\/li>\n<li>F\u00fchrungen in Museen, Schl\u00f6ssern, Galerien, Ausstellungen und Messen<\/li>\n<li>Simultan\u00fcbersetzte Schulungen, Konferenzen und Tagungen z.B. in Verbindung mit der Simultan-Dolmetscheranlage SIS<\/li>\n<\/ul>\n<p>[spacer size=&#8220;20&#8243;]<\/p>\n<p>[tabs style=&#8220;1&#8243;]<br \/>\n[tab title=&#8220;Artikel&#8220;]<\/p>\n<h2>Funk-Taschenempf\u00e4nger &#8211; Synexis RP8<\/h2>\n<p>[column size=&#8220;2-5&#8243; last=&#8220;0&#8243;]<\/p>\n<p><a href=\"https:\/\/konferenztechnik.de\/wp-content\/uploads\/2013\/09\/Empfaenger_Beyerdynamic_Synexis_rp8.jpg\"><img fetchpriority=\"high\" decoding=\"async\" width=\"530\" height=\"491\" src=\"https:\/\/konferenztechnik.de\/wp-content\/uploads\/2013\/09\/Empfaenger_Beyerdynamic_Synexis_rp8.jpg\" alt=\"Empfaenger Beyerdynamic Synexis RP8\" class=\"alignnone size-full wp-image-1874\" title=\"\" srcset=\"https:\/\/konferenztechnik.de\/wp-content\/uploads\/2013\/09\/Empfaenger_Beyerdynamic_Synexis_rp8.jpg 530w, https:\/\/konferenztechnik.de\/wp-content\/uploads\/2013\/09\/Empfaenger_Beyerdynamic_Synexis_rp8-300x278.jpg 300w\" sizes=\"(max-width: 530px) 100vw, 530px\" \/><\/a><\/p>\n<p>[\/column]<br \/>\n[column size=&#8220;3-5&#8243; last=&#8220;1&#8243;]<\/p>\n<p>Der RP8 Taschenempf\u00e4nger findet seinen Einsatz als Personenf\u00fchrungsanlage oder bei Konferenzen mit mehrsprachiger Simultan\u00fcbersetzung. Am Miniklinkenanschluss kann ein Kopfh\u00f6rer oder eine Induktionsschlinge f\u00fcr Personen mit H\u00f6rger\u00e4t angeschlossen werden, sodass sich das Ger\u00e4t auch zur Unterst\u00fctzung der Barrierefreiheit einsetzen l\u00e4sst.<\/p>\n<p>[\/column]<br \/>\n[\/tab]<br \/>\n[tab title=&#8220;Technische Details&#8220;]<\/p>\n<h2>Funk-Taschenempf\u00e4nger &#8211; Synexis RP8<\/h2>\n<p>\u00dcber ein OLED-Display lassen sich Anzeige von Kanal, Batteriestatus und Frequenz ablesen. Der Empf\u00e4nger kann wahlweise mit dem abnehmbaren G\u00fcrtelclip oder einer Umh\u00e4ngekordel getragen werden. Die Stromversorgung des RP8 findet \u00fcber zwei NiMH-Akkus oder handels\u00fcbliche 1,5 V AA-Batterien statt. Die Akkus m\u00fcssen zum Laden nicht aus dem Ger\u00e4t genommen werden und werden durch intelligente Ladetechnik vor \u00dcberladung gesch\u00fctzt. Die Ladeelektronik erkennt auch, ob Akkus oder Batterien eingelegt sind, sodass eine Fehlbedienung ausgeschlossen werden kann.<\/p>\n<ul>\n<li>18 einstellbare Frequenzen mit Kanalw\u00e4hler<\/li>\n<li>LED f\u00fcr Betriebsanzeige und Ladestatus<\/li>\n<li>OLED-Display zur Anzeige des Kanals, Batteriestatus, Frequenz und Kanalwahlsperrfunktion<\/li>\n<li>Klinkenanschluss (3,5 mm) f\u00fcr Kopfh\u00f6rer oder H\u00f6rhilfen (z.B. Induktionsschlinge)<\/li>\n<li>Betrieb mit zwei AA NiMH-Akkus oder 1,5 V AA-Batterien<\/li>\n<li>Intelligente Ladetechnik mit Auto-Off-Funktion<\/li>\n<li>Tragbar mit Umh\u00e4ngekordel oder am G\u00fcrtelclip<\/li>\n<\/ul>\n<p>[\/tab]<br \/>\n[\/tabs]<\/p>\n<p>[spacer size=&#8220;20&#8243;]<\/p>\n<p>[tabs style=&#8220;1&#8243;]<br \/>\n[tab title=&#8220;Artikel&#8220;]<\/p>\n<h2>Handsender &#8211; Synexis TH8<\/h2>\n<p>[column size=&#8220;2-5&#8243; last=&#8220;0&#8243;]<\/p>\n<p><a href=\"https:\/\/konferenztechnik.de\/wp-content\/uploads\/2013\/09\/Handsender_Beyerdynamic_Synexis_th8.jpg\"><img decoding=\"async\" width=\"600\" height=\"233\" src=\"https:\/\/konferenztechnik.de\/wp-content\/uploads\/2013\/09\/Handsender_Beyerdynamic_Synexis_th8.jpg\" alt=\"Handsender Beyerdynamic Synexis TH8\" class=\"alignnone size-full wp-image-1880\" title=\"\" srcset=\"https:\/\/konferenztechnik.de\/wp-content\/uploads\/2013\/09\/Handsender_Beyerdynamic_Synexis_th8.jpg 600w, https:\/\/konferenztechnik.de\/wp-content\/uploads\/2013\/09\/Handsender_Beyerdynamic_Synexis_th8-300x117.jpg 300w\" sizes=\"(max-width: 600px) 100vw, 600px\" \/><\/a><\/p>\n<p>[\/column]<br \/>\n[column size=&#8220;3-5&#8243; last=&#8220;1&#8243;]<\/p>\n<p>Der TH8 ist Mikrofon und Funksender in einem. Es eignet sich in Zusammenarbeit mit dem RP8 Funkempf\u00e4nger zum Einsatz als Personenf\u00fchrungsanlage, als Fl\u00fcsterdolmetschanlage in kleinen Runden oder als H\u00f6rverst\u00e4rkung in Runden mit Teilnehmern mit eingeschr\u00e4nktem H\u00f6rverm\u00f6gen.<\/p>\n<p>[\/column]<br \/>\n[\/tab]<br \/>\n[tab title=&#8220;Technische Details&#8220;]<\/p>\n<h2>Handsender &#8211; Synexis TH8<\/h2>\n<p>Der Sender sendet bei Blickkontakt \u00fcber eine Reichweite von bis zu 100 m. Die Nierencharakteristik blendet wirksam Nebenger\u00e4usche aus. \u00dcber ein OLED-Display lassen sich Anzeige von Kanal, Batteriestatus und Frequenz anzeigen. Betrieben wird das Mikrofon mit zwei AA NiMH-Akkus oder herk\u00f6mmlichen 1,5V AA Batterien. Der Sender kann mit einer optional erh\u00e4ltlichen Umh\u00e4ngevorrichtung um den Hals getragen werden.<\/p>\n<ul>\n<li>18 Frequenzen<\/li>\n<li>Ger\u00e4uschkompensiertes Mikrofon mit r\u00fcckkopplungsarmer Nierencharakteristik<\/li>\n<li>OLED-Display zur Anzeige des Kanals, Batteriestatus und Frequenz<\/li>\n<li>Programmierbarer Bedientaster f\u00fcr Mute-Funktion (Stummschaltung)<\/li>\n<li>Einstellbare Empfindlichkeit \u00fcber 2-stufigen Schalter (Hi\/Low)<\/li>\n<li>Integrierte Antenne<\/li>\n<li>Betrieb mit zwei AA NiMH-Akkus oder 1,5 V AA-Batterien<\/li>\n<\/ul>\n<p>[\/tab]<br \/>\n[\/tabs]<\/p>\n<p>[spacer size=&#8220;20&#8243;]<\/p>\n<p>[tabs style=&#8220;1&#8243;]<br \/>\n[tab title=&#8220;Artikel&#8220;]<\/p>\n<h2>Taschensender &#8211; Synexis TP8<\/h2>\n<p>[column size=&#8220;2-5&#8243; last=&#8220;0&#8243;]<\/p>\n<p><a href=\"https:\/\/konferenztechnik.de\/wp-content\/uploads\/2013\/09\/Taschensender_Beyerdynamic_Synexis_tp8.jpg\"><img decoding=\"async\" width=\"245\" height=\"423\" src=\"https:\/\/konferenztechnik.de\/wp-content\/uploads\/2013\/09\/Taschensender_Beyerdynamic_Synexis_tp8.jpg\" alt=\"Taschensender Beyerdynamic Synexis TP8\" class=\"alignnone size-full wp-image-1890\" title=\"\" srcset=\"https:\/\/konferenztechnik.de\/wp-content\/uploads\/2013\/09\/Taschensender_Beyerdynamic_Synexis_tp8.jpg 245w, https:\/\/konferenztechnik.de\/wp-content\/uploads\/2013\/09\/Taschensender_Beyerdynamic_Synexis_tp8-174x300.jpg 174w\" sizes=\"(max-width: 245px) 100vw, 245px\" \/><\/a><\/p>\n<p>[\/column]<br \/>\n[column size=&#8220;3-5&#8243; last=&#8220;1&#8243;]<\/p>\n<p>Der Taschensender Synexis TP8 wird zusammen mit dem Taschenempf\u00e4nger Synexis RP8 f\u00fcr Personenf\u00fchrungen, Konferenzen oder zur H\u00f6rverst\u00e4rkung eingesetzt. An den 4 poligen Mini-XLR-Anschluss kann ein Ansteck- oder Nackenb\u00fcgel-Mikrofon angeschlossen werden.<\/p>\n<p>[\/column]<br \/>\n[\/tab]<br \/>\n[tab title=&#8220;Technische Details&#8220;]<\/p>\n<h2>Taschensender &#8211; Synexis TP8 <\/h2>\n<p>\u00dcber einen 3 stufigen Schalter kann die Empfindlichkeit des Mikrofons f\u00fcr Nah- oder Fernbesprechung eingestellt werden. An den Aux-In-Anschluss kann auch eine externe Audioquelle angeschlossen werden, um Musik oder Sprachaufnahmen einzuspielen. \u00dcber das OLED-Display k\u00f6nnen Kanal, Batteriestatus, Frequenz abgelesen werden. Gespeist wird der Sender \u00fcber zwei NiMH-Akkus oder handels\u00fcbliche 1,5 V AA-Batterien.<\/p>\n<ul>\n<li>18 Frequenzen<\/li>\n<li>OLED-Display zur Anzeige des Kanals, Batteriestatus, und der Frequenz<\/li>\n<li>Mute-Funktion Mikrofon (Stummschaltung)<\/li>\n<li>Aux-In-Anschluss f\u00fcr eine Audiosignalquelle wie z.B. MP3 Player<\/li>\n<li>Anschluss f\u00fcr Mikrofon, 4-pol. Mini-XLR mit einstellbarer Empfindlichkeit<\/li>\n<li>Betrieb mit zwei AA NiMH-Akkus oder 1,5 V AA-Batterien<\/li>\n<li>Intelligente Ladetechnik mit Auto-Off-Funktion<\/li>\n<li>Abnehmbarer G\u00fcrtelclip zum Befestigen an der Kleidung<\/li>\n<li>Tragbar um den Hals mit Umh\u00e4ngekordel<\/li>\n<\/ul>\n<p>[\/tab]<br \/>\n[\/tabs]<\/p>\n<p>[spacer size=&#8220;20&#8243;]<\/p>\n<p>[tabs style=&#8220;1&#8243;]<br \/>\n[tab title=&#8220;Artikel&#8220;]<\/p>\n<h2> Lade- und Transportkoffer &#8211; Synexis C20<\/h2>\n<p>[column size=&#8220;2-5&#8243; last=&#8220;0&#8243;]<\/p>\n<p><a href=\"https:\/\/konferenztechnik.de\/wp-content\/uploads\/2013\/09\/Ladekoffer_Beyerdynamic_Synexis_c20.jpg\"><img loading=\"lazy\" decoding=\"async\" width=\"600\" height=\"506\" src=\"https:\/\/konferenztechnik.de\/wp-content\/uploads\/2013\/09\/Ladekoffer_Beyerdynamic_Synexis_c20.jpg\" alt=\"Ladekoffer Beyerdynamic Synexis C20\" class=\"alignnone size-full wp-image-1893\" title=\"\" srcset=\"https:\/\/konferenztechnik.de\/wp-content\/uploads\/2013\/09\/Ladekoffer_Beyerdynamic_Synexis_c20.jpg 600w, https:\/\/konferenztechnik.de\/wp-content\/uploads\/2013\/09\/Ladekoffer_Beyerdynamic_Synexis_c20-300x253.jpg 300w\" sizes=\"(max-width: 600px) 100vw, 600px\" \/><\/a><\/p>\n<p>[\/column]<br \/>\n[column size=&#8220;3-5&#8243; last=&#8220;1&#8243;]<\/p>\n<p>Mit dem Ladeger\u00e4t Synexis C8 lassen sich bis zu acht Synexis Taschensender oder Taschenempf\u00e4nger sowie ein Handsender laden.<\/p>\n<p>[\/column]<br \/>\n[\/tab]<br \/>\n[tab title=&#8220;Technische Details&#8220;]<\/p>\n<p>Mit dem Ladeger\u00e4t Synexis C20 lassen sich bis zu 20 Taschensender oder Taschenempf\u00e4nger sowie ein Handsender laden. F\u00fcr den Transport ist das Ladeger\u00e4t in einen Trolley mit Griff eingebaut.<\/p>\n<p>Der Koffer dient auch als Aufbewahrungsort f\u00fcr das gesamte Synexis-System. Im Deckel des Koffers befindet sich ein Fach, in dem Kopfh\u00f6rer, Mikrofone oder anderes Zubeh\u00f6r verstaut werden k\u00f6nnen.<\/p>\n<ul>\n<li>Ladeger\u00e4t und Transportkoffer in einem<\/li>\n<li>Rollfunktion sowie Tragegriff<\/li>\n<li>Zwanzig Ladepl\u00e4tze f\u00fcr Taschenempf\u00e4nger\/-sender<\/li>\n<li>Ein Ladeplatz f\u00fcr Handsender<\/li>\n<li>Zubeh\u00f6rfach<\/li>\n<\/ul>\n<p>[\/tab]<br \/>\n[\/tabs]<\/p>\n<p>[spacer size=&#8220;20&#8243;]<\/p>\n<p>[tabs style=&#8220;1&#8243;]<br \/>\n[tab title=&#8220;Artikel&#8220;]<\/p>\n<h2>Ladeger\u00e4t \u2013 Synexis C8<\/h2>\n<p>[column size=&#8220;2-5&#8243; last=&#8220;0&#8243;]<\/p>\n<p><a href=\"https:\/\/konferenztechnik.de\/wp-content\/uploads\/2013\/09\/Ladegeraet_Beyerdynamic_Synexis_c8.jpg\"><img loading=\"lazy\" decoding=\"async\" width=\"600\" height=\"233\" src=\"https:\/\/konferenztechnik.de\/wp-content\/uploads\/2013\/09\/Ladegeraet_Beyerdynamic_Synexis_c8.jpg\" alt=\"Ladegeraet Beyerdynamic Synexis C8\" class=\"alignnone size-full wp-image-1891\" title=\"\" srcset=\"https:\/\/konferenztechnik.de\/wp-content\/uploads\/2013\/09\/Ladegeraet_Beyerdynamic_Synexis_c8.jpg 600w, https:\/\/konferenztechnik.de\/wp-content\/uploads\/2013\/09\/Ladegeraet_Beyerdynamic_Synexis_c8-300x117.jpg 300w\" sizes=\"(max-width: 600px) 100vw, 600px\" \/><\/a><\/p>\n<p>[\/column]<br \/>\n[column size=&#8220;3-5&#8243; last=&#8220;1&#8243;]<\/p>\n<p>Mit dem Ladeger\u00e4t Synexis C8 lassen sich bis zu acht Synexis Taschensender oder Taschenempf\u00e4nger sowie ein Handsender laden.<\/p>\n<p>[\/column]<br \/>\n[\/tab]<br \/>\n[tab title=&#8220;Technische Details&#8220;]<\/p>\n<h2>Ladeger\u00e4t \u2013 Synexis C8<\/h2>\n<ul>\n<li>Acht Ladepl\u00e4tze f\u00fcr Taschenempf\u00e4nger\/-sender<\/li>\n<li>Ein Ladeplatz f\u00fcr Handsender<\/li>\n<li>Netzanschluss, kaskadierbar<\/li>\n<li>LED f\u00fcr Betriebsanzeige<\/li>\n<li>Stabiles Metallgeh\u00e4use, 19&quot;, 3 HE<\/li>\n<\/ul>\n<p>Das Ladeger\u00e4t ist auch in der Version C10 mit Ladepl\u00e4tzen f\u00fcr 10 Taschenempf\u00e4nger\/-sender, ohne Handsenderladeplatz erh\u00e4ltlich.<\/p>\n<p>[\/tab]<br \/>\n[\/tabs]<\/p>\n<p>[spacer size=&#8220;20&#8243;]<\/p>\n<p>[tabs style=&#8220;1&#8243;]<br \/>\n[tab title=&#8220;Artikel&#8220;]<\/p>\n<h2>Einohrh\u00f6rer &#8211; DT 1S<\/h2>\n<p>[column size=&#8220;2-5&#8243; last=&#8220;0&#8243;]<\/p>\n<p><a href=\"https:\/\/konferenztechnik.de\/wp-content\/uploads\/2013\/09\/Einohrhoerer_Beyerdynamic_dt1s.jpg\"><img loading=\"lazy\" decoding=\"async\" width=\"298\" height=\"449\" src=\"https:\/\/konferenztechnik.de\/wp-content\/uploads\/2013\/09\/Einohrhoerer_Beyerdynamic_dt1s.jpg\" alt=\"Einohrhoerer Beyerdynamic DT1S\" class=\"alignnone size-full wp-image-1892\" title=\"\" srcset=\"https:\/\/konferenztechnik.de\/wp-content\/uploads\/2013\/09\/Einohrhoerer_Beyerdynamic_dt1s.jpg 298w, https:\/\/konferenztechnik.de\/wp-content\/uploads\/2013\/09\/Einohrhoerer_Beyerdynamic_dt1s-199x300.jpg 199w\" sizes=\"(max-width: 298px) 100vw, 298px\" \/><\/a><\/p>\n<p>[\/column]<br \/>\n[column size=&#8220;3-5&#8243; last=&#8220;1&#8243;]<\/p>\n<p>Die Ohrh\u00f6rer lassen sich f\u00fcr Personenf\u00fchrungsanlagen oder f\u00fcr fest installierte Konferenzsysteme einsetzen.<\/p>\n<p>[\/column]<br \/>\n[\/tab]<br \/>\n[tab title=&#8220;Technische Details&#8220;]<\/p>\n<h2>Einohrh\u00f6rer &#8211; DT 1S<\/h2>\n<p>Die Einohrh\u00f6rer gibt es in der Variante mit 0,8 oder 1,6 m Kabell\u00e4nge mit Mono-Klinkenanschluss. Die leichte Bauweise sorgt f\u00fcr hohen Tragekomfort. Die Ohrh\u00f6rer k\u00f6nnen au\u00dferdem leicht gereinigt werden.<\/p>\n<ul>\n<li>Robuste Bauweise<\/li>\n<li>Leichte Reinigung<\/li>\n<\/ul>\n<p>[\/tab]<br \/>\n[\/tabs]<\/p>\n<p>[spacer size=&#8220;20&#8243;]<\/p>\n<p>[tabs style=&#8220;1&#8243;]<br \/>\n[tab title=&#8220;Artikel&#8220;]<\/p>\n<h2>Nackenb\u00fcgelkopfh\u00f6rer &#8211; DT3<\/h2>\n<p>[column size=&#8220;2-5&#8243; last=&#8220;0&#8243;]<\/p>\n<p><a href=\"https:\/\/konferenztechnik.de\/wp-content\/uploads\/2013\/09\/Nackenbuegelkopfhoerer_Beyerdynamic_DT3.jpg\"><img loading=\"lazy\" decoding=\"async\" width=\"332\" height=\"230\" src=\"https:\/\/konferenztechnik.de\/wp-content\/uploads\/2013\/09\/Nackenbuegelkopfhoerer_Beyerdynamic_DT3.jpg\" alt=\"Nackenbuegelkopfhoerer Beyerdynamic DT3\" class=\"alignnone size-full wp-image-1894\" title=\"\" srcset=\"https:\/\/konferenztechnik.de\/wp-content\/uploads\/2013\/09\/Nackenbuegelkopfhoerer_Beyerdynamic_DT3.jpg 332w, https:\/\/konferenztechnik.de\/wp-content\/uploads\/2013\/09\/Nackenbuegelkopfhoerer_Beyerdynamic_DT3-300x208.jpg 300w\" sizes=\"(max-width: 332px) 100vw, 332px\" \/><\/a><\/p>\n<p>[\/column]<br \/>\n[column size=&#8220;3-5&#8243; last=&#8220;1&#8243;]<\/p>\n<p>Stereo-Nackenb\u00fcgelkopfh\u00f6rer f\u00fcr den Einsatz mit F\u00fchrungsanlagen oder Konferenz- und Dolmetschsystemen.<\/p>\n<p>[\/column]<br \/>\n[\/tab]<br \/>\n[tab title=&#8220;Technische Details&#8220;]<\/p>\n<h2>Nackenb\u00fcgelkopfh\u00f6rer &#8211; DT3<\/h2>\n<p>Durch den Nackenb\u00fcgel besteht ein hoher Tragekomfort. Die Kopfh\u00f6rer sind robust und nach der Konferenz leicht zu reinigen.<\/p>\n<ul>\n<li>Robuste Bauweise<\/li>\n<li>Leichte Reinigung<\/li>\n<li>Ergonomische Form<\/li>\n<\/ul>\n<p>[\/tab]<br \/>\n[\/tabs]<\/p>\n<p>[spacer size=&#8220;20&#8243;]<\/p>\n<p>[tabs style=&#8220;1&#8243;]<br \/>\n[tab title=&#8220;Artikel&#8220;]<\/p>\n<h2>Induktionsschleife \u2013 Synexis IL100<\/h2>\n<p>[column size=&#8220;2-5&#8243; last=&#8220;0&#8243;]<\/p>\n<p><a href=\"https:\/\/konferenztechnik.de\/wp-content\/uploads\/2013\/09\/Induktionsschleife_Beyerdynamic_Synexis_il80.jpg\"><img loading=\"lazy\" decoding=\"async\" width=\"207\" height=\"380\" src=\"https:\/\/konferenztechnik.de\/wp-content\/uploads\/2013\/09\/Induktionsschleife_Beyerdynamic_Synexis_il80.jpg\" alt=\"Induktionsschleife Beyerdynamic Synexis IL80\" class=\"alignnone size-full wp-image-1895\" title=\"\" srcset=\"https:\/\/konferenztechnik.de\/wp-content\/uploads\/2013\/09\/Induktionsschleife_Beyerdynamic_Synexis_il80.jpg 207w, https:\/\/konferenztechnik.de\/wp-content\/uploads\/2013\/09\/Induktionsschleife_Beyerdynamic_Synexis_il80-163x300.jpg 163w\" sizes=\"(max-width: 207px) 100vw, 207px\" \/><\/a><\/p>\n<p>[\/column]<br \/>\n[column size=&#8220;3-5&#8243; last=&#8220;1&#8243;]<\/p>\n<p>Die Induktionsschleife ist f\u00fcr den Einsatz mit dem Synexis Taschenempf\u00e4nger f\u00fcr H\u00f6rgesch\u00e4digte vorgesehen. Sie wird anstatt eines Kopfh\u00f6rers mit dem Empf\u00e4nger verbunden und erm\u00f6glicht so die \u00dcbertragung des Signals direkt auf ein handels\u00fcbliches H\u00f6rger\u00e4t und somit eine barrierefreie Ton\u00fcbertragung.<\/p>\n<p>[\/column]<br \/>\n[\/tab]<br \/>\n[\/tabs]<\/p>\n<p>[spacer size=&#8220;20&#8243;]<\/p>\n<p>[tabs style=&#8220;1&#8243;]<br \/>\n[tab title=&#8220;Artikel&#8220;]<\/p>\n<h2> Information zum auslaufenden TTS300 F\u00fchrungsanlagen-System<\/h2>\n<p>[column size=&#8220;2-5&#8243; last=&#8220;0&#8243;]<\/p>\n<p><a href=\"https:\/\/konferenztechnik.de\/wp-content\/uploads\/2013\/09\/Funkempfaenger_FE316_ohne_KPF_gross.jpg\"><img loading=\"lazy\" decoding=\"async\" width=\"800\" height=\"404\" src=\"https:\/\/konferenztechnik.de\/wp-content\/uploads\/2013\/09\/Funkempfaenger_FE316_ohne_KPF_gross.jpg\" alt=\"Beyerdynamic Funkempfaenger FE316\" class=\"alignnone size-full wp-image-1896\" title=\"\" srcset=\"https:\/\/konferenztechnik.de\/wp-content\/uploads\/2013\/09\/Funkempfaenger_FE316_ohne_KPF_gross.jpg 800w, https:\/\/konferenztechnik.de\/wp-content\/uploads\/2013\/09\/Funkempfaenger_FE316_ohne_KPF_gross-300x152.jpg 300w, https:\/\/konferenztechnik.de\/wp-content\/uploads\/2013\/09\/Funkempfaenger_FE316_ohne_KPF_gross-768x388.jpg 768w\" sizes=\"(max-width: 800px) 100vw, 800px\" \/><\/a><\/p>\n<p>[\/column]<br \/>\n[column size=&#8220;3-5&#8243; last=&#8220;1&#8243;]<\/p>\n<h2> Information zum auslaufenden TTS300 F\u00fchrungsanlagen-System<\/h2>\n<p>Das oben vorgestellte neue Synexis System l\u00f6st das bew\u00e4hrte Beyerdynamic TTS 300 F\u00fchrungsanlagen-System ab, das ab sofort nicht mehr \u00fcber Beyerdynamic lieferbar ist. PCS bietet aber nach wie vor den vollst\u00e4ndigen Service um das System an. Dazu geh\u00f6ren Wartungs- und Reparaturarbeiten oder die Bestellung von Ersatzteilen und Ersatzger\u00e4ten (solange der Vorrat reicht).<\/p>\n<p>[\/column]<br \/>\n[\/tab]<br \/>\n[tab title=&#8220;Technische Details&#8220;]<\/p>\n<h2> Information zum auslaufenden TTS300 F\u00fchrungsanlagen-System<\/h2>\n<p>Zum TTS 300-System geh\u00f6ren folgende Komponenten:<\/p>\n<ul>\n<li>Empf\u00e4nger FE316<\/li>\n<li>Sendemikrofon SEM316<\/li>\n<li>Taschensender TS316<\/li>\n<li>Station\u00e4rer Sender CT316<\/li>\n<li>Ladeger\u00e4t LG30<\/li>\n<\/ul>\n<p>Bitte kontaktieren Sie unsere Serviceabteilung f\u00fcr Fragen rund um Wartungs- und Reparaturarbeiten  oder die Bestellung von Ersatzteilen und Ersatzger\u00e4ten (solange der Vorrat reicht) zu diesem System TTS-300.<\/p>\n<p>[\/tab]<br \/>\n[\/tabs]<\/p>\n<p>[spacer size=&#8220;20&#8243;]<\/p>\n","protected":false},"excerpt":{"rendered":"<p>F\u00fchrungsanlagen und Tourguide Systeme der Firma Beyerdynamic In heutiger Zeit wird effektives Kommunizieren immer wichtiger. Eine zuverl\u00e4ssige Technik bildet dabei die Basis f\u00fcr alle Audioanwendungen in Politik, Industrie und \u00f6ffentlichen Einrichtungen. Mit dem drahtlosen Dolmetscher- und F\u00fchrungssystem Synexis von Beyerdynamic steht Ihnen selbst f\u00fcr h\u00f6chste Anspr\u00fcche eine vielseitig einsetzbare und kosteng\u00fcnstige L\u00f6sung zur Verf\u00fcgung. Bis [&hellip;]<\/p>\n","protected":false},"author":1,"featured_media":45482,"parent":3614,"menu_order":154,"comment_status":"closed","ping_status":"open","template":"page-right-sidebar.php","meta":{"_acf_changed":false,"footnotes":""},"class_list":["post-1862","page","type-page","status-publish","has-post-thumbnail","hentry"],"acf":[],"_links":{"self":[{"href":"https:\/\/konferenztechnik.de\/ru\/wp-json\/wp\/v2\/pages\/1862","targetHints":{"allow":["GET"]}}],"collection":[{"href":"https:\/\/konferenztechnik.de\/ru\/wp-json\/wp\/v2\/pages"}],"about":[{"href":"https:\/\/konferenztechnik.de\/ru\/wp-json\/wp\/v2\/types\/page"}],"author":[{"embeddable":true,"href":"https:\/\/konferenztechnik.de\/ru\/wp-json\/wp\/v2\/users\/1"}],"replies":[{"embeddable":true,"href":"https:\/\/konferenztechnik.de\/ru\/wp-json\/wp\/v2\/comments?post=1862"}],"version-history":[{"count":0,"href":"https:\/\/konferenztechnik.de\/ru\/wp-json\/wp\/v2\/pages\/1862\/revisions"}],"up":[{"embeddable":true,"href":"https:\/\/konferenztechnik.de\/ru\/wp-json\/wp\/v2\/pages\/3614"}],"wp:featuredmedia":[{"embeddable":true,"href":"https:\/\/konferenztechnik.de\/ru\/wp-json\/wp\/v2\/media\/45482"}],"wp:attachment":[{"href":"https:\/\/konferenztechnik.de\/ru\/wp-json\/wp\/v2\/media?parent=1862"}],"curies":[{"name":"wp","href":"https:\/\/api.w.org\/{rel}","templated":true}]}}